{"id":60,"date":"2021-11-09T10:07:58","date_gmt":"2021-11-09T10:07:58","guid":{"rendered":"https:\/\/www.cig.gov.pt\/pacto-contra-violencia\/?page_id=60"},"modified":"2025-11-17T16:05:32","modified_gmt":"2025-11-17T16:05:32","slug":"compromissos","status":"publish","type":"page","link":"https:\/\/www.cig.gov.pt\/pacto-contra-violencia\/compromissos\/","title":{"rendered":"Compromissos"},"content":{"rendered":"<p>[et_pb_section fb_built=&#8221;1&#8243; _builder_version=&#8221;4.13.0&#8243; _module_preset=&#8221;default&#8221; background_color=&#8221;#f9f8f9&#8243; background_enable_image=&#8221;off&#8221; background_size=&#8221;initial&#8221; background_position=&#8221;top_center&#8221; background_repeat=&#8221;repeat-x&#8221; global_colors_info=&#8221;{}&#8221;][et_pb_row column_structure=&#8221;1_2,1_2&#8243; disabled_on=&#8221;off|off|off&#8221; admin_label=&#8221;miolo monitor&#8221; _builder_version=&#8221;4.13.0&#8243; _module_preset=&#8221;default&#8221; global_colors_info=&#8221;{}&#8221;][et_pb_column type=&#8221;1_2&#8243; _builder_version=&#8221;4.13.0&#8243; _module_preset=&#8221;default&#8221; global_colors_info=&#8221;{}&#8221;][et_pb_divider show_divider=&#8221;off&#8221; disabled_on=&#8221;off|off|off&#8221; _builder_version=&#8221;4.13.0&#8243; _module_preset=&#8221;default&#8221; height=&#8221;80px&#8221; global_colors_info=&#8221;{}&#8221;][\/et_pb_divider][et_pb_image src=&#8221;https:\/\/www.cig.gov.pt\/pacto-contra-violencia\/wp-content\/uploads\/2021\/11\/logo_PCV_rgb-2.png&#8221; alt=&#8221;Pacto Contra a Viol\u00eancia&#8221; title_text=&#8221;portrait-square-03&#8243; _builder_version=&#8221;4.13.0&#8243; _module_preset=&#8221;default&#8221; global_colors_info=&#8221;{}&#8221;][\/et_pb_image][et_pb_text _builder_version=&#8221;4.13.0&#8243; _module_preset=&#8221;default&#8221; text_font=&#8221;Montserrat||||||||&#8221; text_text_color=&#8221;rgba(0,0,0,0.8)&#8221; text_orientation=&#8221;justified&#8221; global_colors_info=&#8221;{}&#8221;]<\/p>\n<p style=\"text-align: justify;\">A CIG prop\u00f5e-se, entre outras atividades:<\/p>\n<ol>\n<li>Disponibilizar materiais de informa\u00e7\u00e3o, de sensibiliza\u00e7\u00e3o e de alerta<\/li>\n<li>Dinamizar workshops de forma\u00e7\u00e3o para capacitar os\/as trabalhadores\/as das empresas na identifica\u00e7\u00e3o de potenciais v\u00edtimas em situa\u00e7\u00f5es de emerg\u00eancia<\/li>\n<li>Identificar de forma fundamentada as institui\u00e7\u00f5es integrantes da RNAVVD e RAPVTSH que re\u00fanam condi\u00e7\u00f5es para serem benefici\u00e1rias do apoio de entidades parceiras do presente Pacto<\/li>\n<li>Realizar reuni\u00f5es com os pontos focais indicados pelas entidades parceiras<\/li>\n<li>Atribuir o selo \u201cPacto contra a Viol\u00eancia\u201d \u00e0s entidades parceiras aquando da assinatura do mesmo<\/li>\n<\/ol>\n<p>[\/et_pb_text][\/et_pb_column][et_pb_column type=&#8221;1_2&#8243; _builder_version=&#8221;4.13.0&#8243; _module_preset=&#8221;default&#8221; global_colors_info=&#8221;{}&#8221;][et_pb_text _builder_version=&#8221;4.13.0&#8243; _module_preset=&#8221;default&#8221; header_2_font=&#8221;Montserrat||||||||&#8221; header_2_text_color=&#8221;#965ec7&#8243; header_2_font_size=&#8221;32px&#8221; global_colors_info=&#8221;{}&#8221;]<\/p>\n<h2>Compromissos<\/h2>\n<p>[\/et_pb_text][et_pb_text _builder_version=&#8221;4.13.0&#8243; _module_preset=&#8221;default&#8221; text_font=&#8221;Montserrat||||||||&#8221; text_text_color=&#8221;rgba(0,0,0,0.8)&#8221; text_orientation=&#8221;justified&#8221; global_colors_info=&#8221;{}&#8221;]<\/p>\n<p style=\"text-align: justify;\">As entidades que aderem ao Pacto comprometem-se, por exemplo, a desenvolver as seguintes a\u00e7\u00f5es:<\/p>\n<ol>\n<li style=\"text-align: justify;\">Desenvolvimento de pr\u00e1ticas de gest\u00e3o de preven\u00e7\u00e3o e combate \u00e0 Viol\u00eancia contra as Mulheres e \u00e0 Viol\u00eancia Dom\u00e9stica<\/li>\n<li style=\"text-align: justify;\">Doa\u00e7\u00e3o de bens essenciais, recursos inform\u00e1ticos, disponibiliza\u00e7\u00e3o de espa\u00e7os para a\u00e7\u00f5es de forma\u00e7\u00e3o e sensibiliza\u00e7\u00e3o sobre a tem\u00e1tica e apoio financeiro \u00e0 conce\u00e7\u00e3o de materiais de comunica\u00e7\u00e3o ou outros que sejam identificados<\/li>\n<li style=\"text-align: justify;\">Divulga\u00e7\u00e3o de materiais de informa\u00e7\u00e3o, sensibiliza\u00e7\u00e3o e alerta<\/li>\n<li style=\"text-align: justify;\">Capacita\u00e7\u00e3o interna dos\/as trabalhadores\/as na identifica\u00e7\u00e3o de potenciais v\u00edtimas em situa\u00e7\u00f5es de emerg\u00eancia<\/li>\n<li style=\"text-align: justify;\">Programas de capacita\u00e7\u00e3o laboral de v\u00edtimas, como por exemplo no dom\u00ednio da literacia digital ou da prepara\u00e7\u00e3o de uma entrevista de emprego<\/li>\n<li style=\"text-align: justify;\">Cria\u00e7\u00e3o de bolsas de forma\u00e7\u00e3o e de emprego para v\u00edtimas de viol\u00eancia<\/li>\n<li style=\"text-align: justify;\">Partilha de boas pr\u00e1ticas e exemplos inspiradores<\/li>\n<\/ol>\n<p>[\/et_pb_text][\/et_pb_column][\/et_pb_row][\/et_pb_section][et_pb_section fb_built=&#8221;1&#8243; admin_label=&#8221;Parcerias&#8221; _builder_version=&#8221;4.13.0&#8243; _module_preset=&#8221;default&#8221; background_color=&#8221;#f5ebfd&#8221; background_size=&#8221;initial&#8221; background_position=&#8221;top_center&#8221; background_repeat=&#8221;repeat-x&#8221; custom_padding=&#8221;10px||10px|||&#8221; hover_enabled=&#8221;0&#8243; border_width_top=&#8221;3px&#8221; border_color_top=&#8221;#93da49&#8243; locked=&#8221;off&#8221; global_colors_info=&#8221;{}&#8221; background_enable_image=&#8221;off&#8221; sticky_enabled=&#8221;0&#8243;][et_pb_row _builder_version=&#8221;4.13.0&#8243; _module_preset=&#8221;default&#8221; background_enable_color=&#8221;off&#8221; background_enable_image=&#8221;off&#8221; width=&#8221;100%&#8221; max_width=&#8221;1098px&#8221; custom_padding=&#8221;8px|||||&#8221; global_colors_info=&#8221;{}&#8221;][et_pb_column type=&#8221;4_4&#8243; _builder_version=&#8221;4.13.0&#8243; _module_preset=&#8221;default&#8221; global_colors_info=&#8221;{}&#8221;][et_pb_text _builder_version=&#8221;4.13.0&#8243; _module_preset=&#8221;default&#8221; header_2_font=&#8221;Montserrat|600|||||||&#8221; header_2_text_color=&#8221;#965ec7&#8243; header_2_font_size=&#8221;28px&#8221; header_2_line_height=&#8221;1.7em&#8221; hover_enabled=&#8221;0&#8243; locked=&#8221;off&#8221; global_colors_info=&#8221;{}&#8221; sticky_enabled=&#8221;0&#8243;]<\/p>\n<h2 style=\"text-align: center;\">Entidades Parceiras<\/h2>\n<p style=\"text-align: center;\">(em atualiza\u00e7\u00e3o)<\/p>\n<p style=\"text-align: center;\"><img loading=\"lazy\" class=\"alignnone wp-image-111 size-full\" src=\"https:\/\/www.cig.gov.pt\/pacto-contra-violencia\/wp-content\/uploads\/2023\/06\/meo.png\" alt=\"Altice\" width=\"109\" height=\"50\" \/><img loading=\"lazy\" class=\"alignnone wp-image-111 size-full\" src=\"https:\/\/www.cig.gov.pt\/pacto-contra-violencia\/wp-content\/uploads\/2021\/11\/01_aped.png\" alt=\"aped\" width=\"109\" height=\"50\" \/><img loading=\"lazy\" class=\"alignnone wp-image-111 size-full\" src=\"https:\/\/www.cig.gov.pt\/pacto-contra-violencia\/wp-content\/uploads\/2023\/06\/montepb.png\" alt=\"Banco Montepio\" width=\"109\" height=\"50\" \/><img loading=\"lazy\" class=\"alignnone wp-image-111 size-full\" src=\"https:\/\/www.cig.gov.pt\/pacto-contra-violencia\/wp-content\/uploads\/2024\/01\/pbbar.png\" alt=\"Banco de Portugal\" width=\"109\" height=\"50\" \/><img loading=\"lazy\" class=\"alignnone wp-image-111 size-full\" src=\"https:\/\/www.cig.gov.pt\/pacto-contra-violencia\/wp-content\/uploads\/2021\/11\/02_barraqueiro.png\" alt=\"Barraqueiro\" width=\"109\" height=\"50\" \/><img loading=\"lazy\" class=\"alignnone wp-image-111 size-full\" src=\"https:\/\/www.cig.gov.pt\/pacto-contra-violencia\/wp-content\/uploads\/2021\/11\/03_bp.png\" alt=\"BP\" width=\"109\" height=\"50\" \/><img loading=\"lazy\" class=\"alignnone wp-image-111 size-full\" src=\"https:\/\/www.cig.gov.pt\/pacto-contra-violencia\/wp-content\/uploads\/2023\/06\/bnppb.png\" alt=\"BNP Paribas\" width=\"109\" height=\"50\" \/><img loading=\"lazy\" class=\"alignnone wp-image-111 size-full\" src=\"https:\/\/www.cig.gov.pt\/pacto-contra-violencia\/wp-content\/uploads\/2024\/01\/incm.png\" alt=\"Casa da Moeda\" width=\"109\" height=\"50\" \/><img loading=\"lazy\" class=\"alignnone wp-image-111 size-full\" src=\"https:\/\/www.cig.gov.pt\/pacto-contra-violencia\/wp-content\/uploads\/2021\/11\/04_carris.png\" alt=\"Carris\" width=\"109\" height=\"50\" \/><img loading=\"lazy\" class=\"alignnone wp-image-111 size-full\" src=\"https:\/\/www.cig.gov.pt\/pacto-contra-violencia\/wp-content\/uploads\/2021\/11\/05_cp.png\" alt=\"CP\" width=\"109\" height=\"50\" \/><img loading=\"lazy\" class=\"alignnone wp-image-111 size-full\" src=\"https:\/\/www.cig.gov.pt\/pacto-contra-violencia\/wp-content\/uploads\/2021\/11\/06_ctt.png\" alt=\"CTT\" width=\"109\" height=\"50\" \/><img loading=\"lazy\" class=\"alignnone wp-image-111 size-full\" src=\"https:\/\/www.cig.gov.pt\/pacto-contra-violencia\/wp-content\/uploads\/2023\/06\/ecipb.png\" alt=\"El Corte Ingl\u00e9s\" width=\"109\" height=\"50\" \/><img loading=\"lazy\" class=\"alignnone wp-image-111 size-full\" src=\"https:\/\/www.cig.gov.pt\/pacto-contra-violencia\/wp-content\/uploads\/2021\/11\/07_eleclerk.png\" alt=\"E.Leclerc\" width=\"109\" height=\"50\" \/><img loading=\"lazy\" class=\"alignnone wp-image-111 size-full\" src=\"https:\/\/www.cig.gov.pt\/pacto-contra-violencia\/wp-content\/uploads\/2023\/06\/endesapb.png\" alt=\"Endesa\" width=\"109\" height=\"50\" \/><img loading=\"lazy\" class=\"alignnone wp-image-111 size-full\" src=\"https:\/\/www.cig.gov.pt\/pacto-contra-violencia\/wp-content\/uploads\/2024\/01\/epalbl.png\" alt=\"EPAL\" width=\"109\" height=\"50\" \/><img loading=\"lazy\" class=\"alignnone wp-image-111 size-full\" src=\"https:\/\/www.cig.gov.pt\/pacto-contra-violencia\/wp-content\/uploads\/2021\/11\/08_gulben.png\" alt=\"Funda\u00e7\u00e3o Gulbenkian\" width=\"109\" height=\"50\" \/><img loading=\"lazy\" class=\"alignnone wp-image-111 size-full\" src=\"https:\/\/www.cig.gov.pt\/pacto-contra-violencia\/wp-content\/uploads\/2021\/11\/09_galpn.png\" alt=\"GALP\" width=\"109\" height=\"50\" \/><img loading=\"lazy\" class=\"alignnone wp-image-111 size-full\" src=\"https:\/\/www.cig.gov.pt\/pacto-contra-violencia\/wp-content\/uploads\/2021\/11\/10_bel.png\" alt=\"Grupo BEL\" width=\"109\" height=\"50\" \/><img loading=\"lazy\" class=\"alignnone wp-image-111 size-full\" src=\"https:\/\/www.cig.gov.pt\/pacto-contra-violencia\/wp-content\/uploads\/2021\/11\/ikeaPB.png\" alt=\"IKEA\" width=\"109\" height=\"50\" \/><img loading=\"lazy\" class=\"alignnone wp-image-111 size-full\" src=\"https:\/\/www.cig.gov.pt\/pacto-contra-violencia\/wp-content\/uploads\/2023\/06\/ifpb.png\" alt=\"Instituto de Inform\u00e1tica\" width=\"109\" height=\"50\" \/><img loading=\"lazy\" class=\"alignnone wp-image-111 size-full\" src=\"https:\/\/www.cig.gov.pt\/pacto-contra-violencia\/wp-content\/uploads\/2023\/06\/istpb.png\" alt=\"Instituto Superior T\u00e9cnico\" width=\"109\" height=\"50\" \/><img loading=\"lazy\" class=\"alignnone wp-image-111 size-full\" src=\"https:\/\/www.cig.gov.pt\/pacto-contra-violencia\/wp-content\/uploads\/2023\/03\/jm2.png\" alt=\"Jer\u00f3nimo Martins\" width=\"109\" height=\"50\" \/><img loading=\"lazy\" class=\"alignnone wp-image-111 size-full\" src=\"https:\/\/www.cig.gov.pt\/pacto-contra-violencia\/wp-content\/uploads\/2021\/11\/11_lidll.png\" alt=\"LIDL\" width=\"109\" height=\"50\" \/><img loading=\"lazy\" class=\"alignnone wp-image-111 size-full\" src=\"https:\/\/www.cig.gov.pt\/pacto-contra-violencia\/wp-content\/uploads\/2023\/06\/loreal.png\" alt=\"L'Oreal\" width=\"109\" height=\"50\" \/><img loading=\"lazy\" class=\"alignnone wp-image-111 size-full\" src=\"https:\/\/www.cig.gov.pt\/pacto-contra-violencia\/wp-content\/uploads\/2024\/01\/lusabar.png\" alt=\"LUSA\" width=\"109\" height=\"50\" \/><img loading=\"lazy\" class=\"alignnone wp-image-111 size-full\" src=\"https:\/\/www.cig.gov.pt\/pacto-contra-violencia\/wp-content\/uploads\/2021\/11\/12_merca.png\" alt=\"Mercadona\" width=\"109\" height=\"50\" \/><img loading=\"lazy\" class=\"alignnone wp-image-111 size-full\" src=\"https:\/\/www.cig.gov.pt\/pacto-contra-violencia\/wp-content\/uploads\/2023\/06\/mercerpb.png\" alt=\"Mercer\" width=\"109\" height=\"50\" \/><img loading=\"lazy\" class=\"alignnone wp-image-111 size-full\" src=\"https:\/\/www.cig.gov.pt\/pacto-contra-violencia\/wp-content\/uploads\/2021\/11\/13_metrolisb.png\" alt=\"Metro de Lisboa\" width=\"109\" height=\"50\" \/><img loading=\"lazy\" class=\"alignnone wp-image-111 size-full\" src=\"https:\/\/www.cig.gov.pt\/pacto-contra-violencia\/wp-content\/uploads\/2021\/11\/14_metroporto.png\" alt=\"Metro do Porto\" width=\"109\" height=\"50\" \/><img loading=\"lazy\" class=\"alignnone wp-image-111 size-full\" src=\"https:\/\/www.cig.gov.pt\/pacto-contra-violencia\/wp-content\/uploads\/2023\/06\/nestlepb.png\" alt=\"Nestl\u00e9\" width=\"109\" height=\"50\" \/><img loading=\"lazy\" class=\"alignnone wp-image-111 size-full\" src=\"https:\/\/www.cig.gov.pt\/pacto-contra-violencia\/wp-content\/uploads\/2024\/01\/ordempb.png\" alt=\"Ordem dos Solicitadores e dos Agentes de Execu\u00e7\u00e3o\" width=\"109\" height=\"50\" \/><img loading=\"lazy\" class=\"alignnone wp-image-111 size-full\" src=\"https:\/\/www.cig.gov.pt\/pacto-contra-violencia\/wp-content\/uploads\/2023\/06\/pr.png\" alt=\"Par\u00eanteses Rebeldes\" width=\"109\" height=\"50\" \/><img loading=\"lazy\" class=\"alignnone wp-image-111 size-full\" src=\"https:\/\/www.cig.gov.pt\/pacto-contra-violencia\/wp-content\/uploads\/2023\/06\/parppb.png\" alt=\"Parp\u00fablica\" width=\"109\" height=\"50\" \/><img loading=\"lazy\" class=\"alignnone wp-image-111 size-full\" src=\"https:\/\/www.cig.gov.pt\/pacto-contra-violencia\/wp-content\/uploads\/2021\/11\/15_pt.png\" alt=\".pt\" width=\"109\" height=\"50\" \/><img loading=\"lazy\" class=\"alignnone wp-image-111 size-full\" src=\"https:\/\/www.cig.gov.pt\/pacto-contra-violencia\/wp-content\/uploads\/2021\/11\/16_ren.png\" alt=\"REN\" width=\"109\" height=\"50\" \/><img loading=\"lazy\" class=\"alignnone wp-image-111 size-full\" src=\"https:\/\/www.cig.gov.pt\/pacto-contra-violencia\/wp-content\/uploads\/2023\/06\/rtppb.png\" alt=\"RTP\" width=\"109\" height=\"50\" \/><img loading=\"lazy\" class=\"alignnone wp-image-111 size-full\" src=\"https:\/\/www.cig.gov.pt\/pacto-contra-violencia\/wp-content\/uploads\/2022\/03\/retrartuspb.png\" alt=\"restartUS\" width=\"109\" height=\"50\" \/><img loading=\"lazy\" class=\"alignnone wp-image-111 size-full\" src=\"https:\/\/www.cig.gov.pt\/pacto-contra-violencia\/wp-content\/uploads\/2023\/06\/leivpb.png\" alt=\"S\u00e9rvulo e Associados\" width=\"109\" height=\"50\" \/><img loading=\"lazy\" class=\"alignnone wp-image-111 size-full\" src=\"https:\/\/www.cig.gov.pt\/pacto-contra-violencia\/wp-content\/uploads\/2021\/11\/17_sibs.png\" alt=\"Sibs\" width=\"109\" height=\"50\" \/><img loading=\"lazy\" class=\"alignnone wp-image-111 size-full\" src=\"https:\/\/www.cig.gov.pt\/pacto-contra-violencia\/wp-content\/uploads\/2021\/11\/SonaeMCPB.png\" alt=\"Sonae\" width=\"109\" height=\"50\" \/><img loading=\"lazy\" class=\"alignnone wp-image-111 size-full\" src=\"https:\/\/www.cig.gov.pt\/pacto-contra-violencia\/wp-content\/uploads\/2021\/11\/taPB.png\" alt=\"TraininginTech\" width=\"109\" height=\"50\" \/><img loading=\"lazy\" class=\"alignnone wp-image-111 size-full\" src=\"https:\/\/www.cig.gov.pt\/pacto-contra-violencia\/wp-content\/uploads\/2023\/07\/tripbR.png\" alt=\" trivalor=\" width=\"109\" height=\"50\" \/><img loading=\"lazy\" class=\"alignnone wp-image-111 size-full\" src=\"https:\/\/www.cig.gov.pt\/pacto-contra-violencia\/wp-content\/uploads\/2021\/11\/womanintechPB.png\" alt=\"WomeninTech\" width=\"109\" height=\"50\" \/><img loading=\"lazy\" class=\"alignnone wp-image-111 size-full\" src=\"https:\/\/www.cig.gov.pt\/pacto-contra-violencia\/wp-content\/uploads\/2021\/11\/20_vodafone.png\" alt=\"Vodafone\" width=\"109\" height=\"50\" \/><\/p>\n<p>[\/et_pb_text][\/et_pb_column][\/et_pb_row][\/et_pb_section][et_pb_section fb_built=&#8221;1&#8243; admin_label=&#8221;barra preta&#8221; _builder_version=&#8221;4.13.0&#8243; _module_preset=&#8221;default&#8221; background_color=&#8221;#000000&#8243; custom_padding=&#8221;12px||8px|||&#8221; locked=&#8221;off&#8221; global_colors_info=&#8221;{}&#8221;][et_pb_row column_structure=&#8221;1_4,1_4,1_4,1_4&#8243; use_custom_gutter=&#8221;on&#8221; gutter_width=&#8221;1&#8243; _builder_version=&#8221;4.13.0&#8243; _module_preset=&#8221;default&#8221; background_color=&#8221;#000000&#8243; custom_padding=&#8221;||9px|||&#8221; locked=&#8221;off&#8221; global_colors_info=&#8221;{}&#8221;][et_pb_column type=&#8221;1_4&#8243; _builder_version=&#8221;4.13.0&#8243; _module_preset=&#8221;default&#8221; global_colors_info=&#8221;{}&#8221;][et_pb_blurb title=&#8221;com o apoio de:&#8221; url=&#8221;https:\/\/www.dns.pt\/pt\/&#8221; url_new_window=&#8221;on&#8221; image=&#8221;https:\/\/www.cig.gov.pt\/pacto-contra-violencia\/wp-content\/uploads\/2021\/11\/ptfooter2.png&#8221; alt=&#8221;.pt&#8221; icon_placement=&#8221;left&#8221; image_icon_width=&#8221;180%&#8221; _builder_version=&#8221;4.13.0&#8243; _module_preset=&#8221;default&#8221; header_font=&#8221;Montserrat||||||||&#8221; header_text_color=&#8221;#0dbbe2&#8243; header_font_size=&#8221;10px&#8221; image_icon_custom_margin=&#8221;-22px|-160px|||false|false&#8221; image_icon_custom_padding=&#8221;||||false|false&#8221; custom_margin=&#8221;8px|||-46px|false|false&#8221; custom_padding=&#8221;||||false|false&#8221; global_colors_info=&#8221;{}&#8221;][\/et_pb_blurb][\/et_pb_column][et_pb_column type=&#8221;1_4&#8243; _builder_version=&#8221;4.13.0&#8243; _module_preset=&#8221;default&#8221; global_colors_info=&#8221;{}&#8221;][\/et_pb_column][et_pb_column type=&#8221;1_4&#8243; _builder_version=&#8221;4.13.0&#8243; _module_preset=&#8221;default&#8221; global_colors_info=&#8221;{}&#8221;][et_pb_text _builder_version=&#8221;4.13.0&#8243; _module_preset=&#8221;default&#8221; text_font=&#8221;Montserrat||||||||&#8221; text_text_color=&#8221;#FFFFFF&#8221; text_font_size=&#8221;9px&#8221; text_orientation=&#8221;right&#8221; global_colors_info=&#8221;{}&#8221;]<\/p>\n<p>\u00a9 Copyright 2021 &#8211; Todos os direitos reservados<\/p>\n<p>[\/et_pb_text][\/et_pb_column][et_pb_column type=&#8221;1_4&#8243; _builder_version=&#8221;4.13.0&#8243; _module_preset=&#8221;default&#8221; global_colors_info=&#8221;{}&#8221;][et_pb_text _builder_version=&#8221;4.13.0&#8243; _module_preset=&#8221;default&#8221; custom_margin=&#8221;-10px||||false|false&#8221; custom_padding=&#8221;||||false|false&#8221; global_colors_info=&#8221;{}&#8221;]<\/p>\n<p style=\"text-align: center;\"><a href=\"https:\/\/www.facebook.com\/comissaoparaacidadaniaeigualdadedegenero\/\" target=\"_blank\" rel=\"noopener\"><img loading=\"lazy\" src=\"https:\/\/www.cig.gov.pt\/pacto-contra-violencia\/wp-content\/uploads\/2021\/11\/si1.png\" width=\"40\" height=\"40\" alt=\"Facebook\" class=\"wp-image-288 alignnone size-full\" \/><\/a><a href=\"https:\/\/twitter.com\/cig_portugal\" target=\"_blank\" rel=\"noopener\"><img loading=\"lazy\" src=\"https:\/\/www.cig.gov.pt\/pacto-contra-violencia\/wp-content\/uploads\/2021\/11\/si2.png\" width=\"40\" height=\"40\" alt=\"twitter\" class=\"wp-image-289 alignnone size-full\" \/><\/a><a href=\"https:\/\/www.instagram.com\/cig_igualdade\/\" target=\"_blank\" rel=\"noopener\"><img loading=\"lazy\" src=\"https:\/\/www.cig.gov.pt\/pacto-contra-violencia\/wp-content\/uploads\/2021\/11\/si3.png\" width=\"40\" height=\"40\" alt=\"Instagram\" class=\"wp-image-290 alignnone size-full\" \/><\/a><a href=\"https:\/\/www.youtube.com\/channel\/UCnb21FsPgr_9aHdYv9yy74Q\" target=\"_blank\" rel=\"noopener\"><img loading=\"lazy\" src=\"https:\/\/www.cig.gov.pt\/pacto-contra-violencia\/wp-content\/uploads\/2021\/11\/si4.png\" width=\"40\" height=\"40\" alt=\"YouTube\" class=\"wp-image-291 alignnone size-full\" \/><\/a><\/p>\n<p>[\/et_pb_text][\/et_pb_column][\/et_pb_row][\/et_pb_section][et_pb_section fb_built=&#8221;1&#8243; admin_label=&#8221;dois logos fundo branco&#8221; _builder_version=&#8221;4.13.0&#8243; _module_preset=&#8221;default&#8221; custom_padding=&#8221;6px||7px|||&#8221; locked=&#8221;off&#8221; global_colors_info=&#8221;{}&#8221;][et_pb_row _builder_version=&#8221;4.13.0&#8243; _module_preset=&#8221;default&#8221; custom_padding=&#8221;7px||9px|||&#8221; global_colors_info=&#8221;{}&#8221;][et_pb_column type=&#8221;4_4&#8243; _builder_version=&#8221;4.13.0&#8243; _module_preset=&#8221;default&#8221; global_colors_info=&#8221;{}&#8221;][et_pb_image src=&#8221;https:\/\/www.cig.gov.pt\/pacto-contra-violencia\/wp-content\/uploads\/2025\/11\/cecimvdR.png&#8221; alt=&#8221;CIG&#8221; title_text=&#8221;CIG&#8221; align=&#8221;center&#8221; _builder_version=&#8221;4.13.0&#8243; _module_preset=&#8221;default&#8221; global_colors_info=&#8221;{}&#8221;][\/et_pb_image][\/et_pb_column][\/et_pb_row][\/et_pb_section]<\/p>\n","protected":false},"excerpt":{"rendered":"<p>A CIG prop\u00f5e-se, entre outras atividades: Disponibilizar materiais de informa\u00e7\u00e3o, de sensibiliza\u00e7\u00e3o e de alerta Dinamizar workshops de forma\u00e7\u00e3o para capacitar os\/as trabalhadores\/as das empresas na identifica\u00e7\u00e3o de potenciais v\u00edtimas em situa\u00e7\u00f5es de emerg\u00eancia Identificar de forma fundamentada as institui\u00e7\u00f5es integrantes da RNAVVD e RAPVTSH que re\u00fanam condi\u00e7\u00f5es para serem benefici\u00e1rias do apoio de entidades [&hellip;]<\/p>\n","protected":false},"author":1,"featured_media":54,"parent":0,"menu_order":0,"comment_status":"closed","ping_status":"closed","template":"","meta":{"_et_pb_use_builder":"on","_et_pb_old_content":"","_et_gb_content_width":""},"yoast_head":"<!-- This site is optimized with the Yoast SEO plugin v17.5 - https:\/\/yoast.com\/wordpress\/plugins\/seo\/ -->\n<title>Compromissos - Pacto Contra a Viol\u00eancia<\/title>\n<meta name=\"robots\" content=\"index, follow, max-snippet:-1, max-image-preview:large, max-video-preview:-1\" \/>\n<link rel=\"canonical\" href=\"https:\/\/www.cig.gov.pt\/pacto-contra-violencia\/compromissos\/\" \/>\n<meta property=\"og:locale\" content=\"pt_PT\" \/>\n<meta property=\"og:type\" content=\"article\" \/>\n<meta property=\"og:title\" content=\"Compromissos - Pacto Contra a Viol\u00eancia\" \/>\n<meta property=\"og:description\" content=\"A CIG prop\u00f5e-se, entre outras atividades: Disponibilizar materiais de informa\u00e7\u00e3o, de sensibiliza\u00e7\u00e3o e de alerta Dinamizar workshops de forma\u00e7\u00e3o para capacitar os\/as trabalhadores\/as das empresas na identifica\u00e7\u00e3o de potenciais v\u00edtimas em situa\u00e7\u00f5es de emerg\u00eancia Identificar de forma fundamentada as institui\u00e7\u00f5es integrantes da RNAVVD e RAPVTSH que re\u00fanam condi\u00e7\u00f5es para serem benefici\u00e1rias do apoio de entidades [&hellip;]\" \/>\n<meta property=\"og:url\" content=\"https:\/\/www.cig.gov.pt\/pacto-contra-violencia\/compromissos\/\" \/>\n<meta property=\"og:site_name\" content=\"Pacto Contra a Viol\u00eancia\" \/>\n<meta property=\"article:modified_time\" content=\"2025-11-17T16:05:32+00:00\" \/>\n<meta property=\"og:image\" content=\"https:\/\/www.cig.gov.pt\/pacto-contra-violencia\/wp-content\/uploads\/2021\/11\/PactoFeatured.png\" \/>\n\t<meta property=\"og:image:width\" content=\"1200\" \/>\n\t<meta property=\"og:image:height\" content=\"614\" \/>\n<meta name=\"twitter:card\" content=\"summary_large_image\" \/>\n<meta name=\"twitter:image\" content=\"https:\/\/www.cig.gov.pt\/pacto-contra-violencia\/wp-content\/uploads\/2021\/11\/PactoFeatured.png\" \/>\n<meta name=\"twitter:label1\" content=\"Est. reading time\" \/>\n\t<meta name=\"twitter:data1\" content=\"5 minutos\" \/>\n<script type=\"application\/ld+json\" class=\"yoast-schema-graph\">{\"@context\":\"https:\/\/schema.org\",\"@graph\":[{\"@type\":\"WebSite\",\"@id\":\"https:\/\/www.cig.gov.pt\/pacto-contra-violencia\/#website\",\"url\":\"https:\/\/www.cig.gov.pt\/pacto-contra-violencia\/\",\"name\":\"Pacto Contra a Viol\\u00eancia\",\"description\":\"\",\"potentialAction\":[{\"@type\":\"SearchAction\",\"target\":{\"@type\":\"EntryPoint\",\"urlTemplate\":\"https:\/\/www.cig.gov.pt\/pacto-contra-violencia\/?s={search_term_string}\"},\"query-input\":\"required name=search_term_string\"}],\"inLanguage\":\"pt-PT\"},{\"@type\":\"ImageObject\",\"@id\":\"https:\/\/www.cig.gov.pt\/pacto-contra-violencia\/compromissos\/#primaryimage\",\"inLanguage\":\"pt-PT\",\"url\":\"https:\/\/www.cig.gov.pt\/pacto-contra-violencia\/wp-content\/uploads\/2021\/11\/PactoFeatured.png\",\"contentUrl\":\"https:\/\/www.cig.gov.pt\/pacto-contra-violencia\/wp-content\/uploads\/2021\/11\/PactoFeatured.png\",\"width\":1200,\"height\":614,\"caption\":\"Pacto Contra a Viol\\u00eancia\"},{\"@type\":\"WebPage\",\"@id\":\"https:\/\/www.cig.gov.pt\/pacto-contra-violencia\/compromissos\/#webpage\",\"url\":\"https:\/\/www.cig.gov.pt\/pacto-contra-violencia\/compromissos\/\",\"name\":\"Compromissos - Pacto Contra a Viol\\u00eancia\",\"isPartOf\":{\"@id\":\"https:\/\/www.cig.gov.pt\/pacto-contra-violencia\/#website\"},\"primaryImageOfPage\":{\"@id\":\"https:\/\/www.cig.gov.pt\/pacto-contra-violencia\/compromissos\/#primaryimage\"},\"datePublished\":\"2021-11-09T10:07:58+00:00\",\"dateModified\":\"2025-11-17T16:05:32+00:00\",\"breadcrumb\":{\"@id\":\"https:\/\/www.cig.gov.pt\/pacto-contra-violencia\/compromissos\/#breadcrumb\"},\"inLanguage\":\"pt-PT\",\"potentialAction\":[{\"@type\":\"ReadAction\",\"target\":[\"https:\/\/www.cig.gov.pt\/pacto-contra-violencia\/compromissos\/\"]}]},{\"@type\":\"BreadcrumbList\",\"@id\":\"https:\/\/www.cig.gov.pt\/pacto-contra-violencia\/compromissos\/#breadcrumb\",\"itemListElement\":[{\"@type\":\"ListItem\",\"position\":1,\"name\":\"Home\",\"item\":\"https:\/\/www.cig.gov.pt\/pacto-contra-violencia\/\"},{\"@type\":\"ListItem\",\"position\":2,\"name\":\"Compromissos\"}]}]}<\/script>\n<!-- \/ Yoast SEO plugin. -->","yoast_head_json":{"title":"Compromissos - Pacto Contra a Viol\u00eancia","robots":{"index":"index","follow":"follow","max-snippet":"max-snippet:-1","max-image-preview":"max-image-preview:large","max-video-preview":"max-video-preview:-1"},"canonical":"https:\/\/www.cig.gov.pt\/pacto-contra-violencia\/compromissos\/","og_locale":"pt_PT","og_type":"article","og_title":"Compromissos - Pacto Contra a Viol\u00eancia","og_description":"A CIG prop\u00f5e-se, entre outras atividades: Disponibilizar materiais de informa\u00e7\u00e3o, de sensibiliza\u00e7\u00e3o e de alerta Dinamizar workshops de forma\u00e7\u00e3o para capacitar os\/as trabalhadores\/as das empresas na identifica\u00e7\u00e3o de potenciais v\u00edtimas em situa\u00e7\u00f5es de emerg\u00eancia Identificar de forma fundamentada as institui\u00e7\u00f5es integrantes da RNAVVD e RAPVTSH que re\u00fanam condi\u00e7\u00f5es para serem benefici\u00e1rias do apoio de entidades [&hellip;]","og_url":"https:\/\/www.cig.gov.pt\/pacto-contra-violencia\/compromissos\/","og_site_name":"Pacto Contra a Viol\u00eancia","article_modified_time":"2025-11-17T16:05:32+00:00","og_image":[{"width":1200,"height":614,"url":"https:\/\/www.cig.gov.pt\/pacto-contra-violencia\/wp-content\/uploads\/2021\/11\/PactoFeatured.png","type":"image\/png"}],"twitter_card":"summary_large_image","twitter_image":"https:\/\/www.cig.gov.pt\/pacto-contra-violencia\/wp-content\/uploads\/2021\/11\/PactoFeatured.png","twitter_misc":{"Est. reading time":"5 minutos"},"schema":{"@context":"https:\/\/schema.org","@graph":[{"@type":"WebSite","@id":"https:\/\/www.cig.gov.pt\/pacto-contra-violencia\/#website","url":"https:\/\/www.cig.gov.pt\/pacto-contra-violencia\/","name":"Pacto Contra a Viol\u00eancia","description":"","potentialAction":[{"@type":"SearchAction","target":{"@type":"EntryPoint","urlTemplate":"https:\/\/www.cig.gov.pt\/pacto-contra-violencia\/?s={search_term_string}"},"query-input":"required name=search_term_string"}],"inLanguage":"pt-PT"},{"@type":"ImageObject","@id":"https:\/\/www.cig.gov.pt\/pacto-contra-violencia\/compromissos\/#primaryimage","inLanguage":"pt-PT","url":"https:\/\/www.cig.gov.pt\/pacto-contra-violencia\/wp-content\/uploads\/2021\/11\/PactoFeatured.png","contentUrl":"https:\/\/www.cig.gov.pt\/pacto-contra-violencia\/wp-content\/uploads\/2021\/11\/PactoFeatured.png","width":1200,"height":614,"caption":"Pacto Contra a Viol\u00eancia"},{"@type":"WebPage","@id":"https:\/\/www.cig.gov.pt\/pacto-contra-violencia\/compromissos\/#webpage","url":"https:\/\/www.cig.gov.pt\/pacto-contra-violencia\/compromissos\/","name":"Compromissos - Pacto Contra a Viol\u00eancia","isPartOf":{"@id":"https:\/\/www.cig.gov.pt\/pacto-contra-violencia\/#website"},"primaryImageOfPage":{"@id":"https:\/\/www.cig.gov.pt\/pacto-contra-violencia\/compromissos\/#primaryimage"},"datePublished":"2021-11-09T10:07:58+00:00","dateModified":"2025-11-17T16:05:32+00:00","breadcrumb":{"@id":"https:\/\/www.cig.gov.pt\/pacto-contra-violencia\/compromissos\/#breadcrumb"},"inLanguage":"pt-PT","potentialAction":[{"@type":"ReadAction","target":["https:\/\/www.cig.gov.pt\/pacto-contra-violencia\/compromissos\/"]}]},{"@type":"BreadcrumbList","@id":"https:\/\/www.cig.gov.pt\/pacto-contra-violencia\/compromissos\/#breadcrumb","itemListElement":[{"@type":"ListItem","position":1,"name":"Home","item":"https:\/\/www.cig.gov.pt\/pacto-contra-violencia\/"},{"@type":"ListItem","position":2,"name":"Compromissos"}]}]}},"_links":{"self":[{"href":"https:\/\/www.cig.gov.pt\/pacto-contra-violencia\/wp-json\/wp\/v2\/pages\/60"}],"collection":[{"href":"https:\/\/www.cig.gov.pt\/pacto-contra-violencia\/wp-json\/wp\/v2\/pages"}],"about":[{"href":"https:\/\/www.cig.gov.pt\/pacto-contra-violencia\/wp-json\/wp\/v2\/types\/page"}],"author":[{"embeddable":true,"href":"https:\/\/www.cig.gov.pt\/pacto-contra-violencia\/wp-json\/wp\/v2\/users\/1"}],"replies":[{"embeddable":true,"href":"https:\/\/www.cig.gov.pt\/pacto-contra-violencia\/wp-json\/wp\/v2\/comments?post=60"}],"version-history":[{"count":35,"href":"https:\/\/www.cig.gov.pt\/pacto-contra-violencia\/wp-json\/wp\/v2\/pages\/60\/revisions"}],"predecessor-version":[{"id":917,"href":"https:\/\/www.cig.gov.pt\/pacto-contra-violencia\/wp-json\/wp\/v2\/pages\/60\/revisions\/917"}],"wp:featuredmedia":[{"embeddable":true,"href":"https:\/\/www.cig.gov.pt\/pacto-contra-violencia\/wp-json\/wp\/v2\/media\/54"}],"wp:attachment":[{"href":"https:\/\/www.cig.gov.pt\/pacto-contra-violencia\/wp-json\/wp\/v2\/media?parent=60"}],"curies":[{"name":"wp","href":"https:\/\/api.w.org\/{rel}","templated":true}]}}