{"id":943,"date":"2022-05-06T10:43:07","date_gmt":"2022-05-06T10:43:07","guid":{"rendered":"https:\/\/www.cig.gov.pt\/iniciativas-nacionais\/?page_id=943"},"modified":"2022-05-16T14:32:16","modified_gmt":"2022-05-16T14:32:16","slug":"iniciativas-dia-internacional-contra-a-homofobia-a-transfobia-e-a-bifobia","status":"publish","type":"page","link":"https:\/\/www.cig.gov.pt\/iniciativas-nacionais\/iniciativas-dia-internacional-contra-a-homofobia-a-transfobia-e-a-bifobia\/","title":{"rendered":"Iniciativas \u2013 Dia Internacional Contra a Homofobia, a Transfobia e a Bifobia"},"content":{"rendered":"<p>[et_pb_section fb_built=&#8221;1&#8243; disabled_on=&#8221;on|on|off&#8221; _builder_version=&#8221;4.13.0&#8243; _module_preset=&#8221;default&#8221; background_color=&#8221;#E02B20&#8243; background_image=&#8221;https:\/\/www.cig.gov.pt\/iniciativas-nacionais\/wp-content\/uploads\/2022\/05\/IDAHOT_HF3_trab001.jpg&#8221; background_size=&#8221;initial&#8221; background_position=&#8221;bottom_center&#8221; custom_padding=&#8221;0px||0px||false|false&#8221; locked=&#8221;off&#8221; global_colors_info=&#8221;{}&#8221;][et_pb_row _builder_version=&#8221;4.13.0&#8243; _module_preset=&#8221;default&#8221; background_image=&#8221;https:\/\/www.cig.gov.pt\/iniciativas-nacionais\/wp-content\/uploads\/2022\/05\/cig3.png&#8221; background_size=&#8221;initial&#8221; min_height=&#8221;394px&#8221; custom_padding=&#8221;0px||0px||false|false&#8221; global_colors_info=&#8221;{}&#8221;][et_pb_column type=&#8221;4_4&#8243; _builder_version=&#8221;4.13.0&#8243; _module_preset=&#8221;default&#8221; global_colors_info=&#8221;{}&#8221;][et_pb_text _builder_version=&#8221;4.13.0&#8243; _module_preset=&#8221;default&#8221; text_font=&#8221;Montserrat|600|||||||&#8221; text_text_color=&#8221;#000000&#8243; text_font_size=&#8221;44px&#8221; text_letter_spacing=&#8221;1px&#8221; background_color=&#8221;#FFFFFF&#8221; width=&#8221;290px&#8221; module_alignment=&#8221;center&#8221; custom_margin=&#8221;54px||0px||false|false&#8221; custom_padding=&#8221;24px||60px||false|false&#8221; border_radii=&#8221;on|24px|24px|24px|24px&#8221; global_colors_info=&#8221;{}&#8221;]<\/p>\n<p style=\"text-align: center;\">17 de maio<\/p>\n<p>[\/et_pb_text][et_pb_text _builder_version=&#8221;4.13.0&#8243; _module_preset=&#8221;default&#8221; text_font=&#8221;Lato|900|||||||&#8221; text_text_color=&#8221;#000000&#8243; text_font_size=&#8221;80px&#8221; text_letter_spacing=&#8221;6px&#8221; background_color=&#8221;#FFFFFF&#8221; width=&#8221;390px&#8221; module_alignment=&#8221;center&#8221; custom_margin=&#8221;-36px||-32px||false|false&#8221; custom_padding=&#8221;36px||80px||false|false&#8221; border_radii=&#8221;on|24px|24px|24px|24px&#8221; global_colors_info=&#8221;{}&#8221;]<\/p>\n<p style=\"text-align: center;\"><span style=\"color: #ff1616;\">I<\/span><span style=\"color: #ff914d;\">D<\/span><span style=\"color: #ffde59;\">A<\/span><span style=\"color: #008037;\">H<\/span><span style=\"color: #5271ff;\">O<\/span><span style=\"color: #cb6ce6;\">T<\/span><\/p>\n<p>[\/et_pb_text][et_pb_text _builder_version=&#8221;4.13.0&#8243; _module_preset=&#8221;default&#8221; text_font=&#8221;Montserrat||||||||&#8221; text_text_color=&#8221;#000000&#8243; text_font_size=&#8221;32px&#8221; text_line_height=&#8221;1.3em&#8221; background_color=&#8221;#FFFFFF&#8221; width=&#8221;860px&#8221; module_alignment=&#8221;center&#8221; custom_margin=&#8221;||0px||false|false&#8221; custom_padding=&#8221;8px||8px||false|false&#8221; border_radii=&#8221;on|24px|24px|24px|24px&#8221; global_colors_info=&#8221;{}&#8221;]<\/p>\n<p style=\"text-align: center;\">Dia Internacional Contra a Homofobia, a Transfobia<\/p>\n<p>[\/et_pb_text][et_pb_text _builder_version=&#8221;4.13.0&#8243; _module_preset=&#8221;default&#8221; text_font=&#8221;Montserrat||||||||&#8221; text_text_color=&#8221;#000000&#8243; text_font_size=&#8221;32px&#8221; text_line_height=&#8221;1.3em&#8221; background_color=&#8221;#FFFFFF&#8221; width=&#8221;220px&#8221; module_alignment=&#8221;center&#8221; custom_margin=&#8221;-2px||0px||false|false&#8221; custom_padding=&#8221;4px||4px||false|false&#8221; border_radii=&#8221;off|||24px|24px&#8221; global_colors_info=&#8221;{}&#8221;]<\/p>\n<p style=\"text-align: center;\">e a Bifobia<\/p>\n<p>[\/et_pb_text][\/et_pb_column][\/et_pb_row][\/et_pb_section][et_pb_section fb_built=&#8221;1&#8243; fullwidth=&#8221;on&#8221; disabled_on=&#8221;off|off|on&#8221; _builder_version=&#8221;4.13.0&#8243; _module_preset=&#8221;default&#8221; locked=&#8221;off&#8221; global_colors_info=&#8221;{}&#8221;][et_pb_fullwidth_image src=&#8221;https:\/\/www.cig.gov.pt\/iniciativas-nacionais\/wp-content\/uploads\/2022\/05\/IDAHOT_HF2.jpg&#8221; alt=&#8221;17 de maio &#8211; IDAHOT &#8211; Dia Internacional Contra a Homofobia, a Transfobia e a Bifobia&#8221; title_text=&#8221;17 de maio &#8211; IDAHOT &#8211; Dia Internacional Contra a Homofobia, a Transfobia e a Bifobia&#8221; _builder_version=&#8221;4.13.0&#8243; _module_preset=&#8221;default&#8221; global_colors_info=&#8221;{}&#8221;][\/et_pb_fullwidth_image][\/et_pb_section][et_pb_section fb_built=&#8221;1&#8243; admin_label=&#8221;Concelho&#8221; _builder_version=&#8221;4.13.0&#8243; _module_preset=&#8221;default&#8221; custom_padding=&#8221;29px|||||&#8221; global_colors_info=&#8221;{}&#8221;][et_pb_row admin_label=&#8221;Lisboa&#8221; _builder_version=&#8221;4.13.0&#8243; _module_preset=&#8221;default&#8221; background_color=&#8221;#5271ff&#8221; custom_margin=&#8221;40px||0px||false|false&#8221; custom_padding=&#8221;14px||14px||false|false&#8221; border_radii=&#8221;on|44px|44px|44px|44px&#8221; locked=&#8221;off&#8221; global_colors_info=&#8221;{}&#8221;][et_pb_column type=&#8221;4_4&#8243; _builder_version=&#8221;4.13.0&#8243; _module_preset=&#8221;default&#8221; global_colors_info=&#8221;{}&#8221;][et_pb_text admin_label=&#8221;Lisboa&#8221; _builder_version=&#8221;4.13.0&#8243; _module_preset=&#8221;default&#8221; text_font=&#8221;Montserrat|700|||||||&#8221; text_text_color=&#8221;#FFFFFF&#8221; text_font_size=&#8221;16px&#8221; text_letter_spacing=&#8221;1px&#8221; custom_margin=&#8221;2px||0px|20px|false|false&#8221; custom_padding=&#8221;6px||2px||false|false&#8221; global_colors_info=&#8221;{}&#8221;]<\/p>\n<p><span style=\"color: #ffde59;\">Distrito: <\/span><span style=\"font-size: xx-large;\">Braga<\/span><\/p>\n<p>[\/et_pb_text][\/et_pb_column][\/et_pb_row][et_pb_row column_structure=&#8221;1_4,1_4,1_4,1_4&#8243; use_custom_gutter=&#8221;on&#8221; gutter_width=&#8221;2&#8243; _builder_version=&#8221;4.13.0&#8243; _module_preset=&#8221;default&#8221; custom_margin=&#8221;||0px||false|false&#8221; custom_padding=&#8221;||0px||false|false&#8221; global_colors_info=&#8221;{}&#8221;][et_pb_column type=&#8221;1_4&#8243; _builder_version=&#8221;4.13.0&#8243; _module_preset=&#8221;default&#8221; global_colors_info=&#8221;{}&#8221;][et_pb_text _builder_version=&#8221;4.13.0&#8243; _module_preset=&#8221;default&#8221; text_font=&#8221;Montserrat||||||||&#8221; text_text_color=&#8221;#000000&#8243; text_font_size=&#8221;12px&#8221; text_line_height=&#8221;1.2em&#8221; header_2_font=&#8221;Montserrat|600|||||||&#8221; header_2_text_color=&#8221;#cb6ce6&#8243; custom_margin=&#8221;16px|12px|8px|12px|false|false&#8221; custom_padding=&#8221;1px|||||&#8221; locked=&#8221;off&#8221; global_colors_info=&#8221;{}&#8221;]<\/p>\n<h2>Cabeceiras de Basto<\/h2>\n<p><strong>Entidade promotora:<\/strong><br \/>Conselho Consultivo para as Quest\u00f5es LGBTI<\/p>\n<p><strong>Iniciativa | Atividade:<\/strong><br \/>Hastear da bandeira LGBTI no edif\u00edcio da Autarquia de Cabeceiras de Basto<\/p>\n<p>[\/et_pb_text][\/et_pb_column][et_pb_column type=&#8221;1_4&#8243; _builder_version=&#8221;4.13.0&#8243; _module_preset=&#8221;default&#8221; global_colors_info=&#8221;{}&#8221;][et_pb_text _builder_version=&#8221;4.13.0&#8243; _module_preset=&#8221;default&#8221; text_font=&#8221;Montserrat||||||||&#8221; text_text_color=&#8221;#000000&#8243; text_font_size=&#8221;12px&#8221; text_line_height=&#8221;1.2em&#8221; header_2_font=&#8221;Montserrat|600|||||||&#8221; header_2_text_color=&#8221;#cb6ce6&#8243; custom_margin=&#8221;16px|12px|8px|12px|false|false&#8221; custom_padding=&#8221;1px|||||&#8221; locked=&#8221;off&#8221; global_colors_info=&#8221;{}&#8221;]<\/p>\n<h2>Ferment\u00f5es<\/h2>\n<p><strong>Entidade promotora:<\/strong><br \/>Casa do Povo de Ferment\u00f5es<\/p>\n<p><strong>Iniciativa | Atividade:<\/strong><br \/>Hastear da bandeira LGBTI no Largo da Casa do Povo de Ferment\u00f5es <\/p>\n<p>[\/et_pb_text][\/et_pb_column][et_pb_column type=&#8221;1_4&#8243; _builder_version=&#8221;4.13.0&#8243; _module_preset=&#8221;default&#8221; global_colors_info=&#8221;{}&#8221;][\/et_pb_column][et_pb_column type=&#8221;1_4&#8243; _builder_version=&#8221;4.13.0&#8243; _module_preset=&#8221;default&#8221; global_colors_info=&#8221;{}&#8221;][\/et_pb_column][\/et_pb_row][\/et_pb_section][et_pb_section fb_built=&#8221;1&#8243; admin_label=&#8221;Concelho&#8221; _builder_version=&#8221;4.13.0&#8243; _module_preset=&#8221;default&#8221; custom_padding=&#8221;29px|||||&#8221; global_colors_info=&#8221;{}&#8221;][et_pb_row admin_label=&#8221;Lisboa&#8221; _builder_version=&#8221;4.13.0&#8243; _module_preset=&#8221;default&#8221; background_color=&#8221;#5271ff&#8221; custom_margin=&#8221;40px||0px||false|false&#8221; custom_padding=&#8221;14px||14px||false|false&#8221; border_radii=&#8221;on|44px|44px|44px|44px&#8221; locked=&#8221;off&#8221; global_colors_info=&#8221;{}&#8221;][et_pb_column type=&#8221;4_4&#8243; _builder_version=&#8221;4.13.0&#8243; _module_preset=&#8221;default&#8221; global_colors_info=&#8221;{}&#8221;][et_pb_text admin_label=&#8221;Lisboa&#8221; _builder_version=&#8221;4.13.0&#8243; _module_preset=&#8221;default&#8221; text_font=&#8221;Montserrat|700|||||||&#8221; text_text_color=&#8221;#FFFFFF&#8221; text_font_size=&#8221;16px&#8221; text_letter_spacing=&#8221;1px&#8221; custom_margin=&#8221;2px||0px|20px|false|false&#8221; custom_padding=&#8221;6px||2px||false|false&#8221; global_colors_info=&#8221;{}&#8221;]<\/p>\n<p><span style=\"color: #ffde59;\">Distrito: <\/span><span style=\"font-size: xx-large;\">Castelo Branco<br \/><\/span><\/p>\n<p>[\/et_pb_text][\/et_pb_column][\/et_pb_row][et_pb_row column_structure=&#8221;1_3,1_3,1_3&#8243; use_custom_gutter=&#8221;on&#8221; gutter_width=&#8221;2&#8243; _builder_version=&#8221;4.13.0&#8243; _module_preset=&#8221;default&#8221; custom_margin=&#8221;||0px||false|false&#8221; custom_padding=&#8221;||0px||false|false&#8221; global_colors_info=&#8221;{}&#8221;][et_pb_column type=&#8221;1_3&#8243; _builder_version=&#8221;4.13.0&#8243; _module_preset=&#8221;default&#8221; global_colors_info=&#8221;{}&#8221;][et_pb_text _builder_version=&#8221;4.13.0&#8243; _module_preset=&#8221;default&#8221; text_font=&#8221;Montserrat||||||||&#8221; text_text_color=&#8221;#000000&#8243; text_font_size=&#8221;12px&#8221; text_line_height=&#8221;1.2em&#8221; header_2_font=&#8221;Montserrat|600|||||||&#8221; header_2_text_color=&#8221;#cb6ce6&#8243; custom_margin=&#8221;16px|12px|8px|12px|false|false&#8221; custom_padding=&#8221;1px|||||&#8221; locked=&#8221;off&#8221; global_colors_info=&#8221;{}&#8221;]<\/p>\n<h2>Covilh\u00e3<\/h2>\n<p><strong>Entidade promotora:<\/strong><br \/>Conselho Consultivo para as Quest\u00f5es LGBTI<\/p>\n<p><strong>Iniciativa | Atividade:<\/strong><br \/>Ilumina\u00e7\u00e3o do edif\u00edcio da Autarquia da Covilh\u00e3 com a cor azul<\/p>\n<p>[\/et_pb_text][\/et_pb_column][et_pb_column type=&#8221;1_3&#8243; _builder_version=&#8221;4.13.0&#8243; _module_preset=&#8221;default&#8221; global_colors_info=&#8221;{}&#8221;][\/et_pb_column][et_pb_column type=&#8221;1_3&#8243; _builder_version=&#8221;4.13.0&#8243; _module_preset=&#8221;default&#8221; global_colors_info=&#8221;{}&#8221;][\/et_pb_column][\/et_pb_row][\/et_pb_section][et_pb_section fb_built=&#8221;1&#8243; admin_label=&#8221;Concelho&#8221; _builder_version=&#8221;4.13.0&#8243; _module_preset=&#8221;default&#8221; custom_padding=&#8221;29px|||||&#8221; global_colors_info=&#8221;{}&#8221;][et_pb_row admin_label=&#8221;Lisboa&#8221; _builder_version=&#8221;4.13.0&#8243; _module_preset=&#8221;default&#8221; background_color=&#8221;#5271ff&#8221; custom_margin=&#8221;40px||0px||false|false&#8221; custom_padding=&#8221;14px||14px||false|false&#8221; border_radii=&#8221;on|44px|44px|44px|44px&#8221; locked=&#8221;off&#8221; global_colors_info=&#8221;{}&#8221;][et_pb_column type=&#8221;4_4&#8243; _builder_version=&#8221;4.13.0&#8243; _module_preset=&#8221;default&#8221; global_colors_info=&#8221;{}&#8221;][et_pb_text admin_label=&#8221;Lisboa&#8221; _builder_version=&#8221;4.13.0&#8243; _module_preset=&#8221;default&#8221; text_font=&#8221;Montserrat|700|||||||&#8221; text_text_color=&#8221;#FFFFFF&#8221; text_font_size=&#8221;16px&#8221; text_letter_spacing=&#8221;1px&#8221; custom_margin=&#8221;2px||0px|20px|false|false&#8221; custom_padding=&#8221;6px||2px||false|false&#8221; global_colors_info=&#8221;{}&#8221;]<\/p>\n<p><span style=\"color: #ffde59;\">Distrito: <\/span><span style=\"font-size: xx-large;\">Coimbra<br \/><\/span><\/p>\n<p>[\/et_pb_text][\/et_pb_column][\/et_pb_row][et_pb_row column_structure=&#8221;1_3,1_3,1_3&#8243; use_custom_gutter=&#8221;on&#8221; gutter_width=&#8221;2&#8243; _builder_version=&#8221;4.13.0&#8243; _module_preset=&#8221;default&#8221; custom_margin=&#8221;||0px||false|false&#8221; custom_padding=&#8221;||0px||false|false&#8221; global_colors_info=&#8221;{}&#8221;][et_pb_column type=&#8221;1_3&#8243; _builder_version=&#8221;4.13.0&#8243; _module_preset=&#8221;default&#8221; global_colors_info=&#8221;{}&#8221;][et_pb_text _builder_version=&#8221;4.13.0&#8243; _module_preset=&#8221;default&#8221; text_font=&#8221;Montserrat||||||||&#8221; text_text_color=&#8221;#000000&#8243; text_font_size=&#8221;12px&#8221; text_line_height=&#8221;1.2em&#8221; header_2_font=&#8221;Montserrat|600|||||||&#8221; header_2_text_color=&#8221;#cb6ce6&#8243; custom_margin=&#8221;16px|12px|8px|12px|false|false&#8221; custom_padding=&#8221;1px|||||&#8221; locked=&#8221;off&#8221; global_colors_info=&#8221;{}&#8221;]<\/p>\n<h2>Coimbra<\/h2>\n<p><strong>Entidade promotora:<\/strong><br \/>Pelouro de Interven\u00e7\u00e3o C\u00edvica e Ambiente do NERIFE<\/p>\n<p><strong>Iniciativa | Atividade:<\/strong><br \/>Palestra, Workshop, Galeria de Arte, Cinedebate, Conv\u00edvio | Faculdade de Economia da Universidade de Coimbra<\/p>\n<p>[\/et_pb_text][et_pb_toggle title=&#8221;Informa\u00e7\u00f5es&#8221; open_toggle_text_color=&#8221;#5271ff&#8221; open_toggle_background_color=&#8221;rgba(0,0,0,0.02)&#8221; closed_toggle_text_color=&#8221;#0089db&#8221; closed_toggle_background_color=&#8221;rgba(0,0,0,0.02)&#8221; icon_color=&#8221;#ff914d&#8221; toggle_icon=&#8221;&#xe03a;||divi||400&#8243; use_icon_font_size=&#8221;on&#8221; icon_font_size=&#8221;23px&#8221; _builder_version=&#8221;4.13.0&#8243; _module_preset=&#8221;default&#8221; title_text_color=&#8221;#5271ff&#8221; title_font=&#8221;Montserrat|700|||||||&#8221; title_font_size=&#8221;15px&#8221; body_font=&#8221;Montserrat||||||||&#8221; body_text_color=&#8221;#000000&#8243; body_font_size=&#8221;11px&#8221; body_line_height=&#8221;1.2em&#8221; background_color=&#8221;rgba(255,255,255,0)&#8221; custom_margin=&#8221;|||8px|false|false&#8221; custom_padding=&#8221;12px|12px|12px|14px|false|false&#8221; border_radii=&#8221;on|24px|24px|24px|24px&#8221; border_color_all=&#8221;#008037&#8243; locked=&#8221;off&#8221; global_colors_info=&#8221;{}&#8221;]<\/p>\n<p>Destina-se a: Comunidade estudantil e LGBTQIA+ em geral<\/p>\n<p><img loading=\"lazy\" src=\"https:\/\/www.cig.gov.pt\/iniciativas-nacionais\/wp-content\/uploads\/2022\/05\/coimbra-Calenda\u0301rio-Filipa-Rodrigues-300x300.png\" alt=\"\" class=\"wp-image-993 alignnone size-medium\" width=\"300\" height=\"300\" srcset=\"https:\/\/www.cig.gov.pt\/iniciativas-nacionais\/wp-content\/uploads\/2022\/05\/coimbra-Calenda\u0301rio-Filipa-Rodrigues-300x300.png 300w, https:\/\/www.cig.gov.pt\/iniciativas-nacionais\/wp-content\/uploads\/2022\/05\/coimbra-Calenda\u0301rio-Filipa-Rodrigues-1024x1024.png 1024w, https:\/\/www.cig.gov.pt\/iniciativas-nacionais\/wp-content\/uploads\/2022\/05\/coimbra-Calenda\u0301rio-Filipa-Rodrigues-150x150.png 150w, https:\/\/www.cig.gov.pt\/iniciativas-nacionais\/wp-content\/uploads\/2022\/05\/coimbra-Calenda\u0301rio-Filipa-Rodrigues-768x768.png 768w, https:\/\/www.cig.gov.pt\/iniciativas-nacionais\/wp-content\/uploads\/2022\/05\/coimbra-Calenda\u0301rio-Filipa-Rodrigues-980x980.png 980w, https:\/\/www.cig.gov.pt\/iniciativas-nacionais\/wp-content\/uploads\/2022\/05\/coimbra-Calenda\u0301rio-Filipa-Rodrigues-480x480.png 480w, https:\/\/www.cig.gov.pt\/iniciativas-nacionais\/wp-content\/uploads\/2022\/05\/coimbra-Calenda\u0301rio-Filipa-Rodrigues.png 1080w\" sizes=\"(max-width: 300px) 100vw, 300px\" \/><\/p>\n<p>[\/et_pb_toggle][\/et_pb_column][et_pb_column type=&#8221;1_3&#8243; _builder_version=&#8221;4.13.0&#8243; _module_preset=&#8221;default&#8221; global_colors_info=&#8221;{}&#8221;][\/et_pb_column][et_pb_column type=&#8221;1_3&#8243; _builder_version=&#8221;4.13.0&#8243; _module_preset=&#8221;default&#8221; global_colors_info=&#8221;{}&#8221;][\/et_pb_column][\/et_pb_row][\/et_pb_section][et_pb_section fb_built=&#8221;1&#8243; admin_label=&#8221;Concelho&#8221; _builder_version=&#8221;4.13.0&#8243; _module_preset=&#8221;default&#8221; custom_padding=&#8221;29px|||||&#8221; global_colors_info=&#8221;{}&#8221;][et_pb_row admin_label=&#8221;Lisboa&#8221; _builder_version=&#8221;4.13.0&#8243; _module_preset=&#8221;default&#8221; background_color=&#8221;#5271ff&#8221; custom_margin=&#8221;40px||0px||false|false&#8221; custom_padding=&#8221;14px||14px||false|false&#8221; border_radii=&#8221;on|44px|44px|44px|44px&#8221; locked=&#8221;off&#8221; global_colors_info=&#8221;{}&#8221;][et_pb_column type=&#8221;4_4&#8243; _builder_version=&#8221;4.13.0&#8243; _module_preset=&#8221;default&#8221; global_colors_info=&#8221;{}&#8221;][et_pb_text admin_label=&#8221;Lisboa&#8221; _builder_version=&#8221;4.13.0&#8243; _module_preset=&#8221;default&#8221; text_font=&#8221;Montserrat|700|||||||&#8221; text_text_color=&#8221;#FFFFFF&#8221; text_font_size=&#8221;16px&#8221; text_letter_spacing=&#8221;1px&#8221; custom_margin=&#8221;2px||0px|20px|false|false&#8221; custom_padding=&#8221;6px||2px||false|false&#8221; global_colors_info=&#8221;{}&#8221;]<\/p>\n<p><span style=\"color: #ffde59;\">Distrito: <\/span><span style=\"font-size: xx-large;\">Faro<br \/><\/span><\/p>\n<p>[\/et_pb_text][\/et_pb_column][\/et_pb_row][et_pb_row column_structure=&#8221;1_3,1_3,1_3&#8243; use_custom_gutter=&#8221;on&#8221; gutter_width=&#8221;2&#8243; _builder_version=&#8221;4.13.0&#8243; _module_preset=&#8221;default&#8221; custom_margin=&#8221;||0px||false|false&#8221; custom_padding=&#8221;||0px||false|false&#8221; global_colors_info=&#8221;{}&#8221;][et_pb_column type=&#8221;1_3&#8243; _builder_version=&#8221;4.13.0&#8243; _module_preset=&#8221;default&#8221; global_colors_info=&#8221;{}&#8221;][et_pb_text _builder_version=&#8221;4.13.0&#8243; _module_preset=&#8221;default&#8221; text_font=&#8221;Montserrat||||||||&#8221; text_text_color=&#8221;#000000&#8243; text_font_size=&#8221;12px&#8221; text_line_height=&#8221;1.2em&#8221; header_2_font=&#8221;Montserrat|600|||||||&#8221; header_2_text_color=&#8221;#cb6ce6&#8243; custom_margin=&#8221;16px|12px|8px|12px|false|false&#8221; custom_padding=&#8221;1px|||||&#8221; locked=&#8221;off&#8221; global_colors_info=&#8221;{}&#8221;]<\/p>\n<h2>Dire\u00e7\u00e3o Regional do Algarve do IPDJ | Faro<\/h2>\n<p><strong>Entidade promotora:<\/strong><br \/>S\u00ea Mais S\u00ea Melhor<\/p>\n<p><strong>Iniciativa | Atividade:<\/strong><br \/>Hastear da bandeira LGBTIQ+ e a\u00e7\u00e3o de sensibiliza\u00e7\u00e3o<\/p>\n<p>[\/et_pb_text][et_pb_toggle title=&#8221;Informa\u00e7\u00f5es&#8221; open_toggle_text_color=&#8221;#5271ff&#8221; open_toggle_background_color=&#8221;rgba(0,0,0,0.02)&#8221; closed_toggle_text_color=&#8221;#0089db&#8221; closed_toggle_background_color=&#8221;rgba(0,0,0,0.02)&#8221; icon_color=&#8221;#ff914d&#8221; toggle_icon=&#8221;&#xe03a;||divi||400&#8243; use_icon_font_size=&#8221;on&#8221; icon_font_size=&#8221;23px&#8221; _builder_version=&#8221;4.13.0&#8243; _module_preset=&#8221;default&#8221; title_text_color=&#8221;#5271ff&#8221; title_font=&#8221;Montserrat|700|||||||&#8221; title_font_size=&#8221;15px&#8221; body_font=&#8221;Montserrat||||||||&#8221; body_text_color=&#8221;#000000&#8243; body_font_size=&#8221;11px&#8221; body_line_height=&#8221;1.2em&#8221; background_color=&#8221;rgba(255,255,255,0)&#8221; custom_margin=&#8221;|||8px|false|false&#8221; custom_padding=&#8221;12px|12px|12px|14px|false|false&#8221; border_radii=&#8221;on|24px|24px|24px|24px&#8221; border_color_all=&#8221;#008037&#8243; locked=&#8221;off&#8221; global_colors_info=&#8221;{}&#8221;]<\/p>\n<p><a href=\"https:\/\/www.cig.gov.pt\/iniciativas-nacionais\/wp-content\/uploads\/2022\/05\/17-de-maio-3-Andreia-Filipe.png\" target=\"_blank\" rel=\"noopener\"><img loading=\"lazy\" src=\"https:\/\/www.cig.gov.pt\/iniciativas-nacionais\/wp-content\/uploads\/2022\/05\/17-de-maio-3-Andreia-Filipe-300x100.png\" alt=\"\" class=\"wp-image-966 alignnone size-medium\" width=\"300\" height=\"100\" \/><\/a><\/p>\n<p>[\/et_pb_toggle][\/et_pb_column][et_pb_column type=&#8221;1_3&#8243; _builder_version=&#8221;4.13.0&#8243; _module_preset=&#8221;default&#8221; global_colors_info=&#8221;{}&#8221;][et_pb_text _builder_version=&#8221;4.13.0&#8243; _module_preset=&#8221;default&#8221; text_font=&#8221;Montserrat||||||||&#8221; text_text_color=&#8221;#000000&#8243; text_font_size=&#8221;12px&#8221; text_line_height=&#8221;1.2em&#8221; header_2_font=&#8221;Montserrat|600|||||||&#8221; header_2_text_color=&#8221;#cb6ce6&#8243; custom_margin=&#8221;16px|12px|8px|12px|false|false&#8221; custom_padding=&#8221;1px|||||&#8221; locked=&#8221;off&#8221; global_colors_info=&#8221;{}&#8221;]<\/p>\n<h2>Bairro Cruz da Parteira | Portim\u00e3o<\/h2>\n<p><strong>Entidade promotora:<\/strong><br \/>Projeto (Re)viver no meu bairro<\/p>\n<p><strong>Iniciativa | Atividade:<\/strong><br \/>A\u00e7\u00e3o de sensibiliza\u00e7\u00e3o do Dia Internacional contra a Homofobia, a Transfobia e a Bifobia &#8211; Kids React &#8211; &#8220;Bora ver?&#8221;<\/p>\n<p>[\/et_pb_text][et_pb_toggle title=&#8221;Informa\u00e7\u00f5es&#8221; open_toggle_text_color=&#8221;#5271ff&#8221; open_toggle_background_color=&#8221;rgba(0,0,0,0.02)&#8221; closed_toggle_text_color=&#8221;#0089db&#8221; closed_toggle_background_color=&#8221;rgba(0,0,0,0.02)&#8221; icon_color=&#8221;#ff914d&#8221; toggle_icon=&#8221;&#xe03a;||divi||400&#8243; use_icon_font_size=&#8221;on&#8221; icon_font_size=&#8221;23px&#8221; _builder_version=&#8221;4.13.0&#8243; _module_preset=&#8221;default&#8221; title_text_color=&#8221;#5271ff&#8221; title_font=&#8221;Montserrat|700|||||||&#8221; title_font_size=&#8221;15px&#8221; body_font=&#8221;Montserrat||||||||&#8221; body_text_color=&#8221;#000000&#8243; body_font_size=&#8221;11px&#8221; body_line_height=&#8221;1.2em&#8221; background_color=&#8221;rgba(255,255,255,0)&#8221; custom_margin=&#8221;|||8px|false|false&#8221; custom_padding=&#8221;12px|12px|12px|14px|false|false&#8221; border_radii=&#8221;on|24px|24px|24px|24px&#8221; border_color_all=&#8221;#008037&#8243; locked=&#8221;off&#8221; global_colors_info=&#8221;{}&#8221;]<\/p>\n<p><a href=\"https:\/\/www.cig.gov.pt\/iniciativas-nacionais\/wp-content\/uploads\/2022\/05\/Kids-React-Bora-ver-Reviver-Bairro-1.png\"><img loading=\"lazy\" src=\"https:\/\/www.cig.gov.pt\/iniciativas-nacionais\/wp-content\/uploads\/2022\/05\/Kids-React-Bora-ver-Reviver-Bairro-1-212x300.png\" alt=\"\" class=\"wp-image-978 alignnone size-medium\" width=\"212\" height=\"300\" \/><\/a><\/p>\n<p>[\/et_pb_toggle][\/et_pb_column][et_pb_column type=&#8221;1_3&#8243; _builder_version=&#8221;4.13.0&#8243; _module_preset=&#8221;default&#8221; global_colors_info=&#8221;{}&#8221;][\/et_pb_column][\/et_pb_row][\/et_pb_section][et_pb_section fb_built=&#8221;1&#8243; admin_label=&#8221;Concelho&#8221; _builder_version=&#8221;4.13.0&#8243; _module_preset=&#8221;default&#8221; custom_padding=&#8221;29px|||||&#8221; global_colors_info=&#8221;{}&#8221;][et_pb_row admin_label=&#8221;Lisboa&#8221; _builder_version=&#8221;4.13.0&#8243; _module_preset=&#8221;default&#8221; background_color=&#8221;#5271ff&#8221; custom_margin=&#8221;40px||0px||false|false&#8221; custom_padding=&#8221;14px||14px||false|false&#8221; border_radii=&#8221;on|44px|44px|44px|44px&#8221; locked=&#8221;off&#8221; global_colors_info=&#8221;{}&#8221;][et_pb_column type=&#8221;4_4&#8243; _builder_version=&#8221;4.13.0&#8243; _module_preset=&#8221;default&#8221; global_colors_info=&#8221;{}&#8221;][et_pb_text admin_label=&#8221;Lisboa&#8221; _builder_version=&#8221;4.13.0&#8243; _module_preset=&#8221;default&#8221; text_font=&#8221;Montserrat|700|||||||&#8221; text_text_color=&#8221;#FFFFFF&#8221; text_font_size=&#8221;16px&#8221; text_letter_spacing=&#8221;1px&#8221; custom_margin=&#8221;2px||0px|20px|false|false&#8221; custom_padding=&#8221;6px||2px||false|false&#8221; global_colors_info=&#8221;{}&#8221;]<\/p>\n<p><span style=\"color: #ffde59;\">Distrito: <\/span><span style=\"font-size: xx-large;\">Leiria<\/span><\/p>\n<p>[\/et_pb_text][\/et_pb_column][\/et_pb_row][et_pb_row column_structure=&#8221;1_3,1_3,1_3&#8243; use_custom_gutter=&#8221;on&#8221; gutter_width=&#8221;2&#8243; _builder_version=&#8221;4.13.0&#8243; _module_preset=&#8221;default&#8221; custom_margin=&#8221;||0px||false|false&#8221; custom_padding=&#8221;||0px||false|false&#8221; global_colors_info=&#8221;{}&#8221;][et_pb_column type=&#8221;1_3&#8243; _builder_version=&#8221;4.13.0&#8243; _module_preset=&#8221;default&#8221; global_colors_info=&#8221;{}&#8221;][et_pb_text _builder_version=&#8221;4.13.0&#8243; _module_preset=&#8221;default&#8221; text_font=&#8221;Montserrat||||||||&#8221; text_text_color=&#8221;#000000&#8243; text_font_size=&#8221;12px&#8221; text_line_height=&#8221;1.2em&#8221; header_2_font=&#8221;Montserrat|600|||||||&#8221; header_2_text_color=&#8221;#cb6ce6&#8243; custom_margin=&#8221;16px|12px|8px|12px|false|false&#8221; custom_padding=&#8221;1px|||||&#8221; locked=&#8221;off&#8221; global_colors_info=&#8221;{}&#8221;]<\/p>\n<h2>S. Martinho do Porto<\/h2>\n<p><strong>Entidade promotora:<\/strong><br \/>Conselho Consultivo para as Quest\u00f5es LGBTI<\/p>\n<p><strong>Iniciativa | Atividade:<\/strong><br \/>Hastear da bandeira LGBTI no edif\u00edcio da Junta de Freguesia de S. Martinho do Porto<\/p>\n<p>[\/et_pb_text][\/et_pb_column][et_pb_column type=&#8221;1_3&#8243; _builder_version=&#8221;4.13.0&#8243; _module_preset=&#8221;default&#8221; global_colors_info=&#8221;{}&#8221;][et_pb_text _builder_version=&#8221;4.13.0&#8243; _module_preset=&#8221;default&#8221; text_font=&#8221;Montserrat||||||||&#8221; text_text_color=&#8221;#000000&#8243; text_font_size=&#8221;12px&#8221; text_line_height=&#8221;1.2em&#8221; header_2_font=&#8221;Montserrat|600|||||||&#8221; header_2_text_color=&#8221;#cb6ce6&#8243; custom_margin=&#8221;16px|12px|8px|12px|false|false&#8221; custom_padding=&#8221;1px|||||&#8221; locked=&#8221;off&#8221; global_colors_info=&#8221;{}&#8221;]<\/p>\n<h2>Leiria<\/h2>\n<p><strong>Entidade promotora:<\/strong><br \/>Instituto Polit\u00e9cnico de Leiria<\/p>\n<p><strong>Iniciativa | Atividade:<\/strong><br \/>Semin\u00e1rio &#8220;Desafios e Pol\u00edticas de Integra\u00e7\u00e3o Social de Pessoas LGBTI+&#8221;<\/p>\n<p>[\/et_pb_text][et_pb_toggle title=&#8221;Informa\u00e7\u00f5es&#8221; open_toggle_text_color=&#8221;#5271ff&#8221; open_toggle_background_color=&#8221;rgba(0,0,0,0.02)&#8221; closed_toggle_text_color=&#8221;#0089db&#8221; closed_toggle_background_color=&#8221;rgba(0,0,0,0.02)&#8221; icon_color=&#8221;#ff914d&#8221; toggle_icon=&#8221;&#xe03a;||divi||400&#8243; use_icon_font_size=&#8221;on&#8221; icon_font_size=&#8221;23px&#8221; _builder_version=&#8221;4.13.0&#8243; _module_preset=&#8221;default&#8221; title_text_color=&#8221;#5271ff&#8221; title_font=&#8221;Montserrat|700|||||||&#8221; title_font_size=&#8221;15px&#8221; body_font=&#8221;Montserrat||||||||&#8221; body_text_color=&#8221;#000000&#8243; body_font_size=&#8221;11px&#8221; body_line_height=&#8221;1.2em&#8221; background_color=&#8221;rgba(255,255,255,0)&#8221; custom_margin=&#8221;|||8px|false|false&#8221; custom_padding=&#8221;12px|12px|12px|14px|false|false&#8221; border_radii=&#8221;on|24px|24px|24px|24px&#8221; border_color_all=&#8221;#008037&#8243; locked=&#8221;off&#8221; global_colors_info=&#8221;{}&#8221;]<\/p>\n<p>O evento \u00e9 presencial, mas pode ser acompanhado online. Para obter link, enviar e-mail para <a href=\"mailto:luis.mota@ipleiria.pt\">luis.mota@ipleiria.pt<\/a>.<\/p>\n<p><a href=\"https:\/\/www.cig.gov.pt\/iniciativas-nacionais\/wp-content\/uploads\/2022\/05\/politecnico-leiria-Luis-Mota_page-0001.jpg\" target=\"_blank\" rel=\"noopener\"><img loading=\"lazy\" src=\"https:\/\/www.cig.gov.pt\/iniciativas-nacionais\/wp-content\/uploads\/2022\/05\/politecnico-leiria-Luis-Mota_page-0001-212x300.jpg\" alt=\"\" class=\"wp-image-971 alignnone size-medium\" width=\"212\" height=\"300\" \/><\/a><\/p>\n<p>[\/et_pb_toggle][\/et_pb_column][et_pb_column type=&#8221;1_3&#8243; _builder_version=&#8221;4.13.0&#8243; _module_preset=&#8221;default&#8221; global_colors_info=&#8221;{}&#8221;][\/et_pb_column][\/et_pb_row][\/et_pb_section][et_pb_section fb_built=&#8221;1&#8243; admin_label=&#8221;Concelho&#8221; _builder_version=&#8221;4.13.0&#8243; _module_preset=&#8221;default&#8221; custom_padding=&#8221;29px|||||&#8221; global_colors_info=&#8221;{}&#8221;][et_pb_row admin_label=&#8221;Lisboa&#8221; _builder_version=&#8221;4.13.0&#8243; _module_preset=&#8221;default&#8221; background_color=&#8221;#5271ff&#8221; custom_margin=&#8221;40px||0px||false|false&#8221; custom_padding=&#8221;14px||14px||false|false&#8221; border_radii=&#8221;on|44px|44px|44px|44px&#8221; locked=&#8221;off&#8221; global_colors_info=&#8221;{}&#8221;][et_pb_column type=&#8221;4_4&#8243; _builder_version=&#8221;4.13.0&#8243; _module_preset=&#8221;default&#8221; global_colors_info=&#8221;{}&#8221;][et_pb_text admin_label=&#8221;Lisboa&#8221; _builder_version=&#8221;4.13.0&#8243; _module_preset=&#8221;default&#8221; text_font=&#8221;Montserrat|700|||||||&#8221; text_text_color=&#8221;#FFFFFF&#8221; text_font_size=&#8221;16px&#8221; text_letter_spacing=&#8221;1px&#8221; custom_margin=&#8221;2px||0px|20px|false|false&#8221; custom_padding=&#8221;6px||2px||false|false&#8221; global_colors_info=&#8221;{}&#8221;]<\/p>\n<p><span style=\"color: #ffde59;\">Distrito: <\/span><span style=\"font-size: xx-large;\">Lisboa<\/span><\/p>\n<p>[\/et_pb_text][\/et_pb_column][\/et_pb_row][et_pb_row column_structure=&#8221;1_3,1_3,1_3&#8243; use_custom_gutter=&#8221;on&#8221; gutter_width=&#8221;2&#8243; _builder_version=&#8221;4.13.0&#8243; _module_preset=&#8221;default&#8221; custom_margin=&#8221;||0px||false|false&#8221; custom_padding=&#8221;||0px||false|false&#8221; global_colors_info=&#8221;{}&#8221;][et_pb_column type=&#8221;1_3&#8243; _builder_version=&#8221;4.13.0&#8243; _module_preset=&#8221;default&#8221; global_colors_info=&#8221;{}&#8221;][et_pb_text _builder_version=&#8221;4.13.0&#8243; _module_preset=&#8221;default&#8221; text_font=&#8221;Montserrat||||||||&#8221; text_text_color=&#8221;#000000&#8243; text_font_size=&#8221;12px&#8221; text_line_height=&#8221;1.2em&#8221; header_2_font=&#8221;Montserrat|600|||||||&#8221; header_2_text_color=&#8221;#cb6ce6&#8243; custom_margin=&#8221;16px|12px|8px|12px|false|false&#8221; custom_padding=&#8221;1px|||||&#8221; locked=&#8221;off&#8221; global_colors_info=&#8221;{}&#8221;]<\/p>\n<h2>Lisboa<\/h2>\n<p><strong>Entidade promotora:<\/strong><br \/>ILGA Portugal | AMPLOS | Queer Tropical<\/p>\n<p><strong>Iniciativa | Atividade:<\/strong><br \/>Confer\u00eancia \u2013 Asilo e Migra\u00e7\u00e3o de Pessoas LGBTI+ | Projeto WAY OUT \u2013 Aqui est\u00e1s segur@<\/p>\n<p>[\/et_pb_text][et_pb_toggle title=&#8221;Informa\u00e7\u00f5es&#8221; open_toggle_text_color=&#8221;#5271ff&#8221; open_toggle_background_color=&#8221;rgba(0,0,0,0.02)&#8221; closed_toggle_text_color=&#8221;#0089db&#8221; closed_toggle_background_color=&#8221;rgba(0,0,0,0.02)&#8221; icon_color=&#8221;#ff914d&#8221; toggle_icon=&#8221;&#xe03a;||divi||400&#8243; use_icon_font_size=&#8221;on&#8221; icon_font_size=&#8221;23px&#8221; _builder_version=&#8221;4.13.0&#8243; _module_preset=&#8221;default&#8221; title_text_color=&#8221;#5271ff&#8221; title_font=&#8221;Montserrat|700|||||||&#8221; title_font_size=&#8221;15px&#8221; body_font=&#8221;Montserrat||||||||&#8221; body_text_color=&#8221;#000000&#8243; body_font_size=&#8221;11px&#8221; body_line_height=&#8221;1.2em&#8221; background_color=&#8221;rgba(255,255,255,0)&#8221; custom_margin=&#8221;|||8px|false|false&#8221; custom_padding=&#8221;12px|12px|12px|14px|false|false&#8221; border_radii=&#8221;on|24px|24px|24px|24px&#8221; border_color_all=&#8221;#008037&#8243; locked=&#8221;off&#8221; global_colors_info=&#8221;{}&#8221;]<\/p>\n<p>O <strong>Projeto WAY OUT \u2013 Aqui est\u00e1s segur@<\/strong>, financiado pelos EEA Grants atrav\u00e9s do Programa Cidad\u00e3os Ativ@s, da Funda\u00e7\u00e3o Calouste Gulbenkian, em parceria com a Funda\u00e7\u00e3o Bissaya Barreto, resulta de uma parceria entre a Associa\u00e7\u00e3o ILGA Portugal, a AMPLOS \u2013 Associa\u00e7\u00e3o de M\u00e3es e Pais pela Liberdade de Orienta\u00e7\u00e3o Sexual e Identidade de G\u00e9nero, e a Queer Tropical \u2013 Associa\u00e7\u00e3o de Apoio \u00e0 Comunidade LGBTIQ+ Brasileira em Portugal. \u00c9 o primeiro projeto financiado em Portugal sobre quest\u00f5es de migra\u00e7\u00e3o e prote\u00e7\u00e3o internacional de pessoas l\u00e9sbicas, gays, bissexuais, trans e intersexo.<\/p>\n<p>No \u00e2mbito de implementa\u00e7\u00e3o do Projeto Way Out \u2013 Aqui est\u00e1s segur@ e do Dia (Inter)Nacional Contra a Homofobia, Bifobia, Transfobia e Interfobia (IDAHOBIT), realizar-se-\u00e1, no pr\u00f3ximo dia 17 de maio, entre as 10h e as 18h, a Confer\u00eancia Final \u2013 Capacitar para Integrar \u2013 Asilo e Migra\u00e7\u00f5es de Pessoas LGBTI+.<\/p>\n<p>A Confer\u00eancia decorrer\u00e1 presencialmente em Lisboa, no ISCTE (Audit\u00f3rio B103 &#8211; edif\u00edcio II), e \u00e9 destinada a pessoas que desempenhem fun\u00e7\u00f5es em ONGs ou coletivos LGBTI+ e em ONGs, coletivos ou entidades p\u00fablicas da \u00e1rea do asilo e migra\u00e7\u00f5es, bem como ao p\u00fablico em geral.<\/p>\n<p>&nbsp;<\/p>\n<p><a href=\"https:\/\/www.cig.gov.pt\/iniciativas-nacionais\/wp-content\/uploads\/2022\/05\/ilga_way-out_CARTAZ_CONFERE\u0302NCIA_FINAL-Goncalo-Aguiar.png\"><img loading=\"lazy\" src=\"https:\/\/www.cig.gov.pt\/iniciativas-nacionais\/wp-content\/uploads\/2022\/05\/ilga_way-out_CARTAZ_CONFERE\u0302NCIA_FINAL-Goncalo-Aguiar-300x300.png\" alt=\"\" class=\"wp-image-996 alignnone size-medium\" width=\"300\" height=\"300\" srcset=\"https:\/\/www.cig.gov.pt\/iniciativas-nacionais\/wp-content\/uploads\/2022\/05\/ilga_way-out_CARTAZ_CONFERE\u0302NCIA_FINAL-Goncalo-Aguiar-300x300.png 300w, https:\/\/www.cig.gov.pt\/iniciativas-nacionais\/wp-content\/uploads\/2022\/05\/ilga_way-out_CARTAZ_CONFERE\u0302NCIA_FINAL-Goncalo-Aguiar-1024x1024.png 1024w, https:\/\/www.cig.gov.pt\/iniciativas-nacionais\/wp-content\/uploads\/2022\/05\/ilga_way-out_CARTAZ_CONFERE\u0302NCIA_FINAL-Goncalo-Aguiar-150x150.png 150w, https:\/\/www.cig.gov.pt\/iniciativas-nacionais\/wp-content\/uploads\/2022\/05\/ilga_way-out_CARTAZ_CONFERE\u0302NCIA_FINAL-Goncalo-Aguiar-768x768.png 768w, https:\/\/www.cig.gov.pt\/iniciativas-nacionais\/wp-content\/uploads\/2022\/05\/ilga_way-out_CARTAZ_CONFERE\u0302NCIA_FINAL-Goncalo-Aguiar-1536x1536.png 1536w, https:\/\/www.cig.gov.pt\/iniciativas-nacionais\/wp-content\/uploads\/2022\/05\/ilga_way-out_CARTAZ_CONFERE\u0302NCIA_FINAL-Goncalo-Aguiar-2048x2048.png 2048w, https:\/\/www.cig.gov.pt\/iniciativas-nacionais\/wp-content\/uploads\/2022\/05\/ilga_way-out_CARTAZ_CONFERE\u0302NCIA_FINAL-Goncalo-Aguiar-1080x1080.png 1080w, https:\/\/www.cig.gov.pt\/iniciativas-nacionais\/wp-content\/uploads\/2022\/05\/ilga_way-out_CARTAZ_CONFERE\u0302NCIA_FINAL-Goncalo-Aguiar-1280x1280.png 1280w, https:\/\/www.cig.gov.pt\/iniciativas-nacionais\/wp-content\/uploads\/2022\/05\/ilga_way-out_CARTAZ_CONFERE\u0302NCIA_FINAL-Goncalo-Aguiar-980x980.png 980w, https:\/\/www.cig.gov.pt\/iniciativas-nacionais\/wp-content\/uploads\/2022\/05\/ilga_way-out_CARTAZ_CONFERE\u0302NCIA_FINAL-Goncalo-Aguiar-480x480.png 480w\" sizes=\"(max-width: 300px) 100vw, 300px\" \/><\/a><\/p>\n<p>[\/et_pb_toggle][\/et_pb_column][et_pb_column type=&#8221;1_3&#8243; _builder_version=&#8221;4.13.0&#8243; _module_preset=&#8221;default&#8221; global_colors_info=&#8221;{}&#8221;][et_pb_text _builder_version=&#8221;4.13.0&#8243; _module_preset=&#8221;default&#8221; text_font=&#8221;Montserrat||||||||&#8221; text_text_color=&#8221;#000000&#8243; text_font_size=&#8221;12px&#8221; text_line_height=&#8221;1.2em&#8221; header_2_font=&#8221;Montserrat|600|||||||&#8221; header_2_text_color=&#8221;#cb6ce6&#8243; custom_margin=&#8221;16px|12px|8px|12px|false|false&#8221; custom_padding=&#8221;1px|||||&#8221; locked=&#8221;off&#8221; global_colors_info=&#8221;{}&#8221;]<\/p>\n<h2>Lisboa<\/h2>\n<p><strong>Entidade promotora:<\/strong><br \/>C\u00e2mara Municipal de Vila Franca de Xira em parceria com a AMPLOS &#8211; Associa\u00e7\u00e3o de M\u00e3es e Pais para a Liberdade de Orienta\u00e7\u00e3o Sexual e Identidade de G\u00e9nero<\/p>\n<p><strong>Iniciativa | Atividade:<\/strong><br \/>A\u00e7\u00e3o de sensibiliza\u00e7\u00e3o alusiva ao Dia Internacional contra a Homofobia, a Transfobia e a Bifobia &#8211; Amor Plural | Sede do Agrupamento de Escolas de Vialonga<\/p>\n<p>[\/et_pb_text][\/et_pb_column][et_pb_column type=&#8221;1_3&#8243; _builder_version=&#8221;4.13.0&#8243; _module_preset=&#8221;default&#8221; global_colors_info=&#8221;{}&#8221;][et_pb_text _builder_version=&#8221;4.13.0&#8243; _module_preset=&#8221;default&#8221; text_font=&#8221;Montserrat||||||||&#8221; text_text_color=&#8221;#000000&#8243; text_font_size=&#8221;12px&#8221; text_line_height=&#8221;1.2em&#8221; header_2_font=&#8221;Montserrat|600|||||||&#8221; header_2_text_color=&#8221;#cb6ce6&#8243; custom_margin=&#8221;16px|12px|8px|12px|false|false&#8221; custom_padding=&#8221;1px|||||&#8221; hover_enabled=&#8221;0&#8243; locked=&#8221;off&#8221; global_colors_info=&#8221;{}&#8221; sticky_enabled=&#8221;0&#8243;]<\/p>\n<h2>Lisboa<\/h2>\n<p><strong>Entidade promotora:<\/strong><br \/>C\u00e2mara Municipal de Lisboa<\/p>\n<p><strong>Iniciativa | Atividade:<\/strong><br \/>Hastear da bandeira | Pa\u00e7os do Concelho | 10h00<\/p>\n<p>[\/et_pb_text][\/et_pb_column][\/et_pb_row][\/et_pb_section][et_pb_section fb_built=&#8221;1&#8243; admin_label=&#8221;Porto&#8221; _builder_version=&#8221;4.13.0&#8243; _module_preset=&#8221;default&#8221; custom_padding=&#8221;29px|||||&#8221; global_colors_info=&#8221;{}&#8221;][et_pb_row admin_label=&#8221;Porto&#8221; _builder_version=&#8221;4.13.0&#8243; _module_preset=&#8221;default&#8221; background_color=&#8221;#5271ff&#8221; custom_margin=&#8221;40px||0px||false|false&#8221; custom_padding=&#8221;14px||14px||false|false&#8221; border_radii=&#8221;on|44px|44px|44px|44px&#8221; locked=&#8221;off&#8221; global_colors_info=&#8221;{}&#8221;][et_pb_column type=&#8221;4_4&#8243; _builder_version=&#8221;4.13.0&#8243; _module_preset=&#8221;default&#8221; global_colors_info=&#8221;{}&#8221;][et_pb_text admin_label=&#8221;Porto&#8221; _builder_version=&#8221;4.13.0&#8243; _module_preset=&#8221;default&#8221; text_font=&#8221;Montserrat|700|||||||&#8221; text_text_color=&#8221;#FFFFFF&#8221; text_font_size=&#8221;16px&#8221; text_letter_spacing=&#8221;1px&#8221; custom_margin=&#8221;2px||0px|20px|false|false&#8221; custom_padding=&#8221;6px||2px||false|false&#8221; global_colors_info=&#8221;{}&#8221;]<\/p>\n<p><span style=\"color: #ffde59;\">Distrito: <\/span><span style=\"font-size: xx-large;\">Porto<\/span><\/p>\n<p>[\/et_pb_text][\/et_pb_column][\/et_pb_row][et_pb_row column_structure=&#8221;1_3,1_3,1_3&#8243; use_custom_gutter=&#8221;on&#8221; gutter_width=&#8221;2&#8243; _builder_version=&#8221;4.13.0&#8243; _module_preset=&#8221;default&#8221; custom_margin=&#8221;||0px||false|false&#8221; custom_padding=&#8221;||0px||false|false&#8221; global_colors_info=&#8221;{}&#8221;][et_pb_column type=&#8221;1_3&#8243; _builder_version=&#8221;4.13.0&#8243; _module_preset=&#8221;default&#8221; global_colors_info=&#8221;{}&#8221;][et_pb_text _builder_version=&#8221;4.13.0&#8243; _module_preset=&#8221;default&#8221; text_font=&#8221;Montserrat||||||||&#8221; text_text_color=&#8221;#000000&#8243; text_font_size=&#8221;12px&#8221; text_line_height=&#8221;1.2em&#8221; header_2_font=&#8221;Montserrat|600|||||||&#8221; header_2_text_color=&#8221;#cb6ce6&#8243; custom_margin=&#8221;16px|12px|8px|12px|false|false&#8221; custom_padding=&#8221;1px|||||&#8221; locked=&#8221;off&#8221; global_colors_info=&#8221;{}&#8221;]<\/p>\n<h2>Porto<\/h2>\n<p><strong>Entidade promotora:<\/strong><br \/>Associa\u00e7\u00e3o Plano i<\/p>\n<p><strong>Iniciativa | Atividade:<\/strong><br \/>Hastear da Bandeira LGBTI<\/p>\n<p>[\/et_pb_text][et_pb_toggle title=&#8221;Informa\u00e7\u00f5es&#8221; open_toggle_text_color=&#8221;#5271ff&#8221; open_toggle_background_color=&#8221;rgba(0,0,0,0.02)&#8221; closed_toggle_text_color=&#8221;#0089db&#8221; closed_toggle_background_color=&#8221;rgba(0,0,0,0.02)&#8221; icon_color=&#8221;#ff914d&#8221; toggle_icon=&#8221;&#xe03a;||divi||400&#8243; use_icon_font_size=&#8221;on&#8221; icon_font_size=&#8221;23px&#8221; _builder_version=&#8221;4.13.0&#8243; _module_preset=&#8221;default&#8221; title_text_color=&#8221;#5271ff&#8221; title_font=&#8221;Montserrat|700|||||||&#8221; title_font_size=&#8221;15px&#8221; body_font=&#8221;Montserrat||||||||&#8221; body_text_color=&#8221;#000000&#8243; body_font_size=&#8221;11px&#8221; body_line_height=&#8221;1.2em&#8221; background_color=&#8221;rgba(255,255,255,0)&#8221; custom_margin=&#8221;|||8px|false|false&#8221; custom_padding=&#8221;12px|12px|12px|14px|false|false&#8221; border_radii=&#8221;on|24px|24px|24px|24px&#8221; border_color_all=&#8221;#008037&#8243; locked=&#8221;off&#8221; global_colors_info=&#8221;{}&#8221;]<\/p>\n<p>P\u00fablico em geral<\/p>\n<p>Rua de Baixo, 6, Porto &#8211; sede da Plano i<\/p>\n<p>[\/et_pb_toggle][et_pb_text _builder_version=&#8221;4.13.0&#8243; _module_preset=&#8221;default&#8221; text_font=&#8221;Montserrat||||||||&#8221; text_text_color=&#8221;#000000&#8243; text_font_size=&#8221;12px&#8221; text_line_height=&#8221;1.2em&#8221; header_2_font=&#8221;Montserrat|600|||||||&#8221; header_2_text_color=&#8221;#cb6ce6&#8243; custom_margin=&#8221;16px|12px|8px|12px|false|false&#8221; custom_padding=&#8221;1px|||||&#8221; locked=&#8221;off&#8221; global_colors_info=&#8221;{}&#8221;]<\/p>\n<h2>Porto<\/h2>\n<p><strong>Entidade promotora:<\/strong><br \/>Associa\u00e7\u00e3o Plano i<\/p>\n<p><strong>Iniciativa | Atividade:<\/strong><br \/>Sess\u00f5es de Aconselhamento nutricional <\/p>\n<p>[\/et_pb_text][et_pb_toggle title=&#8221;Informa\u00e7\u00f5es&#8221; open_toggle_text_color=&#8221;#5271ff&#8221; open_toggle_background_color=&#8221;rgba(0,0,0,0.02)&#8221; closed_toggle_text_color=&#8221;#0089db&#8221; closed_toggle_background_color=&#8221;rgba(0,0,0,0.02)&#8221; icon_color=&#8221;#ff914d&#8221; toggle_icon=&#8221;&#xe03a;||divi||400&#8243; use_icon_font_size=&#8221;on&#8221; icon_font_size=&#8221;23px&#8221; _builder_version=&#8221;4.13.0&#8243; _module_preset=&#8221;default&#8221; title_text_color=&#8221;#5271ff&#8221; title_font=&#8221;Montserrat|700|||||||&#8221; title_font_size=&#8221;15px&#8221; body_font=&#8221;Montserrat||||||||&#8221; body_text_color=&#8221;#000000&#8243; body_font_size=&#8221;11px&#8221; body_line_height=&#8221;1.2em&#8221; background_color=&#8221;rgba(255,255,255,0)&#8221; custom_margin=&#8221;|||8px|false|false&#8221; custom_padding=&#8221;12px|12px|12px|14px|false|false&#8221; border_radii=&#8221;on|24px|24px|24px|24px&#8221; border_color_all=&#8221;#008037&#8243; locked=&#8221;off&#8221; global_colors_info=&#8221;{}&#8221;]<\/p>\n<p>Faixa Et\u00e1ria Adulta LGBTI+<\/p>\n<p>Rua de Baixo, 6, Porto &#8211; sede da Plano i<\/p>\n<p>[\/et_pb_toggle][\/et_pb_column][et_pb_column type=&#8221;1_3&#8243; _builder_version=&#8221;4.13.0&#8243; _module_preset=&#8221;default&#8221; global_colors_info=&#8221;{}&#8221;][et_pb_text _builder_version=&#8221;4.13.0&#8243; _module_preset=&#8221;default&#8221; text_font=&#8221;Montserrat||||||||&#8221; text_text_color=&#8221;#000000&#8243; text_font_size=&#8221;12px&#8221; text_line_height=&#8221;1.2em&#8221; header_2_font=&#8221;Montserrat|600|||||||&#8221; header_2_text_color=&#8221;#cb6ce6&#8243; custom_margin=&#8221;16px|12px|8px|12px|false|false&#8221; custom_padding=&#8221;1px|||||&#8221; locked=&#8221;off&#8221; global_colors_info=&#8221;{}&#8221;]<\/p>\n<h2>Porto<\/h2>\n<p><strong>Entidade promotora:<\/strong><br \/>Faculdade de Psicologia e Ci\u00eancias da Educa\u00e7\u00e3o da Universidade do Porto<\/p>\n<p><strong>Iniciativa | Atividade:<\/strong><br \/>Confer\u00eancia com divulga\u00e7\u00e3o de dados do estudo FREE &#8211; Fostering the Right to Education in Europe e concurso de posters sobre interven\u00e7\u00e3o LGBTQ+<\/p>\n<p>[\/et_pb_text][et_pb_text _builder_version=&#8221;4.13.0&#8243; _module_preset=&#8221;default&#8221; text_font=&#8221;Montserrat||||||||&#8221; text_text_color=&#8221;#000000&#8243; text_font_size=&#8221;12px&#8221; text_line_height=&#8221;1.2em&#8221; header_2_font=&#8221;Montserrat|600|||||||&#8221; header_2_text_color=&#8221;#cb6ce6&#8243; custom_margin=&#8221;16px|12px|8px|12px|false|false&#8221; custom_padding=&#8221;1px|||||&#8221; locked=&#8221;off&#8221; global_colors_info=&#8221;{}&#8221;]<\/p>\n<h2>Penafiel<\/h2>\n<p><strong>Entidade promotora:<\/strong><br \/>Associa\u00e7\u00e3o ILGA Portugal<\/p>\n<p><strong>Iniciativa | Atividade:<\/strong><br \/>A\u00e7\u00e3o de sensibiliza\u00e7\u00e3o na Biblioteca Municipal de Penafiel<\/p>\n<p>[\/et_pb_text][\/et_pb_column][et_pb_column type=&#8221;1_3&#8243; _builder_version=&#8221;4.13.0&#8243; _module_preset=&#8221;default&#8221; global_colors_info=&#8221;{}&#8221;][et_pb_text _builder_version=&#8221;4.13.0&#8243; _module_preset=&#8221;default&#8221; text_font=&#8221;Montserrat||||||||&#8221; text_text_color=&#8221;#000000&#8243; text_font_size=&#8221;12px&#8221; text_line_height=&#8221;1.2em&#8221; header_2_font=&#8221;Montserrat|600|||||||&#8221; header_2_text_color=&#8221;#cb6ce6&#8243; custom_margin=&#8221;16px|12px|8px|12px|false|false&#8221; custom_padding=&#8221;1px|||||&#8221; locked=&#8221;off&#8221; global_colors_info=&#8221;{}&#8221;]<\/p>\n<h2>Porto<\/h2>\n<p><strong>Entidade promotora:<\/strong><br \/>Faculdade de Psicologia e de Ci\u00eancias da Educa\u00e7\u00e3o da Universidade do Porto<\/p>\n<p><strong>Iniciativa | Atividade:<\/strong><br \/>A Faculdade de Psicologia e de Ci\u00eancias da Educa\u00e7\u00e3o da Universidade do Porto associa-se mais uma vez ao IDAHOT!<\/p>\n<p>[\/et_pb_text][et_pb_toggle title=&#8221;Informa\u00e7\u00f5es&#8221; open_toggle_text_color=&#8221;#5271ff&#8221; open_toggle_background_color=&#8221;rgba(0,0,0,0.02)&#8221; closed_toggle_text_color=&#8221;#0089db&#8221; closed_toggle_background_color=&#8221;rgba(0,0,0,0.02)&#8221; icon_color=&#8221;#ff914d&#8221; toggle_icon=&#8221;&#xe03a;||divi||400&#8243; use_icon_font_size=&#8221;on&#8221; icon_font_size=&#8221;23px&#8221; _builder_version=&#8221;4.13.0&#8243; _module_preset=&#8221;default&#8221; title_text_color=&#8221;#5271ff&#8221; title_font=&#8221;Montserrat|700|||||||&#8221; title_font_size=&#8221;15px&#8221; body_font=&#8221;Montserrat||||||||&#8221; body_text_color=&#8221;#000000&#8243; body_font_size=&#8221;11px&#8221; body_line_height=&#8221;1.2em&#8221; background_color=&#8221;rgba(255,255,255,0)&#8221; custom_margin=&#8221;|||8px|false|false&#8221; custom_padding=&#8221;12px|12px|12px|14px|false|false&#8221; border_radii=&#8221;on|24px|24px|24px|24px&#8221; border_color_all=&#8221;#008037&#8243; locked=&#8221;off&#8221; global_colors_info=&#8221;{}&#8221;]<\/p>\n<p><strong>PROGRAMA<\/strong><\/p>\n<p>13h00<br \/>Fotografia coletiva na entrada da FPCEUP (com pe\u00e7a de roupa roxa\/lil\u00e1s)<\/p>\n<p>14h30 | 17h00<br \/>Semin\u00e1rio Internacional de Divulga\u00e7\u00e3o de Resultados do Projeto Free &#8211; Fostering the Right to Education in Europe (Audit\u00f3rio 1)<\/p>\n<p>14h30 \u2013 Abertura (Representantes da FPCEUP e do Grupo Cultura, Normatividade e Diversidade)<br \/>14h45 \u2013 Comunica\u00e7\u00e3o do coordenador do Projeto Free (Professor Doutor Salvatore Ioverno, Roma 3 University)<br \/>15h15 \u2013 Lan\u00e7amento do Relat\u00f3rio com Resultados Preliminares do Projeto Free (Telmo Fernandes, Programa Doutoral em Psicologia da FPCEUP)<br \/>16h00 \u2013 Coment\u00e1rio da Professora Doutora Isabel Menezes (FPCEUP)<br \/>16h30 Encerramento das Atividades<\/p>\n<p>17h00 | 18h00<br \/>Mostra de Posters de estudantes de Psicologia sobre Interven\u00e7\u00e3o LGBTQ+ (\u00c1trio de entrada da FPCEUP)*<\/p>\n<p>&nbsp;<\/p>\n<p>Inscri\u00e7\u00f5es em:<br \/><a href=\"https:\/\/bit.ly\/3K7eHLy\" target=\"_blank\" rel=\"noopener\">https:\/\/bit.ly\/3K7eHLy<\/a>.<\/p>\n<p>[\/et_pb_toggle][\/et_pb_column][\/et_pb_row][et_pb_row column_structure=&#8221;1_3,1_3,1_3&#8243; use_custom_gutter=&#8221;on&#8221; gutter_width=&#8221;2&#8243; _builder_version=&#8221;4.13.0&#8243; _module_preset=&#8221;default&#8221; custom_margin=&#8221;||0px||false|false&#8221; custom_padding=&#8221;||0px||false|false&#8221; global_colors_info=&#8221;{}&#8221;][et_pb_column type=&#8221;1_3&#8243; _builder_version=&#8221;4.13.0&#8243; _module_preset=&#8221;default&#8221; global_colors_info=&#8221;{}&#8221;][et_pb_text _builder_version=&#8221;4.13.0&#8243; _module_preset=&#8221;default&#8221; text_font=&#8221;Montserrat||||||||&#8221; text_text_color=&#8221;#000000&#8243; text_font_size=&#8221;12px&#8221; text_line_height=&#8221;1.2em&#8221; header_2_font=&#8221;Montserrat|600|||||||&#8221; header_2_text_color=&#8221;#cb6ce6&#8243; custom_margin=&#8221;16px|12px|8px|12px|false|false&#8221; custom_padding=&#8221;1px|||||&#8221; locked=&#8221;off&#8221; global_colors_info=&#8221;{}&#8221;]<\/p>\n<h2>Matosinhos<\/h2>\n<p><strong>Entidade promotora:<\/strong><br \/>Conselho Consultivo para as Quest\u00f5es LGBTI<\/p>\n<p><strong>Iniciativa | Atividade:<\/strong><br \/>Hastear da Bandeira no edif\u00edcio da Junta de Freguesia de Matosinhos<\/p>\n<p>[\/et_pb_text][\/et_pb_column][et_pb_column type=&#8221;1_3&#8243; _builder_version=&#8221;4.13.0&#8243; _module_preset=&#8221;default&#8221; global_colors_info=&#8221;{}&#8221;][\/et_pb_column][et_pb_column type=&#8221;1_3&#8243; _builder_version=&#8221;4.13.0&#8243; _module_preset=&#8221;default&#8221; global_colors_info=&#8221;{}&#8221;][\/et_pb_column][\/et_pb_row][\/et_pb_section][et_pb_section fb_built=&#8221;1&#8243; admin_label=&#8221;Porto&#8221; _builder_version=&#8221;4.13.0&#8243; _module_preset=&#8221;default&#8221; custom_padding=&#8221;29px|||||&#8221; global_colors_info=&#8221;{}&#8221;][et_pb_row admin_label=&#8221;Porto&#8221; _builder_version=&#8221;4.13.0&#8243; _module_preset=&#8221;default&#8221; background_color=&#8221;#5271ff&#8221; custom_margin=&#8221;40px||0px||false|false&#8221; custom_padding=&#8221;14px||14px||false|false&#8221; border_radii=&#8221;on|44px|44px|44px|44px&#8221; locked=&#8221;off&#8221; global_colors_info=&#8221;{}&#8221;][et_pb_column type=&#8221;4_4&#8243; _builder_version=&#8221;4.13.0&#8243; _module_preset=&#8221;default&#8221; global_colors_info=&#8221;{}&#8221;][et_pb_text admin_label=&#8221;Porto&#8221; _builder_version=&#8221;4.13.0&#8243; _module_preset=&#8221;default&#8221; text_font=&#8221;Montserrat|700|||||||&#8221; text_text_color=&#8221;#FFFFFF&#8221; text_font_size=&#8221;16px&#8221; text_letter_spacing=&#8221;1px&#8221; custom_margin=&#8221;2px||0px|20px|false|false&#8221; custom_padding=&#8221;6px||2px||false|false&#8221; global_colors_info=&#8221;{}&#8221;]<\/p>\n<p><span style=\"color: #ffde59;\">Distrito: <\/span><span style=\"font-size: xx-large;\">Santar\u00e9m<\/span><\/p>\n<p>[\/et_pb_text][\/et_pb_column][\/et_pb_row][et_pb_row column_structure=&#8221;1_3,1_3,1_3&#8243; use_custom_gutter=&#8221;on&#8221; gutter_width=&#8221;2&#8243; _builder_version=&#8221;4.13.0&#8243; _module_preset=&#8221;default&#8221; custom_margin=&#8221;||0px||false|false&#8221; custom_padding=&#8221;||0px||false|false&#8221; global_colors_info=&#8221;{}&#8221;][et_pb_column type=&#8221;1_3&#8243; _builder_version=&#8221;4.13.0&#8243; _module_preset=&#8221;default&#8221; global_colors_info=&#8221;{}&#8221;][et_pb_text _builder_version=&#8221;4.13.0&#8243; _module_preset=&#8221;default&#8221; text_font=&#8221;Montserrat||||||||&#8221; text_text_color=&#8221;#000000&#8243; text_font_size=&#8221;12px&#8221; text_line_height=&#8221;1.2em&#8221; header_2_font=&#8221;Montserrat|600|||||||&#8221; header_2_text_color=&#8221;#cb6ce6&#8243; custom_margin=&#8221;16px|12px|8px|12px|false|false&#8221; custom_padding=&#8221;1px|||||&#8221; locked=&#8221;off&#8221; global_colors_info=&#8221;{}&#8221;]<\/p>\n<h2>Const\u00e2ncia<\/h2>\n<p><strong>Entidade promotora:<\/strong><br \/>Conselho Consultivo para as Quest\u00f5es LGBTI<\/p>\n<p><strong>Iniciativa | Atividade:<\/strong><br \/>Hastear da Bandeira LGBTI no edif\u00edcio da Autarquia de Const\u00e2ncia<\/p>\n<p>[\/et_pb_text][\/et_pb_column][et_pb_column type=&#8221;1_3&#8243; _builder_version=&#8221;4.13.0&#8243; _module_preset=&#8221;default&#8221; global_colors_info=&#8221;{}&#8221;][\/et_pb_column][et_pb_column type=&#8221;1_3&#8243; _builder_version=&#8221;4.13.0&#8243; _module_preset=&#8221;default&#8221; global_colors_info=&#8221;{}&#8221;][\/et_pb_column][\/et_pb_row][et_pb_row column_structure=&#8221;1_3,1_3,1_3&#8243; use_custom_gutter=&#8221;on&#8221; gutter_width=&#8221;2&#8243; _builder_version=&#8221;4.13.0&#8243; _module_preset=&#8221;default&#8221; custom_margin=&#8221;||0px||false|false&#8221; custom_padding=&#8221;||0px||false|false&#8221; global_colors_info=&#8221;{}&#8221;][et_pb_column type=&#8221;1_3&#8243; _builder_version=&#8221;4.13.0&#8243; _module_preset=&#8221;default&#8221; global_colors_info=&#8221;{}&#8221;][\/et_pb_column][et_pb_column type=&#8221;1_3&#8243; _builder_version=&#8221;4.13.0&#8243; _module_preset=&#8221;default&#8221; global_colors_info=&#8221;{}&#8221;][\/et_pb_column][et_pb_column type=&#8221;1_3&#8243; _builder_version=&#8221;4.13.0&#8243; _module_preset=&#8221;default&#8221; global_colors_info=&#8221;{}&#8221;][\/et_pb_column][\/et_pb_row][\/et_pb_section][et_pb_section fb_built=&#8221;1&#8243; admin_label=&#8221;Porto&#8221; _builder_version=&#8221;4.13.0&#8243; _module_preset=&#8221;default&#8221; custom_padding=&#8221;29px|||||&#8221; global_colors_info=&#8221;{}&#8221;][et_pb_row admin_label=&#8221;Porto&#8221; _builder_version=&#8221;4.13.0&#8243; _module_preset=&#8221;default&#8221; background_color=&#8221;#5271ff&#8221; custom_margin=&#8221;40px||0px||false|false&#8221; custom_padding=&#8221;14px||14px||false|false&#8221; border_radii=&#8221;on|44px|44px|44px|44px&#8221; locked=&#8221;off&#8221; global_colors_info=&#8221;{}&#8221;][et_pb_column type=&#8221;4_4&#8243; _builder_version=&#8221;4.13.0&#8243; _module_preset=&#8221;default&#8221; global_colors_info=&#8221;{}&#8221;][et_pb_text admin_label=&#8221;Porto&#8221; _builder_version=&#8221;4.13.0&#8243; _module_preset=&#8221;default&#8221; text_font=&#8221;Montserrat|700|||||||&#8221; text_text_color=&#8221;#FFFFFF&#8221; text_font_size=&#8221;16px&#8221; text_letter_spacing=&#8221;1px&#8221; custom_margin=&#8221;2px||0px|20px|false|false&#8221; custom_padding=&#8221;6px||2px||false|false&#8221; global_colors_info=&#8221;{}&#8221;]<\/p>\n<p><span style=\"color: #ffde59;\">Distrito: <\/span><span style=\"font-size: xx-large;\">Set\u00fabal<\/span><\/p>\n<p>[\/et_pb_text][\/et_pb_column][\/et_pb_row][et_pb_row column_structure=&#8221;1_3,1_3,1_3&#8243; use_custom_gutter=&#8221;on&#8221; gutter_width=&#8221;2&#8243; _builder_version=&#8221;4.13.0&#8243; _module_preset=&#8221;default&#8221; custom_margin=&#8221;||0px||false|false&#8221; custom_padding=&#8221;||0px||false|false&#8221; global_colors_info=&#8221;{}&#8221;][et_pb_column type=&#8221;1_3&#8243; _builder_version=&#8221;4.13.0&#8243; _module_preset=&#8221;default&#8221; global_colors_info=&#8221;{}&#8221;][et_pb_text _builder_version=&#8221;4.13.0&#8243; _module_preset=&#8221;default&#8221; text_font=&#8221;Montserrat||||||||&#8221; text_text_color=&#8221;#000000&#8243; text_font_size=&#8221;12px&#8221; text_line_height=&#8221;1.2em&#8221; header_2_font=&#8221;Montserrat|600|||||||&#8221; header_2_text_color=&#8221;#cb6ce6&#8243; custom_margin=&#8221;16px|12px|8px|12px|false|false&#8221; custom_padding=&#8221;1px|||||&#8221; locked=&#8221;off&#8221; global_colors_info=&#8221;{}&#8221;]<\/p>\n<h2>Almada<\/h2>\n<p><strong>Entidade promotora:<\/strong><br \/>C\u00e2mara Municipal de Almada<\/p>\n<p><strong>Iniciativa | Atividade:<\/strong><br \/>Hastear da Bandeira LGBTI+ e Realiza\u00e7\u00e3o de Encontros sobre a tem\u00e1tica<\/p>\n<p>[\/et_pb_text][et_pb_toggle title=&#8221;Informa\u00e7\u00f5es&#8221; open_toggle_text_color=&#8221;#5271ff&#8221; open_toggle_background_color=&#8221;rgba(0,0,0,0.02)&#8221; closed_toggle_text_color=&#8221;#0089db&#8221; closed_toggle_background_color=&#8221;rgba(0,0,0,0.02)&#8221; icon_color=&#8221;#ff914d&#8221; toggle_icon=&#8221;&#xe03a;||divi||400&#8243; use_icon_font_size=&#8221;on&#8221; icon_font_size=&#8221;23px&#8221; _builder_version=&#8221;4.13.0&#8243; _module_preset=&#8221;default&#8221; title_text_color=&#8221;#5271ff&#8221; title_font=&#8221;Montserrat|700|||||||&#8221; title_font_size=&#8221;15px&#8221; body_font=&#8221;Montserrat||||||||&#8221; body_text_color=&#8221;#000000&#8243; body_font_size=&#8221;11px&#8221; body_line_height=&#8221;1.2em&#8221; background_color=&#8221;rgba(255,255,255,0)&#8221; custom_margin=&#8221;|||8px|false|false&#8221; custom_padding=&#8221;12px|12px|12px|14px|false|false&#8221; border_radii=&#8221;on|24px|24px|24px|24px&#8221; border_color_all=&#8221;#008037&#8243; locked=&#8221;off&#8221; global_colors_info=&#8221;{}&#8221;]<\/p>\n<p>P\u00fablico em Geral, Profissionais de Sa\u00fade e Associa\u00e7\u00f5es de Pais e Encarregados de Educa\u00e7\u00e3o<\/p>\n<p>&nbsp;<\/p>\n<p><a href=\"https:\/\/www.cig.gov.pt\/iniciativas-nacionais\/wp-content\/uploads\/2022\/05\/almada-17-Maio_-Programa-Geral-Teresa-Pereira_page-0001.jpg\"><img loading=\"lazy\" src=\"https:\/\/www.cig.gov.pt\/iniciativas-nacionais\/wp-content\/uploads\/2022\/05\/almada-17-Maio_-Programa-Geral-Teresa-Pereira_page-0001-212x300.jpg\" alt=\"\" class=\"wp-image-972 alignnone size-medium\" width=\"212\" height=\"300\" \/><\/a><\/p>\n<p>[\/et_pb_toggle][\/et_pb_column][et_pb_column type=&#8221;1_3&#8243; _builder_version=&#8221;4.13.0&#8243; _module_preset=&#8221;default&#8221; global_colors_info=&#8221;{}&#8221;][et_pb_text _builder_version=&#8221;4.13.0&#8243; _module_preset=&#8221;default&#8221; text_font=&#8221;Montserrat||||||||&#8221; text_text_color=&#8221;#000000&#8243; text_font_size=&#8221;12px&#8221; text_line_height=&#8221;1.2em&#8221; header_2_font=&#8221;Montserrat|600|||||||&#8221; header_2_text_color=&#8221;#cb6ce6&#8243; custom_margin=&#8221;16px|12px|8px|12px|false|false&#8221; custom_padding=&#8221;1px|||||&#8221; locked=&#8221;off&#8221; global_colors_info=&#8221;{}&#8221;]<\/p>\n<h2>Montijo<\/h2>\n<p><strong>Entidade promotora:<\/strong><br \/>C\u00e2mara Municipal de Montijo<\/p>\n<p><strong>Iniciativa | Atividade:<\/strong><br \/>Hastear da bandeira LGBTI e a\u00e7\u00f5es de sensibiliza\u00e7\u00e3o em escolas<\/p>\n<p>[\/et_pb_text][et_pb_toggle title=&#8221;Informa\u00e7\u00f5es&#8221; open_toggle_text_color=&#8221;#5271ff&#8221; open_toggle_background_color=&#8221;rgba(0,0,0,0.02)&#8221; closed_toggle_text_color=&#8221;#0089db&#8221; closed_toggle_background_color=&#8221;rgba(0,0,0,0.02)&#8221; icon_color=&#8221;#ff914d&#8221; toggle_icon=&#8221;&#xe03a;||divi||400&#8243; use_icon_font_size=&#8221;on&#8221; icon_font_size=&#8221;23px&#8221; _builder_version=&#8221;4.13.0&#8243; _module_preset=&#8221;default&#8221; title_text_color=&#8221;#5271ff&#8221; title_font=&#8221;Montserrat|700|||||||&#8221; title_font_size=&#8221;15px&#8221; body_font=&#8221;Montserrat||||||||&#8221; body_text_color=&#8221;#000000&#8243; body_font_size=&#8221;11px&#8221; body_line_height=&#8221;1.2em&#8221; background_color=&#8221;rgba(255,255,255,0)&#8221; custom_margin=&#8221;|||8px|false|false&#8221; custom_padding=&#8221;12px|12px|12px|14px|false|false&#8221; border_radii=&#8221;on|24px|24px|24px|24px&#8221; border_color_all=&#8221;#008037&#8243; locked=&#8221;off&#8221; global_colors_info=&#8221;{}&#8221;]<\/p>\n<p>A C\u00e2mara Municipal de Montijo ir\u00e1 promover de uma campanha de luta contra a homofobia e transfobia, a divulgar no Facebook e no Instagram da CMM. Ainda ir\u00e1 realizar o hastear da bandeira LGBTI nos Pa\u00e7os do Conselho pelas 9 da manh\u00e3 e divulga\u00e7\u00e3o das atividades em todas as redes de comunica\u00e7\u00e3o digital da autarquia.<\/p>\n<p>Ainda o <a href=\"https:\/\/www.mun-montijo.pt\/viver\/intervencao-social-e-voluntariado\/projeto-kont-rte-e8g\" target=\"_blank\" rel=\"noopener\">Projeto Kont\u00b4@rte-E8G<\/a>, ir\u00e1 assinalar o <strong>Dia Internacional da Luta Contra a Homofobia e a Transfobia<\/strong> atrav\u00e9s da promo\u00e7\u00e3o de 2 a\u00e7\u00f5es de sensibiliza\u00e7\u00e3o\/esclarecimento, junto de grupos de aluno\/a(s) da EB2,3 D. Pedro Varela e da Escola Profissional de Montijo.<\/p>\n<p>Estas a\u00e7\u00f5es de educa\u00e7\u00e3o n\u00e3o-formal pelos pares, contam com a colabora\u00e7\u00e3o e dinamiza\u00e7\u00e3o da Rede ex aequo no \u00e2mbito do seu <a href=\"https:\/\/www.rea.pt\/educacao\/\" target=\"_blank\" rel=\"noopener\">Projeto de Educa\u00e7\u00e3o LGBTI<\/a> que tem como objetivo sensibilizar e esclarecer sobre temas da orienta\u00e7\u00e3o sexual, identidade e express\u00e3o de g\u00e9nero e das caracter\u00edsticas sexuais, assim como, Combater a discrimina\u00e7\u00e3o homo-bi-trans-interf\u00f3bica na sociedade e o bullying nas escolas.<\/p>\n<p>[\/et_pb_toggle][\/et_pb_column][et_pb_column type=&#8221;1_3&#8243; _builder_version=&#8221;4.13.0&#8243; _module_preset=&#8221;default&#8221; global_colors_info=&#8221;{}&#8221;][\/et_pb_column][\/et_pb_row][et_pb_row column_structure=&#8221;1_3,1_3,1_3&#8243; use_custom_gutter=&#8221;on&#8221; gutter_width=&#8221;2&#8243; _builder_version=&#8221;4.13.0&#8243; _module_preset=&#8221;default&#8221; custom_margin=&#8221;||0px||false|false&#8221; custom_padding=&#8221;||0px||false|false&#8221; global_colors_info=&#8221;{}&#8221;][et_pb_column type=&#8221;1_3&#8243; _builder_version=&#8221;4.13.0&#8243; _module_preset=&#8221;default&#8221; global_colors_info=&#8221;{}&#8221;][\/et_pb_column][et_pb_column type=&#8221;1_3&#8243; _builder_version=&#8221;4.13.0&#8243; _module_preset=&#8221;default&#8221; global_colors_info=&#8221;{}&#8221;][\/et_pb_column][et_pb_column type=&#8221;1_3&#8243; _builder_version=&#8221;4.13.0&#8243; _module_preset=&#8221;default&#8221; global_colors_info=&#8221;{}&#8221;][\/et_pb_column][\/et_pb_row][\/et_pb_section][et_pb_section fb_built=&#8221;1&#8243; admin_label=&#8221;Porto&#8221; _builder_version=&#8221;4.13.0&#8243; _module_preset=&#8221;default&#8221; custom_padding=&#8221;29px|||||&#8221; global_colors_info=&#8221;{}&#8221;][et_pb_row admin_label=&#8221;Porto&#8221; _builder_version=&#8221;4.13.0&#8243; _module_preset=&#8221;default&#8221; background_color=&#8221;#5271ff&#8221; custom_margin=&#8221;40px||0px||false|false&#8221; custom_padding=&#8221;14px||14px||false|false&#8221; border_radii=&#8221;on|44px|44px|44px|44px&#8221; locked=&#8221;off&#8221; global_colors_info=&#8221;{}&#8221;][et_pb_column type=&#8221;4_4&#8243; _builder_version=&#8221;4.13.0&#8243; _module_preset=&#8221;default&#8221; global_colors_info=&#8221;{}&#8221;][et_pb_text admin_label=&#8221;Porto&#8221; _builder_version=&#8221;4.13.0&#8243; _module_preset=&#8221;default&#8221; text_font=&#8221;Montserrat|700|||||||&#8221; text_text_color=&#8221;#FFFFFF&#8221; text_font_size=&#8221;16px&#8221; text_letter_spacing=&#8221;1px&#8221; custom_margin=&#8221;2px||0px|20px|false|false&#8221; custom_padding=&#8221;6px||2px||false|false&#8221; global_colors_info=&#8221;{}&#8221;]<\/p>\n<p><span style=\"color: #ffde59;\">Distrito: <\/span><span style=\"font-size: xx-large;\">Vila Real<br \/><\/span><\/p>\n<p>[\/et_pb_text][\/et_pb_column][\/et_pb_row][et_pb_row column_structure=&#8221;1_3,1_3,1_3&#8243; use_custom_gutter=&#8221;on&#8221; gutter_width=&#8221;2&#8243; _builder_version=&#8221;4.13.0&#8243; _module_preset=&#8221;default&#8221; custom_margin=&#8221;||0px||false|false&#8221; custom_padding=&#8221;||0px||false|false&#8221; global_colors_info=&#8221;{}&#8221;][et_pb_column type=&#8221;1_3&#8243; _builder_version=&#8221;4.13.0&#8243; _module_preset=&#8221;default&#8221; global_colors_info=&#8221;{}&#8221;][et_pb_text _builder_version=&#8221;4.13.0&#8243; _module_preset=&#8221;default&#8221; text_font=&#8221;Montserrat||||||||&#8221; text_text_color=&#8221;#000000&#8243; text_font_size=&#8221;12px&#8221; text_line_height=&#8221;1.2em&#8221; header_2_font=&#8221;Montserrat|600|||||||&#8221; header_2_text_color=&#8221;#cb6ce6&#8243; custom_margin=&#8221;16px|12px|8px|12px|false|false&#8221; custom_padding=&#8221;1px|||||&#8221; locked=&#8221;off&#8221; global_colors_info=&#8221;{}&#8221;]<\/p>\n<h2>Todos os concelhos do distrito de Vila Real<\/h2>\n<p><strong>Entidade promotora:<\/strong><br \/>Federa\u00e7\u00e3o Distrital de Vila Real da Juventude Socialista<\/p>\n<p><strong>Iniciativa | Atividade:<\/strong><br \/>Hastear da Bandeira LGBTI<\/p>\n<p>[\/et_pb_text][\/et_pb_column][et_pb_column type=&#8221;1_3&#8243; _builder_version=&#8221;4.13.0&#8243; _module_preset=&#8221;default&#8221; global_colors_info=&#8221;{}&#8221;][\/et_pb_column][et_pb_column type=&#8221;1_3&#8243; _builder_version=&#8221;4.13.0&#8243; _module_preset=&#8221;default&#8221; global_colors_info=&#8221;{}&#8221;][\/et_pb_column][\/et_pb_row][\/et_pb_section][et_pb_section fb_built=&#8221;1&#8243; admin_label=&#8221;Viseu&#8221; _builder_version=&#8221;4.13.0&#8243; _module_preset=&#8221;default&#8221; custom_padding=&#8221;29px|||||&#8221; global_colors_info=&#8221;{}&#8221;][et_pb_row admin_label=&#8221;Viseu&#8221; _builder_version=&#8221;4.13.0&#8243; _module_preset=&#8221;default&#8221; background_color=&#8221;#5271ff&#8221; custom_margin=&#8221;40px||0px||false|false&#8221; custom_padding=&#8221;14px||14px||false|false&#8221; border_radii=&#8221;on|44px|44px|44px|44px&#8221; locked=&#8221;off&#8221; global_colors_info=&#8221;{}&#8221;][et_pb_column type=&#8221;4_4&#8243; _builder_version=&#8221;4.13.0&#8243; _module_preset=&#8221;default&#8221; global_colors_info=&#8221;{}&#8221;][et_pb_text admin_label=&#8221;Viseu&#8221; _builder_version=&#8221;4.13.0&#8243; _module_preset=&#8221;default&#8221; text_font=&#8221;Montserrat|700|||||||&#8221; text_text_color=&#8221;#FFFFFF&#8221; text_font_size=&#8221;16px&#8221; text_letter_spacing=&#8221;1px&#8221; custom_margin=&#8221;2px||0px|20px|false|false&#8221; custom_padding=&#8221;6px||2px||false|false&#8221; global_colors_info=&#8221;{}&#8221;]<\/p>\n<p><span style=\"color: #ffde59;\">Distrito: <\/span><span style=\"font-size: xx-large;\">Viseu<\/span><\/p>\n<p>[\/et_pb_text][\/et_pb_column][\/et_pb_row][et_pb_row column_structure=&#8221;1_3,1_3,1_3&#8243; use_custom_gutter=&#8221;on&#8221; gutter_width=&#8221;2&#8243; _builder_version=&#8221;4.13.0&#8243; _module_preset=&#8221;default&#8221; custom_margin=&#8221;||0px||false|false&#8221; custom_padding=&#8221;||0px||false|false&#8221; global_colors_info=&#8221;{}&#8221;][et_pb_column type=&#8221;1_3&#8243; _builder_version=&#8221;4.13.0&#8243; _module_preset=&#8221;default&#8221; global_colors_info=&#8221;{}&#8221;][et_pb_text _builder_version=&#8221;4.13.0&#8243; _module_preset=&#8221;default&#8221; text_font=&#8221;Montserrat||||||||&#8221; text_text_color=&#8221;#000000&#8243; text_font_size=&#8221;12px&#8221; text_line_height=&#8221;1.2em&#8221; header_2_font=&#8221;Montserrat|600|||||||&#8221; header_2_text_color=&#8221;#cb6ce6&#8243; custom_margin=&#8221;16px|12px|8px|12px|false|false&#8221; custom_padding=&#8221;1px|||||&#8221; locked=&#8221;off&#8221; global_colors_info=&#8221;{}&#8221;]<\/p>\n<h2>Viseu<\/h2>\n<p><strong>Entidade promotora:<\/strong><br \/>Casa do Povo de Abraveses &#8211; N\u00facleo de Atendimento a V\u00edtimas de Viol\u00eancia Dom\u00e9stica de Viseu<\/p>\n<p><strong>Iniciativa | Atividade:<\/strong><br \/>Divulga\u00e7\u00e3o\/sensibiliza\u00e7\u00e3o<\/p>\n<p>[\/et_pb_text][et_pb_toggle title=&#8221;Informa\u00e7\u00f5es&#8221; open_toggle_text_color=&#8221;#5271ff&#8221; open_toggle_background_color=&#8221;rgba(0,0,0,0.02)&#8221; closed_toggle_text_color=&#8221;#0089db&#8221; closed_toggle_background_color=&#8221;rgba(0,0,0,0.02)&#8221; icon_color=&#8221;#ff914d&#8221; toggle_icon=&#8221;&#xe03a;||divi||400&#8243; use_icon_font_size=&#8221;on&#8221; icon_font_size=&#8221;23px&#8221; _builder_version=&#8221;4.13.0&#8243; _module_preset=&#8221;default&#8221; title_text_color=&#8221;#5271ff&#8221; title_font=&#8221;Montserrat|700|||||||&#8221; title_font_size=&#8221;15px&#8221; body_font=&#8221;Montserrat||||||||&#8221; body_text_color=&#8221;#000000&#8243; body_font_size=&#8221;11px&#8221; body_line_height=&#8221;1.2em&#8221; background_color=&#8221;rgba(255,255,255,0)&#8221; custom_margin=&#8221;|||8px|false|false&#8221; custom_padding=&#8221;12px|12px|12px|14px|false|false&#8221; border_radii=&#8221;on|24px|24px|24px|24px&#8221; border_color_all=&#8221;#008037&#8243; locked=&#8221;off&#8221; global_colors_info=&#8221;{}&#8221;]<\/p>\n<p style=\"text-align: justify;\"><strong>Divulga\u00e7\u00e3o\/sensibiliza\u00e7\u00e3o<\/strong> <br \/>Comunidade em geral<\/p>\n<p style=\"text-align: justify;\"><a href=\"https:\/\/www.cig.gov.pt\/iniciativas-nacionais\/wp-content\/uploads\/2022\/05\/viseu1.jpg\" target=\"_blank\" rel=\"noopener\"><img loading=\"lazy\" src=\"https:\/\/www.cig.gov.pt\/iniciativas-nacionais\/wp-content\/uploads\/2022\/05\/viseu1.jpg\" width=\"506\" height=\"900\" alt=\"\" class=\"wp-image-951 alignnone size-full\" srcset=\"https:\/\/www.cig.gov.pt\/iniciativas-nacionais\/wp-content\/uploads\/2022\/05\/viseu1.jpg 506w, https:\/\/www.cig.gov.pt\/iniciativas-nacionais\/wp-content\/uploads\/2022\/05\/viseu1-480x854.jpg 480w\" sizes=\"(min-width: 0px) and (max-width: 480px) 480px, (min-width: 481px) 506px, 100vw\" \/><\/a><\/p>\n<p>[\/et_pb_toggle][\/et_pb_column][et_pb_column type=&#8221;1_3&#8243; _builder_version=&#8221;4.13.0&#8243; _module_preset=&#8221;default&#8221; global_colors_info=&#8221;{}&#8221;][et_pb_text _builder_version=&#8221;4.13.0&#8243; _module_preset=&#8221;default&#8221; text_font=&#8221;Montserrat||||||||&#8221; text_text_color=&#8221;#000000&#8243; text_font_size=&#8221;12px&#8221; text_line_height=&#8221;1.2em&#8221; header_2_font=&#8221;Montserrat|600|||||||&#8221; header_2_text_color=&#8221;#cb6ce6&#8243; custom_margin=&#8221;16px|12px|8px|12px|false|false&#8221; custom_padding=&#8221;1px|||||&#8221; locked=&#8221;off&#8221; global_colors_info=&#8221;{}&#8221;]<\/p>\n<h2>Viseu<\/h2>\n<p><strong>Entidade promotora:<\/strong><br \/>Instituto Polit\u00e9cnico de Viseu<\/p>\n<p><strong>Iniciativa | Atividade:<\/strong><br \/>Sensibiliza\u00e7\u00e3o \u00e0 comunidade acad\u00e9mica do Instituto Polit\u00e9cnico de Viseu e comunidade em geral<\/p>\n<p>[\/et_pb_text][et_pb_toggle title=&#8221;Informa\u00e7\u00f5es&#8221; open_toggle_text_color=&#8221;#5271ff&#8221; open_toggle_background_color=&#8221;rgba(0,0,0,0.02)&#8221; closed_toggle_text_color=&#8221;#0089db&#8221; closed_toggle_background_color=&#8221;rgba(0,0,0,0.02)&#8221; icon_color=&#8221;#ff914d&#8221; toggle_icon=&#8221;&#xe03a;||divi||400&#8243; use_icon_font_size=&#8221;on&#8221; icon_font_size=&#8221;23px&#8221; _builder_version=&#8221;4.13.0&#8243; _module_preset=&#8221;default&#8221; title_text_color=&#8221;#5271ff&#8221; title_font=&#8221;Montserrat|700|||||||&#8221; title_font_size=&#8221;15px&#8221; body_font=&#8221;Montserrat||||||||&#8221; body_text_color=&#8221;#000000&#8243; body_font_size=&#8221;11px&#8221; body_line_height=&#8221;1.2em&#8221; background_color=&#8221;rgba(255,255,255,0)&#8221; custom_margin=&#8221;|||8px|false|false&#8221; custom_padding=&#8221;12px|12px|12px|14px|false|false&#8221; border_radii=&#8221;on|24px|24px|24px|24px&#8221; border_color_all=&#8221;#008037&#8243; locked=&#8221;off&#8221; global_colors_info=&#8221;{}&#8221;]<\/p>\n<p style=\"text-align: justify;\"><strong><a href=\"https:\/\/www.cig.gov.pt\/iniciativas-nacionais\/wp-content\/uploads\/2022\/05\/17-de-maio-IPV-Paula-Xavier.jpg\"><img loading=\"lazy\" src=\"https:\/\/www.cig.gov.pt\/iniciativas-nacionais\/wp-content\/uploads\/2022\/05\/17-de-maio-IPV-Paula-Xavier-300x300.jpg\" alt=\"\" class=\"wp-image-982 alignnone size-medium\" width=\"300\" height=\"300\" \/><\/a><\/strong><\/p>\n<p style=\"text-align: justify;\">[\/et_pb_toggle][\/et_pb_column][et_pb_column type=&#8221;1_3&#8243; _builder_version=&#8221;4.13.0&#8243; _module_preset=&#8221;default&#8221; global_colors_info=&#8221;{}&#8221;][et_pb_text _builder_version=&#8221;4.13.0&#8243; _module_preset=&#8221;default&#8221; text_font=&#8221;Montserrat||||||||&#8221; text_text_color=&#8221;#000000&#8243; text_font_size=&#8221;12px&#8221; text_line_height=&#8221;1.2em&#8221; header_2_font=&#8221;Montserrat|600|||||||&#8221; header_2_text_color=&#8221;#cb6ce6&#8243; custom_margin=&#8221;16px|12px|8px|12px|false|false&#8221; custom_padding=&#8221;1px|||||&#8221; locked=&#8221;off&#8221; global_colors_info=&#8221;{}&#8221;]<\/p>\n<h2>Viseu<\/h2>\n<p><strong>Entidade promotora:<\/strong><br \/>Associa\u00e7\u00e3o Atitude Colectiva<\/p>\n<p><strong>Iniciativa | Atividade:<\/strong><br \/>Conversas na Biblioteca sobre Diversidade | Biblioteca Municipal de Viseu<\/p>\n<p>[\/et_pb_text][et_pb_toggle title=&#8221;Informa\u00e7\u00f5es&#8221; open_toggle_text_color=&#8221;#5271ff&#8221; open_toggle_background_color=&#8221;rgba(0,0,0,0.02)&#8221; closed_toggle_text_color=&#8221;#0089db&#8221; closed_toggle_background_color=&#8221;rgba(0,0,0,0.02)&#8221; icon_color=&#8221;#ff914d&#8221; toggle_icon=&#8221;&#xe03a;||divi||400&#8243; use_icon_font_size=&#8221;on&#8221; icon_font_size=&#8221;23px&#8221; _builder_version=&#8221;4.13.0&#8243; _module_preset=&#8221;default&#8221; title_text_color=&#8221;#5271ff&#8221; title_font=&#8221;Montserrat|700|||||||&#8221; title_font_size=&#8221;15px&#8221; body_font=&#8221;Montserrat||||||||&#8221; body_text_color=&#8221;#000000&#8243; body_font_size=&#8221;11px&#8221; body_line_height=&#8221;1.2em&#8221; background_color=&#8221;rgba(255,255,255,0)&#8221; custom_margin=&#8221;|||8px|false|false&#8221; custom_padding=&#8221;12px|12px|12px|14px|false|false&#8221; border_radii=&#8221;on|24px|24px|24px|24px&#8221; border_color_all=&#8221;#008037&#8243; locked=&#8221;off&#8221; global_colors_info=&#8221;{}&#8221;]<\/p>\n<p style=\"text-align: justify;\"><a href=\"https:\/\/www.cig.gov.pt\/iniciativas-nacionais\/wp-content\/uploads\/2022\/05\/Cartaz-A3-Biblioteca-Lgbti-Viseu_page-0001.jpg\"><img loading=\"lazy\" src=\"https:\/\/www.cig.gov.pt\/iniciativas-nacionais\/wp-content\/uploads\/2022\/05\/Cartaz-A3-Biblioteca-Lgbti-Viseu_page-0001-212x300.jpg\" alt=\"\" class=\"wp-image-985 alignnone size-medium\" width=\"212\" height=\"300\" \/><\/a><\/p>\n<p style=\"text-align: justify;\">[\/et_pb_toggle][\/et_pb_column][\/et_pb_row][\/et_pb_section][et_pb_section fb_built=&#8221;1&#8243; admin_label=&#8221;Viseu&#8221; _builder_version=&#8221;4.13.0&#8243; _module_preset=&#8221;default&#8221; custom_padding=&#8221;29px|||||&#8221; global_colors_info=&#8221;{}&#8221;][et_pb_row admin_label=&#8221;Viseu&#8221; _builder_version=&#8221;4.13.0&#8243; _module_preset=&#8221;default&#8221; background_color=&#8221;#5271ff&#8221; custom_margin=&#8221;40px||0px||false|false&#8221; custom_padding=&#8221;14px||14px||false|false&#8221; border_radii=&#8221;on|44px|44px|44px|44px&#8221; locked=&#8221;off&#8221; global_colors_info=&#8221;{}&#8221;][et_pb_column type=&#8221;4_4&#8243; _builder_version=&#8221;4.13.0&#8243; _module_preset=&#8221;default&#8221; global_colors_info=&#8221;{}&#8221;][et_pb_text admin_label=&#8221;Viseu&#8221; _builder_version=&#8221;4.13.0&#8243; _module_preset=&#8221;default&#8221; text_font=&#8221;Montserrat|700|||||||&#8221; text_text_color=&#8221;#FFFFFF&#8221; text_font_size=&#8221;16px&#8221; text_letter_spacing=&#8221;1px&#8221; custom_margin=&#8221;2px||0px|20px|false|false&#8221; custom_padding=&#8221;6px||2px||false|false&#8221; global_colors_info=&#8221;{}&#8221;]<\/p>\n<p><span style=\"color: #ffde59;\">Regi\u00e3o Aut\u00f3noma: <\/span><span style=\"font-size: xx-large;\">A\u00e7ores<\/span><\/p>\n<p>[\/et_pb_text][\/et_pb_column][\/et_pb_row][et_pb_row column_structure=&#8221;1_3,1_3,1_3&#8243; use_custom_gutter=&#8221;on&#8221; gutter_width=&#8221;2&#8243; _builder_version=&#8221;4.13.0&#8243; _module_preset=&#8221;default&#8221; custom_margin=&#8221;||0px||false|false&#8221; custom_padding=&#8221;||0px||false|false&#8221; global_colors_info=&#8221;{}&#8221;][et_pb_column type=&#8221;1_3&#8243; _builder_version=&#8221;4.13.0&#8243; _module_preset=&#8221;default&#8221; global_colors_info=&#8221;{}&#8221;][et_pb_text _builder_version=&#8221;4.13.0&#8243; _module_preset=&#8221;default&#8221; text_font=&#8221;Montserrat||||||||&#8221; text_text_color=&#8221;#000000&#8243; text_font_size=&#8221;12px&#8221; text_line_height=&#8221;1.2em&#8221; header_2_font=&#8221;Montserrat|600|||||||&#8221; header_2_text_color=&#8221;#cb6ce6&#8243; custom_margin=&#8221;16px|12px|8px|12px|false|false&#8221; custom_padding=&#8221;1px|||||&#8221; locked=&#8221;off&#8221; global_colors_info=&#8221;{}&#8221;]<\/p>\n<h2>Ponta Delgada<\/h2>\n<p><strong>Entidade promotora:<\/strong><br \/>APF-A\u00e7ores<\/p>\n<p><strong>Iniciativa | Atividade:<\/strong><br \/>Evento celebrativo do 1.\u00ba anivers\u00e1rio do Projeto (A)MAR -A\u00e7ores | Festa na Rua | Montra em parceria com a Escola Antero de Quental<\/p>\n<p>[\/et_pb_text][et_pb_toggle title=&#8221;Informa\u00e7\u00f5es&#8221; open_toggle_text_color=&#8221;#5271ff&#8221; open_toggle_background_color=&#8221;rgba(0,0,0,0.02)&#8221; closed_toggle_text_color=&#8221;#0089db&#8221; closed_toggle_background_color=&#8221;rgba(0,0,0,0.02)&#8221; icon_color=&#8221;#ff914d&#8221; toggle_icon=&#8221;&#xe03a;||divi||400&#8243; use_icon_font_size=&#8221;on&#8221; icon_font_size=&#8221;23px&#8221; _builder_version=&#8221;4.13.0&#8243; _module_preset=&#8221;default&#8221; title_text_color=&#8221;#5271ff&#8221; title_font=&#8221;Montserrat|700|||||||&#8221; title_font_size=&#8221;15px&#8221; body_font=&#8221;Montserrat||||||||&#8221; body_text_color=&#8221;#000000&#8243; body_font_size=&#8221;11px&#8221; body_line_height=&#8221;1.2em&#8221; background_color=&#8221;rgba(255,255,255,0)&#8221; custom_margin=&#8221;|||8px|false|false&#8221; custom_padding=&#8221;12px|12px|12px|14px|false|false&#8221; border_radii=&#8221;on|24px|24px|24px|24px&#8221; border_color_all=&#8221;#008037&#8243; locked=&#8221;off&#8221; global_colors_info=&#8221;{}&#8221;]<\/p>\n<p style=\"text-align: justify;\"><strong>Divulga\u00e7\u00e3o\/sensibiliza\u00e7\u00e3o<\/strong><br \/>Destinada a: Institui\u00e7\u00f5es sociais | Autarquias | Volunt\u00e1rios | P\u00fablico em geral<\/p>\n<p style=\"text-align: justify;\">Local: Sede da APF-A\u00e7ores | Rua do Melo, n.\u00ba 10 | Montra da Sede da APF-A\u00e7ores\u00a0<\/p>\n<p style=\"text-align: justify;\"><a href=\"https:\/\/www.cig.gov.pt\/iniciativas-nacionais\/wp-content\/uploads\/2022\/05\/apf1.png\"><img loading=\"lazy\" src=\"https:\/\/www.cig.gov.pt\/iniciativas-nacionais\/wp-content\/uploads\/2022\/05\/apf1-300x300.png\" alt=\"\" class=\"wp-image-991 alignnone size-medium\" width=\"300\" height=\"300\" \/><\/a><\/p>\n<p style=\"text-align: justify;\"><a href=\"https:\/\/www.cig.gov.pt\/iniciativas-nacionais\/wp-content\/uploads\/2022\/05\/apf2.png\"><img loading=\"lazy\" src=\"https:\/\/www.cig.gov.pt\/iniciativas-nacionais\/wp-content\/uploads\/2022\/05\/apf2-300x300.png\" alt=\"\" class=\"wp-image-992 alignnone size-medium\" width=\"300\" height=\"300\" \/><\/a><\/p>\n<p>[\/et_pb_toggle][\/et_pb_column][et_pb_column type=&#8221;1_3&#8243; _builder_version=&#8221;4.13.0&#8243; _module_preset=&#8221;default&#8221; global_colors_info=&#8221;{}&#8221;][et_pb_text _builder_version=&#8221;4.13.0&#8243; _module_preset=&#8221;default&#8221; text_font=&#8221;Montserrat||||||||&#8221; text_text_color=&#8221;#000000&#8243; text_font_size=&#8221;12px&#8221; text_line_height=&#8221;1.2em&#8221; header_2_font=&#8221;Montserrat|600|||||||&#8221; header_2_text_color=&#8221;#cb6ce6&#8243; custom_margin=&#8221;16px|12px|8px|12px|false|false&#8221; custom_padding=&#8221;1px|||||&#8221; locked=&#8221;off&#8221; global_colors_info=&#8221;{}&#8221;]<\/p>\n<h2>Viseu<\/h2>\n<p><strong>Entidade promotora:<\/strong><br \/>Instituto Polit\u00e9cnico de Viseu<\/p>\n<p><strong>Iniciativa | Atividade:<\/strong><br \/>Sensibiliza\u00e7\u00e3o \u00e0 comunidade acad\u00e9mica do Instituto Polit\u00e9cnico de Viseu e comunidade em geral<\/p>\n<p>[\/et_pb_text][et_pb_toggle title=&#8221;Informa\u00e7\u00f5es&#8221; open_toggle_text_color=&#8221;#5271ff&#8221; open_toggle_background_color=&#8221;rgba(0,0,0,0.02)&#8221; closed_toggle_text_color=&#8221;#0089db&#8221; closed_toggle_background_color=&#8221;rgba(0,0,0,0.02)&#8221; icon_color=&#8221;#ff914d&#8221; toggle_icon=&#8221;&#xe03a;||divi||400&#8243; use_icon_font_size=&#8221;on&#8221; icon_font_size=&#8221;23px&#8221; _builder_version=&#8221;4.13.0&#8243; _module_preset=&#8221;default&#8221; title_text_color=&#8221;#5271ff&#8221; title_font=&#8221;Montserrat|700|||||||&#8221; title_font_size=&#8221;15px&#8221; body_font=&#8221;Montserrat||||||||&#8221; body_text_color=&#8221;#000000&#8243; body_font_size=&#8221;11px&#8221; body_line_height=&#8221;1.2em&#8221; background_color=&#8221;rgba(255,255,255,0)&#8221; custom_margin=&#8221;|||8px|false|false&#8221; custom_padding=&#8221;12px|12px|12px|14px|false|false&#8221; border_radii=&#8221;on|24px|24px|24px|24px&#8221; border_color_all=&#8221;#008037&#8243; locked=&#8221;off&#8221; global_colors_info=&#8221;{}&#8221;]<\/p>\n<p style=\"text-align: justify;\"><strong><a href=\"https:\/\/www.cig.gov.pt\/iniciativas-nacionais\/wp-content\/uploads\/2022\/05\/17-de-maio-IPV-Paula-Xavier.jpg\"><img loading=\"lazy\" src=\"https:\/\/www.cig.gov.pt\/iniciativas-nacionais\/wp-content\/uploads\/2022\/05\/17-de-maio-IPV-Paula-Xavier-300x300.jpg\" alt=\"\" class=\"wp-image-982 alignnone size-medium\" width=\"300\" height=\"300\" \/><\/a><\/strong><\/p>\n<p style=\"text-align: justify;\">[\/et_pb_toggle][\/et_pb_column][et_pb_column type=&#8221;1_3&#8243; _builder_version=&#8221;4.13.0&#8243; _module_preset=&#8221;default&#8221; global_colors_info=&#8221;{}&#8221;][et_pb_text _builder_version=&#8221;4.13.0&#8243; _module_preset=&#8221;default&#8221; text_font=&#8221;Montserrat||||||||&#8221; text_text_color=&#8221;#000000&#8243; text_font_size=&#8221;12px&#8221; text_line_height=&#8221;1.2em&#8221; header_2_font=&#8221;Montserrat|600|||||||&#8221; header_2_text_color=&#8221;#cb6ce6&#8243; custom_margin=&#8221;16px|12px|8px|12px|false|false&#8221; custom_padding=&#8221;1px|||||&#8221; locked=&#8221;off&#8221; global_colors_info=&#8221;{}&#8221;]<\/p>\n<h2>Viseu<\/h2>\n<p><strong>Entidade promotora:<\/strong><br \/>Associa\u00e7\u00e3o Atitude Colectiva<\/p>\n<p><strong>Iniciativa | Atividade:<\/strong><br \/>Conversas na Biblioteca sobre Diversidade | Biblioteca Municipal de Viseu<\/p>\n<p>[\/et_pb_text][et_pb_toggle title=&#8221;Informa\u00e7\u00f5es&#8221; open_toggle_text_color=&#8221;#5271ff&#8221; open_toggle_background_color=&#8221;rgba(0,0,0,0.02)&#8221; closed_toggle_text_color=&#8221;#0089db&#8221; closed_toggle_background_color=&#8221;rgba(0,0,0,0.02)&#8221; icon_color=&#8221;#ff914d&#8221; toggle_icon=&#8221;&#xe03a;||divi||400&#8243; use_icon_font_size=&#8221;on&#8221; icon_font_size=&#8221;23px&#8221; _builder_version=&#8221;4.13.0&#8243; _module_preset=&#8221;default&#8221; title_text_color=&#8221;#5271ff&#8221; title_font=&#8221;Montserrat|700|||||||&#8221; title_font_size=&#8221;15px&#8221; body_font=&#8221;Montserrat||||||||&#8221; body_text_color=&#8221;#000000&#8243; body_font_size=&#8221;11px&#8221; body_line_height=&#8221;1.2em&#8221; background_color=&#8221;rgba(255,255,255,0)&#8221; custom_margin=&#8221;|||8px|false|false&#8221; custom_padding=&#8221;12px|12px|12px|14px|false|false&#8221; border_radii=&#8221;on|24px|24px|24px|24px&#8221; border_color_all=&#8221;#008037&#8243; locked=&#8221;off&#8221; global_colors_info=&#8221;{}&#8221;]<\/p>\n<p style=\"text-align: justify;\"><a href=\"https:\/\/www.cig.gov.pt\/iniciativas-nacionais\/wp-content\/uploads\/2022\/05\/Cartaz-A3-Biblioteca-Lgbti-Viseu_page-0001.jpg\"><img loading=\"lazy\" src=\"https:\/\/www.cig.gov.pt\/iniciativas-nacionais\/wp-content\/uploads\/2022\/05\/Cartaz-A3-Biblioteca-Lgbti-Viseu_page-0001-212x300.jpg\" alt=\"\" class=\"wp-image-985 alignnone size-medium\" width=\"212\" height=\"300\" \/><\/a><\/p>\n<p style=\"text-align: justify;\">[\/et_pb_toggle][\/et_pb_column][\/et_pb_row][\/et_pb_section][et_pb_section fb_built=&#8221;1&#8243; _builder_version=&#8221;4.13.0&#8243; _module_preset=&#8221;default&#8221; custom_margin=&#8221;40px||||false|false&#8221; custom_padding=&#8221;6px||7px|||&#8221; global_colors_info=&#8221;{}&#8221;][et_pb_row _builder_version=&#8221;4.13.0&#8243; _module_preset=&#8221;default&#8221; custom_padding=&#8221;7px||9px|||&#8221; global_colors_info=&#8221;{}&#8221;][et_pb_column type=&#8221;4_4&#8243; _builder_version=&#8221;4.13.0&#8243; _module_preset=&#8221;default&#8221; global_colors_info=&#8221;{}&#8221;][et_pb_image src=&#8221;https:\/\/www.cig.gov.pt\/iniciativas-nacionais\/wp-content\/uploads\/2022\/05\/um.jpg&#8221; alt=&#8221;Log\u00f3tipo da CIG&#8221; url=&#8221;https:\/\/www.cig.gov.pt\/&#8221; align=&#8221;center&#8221; _builder_version=&#8221;4.13.0&#8243; _module_preset=&#8221;default&#8221; global_colors_info=&#8221;{}&#8221;][\/et_pb_image][\/et_pb_column][\/et_pb_row][\/et_pb_section]<\/p>\n","protected":false},"excerpt":{"rendered":"<p>17 de maioIDAHOTDia Internacional Contra a Homofobia, a Transfobiae a BifobiaDistrito: BragaCabeceiras de Basto Entidade promotora:Conselho Consultivo para as Quest\u00f5es LGBTI Iniciativa | Atividade:Hastear da bandeira LGBTI no edif\u00edcio da Autarquia de Cabeceiras de BastoFerment\u00f5es Entidade promotora:Casa do Povo de Ferment\u00f5es Iniciativa | Atividade:Hastear da bandeira LGBTI no Largo da Casa do Povo de Ferment\u00f5es [&hellip;]<\/p>\n","protected":false},"author":1,"featured_media":910,"parent":0,"menu_order":0,"comment_status":"closed","ping_status":"closed","template":"page-template-blank.php","meta":{"_et_pb_use_builder":"on","_et_pb_old_content":"","_et_gb_content_width":""},"yoast_head":"<!-- This site is optimized with the Yoast SEO plugin v17.5 - https:\/\/yoast.com\/wordpress\/plugins\/seo\/ -->\n<title>Iniciativas \u2013 Dia Internacional Contra a Homofobia, a Transfobia e a Bifobia - Iniciativas Nacionais<\/title>\n<meta name=\"robots\" content=\"index, follow, max-snippet:-1, max-image-preview:large, max-video-preview:-1\" \/>\n<link rel=\"canonical\" href=\"https:\/\/www.cig.gov.pt\/iniciativas-nacionais\/iniciativas-dia-internacional-contra-a-homofobia-a-transfobia-e-a-bifobia\/\" \/>\n<meta property=\"og:locale\" content=\"pt_PT\" \/>\n<meta property=\"og:type\" content=\"article\" \/>\n<meta property=\"og:title\" content=\"Iniciativas \u2013 Dia Internacional Contra a Homofobia, a Transfobia e a Bifobia - Iniciativas Nacionais\" \/>\n<meta property=\"og:description\" content=\"17 de maioIDAHOTDia Internacional Contra a Homofobia, a Transfobiae a BifobiaDistrito: BragaCabeceiras de Basto Entidade promotora:Conselho Consultivo para as Quest\u00f5es LGBTI Iniciativa | Atividade:Hastear da bandeira LGBTI no edif\u00edcio da Autarquia de Cabeceiras de BastoFerment\u00f5es Entidade promotora:Casa do Povo de Ferment\u00f5es Iniciativa | Atividade:Hastear da bandeira LGBTI no Largo da Casa do Povo de Ferment\u00f5es [&hellip;]\" \/>\n<meta property=\"og:url\" content=\"https:\/\/www.cig.gov.pt\/iniciativas-nacionais\/iniciativas-dia-internacional-contra-a-homofobia-a-transfobia-e-a-bifobia\/\" \/>\n<meta property=\"og:site_name\" content=\"Iniciativas Nacionais\" \/>\n<meta property=\"article:modified_time\" content=\"2022-05-16T14:32:16+00:00\" \/>\n<meta property=\"og:image\" content=\"https:\/\/www.cig.gov.pt\/iniciativas-nacionais\/wp-content\/uploads\/2022\/05\/cigfb.png\" \/>\n\t<meta property=\"og:image:width\" content=\"747\" \/>\n\t<meta property=\"og:image:height\" content=\"389\" \/>\n<meta name=\"twitter:card\" content=\"summary_large_image\" \/>\n<meta name=\"twitter:label1\" content=\"Est. reading time\" \/>\n\t<meta name=\"twitter:data1\" content=\"38 minutos\" \/>\n<script type=\"application\/ld+json\" class=\"yoast-schema-graph\">{\"@context\":\"https:\/\/schema.org\",\"@graph\":[{\"@type\":\"WebSite\",\"@id\":\"https:\/\/www.cig.gov.pt\/iniciativas-nacionais\/#website\",\"url\":\"https:\/\/www.cig.gov.pt\/iniciativas-nacionais\/\",\"name\":\"Iniciativas Nacionais\",\"description\":\"\",\"potentialAction\":[{\"@type\":\"SearchAction\",\"target\":{\"@type\":\"EntryPoint\",\"urlTemplate\":\"https:\/\/www.cig.gov.pt\/iniciativas-nacionais\/?s={search_term_string}\"},\"query-input\":\"required name=search_term_string\"}],\"inLanguage\":\"pt-PT\"},{\"@type\":\"ImageObject\",\"@id\":\"https:\/\/www.cig.gov.pt\/iniciativas-nacionais\/iniciativas-dia-internacional-contra-a-homofobia-a-transfobia-e-a-bifobia\/#primaryimage\",\"inLanguage\":\"pt-PT\",\"url\":\"https:\/\/www.cig.gov.pt\/iniciativas-nacionais\/wp-content\/uploads\/2022\/05\/cigfb.png\",\"contentUrl\":\"https:\/\/www.cig.gov.pt\/iniciativas-nacionais\/wp-content\/uploads\/2022\/05\/cigfb.png\",\"width\":747,\"height\":389,\"caption\":\"CIG\"},{\"@type\":\"WebPage\",\"@id\":\"https:\/\/www.cig.gov.pt\/iniciativas-nacionais\/iniciativas-dia-internacional-contra-a-homofobia-a-transfobia-e-a-bifobia\/#webpage\",\"url\":\"https:\/\/www.cig.gov.pt\/iniciativas-nacionais\/iniciativas-dia-internacional-contra-a-homofobia-a-transfobia-e-a-bifobia\/\",\"name\":\"Iniciativas \\u2013 Dia Internacional Contra a Homofobia, a Transfobia e a Bifobia - Iniciativas Nacionais\",\"isPartOf\":{\"@id\":\"https:\/\/www.cig.gov.pt\/iniciativas-nacionais\/#website\"},\"primaryImageOfPage\":{\"@id\":\"https:\/\/www.cig.gov.pt\/iniciativas-nacionais\/iniciativas-dia-internacional-contra-a-homofobia-a-transfobia-e-a-bifobia\/#primaryimage\"},\"datePublished\":\"2022-05-06T10:43:07+00:00\",\"dateModified\":\"2022-05-16T14:32:16+00:00\",\"breadcrumb\":{\"@id\":\"https:\/\/www.cig.gov.pt\/iniciativas-nacionais\/iniciativas-dia-internacional-contra-a-homofobia-a-transfobia-e-a-bifobia\/#breadcrumb\"},\"inLanguage\":\"pt-PT\",\"potentialAction\":[{\"@type\":\"ReadAction\",\"target\":[\"https:\/\/www.cig.gov.pt\/iniciativas-nacionais\/iniciativas-dia-internacional-contra-a-homofobia-a-transfobia-e-a-bifobia\/\"]}]},{\"@type\":\"BreadcrumbList\",\"@id\":\"https:\/\/www.cig.gov.pt\/iniciativas-nacionais\/iniciativas-dia-internacional-contra-a-homofobia-a-transfobia-e-a-bifobia\/#breadcrumb\",\"itemListElement\":[{\"@type\":\"ListItem\",\"position\":1,\"name\":\"Home\",\"item\":\"https:\/\/www.cig.gov.pt\/iniciativas-nacionais\/\"},{\"@type\":\"ListItem\",\"position\":2,\"name\":\"Iniciativas \\u2013 Dia Internacional Contra a Homofobia, a Transfobia e a Bifobia\"}]}]}<\/script>\n<!-- \/ Yoast SEO plugin. -->","yoast_head_json":{"title":"Iniciativas \u2013 Dia Internacional Contra a Homofobia, a Transfobia e a Bifobia - Iniciativas Nacionais","robots":{"index":"index","follow":"follow","max-snippet":"max-snippet:-1","max-image-preview":"max-image-preview:large","max-video-preview":"max-video-preview:-1"},"canonical":"https:\/\/www.cig.gov.pt\/iniciativas-nacionais\/iniciativas-dia-internacional-contra-a-homofobia-a-transfobia-e-a-bifobia\/","og_locale":"pt_PT","og_type":"article","og_title":"Iniciativas \u2013 Dia Internacional Contra a Homofobia, a Transfobia e a Bifobia - Iniciativas Nacionais","og_description":"17 de maioIDAHOTDia Internacional Contra a Homofobia, a Transfobiae a BifobiaDistrito: BragaCabeceiras de Basto Entidade promotora:Conselho Consultivo para as Quest\u00f5es LGBTI Iniciativa | Atividade:Hastear da bandeira LGBTI no edif\u00edcio da Autarquia de Cabeceiras de BastoFerment\u00f5es Entidade promotora:Casa do Povo de Ferment\u00f5es Iniciativa | Atividade:Hastear da bandeira LGBTI no Largo da Casa do Povo de Ferment\u00f5es [&hellip;]","og_url":"https:\/\/www.cig.gov.pt\/iniciativas-nacionais\/iniciativas-dia-internacional-contra-a-homofobia-a-transfobia-e-a-bifobia\/","og_site_name":"Iniciativas Nacionais","article_modified_time":"2022-05-16T14:32:16+00:00","og_image":[{"width":747,"height":389,"url":"https:\/\/www.cig.gov.pt\/iniciativas-nacionais\/wp-content\/uploads\/2022\/05\/cigfb.png","type":"image\/png"}],"twitter_card":"summary_large_image","twitter_misc":{"Est. reading time":"38 minutos"},"schema":{"@context":"https:\/\/schema.org","@graph":[{"@type":"WebSite","@id":"https:\/\/www.cig.gov.pt\/iniciativas-nacionais\/#website","url":"https:\/\/www.cig.gov.pt\/iniciativas-nacionais\/","name":"Iniciativas Nacionais","description":"","potentialAction":[{"@type":"SearchAction","target":{"@type":"EntryPoint","urlTemplate":"https:\/\/www.cig.gov.pt\/iniciativas-nacionais\/?s={search_term_string}"},"query-input":"required name=search_term_string"}],"inLanguage":"pt-PT"},{"@type":"ImageObject","@id":"https:\/\/www.cig.gov.pt\/iniciativas-nacionais\/iniciativas-dia-internacional-contra-a-homofobia-a-transfobia-e-a-bifobia\/#primaryimage","inLanguage":"pt-PT","url":"https:\/\/www.cig.gov.pt\/iniciativas-nacionais\/wp-content\/uploads\/2022\/05\/cigfb.png","contentUrl":"https:\/\/www.cig.gov.pt\/iniciativas-nacionais\/wp-content\/uploads\/2022\/05\/cigfb.png","width":747,"height":389,"caption":"CIG"},{"@type":"WebPage","@id":"https:\/\/www.cig.gov.pt\/iniciativas-nacionais\/iniciativas-dia-internacional-contra-a-homofobia-a-transfobia-e-a-bifobia\/#webpage","url":"https:\/\/www.cig.gov.pt\/iniciativas-nacionais\/iniciativas-dia-internacional-contra-a-homofobia-a-transfobia-e-a-bifobia\/","name":"Iniciativas \u2013 Dia Internacional Contra a Homofobia, a Transfobia e a Bifobia - Iniciativas Nacionais","isPartOf":{"@id":"https:\/\/www.cig.gov.pt\/iniciativas-nacionais\/#website"},"primaryImageOfPage":{"@id":"https:\/\/www.cig.gov.pt\/iniciativas-nacionais\/iniciativas-dia-internacional-contra-a-homofobia-a-transfobia-e-a-bifobia\/#primaryimage"},"datePublished":"2022-05-06T10:43:07+00:00","dateModified":"2022-05-16T14:32:16+00:00","breadcrumb":{"@id":"https:\/\/www.cig.gov.pt\/iniciativas-nacionais\/iniciativas-dia-internacional-contra-a-homofobia-a-transfobia-e-a-bifobia\/#breadcrumb"},"inLanguage":"pt-PT","potentialAction":[{"@type":"ReadAction","target":["https:\/\/www.cig.gov.pt\/iniciativas-nacionais\/iniciativas-dia-internacional-contra-a-homofobia-a-transfobia-e-a-bifobia\/"]}]},{"@type":"BreadcrumbList","@id":"https:\/\/www.cig.gov.pt\/iniciativas-nacionais\/iniciativas-dia-internacional-contra-a-homofobia-a-transfobia-e-a-bifobia\/#breadcrumb","itemListElement":[{"@type":"ListItem","position":1,"name":"Home","item":"https:\/\/www.cig.gov.pt\/iniciativas-nacionais\/"},{"@type":"ListItem","position":2,"name":"Iniciativas \u2013 Dia Internacional Contra a Homofobia, a Transfobia e a Bifobia"}]}]}},"_links":{"self":[{"href":"https:\/\/www.cig.gov.pt\/iniciativas-nacionais\/wp-json\/wp\/v2\/pages\/943"}],"collection":[{"href":"https:\/\/www.cig.gov.pt\/iniciativas-nacionais\/wp-json\/wp\/v2\/pages"}],"about":[{"href":"https:\/\/www.cig.gov.pt\/iniciativas-nacionais\/wp-json\/wp\/v2\/types\/page"}],"author":[{"embeddable":true,"href":"https:\/\/www.cig.gov.pt\/iniciativas-nacionais\/wp-json\/wp\/v2\/users\/1"}],"replies":[{"embeddable":true,"href":"https:\/\/www.cig.gov.pt\/iniciativas-nacionais\/wp-json\/wp\/v2\/comments?post=943"}],"version-history":[{"count":20,"href":"https:\/\/www.cig.gov.pt\/iniciativas-nacionais\/wp-json\/wp\/v2\/pages\/943\/revisions"}],"predecessor-version":[{"id":1002,"href":"https:\/\/www.cig.gov.pt\/iniciativas-nacionais\/wp-json\/wp\/v2\/pages\/943\/revisions\/1002"}],"wp:featuredmedia":[{"embeddable":true,"href":"https:\/\/www.cig.gov.pt\/iniciativas-nacionais\/wp-json\/wp\/v2\/media\/910"}],"wp:attachment":[{"href":"https:\/\/www.cig.gov.pt\/iniciativas-nacionais\/wp-json\/wp\/v2\/media?parent=943"}],"curies":[{"name":"wp","href":"https:\/\/api.w.org\/{rel}","templated":true}]}}