{"id":6985,"date":"2026-03-06T19:55:46","date_gmt":"2026-03-06T19:55:46","guid":{"rendered":"https:\/\/www.cig.gov.pt\/iniciativas-nacionais\/?page_id=6985"},"modified":"2026-03-06T20:12:24","modified_gmt":"2026-03-06T20:12:24","slug":"rascunho-automatico","status":"publish","type":"page","link":"https:\/\/www.cig.gov.pt\/iniciativas-nacionais\/rascunho-automatico\/","title":{"rendered":"Rascunho autom\u00e1tico"},"content":{"rendered":"<p>[et_pb_section fb_built=&#8221;1&#8243; disabled_on=&#8221;on|off|off&#8221; admin_label=&#8221;Cabe\u00e7alho&#8221; _builder_version=&#8221;4.13.0&#8243; _module_preset=&#8221;default&#8221; background_color=&#8221;#FFFFFF&#8221; background_enable_image=&#8221;off&#8221; background_position=&#8221;bottom_center&#8221; custom_padding=&#8221;0px||0px||false|false&#8221; global_colors_info=&#8221;{}&#8221;][et_pb_row _builder_version=&#8221;4.13.0&#8243; _module_preset=&#8221;default&#8221; custom_padding=&#8221;0px||0px||false|false&#8221; global_colors_info=&#8221;{}&#8221;][et_pb_column type=&#8221;4_4&#8243; _builder_version=&#8221;4.13.0&#8243; _module_preset=&#8221;default&#8221; global_colors_info=&#8221;{}&#8221;][et_pb_image src=&#8221;https:\/\/www.cig.gov.pt\/iniciativas-nacionais\/wp-content\/uploads\/2024\/02\/header_monitor.jpg&#8221; alt=&#8221;8 de mar\u00e7o Dia Internacional das Mulheres &#8211; Iniciativas nacionais&#8221; title_text=&#8221;8 de mar\u00e7o Dia Internacional das Mulheres &#8211; Iniciativas nacionais&#8221; url=&#8221;https:\/\/www.cig.gov.pt\/&#8221; show_bottom_space=&#8221;off&#8221; align=&#8221;center&#8221; _builder_version=&#8221;4.13.0&#8243; _module_preset=&#8221;default&#8221; custom_margin=&#8221;0px||0px||false|false&#8221; custom_padding=&#8221;0px||0px||false|false&#8221; global_colors_info=&#8221;{}&#8221;][\/et_pb_image][\/et_pb_column][\/et_pb_row][\/et_pb_section][et_pb_section fb_built=&#8221;1&#8243; disabled_on=&#8221;off|on|on&#8221; admin_label=&#8221;Cabe\u00e7alho&#8221; _builder_version=&#8221;4.13.0&#8243; _module_preset=&#8221;default&#8221; background_color=&#8221;#FFFFFF&#8221; background_enable_image=&#8221;off&#8221; background_position=&#8221;bottom_center&#8221; custom_padding=&#8221;0px||0px||false|false&#8221; global_colors_info=&#8221;{}&#8221;][et_pb_row _builder_version=&#8221;4.13.0&#8243; _module_preset=&#8221;default&#8221; custom_padding=&#8221;0px||0px||false|false&#8221; global_colors_info=&#8221;{}&#8221;][et_pb_column type=&#8221;4_4&#8243; _builder_version=&#8221;4.13.0&#8243; _module_preset=&#8221;default&#8221; global_colors_info=&#8221;{}&#8221;][et_pb_image src=&#8221;https:\/\/www.cig.gov.pt\/iniciativas-nacionais\/wp-content\/uploads\/2024\/02\/header_mobile.jpg&#8221; alt=&#8221;8 de mar\u00e7o Dia Internacional das Mulheres &#8211; Iniciativas nacionais&#8221; title_text=&#8221;8 de mar\u00e7o Dia Internacional das Mulheres &#8211; Iniciativas nacionais&#8221; url=&#8221;https:\/\/www.cig.gov.pt\/&#8221; show_bottom_space=&#8221;off&#8221; align=&#8221;center&#8221; _builder_version=&#8221;4.13.0&#8243; _module_preset=&#8221;default&#8221; custom_margin=&#8221;0px||0px||false|false&#8221; custom_padding=&#8221;0px||0px||false|false&#8221; global_colors_info=&#8221;{}&#8221;][\/et_pb_image][\/et_pb_column][\/et_pb_row][\/et_pb_section][et_pb_section fb_built=&#8221;1&#8243; admin_label=&#8221;Concelho&#8221; _builder_version=&#8221;4.13.0&#8243; _module_preset=&#8221;default&#8221; background_color=&#8221;#f2f5f7&#8243; custom_margin=&#8221;0px||0px||false|false&#8221; custom_padding=&#8221;8px||0px||false|false&#8221; locked=&#8221;off&#8221; global_colors_info=&#8221;{}&#8221;][et_pb_row admin_label=&#8221;Aveiro&#8221; _builder_version=&#8221;4.13.0&#8243; _module_preset=&#8221;default&#8221; background_color=&#8221;#03989e&#8221; custom_margin=&#8221;24px||0px||false|false&#8221; custom_padding=&#8221;16px||16px||false|false&#8221; border_radii=&#8221;on|12px|12px|12px|12px&#8221; locked=&#8221;off&#8221; global_colors_info=&#8221;{}&#8221;][et_pb_column type=&#8221;4_4&#8243; _builder_version=&#8221;4.13.0&#8243; _module_preset=&#8221;default&#8221; global_colors_info=&#8221;{}&#8221;][et_pb_text admin_label=&#8221;Aveiro&#8221; _builder_version=&#8221;4.13.0&#8243; _module_preset=&#8221;default&#8221; text_font=&#8221;Montserrat|700|||||||&#8221; text_text_color=&#8221;#FFFFFF&#8221; text_font_size=&#8221;16px&#8221; text_letter_spacing=&#8221;1px&#8221; background_color=&#8221;RGBA(0,0,0,0)&#8221; custom_margin=&#8221;2px||0px|20px|false|false&#8221; custom_padding=&#8221;6px||2px||false|false&#8221; global_colors_info=&#8221;{}&#8221;]<\/p>\n<p><span style=\"color: #f3d9da;\">Distrito: <\/span><span style=\"font-size: xx-large;\">Aveiro<\/span><\/p>\n<p>[\/et_pb_text][\/et_pb_column][\/et_pb_row][et_pb_row column_structure=&#8221;1_4,1_4,1_4,1_4&#8243; use_custom_gutter=&#8221;on&#8221; gutter_width=&#8221;2&#8243; make_equal=&#8221;on&#8221; _builder_version=&#8221;4.13.0&#8243; _module_preset=&#8221;default&#8221; background_enable_color=&#8221;off&#8221; custom_margin=&#8221;||0px||false|false&#8221; custom_padding=&#8221;||0px||false|false&#8221; locked=&#8221;off&#8221; global_colors_info=&#8221;{}&#8221;][et_pb_column type=&#8221;1_4&#8243; _builder_version=&#8221;4.13.0&#8243; _module_preset=&#8221;default&#8221; background_color=&#8221;#FFFFFF&#8221; border_radii=&#8221;on|12px|12px|12px|12px&#8221; global_colors_info=&#8221;{}&#8221;][et_pb_text _builder_version=&#8221;4.13.0&#8243; _module_preset=&#8221;default&#8221; text_font=&#8221;Montserrat||||||||&#8221; text_font_size=&#8221;12px&#8221; text_line_height=&#8221;1.2em&#8221; custom_margin=&#8221;16px|12px|8px|12px|false|false&#8221; global_colors_info=&#8221;{}&#8221;]<\/p>\n<p><span style=\"font-size: medium; color: #c18934;\"><strong>\u00c1gueda<\/strong><\/span><\/p>\n<p><strong>Entidade promotora:<\/strong><br \/>CVP \u00c1GUEDA &#8211; EAVVD DAR VOZ<\/p>\n<p><strong>Iniciativa | Atividade:<\/strong><br \/>Corrida e Caminhada &#8211; Dia Internacional da Mulher 2024<\/p>\n<p>[\/et_pb_text][et_pb_toggle title=&#8221;Informa\u00e7\u00f5es&#8221; closed_toggle_text_color=&#8221;#759fdb&#8221; icon_color=&#8221;#e22685&#8243; toggle_icon=&#8221;&#xe03a;||divi||400&#8243; use_icon_font_size=&#8221;on&#8221; icon_font_size=&#8221;23px&#8221; _builder_version=&#8221;4.13.0&#8243; _module_preset=&#8221;default&#8221; title_font=&#8221;Montserrat|700|||||||&#8221; title_font_size=&#8221;13px&#8221; body_font=&#8221;Montserrat||||||||&#8221; body_font_size=&#8221;11px&#8221; body_line_height=&#8221;1.2em&#8221; background_color=&#8221;rgba(255,255,255,0)&#8221; custom_margin=&#8221;|||8px|false|false&#8221; custom_padding=&#8221;8px||16px|4px|false|false&#8221; border_width_all=&#8221;0px&#8221; global_colors_info=&#8221;{}&#8221;]<\/p>\n<p style=\"text-align: justify;\"><strong>Corrida e Caminhada &#8211; Dia Internacional da Mulher 2024<br \/><\/strong><\/p>\n<p style=\"text-align: justify;\"><a title=\"Corrida e Caminhada - Dia Internacional da Mulher 2024\" href=\"https:\/\/www.cig.gov.pt\/iniciativas-nacionais\/wp-content\/uploads\/2024\/02\/Cartaz-Dia-da-Mulher.pdf\" target=\"_blank\" rel=\"noopener\"><img loading=\"lazy\" class=\"wp-image-4189 aligncenter size-full\" src=\"https:\/\/www.cig.gov.pt\/iniciativas-nacionais\/wp-content\/uploads\/2024\/02\/agueda.jpg\" alt=\"Corrida e Caminhada - Dia Internacional da Mulher 2024\" width=\"640\" height=\"905\" srcset=\"https:\/\/www.cig.gov.pt\/iniciativas-nacionais\/wp-content\/uploads\/2024\/02\/agueda.jpg 640w, https:\/\/www.cig.gov.pt\/iniciativas-nacionais\/wp-content\/uploads\/2024\/02\/agueda-480x679.jpg 480w\" sizes=\"(min-width: 0px) and (max-width: 480px) 480px, (min-width: 481px) 640px, 100vw\" \/><\/a><\/p>\n<p>No pr\u00f3ximo dia 10 de mar\u00e7o, \u00e0s 09h30, no Largo 1\u00ba de Maio, convidamos a comunidade a participar numa Corrida e Caminhada din\u00e2micas, dedicadas a celebrar o Dia da Mulher. Este evento especial, organizado pelo Munic\u00edpio de \u00c1gueda atrav\u00e9s do Centro Municipal de Marcha e Corrida e em parceria com a Cruz Vermelha &#8211; Delega\u00e7\u00e3o de \u00c1gueda, \u00e9 impulsionado pelo dinamismo, entusiasmo e solidariedade, visando promover a sa\u00fade, o bem-estar e exaltar a for\u00e7a feminina.<\/p>\n<p>Com percursos adaptados a todos os n\u00edveis de condi\u00e7\u00e3o f\u00edsica, desde caminhadas descontra\u00eddas at\u00e9 corridas mais desafiantes, esta iniciativa proporciona momentos de conv\u00edvio e supera\u00e7\u00e3o. As ruas de \u00c1gueda enchem-se de cor, determina\u00e7\u00e3o e alegria, \u00e0 medida que mulheres de todas as idades se re\u00fanem para partilhar a paix\u00e3o pela atividade f\u00edsica.<\/p>\n<p>Mais do que uma simples atividade, a Corrida e Caminhada do Dia da Mulher em \u00c1gueda constituem uma homenagem \u00e0 resili\u00eancia, \u00e0 perseveran\u00e7a e \u00e0 import\u00e2ncia da sa\u00fade feminina. Que cada passo seja um s\u00edmbolo de empoderamento, e que a alegria partilhada entre amigas e familiares se torne uma mem\u00f3ria duradoura.<\/p>\n<p>Que este evento inspire a continuidade de h\u00e1bitos saud\u00e1veis, promovendo a inclus\u00e3o e real\u00e7ando a for\u00e7a singular que cada mulher traz consigo. Unidos nesta celebra\u00e7\u00e3o, reafirmamos o valor e a vitalidade das mulheres em \u00c1gueda e para al\u00e9m dos seus limites, contribuindo para uma comunidade mais ativa, saud\u00e1vel e unida.<\/p>\n<p><strong>Local:<\/strong> Largo 1\u00ba de Maio &#8211; \u00c1gueda<\/p>\n<p><strong>Dia:<\/strong> 10 de mar\u00e7o | <strong>Hora:<\/strong> 09h00<\/p>\n<p>[\/et_pb_toggle][\/et_pb_column][et_pb_column type=&#8221;1_4&#8243; _builder_version=&#8221;4.13.0&#8243; _module_preset=&#8221;default&#8221; background_color=&#8221;#FFFFFF&#8221; border_radii=&#8221;on|12px|12px|12px|12px&#8221; global_colors_info=&#8221;{}&#8221;][et_pb_text _builder_version=&#8221;4.13.0&#8243; _module_preset=&#8221;default&#8221; text_font=&#8221;Montserrat||||||||&#8221; text_font_size=&#8221;12px&#8221; text_line_height=&#8221;1.2em&#8221; custom_margin=&#8221;16px|12px|8px|12px|false|false&#8221; global_colors_info=&#8221;{}&#8221;]<\/p>\n<p><span style=\"font-size: medium; color: #c18934;\"><strong>\u00c1gueda<\/strong><\/span><\/p>\n<p><strong>Entidade promotora:<\/strong><br \/>CVP \u00c1GUEDA &#8211; EAVVD DAR VOZ<\/p>\n<p><strong>Iniciativa | Atividade:<\/strong><br \/>Dia Internacional da Mulher 2024<\/p>\n<p>[\/et_pb_text][et_pb_toggle title=&#8221;Informa\u00e7\u00f5es&#8221; closed_toggle_text_color=&#8221;#759fdb&#8221; icon_color=&#8221;#e22685&#8243; toggle_icon=&#8221;&#xe03a;||divi||400&#8243; use_icon_font_size=&#8221;on&#8221; icon_font_size=&#8221;23px&#8221; _builder_version=&#8221;4.13.0&#8243; _module_preset=&#8221;default&#8221; title_font=&#8221;Montserrat|700|||||||&#8221; title_font_size=&#8221;13px&#8221; body_font=&#8221;Montserrat||||||||&#8221; body_font_size=&#8221;11px&#8221; body_line_height=&#8221;1.2em&#8221; background_color=&#8221;rgba(255,255,255,0)&#8221; custom_margin=&#8221;|||8px|false|false&#8221; custom_padding=&#8221;8px||16px|4px|false|false&#8221; border_width_all=&#8221;0px&#8221; global_colors_info=&#8221;{}&#8221;]<\/p>\n<p>Para a campanha do Dia da Mulher, na p\u00e1gina de Instagram da EAVVD Dar Voz, ser\u00e3o publicadas stories que destacam diferentes aspetos relacionados com os objetivos da campanha. Cada dia destaca uma conquista ou contribui\u00e7\u00e3o importante das mulheres para a sociedade em diferentes campos, como ci\u00eancia, arte, pol\u00edtica, desporto, etc. Inclui-se estat\u00edsticas relevantes ou factos interessantes sobre cada tema, com recursos visuais, como imagens ou v\u00eddeos, para ilustrar.<\/p>\n<p><strong>Local:<\/strong> Redes sociais<\/p>\n<p><strong>Dia:<\/strong> 01 a 10 de mar\u00e7o | <strong>Hora:<\/strong> 14h00<\/p>\n<p><strong>Online:<\/strong> <a href=\"https:\/\/www.instagram.com\/eavvd.darvoz\/\" target=\"_blank\" rel=\"noopener\">https:\/\/www.instagram.com\/eavvd.darvoz\/<\/a><\/p>\n<p>[\/et_pb_toggle][\/et_pb_column][et_pb_column type=&#8221;1_4&#8243; _builder_version=&#8221;4.13.0&#8243; _module_preset=&#8221;default&#8221; background_color=&#8221;#FFFFFF&#8221; border_radii=&#8221;on|12px|12px|12px|12px&#8221; global_colors_info=&#8221;{}&#8221;][et_pb_text _builder_version=&#8221;4.13.0&#8243; _module_preset=&#8221;default&#8221; text_font=&#8221;Montserrat||||||||&#8221; text_font_size=&#8221;12px&#8221; text_line_height=&#8221;1.2em&#8221; background_color=&#8221;RGBA(0,0,0,0)&#8221; custom_margin=&#8221;16px|12px|8px|12px|false|false&#8221; global_colors_info=&#8221;{}&#8221;]<\/p>\n<p><span style=\"font-size: medium; color: #c18934;\"><strong>Espinho<\/strong><\/span><\/p>\n<p><strong>Entidade promotora:<\/strong><br \/><span data-sheets-root=\"1\" data-sheets-value=\"{&quot;1&quot;:2,&quot;2&quot;:&quot;C\u00e2mara Municipal de Espinho &quot;}\" data-sheets-userformat=\"{&quot;2&quot;:513,&quot;3&quot;:{&quot;1&quot;:0},&quot;12&quot;:0}\">C\u00e2mara Municipal de Espinho<\/span><\/p>\n<p><strong>Iniciativa | Atividade:<\/strong><br \/><span data-sheets-root=\"1\" data-sheets-value=\"{&quot;1&quot;:2,&quot;2&quot;:&quot;ESPINHO +IGUALdade F\u00f3rum Contra a Viol\u00eancia Dom\u00e9stica e de G\u00e9nero &quot;}\" data-sheets-userformat=\"{&quot;2&quot;:513,&quot;3&quot;:{&quot;1&quot;:0},&quot;12&quot;:0}\">ESPINHO +IGUALdade | F\u00f3rum Contra a Viol\u00eancia Dom\u00e9stica e de G\u00e9nero\u00a0<\/span><\/p>\n<p>[\/et_pb_text][et_pb_toggle title=&#8221;Informa\u00e7\u00f5es&#8221; closed_toggle_text_color=&#8221;#759fdb&#8221; icon_color=&#8221;#e22685&#8243; toggle_icon=&#8221;&#xe03a;||divi||400&#8243; use_icon_font_size=&#8221;on&#8221; icon_font_size=&#8221;23px&#8221; _builder_version=&#8221;4.13.0&#8243; _module_preset=&#8221;default&#8221; title_font=&#8221;Montserrat|700|||||||&#8221; title_font_size=&#8221;13px&#8221; body_font=&#8221;Montserrat||||||||&#8221; body_font_size=&#8221;11px&#8221; body_line_height=&#8221;1.2em&#8221; background_color=&#8221;rgba(255,255,255,0)&#8221; custom_margin=&#8221;|||8px|false|false&#8221; custom_padding=&#8221;8px||16px|4px|false|false&#8221; border_width_all=&#8221;0px&#8221; global_colors_info=&#8221;{}&#8221;]<\/p>\n<p style=\"text-align: justify;\">Debater o fen\u00f3meno da viol\u00eancia dom\u00e9stica e de g\u00e9nero juntando diversas perspetivas: justi\u00e7a, pol\u00edcia, gabinete de apoio \u00e0 v\u00edtima, casa abrigo, interven\u00e7\u00e3o com agressoras\/es e apoio a v\u00edtimas LGBTQIA+.<\/p>\n<p><strong>Local:<\/strong> <span data-sheets-root=\"1\" data-sheets-value=\"{&quot;1&quot;:2,&quot;2&quot;:&quot;Centro Multimeios de Espinho &quot;}\" data-sheets-userformat=\"{&quot;2&quot;:513,&quot;3&quot;:{&quot;1&quot;:0},&quot;12&quot;:0}\">Centro Multimeios de Espinho<\/span><\/p>\n<p><strong>Dia:<\/strong> 8 de mar\u00e7o | <strong>Hora:<\/strong> 09h30<\/p>\n<p>[\/et_pb_toggle][\/et_pb_column][et_pb_column type=&#8221;1_4&#8243; _builder_version=&#8221;4.13.0&#8243; _module_preset=&#8221;default&#8221; background_color=&#8221;#FFFFFF&#8221; border_radii=&#8221;on|12px|12px|12px|12px&#8221; global_colors_info=&#8221;{}&#8221;][et_pb_text _builder_version=&#8221;4.13.0&#8243; _module_preset=&#8221;default&#8221; text_font=&#8221;Montserrat||||||||&#8221; text_font_size=&#8221;12px&#8221; text_line_height=&#8221;1.2em&#8221; background_color=&#8221;RGBA(0,0,0,0)&#8221; custom_margin=&#8221;16px|12px|8px|12px|false|false&#8221; global_colors_info=&#8221;{}&#8221;]<\/p>\n<p><span style=\"font-size: medium; color: #c18934;\"><strong>Mealhada<\/strong><\/span><\/p>\n<p><strong>Entidade promotora:<\/strong><br \/><span data-sheets-root=\"1\" data-sheets-value=\"{&quot;1&quot;:2,&quot;2&quot;:&quot;C\u00e2mara Municipal de Espinho &quot;}\" data-sheets-userformat=\"{&quot;2&quot;:513,&quot;3&quot;:{&quot;1&quot;:0},&quot;12&quot;:0}\">C\u00e2mara Municipal da Mealhada<\/span><\/p>\n<p><strong>Iniciativa | Atividade:<\/strong><br \/><span data-sheets-root=\"1\" data-sheets-value=\"{&quot;1&quot;:2,&quot;2&quot;:&quot;ESPINHO +IGUALdade F\u00f3rum Contra a Viol\u00eancia Dom\u00e9stica e de G\u00e9nero &quot;}\" data-sheets-userformat=\"{&quot;2&quot;:513,&quot;3&quot;:{&quot;1&quot;:0},&quot;12&quot;:0}\">&#8220;Mealhada com Am\u00e9lia d&#8217;Orl\u00e9ans&#8221;<\/span><\/p>\n<p>[\/et_pb_text][et_pb_toggle title=&#8221;Informa\u00e7\u00f5es&#8221; closed_toggle_text_color=&#8221;#759fdb&#8221; icon_color=&#8221;#e22685&#8243; toggle_icon=&#8221;&#xe03a;||divi||400&#8243; use_icon_font_size=&#8221;on&#8221; icon_font_size=&#8221;23px&#8221; _builder_version=&#8221;4.13.0&#8243; _module_preset=&#8221;default&#8221; title_font=&#8221;Montserrat|700|||||||&#8221; title_font_size=&#8221;13px&#8221; body_font=&#8221;Montserrat||||||||&#8221; body_font_size=&#8221;11px&#8221; body_line_height=&#8221;1.2em&#8221; background_color=&#8221;rgba(255,255,255,0)&#8221; custom_margin=&#8221;|||8px|false|false&#8221; custom_padding=&#8221;8px||16px|4px|false|false&#8221; border_width_all=&#8221;0px&#8221; global_colors_info=&#8221;{}&#8221;]<\/p>\n<p style=\"text-align: justify;\"><span>Percurso de autocarro, apresentando os locais mais emblem\u00e1ticos do concelho que foram refer\u00eancia na hist\u00f3ria de vida da \u00faltima rainha de Portugal, recordando uma das grandes mulheres da hist\u00f3ria, nos finais do s\u00e9c. XIX e in\u00edcios do s\u00e9c. XX. A visita ter\u00e1 in\u00edcio em frente ao Tribunal, em Mealhada, passar\u00e1 pela Esta\u00e7\u00e3o de Caminhos de Ferro de Pampilhosa seguindo pelo Bu\u00e7aco e terminando de novo na cidade.<\/span><\/p>\n<p><strong>Local:<\/strong> <span data-sheets-root=\"1\" data-sheets-value=\"{&quot;1&quot;:2,&quot;2&quot;:&quot;Centro Multimeios de Espinho &quot;}\" data-sheets-userformat=\"{&quot;2&quot;:513,&quot;3&quot;:{&quot;1&quot;:0},&quot;12&quot;:0}\">Concelho da Mealhada<\/span><\/p>\n<p><strong>Dia:<\/strong> 8 de mar\u00e7o | <strong>Hora:<\/strong> 11h00<\/p>\n<p>&nbsp;<\/p>\n<p>[\/et_pb_toggle][\/et_pb_column][\/et_pb_row][et_pb_row column_structure=&#8221;1_4,1_4,1_4,1_4&#8243; use_custom_gutter=&#8221;on&#8221; gutter_width=&#8221;2&#8243; make_equal=&#8221;on&#8221; _builder_version=&#8221;4.13.0&#8243; _module_preset=&#8221;default&#8221; background_enable_color=&#8221;off&#8221; custom_margin=&#8221;||0px||false|false&#8221; custom_padding=&#8221;||0px||false|false&#8221; locked=&#8221;off&#8221; global_colors_info=&#8221;{}&#8221;][et_pb_column type=&#8221;1_4&#8243; _builder_version=&#8221;4.13.0&#8243; _module_preset=&#8221;default&#8221; background_color=&#8221;#FFFFFF&#8221; border_radii=&#8221;on|12px|12px|12px|12px&#8221; global_colors_info=&#8221;{}&#8221;][et_pb_text _builder_version=&#8221;4.13.0&#8243; _module_preset=&#8221;default&#8221; text_font=&#8221;Montserrat||||||||&#8221; text_font_size=&#8221;12px&#8221; text_line_height=&#8221;1.2em&#8221; custom_margin=&#8221;16px|12px|8px|12px|false|false&#8221; global_colors_info=&#8221;{}&#8221;]<\/p>\n<p><span style=\"font-size: medium; color: #c18934;\"><strong>Mealhada<\/strong><\/span><\/p>\n<p><strong>Entidade promotora:<\/strong><br \/>C\u00e2mara Municipal da Mealhada<\/p>\n<p><strong>Iniciativa | Atividade:<\/strong><br \/><span>&#8220;O Paradigma Mulher de Hoje e a Mulher de Antigamente: partilha de experi\u00eancias e emo\u00e7\u00f5es&#8221;<\/span><\/p>\n<p>[\/et_pb_text][et_pb_toggle title=&#8221;Informa\u00e7\u00f5es&#8221; closed_toggle_text_color=&#8221;#759fdb&#8221; icon_color=&#8221;#e22685&#8243; toggle_icon=&#8221;&#xe03a;||divi||400&#8243; use_icon_font_size=&#8221;on&#8221; icon_font_size=&#8221;23px&#8221; _builder_version=&#8221;4.13.0&#8243; _module_preset=&#8221;default&#8221; title_font=&#8221;Montserrat|700|||||||&#8221; title_font_size=&#8221;13px&#8221; body_font=&#8221;Montserrat||||||||&#8221; body_font_size=&#8221;11px&#8221; body_line_height=&#8221;1.2em&#8221; background_color=&#8221;rgba(255,255,255,0)&#8221; custom_margin=&#8221;|||8px|false|false&#8221; custom_padding=&#8221;8px||16px|4px|false|false&#8221; border_width_all=&#8221;0px&#8221; global_colors_info=&#8221;{}&#8221;]<\/p>\n<p><span>Desenvolvida pela Naturalmed, prop\u00f5e-se uma reflex\u00e3o acerca do progresso ao n\u00edvel dos direitos humanos com base em partilha de experi\u00eancias e emo\u00e7\u00f5es, honrando a coragem e determina\u00e7\u00e3o das mulheres que ajudaram a redefinir a Hist\u00f3ria.<\/span><\/p>\n<p><strong>Local:<\/strong> <span>Biblioteca Municipal de Mealhada<\/span><\/p>\n<p><strong>Dia:<\/strong> 08 de mar\u00e7o | <strong>Hora:<\/strong> 15h00<\/p>\n<p>[\/et_pb_toggle][\/et_pb_column][et_pb_column type=&#8221;1_4&#8243; _builder_version=&#8221;4.13.0&#8243; _module_preset=&#8221;default&#8221; background_color=&#8221;#FFFFFF&#8221; border_radii=&#8221;on|12px|12px|12px|12px&#8221; global_colors_info=&#8221;{}&#8221;][et_pb_text _builder_version=&#8221;4.13.0&#8243; _module_preset=&#8221;default&#8221; text_font=&#8221;Montserrat||||||||&#8221; text_font_size=&#8221;12px&#8221; text_line_height=&#8221;1.2em&#8221; custom_margin=&#8221;16px|12px|8px|12px|false|false&#8221; global_colors_info=&#8221;{}&#8221;]<\/p>\n<p><span style=\"font-size: medium; color: #c18934;\"><strong>Mealhada<\/strong><\/span><\/p>\n<p><strong>Entidade promotora:<\/strong><br \/>C\u00e2mara Municipal da Mealhada<\/p>\n<p><strong>Iniciativa | Atividade:<\/strong><br \/><span>&#8220;Ciclo de Conversas com escritoras&#8221;<\/span><\/p>\n<p>[\/et_pb_text][et_pb_toggle title=&#8221;Informa\u00e7\u00f5es&#8221; closed_toggle_text_color=&#8221;#759fdb&#8221; icon_color=&#8221;#e22685&#8243; toggle_icon=&#8221;&#xe03a;||divi||400&#8243; use_icon_font_size=&#8221;on&#8221; icon_font_size=&#8221;23px&#8221; _builder_version=&#8221;4.13.0&#8243; _module_preset=&#8221;default&#8221; title_font=&#8221;Montserrat|700|||||||&#8221; title_font_size=&#8221;13px&#8221; body_font=&#8221;Montserrat||||||||&#8221; body_font_size=&#8221;11px&#8221; body_line_height=&#8221;1.2em&#8221; background_color=&#8221;rgba(255,255,255,0)&#8221; custom_margin=&#8221;|||8px|false|false&#8221; custom_padding=&#8221;8px||16px|4px|false|false&#8221; border_width_all=&#8221;0px&#8221; global_colors_info=&#8221;{}&#8221;]<\/p>\n<p><span>Momento de aproxima\u00e7\u00e3o e de conv\u00edvio com as autoras Cid\u00e1lia Vargas Pecegueiro e M. Margarida Pereira-M\u00fcller, que apresentar\u00e3o o livro da sua autoria &#8220;Mulheres do meu Pa\u00eds &#8211; S\u00e9culo XXI&#8221;.<\/span><\/p>\n<p><strong>Local:<\/strong> <span>Biblioteca Municipal de Mealhada<\/span><\/p>\n<p><strong>Dia:<\/strong> 08 de mar\u00e7o | <strong>Hora:<\/strong> 16h00<\/p>\n<p>[\/et_pb_toggle][\/et_pb_column][et_pb_column type=&#8221;1_4&#8243; _builder_version=&#8221;4.13.0&#8243; _module_preset=&#8221;default&#8221; background_color=&#8221;#FFFFFF&#8221; border_radii=&#8221;on|12px|12px|12px|12px&#8221; global_colors_info=&#8221;{}&#8221;][et_pb_text _builder_version=&#8221;4.13.0&#8243; _module_preset=&#8221;default&#8221; text_font=&#8221;Montserrat||||||||&#8221; text_font_size=&#8221;12px&#8221; text_line_height=&#8221;1.2em&#8221; background_color=&#8221;RGBA(0,0,0,0)&#8221; custom_margin=&#8221;16px|12px|8px|12px|false|false&#8221; global_colors_info=&#8221;{}&#8221;]<\/p>\n<p><span style=\"font-size: medium; color: #c18934;\"><strong>Mealhada<\/strong><\/span><\/p>\n<p><strong>Entidade promotora:<\/strong><br \/><span data-sheets-root=\"1\" data-sheets-value=\"{&quot;1&quot;:2,&quot;2&quot;:&quot;C\u00e2mara Municipal de Espinho &quot;}\" data-sheets-userformat=\"{&quot;2&quot;:513,&quot;3&quot;:{&quot;1&quot;:0},&quot;12&quot;:0}\">C\u00e2mara Municipal de Mealhada<\/span><\/p>\n<p><strong>Iniciativa | Atividade:<\/strong><br \/><span data-sheets-root=\"1\" data-sheets-value=\"{&quot;1&quot;:2,&quot;2&quot;:&quot;ESPINHO +IGUALdade F\u00f3rum Contra a Viol\u00eancia Dom\u00e9stica e de G\u00e9nero &quot;}\" data-sheets-userformat=\"{&quot;2&quot;:513,&quot;3&quot;:{&quot;1&quot;:0},&quot;12&quot;:0}\">&#8220;A Ourivesaria tradicional feminina como adere\u00e7o ou atavio no traje feminino &#8211; 1830-1930&#8221;<\/span><\/p>\n<p>[\/et_pb_text][et_pb_toggle title=&#8221;Informa\u00e7\u00f5es&#8221; closed_toggle_text_color=&#8221;#759fdb&#8221; icon_color=&#8221;#e22685&#8243; toggle_icon=&#8221;&#xe03a;||divi||400&#8243; use_icon_font_size=&#8221;on&#8221; icon_font_size=&#8221;23px&#8221; _builder_version=&#8221;4.13.0&#8243; _module_preset=&#8221;default&#8221; title_font=&#8221;Montserrat|700|||||||&#8221; title_font_size=&#8221;13px&#8221; body_font=&#8221;Montserrat||||||||&#8221; body_font_size=&#8221;11px&#8221; body_line_height=&#8221;1.2em&#8221; background_color=&#8221;rgba(255,255,255,0)&#8221; custom_margin=&#8221;|||8px|false|false&#8221; custom_padding=&#8221;8px||16px|4px|false|false&#8221; border_width_all=&#8221;0px&#8221; global_colors_info=&#8221;{}&#8221;]<\/p>\n<p style=\"text-align: justify;\"><span>A Ourivesaria tradicional feminina como adere\u00e7o ou atavio no traje feminino &#8211; 1830-1930 &#8211; Gostos, Gestos e Atitudes ser\u00e1 apresentada pelo Dr. Joaquim Correia, chefe do Setor de Turismo da C\u00e2mara Municipal da Mealhada, com uma palestra e exposi\u00e7\u00e3o que aborda o uso de pe\u00e7as de ourivesaria popular e das tradi\u00e7\u00f5es ligadas com o ourar da Mulher de antanho e o seu significado na vida das mulheres da 2.\u00aa metade do s\u00e9c. XIX at\u00e9 sensivelmente \u00e0 d\u00e9cada de 30 do s\u00e9c. XX. Ser\u00e1 uma conversa sobre cultura popular tradicional.<\/span><\/p>\n<p><strong>Local:<\/strong> <span data-sheets-root=\"1\" data-sheets-value=\"{&quot;1&quot;:2,&quot;2&quot;:&quot;Centro Multimeios de Espinho &quot;}\" data-sheets-userformat=\"{&quot;2&quot;:513,&quot;3&quot;:{&quot;1&quot;:0},&quot;12&quot;:0}\">Biblioteca Municipal de Mealhada<\/span><\/p>\n<p><strong>Dia:<\/strong> 08 de mar\u00e7o | <strong>Hora:<\/strong> 10h00<\/p>\n<p>[\/et_pb_toggle][\/et_pb_column][et_pb_column type=&#8221;1_4&#8243; _builder_version=&#8221;4.13.0&#8243; _module_preset=&#8221;default&#8221; background_color=&#8221;#FFFFFF&#8221; border_radii=&#8221;on|12px|12px|12px|12px&#8221; global_colors_info=&#8221;{}&#8221;][et_pb_text _builder_version=&#8221;4.13.0&#8243; _module_preset=&#8221;default&#8221; text_font=&#8221;Montserrat||||||||&#8221; text_font_size=&#8221;12px&#8221; text_line_height=&#8221;1.2em&#8221; background_color=&#8221;RGBA(0,0,0,0)&#8221; custom_margin=&#8221;16px|12px|8px|12px|false|false&#8221; global_colors_info=&#8221;{}&#8221;]<\/p>\n<p><span style=\"font-size: medium; color: #c18934;\"><strong>Mealhada<\/strong><\/span><\/p>\n<p><strong>Entidade promotora:<\/strong><br \/><span data-sheets-root=\"1\" data-sheets-value=\"{&quot;1&quot;:2,&quot;2&quot;:&quot;C\u00e2mara Municipal de Espinho &quot;}\" data-sheets-userformat=\"{&quot;2&quot;:513,&quot;3&quot;:{&quot;1&quot;:0},&quot;12&quot;:0}\">C\u00e2mara Municipal da Mealhada<\/span><\/p>\n<p><strong>Iniciativa | Atividade:<\/strong><br \/><span data-sheets-root=\"1\" data-sheets-value=\"{&quot;1&quot;:2,&quot;2&quot;:&quot;ESPINHO +IGUALdade F\u00f3rum Contra a Viol\u00eancia Dom\u00e9stica e de G\u00e9nero &quot;}\" data-sheets-userformat=\"{&quot;2&quot;:513,&quot;3&quot;:{&quot;1&quot;:0},&quot;12&quot;:0}\">Workshop &#8220;A Mulher e o mundo do Vinho&#8221;<\/span><\/p>\n<p>[\/et_pb_text][et_pb_toggle title=&#8221;Informa\u00e7\u00f5es&#8221; closed_toggle_text_color=&#8221;#759fdb&#8221; icon_color=&#8221;#e22685&#8243; toggle_icon=&#8221;&#xe03a;||divi||400&#8243; use_icon_font_size=&#8221;on&#8221; icon_font_size=&#8221;23px&#8221; _builder_version=&#8221;4.13.0&#8243; _module_preset=&#8221;default&#8221; title_font=&#8221;Montserrat|700|||||||&#8221; title_font_size=&#8221;13px&#8221; body_font=&#8221;Montserrat||||||||&#8221; body_font_size=&#8221;11px&#8221; body_line_height=&#8221;1.2em&#8221; background_color=&#8221;rgba(255,255,255,0)&#8221; custom_margin=&#8221;|||8px|false|false&#8221; custom_padding=&#8221;8px||16px|4px|false|false&#8221; border_width_all=&#8221;0px&#8221; global_colors_info=&#8221;{}&#8221;]<\/p>\n<p style=\"text-align: justify;\"><span>Com a en\u00f3loga Raquel Carvalho, convida-se as mulheres a uma tert\u00falia sobre o vinho e o papel da mulher na sua representatividade na sociedade. Inclui ainda uma prova cega de vinhos.<\/span><\/p>\n<p><strong>Local:<\/strong> <span data-sheets-root=\"1\" data-sheets-value=\"{&quot;1&quot;:2,&quot;2&quot;:&quot;Centro Multimeios de Espinho &quot;}\" data-sheets-userformat=\"{&quot;2&quot;:513,&quot;3&quot;:{&quot;1&quot;:0},&quot;12&quot;:0}\">Antiga Destilaria do Instituto da Vinha e do Vinho<\/span><\/p>\n<p><strong>Dia:<\/strong> 09 de mar\u00e7o | <strong>Hora:<\/strong> 15h00<\/p>\n<p>&nbsp;<\/p>\n<p>[\/et_pb_toggle][\/et_pb_column][\/et_pb_row][et_pb_row column_structure=&#8221;1_4,1_4,1_4,1_4&#8243; use_custom_gutter=&#8221;on&#8221; gutter_width=&#8221;2&#8243; make_equal=&#8221;on&#8221; _builder_version=&#8221;4.13.0&#8243; _module_preset=&#8221;default&#8221; background_enable_color=&#8221;off&#8221; custom_margin=&#8221;||0px||false|false&#8221; custom_padding=&#8221;||0px||false|false&#8221; locked=&#8221;off&#8221; global_colors_info=&#8221;{}&#8221;][et_pb_column type=&#8221;1_4&#8243; _builder_version=&#8221;4.13.0&#8243; _module_preset=&#8221;default&#8221; background_color=&#8221;#FFFFFF&#8221; border_radii=&#8221;on|12px|12px|12px|12px&#8221; global_colors_info=&#8221;{}&#8221;][et_pb_text _builder_version=&#8221;4.13.0&#8243; _module_preset=&#8221;default&#8221; text_font=&#8221;Montserrat||||||||&#8221; text_font_size=&#8221;12px&#8221; text_line_height=&#8221;1.2em&#8221; custom_margin=&#8221;16px|12px|8px|12px|false|false&#8221; global_colors_info=&#8221;{}&#8221;]<\/p>\n<p><span style=\"font-size: medium; color: #c18934;\"><strong>Vale de Cambra<\/strong><\/span><\/p>\n<p><strong>Entidade promotora:<\/strong><br \/>C\u00e2mara Municipal de Vale de Cambra<\/p>\n<p><strong>Iniciativa | Atividade:<\/strong><br \/><span>Tert\u00falia no Feminino<\/span><\/p>\n<p>[\/et_pb_text][et_pb_toggle title=&#8221;Informa\u00e7\u00f5es&#8221; closed_toggle_text_color=&#8221;#759fdb&#8221; icon_color=&#8221;#e22685&#8243; toggle_icon=&#8221;&#xe03a;||divi||400&#8243; use_icon_font_size=&#8221;on&#8221; icon_font_size=&#8221;23px&#8221; _builder_version=&#8221;4.13.0&#8243; _module_preset=&#8221;default&#8221; title_font=&#8221;Montserrat|700|||||||&#8221; title_font_size=&#8221;13px&#8221; body_font=&#8221;Montserrat||||||||&#8221; body_font_size=&#8221;11px&#8221; body_line_height=&#8221;1.2em&#8221; background_color=&#8221;rgba(255,255,255,0)&#8221; custom_margin=&#8221;|||8px|false|false&#8221; custom_padding=&#8221;8px||16px|4px|false|false&#8221; border_width_all=&#8221;0px&#8221; global_colors_info=&#8221;{}&#8221;]<\/p>\n<p><span>Realiza\u00e7\u00e3o de palestra com testemunhos de mulheres valecambrenses com contributo para o desenvolvimento da sociedade.<\/span><\/p>\n<p><strong>Local:<\/strong> <span>Biblioteca Municipal de Vale de Cambra<\/span><\/p>\n<p><strong>Dia:<\/strong> 08 de mar\u00e7o | <strong>Hora:<\/strong> 14h30<\/p>\n<p>[\/et_pb_toggle][\/et_pb_column][et_pb_column type=&#8221;1_4&#8243; _builder_version=&#8221;4.13.0&#8243; _module_preset=&#8221;default&#8221; background_color=&#8221;#FFFFFF&#8221; border_radii=&#8221;on|12px|12px|12px|12px&#8221; global_colors_info=&#8221;{}&#8221;][et_pb_text _builder_version=&#8221;4.13.0&#8243; _module_preset=&#8221;default&#8221; text_font=&#8221;Montserrat||||||||&#8221; text_font_size=&#8221;12px&#8221; text_line_height=&#8221;1.2em&#8221; custom_margin=&#8221;16px|12px|8px|12px|false|false&#8221; global_colors_info=&#8221;{}&#8221;]<\/p>\n<p><span style=\"font-size: medium; color: #c18934;\"><strong>Vale de Cambra<\/strong><\/span><\/p>\n<p><strong>Entidade promotora:<\/strong><br \/>C\u00e2mara Municipal de Vale de Cambra<\/p>\n<p><strong>Iniciativa | Atividade:<\/strong><br \/><span>Workshop Igualdade de g\u00e9nero<\/span><\/p>\n<p>[\/et_pb_text][et_pb_toggle title=&#8221;Informa\u00e7\u00f5es&#8221; closed_toggle_text_color=&#8221;#759fdb&#8221; icon_color=&#8221;#e22685&#8243; toggle_icon=&#8221;&#xe03a;||divi||400&#8243; use_icon_font_size=&#8221;on&#8221; icon_font_size=&#8221;23px&#8221; _builder_version=&#8221;4.13.0&#8243; _module_preset=&#8221;default&#8221; title_font=&#8221;Montserrat|700|||||||&#8221; title_font_size=&#8221;13px&#8221; body_font=&#8221;Montserrat||||||||&#8221; body_font_size=&#8221;11px&#8221; body_line_height=&#8221;1.2em&#8221; background_color=&#8221;rgba(255,255,255,0)&#8221; custom_margin=&#8221;|||8px|false|false&#8221; custom_padding=&#8221;8px||16px|4px|false|false&#8221; border_width_all=&#8221;0px&#8221; global_colors_info=&#8221;{}&#8221;]<\/p>\n<p><strong>Local:<\/strong> <span>Centro Educativo Ar\u00f5es Junqueira<\/span><\/p>\n<p><strong>Dia:<\/strong> 07 de mar\u00e7o | <strong>Hora:<\/strong> 13h30<\/p>\n<p>[\/et_pb_toggle][\/et_pb_column][et_pb_column type=&#8221;1_4&#8243; _builder_version=&#8221;4.13.0&#8243; _module_preset=&#8221;default&#8221; background_color=&#8221;#FFFFFF&#8221; border_radii=&#8221;on|12px|12px|12px|12px&#8221; global_colors_info=&#8221;{}&#8221;][et_pb_text _builder_version=&#8221;4.13.0&#8243; _module_preset=&#8221;default&#8221; text_font=&#8221;Montserrat||||||||&#8221; text_font_size=&#8221;12px&#8221; text_line_height=&#8221;1.2em&#8221; background_color=&#8221;RGBA(0,0,0,0)&#8221; custom_margin=&#8221;16px|12px|8px|12px|false|false&#8221; global_colors_info=&#8221;{}&#8221;]<\/p>\n<p><span style=\"font-size: medium; color: #c18934;\"><strong><span data-sheets-root=\"1\" data-sheets-value=\"{&quot;1&quot;:2,&quot;2&quot;:&quot;C\u00e2mara Municipal de Espinho &quot;}\" data-sheets-userformat=\"{&quot;2&quot;:513,&quot;3&quot;:{&quot;1&quot;:0},&quot;12&quot;:0}\">Vale de Cambra<\/span><\/strong><\/span><\/p>\n<p><strong>Entidade promotora:<\/strong><br \/><span data-sheets-root=\"1\" data-sheets-value=\"{&quot;1&quot;:2,&quot;2&quot;:&quot;C\u00e2mara Municipal de Espinho &quot;}\" data-sheets-userformat=\"{&quot;2&quot;:513,&quot;3&quot;:{&quot;1&quot;:0},&quot;12&quot;:0}\">C\u00e2mara Municipal de Vale de Cambra<\/span><\/p>\n<p><strong>Iniciativa | Atividade:<\/strong><br \/><span data-sheets-root=\"1\" data-sheets-value=\"{&quot;1&quot;:2,&quot;2&quot;:&quot;ESPINHO +IGUALdade F\u00f3rum Contra a Viol\u00eancia Dom\u00e9stica e de G\u00e9nero &quot;}\" data-sheets-userformat=\"{&quot;2&quot;:513,&quot;3&quot;:{&quot;1&quot;:0},&quot;12&quot;:0}\">Workshop de Autocuidados<\/span><\/p>\n<p>[\/et_pb_text][et_pb_toggle title=&#8221;Informa\u00e7\u00f5es&#8221; closed_toggle_text_color=&#8221;#759fdb&#8221; icon_color=&#8221;#e22685&#8243; toggle_icon=&#8221;&#xe03a;||divi||400&#8243; use_icon_font_size=&#8221;on&#8221; icon_font_size=&#8221;23px&#8221; _builder_version=&#8221;4.13.0&#8243; _module_preset=&#8221;default&#8221; title_font=&#8221;Montserrat|700|||||||&#8221; title_font_size=&#8221;13px&#8221; body_font=&#8221;Montserrat||||||||&#8221; body_font_size=&#8221;11px&#8221; body_line_height=&#8221;1.2em&#8221; background_color=&#8221;rgba(255,255,255,0)&#8221; custom_margin=&#8221;|||8px|false|false&#8221; custom_padding=&#8221;8px||16px|4px|false|false&#8221; border_width_all=&#8221;0px&#8221; global_colors_info=&#8221;{}&#8221;]<\/p>\n<p><strong>Local:<\/strong> <span data-sheets-root=\"1\" data-sheets-value=\"{&quot;1&quot;:2,&quot;2&quot;:&quot;Centro Multimeios de Espinho &quot;}\" data-sheets-userformat=\"{&quot;2&quot;:513,&quot;3&quot;:{&quot;1&quot;:0},&quot;12&quot;:0}\">Junta Freguesia de Cepelos<\/span><\/p>\n<p><strong>Dia:<\/strong> 16 de mar\u00e7o | <strong>Hora:<\/strong> 15h00<\/p>\n<p>[\/et_pb_toggle][\/et_pb_column][et_pb_column type=&#8221;1_4&#8243; _builder_version=&#8221;4.13.0&#8243; _module_preset=&#8221;default&#8221; background_color=&#8221;#FFFFFF&#8221; border_radii=&#8221;on|12px|12px|12px|12px&#8221; global_colors_info=&#8221;{}&#8221;][et_pb_text _builder_version=&#8221;4.13.0&#8243; _module_preset=&#8221;default&#8221; text_font=&#8221;Montserrat||||||||&#8221; text_font_size=&#8221;12px&#8221; text_line_height=&#8221;1.2em&#8221; background_color=&#8221;RGBA(0,0,0,0)&#8221; custom_margin=&#8221;16px|12px|8px|12px|false|false&#8221; global_colors_info=&#8221;{}&#8221;]<\/p>\n<p><span style=\"font-size: medium; color: #c18934;\"><strong><span data-sheets-root=\"1\" data-sheets-value=\"{&quot;1&quot;:2,&quot;2&quot;:&quot;C\u00e2mara Municipal de Espinho &quot;}\" data-sheets-userformat=\"{&quot;2&quot;:513,&quot;3&quot;:{&quot;1&quot;:0},&quot;12&quot;:0}\">Vale de Cambra<\/span><\/strong><\/span><\/p>\n<p><strong>Entidade promotora:<\/strong><br \/><span data-sheets-root=\"1\" data-sheets-value=\"{&quot;1&quot;:2,&quot;2&quot;:&quot;C\u00e2mara Municipal de Espinho &quot;}\" data-sheets-userformat=\"{&quot;2&quot;:513,&quot;3&quot;:{&quot;1&quot;:0},&quot;12&quot;:0}\">C\u00e2mara Municipal de Vale de Cambra &#8211; PACD<\/span><\/p>\n<p><strong>Iniciativa | Atividade:<\/strong><br \/><span data-sheets-root=\"1\" data-sheets-value=\"{&quot;1&quot;:2,&quot;2&quot;:&quot;ESPINHO +IGUALdade F\u00f3rum Contra a Viol\u00eancia Dom\u00e9stica e de G\u00e9nero &quot;}\" data-sheets-userformat=\"{&quot;2&quot;:513,&quot;3&quot;:{&quot;1&quot;:0},&quot;12&quot;:0}\">Trabalhos de Princesa<\/span><\/p>\n<p>[\/et_pb_text][et_pb_toggle title=&#8221;Informa\u00e7\u00f5es&#8221; closed_toggle_text_color=&#8221;#759fdb&#8221; icon_color=&#8221;#e22685&#8243; toggle_icon=&#8221;&#xe03a;||divi||400&#8243; use_icon_font_size=&#8221;on&#8221; icon_font_size=&#8221;23px&#8221; _builder_version=&#8221;4.13.0&#8243; _module_preset=&#8221;default&#8221; title_font=&#8221;Montserrat|700|||||||&#8221; title_font_size=&#8221;13px&#8221; body_font=&#8221;Montserrat||||||||&#8221; body_font_size=&#8221;11px&#8221; body_line_height=&#8221;1.2em&#8221; background_color=&#8221;rgba(255,255,255,0)&#8221; custom_margin=&#8221;|||8px|false|false&#8221; custom_padding=&#8221;8px||16px|4px|false|false&#8221; border_width_all=&#8221;0px&#8221; global_colors_info=&#8221;{}&#8221;]<\/p>\n<p style=\"text-align: justify;\"><span>Apresenta\u00e7\u00e3o do livro da autora Ana Margarida Pinho.<\/span><\/p>\n<p><strong>Local:<\/strong> <span data-sheets-root=\"1\" data-sheets-value=\"{&quot;1&quot;:2,&quot;2&quot;:&quot;Centro Multimeios de Espinho &quot;}\" data-sheets-userformat=\"{&quot;2&quot;:513,&quot;3&quot;:{&quot;1&quot;:0},&quot;12&quot;:0}\">Centro Cultural de Macieira de Cambra<\/span><\/p>\n<p><strong>Dia:<\/strong> 20 de mar\u00e7o | <strong>Hora:<\/strong> 09h30<\/p>\n<p>&nbsp;<\/p>\n<p>[\/et_pb_toggle][\/et_pb_column][\/et_pb_row][et_pb_row column_structure=&#8221;1_4,1_4,1_4,1_4&#8243; use_custom_gutter=&#8221;on&#8221; gutter_width=&#8221;2&#8243; make_equal=&#8221;on&#8221; _builder_version=&#8221;4.13.0&#8243; _module_preset=&#8221;default&#8221; background_enable_color=&#8221;off&#8221; custom_margin=&#8221;||0px||false|false&#8221; custom_padding=&#8221;||0px||false|false&#8221; locked=&#8221;off&#8221; global_colors_info=&#8221;{}&#8221;][et_pb_column type=&#8221;1_4&#8243; _builder_version=&#8221;4.13.0&#8243; _module_preset=&#8221;default&#8221; background_color=&#8221;#FFFFFF&#8221; border_radii=&#8221;on|12px|12px|12px|12px&#8221; global_colors_info=&#8221;{}&#8221;][et_pb_text _builder_version=&#8221;4.13.0&#8243; _module_preset=&#8221;default&#8221; text_font=&#8221;Montserrat||||||||&#8221; text_font_size=&#8221;12px&#8221; text_line_height=&#8221;1.2em&#8221; custom_margin=&#8221;16px|12px|8px|12px|false|false&#8221; global_colors_info=&#8221;{}&#8221;]<\/p>\n<p><span style=\"font-size: medium; color: #c18934;\"><strong>Vale de Cambra<\/strong><\/span><\/p>\n<p><strong>Entidade promotora:<\/strong><br \/><span>C\u00e2mara Municipal de Vale de Cambra &#8211; PACD<\/span><\/p>\n<p><strong>Iniciativa | Atividade:<\/strong><br \/><span>Workshop Autocuidado<\/span><\/p>\n<p>[\/et_pb_text][et_pb_toggle title=&#8221;Informa\u00e7\u00f5es&#8221; closed_toggle_text_color=&#8221;#759fdb&#8221; icon_color=&#8221;#e22685&#8243; toggle_icon=&#8221;&#xe03a;||divi||400&#8243; use_icon_font_size=&#8221;on&#8221; icon_font_size=&#8221;23px&#8221; _builder_version=&#8221;4.13.0&#8243; _module_preset=&#8221;default&#8221; title_font=&#8221;Montserrat|700|||||||&#8221; title_font_size=&#8221;13px&#8221; body_font=&#8221;Montserrat||||||||&#8221; body_font_size=&#8221;11px&#8221; body_line_height=&#8221;1.2em&#8221; background_color=&#8221;rgba(255,255,255,0)&#8221; custom_margin=&#8221;|||8px|false|false&#8221; custom_padding=&#8221;8px||16px|4px|false|false&#8221; border_width_all=&#8221;0px&#8221; global_colors_info=&#8221;{}&#8221;]<\/p>\n<p><strong>Local:<\/strong> <span>Centro C\u00edvico de R\u00f4ge<\/span><\/p>\n<p><strong>Dia:<\/strong> 21 de mar\u00e7o | <strong>Hora:<\/strong> 14h30<\/p>\n<p>[\/et_pb_toggle][\/et_pb_column][et_pb_column type=&#8221;1_4&#8243; _builder_version=&#8221;4.13.0&#8243; _module_preset=&#8221;default&#8221; background_color=&#8221;#FFFFFF&#8221; border_radii=&#8221;on|12px|12px|12px|12px&#8221; global_colors_info=&#8221;{}&#8221;][et_pb_text _builder_version=&#8221;4.13.0&#8243; _module_preset=&#8221;default&#8221; text_font=&#8221;Montserrat||||||||&#8221; text_font_size=&#8221;12px&#8221; text_line_height=&#8221;1.2em&#8221; custom_margin=&#8221;16px|12px|8px|12px|false|false&#8221; global_colors_info=&#8221;{}&#8221;]<\/p>\n<p><span style=\"font-size: medium; color: #c18934;\"><strong>Vale de Cambra<\/strong><\/span><\/p>\n<p><strong>Entidade promotora:<\/strong><br \/><span>C\u00e2mara Municipal de Vale de Cambra &#8211; PACD<\/span><\/p>\n<p><strong>Iniciativa | Atividade:<\/strong><br \/><span>Workshop Pintura<\/span><\/p>\n<p>[\/et_pb_text][et_pb_toggle title=&#8221;Informa\u00e7\u00f5es&#8221; closed_toggle_text_color=&#8221;#759fdb&#8221; icon_color=&#8221;#e22685&#8243; toggle_icon=&#8221;&#xe03a;||divi||400&#8243; use_icon_font_size=&#8221;on&#8221; icon_font_size=&#8221;23px&#8221; _builder_version=&#8221;4.13.0&#8243; _module_preset=&#8221;default&#8221; title_font=&#8221;Montserrat|700|||||||&#8221; title_font_size=&#8221;13px&#8221; body_font=&#8221;Montserrat||||||||&#8221; body_font_size=&#8221;11px&#8221; body_line_height=&#8221;1.2em&#8221; background_color=&#8221;rgba(255,255,255,0)&#8221; custom_margin=&#8221;|||8px|false|false&#8221; custom_padding=&#8221;8px||16px|4px|false|false&#8221; border_width_all=&#8221;0px&#8221; global_colors_info=&#8221;{}&#8221;]<\/p>\n<p><strong>Local:<\/strong> <span>Parque da Cidade<\/span><\/p>\n<p><strong>Dia:<\/strong> 24 de mar\u00e7o | <strong>Hora:<\/strong> 10h00<\/p>\n<p>[\/et_pb_toggle][\/et_pb_column][et_pb_column type=&#8221;1_4&#8243; _builder_version=&#8221;4.13.0&#8243; _module_preset=&#8221;default&#8221; background_color=&#8221;#FFFFFF&#8221; border_radii=&#8221;on|12px|12px|12px|12px&#8221; global_colors_info=&#8221;{}&#8221;][et_pb_text _builder_version=&#8221;4.13.0&#8243; _module_preset=&#8221;default&#8221; text_font=&#8221;Montserrat||||||||&#8221; text_font_size=&#8221;12px&#8221; text_line_height=&#8221;1.2em&#8221; min_height=&#8221;113.4px&#8221; custom_margin=&#8221;16px|12px|8px|12px|false|false&#8221; global_colors_info=&#8221;{}&#8221;]<\/p>\n<p><span style=\"font-size: medium; color: #c18934;\"><strong>Aveiro<\/strong><\/span><\/p>\n<p><strong>Entidade promotora:<\/strong><br \/><span>Movimento Democr\u00e1tico de Mulheres <\/span><\/p>\n<p><strong>Iniciativa | Atividade:<\/strong><br \/><span>Jantar Comemorativo Dia Internacional da Mulher<\/span><\/p>\n<p>[\/et_pb_text][et_pb_toggle title=&#8221;Informa\u00e7\u00f5es&#8221; closed_toggle_text_color=&#8221;#759fdb&#8221; icon_color=&#8221;#e22685&#8243; toggle_icon=&#8221;&#xe03a;||divi||400&#8243; use_icon_font_size=&#8221;on&#8221; icon_font_size=&#8221;23px&#8221; _builder_version=&#8221;4.13.0&#8243; _module_preset=&#8221;default&#8221; title_font=&#8221;Montserrat|700|||||||&#8221; title_font_size=&#8221;13px&#8221; body_font=&#8221;Montserrat||||||||&#8221; body_font_size=&#8221;11px&#8221; body_line_height=&#8221;1.2em&#8221; background_color=&#8221;rgba(255,255,255,0)&#8221; custom_margin=&#8221;|||8px|false|false&#8221; custom_padding=&#8221;8px||16px|4px|false|false&#8221; border_width_all=&#8221;0px&#8221; global_colors_info=&#8221;{}&#8221;]<\/p>\n<p><strong>Local:<\/strong> <span>Hotel Imperial (R. Dr. Nascimento Leit\u00e3o 1, Aveiro)<\/span><\/p>\n<p><strong>Dia:<\/strong> 08 de mar\u00e7o | <strong>Hora:<\/strong> 20h00<\/p>\n<p><img loading=\"lazy\" src=\"https:\/\/www.cig.gov.pt\/iniciativas-nacionais\/wp-content\/uploads\/2024\/03\/aveiro_jantar-MDM-Movimento-Democratico-de-Mulheres-300x300.png\" width=\"300\" height=\"300\" alt=\"\" class=\"wp-image-4857 alignnone size-medium\" \/><\/p>\n<p>[\/et_pb_toggle][\/et_pb_column][et_pb_column type=&#8221;1_4&#8243; _builder_version=&#8221;4.13.0&#8243; _module_preset=&#8221;default&#8221; background_color=&#8221;rgba(255,255,255,0)&#8221; border_radii=&#8221;on|12px|12px|12px|12px&#8221; global_colors_info=&#8221;{}&#8221;][\/et_pb_column][\/et_pb_row][et_pb_row admin_label=&#8221;Beja&#8221; _builder_version=&#8221;4.13.0&#8243; _module_preset=&#8221;default&#8221; background_color=&#8221;#03989e&#8221; custom_margin=&#8221;24px||0px||false|false&#8221; custom_padding=&#8221;16px||16px||false|false&#8221; border_radii=&#8221;on|12px|12px|12px|12px&#8221; locked=&#8221;off&#8221; global_colors_info=&#8221;{}&#8221;][et_pb_column type=&#8221;4_4&#8243; _builder_version=&#8221;4.13.0&#8243; _module_preset=&#8221;default&#8221; global_colors_info=&#8221;{}&#8221;][et_pb_text admin_label=&#8221;Beja&#8221; _builder_version=&#8221;4.13.0&#8243; _module_preset=&#8221;default&#8221; text_font=&#8221;Montserrat|700|||||||&#8221; text_text_color=&#8221;#FFFFFF&#8221; text_font_size=&#8221;16px&#8221; text_letter_spacing=&#8221;1px&#8221; custom_margin=&#8221;2px||0px|20px|false|false&#8221; custom_padding=&#8221;6px||2px||false|false&#8221; global_colors_info=&#8221;{}&#8221;]<\/p>\n<p><span style=\"color: #f3d9da;\">Distrito: <\/span><span style=\"font-size: xx-large;\">Beja<\/span><\/p>\n<p>[\/et_pb_text][\/et_pb_column][\/et_pb_row][et_pb_row column_structure=&#8221;1_4,1_4,1_4,1_4&#8243; use_custom_gutter=&#8221;on&#8221; gutter_width=&#8221;2&#8243; make_equal=&#8221;on&#8221; _builder_version=&#8221;4.13.0&#8243; _module_preset=&#8221;default&#8221; background_color=&#8221;rgba(255,255,255,0)&#8221; custom_margin=&#8221;||0px||false|false&#8221; custom_padding=&#8221;||0px||false|false&#8221; locked=&#8221;off&#8221; global_colors_info=&#8221;{}&#8221;][et_pb_column type=&#8221;1_4&#8243; _builder_version=&#8221;4.13.0&#8243; _module_preset=&#8221;default&#8221; background_color=&#8221;#FFFFFF&#8221; border_radii=&#8221;on|12px|12px|12px|12px&#8221; global_colors_info=&#8221;{}&#8221;][et_pb_text _builder_version=&#8221;4.13.0&#8243; _module_preset=&#8221;default&#8221; text_font=&#8221;Montserrat||||||||&#8221; text_font_size=&#8221;12px&#8221; text_line_height=&#8221;1.2em&#8221; custom_margin=&#8221;16px|12px|8px|12px|false|false&#8221; global_colors_info=&#8221;{}&#8221;]<\/p>\n<p><span style=\"font-size: medium; color: #c18934;\"><strong>Alvito<\/strong><\/span><\/p>\n<p><strong>Entidade promotora:<\/strong><br \/>Junta de Freguesia de Vila Nova da Baronia<\/p>\n<p><strong>Iniciativa | Atividade:<\/strong><br \/>Jantar conv\u00edvio com anima\u00e7\u00e3o<\/p>\n<p>[\/et_pb_text][et_pb_toggle title=&#8221;Informa\u00e7\u00f5es&#8221; closed_toggle_text_color=&#8221;#759fdb&#8221; icon_color=&#8221;#e22685&#8243; toggle_icon=&#8221;&#xe03a;||divi||400&#8243; use_icon_font_size=&#8221;on&#8221; icon_font_size=&#8221;23px&#8221; _builder_version=&#8221;4.13.0&#8243; _module_preset=&#8221;default&#8221; title_font=&#8221;Montserrat|700|||||||&#8221; title_font_size=&#8221;13px&#8221; body_font=&#8221;Montserrat||||||||&#8221; body_font_size=&#8221;11px&#8221; body_line_height=&#8221;1.2em&#8221; background_color=&#8221;rgba(255,255,255,0)&#8221; custom_margin=&#8221;|||8px|false|false&#8221; custom_padding=&#8221;8px||16px|4px|false|false&#8221; border_width_all=&#8221;0px&#8221; global_colors_info=&#8221;{}&#8221;]<\/p>\n<p style=\"text-align: justify;\"><strong>Jantar conv\u00edvio com anima\u00e7\u00e3o<br \/><\/strong><\/p>\n<p style=\"text-align: justify;\"><strong><a href=\"https:\/\/www.cig.gov.pt\/iniciativas-nacionais\/wp-content\/uploads\/2024\/02\/CartazDiaDaMulher_2024-...jpg\" target=\"_blank\" rel=\"noopener\"><img loading=\"lazy\" class=\"wp-image-4169 aligncenter size-full\" src=\"https:\/\/www.cig.gov.pt\/iniciativas-nacionais\/wp-content\/uploads\/2024\/02\/CartazDiaDaMulher_2024-...jpg\" alt=\"Jantar conv\u00edvio com anima\u00e7\u00e3o\" width=\"877\" height=\"1241\" srcset=\"https:\/\/www.cig.gov.pt\/iniciativas-nacionais\/wp-content\/uploads\/2024\/02\/CartazDiaDaMulher_2024-...jpg 877w, https:\/\/www.cig.gov.pt\/iniciativas-nacionais\/wp-content\/uploads\/2024\/02\/CartazDiaDaMulher_2024-..-480x679.jpg 480w\" sizes=\"(min-width: 0px) and (max-width: 480px) 480px, (min-width: 481px) 877px, 100vw\" \/><\/a><\/strong><\/p>\n<p><strong>Local:<\/strong> Centro Cultural de Vila Nova da Baronia<\/p>\n<p><strong>Dia:<\/strong> 8 de mar\u00e7o | <strong>Hora:<\/strong> 08h00<\/p>\n<p>[\/et_pb_toggle][\/et_pb_column][et_pb_column type=&#8221;1_4&#8243; _builder_version=&#8221;4.13.0&#8243; _module_preset=&#8221;default&#8221; background_color=&#8221;#ffffff&#8221; border_radii=&#8221;on|12px|12px|12px|12px&#8221; global_colors_info=&#8221;{}&#8221;][et_pb_text _builder_version=&#8221;4.13.0&#8243; _module_preset=&#8221;default&#8221; text_font=&#8221;Montserrat||||||||&#8221; text_font_size=&#8221;12px&#8221; text_line_height=&#8221;1.2em&#8221; custom_margin=&#8221;16px|12px|8px|12px|false|false&#8221; global_colors_info=&#8221;{}&#8221;]<\/p>\n<p><span style=\"font-size: medium; color: #c18934;\"><strong>Alvito<\/strong><\/span><\/p>\n<p><strong>Entidade promotora:<\/strong><br \/>Junta de Freguesia de Alvito<\/p>\n<p><strong>Iniciativa | Atividade:<\/strong><br \/>Jantar conv\u00edvio<\/p>\n<p>[\/et_pb_text][et_pb_toggle title=&#8221;Informa\u00e7\u00f5es&#8221; closed_toggle_text_color=&#8221;#759fdb&#8221; icon_color=&#8221;#e22685&#8243; toggle_icon=&#8221;&#xe03a;||divi||400&#8243; use_icon_font_size=&#8221;on&#8221; icon_font_size=&#8221;23px&#8221; _builder_version=&#8221;4.13.0&#8243; _module_preset=&#8221;default&#8221; title_font=&#8221;Montserrat|700|||||||&#8221; title_font_size=&#8221;13px&#8221; body_font=&#8221;Montserrat||||||||&#8221; body_font_size=&#8221;11px&#8221; body_line_height=&#8221;1.2em&#8221; background_color=&#8221;rgba(255,255,255,0)&#8221; custom_margin=&#8221;|||8px|false|false&#8221; custom_padding=&#8221;8px||16px|4px|false|false&#8221; border_width_all=&#8221;0px&#8221; global_colors_info=&#8221;{}&#8221;]<\/p>\n<p style=\"text-align: justify;\"><strong>Jantar conv\u00edvio<br \/><\/strong><\/p>\n<p style=\"text-align: justify;\"><strong><a href=\"https:\/\/www.cig.gov.pt\/iniciativas-nacionais\/wp-content\/uploads\/2024\/02\/cartaz-Dia-da-Mulher-A4-2024-002....-Halia-Feio.jpg\" target=\"_blank\" rel=\"noopener\"><img loading=\"lazy\" class=\"wp-image-4172 aligncenter size-full\" src=\"https:\/\/www.cig.gov.pt\/iniciativas-nacionais\/wp-content\/uploads\/2024\/02\/cartaz-Dia-da-Mulher-A4-2024-002....-Halia-Feio.jpg\" alt=\"Jantar conv\u00edvio\" width=\"827\" height=\"1170\" srcset=\"https:\/\/www.cig.gov.pt\/iniciativas-nacionais\/wp-content\/uploads\/2024\/02\/cartaz-Dia-da-Mulher-A4-2024-002....-Halia-Feio.jpg 827w, https:\/\/www.cig.gov.pt\/iniciativas-nacionais\/wp-content\/uploads\/2024\/02\/cartaz-Dia-da-Mulher-A4-2024-002....-Halia-Feio-480x679.jpg 480w\" sizes=\"(min-width: 0px) and (max-width: 480px) 480px, (min-width: 481px) 827px, 100vw\" \/><\/a><\/strong><\/p>\n<p style=\"text-align: justify;\"><strong>Local:<\/strong> Sal\u00e3o Bombeiros Volunt\u00e1rios de Alvito.<\/p>\n<p><strong>Dia:<\/strong> 8 de mar\u00e7o | <strong>Hora:<\/strong> 08h00<\/p>\n<p>[\/et_pb_toggle][\/et_pb_column][et_pb_column type=&#8221;1_4&#8243; _builder_version=&#8221;4.13.0&#8243; _module_preset=&#8221;default&#8221; background_color=&#8221;#FFFFFF&#8221; border_radii=&#8221;on|12px|12px|12px|12px&#8221; global_colors_info=&#8221;{}&#8221;][et_pb_text _builder_version=&#8221;4.13.0&#8243; _module_preset=&#8221;default&#8221; text_font=&#8221;Montserrat||||||||&#8221; text_font_size=&#8221;12px&#8221; text_line_height=&#8221;1.2em&#8221; custom_margin=&#8221;16px|12px|8px|12px|false|false&#8221; global_colors_info=&#8221;{}&#8221;]<\/p>\n<p><span style=\"font-size: medium; color: #c18934;\"><strong>Vidigueira<\/strong><\/span><\/p>\n<p><strong>Entidade promotora:<\/strong><br \/>Freguesia da Vidigueira<\/p>\n<p><strong>Iniciativa | Atividade:<\/strong><br \/><span style=\"font-size: 10pt; font-family: Arial; font-style: normal;\" data-sheets-root=\"1\" data-sheets-value=\"{&quot;1&quot;:2,&quot;2&quot;:&quot;Dia da Mulher&quot;}\" data-sheets-userformat=\"{&quot;2&quot;:769,&quot;3&quot;:{&quot;1&quot;:0},&quot;11&quot;:4,&quot;12&quot;:0}\">Dia da Mulher<\/span><\/p>\n<p>[\/et_pb_text][et_pb_toggle title=&#8221;Informa\u00e7\u00f5es&#8221; closed_toggle_text_color=&#8221;#759fdb&#8221; icon_color=&#8221;#e22685&#8243; toggle_icon=&#8221;&#xe03a;||divi||400&#8243; use_icon_font_size=&#8221;on&#8221; icon_font_size=&#8221;23px&#8221; _builder_version=&#8221;4.13.0&#8243; _module_preset=&#8221;default&#8221; title_font=&#8221;Montserrat|700|||||||&#8221; title_font_size=&#8221;13px&#8221; body_font=&#8221;Montserrat||||||||&#8221; body_font_size=&#8221;11px&#8221; body_line_height=&#8221;1.2em&#8221; background_color=&#8221;rgba(255,255,255,0)&#8221; custom_margin=&#8221;|||8px|false|false&#8221; custom_padding=&#8221;8px||16px|4px|false|false&#8221; border_width_all=&#8221;0px&#8221; global_colors_info=&#8221;{}&#8221;]<\/p>\n<p style=\"text-align: justify;\">\n<p>Venha assinalar esta data connosco!<\/p>\n<p>Durante todo o hor\u00e1rio de funcionamento teremos uma oferta para si!<\/p>\n<p>No per\u00edodo das 10h00 \u00e0s 12h00, realce a sua beleza natural pelas m\u00e3os da Soraia Santana!<\/p>\n<p style=\"text-align: justify;\"><strong>Local:<\/strong> Junta de Freguesia de Vidigueira, Rua dos Caldeireiros n\u00ba 15<\/p>\n<p><strong>Dia:<\/strong> 8 de mar\u00e7o | <strong>Hora:<\/strong> 09h00 \u00e0s 12h30 e 13h30 \u00e0s 16h30<\/p>\n<p><img loading=\"lazy\" src=\"https:\/\/www.cig.gov.pt\/iniciativas-nacionais\/wp-content\/uploads\/2024\/02\/vidigueira-240x300.jpg\" width=\"240\" height=\"300\" alt=\"\" class=\"wp-image-4282 alignnone size-medium\" \/><\/p>\n<p>[\/et_pb_toggle][\/et_pb_column][et_pb_column type=&#8221;1_4&#8243; _builder_version=&#8221;4.13.0&#8243; _module_preset=&#8221;default&#8221; background_color=&#8221;#FFFFFF&#8221; border_radii=&#8221;on|12px|12px|12px|12px&#8221; global_colors_info=&#8221;{}&#8221;][et_pb_text _builder_version=&#8221;4.13.0&#8243; _module_preset=&#8221;default&#8221; text_font=&#8221;Montserrat||||||||&#8221; text_font_size=&#8221;12px&#8221; text_line_height=&#8221;1.2em&#8221; custom_margin=&#8221;16px|12px|8px|12px|false|false&#8221; global_colors_info=&#8221;{}&#8221;]<\/p>\n<p><span style=\"font-size: medium; color: #c18934;\"><strong>Cuba<\/strong><\/span><\/p>\n<p><strong>Entidade promotora:<\/strong><br \/><span>Moura Sal\u00faquia &#8211; Associa\u00e7\u00e3o de Mulheres do Concelho de Moura<\/span><\/p>\n<p><strong>Iniciativa | Atividade:<\/strong><br \/><span style=\"font-size: 10pt; font-family: Arial; font-style: normal;\" data-sheets-root=\"1\" data-sheets-value=\"{&quot;1&quot;:2,&quot;2&quot;:&quot;Dia da Mulher&quot;}\" data-sheets-userformat=\"{&quot;2&quot;:769,&quot;3&quot;:{&quot;1&quot;:0},&quot;11&quot;:4,&quot;12&quot;:0}\">Exposi\u00e7\u00e3o sobre Igualdade de G\u00e9nero<\/span><\/p>\n<p>[\/et_pb_text][et_pb_toggle title=&#8221;Informa\u00e7\u00f5es&#8221; closed_toggle_text_color=&#8221;#759fdb&#8221; icon_color=&#8221;#e22685&#8243; toggle_icon=&#8221;&#xe03a;||divi||400&#8243; use_icon_font_size=&#8221;on&#8221; icon_font_size=&#8221;23px&#8221; _builder_version=&#8221;4.13.0&#8243; _module_preset=&#8221;default&#8221; title_font=&#8221;Montserrat|700|||||||&#8221; title_font_size=&#8221;13px&#8221; body_font=&#8221;Montserrat||||||||&#8221; body_font_size=&#8221;11px&#8221; body_line_height=&#8221;1.2em&#8221; background_color=&#8221;rgba(255,255,255,0)&#8221; custom_margin=&#8221;|||8px|false|false&#8221; custom_padding=&#8221;8px||16px|4px|false|false&#8221; border_width_all=&#8221;0px&#8221; global_colors_info=&#8221;{}&#8221;]<\/p>\n<p style=\"text-align: justify;\"><span>Exposi\u00e7\u00e3o gr\u00e1fica sobre temas ligados \u00e0 Igualdade de G\u00e9nero<\/span><\/p>\n<p style=\"text-align: justify;\"><strong>Local:<\/strong> <span>Sala de Conv\u00edvio\/Bar da Escola Profissional de Cuba<\/span><\/p>\n<p><strong>Dia:<\/strong> 04 de mar\u00e7o | <strong>Hora:<\/strong> 09h30<\/p>\n<p><img loading=\"lazy\" src=\"https:\/\/www.cig.gov.pt\/iniciativas-nacionais\/wp-content\/uploads\/2024\/02\/vidigueira-240x300.jpg\" width=\"240\" height=\"300\" alt=\"\" class=\"wp-image-4282 alignnone size-medium\" \/><\/p>\n<p>[\/et_pb_toggle][\/et_pb_column][\/et_pb_row][et_pb_row column_structure=&#8221;1_4,1_4,1_4,1_4&#8243; use_custom_gutter=&#8221;on&#8221; gutter_width=&#8221;2&#8243; make_equal=&#8221;on&#8221; _builder_version=&#8221;4.13.0&#8243; _module_preset=&#8221;default&#8221; background_color=&#8221;rgba(255,255,255,0)&#8221; custom_margin=&#8221;||0px||false|false&#8221; custom_padding=&#8221;||0px||false|false&#8221; locked=&#8221;off&#8221; global_colors_info=&#8221;{}&#8221;][et_pb_column type=&#8221;1_4&#8243; _builder_version=&#8221;4.13.0&#8243; _module_preset=&#8221;default&#8221; background_color=&#8221;#FFFFFF&#8221; border_radii=&#8221;on|12px|12px|12px|12px&#8221; global_colors_info=&#8221;{}&#8221;][et_pb_text _builder_version=&#8221;4.13.0&#8243; _module_preset=&#8221;default&#8221; text_font=&#8221;Montserrat||||||||&#8221; text_font_size=&#8221;12px&#8221; text_line_height=&#8221;1.2em&#8221; custom_margin=&#8221;16px|12px|8px|12px|false|false&#8221; global_colors_info=&#8221;{}&#8221;]<\/p>\n<p><span style=\"font-size: medium; color: #c18934;\"><strong>Cuba<\/strong><\/span><\/p>\n<p><strong>Entidade promotora:<\/strong><br \/>Moura Sal\u00faquia &#8211; Associa\u00e7\u00e3o de Mulheres do Concelho de Moura<\/p>\n<p><strong>Iniciativa | Atividade:<\/strong><br \/>A\u00e7\u00e3o de Sensibiliza\u00e7\u00e3o sobre Igualdade de G\u00e9nero<\/p>\n<p>[\/et_pb_text][et_pb_toggle title=&#8221;Informa\u00e7\u00f5es&#8221; closed_toggle_text_color=&#8221;#759fdb&#8221; icon_color=&#8221;#e22685&#8243; toggle_icon=&#8221;&#xe03a;||divi||400&#8243; use_icon_font_size=&#8221;on&#8221; icon_font_size=&#8221;23px&#8221; _builder_version=&#8221;4.13.0&#8243; _module_preset=&#8221;default&#8221; title_font=&#8221;Montserrat|700|||||||&#8221; title_font_size=&#8221;13px&#8221; body_font=&#8221;Montserrat||||||||&#8221; body_font_size=&#8221;11px&#8221; body_line_height=&#8221;1.2em&#8221; background_color=&#8221;rgba(255,255,255,0)&#8221; custom_margin=&#8221;|||8px|false|false&#8221; custom_padding=&#8221;8px||16px|4px|false|false&#8221; border_width_all=&#8221;0px&#8221; global_colors_info=&#8221;{}&#8221;]<\/p>\n<p style=\"text-align: justify;\">A\u00e7\u00e3o de debate e partilha sobre temas ligados \u00e0 Igualdade de G\u00e9nero<\/p>\n<p><strong>Local:<\/strong> Cuba<\/p>\n<p><strong>Dia:<\/strong> 11 de mar\u00e7o | <strong>Hora:<\/strong> 10h00<\/p>\n<p>[\/et_pb_toggle][\/et_pb_column][et_pb_column type=&#8221;1_4&#8243; _builder_version=&#8221;4.13.0&#8243; _module_preset=&#8221;default&#8221; background_color=&#8221;#ffffff&#8221; border_radii=&#8221;on|12px|12px|12px|12px&#8221; global_colors_info=&#8221;{}&#8221;][et_pb_text _builder_version=&#8221;4.13.0&#8243; _module_preset=&#8221;default&#8221; text_font=&#8221;Montserrat||||||||&#8221; text_font_size=&#8221;12px&#8221; text_line_height=&#8221;1.2em&#8221; custom_margin=&#8221;16px|12px|8px|12px|false|false&#8221; global_colors_info=&#8221;{}&#8221;]<\/p>\n<p><span style=\"font-size: medium; color: #c18934;\"><strong>Cuba<\/strong><\/span><\/p>\n<p><strong>Entidade promotora:<\/strong><br \/><span>Moura Sal\u00faquia &#8211; Associa\u00e7\u00e3o de Mulheres do Concelho de Moura<\/span><\/p>\n<p><strong>Iniciativa | Atividade:<\/strong><br \/>A\u00e7\u00e3o de sensibiliza\u00e7\u00e3o sobre Igualdade de G\u00e9nero<\/p>\n<p>[\/et_pb_text][et_pb_toggle title=&#8221;Informa\u00e7\u00f5es&#8221; closed_toggle_text_color=&#8221;#759fdb&#8221; icon_color=&#8221;#e22685&#8243; toggle_icon=&#8221;&#xe03a;||divi||400&#8243; use_icon_font_size=&#8221;on&#8221; icon_font_size=&#8221;23px&#8221; _builder_version=&#8221;4.13.0&#8243; _module_preset=&#8221;default&#8221; title_font=&#8221;Montserrat|700|||||||&#8221; title_font_size=&#8221;13px&#8221; body_font=&#8221;Montserrat||||||||&#8221; body_font_size=&#8221;11px&#8221; body_line_height=&#8221;1.2em&#8221; background_color=&#8221;rgba(255,255,255,0)&#8221; custom_margin=&#8221;|||8px|false|false&#8221; custom_padding=&#8221;8px||16px|4px|false|false&#8221; border_width_all=&#8221;0px&#8221; global_colors_info=&#8221;{}&#8221;]<\/p>\n<p style=\"text-align: justify;\"><span>A\u00e7\u00e3o de debate e partilha intergeracional sobre Igualdade de G\u00e9nero<\/span><\/p>\n<p style=\"text-align: justify;\"><strong>Local:<\/strong> <span>Escola Profissional de Moura<\/span><\/p>\n<p><strong>Dia:<\/strong> 08 de mar\u00e7o<\/p>\n<p><img loading=\"lazy\" src=\"https:\/\/www.cig.gov.pt\/iniciativas-nacionais\/wp-content\/uploads\/2024\/02\/vidigueira-240x300.jpg\" width=\"240\" height=\"300\" alt=\"\" class=\"wp-image-4282 alignnone size-medium\" \/><\/p>\n<p>[\/et_pb_toggle][\/et_pb_column][et_pb_column type=&#8221;1_4&#8243; _builder_version=&#8221;4.13.0&#8243; _module_preset=&#8221;default&#8221; background_color=&#8221;#FFFFFF&#8221; border_radii=&#8221;on|12px|12px|12px|12px&#8221; global_colors_info=&#8221;{}&#8221;][et_pb_text _builder_version=&#8221;4.13.0&#8243; _module_preset=&#8221;default&#8221; text_font=&#8221;Montserrat||||||||&#8221; text_font_size=&#8221;12px&#8221; text_line_height=&#8221;1.2em&#8221; custom_margin=&#8221;16px|12px|8px|12px|false|false&#8221; global_colors_info=&#8221;{}&#8221;]<\/p>\n<p><span style=\"font-size: medium; color: #c18934;\"><strong><span>Beja<\/span><\/strong><\/span><\/p>\n<p><strong>Entidade promotora:<\/strong><br \/><span>C\u00e2mara Municipal de Beja<\/span><\/p>\n<p><strong>Iniciativa | Atividade:<\/strong><br \/><span>&#8221; + Igualdade&#8221;<\/span><\/p>\n<p>[\/et_pb_text][et_pb_toggle title=&#8221;Informa\u00e7\u00f5es&#8221; closed_toggle_text_color=&#8221;#759fdb&#8221; icon_color=&#8221;#e22685&#8243; toggle_icon=&#8221;&#xe03a;||divi||400&#8243; use_icon_font_size=&#8221;on&#8221; icon_font_size=&#8221;23px&#8221; _builder_version=&#8221;4.13.0&#8243; _module_preset=&#8221;default&#8221; title_font=&#8221;Montserrat|700|||||||&#8221; title_font_size=&#8221;13px&#8221; body_font=&#8221;Montserrat||||||||&#8221; body_font_size=&#8221;11px&#8221; body_line_height=&#8221;1.2em&#8221; background_color=&#8221;rgba(255,255,255,0)&#8221; custom_margin=&#8221;|||8px|false|false&#8221; custom_padding=&#8221;8px||16px|4px|false|false&#8221; border_width_all=&#8221;0px&#8221; global_colors_info=&#8221;{}&#8221;]<\/p>\n<p style=\"text-align: justify;\"><span>Com o objetivo de assinalar o Dia Internacional das Mulheres, o Munic\u00edpio de Beja ir\u00e1 promover um conjunto de atividades, com o mote &#8220;+igualdade\u201d. \u00c9 um programa de incentivo \u00e0 reflex\u00e3o acerca do progresso a n\u00edvel dos direitos humanos, igualdade de g\u00eanero e o empoderamento das mulheres, que inclui a divulga\u00e7\u00e3o de informa\u00e7\u00e3o, a\u00e7\u00f5es de forma\u00e7\u00e3o, anima\u00e7\u00e3o de rua, exposi\u00e7\u00f5es e sess\u00f5es de sensibiliza\u00e7\u00e3o atrav\u00e9s da educa\u00e7\u00e3o pelos pares. As atividades s\u00e3o realizadas no \u00e2mbito do Plano Municipal para a Igualdade, Cidadania e N\u00e3o Discrimina\u00e7\u00e3o (PMICND), em parceria com o N\u00facleo de Atendimento a V\u00edtimas de Viol\u00eancia Dom\u00e9stica de Beja e a Escola Profissional Bento Jesus Cara\u00e7a. <\/span><\/p>\n<p style=\"text-align: justify;\"><span>Programa: &#8211; A 8 de mar\u00e7o ser\u00e1 divulgada informa\u00e7\u00e3o nos v\u00e1rios edif\u00edcios da C\u00e2mara Municipal, sobre a evolu\u00e7\u00e3o do papel da mulher na sociedade, ass\u00e9dio no local de trabalho, viol\u00eancia dom\u00e9stica enquanto crime p\u00fablico, bem como, o contacto dos n\u00facleos de apoio a v\u00edtimas existentes a n\u00edvel local e nacional;<\/span><\/p>\n<p style=\"text-align: justify;\"><strong>Local:<\/strong> <span>Cidade de Beja<\/span><\/p>\n<p><strong>Dia:<\/strong> 26 de fevereiro a 22 de mar\u00e7o<\/p>\n<p>[\/et_pb_toggle][\/et_pb_column][et_pb_column type=&#8221;1_4&#8243; _builder_version=&#8221;4.13.0&#8243; _module_preset=&#8221;default&#8221; background_color=&#8221;#FFFFFF&#8221; border_radii=&#8221;on|12px|12px|12px|12px&#8221; global_colors_info=&#8221;{}&#8221;][et_pb_text _builder_version=&#8221;4.13.0&#8243; _module_preset=&#8221;default&#8221; text_font=&#8221;Montserrat||||||||&#8221; text_font_size=&#8221;12px&#8221; text_line_height=&#8221;1.2em&#8221; custom_margin=&#8221;16px|12px|8px|12px|false|false&#8221; global_colors_info=&#8221;{}&#8221;]<\/p>\n<p><span style=\"font-size: medium; color: #c18934;\"><strong><span>M\u00e9rtola<\/span><\/strong><\/span><\/p>\n<p><strong>Entidade promotora:<\/strong><br \/>Business as Nature (BasN)<\/p>\n<p><strong>Iniciativa | Atividade:<\/strong><br \/>Dia Internacional da Mulher &#8211; Conv\u00edvio<\/p>\n<p>[\/et_pb_text][et_pb_toggle title=&#8221;Informa\u00e7\u00f5es&#8221; closed_toggle_text_color=&#8221;#759fdb&#8221; icon_color=&#8221;#e22685&#8243; toggle_icon=&#8221;&#xe03a;||divi||400&#8243; use_icon_font_size=&#8221;on&#8221; icon_font_size=&#8221;23px&#8221; _builder_version=&#8221;4.13.0&#8243; _module_preset=&#8221;default&#8221; title_font=&#8221;Montserrat|700|||||||&#8221; title_font_size=&#8221;13px&#8221; body_font=&#8221;Montserrat||||||||&#8221; body_font_size=&#8221;11px&#8221; body_line_height=&#8221;1.2em&#8221; background_color=&#8221;rgba(255,255,255,0)&#8221; custom_margin=&#8221;|||8px|false|false&#8221; custom_padding=&#8221;8px||16px|4px|false|false&#8221; border_width_all=&#8221;0px&#8221; global_colors_info=&#8221;{}&#8221;]<\/p>\n<p style=\"text-align: justify;\"><span>A rede de mulheres promovida pela Business as Nature, as Guardi\u00e3s da Natureza, v\u00e3o dinamizar de norte a sul do pa\u00eds v\u00e1rias iniciativas para assinalar o Dia Internacional da Mulher e onde v\u00e3o poder partilhar a sua experi\u00eancia enquanto mulheres que procuram ativamente contribuir para um mundo melhor para todos, nomeadamente atrav\u00e9s dos seus projetos que promovem o desenvolvimento sustent\u00e1vel e a conserva\u00e7\u00e3o da natureza.<\/span><\/p>\n<p style=\"text-align: justify;\"><strong>Local:<\/strong> Restaurante Vila Velha, M\u00e9rtola<\/p>\n<p><strong>Dia:<\/strong> 08 de mar\u00e7o | <strong>Hora:<\/strong> 18h00<\/p>\n<p>[\/et_pb_toggle][\/et_pb_column][\/et_pb_row][et_pb_row admin_label=&#8221;Braga&#8221; _builder_version=&#8221;4.13.0&#8243; _module_preset=&#8221;default&#8221; background_color=&#8221;#03989e&#8221; custom_margin=&#8221;24px||0px||false|false&#8221; custom_padding=&#8221;16px||16px||false|false&#8221; border_radii=&#8221;on|12px|12px|12px|12px&#8221; global_colors_info=&#8221;{}&#8221;][et_pb_column type=&#8221;4_4&#8243; _builder_version=&#8221;4.13.0&#8243; _module_preset=&#8221;default&#8221; global_colors_info=&#8221;{}&#8221;][et_pb_text admin_label=&#8221;Braga&#8221; _builder_version=&#8221;4.13.0&#8243; _module_preset=&#8221;default&#8221; text_font=&#8221;Montserrat|700|||||||&#8221; text_text_color=&#8221;#FFFFFF&#8221; text_font_size=&#8221;16px&#8221; text_letter_spacing=&#8221;1px&#8221; custom_margin=&#8221;2px||0px|20px|false|false&#8221; custom_padding=&#8221;6px||2px||false|false&#8221; global_colors_info=&#8221;{}&#8221;]<\/p>\n<p><span style=\"color: #f3d9da;\">Distrito: <\/span><span style=\"font-size: xx-large;\">Braga<\/span><\/p>\n<p>[\/et_pb_text][\/et_pb_column][\/et_pb_row][et_pb_row column_structure=&#8221;1_4,1_4,1_4,1_4&#8243; use_custom_gutter=&#8221;on&#8221; gutter_width=&#8221;2&#8243; make_equal=&#8221;on&#8221; _builder_version=&#8221;4.13.0&#8243; _module_preset=&#8221;default&#8221; background_color=&#8221;rgba(255,255,255,0)&#8221; custom_margin=&#8221;||0px||false|false&#8221; custom_padding=&#8221;25px||0px||false|false&#8221; locked=&#8221;off&#8221; global_colors_info=&#8221;{}&#8221;][et_pb_column type=&#8221;1_4&#8243; _builder_version=&#8221;4.13.0&#8243; _module_preset=&#8221;default&#8221; background_color=&#8221;#FFFFFF&#8221; border_radii=&#8221;on|12px|12px|12px|12px&#8221; global_colors_info=&#8221;{}&#8221;][et_pb_text _builder_version=&#8221;4.13.0&#8243; _module_preset=&#8221;default&#8221; text_font=&#8221;Montserrat||||||||&#8221; text_font_size=&#8221;12px&#8221; text_line_height=&#8221;1.2em&#8221; custom_margin=&#8221;16px|12px|8px|12px|false|false&#8221; global_colors_info=&#8221;{}&#8221;]<\/p>\n<p><span style=\"font-size: medium; color: #c18934;\"><strong>Barcelos<\/strong><\/span><\/p>\n<p><strong>Entidade promotora:<\/strong><br \/><span style=\"font-size: 10pt; font-family: Arial; font-style: normal;\" data-sheets-root=\"1\" data-sheets-value=\"{&quot;1&quot;:2,&quot;2&quot;:&quot;C\u00e2mara Municipal de Barcelos&quot;}\" data-sheets-userformat=\"{&quot;2&quot;:513,&quot;3&quot;:{&quot;1&quot;:0},&quot;12&quot;:0}\">C\u00e2mara Municipal de Barcelos<\/span><\/p>\n<p><strong>Iniciativa | Atividade:<\/strong><br \/><span data-sheets-root=\"1\" data-sheets-value=\"{&quot;1&quot;:2,&quot;2&quot;:&quot;Um olhar sobre a Viol\u00eancia de G\u00e9nero &quot;}\" data-sheets-userformat=\"{&quot;2&quot;:897,&quot;3&quot;:{&quot;1&quot;:0},&quot;10&quot;:1,&quot;11&quot;:4,&quot;12&quot;:0}\"><span style=\"font-size: 10pt; font-family: Arial; font-style: normal;\" data-sheets-root=\"1\" data-sheets-value=\"{&quot;1&quot;:2,&quot;2&quot;:&quot;Ser mulher \u00e9\u2026&quot;}\" data-sheets-userformat=\"{&quot;2&quot;:513,&quot;3&quot;:{&quot;1&quot;:0},&quot;12&quot;:0}\">Ser mulher \u00e9\u2026<\/span> <\/span><\/p>\n<p>[\/et_pb_text][et_pb_toggle title=&#8221;Informa\u00e7\u00f5es&#8221; closed_toggle_text_color=&#8221;#759fdb&#8221; icon_color=&#8221;#e22685&#8243; toggle_icon=&#8221;&#xe03a;||divi||400&#8243; use_icon_font_size=&#8221;on&#8221; icon_font_size=&#8221;23px&#8221; _builder_version=&#8221;4.13.0&#8243; _module_preset=&#8221;default&#8221; title_font=&#8221;Montserrat|700|||||||&#8221; title_font_size=&#8221;13px&#8221; body_font=&#8221;Montserrat||||||||&#8221; body_font_size=&#8221;11px&#8221; body_line_height=&#8221;1.2em&#8221; background_color=&#8221;rgba(255,255,255,0)&#8221; custom_margin=&#8221;|||8px|false|false&#8221; custom_padding=&#8221;8px||16px|4px|false|false&#8221; border_width_all=&#8221;0px&#8221; global_colors_info=&#8221;{}&#8221;]<\/p>\n<p style=\"text-align: justify;\"><span data-sheets-root=\"1\" data-sheets-value=\"{&quot;1&quot;:2,&quot;2&quot;:&quot;A\u00e7\u00e3o de Sensibiliza\u00e7\u00e3o destinada aos alunos do ensino secund\u00e1rio sobre a viol\u00eancia de g\u00e9nero e em que se pretende explorar e aprofundar a experi\u00eancia do TAV, enquanto profissional que presta apoio \u00e0s v\u00edtimas de viol\u00eancia de g\u00e9nero. A atividade integra-se num programa mais abrangente, designado de Biblioteca Humana, em que se pretende que os alunos contactem de forma pr\u00f3xima com o testemunho pessoal e singular de profissionais que desenvolvem a sua atua\u00e7\u00e3o num dom\u00ednio espec\u00edfico. &quot;}\" data-sheets-userformat=\"{&quot;2&quot;:897,&quot;3&quot;:{&quot;1&quot;:0},&quot;10&quot;:1,&quot;11&quot;:4,&quot;12&quot;:0}\">Os\/as alunos\/as do curso de fotografia da ETG estar\u00e3o no Largo do Porta Nova, a fotografar todas as mulheres que queiram participar com uma palavra, desenho (o que quiserem) numa lousa onde consta a frase incompleta, Ser mulher \u00e9\u2026.<br \/>Pretendemos fotografas mulheres de diferentes realidades et\u00e1rias e sociais.<br \/>Paralelamente, ser\u00e3o feitas grava\u00e7\u00f5es \u00e1udio com os seus contributos. Posteriormente, de 19 a 31 de mar\u00e7o, este material ser\u00e1 exposto no Theatro Gil Vicente aberto \u00e0 comunidade geral.<\/span><\/p>\n<p><strong>Local: <\/strong><span data-sheets-root=\"1\" data-sheets-value=\"{&quot;1&quot;:2,&quot;2&quot;:&quot;Escola Secund\u00e1ria Alberto Sampaio &quot;}\" data-sheets-userformat=\"{&quot;2&quot;:897,&quot;3&quot;:{&quot;1&quot;:0},&quot;10&quot;:1,&quot;11&quot;:4,&quot;12&quot;:0}\">Largo do Porta Nova <\/span><strong><br \/><\/strong><\/p>\n<p><strong>Dia:<\/strong> 8 de mar\u00e7o | <strong>Hora:<\/strong> 09h30 \u00e0s 12h30<\/p>\n<p>[\/et_pb_toggle][\/et_pb_column][et_pb_column type=&#8221;1_4&#8243; _builder_version=&#8221;4.13.0&#8243; _module_preset=&#8221;default&#8221; background_color=&#8221;#FFFFFF&#8221; border_radii=&#8221;on|12px|12px|12px|12px&#8221; global_colors_info=&#8221;{}&#8221;][et_pb_text _builder_version=&#8221;4.13.0&#8243; _module_preset=&#8221;default&#8221; text_font=&#8221;Montserrat||||||||&#8221; text_font_size=&#8221;12px&#8221; text_line_height=&#8221;1.2em&#8221; custom_margin=&#8221;16px|12px|8px|12px|false|false&#8221; global_colors_info=&#8221;{}&#8221;]<\/p>\n<p><span style=\"font-size: medium; color: #c18934;\"><strong>Braga<\/strong><\/span><\/p>\n<p><strong>Entidade promotora:<\/strong><br \/><span data-sheets-formula-bar-text-style=\"font-size:12px;color:#000000;font-weight:normal;text-decoration:none;font-family:'Arial';font-style:normal;text-decoration-skip-ink:none;\">C\u00e1ritas Arquidiocesana de Braga<\/span><\/p>\n<p><strong>Iniciativa | Atividade:<\/strong><br \/><span data-sheets-root=\"1\" data-sheets-value=\"{&quot;1&quot;:2,&quot;2&quot;:&quot;Um olhar sobre a Viol\u00eancia de G\u00e9nero &quot;}\" data-sheets-userformat=\"{&quot;2&quot;:897,&quot;3&quot;:{&quot;1&quot;:0},&quot;10&quot;:1,&quot;11&quot;:4,&quot;12&quot;:0}\">Um olhar sobre a Viol\u00eancia de G\u00e9nero\u00a0<\/span><\/p>\n<p>[\/et_pb_text][et_pb_toggle title=&#8221;Informa\u00e7\u00f5es&#8221; closed_toggle_text_color=&#8221;#759fdb&#8221; icon_color=&#8221;#e22685&#8243; toggle_icon=&#8221;&#xe03a;||divi||400&#8243; use_icon_font_size=&#8221;on&#8221; icon_font_size=&#8221;23px&#8221; _builder_version=&#8221;4.13.0&#8243; _module_preset=&#8221;default&#8221; title_font=&#8221;Montserrat|700|||||||&#8221; title_font_size=&#8221;13px&#8221; body_font=&#8221;Montserrat||||||||&#8221; body_font_size=&#8221;11px&#8221; body_line_height=&#8221;1.2em&#8221; background_color=&#8221;rgba(255,255,255,0)&#8221; custom_margin=&#8221;|||8px|false|false&#8221; custom_padding=&#8221;8px||16px|4px|false|false&#8221; border_width_all=&#8221;0px&#8221; global_colors_info=&#8221;{}&#8221;]<\/p>\n<p style=\"text-align: justify;\"><span data-sheets-root=\"1\" data-sheets-value=\"{&quot;1&quot;:2,&quot;2&quot;:&quot;A\u00e7\u00e3o de Sensibiliza\u00e7\u00e3o destinada aos alunos do ensino secund\u00e1rio sobre a viol\u00eancia de g\u00e9nero e em que se pretende explorar e aprofundar a experi\u00eancia do TAV, enquanto profissional que presta apoio \u00e0s v\u00edtimas de viol\u00eancia de g\u00e9nero. A atividade integra-se num programa mais abrangente, designado de Biblioteca Humana, em que se pretende que os alunos contactem de forma pr\u00f3xima com o testemunho pessoal e singular de profissionais que desenvolvem a sua atua\u00e7\u00e3o num dom\u00ednio espec\u00edfico. &quot;}\" data-sheets-userformat=\"{&quot;2&quot;:897,&quot;3&quot;:{&quot;1&quot;:0},&quot;10&quot;:1,&quot;11&quot;:4,&quot;12&quot;:0}\">A\u00e7\u00e3o de sensibiliza\u00e7\u00e3o destinada aos alunos do ensino secund\u00e1rio sobre a viol\u00eancia de g\u00e9nero e em que se pretende explorar e aprofundar a experi\u00eancia do TAV, enquanto profissional que presta apoio \u00e0s v\u00edtimas de viol\u00eancia de g\u00e9nero. A atividade integra-se num programa mais abrangente, designado de Biblioteca Humana, em que se pretende que os alunos contactem de forma pr\u00f3xima com o testemunho pessoal e singular de profissionais que desenvolvem a sua atua\u00e7\u00e3o num dom\u00ednio espec\u00edfico.<\/span><\/p>\n<p><strong>Local: <\/strong><span data-sheets-root=\"1\" data-sheets-value=\"{&quot;1&quot;:2,&quot;2&quot;:&quot;Escola Secund\u00e1ria Alberto Sampaio &quot;}\" data-sheets-userformat=\"{&quot;2&quot;:897,&quot;3&quot;:{&quot;1&quot;:0},&quot;10&quot;:1,&quot;11&quot;:4,&quot;12&quot;:0}\">Escola Secund\u00e1ria Alberto Sampaio <\/span><strong><br \/><\/strong><\/p>\n<p><strong>Dia:<\/strong> 7 de mar\u00e7o | <strong>Hora:<\/strong> 11h00<\/p>\n<p>[\/et_pb_toggle][\/et_pb_column][et_pb_column type=&#8221;1_4&#8243; _builder_version=&#8221;4.13.0&#8243; _module_preset=&#8221;default&#8221; background_color=&#8221;#FFFFFF&#8221; border_radii=&#8221;on|12px|12px|12px|12px&#8221; global_colors_info=&#8221;{}&#8221;][et_pb_text _builder_version=&#8221;4.13.0&#8243; _module_preset=&#8221;default&#8221; text_font=&#8221;Montserrat||||||||&#8221; text_font_size=&#8221;12px&#8221; text_line_height=&#8221;1.2em&#8221; custom_margin=&#8221;16px|12px|8px|12px|false|false&#8221; global_colors_info=&#8221;{}&#8221;]<\/p>\n<p><span style=\"font-size: medium; color: #c18934;\"><strong>Braga<\/strong><\/span><\/p>\n<p><strong>Entidade promotora:<\/strong><br \/><span data-sheets-formula-bar-text-style=\"font-size:12px;color:#000000;font-weight:normal;text-decoration:none;font-family:'Arial';font-style:normal;text-decoration-skip-ink:none;\">Associa\u00e7\u00e3o GIRAR<\/span><\/p>\n<p><strong>Iniciativa | Atividade:<\/strong><br \/><span data-sheets-root=\"1\" data-sheets-value=\"{&quot;1&quot;:2,&quot;2&quot;:&quot;Um olhar sobre a Viol\u00eancia de G\u00e9nero &quot;}\" data-sheets-userformat=\"{&quot;2&quot;:897,&quot;3&quot;:{&quot;1&quot;:0},&quot;10&quot;:1,&quot;11&quot;:4,&quot;12&quot;:0}\">MULHERES DE FERRO 2024 <br \/><\/span><\/p>\n<p>[\/et_pb_text][et_pb_toggle title=&#8221;Informa\u00e7\u00f5es&#8221; closed_toggle_text_color=&#8221;#759fdb&#8221; icon_color=&#8221;#e22685&#8243; toggle_icon=&#8221;&#xe03a;||divi||400&#8243; use_icon_font_size=&#8221;on&#8221; icon_font_size=&#8221;23px&#8221; _builder_version=&#8221;4.13.0&#8243; _module_preset=&#8221;default&#8221; title_font=&#8221;Montserrat|700|||||||&#8221; title_font_size=&#8221;13px&#8221; body_font=&#8221;Montserrat||||||||&#8221; body_font_size=&#8221;11px&#8221; body_line_height=&#8221;1.2em&#8221; background_color=&#8221;rgba(255,255,255,0)&#8221; custom_margin=&#8221;|||8px|false|false&#8221; custom_padding=&#8221;8px||16px|4px|false|false&#8221; border_width_all=&#8221;0px&#8221; global_colors_info=&#8221;{}&#8221;]<\/p>\n<p style=\"text-align: justify;\"><span data-sheets-root=\"1\" data-sheets-value=\"{&quot;1&quot;:2,&quot;2&quot;:&quot;A\u00e7\u00e3o de Sensibiliza\u00e7\u00e3o destinada aos alunos do ensino secund\u00e1rio sobre a viol\u00eancia de g\u00e9nero e em que se pretende explorar e aprofundar a experi\u00eancia do TAV, enquanto profissional que presta apoio \u00e0s v\u00edtimas de viol\u00eancia de g\u00e9nero. A atividade integra-se num programa mais abrangente, designado de Biblioteca Humana, em que se pretende que os alunos contactem de forma pr\u00f3xima com o testemunho pessoal e singular de profissionais que desenvolvem a sua atua\u00e7\u00e3o num dom\u00ednio espec\u00edfico. &quot;}\" data-sheets-userformat=\"{&quot;2&quot;:897,&quot;3&quot;:{&quot;1&quot;:0},&quot;10&quot;:1,&quot;11&quot;:4,&quot;12&quot;:0}\">A Associa\u00e7\u00e3o Girar tem o prazer de anunciar que, no pr\u00f3ximo dia 8 de mar\u00e7o, Dia Internacional da Mulher, ir\u00e1 dinamizar uma homenagem a todas as mulheres, em particular \u00e0s mulheres da Freguesia de Ferreiros.<br \/>Com o desejo de valorizar o patrim\u00f3nio humano desta Freguesia, rico em hist\u00f3rias, aventuras, lutas, amores e desamores, abrimos os bra\u00e7os a mais um projeto de pessoas para pessoas.<br \/>Com toda a dedica\u00e7\u00e3o que nos caracteriza, reunimos um painel de Mulheres de Ferro da Freguesia de Ferreiros, que no dia 8 de mar\u00e7o ser\u00e3o homenageadas na sede da Junta de Ferreiros pelas 21h, onde ser\u00e1 apresentado a toda a comunidade o document\u00e1rio &#8220;Mulheres de Ferro&#8221; que re\u00fane em v\u00eddeo as hist\u00f3rias de vida destas grandes mulheres.<br \/>Contamos com a presen\u00e7a e participa\u00e7\u00e3o de uma das realizadoras do document\u00e1rio Alexandra Lopes, tamb\u00e9m ela uma Mulher de Ferro da Freguesia com muitas hist\u00f3rias para contar.<br \/>Toda a comunidade est\u00e1 convidada a participar neste momento de grande partilha!<\/span><\/p>\n<p><strong>Local: <\/strong><span data-sheets-root=\"1\" data-sheets-value=\"{&quot;1&quot;:2,&quot;2&quot;:&quot;Escola Secund\u00e1ria Alberto Sampaio &quot;}\" data-sheets-userformat=\"{&quot;2&quot;:897,&quot;3&quot;:{&quot;1&quot;:0},&quot;10&quot;:1,&quot;11&quot;:4,&quot;12&quot;:0}\">Junta de Freguesia de Ferreiros <\/span><strong><br \/><\/strong><\/p>\n<p><strong>Dia:<\/strong> 08 de mar\u00e7o | <strong>Hora:<\/strong> 21h00<\/p>\n<p>[\/et_pb_toggle][\/et_pb_column][et_pb_column type=&#8221;1_4&#8243; _builder_version=&#8221;4.13.0&#8243; _module_preset=&#8221;default&#8221; background_color=&#8221;#FFFFFF&#8221; border_radii=&#8221;on|12px|12px|12px|12px&#8221; border_color_all=&#8221;#FFFFFF&#8221; global_colors_info=&#8221;{}&#8221;][et_pb_text _builder_version=&#8221;4.13.0&#8243; _module_preset=&#8221;default&#8221; text_font=&#8221;Montserrat||||||||&#8221; text_font_size=&#8221;12px&#8221; text_line_height=&#8221;1.2em&#8221; custom_margin=&#8221;16px|12px|8px|12px|false|false&#8221; global_colors_info=&#8221;{}&#8221;]<\/p>\n<p><span style=\"font-size: medium; color: #c18934;\"><strong>Braga<\/strong><\/span><\/p>\n<p><strong>Entidade promotora:<\/strong><br \/><span data-sheets-formula-bar-text-style=\"font-size:12px;color:#000000;font-weight:normal;text-decoration:none;font-family:'Arial';font-style:normal;text-decoration-skip-ink:none;\">C\u00e1ritas Arquidiocesana de Braga<\/span><\/p>\n<p><strong>Iniciativa | Atividade:<\/strong><br \/><span data-sheets-root=\"1\" data-sheets-value=\"{&quot;1&quot;:2,&quot;2&quot;:&quot;Um olhar sobre a Viol\u00eancia de G\u00e9nero &quot;}\" data-sheets-userformat=\"{&quot;2&quot;:897,&quot;3&quot;:{&quot;1&quot;:0},&quot;10&quot;:1,&quot;11&quot;:4,&quot;12&quot;:0}\">A\u00e7\u00e3o de Capacita\u00e7\u00e3o para T\u00e9cnicos da \u00c1rea Social <br \/><\/span><\/p>\n<p>[\/et_pb_text][et_pb_toggle title=&#8221;Informa\u00e7\u00f5es&#8221; closed_toggle_text_color=&#8221;#759fdb&#8221; icon_color=&#8221;#e22685&#8243; toggle_icon=&#8221;&#xe03a;||divi||400&#8243; use_icon_font_size=&#8221;on&#8221; icon_font_size=&#8221;23px&#8221; _builder_version=&#8221;4.13.0&#8243; _module_preset=&#8221;default&#8221; title_font=&#8221;Montserrat|700|||||||&#8221; title_font_size=&#8221;13px&#8221; body_font=&#8221;Montserrat||||||||&#8221; body_font_size=&#8221;11px&#8221; body_line_height=&#8221;1.2em&#8221; background_color=&#8221;rgba(255,255,255,0)&#8221; custom_margin=&#8221;|||8px|false|false&#8221; custom_padding=&#8221;8px||16px|4px|false|false&#8221; border_width_all=&#8221;0px&#8221; global_colors_info=&#8221;{}&#8221;]<\/p>\n<p style=\"text-align: justify;\"><span data-sheets-root=\"1\" data-sheets-value=\"{&quot;1&quot;:2,&quot;2&quot;:&quot;A\u00e7\u00e3o de Sensibiliza\u00e7\u00e3o destinada aos alunos do ensino secund\u00e1rio sobre a viol\u00eancia de g\u00e9nero e em que se pretende explorar e aprofundar a experi\u00eancia do TAV, enquanto profissional que presta apoio \u00e0s v\u00edtimas de viol\u00eancia de g\u00e9nero. A atividade integra-se num programa mais abrangente, designado de Biblioteca Humana, em que se pretende que os alunos contactem de forma pr\u00f3xima com o testemunho pessoal e singular de profissionais que desenvolvem a sua atua\u00e7\u00e3o num dom\u00ednio espec\u00edfico. &quot;}\" data-sheets-userformat=\"{&quot;2&quot;:897,&quot;3&quot;:{&quot;1&quot;:0},&quot;10&quot;:1,&quot;11&quot;:4,&quot;12&quot;:0}\">Pretende-se com a presente iniciativa promover a capacita\u00e7\u00e3o dos t\u00e9cnicos que interv\u00eam na \u00e1rea social, dotando-os de informa\u00e7\u00e3o sobre mecanismos e estrat\u00e9gias de interven\u00e7\u00e3o na Viol\u00eancia Dom\u00e9stica, nomeadamente em termos de sinaliza\u00e7\u00e3o, referencia\u00e7\u00e3o e apoio de primeira junto deste p\u00fablico-alvo.<br \/><\/span><\/p>\n<p><strong>Local: <\/strong><span data-sheets-root=\"1\" data-sheets-value=\"{&quot;1&quot;:2,&quot;2&quot;:&quot;Escola Secund\u00e1ria Alberto Sampaio &quot;}\" data-sheets-userformat=\"{&quot;2&quot;:897,&quot;3&quot;:{&quot;1&quot;:0},&quot;10&quot;:1,&quot;11&quot;:4,&quot;12&quot;:0}\">N\u00facleo de Local de Inser\u00e7\u00e3o <\/span><strong><br \/><\/strong><\/p>\n<p><strong>Dia:<\/strong> 1 de mar\u00e7o | <strong>Hora:<\/strong> 10h00<\/p>\n<p>[\/et_pb_toggle][\/et_pb_column][\/et_pb_row][et_pb_row column_structure=&#8221;1_4,1_4,1_4,1_4&#8243; use_custom_gutter=&#8221;on&#8221; gutter_width=&#8221;2&#8243; make_equal=&#8221;on&#8221; _builder_version=&#8221;4.13.0&#8243; _module_preset=&#8221;default&#8221; background_color=&#8221;rgba(255,255,255,0)&#8221; custom_margin=&#8221;||0px||false|false&#8221; custom_padding=&#8221;25px||0px||false|false&#8221; locked=&#8221;off&#8221; global_colors_info=&#8221;{}&#8221;][et_pb_column type=&#8221;1_4&#8243; _builder_version=&#8221;4.13.0&#8243; _module_preset=&#8221;default&#8221; background_color=&#8221;#FFFFFF&#8221; border_radii=&#8221;on|12px|12px|12px|12px&#8221; global_colors_info=&#8221;{}&#8221;][et_pb_text _builder_version=&#8221;4.13.0&#8243; _module_preset=&#8221;default&#8221; text_font=&#8221;Montserrat||||||||&#8221; text_font_size=&#8221;12px&#8221; text_line_height=&#8221;1.2em&#8221; custom_margin=&#8221;16px|12px|8px|12px|false|false&#8221; global_colors_info=&#8221;{}&#8221;]<\/p>\n<p><span style=\"font-size: medium; color: #c18934;\"><strong>Braga<\/strong><\/span><\/p>\n<p><strong>Entidade promotora:<\/strong><br \/><span data-sheets-formula-bar-text-style=\"font-size:12px;color:#000000;font-weight:normal;text-decoration:none;font-family:'Arial';font-style:normal;text-decoration-skip-ink:none;\">C\u00e1ritas Arquidiocesana de Braga<\/span><\/p>\n<p><strong>Iniciativa | Atividade:<\/strong><br \/><span data-sheets-root=\"1\" data-sheets-value=\"{&quot;1&quot;:2,&quot;2&quot;:&quot;Um olhar sobre a Viol\u00eancia de G\u00e9nero &quot;}\" data-sheets-userformat=\"{&quot;2&quot;:897,&quot;3&quot;:{&quot;1&quot;:0},&quot;10&quot;:1,&quot;11&quot;:4,&quot;12&quot;:0}\">Intimate Care<br \/><\/span><\/p>\n<p>[\/et_pb_text][et_pb_toggle title=&#8221;Informa\u00e7\u00f5es&#8221; closed_toggle_text_color=&#8221;#759fdb&#8221; icon_color=&#8221;#e22685&#8243; toggle_icon=&#8221;&#xe03a;||divi||400&#8243; use_icon_font_size=&#8221;on&#8221; icon_font_size=&#8221;23px&#8221; _builder_version=&#8221;4.13.0&#8243; _module_preset=&#8221;default&#8221; title_font=&#8221;Montserrat|700|||||||&#8221; title_font_size=&#8221;13px&#8221; body_font=&#8221;Montserrat||||||||&#8221; body_font_size=&#8221;11px&#8221; body_line_height=&#8221;1.2em&#8221; background_color=&#8221;rgba(255,255,255,0)&#8221; custom_margin=&#8221;|||8px|false|false&#8221; custom_padding=&#8221;8px||16px|4px|false|false&#8221; border_width_all=&#8221;0px&#8221; global_colors_info=&#8221;{}&#8221;]<\/p>\n<p style=\"text-align: justify;\"><span data-sheets-root=\"1\" data-sheets-value=\"{&quot;1&quot;:2,&quot;2&quot;:&quot;A\u00e7\u00e3o de Sensibiliza\u00e7\u00e3o destinada aos alunos do ensino secund\u00e1rio sobre a viol\u00eancia de g\u00e9nero e em que se pretende explorar e aprofundar a experi\u00eancia do TAV, enquanto profissional que presta apoio \u00e0s v\u00edtimas de viol\u00eancia de g\u00e9nero. A atividade integra-se num programa mais abrangente, designado de Biblioteca Humana, em que se pretende que os alunos contactem de forma pr\u00f3xima com o testemunho pessoal e singular de profissionais que desenvolvem a sua atua\u00e7\u00e3o num dom\u00ednio espec\u00edfico. &quot;}\" data-sheets-userformat=\"{&quot;2&quot;:897,&quot;3&quot;:{&quot;1&quot;:0},&quot;10&quot;:1,&quot;11&quot;:4,&quot;12&quot;:0}\">Pretende-se lan\u00e7ar durante o m\u00eas de mar\u00e7o, uma campanha de recolha de produtos de higiene espec\u00edficos para raparigas e mulheres, nomeadamente \u00edntimos. Para efeito ser\u00e1 lan\u00e7ada a campanha, que permitir\u00e1 a recolha destes produtos e a disponibiliza\u00e7\u00e3o dos mesmos junto das mulheres acompanhadas pelas C\u00e1ritas de Braga, no \u00e2mbito das suas mais diversas val\u00eancias.<br \/><\/span><\/p>\n<p><strong>Local: <\/strong><span data-sheets-root=\"1\" data-sheets-value=\"{&quot;1&quot;:2,&quot;2&quot;:&quot;Escola Secund\u00e1ria Alberto Sampaio &quot;}\" data-sheets-userformat=\"{&quot;2&quot;:897,&quot;3&quot;:{&quot;1&quot;:0},&quot;10&quot;:1,&quot;11&quot;:4,&quot;12&quot;:0}\">Braga <\/span><strong><br \/><\/strong><\/p>\n<p><strong>Dia:<\/strong> 1 de mar\u00e7o | <strong>Hora:<\/strong> 10h00<\/p>\n<p>[\/et_pb_toggle][\/et_pb_column][et_pb_column type=&#8221;1_4&#8243; _builder_version=&#8221;4.13.0&#8243; _module_preset=&#8221;default&#8221; background_color=&#8221;#FFFFFF&#8221; border_radii=&#8221;on|12px|12px|12px|12px&#8221; global_colors_info=&#8221;{}&#8221;][et_pb_text _builder_version=&#8221;4.13.0&#8243; _module_preset=&#8221;default&#8221; text_font=&#8221;Montserrat||||||||&#8221; text_font_size=&#8221;12px&#8221; text_line_height=&#8221;1.2em&#8221; custom_margin=&#8221;16px|12px|8px|12px|false|false&#8221; global_colors_info=&#8221;{}&#8221;]<\/p>\n<p><span style=\"font-size: medium; color: #c18934;\"><strong>Guimar\u00e3es<\/strong><\/span><\/p>\n<p><strong>Entidade promotora:<\/strong><br \/>C\u00e2mara Municipal de Guimar\u00e3es &#8211; Espa\u00e7o Municipal para a Igualdade<\/p>\n<p><strong>Iniciativa | Atividade:<\/strong><br \/>Apresenta\u00e7\u00e3o do livro \u201cSombras com rosto\u201d da escritora Alexandra Ferreira e momento musical com a cantora Vimaranense Maria Jo\u00e3o Soares.<\/p>\n<p>[\/et_pb_text][et_pb_toggle title=&#8221;Informa\u00e7\u00f5es&#8221; closed_toggle_text_color=&#8221;#759fdb&#8221; icon_color=&#8221;#e22685&#8243; toggle_icon=&#8221;&#xe03a;||divi||400&#8243; use_icon_font_size=&#8221;on&#8221; icon_font_size=&#8221;23px&#8221; _builder_version=&#8221;4.13.0&#8243; _module_preset=&#8221;default&#8221; title_font=&#8221;Montserrat|700|||||||&#8221; title_font_size=&#8221;13px&#8221; body_font=&#8221;Montserrat||||||||&#8221; body_font_size=&#8221;11px&#8221; body_line_height=&#8221;1.2em&#8221; background_color=&#8221;rgba(255,255,255,0)&#8221; custom_margin=&#8221;|||8px|false|false&#8221; custom_padding=&#8221;8px||16px|4px|false|false&#8221; border_width_all=&#8221;0px&#8221; global_colors_info=&#8221;{}&#8221;]<\/p>\n<p style=\"text-align: justify;\">Apresenta\u00e7\u00e3o do livro \u201cSombras com rosto\u201d da escritora Alexandra Ferreira e momento musical com a cantora Maria Jo\u00e3o Soares com m\u00fasicas relacionadas com a Mulher.<\/p>\n<p><strong>Local:<\/strong> CIAJG &#8211; Guimar\u00e3es<strong><br \/><\/strong><\/p>\n<p><strong>Dia:<\/strong> 8 de mar\u00e7o | <strong>Hora:<\/strong> 10h00<\/p>\n<p>[\/et_pb_toggle][\/et_pb_column][et_pb_column type=&#8221;1_4&#8243; _builder_version=&#8221;4.13.0&#8243; _module_preset=&#8221;default&#8221; background_color=&#8221;#FFFFFF&#8221; border_radii=&#8221;on|12px|12px|12px|12px&#8221; global_colors_info=&#8221;{}&#8221;][et_pb_text _builder_version=&#8221;4.13.0&#8243; _module_preset=&#8221;default&#8221; text_font=&#8221;Montserrat||||||||&#8221; text_font_size=&#8221;12px&#8221; text_line_height=&#8221;1.2em&#8221; custom_margin=&#8221;16px|12px|8px|12px|false|false&#8221; global_colors_info=&#8221;{}&#8221;]<\/p>\n<p><span style=\"font-size: medium; color: #c18934;\"><strong>Guimar\u00e3es<\/strong><\/span><\/p>\n<p><strong>Entidade promotora:<\/strong><br \/><span style=\"font-size: 10pt; font-family: Arial; font-style: normal;\" data-sheets-root=\"1\" data-sheets-value=\"{&quot;1&quot;:2,&quot;2&quot;:&quot;ADDHG - Associa\u00e7\u00e3o de Defesa dos Direitos Humanos de Guimar\u00e3es e  C\u00e2mara Municipal de Guimar\u00e3es &quot;}\" data-sheets-userformat=\"{&quot;2&quot;:769,&quot;3&quot;:{&quot;1&quot;:0},&quot;11&quot;:4,&quot;12&quot;:0}\">Associa\u00e7\u00e3o de Defesa dos Direitos Humanos de Guimar\u00e3es e C\u00e2mara Municipal de Guimar\u00e3es <\/span><\/p>\n<p><strong>Iniciativa | Atividade:<\/strong><br \/>Momento Musical com a cantora Vimaranense Maria Jo\u00e3o Soares, apresenta\u00e7\u00e3o do livro da escritora Alexandra Ferreira &#8220;Sombras com rosto&#8221; e mensagem da Vereadora e Conselheira Municipal para a Igualdade.<\/p>\n<p>[\/et_pb_text][et_pb_toggle title=&#8221;Informa\u00e7\u00f5es&#8221; closed_toggle_text_color=&#8221;#759fdb&#8221; icon_color=&#8221;#e22685&#8243; toggle_icon=&#8221;&#xe03a;||divi||400&#8243; use_icon_font_size=&#8221;on&#8221; icon_font_size=&#8221;23px&#8221; _builder_version=&#8221;4.13.0&#8243; _module_preset=&#8221;default&#8221; title_font=&#8221;Montserrat|700|||||||&#8221; title_font_size=&#8221;13px&#8221; body_font=&#8221;Montserrat||||||||&#8221; body_font_size=&#8221;11px&#8221; body_line_height=&#8221;1.2em&#8221; background_color=&#8221;rgba(255,255,255,0)&#8221; custom_margin=&#8221;|||8px|false|false&#8221; custom_padding=&#8221;8px||16px|4px|false|false&#8221; border_width_all=&#8221;0px&#8221; global_colors_info=&#8221;{}&#8221;]<\/p>\n<p style=\"text-align: justify;\">M\u00fasica alusiva \u00e0s Mulheres, apresenta\u00e7\u00e3o do livro da escritora Alexandra Ferreira &#8220;Sombras com rosto&#8221; e mensagem por email aos\/\u00e0s colaboradores\/as do munic\u00edpio de Guimar\u00e3es.<\/p>\n<p><strong>Local:<\/strong> Plataforma das Artes &#8211; Guimar\u00e3es<strong><br \/><\/strong><\/p>\n<p><strong>Dia:<\/strong> 8 de mar\u00e7o | <strong>Hora:<\/strong> 10h00<\/p>\n<p>[\/et_pb_toggle][\/et_pb_column][et_pb_column type=&#8221;1_4&#8243; _builder_version=&#8221;4.13.0&#8243; _module_preset=&#8221;default&#8221; background_color=&#8221;#FFFFFF&#8221; global_colors_info=&#8221;{}&#8221;][et_pb_text _builder_version=&#8221;4.13.0&#8243; _module_preset=&#8221;default&#8221; text_font=&#8221;Montserrat||||||||&#8221; text_font_size=&#8221;12px&#8221; text_line_height=&#8221;1.2em&#8221; custom_margin=&#8221;16px|12px|8px|12px|false|false&#8221; global_colors_info=&#8221;{}&#8221;]<\/p>\n<p><span style=\"font-size: medium; color: #c18934;\"><strong>Braga<\/strong><\/span><\/p>\n<p><strong>Entidade promotora:<\/strong><br \/><span style=\"font-size: 10pt; font-family: Arial; font-style: normal;\" data-sheets-root=\"1\" data-sheets-value=\"{&quot;1&quot;:2,&quot;2&quot;:&quot;ADDHG - Associa\u00e7\u00e3o de Defesa dos Direitos Humanos de Guimar\u00e3es e  C\u00e2mara Municipal de Guimar\u00e3es &quot;}\" data-sheets-userformat=\"{&quot;2&quot;:769,&quot;3&quot;:{&quot;1&quot;:0},&quot;11&quot;:4,&quot;12&quot;:0}\"><span>Movimento Democr\u00e1tico de Mulheres<\/span><\/span><\/p>\n<p><strong>Iniciativa | Atividade:<\/strong><br \/><span>EXPOSI\u00c7\u00c3O \u201cMULHERES DE ABRIL SOMOS\u201d<\/span>.<\/p>\n<p>[\/et_pb_text][et_pb_toggle title=&#8221;Informa\u00e7\u00f5es&#8221; closed_toggle_text_color=&#8221;#759fdb&#8221; icon_color=&#8221;#e22685&#8243; toggle_icon=&#8221;&#xe03a;||divi||400&#8243; use_icon_font_size=&#8221;on&#8221; icon_font_size=&#8221;23px&#8221; _builder_version=&#8221;4.13.0&#8243; _module_preset=&#8221;default&#8221; title_font=&#8221;Montserrat|700|||||||&#8221; title_font_size=&#8221;13px&#8221; body_font=&#8221;Montserrat||||||||&#8221; body_font_size=&#8221;11px&#8221; body_line_height=&#8221;1.2em&#8221; background_color=&#8221;rgba(255,255,255,0)&#8221; custom_margin=&#8221;|||8px|false|false&#8221; custom_padding=&#8221;8px||16px|4px|false|false&#8221; border_width_all=&#8221;0px&#8221; global_colors_info=&#8221;{}&#8221;]<\/p>\n<p style=\"text-align: justify;\"><span>Exposi\u00e7\u00e3o composta por fragmentos do poema \u201cMulheres e Revolu\u00e7\u00e3o\u201d de Maria velho da Costa ilustrado pela artista pl\u00e1stica, Irene Ramalho.<\/span><\/p>\n<p><strong>Local:<\/strong> <span>Centro Comercial Arcada, Braga<\/span><strong><br \/><\/strong><\/p>\n<p><strong>Dia:<\/strong> 01 a 10 de mar\u00e7o<\/p>\n<p><img loading=\"lazy\" src=\"https:\/\/www.cig.gov.pt\/iniciativas-nacionais\/wp-content\/uploads\/2024\/03\/braga-MDM-Movimento-Democratico-de-Mulheres-300x300.png\" width=\"300\" height=\"300\" alt=\"\" class=\"wp-image-4838 alignnone size-medium\" \/><\/p>\n<p>[\/et_pb_toggle][\/et_pb_column][\/et_pb_row][et_pb_row column_structure=&#8221;1_4,1_4,1_4,1_4&#8243; use_custom_gutter=&#8221;on&#8221; gutter_width=&#8221;2&#8243; make_equal=&#8221;on&#8221; _builder_version=&#8221;4.13.0&#8243; _module_preset=&#8221;default&#8221; background_color=&#8221;rgba(255,255,255,0)&#8221; custom_margin=&#8221;||0px||false|false&#8221; custom_padding=&#8221;25px||0px||false|false&#8221; locked=&#8221;off&#8221; global_colors_info=&#8221;{}&#8221;][et_pb_column type=&#8221;1_4&#8243; _builder_version=&#8221;4.13.0&#8243; _module_preset=&#8221;default&#8221; background_color=&#8221;#FFFFFF&#8221; border_radii=&#8221;on|12px|12px|12px|12px&#8221; global_colors_info=&#8221;{}&#8221;][et_pb_text _builder_version=&#8221;4.13.0&#8243; _module_preset=&#8221;default&#8221; text_font=&#8221;Montserrat||||||||&#8221; text_font_size=&#8221;12px&#8221; text_line_height=&#8221;1.2em&#8221; custom_margin=&#8221;16px|12px|8px|12px|false|false&#8221; global_colors_info=&#8221;{}&#8221;]<\/p>\n<p><span style=\"font-size: medium; color: #c18934;\"><strong>Braga<\/strong><\/span><\/p>\n<p><strong>Entidade promotora:<\/strong><br \/><span data-sheets-formula-bar-text-style=\"font-size:12px;color:#000000;font-weight:normal;text-decoration:none;font-family:'Arial';font-style:normal;text-decoration-skip-ink:none;\">Movimento Democr\u00e1tico de Mulheres<\/span><\/p>\n<p><strong>Iniciativa | Atividade:<\/strong><br \/><span data-sheets-root=\"1\" data-sheets-value=\"{&quot;1&quot;:2,&quot;2&quot;:&quot;Um olhar sobre a Viol\u00eancia de G\u00e9nero &quot;}\" data-sheets-userformat=\"{&quot;2&quot;:897,&quot;3&quot;:{&quot;1&quot;:0},&quot;10&quot;:1,&quot;11&quot;:4,&quot;12&quot;:0}\">Exposi\u00e7\u00e3o &#8220;Infografia: A vida das mulheres durante o fascismo e as conquistas da Revolu\u00e7\u00e3o de Abril de 1974&#8221;<br \/><\/span><\/p>\n<p>[\/et_pb_text][et_pb_toggle title=&#8221;Informa\u00e7\u00f5es&#8221; closed_toggle_text_color=&#8221;#759fdb&#8221; icon_color=&#8221;#e22685&#8243; toggle_icon=&#8221;&#xe03a;||divi||400&#8243; use_icon_font_size=&#8221;on&#8221; icon_font_size=&#8221;23px&#8221; _builder_version=&#8221;4.13.0&#8243; _module_preset=&#8221;default&#8221; title_font=&#8221;Montserrat|700|||||||&#8221; title_font_size=&#8221;13px&#8221; body_font=&#8221;Montserrat||||||||&#8221; body_font_size=&#8221;11px&#8221; body_line_height=&#8221;1.2em&#8221; background_color=&#8221;rgba(255,255,255,0)&#8221; custom_margin=&#8221;|||8px|false|false&#8221; custom_padding=&#8221;8px||16px|4px|false|false&#8221; border_width_all=&#8221;0px&#8221; global_colors_info=&#8221;{}&#8221;]<\/p>\n<p><strong>Local: <\/strong><span data-sheets-root=\"1\" data-sheets-value=\"{&quot;1&quot;:2,&quot;2&quot;:&quot;Escola Secund\u00e1ria Alberto Sampaio &quot;}\" data-sheets-userformat=\"{&quot;2&quot;:897,&quot;3&quot;:{&quot;1&quot;:0},&quot;10&quot;:1,&quot;11&quot;:4,&quot;12&quot;:0}\">Biblioteca L\u00facio Craveiro da Silva, Braga<\/span><strong><br \/><\/strong><\/p>\n<p><strong>Dia:<\/strong> 02 a 08 de mar\u00e7o<\/p>\n<p>Parceria: C\u00e2mara Municipal de Braga<\/p>\n<p><img loading=\"lazy\" src=\"https:\/\/www.cig.gov.pt\/iniciativas-nacionais\/wp-content\/uploads\/2024\/03\/2-MDM-Movimento-Democratico-de-Mulheres-300x300.png\" width=\"300\" height=\"300\" alt=\"\" class=\"wp-image-4833 alignnone size-medium\" \/><\/p>\n<p>[\/et_pb_toggle][\/et_pb_column][et_pb_column type=&#8221;1_4&#8243; _builder_version=&#8221;4.13.0&#8243; _module_preset=&#8221;default&#8221; background_color=&#8221;#FFFFFF&#8221; border_radii=&#8221;on|12px|12px|12px|12px&#8221; global_colors_info=&#8221;{}&#8221;][et_pb_text _builder_version=&#8221;4.13.0&#8243; _module_preset=&#8221;default&#8221; text_font=&#8221;Montserrat||||||||&#8221; text_font_size=&#8221;12px&#8221; text_line_height=&#8221;1.2em&#8221; custom_margin=&#8221;16px|12px|8px|12px|false|false&#8221; global_colors_info=&#8221;{}&#8221;]<\/p>\n<p><strong><span style=\"font-size: medium; color: #c18934;\">Vila de Terras de Bouro<\/span><\/strong><\/p>\n<p><strong>Entidade promotora:<\/strong><br \/>Business as Nature (BasN)<\/p>\n<p><strong>Iniciativa | Atividade:<\/strong><br \/><span data-sheets-root=\"1\" data-sheets-value=\"{&quot;1&quot;:2,&quot;2&quot;:&quot;Um olhar sobre a Viol\u00eancia de G\u00e9nero &quot;}\" data-sheets-userformat=\"{&quot;2&quot;:897,&quot;3&quot;:{&quot;1&quot;:0},&quot;10&quot;:1,&quot;11&quot;:4,&quot;12&quot;:0}\">International Women\u2019s Day &#8211; Desperte a For\u00e7a do Feminino<\/span><\/p>\n<p>[\/et_pb_text][et_pb_toggle title=&#8221;Informa\u00e7\u00f5es&#8221; closed_toggle_text_color=&#8221;#759fdb&#8221; icon_color=&#8221;#e22685&#8243; toggle_icon=&#8221;&#xe03a;||divi||400&#8243; use_icon_font_size=&#8221;on&#8221; icon_font_size=&#8221;23px&#8221; _builder_version=&#8221;4.13.0&#8243; _module_preset=&#8221;default&#8221; title_font=&#8221;Montserrat|700|||||||&#8221; title_font_size=&#8221;13px&#8221; body_font=&#8221;Montserrat||||||||&#8221; body_font_size=&#8221;11px&#8221; body_line_height=&#8221;1.2em&#8221; background_color=&#8221;rgba(255,255,255,0)&#8221; custom_margin=&#8221;|||8px|false|false&#8221; custom_padding=&#8221;8px||16px|4px|false|false&#8221; border_width_all=&#8221;0px&#8221; global_colors_info=&#8221;{}&#8221;]<\/p>\n<p>A rede de mulheres promovida pela Business as Nature, as Guardi\u00e3s da Natureza, v\u00e3o dinamizar de norte a sul do pa\u00eds v\u00e1rias iniciativas para assinalar o Dia Internacional da Mulher e onde v\u00e3o poder partilhar a sua experi\u00eancia enquanto mulheres que procuram ativamente contribuir para um mundo melhor para todos, nomeadamente atrav\u00e9s dos seus projetos que promovem o desenvolvimento sustent\u00e1vel e a conserva\u00e7\u00e3o da natureza.<\/p>\n<p><strong>Local:<\/strong>Casa da B\u00faria na Serra Amarela<strong><br \/><\/strong><\/p>\n<p><strong>Dia:<\/strong> 10 de mar\u00e7o<\/p>\n<p>&nbsp;<\/p>\n<p>[\/et_pb_toggle][\/et_pb_column][et_pb_column type=&#8221;1_4&#8243; _builder_version=&#8221;4.13.0&#8243; _module_preset=&#8221;default&#8221; background_color=&#8221;RGBA(0,0,0,0)&#8221; border_radii=&#8221;on|12px|12px|12px|12px&#8221; global_colors_info=&#8221;{}&#8221;][\/et_pb_column][et_pb_column type=&#8221;1_4&#8243; _builder_version=&#8221;4.13.0&#8243; _module_preset=&#8221;default&#8221; global_colors_info=&#8221;{}&#8221;][\/et_pb_column][\/et_pb_row][et_pb_row admin_label=&#8221;Bragan\u00e7a&#8221; _builder_version=&#8221;4.13.0&#8243; _module_preset=&#8221;default&#8221; background_color=&#8221;#03989e&#8221; custom_margin=&#8221;24px||0px||false|false&#8221; custom_padding=&#8221;16px||16px||false|false&#8221; border_radii=&#8221;on|12px|12px|12px|12px&#8221; locked=&#8221;off&#8221; global_colors_info=&#8221;{}&#8221;][et_pb_column type=&#8221;4_4&#8243; admin_label=&#8221;Bragan\u00e7a&#8221; _builder_version=&#8221;4.13.0&#8243; _module_preset=&#8221;default&#8221; global_colors_info=&#8221;{}&#8221;][et_pb_text admin_label=&#8221;Bragan\u00e7a&#8221; _builder_version=&#8221;4.13.0&#8243; _module_preset=&#8221;default&#8221; text_font=&#8221;Montserrat|700|||||||&#8221; text_text_color=&#8221;#FFFFFF&#8221; text_font_size=&#8221;16px&#8221; text_letter_spacing=&#8221;1px&#8221; custom_margin=&#8221;2px||0px|20px|false|false&#8221; custom_padding=&#8221;6px||2px||false|false&#8221; global_colors_info=&#8221;{}&#8221;]<\/p>\n<p><span style=\"color: #f3d9da;\">Distrito: <\/span><span style=\"font-size: xx-large;\">Bragan\u00e7a<\/span><\/p>\n<p>[\/et_pb_text][\/et_pb_column][\/et_pb_row][et_pb_row column_structure=&#8221;1_4,1_4,1_4,1_4&#8243; use_custom_gutter=&#8221;on&#8221; gutter_width=&#8221;2&#8243; make_equal=&#8221;on&#8221; _builder_version=&#8221;4.13.0&#8243; _module_preset=&#8221;default&#8221; background_color=&#8221;rgba(255,255,255,0)&#8221; custom_margin=&#8221;||0px||false|false&#8221; custom_padding=&#8221;||0px||false|false&#8221; border_radii=&#8221;on|12px|12px|12px|12px&#8221; locked=&#8221;off&#8221; global_colors_info=&#8221;{}&#8221;][et_pb_column type=&#8221;1_4&#8243; _builder_version=&#8221;4.13.0&#8243; _module_preset=&#8221;default&#8221; background_color=&#8221;#FFFFFF&#8221; border_radii=&#8221;on|12px|12px|12px|12px&#8221; global_colors_info=&#8221;{}&#8221;][et_pb_text _builder_version=&#8221;4.13.0&#8243; _module_preset=&#8221;default&#8221; text_font=&#8221;Montserrat||||||||&#8221; text_font_size=&#8221;12px&#8221; text_line_height=&#8221;1.2em&#8221; custom_margin=&#8221;16px|12px|8px|12px|false|false&#8221; global_colors_info=&#8221;{}&#8221;]<\/p>\n<p><span style=\"font-size: medium; color: #c18934;\"><strong>Vinhais<\/strong><\/span><\/p>\n<p><strong>Entidade promotora:<\/strong><br \/><span data-sheets-root=\"1\" data-sheets-value=\"{&quot;1&quot;:2,&quot;2&quot;:&quot;C\u00e2mara Municipal de Vinhais&quot;}\" data-sheets-userformat=\"{&quot;2&quot;:513,&quot;3&quot;:{&quot;1&quot;:0},&quot;12&quot;:0}\">C\u00e2mara Municipal de Vinhais<\/span><\/p>\n<p><strong>Iniciativa | Atividade:<\/strong><br \/><span data-sheets-root=\"1\" data-sheets-value=\"{&quot;1&quot;:2,&quot;2&quot;:&quot;Assinalar &quot;}\" data-sheets-userformat=\"{&quot;2&quot;:513,&quot;3&quot;:{&quot;1&quot;:0},&quot;12&quot;:0}\">Assinalar\u00a0<\/span><\/p>\n<p>[\/et_pb_text][et_pb_toggle title=&#8221;Informa\u00e7\u00f5es&#8221; closed_toggle_text_color=&#8221;#759fdb&#8221; icon_color=&#8221;#e22685&#8243; toggle_icon=&#8221;&#xe03a;||divi||400&#8243; use_icon_font_size=&#8221;on&#8221; icon_font_size=&#8221;23px&#8221; _builder_version=&#8221;4.13.0&#8243; _module_preset=&#8221;default&#8221; title_font=&#8221;Montserrat|700|||||||&#8221; title_font_size=&#8221;13px&#8221; body_font=&#8221;Montserrat||||||||&#8221; body_font_size=&#8221;11px&#8221; body_line_height=&#8221;1.2em&#8221; background_color=&#8221;rgba(255,255,255,0)&#8221; custom_margin=&#8221;|||8px|false|false&#8221; custom_padding=&#8221;8px||16px|4px|false|false&#8221; border_width_all=&#8221;0px&#8221; global_colors_info=&#8221;{}&#8221;]<\/p>\n<p><span data-sheets-root=\"1\" data-sheets-value=\"{&quot;1&quot;:2,&quot;2&quot;:&quot;Oferta de uma planta&quot;}\" data-sheets-userformat=\"{&quot;2&quot;:513,&quot;3&quot;:{&quot;1&quot;:0},&quot;12&quot;:0}\">Oferta de uma planta.<\/span><\/p>\n<p><strong>Local:<\/strong> <span data-sheets-root=\"1\" data-sheets-value=\"{&quot;1&quot;:2,&quot;2&quot;:&quot;C\u00e2mara Municipal, Escolas, Parque Biol\u00f3gico, Empresas Municipais&quot;}\" data-sheets-userformat=\"{&quot;2&quot;:513,&quot;3&quot;:{&quot;1&quot;:0},&quot;12&quot;:0}\">C\u00e2mara Municipal, Escolas, Parque Biol\u00f3gico, Empresas Municipais<\/span><strong><br \/><\/strong><\/p>\n<p><strong>Dia:<\/strong> 8 de mar\u00e7o | <strong>Hora:<\/strong> 10h00<\/p>\n<p>[\/et_pb_toggle][\/et_pb_column][et_pb_column type=&#8221;1_4&#8243; _builder_version=&#8221;4.13.0&#8243; _module_preset=&#8221;default&#8221; background_color=&#8221;#FFFFFF&#8221; border_radii=&#8221;on|12px|12px|12px|12px&#8221; global_colors_info=&#8221;{}&#8221;][et_pb_text _builder_version=&#8221;4.13.0&#8243; _module_preset=&#8221;default&#8221; text_font=&#8221;Montserrat||||||||&#8221; text_font_size=&#8221;12px&#8221; text_line_height=&#8221;1.2em&#8221; custom_margin=&#8221;16px|12px|8px|12px|false|false&#8221; global_colors_info=&#8221;{}&#8221;]<\/p>\n<p><span style=\"font-size: medium; color: #c18934;\"><strong>Alf\u00e2ndega da F\u00e9<\/strong><\/span><\/p>\n<p><strong>Entidade promotora:<\/strong><br \/><span data-sheets-root=\"1\" data-sheets-value=\"{&quot;1&quot;:2,&quot;2&quot;:&quot;C\u00e2mara Municipal de Vinhais&quot;}\" data-sheets-userformat=\"{&quot;2&quot;:513,&quot;3&quot;:{&quot;1&quot;:0},&quot;12&quot;:0}\">GIAV | Liga dos Amigos do Centro de Sa\u00fade de Alf\u00e2ndega da F\u00e9<br \/><\/span><\/p>\n<p><strong>Iniciativa | Atividade:<\/strong><br \/><span data-sheets-root=\"1\" data-sheets-value=\"{&quot;1&quot;:2,&quot;2&quot;:&quot;Assinalar &quot;}\" data-sheets-userformat=\"{&quot;2&quot;:513,&quot;3&quot;:{&quot;1&quot;:0},&quot;12&quot;:0}\">Semana da Mulher <\/span><\/p>\n<p>[\/et_pb_text][et_pb_toggle title=&#8221;Informa\u00e7\u00f5es&#8221; closed_toggle_text_color=&#8221;#759fdb&#8221; icon_color=&#8221;#e22685&#8243; toggle_icon=&#8221;&#xe03a;||divi||400&#8243; use_icon_font_size=&#8221;on&#8221; icon_font_size=&#8221;23px&#8221; _builder_version=&#8221;4.13.0&#8243; _module_preset=&#8221;default&#8221; title_font=&#8221;Montserrat|700|||||||&#8221; title_font_size=&#8221;13px&#8221; body_font=&#8221;Montserrat||||||||&#8221; body_font_size=&#8221;11px&#8221; body_line_height=&#8221;1.2em&#8221; background_color=&#8221;rgba(255,255,255,0)&#8221; custom_margin=&#8221;|||8px|false|false&#8221; custom_padding=&#8221;8px||16px|4px|false|false&#8221; border_width_all=&#8221;0px&#8221; global_colors_info=&#8221;{}&#8221;]<\/p>\n<p><span data-sheets-root=\"1\" data-sheets-value=\"{&quot;1&quot;:2,&quot;2&quot;:&quot;Oferta de uma planta&quot;}\" data-sheets-userformat=\"{&quot;2&quot;:513,&quot;3&quot;:{&quot;1&quot;:0},&quot;12&quot;:0}\">Atividades realizadas durante aulas da USAF (Universidade S\u00e9nior) dedicadas \u00e0 mulher, enaltecendo o seu papel na nossa sociedade.<\/span><\/p>\n<p><strong>Local:<\/strong> <span data-sheets-root=\"1\" data-sheets-value=\"{&quot;1&quot;:2,&quot;2&quot;:&quot;C\u00e2mara Municipal, Escolas, Parque Biol\u00f3gico, Empresas Municipais&quot;}\" data-sheets-userformat=\"{&quot;2&quot;:513,&quot;3&quot;:{&quot;1&quot;:0},&quot;12&quot;:0}\">LACSAF<\/span><strong><br \/><\/strong><\/p>\n<p><strong>Dia:<\/strong> 04 de mar\u00e7o | <strong>Hora:<\/strong> 14h30<\/p>\n<p><img loading=\"lazy\" src=\"https:\/\/www.cig.gov.pt\/iniciativas-nacionais\/wp-content\/uploads\/2024\/03\/Segunda-feira-Tatiana-Teniz-300x169.png\" width=\"300\" height=\"169\" alt=\"\" class=\"wp-image-4726 alignnone size-medium\" \/><\/p>\n<p>[\/et_pb_toggle][\/et_pb_column][et_pb_column type=&#8221;1_4&#8243; _builder_version=&#8221;4.13.0&#8243; _module_preset=&#8221;default&#8221; background_color=&#8221;#FFFFFF&#8221; border_radii=&#8221;on|12px|12px|12px|12px&#8221; global_colors_info=&#8221;{}&#8221;][et_pb_text _builder_version=&#8221;4.13.0&#8243; _module_preset=&#8221;default&#8221; text_font=&#8221;Montserrat||||||||&#8221; text_font_size=&#8221;12px&#8221; text_line_height=&#8221;1.2em&#8221; custom_margin=&#8221;16px|12px|8px|12px|false|false&#8221; global_colors_info=&#8221;{}&#8221;]<\/p>\n<p><span style=\"font-size: medium; color: #c18934;\"><strong>Alf\u00e2ndega da F\u00e9<\/strong><\/span><\/p>\n<p><strong>Entidade promotora:<\/strong><br \/><span data-sheets-root=\"1\" data-sheets-value=\"{&quot;1&quot;:2,&quot;2&quot;:&quot;C\u00e2mara Municipal de Vinhais&quot;}\" data-sheets-userformat=\"{&quot;2&quot;:513,&quot;3&quot;:{&quot;1&quot;:0},&quot;12&quot;:0}\">GIAV | Liga dos Amigos do Centro de Sa\u00fade de Alf\u00e2ndega da F\u00e9<br \/><\/span><\/p>\n<p><strong>Iniciativa | Atividade:<\/strong><br \/><span data-sheets-root=\"1\" data-sheets-value=\"{&quot;1&quot;:2,&quot;2&quot;:&quot;Assinalar &quot;}\" data-sheets-userformat=\"{&quot;2&quot;:513,&quot;3&quot;:{&quot;1&quot;:0},&quot;12&quot;:0}\">Mural &#8211; Eu Comprometo-me a &#8230;<\/span><\/p>\n<p>[\/et_pb_text][et_pb_toggle title=&#8221;Informa\u00e7\u00f5es&#8221; closed_toggle_text_color=&#8221;#759fdb&#8221; icon_color=&#8221;#e22685&#8243; toggle_icon=&#8221;&#xe03a;||divi||400&#8243; use_icon_font_size=&#8221;on&#8221; icon_font_size=&#8221;23px&#8221; _builder_version=&#8221;4.13.0&#8243; _module_preset=&#8221;default&#8221; title_font=&#8221;Montserrat|700|||||||&#8221; title_font_size=&#8221;13px&#8221; body_font=&#8221;Montserrat||||||||&#8221; body_font_size=&#8221;11px&#8221; body_line_height=&#8221;1.2em&#8221; background_color=&#8221;rgba(255,255,255,0)&#8221; custom_margin=&#8221;|||8px|false|false&#8221; custom_padding=&#8221;8px||16px|4px|false|false&#8221; border_width_all=&#8221;0px&#8221; global_colors_info=&#8221;{}&#8221;]<\/p>\n<p><span data-sheets-root=\"1\" data-sheets-value=\"{&quot;1&quot;:2,&quot;2&quot;:&quot;Oferta de uma planta&quot;}\" data-sheets-userformat=\"{&quot;2&quot;:513,&quot;3&quot;:{&quot;1&quot;:0},&quot;12&quot;:0}\">Mural onde Mulheres escrevem v\u00e1rios comprometimentos di\u00e1rios que ajudem a exaltar outras mulheres.<\/span><\/p>\n<p><strong>Dia:<\/strong> 08 de mar\u00e7o | <strong>Hora:<\/strong> 19h30<\/p>\n<p><img loading=\"lazy\" src=\"https:\/\/www.cig.gov.pt\/iniciativas-nacionais\/wp-content\/uploads\/2024\/03\/Dia-Internacional-da-Tatiana-Teniz-300x169.png\" width=\"300\" height=\"169\" alt=\"\" class=\"wp-image-4732 alignnone size-medium\" \/><\/p>\n<p>[\/et_pb_toggle][\/et_pb_column][et_pb_column type=&#8221;1_4&#8243; _builder_version=&#8221;4.13.0&#8243; _module_preset=&#8221;default&#8221; background_color=&#8221;#FFFFFF&#8221; border_radii=&#8221;on|12px|12px|12px|12px&#8221; global_colors_info=&#8221;{}&#8221;][et_pb_text _builder_version=&#8221;4.13.0&#8243; _module_preset=&#8221;default&#8221; text_font=&#8221;Montserrat||||||||&#8221; text_font_size=&#8221;12px&#8221; text_line_height=&#8221;1.2em&#8221; custom_margin=&#8221;16px|12px|8px|12px|false|false&#8221; global_colors_info=&#8221;{}&#8221;]<\/p>\n<p><span style=\"font-size: medium; color: #c18934;\"><strong>Alf\u00e2ndega da F\u00e9<\/strong><\/span><\/p>\n<p><strong>Entidade promotora:<\/strong><br \/><span data-sheets-root=\"1\" data-sheets-value=\"{&quot;1&quot;:2,&quot;2&quot;:&quot;C\u00e2mara Municipal de Vinhais&quot;}\" data-sheets-userformat=\"{&quot;2&quot;:513,&quot;3&quot;:{&quot;1&quot;:0},&quot;12&quot;:0}\">GIAV | Liga dos Amigos do Centro de Sa\u00fade de Alf\u00e2ndega da F\u00e9<br \/><\/span><\/p>\n<p><strong>Iniciativa | Atividade:<\/strong><br \/><span data-sheets-root=\"1\" data-sheets-value=\"{&quot;1&quot;:2,&quot;2&quot;:&quot;Assinalar &quot;}\" data-sheets-userformat=\"{&quot;2&quot;:513,&quot;3&quot;:{&quot;1&quot;:0},&quot;12&quot;:0}\">Bandeirinha | Mulher que Admiro<\/span><\/p>\n<p>[\/et_pb_text][et_pb_toggle title=&#8221;Informa\u00e7\u00f5es&#8221; closed_toggle_text_color=&#8221;#759fdb&#8221; icon_color=&#8221;#e22685&#8243; toggle_icon=&#8221;&#xe03a;||divi||400&#8243; use_icon_font_size=&#8221;on&#8221; icon_font_size=&#8221;23px&#8221; _builder_version=&#8221;4.13.0&#8243; _module_preset=&#8221;default&#8221; title_font=&#8221;Montserrat|700|||||||&#8221; title_font_size=&#8221;13px&#8221; body_font=&#8221;Montserrat||||||||&#8221; body_font_size=&#8221;11px&#8221; body_line_height=&#8221;1.2em&#8221; background_color=&#8221;rgba(255,255,255,0)&#8221; custom_margin=&#8221;|||8px|false|false&#8221; custom_padding=&#8221;8px||16px|4px|false|false&#8221; border_width_all=&#8221;0px&#8221; global_colors_info=&#8221;{}&#8221;]<\/p>\n<p><span data-sheets-root=\"1\" data-sheets-value=\"{&quot;1&quot;:2,&quot;2&quot;:&quot;Oferta de uma planta&quot;}\" data-sheets-userformat=\"{&quot;2&quot;:513,&quot;3&quot;:{&quot;1&quot;:0},&quot;12&quot;:0}\">Crian\u00e7as devem escolher uma mulher que admiram e explicar onde a conheceram e porque ela \u00e9 alvo da sua admira\u00e7\u00e3o. .<\/span><\/p>\n<p><strong>Local: <\/strong>Escola B\u00e1sica de Alf\u00e2ndega da F\u00e9<\/p>\n<p><strong>Dia:<\/strong> 04 de mar\u00e7o | <strong>Hora:<\/strong> 14h30<\/p>\n<p><img loading=\"lazy\" src=\"https:\/\/www.cig.gov.pt\/iniciativas-nacionais\/wp-content\/uploads\/2024\/03\/Bandeirinha-feliz-aniversario-preto-e-branco-1-Tatiana-Teniz-212x300.png\" width=\"212\" height=\"300\" alt=\"\" class=\"wp-image-4734 alignnone size-medium\" \/><\/p>\n<p>[\/et_pb_toggle][\/et_pb_column][\/et_pb_row][et_pb_row admin_label=&#8221;Castelo Branco&#8221; _builder_version=&#8221;4.13.0&#8243; _module_preset=&#8221;default&#8221; background_color=&#8221;#03989e&#8221; custom_margin=&#8221;24px||0px||false|false&#8221; custom_padding=&#8221;16px||16px||false|false&#8221; border_radii=&#8221;on|12px|12px|12px|12px&#8221; locked=&#8221;off&#8221; global_colors_info=&#8221;{}&#8221;][et_pb_column type=&#8221;4_4&#8243; _builder_version=&#8221;4.13.0&#8243; _module_preset=&#8221;default&#8221; global_colors_info=&#8221;{}&#8221;][et_pb_text admin_label=&#8221;Castelo Branco&#8221; _builder_version=&#8221;4.13.0&#8243; _module_preset=&#8221;default&#8221; text_font=&#8221;Montserrat|700|||||||&#8221; text_text_color=&#8221;#FFFFFF&#8221; text_font_size=&#8221;16px&#8221; text_letter_spacing=&#8221;1px&#8221; custom_margin=&#8221;2px||0px|20px|false|false&#8221; custom_padding=&#8221;6px||2px||false|false&#8221; global_colors_info=&#8221;{}&#8221;]<\/p>\n<p><span style=\"color: #f3d9da;\">Distrito: <\/span><span style=\"font-size: xx-large;\">Castelo Branco<\/span><\/p>\n<p>[\/et_pb_text][\/et_pb_column][\/et_pb_row][et_pb_row column_structure=&#8221;1_4,1_4,1_4,1_4&#8243; use_custom_gutter=&#8221;on&#8221; gutter_width=&#8221;2&#8243; make_equal=&#8221;on&#8221; _builder_version=&#8221;4.13.0&#8243; _module_preset=&#8221;default&#8221; background_color=&#8221;rgba(255,255,255,0)&#8221; custom_margin=&#8221;||0px||false|false&#8221; custom_padding=&#8221;||0px||false|false&#8221; border_radii=&#8221;on|12px|12px|12px|12px&#8221; locked=&#8221;off&#8221; global_colors_info=&#8221;{}&#8221;][et_pb_column type=&#8221;1_4&#8243; _builder_version=&#8221;4.13.0&#8243; _module_preset=&#8221;default&#8221; background_color=&#8221;#FFFFFF&#8221; border_radii=&#8221;on|12px|12px|12px|12px&#8221; global_colors_info=&#8221;{}&#8221;][et_pb_text _builder_version=&#8221;4.13.0&#8243; _module_preset=&#8221;default&#8221; text_font=&#8221;Montserrat||||||||&#8221; text_font_size=&#8221;12px&#8221; text_line_height=&#8221;1.2em&#8221; custom_margin=&#8221;16px|12px|8px|12px|false|false&#8221; global_colors_info=&#8221;{}&#8221;]<\/p>\n<p><span style=\"font-size: medium; color: #c18934;\"><strong>Covilh\u00e3<\/strong><\/span><\/p>\n<p><strong>Entidade promotora:<\/strong><br \/><span data-sheets-root=\"1\" data-sheets-value=\"{&quot;1&quot;:2,&quot;2&quot;:&quot;CooLabora - Interven\u00e7\u00e3o Social&quot;}\" data-sheets-userformat=\"{&quot;2&quot;:513,&quot;3&quot;:{&quot;1&quot;:0},&quot;12&quot;:0}\">CooLabora &#8211; Interven\u00e7\u00e3o Social<\/span><\/p>\n<p><strong>Iniciativa | Atividade:<\/strong><br \/><span data-sheets-root=\"1\" data-sheets-value=\"{&quot;1&quot;:2,&quot;2&quot;:&quot;Revolu\u00e7\u00e3o \u00e9 Substantivo Feminino&quot;}\" data-sheets-userformat=\"{&quot;2&quot;:513,&quot;3&quot;:{&quot;1&quot;:0},&quot;12&quot;:0}\">Revolu\u00e7\u00e3o \u00e9 Substantivo Feminino<\/span><\/p>\n<p>[\/et_pb_text][et_pb_toggle title=&#8221;Informa\u00e7\u00f5es&#8221; closed_toggle_text_color=&#8221;#759fdb&#8221; icon_color=&#8221;#e22685&#8243; toggle_icon=&#8221;&#xe03a;||divi||400&#8243; use_icon_font_size=&#8221;on&#8221; icon_font_size=&#8221;23px&#8221; _builder_version=&#8221;4.13.0&#8243; _module_preset=&#8221;default&#8221; title_font=&#8221;Montserrat|700|||||||&#8221; title_font_size=&#8221;13px&#8221; body_font=&#8221;Montserrat||||||||&#8221; body_font_size=&#8221;11px&#8221; body_line_height=&#8221;1.2em&#8221; background_color=&#8221;rgba(255,255,255,0)&#8221; custom_margin=&#8221;|||8px|false|false&#8221; custom_padding=&#8221;8px||16px|4px|false|false&#8221; border_width_all=&#8221;0px&#8221; global_colors_info=&#8221;{}&#8221;]<\/p>\n<p><span data-sheets-root=\"1\" data-sheets-value=\"{&quot;1&quot;:2,&quot;2&quot;:&quot;&quot;REVOLU\u00c7\u00c3O \u00c9 SUBSTANTIVO FEMININO&quot;nnA iniciativa &quot;Revolu\u00e7\u00e3o \u00e9 Substantivo Feminino&quot;, \u00e9 o que prop\u00f5e a CooLabora para assinalar o Dia Internacional das Mulheres, no dia 8 de Mar\u00e7o. Organizada por jovens activistas desta associa\u00e7\u00e3o, inclui um roda de conversas sobre a igualdade de g\u00e9nero, contemplando as lutas hist\u00f3ricas e os novos desafios que se colocam nesta agenda. Conta tamb\u00e9m com uma mostra de arte feminista de 15 artistas oriundas de v\u00e1rios pa\u00edses e uma interven\u00e7\u00e3o numa escola secund\u00e1ria da Covilh\u00e3 que desafia rapazes e raparigas a identificarem estere\u00f3tipos de g\u00e9nero e a proporem ideias e ac\u00e7\u00f5es para os combater. Ainda nesta escola ser\u00e1 inaugurada uma exposi\u00e7\u00e3o com 21 cartazes. Em cada um, uma mulher activista de cada um dos 21 pa\u00edses representados nesta escola. nEsta \u00e9 uma iniciativa financiada pela Comiss\u00e3o para a Cidadania e a Igualdade de G\u00e9nero.&quot;}\" data-sheets-userformat=\"{&quot;2&quot;:513,&quot;3&quot;:{&quot;1&quot;:0},&quot;12&quot;:0}\">&#8220;REVOLU\u00c7\u00c3O \u00c9 SUBSTANTIVO FEMININO&#8221;<\/p>\n<p>A iniciativa &#8220;Revolu\u00e7\u00e3o \u00e9 Substantivo Feminino&#8221;, \u00e9 o que prop\u00f5e a CooLabora para assinalar o Dia Internacional das Mulheres, no dia 8 de Mar\u00e7o. Organizada por jovens ativistas desta associa\u00e7\u00e3o, inclui um roda de conversas sobre a igualdade de g\u00e9nero, contemplando as lutas hist\u00f3ricas e os novos desafios que se colocam nesta agenda. Conta tamb\u00e9m com uma mostra de arte feminista de 15 artistas oriundas de v\u00e1rios pa\u00edses e uma interven\u00e7\u00e3o numa escola secund\u00e1ria da Covilh\u00e3 que desafia rapazes e raparigas a identificarem estere\u00f3tipos de g\u00e9nero e a proporem ideias e a\u00e7\u00f5es para os combater. Ainda nesta escola ser\u00e1 inaugurada uma exposi\u00e7\u00e3o com 21 cartazes. Em cada um, uma mulher ativista de cada um dos 21 pa\u00edses representados nesta escola. <br \/>Esta \u00e9 uma iniciativa financiada pela Comiss\u00e3o para a Cidadania e a Igualdade de G\u00e9nero.<\/span><\/p>\n<p><strong>Local:<\/strong> <span data-sheets-root=\"1\" data-sheets-value=\"{&quot;1&quot;:2,&quot;2&quot;:&quot;Covilh\u00e3&quot;}\" data-sheets-userformat=\"{&quot;2&quot;:513,&quot;3&quot;:{&quot;1&quot;:0},&quot;12&quot;:0}\">Covilh\u00e3<\/span><strong><br \/><\/strong><\/p>\n<p><strong>Dia:<\/strong> 08 de mar\u00e7o | <strong>Hora:<\/strong> 11h00<\/p>\n<p><img loading=\"lazy\" class=\"wp-image-4491 alignnone size-medium\" src=\"https:\/\/www.cig.gov.pt\/iniciativas-nacionais\/wp-content\/uploads\/2024\/02\/Cartaz-8-Marco-2024-CooLabora-Crl-212x300.jpg\" alt=\"\" width=\"212\" height=\"300\" \/><\/p>\n<p>[\/et_pb_toggle][\/et_pb_column][et_pb_column type=&#8221;1_4&#8243; _builder_version=&#8221;4.13.0&#8243; _module_preset=&#8221;default&#8221; background_color=&#8221;#FFFFFF&#8221; border_radii=&#8221;on|12px|12px|12px|12px&#8221; global_colors_info=&#8221;{}&#8221;][et_pb_text _builder_version=&#8221;4.13.0&#8243; _module_preset=&#8221;default&#8221; text_font=&#8221;Montserrat||||||||&#8221; text_font_size=&#8221;12px&#8221; text_line_height=&#8221;1.2em&#8221; custom_margin=&#8221;16px|12px|8px|12px|false|false&#8221; global_colors_info=&#8221;{}&#8221;]<\/p>\n<p><span style=\"font-size: medium; color: #c18934;\"><strong>Oleiros<\/strong><\/span><\/p>\n<p><strong>Entidade promotora:<\/strong><br \/>Munic\u00edpio de Oleiros<\/p>\n<p><strong>Iniciativa | Atividade:<\/strong><br \/>A mulher de Oleiros e do Mundo<\/p>\n<p>[\/et_pb_text][et_pb_toggle title=&#8221;Informa\u00e7\u00f5es&#8221; closed_toggle_text_color=&#8221;#759fdb&#8221; icon_color=&#8221;#e22685&#8243; toggle_icon=&#8221;&#xe03a;||divi||400&#8243; use_icon_font_size=&#8221;on&#8221; icon_font_size=&#8221;23px&#8221; _builder_version=&#8221;4.13.0&#8243; _module_preset=&#8221;default&#8221; title_font=&#8221;Montserrat|700|||||||&#8221; title_font_size=&#8221;13px&#8221; body_font=&#8221;Montserrat||||||||&#8221; body_font_size=&#8221;11px&#8221; body_line_height=&#8221;1.2em&#8221; background_color=&#8221;rgba(255,255,255,0)&#8221; custom_margin=&#8221;|||8px|false|false&#8221; custom_padding=&#8221;8px||16px|4px|false|false&#8221; border_width_all=&#8221;0px&#8221; global_colors_info=&#8221;{}&#8221;]<\/p>\n<p><strong>A mulher de Oleiros e do Mundo<\/strong><\/p>\n<p>Tert\u00falia liter\u00e1ria e apresenta\u00e7\u00e3o de testemunhos sobre a mulher no mundo e sobre a mulher oleirense.<\/p>\n<p><strong>Local:<\/strong>Casa da Cultura de Oleiros<strong><br \/><\/strong><\/p>\n<p><strong>Dia:<\/strong> 8 de mar\u00e7o | <strong>Hora:<\/strong> 17h00<\/p>\n<p>[\/et_pb_toggle][\/et_pb_column][et_pb_column type=&#8221;1_4&#8243; _builder_version=&#8221;4.13.0&#8243; _module_preset=&#8221;default&#8221; background_color=&#8221;rgba(255,255,255,0)&#8221; border_radii=&#8221;on|12px|12px|12px|12px&#8221; global_colors_info=&#8221;{}&#8221;][\/et_pb_column][et_pb_column type=&#8221;1_4&#8243; _builder_version=&#8221;4.13.0&#8243; _module_preset=&#8221;default&#8221; background_color=&#8221;rgba(255,255,255,0)&#8221; border_radii=&#8221;on|12px|12px|12px|12px&#8221; global_colors_info=&#8221;{}&#8221;][\/et_pb_column][\/et_pb_row][et_pb_row admin_label=&#8221;Coimbra&#8221; _builder_version=&#8221;4.13.0&#8243; _module_preset=&#8221;default&#8221; background_color=&#8221;#03989e&#8221; custom_margin=&#8221;24px||0px||false|false&#8221; custom_padding=&#8221;16px||16px||false|false&#8221; border_radii=&#8221;on|12px|12px|12px|12px&#8221; global_colors_info=&#8221;{}&#8221;][et_pb_column type=&#8221;4_4&#8243; _builder_version=&#8221;4.13.0&#8243; _module_preset=&#8221;default&#8221; global_colors_info=&#8221;{}&#8221;][et_pb_text admin_label=&#8221;Coimbra&#8221; _builder_version=&#8221;4.13.0&#8243; _module_preset=&#8221;default&#8221; text_font=&#8221;Montserrat|700|||||||&#8221; text_text_color=&#8221;#FFFFFF&#8221; text_font_size=&#8221;16px&#8221; text_letter_spacing=&#8221;1px&#8221; custom_margin=&#8221;2px||0px|20px|false|false&#8221; custom_padding=&#8221;6px||2px||false|false&#8221; global_colors_info=&#8221;{}&#8221;]<\/p>\n<p><span style=\"color: #f3d9da;\">Distrito: <\/span><span style=\"font-size: xx-large;\">Coimbra<\/span><\/p>\n<p>[\/et_pb_text][\/et_pb_column][\/et_pb_row][et_pb_row column_structure=&#8221;1_4,1_4,1_4,1_4&#8243; _builder_version=&#8221;4.13.0&#8243; _module_preset=&#8221;default&#8221; background_color=&#8221;RGBA(0,0,0,0)&#8221; global_colors_info=&#8221;{}&#8221;][et_pb_column type=&#8221;1_4&#8243; _builder_version=&#8221;4.13.0&#8243; _module_preset=&#8221;default&#8221; background_color=&#8221;#FFFFFF&#8221; border_radii=&#8221;on|12px|12px|12px|12px&#8221; global_colors_info=&#8221;{}&#8221;][et_pb_text _builder_version=&#8221;4.13.0&#8243; _module_preset=&#8221;default&#8221; text_font=&#8221;Montserrat||||||||&#8221; text_font_size=&#8221;12px&#8221; text_line_height=&#8221;1.2em&#8221; custom_margin=&#8221;16px|12px|8px|12px|false|false&#8221; global_colors_info=&#8221;{}&#8221;]<\/p>\n<p><span style=\"font-size: medium; color: #c18934;\"><strong>Coimbra<\/strong><\/span><\/p>\n<p><strong>Entidade promotora:<\/strong><br \/>Coimbra Business School | ISCAC, Polit\u00e9cnico de Coimbra<\/p>\n<p><strong>Iniciativa | Atividade:<\/strong><br \/>Para um Exerc\u00edcio de Mem\u00f3ria<\/p>\n<p>[\/et_pb_text][et_pb_toggle title=&#8221;Informa\u00e7\u00f5es&#8221; closed_toggle_text_color=&#8221;#759fdb&#8221; icon_color=&#8221;#e22685&#8243; toggle_icon=&#8221;&#xe03a;||divi||400&#8243; use_icon_font_size=&#8221;on&#8221; icon_font_size=&#8221;23px&#8221; _builder_version=&#8221;4.13.0&#8243; _module_preset=&#8221;default&#8221; title_font=&#8221;Montserrat|700|||||||&#8221; title_font_size=&#8221;13px&#8221; body_font=&#8221;Montserrat||||||||&#8221; body_font_size=&#8221;11px&#8221; body_line_height=&#8221;1.2em&#8221; background_color=&#8221;rgba(255,255,255,0)&#8221; custom_margin=&#8221;|||8px|false|false&#8221; custom_padding=&#8221;8px||16px|4px|false|false&#8221; border_width_all=&#8221;0px&#8221; global_colors_info=&#8221;{}&#8221;]<\/p>\n<p><span data-sheets-root=\"1\" data-sheets-value=\"{&quot;1&quot;:2,&quot;2&quot;:&quot;O Munic\u00edpio de Oliveira do Hospital tem a decorrer, at\u00e9 ao dia 6 de mar\u00e7o, um concurso de escrita sobre o papel da mulher na Revolu\u00e7\u00e3o de Abril, no \u00e2mbito do Dia da Mulher. nO Concurso \u201cMulher e o 25 de Abril\u201d pretende valorizar a escrita criativa, a conquista e a realiza\u00e7\u00e3o e, ao mesmo tempo, estimular os processos de pensamento e de imagina\u00e7\u00e3o e de express\u00e3o de sentimentos, no ano em que se assinalam os 50 anos da Revolu\u00e7\u00e3o de 25 de Abril de 1974.n\u00c0s tr\u00eas melhores propostas s\u00e3o atribu\u00eddos pr\u00e9mios monet\u00e1rios, com valores compreendidos entres os 20 e os 50 euros, em vales de compras a descontar no com\u00e9rcio tradicional de Oliveira do Hospital.  nOs textos para o concurso \u201cMulher e o 25 de Abril\u201d devem ser enviados por e-mail, para biblioteca.oliveira@cm-oliveiradohospital.pt ou biblioteca.lagares@cmoliveiradohospital.pt, ou entregues presencialmente nas Bibliotecas Municipais de Oliveira do Hospital ou de Lagares de Beira.&quot;}\" data-sheets-userformat=\"{&quot;2&quot;:513,&quot;3&quot;:{&quot;1&quot;:0},&quot;12&quot;:0}\">A partir de 1 de mar\u00e7o de 2024: no corredor principal do ISCAC, mural de reconhecimento com fotografias de mulheres inspiradoras em v\u00e1rias \u00e1reas do conhecimento e da vida p\u00fablica portuguesa. Ant\u00f3nia Ferreira, Carolina Beatriz \u00c2ngelo, Adelaide Cabete, Maria de Lourdes Pintasilgo, Elina Guimar\u00e3es, Paula Rego, Maria Vieira da Silva, Maria Lamas, Maria Isabel Barreno, Maria Velho da Costa, Maria Teresa Horta, Nat\u00e1lia Correia, Am\u00e1lia Rodrigues, Rosa Mota, Patr\u00edcia Mamona, entre outras, ser\u00e3o algumas das mulheres homenageadas.<\/span><\/p>\n<p><strong>Local:<\/strong> Coimbra Business School | ISCAC, Quinta Agr\u00edcola, Bencanta, Coimbra<\/p>\n<p><strong>Data:<\/strong> 01 a 31 de mar\u00e7o | <strong>Hor\u00e1rio:<\/strong> 14h00<\/p>\n<p>&nbsp;<\/p>\n<p>[\/et_pb_toggle][\/et_pb_column][et_pb_column type=&#8221;1_4&#8243; _builder_version=&#8221;4.13.0&#8243; _module_preset=&#8221;default&#8221; background_color=&#8221;#FFFFFF&#8221; border_radii=&#8221;on|12px|12px|12px|12px&#8221; global_colors_info=&#8221;{}&#8221;][et_pb_text _builder_version=&#8221;4.13.0&#8243; _module_preset=&#8221;default&#8221; text_font=&#8221;Montserrat||||||||&#8221; text_font_size=&#8221;12px&#8221; text_line_height=&#8221;1.2em&#8221; custom_margin=&#8221;16px|12px|8px|12px|false|false&#8221; global_colors_info=&#8221;{}&#8221;]<\/p>\n<p><span style=\"font-size: medium; color: #c18934;\"><strong>Coimbra<\/strong><\/span><\/p>\n<p><strong>Entidade promotora:<\/strong><br \/>Coimbra Business School | ISCAC, Polit\u00e9cnico de Coimbra<\/p>\n<p><strong>Iniciativa | Atividade:<\/strong><br \/>Tert\u00falia: Mulheres da CBS | ISCAC<\/p>\n<p>[\/et_pb_text][et_pb_toggle title=&#8221;Informa\u00e7\u00f5es&#8221; closed_toggle_text_color=&#8221;#759fdb&#8221; icon_color=&#8221;#e22685&#8243; toggle_icon=&#8221;&#xe03a;||divi||400&#8243; use_icon_font_size=&#8221;on&#8221; icon_font_size=&#8221;23px&#8221; _builder_version=&#8221;4.13.0&#8243; _module_preset=&#8221;default&#8221; title_font=&#8221;Montserrat|700|||||||&#8221; title_font_size=&#8221;13px&#8221; body_font=&#8221;Montserrat||||||||&#8221; body_font_size=&#8221;11px&#8221; body_line_height=&#8221;1.2em&#8221; background_color=&#8221;rgba(255,255,255,0)&#8221; custom_margin=&#8221;|||8px|false|false&#8221; custom_padding=&#8221;8px||16px|4px|false|false&#8221; border_width_all=&#8221;0px&#8221; global_colors_info=&#8221;{}&#8221;]<\/p>\n<p><span data-sheets-root=\"1\" data-sheets-value=\"{&quot;1&quot;:2,&quot;2&quot;:&quot;O Munic\u00edpio de Oliveira do Hospital tem a decorrer, at\u00e9 ao dia 6 de mar\u00e7o, um concurso de escrita sobre o papel da mulher na Revolu\u00e7\u00e3o de Abril, no \u00e2mbito do Dia da Mulher. nO Concurso \u201cMulher e o 25 de Abril\u201d pretende valorizar a escrita criativa, a conquista e a realiza\u00e7\u00e3o e, ao mesmo tempo, estimular os processos de pensamento e de imagina\u00e7\u00e3o e de express\u00e3o de sentimentos, no ano em que se assinalam os 50 anos da Revolu\u00e7\u00e3o de 25 de Abril de 1974.n\u00c0s tr\u00eas melhores propostas s\u00e3o atribu\u00eddos pr\u00e9mios monet\u00e1rios, com valores compreendidos entres os 20 e os 50 euros, em vales de compras a descontar no com\u00e9rcio tradicional de Oliveira do Hospital.  nOs textos para o concurso \u201cMulher e o 25 de Abril\u201d devem ser enviados por e-mail, para biblioteca.oliveira@cm-oliveiradohospital.pt ou biblioteca.lagares@cmoliveiradohospital.pt, ou entregues presencialmente nas Bibliotecas Municipais de Oliveira do Hospital ou de Lagares de Beira.&quot;}\" data-sheets-userformat=\"{&quot;2&quot;:513,&quot;3&quot;:{&quot;1&quot;:0},&quot;12&quot;:0}\">No contexto da celebra\u00e7\u00e3o do Dia Internacional das Mulheres, esta tert\u00falia consiste numa conversa e partilha com mulheres da nossa Escola que, apesar de mais &#8220;escondidas&#8221; ou &#8220;recatadas&#8221; nos seus gabinetes (Servi\u00e7os Acad\u00e9micos, Servi\u00e7os de A\u00e7\u00e3o Social, Biblioteca, Servi\u00e7os Administrativos e Finan\u00e7as, Gabinete de Comunica\u00e7\u00e3o e Imagem, entre outros) ocupam lugares cruciais e desempenham fun\u00e7\u00f5es vitais para o bom funcionamento da Coimbra Business School | ISCAC.<\/span><\/p>\n<p><strong>Local:<\/strong> Coimbra Business School | ISCAC<\/p>\n<p><strong>Data:<\/strong> 07 de mar\u00e7o | <strong>Hor\u00e1rio:<\/strong> 16h00<\/p>\n<p>&nbsp;<\/p>\n<p>[\/et_pb_toggle][\/et_pb_column][et_pb_column type=&#8221;1_4&#8243; _builder_version=&#8221;4.13.0&#8243; _module_preset=&#8221;default&#8221; background_color=&#8221;#FFFFFF&#8221; border_radii=&#8221;on|12px|12px|12px|12px&#8221; global_colors_info=&#8221;{}&#8221;][et_pb_text _builder_version=&#8221;4.13.0&#8243; _module_preset=&#8221;default&#8221; text_font=&#8221;Montserrat||||||||&#8221; text_font_size=&#8221;12px&#8221; text_line_height=&#8221;1.2em&#8221; custom_margin=&#8221;16px|12px|8px|12px|false|false&#8221; global_colors_info=&#8221;{}&#8221;]<\/p>\n<p><span style=\"font-size: medium; color: #c18934;\"><strong>Coimbra<\/strong><\/span><\/p>\n<p><strong>Entidade promotora:<\/strong><br \/>Coimbra Business School | ISCAC, Polit\u00e9cnico de Coimbra<\/p>\n<p><strong>Iniciativa | Atividade:<\/strong><br \/>Aula aberta de Pilates<\/p>\n<p>[\/et_pb_text][et_pb_toggle title=&#8221;Informa\u00e7\u00f5es&#8221; closed_toggle_text_color=&#8221;#759fdb&#8221; icon_color=&#8221;#e22685&#8243; toggle_icon=&#8221;&#xe03a;||divi||400&#8243; use_icon_font_size=&#8221;on&#8221; icon_font_size=&#8221;23px&#8221; _builder_version=&#8221;4.13.0&#8243; _module_preset=&#8221;default&#8221; title_font=&#8221;Montserrat|700|||||||&#8221; title_font_size=&#8221;13px&#8221; body_font=&#8221;Montserrat||||||||&#8221; body_font_size=&#8221;11px&#8221; body_line_height=&#8221;1.2em&#8221; background_color=&#8221;rgba(255,255,255,0)&#8221; custom_margin=&#8221;|||8px|false|false&#8221; custom_padding=&#8221;8px||16px|4px|false|false&#8221; border_width_all=&#8221;0px&#8221; global_colors_info=&#8221;{}&#8221;]<\/p>\n<p><span data-sheets-root=\"1\" data-sheets-value=\"{&quot;1&quot;:2,&quot;2&quot;:&quot;O Munic\u00edpio de Oliveira do Hospital tem a decorrer, at\u00e9 ao dia 6 de mar\u00e7o, um concurso de escrita sobre o papel da mulher na Revolu\u00e7\u00e3o de Abril, no \u00e2mbito do Dia da Mulher. nO Concurso \u201cMulher e o 25 de Abril\u201d pretende valorizar a escrita criativa, a conquista e a realiza\u00e7\u00e3o e, ao mesmo tempo, estimular os processos de pensamento e de imagina\u00e7\u00e3o e de express\u00e3o de sentimentos, no ano em que se assinalam os 50 anos da Revolu\u00e7\u00e3o de 25 de Abril de 1974.n\u00c0s tr\u00eas melhores propostas s\u00e3o atribu\u00eddos pr\u00e9mios monet\u00e1rios, com valores compreendidos entres os 20 e os 50 euros, em vales de compras a descontar no com\u00e9rcio tradicional de Oliveira do Hospital.  nOs textos para o concurso \u201cMulher e o 25 de Abril\u201d devem ser enviados por e-mail, para biblioteca.oliveira@cm-oliveiradohospital.pt ou biblioteca.lagares@cmoliveiradohospital.pt, ou entregues presencialmente nas Bibliotecas Municipais de Oliveira do Hospital ou de Lagares de Beira.&quot;}\" data-sheets-userformat=\"{&quot;2&quot;:513,&quot;3&quot;:{&quot;1&quot;:0},&quot;12&quot;:0}\">Momento de bem estar &#8211; cuidar do corpo e da mente.<\/span><\/p>\n<p><strong>Local:<\/strong> Jardins da CBS | ISCAC<\/p>\n<p><strong>Data:<\/strong> 08 de mar\u00e7o | <strong>Hor\u00e1rio:<\/strong> 11h30<\/p>\n<p>&nbsp;<\/p>\n<p>[\/et_pb_toggle][\/et_pb_column][et_pb_column type=&#8221;1_4&#8243; _builder_version=&#8221;4.13.0&#8243; _module_preset=&#8221;default&#8221; background_color=&#8221;#FFFFFF&#8221; border_radii=&#8221;on|12px|12px|12px|12px&#8221; global_colors_info=&#8221;{}&#8221;][et_pb_text _builder_version=&#8221;4.13.0&#8243; _module_preset=&#8221;default&#8221; text_font=&#8221;Montserrat||||||||&#8221; text_font_size=&#8221;12px&#8221; text_line_height=&#8221;1.2em&#8221; custom_margin=&#8221;16px|12px|8px|12px|false|false&#8221; global_colors_info=&#8221;{}&#8221;]<\/p>\n<p><span style=\"font-size: medium; color: #c18934;\"><strong>Oliveira do Hospital<\/strong><\/span><\/p>\n<p><strong>Entidade promotora:<\/strong><br \/>C\u00e2mara Municipal de Oliveira do Hospital<\/p>\n<p><strong>Iniciativa | Atividade:<\/strong><br \/>Concurso de Escrita &#8211; &#8220;Mulheres e o 25 de Abril&#8221;<\/p>\n<p>[\/et_pb_text][et_pb_toggle title=&#8221;Informa\u00e7\u00f5es&#8221; closed_toggle_text_color=&#8221;#759fdb&#8221; icon_color=&#8221;#e22685&#8243; toggle_icon=&#8221;&#xe03a;||divi||400&#8243; use_icon_font_size=&#8221;on&#8221; icon_font_size=&#8221;23px&#8221; _builder_version=&#8221;4.13.0&#8243; _module_preset=&#8221;default&#8221; title_font=&#8221;Montserrat|700|||||||&#8221; title_font_size=&#8221;13px&#8221; body_font=&#8221;Montserrat||||||||&#8221; body_font_size=&#8221;11px&#8221; body_line_height=&#8221;1.2em&#8221; background_color=&#8221;rgba(255,255,255,0)&#8221; custom_margin=&#8221;|||8px|false|false&#8221; custom_padding=&#8221;8px||16px|4px|false|false&#8221; border_width_all=&#8221;0px&#8221; global_colors_info=&#8221;{}&#8221;]<\/p>\n<p><span data-sheets-root=\"1\" data-sheets-value=\"{&quot;1&quot;:2,&quot;2&quot;:&quot;O Munic\u00edpio de Oliveira do Hospital tem a decorrer, at\u00e9 ao dia 6 de mar\u00e7o, um concurso de escrita sobre o papel da mulher na Revolu\u00e7\u00e3o de Abril, no \u00e2mbito do Dia da Mulher. nO Concurso \u201cMulher e o 25 de Abril\u201d pretende valorizar a escrita criativa, a conquista e a realiza\u00e7\u00e3o e, ao mesmo tempo, estimular os processos de pensamento e de imagina\u00e7\u00e3o e de express\u00e3o de sentimentos, no ano em que se assinalam os 50 anos da Revolu\u00e7\u00e3o de 25 de Abril de 1974.n\u00c0s tr\u00eas melhores propostas s\u00e3o atribu\u00eddos pr\u00e9mios monet\u00e1rios, com valores compreendidos entres os 20 e os 50 euros, em vales de compras a descontar no com\u00e9rcio tradicional de Oliveira do Hospital.  nOs textos para o concurso \u201cMulher e o 25 de Abril\u201d devem ser enviados por e-mail, para biblioteca.oliveira@cm-oliveiradohospital.pt ou biblioteca.lagares@cmoliveiradohospital.pt, ou entregues presencialmente nas Bibliotecas Municipais de Oliveira do Hospital ou de Lagares de Beira.&quot;}\" data-sheets-userformat=\"{&quot;2&quot;:513,&quot;3&quot;:{&quot;1&quot;:0},&quot;12&quot;:0}\">O Munic\u00edpio de Oliveira do Hospital tem a decorrer, at\u00e9 ao dia 6 de mar\u00e7o, um concurso de escrita sobre o papel da mulher na Revolu\u00e7\u00e3o de Abril, no \u00e2mbito do Dia da Mulher.<br \/>O Concurso \u201cMulher e o 25 de Abril\u201d pretende valorizar a escrita criativa, a conquista e a realiza\u00e7\u00e3o e, ao mesmo tempo, estimular os processos de pensamento e de imagina\u00e7\u00e3o e de express\u00e3o de sentimentos, no ano em que se assinalam os 50 anos da Revolu\u00e7\u00e3o de 25 de Abril de 1974.<br \/>\u00c0s tr\u00eas melhores propostas s\u00e3o atribu\u00eddos pr\u00e9mios monet\u00e1rios, com valores compreendidos entres os 20 e os 50 euros, em vales de compras a descontar no com\u00e9rcio tradicional de Oliveira do Hospital.<br \/>Os textos para o concurso \u201cMulher e o 25 de Abril\u201d devem ser enviados por e-mail, para biblioteca.oliveira@cm-oliveiradohospital.pt ou biblioteca.lagares@cmoliveiradohospital.pt, ou entregues presencialmente nas Bibliotecas Municipais de Oliveira do Hospital ou de Lagares de Beira.<\/span><\/p>\n<p><img loading=\"lazy\" class=\"wp-image-4248 alignnone size-medium\" src=\"https:\/\/www.cig.gov.pt\/iniciativas-nacionais\/wp-content\/uploads\/2024\/02\/428378627_925575106271005_6160714762166379747_n-Susana-Nunes-212x300.jpg\" alt=\"\" width=\"212\" height=\"300\" \/><\/p>\n<p>&nbsp;<\/p>\n<p>[\/et_pb_toggle][\/et_pb_column][\/et_pb_row][et_pb_row column_structure=&#8221;1_4,1_4,1_4,1_4&#8243; _builder_version=&#8221;4.13.0&#8243; _module_preset=&#8221;default&#8221; background_color=&#8221;RGBA(0,0,0,0)&#8221; global_colors_info=&#8221;{}&#8221;][et_pb_column type=&#8221;1_4&#8243; _builder_version=&#8221;4.13.0&#8243; _module_preset=&#8221;default&#8221; background_color=&#8221;#FFFFFF&#8221; border_radii=&#8221;on|12px|12px|12px|12px&#8221; global_colors_info=&#8221;{}&#8221;][et_pb_text _builder_version=&#8221;4.13.0&#8243; _module_preset=&#8221;default&#8221; text_font=&#8221;Montserrat||||||||&#8221; text_font_size=&#8221;12px&#8221; text_line_height=&#8221;1.2em&#8221; custom_margin=&#8221;16px|12px|8px|12px|false|false&#8221; global_colors_info=&#8221;{}&#8221;]<\/p>\n<p><span style=\"font-size: medium; color: #c18934;\"><strong>Coimbra<\/strong><\/span><\/p>\n<p><strong>Entidade promotora:<\/strong><br \/><span data-sheets-root=\"1\" data-sheets-value=\"{&quot;1&quot;:2,&quot;2&quot;:&quot;rede ex aequo&quot;}\" data-sheets-userformat=\"{&quot;2&quot;:513,&quot;3&quot;:{&quot;1&quot;:0},&quot;12&quot;:0}\">rede ex aequo<\/span><\/p>\n<p><strong>Iniciativa | Atividade:<\/strong><br \/><span data-sheets-root=\"1\" data-sheets-value=\"{&quot;1&quot;:2,&quot;2&quot;:&quot;Feminismo e Interseccionalidade&quot;}\" data-sheets-userformat=\"{&quot;2&quot;:513,&quot;3&quot;:{&quot;1&quot;:0},&quot;12&quot;:0}\">Feminismo e Interseccionalidade<\/span><\/p>\n<p>[\/et_pb_text][et_pb_toggle title=&#8221;Informa\u00e7\u00f5es&#8221; closed_toggle_text_color=&#8221;#759fdb&#8221; icon_color=&#8221;#e22685&#8243; toggle_icon=&#8221;&#xe03a;||divi||400&#8243; use_icon_font_size=&#8221;on&#8221; icon_font_size=&#8221;23px&#8221; _builder_version=&#8221;4.13.0&#8243; _module_preset=&#8221;default&#8221; title_font=&#8221;Montserrat|700|||||||&#8221; title_font_size=&#8221;13px&#8221; body_font=&#8221;Montserrat||||||||&#8221; body_font_size=&#8221;11px&#8221; body_line_height=&#8221;1.2em&#8221; background_color=&#8221;rgba(255,255,255,0)&#8221; custom_margin=&#8221;|||8px|false|false&#8221; custom_padding=&#8221;8px||16px|4px|false|false&#8221; border_width_all=&#8221;0px&#8221; global_colors_info=&#8221;{}&#8221;]<\/p>\n<p><span data-sheets-root=\"1\" data-sheets-value=\"{&quot;1&quot;:2,&quot;2&quot;:&quot;O Munic\u00edpio de Oliveira do Hospital tem a decorrer, at\u00e9 ao dia 6 de mar\u00e7o, um concurso de escrita sobre o papel da mulher na Revolu\u00e7\u00e3o de Abril, no \u00e2mbito do Dia da Mulher. nO Concurso \u201cMulher e o 25 de Abril\u201d pretende valorizar a escrita criativa, a conquista e a realiza\u00e7\u00e3o e, ao mesmo tempo, estimular os processos de pensamento e de imagina\u00e7\u00e3o e de express\u00e3o de sentimentos, no ano em que se assinalam os 50 anos da Revolu\u00e7\u00e3o de 25 de Abril de 1974.n\u00c0s tr\u00eas melhores propostas s\u00e3o atribu\u00eddos pr\u00e9mios monet\u00e1rios, com valores compreendidos entres os 20 e os 50 euros, em vales de compras a descontar no com\u00e9rcio tradicional de Oliveira do Hospital.  nOs textos para o concurso \u201cMulher e o 25 de Abril\u201d devem ser enviados por e-mail, para biblioteca.oliveira@cm-oliveiradohospital.pt ou biblioteca.lagares@cmoliveiradohospital.pt, ou entregues presencialmente nas Bibliotecas Municipais de Oliveira do Hospital ou de Lagares de Beira.&quot;}\" data-sheets-userformat=\"{&quot;2&quot;:513,&quot;3&quot;:{&quot;1&quot;:0},&quot;12&quot;:0}\">Sabes o que \u00e9 interseccionalidade e qual a sua relev\u00e2ncia? Conheces a hist\u00f3ria do feminismo e quais as viv\u00eancias inclu\u00eddas na luta feminista? Ser\u00e1 que a luta LGBTI e a luta feminista est\u00e3o interligadas? Se sim, de que forma?<\/p>\n<p>Se queres partilhar a tua experi\u00eancia ou aprender mais sobre o tema, junta-te a n\u00f3s nesta conversa e espa\u00e7o de partilha.<\/span><\/p>\n<p><strong>Local:<\/strong> <span data-sheets-root=\"1\" data-sheets-value=\"{&quot;1&quot;:2,&quot;2&quot;:&quot;Sede da Federa\u00e7\u00e3o das Associa\u00e7\u00f5es Juvenis do Distrito de Coimbra (FAJDC), piso -1 do IPDJ (acesso pela escada lateral exterior)&quot;}\" data-sheets-userformat=\"{&quot;2&quot;:513,&quot;3&quot;:{&quot;1&quot;:0},&quot;12&quot;:0}\">Sede da Federa\u00e7\u00e3o das Associa\u00e7\u00f5es Juvenis do Distrito de Coimbra (FAJDC), piso -1 do IPDJ (acesso pela escada lateral exterior)<\/span><\/p>\n<p><strong>Data:<\/strong> 05 de mar\u00e7o | <strong>Hor\u00e1rio:<\/strong> 18h00<\/p>\n<p><img loading=\"lazy\" class=\"wp-image-4494 alignnone size-medium\" src=\"https:\/\/www.cig.gov.pt\/iniciativas-nacionais\/wp-content\/uploads\/2024\/02\/Copia-de-nucleo-coimbra-capa-FB-6-Nicolas-Moniz-300x169.png\" alt=\"\" width=\"300\" height=\"169\" \/><\/p>\n<p>&nbsp;<\/p>\n<p>[\/et_pb_toggle][\/et_pb_column][et_pb_column type=&#8221;1_4&#8243; _builder_version=&#8221;4.13.0&#8243; _module_preset=&#8221;default&#8221; background_color=&#8221;#FFFFFF&#8221; border_radii=&#8221;on|12px|12px|12px|12px&#8221; global_colors_info=&#8221;{}&#8221;][et_pb_text _builder_version=&#8221;4.13.0&#8243; _module_preset=&#8221;default&#8221; text_font=&#8221;Montserrat||||||||&#8221; text_font_size=&#8221;12px&#8221; text_line_height=&#8221;1.2em&#8221; custom_margin=&#8221;16px|12px|8px|12px|false|false&#8221; global_colors_info=&#8221;{}&#8221;]<\/p>\n<p><span style=\"font-size: medium; color: #c18934;\"><strong>Coimbra<\/strong><\/span><\/p>\n<p><strong>Entidade promotora:<\/strong><br \/><span data-sheets-root=\"1\" data-sheets-value=\"{&quot;1&quot;:2,&quot;2&quot;:&quot;rede ex aequo&quot;}\" data-sheets-userformat=\"{&quot;2&quot;:513,&quot;3&quot;:{&quot;1&quot;:0},&quot;12&quot;:0}\">rede ex aequo<\/span><\/p>\n<p><strong>Iniciativa | Atividade:<\/strong><br \/><span data-sheets-root=\"1\" data-sheets-value=\"{&quot;1&quot;:2,&quot;2&quot;:&quot;Transfeminismo c\/ Dani Bento (ILGA Portugal)&quot;}\" data-sheets-userformat=\"{&quot;2&quot;:513,&quot;3&quot;:{&quot;1&quot;:0},&quot;12&quot;:0}\">Transfeminismo c\/ Dani Bento (ILGA Portugal)<\/span><\/p>\n<p>[\/et_pb_text][et_pb_toggle title=&#8221;Informa\u00e7\u00f5es&#8221; closed_toggle_text_color=&#8221;#759fdb&#8221; icon_color=&#8221;#e22685&#8243; toggle_icon=&#8221;&#xe03a;||divi||400&#8243; use_icon_font_size=&#8221;on&#8221; icon_font_size=&#8221;23px&#8221; _builder_version=&#8221;4.13.0&#8243; _module_preset=&#8221;default&#8221; title_font=&#8221;Montserrat|700|||||||&#8221; title_font_size=&#8221;13px&#8221; body_font=&#8221;Montserrat||||||||&#8221; body_font_size=&#8221;11px&#8221; body_line_height=&#8221;1.2em&#8221; background_color=&#8221;rgba(255,255,255,0)&#8221; custom_margin=&#8221;|||8px|false|false&#8221; custom_padding=&#8221;8px||16px|4px|false|false&#8221; border_width_all=&#8221;0px&#8221; global_colors_info=&#8221;{}&#8221;]<\/p>\n<p><span data-sheets-root=\"1\" data-sheets-value=\"{&quot;1&quot;:2,&quot;2&quot;:&quot;O Munic\u00edpio de Oliveira do Hospital tem a decorrer, at\u00e9 ao dia 6 de mar\u00e7o, um concurso de escrita sobre o papel da mulher na Revolu\u00e7\u00e3o de Abril, no \u00e2mbito do Dia da Mulher. nO Concurso \u201cMulher e o 25 de Abril\u201d pretende valorizar a escrita criativa, a conquista e a realiza\u00e7\u00e3o e, ao mesmo tempo, estimular os processos de pensamento e de imagina\u00e7\u00e3o e de express\u00e3o de sentimentos, no ano em que se assinalam os 50 anos da Revolu\u00e7\u00e3o de 25 de Abril de 1974.n\u00c0s tr\u00eas melhores propostas s\u00e3o atribu\u00eddos pr\u00e9mios monet\u00e1rios, com valores compreendidos entres os 20 e os 50 euros, em vales de compras a descontar no com\u00e9rcio tradicional de Oliveira do Hospital.  nOs textos para o concurso \u201cMulher e o 25 de Abril\u201d devem ser enviados por e-mail, para biblioteca.oliveira@cm-oliveiradohospital.pt ou biblioteca.lagares@cmoliveiradohospital.pt, ou entregues presencialmente nas Bibliotecas Municipais de Oliveira do Hospital ou de Lagares de Beira.&quot;}\" data-sheets-userformat=\"{&quot;2&quot;:513,&quot;3&quot;:{&quot;1&quot;:0},&quot;12&quot;:0}\">De que maneira \u00e9 que o movimento feminista inclui pessoas trans? Quais as especificidades das suas viv\u00eancias e como \u00e9 que a viol\u00eancia de g\u00e9nero afeta mulheres trans e pessoas trans femininas? Como podemos praticar um feminismo mais interseccional?<\/p>\n<p>Se j\u00e1 refletiste sobre estas ou outras quest\u00f5es, vem participar nesta roda de conversa com a nossa convidada e com mais jovens trans, n\u00e3o-bin\u00e1ries e em questionamento identit\u00e1rio.<\/p>\n<p>Convidada:<br \/>Dani Bento, 37 anos, natural do Cartaxo.<br \/>Formada em Astronomia e Astrof\u00edsica, Engenheira de Software por profiss\u00e3o \u00e9, atualmente, presidenta da Dire\u00e7\u00e3o da Associa\u00e7\u00e3o ILGA-Portugal, bem como, coordenadora do Grupo de Reflex\u00e3o e Interven\u00e7\u00e3o Trans (GRIT) da mesma associa\u00e7\u00e3o.<br \/>Ativista pelos direitos LGBTIQ+, direito e justi\u00e7a social e sa\u00fade mental. Procura sempre uma vis\u00e3o interseccional, uma pr\u00e1tica transfeminista e radical.<br \/>Aprendiz de fotografia, DJing e Astronomia Amadora.<br \/>www.danifbento.me<\/p>\n<p>Queres participar nesta atividade? Envia-nos email (trans@rea.pt) ou mensagem privada para as nossas redes sociais (@redeexaequo) e iremos enviar o link para que possas aceder \u00e0 atividade atrav\u00e9s do Zoom.<\/span><\/p>\n<p><strong>Local:<\/strong> Online<\/p>\n<p><strong>Data:<\/strong> 09 de mar\u00e7o | <strong>Hor\u00e1rio:<\/strong> 16h00<\/p>\n<p><img loading=\"lazy\" class=\"wp-image-4495 alignnone size-medium\" src=\"https:\/\/www.cig.gov.pt\/iniciativas-nacionais\/wp-content\/uploads\/2024\/02\/banner-nucleo-trans-Capa-de-evento-no-Facebook-4-1-Nicolas-Moniz-300x169.png\" alt=\"\" width=\"300\" height=\"169\" \/><\/p>\n<p>&nbsp;<\/p>\n<p>[\/et_pb_toggle][\/et_pb_column][et_pb_column type=&#8221;1_4&#8243; _builder_version=&#8221;4.13.0&#8243; _module_preset=&#8221;default&#8221; background_color=&#8221;#FFFFFF&#8221; border_radii=&#8221;on|12px|12px|12px|12px&#8221; global_colors_info=&#8221;{}&#8221;][et_pb_text _builder_version=&#8221;4.13.0&#8243; _module_preset=&#8221;default&#8221; text_font=&#8221;Montserrat||||||||&#8221; text_font_size=&#8221;12px&#8221; text_line_height=&#8221;1.2em&#8221; custom_margin=&#8221;16px|12px|8px|12px|false|false&#8221; global_colors_info=&#8221;{}&#8221;]<\/p>\n<p><span style=\"font-size: medium; color: #c18934;\"><strong>Coimbra<\/strong><\/span><\/p>\n<p><strong>Entidade promotora:<\/strong><br \/><span data-sheets-root=\"1\" data-sheets-value=\"{&quot;1&quot;:2,&quot;2&quot;:&quot;rede ex aequo&quot;}\" data-sheets-userformat=\"{&quot;2&quot;:513,&quot;3&quot;:{&quot;1&quot;:0},&quot;12&quot;:0}\">C\u00e2mara Municipal de Coimbra<\/span><\/p>\n<p><strong>Iniciativa | Atividade:<\/strong><br \/><span data-sheets-root=\"1\" data-sheets-value=\"{&quot;1&quot;:2,&quot;2&quot;:&quot;Transfeminismo c\/ Dani Bento (ILGA Portugal)&quot;}\" data-sheets-userformat=\"{&quot;2&quot;:513,&quot;3&quot;:{&quot;1&quot;:0},&quot;12&quot;:0}\">As Mulheres da His\u00f3ria de Coimbra v\u00e3o \u00e0 Escola<\/span><\/p>\n<p>[\/et_pb_text][et_pb_toggle title=&#8221;Informa\u00e7\u00f5es&#8221; closed_toggle_text_color=&#8221;#759fdb&#8221; icon_color=&#8221;#e22685&#8243; toggle_icon=&#8221;&#xe03a;||divi||400&#8243; use_icon_font_size=&#8221;on&#8221; icon_font_size=&#8221;23px&#8221; _builder_version=&#8221;4.13.0&#8243; _module_preset=&#8221;default&#8221; title_font=&#8221;Montserrat|700|||||||&#8221; title_font_size=&#8221;13px&#8221; body_font=&#8221;Montserrat||||||||&#8221; body_font_size=&#8221;11px&#8221; body_line_height=&#8221;1.2em&#8221; background_color=&#8221;rgba(255,255,255,0)&#8221; custom_margin=&#8221;|||8px|false|false&#8221; custom_padding=&#8221;8px||16px|4px|false|false&#8221; border_width_all=&#8221;0px&#8221; global_colors_info=&#8221;{}&#8221;]<\/p>\n<p><span data-sheets-root=\"1\" data-sheets-value=\"{&quot;1&quot;:2,&quot;2&quot;:&quot;O Munic\u00edpio de Oliveira do Hospital tem a decorrer, at\u00e9 ao dia 6 de mar\u00e7o, um concurso de escrita sobre o papel da mulher na Revolu\u00e7\u00e3o de Abril, no \u00e2mbito do Dia da Mulher. nO Concurso \u201cMulher e o 25 de Abril\u201d pretende valorizar a escrita criativa, a conquista e a realiza\u00e7\u00e3o e, ao mesmo tempo, estimular os processos de pensamento e de imagina\u00e7\u00e3o e de express\u00e3o de sentimentos, no ano em que se assinalam os 50 anos da Revolu\u00e7\u00e3o de 25 de Abril de 1974.n\u00c0s tr\u00eas melhores propostas s\u00e3o atribu\u00eddos pr\u00e9mios monet\u00e1rios, com valores compreendidos entres os 20 e os 50 euros, em vales de compras a descontar no com\u00e9rcio tradicional de Oliveira do Hospital.  nOs textos para o concurso \u201cMulher e o 25 de Abril\u201d devem ser enviados por e-mail, para biblioteca.oliveira@cm-oliveiradohospital.pt ou biblioteca.lagares@cmoliveiradohospital.pt, ou entregues presencialmente nas Bibliotecas Municipais de Oliveira do Hospital ou de Lagares de Beira.&quot;}\" data-sheets-userformat=\"{&quot;2&quot;:513,&quot;3&quot;:{&quot;1&quot;:0},&quot;12&quot;:0}\">Levar at\u00e9 \u00e0s crian\u00e7as mais pequenas, a imagem de 3 grandes figuras hist\u00f3ricas da nossa regi\u00e3o, vestidas a rigor, que, de diferentes formas, marcaram a hist\u00f3ria e contribu\u00edram para a constru\u00e7\u00e3o da identidade cultural de Coimbra. <\/span><\/p>\n<p><span data-sheets-root=\"1\" data-sheets-value=\"{&quot;1&quot;:2,&quot;2&quot;:&quot;O Munic\u00edpio de Oliveira do Hospital tem a decorrer, at\u00e9 ao dia 6 de mar\u00e7o, um concurso de escrita sobre o papel da mulher na Revolu\u00e7\u00e3o de Abril, no \u00e2mbito do Dia da Mulher. nO Concurso \u201cMulher e o 25 de Abril\u201d pretende valorizar a escrita criativa, a conquista e a realiza\u00e7\u00e3o e, ao mesmo tempo, estimular os processos de pensamento e de imagina\u00e7\u00e3o e de express\u00e3o de sentimentos, no ano em que se assinalam os 50 anos da Revolu\u00e7\u00e3o de 25 de Abril de 1974.n\u00c0s tr\u00eas melhores propostas s\u00e3o atribu\u00eddos pr\u00e9mios monet\u00e1rios, com valores compreendidos entres os 20 e os 50 euros, em vales de compras a descontar no com\u00e9rcio tradicional de Oliveira do Hospital.  nOs textos para o concurso \u201cMulher e o 25 de Abril\u201d devem ser enviados por e-mail, para biblioteca.oliveira@cm-oliveiradohospital.pt ou biblioteca.lagares@cmoliveiradohospital.pt, ou entregues presencialmente nas Bibliotecas Municipais de Oliveira do Hospital ou de Lagares de Beira.&quot;}\" data-sheets-userformat=\"{&quot;2&quot;:513,&quot;3&quot;:{&quot;1&quot;:0},&quot;12&quot;:0}\">A iniciativa visa n\u00e3o apenas enaltecer as conquistas e feitos destas mulheres not\u00e1veis, mas tamb\u00e9m inspirar as gera\u00e7\u00f5es mais jovens a acreditar no poder da igualdade e inclus\u00e3o.<\/span><\/p>\n<p><span data-sheets-root=\"1\" data-sheets-value=\"{&quot;1&quot;:2,&quot;2&quot;:&quot;O Munic\u00edpio de Oliveira do Hospital tem a decorrer, at\u00e9 ao dia 6 de mar\u00e7o, um concurso de escrita sobre o papel da mulher na Revolu\u00e7\u00e3o de Abril, no \u00e2mbito do Dia da Mulher. nO Concurso \u201cMulher e o 25 de Abril\u201d pretende valorizar a escrita criativa, a conquista e a realiza\u00e7\u00e3o e, ao mesmo tempo, estimular os processos de pensamento e de imagina\u00e7\u00e3o e de express\u00e3o de sentimentos, no ano em que se assinalam os 50 anos da Revolu\u00e7\u00e3o de 25 de Abril de 1974.n\u00c0s tr\u00eas melhores propostas s\u00e3o atribu\u00eddos pr\u00e9mios monet\u00e1rios, com valores compreendidos entres os 20 e os 50 euros, em vales de compras a descontar no com\u00e9rcio tradicional de Oliveira do Hospital.  nOs textos para o concurso \u201cMulher e o 25 de Abril\u201d devem ser enviados por e-mail, para biblioteca.oliveira@cm-oliveiradohospital.pt ou biblioteca.lagares@cmoliveiradohospital.pt, ou entregues presencialmente nas Bibliotecas Municipais de Oliveira do Hospital ou de Lagares de Beira.&quot;}\" data-sheets-userformat=\"{&quot;2&quot;:513,&quot;3&quot;:{&quot;1&quot;:0},&quot;12&quot;:0}\"> A Rainha Santa Isabel, conhecida pelo seu profundo sentido de solidariedade e caridade, ser\u00e1 apresentada como um exemplo de compaix\u00e3o e empenho social. In\u00eas de Castro, figura envolta em hist\u00f3rias de amor e trag\u00e9dia, ser\u00e1 retratada n\u00e3o apenas como uma mulher apaixonada, mas tamb\u00e9m como algu\u00e9m que desafiou as conven\u00e7\u00f5es da sua \u00e9poca. <\/span><\/p>\n<p><span data-sheets-root=\"1\" data-sheets-value=\"{&quot;1&quot;:2,&quot;2&quot;:&quot;O Munic\u00edpio de Oliveira do Hospital tem a decorrer, at\u00e9 ao dia 6 de mar\u00e7o, um concurso de escrita sobre o papel da mulher na Revolu\u00e7\u00e3o de Abril, no \u00e2mbito do Dia da Mulher. nO Concurso \u201cMulher e o 25 de Abril\u201d pretende valorizar a escrita criativa, a conquista e a realiza\u00e7\u00e3o e, ao mesmo tempo, estimular os processos de pensamento e de imagina\u00e7\u00e3o e de express\u00e3o de sentimentos, no ano em que se assinalam os 50 anos da Revolu\u00e7\u00e3o de 25 de Abril de 1974.n\u00c0s tr\u00eas melhores propostas s\u00e3o atribu\u00eddos pr\u00e9mios monet\u00e1rios, com valores compreendidos entres os 20 e os 50 euros, em vales de compras a descontar no com\u00e9rcio tradicional de Oliveira do Hospital.  nOs textos para o concurso \u201cMulher e o 25 de Abril\u201d devem ser enviados por e-mail, para biblioteca.oliveira@cm-oliveiradohospital.pt ou biblioteca.lagares@cmoliveiradohospital.pt, ou entregues presencialmente nas Bibliotecas Municipais de Oliveira do Hospital ou de Lagares de Beira.&quot;}\" data-sheets-userformat=\"{&quot;2&quot;:513,&quot;3&quot;:{&quot;1&quot;:0},&quot;12&quot;:0}\">Domitila de Carvalho, m\u00e9dica, professora, escritora e pol\u00edtica portuguesa, tendo sido a primeira mulher a frequentar a Universidade de Coimbra, onde se formou em tr\u00eas \u00e1reas distintas (Matem\u00e1tica, Filosofia e Medicina), e uma das primeiras tr\u00eas deputadas eleitas em Portugal. Esta representa\u00e7\u00e3o far-se-\u00e1 atrav\u00e9s de uma visita a duas escolas b\u00e1sicas de 1\u00ba ciclo do Concelho: uma na periferia e uma em zona urbana.<\/span><\/p>\n<p><strong>Local:<\/strong> Coimbra<\/p>\n<p><strong>Data:<\/strong> 08 de mar\u00e7o | <strong>Hor\u00e1rio:<\/strong> 10h10<\/p>\n<p>&nbsp;<\/p>\n<p>&nbsp;<\/p>\n<p>[\/et_pb_toggle][\/et_pb_column][et_pb_column type=&#8221;1_4&#8243; _builder_version=&#8221;4.13.0&#8243; _module_preset=&#8221;default&#8221; background_color=&#8221;#FFFFFF&#8221; border_radii=&#8221;on|12px|12px|12px|12px&#8221; global_colors_info=&#8221;{}&#8221;][et_pb_text _builder_version=&#8221;4.13.0&#8243; _module_preset=&#8221;default&#8221; text_font=&#8221;Montserrat||||||||&#8221; text_font_size=&#8221;12px&#8221; text_line_height=&#8221;1.2em&#8221; custom_margin=&#8221;16px|12px|8px|12px|false|false&#8221; global_colors_info=&#8221;{}&#8221;]<\/p>\n<p><span style=\"font-size: medium; color: #c18934;\"><strong>Coimbra<\/strong><\/span><\/p>\n<p><strong>Entidade promotora:<\/strong><br \/><span data-sheets-root=\"1\" data-sheets-value=\"{&quot;1&quot;:2,&quot;2&quot;:&quot;rede ex aequo&quot;}\" data-sheets-userformat=\"{&quot;2&quot;:513,&quot;3&quot;:{&quot;1&quot;:0},&quot;12&quot;:0}\">Movimento Democr\u00e1tico de Mulheres<\/span><\/p>\n<p><strong>Iniciativa | Atividade:<\/strong><br \/>EXPOSI\u00c7\u00c3O \u201cMULHERES DE ABRIL SOMOS\u201d <\/p>\n<p>[\/et_pb_text][et_pb_toggle title=&#8221;Informa\u00e7\u00f5es&#8221; closed_toggle_text_color=&#8221;#759fdb&#8221; icon_color=&#8221;#e22685&#8243; toggle_icon=&#8221;&#xe03a;||divi||400&#8243; use_icon_font_size=&#8221;on&#8221; icon_font_size=&#8221;23px&#8221; _builder_version=&#8221;4.13.0&#8243; _module_preset=&#8221;default&#8221; title_font=&#8221;Montserrat|700|||||||&#8221; title_font_size=&#8221;13px&#8221; body_font=&#8221;Montserrat||||||||&#8221; body_font_size=&#8221;11px&#8221; body_line_height=&#8221;1.2em&#8221; background_color=&#8221;rgba(255,255,255,0)&#8221; custom_margin=&#8221;|||8px|false|false&#8221; custom_padding=&#8221;8px||16px|4px|false|false&#8221; border_width_all=&#8221;0px&#8221; global_colors_info=&#8221;{}&#8221;]<\/p>\n<p>Exposi\u00e7\u00e3o composta por fragmentos do poema \u201cMulheres e Revolu\u00e7\u00e3o\u201d de Maria velho da Costa ilustrado pela artista pl\u00e1stica, Irene Ramalho.<\/p>\n<p><strong>Local:<\/strong> <span>Escola Secund\u00e1ria Jaime cortes\u00e3o<\/span><\/p>\n<p><strong>Data:<\/strong> 08 de mar\u00e7o | <strong>Hor\u00e1rio:<\/strong> 10h00<\/p>\n<p><img loading=\"lazy\" src=\"https:\/\/www.cig.gov.pt\/iniciativas-nacionais\/wp-content\/uploads\/2024\/03\/Copia-de-Post-criativo-estilo-Bloco-de-Notas1-MDM-Movimento-Democratico-de-Mulheres-1-300x300.png\" width=\"300\" height=\"300\" alt=\"\" class=\"wp-image-4842 alignnone size-medium\" \/><\/p>\n<p>&nbsp;<\/p>\n<p>[\/et_pb_toggle][\/et_pb_column][\/et_pb_row][et_pb_row admin_label=&#8221;Coimbra&#8221; _builder_version=&#8221;4.13.0&#8243; _module_preset=&#8221;default&#8221; background_color=&#8221;#03989e&#8221; custom_margin=&#8221;24px||0px||false|false&#8221; custom_padding=&#8221;16px||16px||false|false&#8221; border_radii=&#8221;on|12px|12px|12px|12px&#8221; global_colors_info=&#8221;{}&#8221;][et_pb_column type=&#8221;4_4&#8243; _builder_version=&#8221;4.13.0&#8243; _module_preset=&#8221;default&#8221; global_colors_info=&#8221;{}&#8221;][et_pb_text admin_label=&#8221;Coimbra&#8221; _builder_version=&#8221;4.13.0&#8243; _module_preset=&#8221;default&#8221; text_font=&#8221;Montserrat|700|||||||&#8221; text_text_color=&#8221;#FFFFFF&#8221; text_font_size=&#8221;16px&#8221; text_letter_spacing=&#8221;1px&#8221; min_height=&#8221;23.1px&#8221; custom_margin=&#8221;2px||0px|20px|false|false&#8221; custom_padding=&#8221;6px||2px||false|false&#8221; global_colors_info=&#8221;{}&#8221;]<\/p>\n<p><span style=\"color: #f3d9da;\">Distrito: <\/span><span style=\"font-size: xx-large;\">\u00c9vora<\/span><\/p>\n<p>[\/et_pb_text][\/et_pb_column][\/et_pb_row][et_pb_row column_structure=&#8221;1_4,1_4,1_4,1_4&#8243; _builder_version=&#8221;4.13.0&#8243; _module_preset=&#8221;default&#8221; background_color=&#8221;RGBA(0,0,0,0)&#8221; global_colors_info=&#8221;{}&#8221;][et_pb_column type=&#8221;1_4&#8243; _builder_version=&#8221;4.13.0&#8243; _module_preset=&#8221;default&#8221; background_color=&#8221;#FFFFFF&#8221; border_radii=&#8221;on|12px|12px|12px|12px&#8221; global_colors_info=&#8221;{}&#8221;][et_pb_text _builder_version=&#8221;4.13.0&#8243; _module_preset=&#8221;default&#8221; text_font=&#8221;Montserrat||||||||&#8221; text_font_size=&#8221;12px&#8221; text_line_height=&#8221;1.2em&#8221; custom_margin=&#8221;16px|12px|8px|12px|false|false&#8221; global_colors_info=&#8221;{}&#8221;]<\/p>\n<p><span style=\"font-size: medium; color: #c18934;\"><strong>\u00c9vora<\/strong><\/span><\/p>\n<p><strong>Entidade promotora:<\/strong><br \/><span data-sheets-root=\"1\" data-sheets-value=\"{&quot;1&quot;:2,&quot;2&quot;:&quot;rede ex aequo&quot;}\" data-sheets-userformat=\"{&quot;2&quot;:513,&quot;3&quot;:{&quot;1&quot;:0},&quot;12&quot;:0}\">C\u00e2mara Municipal de \u00c9vora<\/span><\/p>\n<p><strong>Iniciativa | Atividade:<\/strong><br \/><span data-sheets-root=\"1\" data-sheets-value=\"{&quot;1&quot;:2,&quot;2&quot;:&quot;Feminismo e Interseccionalidade&quot;}\" data-sheets-userformat=\"{&quot;2&quot;:513,&quot;3&quot;:{&quot;1&quot;:0},&quot;12&quot;:0}\">Recriando Viv\u00eancias Antigas<\/span><\/p>\n<p>[\/et_pb_text][et_pb_toggle title=&#8221;Informa\u00e7\u00f5es&#8221; closed_toggle_text_color=&#8221;#759fdb&#8221; icon_color=&#8221;#e22685&#8243; toggle_icon=&#8221;&#xe03a;||divi||400&#8243; use_icon_font_size=&#8221;on&#8221; icon_font_size=&#8221;23px&#8221; _builder_version=&#8221;4.13.0&#8243; _module_preset=&#8221;default&#8221; title_font=&#8221;Montserrat|700|||||||&#8221; title_font_size=&#8221;13px&#8221; body_font=&#8221;Montserrat||||||||&#8221; body_font_size=&#8221;11px&#8221; body_line_height=&#8221;1.2em&#8221; background_color=&#8221;rgba(255,255,255,0)&#8221; custom_margin=&#8221;|||8px|false|false&#8221; custom_padding=&#8221;8px||16px|4px|false|false&#8221; border_width_all=&#8221;0px&#8221; global_colors_info=&#8221;{}&#8221;]<\/p>\n<p>Manh\u00e3 desportiva com constitui\u00e7\u00e3o de equipas mistas para os profissionais da C\u00e2mara Municipal de \u00c9vora.<\/p>\n<p><strong>Local:<\/strong> <span data-sheets-root=\"1\" data-sheets-value=\"{&quot;1&quot;:2,&quot;2&quot;:&quot;Sede da Federa\u00e7\u00e3o das Associa\u00e7\u00f5es Juvenis do Distrito de Coimbra (FAJDC), piso -1 do IPDJ (acesso pela escada lateral exterior)&quot;}\" data-sheets-userformat=\"{&quot;2&quot;:513,&quot;3&quot;:{&quot;1&quot;:0},&quot;12&quot;:0}\">\u00c9vora<\/span><\/p>\n<p><strong>Data:<\/strong> 08 de mar\u00e7o | <strong>Hor\u00e1rio:<\/strong> 09h30<\/p>\n<p><img loading=\"lazy\" src=\"https:\/\/www.cig.gov.pt\/iniciativas-nacionais\/wp-content\/uploads\/2024\/02\/8-de-marco-21.02.2024-Paulo-Caraca-212x300.jpg\" width=\"212\" height=\"300\" alt=\"\" class=\"wp-image-4670 alignnone size-medium\" \/><\/p>\n<p>&nbsp;<\/p>\n<p>[\/et_pb_toggle][\/et_pb_column][et_pb_column type=&#8221;1_4&#8243; _builder_version=&#8221;4.13.0&#8243; _module_preset=&#8221;default&#8221; background_color=&#8221;#FFFFFF&#8221; border_radii=&#8221;on|12px|12px|12px|12px&#8221; global_colors_info=&#8221;{}&#8221;][et_pb_text _builder_version=&#8221;4.13.0&#8243; _module_preset=&#8221;default&#8221; text_font=&#8221;Montserrat||||||||&#8221; text_font_size=&#8221;12px&#8221; text_line_height=&#8221;1.2em&#8221; custom_margin=&#8221;16px|12px|8px|12px|false|false&#8221; global_colors_info=&#8221;{}&#8221;]<\/p>\n<p><span style=\"font-size: medium; color: #c18934;\"><strong>\u00c9vora<\/strong><\/span><\/p>\n<p><strong>Entidade promotora:<\/strong><br \/><span data-sheets-root=\"1\" data-sheets-value=\"{&quot;1&quot;:2,&quot;2&quot;:&quot;rede ex aequo&quot;}\" data-sheets-userformat=\"{&quot;2&quot;:513,&quot;3&quot;:{&quot;1&quot;:0},&quot;12&quot;:0}\">C\u00e2mara Municipal de \u00c9vora<\/span><\/p>\n<p><strong>Iniciativa | Atividade:<\/strong><br \/><span data-sheets-root=\"1\" data-sheets-value=\"{&quot;1&quot;:2,&quot;2&quot;:&quot;Feminismo e Interseccionalidade&quot;}\" data-sheets-userformat=\"{&quot;2&quot;:513,&quot;3&quot;:{&quot;1&quot;:0},&quot;12&quot;:0}\">V\u00eddeo de mulher surda<\/span><\/p>\n<p>[\/et_pb_text][et_pb_toggle title=&#8221;Informa\u00e7\u00f5es&#8221; closed_toggle_text_color=&#8221;#759fdb&#8221; icon_color=&#8221;#e22685&#8243; toggle_icon=&#8221;&#xe03a;||divi||400&#8243; use_icon_font_size=&#8221;on&#8221; icon_font_size=&#8221;23px&#8221; _builder_version=&#8221;4.13.0&#8243; _module_preset=&#8221;default&#8221; title_font=&#8221;Montserrat|700|||||||&#8221; title_font_size=&#8221;13px&#8221; body_font=&#8221;Montserrat||||||||&#8221; body_font_size=&#8221;11px&#8221; body_line_height=&#8221;1.2em&#8221; background_color=&#8221;rgba(255,255,255,0)&#8221; custom_margin=&#8221;|||8px|false|false&#8221; custom_padding=&#8221;8px||16px|4px|false|false&#8221; border_width_all=&#8221;0px&#8221; global_colors_info=&#8221;{}&#8221;]<\/p>\n<p>Divulga\u00e7\u00e3o de um v\u00eddeo realizado por uma mulher surda, elaborado pela Associa\u00e7\u00e3o de Surdos de \u00c9vora.<\/p>\n<p><strong>Local:<\/strong> <span data-sheets-root=\"1\" data-sheets-value=\"{&quot;1&quot;:2,&quot;2&quot;:&quot;Sede da Federa\u00e7\u00e3o das Associa\u00e7\u00f5es Juvenis do Distrito de Coimbra (FAJDC), piso -1 do IPDJ (acesso pela escada lateral exterior)&quot;}\" data-sheets-userformat=\"{&quot;2&quot;:513,&quot;3&quot;:{&quot;1&quot;:0},&quot;12&quot;:0}\">\u00c9vora<\/span><\/p>\n<p><strong>Data:<\/strong> 08 de mar\u00e7o<\/p>\n<p>&nbsp;<\/p>\n<p>&nbsp;<\/p>\n<p>[\/et_pb_toggle][\/et_pb_column][et_pb_column type=&#8221;1_4&#8243; _builder_version=&#8221;4.13.0&#8243; _module_preset=&#8221;default&#8221; background_color=&#8221;#FFFFFF&#8221; border_radii=&#8221;on|12px|12px|12px|12px&#8221; global_colors_info=&#8221;{}&#8221;][\/et_pb_column][et_pb_column type=&#8221;1_4&#8243; _builder_version=&#8221;4.13.0&#8243; _module_preset=&#8221;default&#8221; background_color=&#8221;#FFFFFF&#8221; border_radii=&#8221;on|12px|12px|12px|12px&#8221; global_colors_info=&#8221;{}&#8221;][\/et_pb_column][\/et_pb_row][et_pb_row admin_label=&#8221;Faro&#8221; _builder_version=&#8221;4.13.0&#8243; _module_preset=&#8221;default&#8221; background_color=&#8221;#03989e&#8221; custom_margin=&#8221;24px||0px||false|false&#8221; custom_padding=&#8221;16px||16px||false|false&#8221; border_radii=&#8221;on|12px|12px|12px|12px&#8221; global_colors_info=&#8221;{}&#8221;][et_pb_column type=&#8221;4_4&#8243; _builder_version=&#8221;4.13.0&#8243; _module_preset=&#8221;default&#8221; global_colors_info=&#8221;{}&#8221;][et_pb_text admin_label=&#8221;Faro&#8221; _builder_version=&#8221;4.13.0&#8243; _module_preset=&#8221;default&#8221; text_font=&#8221;Montserrat|700|||||||&#8221; text_text_color=&#8221;#FFFFFF&#8221; text_font_size=&#8221;16px&#8221; text_letter_spacing=&#8221;1px&#8221; custom_margin=&#8221;2px||0px|20px|false|false&#8221; custom_padding=&#8221;6px||2px||false|false&#8221; global_colors_info=&#8221;{}&#8221;]<\/p>\n<p><span style=\"color: #f3d9da;\">Distrito: <\/span><span style=\"font-size: xx-large;\">Faro<\/span><\/p>\n<p>[\/et_pb_text][\/et_pb_column][\/et_pb_row][et_pb_row column_structure=&#8221;1_4,1_4,1_4,1_4&#8243; use_custom_gutter=&#8221;on&#8221; gutter_width=&#8221;2&#8243; make_equal=&#8221;on&#8221; _builder_version=&#8221;4.13.0&#8243; _module_preset=&#8221;default&#8221; background_color=&#8221;rgba(255,255,255,0)&#8221; custom_margin=&#8221;||0px||false|false&#8221; custom_padding=&#8221;||0px||false|false&#8221; locked=&#8221;off&#8221; global_colors_info=&#8221;{}&#8221;][et_pb_column type=&#8221;1_4&#8243; _builder_version=&#8221;4.13.0&#8243; _module_preset=&#8221;default&#8221; background_color=&#8221;#FFFFFF&#8221; border_radii=&#8221;on|12px|12px|12px|12px&#8221; global_colors_info=&#8221;{}&#8221;][et_pb_text _builder_version=&#8221;4.13.0&#8243; _module_preset=&#8221;default&#8221; text_font=&#8221;Montserrat||||||||&#8221; text_font_size=&#8221;12px&#8221; text_line_height=&#8221;1.2em&#8221; custom_margin=&#8221;16px|12px|8px|12px|false|false&#8221; global_colors_info=&#8221;{}&#8221;]<\/p>\n<p><span style=\"font-size: medium; color: #c18934;\"><strong>Faro<\/strong><\/span><\/p>\n<p><strong>Entidade promotora:<\/strong><br \/>Movimento Democr\u00e1tico de Mulheres<\/p>\n<p><strong>Iniciativa | Atividade:<\/strong><br \/>Comemora\u00e7\u00e3o Dia Internacional da Mulher 2024<\/p>\n<p>[\/et_pb_text][et_pb_toggle title=&#8221;Informa\u00e7\u00f5es&#8221; closed_toggle_text_color=&#8221;#759fdb&#8221; icon_color=&#8221;#e22685&#8243; toggle_icon=&#8221;&#xe03a;||divi||400&#8243; use_icon_font_size=&#8221;on&#8221; icon_font_size=&#8221;23px&#8221; _builder_version=&#8221;4.13.0&#8243; _module_preset=&#8221;default&#8221; title_font=&#8221;Montserrat|700|||||||&#8221; title_font_size=&#8221;13px&#8221; body_font=&#8221;Montserrat||||||||&#8221; body_font_size=&#8221;11px&#8221; body_line_height=&#8221;1.2em&#8221; background_color=&#8221;rgba(255,255,255,0)&#8221; custom_margin=&#8221;|||8px|false|false&#8221; custom_padding=&#8221;8px||16px|4px|false|false&#8221; border_width_all=&#8221;0px&#8221; global_colors_info=&#8221;{}&#8221;]<\/p>\n<p style=\"text-align: justify;\">Durante a manh\u00e3:Visita \u00e0s mulheres nos locais trabalho, entrega de flores e sauda\u00e7\u00e3o Nacional.<br \/>Noite: Espet\u00e1culo Comemorativo Teatro das Figuras em Faro com Dan\u00e7a, Canto, Modas e Cante, Fados, Musica Tradicional Portuguesa.<\/p>\n<p><strong>Dia:<\/strong> 8 de mar\u00e7o | <strong>Hora:<\/strong> 21h30<\/p>\n<p>[\/et_pb_toggle][\/et_pb_column][et_pb_column type=&#8221;1_4&#8243; _builder_version=&#8221;4.13.0&#8243; _module_preset=&#8221;default&#8221; background_color=&#8221;#FFFFFF&#8221; border_radii=&#8221;on|12px|12px|12px|12px&#8221; global_colors_info=&#8221;{}&#8221;][et_pb_text _builder_version=&#8221;4.13.0&#8243; _module_preset=&#8221;default&#8221; text_font=&#8221;Montserrat||||||||&#8221; text_font_size=&#8221;12px&#8221; text_line_height=&#8221;1.2em&#8221; custom_margin=&#8221;16px|12px|8px|12px|false|false&#8221; global_colors_info=&#8221;{}&#8221;]<\/p>\n<p><span style=\"font-size: medium; color: #c18934;\"><strong>Faro<\/strong><\/span><\/p>\n<p><strong>Entidade promotora:<\/strong><br \/>Movimento Democr\u00e1tico de Mulheres<\/p>\n<p><strong>Iniciativa | Atividade:<\/strong><br \/><span data-sheets-root=\"1\" data-sheets-value=\"{&quot;1&quot;:2,&quot;2&quot;:&quot;Espet\u00e1culo Comemorativo do Dia Internacional da Mulher &quot;}\" data-sheets-userformat=\"{&quot;2&quot;:513,&quot;3&quot;:{&quot;1&quot;:0},&quot;12&quot;:0}\">Espet\u00e1culo Comemorativo do Dia Internacional da Mulher\u00a0<\/span><\/p>\n<p>[\/et_pb_text][et_pb_toggle title=&#8221;Informa\u00e7\u00f5es&#8221; closed_toggle_text_color=&#8221;#759fdb&#8221; icon_color=&#8221;#e22685&#8243; toggle_icon=&#8221;&#xe03a;||divi||400&#8243; use_icon_font_size=&#8221;on&#8221; icon_font_size=&#8221;23px&#8221; _builder_version=&#8221;4.13.0&#8243; _module_preset=&#8221;default&#8221; title_font=&#8221;Montserrat|700|||||||&#8221; title_font_size=&#8221;13px&#8221; body_font=&#8221;Montserrat||||||||&#8221; body_font_size=&#8221;11px&#8221; body_line_height=&#8221;1.2em&#8221; background_color=&#8221;rgba(255,255,255,0)&#8221; custom_margin=&#8221;|||8px|false|false&#8221; custom_padding=&#8221;8px||16px|4px|false|false&#8221; border_width_all=&#8221;0px&#8221; global_colors_info=&#8221;{}&#8221;]<\/p>\n<p style=\"text-align: justify;\"><span data-sheets-root=\"1\" data-sheets-value=\"{&quot;1&quot;:2,&quot;2&quot;:&quot;Um Espet\u00e1culo Comemorativo que o MDM promove \u00e1 mais de 40 anos, para celebrar o dia de luta de v\u00e1rias gera\u00e7\u00f5es de mulheres pela igualdade e emancipa\u00e7\u00e3o , em Coprodu\u00e7\u00e3o com o Teatro das Figuras e o apoios: CMF, Uni\u00e3o de freguesias do Concelho, Juntas de Freguesias, Movimento Sindical Unit\u00e1rio e todos os Artistas Convidados. Como media partner Mais Algarve&quot;}\" data-sheets-userformat=\"{&quot;2&quot;:513,&quot;3&quot;:{&quot;1&quot;:0},&quot;12&quot;:0}\">Um Espet\u00e1culo Comemorativo que o MDM promove h\u00e1 mais de 40 anos, para celebrar o dia de luta de v\u00e1rias gera\u00e7\u00f5es de mulheres pela igualdade e emancipa\u00e7\u00e3o , em Coprodu\u00e7\u00e3o com o Teatro das Figuras e o apoios: CMF, Uni\u00e3o de freguesias do Concelho, Juntas de Freguesias, Movimento Sindical Unit\u00e1rio e todos os Artistas Convidados. Como media partner Mais Algarve.<\/span><\/p>\n<p><strong>Local:<\/strong> Teatro das Figuras<\/p>\n<p><strong>Dia:<\/strong> 8 de mar\u00e7o | <strong>Hora:<\/strong> 21h30<\/p>\n<p><img loading=\"lazy\" class=\"wp-image-4448 alignnone size-medium\" src=\"https:\/\/www.cig.gov.pt\/iniciativas-nacionais\/wp-content\/uploads\/2024\/02\/teatro-das-figuras-MDM-Movimento-Democratico-de-Mulheres-300x300.jpg\" alt=\"\" width=\"300\" height=\"300\" \/><\/p>\n<p>[\/et_pb_toggle][\/et_pb_column][et_pb_column type=&#8221;1_4&#8243; _builder_version=&#8221;4.13.0&#8243; _module_preset=&#8221;default&#8221; background_color=&#8221;#FFFFFF&#8221; border_radii=&#8221;on|12px|12px|12px|12px&#8221; global_colors_info=&#8221;{}&#8221;][et_pb_text _builder_version=&#8221;4.13.0&#8243; _module_preset=&#8221;default&#8221; text_font=&#8221;Montserrat||||||||&#8221; text_font_size=&#8221;12px&#8221; text_line_height=&#8221;1.2em&#8221; custom_margin=&#8221;16px|12px|8px|12px|false|false&#8221; global_colors_info=&#8221;{}&#8221;]<\/p>\n<p><span style=\"font-size: medium; color: #c18934;\"><strong>Lagos<\/strong><\/span><\/p>\n<p><strong>Entidade promotora:<\/strong><br \/>C\u00c2MARA MUNICIPAL DE LAGOS<\/p>\n<p><strong>Iniciativa | Atividade:<\/strong><br \/>DI\u00c1LOGOS DO SUL<\/p>\n<p>[\/et_pb_text][et_pb_toggle title=&#8221;Informa\u00e7\u00f5es&#8221; closed_toggle_text_color=&#8221;#759fdb&#8221; icon_color=&#8221;#e22685&#8243; toggle_icon=&#8221;&#xe03a;||divi||400&#8243; use_icon_font_size=&#8221;on&#8221; icon_font_size=&#8221;23px&#8221; _builder_version=&#8221;4.13.0&#8243; _module_preset=&#8221;default&#8221; title_font=&#8221;Montserrat|700|||||||&#8221; title_font_size=&#8221;13px&#8221; body_font=&#8221;Montserrat||||||||&#8221; body_font_size=&#8221;11px&#8221; body_line_height=&#8221;1.2em&#8221; background_color=&#8221;rgba(255,255,255,0)&#8221; custom_margin=&#8221;|||8px|false|false&#8221; custom_padding=&#8221;8px||16px|4px|false|false&#8221; border_width_all=&#8221;0px&#8221; global_colors_info=&#8221;{}&#8221;]<\/p>\n<p style=\"text-align: justify;\"><strong>DI\u00c1LOGOS DO SUL<\/strong><\/p>\n<p style=\"text-align: justify;\"><strong><a href=\"https:\/\/www.cig.gov.pt\/iniciativas-nacionais\/wp-content\/uploads\/2024\/02\/Dialogos-do-sul-facebook-8-marco-2024-Luisa-Maciel.jpg\" target=\"_blank\" rel=\"noopener\"><img loading=\"lazy\" class=\"wp-image-4194 aligncenter size-full\" src=\"https:\/\/www.cig.gov.pt\/iniciativas-nacionais\/wp-content\/uploads\/2024\/02\/Dialogos-do-sul-facebook-8-marco-2024-Luisa-Maciel.jpg\" alt=\"DI\u00c1LOGOS DO SUL\" width=\"1200\" height=\"630\" srcset=\"https:\/\/www.cig.gov.pt\/iniciativas-nacionais\/wp-content\/uploads\/2024\/02\/Dialogos-do-sul-facebook-8-marco-2024-Luisa-Maciel.jpg 1200w, https:\/\/www.cig.gov.pt\/iniciativas-nacionais\/wp-content\/uploads\/2024\/02\/Dialogos-do-sul-facebook-8-marco-2024-Luisa-Maciel-980x515.jpg 980w, https:\/\/www.cig.gov.pt\/iniciativas-nacionais\/wp-content\/uploads\/2024\/02\/Dialogos-do-sul-facebook-8-marco-2024-Luisa-Maciel-480x252.jpg 480w\" sizes=\"(min-width: 0px) and (max-width: 480px) 480px, (min-width: 481px) and (max-width: 980px) 980px, (min-width: 981px) 1200px, 100vw\" \/><\/a><\/strong><\/p>\n<p style=\"text-align: justify;\">Acontece a Sul, sobre o Sul, com paisagens a Sul \u2013 7.\u00ba Encontro N\u00d3S, AS MULHERES. Com Romualda Fernandes (jurista e pol\u00edtica), Rosa Azevedo (livreira e editora liter\u00e1ria), e Telma Tvon (escritora e rapper). Modera\u00e7\u00e3o da jornalista Fernanda Almeida, RDP \u00c1frica. De que forma \u00e9 que uma livreira e editora liter\u00e1ria, uma mulher do direito e da pol\u00edtica e uma jovem artista do ritmo, da poesia e literatura, pensam a cidadania e interv\u00eam na transforma\u00e7\u00e3o das suas sociedades. As Mulheres e a Igualdade de G\u00e9nero numa conversa sem meias medidas no Dia Internacional da Mulher 2024, em Lagos.<\/p>\n<p><strong>Dia:<\/strong> 8 de mar\u00e7o | <strong>Hora:<\/strong> 21h30<\/p>\n<p>[\/et_pb_toggle][\/et_pb_column][et_pb_column type=&#8221;1_4&#8243; _builder_version=&#8221;4.13.0&#8243; _module_preset=&#8221;default&#8221; background_color=&#8221;#FFFFFF&#8221; border_radii=&#8221;on|12px|12px|12px|12px&#8221; global_colors_info=&#8221;{}&#8221;][et_pb_text _builder_version=&#8221;4.13.0&#8243; _module_preset=&#8221;default&#8221; text_font=&#8221;Montserrat||||||||&#8221; text_font_size=&#8221;12px&#8221; text_line_height=&#8221;1.2em&#8221; custom_margin=&#8221;16px|12px|8px|12px|false|false&#8221; global_colors_info=&#8221;{}&#8221;]<\/p>\n<p><span style=\"font-size: medium; color: #c18934;\"><strong>Loul\u00e9<\/strong><\/span><\/p>\n<p><strong>Entidade promotora:<\/strong><br \/><span style=\"font-size: 10pt; font-family: Arial; font-style: normal;\" data-sheets-root=\"1\" data-sheets-value=\"{&quot;1&quot;:2,&quot;2&quot;:&quot;USF Estrela-do-mar \/ ULS Algarve&quot;}\" data-sheets-userformat=\"{&quot;2&quot;:513,&quot;3&quot;:{&quot;1&quot;:0},&quot;12&quot;:0}\">USF Estrela-do-mar \/ ULS Algarve<\/span><\/p>\n<p><strong>Iniciativa | Atividade:<\/strong><br \/><span data-sheets-root=\"1\" data-sheets-value=\"{&quot;1&quot;:2,&quot;2&quot;:&quot;Concurso &quot;Olhares para o feminino&quot;&quot;}\" data-sheets-userformat=\"{&quot;2&quot;:513,&quot;3&quot;:{&quot;1&quot;:0},&quot;12&quot;:0}\"><span style=\"font-size: 10pt; font-family: Arial; font-style: normal;\" data-sheets-root=\"1\" data-sheets-value=\"{&quot;1&quot;:2,&quot;2&quot;:&quot;As nossas mulheres &quot;}\" data-sheets-userformat=\"{&quot;2&quot;:513,&quot;3&quot;:{&quot;1&quot;:0},&quot;12&quot;:0}\">As nossas mulheres <\/span><\/span><\/p>\n<p>[\/et_pb_text][et_pb_toggle title=&#8221;Informa\u00e7\u00f5es&#8221; closed_toggle_text_color=&#8221;#759fdb&#8221; icon_color=&#8221;#e22685&#8243; toggle_icon=&#8221;&#xe03a;||divi||400&#8243; use_icon_font_size=&#8221;on&#8221; icon_font_size=&#8221;23px&#8221; _builder_version=&#8221;4.13.0&#8243; _module_preset=&#8221;default&#8221; title_font=&#8221;Montserrat|700|||||||&#8221; title_font_size=&#8221;13px&#8221; body_font=&#8221;Montserrat||||||||&#8221; body_font_size=&#8221;11px&#8221; body_line_height=&#8221;1.2em&#8221; background_color=&#8221;rgba(255,255,255,0)&#8221; custom_margin=&#8221;|||8px|false|false&#8221; custom_padding=&#8221;8px||16px|4px|false|false&#8221; border_width_all=&#8221;0px&#8221; global_colors_info=&#8221;{}&#8221;]<\/p>\n<p style=\"text-align: justify;\"><span data-sheets-root=\"1\" data-sheets-value=\"{&quot;1&quot;:2,&quot;2&quot;:&quot;Concurso orientado para toda a comunidade residente, estudante e\/ou trabalhadora no concelho, atrav\u00e9s das plataformas digitais com o objetivo de homenagear as mulheres&quot;}\" data-sheets-userformat=\"{&quot;2&quot;:513,&quot;3&quot;:{&quot;1&quot;:0},&quot;12&quot;:0}\"><span style=\"font-size: 10pt; font-family: Arial; font-style: normal;\" data-sheets-root=\"1\" data-sheets-value=\"{&quot;1&quot;:2,&quot;2&quot;:&quot;Exposi\u00e7\u00e3o fotogr\u00e1fica de mulheres da nossa Freguesia &quot;}\" data-sheets-userformat=\"{&quot;2&quot;:513,&quot;3&quot;:{&quot;1&quot;:0},&quot;12&quot;:0}\">Exposi\u00e7\u00e3o fotogr\u00e1fica de mulheres da nossa Freguesia<\/span><\/span>.<\/p>\n<p><strong>Dia:<\/strong> 4 a 15 de mar\u00e7o<\/p>\n<p>[\/et_pb_toggle][\/et_pb_column][\/et_pb_row][et_pb_row column_structure=&#8221;1_4,1_4,1_4,1_4&#8243; use_custom_gutter=&#8221;on&#8221; gutter_width=&#8221;2&#8243; make_equal=&#8221;on&#8221; _builder_version=&#8221;4.13.0&#8243; _module_preset=&#8221;default&#8221; background_color=&#8221;rgba(255,255,255,0)&#8221; custom_margin=&#8221;||0px||false|false&#8221; custom_padding=&#8221;||0px||false|false&#8221; locked=&#8221;off&#8221; global_colors_info=&#8221;{}&#8221;][et_pb_column type=&#8221;1_4&#8243; _builder_version=&#8221;4.13.0&#8243; _module_preset=&#8221;default&#8221; background_color=&#8221;#FFFFFF&#8221; border_radii=&#8221;on|12px|12px|12px|12px&#8221; global_colors_info=&#8221;{}&#8221;][et_pb_text _builder_version=&#8221;4.13.0&#8243; _module_preset=&#8221;default&#8221; text_font=&#8221;Montserrat||||||||&#8221; text_font_size=&#8221;12px&#8221; text_line_height=&#8221;1.2em&#8221; custom_margin=&#8221;16px|12px|8px|12px|false|false&#8221; global_colors_info=&#8221;{}&#8221;]<\/p>\n<p><span style=\"font-size: medium; color: #c18934;\"><strong>Monchique<\/strong><\/span><\/p>\n<p><strong>Entidade promotora:<\/strong><br \/>C\u00e2mara Municipal de Monchique<\/p>\n<p><strong>Iniciativa | Atividade:<\/strong><br \/><span data-sheets-root=\"1\" data-sheets-value=\"{&quot;1&quot;:2,&quot;2&quot;:&quot;Concurso &quot;Olhares para o feminino&quot;&quot;}\" data-sheets-userformat=\"{&quot;2&quot;:513,&quot;3&quot;:{&quot;1&quot;:0},&quot;12&quot;:0}\">Concurso &#8220;Olhares para o feminino&#8221;<\/span><\/p>\n<p>[\/et_pb_text][et_pb_toggle title=&#8221;Informa\u00e7\u00f5es&#8221; closed_toggle_text_color=&#8221;#759fdb&#8221; icon_color=&#8221;#e22685&#8243; toggle_icon=&#8221;&#xe03a;||divi||400&#8243; use_icon_font_size=&#8221;on&#8221; icon_font_size=&#8221;23px&#8221; _builder_version=&#8221;4.13.0&#8243; _module_preset=&#8221;default&#8221; title_font=&#8221;Montserrat|700|||||||&#8221; title_font_size=&#8221;13px&#8221; body_font=&#8221;Montserrat||||||||&#8221; body_font_size=&#8221;11px&#8221; body_line_height=&#8221;1.2em&#8221; background_color=&#8221;rgba(255,255,255,0)&#8221; custom_margin=&#8221;|||8px|false|false&#8221; custom_padding=&#8221;8px||16px|4px|false|false&#8221; border_width_all=&#8221;0px&#8221; global_colors_info=&#8221;{}&#8221;]<\/p>\n<p style=\"text-align: justify;\"><span data-sheets-root=\"1\" data-sheets-value=\"{&quot;1&quot;:2,&quot;2&quot;:&quot;Concurso orientado para toda a comunidade residente, estudante e\/ou trabalhadora no concelho, atrav\u00e9s das plataformas digitais com o objetivo de homenagear as mulheres&quot;}\" data-sheets-userformat=\"{&quot;2&quot;:513,&quot;3&quot;:{&quot;1&quot;:0},&quot;12&quot;:0}\">Concurso orientado para toda a comunidade residente, estudante e\/ou trabalhadora no concelho, atrav\u00e9s das plataformas digitais com o objetivo de homenagear as mulheres<\/span>.<\/p>\n<p><strong>Dia:<\/strong> 1 a 7 de mar\u00e7o | <strong>Hora:<\/strong> 09h00<\/p>\n<p>[\/et_pb_toggle][\/et_pb_column][et_pb_column type=&#8221;1_4&#8243; _builder_version=&#8221;4.13.0&#8243; _module_preset=&#8221;default&#8221; background_color=&#8221;#FFFFFF&#8221; border_radii=&#8221;on|12px|12px|12px|12px&#8221; global_colors_info=&#8221;{}&#8221;][et_pb_text _builder_version=&#8221;4.13.0&#8243; _module_preset=&#8221;default&#8221; text_font=&#8221;Montserrat||||||||&#8221; text_font_size=&#8221;12px&#8221; text_line_height=&#8221;1.2em&#8221; custom_margin=&#8221;16px|12px|8px|12px|false|false&#8221; global_colors_info=&#8221;{}&#8221;]<\/p>\n<p><span style=\"font-size: medium; color: #c18934;\"><strong>Monchique<\/strong><\/span><\/p>\n<p><strong>Entidade promotora:<\/strong><br \/>C\u00e2mara Municipal de Monchique<\/p>\n<p><strong>Iniciativa | Atividade:<\/strong><br \/><span data-sheets-root=\"1\" data-sheets-value=\"{&quot;1&quot;:2,&quot;2&quot;:&quot;Concurso &quot;Olhares para o feminino&quot;&quot;}\" data-sheets-userformat=\"{&quot;2&quot;:513,&quot;3&quot;:{&quot;1&quot;:0},&quot;12&quot;:0}\">Workshop de Auto-Maquiagem<br \/><\/span><\/p>\n<p>[\/et_pb_text][et_pb_toggle title=&#8221;Informa\u00e7\u00f5es&#8221; closed_toggle_text_color=&#8221;#759fdb&#8221; icon_color=&#8221;#e22685&#8243; toggle_icon=&#8221;&#xe03a;||divi||400&#8243; use_icon_font_size=&#8221;on&#8221; icon_font_size=&#8221;23px&#8221; _builder_version=&#8221;4.13.0&#8243; _module_preset=&#8221;default&#8221; title_font=&#8221;Montserrat|700|||||||&#8221; title_font_size=&#8221;13px&#8221; body_font=&#8221;Montserrat||||||||&#8221; body_font_size=&#8221;11px&#8221; body_line_height=&#8221;1.2em&#8221; background_color=&#8221;rgba(255,255,255,0)&#8221; custom_margin=&#8221;|||8px|false|false&#8221; custom_padding=&#8221;8px||16px|4px|false|false&#8221; border_width_all=&#8221;0px&#8221; global_colors_info=&#8221;{}&#8221;]<\/p>\n<p style=\"text-align: justify;\">Dicas e t\u00e9cnicas de maquiagem.<\/p>\n<p style=\"text-align: justify;\"><strong>Local:<\/strong> Espa\u00e7o Jovem de Monchique<\/p>\n<p><strong>Dia:<\/strong> 09 de mar\u00e7o | <strong>Hora:<\/strong> 15h00<\/p>\n<p>[\/et_pb_toggle][\/et_pb_column][et_pb_column type=&#8221;1_4&#8243; _builder_version=&#8221;4.13.0&#8243; _module_preset=&#8221;default&#8221; background_color=&#8221;#FFFFFF&#8221; border_radii=&#8221;on|12px|12px|12px|12px&#8221; global_colors_info=&#8221;{}&#8221;][et_pb_text _builder_version=&#8221;4.13.0&#8243; _module_preset=&#8221;default&#8221; text_font=&#8221;Montserrat||||||||&#8221; text_font_size=&#8221;12px&#8221; text_line_height=&#8221;1.2em&#8221; custom_margin=&#8221;16px|12px|8px|12px|false|false&#8221; global_colors_info=&#8221;{}&#8221;]<\/p>\n<p><span style=\"font-size: medium; color: #c18934;\"><strong>Monchique<\/strong><\/span><\/p>\n<p><strong>Entidade promotora:<\/strong><br \/>C\u00e2mara Municipal de Monchique<\/p>\n<p><strong>Iniciativa | Atividade:<\/strong><br \/><span data-sheets-root=\"1\" data-sheets-value=\"{&quot;1&quot;:2,&quot;2&quot;:&quot;Concurso &quot;Olhares para o feminino&quot;&quot;}\" data-sheets-userformat=\"{&quot;2&quot;:513,&quot;3&quot;:{&quot;1&quot;:0},&quot;12&quot;:0}\">Pintura de Vitrais<br \/><\/span><\/p>\n<p>[\/et_pb_text][et_pb_toggle title=&#8221;Informa\u00e7\u00f5es&#8221; closed_toggle_text_color=&#8221;#759fdb&#8221; icon_color=&#8221;#e22685&#8243; toggle_icon=&#8221;&#xe03a;||divi||400&#8243; use_icon_font_size=&#8221;on&#8221; icon_font_size=&#8221;23px&#8221; _builder_version=&#8221;4.13.0&#8243; _module_preset=&#8221;default&#8221; title_font=&#8221;Montserrat|700|||||||&#8221; title_font_size=&#8221;13px&#8221; body_font=&#8221;Montserrat||||||||&#8221; body_font_size=&#8221;11px&#8221; body_line_height=&#8221;1.2em&#8221; background_color=&#8221;rgba(255,255,255,0)&#8221; custom_margin=&#8221;|||8px|false|false&#8221; custom_padding=&#8221;8px||16px|4px|false|false&#8221; border_width_all=&#8221;0px&#8221; global_colors_info=&#8221;{}&#8221;]<\/p>\n<p style=\"text-align: justify;\">Workshop de pintura de vitrais.<\/p>\n<p><strong>Dia:<\/strong> 02 de mar\u00e7o | <strong>Hora:<\/strong> 15h00<\/p>\n<p>[\/et_pb_toggle][\/et_pb_column][et_pb_column type=&#8221;1_4&#8243; _builder_version=&#8221;4.13.0&#8243; _module_preset=&#8221;default&#8221; background_color=&#8221;#FFFFFF&#8221; border_radii=&#8221;on|12px|12px|12px|12px&#8221; global_colors_info=&#8221;{}&#8221;][et_pb_text _builder_version=&#8221;4.13.0&#8243; _module_preset=&#8221;default&#8221; text_font=&#8221;Montserrat||||||||&#8221; text_font_size=&#8221;12px&#8221; text_line_height=&#8221;1.2em&#8221; custom_margin=&#8221;16px|12px|8px|12px|false|false&#8221; global_colors_info=&#8221;{}&#8221;]<\/p>\n<p><span style=\"font-size: medium; color: #c18934;\"><strong>Monchique<\/strong><\/span><\/p>\n<p><strong>Entidade promotora:<\/strong><br \/>C\u00e2mara Municipal de Monchique<\/p>\n<p><strong>Iniciativa | Atividade:<\/strong><br \/><span data-sheets-root=\"1\" data-sheets-value=\"{&quot;1&quot;:2,&quot;2&quot;:&quot;Concurso &quot;Olhares para o feminino&quot;&quot;}\" data-sheets-userformat=\"{&quot;2&quot;:513,&quot;3&quot;:{&quot;1&quot;:0},&quot;12&quot;:0}\">\u201cOlhares para o Feminino I\u201c<br \/><\/span><\/p>\n<p>[\/et_pb_text][et_pb_toggle title=&#8221;Informa\u00e7\u00f5es&#8221; closed_toggle_text_color=&#8221;#759fdb&#8221; icon_color=&#8221;#e22685&#8243; toggle_icon=&#8221;&#xe03a;||divi||400&#8243; use_icon_font_size=&#8221;on&#8221; icon_font_size=&#8221;23px&#8221; _builder_version=&#8221;4.13.0&#8243; _module_preset=&#8221;default&#8221; title_font=&#8221;Montserrat|700|||||||&#8221; title_font_size=&#8221;13px&#8221; body_font=&#8221;Montserrat||||||||&#8221; body_font_size=&#8221;11px&#8221; body_line_height=&#8221;1.2em&#8221; background_color=&#8221;rgba(255,255,255,0)&#8221; custom_margin=&#8221;|||8px|false|false&#8221; custom_padding=&#8221;8px||16px|4px|false|false&#8221; border_width_all=&#8221;0px&#8221; global_colors_info=&#8221;{}&#8221;]<\/p>\n<p style=\"text-align: justify;\">Leitura de textos sobre \u201dMulheres\u201c. Local: . De seguida, visita \u00e0 Galeria de Santo Ant\u00f3nio.<\/p>\n<p style=\"text-align: justify;\"><strong>Local:<\/strong> Biblioteca Municipal<\/p>\n<p><strong>Dia:<\/strong> 08 de mar\u00e7o | <strong>Hora:<\/strong> 15h00 \u00e0s 17h00<\/p>\n<p>[\/et_pb_toggle][\/et_pb_column][\/et_pb_row][et_pb_row column_structure=&#8221;1_4,1_4,1_4,1_4&#8243; use_custom_gutter=&#8221;on&#8221; gutter_width=&#8221;2&#8243; make_equal=&#8221;on&#8221; _builder_version=&#8221;4.13.0&#8243; _module_preset=&#8221;default&#8221; background_color=&#8221;rgba(255,255,255,0)&#8221; custom_margin=&#8221;||0px||false|false&#8221; custom_padding=&#8221;||0px||false|false&#8221; locked=&#8221;off&#8221; global_colors_info=&#8221;{}&#8221;][et_pb_column type=&#8221;1_4&#8243; _builder_version=&#8221;4.13.0&#8243; _module_preset=&#8221;default&#8221; background_color=&#8221;#FFFFFF&#8221; border_radii=&#8221;on|12px|12px|12px|12px&#8221; global_colors_info=&#8221;{}&#8221;][et_pb_text _builder_version=&#8221;4.13.0&#8243; _module_preset=&#8221;default&#8221; text_font=&#8221;Montserrat||||||||&#8221; text_font_size=&#8221;12px&#8221; text_line_height=&#8221;1.2em&#8221; custom_margin=&#8221;16px|12px|8px|12px|false|false&#8221; global_colors_info=&#8221;{}&#8221;]<\/p>\n<p><span style=\"font-size: medium; color: #c18934;\"><strong>Monchique<\/strong><\/span><\/p>\n<p><strong>Entidade promotora:<\/strong><br \/>C\u00e2mara Municipal de Monchique<\/p>\n<p><strong>Iniciativa | Atividade:<\/strong><br \/><span data-sheets-root=\"1\" data-sheets-value=\"{&quot;1&quot;:2,&quot;2&quot;:&quot;Concurso &quot;Olhares para o feminino&quot;&quot;}\" data-sheets-userformat=\"{&quot;2&quot;:513,&quot;3&quot;:{&quot;1&quot;:0},&quot;12&quot;:0}\">Encontro com o Especialista&#8230; Incontin\u00eancia Urin\u00e1ria com a Especialista em Fisioterapia P\u00e9lvica.<br \/><\/span><\/p>\n<p>[\/et_pb_text][et_pb_toggle title=&#8221;Informa\u00e7\u00f5es&#8221; closed_toggle_text_color=&#8221;#759fdb&#8221; icon_color=&#8221;#e22685&#8243; toggle_icon=&#8221;&#xe03a;||divi||400&#8243; use_icon_font_size=&#8221;on&#8221; icon_font_size=&#8221;23px&#8221; _builder_version=&#8221;4.13.0&#8243; _module_preset=&#8221;default&#8221; title_font=&#8221;Montserrat|700|||||||&#8221; title_font_size=&#8221;13px&#8221; body_font=&#8221;Montserrat||||||||&#8221; body_font_size=&#8221;11px&#8221; body_line_height=&#8221;1.2em&#8221; background_color=&#8221;rgba(255,255,255,0)&#8221; custom_margin=&#8221;|||8px|false|false&#8221; custom_padding=&#8221;8px||16px|4px|false|false&#8221; border_width_all=&#8221;0px&#8221; global_colors_info=&#8221;{}&#8221;]<\/p>\n<p style=\"text-align: justify;\">Promo\u00e7\u00e3o da literacia na sa\u00fade da mulher.<\/p>\n<p style=\"text-align: justify;\"><strong>Local:<\/strong> Centro de Sa\u00fade de Monchique<\/p>\n<p><strong>Dia:<\/strong> 14 de mar\u00e7o | <strong>Hora:<\/strong> 10h00<\/p>\n<p>[\/et_pb_toggle][\/et_pb_column][et_pb_column type=&#8221;1_4&#8243; _builder_version=&#8221;4.13.0&#8243; _module_preset=&#8221;default&#8221; background_color=&#8221;#FFFFFF&#8221; border_radii=&#8221;on|12px|12px|12px|12px&#8221; border_color_all=&#8221;#FFFFFF&#8221; global_colors_info=&#8221;{}&#8221;][et_pb_text _builder_version=&#8221;4.13.0&#8243; _module_preset=&#8221;default&#8221; text_font=&#8221;Montserrat||||||||&#8221; text_font_size=&#8221;12px&#8221; text_line_height=&#8221;1.2em&#8221; custom_margin=&#8221;16px|12px|8px|12px|false|false&#8221; global_colors_info=&#8221;{}&#8221;]<\/p>\n<p><span style=\"font-size: medium; color: #c18934;\"><strong>Monchique<\/strong><\/span><\/p>\n<p><strong>Entidade promotora:<\/strong><br \/>C\u00e2mara Municipal de Monchique<\/p>\n<p><strong>Iniciativa | Atividade:<\/strong><br \/><span data-sheets-root=\"1\" data-sheets-value=\"{&quot;1&quot;:2,&quot;2&quot;:&quot;Concurso &quot;Olhares para o feminino&quot;&quot;}\" data-sheets-userformat=\"{&quot;2&quot;:513,&quot;3&quot;:{&quot;1&quot;:0},&quot;12&quot;:0}\">\u201cOlhares para o Feminino II \u201c &#8211; Tert\u00falia sobre o papel da mulher em Monchique e em Portugal.<br \/><\/span><\/p>\n<p>[\/et_pb_text][et_pb_toggle title=&#8221;Informa\u00e7\u00f5es&#8221; closed_toggle_text_color=&#8221;#759fdb&#8221; icon_color=&#8221;#e22685&#8243; toggle_icon=&#8221;&#xe03a;||divi||400&#8243; use_icon_font_size=&#8221;on&#8221; icon_font_size=&#8221;23px&#8221; _builder_version=&#8221;4.13.0&#8243; _module_preset=&#8221;default&#8221; title_font=&#8221;Montserrat|700|||||||&#8221; title_font_size=&#8221;13px&#8221; body_font=&#8221;Montserrat||||||||&#8221; body_font_size=&#8221;11px&#8221; body_line_height=&#8221;1.2em&#8221; background_color=&#8221;rgba(255,255,255,0)&#8221; custom_margin=&#8221;|||8px|false|false&#8221; custom_padding=&#8221;8px||16px|4px|false|false&#8221; border_width_all=&#8221;0px&#8221; global_colors_info=&#8221;{}&#8221;]<\/p>\n<p style=\"text-align: justify;\">Tendo uma curta metragem como ponto de partida, mulheres de \u00e9pocas diferentes falam sobre o que \u00e9 ser mulher.<\/p>\n<p style=\"text-align: justify;\"><strong>Local:<\/strong> Espa\u00e7o Jovem de Monchique<\/p>\n<p><strong>Dia:<\/strong> 15 de mar\u00e7o | <strong>Hora:<\/strong> 18h00<\/p>\n<p>[\/et_pb_toggle][\/et_pb_column][et_pb_column type=&#8221;1_4&#8243; _builder_version=&#8221;4.13.0&#8243; _module_preset=&#8221;default&#8221; background_color=&#8221;#FFFFFF&#8221; border_radii=&#8221;on|12px|12px|12px|12px&#8221; border_color_all=&#8221;#FFFFFF&#8221; global_colors_info=&#8221;{}&#8221;][et_pb_text _builder_version=&#8221;4.13.0&#8243; _module_preset=&#8221;default&#8221; text_font=&#8221;Montserrat||||||||&#8221; text_font_size=&#8221;12px&#8221; text_line_height=&#8221;1.2em&#8221; custom_margin=&#8221;16px|12px|8px|12px|false|false&#8221; global_colors_info=&#8221;{}&#8221;]<\/p>\n<p><span style=\"font-size: medium; color: #c18934;\"><strong>Olh\u00e3o<\/strong><\/span><\/p>\n<p><strong>Entidade promotora:<\/strong><br \/>C\u00e2mara Municipal de Olh\u00e3o<\/p>\n<p><strong>Iniciativa | Atividade:<\/strong><br \/><span data-sheets-root=\"1\" data-sheets-value=\"{&quot;1&quot;:2,&quot;2&quot;:&quot;Concurso &quot;Olhares para o feminino&quot;&quot;}\" data-sheets-userformat=\"{&quot;2&quot;:513,&quot;3&quot;:{&quot;1&quot;:0},&quot;12&quot;:0}\">Divulga\u00e7\u00e3o de campanha da APAV<br \/><\/span><\/p>\n<p>[\/et_pb_text][et_pb_toggle title=&#8221;Informa\u00e7\u00f5es&#8221; closed_toggle_text_color=&#8221;#759fdb&#8221; icon_color=&#8221;#e22685&#8243; toggle_icon=&#8221;&#xe03a;||divi||400&#8243; use_icon_font_size=&#8221;on&#8221; icon_font_size=&#8221;23px&#8221; _builder_version=&#8221;4.13.0&#8243; _module_preset=&#8221;default&#8221; title_font=&#8221;Montserrat|700|||||||&#8221; title_font_size=&#8221;13px&#8221; body_font=&#8221;Montserrat||||||||&#8221; body_font_size=&#8221;11px&#8221; body_line_height=&#8221;1.2em&#8221; background_color=&#8221;rgba(255,255,255,0)&#8221; custom_margin=&#8221;|||8px|false|false&#8221; custom_padding=&#8221;8px||16px|4px|false|false&#8221; border_width_all=&#8221;0px&#8221; global_colors_info=&#8221;{}&#8221;]<\/p>\n<p style=\"text-align: justify;\"><span>A campanha da APAV ser\u00e1 divulgada nas redes sociais de Munic\u00edpio e no site da Rede Social de Olh\u00e3o e trata-se de uma iniciativa realizada em colabora\u00e7\u00e3o com a APAV<\/span>.<\/p>\n<p><strong>Dia:<\/strong> 8 de mar\u00e7o | <strong>Hora:<\/strong> 09h00<\/p>\n<p>[\/et_pb_toggle][\/et_pb_column][et_pb_column type=&#8221;1_4&#8243; _builder_version=&#8221;4.13.0&#8243; _module_preset=&#8221;default&#8221; background_color=&#8221;#FFFFFF&#8221; border_radii=&#8221;on|12px|12px|12px|12px&#8221; border_color_all=&#8221;#FFFFFF&#8221; global_colors_info=&#8221;{}&#8221;][et_pb_text _builder_version=&#8221;4.13.0&#8243; _module_preset=&#8221;default&#8221; text_font=&#8221;Montserrat||||||||&#8221; text_font_size=&#8221;12px&#8221; text_line_height=&#8221;1.2em&#8221; custom_margin=&#8221;16px|12px|8px|12px|false|false&#8221; global_colors_info=&#8221;{}&#8221;]<\/p>\n<p><span style=\"font-size: medium; color: #c18934;\"><strong>Olh\u00e3o<\/strong><\/span><\/p>\n<p><strong>Entidade promotora:<\/strong><br \/>C\u00e2mara Municipal de Olh\u00e3o<\/p>\n<p><strong>Iniciativa | Atividade:<\/strong><br \/><span data-sheets-root=\"1\" data-sheets-value=\"{&quot;1&quot;:2,&quot;2&quot;:&quot;Concurso &quot;Olhares para o feminino&quot;&quot;}\" data-sheets-userformat=\"{&quot;2&quot;:513,&quot;3&quot;:{&quot;1&quot;:0},&quot;12&quot;:0}\">Distribui\u00e7\u00e3o pela comunidfade de materiais da APAV para preven\u00e7\u00e3o e combate \u00e0 viol\u00eancia.<\/span><\/p>\n<p>[\/et_pb_text][et_pb_toggle title=&#8221;Informa\u00e7\u00f5es&#8221; closed_toggle_text_color=&#8221;#759fdb&#8221; icon_color=&#8221;#e22685&#8243; toggle_icon=&#8221;&#xe03a;||divi||400&#8243; use_icon_font_size=&#8221;on&#8221; icon_font_size=&#8221;23px&#8221; _builder_version=&#8221;4.13.0&#8243; _module_preset=&#8221;default&#8221; title_font=&#8221;Montserrat|700|||||||&#8221; title_font_size=&#8221;13px&#8221; body_font=&#8221;Montserrat||||||||&#8221; body_font_size=&#8221;11px&#8221; body_line_height=&#8221;1.2em&#8221; background_color=&#8221;rgba(255,255,255,0)&#8221; custom_margin=&#8221;|||8px|false|false&#8221; custom_padding=&#8221;8px||16px|4px|false|false&#8221; border_width_all=&#8221;0px&#8221; global_colors_info=&#8221;{}&#8221;]<\/p>\n<p style=\"text-align: justify;\"><span>Distribui\u00e7\u00e3o pela comunidade de materiais da APAV para preven\u00e7\u00e3o e combate \u00e0 viol\u00eancia<\/span>.<\/p>\n<p><strong>Dia:<\/strong> 8 de mar\u00e7o | <strong>Hora:<\/strong> 09h00<\/p>\n<p>[\/et_pb_toggle][\/et_pb_column][\/et_pb_row][et_pb_row column_structure=&#8221;1_4,1_4,1_4,1_4&#8243; use_custom_gutter=&#8221;on&#8221; gutter_width=&#8221;2&#8243; make_equal=&#8221;on&#8221; _builder_version=&#8221;4.13.0&#8243; _module_preset=&#8221;default&#8221; background_color=&#8221;rgba(255,255,255,0)&#8221; custom_margin=&#8221;||0px||false|false&#8221; custom_padding=&#8221;||0px||false|false&#8221; locked=&#8221;off&#8221; global_colors_info=&#8221;{}&#8221;][et_pb_column type=&#8221;1_4&#8243; _builder_version=&#8221;4.13.0&#8243; _module_preset=&#8221;default&#8221; background_color=&#8221;#FFFFFF&#8221; border_radii=&#8221;on|12px|12px|12px|12px&#8221; global_colors_info=&#8221;{}&#8221;][et_pb_text _builder_version=&#8221;4.13.0&#8243; _module_preset=&#8221;default&#8221; text_font=&#8221;Montserrat||||||||&#8221; text_font_size=&#8221;12px&#8221; text_line_height=&#8221;1.2em&#8221; custom_margin=&#8221;16px|12px|8px|12px|false|false&#8221; global_colors_info=&#8221;{}&#8221;]<\/p>\n<p><span style=\"font-size: medium; color: #c18934;\"><strong>Faro<\/strong><\/span><\/p>\n<p><strong>Entidade promotora:<\/strong><br \/><span>SEA | F\u00e1brica do Empreendedor em parceria c\/Sofia Branding D&#8217;Emo\u00e7\u00f5es<\/span><\/p>\n<p><strong>Iniciativa | Atividade:<\/strong><br \/><span data-sheets-root=\"1\" data-sheets-value=\"{&quot;1&quot;:2,&quot;2&quot;:&quot;Concurso &quot;Olhares para o feminino&quot;&quot;}\" data-sheets-userformat=\"{&quot;2&quot;:513,&quot;3&quot;:{&quot;1&quot;:0},&quot;12&quot;:0}\">ADN Love &#8211; Agenda Talks<br \/><\/span><\/p>\n<p>[\/et_pb_text][et_pb_toggle title=&#8221;Informa\u00e7\u00f5es&#8221; closed_toggle_text_color=&#8221;#759fdb&#8221; icon_color=&#8221;#e22685&#8243; toggle_icon=&#8221;&#xe03a;||divi||400&#8243; use_icon_font_size=&#8221;on&#8221; icon_font_size=&#8221;23px&#8221; _builder_version=&#8221;4.13.0&#8243; _module_preset=&#8221;default&#8221; title_font=&#8221;Montserrat|700|||||||&#8221; title_font_size=&#8221;13px&#8221; body_font=&#8221;Montserrat||||||||&#8221; body_font_size=&#8221;11px&#8221; body_line_height=&#8221;1.2em&#8221; background_color=&#8221;rgba(255,255,255,0)&#8221; custom_margin=&#8221;|||8px|false|false&#8221; custom_padding=&#8221;8px||16px|4px|false|false&#8221; border_width_all=&#8221;0px&#8221; global_colors_info=&#8221;{}&#8221;]<\/p>\n<p style=\"text-align: justify;\"><span>F\u00e1brica do Empreendedor em parceria com Com a Sofia Morgado @sofia_branding_democoes, numa Sess\u00e3o de Empreendedorismo Feminino. <\/span><\/p>\n<p style=\"text-align: justify;\"><span>Agenda Talks \u00e9 um evento de apresenta\u00e7\u00e3o e partilha p\u00fablica de experi\u00eancias da ferramenta inovadora ADN LOVE onde o sabor de uma conversa informal, atual, deambula pelo perfume da partilha humana, com convidadas muito especiais, numa sensorialidade repleta de enriquecimento emocional, mental e social.<\/span><\/p>\n<p style=\"text-align: justify;\"><strong>Local:<\/strong> On-line<\/p>\n<p><strong>Dia:<\/strong> 08 de mar\u00e7o | <strong>Hora:<\/strong> 10h00<\/p>\n<p>[\/et_pb_toggle][\/et_pb_column][et_pb_column type=&#8221;1_4&#8243; _builder_version=&#8221;4.13.0&#8243; _module_preset=&#8221;default&#8221; background_color=&#8221;#FFFFFF&#8221; border_radii=&#8221;on|12px|12px|12px|12px&#8221; border_color_all=&#8221;#FFFFFF&#8221; global_colors_info=&#8221;{}&#8221;][et_pb_text _builder_version=&#8221;4.13.0&#8243; _module_preset=&#8221;default&#8221; text_font=&#8221;Montserrat||||||||&#8221; text_font_size=&#8221;12px&#8221; text_line_height=&#8221;1.2em&#8221; custom_margin=&#8221;16px|12px|8px|12px|false|false&#8221; global_colors_info=&#8221;{}&#8221;]<\/p>\n<p><span style=\"font-size: medium; color: #c18934;\"><strong>Olh\u00e3o<\/strong><\/span><\/p>\n<p><strong>Entidade promotora:<\/strong><br \/>Business as Nature (BasN)<\/p>\n<p><strong>Iniciativa | Atividade:<\/strong><br \/><span data-sheets-root=\"1\" data-sheets-value=\"{&quot;1&quot;:2,&quot;2&quot;:&quot;Concurso &quot;Olhares para o feminino&quot;&quot;}\" data-sheets-userformat=\"{&quot;2&quot;:513,&quot;3&quot;:{&quot;1&quot;:0},&quot;12&quot;:0}\">Visita \u00e0 Culatra &#8211; Visita guiada por S\u00edlvia Padinha, Guardi\u00e3 da Culatra Comunidade Sustent\u00e1vel<\/span><\/p>\n<p>[\/et_pb_text][et_pb_toggle title=&#8221;Informa\u00e7\u00f5es&#8221; closed_toggle_text_color=&#8221;#759fdb&#8221; icon_color=&#8221;#e22685&#8243; toggle_icon=&#8221;&#xe03a;||divi||400&#8243; use_icon_font_size=&#8221;on&#8221; icon_font_size=&#8221;23px&#8221; _builder_version=&#8221;4.13.0&#8243; _module_preset=&#8221;default&#8221; title_font=&#8221;Montserrat|700|||||||&#8221; title_font_size=&#8221;13px&#8221; body_font=&#8221;Montserrat||||||||&#8221; body_font_size=&#8221;11px&#8221; body_line_height=&#8221;1.2em&#8221; background_color=&#8221;rgba(255,255,255,0)&#8221; custom_margin=&#8221;|||8px|false|false&#8221; custom_padding=&#8221;8px||16px|4px|false|false&#8221; border_width_all=&#8221;0px&#8221; global_colors_info=&#8221;{}&#8221;]<\/p>\n<p style=\"text-align: justify;\">A rede de mulheres promovida pela Business as Nature, as Guardi\u00e3s da Natureza, v\u00e3o dinamizar de norte a sul do pa\u00eds v\u00e1rias iniciativas para assinalar o Dia Internacional da Mulher e onde v\u00e3o poder partilhar a sua experi\u00eancia enquanto mulheres que procuram ativamente contribuir para um mundo melhor para todos, nomeadamente atrav\u00e9s dos seus projetos que promovem o desenvolvimento sustent\u00e1vel e a conserva\u00e7\u00e3o da natureza.<\/p>\n<p style=\"text-align: justify;\"><strong>Local:<\/strong> Cais Olh\u00e3o-Culatra<\/p>\n<p><strong>Dia:<\/strong> 10 de mar\u00e7o | <strong>Hora:<\/strong> 10h30<\/p>\n<p>[\/et_pb_toggle][\/et_pb_column][et_pb_column type=&#8221;1_4&#8243; _builder_version=&#8221;4.13.0&#8243; _module_preset=&#8221;default&#8221; background_color=&#8221;RGBA(0,0,0,0)&#8221; border_radii=&#8221;on|12px|12px|12px|12px&#8221; border_color_all=&#8221;#FFFFFF&#8221; global_colors_info=&#8221;{}&#8221;][\/et_pb_column][et_pb_column type=&#8221;1_4&#8243; _builder_version=&#8221;4.13.0&#8243; _module_preset=&#8221;default&#8221; background_color=&#8221;RGBA(0,0,0,0)&#8221; border_radii=&#8221;on|12px|12px|12px|12px&#8221; border_color_all=&#8221;#FFFFFF&#8221; global_colors_info=&#8221;{}&#8221;][\/et_pb_column][\/et_pb_row][et_pb_row admin_label=&#8221;Leiria&#8221; _builder_version=&#8221;4.13.0&#8243; _module_preset=&#8221;default&#8221; background_color=&#8221;#03989e&#8221; custom_margin=&#8221;24px||0px||false|false&#8221; custom_padding=&#8221;16px||16px||false|false&#8221; border_radii=&#8221;on|12px|12px|12px|12px&#8221; global_colors_info=&#8221;{}&#8221;][et_pb_column type=&#8221;4_4&#8243; _builder_version=&#8221;4.13.0&#8243; _module_preset=&#8221;default&#8221; global_colors_info=&#8221;{}&#8221;][et_pb_text admin_label=&#8221;Leiria&#8221; _builder_version=&#8221;4.13.0&#8243; _module_preset=&#8221;default&#8221; text_font=&#8221;Montserrat|700|||||||&#8221; text_text_color=&#8221;#FFFFFF&#8221; text_font_size=&#8221;16px&#8221; text_letter_spacing=&#8221;1px&#8221; custom_margin=&#8221;2px||0px|20px|false|false&#8221; custom_padding=&#8221;6px||2px||false|false&#8221; global_colors_info=&#8221;{}&#8221;]<\/p>\n<p><span style=\"color: #f3d9da;\">Distrito: <\/span><span style=\"font-size: xx-large;\">Leiria<\/span><\/p>\n<p>[\/et_pb_text][\/et_pb_column][\/et_pb_row][et_pb_row column_structure=&#8221;1_4,1_4,1_4,1_4&#8243; use_custom_gutter=&#8221;on&#8221; gutter_width=&#8221;2&#8243; make_equal=&#8221;on&#8221; _builder_version=&#8221;4.13.0&#8243; _module_preset=&#8221;default&#8221; background_color=&#8221;rgba(255,255,255,0)&#8221; custom_margin=&#8221;||0px||false|false&#8221; custom_padding=&#8221;||0px||false|false&#8221; locked=&#8221;off&#8221; global_colors_info=&#8221;{}&#8221;][et_pb_column type=&#8221;1_4&#8243; _builder_version=&#8221;4.13.0&#8243; _module_preset=&#8221;default&#8221; background_color=&#8221;#FFFFFF&#8221; border_radii=&#8221;on|12px|12px|12px|12px&#8221; global_colors_info=&#8221;{}&#8221;][et_pb_text _builder_version=&#8221;4.13.0&#8243; _module_preset=&#8221;default&#8221; text_font=&#8221;Montserrat||||||||&#8221; text_font_size=&#8221;12px&#8221; text_line_height=&#8221;1.2em&#8221; custom_margin=&#8221;16px|12px|8px|12px|false|false&#8221; global_colors_info=&#8221;{}&#8221;]<\/p>\n<p><span style=\"font-size: medium; color: #c18934;\"><strong>Nazar\u00e9<\/strong><\/span><\/p>\n<p><strong>Entidade promotora:<\/strong><br \/>C\u00e2mara Municipal da Nazar\u00e9<\/p>\n<p><strong>Iniciativa | Atividade:<\/strong><br \/>C<span data-sheets-formula-bar-text-style=\"font-size:10px;color:#000000;font-weight:normal;text-decoration:none;font-family:'Arial';font-style:normal;text-decoration-skip-ink:none;\">ampanha do Internacional Womens Day<\/span>s #InspireInclusion #InspirarInclus\u00e3o<\/p>\n<p>[\/et_pb_text][et_pb_toggle title=&#8221;Informa\u00e7\u00f5es&#8221; closed_toggle_text_color=&#8221;#759fdb&#8221; icon_color=&#8221;#e22685&#8243; toggle_icon=&#8221;&#xe03a;||divi||400&#8243; use_icon_font_size=&#8221;on&#8221; icon_font_size=&#8221;23px&#8221; _builder_version=&#8221;4.13.0&#8243; _module_preset=&#8221;default&#8221; title_font=&#8221;Montserrat|700|||||||&#8221; title_font_size=&#8221;13px&#8221; body_font=&#8221;Montserrat||||||||&#8221; body_font_size=&#8221;11px&#8221; body_line_height=&#8221;1.2em&#8221; background_color=&#8221;rgba(255,255,255,0)&#8221; custom_margin=&#8221;|||8px|false|false&#8221; custom_padding=&#8221;8px||16px|4px|false|false&#8221; border_width_all=&#8221;0px&#8221; global_colors_info=&#8221;{}&#8221;]<\/p>\n<p style=\"text-align: justify;\"><strong>Publica\u00e7\u00e3o nas redes sociais<\/strong><\/p>\n<p style=\"text-align: justify;\"><span style=\"font-size: 10pt; font-family: Arial; font-style: normal;\" data-sheets-root=\"1\" data-sheets-value=\"{&quot;1&quot;:2,&quot;2&quot;:&quot;O Executivo da C\u00e2mara Municipal ir\u00e1 associar-se \u00e0 celebra\u00e7\u00e3o deste dia associando-se \u00e0 campanha internacional do Internacional Womens Day , este ano de 2024 alusivo ao tema #inspirarinclus\u00e3o &quot;}\" data-sheets-userformat=\"{&quot;2&quot;:769,&quot;3&quot;:{&quot;1&quot;:0},&quot;11&quot;:4,&quot;12&quot;:0}\">O Executivo da C\u00e2mara Municipal ir\u00e1 associar-se \u00e0 celebra\u00e7\u00e3o deste dia associando-se \u00e0 campanha internacional do Internacional Womens Day , este ano de 2024 alusivo ao tema #inspirarinclus\u00e3o.<\/span><\/p>\n<p><strong>Dia:<\/strong> 8 de mar\u00e7o | <strong>Hora:<\/strong> 15h00<\/p>\n<p>[\/et_pb_toggle][\/et_pb_column][et_pb_column type=&#8221;1_4&#8243; _builder_version=&#8221;4.13.0&#8243; _module_preset=&#8221;default&#8221; background_color=&#8221;#FFFFFF&#8221; border_radii=&#8221;on|12px|12px|12px|12px&#8221; global_colors_info=&#8221;{}&#8221;][et_pb_text _builder_version=&#8221;4.13.0&#8243; _module_preset=&#8221;default&#8221; text_font=&#8221;Montserrat||||||||&#8221; text_font_size=&#8221;12px&#8221; text_line_height=&#8221;1.2em&#8221; custom_margin=&#8221;16px|12px|8px|12px|false|false&#8221; global_colors_info=&#8221;{}&#8221;]<\/p>\n<p><span style=\"font-size: medium; color: #c18934;\"><strong>Nazar\u00e9<\/strong><\/span><\/p>\n<p><strong>Entidade promotora:<\/strong><br \/>C\u00e2mara Municipal da Nazar\u00e9<\/p>\n<p><strong>Iniciativa | Atividade:<\/strong><br \/><span style=\"font-size: 10pt; font-family: Arial; font-style: normal;\" data-sheets-root=\"1\" data-sheets-value=\"{&quot;1&quot;:2,&quot;2&quot;:&quot;Semana Arte Mulher - Mulheres (i)migrant(e)s&quot;}\" data-sheets-userformat=\"{&quot;2&quot;:769,&quot;3&quot;:{&quot;1&quot;:0},&quot;11&quot;:4,&quot;12&quot;:0}\">Semana Arte Mulher &#8211; Mulheres (i)migrant(e)s<\/span><\/p>\n<p>[\/et_pb_text][et_pb_toggle title=&#8221;Informa\u00e7\u00f5es&#8221; closed_toggle_text_color=&#8221;#759fdb&#8221; icon_color=&#8221;#e22685&#8243; toggle_icon=&#8221;&#xe03a;||divi||400&#8243; use_icon_font_size=&#8221;on&#8221; icon_font_size=&#8221;23px&#8221; _builder_version=&#8221;4.13.0&#8243; _module_preset=&#8221;default&#8221; title_font=&#8221;Montserrat|700|||||||&#8221; title_font_size=&#8221;13px&#8221; body_font=&#8221;Montserrat||||||||&#8221; body_font_size=&#8221;11px&#8221; body_line_height=&#8221;1.2em&#8221; background_color=&#8221;rgba(255,255,255,0)&#8221; custom_margin=&#8221;|||8px|false|false&#8221; custom_padding=&#8221;8px||16px|4px|false|false&#8221; border_width_all=&#8221;0px&#8221; global_colors_info=&#8221;{}&#8221;]<\/p>\n<p style=\"text-align: justify;\"><strong>Publica\u00e7\u00e3o nas redes sociais<\/strong><\/p>\n<p style=\"text-align: justify;\"><span style=\"font-size: 10pt; font-family: Arial; font-style: normal;\" data-sheets-root=\"1\" data-sheets-value=\"{&quot;1&quot;:2,&quot;2&quot;:&quot;O Executivo da C\u00e2mara Municipal ir\u00e1 associar-se \u00e0 celebra\u00e7\u00e3o deste dia associando-se \u00e0 campanha internacional do Internacional Womens Day , este ano de 2024 alusivo ao tema #inspirarinclus\u00e3o &quot;}\" data-sheets-userformat=\"{&quot;2&quot;:769,&quot;3&quot;:{&quot;1&quot;:0},&quot;11&quot;:4,&quot;12&quot;:0}\"> O Munic\u00edpio da Nazar\u00e9 acolhe, pelo segundo ano consecutivo, o projeto cultural Semana Arte Mulher, uma iniciativa multidisciplinar produzida pela Editorial Novembro, que se baseia na MULHER, &#8220;trazendo para o debate quest\u00f5es atuais de cidadania, tanto de g\u00e9nero como sociais, promovendo a\u00e7\u00f5es, tamb\u00e9m elas protagonizadas por mulheres, baseadas na sustentabilidade e em prol de um desenvolvimento social equilibrado, abrindo novos caminhos para se alcan\u00e7ar uma melhor pr\u00e1tica dos direitos humanos&#8221;. Durante 3 dias ir\u00e3o ser dinamizadas diversas atividades (Entrevistas\/Pr\u00e9mios SAM, Fotografia\/M\u00fasica \/ Artes Pl\u00e1sticas \/Pintura \/Teatro \/ Literatura), sempre em torno da Mulher e este ano em particular com especial enfoque nas mulheres (i)migrantes.<\/span><\/p>\n<p><strong>Local:<\/strong> Cineteatro da Nazar\u00e9<\/p>\n<p><strong><\/strong><strong>Dia:<\/strong> 7 a 9 de mar\u00e7o | <strong>Hora:<\/strong> 17h30<\/p>\n<p>[\/et_pb_toggle][\/et_pb_column][et_pb_column type=&#8221;1_4&#8243; _builder_version=&#8221;4.13.0&#8243; _module_preset=&#8221;default&#8221; background_color=&#8221;#FFFFFF&#8221; border_radii=&#8221;on|12px|12px|12px|12px&#8221; global_colors_info=&#8221;{}&#8221;][et_pb_text _builder_version=&#8221;4.13.0&#8243; _module_preset=&#8221;default&#8221; text_font=&#8221;Montserrat||||||||&#8221; text_font_size=&#8221;12px&#8221; text_line_height=&#8221;1.2em&#8221; custom_margin=&#8221;16px|12px|8px|12px|false|false&#8221; global_colors_info=&#8221;{}&#8221;]<\/p>\n<p><span style=\"font-size: medium; color: #c18934;\"><strong>Peniche<\/strong><\/span><\/p>\n<p><strong>Entidade promotora:<\/strong><br \/>Museu Nacional Resist\u00eancia e Liberdade &#8211; Fortaleza de Peniche<\/p>\n<p><strong>Iniciativa | Atividade:<\/strong><br \/>Sementes da Liberdade &#8211; Mulheres na Resist\u00eancia<\/p>\n<p>[\/et_pb_text][et_pb_toggle title=&#8221;Informa\u00e7\u00f5es&#8221; closed_toggle_text_color=&#8221;#759fdb&#8221; icon_color=&#8221;#e22685&#8243; toggle_icon=&#8221;&#xe03a;||divi||400&#8243; use_icon_font_size=&#8221;on&#8221; icon_font_size=&#8221;23px&#8221; _builder_version=&#8221;4.13.0&#8243; _module_preset=&#8221;default&#8221; title_font=&#8221;Montserrat|700|||||||&#8221; title_font_size=&#8221;13px&#8221; body_font=&#8221;Montserrat||||||||&#8221; body_font_size=&#8221;11px&#8221; body_line_height=&#8221;1.2em&#8221; background_color=&#8221;rgba(255,255,255,0)&#8221; custom_margin=&#8221;|||8px|false|false&#8221; custom_padding=&#8221;8px||16px|4px|false|false&#8221; border_width_all=&#8221;0px&#8221; global_colors_info=&#8221;{}&#8221;]<\/p>\n<p>Conversa comemorativa do Dia Internacional da Mulher que evoca a participa\u00e7\u00e3o de mulheres em movimentos de resist\u00eancia ao regime ditatorial portugu\u00eas. As turmas que assistiram \u00e0 sess\u00e3o foram convidadas a elaborar textos alusivos ao Dia Internacional da Mulher para composi\u00e7\u00e3o de &#8220;fanzines&#8221;, para exposi\u00e7\u00e3o na biblioteca da Escola Secund\u00e1ria de Peniche e posteriormente no MNRL \u2013 Fortaleza de Peniche. Este projeto foi realizado no \u00e2mbito do est\u00e1gio curricular de Ana Rua, estudante de 2\u00ba ano do Mestrado em Patrim\u00f3nio Cultural e Museologia da Faculdade de Letras da Universidade de Letras.<\/p>\n<p><strong>Local:<\/strong> Escola Secund\u00e1ria de Peniche<\/p>\n<p><strong>Dia:<\/strong> 26 de fevereiro | <strong>Hora:<\/strong> 09h15<\/p>\n<p><img loading=\"lazy\" src=\"https:\/\/www.cig.gov.pt\/iniciativas-nacionais\/wp-content\/uploads\/2024\/02\/Sementes-da-Liberdade-1-2-Ana-Rua-212x300.png\" width=\"212\" height=\"300\" alt=\"\" class=\"wp-image-4477 alignnone size-medium\" \/><\/p>\n<p>[\/et_pb_toggle][\/et_pb_column][et_pb_column type=&#8221;1_4&#8243; _builder_version=&#8221;4.13.0&#8243; _module_preset=&#8221;default&#8221; background_color=&#8221;#FFFFFF&#8221; border_radii=&#8221;on|12px|12px|12px|12px&#8221; global_colors_info=&#8221;{}&#8221;][et_pb_text _builder_version=&#8221;4.13.0&#8243; _module_preset=&#8221;default&#8221; text_font=&#8221;Montserrat||||||||&#8221; text_font_size=&#8221;12px&#8221; text_line_height=&#8221;1.2em&#8221; custom_margin=&#8221;16px|12px|8px|12px|false|false&#8221; global_colors_info=&#8221;{}&#8221;]<\/p>\n<p><span style=\"font-size: medium; color: #c18934;\"><strong>Peniche<\/strong><\/span><\/p>\n<p><strong>Entidade promotora:<\/strong><br \/>Museu Nacional Resist\u00eancia e Liberdade &#8211; Fortaleza de Peniche<\/p>\n<p><strong>Iniciativa | Atividade:<\/strong><br \/>Sementes da Liberdade &#8211; Mulheres na Clandestinidade<\/p>\n<p>[\/et_pb_text][et_pb_toggle title=&#8221;Informa\u00e7\u00f5es&#8221; closed_toggle_text_color=&#8221;#759fdb&#8221; icon_color=&#8221;#e22685&#8243; toggle_icon=&#8221;&#xe03a;||divi||400&#8243; use_icon_font_size=&#8221;on&#8221; icon_font_size=&#8221;23px&#8221; _builder_version=&#8221;4.13.0&#8243; _module_preset=&#8221;default&#8221; title_font=&#8221;Montserrat|700|||||||&#8221; title_font_size=&#8221;13px&#8221; body_font=&#8221;Montserrat||||||||&#8221; body_font_size=&#8221;11px&#8221; body_line_height=&#8221;1.2em&#8221; background_color=&#8221;rgba(255,255,255,0)&#8221; custom_margin=&#8221;|||8px|false|false&#8221; custom_padding=&#8221;8px||16px|4px|false|false&#8221; border_width_all=&#8221;0px&#8221; global_colors_info=&#8221;{}&#8221;]<\/p>\n<p>Dramatiza\u00e7\u00e3o que consiste numa conversa entre duas mulheres de Peniche sobre Margarida Tengarrinha enquanto esperam a hora de ir \u00e0 feira mensal da terra, no dia 25 de abril de 1974, antes da chegada dos militares a Peniche. Posteriormente, ser\u00e1 feito um momento de express\u00e3o art\u00edstica com os alunos.<\/p>\n<p><strong>Local:<\/strong> Agrupamento de Escolas de Peniche<\/p>\n<p><strong>Dia:<\/strong> 22 de fevereiro | <strong>Hora:<\/strong> 09h15<\/p>\n<p><img loading=\"lazy\" src=\"https:\/\/www.cig.gov.pt\/iniciativas-nacionais\/wp-content\/uploads\/2024\/02\/Sementes-da-Liberdade-Mulheres-na-Clandestinidade-1-Ana-Rua-300x300.png\" width=\"300\" height=\"300\" alt=\"\" class=\"wp-image-4481 alignnone size-medium\" \/><\/p>\n<p>[\/et_pb_toggle][\/et_pb_column][\/et_pb_row][et_pb_row column_structure=&#8221;1_4,1_4,1_4,1_4&#8243; use_custom_gutter=&#8221;on&#8221; gutter_width=&#8221;2&#8243; make_equal=&#8221;on&#8221; _builder_version=&#8221;4.13.0&#8243; _module_preset=&#8221;default&#8221; background_color=&#8221;rgba(255,255,255,0)&#8221; custom_margin=&#8221;||0px||false|false&#8221; custom_padding=&#8221;||0px||false|false&#8221; locked=&#8221;off&#8221; global_colors_info=&#8221;{}&#8221;][et_pb_column type=&#8221;1_4&#8243; _builder_version=&#8221;4.13.0&#8243; _module_preset=&#8221;default&#8221; background_color=&#8221;#FFFFFF&#8221; border_radii=&#8221;on|12px|12px|12px|12px&#8221; global_colors_info=&#8221;{}&#8221;][et_pb_text _builder_version=&#8221;4.13.0&#8243; _module_preset=&#8221;default&#8221; text_font=&#8221;Montserrat||||||||&#8221; text_font_size=&#8221;12px&#8221; text_line_height=&#8221;1.2em&#8221; custom_margin=&#8221;16px|12px|8px|12px|false|false&#8221; global_colors_info=&#8221;{}&#8221;]<\/p>\n<p><span style=\"font-size: medium; color: #c18934;\"><strong>Peniche<\/strong><\/span><\/p>\n<p><strong>Entidade promotora:<\/strong><br \/>Museu Nacional Resist\u00eancia e Liberdade &#8211; Fortaleza de Peniche<\/p>\n<p><strong>Iniciativa | Atividade:<\/strong><br \/>Rua Salpicada de Pedras &#8211; Hora do conto<\/p>\n<p>[\/et_pb_text][et_pb_toggle title=&#8221;Informa\u00e7\u00f5es&#8221; closed_toggle_text_color=&#8221;#759fdb&#8221; icon_color=&#8221;#e22685&#8243; toggle_icon=&#8221;&#xe03a;||divi||400&#8243; use_icon_font_size=&#8221;on&#8221; icon_font_size=&#8221;23px&#8221; _builder_version=&#8221;4.13.0&#8243; _module_preset=&#8221;default&#8221; title_font=&#8221;Montserrat|700|||||||&#8221; title_font_size=&#8221;13px&#8221; body_font=&#8221;Montserrat||||||||&#8221; body_font_size=&#8221;11px&#8221; body_line_height=&#8221;1.2em&#8221; background_color=&#8221;rgba(255,255,255,0)&#8221; custom_margin=&#8221;|||8px|false|false&#8221; custom_padding=&#8221;8px||16px|4px|false|false&#8221; border_width_all=&#8221;0px&#8221; global_colors_info=&#8221;{}&#8221;]<\/p>\n<p>Hist\u00f3ria que relata as experi\u00eancias das filhas e filhos dos antigos presos pol\u00edticos quando visitavam os pais na Cadeia do Forte de Peniche, d\u00e1 a conhecer a cadeira pol\u00edtica e o Museu. Texto do conto baseado no testemunho de uma filha de um antigo preso pol\u00edtico. Atividade inserida no projeto &#8220;O Meu Museu&#8221; desenvolvido pela A\u00e7\u00e3o Educativa do Museu.<\/p>\n<p><strong>Local:<\/strong> Escolas de Peniche<\/p>\n<p><strong>Dia:<\/strong> 11 de outubro 2023 a 20 de mar\u00e7o 2024 <\/p>\n<p><img loading=\"lazy\" src=\"https:\/\/www.cig.gov.pt\/iniciativas-nacionais\/wp-content\/uploads\/2024\/02\/o-Meu-Museu-Ana-Rua-300x251.jpg\" width=\"300\" height=\"251\" alt=\"\" class=\"wp-image-4637 alignnone size-medium\" \/><\/p>\n<p>[\/et_pb_toggle][\/et_pb_column][et_pb_column type=&#8221;1_4&#8243; _builder_version=&#8221;4.13.0&#8243; _module_preset=&#8221;default&#8221; background_color=&#8221;#FFFFFF&#8221; border_radii=&#8221;on|12px|12px|12px|12px&#8221; global_colors_info=&#8221;{}&#8221;][et_pb_text _builder_version=&#8221;4.13.0&#8243; _module_preset=&#8221;default&#8221; text_font=&#8221;Montserrat||||||||&#8221; text_font_size=&#8221;12px&#8221; text_line_height=&#8221;1.2em&#8221; custom_margin=&#8221;16px|12px|8px|12px|false|false&#8221; global_colors_info=&#8221;{}&#8221;]<\/p>\n<p><span style=\"font-size: medium; color: #c18934;\"><strong>Peniche<\/strong><\/span><\/p>\n<p><strong>Entidade promotora:<\/strong><br \/>Museu Nacional Resist\u00eancia e Liberdade &#8211; Fortaleza de Peniche<\/p>\n<p><strong>Iniciativa | Atividade:<\/strong><br \/>Roteiro da Resist\u00eancia e Solidariedade<\/p>\n<p>[\/et_pb_text][et_pb_toggle title=&#8221;Informa\u00e7\u00f5es&#8221; closed_toggle_text_color=&#8221;#759fdb&#8221; icon_color=&#8221;#e22685&#8243; toggle_icon=&#8221;&#xe03a;||divi||400&#8243; use_icon_font_size=&#8221;on&#8221; icon_font_size=&#8221;23px&#8221; _builder_version=&#8221;4.13.0&#8243; _module_preset=&#8221;default&#8221; title_font=&#8221;Montserrat|700|||||||&#8221; title_font_size=&#8221;13px&#8221; body_font=&#8221;Montserrat||||||||&#8221; body_font_size=&#8221;11px&#8221; body_line_height=&#8221;1.2em&#8221; background_color=&#8221;rgba(255,255,255,0)&#8221; custom_margin=&#8221;|||8px|false|false&#8221; custom_padding=&#8221;8px||16px|4px|false|false&#8221; border_width_all=&#8221;0px&#8221; global_colors_info=&#8221;{}&#8221;]<\/p>\n<p>Visita que percorre espa\u00e7os de mem\u00f3ria localizados na cidade de Peniche e associados \u00e0s tem\u00e1ticas da Solidariedade da popula\u00e7\u00e3o com os presos pol\u00edticos, da repress\u00e3o fascista e da resist\u00eancia ao regime. No Dia Internacional da Mulher, esta visita ir\u00e1 destacar o papel das mulheres de Peniche na Resist\u00eancia.<\/p>\n<p><strong>Local:<\/strong> Peniche<\/p>\n<p><strong>Dia:<\/strong> 08 de mar\u00e7o | <strong>Hora:<\/strong> 15h00<\/p>\n<p><img loading=\"lazy\" src=\"https:\/\/www.cig.gov.pt\/iniciativas-nacionais\/wp-content\/uploads\/2024\/02\/roteiro-Ana-Rua-300x251.jpg\" width=\"300\" height=\"251\" alt=\"\" class=\"wp-image-4482 alignnone size-medium\" \/><\/p>\n<p>[\/et_pb_toggle][\/et_pb_column][et_pb_column type=&#8221;1_4&#8243; _builder_version=&#8221;4.13.0&#8243; _module_preset=&#8221;default&#8221; background_color=&#8221;#FFFFFF&#8221; border_radii=&#8221;on|12px|12px|12px|12px&#8221; global_colors_info=&#8221;{}&#8221;][et_pb_text _builder_version=&#8221;4.13.0&#8243; _module_preset=&#8221;default&#8221; text_font=&#8221;Montserrat||||||||&#8221; text_font_size=&#8221;12px&#8221; text_line_height=&#8221;1.2em&#8221; custom_margin=&#8221;16px|12px|8px|12px|false|false&#8221; global_colors_info=&#8221;{}&#8221;]<\/p>\n<p><span style=\"font-size: medium; color: #c18934;\"><strong>Pombal<\/strong><\/span><\/p>\n<p><strong>Entidade promotora:<\/strong><br \/>C\u00e2mara Municipal de Pombal<\/p>\n<p><strong>Iniciativa | Atividade:<\/strong><br \/><span style=\"font-size: 10pt; font-family: Arial; font-style: normal;\" data-sheets-root=\"1\" data-sheets-value=\"{&quot;1&quot;:2,&quot;2&quot;:&quot;Semana Arte Mulher - Mulheres (i)migrant(e)s&quot;}\" data-sheets-userformat=\"{&quot;2&quot;:769,&quot;3&quot;:{&quot;1&quot;:0},&quot;11&quot;:4,&quot;12&quot;:0}\">Tert\u00falia &#8220;Ao Redor da Liberdade&#8221; &#8211; Mulheres do Meu Pa\u00eds<\/span><\/p>\n<p>[\/et_pb_text][et_pb_toggle title=&#8221;Informa\u00e7\u00f5es&#8221; closed_toggle_text_color=&#8221;#759fdb&#8221; icon_color=&#8221;#e22685&#8243; toggle_icon=&#8221;&#xe03a;||divi||400&#8243; use_icon_font_size=&#8221;on&#8221; icon_font_size=&#8221;23px&#8221; _builder_version=&#8221;4.13.0&#8243; _module_preset=&#8221;default&#8221; title_font=&#8221;Montserrat|700|||||||&#8221; title_font_size=&#8221;13px&#8221; body_font=&#8221;Montserrat||||||||&#8221; body_font_size=&#8221;11px&#8221; body_line_height=&#8221;1.2em&#8221; background_color=&#8221;rgba(255,255,255,0)&#8221; custom_margin=&#8221;|||8px|false|false&#8221; custom_padding=&#8221;8px||16px|4px|false|false&#8221; border_width_all=&#8221;0px&#8221; global_colors_info=&#8221;{}&#8221;]<\/p>\n<p style=\"text-align: justify;\"><span style=\"font-size: 10pt; font-family: Arial; font-style: normal;\" data-sheets-root=\"1\" data-sheets-value=\"{&quot;1&quot;:2,&quot;2&quot;:&quot;O Executivo da C\u00e2mara Municipal ir\u00e1 associar-se \u00e0 celebra\u00e7\u00e3o deste dia associando-se \u00e0 campanha internacional do Internacional Womens Day , este ano de 2024 alusivo ao tema #inspirarinclus\u00e3o &quot;}\" data-sheets-userformat=\"{&quot;2&quot;:769,&quot;3&quot;:{&quot;1&quot;:0},&quot;11&quot;:4,&quot;12&quot;:0}\">Conta com a participa\u00e7\u00e3o da Dra. Ana Costa (Conselheira do CIG), da Dra. Odete Isabel e da ilustradora Marta Nunes.<\/span><\/p>\n<p><strong>Local:<\/strong> Arquivo Municipal<\/p>\n<p><strong>Dia:<\/strong> 6 de mar\u00e7o | <strong>Hora:<\/strong> 21h00<\/p>\n<p><img loading=\"lazy\" class=\"wp-image-4501 alignnone size-medium\" src=\"https:\/\/www.cig.gov.pt\/iniciativas-nacionais\/wp-content\/uploads\/2024\/02\/Cartaz-Ao-redor-da-Liberdade-RS-240x300.jpg\" alt=\"\" width=\"240\" height=\"300\" \/><\/p>\n<p>[\/et_pb_toggle][\/et_pb_column][et_pb_column type=&#8221;1_4&#8243; _builder_version=&#8221;4.13.0&#8243; _module_preset=&#8221;default&#8221; background_color=&#8221;#FFFFFF&#8221; border_radii=&#8221;on|12px|12px|12px|12px&#8221; global_colors_info=&#8221;{}&#8221;][et_pb_text _builder_version=&#8221;4.13.0&#8243; _module_preset=&#8221;default&#8221; text_font=&#8221;Montserrat||||||||&#8221; text_font_size=&#8221;12px&#8221; text_line_height=&#8221;1.2em&#8221; custom_margin=&#8221;16px|12px|8px|12px|false|false&#8221; global_colors_info=&#8221;{}&#8221;]<\/p>\n<p><span style=\"font-size: medium; color: #c18934;\"><strong>Pombal<\/strong><\/span><\/p>\n<p><strong>Entidade promotora:<\/strong><br \/>C\u00e2mara Municipal de Pombal<\/p>\n<p><strong>Iniciativa | Atividade:<\/strong><br \/><span style=\"font-size: 10pt; font-family: Arial; font-style: normal;\" data-sheets-root=\"1\" data-sheets-value=\"{&quot;1&quot;:2,&quot;2&quot;:&quot;Semana Arte Mulher - Mulheres (i)migrant(e)s&quot;}\" data-sheets-userformat=\"{&quot;2&quot;:769,&quot;3&quot;:{&quot;1&quot;:0},&quot;11&quot;:4,&quot;12&quot;:0}\">Exposi\u00e7\u00e3o\u00a0 &#8220;Mulheres do Meus Pa\u00eds<\/span><\/p>\n<p>[\/et_pb_text][et_pb_toggle title=&#8221;Informa\u00e7\u00f5es&#8221; closed_toggle_text_color=&#8221;#759fdb&#8221; icon_color=&#8221;#e22685&#8243; toggle_icon=&#8221;&#xe03a;||divi||400&#8243; use_icon_font_size=&#8221;on&#8221; icon_font_size=&#8221;23px&#8221; _builder_version=&#8221;4.13.0&#8243; _module_preset=&#8221;default&#8221; title_font=&#8221;Montserrat|700|||||||&#8221; title_font_size=&#8221;13px&#8221; body_font=&#8221;Montserrat||||||||&#8221; body_font_size=&#8221;11px&#8221; body_line_height=&#8221;1.2em&#8221; background_color=&#8221;rgba(255,255,255,0)&#8221; custom_margin=&#8221;|||8px|false|false&#8221; custom_padding=&#8221;8px||16px|4px|false|false&#8221; border_width_all=&#8221;0px&#8221; global_colors_info=&#8221;{}&#8221;]<\/p>\n<p style=\"text-align: justify;\"><span style=\"font-size: 10pt; font-family: Arial; font-style: normal;\" data-sheets-root=\"1\" data-sheets-value=\"{&quot;1&quot;:2,&quot;2&quot;:&quot;O Executivo da C\u00e2mara Municipal ir\u00e1 associar-se \u00e0 celebra\u00e7\u00e3o deste dia associando-se \u00e0 campanha internacional do Internacional Womens Day , este ano de 2024 alusivo ao tema #inspirarinclus\u00e3o &quot;}\" data-sheets-userformat=\"{&quot;2&quot;:769,&quot;3&quot;:{&quot;1&quot;:0},&quot;11&quot;:4,&quot;12&quot;:0}\">Exposi\u00e7\u00e3o da ilustradora Marta Nunes, intitulada &#8220;Mulheres do Meus Pa\u00eds, inspirada na obra de Maria Lamas.<\/span><\/p>\n<p><strong>Local:<\/strong> Arquivo Municipal<\/p>\n<p><strong>Dia:<\/strong> 6 a 30 de mar\u00e7o | <strong>Hora:<\/strong> 21h00<\/p>\n<p><img loading=\"lazy\" class=\"wp-image-4502 alignnone size-medium\" src=\"https:\/\/www.cig.gov.pt\/iniciativas-nacionais\/wp-content\/uploads\/2024\/02\/Cartaz-As-mulheres-do-meu-pais-RS-240x300.jpg\" alt=\"\" width=\"240\" height=\"300\" \/><\/p>\n<p>[\/et_pb_toggle][\/et_pb_column][\/et_pb_row][et_pb_row column_structure=&#8221;1_4,1_4,1_4,1_4&#8243; use_custom_gutter=&#8221;on&#8221; gutter_width=&#8221;2&#8243; make_equal=&#8221;on&#8221; _builder_version=&#8221;4.13.0&#8243; _module_preset=&#8221;default&#8221; background_color=&#8221;rgba(255,255,255,0)&#8221; custom_margin=&#8221;||0px||false|false&#8221; custom_padding=&#8221;||0px||false|false&#8221; locked=&#8221;off&#8221; global_colors_info=&#8221;{}&#8221;][et_pb_column type=&#8221;1_4&#8243; _builder_version=&#8221;4.13.0&#8243; _module_preset=&#8221;default&#8221; background_color=&#8221;#FFFFFF&#8221; border_radii=&#8221;on|12px|12px|12px|12px&#8221; global_colors_info=&#8221;{}&#8221;][et_pb_text _builder_version=&#8221;4.13.0&#8243; _module_preset=&#8221;default&#8221; text_font=&#8221;Montserrat||||||||&#8221; text_font_size=&#8221;12px&#8221; text_line_height=&#8221;1.2em&#8221; custom_margin=&#8221;16px|12px|8px|12px|false|false&#8221; global_colors_info=&#8221;{}&#8221;]<\/p>\n<p><span style=\"font-size: medium; color: #c18934;\"><strong>Pombal<\/strong><\/span><\/p>\n<p><strong>Entidade promotora:<\/strong><br \/>Munic\u00edpio de Pombal<\/p>\n<p><strong>Iniciativa | Atividade:<\/strong><br \/><span>Confer\u00eancia Internacional &#8220;LIDERAN\u00c7A NO FEMININO&#8221;<\/span><\/p>\n<p>[\/et_pb_text][et_pb_toggle title=&#8221;Informa\u00e7\u00f5es&#8221; closed_toggle_text_color=&#8221;#759fdb&#8221; icon_color=&#8221;#e22685&#8243; toggle_icon=&#8221;&#xe03a;||divi||400&#8243; use_icon_font_size=&#8221;on&#8221; icon_font_size=&#8221;23px&#8221; _builder_version=&#8221;4.13.0&#8243; _module_preset=&#8221;default&#8221; title_font=&#8221;Montserrat|700|||||||&#8221; title_font_size=&#8221;13px&#8221; body_font=&#8221;Montserrat||||||||&#8221; body_font_size=&#8221;11px&#8221; body_line_height=&#8221;1.2em&#8221; background_color=&#8221;rgba(255,255,255,0)&#8221; custom_margin=&#8221;|||8px|false|false&#8221; custom_padding=&#8221;8px||16px|4px|false|false&#8221; border_width_all=&#8221;0px&#8221; global_colors_info=&#8221;{}&#8221;]<\/p>\n<p><span>Uma confer\u00eancia que pretende demonstrar o que \u00e9 ser Mulher nas diferentes estruturas pelas quais as convidadas t\u00eam passado e valorizar, revelar e engrandecer o trabalho que tem vindo a ser feito por Mulheres.<\/span><\/p>\n<p><strong>Local:<\/strong> Mini-Audit\u00f3rio do Teatro-Cine de Pombal<\/p>\n<p><strong>Dia:<\/strong> 15\u00a0 de mar\u00e7o | <strong>Hora:<\/strong> 1oh00<\/p>\n<p>&nbsp;<\/p>\n<p>[\/et_pb_toggle][\/et_pb_column][et_pb_column type=&#8221;1_4&#8243; _builder_version=&#8221;4.13.0&#8243; _module_preset=&#8221;default&#8221; background_color=&#8221;#FFFFFF&#8221; border_radii=&#8221;on|12px|12px|12px|12px&#8221; global_colors_info=&#8221;{}&#8221;][et_pb_text _builder_version=&#8221;4.13.0&#8243; _module_preset=&#8221;default&#8221; text_font=&#8221;Montserrat||||||||&#8221; text_font_size=&#8221;12px&#8221; text_line_height=&#8221;1.2em&#8221; custom_margin=&#8221;16px|12px|8px|12px|false|false&#8221; global_colors_info=&#8221;{}&#8221;]<\/p>\n<p><span style=\"font-size: medium; color: #c18934;\"><strong>Figueir\u00f3 dos Vinhos<\/strong><\/span><\/p>\n<p><strong>Entidade promotora:<\/strong><br \/>Munic\u00edpio de Figueir\u00f3 dos Vinhos<\/p>\n<p><strong>Iniciativa | Atividade:<\/strong><br \/><span>Na primeira voz: a mulher independente<\/span><\/p>\n<p>[\/et_pb_text][et_pb_toggle title=&#8221;Informa\u00e7\u00f5es&#8221; closed_toggle_text_color=&#8221;#759fdb&#8221; icon_color=&#8221;#e22685&#8243; toggle_icon=&#8221;&#xe03a;||divi||400&#8243; use_icon_font_size=&#8221;on&#8221; icon_font_size=&#8221;23px&#8221; _builder_version=&#8221;4.13.0&#8243; _module_preset=&#8221;default&#8221; title_font=&#8221;Montserrat|700|||||||&#8221; title_font_size=&#8221;13px&#8221; body_font=&#8221;Montserrat||||||||&#8221; body_font_size=&#8221;11px&#8221; body_line_height=&#8221;1.2em&#8221; background_color=&#8221;rgba(255,255,255,0)&#8221; custom_margin=&#8221;|||8px|false|false&#8221; custom_padding=&#8221;8px||16px|4px|false|false&#8221; border_width_all=&#8221;0px&#8221; global_colors_info=&#8221;{}&#8221;]<\/p>\n<p>A comemora\u00e7\u00e3o do Dia Internacional da Mulher ser\u00e1 feita a tr\u00eas vozes, na Biblioteca Municipal Sim\u00f5es de Almeida (tio), numa tert\u00falia intimista. \u00abNa primeira voz: A mulher independente\u00bb ser\u00e1 o tema debatido mediante as experi\u00eancias de vida das convidadas Manuela Pereira (professora aposentada), Maria Paula Santos (m\u00e9dica aposentada) e Teresa Trancoso (assistente social aposentada).<\/p>\n<p><strong>Local:<\/strong> Biblioteca Municipal Sim\u00f5es de Almeida (tio)<\/p>\n<p><strong>Dia:<\/strong> 08 de mar\u00e7o | <strong>Hora:<\/strong> 15h00<\/p>\n<p><img loading=\"lazy\" src=\"https:\/\/www.cig.gov.pt\/iniciativas-nacionais\/wp-content\/uploads\/2024\/02\/Tertulia_Dia-internacional-da-Mulher_online-01-bmfigueirodosvinhos-212x300.jpg\" width=\"212\" height=\"300\" alt=\"\" class=\"wp-image-4669 alignnone size-medium\" \/><\/p>\n<p>[\/et_pb_toggle][\/et_pb_column][et_pb_column type=&#8221;1_4&#8243; _builder_version=&#8221;4.13.0&#8243; _module_preset=&#8221;default&#8221; background_color=&#8221;#FFFFFF&#8221; border_radii=&#8221;on|12px|12px|12px|12px&#8221; global_colors_info=&#8221;{}&#8221;][et_pb_text _builder_version=&#8221;4.13.0&#8243; _module_preset=&#8221;default&#8221; text_font=&#8221;Montserrat||||||||&#8221; text_font_size=&#8221;12px&#8221; text_line_height=&#8221;1.2em&#8221; custom_margin=&#8221;16px|12px|8px|12px|false|false&#8221; global_colors_info=&#8221;{}&#8221;]<\/p>\n<p><span style=\"font-size: medium; color: #c18934;\"><strong><span>Leiria<\/span><\/strong><\/span><\/p>\n<p><strong>Entidade promotora:<\/strong><br \/><span>Escola Superior de Tecnologia e Gest\u00e3o, Polit\u00e9cnico de Leiria; IJP &#8211; Polo Leiria<\/span><\/p>\n<p><strong>Iniciativa | Atividade:<\/strong><br \/><span>&#8220;Igualdade de Mulheres e Homens no Trabalho e no Emprego\u201d<\/span><\/p>\n<p>[\/et_pb_text][et_pb_toggle title=&#8221;Informa\u00e7\u00f5es&#8221; closed_toggle_text_color=&#8221;#759fdb&#8221; icon_color=&#8221;#e22685&#8243; toggle_icon=&#8221;&#xe03a;||divi||400&#8243; use_icon_font_size=&#8221;on&#8221; icon_font_size=&#8221;23px&#8221; _builder_version=&#8221;4.13.0&#8243; _module_preset=&#8221;default&#8221; title_font=&#8221;Montserrat|700|||||||&#8221; title_font_size=&#8221;13px&#8221; body_font=&#8221;Montserrat||||||||&#8221; body_font_size=&#8221;11px&#8221; body_line_height=&#8221;1.2em&#8221; background_color=&#8221;rgba(255,255,255,0)&#8221; custom_margin=&#8221;|||8px|false|false&#8221; custom_padding=&#8221;8px||16px|4px|false|false&#8221; border_width_all=&#8221;0px&#8221; global_colors_info=&#8221;{}&#8221;]<\/p>\n<p><strong>Local:<\/strong> <span>Anfiteatro &#8211; D.AF-1.01, Escola Superior de Tecnologia e Gest\u00e3o, Polit\u00e9cnico de Leiria<\/span><\/p>\n<p><strong>Dia:<\/strong> 13 de mar\u00e7o | <strong>Hora:<\/strong> 14h30<\/p>\n<p><img loading=\"lazy\" src=\"https:\/\/www.cig.gov.pt\/iniciativas-nacionais\/wp-content\/uploads\/2024\/03\/IMHTE-1527x2160JPG-72-ppi-Rita-Almeida-212x300.jpg\" width=\"212\" height=\"300\" alt=\"\" class=\"wp-image-4810 alignnone size-medium\" \/><\/p>\n<p>[\/et_pb_toggle][\/et_pb_column][et_pb_column type=&#8221;1_4&#8243; _builder_version=&#8221;4.13.0&#8243; _module_preset=&#8221;default&#8221; background_color=&#8221;#FFFFFF&#8221; border_radii=&#8221;on|12px|12px|12px|12px&#8221; global_colors_info=&#8221;{}&#8221;][et_pb_text _builder_version=&#8221;4.13.0&#8243; _module_preset=&#8221;default&#8221; text_font=&#8221;Montserrat||||||||&#8221; text_font_size=&#8221;12px&#8221; text_line_height=&#8221;1.2em&#8221; custom_margin=&#8221;16px|12px|8px|12px|false|false&#8221; global_colors_info=&#8221;{}&#8221;]<\/p>\n<p><span style=\"font-size: medium; color: #c18934;\"><strong><span>Peniche<\/span><\/strong><\/span><\/p>\n<p><strong>Entidade promotora:<\/strong><br \/><span>Munic\u00edpio de Peniche<\/span><\/p>\n<p><strong>Iniciativa | Atividade:<\/strong><br \/><span>Sensibiliza\u00e7\u00e3o para o sobre o Dia Internacional da Mulher<\/span><\/p>\n<p>[\/et_pb_text][et_pb_toggle title=&#8221;Informa\u00e7\u00f5es&#8221; closed_toggle_text_color=&#8221;#759fdb&#8221; icon_color=&#8221;#e22685&#8243; toggle_icon=&#8221;&#xe03a;||divi||400&#8243; use_icon_font_size=&#8221;on&#8221; icon_font_size=&#8221;23px&#8221; _builder_version=&#8221;4.13.0&#8243; _module_preset=&#8221;default&#8221; title_font=&#8221;Montserrat|700|||||||&#8221; title_font_size=&#8221;13px&#8221; body_font=&#8221;Montserrat||||||||&#8221; body_font_size=&#8221;11px&#8221; body_line_height=&#8221;1.2em&#8221; background_color=&#8221;rgba(255,255,255,0)&#8221; custom_margin=&#8221;|||8px|false|false&#8221; custom_padding=&#8221;8px||16px|4px|false|false&#8221; border_width_all=&#8221;0px&#8221; global_colors_info=&#8221;{}&#8221;]<\/p>\n<p>Partilha do v\u00eddeo do Secret\u00e1rio-geral da ONU, Ant\u00f3nio Guterres<\/p>\n<p><strong>Dia:<\/strong> 8 de mar\u00e7o | <strong>Hora:<\/strong> 09h00<\/p>\n<p>[\/et_pb_toggle][\/et_pb_column][\/et_pb_row][et_pb_row column_structure=&#8221;1_4,1_4,1_4,1_4&#8243; use_custom_gutter=&#8221;on&#8221; gutter_width=&#8221;2&#8243; make_equal=&#8221;on&#8221; _builder_version=&#8221;4.13.0&#8243; _module_preset=&#8221;default&#8221; background_color=&#8221;rgba(255,255,255,0)&#8221; custom_margin=&#8221;||0px||false|false&#8221; custom_padding=&#8221;||0px||false|false&#8221; locked=&#8221;off&#8221; global_colors_info=&#8221;{}&#8221;][et_pb_column type=&#8221;1_4&#8243; _builder_version=&#8221;4.13.0&#8243; _module_preset=&#8221;default&#8221; background_color=&#8221;#FFFFFF&#8221; border_radii=&#8221;on|12px|12px|12px|12px&#8221; global_colors_info=&#8221;{}&#8221;][et_pb_text _builder_version=&#8221;4.13.0&#8243; _module_preset=&#8221;default&#8221; text_font=&#8221;Montserrat||||||||&#8221; text_font_size=&#8221;12px&#8221; text_line_height=&#8221;1.2em&#8221; custom_margin=&#8221;16px|12px|8px|12px|false|false&#8221; global_colors_info=&#8221;{}&#8221;]<\/p>\n<p><span style=\"font-size: medium; color: #c18934;\"><strong>Peniche<\/strong><\/span><\/p>\n<p><strong>Entidade promotora:<\/strong><br \/>Munic\u00edpio de Peniche<\/p>\n<p><strong>Iniciativa | Atividade:<\/strong><br \/><span>Hist\u00f3ria do Dia Internacional da Mulher <\/span><\/p>\n<p>[\/et_pb_text][et_pb_toggle title=&#8221;Informa\u00e7\u00f5es&#8221; closed_toggle_text_color=&#8221;#759fdb&#8221; icon_color=&#8221;#e22685&#8243; toggle_icon=&#8221;&#xe03a;||divi||400&#8243; use_icon_font_size=&#8221;on&#8221; icon_font_size=&#8221;23px&#8221; _builder_version=&#8221;4.13.0&#8243; _module_preset=&#8221;default&#8221; title_font=&#8221;Montserrat|700|||||||&#8221; title_font_size=&#8221;13px&#8221; body_font=&#8221;Montserrat||||||||&#8221; body_font_size=&#8221;11px&#8221; body_line_height=&#8221;1.2em&#8221; background_color=&#8221;rgba(255,255,255,0)&#8221; custom_margin=&#8221;|||8px|false|false&#8221; custom_padding=&#8221;8px||16px|4px|false|false&#8221; border_width_all=&#8221;0px&#8221; global_colors_info=&#8221;{}&#8221;]<\/p>\n<p><span>Elabora\u00e7\u00e3o e partilha de folheto informativo sobre a Hist\u00f3ria do Dia Internacional da Mulher .<\/span><\/p>\n<p><strong>Dia:<\/strong> 8\u00a0 de mar\u00e7o | <strong>Hora:<\/strong> 09h00<\/p>\n<p>&nbsp;<\/p>\n<p>[\/et_pb_toggle][\/et_pb_column][et_pb_column type=&#8221;1_4&#8243; _builder_version=&#8221;4.13.0&#8243; _module_preset=&#8221;default&#8221; background_color=&#8221;#FFFFFF&#8221; border_radii=&#8221;on|12px|12px|12px|12px&#8221; global_colors_info=&#8221;{}&#8221;][et_pb_text _builder_version=&#8221;4.13.0&#8243; _module_preset=&#8221;default&#8221; text_font=&#8221;Montserrat||||||||&#8221; text_font_size=&#8221;12px&#8221; text_line_height=&#8221;1.2em&#8221; custom_margin=&#8221;16px|12px|8px|12px|false|false&#8221; global_colors_info=&#8221;{}&#8221;]<\/p>\n<p><span style=\"font-size: medium; color: #c18934;\"><strong>Peniche<\/strong><\/span><\/p>\n<p><strong>Entidade promotora:<\/strong><br \/>Munic\u00edpio de Peniche<\/p>\n<p><strong>Iniciativa | Atividade:<\/strong><br \/><span>&#8220;Usa as tuas asas para voar!&#8221; e &#8220;S\u00ea o que quiseres ser!&#8221;<\/span><\/p>\n<p>[\/et_pb_text][et_pb_toggle title=&#8221;Informa\u00e7\u00f5es&#8221; closed_toggle_text_color=&#8221;#759fdb&#8221; icon_color=&#8221;#e22685&#8243; toggle_icon=&#8221;&#xe03a;||divi||400&#8243; use_icon_font_size=&#8221;on&#8221; icon_font_size=&#8221;23px&#8221; _builder_version=&#8221;4.13.0&#8243; _module_preset=&#8221;default&#8221; title_font=&#8221;Montserrat|700|||||||&#8221; title_font_size=&#8221;13px&#8221; body_font=&#8221;Montserrat||||||||&#8221; body_font_size=&#8221;11px&#8221; body_line_height=&#8221;1.2em&#8221; background_color=&#8221;rgba(255,255,255,0)&#8221; custom_margin=&#8221;|||8px|false|false&#8221; custom_padding=&#8221;8px||16px|4px|false|false&#8221; border_width_all=&#8221;0px&#8221; global_colors_info=&#8221;{}&#8221;]<\/p>\n<p><span>Backdrops para fotografia com a frases &#8220;Usa as tuas asas para voar!&#8221; e &#8220;S\u00ea o que quiseres ser!&#8221;<\/span>.<\/p>\n<p><strong>Local:<\/strong> <span>Largo do Munic\u00edpio e Pra\u00e7a Jacob Rodrigues Pereira, Peniche<\/span><\/p>\n<p><strong>Dia:<\/strong> 08 a 11 de mar\u00e7o | <strong>Hora:<\/strong> 09h00<\/p>\n<p><img loading=\"lazy\" src=\"https:\/\/www.cig.gov.pt\/iniciativas-nacionais\/wp-content\/uploads\/2024\/02\/Tertulia_Dia-internacional-da-Mulher_online-01-bmfigueirodosvinhos-212x300.jpg\" width=\"212\" height=\"300\" alt=\"\" class=\"wp-image-4669 alignnone size-medium\" \/><\/p>\n<p>[\/et_pb_toggle][\/et_pb_column][et_pb_column type=&#8221;1_4&#8243; _builder_version=&#8221;4.13.0&#8243; _module_preset=&#8221;default&#8221; background_color=&#8221;#FFFFFF&#8221; border_radii=&#8221;on|12px|12px|12px|12px&#8221; global_colors_info=&#8221;{}&#8221;][et_pb_text _builder_version=&#8221;4.13.0&#8243; _module_preset=&#8221;default&#8221; text_font=&#8221;Montserrat||||||||&#8221; text_font_size=&#8221;12px&#8221; text_line_height=&#8221;1.2em&#8221; custom_margin=&#8221;16px|12px|8px|12px|false|false&#8221; global_colors_info=&#8221;{}&#8221;]<\/p>\n<p><span style=\"font-size: medium; color: #c18934;\"><strong><span>Pombal <\/span><\/strong><\/span><\/p>\n<p><strong>Entidade promotora:<\/strong><br \/><span>Freguesia de Pombal e APEPI<\/span><\/p>\n<p><strong>Iniciativa | Atividade:<\/strong><br \/><span>Por Elas 2.4 <\/span><\/p>\n<p>[\/et_pb_text][et_pb_toggle title=&#8221;Informa\u00e7\u00f5es&#8221; closed_toggle_text_color=&#8221;#759fdb&#8221; icon_color=&#8221;#e22685&#8243; toggle_icon=&#8221;&#xe03a;||divi||400&#8243; use_icon_font_size=&#8221;on&#8221; icon_font_size=&#8221;23px&#8221; _builder_version=&#8221;4.13.0&#8243; _module_preset=&#8221;default&#8221; title_font=&#8221;Montserrat|700|||||||&#8221; title_font_size=&#8221;13px&#8221; body_font=&#8221;Montserrat||||||||&#8221; body_font_size=&#8221;11px&#8221; body_line_height=&#8221;1.2em&#8221; background_color=&#8221;rgba(255,255,255,0)&#8221; custom_margin=&#8221;|||8px|false|false&#8221; custom_padding=&#8221;8px||16px|4px|false|false&#8221; border_width_all=&#8221;0px&#8221; global_colors_info=&#8221;{}&#8221;]<\/p>\n<p>A APEPI e a Freguesia de Pombal tornaram a unir-se, com o apoio do Munic\u00edpio de Pombal, para celebrar o Dia Internacional da Mulher com mais uma edi\u00e7\u00e3o do Stand-Up Comedy Solid\u00e1rio. O espet\u00e1culo, com Rita Leit\u00e3o, Leonor Feio, Laura e C\u00e1ssia Rodrigues, reverte a favor da Casa Abrigo Teresa Morais.<\/p>\n<p><strong>Local:<\/strong> <span>Caf\u00e9 Concerto Pombal<\/span><\/p>\n<p><strong>Dia:<\/strong> 15 de mar\u00e7o | <strong>Hora:<\/strong> 21h30<\/p>\n<p><img loading=\"lazy\" src=\"https:\/\/www.cig.gov.pt\/iniciativas-nacionais\/wp-content\/uploads\/2024\/03\/Por-Elas-2.4-Ana-carolina-Jesus-214x300.jpeg\" width=\"214\" height=\"300\" alt=\"\" class=\"wp-image-4814 alignnone size-medium\" \/><\/p>\n<p>&nbsp;<\/p>\n<p>[\/et_pb_toggle][\/et_pb_column][et_pb_column type=&#8221;1_4&#8243; _builder_version=&#8221;4.13.0&#8243; _module_preset=&#8221;default&#8221; background_color=&#8221;#FFFFFF&#8221; border_radii=&#8221;on|12px|12px|12px|12px&#8221; global_colors_info=&#8221;{}&#8221;][et_pb_text _builder_version=&#8221;4.13.0&#8243; _module_preset=&#8221;default&#8221; text_font=&#8221;Montserrat||||||||&#8221; text_font_size=&#8221;12px&#8221; text_line_height=&#8221;1.2em&#8221; custom_margin=&#8221;16px|12px|8px|12px|false|false&#8221; global_colors_info=&#8221;{}&#8221;]<\/p>\n<p><span style=\"font-size: medium; color: #c18934;\"><strong><span>Ansi\u00e3o<\/span><\/strong><\/span><\/p>\n<p><strong>Entidade promotora:<\/strong><br \/><span>Munic\u00edpio de Ansi\u00e3o<\/span><\/p>\n<p><strong>Iniciativa | Atividade:<\/strong><br \/><span>Sess\u00e3o de sensibiliza\u00e7\u00e3o : Liberdade, Igualdade e a Luta pelos Direitos das Mulheres<\/span><\/p>\n<p>[\/et_pb_text][et_pb_toggle title=&#8221;Informa\u00e7\u00f5es&#8221; closed_toggle_text_color=&#8221;#759fdb&#8221; icon_color=&#8221;#e22685&#8243; toggle_icon=&#8221;&#xe03a;||divi||400&#8243; use_icon_font_size=&#8221;on&#8221; icon_font_size=&#8221;23px&#8221; _builder_version=&#8221;4.13.0&#8243; _module_preset=&#8221;default&#8221; title_font=&#8221;Montserrat|700|||||||&#8221; title_font_size=&#8221;13px&#8221; body_font=&#8221;Montserrat||||||||&#8221; body_font_size=&#8221;11px&#8221; body_line_height=&#8221;1.2em&#8221; background_color=&#8221;rgba(255,255,255,0)&#8221; custom_margin=&#8221;|||8px|false|false&#8221; custom_padding=&#8221;8px||16px|4px|false|false&#8221; border_width_all=&#8221;0px&#8221; global_colors_info=&#8221;{}&#8221;]<\/p>\n<p><span>Como forma de sinalizar o Dia Internacional da Mulher e os 50 anos da Revolu\u00e7\u00e3o de abril, a EIVL prop\u00f5e a realiza\u00e7\u00e3o de uma sess\u00e3o de sensibiliza\u00e7\u00e3o para os\/as colaboradores\/as do Munic\u00edpio de Ansi\u00e3o sobre os direitos que as mulheres foram conquistando ao longo do tempo, com especial destaque para os direitos adquiridos com a Revolu\u00e7\u00e3o de 25 de Abril de 1974.<\/span><\/p>\n<p><strong>Local:<\/strong> <span>Munic\u00edpio de Ansi\u00e3o<\/span><\/p>\n<p><strong>Dia:<\/strong> 08 de mar\u00e7o | <strong>Hora:<\/strong> 08h00<\/p>\n<p>&nbsp;<\/p>\n<p>&nbsp;<\/p>\n<p>[\/et_pb_toggle][\/et_pb_column][\/et_pb_row][et_pb_row column_structure=&#8221;1_4,1_4,1_4,1_4&#8243; use_custom_gutter=&#8221;on&#8221; gutter_width=&#8221;2&#8243; make_equal=&#8221;on&#8221; _builder_version=&#8221;4.13.0&#8243; _module_preset=&#8221;default&#8221; background_color=&#8221;rgba(255,255,255,0)&#8221; custom_margin=&#8221;||0px||false|false&#8221; custom_padding=&#8221;||0px||false|false&#8221; locked=&#8221;off&#8221; global_colors_info=&#8221;{}&#8221;][et_pb_column type=&#8221;1_4&#8243; _builder_version=&#8221;4.13.0&#8243; _module_preset=&#8221;default&#8221; background_color=&#8221;#FFFFFF&#8221; border_radii=&#8221;on|12px|12px|12px|12px&#8221; global_colors_info=&#8221;{}&#8221;][et_pb_text _builder_version=&#8221;4.13.0&#8243; _module_preset=&#8221;default&#8221; text_font=&#8221;Montserrat||||||||&#8221; text_font_size=&#8221;12px&#8221; text_line_height=&#8221;1.2em&#8221; custom_margin=&#8221;16px|12px|8px|12px|false|false&#8221; global_colors_info=&#8221;{}&#8221;]<\/p>\n<p><span style=\"font-size: medium; color: #c18934;\"><strong><span>Ansi\u00e3o<\/span><\/strong><\/span><\/p>\n<p><strong>Entidade promotora:<\/strong><br \/>M<span>unic\u00edpio de Ansi\u00e3o<\/span><\/p>\n<p><strong>Iniciativa | Atividade:<\/strong><br \/><span>Voz de Mulher II<\/span><\/p>\n<p>[\/et_pb_text][et_pb_toggle title=&#8221;Informa\u00e7\u00f5es&#8221; closed_toggle_text_color=&#8221;#759fdb&#8221; icon_color=&#8221;#e22685&#8243; toggle_icon=&#8221;&#xe03a;||divi||400&#8243; use_icon_font_size=&#8221;on&#8221; icon_font_size=&#8221;23px&#8221; _builder_version=&#8221;4.13.0&#8243; _module_preset=&#8221;default&#8221; title_font=&#8221;Montserrat|700|||||||&#8221; title_font_size=&#8221;13px&#8221; body_font=&#8221;Montserrat||||||||&#8221; body_font_size=&#8221;11px&#8221; body_line_height=&#8221;1.2em&#8221; background_color=&#8221;rgba(255,255,255,0)&#8221; custom_margin=&#8221;|||8px|false|false&#8221; custom_padding=&#8221;8px||16px|4px|false|false&#8221; border_width_all=&#8221;0px&#8221; global_colors_info=&#8221;{}&#8221;]<\/p>\n<p><span>Grava\u00e7\u00e3o em v\u00eddeo de testemunhos de mulheres da comunidade para testemunharam a revolu\u00e7\u00e3o de abril, tentando perceber o que alterou nas vidas a n\u00edvel pessoal, social, profisisona,&#8230; <\/span><\/p>\n<p><span>V\u00eddeo a ser disponibilizado nas redes sociais do Munic\u00edpio de Ansi\u00e3o no dia 08 de mar\u00e7o.<\/span><\/p>\n<p><strong>Dia:<\/strong> 8\u00a0 de mar\u00e7o<\/p>\n<p>&nbsp;<\/p>\n<p>[\/et_pb_toggle][\/et_pb_column][et_pb_column type=&#8221;1_4&#8243; _builder_version=&#8221;4.13.0&#8243; _module_preset=&#8221;default&#8221; background_color=&#8221;RGBA(0,0,0,0)&#8221; border_radii=&#8221;on|12px|12px|12px|12px&#8221; global_colors_info=&#8221;{}&#8221;][\/et_pb_column][et_pb_column type=&#8221;1_4&#8243; _builder_version=&#8221;4.13.0&#8243; _module_preset=&#8221;default&#8221; background_color=&#8221;RGBA(0,0,0,0)&#8221; border_radii=&#8221;on|12px|12px|12px|12px&#8221; global_colors_info=&#8221;{}&#8221;][\/et_pb_column][et_pb_column type=&#8221;1_4&#8243; _builder_version=&#8221;4.13.0&#8243; _module_preset=&#8221;default&#8221; background_color=&#8221;RGBA(0,0,0,0)&#8221; border_radii=&#8221;on|12px|12px|12px|12px&#8221; global_colors_info=&#8221;{}&#8221;][\/et_pb_column][\/et_pb_row][et_pb_row admin_label=&#8221;Lisboa&#8221; _builder_version=&#8221;4.13.0&#8243; _module_preset=&#8221;default&#8221; background_color=&#8221;#03989e&#8221; custom_margin=&#8221;24px||0px||false|false&#8221; custom_padding=&#8221;16px||16px||false|false&#8221; border_radii=&#8221;on|12px|12px|12px|12px&#8221; global_colors_info=&#8221;{}&#8221;][et_pb_column type=&#8221;4_4&#8243; _builder_version=&#8221;4.13.0&#8243; _module_preset=&#8221;default&#8221; global_colors_info=&#8221;{}&#8221;][et_pb_text admin_label=&#8221;Lisboa&#8221; _builder_version=&#8221;4.13.0&#8243; _module_preset=&#8221;default&#8221; text_font=&#8221;Montserrat|700|||||||&#8221; text_text_color=&#8221;#FFFFFF&#8221; text_font_size=&#8221;16px&#8221; text_letter_spacing=&#8221;1px&#8221; custom_margin=&#8221;2px||0px|20px|false|false&#8221; custom_padding=&#8221;6px||2px||false|false&#8221; global_colors_info=&#8221;{}&#8221;]<\/p>\n<p><span style=\"color: #f3d9da;\">Distrito: <\/span><span style=\"font-size: xx-large;\">Lisboa<\/span><\/p>\n<p>[\/et_pb_text][\/et_pb_column][\/et_pb_row][et_pb_row column_structure=&#8221;1_4,1_4,1_4,1_4&#8243; use_custom_gutter=&#8221;on&#8221; gutter_width=&#8221;2&#8243; make_equal=&#8221;on&#8221; _builder_version=&#8221;4.13.0&#8243; _module_preset=&#8221;default&#8221; background_color=&#8221;rgba(255,255,255,0)&#8221; custom_margin=&#8221;||0px||false|false&#8221; custom_padding=&#8221;||0px||false|false&#8221; locked=&#8221;off&#8221; global_colors_info=&#8221;{}&#8221;][et_pb_column type=&#8221;1_4&#8243; _builder_version=&#8221;4.13.0&#8243; _module_preset=&#8221;default&#8221; background_color=&#8221;#FFFFFF&#8221; border_radii=&#8221;on|12px|12px|12px|12px&#8221; global_colors_info=&#8221;{}&#8221;][et_pb_text _builder_version=&#8221;4.13.0&#8243; _module_preset=&#8221;default&#8221; text_font=&#8221;Montserrat||||||||&#8221; text_font_size=&#8221;12px&#8221; text_line_height=&#8221;1.2em&#8221; custom_margin=&#8221;16px|12px|8px|12px|false|false&#8221; global_colors_info=&#8221;{}&#8221;]<\/p>\n<p><span style=\"font-size: medium; color: #c18934;\"><strong>Amadora<\/strong><\/span><\/p>\n<p><strong>Entidade promotora:<\/strong><br \/>LNEG &#8211; Laborat\u00f3rio Nacional de Energia e Geologia, IP<\/p>\n<p><strong>Iniciativa | Atividade:<\/strong><br \/>Publica\u00e7\u00e3o nas redes sociais<\/p>\n<p>[\/et_pb_text][et_pb_toggle title=&#8221;Informa\u00e7\u00f5es&#8221; closed_toggle_text_color=&#8221;#759fdb&#8221; icon_color=&#8221;#e22685&#8243; toggle_icon=&#8221;&#xe03a;||divi||400&#8243; use_icon_font_size=&#8221;on&#8221; icon_font_size=&#8221;23px&#8221; _builder_version=&#8221;4.13.0&#8243; _module_preset=&#8221;default&#8221; title_font=&#8221;Montserrat|700|||||||&#8221; title_font_size=&#8221;13px&#8221; body_font=&#8221;Montserrat||||||||&#8221; body_font_size=&#8221;11px&#8221; body_line_height=&#8221;1.2em&#8221; background_color=&#8221;rgba(255,255,255,0)&#8221; custom_margin=&#8221;|||8px|false|false&#8221; custom_padding=&#8221;8px||16px|4px|false|false&#8221; border_width_all=&#8221;0px&#8221; global_colors_info=&#8221;{}&#8221;]<\/p>\n<p style=\"text-align: justify;\"><strong>Publica\u00e7\u00e3o nas redes sociais<\/strong><\/p>\n<p style=\"text-align: justify;\">Iremos assinalar a data com uma publica\u00e7\u00e3o nas p\u00e1ginas institucionais do LNEG nas redes sociais.<\/p>\n<p><strong>Dia:<\/strong> 8 de mar\u00e7o | <strong>Hora:<\/strong> 10h00<\/p>\n<p>[\/et_pb_toggle][\/et_pb_column][et_pb_column type=&#8221;1_4&#8243; _builder_version=&#8221;4.13.0&#8243; _module_preset=&#8221;default&#8221; background_color=&#8221;#FFFFFF&#8221; border_radii=&#8221;on|12px|12px|12px|12px&#8221; global_colors_info=&#8221;{}&#8221;][et_pb_text _builder_version=&#8221;4.13.0&#8243; _module_preset=&#8221;default&#8221; text_font=&#8221;Montserrat||||||||&#8221; text_font_size=&#8221;12px&#8221; text_line_height=&#8221;1.2em&#8221; custom_margin=&#8221;16px|12px|8px|12px|false|false&#8221; global_colors_info=&#8221;{}&#8221;]<\/p>\n<p><span style=\"font-size: medium; color: #c18934;\"><strong>Lisboa<\/strong><\/span><\/p>\n<p><strong>Entidade promotora:<\/strong><br \/>Associa\u00e7\u00e3o Portuguesa de Mulheres Juristas<\/p>\n<p><strong>Iniciativa | Atividade:<\/strong><br \/>Jantar comemorativo do Dia Internacional das Mulheres<\/p>\n<p>[\/et_pb_text][et_pb_toggle title=&#8221;Informa\u00e7\u00f5es&#8221; closed_toggle_text_color=&#8221;#759fdb&#8221; icon_color=&#8221;#e22685&#8243; toggle_icon=&#8221;&#xe03a;||divi||400&#8243; use_icon_font_size=&#8221;on&#8221; icon_font_size=&#8221;23px&#8221; _builder_version=&#8221;4.13.0&#8243; _module_preset=&#8221;default&#8221; title_font=&#8221;Montserrat|700|||||||&#8221; title_font_size=&#8221;13px&#8221; body_font=&#8221;Montserrat||||||||&#8221; body_font_size=&#8221;11px&#8221; body_line_height=&#8221;1.2em&#8221; background_color=&#8221;rgba(255,255,255,0)&#8221; custom_margin=&#8221;|||8px|false|false&#8221; custom_padding=&#8221;8px||16px|4px|false|false&#8221; border_width_all=&#8221;0px&#8221; global_colors_info=&#8221;{}&#8221;]<\/p>\n<p>Evento tem\u00e1tico que re\u00fane habitualmente cerca de uma centena de mulheres e homens juristas, evento este que tem contado com a presen\u00e7a e participa\u00e7\u00e3o de diferentes entidades, entre as quais avultam o Presidente do Supremo Tribunal de Justi\u00e7a, o\/a Procurador\/a Geral da Rep\u00fablica e o\/a Baston\u00e1rio\/a da Ordem dos Advogados, e para o qual s\u00e3o convidadas algumas individualidades para proferirem uma breve alocu\u00e7\u00e3o sobre o tema, que, em cada ano \u00e9 escolhido para assinalar o Dia Internacional das Mulheres.<\/p>\n<p><strong>Dia:<\/strong> 8 de mar\u00e7o | <strong>Hora:<\/strong> 19h30<\/p>\n<p><img loading=\"lazy\" src=\"https:\/\/www.cig.gov.pt\/iniciativas-nacionais\/wp-content\/uploads\/2024\/02\/Convite_8_Marco2024_v2-Sede-APMJ-300x143.jpg\" width=\"300\" height=\"143\" alt=\"\" class=\"wp-image-4370 alignnone size-medium\" \/><\/p>\n<p>[\/et_pb_toggle][\/et_pb_column][et_pb_column type=&#8221;1_4&#8243; _builder_version=&#8221;4.13.0&#8243; _module_preset=&#8221;default&#8221; background_color=&#8221;#FFFFFF&#8221; border_radii=&#8221;on|12px|12px|12px|12px&#8221; global_colors_info=&#8221;{}&#8221;][et_pb_text _builder_version=&#8221;4.13.0&#8243; _module_preset=&#8221;default&#8221; text_font=&#8221;Montserrat||||||||&#8221; text_font_size=&#8221;12px&#8221; text_line_height=&#8221;1.2em&#8221; custom_margin=&#8221;16px|12px|8px|12px|false|false&#8221; global_colors_info=&#8221;{}&#8221;]<\/p>\n<p><span style=\"font-size: medium; color: #c18934;\"><strong>Lisboa<\/strong><\/span><\/p>\n<p><strong>Entidade promotora:<\/strong><br \/>Movimento Democr\u00e1tico de Mulheres<\/p>\n<p><strong>Iniciativa | Atividade:<\/strong><br \/>Manifesta\u00e7\u00e3o Nacional de Mulheres<\/p>\n<p>[\/et_pb_text][et_pb_toggle title=&#8221;Informa\u00e7\u00f5es&#8221; closed_toggle_text_color=&#8221;#759fdb&#8221; icon_color=&#8221;#e22685&#8243; toggle_icon=&#8221;&#xe03a;||divi||400&#8243; use_icon_font_size=&#8221;on&#8221; icon_font_size=&#8221;23px&#8221; _builder_version=&#8221;4.13.0&#8243; _module_preset=&#8221;default&#8221; title_font=&#8221;Montserrat|700|||||||&#8221; title_font_size=&#8221;13px&#8221; body_font=&#8221;Montserrat||||||||&#8221; body_font_size=&#8221;11px&#8221; body_line_height=&#8221;1.2em&#8221; background_color=&#8221;rgba(255,255,255,0)&#8221; custom_margin=&#8221;|||8px|false|false&#8221; custom_padding=&#8221;8px||16px|4px|false|false&#8221; border_width_all=&#8221;0px&#8221; global_colors_info=&#8221;{}&#8221;]<\/p>\n<p>Em Lisboa, marcamos encontro para juntar o nosso grito pela Paz e igualdade e dar inicio \u00e0s comemora\u00e7\u00f5es dos 50 anos de Abril.<\/p>\n<p><strong>Local:<\/strong> Rossio (Lisboa)<\/p>\n<p><strong>Dia:<\/strong> 23 de mar\u00e7o | <strong>Hora:<\/strong> 14h30<\/p>\n<p><img loading=\"lazy\" src=\"https:\/\/www.cig.gov.pt\/iniciativas-nacionais\/wp-content\/uploads\/2024\/02\/Manifestacao-Nacional-de-Mulheres-23.03.24-MDM-Movimento-Democratico-de-Mulheres-Nucleo-Faro-300x300.jpg\" width=\"300\" height=\"300\" alt=\"\" class=\"wp-image-4433 alignnone size-medium\" \/><\/p>\n<p>&nbsp;<\/p>\n<p>[\/et_pb_toggle][\/et_pb_column][et_pb_column type=&#8221;1_4&#8243; _builder_version=&#8221;4.13.0&#8243; _module_preset=&#8221;default&#8221; background_color=&#8221;#FFFFFF&#8221; border_radii=&#8221;on|12px|12px|12px|12px&#8221; global_colors_info=&#8221;{}&#8221;][et_pb_text _builder_version=&#8221;4.13.0&#8243; _module_preset=&#8221;default&#8221; text_font=&#8221;Montserrat||||||||&#8221; text_font_size=&#8221;12px&#8221; text_line_height=&#8221;1.2em&#8221; custom_margin=&#8221;16px|12px|8px|12px|false|false&#8221; global_colors_info=&#8221;{}&#8221;]<\/p>\n<p><span style=\"font-size: medium; color: #c18934;\"><strong>Lisboa<\/strong><\/span><\/p>\n<p><strong>Entidade promotora:<\/strong><br \/>Movimento Democr\u00e1tico de Mulheres<\/p>\n<p><strong>Iniciativa | Atividade:<\/strong><br \/><span data-sheets-root=\"1\" data-sheets-value=\"{&quot;1&quot;:2,&quot;2&quot;:&quot;O Estendal das Nossas Lutas&quot;}\" data-sheets-userformat=\"{&quot;2&quot;:513,&quot;3&quot;:{&quot;1&quot;:0},&quot;12&quot;:0}\">O Estendal das Nossas Lutas<\/span><\/p>\n<p>[\/et_pb_text][et_pb_toggle title=&#8221;Informa\u00e7\u00f5es&#8221; closed_toggle_text_color=&#8221;#759fdb&#8221; icon_color=&#8221;#e22685&#8243; toggle_icon=&#8221;&#xe03a;||divi||400&#8243; use_icon_font_size=&#8221;on&#8221; icon_font_size=&#8221;23px&#8221; _builder_version=&#8221;4.13.0&#8243; _module_preset=&#8221;default&#8221; title_font=&#8221;Montserrat|700|||||||&#8221; title_font_size=&#8221;13px&#8221; body_font=&#8221;Montserrat||||||||&#8221; body_font_size=&#8221;11px&#8221; body_line_height=&#8221;1.2em&#8221; background_color=&#8221;rgba(255,255,255,0)&#8221; custom_margin=&#8221;|||8px|false|false&#8221; custom_padding=&#8221;8px||16px|4px|false|false&#8221; border_width_all=&#8221;0px&#8221; global_colors_info=&#8221;{}&#8221;]<\/p>\n<p><span data-sheets-root=\"1\" data-sheets-value=\"{&quot;1&quot;:2,&quot;2&quot;:&quot;A luta das mulheres organizadas deu fruto a importantes e indispens\u00e1veis avan\u00e7os nas nossas vidas individuais e colectivas. No ano em que se assinalam os 50 anos do 25 de Abril, n\u00e3o esquecemos os direitos conquistados. Sabemos, no entanto, que muitos s\u00e3o os retrocessos dos \u00faltimos anos, com a degrada\u00e7\u00e3o das condi\u00e7\u00f5es de vida e de trabalho das mulheres.nAssim, e porque grandes momentos de luta se avizinham, assinalamos o dia 8 de Mar\u00e7o, o Dia Internacional da Mulher, que este ano coincide com o encerramento da campanha para as elei\u00e7\u00f5es dos deputados \u00e0 Assembleia da Rep\u00fablica, com uma grande iniciativa, em Lisboa.nConstru\u00edmos e partilharemos em coletivo um estendal de panos, bordados, pintados, desenhados, a muitas m\u00e3os, que assinalar\u00e3o 50 conquistas e 50 reivindica\u00e7\u00f5es.&quot;}\" data-sheets-userformat=\"{&quot;2&quot;:513,&quot;3&quot;:{&quot;1&quot;:0},&quot;12&quot;:0}\">A luta das mulheres organizadas deu fruto a importantes e indispens\u00e1veis avan\u00e7os nas nossas vidas individuais e coletivas. No ano em que se assinalam os 50 anos do 25 de Abril, n\u00e3o esquecemos os direitos conquistados. Sabemos, no entanto, que muitos s\u00e3o os retrocessos dos \u00faltimos anos, com a degrada\u00e7\u00e3o das condi\u00e7\u00f5es de vida e de trabalho das mulheres.<br \/>Assim, e porque grandes momentos de luta se avizinham, assinalamos o dia 8 de Mar\u00e7o, o Dia Internacional da Mulher, que este ano coincide com o encerramento da campanha para as elei\u00e7\u00f5es dos deputados \u00e0 Assembleia da Rep\u00fablica, com uma grande iniciativa, em Lisboa.<br \/>Constru\u00edmos e partilharemos em coletivo um estendal de panos, bordados, pintados, desenhados, a muitas m\u00e3os, que assinalar\u00e3o 50 conquistas e 50 reivindica\u00e7\u00f5es.<\/span><\/p>\n<p><strong>Local:<\/strong> <span data-sheets-root=\"1\" data-sheets-value=\"{&quot;1&quot;:2,&quot;2&quot;:&quot;Jardim das Amoreiras com desfile at\u00e9 \u00e0 Assembleia da Rep\u00fablica.&quot;}\" data-sheets-userformat=\"{&quot;2&quot;:513,&quot;3&quot;:{&quot;1&quot;:0},&quot;12&quot;:0}\">Jardim das Amoreiras com desfile at\u00e9 \u00e0 Assembleia da Rep\u00fablica.<\/span><\/p>\n<p><strong>Dia:<\/strong> 08 de mar\u00e7o | <strong>Hora:<\/strong> 18h00<\/p>\n<p><img loading=\"lazy\" class=\"alignnone wp-image-4451 size-medium\" src=\"https:\/\/www.cig.gov.pt\/iniciativas-nacionais\/wp-content\/uploads\/2024\/02\/estendal-MDM-Movimento-Democratico-de-Mulheres-300x300.jpg\" alt=\"\" width=\"300\" height=\"300\" \/><\/p>\n<p>&nbsp;<\/p>\n<p>[\/et_pb_toggle][\/et_pb_column][\/et_pb_row][et_pb_row column_structure=&#8221;1_4,1_4,1_4,1_4&#8243; use_custom_gutter=&#8221;on&#8221; gutter_width=&#8221;2&#8243; make_equal=&#8221;on&#8221; _builder_version=&#8221;4.13.0&#8243; _module_preset=&#8221;default&#8221; background_color=&#8221;rgba(255,255,255,0)&#8221; custom_margin=&#8221;||0px||false|false&#8221; custom_padding=&#8221;||0px||false|false&#8221; locked=&#8221;off&#8221; global_colors_info=&#8221;{}&#8221;][et_pb_column type=&#8221;1_4&#8243; _builder_version=&#8221;4.13.0&#8243; _module_preset=&#8221;default&#8221; background_color=&#8221;#FFFFFF&#8221; border_radii=&#8221;on|12px|12px|12px|12px&#8221; global_colors_info=&#8221;{}&#8221;][et_pb_text _builder_version=&#8221;4.13.0&#8243; _module_preset=&#8221;default&#8221; text_font=&#8221;Montserrat||||||||&#8221; text_font_size=&#8221;12px&#8221; text_line_height=&#8221;1.2em&#8221; custom_margin=&#8221;16px|12px|8px|12px|false|false&#8221; global_colors_info=&#8221;{}&#8221;]<\/p>\n<p><span style=\"font-size: medium; color: #c18934;\"><strong>Lisboa<\/strong><\/span><\/p>\n<p><strong>Entidade promotora:<\/strong><br \/><span data-sheets-root=\"1\" data-sheets-value=\"{&quot;1&quot;:2,&quot;2&quot;:&quot;Adelia Pauferro e Associa\u00e7\u00e3o de Mulheres P de Pot\u00eancia &quot;}\" data-sheets-userformat=\"{&quot;2&quot;:513,&quot;3&quot;:{&quot;1&quot;:0},&quot;12&quot;:0}\">Adelia Pauferro e Associa\u00e7\u00e3o de Mulheres P de Pot\u00eancia\u00a0<\/span><\/p>\n<p><strong>Iniciativa | Atividade:<\/strong><br \/><span data-sheets-root=\"1\" data-sheets-value=\"{&quot;1&quot;:2,&quot;2&quot;:&quot;Dia M de Pot\u00eancia &quot;}\" data-sheets-userformat=\"{&quot;2&quot;:513,&quot;3&quot;:{&quot;1&quot;:0},&quot;12&quot;:0}\">Dia M de Pot\u00eancia\u00a0<\/span><\/p>\n<p>[\/et_pb_text][et_pb_toggle title=&#8221;Informa\u00e7\u00f5es&#8221; closed_toggle_text_color=&#8221;#759fdb&#8221; icon_color=&#8221;#e22685&#8243; toggle_icon=&#8221;&#xe03a;||divi||400&#8243; use_icon_font_size=&#8221;on&#8221; icon_font_size=&#8221;23px&#8221; _builder_version=&#8221;4.13.0&#8243; _module_preset=&#8221;default&#8221; title_font=&#8221;Montserrat|700|||||||&#8221; title_font_size=&#8221;13px&#8221; body_font=&#8221;Montserrat||||||||&#8221; body_font_size=&#8221;11px&#8221; body_line_height=&#8221;1.2em&#8221; background_color=&#8221;rgba(255,255,255,0)&#8221; custom_margin=&#8221;|||8px|false|false&#8221; custom_padding=&#8221;8px||16px|4px|false|false&#8221; border_width_all=&#8221;0px&#8221; global_colors_info=&#8221;{}&#8221;]<\/p>\n<p><span data-sheets-root=\"1\" data-sheets-value=\"{&quot;1&quot;:2,&quot;2&quot;:&quot;Encontro Interseccional de Mulheres &quot;}\" data-sheets-userformat=\"{&quot;2&quot;:513,&quot;3&quot;:{&quot;1&quot;:0},&quot;12&quot;:0}\">Encontro Interseccional de Mulheres<\/span>.<\/p>\n<p><strong>Local:<\/strong> <span data-sheets-root=\"1\" data-sheets-value=\"{&quot;1&quot;:2,&quot;2&quot;:&quot;F\u00e1brica do Bra\u00e7o de Prata - Lisboa &quot;}\" data-sheets-userformat=\"{&quot;2&quot;:513,&quot;3&quot;:{&quot;1&quot;:0},&quot;12&quot;:0}\">F\u00e1brica do Bra\u00e7o de Prata &#8211; Lisboa <\/span><\/p>\n<p><strong>Dia:<\/strong> 8 de mar\u00e7o | <strong>Hora:<\/strong> 10h00<\/p>\n<p>[\/et_pb_toggle][\/et_pb_column][et_pb_column type=&#8221;1_4&#8243; _builder_version=&#8221;4.13.0&#8243; _module_preset=&#8221;default&#8221; background_color=&#8221;#FFFFFF&#8221; border_radii=&#8221;on|12px|12px|12px|12px&#8221; global_colors_info=&#8221;{}&#8221;][et_pb_text _builder_version=&#8221;4.13.0&#8243; _module_preset=&#8221;default&#8221; text_font=&#8221;Montserrat||||||||&#8221; text_font_size=&#8221;12px&#8221; text_line_height=&#8221;1.2em&#8221; custom_margin=&#8221;16px|12px|8px|12px|false|false&#8221; global_colors_info=&#8221;{}&#8221;]<\/p>\n<p><span style=\"font-size: medium; color: #c18934;\"><strong>Lisboa<\/strong><\/span><\/p>\n<p><strong>Entidade promotora:<\/strong><br \/><span data-sheets-root=\"1\" data-sheets-value=\"{&quot;1&quot;:2,&quot;2&quot;:&quot;Adelia Pauferro e Associa\u00e7\u00e3o de Mulheres P de Pot\u00eancia &quot;}\" data-sheets-userformat=\"{&quot;2&quot;:513,&quot;3&quot;:{&quot;1&quot;:0},&quot;12&quot;:0}\">Secretaria-Geral da Presid\u00eancia do Conselho de Ministros <br \/><\/span><\/p>\n<p><strong>Iniciativa | Atividade:<\/strong><br \/><span data-sheets-root=\"1\" data-sheets-value=\"{&quot;1&quot;:2,&quot;2&quot;:&quot;Dia M de Pot\u00eancia &quot;}\" data-sheets-userformat=\"{&quot;2&quot;:513,&quot;3&quot;:{&quot;1&quot;:0},&quot;12&quot;:0}\">Webinar \u201cCiclo de conversas no feminino: Igualdade de g\u00e9nero e participa\u00e7\u00e3o das mulheres na pol\u00edtica\u201d <br \/><\/span><\/p>\n<p>[\/et_pb_text][et_pb_toggle title=&#8221;Informa\u00e7\u00f5es&#8221; closed_toggle_text_color=&#8221;#759fdb&#8221; icon_color=&#8221;#e22685&#8243; toggle_icon=&#8221;&#xe03a;||divi||400&#8243; use_icon_font_size=&#8221;on&#8221; icon_font_size=&#8221;23px&#8221; _builder_version=&#8221;4.13.0&#8243; _module_preset=&#8221;default&#8221; title_font=&#8221;Montserrat|700|||||||&#8221; title_font_size=&#8221;13px&#8221; body_font=&#8221;Montserrat||||||||&#8221; body_font_size=&#8221;11px&#8221; body_line_height=&#8221;1.2em&#8221; background_color=&#8221;rgba(255,255,255,0)&#8221; custom_margin=&#8221;|||8px|false|false&#8221; custom_padding=&#8221;8px||16px|4px|false|false&#8221; border_width_all=&#8221;0px&#8221; global_colors_info=&#8221;{}&#8221;]<\/p>\n<p><span data-sheets-root=\"1\" data-sheets-value=\"{&quot;1&quot;:2,&quot;2&quot;:&quot;Encontro Interseccional de Mulheres &quot;}\" data-sheets-userformat=\"{&quot;2&quot;:513,&quot;3&quot;:{&quot;1&quot;:0},&quot;12&quot;:0}\">Sess\u00e3o interativa com apresenta\u00e7\u00f5es de cada oradora (3) e per\u00edodo para interven\u00e7\u00e3o da audi\u00eancia, com vista a promover a partilha e a reflex\u00e3o sobre Democracia e Igualdade de G\u00e9nero (ODS 5) no contexto dos 50 anos do 25 de Abril<\/span>.<br \/>Dura\u00e7\u00e3o: 120 minutos &#8211; 3 oradoras convidadas: An\u00e1lia Torres, Mariana Lopes da Fonseca e Teresa Alvarez<\/p>\n<p><strong>Local:<\/strong> <span data-sheets-root=\"1\" data-sheets-value=\"{&quot;1&quot;:2,&quot;2&quot;:&quot;F\u00e1brica do Bra\u00e7o de Prata - Lisboa &quot;}\" data-sheets-userformat=\"{&quot;2&quot;:513,&quot;3&quot;:{&quot;1&quot;:0},&quot;12&quot;:0}\">Online<\/span><\/p>\n<p><strong>Dia:<\/strong> 8 de mar\u00e7o | <strong>Hora:<\/strong> 10h00 \u00e0s 12h00<\/p>\n<p>[\/et_pb_toggle][\/et_pb_column][et_pb_column type=&#8221;1_4&#8243; _builder_version=&#8221;4.13.0&#8243; _module_preset=&#8221;default&#8221; background_color=&#8221;#FFFFFF&#8221; border_radii=&#8221;on|12px|12px|12px|12px&#8221; global_colors_info=&#8221;{}&#8221;][et_pb_text _builder_version=&#8221;4.13.0&#8243; _module_preset=&#8221;default&#8221; text_font=&#8221;Montserrat||||||||&#8221; text_font_size=&#8221;12px&#8221; text_line_height=&#8221;1.2em&#8221; custom_margin=&#8221;16px|12px|8px|12px|false|false&#8221; global_colors_info=&#8221;{}&#8221;]<\/p>\n<p><span style=\"font-size: medium; color: #c18934;\"><strong>Lisboa<\/strong><\/span><\/p>\n<p><strong>Entidade promotora:<\/strong><br \/><span data-sheets-root=\"1\" data-sheets-value=\"{&quot;1&quot;:2,&quot;2&quot;:&quot;Adelia Pauferro e Associa\u00e7\u00e3o de Mulheres P de Pot\u00eancia &quot;}\" data-sheets-userformat=\"{&quot;2&quot;:513,&quot;3&quot;:{&quot;1&quot;:0},&quot;12&quot;:0}\">Comiss\u00e3o para a Igualdade no Trabalho e no Emprego<br \/><\/span><\/p>\n<p><strong>Iniciativa | Atividade:<\/strong><br \/>C<span data-sheets-root=\"1\" data-sheets-value=\"{&quot;1&quot;:2,&quot;2&quot;:&quot;Dia M de Pot\u00eancia &quot;}\" data-sheets-userformat=\"{&quot;2&quot;:513,&quot;3&quot;:{&quot;1&quot;:0},&quot;12&quot;:0}\">onfer\u00eancia \u201cAS MULHERES E O TRABALHO | 50 ANOS DE LIBERDADE E DE LUTA PELA IGUALDADE\u201d<br \/><\/span><\/p>\n<p>[\/et_pb_text][et_pb_toggle title=&#8221;Informa\u00e7\u00f5es&#8221; closed_toggle_text_color=&#8221;#759fdb&#8221; icon_color=&#8221;#e22685&#8243; toggle_icon=&#8221;&#xe03a;||divi||400&#8243; use_icon_font_size=&#8221;on&#8221; icon_font_size=&#8221;23px&#8221; _builder_version=&#8221;4.13.0&#8243; _module_preset=&#8221;default&#8221; title_font=&#8221;Montserrat|700|||||||&#8221; title_font_size=&#8221;13px&#8221; body_font=&#8221;Montserrat||||||||&#8221; body_font_size=&#8221;11px&#8221; body_line_height=&#8221;1.2em&#8221; background_color=&#8221;rgba(255,255,255,0)&#8221; custom_margin=&#8221;|||8px|false|false&#8221; custom_padding=&#8221;8px||16px|4px|false|false&#8221; border_width_all=&#8221;0px&#8221; global_colors_info=&#8221;{}&#8221;]<\/p>\n<p>A Confer\u00eancia ir\u00e1 decorrer no audit\u00f3rio CGD do ISEG (Instituto Superior de Economia e Gest\u00e3o da Universidade de Lisboa), no \u00e2mbito das Comemora\u00e7\u00f5es do Dia Internacional das Mulheres e dos 50 anos do 25 de Abril pelo Minist\u00e9rio do Trabalho, Solidariedade e Seguran\u00e7a Social.<\/p>\n<p><strong>Local:<\/strong> <span data-sheets-root=\"1\" data-sheets-value=\"{&quot;1&quot;:2,&quot;2&quot;:&quot;F\u00e1brica do Bra\u00e7o de Prata - Lisboa &quot;}\" data-sheets-userformat=\"{&quot;2&quot;:513,&quot;3&quot;:{&quot;1&quot;:0},&quot;12&quot;:0}\">Online<\/span><\/p>\n<p><strong>Dia:<\/strong> 8 de mar\u00e7o | <strong>Hora:<\/strong> 09h30 \u00e0s 16h30<\/p>\n<p><img loading=\"lazy\" class=\"wp-image-4498 alignnone size-medium\" src=\"https:\/\/www.cig.gov.pt\/iniciativas-nacionais\/wp-content\/uploads\/2024\/02\/cite-300x110.jpg\" alt=\"\" width=\"300\" height=\"110\" srcset=\"https:\/\/www.cig.gov.pt\/iniciativas-nacionais\/wp-content\/uploads\/2024\/02\/cite-300x110.jpg 300w, https:\/\/www.cig.gov.pt\/iniciativas-nacionais\/wp-content\/uploads\/2024\/02\/cite.jpg 313w\" sizes=\"(max-width: 300px) 100vw, 300px\" \/><\/p>\n<p>[\/et_pb_toggle][\/et_pb_column][et_pb_column type=&#8221;1_4&#8243; _builder_version=&#8221;4.13.0&#8243; _module_preset=&#8221;default&#8221; background_color=&#8221;#FFFFFF&#8221; border_radii=&#8221;on|12px|12px|12px|12px&#8221; global_colors_info=&#8221;{}&#8221;][et_pb_text _builder_version=&#8221;4.13.0&#8243; _module_preset=&#8221;default&#8221; text_font=&#8221;Montserrat||||||||&#8221; text_font_size=&#8221;12px&#8221; text_line_height=&#8221;1.2em&#8221; custom_margin=&#8221;16px|12px|8px|12px|false|false&#8221; global_colors_info=&#8221;{}&#8221;]<\/p>\n<p><span style=\"font-size: medium; color: #c18934;\"><strong>Lisboa<\/strong><\/span><\/p>\n<p><strong>Entidade promotora:<\/strong><br \/><span data-sheets-root=\"1\" data-sheets-value=\"{&quot;1&quot;:2,&quot;2&quot;:&quot;Adelia Pauferro e Associa\u00e7\u00e3o de Mulheres P de Pot\u00eancia &quot;}\" data-sheets-userformat=\"{&quot;2&quot;:513,&quot;3&quot;:{&quot;1&quot;:0},&quot;12&quot;:0}\">Instituto Nacional para a Reabilita\u00e7\u00e3o, IP<br \/><\/span><\/p>\n<p><strong>Iniciativa | Atividade:<\/strong><br \/><span data-sheets-root=\"1\" data-sheets-value=\"{&quot;1&quot;:2,&quot;2&quot;:&quot;Dia M de Pot\u00eancia &quot;}\" data-sheets-userformat=\"{&quot;2&quot;:513,&quot;3&quot;:{&quot;1&quot;:0},&quot;12&quot;:0}\">INR celebra Dia Internacional das Mulheres com Sess\u00e3o de Partilha<br \/><\/span><\/p>\n<p>[\/et_pb_text][et_pb_toggle title=&#8221;Informa\u00e7\u00f5es&#8221; closed_toggle_text_color=&#8221;#759fdb&#8221; icon_color=&#8221;#e22685&#8243; toggle_icon=&#8221;&#xe03a;||divi||400&#8243; use_icon_font_size=&#8221;on&#8221; icon_font_size=&#8221;23px&#8221; _builder_version=&#8221;4.13.0&#8243; _module_preset=&#8221;default&#8221; title_font=&#8221;Montserrat|700|||||||&#8221; title_font_size=&#8221;13px&#8221; body_font=&#8221;Montserrat||||||||&#8221; body_font_size=&#8221;11px&#8221; body_line_height=&#8221;1.2em&#8221; background_color=&#8221;rgba(255,255,255,0)&#8221; custom_margin=&#8221;|||8px|false|false&#8221; custom_padding=&#8221;8px||16px|4px|false|false&#8221; border_width_all=&#8221;0px&#8221; global_colors_info=&#8221;{}&#8221;]<\/p>\n<p>No \u00e2mbito das celebra\u00e7\u00f5es do Dia das Mulheres, o Instituto Nacional para a Reabilita\u00e7\u00e3o (INR) promove uma Sess\u00e3o de Partilha, com o tema \u201cDireitos Humanos das Mulheres com Defici\u00eancia \u2013 todas contam!\u201d.<\/p>\n<p>O evento ir\u00e1 decorrer dia 6 de mar\u00e7o, no audit\u00f3rio do INR, entre as 15h e as 17h e tem como objetivo a reflex\u00e3o sobre os direitos humanos das mulheres com defici\u00eancia.<\/p>\n<p>Consulte abaixo o Programa:<br \/>Abertura, Marina Van Zeller, Vice-Presidente do Conselho Diretivo do INR, IP <br \/>Mesa redonda \u201cMulheres com defici\u00eancia \u2013 um olhar necess\u00e1rio\u201d<br \/>Os tratados de Direitos Humanos das Mulheres, o 25 de Abril, a Conven\u00e7\u00e3o sobre os Direitos das Pessoas com Defici\u00eancia! E o futuro?<\/p>\n<p>Convidadas<br \/>\u2022 Sandra Ribeiro, Presidente da Comiss\u00e3o para a Cidadania e Igualdade;<br \/>\u2022 Alexandra Pimenta, antiga Presidente do Instituto Nacional para a Reabilita\u00e7\u00e3o;<br \/>\u2022 Lia Ferreira, Arquiteta especialista em acessibilidades e investigadora sobre mobilidade, inclus\u00e3o e sustentabilidade;<br \/>\u2022 Manuela Ralha, Vereadora da C\u00e2mara Municipal de Vila Franca de Xira, ativista dos Direitos Humanos das Pessoas com Defici\u00eancia;<br \/>\u2022 Sara Rocha, Vice-Presidente do European Disability Forum e do European Council of Autistic People.<\/p>\n<p>Moderadora: Helena Alexandre, Diretora da Unidade de Investiga\u00e7\u00e3o, Forma\u00e7\u00e3o e Desenvolvimento do INR, IP<\/p>\n<p>Encerramento<br \/>Ana Sofia Antunes, Secret\u00e1ria de Estado da Inclus\u00e3o (a confirmar)<\/p>\n<p>O evento vai ser transmitido em direto, pelo Youtube, atrav\u00e9s do canal do INR, dispon\u00edvel em <a href=\"https:\/\/www.youtube.com\/@InstitutoNacionalReabilitacao?sub_confirmation=1\" target=\"_blank\" rel=\"noopener\">https:\/\/www.youtube.com\/@InstitutoNacionalReabilitacao?sub_confirmation=1<\/a><\/p>\n<p>Poder\u00e1 inscrever-se no evento atrav\u00e9s do link <a href=\"https:\/\/forms.office.com\/e\/Nfw3V5H8qp\" target=\"_blank\" rel=\"noopener\">https:\/\/forms.office.com\/e\/Nfw3V5H8qp<\/a> (sujeito \u00e0 lota\u00e7\u00e3o dispon\u00edvel)<\/p>\n<p>.<\/p>\n<p><strong>Local:<\/strong> <span data-sheets-root=\"1\" data-sheets-value=\"{&quot;1&quot;:2,&quot;2&quot;:&quot;F\u00e1brica do Bra\u00e7o de Prata - Lisboa &quot;}\" data-sheets-userformat=\"{&quot;2&quot;:513,&quot;3&quot;:{&quot;1&quot;:0},&quot;12&quot;:0}\">Audit\u00f3rio INR | Av. Conde de Valbom, 63 | 1069-178 Lisboa<\/span><\/p>\n<p><strong>Dia:<\/strong> 06 de mar\u00e7o | <strong>Hora:<\/strong> 15h00<\/p>\n<p><img loading=\"lazy\" src=\"https:\/\/www.cig.gov.pt\/iniciativas-nacionais\/wp-content\/uploads\/2024\/02\/Sessao_de_partilha_final-Inr-Ip-212x300.png\" width=\"212\" height=\"300\" alt=\"\" class=\"wp-image-4652 alignnone size-medium\" \/><\/p>\n<p>[\/et_pb_toggle][\/et_pb_column][\/et_pb_row][et_pb_row column_structure=&#8221;1_4,1_4,1_4,1_4&#8243; use_custom_gutter=&#8221;on&#8221; gutter_width=&#8221;2&#8243; make_equal=&#8221;on&#8221; _builder_version=&#8221;4.13.0&#8243; _module_preset=&#8221;default&#8221; background_color=&#8221;rgba(255,255,255,0)&#8221; custom_margin=&#8221;||0px||false|false&#8221; custom_padding=&#8221;||0px||false|false&#8221; locked=&#8221;off&#8221; global_colors_info=&#8221;{}&#8221;][et_pb_column type=&#8221;1_4&#8243; _builder_version=&#8221;4.13.0&#8243; _module_preset=&#8221;default&#8221; background_color=&#8221;#FFFFFF&#8221; border_radii=&#8221;on|12px|12px|12px|12px&#8221; global_colors_info=&#8221;{}&#8221;][et_pb_text _builder_version=&#8221;4.13.0&#8243; _module_preset=&#8221;default&#8221; text_font=&#8221;Montserrat||||||||&#8221; text_font_size=&#8221;12px&#8221; text_line_height=&#8221;1.2em&#8221; custom_margin=&#8221;16px|12px|8px|12px|false|false&#8221; global_colors_info=&#8221;{}&#8221;]<\/p>\n<p><span style=\"font-size: medium; color: #c18934;\"><strong>Lisboa<\/strong><\/span><\/p>\n<p><strong>Entidade promotora:<\/strong><br \/><span data-sheets-root=\"1\" data-sheets-value=\"{&quot;1&quot;:2,&quot;2&quot;:&quot;Adelia Pauferro e Associa\u00e7\u00e3o de Mulheres P de Pot\u00eancia &quot;}\" data-sheets-userformat=\"{&quot;2&quot;:513,&quot;3&quot;:{&quot;1&quot;:0},&quot;12&quot;:0}\">Museu Nacional do Traje <\/span><\/p>\n<p><strong>Iniciativa | Atividade:<\/strong><br \/><span data-sheets-root=\"1\" data-sheets-value=\"{&quot;1&quot;:2,&quot;2&quot;:&quot;Dia M de Pot\u00eancia &quot;}\" data-sheets-userformat=\"{&quot;2&quot;:513,&quot;3&quot;:{&quot;1&quot;:0},&quot;12&quot;:0}\">Visita Guiada \u201cInvis\u00edvel e Exuberante. Viagem ao fascinante universo feminino dos s\u00e9cs. XVIII e XIX&#8221; <\/span><\/p>\n<p>[\/et_pb_text][et_pb_toggle title=&#8221;Informa\u00e7\u00f5es&#8221; closed_toggle_text_color=&#8221;#759fdb&#8221; icon_color=&#8221;#e22685&#8243; toggle_icon=&#8221;&#xe03a;||divi||400&#8243; use_icon_font_size=&#8221;on&#8221; icon_font_size=&#8221;23px&#8221; _builder_version=&#8221;4.13.0&#8243; _module_preset=&#8221;default&#8221; title_font=&#8221;Montserrat|700|||||||&#8221; title_font_size=&#8221;13px&#8221; body_font=&#8221;Montserrat||||||||&#8221; body_font_size=&#8221;11px&#8221; body_line_height=&#8221;1.2em&#8221; background_color=&#8221;rgba(255,255,255,0)&#8221; custom_margin=&#8221;|||8px|false|false&#8221; custom_padding=&#8221;8px||16px|4px|false|false&#8221; border_width_all=&#8221;0px&#8221; global_colors_info=&#8221;{}&#8221;]<\/p>\n<p><span data-sheets-root=\"1\" data-sheets-value=\"{&quot;1&quot;:2,&quot;2&quot;:&quot;Encontro Interseccional de Mulheres &quot;}\" data-sheets-userformat=\"{&quot;2&quot;:513,&quot;3&quot;:{&quot;1&quot;:0},&quot;12&quot;:0}\">No \u00e2mbito do Dia Internacional da Mulher, propomos explorar a realidade feminina nas suas diversas vertentes, nomeadamente nos s\u00e9culos XVIII e XIX, tendo como ponto de partida e chegada o traje dessas \u00e9pocas patente nas salas da exposi\u00e7\u00e3o permanente do Museu Nacional do Traje.<\/span><\/p>\n<p><strong>Local:<\/strong> <span data-sheets-root=\"1\" data-sheets-value=\"{&quot;1&quot;:2,&quot;2&quot;:&quot;F\u00e1brica do Bra\u00e7o de Prata - Lisboa &quot;}\" data-sheets-userformat=\"{&quot;2&quot;:513,&quot;3&quot;:{&quot;1&quot;:0},&quot;12&quot;:0}\">Museu Nacional do Traje<\/span><\/p>\n<p><strong>Dia:<\/strong> 08 e 09 de mar\u00e7o | <strong>Hora:<\/strong> 11h00<\/p>\n<p><img loading=\"lazy\" src=\"https:\/\/www.cig.gov.pt\/iniciativas-nacionais\/wp-content\/uploads\/2024\/02\/2024_Mar.8_9_Dia-da-Mulher-Candida-Caldeira-300x221.jpg\" width=\"300\" height=\"221\" alt=\"\" class=\"wp-image-4710 alignnone size-medium\" \/><\/p>\n<p>[\/et_pb_toggle][\/et_pb_column][et_pb_column type=&#8221;1_4&#8243; _builder_version=&#8221;4.13.0&#8243; _module_preset=&#8221;default&#8221; background_color=&#8221;#FFFFFF&#8221; border_radii=&#8221;on|12px|12px|12px|12px&#8221; global_colors_info=&#8221;{}&#8221;][et_pb_text _builder_version=&#8221;4.13.0&#8243; _module_preset=&#8221;default&#8221; text_font=&#8221;Montserrat||||||||&#8221; text_font_size=&#8221;12px&#8221; text_line_height=&#8221;1.2em&#8221; custom_margin=&#8221;16px|12px|8px|12px|false|false&#8221; global_colors_info=&#8221;{}&#8221;]<\/p>\n<p><span style=\"font-size: medium; color: #c18934;\"><strong>Lisboa<\/strong><\/span><\/p>\n<p><strong>Entidade promotora:<\/strong><br \/><span data-sheets-root=\"1\" data-sheets-value=\"{&quot;1&quot;:2,&quot;2&quot;:&quot;Adelia Pauferro e Associa\u00e7\u00e3o de Mulheres P de Pot\u00eancia &quot;}\" data-sheets-userformat=\"{&quot;2&quot;:513,&quot;3&quot;:{&quot;1&quot;:0},&quot;12&quot;:0}\">Museu Nacional do Traje<br \/><\/span><\/p>\n<p><strong>Iniciativa | Atividade:<\/strong><br \/><span data-sheets-root=\"1\" data-sheets-value=\"{&quot;1&quot;:2,&quot;2&quot;:&quot;Dia M de Pot\u00eancia &quot;}\" data-sheets-userformat=\"{&quot;2&quot;:513,&quot;3&quot;:{&quot;1&quot;:0},&quot;12&quot;:0}\">Encontro Di\u00e1logos Plurais<br \/><\/span><\/p>\n<p>[\/et_pb_text][et_pb_toggle title=&#8221;Informa\u00e7\u00f5es&#8221; closed_toggle_text_color=&#8221;#759fdb&#8221; icon_color=&#8221;#e22685&#8243; toggle_icon=&#8221;&#xe03a;||divi||400&#8243; use_icon_font_size=&#8221;on&#8221; icon_font_size=&#8221;23px&#8221; _builder_version=&#8221;4.13.0&#8243; _module_preset=&#8221;default&#8221; title_font=&#8221;Montserrat|700|||||||&#8221; title_font_size=&#8221;13px&#8221; body_font=&#8221;Montserrat||||||||&#8221; body_font_size=&#8221;11px&#8221; body_line_height=&#8221;1.2em&#8221; background_color=&#8221;rgba(255,255,255,0)&#8221; custom_margin=&#8221;|||8px|false|false&#8221; custom_padding=&#8221;8px||16px|4px|false|false&#8221; border_width_all=&#8221;0px&#8221; global_colors_info=&#8221;{}&#8221;]<\/p>\n<p><span data-sheets-root=\"1\" data-sheets-value=\"{&quot;1&quot;:2,&quot;2&quot;:&quot;Encontro Interseccional de Mulheres &quot;}\" data-sheets-userformat=\"{&quot;2&quot;:513,&quot;3&quot;:{&quot;1&quot;:0},&quot;12&quot;:0}\">\u00c9 um lugar-comum destacar-se a import\u00e2ncia feminina na Moda. As cole\u00e7\u00f5es do Museu Nacional do Traje assim o espelham.Mas, hoje, a hist\u00f3ria da moda e a pr\u00f3pria moda interpelam-se sobre os di\u00e1logos estabelecidos entre g\u00e9neros, mediante representa\u00e7\u00f5es cada vez mais plurais ou indefinidas. <\/span><\/p>\n<p><span data-sheets-root=\"1\" data-sheets-value=\"{&quot;1&quot;:2,&quot;2&quot;:&quot;Encontro Interseccional de Mulheres &quot;}\" data-sheets-userformat=\"{&quot;2&quot;:513,&quot;3&quot;:{&quot;1&quot;:0},&quot;12&quot;:0}\">No \u00e2mbito da programa\u00e7\u00e3o que assinalar\u00e1 o Dia Internacional das Mulheres, o Museu Nacional do Traje organiza o Encontro &#8220;Di\u00e1logos Plurais&#8221;, a ter lugar na tarde de 9 de mar\u00e7o, s\u00e1bado. <\/span><\/p>\n<p><span data-sheets-root=\"1\" data-sheets-value=\"{&quot;1&quot;:2,&quot;2&quot;:&quot;Encontro Interseccional de Mulheres &quot;}\" data-sheets-userformat=\"{&quot;2&quot;:513,&quot;3&quot;:{&quot;1&quot;:0},&quot;12&quot;:0}\">Pretendemos promover o encontro e o cruzamento entre caminhos diversos da afirma\u00e7\u00e3o feminina, seja o da excentricidade protagonizada por uma elite intelectual e mundana, seja o do compromisso com a den\u00fancia de um trabalho subalterno e socialmente diferenciado. <\/span><\/p>\n<p><span data-sheets-root=\"1\" data-sheets-value=\"{&quot;1&quot;:2,&quot;2&quot;:&quot;Encontro Interseccional de Mulheres &quot;}\" data-sheets-userformat=\"{&quot;2&quot;:513,&quot;3&quot;:{&quot;1&quot;:0},&quot;12&quot;:0}\">Este \u00e9 um encontro a v\u00e1rias vozes, que continua a ser necess\u00e1rio, nomeadamente quando se celebram os 50 Anos do 25 de Abril e os valores da liberdade e da igualdade de oportunidades que a democracia nos proporcionou. <\/span><\/p>\n<p><span data-sheets-root=\"1\" data-sheets-value=\"{&quot;1&quot;:2,&quot;2&quot;:&quot;Encontro Interseccional de Mulheres &quot;}\" data-sheets-userformat=\"{&quot;2&quot;:513,&quot;3&quot;:{&quot;1&quot;:0},&quot;12&quot;:0}\">Tr\u00eas escritoras portuguesas de meados do s\u00e9culo XX s\u00e3o o mote para o debate: Virg\u00ednia Vitorino (1895-1967), que d\u00e1 o seu nome a uma rua do Lumiar; Veva de Lima (Genoveva de Lima Mayer Ulrich, 1886-1963), de quem este Museu possui pe\u00e7as de vestu\u00e1rio; e Maria Lamas (1893-1983), que exp\u00f4s ao Pa\u00eds as &#8220;suas mulheres&#8221;, na incontorn\u00e1vel obra publicada em 1948. <\/span><\/p>\n<p><span data-sheets-root=\"1\" data-sheets-value=\"{&quot;1&quot;:2,&quot;2&quot;:&quot;Encontro Interseccional de Mulheres &quot;}\" data-sheets-userformat=\"{&quot;2&quot;:513,&quot;3&quot;:{&quot;1&quot;:0},&quot;12&quot;:0}\">\u00c0 conversa estar\u00e3o Jorge Pereira Sampaio (membro da ADEPA &#8211; Associa\u00e7\u00e3o de Defesa e Valoriza\u00e7\u00e3o do Patrim\u00f3nio Cultural da Regi\u00e3o de Alcoba\u00e7a e investigador sobre a vida e obra de Virg\u00ednia Vitorino); M\u00e1rio Nascimento (cujo mestrado discorreu sobre Veva de Lima) e Margarida Moleiro (historiadora do Munic\u00edpio de Torres Novas, de onde era natural Maria Lamas). Junte-se a n\u00f3s nestes Di\u00e1logos Plurais! Apoio: ADEPA &#8211; Associa\u00e7\u00e3o de Defesa e Valoriza\u00e7\u00e3o do Patrim\u00f3nio Cultural da Regi\u00e3o de Alcoba\u00e7a e C\u00e2mara Municipal de Torres Novas. <\/span><\/p>\n<p><span data-sheets-root=\"1\" data-sheets-value=\"{&quot;1&quot;:2,&quot;2&quot;:&quot;Encontro Interseccional de Mulheres &quot;}\" data-sheets-userformat=\"{&quot;2&quot;:513,&quot;3&quot;:{&quot;1&quot;:0},&quot;12&quot;:0}\">Atividade gratuita | Sem inscri\u00e7\u00e3o pr\u00e9via.. <\/span><\/p>\n<p><strong>Local:<\/strong> <span data-sheets-root=\"1\" data-sheets-value=\"{&quot;1&quot;:2,&quot;2&quot;:&quot;F\u00e1brica do Bra\u00e7o de Prata - Lisboa &quot;}\" data-sheets-userformat=\"{&quot;2&quot;:513,&quot;3&quot;:{&quot;1&quot;:0},&quot;12&quot;:0}\">Museu Nacional do Traje<\/span><\/p>\n<p><strong>Dia:<\/strong> 09 de mar\u00e7o | <strong>Hora:<\/strong> 15h30<\/p>\n<p>[\/et_pb_toggle][\/et_pb_column][et_pb_column type=&#8221;1_4&#8243; _builder_version=&#8221;4.13.0&#8243; _module_preset=&#8221;default&#8221; background_color=&#8221;#FFFFFF&#8221; border_radii=&#8221;on|12px|12px|12px|12px&#8221; global_colors_info=&#8221;{}&#8221;][et_pb_text _builder_version=&#8221;4.13.0&#8243; _module_preset=&#8221;default&#8221; text_font=&#8221;Montserrat||||||||&#8221; text_font_size=&#8221;12px&#8221; text_line_height=&#8221;1.2em&#8221; custom_margin=&#8221;16px|12px|8px|12px|false|false&#8221; global_colors_info=&#8221;{}&#8221;]<\/p>\n<p><span style=\"font-size: medium; color: #c18934;\"><strong>Amadora<\/strong><\/span><\/p>\n<p><strong>Entidade promotora:<\/strong><br \/><span data-sheets-root=\"1\" data-sheets-value=\"{&quot;1&quot;:2,&quot;2&quot;:&quot;Adelia Pauferro e Associa\u00e7\u00e3o de Mulheres P de Pot\u00eancia &quot;}\" data-sheets-userformat=\"{&quot;2&quot;:513,&quot;3&quot;:{&quot;1&quot;:0},&quot;12&quot;:0}\">C\u00e2mara Municipal Amadora<br \/><\/span><\/p>\n<p><strong>Iniciativa | Atividade:<\/strong><br \/><span data-sheets-root=\"1\" data-sheets-value=\"{&quot;1&quot;:2,&quot;2&quot;:&quot;Dia M de Pot\u00eancia &quot;}\" data-sheets-userformat=\"{&quot;2&quot;:513,&quot;3&quot;:{&quot;1&quot;:0},&quot;12&quot;:0}\">1.\u00ba Cine Amadora &#8211; \u00abCinema e Revolu\u00e7\u00e3o \u2013 Uma Ideia na Cabe\u00e7a e Uma C\u00e2mara na M\u00e3o\u00bb<br \/><\/span><\/p>\n<p>[\/et_pb_text][et_pb_toggle title=&#8221;Informa\u00e7\u00f5es&#8221; closed_toggle_text_color=&#8221;#759fdb&#8221; icon_color=&#8221;#e22685&#8243; toggle_icon=&#8221;&#xe03a;||divi||400&#8243; use_icon_font_size=&#8221;on&#8221; icon_font_size=&#8221;23px&#8221; _builder_version=&#8221;4.13.0&#8243; _module_preset=&#8221;default&#8221; title_font=&#8221;Montserrat|700|||||||&#8221; title_font_size=&#8221;13px&#8221; body_font=&#8221;Montserrat||||||||&#8221; body_font_size=&#8221;11px&#8221; body_line_height=&#8221;1.2em&#8221; background_color=&#8221;rgba(255,255,255,0)&#8221; custom_margin=&#8221;|||8px|false|false&#8221; custom_padding=&#8221;8px||16px|4px|false|false&#8221; border_width_all=&#8221;0px&#8221; global_colors_info=&#8221;{}&#8221;]<\/p>\n<p><span data-sheets-root=\"1\" data-sheets-value=\"{&quot;1&quot;:2,&quot;2&quot;:&quot;Encontro Interseccional de Mulheres &quot;}\" data-sheets-userformat=\"{&quot;2&quot;:513,&quot;3&quot;:{&quot;1&quot;:0},&quot;12&quot;:0}\">No ano de 2024, a C\u00e2mara Municipal da Amadora celebra os 50 anos do 25 de abril de 1974, uma Revolu\u00e7\u00e3o que abriu portas \u00e0 conquista de um lugar digno, por parte das mulheres, onde estas alcan\u00e7aram novos direitos, alterando o seu estatuto na vida familiar, profissional e na sociedade portuguesa. <\/span><\/p>\n<p><span data-sheets-root=\"1\" data-sheets-value=\"{&quot;1&quot;:2,&quot;2&quot;:&quot;Encontro Interseccional de Mulheres &quot;}\" data-sheets-userformat=\"{&quot;2&quot;:513,&quot;3&quot;:{&quot;1&quot;:0},&quot;12&quot;:0}\">O Dia Internacional da Mulher, 08 de mar\u00e7o, \u00e9 agora comemorado em liberdade, dando for\u00e7a \u00e0 luta pelos seus direitos e por uma sociedade que se quer mais igualit\u00e1ria. <\/span><\/p>\n<p><span data-sheets-root=\"1\" data-sheets-value=\"{&quot;1&quot;:2,&quot;2&quot;:&quot;Encontro Interseccional de Mulheres &quot;}\" data-sheets-userformat=\"{&quot;2&quot;:513,&quot;3&quot;:{&quot;1&quot;:0},&quot;12&quot;:0}\">A Mostra Internacional \u201cCine Amadora\u201d prop\u00f5e uma sele\u00e7\u00e3o de longas e curtas-metragens, document\u00e1rios, contando tamb\u00e9m com uma agenda espec\u00edfica, dedicada ao cinema no feminino. O programa conta ainda com um conjunto de atividades paralelas, como workshops, debates, homenagens e apresenta\u00e7\u00f5es v\u00eddeo-musicais. <\/span>.<\/p>\n<p><strong>Local:<\/strong> <span data-sheets-root=\"1\" data-sheets-value=\"{&quot;1&quot;:2,&quot;2&quot;:&quot;F\u00e1brica do Bra\u00e7o de Prata - Lisboa &quot;}\" data-sheets-userformat=\"{&quot;2&quot;:513,&quot;3&quot;:{&quot;1&quot;:0},&quot;12&quot;:0}\">Recreios da Amadora <\/span><\/p>\n<p><strong>Dia:<\/strong> 06 a 08 de mar\u00e7o | <strong>Hora:<\/strong> 15h00<\/p>\n<p><img loading=\"lazy\" src=\"https:\/\/www.cig.gov.pt\/iniciativas-nacionais\/wp-content\/uploads\/2024\/03\/29e96fd3a5cac1e566c02e57b2ec717f-Catarina-Jesus-300x188.jpg\" width=\"300\" height=\"188\" alt=\"\" class=\"wp-image-4817 alignnone size-medium\" \/><\/p>\n<p>[\/et_pb_toggle][\/et_pb_column][et_pb_column type=&#8221;1_4&#8243; _builder_version=&#8221;4.13.0&#8243; _module_preset=&#8221;default&#8221; background_color=&#8221;#FFFFFF&#8221; border_radii=&#8221;on|12px|12px|12px|12px&#8221; global_colors_info=&#8221;{}&#8221;][et_pb_text _builder_version=&#8221;4.13.0&#8243; _module_preset=&#8221;default&#8221; text_font=&#8221;Montserrat||||||||&#8221; text_font_size=&#8221;12px&#8221; text_line_height=&#8221;1.2em&#8221; custom_margin=&#8221;16px|12px|8px|12px|false|false&#8221; global_colors_info=&#8221;{}&#8221;]<\/p>\n<p><span style=\"font-size: medium; color: #c18934;\"><strong>Amadora<\/strong><\/span><\/p>\n<p><strong>Entidade promotora:<\/strong><br \/><span data-sheets-root=\"1\" data-sheets-value=\"{&quot;1&quot;:2,&quot;2&quot;:&quot;Adelia Pauferro e Associa\u00e7\u00e3o de Mulheres P de Pot\u00eancia &quot;}\" data-sheets-userformat=\"{&quot;2&quot;:513,&quot;3&quot;:{&quot;1&quot;:0},&quot;12&quot;:0}\">C\u00e2mara Municipal Amadora<br \/><\/span><\/p>\n<p><strong>Iniciativa | Atividade:<\/strong><br \/><span data-sheets-root=\"1\" data-sheets-value=\"{&quot;1&quot;:2,&quot;2&quot;:&quot;Dia M de Pot\u00eancia &quot;}\" data-sheets-userformat=\"{&quot;2&quot;:513,&quot;3&quot;:{&quot;1&quot;:0},&quot;12&quot;:0}\">Exposi\u00e7\u00e3o tempor\u00e1ria \u00abAs mulheres da minha vida. Alfredo Roque Gameiro no Feminino.&#8221;: Hebe Gomes, uma desconhecida\u00bb<br \/><\/span><\/p>\n<p>[\/et_pb_text][et_pb_toggle title=&#8221;Informa\u00e7\u00f5es&#8221; closed_toggle_text_color=&#8221;#759fdb&#8221; icon_color=&#8221;#e22685&#8243; toggle_icon=&#8221;&#xe03a;||divi||400&#8243; use_icon_font_size=&#8221;on&#8221; icon_font_size=&#8221;23px&#8221; _builder_version=&#8221;4.13.0&#8243; _module_preset=&#8221;default&#8221; title_font=&#8221;Montserrat|700|||||||&#8221; title_font_size=&#8221;13px&#8221; body_font=&#8221;Montserrat||||||||&#8221; body_font_size=&#8221;11px&#8221; body_line_height=&#8221;1.2em&#8221; background_color=&#8221;rgba(255,255,255,0)&#8221; custom_margin=&#8221;|||8px|false|false&#8221; custom_padding=&#8221;8px||16px|4px|false|false&#8221; border_width_all=&#8221;0px&#8221; global_colors_info=&#8221;{}&#8221;]<\/p>\n<p><span data-sheets-root=\"1\" data-sheets-value=\"{&quot;1&quot;:2,&quot;2&quot;:&quot;Encontro Interseccional de Mulheres &quot;}\" data-sheets-userformat=\"{&quot;2&quot;:513,&quot;3&quot;:{&quot;1&quot;:0},&quot;12&quot;:0}\">A Casa Roque Gameiro disponibiliza uma visita orientada \u00e0 exposi\u00e7\u00e3o tempor\u00e1ria \u00abAs mulheres da minha vida. Alfredo Roque Gameiro no Feminino.&#8221;: Hebe Gomes, uma desconhecida\u00bb, no pr\u00f3ximo dia 09 de mar\u00e7o, que decorre entre as 15h00 e as 17h00. Nesta exposi\u00e7\u00e3o pode-se descobrir mais sobre uma das mulheres da fam\u00edlia Roque Gameiro, Hebe Gomes. A sobrinha de Maria da Assun\u00e7\u00e3o, \u00f3rf\u00e3 desde muito cedo, teve em Alfredo Roque Gameiro, o tutor at\u00e9 se casar, recebendo os mesmos valores e educa\u00e7\u00e3o que os filhos do artista, tornando-se uma pintora ex\u00edmia. <\/span><\/p>\n<p><span data-sheets-root=\"1\" data-sheets-value=\"{&quot;1&quot;:2,&quot;2&quot;:&quot;Encontro Interseccional de Mulheres &quot;}\" data-sheets-userformat=\"{&quot;2&quot;:513,&quot;3&quot;:{&quot;1&quot;:0},&quot;12&quot;:0}\">Esta iniciativa requer inscri\u00e7\u00e3o pr\u00e9via para: museu@cm-amadora.pt \/ 214 369 090.<\/span><\/p>\n<p><strong>Local:<\/strong> <span data-sheets-root=\"1\" data-sheets-value=\"{&quot;1&quot;:2,&quot;2&quot;:&quot;Encontro Interseccional de Mulheres &quot;}\" data-sheets-userformat=\"{&quot;2&quot;:513,&quot;3&quot;:{&quot;1&quot;:0},&quot;12&quot;:0}\">Casa Roque Gameiro<\/span><\/p>\n<p><strong>Dia:<\/strong> 09 de mar\u00e7o | <strong>Hora:<\/strong> 15h00<\/p>\n<p>&nbsp;<\/p>\n<p>[\/et_pb_toggle][\/et_pb_column][\/et_pb_row][et_pb_row column_structure=&#8221;1_4,1_4,1_4,1_4&#8243; use_custom_gutter=&#8221;on&#8221; gutter_width=&#8221;2&#8243; make_equal=&#8221;on&#8221; _builder_version=&#8221;4.13.0&#8243; _module_preset=&#8221;default&#8221; background_color=&#8221;rgba(255,255,255,0)&#8221; custom_margin=&#8221;||0px||false|false&#8221; custom_padding=&#8221;||0px||false|false&#8221; locked=&#8221;off&#8221; global_colors_info=&#8221;{}&#8221;][et_pb_column type=&#8221;1_4&#8243; _builder_version=&#8221;4.13.0&#8243; _module_preset=&#8221;default&#8221; background_color=&#8221;#FFFFFF&#8221; border_radii=&#8221;on|12px|12px|12px|12px&#8221; global_colors_info=&#8221;{}&#8221;][et_pb_text _builder_version=&#8221;4.13.0&#8243; _module_preset=&#8221;default&#8221; text_font=&#8221;Montserrat||||||||&#8221; text_font_size=&#8221;12px&#8221; text_line_height=&#8221;1.2em&#8221; custom_margin=&#8221;16px|12px|8px|12px|false|false&#8221; global_colors_info=&#8221;{}&#8221;]<\/p>\n<p><span style=\"font-size: medium; color: #c18934;\"><strong><span data-sheets-root=\"1\" data-sheets-value=\"{&quot;1&quot;:2,&quot;2&quot;:&quot;Adelia Pauferro e Associa\u00e7\u00e3o de Mulheres P de Pot\u00eancia &quot;}\" data-sheets-userformat=\"{&quot;2&quot;:513,&quot;3&quot;:{&quot;1&quot;:0},&quot;12&quot;:0}\">Azambuja<\/span><\/strong><\/span><\/p>\n<p><strong>Entidade promotora:<\/strong><br \/><span data-sheets-root=\"1\" data-sheets-value=\"{&quot;1&quot;:2,&quot;2&quot;:&quot;Adelia Pauferro e Associa\u00e7\u00e3o de Mulheres P de Pot\u00eancia &quot;}\" data-sheets-userformat=\"{&quot;2&quot;:513,&quot;3&quot;:{&quot;1&quot;:0},&quot;12&quot;:0}\">Munic\u00edpio Azambuja<\/span><\/p>\n<p><strong>Iniciativa | Atividade:<\/strong><br \/><span data-sheets-root=\"1\" data-sheets-value=\"{&quot;1&quot;:2,&quot;2&quot;:&quot;Dia M de Pot\u00eancia &quot;}\" data-sheets-userformat=\"{&quot;2&quot;:513,&quot;3&quot;:{&quot;1&quot;:0},&quot;12&quot;:0}\">Vamos falar sobre viol\u00eancia de g\u00e9nero?!<\/span><\/p>\n<p>[\/et_pb_text][et_pb_toggle title=&#8221;Informa\u00e7\u00f5es&#8221; closed_toggle_text_color=&#8221;#759fdb&#8221; icon_color=&#8221;#e22685&#8243; toggle_icon=&#8221;&#xe03a;||divi||400&#8243; use_icon_font_size=&#8221;on&#8221; icon_font_size=&#8221;23px&#8221; _builder_version=&#8221;4.13.0&#8243; _module_preset=&#8221;default&#8221; title_font=&#8221;Montserrat|700|||||||&#8221; title_font_size=&#8221;13px&#8221; body_font=&#8221;Montserrat||||||||&#8221; body_font_size=&#8221;11px&#8221; body_line_height=&#8221;1.2em&#8221; background_color=&#8221;rgba(255,255,255,0)&#8221; custom_margin=&#8221;|||8px|false|false&#8221; custom_padding=&#8221;8px||16px|4px|false|false&#8221; border_width_all=&#8221;0px&#8221; global_colors_info=&#8221;{}&#8221;]<\/p>\n<p><span data-sheets-root=\"1\" data-sheets-value=\"{&quot;1&quot;:2,&quot;2&quot;:&quot;Encontro Interseccional de Mulheres &quot;}\" data-sheets-userformat=\"{&quot;2&quot;:513,&quot;3&quot;:{&quot;1&quot;:0},&quot;12&quot;:0}\">De modo a assinalar o Dia da Mulher a sugest\u00e3o ser\u00e1 fazer uma live com a colabora\u00e7\u00e3o da APAV (Associa\u00e7\u00e3o Portuguesa de Apoio \u00e0 V\u00edtima) durante a qual ser\u00e1 abordado o tema da viol\u00eancia de g\u00e9nero entendida como a viol\u00eancia exercida de um sexo sobre o sexo oposto. Sendo um tipo de viol\u00eancia maioritariamente dirigido \u00e0s mulheres, de acordo com a Conven\u00e7\u00e3o de Istambul esta constitui uma grave viola\u00e7\u00e3o dos direitos humanos. Pretende-se com esta iniciativa abordar quest\u00f5es como as formas de viol\u00eancia \u2013 com especial enfoque na viol\u00eancia dom\u00e9stica, impacto nas v\u00edtimas e apoios dispon\u00edveis.<\/span><\/p>\n<p><strong>Local:<\/strong> <span data-sheets-root=\"1\" data-sheets-value=\"{&quot;1&quot;:2,&quot;2&quot;:&quot;F\u00e1brica do Bra\u00e7o de Prata - Lisboa &quot;}\" data-sheets-userformat=\"{&quot;2&quot;:513,&quot;3&quot;:{&quot;1&quot;:0},&quot;12&quot;:0}\">On-line<\/span><\/p>\n<p><strong>Dia:<\/strong> 08 de mar\u00e7o | <strong>Hora:<\/strong> 20h00<\/p>\n<p>[\/et_pb_toggle][\/et_pb_column][et_pb_column type=&#8221;1_4&#8243; _builder_version=&#8221;4.13.0&#8243; _module_preset=&#8221;default&#8221; background_color=&#8221;#FFFFFF&#8221; border_radii=&#8221;on|12px|12px|12px|12px&#8221; global_colors_info=&#8221;{}&#8221;][et_pb_text _builder_version=&#8221;4.13.0&#8243; _module_preset=&#8221;default&#8221; text_font=&#8221;Montserrat||||||||&#8221; text_font_size=&#8221;12px&#8221; text_line_height=&#8221;1.2em&#8221; custom_margin=&#8221;16px|12px|8px|12px|false|false&#8221; global_colors_info=&#8221;{}&#8221;]<\/p>\n<p><span style=\"font-size: medium; color: #c18934;\"><strong>Lisboa<\/strong><\/span><\/p>\n<p><strong>Entidade promotora:<\/strong><br \/><span data-sheets-root=\"1\" data-sheets-value=\"{&quot;1&quot;:2,&quot;2&quot;:&quot;Adelia Pauferro e Associa\u00e7\u00e3o de Mulheres P de Pot\u00eancia &quot;}\" data-sheets-userformat=\"{&quot;2&quot;:513,&quot;3&quot;:{&quot;1&quot;:0},&quot;12&quot;:0}\">Museu Nacional do Traje<br \/><\/span><\/p>\n<p><strong>Iniciativa | Atividade:<\/strong><br \/><span data-sheets-root=\"1\" data-sheets-value=\"{&quot;1&quot;:2,&quot;2&quot;:&quot;Dia M de Pot\u00eancia &quot;}\" data-sheets-userformat=\"{&quot;2&quot;:513,&quot;3&quot;:{&quot;1&quot;:0},&quot;12&quot;:0}\">Encontro Di\u00e1logos Plurais<br \/><\/span><\/p>\n<p>[\/et_pb_text][et_pb_toggle title=&#8221;Informa\u00e7\u00f5es&#8221; closed_toggle_text_color=&#8221;#759fdb&#8221; icon_color=&#8221;#e22685&#8243; toggle_icon=&#8221;&#xe03a;||divi||400&#8243; use_icon_font_size=&#8221;on&#8221; icon_font_size=&#8221;23px&#8221; _builder_version=&#8221;4.13.0&#8243; _module_preset=&#8221;default&#8221; title_font=&#8221;Montserrat|700|||||||&#8221; title_font_size=&#8221;13px&#8221; body_font=&#8221;Montserrat||||||||&#8221; body_font_size=&#8221;11px&#8221; body_line_height=&#8221;1.2em&#8221; background_color=&#8221;rgba(255,255,255,0)&#8221; custom_margin=&#8221;|||8px|false|false&#8221; custom_padding=&#8221;8px||16px|4px|false|false&#8221; border_width_all=&#8221;0px&#8221; global_colors_info=&#8221;{}&#8221;]<\/p>\n<p><span data-sheets-root=\"1\" data-sheets-value=\"{&quot;1&quot;:2,&quot;2&quot;:&quot;Encontro Interseccional de Mulheres &quot;}\" data-sheets-userformat=\"{&quot;2&quot;:513,&quot;3&quot;:{&quot;1&quot;:0},&quot;12&quot;:0}\">\u00c9 um lugar-comum destacar-se a import\u00e2ncia feminina na Moda. As cole\u00e7\u00f5es do Museu Nacional do Traje assim o espelham.Mas, hoje, a hist\u00f3ria da moda e a pr\u00f3pria moda interpelam-se sobre os di\u00e1logos estabelecidos entre g\u00e9neros, mediante representa\u00e7\u00f5es cada vez mais plurais ou indefinidas. <\/span><\/p>\n<p><span data-sheets-root=\"1\" data-sheets-value=\"{&quot;1&quot;:2,&quot;2&quot;:&quot;Encontro Interseccional de Mulheres &quot;}\" data-sheets-userformat=\"{&quot;2&quot;:513,&quot;3&quot;:{&quot;1&quot;:0},&quot;12&quot;:0}\">No \u00e2mbito da programa\u00e7\u00e3o que assinalar\u00e1 o Dia Internacional das Mulheres, o Museu Nacional do Traje organiza o Encontro &#8220;Di\u00e1logos Plurais&#8221;, a ter lugar na tarde de 9 de mar\u00e7o, s\u00e1bado. <\/span><\/p>\n<p><span data-sheets-root=\"1\" data-sheets-value=\"{&quot;1&quot;:2,&quot;2&quot;:&quot;Encontro Interseccional de Mulheres &quot;}\" data-sheets-userformat=\"{&quot;2&quot;:513,&quot;3&quot;:{&quot;1&quot;:0},&quot;12&quot;:0}\">Pretendemos promover o encontro e o cruzamento entre caminhos diversos da afirma\u00e7\u00e3o feminina, seja o da excentricidade protagonizada por uma elite intelectual e mundana, seja o do compromisso com a den\u00fancia de um trabalho subalterno e socialmente diferenciado. <\/span><\/p>\n<p><span data-sheets-root=\"1\" data-sheets-value=\"{&quot;1&quot;:2,&quot;2&quot;:&quot;Encontro Interseccional de Mulheres &quot;}\" data-sheets-userformat=\"{&quot;2&quot;:513,&quot;3&quot;:{&quot;1&quot;:0},&quot;12&quot;:0}\">Este \u00e9 um encontro a v\u00e1rias vozes, que continua a ser necess\u00e1rio, nomeadamente quando se celebram os 50 Anos do 25 de Abril e os valores da liberdade e da igualdade de oportunidades que a democracia nos proporcionou. <\/span><\/p>\n<p><span data-sheets-root=\"1\" data-sheets-value=\"{&quot;1&quot;:2,&quot;2&quot;:&quot;Encontro Interseccional de Mulheres &quot;}\" data-sheets-userformat=\"{&quot;2&quot;:513,&quot;3&quot;:{&quot;1&quot;:0},&quot;12&quot;:0}\">Tr\u00eas escritoras portuguesas de meados do s\u00e9culo XX s\u00e3o o mote para o debate: Virg\u00ednia Vitorino (1895-1967), que d\u00e1 o seu nome a uma rua do Lumiar; Veva de Lima (Genoveva de Lima Mayer Ulrich, 1886-1963), de quem este Museu possui pe\u00e7as de vestu\u00e1rio; e Maria Lamas (1893-1983), que exp\u00f4s ao Pa\u00eds as &#8220;suas mulheres&#8221;, na incontorn\u00e1vel obra publicada em 1948. <\/span><\/p>\n<p><span data-sheets-root=\"1\" data-sheets-value=\"{&quot;1&quot;:2,&quot;2&quot;:&quot;Encontro Interseccional de Mulheres &quot;}\" data-sheets-userformat=\"{&quot;2&quot;:513,&quot;3&quot;:{&quot;1&quot;:0},&quot;12&quot;:0}\">\u00c0 conversa estar\u00e3o Jorge Pereira Sampaio (membro da ADEPA &#8211; Associa\u00e7\u00e3o de Defesa e Valoriza\u00e7\u00e3o do Patrim\u00f3nio Cultural da Regi\u00e3o de Alcoba\u00e7a e investigador sobre a vida e obra de Virg\u00ednia Vitorino); M\u00e1rio Nascimento (cujo mestrado discorreu sobre Veva de Lima) e Margarida Moleiro (historiadora do Munic\u00edpio de Torres Novas, de onde era natural Maria Lamas). Junte-se a n\u00f3s nestes Di\u00e1logos Plurais! Apoio: ADEPA &#8211; Associa\u00e7\u00e3o de Defesa e Valoriza\u00e7\u00e3o do Patrim\u00f3nio Cultural da Regi\u00e3o de Alcoba\u00e7a e C\u00e2mara Municipal de Torres Novas. <\/span><\/p>\n<p><span data-sheets-root=\"1\" data-sheets-value=\"{&quot;1&quot;:2,&quot;2&quot;:&quot;Encontro Interseccional de Mulheres &quot;}\" data-sheets-userformat=\"{&quot;2&quot;:513,&quot;3&quot;:{&quot;1&quot;:0},&quot;12&quot;:0}\">Atividade gratuita | Sem inscri\u00e7\u00e3o pr\u00e9via.. <\/span><\/p>\n<p><strong>Local:<\/strong> <span data-sheets-root=\"1\" data-sheets-value=\"{&quot;1&quot;:2,&quot;2&quot;:&quot;F\u00e1brica do Bra\u00e7o de Prata - Lisboa &quot;}\" data-sheets-userformat=\"{&quot;2&quot;:513,&quot;3&quot;:{&quot;1&quot;:0},&quot;12&quot;:0}\">Museu Nacional do Traje<\/span><\/p>\n<p><strong>Dia:<\/strong> 09 de mar\u00e7o | <strong>Hora:<\/strong> 15h30<\/p>\n<p>[\/et_pb_toggle][\/et_pb_column][et_pb_column type=&#8221;1_4&#8243; _builder_version=&#8221;4.13.0&#8243; _module_preset=&#8221;default&#8221; background_color=&#8221;#FFFFFF&#8221; border_radii=&#8221;on|12px|12px|12px|12px&#8221; global_colors_info=&#8221;{}&#8221;][et_pb_text _builder_version=&#8221;4.13.0&#8243; _module_preset=&#8221;default&#8221; text_font=&#8221;Montserrat||||||||&#8221; text_font_size=&#8221;12px&#8221; text_line_height=&#8221;1.2em&#8221; custom_margin=&#8221;16px|12px|8px|12px|false|false&#8221; global_colors_info=&#8221;{}&#8221;]<\/p>\n<p><span style=\"font-size: medium; color: #c18934;\"><strong>Amadora<\/strong><\/span><\/p>\n<p><strong>Entidade promotora:<\/strong><br \/><span data-sheets-root=\"1\" data-sheets-value=\"{&quot;1&quot;:2,&quot;2&quot;:&quot;Adelia Pauferro e Associa\u00e7\u00e3o de Mulheres P de Pot\u00eancia &quot;}\" data-sheets-userformat=\"{&quot;2&quot;:513,&quot;3&quot;:{&quot;1&quot;:0},&quot;12&quot;:0}\">C\u00e2mara Municipal Amadora<br \/><\/span><\/p>\n<p><strong>Iniciativa | Atividade:<\/strong><br \/><span data-sheets-root=\"1\" data-sheets-value=\"{&quot;1&quot;:2,&quot;2&quot;:&quot;Dia M de Pot\u00eancia &quot;}\" data-sheets-userformat=\"{&quot;2&quot;:513,&quot;3&quot;:{&quot;1&quot;:0},&quot;12&quot;:0}\">1.\u00ba Cine Amadora &#8211; \u00abCinema e Revolu\u00e7\u00e3o \u2013 Uma Ideia na Cabe\u00e7a e Uma C\u00e2mara na M\u00e3o\u00bb<br \/><\/span><\/p>\n<p>[\/et_pb_text][et_pb_toggle title=&#8221;Informa\u00e7\u00f5es&#8221; closed_toggle_text_color=&#8221;#759fdb&#8221; icon_color=&#8221;#e22685&#8243; toggle_icon=&#8221;&#xe03a;||divi||400&#8243; use_icon_font_size=&#8221;on&#8221; icon_font_size=&#8221;23px&#8221; _builder_version=&#8221;4.13.0&#8243; _module_preset=&#8221;default&#8221; title_font=&#8221;Montserrat|700|||||||&#8221; title_font_size=&#8221;13px&#8221; body_font=&#8221;Montserrat||||||||&#8221; body_font_size=&#8221;11px&#8221; body_line_height=&#8221;1.2em&#8221; background_color=&#8221;rgba(255,255,255,0)&#8221; custom_margin=&#8221;|||8px|false|false&#8221; custom_padding=&#8221;8px||16px|4px|false|false&#8221; border_width_all=&#8221;0px&#8221; global_colors_info=&#8221;{}&#8221;]<\/p>\n<p><span data-sheets-root=\"1\" data-sheets-value=\"{&quot;1&quot;:2,&quot;2&quot;:&quot;Encontro Interseccional de Mulheres &quot;}\" data-sheets-userformat=\"{&quot;2&quot;:513,&quot;3&quot;:{&quot;1&quot;:0},&quot;12&quot;:0}\">No ano de 2024, a C\u00e2mara Municipal da Amadora celebra os 50 anos do 25 de abril de 1974, uma Revolu\u00e7\u00e3o que abriu portas \u00e0 conquista de um lugar digno, por parte das mulheres, onde estas alcan\u00e7aram novos direitos, alterando o seu estatuto na vida familiar, profissional e na sociedade portuguesa. <\/span><\/p>\n<p><span data-sheets-root=\"1\" data-sheets-value=\"{&quot;1&quot;:2,&quot;2&quot;:&quot;Encontro Interseccional de Mulheres &quot;}\" data-sheets-userformat=\"{&quot;2&quot;:513,&quot;3&quot;:{&quot;1&quot;:0},&quot;12&quot;:0}\">O Dia Internacional da Mulher, 08 de mar\u00e7o, \u00e9 agora comemorado em liberdade, dando for\u00e7a \u00e0 luta pelos seus direitos e por uma sociedade que se quer mais igualit\u00e1ria. <\/span><\/p>\n<p><span data-sheets-root=\"1\" data-sheets-value=\"{&quot;1&quot;:2,&quot;2&quot;:&quot;Encontro Interseccional de Mulheres &quot;}\" data-sheets-userformat=\"{&quot;2&quot;:513,&quot;3&quot;:{&quot;1&quot;:0},&quot;12&quot;:0}\">A Mostra Internacional \u201cCine Amadora\u201d prop\u00f5e uma sele\u00e7\u00e3o de longas e curtas-metragens, document\u00e1rios, contando tamb\u00e9m com uma agenda espec\u00edfica, dedicada ao cinema no feminino. O programa conta ainda com um conjunto de atividades paralelas, como workshops, debates, homenagens e apresenta\u00e7\u00f5es v\u00eddeo-musicais. <\/span>.<\/p>\n<p><strong>Local:<\/strong> <span data-sheets-root=\"1\" data-sheets-value=\"{&quot;1&quot;:2,&quot;2&quot;:&quot;F\u00e1brica do Bra\u00e7o de Prata - Lisboa &quot;}\" data-sheets-userformat=\"{&quot;2&quot;:513,&quot;3&quot;:{&quot;1&quot;:0},&quot;12&quot;:0}\">Recreios da Amadora <\/span><\/p>\n<p><strong>Dia:<\/strong> 06 a 08 de mar\u00e7o | <strong>Hora:<\/strong> 15h00<\/p>\n<p><img loading=\"lazy\" src=\"https:\/\/www.cig.gov.pt\/iniciativas-nacionais\/wp-content\/uploads\/2024\/03\/29e96fd3a5cac1e566c02e57b2ec717f-Catarina-Jesus-300x188.jpg\" width=\"300\" height=\"188\" alt=\"\" class=\"wp-image-4817 alignnone size-medium\" \/><\/p>\n<p>[\/et_pb_toggle][\/et_pb_column][et_pb_column type=&#8221;1_4&#8243; _builder_version=&#8221;4.13.0&#8243; _module_preset=&#8221;default&#8221; background_color=&#8221;#FFFFFF&#8221; border_radii=&#8221;on|12px|12px|12px|12px&#8221; global_colors_info=&#8221;{}&#8221;][et_pb_text _builder_version=&#8221;4.13.0&#8243; _module_preset=&#8221;default&#8221; text_font=&#8221;Montserrat||||||||&#8221; text_font_size=&#8221;12px&#8221; text_line_height=&#8221;1.2em&#8221; custom_margin=&#8221;16px|12px|8px|12px|false|false&#8221; global_colors_info=&#8221;{}&#8221;]<\/p>\n<p><span style=\"font-size: medium; color: #c18934;\"><strong>Amadora<\/strong><\/span><\/p>\n<p><strong>Entidade promotora:<\/strong><br \/><span data-sheets-root=\"1\" data-sheets-value=\"{&quot;1&quot;:2,&quot;2&quot;:&quot;Adelia Pauferro e Associa\u00e7\u00e3o de Mulheres P de Pot\u00eancia &quot;}\" data-sheets-userformat=\"{&quot;2&quot;:513,&quot;3&quot;:{&quot;1&quot;:0},&quot;12&quot;:0}\">C\u00e2mara Municipal Amadora<br \/><\/span><\/p>\n<p><strong>Iniciativa | Atividade:<\/strong><br \/><span data-sheets-root=\"1\" data-sheets-value=\"{&quot;1&quot;:2,&quot;2&quot;:&quot;Dia M de Pot\u00eancia &quot;}\" data-sheets-userformat=\"{&quot;2&quot;:513,&quot;3&quot;:{&quot;1&quot;:0},&quot;12&quot;:0}\">Exposi\u00e7\u00e3o tempor\u00e1ria \u00abAs mulheres da minha vida. Alfredo Roque Gameiro no Feminino.&#8221;: Hebe Gomes, uma desconhecida\u00bb<br \/><\/span><\/p>\n<p>[\/et_pb_text][et_pb_toggle title=&#8221;Informa\u00e7\u00f5es&#8221; closed_toggle_text_color=&#8221;#759fdb&#8221; icon_color=&#8221;#e22685&#8243; toggle_icon=&#8221;&#xe03a;||divi||400&#8243; use_icon_font_size=&#8221;on&#8221; icon_font_size=&#8221;23px&#8221; _builder_version=&#8221;4.13.0&#8243; _module_preset=&#8221;default&#8221; title_font=&#8221;Montserrat|700|||||||&#8221; title_font_size=&#8221;13px&#8221; body_font=&#8221;Montserrat||||||||&#8221; body_font_size=&#8221;11px&#8221; body_line_height=&#8221;1.2em&#8221; background_color=&#8221;rgba(255,255,255,0)&#8221; custom_margin=&#8221;|||8px|false|false&#8221; custom_padding=&#8221;8px||16px|4px|false|false&#8221; border_width_all=&#8221;0px&#8221; global_colors_info=&#8221;{}&#8221;]<\/p>\n<p><span data-sheets-root=\"1\" data-sheets-value=\"{&quot;1&quot;:2,&quot;2&quot;:&quot;Encontro Interseccional de Mulheres &quot;}\" data-sheets-userformat=\"{&quot;2&quot;:513,&quot;3&quot;:{&quot;1&quot;:0},&quot;12&quot;:0}\">A Casa Roque Gameiro disponibiliza uma visita orientada \u00e0 exposi\u00e7\u00e3o tempor\u00e1ria \u00abAs mulheres da minha vida. Alfredo Roque Gameiro no Feminino.&#8221;: Hebe Gomes, uma desconhecida\u00bb, no pr\u00f3ximo dia 09 de mar\u00e7o, que decorre entre as 15h00 e as 17h00. Nesta exposi\u00e7\u00e3o pode-se descobrir mais sobre uma das mulheres da fam\u00edlia Roque Gameiro, Hebe Gomes. A sobrinha de Maria da Assun\u00e7\u00e3o, \u00f3rf\u00e3 desde muito cedo, teve em Alfredo Roque Gameiro, o tutor at\u00e9 se casar, recebendo os mesmos valores e educa\u00e7\u00e3o que os filhos do artista, tornando-se uma pintora ex\u00edmia. <\/span><\/p>\n<p><span data-sheets-root=\"1\" data-sheets-value=\"{&quot;1&quot;:2,&quot;2&quot;:&quot;Encontro Interseccional de Mulheres &quot;}\" data-sheets-userformat=\"{&quot;2&quot;:513,&quot;3&quot;:{&quot;1&quot;:0},&quot;12&quot;:0}\">Esta iniciativa requer inscri\u00e7\u00e3o pr\u00e9via para: museu@cm-amadora.pt \/ 214 369 090.<\/span><\/p>\n<p><strong>Local:<\/strong> <span data-sheets-root=\"1\" data-sheets-value=\"{&quot;1&quot;:2,&quot;2&quot;:&quot;Encontro Interseccional de Mulheres &quot;}\" data-sheets-userformat=\"{&quot;2&quot;:513,&quot;3&quot;:{&quot;1&quot;:0},&quot;12&quot;:0}\">Casa Roque Gameiro<\/span><\/p>\n<p><strong>Dia:<\/strong> 09 de mar\u00e7o | <strong>Hora:<\/strong> 15h00<\/p>\n<p>&nbsp;<\/p>\n<p>[\/et_pb_toggle][\/et_pb_column][\/et_pb_row][et_pb_row column_structure=&#8221;1_4,1_4,1_4,1_4&#8243; use_custom_gutter=&#8221;on&#8221; gutter_width=&#8221;2&#8243; make_equal=&#8221;on&#8221; _builder_version=&#8221;4.13.0&#8243; _module_preset=&#8221;default&#8221; background_color=&#8221;rgba(255,255,255,0)&#8221; custom_margin=&#8221;||0px||false|false&#8221; custom_padding=&#8221;||0px||false|false&#8221; locked=&#8221;off&#8221; global_colors_info=&#8221;{}&#8221;][et_pb_column type=&#8221;1_4&#8243; _builder_version=&#8221;4.13.0&#8243; _module_preset=&#8221;default&#8221; background_color=&#8221;#FFFFFF&#8221; border_radii=&#8221;on|12px|12px|12px|12px&#8221; global_colors_info=&#8221;{}&#8221;][et_pb_text _builder_version=&#8221;4.13.0&#8243; _module_preset=&#8221;default&#8221; text_font=&#8221;Montserrat||||||||&#8221; text_font_size=&#8221;12px&#8221; text_line_height=&#8221;1.2em&#8221; custom_margin=&#8221;16px|12px|8px|12px|false|false&#8221; global_colors_info=&#8221;{}&#8221;]<\/p>\n<p><span style=\"font-size: medium; color: #c18934;\"><strong><span data-sheets-root=\"1\" data-sheets-value=\"{&quot;1&quot;:2,&quot;2&quot;:&quot;Adelia Pauferro e Associa\u00e7\u00e3o de Mulheres P de Pot\u00eancia &quot;}\" data-sheets-userformat=\"{&quot;2&quot;:513,&quot;3&quot;:{&quot;1&quot;:0},&quot;12&quot;:0}\">Lisboa<\/span><\/strong><\/span><\/p>\n<p><strong>Entidade promotora:<\/strong><br \/><span>Secretaria-Geral do Minist\u00e9rio do Trabalho, Solidariedade e Seguran\u00e7a Social (SGMTSSS)<\/span><\/p>\n<p><strong>Iniciativa | Atividade:<\/strong><br \/><span>Caminhada at\u00e9 \u00e0 Funda\u00e7\u00e3o Calouste Gulbenkian para visita \u00e0 exposi\u00e7\u00e3o &#8220;As Mulheres de Maria Lamas&#8221;<\/span><\/p>\n<p>[\/et_pb_text][et_pb_toggle title=&#8221;Informa\u00e7\u00f5es&#8221; closed_toggle_text_color=&#8221;#759fdb&#8221; icon_color=&#8221;#e22685&#8243; toggle_icon=&#8221;&#xe03a;||divi||400&#8243; use_icon_font_size=&#8221;on&#8221; icon_font_size=&#8221;23px&#8221; _builder_version=&#8221;4.13.0&#8243; _module_preset=&#8221;default&#8221; title_font=&#8221;Montserrat|700|||||||&#8221; title_font_size=&#8221;13px&#8221; body_font=&#8221;Montserrat||||||||&#8221; body_font_size=&#8221;11px&#8221; body_line_height=&#8221;1.2em&#8221; background_color=&#8221;rgba(255,255,255,0)&#8221; custom_margin=&#8221;|||8px|false|false&#8221; custom_padding=&#8221;8px||16px|4px|false|false&#8221; border_width_all=&#8221;0px&#8221; global_colors_info=&#8221;{}&#8221;]<\/p>\n<p><span data-sheets-root=\"1\" data-sheets-value=\"{&quot;1&quot;:2,&quot;2&quot;:&quot;Encontro Interseccional de Mulheres &quot;}\" data-sheets-userformat=\"{&quot;2&quot;:513,&quot;3&quot;:{&quot;1&quot;:0},&quot;12&quot;:0}\">Sa\u00edda \u00e0s 13h da Pra\u00e7a de Londres (sede da SGMTSSS), a p\u00e9, com destino \u00e0 Funda\u00e7\u00e3o Calouste Gulbenkian, para visita \u00e0 exposi\u00e7\u00e3o e paragem no respetivo jardim, para um caf\u00e9 de grupo..<\/span><\/p>\n<p><strong>Local:<\/strong> <span data-sheets-root=\"1\" data-sheets-value=\"{&quot;1&quot;:2,&quot;2&quot;:&quot;F\u00e1brica do Bra\u00e7o de Prata - Lisboa &quot;}\" data-sheets-userformat=\"{&quot;2&quot;:513,&quot;3&quot;:{&quot;1&quot;:0},&quot;12&quot;:0}\">Lisboa<\/span><\/p>\n<p><strong>Dia:<\/strong> 08 de mar\u00e7o | <strong>Hora:<\/strong> 13h00<\/p>\n<p>[\/et_pb_toggle][\/et_pb_column][et_pb_column type=&#8221;1_4&#8243; _builder_version=&#8221;4.13.0&#8243; _module_preset=&#8221;default&#8221; background_color=&#8221;#FFFFFF&#8221; border_radii=&#8221;on|12px|12px|12px|12px&#8221; global_colors_info=&#8221;{}&#8221;][et_pb_text _builder_version=&#8221;4.13.0&#8243; _module_preset=&#8221;default&#8221; text_font=&#8221;Montserrat||||||||&#8221; text_font_size=&#8221;12px&#8221; text_line_height=&#8221;1.2em&#8221; custom_margin=&#8221;16px|12px|8px|12px|false|false&#8221; global_colors_info=&#8221;{}&#8221;]<\/p>\n<p><span style=\"font-size: medium; color: #c18934;\"><strong>Lisboa<\/strong><\/span><\/p>\n<p><strong>Entidade promotora:<\/strong><br \/><span data-sheets-root=\"1\" data-sheets-value=\"{&quot;1&quot;:2,&quot;2&quot;:&quot;Adelia Pauferro e Associa\u00e7\u00e3o de Mulheres P de Pot\u00eancia &quot;}\" data-sheets-userformat=\"{&quot;2&quot;:513,&quot;3&quot;:{&quot;1&quot;:0},&quot;12&quot;:0}\">Secretaria-Geral do Minist\u00e9rio do Trabalho, Solidariedade e Seguran\u00e7a Social (SGMTSSS)<br \/><\/span><\/p>\n<p><strong>Iniciativa | Atividade:<\/strong><br \/><span data-sheets-root=\"1\" data-sheets-value=\"{&quot;1&quot;:2,&quot;2&quot;:&quot;Dia M de Pot\u00eancia &quot;}\" data-sheets-userformat=\"{&quot;2&quot;:513,&quot;3&quot;:{&quot;1&quot;:0},&quot;12&quot;:0}\">Uma flor para as Mulheres<\/span><\/p>\n<p>[\/et_pb_text][et_pb_toggle title=&#8221;Informa\u00e7\u00f5es&#8221; closed_toggle_text_color=&#8221;#759fdb&#8221; icon_color=&#8221;#e22685&#8243; toggle_icon=&#8221;&#xe03a;||divi||400&#8243; use_icon_font_size=&#8221;on&#8221; icon_font_size=&#8221;23px&#8221; _builder_version=&#8221;4.13.0&#8243; _module_preset=&#8221;default&#8221; title_font=&#8221;Montserrat|700|||||||&#8221; title_font_size=&#8221;13px&#8221; body_font=&#8221;Montserrat||||||||&#8221; body_font_size=&#8221;11px&#8221; body_line_height=&#8221;1.2em&#8221; background_color=&#8221;rgba(255,255,255,0)&#8221; custom_margin=&#8221;|||8px|false|false&#8221; custom_padding=&#8221;8px||16px|4px|false|false&#8221; border_width_all=&#8221;0px&#8221; global_colors_info=&#8221;{}&#8221;]<\/p>\n<p><span data-sheets-root=\"1\" data-sheets-value=\"{&quot;1&quot;:2,&quot;2&quot;:&quot;Encontro Interseccional de Mulheres &quot;}\" data-sheets-userformat=\"{&quot;2&quot;:513,&quot;3&quot;:{&quot;1&quot;:0},&quot;12&quot;:0}\">Constru\u00e7\u00e3o de uma flor em papel com mensagens e\/ou ilustra\u00e7\u00f5es efetuadas pelos homens da SGMTSSS nas respetivas p\u00e9talas, alusivas \u00e0 Mulher<\/span>.<\/p>\n<p><strong>Local:<\/strong> <span data-sheets-root=\"1\" data-sheets-value=\"{&quot;1&quot;:2,&quot;2&quot;:&quot;F\u00e1brica do Bra\u00e7o de Prata - Lisboa &quot;}\" data-sheets-userformat=\"{&quot;2&quot;:513,&quot;3&quot;:{&quot;1&quot;:0},&quot;12&quot;:0}\">Sede da SGMTSSS (Pra\u00e7a de Londres, 2, Lisboa)<\/span><\/p>\n<p><strong>Dia:<\/strong> 06 a 09 de mar\u00e7o | <strong>Hora:<\/strong> 15h00<\/p>\n<p>[\/et_pb_toggle][\/et_pb_column][et_pb_column type=&#8221;1_4&#8243; _builder_version=&#8221;4.13.0&#8243; _module_preset=&#8221;default&#8221; background_color=&#8221;#FFFFFF&#8221; border_radii=&#8221;on|12px|12px|12px|12px&#8221; global_colors_info=&#8221;{}&#8221;][et_pb_text _builder_version=&#8221;4.13.0&#8243; _module_preset=&#8221;default&#8221; text_font=&#8221;Montserrat||||||||&#8221; text_font_size=&#8221;12px&#8221; text_line_height=&#8221;1.2em&#8221; custom_margin=&#8221;16px|12px|8px|12px|false|false&#8221; global_colors_info=&#8221;{}&#8221;]<\/p>\n<p><span style=\"font-size: medium; color: #c18934;\"><strong>Lisboa<\/strong><\/span><\/p>\n<p><strong>Entidade promotora:<\/strong><br \/><span data-sheets-root=\"1\" data-sheets-value=\"{&quot;1&quot;:2,&quot;2&quot;:&quot;Adelia Pauferro e Associa\u00e7\u00e3o de Mulheres P de Pot\u00eancia &quot;}\" data-sheets-userformat=\"{&quot;2&quot;:513,&quot;3&quot;:{&quot;1&quot;:0},&quot;12&quot;:0}\">Secretaria-Geral do Minist\u00e9rio do Trabalho, Solidariedade e Seguran\u00e7a Social (SGMTSSS)<br \/><\/span><\/p>\n<p><strong>Iniciativa | Atividade:<\/strong><br \/><span data-sheets-root=\"1\" data-sheets-value=\"{&quot;1&quot;:2,&quot;2&quot;:&quot;Dia M de Pot\u00eancia &quot;}\" data-sheets-userformat=\"{&quot;2&quot;:513,&quot;3&quot;:{&quot;1&quot;:0},&quot;12&quot;:0}\">Constru\u00e7\u00e3o de uma p\u00e1gina na Intranet da SGMTSSS dedicada ao Dia Internacional das Mulheres<br \/><\/span><\/p>\n<p>[\/et_pb_text][et_pb_toggle title=&#8221;Informa\u00e7\u00f5es&#8221; closed_toggle_text_color=&#8221;#759fdb&#8221; icon_color=&#8221;#e22685&#8243; toggle_icon=&#8221;&#xe03a;||divi||400&#8243; use_icon_font_size=&#8221;on&#8221; icon_font_size=&#8221;23px&#8221; _builder_version=&#8221;4.13.0&#8243; _module_preset=&#8221;default&#8221; title_font=&#8221;Montserrat|700|||||||&#8221; title_font_size=&#8221;13px&#8221; body_font=&#8221;Montserrat||||||||&#8221; body_font_size=&#8221;11px&#8221; body_line_height=&#8221;1.2em&#8221; background_color=&#8221;rgba(255,255,255,0)&#8221; custom_margin=&#8221;|||8px|false|false&#8221; custom_padding=&#8221;8px||16px|4px|false|false&#8221; border_width_all=&#8221;0px&#8221; global_colors_info=&#8221;{}&#8221;]<\/p>\n<p><span data-sheets-root=\"1\" data-sheets-value=\"{&quot;1&quot;:2,&quot;2&quot;:&quot;Encontro Interseccional de Mulheres &quot;}\" data-sheets-userformat=\"{&quot;2&quot;:513,&quot;3&quot;:{&quot;1&quot;:0},&quot;12&quot;:0}\">A p\u00e1gina incluir\u00e1 informa\u00e7\u00e3o diversa, com documentos, estudos, v\u00eddeos e infografias sobre a Mulher, bem como uma entrevista \u00e0 Secret\u00e1ria-Geral do MTSSS.<\/span><\/p>\n<p><strong>Local:<\/strong> <span data-sheets-root=\"1\" data-sheets-value=\"{&quot;1&quot;:2,&quot;2&quot;:&quot;F\u00e1brica do Bra\u00e7o de Prata - Lisboa &quot;}\" data-sheets-userformat=\"{&quot;2&quot;:513,&quot;3&quot;:{&quot;1&quot;:0},&quot;12&quot;:0}\">Intranet da SGMTSSS<\/span><\/p>\n<p><strong>Dia:<\/strong> 08 de mar\u00e7o | <strong>Hora:<\/strong> 10h00<\/p>\n<p>[\/et_pb_toggle][\/et_pb_column][et_pb_column type=&#8221;1_4&#8243; _builder_version=&#8221;4.13.0&#8243; _module_preset=&#8221;default&#8221; background_color=&#8221;#FFFFFF&#8221; border_radii=&#8221;on|12px|12px|12px|12px&#8221; global_colors_info=&#8221;{}&#8221;][et_pb_text _builder_version=&#8221;4.13.0&#8243; _module_preset=&#8221;default&#8221; text_font=&#8221;Montserrat||||||||&#8221; text_font_size=&#8221;12px&#8221; text_line_height=&#8221;1.2em&#8221; custom_margin=&#8221;16px|12px|8px|12px|false|false&#8221; global_colors_info=&#8221;{}&#8221;]<\/p>\n<p><span style=\"font-size: medium; color: #c18934;\"><strong>Lisboa<\/strong><\/span><\/p>\n<p><strong>Entidade promotora:<\/strong><br \/><span data-sheets-root=\"1\" data-sheets-value=\"{&quot;1&quot;:2,&quot;2&quot;:&quot;Adelia Pauferro e Associa\u00e7\u00e3o de Mulheres P de Pot\u00eancia &quot;}\" data-sheets-userformat=\"{&quot;2&quot;:513,&quot;3&quot;:{&quot;1&quot;:0},&quot;12&quot;:0}\">Soroptimism International Lisboa Caravela<br \/><\/span><\/p>\n<p><strong>Iniciativa | Atividade:<\/strong><br \/><span data-sheets-root=\"1\" data-sheets-value=\"{&quot;1&quot;:2,&quot;2&quot;:&quot;Dia M de Pot\u00eancia &quot;}\" data-sheets-userformat=\"{&quot;2&quot;:513,&quot;3&quot;:{&quot;1&quot;:0},&quot;12&quot;:0}\">As Palavras que desatam N\u00d3S<br \/><\/span><\/p>\n<p>[\/et_pb_text][et_pb_toggle title=&#8221;Informa\u00e7\u00f5es&#8221; closed_toggle_text_color=&#8221;#759fdb&#8221; icon_color=&#8221;#e22685&#8243; toggle_icon=&#8221;&#xe03a;||divi||400&#8243; use_icon_font_size=&#8221;on&#8221; icon_font_size=&#8221;23px&#8221; _builder_version=&#8221;4.13.0&#8243; _module_preset=&#8221;default&#8221; title_font=&#8221;Montserrat|700|||||||&#8221; title_font_size=&#8221;13px&#8221; body_font=&#8221;Montserrat||||||||&#8221; body_font_size=&#8221;11px&#8221; body_line_height=&#8221;1.2em&#8221; background_color=&#8221;rgba(255,255,255,0)&#8221; custom_margin=&#8221;|||8px|false|false&#8221; custom_padding=&#8221;8px||16px|4px|false|false&#8221; border_width_all=&#8221;0px&#8221; global_colors_info=&#8221;{}&#8221;]<\/p>\n<p><span data-sheets-root=\"1\" data-sheets-value=\"{&quot;1&quot;:2,&quot;2&quot;:&quot;Encontro Interseccional de Mulheres &quot;}\" data-sheets-userformat=\"{&quot;2&quot;:513,&quot;3&quot;:{&quot;1&quot;:0},&quot;12&quot;:0}\">Comemora\u00e7\u00e3o do Dia Internacional da Mulher com a participa\u00e7\u00e3o da Tuna Feminina do IST, da poeta Maria Caetano Vilalobos e da professora doutora Isabel Marrucho<\/span>.<\/p>\n<p><strong>Local:<\/strong> <span data-sheets-root=\"1\" data-sheets-value=\"{&quot;1&quot;:2,&quot;2&quot;:&quot;Encontro Interseccional de Mulheres &quot;}\" data-sheets-userformat=\"{&quot;2&quot;:513,&quot;3&quot;:{&quot;1&quot;:0},&quot;12&quot;:0}\">Instituto Superior T\u00e9cnico<\/span><\/p>\n<p><strong>Dia:<\/strong> 13 de mar\u00e7o | <strong>Hora:<\/strong> 17h00<\/p>\n<p>&nbsp;<\/p>\n<p>[\/et_pb_toggle][\/et_pb_column][\/et_pb_row][et_pb_row column_structure=&#8221;1_4,1_4,1_4,1_4&#8243; use_custom_gutter=&#8221;on&#8221; gutter_width=&#8221;2&#8243; make_equal=&#8221;on&#8221; _builder_version=&#8221;4.13.0&#8243; _module_preset=&#8221;default&#8221; background_color=&#8221;rgba(255,255,255,0)&#8221; custom_margin=&#8221;||0px||false|false&#8221; custom_padding=&#8221;||0px||false|false&#8221; locked=&#8221;off&#8221; global_colors_info=&#8221;{}&#8221;][et_pb_column type=&#8221;1_4&#8243; _builder_version=&#8221;4.13.0&#8243; _module_preset=&#8221;default&#8221; background_color=&#8221;#FFFFFF&#8221; border_radii=&#8221;on|12px|12px|12px|12px&#8221; global_colors_info=&#8221;{}&#8221;][et_pb_text _builder_version=&#8221;4.13.0&#8243; _module_preset=&#8221;default&#8221; text_font=&#8221;Montserrat||||||||&#8221; text_font_size=&#8221;12px&#8221; text_line_height=&#8221;1.2em&#8221; custom_margin=&#8221;16px|12px|8px|12px|false|false&#8221; global_colors_info=&#8221;{}&#8221;]<\/p>\n<p><span style=\"font-size: medium; color: #c18934;\"><strong><span data-sheets-root=\"1\" data-sheets-value=\"{&quot;1&quot;:2,&quot;2&quot;:&quot;Adelia Pauferro e Associa\u00e7\u00e3o de Mulheres P de Pot\u00eancia &quot;}\" data-sheets-userformat=\"{&quot;2&quot;:513,&quot;3&quot;:{&quot;1&quot;:0},&quot;12&quot;:0}\">Loures<\/span><\/strong><\/span><\/p>\n<p><strong>Entidade promotora:<\/strong><br \/><span>Munic\u00edpio de Loures<\/span><\/p>\n<p><strong>Iniciativa | Atividade:<\/strong><br \/><span><span dir=\"auto\" class=\"  default-formula-text-color\">+<\/span><span dir=\"auto\" class=\" default-formula-text-color\"> <\/span><span dir=\"auto\" class=\" default-formula-text-color\">Mulher<\/span><\/span><\/p>\n<p>[\/et_pb_text][et_pb_toggle title=&#8221;Informa\u00e7\u00f5es&#8221; closed_toggle_text_color=&#8221;#759fdb&#8221; icon_color=&#8221;#e22685&#8243; toggle_icon=&#8221;&#xe03a;||divi||400&#8243; use_icon_font_size=&#8221;on&#8221; icon_font_size=&#8221;23px&#8221; _builder_version=&#8221;4.13.0&#8243; _module_preset=&#8221;default&#8221; title_font=&#8221;Montserrat|700|||||||&#8221; title_font_size=&#8221;13px&#8221; body_font=&#8221;Montserrat||||||||&#8221; body_font_size=&#8221;11px&#8221; body_line_height=&#8221;1.2em&#8221; background_color=&#8221;rgba(255,255,255,0)&#8221; custom_margin=&#8221;|||8px|false|false&#8221; custom_padding=&#8221;8px||16px|4px|false|false&#8221; border_width_all=&#8221;0px&#8221; global_colors_info=&#8221;{}&#8221;]<\/p>\n<p><span data-sheets-root=\"1\" data-sheets-value=\"{&quot;1&quot;:2,&quot;2&quot;:&quot;Encontro Interseccional de Mulheres &quot;}\" data-sheets-userformat=\"{&quot;2&quot;:513,&quot;3&quot;:{&quot;1&quot;:0},&quot;12&quot;:0}\">Atividades diversas dedicadas \u00e0s mulheres no \u00e2mbito da sa\u00fade, desporto, autocuidado e bem-estar.<\/span><\/p>\n<p><strong>Local:<\/strong> <span>Largo 4 de Outubro, Loures &#8211; 9h30 | Casa da Cultura de Sacav\u00e9m, Terra\u00e7os da Ponte &#8211; 14h00 <\/span><\/p>\n<p><strong>Dia:<\/strong> 08 de mar\u00e7o<\/p>\n<p>&nbsp;<\/p>\n<p>[\/et_pb_toggle][\/et_pb_column][et_pb_column type=&#8221;1_4&#8243; _builder_version=&#8221;4.13.0&#8243; _module_preset=&#8221;default&#8221; background_color=&#8221;#FFFFFF&#8221; border_radii=&#8221;on|12px|12px|12px|12px&#8221; global_colors_info=&#8221;{}&#8221;][et_pb_text _builder_version=&#8221;4.13.0&#8243; _module_preset=&#8221;default&#8221; text_font=&#8221;Montserrat||||||||&#8221; text_font_size=&#8221;12px&#8221; text_line_height=&#8221;1.2em&#8221; custom_margin=&#8221;16px|12px|8px|12px|false|false&#8221; global_colors_info=&#8221;{}&#8221;]<\/p>\n<p><span style=\"font-size: medium; color: #c18934;\"><strong>Loures<\/strong><\/span><\/p>\n<p><strong>Entidade promotora:<\/strong><br \/><span data-sheets-root=\"1\" data-sheets-value=\"{&quot;1&quot;:2,&quot;2&quot;:&quot;Adelia Pauferro e Associa\u00e7\u00e3o de Mulheres P de Pot\u00eancia &quot;}\" data-sheets-userformat=\"{&quot;2&quot;:513,&quot;3&quot;:{&quot;1&quot;:0},&quot;12&quot;:0}\">Munic\u00edpio do Loures<br \/><\/span><\/p>\n<p><strong>Iniciativa | Atividade:<\/strong><br \/><span data-sheets-root=\"1\" data-sheets-value=\"{&quot;1&quot;:2,&quot;2&quot;:&quot;Dia M de Pot\u00eancia &quot;}\" data-sheets-userformat=\"{&quot;2&quot;:513,&quot;3&quot;:{&quot;1&quot;:0},&quot;12&quot;:0}\">&#8220;A MULHER \u00e9 uma ARMA&#8221;<\/span><\/p>\n<p>[\/et_pb_text][et_pb_toggle title=&#8221;Informa\u00e7\u00f5es&#8221; closed_toggle_text_color=&#8221;#759fdb&#8221; icon_color=&#8221;#e22685&#8243; toggle_icon=&#8221;&#xe03a;||divi||400&#8243; use_icon_font_size=&#8221;on&#8221; icon_font_size=&#8221;23px&#8221; _builder_version=&#8221;4.13.0&#8243; _module_preset=&#8221;default&#8221; title_font=&#8221;Montserrat|700|||||||&#8221; title_font_size=&#8221;13px&#8221; body_font=&#8221;Montserrat||||||||&#8221; body_font_size=&#8221;11px&#8221; body_line_height=&#8221;1.2em&#8221; background_color=&#8221;rgba(255,255,255,0)&#8221; custom_margin=&#8221;|||8px|false|false&#8221; custom_padding=&#8221;8px||16px|4px|false|false&#8221; border_width_all=&#8221;0px&#8221; global_colors_info=&#8221;{}&#8221;]<\/p>\n<p><span data-sheets-root=\"1\" data-sheets-value=\"{&quot;1&quot;:2,&quot;2&quot;:&quot;Encontro Interseccional de Mulheres &quot;}\" data-sheets-userformat=\"{&quot;2&quot;:513,&quot;3&quot;:{&quot;1&quot;:0},&quot;12&quot;:0}\">Concerto para celebrar a Mulher e comemorar a Revolu\u00e7\u00e3o. <\/span><\/p>\n<p><span data-sheets-root=\"1\" data-sheets-value=\"{&quot;1&quot;:2,&quot;2&quot;:&quot;Encontro Interseccional de Mulheres &quot;}\" data-sheets-userformat=\"{&quot;2&quot;:513,&quot;3&quot;:{&quot;1&quot;:0},&quot;12&quot;:0}\">Algumas das melhores vozes femininas da atualidade juntam-se em palco para comemorar a revolu\u00e7\u00e3o e celebrar a Mulher. Interpretando temas emblem\u00e1ticos da \u00e9poca p\u00f3s-revolucion\u00e1ria e n\u00e3o s\u00f3, acompanhadas por um grupo de m\u00fasicos dirigidos pelo produtor Renato J\u00fanior, cada uma das cantoras confere uma identidade muito pr\u00f3pria a cada uma das can\u00e7\u00f5es de sempre e constroem um concerto de futuro, evocando a mem\u00f3ria de 50 anos de democracia e liberdade. <\/span><\/p>\n<p><span data-sheets-root=\"1\" data-sheets-value=\"{&quot;1&quot;:2,&quot;2&quot;:&quot;Encontro Interseccional de Mulheres &quot;}\" data-sheets-userformat=\"{&quot;2&quot;:513,&quot;3&quot;:{&quot;1&quot;:0},&quot;12&quot;:0}\">Uma verdadeira homenagem \u00e0 condi\u00e7\u00e3o de ser Mulher em pleno s\u00e9c. XXI, e \u00e0 import\u00e2ncia que as Mulheres sempre tiveram no combate ao fascismo lutando, ainda hoje, em plena democracia, pelos seus plenos direitos e pela liberdade. Lena D\u2019\u00c1gua, Rita Redshoes, Sofia Escobar, Viviane, Katia Guerreiro, Luanda Cozetti, Manuela Oliveira, Paula Ramos.<\/span><\/p>\n<p><strong>Local:<\/strong> <span data-sheets-root=\"1\" data-sheets-value=\"{&quot;1&quot;:2,&quot;2&quot;:&quot;F\u00e1brica do Bra\u00e7o de Prata - Lisboa &quot;}\" data-sheets-userformat=\"{&quot;2&quot;:513,&quot;3&quot;:{&quot;1&quot;:0},&quot;12&quot;:0}\">Pavilh\u00e3o Paz e Amizade, Loures<\/span><\/p>\n<p><strong>Dia:<\/strong> 08 de mar\u00e7o | <strong>Hora:<\/strong> 22h00<\/p>\n<p><img loading=\"lazy\" src=\"https:\/\/www.cig.gov.pt\/iniciativas-nacionais\/wp-content\/uploads\/2024\/03\/a-mulher-e-uma-arma-PMIM-Loures-204x300.png\" width=\"204\" height=\"300\" alt=\"\" class=\"wp-image-4820 alignnone size-medium\" \/><\/p>\n<p>[\/et_pb_toggle][\/et_pb_column][et_pb_column type=&#8221;1_4&#8243; _builder_version=&#8221;4.13.0&#8243; _module_preset=&#8221;default&#8221; background_color=&#8221;#FFFFFF&#8221; border_radii=&#8221;on|12px|12px|12px|12px&#8221; global_colors_info=&#8221;{}&#8221;][et_pb_text _builder_version=&#8221;4.13.0&#8243; _module_preset=&#8221;default&#8221; text_font=&#8221;Montserrat||||||||&#8221; text_font_size=&#8221;12px&#8221; text_line_height=&#8221;1.2em&#8221; custom_margin=&#8221;16px|12px|8px|12px|false|false&#8221; global_colors_info=&#8221;{}&#8221;]<\/p>\n<p><span style=\"font-size: medium; color: #c18934;\"><strong>Loures<\/strong><\/span><\/p>\n<p><strong>Entidade promotora:<\/strong><br \/><span data-sheets-root=\"1\" data-sheets-value=\"{&quot;1&quot;:2,&quot;2&quot;:&quot;Adelia Pauferro e Associa\u00e7\u00e3o de Mulheres P de Pot\u00eancia &quot;}\" data-sheets-userformat=\"{&quot;2&quot;:513,&quot;3&quot;:{&quot;1&quot;:0},&quot;12&quot;:0}\">Munic\u00edpio de Loures<br \/><\/span><\/p>\n<p><strong>Iniciativa | Atividade:<\/strong><br \/><span data-sheets-root=\"1\" data-sheets-value=\"{&quot;1&quot;:2,&quot;2&quot;:&quot;Dia M de Pot\u00eancia &quot;}\" data-sheets-userformat=\"{&quot;2&quot;:513,&quot;3&quot;:{&quot;1&quot;:0},&quot;12&quot;:0}\">A conquista de ser mulher<br \/><\/span><\/p>\n<p>[\/et_pb_text][et_pb_toggle title=&#8221;Informa\u00e7\u00f5es&#8221; closed_toggle_text_color=&#8221;#759fdb&#8221; icon_color=&#8221;#e22685&#8243; toggle_icon=&#8221;&#xe03a;||divi||400&#8243; use_icon_font_size=&#8221;on&#8221; icon_font_size=&#8221;23px&#8221; _builder_version=&#8221;4.13.0&#8243; _module_preset=&#8221;default&#8221; title_font=&#8221;Montserrat|700|||||||&#8221; title_font_size=&#8221;13px&#8221; body_font=&#8221;Montserrat||||||||&#8221; body_font_size=&#8221;11px&#8221; body_line_height=&#8221;1.2em&#8221; background_color=&#8221;rgba(255,255,255,0)&#8221; custom_margin=&#8221;|||8px|false|false&#8221; custom_padding=&#8221;8px||16px|4px|false|false&#8221; border_width_all=&#8221;0px&#8221; global_colors_info=&#8221;{}&#8221;]<\/p>\n<p><span data-sheets-root=\"1\" data-sheets-value=\"{&quot;1&quot;:2,&quot;2&quot;:&quot;Encontro Interseccional de Mulheres &quot;}\" data-sheets-userformat=\"{&quot;2&quot;:513,&quot;3&quot;:{&quot;1&quot;:0},&quot;12&quot;:0}\">Proporcionar \u00e0s estudantes das v\u00e1rias academias seniores momentos l\u00fadicos na \u00e1rea das terapias, sa\u00fade e bem-estar.<\/span><\/p>\n<p><strong>Local:<\/strong> <span>Academia dos Saberes &#8211; 10h30 Polos de Loures e Camarate | 14h30 Polos de Bucelas e Sacav\u00e9m<\/span><\/p>\n<p><strong>Dia:<\/strong> 08 de mar\u00e7o | <strong>Hora:<\/strong> 09h30<\/p>\n<p>[\/et_pb_toggle][\/et_pb_column][et_pb_column type=&#8221;1_4&#8243; _builder_version=&#8221;4.13.0&#8243; _module_preset=&#8221;default&#8221; background_color=&#8221;#FFFFFF&#8221; border_radii=&#8221;on|12px|12px|12px|12px&#8221; global_colors_info=&#8221;{}&#8221;][et_pb_text _builder_version=&#8221;4.13.0&#8243; _module_preset=&#8221;default&#8221; text_font=&#8221;Montserrat||||||||&#8221; text_font_size=&#8221;12px&#8221; text_line_height=&#8221;1.2em&#8221; custom_margin=&#8221;16px|12px|8px|12px|false|false&#8221; global_colors_info=&#8221;{}&#8221;]<\/p>\n<p><span style=\"font-size: medium; color: #c18934;\"><strong><span data-sheets-root=\"1\" data-sheets-value=\"{&quot;1&quot;:2,&quot;2&quot;:&quot;Adelia Pauferro e Associa\u00e7\u00e3o de Mulheres P de Pot\u00eancia &quot;}\" data-sheets-userformat=\"{&quot;2&quot;:513,&quot;3&quot;:{&quot;1&quot;:0},&quot;12&quot;:0}\">Vila Franca de Xira<\/span><\/strong><\/span><\/p>\n<p><strong>Entidade promotora:<\/strong><br \/><span data-sheets-root=\"1\" data-sheets-value=\"{&quot;1&quot;:2,&quot;2&quot;:&quot;Adelia Pauferro e Associa\u00e7\u00e3o de Mulheres P de Pot\u00eancia &quot;}\" data-sheets-userformat=\"{&quot;2&quot;:513,&quot;3&quot;:{&quot;1&quot;:0},&quot;12&quot;:0}\">C\u00e2mara Municipal de Vila Franca de Xira<\/span><\/p>\n<p><strong>Iniciativa | Atividade:<\/strong><br \/><span data-sheets-root=\"1\" data-sheets-value=\"{&quot;1&quot;:2,&quot;2&quot;:&quot;Dia M de Pot\u00eancia &quot;}\" data-sheets-userformat=\"{&quot;2&quot;:513,&quot;3&quot;:{&quot;1&quot;:0},&quot;12&quot;:0}\">Profiss\u00f5es Antigas no Feminico<br \/><\/span><\/p>\n<p>[\/et_pb_text][et_pb_toggle title=&#8221;Informa\u00e7\u00f5es&#8221; closed_toggle_text_color=&#8221;#759fdb&#8221; icon_color=&#8221;#e22685&#8243; toggle_icon=&#8221;&#xe03a;||divi||400&#8243; use_icon_font_size=&#8221;on&#8221; icon_font_size=&#8221;23px&#8221; _builder_version=&#8221;4.13.0&#8243; _module_preset=&#8221;default&#8221; title_font=&#8221;Montserrat|700|||||||&#8221; title_font_size=&#8221;13px&#8221; body_font=&#8221;Montserrat||||||||&#8221; body_font_size=&#8221;11px&#8221; body_line_height=&#8221;1.2em&#8221; background_color=&#8221;rgba(255,255,255,0)&#8221; custom_margin=&#8221;|||8px|false|false&#8221; custom_padding=&#8221;8px||16px|4px|false|false&#8221; border_width_all=&#8221;0px&#8221; global_colors_info=&#8221;{}&#8221;]<\/p>\n<p><span data-sheets-root=\"1\" data-sheets-value=\"{&quot;1&quot;:2,&quot;2&quot;:&quot;Encontro Interseccional de Mulheres &quot;}\" data-sheets-userformat=\"{&quot;2&quot;:513,&quot;3&quot;:{&quot;1&quot;:0},&quot;12&quot;:0}\">Exposi\u00e7\u00e3o Tempor\u00e1ria<\/span><\/p>\n<p><strong>Local:<\/strong> <span data-sheets-root=\"1\" data-sheets-value=\"{&quot;1&quot;:2,&quot;2&quot;:&quot;Encontro Interseccional de Mulheres &quot;}\" data-sheets-userformat=\"{&quot;2&quot;:513,&quot;3&quot;:{&quot;1&quot;:0},&quot;12&quot;:0}\">Sala de Exposi\u00e7\u00f5es do Pal\u00e1cio da Quinta Municipal da Piedade<\/span><\/p>\n<p><strong>Dia:<\/strong> 04 a 08 de mar\u00e7o | <strong>Hora:<\/strong> 10h00<\/p>\n<p>&nbsp;<\/p>\n<p>[\/et_pb_toggle][\/et_pb_column][\/et_pb_row][et_pb_row column_structure=&#8221;1_4,1_4,1_4,1_4&#8243; use_custom_gutter=&#8221;on&#8221; gutter_width=&#8221;2&#8243; make_equal=&#8221;on&#8221; _builder_version=&#8221;4.13.0&#8243; _module_preset=&#8221;default&#8221; background_color=&#8221;rgba(255,255,255,0)&#8221; custom_margin=&#8221;||0px||false|false&#8221; custom_padding=&#8221;||0px||false|false&#8221; locked=&#8221;off&#8221; global_colors_info=&#8221;{}&#8221;][et_pb_column type=&#8221;1_4&#8243; _builder_version=&#8221;4.13.0&#8243; _module_preset=&#8221;default&#8221; background_color=&#8221;#FFFFFF&#8221; border_radii=&#8221;on|12px|12px|12px|12px&#8221; global_colors_info=&#8221;{}&#8221;][et_pb_text _builder_version=&#8221;4.13.0&#8243; _module_preset=&#8221;default&#8221; text_font=&#8221;Montserrat||||||||&#8221; text_font_size=&#8221;12px&#8221; text_line_height=&#8221;1.2em&#8221; custom_margin=&#8221;16px|12px|8px|12px|false|false&#8221; global_colors_info=&#8221;{}&#8221;]<\/p>\n<p><span style=\"font-size: medium; color: #c18934;\"><strong><span data-sheets-root=\"1\" data-sheets-value=\"{&quot;1&quot;:2,&quot;2&quot;:&quot;Adelia Pauferro e Associa\u00e7\u00e3o de Mulheres P de Pot\u00eancia &quot;}\" data-sheets-userformat=\"{&quot;2&quot;:513,&quot;3&quot;:{&quot;1&quot;:0},&quot;12&quot;:0}\">Lisboa<\/span><\/strong><\/span><\/p>\n<p><strong>Entidade promotora:<\/strong><br \/><span>Movimento Democr\u00e1tico de Mulheres<\/span><\/p>\n<p><strong>Iniciativa | Atividade:<\/strong><br \/>EXPOSI\u00c7\u00c3O \u201cMULHERES DE ABRIL SOMOS\u201d <\/p>\n<p>[\/et_pb_text][et_pb_toggle title=&#8221;Informa\u00e7\u00f5es&#8221; closed_toggle_text_color=&#8221;#759fdb&#8221; icon_color=&#8221;#e22685&#8243; toggle_icon=&#8221;&#xe03a;||divi||400&#8243; use_icon_font_size=&#8221;on&#8221; icon_font_size=&#8221;23px&#8221; _builder_version=&#8221;4.13.0&#8243; _module_preset=&#8221;default&#8221; title_font=&#8221;Montserrat|700|||||||&#8221; title_font_size=&#8221;13px&#8221; body_font=&#8221;Montserrat||||||||&#8221; body_font_size=&#8221;11px&#8221; body_line_height=&#8221;1.2em&#8221; background_color=&#8221;rgba(255,255,255,0)&#8221; custom_margin=&#8221;|||8px|false|false&#8221; custom_padding=&#8221;8px||16px|4px|false|false&#8221; border_width_all=&#8221;0px&#8221; global_colors_info=&#8221;{}&#8221;]<\/p>\n<p>Inaugura\u00e7\u00e3o dia 2 de Mar\u00e7o com interven\u00e7\u00f5es da Direc\u00e7\u00e3o da casa do Alentejo, URAP e MDM. Projec\u00e7\u00e3o de document\u00e1rios sobre mulheres antifascistas e momentos musicais com o Grupo de mulheres da Palestina &#8221; besieged but not silenced&#8221; e &#8220;Finka p\u00e9&#8221; de Cabo Verde.<\/p>\n<p>Exposi\u00e7\u00e3o Patente no P\u00e1teo \u00c1rabe<\/p>\n<p><strong>Local:<\/strong> <span>Casa do Alentejo, Lisboa<\/span><\/p>\n<p><strong>Dia:<\/strong> 02 de mar\u00e7o<\/p>\n<p><img loading=\"lazy\" src=\"https:\/\/www.cig.gov.pt\/iniciativas-nacionais\/wp-content\/uploads\/2024\/03\/Copia-de-Post-criativo-estilo-Bloco-de-Notas-MDM-Movimento-Democratico-de-Mulheres-300x300.png\" width=\"300\" height=\"300\" alt=\"\" class=\"wp-image-4840 alignnone size-medium\" \/><\/p>\n<p>[\/et_pb_toggle][\/et_pb_column][et_pb_column type=&#8221;1_4&#8243; _builder_version=&#8221;4.13.0&#8243; _module_preset=&#8221;default&#8221; background_color=&#8221;#FFFFFF&#8221; border_radii=&#8221;on|12px|12px|12px|12px&#8221; global_colors_info=&#8221;{}&#8221;][et_pb_text _builder_version=&#8221;4.13.0&#8243; _module_preset=&#8221;default&#8221; text_font=&#8221;Montserrat||||||||&#8221; text_font_size=&#8221;12px&#8221; text_line_height=&#8221;1.2em&#8221; custom_margin=&#8221;16px|12px|8px|12px|false|false&#8221; global_colors_info=&#8221;{}&#8221;]<\/p>\n<p><span style=\"font-size: medium; color: #c18934;\"><strong><span data-sheets-root=\"1\" data-sheets-value=\"{&quot;1&quot;:2,&quot;2&quot;:&quot;Adelia Pauferro e Associa\u00e7\u00e3o de Mulheres P de Pot\u00eancia &quot;}\" data-sheets-userformat=\"{&quot;2&quot;:513,&quot;3&quot;:{&quot;1&quot;:0},&quot;12&quot;:0}\">Lisboa<\/span><\/strong><\/span><\/p>\n<p><strong>Entidade promotora:<\/strong><br \/><span>Dire\u00e7\u00e3o &#8211; Geral de Recursos da Defesa Nacional (DGRDN)<\/span><\/p>\n<p><strong>Iniciativa | Atividade:<\/strong><br \/><span>Troque as suas lentes, por lentes de g\u00e9nero <\/span><\/p>\n<p>[\/et_pb_text][et_pb_toggle title=&#8221;Informa\u00e7\u00f5es&#8221; closed_toggle_text_color=&#8221;#759fdb&#8221; icon_color=&#8221;#e22685&#8243; toggle_icon=&#8221;&#xe03a;||divi||400&#8243; use_icon_font_size=&#8221;on&#8221; icon_font_size=&#8221;23px&#8221; _builder_version=&#8221;4.13.0&#8243; _module_preset=&#8221;default&#8221; title_font=&#8221;Montserrat|700|||||||&#8221; title_font_size=&#8221;13px&#8221; body_font=&#8221;Montserrat||||||||&#8221; body_font_size=&#8221;11px&#8221; body_line_height=&#8221;1.2em&#8221; background_color=&#8221;rgba(255,255,255,0)&#8221; custom_margin=&#8221;|||8px|false|false&#8221; custom_padding=&#8221;8px||16px|4px|false|false&#8221; border_width_all=&#8221;0px&#8221; global_colors_info=&#8221;{}&#8221;]<\/p>\n<p><span>No dia 8 de mar\u00e7o, todas\/os as\/os trabalhadoras\/es da DGRDN (incluindo dirigentes), v\u00e3o receber uns \u00f3culos, com uma \u00e9tiqueta a dizer:&#8221;&#8221;Gr\u00e1tis!&#8221;Troque as suas lentes, por lentes de g\u00e9nero.&#8221; Consulte o seu e-mail. <\/span><\/p>\n<p><span>No email, receber\u00e3o um e-mail explicativo, que indica que todas\/os as\/os trabalhadoras\/es que fizeram forma\u00e7\u00e3o, em 2024, nas mat\u00e9rias de igualdade de g\u00e9nero, poder\u00e3o trocar essas horas, por horas de concilia\u00e7\u00e3o.<\/span><\/p>\n<p><strong>Local:<\/strong> <span>Minist\u00e9rio da Defesa Nacional<\/span><\/p>\n<p><strong>Dia:<\/strong> 08 de mar\u00e7o<\/p>\n<p>&nbsp;<\/p>\n<p>[\/et_pb_toggle][\/et_pb_column][et_pb_column type=&#8221;1_4&#8243; _builder_version=&#8221;4.13.0&#8243; _module_preset=&#8221;default&#8221; background_color=&#8221;#FFFFFF&#8221; border_radii=&#8221;on|12px|12px|12px|12px&#8221; global_colors_info=&#8221;{}&#8221;][et_pb_text _builder_version=&#8221;4.13.0&#8243; _module_preset=&#8221;default&#8221; text_font=&#8221;Montserrat||||||||&#8221; text_font_size=&#8221;12px&#8221; text_line_height=&#8221;1.2em&#8221; custom_margin=&#8221;16px|12px|8px|12px|false|false&#8221; global_colors_info=&#8221;{}&#8221;]<\/p>\n<p><span style=\"font-size: medium; color: #c18934;\"><strong><span data-sheets-root=\"1\" data-sheets-value=\"{&quot;1&quot;:2,&quot;2&quot;:&quot;Adelia Pauferro e Associa\u00e7\u00e3o de Mulheres P de Pot\u00eancia &quot;}\" data-sheets-userformat=\"{&quot;2&quot;:513,&quot;3&quot;:{&quot;1&quot;:0},&quot;12&quot;:0}\">Lisboa<\/span><\/strong><\/span><\/p>\n<p><strong>Entidade promotora:<\/strong><br \/>Uni\u00e3o de Mulheres Alternativa e Resposta<\/p>\n<p><strong>Iniciativa | Atividade:<\/strong><br \/><span>Exposi\u00e7\u00e3o \u201cPercursos da UMAR. O que andamos para aqui chegar\u201d <\/span><\/p>\n<p>[\/et_pb_text][et_pb_toggle title=&#8221;Informa\u00e7\u00f5es&#8221; closed_toggle_text_color=&#8221;#759fdb&#8221; icon_color=&#8221;#e22685&#8243; toggle_icon=&#8221;&#xe03a;||divi||400&#8243; use_icon_font_size=&#8221;on&#8221; icon_font_size=&#8221;23px&#8221; _builder_version=&#8221;4.13.0&#8243; _module_preset=&#8221;default&#8221; title_font=&#8221;Montserrat|700|||||||&#8221; title_font_size=&#8221;13px&#8221; body_font=&#8221;Montserrat||||||||&#8221; body_font_size=&#8221;11px&#8221; body_line_height=&#8221;1.2em&#8221; background_color=&#8221;rgba(255,255,255,0)&#8221; custom_margin=&#8221;|||8px|false|false&#8221; custom_padding=&#8221;8px||16px|4px|false|false&#8221; border_width_all=&#8221;0px&#8221; global_colors_info=&#8221;{}&#8221;]<\/p>\n<p><span>Inaugura\u00e7\u00e3o de exposi\u00e7\u00e3o sobre a hist\u00f3ria da associa\u00e7\u00e3o feminista UMAR &#8211; Uni\u00e3o de Mulheres Alternativa e Resposta, desde a sua funda\u00e7\u00e3o em 1976 at\u00e9 \u00e0 sua ampla interven\u00e7\u00e3o na actualidade<\/span>.<\/p>\n<p><strong>Local:<\/strong> <span>Centro de Cultura e Interven\u00e7\u00e3o Feminista (CCIF\/UMAR)<\/span><\/p>\n<p><strong>Dia:<\/strong> 08 de mar\u00e7o | <strong>Hora:<\/strong> 11h00<\/p>\n<p>&nbsp;<\/p>\n<p>[\/et_pb_toggle][\/et_pb_column][et_pb_column type=&#8221;1_4&#8243; _builder_version=&#8221;4.13.0&#8243; _module_preset=&#8221;default&#8221; background_color=&#8221;#FFFFFF&#8221; border_radii=&#8221;on|12px|12px|12px|12px&#8221; global_colors_info=&#8221;{}&#8221;][et_pb_text _builder_version=&#8221;4.13.0&#8243; _module_preset=&#8221;default&#8221; text_font=&#8221;Montserrat||||||||&#8221; text_font_size=&#8221;12px&#8221; text_line_height=&#8221;1.2em&#8221; custom_margin=&#8221;16px|12px|8px|12px|false|false&#8221; global_colors_info=&#8221;{}&#8221;]<\/p>\n<p><span style=\"font-size: medium; color: #c18934;\"><strong><span data-sheets-root=\"1\" data-sheets-value=\"{&quot;1&quot;:2,&quot;2&quot;:&quot;Adelia Pauferro e Associa\u00e7\u00e3o de Mulheres P de Pot\u00eancia &quot;}\" data-sheets-userformat=\"{&quot;2&quot;:513,&quot;3&quot;:{&quot;1&quot;:0},&quot;12&quot;:0}\">Lisboa<\/span><\/strong><\/span><\/p>\n<p><strong>Entidade promotora:<\/strong><br \/>Minist\u00e9rio da Agricultura e Alimenta\u00e7\u00e3o | Gabinete de Planeamento, Pol\u00edticas e Administra\u00e7\u00e3o Geral<\/p>\n<p><strong>Iniciativa | Atividade:<\/strong><br \/>Celebra\u00e7\u00e3o do Dia Internacional da Mulher<\/p>\n<p>[\/et_pb_text][et_pb_toggle title=&#8221;Informa\u00e7\u00f5es&#8221; closed_toggle_text_color=&#8221;#759fdb&#8221; icon_color=&#8221;#e22685&#8243; toggle_icon=&#8221;&#xe03a;||divi||400&#8243; use_icon_font_size=&#8221;on&#8221; icon_font_size=&#8221;23px&#8221; _builder_version=&#8221;4.13.0&#8243; _module_preset=&#8221;default&#8221; title_font=&#8221;Montserrat|700|||||||&#8221; title_font_size=&#8221;13px&#8221; body_font=&#8221;Montserrat||||||||&#8221; body_font_size=&#8221;11px&#8221; body_line_height=&#8221;1.2em&#8221; background_color=&#8221;rgba(255,255,255,0)&#8221; custom_margin=&#8221;|||8px|false|false&#8221; custom_padding=&#8221;8px||16px|4px|false|false&#8221; border_width_all=&#8221;0px&#8221; global_colors_info=&#8221;{}&#8221;]<\/p>\n<p>A\u00e7\u00e3o &#8220;A Mulher e o Seu Bem \u2013 Estar, Nutri\u00e7\u00e3o e Sa\u00fade \u2013 Preven\u00e7\u00e3o de Riscos e Bons H\u00e1bitos Alimentares&#8221;, em parceria com o N\u00facleo de Endocrinologia, Diabetes e Metabolismo da Unidade de Sa\u00fade Local de Santa Maria, com a realiza\u00e7\u00e3o de :<br \/>\u2022 rastreio IMC<br \/>\u2022 aconselhamentos <br \/>\u2022 esclarecimentos<\/p>\n<p>No dia 8 de mar\u00e7o, no \u00e2mbito da Responsabilidade Social, em parceria com a Funda\u00e7\u00e3o AFID Diferen\u00e7a, procedeu \u00e0 oferta de bens \u00e0s trabalhadoras deste Gabinete, produzidos pelos utentes daquela Institui\u00e7\u00e3o.<\/p>\n<p><strong>Dia:<\/strong> 07 e 08 de mar\u00e7o<\/p>\n<p>&nbsp;<\/p>\n<p>[\/et_pb_toggle][\/et_pb_column][\/et_pb_row][et_pb_row column_structure=&#8221;1_4,1_4,1_4,1_4&#8243; use_custom_gutter=&#8221;on&#8221; gutter_width=&#8221;2&#8243; make_equal=&#8221;on&#8221; _builder_version=&#8221;4.13.0&#8243; _module_preset=&#8221;default&#8221; background_color=&#8221;rgba(255,255,255,0)&#8221; custom_margin=&#8221;||0px||false|false&#8221; custom_padding=&#8221;||0px||false|false&#8221; locked=&#8221;off&#8221; global_colors_info=&#8221;{}&#8221;][et_pb_column type=&#8221;1_4&#8243; _builder_version=&#8221;4.13.0&#8243; _module_preset=&#8221;default&#8221; background_color=&#8221;#FFFFFF&#8221; border_radii=&#8221;on|12px|12px|12px|12px&#8221; global_colors_info=&#8221;{}&#8221;][et_pb_text _builder_version=&#8221;4.13.0&#8243; _module_preset=&#8221;default&#8221; text_font=&#8221;Montserrat||||||||&#8221; text_font_size=&#8221;12px&#8221; text_line_height=&#8221;1.2em&#8221; custom_margin=&#8221;16px|12px|8px|12px|false|false&#8221; global_colors_info=&#8221;{}&#8221;]<\/p>\n<p><span style=\"font-size: medium; color: #c18934;\"><strong><span data-sheets-root=\"1\" data-sheets-value=\"{&quot;1&quot;:2,&quot;2&quot;:&quot;Adelia Pauferro e Associa\u00e7\u00e3o de Mulheres P de Pot\u00eancia &quot;}\" data-sheets-userformat=\"{&quot;2&quot;:513,&quot;3&quot;:{&quot;1&quot;:0},&quot;12&quot;:0}\">Marvila<\/span><\/strong><\/span><\/p>\n<p><strong>Entidade promotora:<\/strong><br \/><span>Movimento Democr\u00e1tico de Mulheres<\/span><\/p>\n<p><strong>Iniciativa | Atividade:<\/strong><br \/>Destruir muros, construir futuros<\/p>\n<p>[\/et_pb_text][et_pb_toggle title=&#8221;Informa\u00e7\u00f5es&#8221; closed_toggle_text_color=&#8221;#759fdb&#8221; icon_color=&#8221;#e22685&#8243; toggle_icon=&#8221;&#xe03a;||divi||400&#8243; use_icon_font_size=&#8221;on&#8221; icon_font_size=&#8221;23px&#8221; _builder_version=&#8221;4.13.0&#8243; _module_preset=&#8221;default&#8221; title_font=&#8221;Montserrat|700|||||||&#8221; title_font_size=&#8221;13px&#8221; body_font=&#8221;Montserrat||||||||&#8221; body_font_size=&#8221;11px&#8221; body_line_height=&#8221;1.2em&#8221; background_color=&#8221;rgba(255,255,255,0)&#8221; custom_margin=&#8221;|||8px|false|false&#8221; custom_padding=&#8221;8px||16px|4px|false|false&#8221; border_width_all=&#8221;0px&#8221; global_colors_info=&#8221;{}&#8221;]<\/p>\n<p>No dia 8 de mar\u00e7o, a associa\u00e7\u00e3o Inspiring Girls e a RE Capital v\u00e3o realizar o evento \u00abDerrubar Muros, Construir Futuros\u00bb em celebra\u00e7\u00e3o ao Dia Internacional da Mulher. Com a presen\u00e7a de palestrantes incr\u00edveis de diferentes profiss\u00f5es, o objetivo deste evento \u00e9 mostrar \u00e0s jovens mulheres caminhos para construir futuros brilhantes e inspiradores.<\/p>\n<p><strong>Local:<\/strong> Rua da F\u00e1brica de Material de Guerra, 10, Marvila<\/p>\n<p><strong>Dia:<\/strong> 08 de mar\u00e7o | <strong>Hora:<\/strong> 15h00 &#8211; 17h00<\/p>\n<p>&nbsp;<\/p>\n<p>[\/et_pb_toggle][\/et_pb_column][et_pb_column type=&#8221;1_4&#8243; _builder_version=&#8221;4.13.0&#8243; _module_preset=&#8221;default&#8221; background_color=&#8221;#FFFFFF&#8221; border_radii=&#8221;on|12px|12px|12px|12px&#8221; global_colors_info=&#8221;{}&#8221;][et_pb_text _builder_version=&#8221;4.13.0&#8243; _module_preset=&#8221;default&#8221; text_font=&#8221;Montserrat||||||||&#8221; text_font_size=&#8221;12px&#8221; text_line_height=&#8221;1.2em&#8221; custom_margin=&#8221;16px|12px|8px|12px|false|false&#8221; global_colors_info=&#8221;{}&#8221;]<\/p>\n<p><span style=\"font-size: medium; color: #c18934;\"><strong><span data-sheets-root=\"1\" data-sheets-value=\"{&quot;1&quot;:2,&quot;2&quot;:&quot;Adelia Pauferro e Associa\u00e7\u00e3o de Mulheres P de Pot\u00eancia &quot;}\" data-sheets-userformat=\"{&quot;2&quot;:513,&quot;3&quot;:{&quot;1&quot;:0},&quot;12&quot;:0}\">Odivelas<\/span><\/strong><\/span><\/p>\n<p><strong>Entidade promotora:<\/strong><br \/>M\u00e9n Non &#8211; Associa\u00e7\u00e3o das Mulheres de S\u00e3o Tom\u00e9 e Pr\u00edncipe em Portugal<\/p>\n<p><strong>Iniciativa | Atividade:<\/strong><br \/>Almo\u00e7o do Dia Internacional da Mulher<\/p>\n<p>[\/et_pb_text][et_pb_toggle title=&#8221;Informa\u00e7\u00f5es&#8221; closed_toggle_text_color=&#8221;#759fdb&#8221; icon_color=&#8221;#e22685&#8243; toggle_icon=&#8221;&#xe03a;||divi||400&#8243; use_icon_font_size=&#8221;on&#8221; icon_font_size=&#8221;23px&#8221; _builder_version=&#8221;4.13.0&#8243; _module_preset=&#8221;default&#8221; title_font=&#8221;Montserrat|700|||||||&#8221; title_font_size=&#8221;13px&#8221; body_font=&#8221;Montserrat||||||||&#8221; body_font_size=&#8221;11px&#8221; body_line_height=&#8221;1.2em&#8221; background_color=&#8221;rgba(255,255,255,0)&#8221; custom_margin=&#8221;|||8px|false|false&#8221; custom_padding=&#8221;8px||16px|4px|false|false&#8221; border_width_all=&#8221;0px&#8221; global_colors_info=&#8221;{}&#8221;]<\/p>\n<p><span>A associa\u00e7\u00e3o M\u00e9n Non, em parceria com o Grupo Lemblan\u00e7a, convida todas as amigas e associadas a participar no almo\u00e7o de celebra\u00e7\u00e3o do Dia da Mulher, a 9 de mar\u00e7o, pelas 12h30! Pede-se a todas e a todos que tragam uma pe\u00e7a de roupa branca. O evento ser\u00e1 realizado no Restaurante Viva, em Odivelas, e ser\u00e1 um importante momento de partilha e reflex\u00e3o feminista. <\/span><\/p>\n<p><strong>Local:<\/strong> Restaurante Viva Rod\u00edzio Buffet, Rua de Angola 47, 2620-036 Olival Basto<\/p>\n<p><strong>Dia:<\/strong> 09 de mar\u00e7o | <strong>Hora:<\/strong> 12h30<\/p>\n<p>&nbsp;<\/p>\n<p>[\/et_pb_toggle][\/et_pb_column][et_pb_column type=&#8221;1_4&#8243; _builder_version=&#8221;4.13.0&#8243; _module_preset=&#8221;default&#8221; background_color=&#8221;#FFFFFF&#8221; border_radii=&#8221;on|12px|12px|12px|12px&#8221; global_colors_info=&#8221;{}&#8221;][et_pb_text _builder_version=&#8221;4.13.0&#8243; _module_preset=&#8221;default&#8221; text_font=&#8221;Montserrat||||||||&#8221; text_font_size=&#8221;12px&#8221; text_line_height=&#8221;1.2em&#8221; custom_margin=&#8221;16px|12px|8px|12px|false|false&#8221; global_colors_info=&#8221;{}&#8221;]<\/p>\n<p><span style=\"font-size: medium; color: #c18934;\"><strong><span data-sheets-root=\"1\" data-sheets-value=\"{&quot;1&quot;:2,&quot;2&quot;:&quot;Adelia Pauferro e Associa\u00e7\u00e3o de Mulheres P de Pot\u00eancia &quot;}\" data-sheets-userformat=\"{&quot;2&quot;:513,&quot;3&quot;:{&quot;1&quot;:0},&quot;12&quot;:0}\">Online<\/span><\/strong><\/span><\/p>\n<p><strong>Entidade promotora:<\/strong><br \/>Plataforma Portuguesa para os Direitos das Mulheres<\/p>\n<p><strong>Iniciativa | Atividade:<\/strong><br \/>Or\u00e7amentos sens\u00edveis ao g\u00e9nero como ferramenta para reduzir a pobreza entre as mulheres da CPLP &#8211; evento paralelo \u00e0 CSW68<\/p>\n<p>[\/et_pb_text][et_pb_toggle title=&#8221;Informa\u00e7\u00f5es&#8221; closed_toggle_text_color=&#8221;#759fdb&#8221; icon_color=&#8221;#e22685&#8243; toggle_icon=&#8221;&#xe03a;||divi||400&#8243; use_icon_font_size=&#8221;on&#8221; icon_font_size=&#8221;23px&#8221; _builder_version=&#8221;4.13.0&#8243; _module_preset=&#8221;default&#8221; title_font=&#8221;Montserrat|700|||||||&#8221; title_font_size=&#8221;13px&#8221; body_font=&#8221;Montserrat||||||||&#8221; body_font_size=&#8221;11px&#8221; body_line_height=&#8221;1.2em&#8221; background_color=&#8221;rgba(255,255,255,0)&#8221; custom_margin=&#8221;|||8px|false|false&#8221; custom_padding=&#8221;8px||16px|4px|false|false&#8221; border_width_all=&#8221;0px&#8221; global_colors_info=&#8221;{}&#8221;]<\/p>\n<p>Os or\u00e7amentos p\u00fablicos organizam a distribui\u00e7\u00e3o do dinheiro das e dos contribuintes e a forma como este \u00e9 coletado. Deveria ser um dado adquirido que todas as pessoas devem beneficiar igualmente dos servi\u00e7os e or\u00e7amentos p\u00fablicos. Atualmente, vemos que n\u00e3o \u00e9 o caso. Os enviesamentos de g\u00e9nero e os pap\u00e9is desiguais de mulheres e de homens est\u00e3o t\u00e3o enraizados nas nossas sociedades que \u201cfazer as coisas da forma habitual\u201d significa perpetuar as desigualdades, especialmente a distribui\u00e7\u00e3o desigual do trabalho (remunerado e n\u00e3o remunerado), dos rendimentos, da riqueza, da influ\u00eancia, e muito mais. A an\u00e1lise dos or\u00e7amentos com uma perspetiva de g\u00e9nero \u00e9 uma forma de mudar este estado de coisas. O Conselho da Europa define os or\u00e7amentos sens\u00edveis ao g\u00e9nero como resultando de \u201cuma avalia\u00e7\u00e3o dos or\u00e7amentos em fun\u00e7\u00e3o do g\u00e9nero, integrando uma perspetiva de g\u00e9nero em todos os n\u00edveis do processo or\u00e7amental e reestruturando receitas e despesas de forma a promover a igualdade entre mulheres e homens\u201d. Simplificando, os or\u00e7amentos sens\u00edveis ao g\u00e9nero requerem uma an\u00e1lise ou prepara\u00e7\u00e3o dos or\u00e7amentos a partir de uma perspetiva da igualdade de g\u00e9nero. Quando analisamos os or\u00e7amentos deste ponto de vista, podemos garantir que as necessidades econ\u00f3micas e sociais de todas e de todos s\u00e3o asseguradas pelos or\u00e7amentos governamentais e que a despesa p\u00fablica beneficia toda a popula\u00e7\u00e3o. Nesta Confer\u00eancia queremos partilhar pr\u00e1ticas de or\u00e7amenta\u00e7\u00e3o sens\u00edvel ao g\u00e9nero nos pa\u00edses da CPLP com representantes dos Estados e de associa\u00e7\u00f5es de mulheres. O que tem sido feito? Que atores t\u00eam sido envolvidos? Quais os resultados e impactos da or\u00e7amenta\u00e7\u00e3o sens\u00edvel ao g\u00e9nero na redu\u00e7\u00e3o da pobreza das mulheres?<\/p>\n<p><strong>Local:<\/strong> Online &#8211; inscri\u00e7\u00f5es abertas<\/p>\n<p><strong>Dia:<\/strong> 22 de mar\u00e7o | <strong>Hora:<\/strong> 15h30 &#8211; 17h00<\/p>\n<p>&nbsp;<\/p>\n<p>[\/et_pb_toggle][\/et_pb_column][et_pb_column type=&#8221;1_4&#8243; _builder_version=&#8221;4.13.0&#8243; _module_preset=&#8221;default&#8221; background_color=&#8221;RGBA(0,0,0,0)&#8221; border_radii=&#8221;on|12px|12px|12px|12px&#8221; global_colors_info=&#8221;{}&#8221;][\/et_pb_column][\/et_pb_row][et_pb_row admin_label=&#8221;Portalegre&#8221; _builder_version=&#8221;4.13.0&#8243; _module_preset=&#8221;default&#8221; background_color=&#8221;#03989e&#8221; custom_margin=&#8221;24px||0px||false|false&#8221; custom_padding=&#8221;16px||16px||false|false&#8221; border_radii=&#8221;on|12px|12px|12px|12px&#8221; locked=&#8221;off&#8221; global_colors_info=&#8221;{}&#8221;][et_pb_column type=&#8221;4_4&#8243; _builder_version=&#8221;4.13.0&#8243; _module_preset=&#8221;default&#8221; global_colors_info=&#8221;{}&#8221;][et_pb_text admin_label=&#8221;Portalegre&#8221; _builder_version=&#8221;4.13.0&#8243; _module_preset=&#8221;default&#8221; text_font=&#8221;Montserrat|700|||||||&#8221; text_text_color=&#8221;#FFFFFF&#8221; text_font_size=&#8221;16px&#8221; text_letter_spacing=&#8221;1px&#8221; custom_margin=&#8221;2px||0px|20px|false|false&#8221; custom_padding=&#8221;6px||2px||false|false&#8221; global_colors_info=&#8221;{}&#8221;]<\/p>\n<p><span style=\"color: #f3d9da;\">Distrito: <\/span><span style=\"font-size: xx-large;\">Portalegre<\/span><\/p>\n<p>[\/et_pb_text][\/et_pb_column][\/et_pb_row][et_pb_row column_structure=&#8221;1_4,1_4,1_4,1_4&#8243; use_custom_gutter=&#8221;on&#8221; gutter_width=&#8221;2&#8243; make_equal=&#8221;on&#8221; _builder_version=&#8221;4.13.0&#8243; _module_preset=&#8221;default&#8221; background_color=&#8221;rgba(255,255,255,0)&#8221; custom_margin=&#8221;||0px||false|false&#8221; custom_padding=&#8221;||0px||false|false&#8221; locked=&#8221;off&#8221; global_colors_info=&#8221;{}&#8221;][et_pb_column type=&#8221;1_4&#8243; _builder_version=&#8221;4.13.0&#8243; _module_preset=&#8221;default&#8221; background_color=&#8221;#FFFFFF&#8221; border_radii=&#8221;on|12px|12px|12px|12px&#8221; global_colors_info=&#8221;{}&#8221;][et_pb_text _builder_version=&#8221;4.13.0&#8243; _module_preset=&#8221;default&#8221; text_font=&#8221;Montserrat||||||||&#8221; text_font_size=&#8221;12px&#8221; text_line_height=&#8221;1.2em&#8221; custom_margin=&#8221;16px|12px|8px|12px|false|false&#8221; global_colors_info=&#8221;{}&#8221;]<\/p>\n<p><span style=\"font-size: medium; color: #c18934;\"><strong>Crato<\/strong><\/span><\/p>\n<p><strong>Entidade promotora:<\/strong><br \/>APAV &#8211; Gabinete de Apoio \u00e0 V\u00edtima do Alto Alentejo Oeste<\/p>\n<p><strong>Iniciativa | Atividade:<\/strong><br \/>Debate &#8220;Sou mulher e depois?&#8221;<\/p>\n<p>[\/et_pb_text][et_pb_toggle title=&#8221;Informa\u00e7\u00f5es&#8221; closed_toggle_text_color=&#8221;#759fdb&#8221; icon_color=&#8221;#e22685&#8243; toggle_icon=&#8221;&#xe03a;||divi||400&#8243; use_icon_font_size=&#8221;on&#8221; icon_font_size=&#8221;23px&#8221; _builder_version=&#8221;4.13.0&#8243; _module_preset=&#8221;default&#8221; title_font=&#8221;Montserrat|700|||||||&#8221; title_font_size=&#8221;13px&#8221; body_font=&#8221;Montserrat||||||||&#8221; body_font_size=&#8221;11px&#8221; body_line_height=&#8221;1.2em&#8221; background_color=&#8221;rgba(255,255,255,0)&#8221; custom_margin=&#8221;|||8px|false|false&#8221; custom_padding=&#8221;8px||16px|4px|false|false&#8221; border_width_all=&#8221;0px&#8221; global_colors_info=&#8221;{}&#8221;]<\/p>\n<p style=\"text-align: justify;\"><strong>Debate &#8220;Sou mulher e depois?&#8221;<\/strong><\/p>\n<p style=\"text-align: justify;\">Debate sobre o papel da mulher na sociedade, os pap\u00e9is que desempenha, a sua experi\u00eancia enquanto v\u00edtima de viol\u00eancia dom\u00e9stica Comunidade do Crato e alunos da escola profissional Agostinho Roseta<\/p>\n<p><strong>Dia:<\/strong> 8 de mar\u00e7o | <strong>Hora:<\/strong> 10h00<\/p>\n<p>[\/et_pb_toggle][\/et_pb_column][et_pb_column type=&#8221;1_4&#8243; _builder_version=&#8221;4.13.0&#8243; _module_preset=&#8221;default&#8221; background_color=&#8221;#ffffff&#8221; border_radii=&#8221;on|12px|12px|12px|12px&#8221; global_colors_info=&#8221;{}&#8221;][et_pb_text _builder_version=&#8221;4.13.0&#8243; _module_preset=&#8221;default&#8221; text_font=&#8221;Montserrat||||||||&#8221; text_font_size=&#8221;12px&#8221; text_line_height=&#8221;1.2em&#8221; custom_margin=&#8221;16px|12px|8px|12px|false|false&#8221; global_colors_info=&#8221;{}&#8221;]<\/p>\n<p><span style=\"font-size: medium; color: #c18934;\"><strong>Crato<\/strong><\/span><\/p>\n<p><strong>Entidade promotora:<\/strong><br \/>APAV &#8211; Gabinete de Apoio \u00e0 V\u00edtima do Alto Alentejo Oeste<\/p>\n<p><strong>Iniciativa | Atividade:<\/strong><br \/>Celebra\u00e7\u00e3o do Dia da Mulher<\/p>\n<p>[\/et_pb_text][et_pb_toggle title=&#8221;Informa\u00e7\u00f5es&#8221; closed_toggle_text_color=&#8221;#759fdb&#8221; icon_color=&#8221;#e22685&#8243; toggle_icon=&#8221;&#xe03a;||divi||400&#8243; use_icon_font_size=&#8221;on&#8221; icon_font_size=&#8221;23px&#8221; _builder_version=&#8221;4.13.0&#8243; _module_preset=&#8221;default&#8221; title_font=&#8221;Montserrat|700|||||||&#8221; title_font_size=&#8221;13px&#8221; body_font=&#8221;Montserrat||||||||&#8221; body_font_size=&#8221;11px&#8221; body_line_height=&#8221;1.2em&#8221; background_color=&#8221;rgba(255,255,255,0)&#8221; custom_margin=&#8221;|||8px|false|false&#8221; custom_padding=&#8221;8px||16px|4px|false|false&#8221; border_width_all=&#8221;0px&#8221; global_colors_info=&#8221;{}&#8221;]<\/p>\n<p style=\"text-align: justify;\"><strong>Celebra\u00e7\u00e3o do Dia da Mulher<\/strong><\/p>\n<p style=\"text-align: justify;\">Apresentar \u00e0s pessoas reformadas situa\u00e7\u00f5es de viol\u00eancia em v\u00e1rios contextos e pedir que escolham a alternativa mais adequada para fazer face \u00e0s mesmas.<\/p>\n<p><strong>Local:<\/strong> Centro de Reformados e Pensionistas de Ponte de Sor<\/p>\n<p><strong>Data:<\/strong> 8 de mar\u00e7o | <strong>Hora:<\/strong> 14h30<\/p>\n<p>[\/et_pb_toggle][\/et_pb_column][et_pb_column type=&#8221;1_4&#8243; _builder_version=&#8221;4.13.0&#8243; _module_preset=&#8221;default&#8221; background_color=&#8221;#FFFFFF&#8221; border_radii=&#8221;on|12px|12px|12px|12px&#8221; global_colors_info=&#8221;{}&#8221;][et_pb_text _builder_version=&#8221;4.13.0&#8243; _module_preset=&#8221;default&#8221; text_font=&#8221;Montserrat||||||||&#8221; text_font_size=&#8221;12px&#8221; text_line_height=&#8221;1.2em&#8221; custom_margin=&#8221;16px|12px|8px|12px|false|false&#8221; global_colors_info=&#8221;{}&#8221;]<\/p>\n<p><span style=\"font-size: medium; color: #c18934;\"><strong>Elvas<\/strong><\/span><\/p>\n<p><strong>Entidade promotora:<\/strong><br \/>C\u00e2mara Municipal de Elvas<\/p>\n<p><strong>Iniciativa | Atividade:<\/strong><br \/><span data-sheets-root=\"1\" data-sheets-value=\"{&quot;1&quot;:2,&quot;2&quot;:&quot;Partilhas e Mem\u00f3rias- Encontro entre alunos em idade escolar e alunos da Universidade S\u00e9nior&quot;}\" data-sheets-userformat=\"{&quot;2&quot;:513,&quot;3&quot;:{&quot;1&quot;:0},&quot;12&quot;:0}\">Partilhas e Mem\u00f3rias- Encontro entre alunos em idade escolar e alunos da Universidade S\u00e9nior<\/span><\/p>\n<p>[\/et_pb_text][et_pb_toggle title=&#8221;Informa\u00e7\u00f5es&#8221; closed_toggle_text_color=&#8221;#759fdb&#8221; icon_color=&#8221;#e22685&#8243; toggle_icon=&#8221;&#xe03a;||divi||400&#8243; use_icon_font_size=&#8221;on&#8221; icon_font_size=&#8221;23px&#8221; _builder_version=&#8221;4.13.0&#8243; _module_preset=&#8221;default&#8221; title_font=&#8221;Montserrat|700|||||||&#8221; title_font_size=&#8221;13px&#8221; body_font=&#8221;Montserrat||||||||&#8221; body_font_size=&#8221;11px&#8221; body_line_height=&#8221;1.2em&#8221; background_color=&#8221;rgba(255,255,255,0)&#8221; custom_margin=&#8221;|||8px|false|false&#8221; custom_padding=&#8221;8px||16px|4px|false|false&#8221; border_width_all=&#8221;0px&#8221; global_colors_info=&#8221;{}&#8221;]<\/p>\n<p><span data-sheets-root=\"1\" data-sheets-value=\"{&quot;1&quot;:2,&quot;2&quot;:&quot;Partilhas intergeracionais&quot;}\" data-sheets-userformat=\"{&quot;2&quot;:513,&quot;3&quot;:{&quot;1&quot;:0},&quot;12&quot;:0}\">Partilhas intergeracionais<\/span>.<\/p>\n<p><strong>Local:<\/strong> <span data-sheets-root=\"1\" data-sheets-value=\"{&quot;1&quot;:2,&quot;2&quot;:&quot;Forte de Santa Luzia- Servi\u00e7os Educativos&quot;}\" data-sheets-userformat=\"{&quot;2&quot;:513,&quot;3&quot;:{&quot;1&quot;:0},&quot;12&quot;:0}\">Forte de Santa Luzia- Servi\u00e7os Educativos<\/span><\/p>\n<p><strong>Data:<\/strong> 8 de mar\u00e7o | <strong>Hora:<\/strong> 10h00<\/p>\n<p>[\/et_pb_toggle][\/et_pb_column][et_pb_column type=&#8221;1_4&#8243; _builder_version=&#8221;4.13.0&#8243; _module_preset=&#8221;default&#8221; background_color=&#8221;#FFFFFF&#8221; border_radii=&#8221;on|12px|12px|12px|12px&#8221; global_colors_info=&#8221;{}&#8221;][et_pb_text _builder_version=&#8221;4.13.0&#8243; _module_preset=&#8221;default&#8221; text_font=&#8221;Montserrat||||||||&#8221; text_font_size=&#8221;12px&#8221; text_line_height=&#8221;1.2em&#8221; custom_margin=&#8221;16px|12px|8px|12px|false|false&#8221; global_colors_info=&#8221;{}&#8221;]<\/p>\n<p><span style=\"font-size: medium; color: #c18934;\"><strong><span>Monforte<\/span><\/strong><\/span><\/p>\n<p><strong>Entidade promotora:<\/strong><br \/><span>Munic\u00edpio de Monforte<\/span><\/p>\n<p><strong>Iniciativa | Atividade:<\/strong><br \/><span data-sheets-root=\"1\" data-sheets-value=\"{&quot;1&quot;:2,&quot;2&quot;:&quot;Partilhas e Mem\u00f3rias- Encontro entre alunos em idade escolar e alunos da Universidade S\u00e9nior&quot;}\" data-sheets-userformat=\"{&quot;2&quot;:513,&quot;3&quot;:{&quot;1&quot;:0},&quot;12&quot;:0}\">Distribui\u00e7\u00e3o de flores nas IPSS do Concelho pelo Executivo Municipal<\/span><\/p>\n<p>[\/et_pb_text][et_pb_toggle title=&#8221;Informa\u00e7\u00f5es&#8221; closed_toggle_text_color=&#8221;#759fdb&#8221; icon_color=&#8221;#e22685&#8243; toggle_icon=&#8221;&#xe03a;||divi||400&#8243; use_icon_font_size=&#8221;on&#8221; icon_font_size=&#8221;23px&#8221; _builder_version=&#8221;4.13.0&#8243; _module_preset=&#8221;default&#8221; title_font=&#8221;Montserrat|700|||||||&#8221; title_font_size=&#8221;13px&#8221; body_font=&#8221;Montserrat||||||||&#8221; body_font_size=&#8221;11px&#8221; body_line_height=&#8221;1.2em&#8221; background_color=&#8221;rgba(255,255,255,0)&#8221; custom_margin=&#8221;|||8px|false|false&#8221; custom_padding=&#8221;8px||16px|4px|false|false&#8221; border_width_all=&#8221;0px&#8221; global_colors_info=&#8221;{}&#8221;]<\/p>\n<p><span data-sheets-root=\"1\" data-sheets-value=\"{&quot;1&quot;:2,&quot;2&quot;:&quot;Partilhas intergeracionais&quot;}\" data-sheets-userformat=\"{&quot;2&quot;:513,&quot;3&quot;:{&quot;1&quot;:0},&quot;12&quot;:0}\">Oferta de flores a todas as mulheres, funcion\u00e1rias e utentes, das IPSS e Escolas do concelho.<\/span><\/p>\n<p><strong>Local:<\/strong> <span>4 freguesias do Concelho de Monforte<\/span><\/p>\n<p><strong>Data:<\/strong> 08 de mar\u00e7o | <strong>Hora:<\/strong> 08h00<\/p>\n<p>[\/et_pb_toggle][\/et_pb_column][\/et_pb_row][et_pb_row column_structure=&#8221;1_4,1_4,1_4,1_4&#8243; use_custom_gutter=&#8221;on&#8221; gutter_width=&#8221;2&#8243; make_equal=&#8221;on&#8221; _builder_version=&#8221;4.13.0&#8243; _module_preset=&#8221;default&#8221; background_color=&#8221;rgba(255,255,255,0)&#8221; custom_margin=&#8221;||0px||false|false&#8221; custom_padding=&#8221;||0px||false|false&#8221; locked=&#8221;off&#8221; global_colors_info=&#8221;{}&#8221;][et_pb_column type=&#8221;1_4&#8243; _builder_version=&#8221;4.13.0&#8243; _module_preset=&#8221;default&#8221; background_color=&#8221;#FFFFFF&#8221; border_radii=&#8221;on|12px|12px|12px|12px&#8221; global_colors_info=&#8221;{}&#8221;][et_pb_text _builder_version=&#8221;4.13.0&#8243; _module_preset=&#8221;default&#8221; text_font=&#8221;Montserrat||||||||&#8221; text_font_size=&#8221;12px&#8221; text_line_height=&#8221;1.2em&#8221; custom_margin=&#8221;16px|12px|8px|12px|false|false&#8221; global_colors_info=&#8221;{}&#8221;]<\/p>\n<p><span style=\"font-size: medium; color: #c18934;\"><strong><span>Monforte<\/span><\/strong><\/span><\/p>\n<p><strong>Entidade promotora:<\/strong><br \/><span>Munic\u00edpio de Monforte<\/span><\/p>\n<p><strong>Iniciativa | Atividade:<\/strong><br \/><span>Jantar Conv\u00edvio <\/span><\/p>\n<p>[\/et_pb_text][et_pb_toggle title=&#8221;Informa\u00e7\u00f5es&#8221; closed_toggle_text_color=&#8221;#759fdb&#8221; icon_color=&#8221;#e22685&#8243; toggle_icon=&#8221;&#xe03a;||divi||400&#8243; use_icon_font_size=&#8221;on&#8221; icon_font_size=&#8221;23px&#8221; _builder_version=&#8221;4.13.0&#8243; _module_preset=&#8221;default&#8221; title_font=&#8221;Montserrat|700|||||||&#8221; title_font_size=&#8221;13px&#8221; body_font=&#8221;Montserrat||||||||&#8221; body_font_size=&#8221;11px&#8221; body_line_height=&#8221;1.2em&#8221; background_color=&#8221;rgba(255,255,255,0)&#8221; custom_margin=&#8221;|||8px|false|false&#8221; custom_padding=&#8221;8px||16px|4px|false|false&#8221; border_width_all=&#8221;0px&#8221; global_colors_info=&#8221;{}&#8221;]<\/p>\n<p style=\"text-align: justify;\"><span>A Junta de Freguesia de Assumar oferece um jantar conv\u00edvio com anima\u00e7\u00e3o musical a todas as mulheres naturais e residentes na freguesia de Assumar.<\/span><\/p>\n<p style=\"text-align: justify;\"><span><strong>Local:<\/strong> Freguesia de Assumar<\/span><\/p>\n<p><strong>Dia:<\/strong> 08 de mar\u00e7o | <strong>Hora:<\/strong> 20h00<\/p>\n<p><img loading=\"lazy\" src=\"https:\/\/www.cig.gov.pt\/iniciativas-nacionais\/wp-content\/uploads\/2024\/03\/Programa-Assumar-2024-Municipio-Monforte-169x300.png\" width=\"169\" height=\"300\" alt=\"\" class=\"wp-image-4823 alignnone size-medium\" \/><\/p>\n<p>[\/et_pb_toggle][\/et_pb_column][et_pb_column type=&#8221;1_4&#8243; _builder_version=&#8221;4.13.0&#8243; _module_preset=&#8221;default&#8221; background_color=&#8221;#ffffff&#8221; border_radii=&#8221;on|12px|12px|12px|12px&#8221; global_colors_info=&#8221;{}&#8221;][et_pb_text _builder_version=&#8221;4.13.0&#8243; _module_preset=&#8221;default&#8221; text_font=&#8221;Montserrat||||||||&#8221; text_font_size=&#8221;12px&#8221; text_line_height=&#8221;1.2em&#8221; custom_margin=&#8221;16px|12px|8px|12px|false|false&#8221; global_colors_info=&#8221;{}&#8221;]<\/p>\n<p><span style=\"font-size: medium; color: #c18934;\"><strong><span>Monforte<\/span><\/strong><\/span><\/p>\n<p><strong>Entidade promotora:<\/strong><br \/><span>Munic\u00edpio de Monforte<\/span><\/p>\n<p><strong>Iniciativa | Atividade:<\/strong><br \/><span>Passeio e almo\u00e7o conv\u00edvio<\/span><\/p>\n<p>[\/et_pb_text][et_pb_toggle title=&#8221;Informa\u00e7\u00f5es&#8221; closed_toggle_text_color=&#8221;#759fdb&#8221; icon_color=&#8221;#e22685&#8243; toggle_icon=&#8221;&#xe03a;||divi||400&#8243; use_icon_font_size=&#8221;on&#8221; icon_font_size=&#8221;23px&#8221; _builder_version=&#8221;4.13.0&#8243; _module_preset=&#8221;default&#8221; title_font=&#8221;Montserrat|700|||||||&#8221; title_font_size=&#8221;13px&#8221; body_font=&#8221;Montserrat||||||||&#8221; body_font_size=&#8221;11px&#8221; body_line_height=&#8221;1.2em&#8221; background_color=&#8221;rgba(255,255,255,0)&#8221; custom_margin=&#8221;|||8px|false|false&#8221; custom_padding=&#8221;8px||16px|4px|false|false&#8221; border_width_all=&#8221;0px&#8221; global_colors_info=&#8221;{}&#8221;]<\/p>\n<p style=\"text-align: justify;\"><span>As Juntas de Freguesia de Assumar, Monforte e Santo Aleixo organizam um passeio ao Parque Tem\u00e1tico do GIN, na Costa Alentejana, seguido de um almo\u00e7o conv\u00edvio na Quinta da Cilha, em Santiago do Cac\u00e9m. Com apoio da C\u00e2mara Municipal de Monforte na desloca\u00e7\u00e3o de tod@s as\/os participantes.<\/span><\/p>\n<p><strong>Local:<\/strong> <span>Costa Alentejana\/Santiago do Cacem <\/span><\/p>\n<p><strong>Data:<\/strong> 16 de mar\u00e7o | <strong>Hora:<\/strong> 08ho0<\/p>\n<p><img loading=\"lazy\" src=\"https:\/\/www.cig.gov.pt\/iniciativas-nacionais\/wp-content\/uploads\/2024\/03\/Cartaz_Dia-da-Mulher-2024_S-Municipio-Monforte-214x300.jpg\" width=\"214\" height=\"300\" alt=\"\" class=\"wp-image-4824 alignnone size-medium\" \/><\/p>\n<p>[\/et_pb_toggle][\/et_pb_column][et_pb_column type=&#8221;1_4&#8243; _builder_version=&#8221;4.13.0&#8243; _module_preset=&#8221;default&#8221; background_color=&#8221;RGBA(0,0,0,0)&#8221; border_radii=&#8221;on|12px|12px|12px|12px&#8221; global_colors_info=&#8221;{}&#8221;][\/et_pb_column][et_pb_column type=&#8221;1_4&#8243; _builder_version=&#8221;4.13.0&#8243; _module_preset=&#8221;default&#8221; background_color=&#8221;RGBA(0,0,0,0)&#8221; border_radii=&#8221;on|12px|12px|12px|12px&#8221; global_colors_info=&#8221;{}&#8221;][\/et_pb_column][\/et_pb_row][et_pb_row admin_label=&#8221;Porto&#8221; _builder_version=&#8221;4.13.0&#8243; _module_preset=&#8221;default&#8221; background_color=&#8221;#03989e&#8221; custom_margin=&#8221;24px||0px||false|false&#8221; custom_padding=&#8221;16px||16px||false|false&#8221; border_radii=&#8221;on|12px|12px|12px|12px&#8221; global_colors_info=&#8221;{}&#8221;][et_pb_column type=&#8221;4_4&#8243; _builder_version=&#8221;4.13.0&#8243; _module_preset=&#8221;default&#8221; global_colors_info=&#8221;{}&#8221;][et_pb_text admin_label=&#8221;Porto&#8221; _builder_version=&#8221;4.13.0&#8243; _module_preset=&#8221;default&#8221; text_font=&#8221;Montserrat|700|||||||&#8221; text_text_color=&#8221;#FFFFFF&#8221; text_font_size=&#8221;16px&#8221; text_letter_spacing=&#8221;1px&#8221; custom_margin=&#8221;2px||0px|20px|false|false&#8221; custom_padding=&#8221;6px||2px||false|false&#8221; global_colors_info=&#8221;{}&#8221;]<\/p>\n<p><span style=\"color: #f3d9da;\">Distrito: <\/span><span style=\"font-size: xx-large;\">Porto<\/span><\/p>\n<p>[\/et_pb_text][\/et_pb_column][\/et_pb_row][et_pb_row column_structure=&#8221;1_4,1_4,1_4,1_4&#8243; use_custom_gutter=&#8221;on&#8221; gutter_width=&#8221;2&#8243; make_equal=&#8221;on&#8221; _builder_version=&#8221;4.13.0&#8243; _module_preset=&#8221;default&#8221; background_color=&#8221;rgba(255,255,255,0)&#8221; custom_margin=&#8221;||0px||false|false&#8221; custom_padding=&#8221;||0px||false|false&#8221; border_radii=&#8221;on|12px|12px|12px|12px&#8221; locked=&#8221;off&#8221; global_colors_info=&#8221;{}&#8221;][et_pb_column type=&#8221;1_4&#8243; _builder_version=&#8221;4.13.0&#8243; _module_preset=&#8221;default&#8221; background_color=&#8221;#FFFFFF&#8221; border_radii=&#8221;on|12px|12px|12px|12px&#8221; global_colors_info=&#8221;{}&#8221;][et_pb_text _builder_version=&#8221;4.13.0&#8243; _module_preset=&#8221;default&#8221; text_font=&#8221;Montserrat||||||||&#8221; text_font_size=&#8221;12px&#8221; text_line_height=&#8221;1.2em&#8221; custom_margin=&#8221;16px|12px|8px|12px|false|false&#8221; global_colors_info=&#8221;{}&#8221;]<\/p>\n<p><span style=\"font-size: medium; color: #c18934;\"><strong>Amarante<\/strong><\/span><\/p>\n<p><strong>Entidade promotora:<\/strong><br \/>C\u00e2mara Municipal Amarante<\/p>\n<p><strong>Iniciativa | Atividade:<\/strong><br \/>Produ\u00e7\u00e3o de V\u00eddeo e difus\u00e3o nas Redes Sociais<\/p>\n<p>[\/et_pb_text][et_pb_toggle title=&#8221;Informa\u00e7\u00f5es&#8221; closed_toggle_text_color=&#8221;#759fdb&#8221; icon_color=&#8221;#e22685&#8243; toggle_icon=&#8221;&#xe03a;||divi||400&#8243; use_icon_font_size=&#8221;on&#8221; icon_font_size=&#8221;23px&#8221; _builder_version=&#8221;4.13.0&#8243; _module_preset=&#8221;default&#8221; title_font=&#8221;Montserrat|700|||||||&#8221; title_font_size=&#8221;13px&#8221; body_font=&#8221;Montserrat||||||||&#8221; body_font_size=&#8221;11px&#8221; body_line_height=&#8221;1.2em&#8221; background_color=&#8221;rgba(255,255,255,0)&#8221; custom_margin=&#8221;|||8px|false|false&#8221; custom_padding=&#8221;8px||16px|4px|false|false&#8221; border_width_all=&#8221;0px&#8221; global_colors_info=&#8221;{}&#8221;]<\/p>\n<p style=\"text-align: justify;\">Produ\u00e7\u00e3o de V\u00eddeo sobre a origem do Dia Internacional das Mulheres, adotando uma perspetiva hist\u00f3rica e com recurso a entrevistas de ruas.<\/p>\n<p><strong>Dia:<\/strong> 8 de mar\u00e7o | <strong>Hora:<\/strong> 12h00<\/p>\n<p>[\/et_pb_toggle][\/et_pb_column][et_pb_column type=&#8221;1_4&#8243; _builder_version=&#8221;4.13.0&#8243; _module_preset=&#8221;default&#8221; background_color=&#8221;#FFFFFF&#8221; border_radii=&#8221;on|12px|12px|12px|12px&#8221; global_colors_info=&#8221;{}&#8221;][et_pb_text _builder_version=&#8221;4.13.0&#8243; _module_preset=&#8221;default&#8221; text_font=&#8221;Montserrat||||||||&#8221; text_font_size=&#8221;12px&#8221; text_line_height=&#8221;1.2em&#8221; custom_margin=&#8221;16px|12px|8px|12px|false|false&#8221; global_colors_info=&#8221;{}&#8221;]<\/p>\n<p><span style=\"font-size: medium; color: #c18934;\"><strong>Felgueiras<\/strong><\/span><\/p>\n<p><strong>Entidade promotora:<\/strong><br \/><span data-sheets-root=\"1\" data-sheets-value=\"{&quot;1&quot;:2,&quot;2&quot;:&quot;Comunidade Intermunicipal do T\u00e2mega e Sousa&quot;}\" data-sheets-userformat=\"{&quot;2&quot;:513,&quot;3&quot;:{&quot;1&quot;:0},&quot;12&quot;:0}\">Comunidade Intermunicipal do T\u00e2mega e Sousa<\/span><\/p>\n<p><strong>Iniciativa | Atividade:<\/strong><br \/><span data-sheets-root=\"1\" data-sheets-value=\"{&quot;1&quot;:2,&quot;2&quot;:&quot;Apresenta\u00e7\u00e3o da Pe\u00e7a de Teatro &quot;A Terra da Igualdade&quot;&quot;}\" data-sheets-userformat=\"{&quot;2&quot;:513,&quot;3&quot;:{&quot;1&quot;:0},&quot;12&quot;:0}\">Apresenta\u00e7\u00e3o da Pe\u00e7a de Teatro &#8220;A Terra da Igualdade&#8221;<\/span><\/p>\n<p>[\/et_pb_text][et_pb_toggle title=&#8221;Informa\u00e7\u00f5es&#8221; closed_toggle_text_color=&#8221;#759fdb&#8221; icon_color=&#8221;#e22685&#8243; toggle_icon=&#8221;&#xe03a;||divi||400&#8243; use_icon_font_size=&#8221;on&#8221; icon_font_size=&#8221;23px&#8221; _builder_version=&#8221;4.13.0&#8243; _module_preset=&#8221;default&#8221; title_font=&#8221;Montserrat|700|||||||&#8221; title_font_size=&#8221;13px&#8221; body_font=&#8221;Montserrat||||||||&#8221; body_font_size=&#8221;11px&#8221; body_line_height=&#8221;1.2em&#8221; background_color=&#8221;rgba(255,255,255,0)&#8221; custom_margin=&#8221;|||8px|false|false&#8221; custom_padding=&#8221;8px||16px|4px|false|false&#8221; border_width_all=&#8221;0px&#8221; global_colors_info=&#8221;{}&#8221;]<\/p>\n<p style=\"text-align: justify;\"><span data-sheets-root=\"1\" data-sheets-value=\"{&quot;1&quot;:2,&quot;2&quot;:&quot;Depois da pe\u00e7a de teatro Uma Aventura pela Igualdade, que percorreu as escolas do 1.\u00ba ciclo da regi\u00e3o no ano letivo transato, a Unidas \u2013 Rede Intermunicipal de Apoio \u00e0 V\u00edtima do Douro, T\u00e2mega e Sousa, servi\u00e7o coordenado pela Comunidade Intermunicipal (CIM) do T\u00e2mega e Sousa, leva agora \u00e0 cena um teatro de marionetas infantil sobre a problem\u00e1tica das quest\u00f5es de g\u00e9nero. Este espet\u00e1culo, que iniciou o seu p\u00e9riplo pela regi\u00e3o no dia 19 de fevereiro e estar\u00e1 em cena at\u00e9 ao final do m\u00eas de abril, enquadra-se no trabalho que a Unidas tem vindo a desenvolver de preven\u00e7\u00e3o e capacita\u00e7\u00e3o da comunidade escolar na \u00e1rea da viol\u00eancia dom\u00e9stica e de g\u00e9nero, estando em linha com a Estrat\u00e9gia Nacional para a Igualdade e a N\u00e3o Discrimina\u00e7\u00e3o 2030, designadamente com o Plano de A\u00e7\u00e3o Para a Igualdade entre Homens e Mulheres.nnA pe\u00e7a, que ser\u00e1 apresentada nos 11 munic\u00edpios que integram a CIM do T\u00e2mega e Sousa, num total de 38 sess\u00f5es, ter\u00e1 como espectadores os alunos dos 3.\u00ba e 4.\u00ba anos do primeiro ciclo do ensino b\u00e1sico, num total de mais de 5.500 crian\u00e7as, bem como os respetivos professores, procurando sensibiliz\u00e1-los para esta tem\u00e1tica.nnA Terra da Igualdade \u00e9 uma produ\u00e7\u00e3o da Jangada Teatro, uma companhia da regi\u00e3o, sobre as quest\u00f5es da igualdade, da viol\u00eancia de g\u00e9nero e da viol\u00eancia dom\u00e9stica, que inclui na sua a\u00e7\u00e3o elementos identificativos dos 11 concelhos que integram a CIM do T\u00e2mega e Sousa.nnO resultado \u00e9 um espet\u00e1culo onde encontramos personagens fict\u00edcias, retiradas de monumentos e de museus ou ligadas ao universo popular, tradicional e cultural dos concelhos da regi\u00e3o, que saem dos seus lugares de origem para partirem em busca da terra da igualdade. Nesta aventura, perdidos na sua busca interior, todos acabam por ir parar ao atelier de um pintor famoso. Umas personagens desejam a mudan\u00e7a e s\u00e3o mais tolerantes e recetivas, enquanto outras n\u00e3o desistem de manter uma sociedade onde a mulher n\u00e3o tem voz. Mas todas est\u00e3o a aprender, num mundo em constante mudan\u00e7a, desafiando quem s\u00e3o e o que querem ser, construindo passo a passo o presente. No seu percurso, acabam por perceber que s\u00f3 elas podem criar a terra que tanto almejam, mas que, para que isso aconte\u00e7a, ter\u00e3o de destruir o preconceito que cada um criou no seu interior.nnNota: No dia 8 de mar\u00e7o a pe\u00e7a de teatro ser\u00e1 exibida no munic\u00edpio de Felgueiras, contudo, a mesma ir\u00e1 percorrer os 11 munic\u00edpios da CIM do T\u00e2mega e Sousa. A data de in\u00edcio e de fim diz respeito ao per\u00edodo de exibi\u00e7\u00e3o da pe\u00e7a em toda a regi\u00e3o. A hora diz respeito \u00e0 hora em que a pe\u00e7a ser\u00e1 exibida no Munic\u00edpio de Felgueiras no dia 8 de mar\u00e7o. Ser\u00e3o exibidas 2 sess\u00f5es, uma \u00e0s 10:30h e outras \u00e0s 14:30h (contudo, s\u00f3 \u00e9 poss\u00edvel inserir um hor\u00e1rio).&quot;}\" data-sheets-userformat=\"{&quot;2&quot;:513,&quot;3&quot;:{&quot;1&quot;:0},&quot;12&quot;:0}\">Depois da pe\u00e7a de teatro Uma Aventura pela Igualdade, que percorreu as escolas do 1.\u00ba ciclo da regi\u00e3o no ano letivo transato, a Unidas \u2013 Rede Intermunicipal de Apoio \u00e0 V\u00edtima do Douro, T\u00e2mega e Sousa, servi\u00e7o coordenado pela Comunidade Intermunicipal (CIM) do T\u00e2mega e Sousa, leva agora \u00e0 cena um teatro de marionetas infantil sobre a problem\u00e1tica das quest\u00f5es de g\u00e9nero. Este espet\u00e1culo, que iniciou o seu p\u00e9riplo pela regi\u00e3o no dia 19 de fevereiro e estar\u00e1 em cena at\u00e9 ao final do m\u00eas de abril, enquadra-se no trabalho que a Unidas tem vindo a desenvolver de preven\u00e7\u00e3o e capacita\u00e7\u00e3o da comunidade escolar na \u00e1rea da viol\u00eancia dom\u00e9stica e de g\u00e9nero, estando em linha com a Estrat\u00e9gia Nacional para a Igualdade e a N\u00e3o Discrimina\u00e7\u00e3o 2030, designadamente com o Plano de A\u00e7\u00e3o Para a Igualdade entre Homens e Mulheres.<\/p>\n<p>A pe\u00e7a, que ser\u00e1 apresentada nos 11 munic\u00edpios que integram a CIM do T\u00e2mega e Sousa, num total de 38 sess\u00f5es, ter\u00e1 como espetadores os alunos dos 3.\u00ba e 4.\u00ba anos do primeiro ciclo do ensino b\u00e1sico, num total de mais de 5.500 crian\u00e7as, bem como os respetivos professores, procurando sensibiliz\u00e1-los para esta tem\u00e1tica.<\/p>\n<p>A Terra da Igualdade \u00e9 uma produ\u00e7\u00e3o da Jangada Teatro, uma companhia da regi\u00e3o, sobre as quest\u00f5es da igualdade, da viol\u00eancia de g\u00e9nero e da viol\u00eancia dom\u00e9stica, que inclui na sua a\u00e7\u00e3o elementos identificativos dos 11 concelhos que integram a CIM do T\u00e2mega e Sousa.<\/p>\n<p>O resultado \u00e9 um espet\u00e1culo onde encontramos personagens fict\u00edcias, retiradas de monumentos e de museus ou ligadas ao universo popular, tradicional e cultural dos concelhos da regi\u00e3o, que saem dos seus lugares de origem para partirem em busca da terra da igualdade. Nesta aventura, perdidos na sua busca interior, todos acabam por ir parar ao atelier de um pintor famoso. Umas personagens desejam a mudan\u00e7a e s\u00e3o mais tolerantes e recetivas, enquanto outras n\u00e3o desistem de manter uma sociedade onde a mulher n\u00e3o tem voz. Mas todas est\u00e3o a aprender, num mundo em constante mudan\u00e7a, desafiando quem s\u00e3o e o que querem ser, construindo passo a passo o presente. No seu percurso, acabam por perceber que s\u00f3 elas podem criar a terra que tanto almejam, mas que, para que isso aconte\u00e7a, ter\u00e3o de destruir o preconceito que cada um criou no seu interior.<\/p>\n<p>Nota: No dia 8 de mar\u00e7o a pe\u00e7a de teatro ser\u00e1 exibida no munic\u00edpio de Felgueiras, contudo, a mesma ir\u00e1 percorrer os 11 munic\u00edpios da CIM do T\u00e2mega e Sousa. A data de in\u00edcio e de fim diz respeito ao per\u00edodo de exibi\u00e7\u00e3o da pe\u00e7a em toda a regi\u00e3o. A hora diz respeito \u00e0 hora em que a pe\u00e7a ser\u00e1 exibida no Munic\u00edpio de Felgueiras no dia 8 de mar\u00e7o. Ser\u00e3o exibidas 2 sess\u00f5es, uma \u00e0s 10:30h e outras \u00e0s 14:30h (contudo, s\u00f3 \u00e9 poss\u00edvel inserir um hor\u00e1rio).<\/span><\/p>\n<p><strong>Local:<\/strong> <span data-sheets-root=\"1\" data-sheets-value=\"{&quot;1&quot;:2,&quot;2&quot;:&quot;Casa das Artes de Felgueiras&quot;}\" data-sheets-userformat=\"{&quot;2&quot;:513,&quot;3&quot;:{&quot;1&quot;:0},&quot;12&quot;:0}\">Casa das Artes de Felgueiras<\/span><\/p>\n<p><strong>Dia:<\/strong> 19 de fevereiro a 30 de abril | <strong>Hora:<\/strong> 10h30<\/p>\n<p>[\/et_pb_toggle][\/et_pb_column][et_pb_column type=&#8221;1_4&#8243; _builder_version=&#8221;4.13.0&#8243; _module_preset=&#8221;default&#8221; background_color=&#8221;#FFFFFF&#8221; border_radii=&#8221;on|12px|12px|12px|12px&#8221; global_colors_info=&#8221;{}&#8221;][et_pb_text _builder_version=&#8221;4.13.0&#8243; _module_preset=&#8221;default&#8221; text_font=&#8221;Montserrat||||||||&#8221; text_font_size=&#8221;12px&#8221; text_line_height=&#8221;1.2em&#8221; custom_margin=&#8221;16px|12px|8px|12px|false|false&#8221; global_colors_info=&#8221;{}&#8221;]<\/p>\n<p><span style=\"font-size: medium; color: #c18934;\"><strong>Matosinhos<\/strong><\/span><\/p>\n<p><strong>Entidade promotora:<\/strong><br \/>Escola Secund\u00e1ria Jo\u00e3o Gon\u00e7alves Zarco<\/p>\n<p><strong>Iniciativa | Atividade:<\/strong><br \/>Celebra\u00e7\u00e3o do dia da Mulher<\/p>\n<p>[\/et_pb_text][et_pb_toggle title=&#8221;Informa\u00e7\u00f5es&#8221; closed_toggle_text_color=&#8221;#759fdb&#8221; icon_color=&#8221;#e22685&#8243; toggle_icon=&#8221;&#xe03a;||divi||400&#8243; use_icon_font_size=&#8221;on&#8221; icon_font_size=&#8221;23px&#8221; _builder_version=&#8221;4.13.0&#8243; _module_preset=&#8221;default&#8221; title_font=&#8221;Montserrat|700|||||||&#8221; title_font_size=&#8221;13px&#8221; body_font=&#8221;Montserrat||||||||&#8221; body_font_size=&#8221;11px&#8221; body_line_height=&#8221;1.2em&#8221; background_color=&#8221;rgba(255,255,255,0)&#8221; custom_margin=&#8221;|||8px|false|false&#8221; custom_padding=&#8221;8px||16px|4px|false|false&#8221; border_width_all=&#8221;0px&#8221; global_colors_info=&#8221;{}&#8221;]<\/p>\n<p style=\"text-align: justify;\"><strong>Celebra\u00e7\u00e3o do dia da Mulher<\/strong><\/p>\n<p style=\"text-align: justify;\">Exposi\u00e7\u00e3o num mural de biografias de mulheres representativas de diversos pa\u00edses no mundo que ficaram famosas pelas suas a\u00e7\u00f5es.<\/p>\n<p><strong>Dia:<\/strong> 4 de mar\u00e7o | <strong>Hora:<\/strong> 19h00<\/p>\n<p>[\/et_pb_toggle][\/et_pb_column][et_pb_column type=&#8221;1_4&#8243; _builder_version=&#8221;4.13.0&#8243; _module_preset=&#8221;default&#8221; background_color=&#8221;#FFFFFF&#8221; border_radii=&#8221;on|12px|12px|12px|12px&#8221; global_colors_info=&#8221;{}&#8221;][et_pb_text _builder_version=&#8221;4.13.0&#8243; _module_preset=&#8221;default&#8221; text_font=&#8221;Montserrat||||||||&#8221; text_font_size=&#8221;12px&#8221; text_line_height=&#8221;1.2em&#8221; custom_margin=&#8221;16px|12px|8px|12px|false|false&#8221; global_colors_info=&#8221;{}&#8221;]<\/p>\n<p><span style=\"font-size: medium; color: #c18934;\"><strong>Matosinhos<\/strong><\/span><\/p>\n<p><strong>Entidade promotora:<\/strong><br \/>Escola Secund\u00e1ria Jo\u00e3o Gon\u00e7alves Zarco<\/p>\n<p><strong>Iniciativa | Atividade:<\/strong><br \/>Celebra\u00e7\u00e3o do dia da Mulher<\/p>\n<p>[\/et_pb_text][et_pb_toggle title=&#8221;Informa\u00e7\u00f5es&#8221; closed_toggle_text_color=&#8221;#759fdb&#8221; icon_color=&#8221;#e22685&#8243; toggle_icon=&#8221;&#xe03a;||divi||400&#8243; use_icon_font_size=&#8221;on&#8221; icon_font_size=&#8221;23px&#8221; _builder_version=&#8221;4.13.0&#8243; _module_preset=&#8221;default&#8221; title_font=&#8221;Montserrat|700|||||||&#8221; title_font_size=&#8221;13px&#8221; body_font=&#8221;Montserrat||||||||&#8221; body_font_size=&#8221;11px&#8221; body_line_height=&#8221;1.2em&#8221; background_color=&#8221;rgba(255,255,255,0)&#8221; custom_margin=&#8221;|||8px|false|false&#8221; custom_padding=&#8221;8px||16px|4px|false|false&#8221; border_width_all=&#8221;0px&#8221; global_colors_info=&#8221;{}&#8221;]<\/p>\n<p style=\"text-align: justify;\"><strong>Celebra\u00e7\u00e3o do dia da Mulher<\/strong><\/p>\n<p style=\"text-align: justify;\">Exposi\u00e7\u00e3o num mural de biografias de mulheres representativas de diversos pa\u00edses no mundo que ficaram famosas pelas suas a\u00e7\u00f5es.<\/p>\n<p><strong>Dia:<\/strong> 4 de mar\u00e7o | <strong>Hora:<\/strong> 19h00<\/p>\n<p>[\/et_pb_toggle][\/et_pb_column][\/et_pb_row][et_pb_row column_structure=&#8221;1_4,1_4,1_4,1_4&#8243; use_custom_gutter=&#8221;on&#8221; gutter_width=&#8221;2&#8243; make_equal=&#8221;on&#8221; _builder_version=&#8221;4.13.0&#8243; _module_preset=&#8221;default&#8221; background_color=&#8221;rgba(255,255,255,0)&#8221; custom_margin=&#8221;||0px||false|false&#8221; custom_padding=&#8221;||0px||false|false&#8221; border_radii=&#8221;on|12px|12px|12px|12px&#8221; locked=&#8221;off&#8221; global_colors_info=&#8221;{}&#8221;][et_pb_column type=&#8221;1_4&#8243; _builder_version=&#8221;4.13.0&#8243; _module_preset=&#8221;default&#8221; background_color=&#8221;#FFFFFF&#8221; border_radii=&#8221;on|12px|12px|12px|12px&#8221; global_colors_info=&#8221;{}&#8221;][et_pb_text _builder_version=&#8221;4.13.0&#8243; _module_preset=&#8221;default&#8221; text_font=&#8221;Montserrat||||||||&#8221; text_font_size=&#8221;12px&#8221; text_line_height=&#8221;1.2em&#8221; custom_margin=&#8221;16px|12px|8px|12px|false|false&#8221; global_colors_info=&#8221;{}&#8221;]<\/p>\n<p><span style=\"font-size: medium; color: #c18934;\"><strong>Porto<\/strong><\/span><\/p>\n<p><strong>Entidade promotora:<\/strong><br \/><span data-sheets-root=\"1\" data-sheets-value=\"{&quot;1&quot;:2,&quot;2&quot;:&quot;Museu Nacional Soares dos Reis&quot;}\" data-sheets-userformat=\"{&quot;2&quot;:897,&quot;3&quot;:{&quot;1&quot;:0},&quot;10&quot;:1,&quot;11&quot;:4,&quot;12&quot;:0}\">Museu Nacional Soares dos Reis<\/span><\/p>\n<p><strong>Iniciativa | Atividade:<\/strong><br \/><span data-sheets-root=\"1\" data-sheets-value=\"{&quot;1&quot;:2,&quot;2&quot;:&quot;Visita Orientada Artistas mulheres, poesia e liberdade&quot;}\" data-sheets-userformat=\"{&quot;2&quot;:897,&quot;3&quot;:{&quot;1&quot;:0},&quot;10&quot;:1,&quot;11&quot;:4,&quot;12&quot;:0}\">Visita Orientada Artistas mulheres, poesia e liberdade<\/span><\/p>\n<p>[\/et_pb_text][et_pb_toggle title=&#8221;Informa\u00e7\u00f5es&#8221; closed_toggle_text_color=&#8221;#759fdb&#8221; icon_color=&#8221;#e22685&#8243; toggle_icon=&#8221;&#xe03a;||divi||400&#8243; use_icon_font_size=&#8221;on&#8221; icon_font_size=&#8221;23px&#8221; _builder_version=&#8221;4.13.0&#8243; _module_preset=&#8221;default&#8221; title_font=&#8221;Montserrat|700|||||||&#8221; title_font_size=&#8221;13px&#8221; body_font=&#8221;Montserrat||||||||&#8221; body_font_size=&#8221;11px&#8221; body_line_height=&#8221;1.2em&#8221; background_color=&#8221;rgba(255,255,255,0)&#8221; custom_margin=&#8221;|||8px|false|false&#8221; custom_padding=&#8221;8px||16px|4px|false|false&#8221; border_width_all=&#8221;0px&#8221; global_colors_info=&#8221;{}&#8221;]<\/p>\n<p style=\"text-align: justify;\"><span data-sheets-root=\"1\" data-sheets-value=\"{&quot;1&quot;:2,&quot;2&quot;:&quot;Para as artistas representadas na exposi\u00e7\u00e3o de longa dura\u00e7\u00e3o do Museu Nacional Soares dos Reis, ser mulher n\u00e3o foi uma condi\u00e7\u00e3o limitadora \u00e0 sua afirma\u00e7\u00e3o e reconhecimento num mundo de dom\u00ednio maioritariamente masculino. As obras, viv\u00eancias e percursos destas artistas, nascidas entre os s\u00e9culos XVII e XX, s\u00e3o o ponto de partida para uma visita que se completa com poesia (neste seu Dia Mundial) assinada por mulheres que viveram na mesma \u00e9poca, em circunst\u00e2ncias similares.nA partir da contempla\u00e7\u00e3o de pe\u00e7as de Josefa d\u2019\u00d3bidos, Francisca de Almeida Furtado, Maria da Gl\u00f3ria Ribeiro, Sofia e Aur\u00e9lia de Souza, Sarah Afonso e Irene Vilar e das circunst\u00e2ncias em que trabalharam, faz-se a liga\u00e7\u00e3o a poetas como Soror Maria do C\u00e9u, Ant\u00f3nia Pusich, Marta C\u00e2mara, Judith Teixeira, Maria O\u2019Neil, Maria Osswald e Sophia de Mello Breyner.&quot;}\" data-sheets-userformat=\"{&quot;2&quot;:897,&quot;3&quot;:{&quot;1&quot;:0},&quot;10&quot;:1,&quot;11&quot;:4,&quot;12&quot;:0}\">Para as artistas representadas na exposi\u00e7\u00e3o de longa dura\u00e7\u00e3o do Museu Nacional Soares dos Reis, ser mulher n\u00e3o foi uma condi\u00e7\u00e3o limitadora \u00e0 sua afirma\u00e7\u00e3o e reconhecimento num mundo de dom\u00ednio maioritariamente masculino. As obras, viv\u00eancias e percursos destas artistas, nascidas entre os s\u00e9culos XVII e XX, s\u00e3o o ponto de partida para uma visita que se completa com poesia (neste seu Dia Mundial) assinada por mulheres que viveram na mesma \u00e9poca, em circunst\u00e2ncias similares.<br \/>A partir da contempla\u00e7\u00e3o de pe\u00e7as de Josefa d\u2019\u00d3bidos, Francisca de Almeida Furtado, Maria da Gl\u00f3ria Ribeiro, Sofia e Aur\u00e9lia de Souza, Sarah Afonso e Irene Vilar e das circunst\u00e2ncias em que trabalharam, faz-se a liga\u00e7\u00e3o a poetas como Soror Maria do C\u00e9u, Ant\u00f3nia Pusich, Marta C\u00e2mara, Judith Teixeira, Maria O\u2019Neil, Maria Osswald e Sophia de Mello Breyner.<\/span><\/p>\n<p><img loading=\"lazy\" class=\"wp-image-4245 alignnone size-medium\" src=\"https:\/\/www.cig.gov.pt\/iniciativas-nacionais\/wp-content\/uploads\/2024\/02\/cover-Liberdade-01-18-Museu-Nacional-de-Soares-dos-Reis-253x300.png\" alt=\"\" width=\"253\" height=\"300\" \/><\/p>\n<p><strong>Dia:<\/strong> 21 de mar\u00e7o | <strong>Hora:<\/strong> 15h00<\/p>\n<p>[\/et_pb_toggle][\/et_pb_column][et_pb_column type=&#8221;1_4&#8243; _builder_version=&#8221;4.13.0&#8243; _module_preset=&#8221;default&#8221; background_color=&#8221;#FFFFFF&#8221; border_radii=&#8221;on|12px|12px|12px|12px&#8221; global_colors_info=&#8221;{}&#8221;][et_pb_text _builder_version=&#8221;4.13.0&#8243; _module_preset=&#8221;default&#8221; text_font=&#8221;Montserrat||||||||&#8221; text_font_size=&#8221;12px&#8221; text_line_height=&#8221;1.2em&#8221; custom_margin=&#8221;16px|12px|8px|12px|false|false&#8221; global_colors_info=&#8221;{}&#8221;]<\/p>\n<p><span style=\"font-size: medium; color: #c18934;\"><strong>Porto<\/strong><\/span><\/p>\n<p><strong>Entidade promotora:<\/strong><br \/><span data-sheets-root=\"1\" data-sheets-value=\"{&quot;1&quot;:2,&quot;2&quot;:&quot;Museu Nacional Soares dos Reis&quot;}\" data-sheets-userformat=\"{&quot;2&quot;:897,&quot;3&quot;:{&quot;1&quot;:0},&quot;10&quot;:1,&quot;11&quot;:4,&quot;12&quot;:0}\">Escola Profissional de Economia Social<\/span><\/p>\n<p><strong>Iniciativa | Atividade:<\/strong><br \/><span data-sheets-root=\"1\" data-sheets-value=\"{&quot;1&quot;:2,&quot;2&quot;:&quot;Visita Orientada Artistas mulheres, poesia e liberdade&quot;}\" data-sheets-userformat=\"{&quot;2&quot;:897,&quot;3&quot;:{&quot;1&quot;:0},&quot;10&quot;:1,&quot;11&quot;:4,&quot;12&quot;:0}\">&#8220;Esta \u00e9 a madrugada que eu esperava&#8221;<\/span><\/p>\n<p>[\/et_pb_text][et_pb_toggle title=&#8221;Informa\u00e7\u00f5es&#8221; closed_toggle_text_color=&#8221;#759fdb&#8221; icon_color=&#8221;#e22685&#8243; toggle_icon=&#8221;&#xe03a;||divi||400&#8243; use_icon_font_size=&#8221;on&#8221; icon_font_size=&#8221;23px&#8221; _builder_version=&#8221;4.13.0&#8243; _module_preset=&#8221;default&#8221; title_font=&#8221;Montserrat|700|||||||&#8221; title_font_size=&#8221;13px&#8221; body_font=&#8221;Montserrat||||||||&#8221; body_font_size=&#8221;11px&#8221; body_line_height=&#8221;1.2em&#8221; background_color=&#8221;rgba(255,255,255,0)&#8221; custom_margin=&#8221;|||8px|false|false&#8221; custom_padding=&#8221;8px||16px|4px|false|false&#8221; border_width_all=&#8221;0px&#8221; global_colors_info=&#8221;{}&#8221;]<\/p>\n<p style=\"text-align: justify;\"><span data-sheets-root=\"1\" data-sheets-value=\"{&quot;1&quot;:2,&quot;2&quot;:&quot;Para as artistas representadas na exposi\u00e7\u00e3o de longa dura\u00e7\u00e3o do Museu Nacional Soares dos Reis, ser mulher n\u00e3o foi uma condi\u00e7\u00e3o limitadora \u00e0 sua afirma\u00e7\u00e3o e reconhecimento num mundo de dom\u00ednio maioritariamente masculino. As obras, viv\u00eancias e percursos destas artistas, nascidas entre os s\u00e9culos XVII e XX, s\u00e3o o ponto de partida para uma visita que se completa com poesia (neste seu Dia Mundial) assinada por mulheres que viveram na mesma \u00e9poca, em circunst\u00e2ncias similares.nA partir da contempla\u00e7\u00e3o de pe\u00e7as de Josefa d\u2019\u00d3bidos, Francisca de Almeida Furtado, Maria da Gl\u00f3ria Ribeiro, Sofia e Aur\u00e9lia de Souza, Sarah Afonso e Irene Vilar e das circunst\u00e2ncias em que trabalharam, faz-se a liga\u00e7\u00e3o a poetas como Soror Maria do C\u00e9u, Ant\u00f3nia Pusich, Marta C\u00e2mara, Judith Teixeira, Maria O\u2019Neil, Maria Osswald e Sophia de Mello Breyner.&quot;}\" data-sheets-userformat=\"{&quot;2&quot;:897,&quot;3&quot;:{&quot;1&quot;:0},&quot;10&quot;:1,&quot;11&quot;:4,&quot;12&quot;:0}\">Um grupo de alunas ir\u00e1 declamar\/cantar um poema de interven\u00e7\u00e3o (alusivo ao 25 de Abril), de Sophia de Mello Breyner Andresen, com acrescento de estrofes originais (adaptadas aos dias de hoje) e ser\u00e1 feito um v\u00eddeo dessa mesma declama\u00e7\u00e3o que depois divulgaremos nas nossas redes sociais.<\/span><\/p>\n<p><img loading=\"lazy\" class=\"wp-image-4245 alignnone size-medium\" src=\"https:\/\/www.cig.gov.pt\/iniciativas-nacionais\/wp-content\/uploads\/2024\/02\/cover-Liberdade-01-18-Museu-Nacional-de-Soares-dos-Reis-253x300.png\" alt=\"\" width=\"253\" height=\"300\" \/><\/p>\n<p><strong>Local:<\/strong> <span data-sheets-root=\"1\" data-sheets-value=\"{&quot;1&quot;:2,&quot;2&quot;:&quot;Escola Profissional de Economia Social&quot;}\" data-sheets-userformat=\"{&quot;2&quot;:513,&quot;3&quot;:{&quot;1&quot;:0},&quot;12&quot;:0}\">Escola Profissional de Economia Social<\/span><\/p>\n<p><strong>Dia:<\/strong> 08 de mar\u00e7o | <strong>Hora:<\/strong> 12h00<\/p>\n<p>[\/et_pb_toggle][\/et_pb_column][et_pb_column type=&#8221;1_4&#8243; _builder_version=&#8221;4.13.0&#8243; _module_preset=&#8221;default&#8221; background_color=&#8221;#FFFFFF&#8221; border_radii=&#8221;on|12px|12px|12px|12px&#8221; global_colors_info=&#8221;{}&#8221;][et_pb_text _builder_version=&#8221;4.13.0&#8243; _module_preset=&#8221;default&#8221; text_font=&#8221;Montserrat||||||||&#8221; text_font_size=&#8221;12px&#8221; text_line_height=&#8221;1.2em&#8221; custom_margin=&#8221;16px|12px|8px|12px|false|false&#8221; global_colors_info=&#8221;{}&#8221;]<\/p>\n<p><span style=\"font-size: medium; color: #c18934;\"><strong>Santo Tirso<\/strong><\/span><\/p>\n<p><strong>Entidade promotora:<\/strong><br \/><span data-sheets-root=\"1\" data-sheets-value=\"{&quot;1&quot;:2,&quot;2&quot;:&quot;Museu Nacional Soares dos Reis&quot;}\" data-sheets-userformat=\"{&quot;2&quot;:897,&quot;3&quot;:{&quot;1&quot;:0},&quot;10&quot;:1,&quot;11&quot;:4,&quot;12&quot;:0}\">Casa Abrigo D. Maria Magalh\u00e3es &#8211; Irmandade da Santa Casa da Miseric\u00f3rdia de Santo Tirso<\/span><\/p>\n<p><strong>Iniciativa | Atividade:<\/strong><br \/><span data-sheets-root=\"1\" data-sheets-value=\"{&quot;1&quot;:2,&quot;2&quot;:&quot;Visita Orientada Artistas mulheres, poesia e liberdade&quot;}\" data-sheets-userformat=\"{&quot;2&quot;:897,&quot;3&quot;:{&quot;1&quot;:0},&quot;10&quot;:1,&quot;11&quot;:4,&quot;12&quot;:0}\">Igualdade: preto no branco<\/span><\/p>\n<p>[\/et_pb_text][et_pb_toggle title=&#8221;Informa\u00e7\u00f5es&#8221; closed_toggle_text_color=&#8221;#759fdb&#8221; icon_color=&#8221;#e22685&#8243; toggle_icon=&#8221;&#xe03a;||divi||400&#8243; use_icon_font_size=&#8221;on&#8221; icon_font_size=&#8221;23px&#8221; _builder_version=&#8221;4.13.0&#8243; _module_preset=&#8221;default&#8221; title_font=&#8221;Montserrat|700|||||||&#8221; title_font_size=&#8221;13px&#8221; body_font=&#8221;Montserrat||||||||&#8221; body_font_size=&#8221;11px&#8221; body_line_height=&#8221;1.2em&#8221; background_color=&#8221;rgba(255,255,255,0)&#8221; custom_margin=&#8221;|||8px|false|false&#8221; custom_padding=&#8221;8px||16px|4px|false|false&#8221; border_width_all=&#8221;0px&#8221; global_colors_info=&#8221;{}&#8221;]<\/p>\n<p style=\"text-align: justify;\"><span data-sheets-root=\"1\" data-sheets-value=\"{&quot;1&quot;:2,&quot;2&quot;:&quot;Para as artistas representadas na exposi\u00e7\u00e3o de longa dura\u00e7\u00e3o do Museu Nacional Soares dos Reis, ser mulher n\u00e3o foi uma condi\u00e7\u00e3o limitadora \u00e0 sua afirma\u00e7\u00e3o e reconhecimento num mundo de dom\u00ednio maioritariamente masculino. As obras, viv\u00eancias e percursos destas artistas, nascidas entre os s\u00e9culos XVII e XX, s\u00e3o o ponto de partida para uma visita que se completa com poesia (neste seu Dia Mundial) assinada por mulheres que viveram na mesma \u00e9poca, em circunst\u00e2ncias similares.nA partir da contempla\u00e7\u00e3o de pe\u00e7as de Josefa d\u2019\u00d3bidos, Francisca de Almeida Furtado, Maria da Gl\u00f3ria Ribeiro, Sofia e Aur\u00e9lia de Souza, Sarah Afonso e Irene Vilar e das circunst\u00e2ncias em que trabalharam, faz-se a liga\u00e7\u00e3o a poetas como Soror Maria do C\u00e9u, Ant\u00f3nia Pusich, Marta C\u00e2mara, Judith Teixeira, Maria O\u2019Neil, Maria Osswald e Sophia de Mello Breyner.&quot;}\" data-sheets-userformat=\"{&quot;2&quot;:897,&quot;3&quot;:{&quot;1&quot;:0},&quot;10&quot;:1,&quot;11&quot;:4,&quot;12&quot;:0}\">Num dia frequentemente marcado pela oferta de prendas e flores \u00e0s mulheres, e para que o sentido desta data hist\u00f3rica n\u00e3o se esvazie na sua faceta mais comercial, a Casa Abrigo D. Maria Magalh\u00e3es, propriedade da Miseric\u00f3rdia de Santo Tirso, ir\u00e1 dinamizar uma iniciativa de \u00e2mbito concelhio para recentrar a reflex\u00e3o nas quest\u00f5es da igualdade.<br \/>Considerando que a viol\u00eancia dom\u00e9stica contra as mulheres continua a ser evid\u00eancia da desigualdade de g\u00e9nero, \u00e9 nosso objetivo envolver as escolas, padarias e confeitarias locais numa a\u00e7\u00e3o de sensibiliza\u00e7\u00e3o para esta mesma problem\u00e1tica. <br \/>Para este efeito assegurar\u00e1 a impress\u00e3o e distribui\u00e7\u00e3o de guardanapos de mesa, com frase alusiva \u00e0 viol\u00eancia contra as mulheres, para serem usados nos diferentes estabelecimentos durante o pr\u00f3ximo Dia Internacional das Mulheres. <br \/>Porque 8 em cada 10 v\u00edtimas de viol\u00eancia dom\u00e9stica s\u00e3o efetivamente mulheres, n\u00e3o queremos deixar passar esta data em branco. <br \/><\/span><\/p>\n<p><strong>Dia:<\/strong> 08 de mar\u00e7o<\/p>\n<p>[\/et_pb_toggle][\/et_pb_column][et_pb_column type=&#8221;1_4&#8243; _builder_version=&#8221;4.13.0&#8243; _module_preset=&#8221;default&#8221; background_color=&#8221;#FFFFFF&#8221; border_radii=&#8221;on|12px|12px|12px|12px&#8221; global_colors_info=&#8221;{}&#8221;][et_pb_text _builder_version=&#8221;4.13.0&#8243; _module_preset=&#8221;default&#8221; text_font=&#8221;Montserrat||||||||&#8221; text_font_size=&#8221;12px&#8221; text_line_height=&#8221;1.2em&#8221; custom_margin=&#8221;16px|12px|8px|12px|false|false&#8221; global_colors_info=&#8221;{}&#8221;]<\/p>\n<p><span style=\"font-size: medium; color: #c18934;\"><strong>Maia<\/strong><\/span><\/p>\n<p><strong>Entidade promotora:<\/strong><br \/><span data-sheets-root=\"1\" data-sheets-value=\"{&quot;1&quot;:2,&quot;2&quot;:&quot;Museu Nacional Soares dos Reis&quot;}\" data-sheets-userformat=\"{&quot;2&quot;:897,&quot;3&quot;:{&quot;1&quot;:0},&quot;10&quot;:1,&quot;11&quot;:4,&quot;12&quot;:0}\">C\u00e2mara Municipal da Maia<\/span><\/p>\n<p><strong>Iniciativa | Atividade:<\/strong><br \/><span data-sheets-root=\"1\" data-sheets-value=\"{&quot;1&quot;:2,&quot;2&quot;:&quot;Visita Orientada Artistas mulheres, poesia e liberdade&quot;}\" data-sheets-userformat=\"{&quot;2&quot;:897,&quot;3&quot;:{&quot;1&quot;:0},&quot;10&quot;:1,&quot;11&quot;:4,&quot;12&quot;:0}\">Igualdade e Democracia<\/span><\/p>\n<p>[\/et_pb_text][et_pb_toggle title=&#8221;Informa\u00e7\u00f5es&#8221; closed_toggle_text_color=&#8221;#759fdb&#8221; icon_color=&#8221;#e22685&#8243; toggle_icon=&#8221;&#xe03a;||divi||400&#8243; use_icon_font_size=&#8221;on&#8221; icon_font_size=&#8221;23px&#8221; _builder_version=&#8221;4.13.0&#8243; _module_preset=&#8221;default&#8221; title_font=&#8221;Montserrat|700|||||||&#8221; title_font_size=&#8221;13px&#8221; body_font=&#8221;Montserrat||||||||&#8221; body_font_size=&#8221;11px&#8221; body_line_height=&#8221;1.2em&#8221; background_color=&#8221;rgba(255,255,255,0)&#8221; custom_margin=&#8221;|||8px|false|false&#8221; custom_padding=&#8221;8px||16px|4px|false|false&#8221; border_width_all=&#8221;0px&#8221; global_colors_info=&#8221;{}&#8221;]<\/p>\n<p style=\"text-align: justify;\"><span data-sheets-root=\"1\" data-sheets-value=\"{&quot;1&quot;:2,&quot;2&quot;:&quot;Para as artistas representadas na exposi\u00e7\u00e3o de longa dura\u00e7\u00e3o do Museu Nacional Soares dos Reis, ser mulher n\u00e3o foi uma condi\u00e7\u00e3o limitadora \u00e0 sua afirma\u00e7\u00e3o e reconhecimento num mundo de dom\u00ednio maioritariamente masculino. As obras, viv\u00eancias e percursos destas artistas, nascidas entre os s\u00e9culos XVII e XX, s\u00e3o o ponto de partida para uma visita que se completa com poesia (neste seu Dia Mundial) assinada por mulheres que viveram na mesma \u00e9poca, em circunst\u00e2ncias similares.nA partir da contempla\u00e7\u00e3o de pe\u00e7as de Josefa d\u2019\u00d3bidos, Francisca de Almeida Furtado, Maria da Gl\u00f3ria Ribeiro, Sofia e Aur\u00e9lia de Souza, Sarah Afonso e Irene Vilar e das circunst\u00e2ncias em que trabalharam, faz-se a liga\u00e7\u00e3o a poetas como Soror Maria do C\u00e9u, Ant\u00f3nia Pusich, Marta C\u00e2mara, Judith Teixeira, Maria O\u2019Neil, Maria Osswald e Sophia de Mello Breyner.&quot;}\" data-sheets-userformat=\"{&quot;2&quot;:897,&quot;3&quot;:{&quot;1&quot;:0},&quot;10&quot;:1,&quot;11&quot;:4,&quot;12&quot;:0}\">Ap\u00f3s a visualiza\u00e7\u00e3o de casos reais ver\u00eddicos e testemunhos de vida de mulheres, ser\u00e3o debatidos e discutidos temas relacionados com a igualdade de g\u00e9nero e a import\u00e2ncia da participa\u00e7\u00e3o, cidadania e democracia.<\/span><\/p>\n<p><strong>Local:<\/strong> Maia, Lojas da Juventude<\/p>\n<p><strong>Dia:<\/strong> 08 de mar\u00e7o | <strong>Hora:<\/strong> 18h30<\/p>\n<p>[\/et_pb_toggle][\/et_pb_column][\/et_pb_row][et_pb_row column_structure=&#8221;1_4,1_4,1_4,1_4&#8243; use_custom_gutter=&#8221;on&#8221; gutter_width=&#8221;2&#8243; make_equal=&#8221;on&#8221; _builder_version=&#8221;4.13.0&#8243; _module_preset=&#8221;default&#8221; background_color=&#8221;rgba(255,255,255,0)&#8221; custom_margin=&#8221;||0px||false|false&#8221; custom_padding=&#8221;||0px||false|false&#8221; border_radii=&#8221;on|12px|12px|12px|12px&#8221; locked=&#8221;off&#8221; global_colors_info=&#8221;{}&#8221;][et_pb_column type=&#8221;1_4&#8243; _builder_version=&#8221;4.13.0&#8243; _module_preset=&#8221;default&#8221; background_color=&#8221;#FFFFFF&#8221; border_radii=&#8221;on|12px|12px|12px|12px&#8221; global_colors_info=&#8221;{}&#8221;][et_pb_text _builder_version=&#8221;4.13.0&#8243; _module_preset=&#8221;default&#8221; text_font=&#8221;Montserrat||||||||&#8221; text_font_size=&#8221;12px&#8221; text_line_height=&#8221;1.2em&#8221; custom_margin=&#8221;16px|12px|8px|12px|false|false&#8221; global_colors_info=&#8221;{}&#8221;]<\/p>\n<p><span style=\"font-size: medium; color: #c18934;\"><strong>Maia<\/strong><\/span><\/p>\n<p><strong>Entidade promotora:<\/strong><br \/><span data-sheets-root=\"1\" data-sheets-value=\"{&quot;1&quot;:2,&quot;2&quot;:&quot;Museu Nacional Soares dos Reis&quot;}\" data-sheets-userformat=\"{&quot;2&quot;:897,&quot;3&quot;:{&quot;1&quot;:0},&quot;10&quot;:1,&quot;11&quot;:4,&quot;12&quot;:0}\">C\u00e2mara Municipal da Maia | Plano Municipal para a Igualdade e N\u00e3o Discrimina\u00e7\u00e3o Maia Equal+ I Associa\u00e7\u00e3o Espa\u00e7os &#8211; Projetos Alternativos de Mulheres e Homens<\/span><\/p>\n<p><strong>Iniciativa | Atividade:<\/strong><br \/><span data-sheets-root=\"1\" data-sheets-value=\"{&quot;1&quot;:2,&quot;2&quot;:&quot;Visita Orientada Artistas mulheres, poesia e liberdade&quot;}\" data-sheets-userformat=\"{&quot;2&quot;:897,&quot;3&quot;:{&quot;1&quot;:0},&quot;10&quot;:1,&quot;11&quot;:4,&quot;12&quot;:0}\">Igualdade e Democracia<\/span><\/p>\n<p>[\/et_pb_text][et_pb_toggle title=&#8221;Informa\u00e7\u00f5es&#8221; closed_toggle_text_color=&#8221;#759fdb&#8221; icon_color=&#8221;#e22685&#8243; toggle_icon=&#8221;&#xe03a;||divi||400&#8243; use_icon_font_size=&#8221;on&#8221; icon_font_size=&#8221;23px&#8221; _builder_version=&#8221;4.13.0&#8243; _module_preset=&#8221;default&#8221; title_font=&#8221;Montserrat|700|||||||&#8221; title_font_size=&#8221;13px&#8221; body_font=&#8221;Montserrat||||||||&#8221; body_font_size=&#8221;11px&#8221; body_line_height=&#8221;1.2em&#8221; background_color=&#8221;rgba(255,255,255,0)&#8221; custom_margin=&#8221;|||8px|false|false&#8221; custom_padding=&#8221;8px||16px|4px|false|false&#8221; border_width_all=&#8221;0px&#8221; global_colors_info=&#8221;{}&#8221;]<\/p>\n<p style=\"text-align: justify;\"><span>As mulheres continuam a encontrar variados desafios ao longo dos seus percursos de vida que se consubstanciam em experi\u00eancias de discrimina\u00e7\u00e3o. Partindo do testemunho de Clara Queiroz, uma das protagonistas da s\u00e9rie documental &#8220;Hist\u00f3rias das Mulheres do meu pa\u00eds\u201d da autoria de Raquel Freire, com produ\u00e7\u00e3o da Associa\u00e7\u00e3o Espa\u00e7os &#8211; Projetos Alternativos de Mulheres e Homens e apoio institucional da Secret\u00e1ria de Estado para a Cidadania e a Igualdade e da RTP, reflete-se sobre liberdade, democracia, direitos pol\u00edticos e participa\u00e7\u00e3o c\u00edvica, numa perspetiva Intergeracional da fam\u00edlia, concluindo que &#8220;as mulheres devem trilhar um caminho que seja seu\u201d.<\/span><\/p>\n<p><strong>Local:<\/strong> <span>Lojas da Juventude da Maia<\/span><\/p>\n<p><strong>Dia:<\/strong> 08 de mar\u00e7o | <strong>Hora:<\/strong> 18h30<\/p>\n<p><img loading=\"lazy\" src=\"https:\/\/www.cig.gov.pt\/iniciativas-nacionais\/wp-content\/uploads\/2024\/03\/Clara-Monica-Babo-300x271.jpeg\" width=\"300\" height=\"271\" alt=\"\" class=\"wp-image-4743 alignnone size-medium\" \/><\/p>\n<p>[\/et_pb_toggle][\/et_pb_column][et_pb_column type=&#8221;1_4&#8243; _builder_version=&#8221;4.13.0&#8243; _module_preset=&#8221;default&#8221; background_color=&#8221;#FFFFFF&#8221; border_radii=&#8221;on|12px|12px|12px|12px&#8221; global_colors_info=&#8221;{}&#8221;][et_pb_text _builder_version=&#8221;4.13.0&#8243; _module_preset=&#8221;default&#8221; text_font=&#8221;Montserrat||||||||&#8221; text_font_size=&#8221;12px&#8221; text_line_height=&#8221;1.2em&#8221; custom_margin=&#8221;16px|12px|8px|12px|false|false&#8221; global_colors_info=&#8221;{}&#8221;]<\/p>\n<p><span style=\"font-size: medium; color: #c18934;\"><strong>Maia<\/strong><\/span><\/p>\n<p><strong>Entidade promotora:<\/strong><br \/><span data-sheets-root=\"1\" data-sheets-value=\"{&quot;1&quot;:2,&quot;2&quot;:&quot;Museu Nacional Soares dos Reis&quot;}\" data-sheets-userformat=\"{&quot;2&quot;:897,&quot;3&quot;:{&quot;1&quot;:0},&quot;10&quot;:1,&quot;11&quot;:4,&quot;12&quot;:0}\">Projeto Bu\u00e9 d\u2019Escolhas \u2013 E9G, Santa Casa da Miseric\u00f3rdia da Maia<\/span><\/p>\n<p><strong>Iniciativa | Atividade:<\/strong><br \/><span data-sheets-root=\"1\" data-sheets-value=\"{&quot;1&quot;:2,&quot;2&quot;:&quot;Visita Orientada Artistas mulheres, poesia e liberdade&quot;}\" data-sheets-userformat=\"{&quot;2&quot;:897,&quot;3&quot;:{&quot;1&quot;:0},&quot;10&quot;:1,&quot;11&quot;:4,&quot;12&quot;:0}\">Encontro &#8211; Mulheres de Sucesso<br \/><\/span><\/p>\n<p>[\/et_pb_text][et_pb_toggle title=&#8221;Informa\u00e7\u00f5es&#8221; closed_toggle_text_color=&#8221;#759fdb&#8221; icon_color=&#8221;#e22685&#8243; toggle_icon=&#8221;&#xe03a;||divi||400&#8243; use_icon_font_size=&#8221;on&#8221; icon_font_size=&#8221;23px&#8221; _builder_version=&#8221;4.13.0&#8243; _module_preset=&#8221;default&#8221; title_font=&#8221;Montserrat|700|||||||&#8221; title_font_size=&#8221;13px&#8221; body_font=&#8221;Montserrat||||||||&#8221; body_font_size=&#8221;11px&#8221; body_line_height=&#8221;1.2em&#8221; background_color=&#8221;rgba(255,255,255,0)&#8221; custom_margin=&#8221;|||8px|false|false&#8221; custom_padding=&#8221;8px||16px|4px|false|false&#8221; border_width_all=&#8221;0px&#8221; global_colors_info=&#8221;{}&#8221;]<\/p>\n<p style=\"text-align: justify;\"><span data-sheets-root=\"1\" data-sheets-value=\"{&quot;1&quot;:2,&quot;2&quot;:&quot;Para as artistas representadas na exposi\u00e7\u00e3o de longa dura\u00e7\u00e3o do Museu Nacional Soares dos Reis, ser mulher n\u00e3o foi uma condi\u00e7\u00e3o limitadora \u00e0 sua afirma\u00e7\u00e3o e reconhecimento num mundo de dom\u00ednio maioritariamente masculino. As obras, viv\u00eancias e percursos destas artistas, nascidas entre os s\u00e9culos XVII e XX, s\u00e3o o ponto de partida para uma visita que se completa com poesia (neste seu Dia Mundial) assinada por mulheres que viveram na mesma \u00e9poca, em circunst\u00e2ncias similares.nA partir da contempla\u00e7\u00e3o de pe\u00e7as de Josefa d\u2019\u00d3bidos, Francisca de Almeida Furtado, Maria da Gl\u00f3ria Ribeiro, Sofia e Aur\u00e9lia de Souza, Sarah Afonso e Irene Vilar e das circunst\u00e2ncias em que trabalharam, faz-se a liga\u00e7\u00e3o a poetas como Soror Maria do C\u00e9u, Ant\u00f3nia Pusich, Marta C\u00e2mara, Judith Teixeira, Maria O\u2019Neil, Maria Osswald e Sophia de Mello Breyner.&quot;}\" data-sheets-userformat=\"{&quot;2&quot;:897,&quot;3&quot;:{&quot;1&quot;:0},&quot;10&quot;:1,&quot;11&quot;:4,&quot;12&quot;:0}\">Este encontro pretende dar a conhecer o percurso de mulheres bem sucedidas na pol\u00edtica, nos neg\u00f3cios e em profiss\u00f5es tradicionalmente \u201cdominadas\u201d pelo g\u00e9nero masculino, sobretudo nos cargos de chefia e lideran\u00e7a. Ter\u00e1 lugar no dia 8 de mar\u00e7o \u00e0s 10h00 no Audit\u00f3rio da Junta de Freguesia de Pedrou\u00e7os. Quatro mulheres extraordin\u00e1rias deram-nos a honra de participar ativamente neste evento, pelo que o painel ser\u00e1 constitu\u00eddo por: Em\u00edlia Santos, Vice-Presidente da C\u00e2mara Municipal da Maia Cristina Azambuja, Administradora do Grupo Trivalor Maria Jo\u00e3o Martinho, Empres\u00e1ria e Arquiteta, Presidente dos Bombeiros Portuenses Patr\u00edcia Fernandes, Capit\u00e3 da For\u00e7a A\u00e9rea Portuguesa.<\/span><\/p>\n<p><strong>Local:<\/strong> <span data-sheets-root=\"1\" data-sheets-value=\"{&quot;1&quot;:2,&quot;2&quot;:&quot;Escola Profissional de Economia Social&quot;}\" data-sheets-userformat=\"{&quot;2&quot;:513,&quot;3&quot;:{&quot;1&quot;:0},&quot;12&quot;:0}\">Audit\u00f3rio da Junta de Freguesia de Pedrou\u00e7os, Maia<\/span><\/p>\n<p><strong>Dia:<\/strong> 08 de mar\u00e7o | <strong>Hora:<\/strong> 10h00<\/p>\n<p>[\/et_pb_toggle][\/et_pb_column][et_pb_column type=&#8221;1_4&#8243; _builder_version=&#8221;4.13.0&#8243; _module_preset=&#8221;default&#8221; background_color=&#8221;#FFFFFF&#8221; border_radii=&#8221;on|12px|12px|12px|12px&#8221; global_colors_info=&#8221;{}&#8221;][et_pb_text _builder_version=&#8221;4.13.0&#8243; _module_preset=&#8221;default&#8221; text_font=&#8221;Montserrat||||||||&#8221; text_font_size=&#8221;12px&#8221; text_line_height=&#8221;1.2em&#8221; custom_margin=&#8221;16px|12px|8px|12px|false|false&#8221; global_colors_info=&#8221;{}&#8221;]<\/p>\n<p><span style=\"font-size: medium; color: #c18934;\"><strong>Lousada<\/strong><\/span><\/p>\n<p><strong>Entidade promotora:<\/strong><br \/><span data-sheets-root=\"1\" data-sheets-value=\"{&quot;1&quot;:2,&quot;2&quot;:&quot;Museu Nacional Soares dos Reis&quot;}\" data-sheets-userformat=\"{&quot;2&quot;:897,&quot;3&quot;:{&quot;1&quot;:0},&quot;10&quot;:1,&quot;11&quot;:4,&quot;12&quot;:0}\">C\u00e2mara Municipal de Lousada<\/span><\/p>\n<p><strong>Iniciativa | Atividade:<\/strong><br \/><span data-sheets-root=\"1\" data-sheets-value=\"{&quot;1&quot;:2,&quot;2&quot;:&quot;Visita Orientada Artistas mulheres, poesia e liberdade&quot;}\" data-sheets-userformat=\"{&quot;2&quot;:897,&quot;3&quot;:{&quot;1&quot;:0},&quot;10&quot;:1,&quot;11&quot;:4,&quot;12&quot;:0}\">\ud835\uddd7\ud835\uddf6\ud835\uddee \ud835\udddc\ud835\uddfb\ud835\ude01\ud835\uddf2\ud835\uddff\ud835\uddfb\ud835\uddee\ud835\uddf0\ud835\uddf6\ud835\uddfc\ud835\uddfb\ud835\uddee\ud835\uddf9 \ud835\uddf1\ud835\uddee \ud835\udde0\ud835\ude02\ud835\uddf9\ud835\uddf5\ud835\uddf2\ud835\uddff &#8211; \u201cMulheres (a caminho de Jeric\u00f3)\u201d<\/span><\/p>\n<p>[\/et_pb_text][et_pb_toggle title=&#8221;Informa\u00e7\u00f5es&#8221; closed_toggle_text_color=&#8221;#759fdb&#8221; icon_color=&#8221;#e22685&#8243; toggle_icon=&#8221;&#xe03a;||divi||400&#8243; use_icon_font_size=&#8221;on&#8221; icon_font_size=&#8221;23px&#8221; _builder_version=&#8221;4.13.0&#8243; _module_preset=&#8221;default&#8221; title_font=&#8221;Montserrat|700|||||||&#8221; title_font_size=&#8221;13px&#8221; body_font=&#8221;Montserrat||||||||&#8221; body_font_size=&#8221;11px&#8221; body_line_height=&#8221;1.2em&#8221; background_color=&#8221;rgba(255,255,255,0)&#8221; custom_margin=&#8221;|||8px|false|false&#8221; custom_padding=&#8221;8px||16px|4px|false|false&#8221; border_width_all=&#8221;0px&#8221; global_colors_info=&#8221;{}&#8221;]<\/p>\n<p style=\"text-align: justify;\"><span data-sheets-root=\"1\" data-sheets-value=\"{&quot;1&quot;:2,&quot;2&quot;:&quot;Para as artistas representadas na exposi\u00e7\u00e3o de longa dura\u00e7\u00e3o do Museu Nacional Soares dos Reis, ser mulher n\u00e3o foi uma condi\u00e7\u00e3o limitadora \u00e0 sua afirma\u00e7\u00e3o e reconhecimento num mundo de dom\u00ednio maioritariamente masculino. As obras, viv\u00eancias e percursos destas artistas, nascidas entre os s\u00e9culos XVII e XX, s\u00e3o o ponto de partida para uma visita que se completa com poesia (neste seu Dia Mundial) assinada por mulheres que viveram na mesma \u00e9poca, em circunst\u00e2ncias similares.nA partir da contempla\u00e7\u00e3o de pe\u00e7as de Josefa d\u2019\u00d3bidos, Francisca de Almeida Furtado, Maria da Gl\u00f3ria Ribeiro, Sofia e Aur\u00e9lia de Souza, Sarah Afonso e Irene Vilar e das circunst\u00e2ncias em que trabalharam, faz-se a liga\u00e7\u00e3o a poetas como Soror Maria do C\u00e9u, Ant\u00f3nia Pusich, Marta C\u00e2mara, Judith Teixeira, Maria O\u2019Neil, Maria Osswald e Sophia de Mello Breyner.&quot;}\" data-sheets-userformat=\"{&quot;2&quot;:897,&quot;3&quot;:{&quot;1&quot;:0},&quot;10&quot;:1,&quot;11&quot;:4,&quot;12&quot;:0}\">Mulheres (a caminho de Jeric\u00f3)\u201d \u00e9 a mais recente obra da poetisa Lousadense Celeste Marques. O livro, editado pela C\u00e2mara Municipal, surge com grande beleza liter\u00e1ria, expondo a dif\u00edcil condi\u00e7\u00e3o da mulher, complementado com uma segunda parte, intitulada &#8220;An\u00e1lise do Entardecer&#8221;, igualmente de grande virtualidade po\u00e9tica. Celeste Marques, natural de Ca\u00edde de Rei e professora aposentada, j\u00e1 publicou O Grito do P\u00e1ssaro, Elos, Voo Circular e Lousada &#8211; Lugares de origem, e a obra did\u00e1tica A Arte de Ensinar. \u00c9 tamb\u00e9m pintora, com v\u00e1rias exposi\u00e7\u00f5es individuais e coletivas. O Munic\u00edpio oferece a todas as mulheres presentes nesta cerim\u00f3nia, o livro apresentado e uma cam\u00e9lia, dado que este \u00e9 o fim de semana em que decorre o Festival Internacional de Cam\u00e9lias de Lousada.<br \/><\/span><\/p>\n<p><strong>Local: <\/strong>Biblioteca Municipal de Lousada<\/p>\n<p><strong>Dia:<\/strong> 08 de mar\u00e7o | <strong>Hora:<\/strong> 18h00<\/p>\n<p><img loading=\"lazy\" src=\"https:\/\/www.cig.gov.pt\/iniciativas-nacionais\/wp-content\/uploads\/2024\/03\/Sem-Titulo-Joana-Martins-300x155.png\" width=\"300\" height=\"155\" alt=\"\" class=\"wp-image-4747 alignnone size-medium\" srcset=\"https:\/\/www.cig.gov.pt\/iniciativas-nacionais\/wp-content\/uploads\/2024\/03\/Sem-Titulo-Joana-Martins-300x155.png 300w, https:\/\/www.cig.gov.pt\/iniciativas-nacionais\/wp-content\/uploads\/2024\/03\/Sem-Titulo-Joana-Martins.png 401w\" sizes=\"(max-width: 300px) 100vw, 300px\" \/><\/p>\n<p>[\/et_pb_toggle][\/et_pb_column][et_pb_column type=&#8221;1_4&#8243; _builder_version=&#8221;4.13.0&#8243; _module_preset=&#8221;default&#8221; background_color=&#8221;#FFFFFF&#8221; border_radii=&#8221;on|12px|12px|12px|12px&#8221; global_colors_info=&#8221;{}&#8221;][et_pb_text _builder_version=&#8221;4.13.0&#8243; _module_preset=&#8221;default&#8221; text_font=&#8221;Montserrat||||||||&#8221; text_font_size=&#8221;12px&#8221; text_line_height=&#8221;1.2em&#8221; custom_margin=&#8221;16px|12px|8px|12px|false|false&#8221; global_colors_info=&#8221;{}&#8221;]<\/p>\n<p><span style=\"font-size: medium; color: #c18934;\"><strong>Porto<\/strong><\/span><\/p>\n<p><strong>Entidade promotora:<\/strong><br \/><span data-sheets-root=\"1\" data-sheets-value=\"{&quot;1&quot;:2,&quot;2&quot;:&quot;Museu Nacional Soares dos Reis&quot;}\" data-sheets-userformat=\"{&quot;2&quot;:897,&quot;3&quot;:{&quot;1&quot;:0},&quot;10&quot;:1,&quot;11&quot;:4,&quot;12&quot;:0}\">AEFDUP &#8211; Associa\u00e7\u00e3o de Estudantes da Faculdade de Direito da Universidade do Porto<\/span><\/p>\n<p><strong>Iniciativa | Atividade:<\/strong><br \/><span data-sheets-root=\"1\" data-sheets-value=\"{&quot;1&quot;:2,&quot;2&quot;:&quot;Visita Orientada Artistas mulheres, poesia e liberdade&quot;}\" data-sheets-userformat=\"{&quot;2&quot;:897,&quot;3&quot;:{&quot;1&quot;:0},&quot;10&quot;:1,&quot;11&quot;:4,&quot;12&quot;:0}\">Mesa Redonda sobre a UE e a viol\u00eancia contra as mulheres: regula\u00e7\u00e3o ou omiss\u00e3o? <\/span><\/p>\n<p>[\/et_pb_text][et_pb_toggle title=&#8221;Informa\u00e7\u00f5es&#8221; closed_toggle_text_color=&#8221;#759fdb&#8221; icon_color=&#8221;#e22685&#8243; toggle_icon=&#8221;&#xe03a;||divi||400&#8243; use_icon_font_size=&#8221;on&#8221; icon_font_size=&#8221;23px&#8221; _builder_version=&#8221;4.13.0&#8243; _module_preset=&#8221;default&#8221; title_font=&#8221;Montserrat|700|||||||&#8221; title_font_size=&#8221;13px&#8221; body_font=&#8221;Montserrat||||||||&#8221; body_font_size=&#8221;11px&#8221; body_line_height=&#8221;1.2em&#8221; background_color=&#8221;rgba(255,255,255,0)&#8221; custom_margin=&#8221;|||8px|false|false&#8221; custom_padding=&#8221;8px||16px|4px|false|false&#8221; border_width_all=&#8221;0px&#8221; global_colors_info=&#8221;{}&#8221;]<\/p>\n<p style=\"text-align: justify;\"><span data-sheets-root=\"1\" data-sheets-value=\"{&quot;1&quot;:2,&quot;2&quot;:&quot;Para as artistas representadas na exposi\u00e7\u00e3o de longa dura\u00e7\u00e3o do Museu Nacional Soares dos Reis, ser mulher n\u00e3o foi uma condi\u00e7\u00e3o limitadora \u00e0 sua afirma\u00e7\u00e3o e reconhecimento num mundo de dom\u00ednio maioritariamente masculino. As obras, viv\u00eancias e percursos destas artistas, nascidas entre os s\u00e9culos XVII e XX, s\u00e3o o ponto de partida para uma visita que se completa com poesia (neste seu Dia Mundial) assinada por mulheres que viveram na mesma \u00e9poca, em circunst\u00e2ncias similares.nA partir da contempla\u00e7\u00e3o de pe\u00e7as de Josefa d\u2019\u00d3bidos, Francisca de Almeida Furtado, Maria da Gl\u00f3ria Ribeiro, Sofia e Aur\u00e9lia de Souza, Sarah Afonso e Irene Vilar e das circunst\u00e2ncias em que trabalharam, faz-se a liga\u00e7\u00e3o a poetas como Soror Maria do C\u00e9u, Ant\u00f3nia Pusich, Marta C\u00e2mara, Judith Teixeira, Maria O\u2019Neil, Maria Osswald e Sophia de Mello Breyner.&quot;}\" data-sheets-userformat=\"{&quot;2&quot;:897,&quot;3&quot;:{&quot;1&quot;:0},&quot;10&quot;:1,&quot;11&quot;:4,&quot;12&quot;:0}\">Um evento sob formato de mesa redonda, presencial, em que se ir\u00e1 discutir uma resposta da Uni\u00e3o Europeia em rela\u00e7\u00e3o \u00e0 viol\u00eancia contra a mulher no espa\u00e7o da Uni\u00e3o, abordando temas como as disparidades da tipicidade do crime de viola\u00e7\u00e3o entre os seus Estados-Membros, numa perspetiva de direito comparado, proposta esta incorporada na Proposta de Diretiva do Parlamento e do Conselho relativa ao combate \u00e0 viol\u00eancia contra as mulheres e \u00e0 viol\u00eancia dom\u00e9stica.<\/span><\/p>\n<p><strong>Local:<\/strong> <span>Faculdade de Direito da Universidade do Porto<\/span><\/p>\n<p><strong>Dia:<\/strong> 08 de mar\u00e7o | <strong>Hora:<\/strong> 14h30<\/p>\n<p><img loading=\"lazy\" src=\"https:\/\/www.cig.gov.pt\/iniciativas-nacionais\/wp-content\/uploads\/2024\/03\/fb2e759d-a58a-42a7-b32e-299ca91f8698-Beatriz-Morgado-300x300.jpeg\" width=\"300\" height=\"300\" alt=\"\" class=\"wp-image-4749 alignnone size-medium\" \/><\/p>\n<p>[\/et_pb_toggle][\/et_pb_column][\/et_pb_row][et_pb_row column_structure=&#8221;1_4,1_4,1_4,1_4&#8243; use_custom_gutter=&#8221;on&#8221; gutter_width=&#8221;2&#8243; make_equal=&#8221;on&#8221; _builder_version=&#8221;4.13.0&#8243; _module_preset=&#8221;default&#8221; background_color=&#8221;rgba(255,255,255,0)&#8221; custom_margin=&#8221;||0px||false|false&#8221; custom_padding=&#8221;||0px||false|false&#8221; border_radii=&#8221;on|12px|12px|12px|12px&#8221; locked=&#8221;off&#8221; global_colors_info=&#8221;{}&#8221;][et_pb_column type=&#8221;1_4&#8243; _builder_version=&#8221;4.13.0&#8243; _module_preset=&#8221;default&#8221; background_color=&#8221;#FFFFFF&#8221; border_radii=&#8221;on|12px|12px|12px|12px&#8221; global_colors_info=&#8221;{}&#8221;][et_pb_text _builder_version=&#8221;4.13.0&#8243; _module_preset=&#8221;default&#8221; text_font=&#8221;Montserrat||||||||&#8221; text_font_size=&#8221;12px&#8221; text_line_height=&#8221;1.2em&#8221; custom_margin=&#8221;16px|12px|8px|12px|false|false&#8221; global_colors_info=&#8221;{}&#8221;]<\/p>\n<p><span style=\"font-size: medium; color: #c18934;\"><strong>Porto<\/strong><\/span><\/p>\n<p><strong>Entidade promotora:<\/strong><br \/><span data-sheets-root=\"1\" data-sheets-value=\"{&quot;1&quot;:2,&quot;2&quot;:&quot;Museu Nacional Soares dos Reis&quot;}\" data-sheets-userformat=\"{&quot;2&quot;:897,&quot;3&quot;:{&quot;1&quot;:0},&quot;10&quot;:1,&quot;11&quot;:4,&quot;12&quot;:0}\">AEFDUP &#8211; Associa\u00e7\u00e3o de Estudantes da Faculdade de Direito da Universidade do Porto<\/span><\/p>\n<p><strong>Iniciativa | Atividade:<\/strong><br \/><span data-sheets-root=\"1\" data-sheets-value=\"{&quot;1&quot;:2,&quot;2&quot;:&quot;Visita Orientada Artistas mulheres, poesia e liberdade&quot;}\" data-sheets-userformat=\"{&quot;2&quot;:897,&quot;3&quot;:{&quot;1&quot;:0},&quot;10&quot;:1,&quot;11&quot;:4,&quot;12&quot;:0}\">Clube de Literatura Feminista: \u201cUm quarto s\u00f3 seu, Virginia Woolf\u201d<\/span><\/p>\n<p>[\/et_pb_text][et_pb_toggle title=&#8221;Informa\u00e7\u00f5es&#8221; closed_toggle_text_color=&#8221;#759fdb&#8221; icon_color=&#8221;#e22685&#8243; toggle_icon=&#8221;&#xe03a;||divi||400&#8243; use_icon_font_size=&#8221;on&#8221; icon_font_size=&#8221;23px&#8221; _builder_version=&#8221;4.13.0&#8243; _module_preset=&#8221;default&#8221; title_font=&#8221;Montserrat|700|||||||&#8221; title_font_size=&#8221;13px&#8221; body_font=&#8221;Montserrat||||||||&#8221; body_font_size=&#8221;11px&#8221; body_line_height=&#8221;1.2em&#8221; background_color=&#8221;rgba(255,255,255,0)&#8221; custom_margin=&#8221;|||8px|false|false&#8221; custom_padding=&#8221;8px||16px|4px|false|false&#8221; border_width_all=&#8221;0px&#8221; global_colors_info=&#8221;{}&#8221;]<\/p>\n<p style=\"text-align: justify;\"><span>Organiza\u00e7\u00e3o de um clube de literatura em que se d\u00e1 a partilha de opini\u00f5es e conhecimentos sobre a obra e a autora, discutindo quest\u00f5es como trabalho dom\u00e9stico, feminismo de escolha, mulheres e fic\u00e7\u00e3o, entre outros presentes no livro. .<\/span><\/p>\n<p><strong>Local:<\/strong> <span>Faculdade de Direito da Universidade do Porto <\/span><\/p>\n<p><strong>Dia:<\/strong> 05 de mar\u00e7o | <strong>Hora:<\/strong> 17h15<\/p>\n<p><img loading=\"lazy\" src=\"https:\/\/www.cig.gov.pt\/iniciativas-nacionais\/wp-content\/uploads\/2024\/03\/b5ad8256-72ae-44ce-9ab8-8766bda605ca-Beatriz-Morgado-300x300.jpeg\" width=\"300\" height=\"300\" alt=\"\" class=\"wp-image-4751 alignnone size-medium\" \/><\/p>\n<p>&nbsp;<\/p>\n<p>[\/et_pb_toggle][\/et_pb_column][et_pb_column type=&#8221;1_4&#8243; _builder_version=&#8221;4.13.0&#8243; _module_preset=&#8221;default&#8221; background_color=&#8221;#FFFFFF&#8221; border_radii=&#8221;on|12px|12px|12px|12px&#8221; global_colors_info=&#8221;{}&#8221;][et_pb_text _builder_version=&#8221;4.13.0&#8243; _module_preset=&#8221;default&#8221; text_font=&#8221;Montserrat||||||||&#8221; text_font_size=&#8221;12px&#8221; text_line_height=&#8221;1.2em&#8221; custom_margin=&#8221;16px|12px|8px|12px|false|false&#8221; global_colors_info=&#8221;{}&#8221;]<\/p>\n<p><span style=\"font-size: medium; color: #c18934;\"><strong>Porto<\/strong><\/span><\/p>\n<p><strong>Entidade promotora:<\/strong><br \/><span data-sheets-root=\"1\" data-sheets-value=\"{&quot;1&quot;:2,&quot;2&quot;:&quot;Museu Nacional Soares dos Reis&quot;}\" data-sheets-userformat=\"{&quot;2&quot;:897,&quot;3&quot;:{&quot;1&quot;:0},&quot;10&quot;:1,&quot;11&quot;:4,&quot;12&quot;:0}\">AEFDUP &#8211; Associa\u00e7\u00e3o de Estudantes da Faculdade de Direito da Universidade do Porto<\/span><\/p>\n<p><strong>Iniciativa | Atividade:<\/strong><br \/><span data-sheets-root=\"1\" data-sheets-value=\"{&quot;1&quot;:2,&quot;2&quot;:&quot;Visita Orientada Artistas mulheres, poesia e liberdade&quot;}\" data-sheets-userformat=\"{&quot;2&quot;:897,&quot;3&quot;:{&quot;1&quot;:0},&quot;10&quot;:1,&quot;11&quot;:4,&quot;12&quot;:0}\">Jornadas dos Direitos das Mulheres: efetiva\u00e7\u00e3o do direito \u00e0 IVG<\/span><\/p>\n<p>[\/et_pb_text][et_pb_toggle title=&#8221;Informa\u00e7\u00f5es&#8221; closed_toggle_text_color=&#8221;#759fdb&#8221; icon_color=&#8221;#e22685&#8243; toggle_icon=&#8221;&#xe03a;||divi||400&#8243; use_icon_font_size=&#8221;on&#8221; icon_font_size=&#8221;23px&#8221; _builder_version=&#8221;4.13.0&#8243; _module_preset=&#8221;default&#8221; title_font=&#8221;Montserrat|700|||||||&#8221; title_font_size=&#8221;13px&#8221; body_font=&#8221;Montserrat||||||||&#8221; body_font_size=&#8221;11px&#8221; body_line_height=&#8221;1.2em&#8221; background_color=&#8221;rgba(255,255,255,0)&#8221; custom_margin=&#8221;|||8px|false|false&#8221; custom_padding=&#8221;8px||16px|4px|false|false&#8221; border_width_all=&#8221;0px&#8221; global_colors_info=&#8221;{}&#8221;]<\/p>\n<p style=\"text-align: justify;\"><span data-sheets-root=\"1\" data-sheets-value=\"{&quot;1&quot;:2,&quot;2&quot;:&quot;Para as artistas representadas na exposi\u00e7\u00e3o de longa dura\u00e7\u00e3o do Museu Nacional Soares dos Reis, ser mulher n\u00e3o foi uma condi\u00e7\u00e3o limitadora \u00e0 sua afirma\u00e7\u00e3o e reconhecimento num mundo de dom\u00ednio maioritariamente masculino. As obras, viv\u00eancias e percursos destas artistas, nascidas entre os s\u00e9culos XVII e XX, s\u00e3o o ponto de partida para uma visita que se completa com poesia (neste seu Dia Mundial) assinada por mulheres que viveram na mesma \u00e9poca, em circunst\u00e2ncias similares.nA partir da contempla\u00e7\u00e3o de pe\u00e7as de Josefa d\u2019\u00d3bidos, Francisca de Almeida Furtado, Maria da Gl\u00f3ria Ribeiro, Sofia e Aur\u00e9lia de Souza, Sarah Afonso e Irene Vilar e das circunst\u00e2ncias em que trabalharam, faz-se a liga\u00e7\u00e3o a poetas como Soror Maria do C\u00e9u, Ant\u00f3nia Pusich, Marta C\u00e2mara, Judith Teixeira, Maria O\u2019Neil, Maria Osswald e Sophia de Mello Breyner.&quot;}\" data-sheets-userformat=\"{&quot;2&quot;:897,&quot;3&quot;:{&quot;1&quot;:0},&quot;10&quot;:1,&quot;11&quot;:4,&quot;12&quot;:0}\">Evento em formato de mesa redonda em que se discutem os obst\u00e1culos administrativos e jur\u00eddicos ao acesso ao aborto e a real efetiva\u00e7\u00e3o do direito \u00e0 Interrup\u00e7\u00e3o Volunt\u00e1ria da Gravidez em Portugal, com a advogada Dr\u00aa Mia Negr\u00e3o e L\u00facia Pestana.<\/span><\/p>\n<p><strong>Local:<\/strong> <span data-sheets-root=\"1\" data-sheets-value=\"{&quot;1&quot;:2,&quot;2&quot;:&quot;Escola Profissional de Economia Social&quot;}\" data-sheets-userformat=\"{&quot;2&quot;:513,&quot;3&quot;:{&quot;1&quot;:0},&quot;12&quot;:0}\">On-line<\/span><\/p>\n<p><strong>Dia:<\/strong> 04 de mar\u00e7o | <strong>Hora:<\/strong> 17h30<\/p>\n<p><img loading=\"lazy\" src=\"https:\/\/www.cig.gov.pt\/iniciativas-nacionais\/wp-content\/uploads\/2024\/03\/IMG_8231-Beatriz-Morgado-300x291.jpeg\" width=\"300\" height=\"291\" alt=\"\" class=\"wp-image-4752 alignnone size-medium\" \/><\/p>\n<p>[\/et_pb_toggle][\/et_pb_column][et_pb_column type=&#8221;1_4&#8243; _builder_version=&#8221;4.13.0&#8243; _module_preset=&#8221;default&#8221; background_color=&#8221;RGBA(0,0,0,0)&#8221; border_radii=&#8221;on|12px|12px|12px|12px&#8221; global_colors_info=&#8221;{}&#8221;][et_pb_text _builder_version=&#8221;4.13.0&#8243; _module_preset=&#8221;default&#8221; text_font=&#8221;Montserrat||||||||&#8221; text_font_size=&#8221;12px&#8221; text_line_height=&#8221;1.2em&#8221; custom_margin=&#8221;16px|12px|8px|12px|false|false&#8221; global_colors_info=&#8221;{}&#8221;]<\/p>\n<p><span style=\"font-size: medium; color: #c18934;\"><strong>Porto<\/strong><\/span><\/p>\n<p><strong>Entidade promotora:<\/strong><br \/>COFCO International<\/p>\n<p><strong>Iniciativa | Atividade:<\/strong><br \/><span data-sheets-root=\"1\" data-sheets-value=\"{&quot;1&quot;:2,&quot;2&quot;:&quot;Visita Orientada Artistas mulheres, poesia e liberdade&quot;}\" data-sheets-userformat=\"{&quot;2&quot;:897,&quot;3&quot;:{&quot;1&quot;:0},&quot;10&quot;:1,&quot;11&quot;:4,&quot;12&quot;:0}\">A\u00e7\u00e3o de senbiliza\u00e7\u00e3o &#8220;Gender Equality and the Labour Market&#8221;<\/span><\/p>\n<p>[\/et_pb_text][et_pb_toggle title=&#8221;Informa\u00e7\u00f5es&#8221; closed_toggle_text_color=&#8221;#759fdb&#8221; icon_color=&#8221;#e22685&#8243; toggle_icon=&#8221;&#xe03a;||divi||400&#8243; use_icon_font_size=&#8221;on&#8221; icon_font_size=&#8221;23px&#8221; _builder_version=&#8221;4.13.0&#8243; _module_preset=&#8221;default&#8221; title_font=&#8221;Montserrat|700|||||||&#8221; title_font_size=&#8221;13px&#8221; body_font=&#8221;Montserrat||||||||&#8221; body_font_size=&#8221;11px&#8221; body_line_height=&#8221;1.2em&#8221; background_color=&#8221;rgba(255,255,255,0)&#8221; min_height=&#8221;75px&#8221; custom_margin=&#8221;|||8px|false|false&#8221; custom_padding=&#8221;8px||16px|4px|false|false&#8221; border_width_all=&#8221;0px&#8221; global_colors_info=&#8221;{}&#8221;]<\/p>\n<p><strong>Local:<\/strong> <span data-sheets-root=\"1\" data-sheets-value=\"{&quot;1&quot;:2,&quot;2&quot;:&quot;Escola Profissional de Economia Social&quot;}\" data-sheets-userformat=\"{&quot;2&quot;:513,&quot;3&quot;:{&quot;1&quot;:0},&quot;12&quot;:0}\">Porto<\/span><\/p>\n<p><strong>Dia:<\/strong> 07 de mar\u00e7o\u00a0<\/p>\n<p>&nbsp;<\/p>\n<p>[\/et_pb_toggle][\/et_pb_column][et_pb_column type=&#8221;1_4&#8243; _builder_version=&#8221;4.13.0&#8243; _module_preset=&#8221;default&#8221; background_color=&#8221;RGBA(0,0,0,0)&#8221; border_radii=&#8221;on|12px|12px|12px|12px&#8221; global_colors_info=&#8221;{}&#8221;][\/et_pb_column][\/et_pb_row][et_pb_row admin_label=&#8221;Santar\u00e9m&#8221; _builder_version=&#8221;4.13.0&#8243; _module_preset=&#8221;default&#8221; background_color=&#8221;#03989e&#8221; custom_margin=&#8221;24px||0px||false|false&#8221; custom_padding=&#8221;16px||16px||false|false&#8221; border_radii=&#8221;on|12px|12px|12px|12px&#8221; global_colors_info=&#8221;{}&#8221;][et_pb_column type=&#8221;4_4&#8243; _builder_version=&#8221;4.13.0&#8243; _module_preset=&#8221;default&#8221; global_colors_info=&#8221;{}&#8221;][et_pb_text admin_label=&#8221;Santar\u00e9m&#8221; _builder_version=&#8221;4.13.0&#8243; _module_preset=&#8221;default&#8221; text_font=&#8221;Montserrat|700|||||||&#8221; text_text_color=&#8221;#FFFFFF&#8221; text_font_size=&#8221;16px&#8221; text_letter_spacing=&#8221;1px&#8221; custom_margin=&#8221;2px||0px|20px|false|false&#8221; custom_padding=&#8221;6px||2px||false|false&#8221; global_colors_info=&#8221;{}&#8221;]<\/p>\n<p><span style=\"color: #f3d9da;\">Distrito: <\/span><span style=\"font-size: xx-large;\">Santar\u00e9m<\/span><\/p>\n<p>[\/et_pb_text][\/et_pb_column][\/et_pb_row][et_pb_row column_structure=&#8221;1_4,1_4,1_4,1_4&#8243; use_custom_gutter=&#8221;on&#8221; gutter_width=&#8221;2&#8243; make_equal=&#8221;on&#8221; _builder_version=&#8221;4.13.0&#8243; _module_preset=&#8221;default&#8221; background_color=&#8221;rgba(255,255,255,0)&#8221; custom_margin=&#8221;||0px||false|false&#8221; custom_padding=&#8221;||0px||false|false&#8221; locked=&#8221;off&#8221; global_colors_info=&#8221;{}&#8221;][et_pb_column type=&#8221;1_4&#8243; _builder_version=&#8221;4.13.0&#8243; _module_preset=&#8221;default&#8221; background_color=&#8221;#FFFFFF&#8221; border_radii=&#8221;on|12px|12px|12px|12px&#8221; global_colors_info=&#8221;{}&#8221;][et_pb_text _builder_version=&#8221;4.13.0&#8243; _module_preset=&#8221;default&#8221; text_font=&#8221;Montserrat||||||||&#8221; text_font_size=&#8221;12px&#8221; text_line_height=&#8221;1.2em&#8221; custom_margin=&#8221;16px|12px|8px|12px|false|false&#8221; locked=&#8221;off&#8221; global_colors_info=&#8221;{}&#8221;]<\/p>\n<p><span style=\"font-size: medium; color: #c18934;\"><strong>Coruche<\/strong><\/span><\/p>\n<p><strong>Entidade promotora:<\/strong><br \/>C\u00e2mara Municipal de Coruche<\/p>\n<p><strong>Iniciativa | Atividade:<\/strong><br \/>Exposi\u00e7\u00e3o itinerante: Mulheres e Resist\u00eancia \u2013 Novas Cartas Portuguesas e outras lutas<\/p>\n<p>[\/et_pb_text][et_pb_toggle title=&#8221;Informa\u00e7\u00f5es&#8221; closed_toggle_text_color=&#8221;#759fdb&#8221; icon_color=&#8221;#e22685&#8243; toggle_icon=&#8221;&#xe03a;||divi||400&#8243; use_icon_font_size=&#8221;on&#8221; icon_font_size=&#8221;23px&#8221; _builder_version=&#8221;4.13.0&#8243; _module_preset=&#8221;default&#8221; title_font=&#8221;Montserrat|700|||||||&#8221; title_font_size=&#8221;13px&#8221; body_font=&#8221;Montserrat||||||||&#8221; body_font_size=&#8221;11px&#8221; body_line_height=&#8221;1.2em&#8221; background_color=&#8221;rgba(255,255,255,0)&#8221; custom_margin=&#8221;|||8px|false|false&#8221; custom_padding=&#8221;8px||16px|4px|false|false&#8221; border_width_all=&#8221;0px&#8221; locked=&#8221;off&#8221; global_colors_info=&#8221;{}&#8221;]<\/p>\n<p>A partir da exposi\u00e7\u00e3o tempor\u00e1ria \u201cMulheres e Resist\u00eancia \u2013 Novas Cartas Portuguesas e outras lutas\u201d tentamos compreender o papel da repress\u00e3o, o valor da solidariedade e a import\u00e2ncia da vit\u00f3ria no processo liter\u00e1rio e pol\u00edtico que envolveu as Tr\u00eas Marias \u2013 Maria Isabel Barreno, Maria Teresa Horta e Maria Velho da Costa. Valorizamos tamb\u00e9m o papel de tantas mulheres que, com origens e percursos diferentes, inventaram e concretizaram batalhas pelos seus direitos, pela justi\u00e7a social e pela liberdade, desde os anos 30 at\u00e9 ao 25 de Abril.<\/p>\n<p><img loading=\"lazy\" class=\"wp-image-4236 alignnone size-medium\" src=\"https:\/\/www.cig.gov.pt\/iniciativas-nacionais\/wp-content\/uploads\/2024\/02\/2023_EA_EI_MeR_IG-Post-300x300.png\" alt=\"\" width=\"300\" height=\"300\" \/><\/p>\n<p><strong>Local:<\/strong> Galeria do Mercado Municipal, junto ao Posto de Turismo<\/p>\n<p><strong>Data:<\/strong> 8 a 31 de mar\u00e7o<\/p>\n<p>[\/et_pb_toggle][\/et_pb_column][et_pb_column type=&#8221;1_4&#8243; _builder_version=&#8221;4.13.0&#8243; _module_preset=&#8221;default&#8221; background_color=&#8221;#FFFFFF&#8221; border_radii=&#8221;on|12px|12px|12px|12px&#8221; global_colors_info=&#8221;{}&#8221;][et_pb_text _builder_version=&#8221;4.13.0&#8243; _module_preset=&#8221;default&#8221; text_font=&#8221;Montserrat||||||||&#8221; text_font_size=&#8221;12px&#8221; text_line_height=&#8221;1.2em&#8221; custom_margin=&#8221;16px|12px|8px|12px|false|false&#8221; locked=&#8221;off&#8221; global_colors_info=&#8221;{}&#8221;]<\/p>\n<p><span style=\"font-size: medium; color: #c18934;\"><strong>Abrantes<\/strong><\/span><\/p>\n<p><strong>Entidade promotora:<\/strong><br \/><span>C\u00e2mara Municipal de Abrantes <\/span><\/p>\n<p><strong>Iniciativa | Atividade:<\/strong><br \/><span>Motivar e Valorizar as Mulheres <\/span><\/p>\n<p>[\/et_pb_text][et_pb_toggle title=&#8221;Informa\u00e7\u00f5es&#8221; closed_toggle_text_color=&#8221;#759fdb&#8221; icon_color=&#8221;#e22685&#8243; toggle_icon=&#8221;&#xe03a;||divi||400&#8243; use_icon_font_size=&#8221;on&#8221; icon_font_size=&#8221;23px&#8221; _builder_version=&#8221;4.13.0&#8243; _module_preset=&#8221;default&#8221; title_font=&#8221;Montserrat|700|||||||&#8221; title_font_size=&#8221;13px&#8221; body_font=&#8221;Montserrat||||||||&#8221; body_font_size=&#8221;11px&#8221; body_line_height=&#8221;1.2em&#8221; background_color=&#8221;rgba(255,255,255,0)&#8221; custom_margin=&#8221;|||8px|false|false&#8221; custom_padding=&#8221;8px||16px|4px|false|false&#8221; border_width_all=&#8221;0px&#8221; locked=&#8221;off&#8221; global_colors_info=&#8221;{}&#8221;]<\/p>\n<p><span>Para esta atividade ser\u00e1 utilizada a Carrinha do Cidad\u00e3o para, de forma descentralizada, distribuir mensagens de motiva\u00e7\u00e3o e admira\u00e7\u00e3o, durante o m\u00eas de mar\u00e7o, \u00e0s mulheres que recorrem aos seus servi\u00e7os. <\/span><\/p>\n<p><strong>Local:<\/strong> <span>Concelho de Abrantes <\/span><\/p>\n<p><strong>Data:<\/strong> 08 de mar\u00e7o | <strong>Hora:<\/strong> 09h00<\/p>\n<p>[\/et_pb_toggle][\/et_pb_column][et_pb_column type=&#8221;1_4&#8243; _builder_version=&#8221;4.13.0&#8243; _module_preset=&#8221;default&#8221; background_color=&#8221;#FFFFFF&#8221; border_radii=&#8221;on|12px|12px|12px|12px&#8221; global_colors_info=&#8221;{}&#8221;][et_pb_text _builder_version=&#8221;4.13.0&#8243; _module_preset=&#8221;default&#8221; text_font=&#8221;Montserrat||||||||&#8221; text_font_size=&#8221;12px&#8221; text_line_height=&#8221;1.2em&#8221; custom_margin=&#8221;16px|12px|8px|12px|false|false&#8221; locked=&#8221;off&#8221; global_colors_info=&#8221;{}&#8221;]<\/p>\n<p><span style=\"font-size: medium; color: #c18934;\"><strong>Abrantes<\/strong><\/span><\/p>\n<p><strong>Entidade promotora:<\/strong><br \/><span>Centro Social do Pessoal do Munic\u00edpio de Abrantes <\/span><\/p>\n<p><strong>Iniciativa | Atividade:<\/strong><br \/><span>Workshops &#8220;Cuidados de Pele&#8221; e &#8220;Auto maquilhagem&#8221;<\/span><\/p>\n<p>[\/et_pb_text][et_pb_toggle title=&#8221;Informa\u00e7\u00f5es&#8221; closed_toggle_text_color=&#8221;#759fdb&#8221; icon_color=&#8221;#e22685&#8243; toggle_icon=&#8221;&#xe03a;||divi||400&#8243; use_icon_font_size=&#8221;on&#8221; icon_font_size=&#8221;23px&#8221; _builder_version=&#8221;4.13.0&#8243; _module_preset=&#8221;default&#8221; title_font=&#8221;Montserrat|700|||||||&#8221; title_font_size=&#8221;13px&#8221; body_font=&#8221;Montserrat||||||||&#8221; body_font_size=&#8221;11px&#8221; body_line_height=&#8221;1.2em&#8221; background_color=&#8221;rgba(255,255,255,0)&#8221; custom_margin=&#8221;|||8px|false|false&#8221; custom_padding=&#8221;8px||16px|4px|false|false&#8221; border_width_all=&#8221;0px&#8221; locked=&#8221;off&#8221; global_colors_info=&#8221;{}&#8221;]<\/p>\n<p><span>Para celebrar a beleza feminina, o Centro Social do Pessoal do Munic\u00edpio de Abrantes promove dois workshops dedicados aos &#8220;Cuidados de Pele&#8221; e \u00e0 &#8220;Auto maquilhagem&#8221;. <br \/><\/span><\/p>\n<p><span>Estes workshops pretendem enaltecer a beleza da mulher e proporcionar-lhes momentos de bem-estar e de cuidado com elas mesmas.<\/span><\/p>\n<p><strong>Local:<\/strong><span>\u00a0Abrantes <\/span><\/p>\n<p><strong>Data:<\/strong> 09 de mar\u00e7o | <strong>Hora:<\/strong> 15h00<\/p>\n<p>[\/et_pb_toggle][\/et_pb_column][et_pb_column type=&#8221;1_4&#8243; _builder_version=&#8221;4.13.0&#8243; _module_preset=&#8221;default&#8221; background_color=&#8221;#FFFFFF&#8221; border_radii=&#8221;on|12px|12px|12px|12px&#8221; global_colors_info=&#8221;{}&#8221;][et_pb_text _builder_version=&#8221;4.13.0&#8243; _module_preset=&#8221;default&#8221; text_font=&#8221;Montserrat||||||||&#8221; text_font_size=&#8221;12px&#8221; text_line_height=&#8221;1.2em&#8221; custom_margin=&#8221;16px|12px|8px|12px|false|false&#8221; locked=&#8221;off&#8221; global_colors_info=&#8221;{}&#8221;]<\/p>\n<p><span style=\"font-size: medium; color: #c18934;\"><strong>Abrantes<\/strong><\/span><\/p>\n<p><strong>Entidade promotora:<\/strong><br \/><span>C\u00e2mara Municipal de Abrantes <\/span><\/p>\n<p><strong>Iniciativa | Atividade:<\/strong><br \/><span>Mensagem dedicada a todas as colaboradoras da C\u00e2mara Municipal de Abrantes <\/span><\/p>\n<p>[\/et_pb_text][et_pb_toggle title=&#8221;Informa\u00e7\u00f5es&#8221; closed_toggle_text_color=&#8221;#759fdb&#8221; icon_color=&#8221;#e22685&#8243; toggle_icon=&#8221;&#xe03a;||divi||400&#8243; use_icon_font_size=&#8221;on&#8221; icon_font_size=&#8221;23px&#8221; _builder_version=&#8221;4.13.0&#8243; _module_preset=&#8221;default&#8221; title_font=&#8221;Montserrat|700|||||||&#8221; title_font_size=&#8221;13px&#8221; body_font=&#8221;Montserrat||||||||&#8221; body_font_size=&#8221;11px&#8221; body_line_height=&#8221;1.2em&#8221; background_color=&#8221;rgba(255,255,255,0)&#8221; custom_margin=&#8221;|||8px|false|false&#8221; custom_padding=&#8221;8px||16px|4px|false|false&#8221; border_width_all=&#8221;0px&#8221; locked=&#8221;off&#8221; global_colors_info=&#8221;{}&#8221;]<\/p>\n<p><span>Mensagem divulgada atrav\u00e9s da newsletter, mensal, a todas as mulheres trabalhadoras da C\u00e2mara Municipal de Abrantes.<\/span><\/p>\n<p><strong>Data:<\/strong> 01 de mar\u00e7o<\/p>\n<p>[\/et_pb_toggle][\/et_pb_column][\/et_pb_row][et_pb_row admin_label=&#8221;Distrito&#8221; _builder_version=&#8221;4.13.0&#8243; _module_preset=&#8221;default&#8221; background_color=&#8221;#03989e&#8221; custom_margin=&#8221;24px||0px||false|false&#8221; custom_padding=&#8221;16px||16px||false|false&#8221; border_radii=&#8221;on|12px|12px|12px|12px&#8221; global_colors_info=&#8221;{}&#8221;][et_pb_column type=&#8221;4_4&#8243; _builder_version=&#8221;4.13.0&#8243; _module_preset=&#8221;default&#8221; global_colors_info=&#8221;{}&#8221;][et_pb_text admin_label=&#8221;Set\u00fabal&#8221; _builder_version=&#8221;4.13.0&#8243; _module_preset=&#8221;default&#8221; text_font=&#8221;Montserrat|700|||||||&#8221; text_text_color=&#8221;#FFFFFF&#8221; text_font_size=&#8221;16px&#8221; text_letter_spacing=&#8221;1px&#8221; custom_margin=&#8221;2px||0px|20px|false|false&#8221; custom_padding=&#8221;6px||2px||false|false&#8221; global_colors_info=&#8221;{}&#8221;]<\/p>\n<p><span style=\"color: #f3d9da;\">Distrito: <\/span><span style=\"font-size: xx-large;\">Set\u00fabal<\/span><\/p>\n<p>[\/et_pb_text][\/et_pb_column][\/et_pb_row][et_pb_row column_structure=&#8221;1_4,1_4,1_4,1_4&#8243; use_custom_gutter=&#8221;on&#8221; gutter_width=&#8221;2&#8243; make_equal=&#8221;on&#8221; _builder_version=&#8221;4.13.0&#8243; _module_preset=&#8221;default&#8221; background_color=&#8221;rgba(255,255,255,0)&#8221; custom_margin=&#8221;||0px||false|false&#8221; custom_padding=&#8221;||0px||false|false&#8221; locked=&#8221;off&#8221; global_colors_info=&#8221;{}&#8221;][et_pb_column type=&#8221;1_4&#8243; _builder_version=&#8221;4.13.0&#8243; _module_preset=&#8221;default&#8221; background_color=&#8221;#FFFFFF&#8221; border_radii=&#8221;on|12px|12px|12px|12px&#8221; global_colors_info=&#8221;{}&#8221;][et_pb_text _builder_version=&#8221;4.13.0&#8243; _module_preset=&#8221;default&#8221; text_font=&#8221;Montserrat||||||||&#8221; text_font_size=&#8221;12px&#8221; text_line_height=&#8221;1.2em&#8221; custom_margin=&#8221;16px|12px|8px|12px|false|false&#8221; global_colors_info=&#8221;{}&#8221;]<\/p>\n<p><span style=\"font-size: medium; color: #c18934;\"><strong>Gr\u00e2ndola<\/strong><\/span><\/p>\n<p><strong>Entidade promotora:<\/strong><br \/>C\u00e2mara Municipal de Gr\u00e2ndola<\/p>\n<p><strong>Iniciativa | Atividade:<\/strong><br \/><span data-sheets-root=\"1\" data-sheets-value=\"{&quot;1&quot;:2,&quot;2&quot;:&quot;&quot;Corte &amp; Costura: Livros de Autoras Portuguesas Censurados durante o Estado Novo&quot;.&quot;}\" data-sheets-userformat=\"{&quot;2&quot;:897,&quot;3&quot;:{&quot;1&quot;:0},&quot;10&quot;:1,&quot;11&quot;:4,&quot;12&quot;:0}\">Exposi\u00e7\u00e3o &#8220;Corte &amp; Costura: Livros de Autoras Portuguesas Censurados durante o Estado Novo&#8221;.<\/span><\/p>\n<p>[\/et_pb_text][et_pb_toggle title=&#8221;Informa\u00e7\u00f5es&#8221; closed_toggle_text_color=&#8221;#759fdb&#8221; icon_color=&#8221;#e22685&#8243; toggle_icon=&#8221;&#xe03a;||divi||400&#8243; use_icon_font_size=&#8221;on&#8221; icon_font_size=&#8221;23px&#8221; _builder_version=&#8221;4.13.0&#8243; _module_preset=&#8221;default&#8221; title_font=&#8221;Montserrat|700|||||||&#8221; title_font_size=&#8221;13px&#8221; body_font=&#8221;Montserrat||||||||&#8221; body_font_size=&#8221;11px&#8221; body_line_height=&#8221;1.2em&#8221; background_color=&#8221;rgba(255,255,255,0)&#8221; custom_margin=&#8221;|||8px|false|false&#8221; custom_padding=&#8221;8px||16px|4px|false|false&#8221; border_width_all=&#8221;0px&#8221; global_colors_info=&#8221;{}&#8221;]<\/p>\n<p style=\"text-align: justify;\"><a title=\"Exposi\u00e7\u00e3o itinerante: Mulheres e Resist\u00eancia \u2013 Novas Cartas Portuguesas e outras lutas\" href=\"https:\/\/www.cig.gov.pt\/iniciativas-nacionais\/wp-content\/uploads\/2024\/02\/2023_EA_EI_MeR_FB-Capa-Evento-David-Nunes.png\" target=\"_blank\" rel=\"noopener\"><img loading=\"lazy\" class=\"alignnone wp-image-4225 size-medium\" src=\"https:\/\/www.cig.gov.pt\/iniciativas-nacionais\/wp-content\/uploads\/2024\/02\/cartaz_corte_costura_2024_01_1_1024_2500-214x300.png\" alt=\"\" width=\"214\" height=\"300\" \/><\/a><\/p>\n<p style=\"text-align: justify;\"><strong>Local:<\/strong> Biblioteca e Arquivo Municipal de Gr\u00e2ndola<\/p>\n<p style=\"text-align: justify;\"><strong>Data:<\/strong> 25 de fevereiro a 16 de mar\u00e7o<\/p>\n<p style=\"text-align: justify;\">[\/et_pb_toggle][\/et_pb_column][et_pb_column type=&#8221;1_4&#8243; _builder_version=&#8221;4.13.0&#8243; _module_preset=&#8221;default&#8221; background_color=&#8221;#FFFFFF&#8221; border_radii=&#8221;on|12px|12px|12px|12px&#8221; global_colors_info=&#8221;{}&#8221;][et_pb_text _builder_version=&#8221;4.13.0&#8243; _module_preset=&#8221;default&#8221; text_font=&#8221;Montserrat||||||||&#8221; text_font_size=&#8221;12px&#8221; text_line_height=&#8221;1.2em&#8221; custom_margin=&#8221;16px|12px|8px|12px|false|false&#8221; global_colors_info=&#8221;{}&#8221;]<\/p>\n<p><span style=\"font-size: medium; color: #c18934;\"><strong>Gr\u00e2ndola<\/strong><\/span><\/p>\n<p><strong>Entidade promotora:<\/strong><br \/>C\u00e2mara Municipal de Gr\u00e2ndola<\/p>\n<p><strong>Iniciativa | Atividade:<\/strong><br \/><span data-sheets-root=\"1\" data-sheets-value=\"{&quot;1&quot;:2,&quot;2&quot;:&quot;Oferta Institucional de Cravos e Postais&quot;}\" data-sheets-userformat=\"{&quot;2&quot;:897,&quot;3&quot;:{&quot;1&quot;:0},&quot;10&quot;:1,&quot;11&quot;:4,&quot;12&quot;:0}\">Oferta Institucional de Cravos e Postais<\/span><\/p>\n<p>[\/et_pb_text][et_pb_toggle title=&#8221;Informa\u00e7\u00f5es&#8221; closed_toggle_text_color=&#8221;#759fdb&#8221; icon_color=&#8221;#e22685&#8243; toggle_icon=&#8221;&#xe03a;||divi||400&#8243; use_icon_font_size=&#8221;on&#8221; icon_font_size=&#8221;23px&#8221; _builder_version=&#8221;4.13.0&#8243; _module_preset=&#8221;default&#8221; title_font=&#8221;Montserrat|700|||||||&#8221; title_font_size=&#8221;13px&#8221; body_font=&#8221;Montserrat||||||||&#8221; body_font_size=&#8221;11px&#8221; body_line_height=&#8221;1.2em&#8221; background_color=&#8221;rgba(255,255,255,0)&#8221; custom_margin=&#8221;|||8px|false|false&#8221; custom_padding=&#8221;8px||16px|4px|false|false&#8221; border_width_all=&#8221;0px&#8221; global_colors_info=&#8221;{}&#8221;]<\/p>\n<p><strong><span data-sheets-root=\"1\" data-sheets-value=\"{&quot;1&quot;:2,&quot;2&quot;:&quot;Distribui\u00e7\u00e3o de cravos e postais comemorativos do Dia Internacional da Mulher, com base no poema 8 de mar\u00e7o, de Ivone Chinita, e ilustra\u00e7\u00e3o original de Catarina Bizarro;&quot;}\" data-sheets-userformat=\"{&quot;2&quot;:897,&quot;3&quot;:{&quot;1&quot;:0},&quot;10&quot;:1,&quot;11&quot;:4,&quot;12&quot;:0}\">Distribui\u00e7\u00e3o de cravos e postais comemorativos do Dia Internacional da Mulher, com base no poema 8 de mar\u00e7o, de Ivone Chinita, e ilustra\u00e7\u00e3o original de Catarina Bizarro<\/span><\/strong><\/p>\n<p><strong>Local:\u00a0<\/strong><span data-sheets-root=\"1\" data-sheets-value=\"{&quot;1&quot;:2,&quot;2&quot;:&quot;Largo Catarina Euf\u00e9mia, Gr\u00e2ndola&quot;}\" data-sheets-userformat=\"{&quot;2&quot;:897,&quot;3&quot;:{&quot;1&quot;:0},&quot;10&quot;:1,&quot;11&quot;:4,&quot;12&quot;:0}\">Largo Catarina Euf\u00e9mia, Gr\u00e2ndola<\/span><\/p>\n<p><strong>Dia:<\/strong> 08 de mar\u00e7o | <strong>Hora:<\/strong> 10h00<\/p>\n<p>[\/et_pb_toggle][\/et_pb_column][et_pb_column type=&#8221;1_4&#8243; _builder_version=&#8221;4.13.0&#8243; _module_preset=&#8221;default&#8221; background_color=&#8221;#FFFFFF&#8221; border_radii=&#8221;on|12px|12px|12px|12px&#8221; global_colors_info=&#8221;{}&#8221;][et_pb_text _builder_version=&#8221;4.13.0&#8243; _module_preset=&#8221;default&#8221; text_font=&#8221;Montserrat||||||||&#8221; text_font_size=&#8221;12px&#8221; text_line_height=&#8221;1.2em&#8221; custom_margin=&#8221;16px|12px|8px|12px|false|false&#8221; locked=&#8221;off&#8221; global_colors_info=&#8221;{}&#8221;]<\/p>\n<p><span style=\"font-size: medium; color: #c18934;\"><strong>Gr\u00e2ndola<\/strong><\/span><\/p>\n<p><strong>Entidade promotora:<\/strong><br \/>C\u00e2mara Municipal de Gr\u00e2ndola<\/p>\n<p><strong>Iniciativa | Atividade:<\/strong><br \/>Concerto Capicua<\/p>\n<p>[\/et_pb_text][et_pb_toggle title=&#8221;Informa\u00e7\u00f5es&#8221; closed_toggle_text_color=&#8221;#759fdb&#8221; icon_color=&#8221;#e22685&#8243; toggle_icon=&#8221;&#xe03a;||divi||400&#8243; use_icon_font_size=&#8221;on&#8221; icon_font_size=&#8221;23px&#8221; _builder_version=&#8221;4.13.0&#8243; _module_preset=&#8221;default&#8221; title_font=&#8221;Montserrat|700|||||||&#8221; title_font_size=&#8221;13px&#8221; body_font=&#8221;Montserrat||||||||&#8221; body_font_size=&#8221;11px&#8221; body_line_height=&#8221;1.2em&#8221; background_color=&#8221;rgba(255,255,255,0)&#8221; custom_margin=&#8221;|||8px|false|false&#8221; custom_padding=&#8221;8px||16px|4px|false|false&#8221; border_width_all=&#8221;0px&#8221; locked=&#8221;off&#8221; global_colors_info=&#8221;{}&#8221;]<\/p>\n<p><strong><span data-sheets-formula-bar-text-style=\"font-size:12px;color:#000000;font-weight:normal;text-decoration:none;font-family:'Arial';font-style:normal;text-decoration-skip-ink:none;\">Projeto Cantar de Novo<\/span><\/strong><\/p>\n<p><img loading=\"lazy\" class=\"wp-image-4226 alignnone size-medium\" src=\"https:\/\/www.cig.gov.pt\/iniciativas-nacionais\/wp-content\/uploads\/2024\/02\/cantar_de_novo_capicua_01_1_1024_2500-212x300.png\" alt=\"\" width=\"212\" height=\"300\" \/><\/p>\n<p><strong>Local: <\/strong><span data-sheets-root=\"1\" data-sheets-value=\"{&quot;1&quot;:2,&quot;2&quot;:&quot;Parque de Feiras e Exposi\u00e7\u00f5es&quot;}\" data-sheets-userformat=\"{&quot;2&quot;:897,&quot;3&quot;:{&quot;1&quot;:0},&quot;10&quot;:1,&quot;11&quot;:4,&quot;12&quot;:0}\">Parque de Feiras e Exposi\u00e7\u00f5es<\/span><\/p>\n<p><strong>Dia:<\/strong> 08 de mar\u00e7o | <strong>Hora:<\/strong> 21h30<\/p>\n<p>[\/et_pb_toggle][\/et_pb_column][et_pb_column type=&#8221;1_4&#8243; _builder_version=&#8221;4.13.0&#8243; _module_preset=&#8221;default&#8221; background_color=&#8221;#FFFFFF&#8221; border_radii=&#8221;on|12px|12px|12px|12px&#8221; global_colors_info=&#8221;{}&#8221;][et_pb_text _builder_version=&#8221;4.13.0&#8243; _module_preset=&#8221;default&#8221; text_font=&#8221;Montserrat||||||||&#8221; text_font_size=&#8221;12px&#8221; text_line_height=&#8221;1.2em&#8221; custom_margin=&#8221;16px|12px|8px|12px|false|false&#8221; locked=&#8221;off&#8221; global_colors_info=&#8221;{}&#8221;]<\/p>\n<p><span style=\"font-size: medium; color: #c18934;\"><strong>Gr\u00e2ndola<\/strong><\/span><\/p>\n<p><strong>Entidade promotora:<\/strong><br \/>C\u00e2mara Municipal de Gr\u00e2ndola<\/p>\n<p><strong>Iniciativa | Atividade:<\/strong><br \/>&#8220;Elas tamb\u00e9m estiveram l\u00e1&#8221; de Joana Craveiro.<\/p>\n<p>[\/et_pb_text][et_pb_toggle title=&#8221;Informa\u00e7\u00f5es&#8221; closed_toggle_text_color=&#8221;#759fdb&#8221; icon_color=&#8221;#e22685&#8243; toggle_icon=&#8221;&#xe03a;||divi||400&#8243; use_icon_font_size=&#8221;on&#8221; icon_font_size=&#8221;23px&#8221; _builder_version=&#8221;4.13.0&#8243; _module_preset=&#8221;default&#8221; title_font=&#8221;Montserrat|700|||||||&#8221; title_font_size=&#8221;13px&#8221; body_font=&#8221;Montserrat||||||||&#8221; body_font_size=&#8221;11px&#8221; body_line_height=&#8221;1.2em&#8221; background_color=&#8221;rgba(255,255,255,0)&#8221; custom_margin=&#8221;|||8px|false|false&#8221; custom_padding=&#8221;8px||16px|4px|false|false&#8221; border_width_all=&#8221;0px&#8221; locked=&#8221;off&#8221; global_colors_info=&#8221;{}&#8221;]<\/p>\n<p>Um document\u00e1rio po\u00e9tico sobre a invisibilidade das mulheres em acontecimentos hist\u00f3ricos, como a ditadura portuguesa de 1926-1974, ou o processo revolucion\u00e1rio de 1974-75.<br \/>Portugal \u2022 Doc \u2022 2021 \u2022 105\u2019 \u2022 Teatro do Vestido.<\/p>\n<p>&nbsp;<\/p>\n<p><strong>Local: <\/strong><span data-sheets-root=\"1\" data-sheets-value=\"{&quot;1&quot;:2,&quot;2&quot;:&quot;Parque de Feiras e Exposi\u00e7\u00f5es&quot;}\" data-sheets-userformat=\"{&quot;2&quot;:897,&quot;3&quot;:{&quot;1&quot;:0},&quot;10&quot;:1,&quot;11&quot;:4,&quot;12&quot;:0}\">Cineteatro Grandolense<\/span><\/p>\n<p><strong>Dia:<\/strong> 07 de mar\u00e7o | <strong>Hora:<\/strong> 21h00<\/p>\n<p>[\/et_pb_toggle][\/et_pb_column][\/et_pb_row][et_pb_row column_structure=&#8221;1_4,1_4,1_4,1_4&#8243; _builder_version=&#8221;4.13.0&#8243; _module_preset=&#8221;default&#8221; global_colors_info=&#8221;{}&#8221;][et_pb_column type=&#8221;1_4&#8243; _builder_version=&#8221;4.13.0&#8243; _module_preset=&#8221;default&#8221; background_color=&#8221;#FFFFFF&#8221; global_colors_info=&#8221;{}&#8221;][et_pb_text _builder_version=&#8221;4.13.0&#8243; _module_preset=&#8221;default&#8221; text_font=&#8221;Montserrat||||||||&#8221; text_font_size=&#8221;12px&#8221; text_line_height=&#8221;1.2em&#8221; custom_margin=&#8221;16px|12px|8px|12px|false|false&#8221; global_colors_info=&#8221;{}&#8221;]<\/p>\n<p><span style=\"font-size: medium; color: #c18934;\"><strong>Barreiro<\/strong><\/span><\/p>\n<p><strong>Entidade promotora:<\/strong><br \/><span data-sheets-root=\"1\" data-sheets-value=\"{&quot;1&quot;:2,&quot;2&quot;:&quot;Dia M de Pot\u00eancia &quot;}\" data-sheets-userformat=\"{&quot;2&quot;:513,&quot;3&quot;:{&quot;1&quot;:0},&quot;12&quot;:0}\">C\u00e2mara Municipal do Barreiro<br \/><\/span><\/p>\n<p><strong>Iniciativa | Atividade:<\/strong><br \/><span data-sheets-root=\"1\" data-sheets-value=\"{&quot;1&quot;:2,&quot;2&quot;:&quot;&quot;Corte &amp; Costura: Livros de Autoras Portuguesas Censurados durante o Estado Novo&quot;.&quot;}\" data-sheets-userformat=\"{&quot;2&quot;:897,&quot;3&quot;:{&quot;1&quot;:0},&quot;10&quot;:1,&quot;11&quot;:4,&quot;12&quot;:0}\">Mulheres do 25 de abril: 50 anos de liberdade<br \/><\/span><\/p>\n<p>[\/et_pb_text][et_pb_toggle title=&#8221;Informa\u00e7\u00f5es&#8221; closed_toggle_text_color=&#8221;#759fdb&#8221; icon_color=&#8221;#e22685&#8243; toggle_icon=&#8221;&#xe03a;||divi||400&#8243; use_icon_font_size=&#8221;on&#8221; icon_font_size=&#8221;23px&#8221; _builder_version=&#8221;4.13.0&#8243; _module_preset=&#8221;default&#8221; title_font=&#8221;Montserrat|700|||||||&#8221; title_font_size=&#8221;13px&#8221; body_font=&#8221;Montserrat||||||||&#8221; body_font_size=&#8221;11px&#8221; body_line_height=&#8221;1.2em&#8221; background_color=&#8221;rgba(255,255,255,0)&#8221; custom_margin=&#8221;|||8px|false|false&#8221; custom_padding=&#8221;8px||16px|4px|false|false&#8221; border_width_all=&#8221;0px&#8221; global_colors_info=&#8221;{}&#8221;]<\/p>\n<p style=\"text-align: justify;\"><span data-sheets-root=\"1\" data-sheets-value=\"{&quot;1&quot;:2,&quot;2&quot;:&quot;Conversa entre mulheres que viveram o 25 de abril, as quais ir\u00e3o partilhar as suas experi\u00eancias.&quot;}\" data-sheets-userformat=\"{&quot;2&quot;:513,&quot;3&quot;:{&quot;1&quot;:0},&quot;12&quot;:0}\">Conversa entre mulheres que viveram o 25 de abril, as quais ir\u00e3o partilhar as suas experi\u00eancias.<\/span><\/p>\n<p style=\"text-align: justify;\"><strong>Local:<\/strong> <span data-sheets-root=\"1\" data-sheets-value=\"{&quot;1&quot;:2,&quot;2&quot;:&quot;Audit\u00f3rio Municipal Augusto Cabrita&quot;}\" data-sheets-userformat=\"{&quot;2&quot;:513,&quot;3&quot;:{&quot;1&quot;:0},&quot;12&quot;:0}\">Audit\u00f3rio Municipal Augusto Cabrita<\/span><\/p>\n<p style=\"text-align: justify;\"><strong>Data:<\/strong> 08 de mar\u00e7o | <strong>Hora:<\/strong> 10h00<\/p>\n<p style=\"text-align: justify;\">[\/et_pb_toggle][\/et_pb_column][et_pb_column type=&#8221;1_4&#8243; _builder_version=&#8221;4.13.0&#8243; _module_preset=&#8221;default&#8221; background_color=&#8221;#FFFFFF&#8221; global_colors_info=&#8221;{}&#8221;][et_pb_text _builder_version=&#8221;4.13.0&#8243; _module_preset=&#8221;default&#8221; text_font=&#8221;Montserrat||||||||&#8221; text_font_size=&#8221;12px&#8221; text_line_height=&#8221;1.2em&#8221; custom_margin=&#8221;16px|12px|8px|12px|false|false&#8221; global_colors_info=&#8221;{}&#8221;]<\/p>\n<p><span style=\"font-size: medium; color: #c18934;\"><strong>Gr\u00e2ndola<\/strong><\/span><\/p>\n<p><strong>Entidade promotora:<\/strong><br \/>C\u00e2mara Municipal de Gr\u00e2ndola<\/p>\n<p><strong>Iniciativa | Atividade:<\/strong><br \/><span data-sheets-root=\"1\" data-sheets-value=\"{&quot;1&quot;:2,&quot;2&quot;:&quot;&quot;Corte &amp; Costura: Livros de Autoras Portuguesas Censurados durante o Estado Novo&quot;.&quot;}\" data-sheets-userformat=\"{&quot;2&quot;:897,&quot;3&quot;:{&quot;1&quot;:0},&quot;10&quot;:1,&quot;11&quot;:4,&quot;12&quot;:0}\">&#8220;Comporta Aberta, e o Carvalhal aqui t\u00e3o perto&#8221; de Cidalisa Guerra.<\/span><\/p>\n<p>[\/et_pb_text][et_pb_toggle title=&#8221;Informa\u00e7\u00f5es&#8221; closed_toggle_text_color=&#8221;#759fdb&#8221; icon_color=&#8221;#e22685&#8243; toggle_icon=&#8221;&#xe03a;||divi||400&#8243; use_icon_font_size=&#8221;on&#8221; icon_font_size=&#8221;23px&#8221; _builder_version=&#8221;4.13.0&#8243; _module_preset=&#8221;default&#8221; title_font=&#8221;Montserrat|700|||||||&#8221; title_font_size=&#8221;13px&#8221; body_font=&#8221;Montserrat||||||||&#8221; body_font_size=&#8221;11px&#8221; body_line_height=&#8221;1.2em&#8221; background_color=&#8221;rgba(255,255,255,0)&#8221; custom_margin=&#8221;|||8px|false|false&#8221; custom_padding=&#8221;8px||16px|4px|false|false&#8221; border_width_all=&#8221;0px&#8221; global_colors_info=&#8221;{}&#8221;]<\/p>\n<p style=\"text-align: justify;\">Apresenta\u00e7\u00e3o do livro pela autora, Cidalisa Guerra, e por Id\u00e1lio Nunes e Bia Ferreirinha.<\/p>\n<p style=\"text-align: justify;\"><strong>Local:<\/strong> Biblioteca e Arquivo Municipal de Gr\u00e2ndola<\/p>\n<p style=\"text-align: justify;\"><strong>Data:<\/strong> 12 de mar\u00e7o | <strong>Hora:<\/strong> 17h30<\/p>\n<p style=\"text-align: justify;\">[\/et_pb_toggle][\/et_pb_column][et_pb_column type=&#8221;1_4&#8243; _builder_version=&#8221;4.13.0&#8243; _module_preset=&#8221;default&#8221; background_color=&#8221;#FFFFFF&#8221; global_colors_info=&#8221;{}&#8221;][et_pb_text _builder_version=&#8221;4.13.0&#8243; _module_preset=&#8221;default&#8221; text_font=&#8221;Montserrat||||||||&#8221; text_font_size=&#8221;12px&#8221; text_line_height=&#8221;1.2em&#8221; custom_margin=&#8221;16px|12px|8px|12px|false|false&#8221; global_colors_info=&#8221;{}&#8221;]<\/p>\n<p><span style=\"font-size: medium; color: #c18934;\"><strong>Gr\u00e2ndola<\/strong><\/span><\/p>\n<p><strong>Entidade promotora:<\/strong><br \/>C\u00e2mara Municipal de Gr\u00e2ndola<\/p>\n<p><strong>Iniciativa | Atividade:<\/strong><br \/><span data-sheets-root=\"1\" data-sheets-value=\"{&quot;1&quot;:2,&quot;2&quot;:&quot;Oferta Institucional de Cravos e Postais&quot;}\" data-sheets-userformat=\"{&quot;2&quot;:897,&quot;3&quot;:{&quot;1&quot;:0},&quot;10&quot;:1,&quot;11&quot;:4,&quot;12&quot;:0}\">Mulher: do rega\u00e7o \u00e0 d\u00e1diva.<\/span><\/p>\n<p>[\/et_pb_text][et_pb_toggle title=&#8221;Informa\u00e7\u00f5es&#8221; closed_toggle_text_color=&#8221;#759fdb&#8221; icon_color=&#8221;#e22685&#8243; toggle_icon=&#8221;&#xe03a;||divi||400&#8243; use_icon_font_size=&#8221;on&#8221; icon_font_size=&#8221;23px&#8221; _builder_version=&#8221;4.13.0&#8243; _module_preset=&#8221;default&#8221; title_font=&#8221;Montserrat|700|||||||&#8221; title_font_size=&#8221;13px&#8221; body_font=&#8221;Montserrat||||||||&#8221; body_font_size=&#8221;11px&#8221; body_line_height=&#8221;1.2em&#8221; background_color=&#8221;rgba(255,255,255,0)&#8221; custom_margin=&#8221;|||8px|false|false&#8221; custom_padding=&#8221;8px||16px|4px|false|false&#8221; border_width_all=&#8221;0px&#8221; global_colors_info=&#8221;{}&#8221;]<\/p>\n<p>Inaugura\u00e7\u00e3o da escultura de autoria de Francisco Sim\u00f5es.<\/p>\n<p><strong>Local: <\/strong><span data-sheets-root=\"1\" data-sheets-value=\"{&quot;1&quot;:2,&quot;2&quot;:&quot;Largo Catarina Euf\u00e9mia, Gr\u00e2ndola&quot;}\" data-sheets-userformat=\"{&quot;2&quot;:897,&quot;3&quot;:{&quot;1&quot;:0},&quot;10&quot;:1,&quot;11&quot;:4,&quot;12&quot;:0}\">Largo Piedade Serrano, Gr\u00e2ndola<\/span><\/p>\n<p><strong>Dia:<\/strong> 08 de mar\u00e7o | <strong>Hora:<\/strong> 17h00<\/p>\n<p>[\/et_pb_toggle][\/et_pb_column][et_pb_column type=&#8221;1_4&#8243; _builder_version=&#8221;4.13.0&#8243; _module_preset=&#8221;default&#8221; background_color=&#8221;#FFFFFF&#8221; global_colors_info=&#8221;{}&#8221;][et_pb_text _builder_version=&#8221;4.13.0&#8243; _module_preset=&#8221;default&#8221; text_font=&#8221;Montserrat||||||||&#8221; text_font_size=&#8221;12px&#8221; text_line_height=&#8221;1.2em&#8221; custom_margin=&#8221;16px|12px|8px|12px|false|false&#8221; locked=&#8221;off&#8221; global_colors_info=&#8221;{}&#8221;]<\/p>\n<p><span style=\"font-size: medium; color: #c18934;\"><strong>Gr\u00e2ndola<\/strong><\/span><\/p>\n<p><strong>Entidade promotora:<\/strong><br \/>C\u00e2mara Municipal de Gr\u00e2ndola<\/p>\n<p><strong>Iniciativa | Atividade:<\/strong><br \/>Atividade S\u00e9nior &#8211; Dia Internacional da Mulher<\/p>\n<p>[\/et_pb_text][et_pb_toggle title=&#8221;Informa\u00e7\u00f5es&#8221; closed_toggle_text_color=&#8221;#759fdb&#8221; icon_color=&#8221;#e22685&#8243; toggle_icon=&#8221;&#xe03a;||divi||400&#8243; use_icon_font_size=&#8221;on&#8221; icon_font_size=&#8221;23px&#8221; _builder_version=&#8221;4.13.0&#8243; _module_preset=&#8221;default&#8221; title_font=&#8221;Montserrat|700|||||||&#8221; title_font_size=&#8221;13px&#8221; body_font=&#8221;Montserrat||||||||&#8221; body_font_size=&#8221;11px&#8221; body_line_height=&#8221;1.2em&#8221; background_color=&#8221;rgba(255,255,255,0)&#8221; custom_margin=&#8221;|||8px|false|false&#8221; custom_padding=&#8221;8px||16px|4px|false|false&#8221; border_width_all=&#8221;0px&#8221; locked=&#8221;off&#8221; global_colors_info=&#8221;{}&#8221;]<\/p>\n<p>Aula Aberta da disciplina de Cidadania, Direitos e Deveres \u2013 &#8220;Peste Malina&#8221; &#8211; Leitura e Discuss\u00e3o de Poemas e Textos da Escritora\/Poetisa Ivone Chinita.<br \/>Atividade conjunta Munic\u00edpio de Gr\u00e2ndola (Em Raiz&#8217;Artes e USG\/PVS) e CLA da UAb.<\/p>\n<p><strong>Local: <\/strong><span data-sheets-root=\"1\" data-sheets-value=\"{&quot;1&quot;:2,&quot;2&quot;:&quot;Parque de Feiras e Exposi\u00e7\u00f5es&quot;}\" data-sheets-userformat=\"{&quot;2&quot;:897,&quot;3&quot;:{&quot;1&quot;:0},&quot;10&quot;:1,&quot;11&quot;:4,&quot;12&quot;:0}\">Cineteatro Grandolense<\/span><\/p>\n<p><strong>Dia:<\/strong> 08 de mar\u00e7o | <strong>Hora:<\/strong> 14h30<\/p>\n<p>[\/et_pb_toggle][\/et_pb_column][\/et_pb_row][et_pb_row column_structure=&#8221;1_4,1_4,1_4,1_4&#8243; use_custom_gutter=&#8221;on&#8221; gutter_width=&#8221;2&#8243; make_equal=&#8221;on&#8221; _builder_version=&#8221;4.13.0&#8243; _module_preset=&#8221;default&#8221; background_color=&#8221;RGBA(0,0,0,0)&#8221; custom_margin=&#8221;||0px||false|false&#8221; custom_padding=&#8221;||0px||false|false&#8221; locked=&#8221;off&#8221; global_colors_info=&#8221;{}&#8221;][et_pb_column type=&#8221;1_4&#8243; _builder_version=&#8221;4.13.0&#8243; _module_preset=&#8221;default&#8221; background_color=&#8221;#FFFFFF&#8221; border_radii=&#8221;on|12px|12px|12px|12px&#8221; global_colors_info=&#8221;{}&#8221;][et_pb_text _builder_version=&#8221;4.13.0&#8243; _module_preset=&#8221;default&#8221; text_font=&#8221;Montserrat||||||||&#8221; text_font_size=&#8221;12px&#8221; text_line_height=&#8221;1.2em&#8221; custom_margin=&#8221;16px|12px|8px|12px|false|false&#8221; locked=&#8221;off&#8221; global_colors_info=&#8221;{}&#8221;]<\/p>\n<p><span style=\"font-size: medium; color: #c18934;\"><strong>Gr\u00e2ndola<\/strong><\/span><\/p>\n<p><strong>Entidade promotora:<\/strong><br \/>C\u00e2mara Municipal de Gr\u00e2ndola<\/p>\n<p><strong>Iniciativa | Atividade:<\/strong><br \/>Atividade S\u00e9nior Dia Internacional das Mulheres.<\/p>\n<p>[\/et_pb_text][et_pb_toggle title=&#8221;Informa\u00e7\u00f5es&#8221; closed_toggle_text_color=&#8221;#759fdb&#8221; icon_color=&#8221;#e22685&#8243; toggle_icon=&#8221;&#xe03a;||divi||400&#8243; use_icon_font_size=&#8221;on&#8221; icon_font_size=&#8221;23px&#8221; _builder_version=&#8221;4.13.0&#8243; _module_preset=&#8221;default&#8221; title_font=&#8221;Montserrat|700|||||||&#8221; title_font_size=&#8221;13px&#8221; body_font=&#8221;Montserrat||||||||&#8221; body_font_size=&#8221;11px&#8221; body_line_height=&#8221;1.2em&#8221; background_color=&#8221;rgba(255,255,255,0)&#8221; custom_margin=&#8221;|||8px|false|false&#8221; custom_padding=&#8221;8px||16px|4px|false|false&#8221; border_width_all=&#8221;0px&#8221; locked=&#8221;off&#8221; global_colors_info=&#8221;{}&#8221;]<\/p>\n<p>Aulas de Anima\u00e7\u00e3o | Localidades Programa Viver Solid\u00e1rio<br \/>Aulas da disciplina de Anima\u00e7\u00e3o, do PVS \u2013 &#8220;Peste Malina&#8221; &#8211; Leitura e Discuss\u00e3o de Poemas e Textos da Escritora\/Poetisa Ivone Chinita.\u00a0<\/p>\n<p><strong>Local: <\/strong><span data-sheets-root=\"1\" data-sheets-value=\"{&quot;1&quot;:2,&quot;2&quot;:&quot;Parque de Feiras e Exposi\u00e7\u00f5es&quot;}\" data-sheets-userformat=\"{&quot;2&quot;:897,&quot;3&quot;:{&quot;1&quot;:0},&quot;10&quot;:1,&quot;11&quot;:4,&quot;12&quot;:0}\">Localidades Programa Viver Solid\u00e1rio, Gr\u00e2ndola<\/span><\/p>\n<p><strong>Dia:<\/strong> 04 a 08 de mar\u00e7o | <strong>Hora:<\/strong> 10h00<\/p>\n<p>[\/et_pb_toggle][\/et_pb_column][et_pb_column type=&#8221;1_4&#8243; _builder_version=&#8221;4.13.0&#8243; _module_preset=&#8221;default&#8221; background_color=&#8221;#FFFFFF&#8221; border_radii=&#8221;on|12px|12px|12px|12px&#8221; global_colors_info=&#8221;{}&#8221;][et_pb_text _builder_version=&#8221;4.13.0&#8243; _module_preset=&#8221;default&#8221; text_font=&#8221;Montserrat||||||||&#8221; text_font_size=&#8221;12px&#8221; text_line_height=&#8221;1.2em&#8221; background_color=&#8221;RGBA(0,0,0,0)&#8221; custom_margin=&#8221;16px|12px|8px|12px|false|false&#8221; locked=&#8221;off&#8221; global_colors_info=&#8221;{}&#8221;]<\/p>\n<p><span style=\"font-size: medium; color: #c18934;\"><strong>Seixal<\/strong><\/span><\/p>\n<p><strong>Entidade promotora:<\/strong><br \/>C\u00e2mara Municipal do Seixal<\/p>\n<p><strong>Iniciativa | Atividade:<\/strong><br \/><span>Fragmentos<\/span><\/p>\n<p>[\/et_pb_text][et_pb_toggle title=&#8221;Informa\u00e7\u00f5es&#8221; closed_toggle_text_color=&#8221;#759fdb&#8221; icon_color=&#8221;#e22685&#8243; toggle_icon=&#8221;&#xe03a;||divi||400&#8243; use_icon_font_size=&#8221;on&#8221; icon_font_size=&#8221;23px&#8221; _builder_version=&#8221;4.13.0&#8243; _module_preset=&#8221;default&#8221; title_font=&#8221;Montserrat|700|||||||&#8221; title_font_size=&#8221;13px&#8221; body_font=&#8221;Montserrat||||||||&#8221; body_font_size=&#8221;11px&#8221; body_line_height=&#8221;1.2em&#8221; background_color=&#8221;rgba(255,255,255,0)&#8221; custom_margin=&#8221;|||8px|false|false&#8221; custom_padding=&#8221;8px||16px|4px|false|false&#8221; border_width_all=&#8221;0px&#8221; locked=&#8221;off&#8221; global_colors_info=&#8221;{}&#8221;]<\/p>\n<p><span>Performance documental de Marisa Paulo &#8211; A partir das viv\u00eancias partilhadas por mais de uma dezena de mulheres negras residentes em Portugal, B\u00e9lgica, It\u00e1lia e Espanha, a core\u00f3grafa e professora de dan\u00e7a Marisa Paulo constr\u00f3i a performance documental Fragmentos.<\/span><\/p>\n<p><strong>Local: <\/strong><span data-sheets-root=\"1\" data-sheets-value=\"{&quot;1&quot;:2,&quot;2&quot;:&quot;Parque de Feiras e Exposi\u00e7\u00f5es&quot;}\" data-sheets-userformat=\"{&quot;2&quot;:897,&quot;3&quot;:{&quot;1&quot;:0},&quot;10&quot;:1,&quot;11&quot;:4,&quot;12&quot;:0}\">Audit\u00f3rio F\u00f3rum Seixal <\/span><\/p>\n<p><strong>Dia:<\/strong> 02 de mar\u00e7o | <strong>Hora:<\/strong> 21h30<\/p>\n<p>[\/et_pb_toggle][\/et_pb_column][et_pb_column type=&#8221;1_4&#8243; _builder_version=&#8221;4.13.0&#8243; _module_preset=&#8221;default&#8221; background_color=&#8221;#FFFFFF&#8221; border_radii=&#8221;on|12px|12px|12px|12px&#8221; global_colors_info=&#8221;{}&#8221;][et_pb_text _builder_version=&#8221;4.13.0&#8243; _module_preset=&#8221;default&#8221; text_font=&#8221;Montserrat||||||||&#8221; text_font_size=&#8221;12px&#8221; text_line_height=&#8221;1.2em&#8221; background_color=&#8221;RGBA(0,0,0,0)&#8221; custom_margin=&#8221;16px|12px|8px|12px|false|false&#8221; locked=&#8221;off&#8221; global_colors_info=&#8221;{}&#8221;]<\/p>\n<p><span style=\"font-size: medium; color: #c18934;\"><strong>Seixal<\/strong><\/span><\/p>\n<p><strong>Entidade promotora:<\/strong><br \/>C\u00e2mara Municipal do Seixal<\/p>\n<p><strong>Iniciativa | Atividade:<\/strong><br \/><span>Guia de requisitos m\u00ednimos para a preven\u00e7\u00e3o prim\u00e1ria da viol\u00eancia contra as mulheres e viol\u00eancia dom\u00e9stica<\/span><\/p>\n<p>[\/et_pb_text][et_pb_toggle title=&#8221;Informa\u00e7\u00f5es&#8221; closed_toggle_text_color=&#8221;#759fdb&#8221; icon_color=&#8221;#e22685&#8243; toggle_icon=&#8221;&#xe03a;||divi||400&#8243; use_icon_font_size=&#8221;on&#8221; icon_font_size=&#8221;23px&#8221; _builder_version=&#8221;4.13.0&#8243; _module_preset=&#8221;default&#8221; title_font=&#8221;Montserrat|700|||||||&#8221; title_font_size=&#8221;13px&#8221; body_font=&#8221;Montserrat||||||||&#8221; body_font_size=&#8221;11px&#8221; body_line_height=&#8221;1.2em&#8221; background_color=&#8221;rgba(255,255,255,0)&#8221; custom_margin=&#8221;|||8px|false|false&#8221; custom_padding=&#8221;8px||16px|4px|false|false&#8221; border_width_all=&#8221;0px&#8221; locked=&#8221;off&#8221; global_colors_info=&#8221;{}&#8221;]<\/p>\n<p><span>Oficina de trabalho<\/span><\/p>\n<p><strong>Local: <\/strong><span data-sheets-root=\"1\" data-sheets-value=\"{&quot;1&quot;:2,&quot;2&quot;:&quot;Parque de Feiras e Exposi\u00e7\u00f5es&quot;}\" data-sheets-userformat=\"{&quot;2&quot;:897,&quot;3&quot;:{&quot;1&quot;:0},&quot;10&quot;:1,&quot;11&quot;:4,&quot;12&quot;:0}\">Servi\u00e7os centrais da CM Seixal <\/span><\/p>\n<p><strong>Dia:<\/strong> 08 de mar\u00e7o | <strong>Hora:<\/strong> 10h00<\/p>\n<p>[\/et_pb_toggle][\/et_pb_column][et_pb_column type=&#8221;1_4&#8243; _builder_version=&#8221;4.13.0&#8243; _module_preset=&#8221;default&#8221; background_color=&#8221;#FFFFFF&#8221; border_radii=&#8221;on|12px|12px|12px|12px&#8221; global_colors_info=&#8221;{}&#8221;][et_pb_text _builder_version=&#8221;4.13.0&#8243; _module_preset=&#8221;default&#8221; text_font=&#8221;Montserrat||||||||&#8221; text_font_size=&#8221;12px&#8221; text_line_height=&#8221;1.2em&#8221; background_color=&#8221;RGBA(0,0,0,0)&#8221; custom_margin=&#8221;16px|12px|8px|12px|false|false&#8221; locked=&#8221;off&#8221; global_colors_info=&#8221;{}&#8221;]<\/p>\n<p><span style=\"font-size: medium; color: #c18934;\"><strong>Seixal<\/strong><\/span><\/p>\n<p><strong>Entidade promotora:<\/strong><br \/>C\u00e2mara Municipal do Seixal<\/p>\n<p><strong>Iniciativa | Atividade:<\/strong><br \/><span>Tipografando \u2013 Dia da Mulher \u2013 Christine de Pizan e a Pol\u00edtica da Resist\u00eancia<\/span><\/p>\n<p>[\/et_pb_text][et_pb_toggle title=&#8221;Informa\u00e7\u00f5es&#8221; closed_toggle_text_color=&#8221;#759fdb&#8221; icon_color=&#8221;#e22685&#8243; toggle_icon=&#8221;&#xe03a;||divi||400&#8243; use_icon_font_size=&#8221;on&#8221; icon_font_size=&#8221;23px&#8221; _builder_version=&#8221;4.13.0&#8243; _module_preset=&#8221;default&#8221; title_font=&#8221;Montserrat|700|||||||&#8221; title_font_size=&#8221;13px&#8221; body_font=&#8221;Montserrat||||||||&#8221; body_font_size=&#8221;11px&#8221; body_line_height=&#8221;1.2em&#8221; background_color=&#8221;rgba(255,255,255,0)&#8221; custom_margin=&#8221;|||8px|false|false&#8221; custom_padding=&#8221;8px||16px|4px|false|false&#8221; border_width_all=&#8221;0px&#8221; locked=&#8221;off&#8221; global_colors_info=&#8221;{}&#8221;]<\/p>\n<p><span>Celebrando o Dia da Mulher, convid\u00e1mos a investigadora Ana Luisa Sonsino para esta edi\u00e7\u00e3o tem\u00e1tica do ciclo de palestras Tipografando, que vai abordar a obra \u00abO Espelho de Cristina\u00bb, de Christine de Pizan, impressa em Portugal nos prim\u00f3rdios da tipografia, por iniciativa da rainha D. Leonor, no s\u00e9culo XVI.<\/span><\/p>\n<p><strong>Local: <\/strong><span data-sheets-root=\"1\" data-sheets-value=\"{&quot;1&quot;:2,&quot;2&quot;:&quot;Parque de Feiras e Exposi\u00e7\u00f5es&quot;}\" data-sheets-userformat=\"{&quot;2&quot;:897,&quot;3&quot;:{&quot;1&quot;:0},&quot;10&quot;:1,&quot;11&quot;:4,&quot;12&quot;:0}\">Ecomuseu Municipal do Seixal &#8211; Espa\u00e7o Mem\u00f3ria &#8211; Tipografia Popular do Seixal<\/span><\/p>\n<p><strong>Dia:<\/strong> 08 de mar\u00e7o | <strong>Hora:<\/strong> 17h30<\/p>\n<p>[\/et_pb_toggle][\/et_pb_column][\/et_pb_row][et_pb_row column_structure=&#8221;1_4,1_4,1_4,1_4&#8243; use_custom_gutter=&#8221;on&#8221; gutter_width=&#8221;2&#8243; make_equal=&#8221;on&#8221; _builder_version=&#8221;4.13.0&#8243; _module_preset=&#8221;default&#8221; background_color=&#8221;RGBA(0,0,0,0)&#8221; custom_margin=&#8221;||0px||false|false&#8221; custom_padding=&#8221;||0px||false|false&#8221; locked=&#8221;off&#8221; global_colors_info=&#8221;{}&#8221;][et_pb_column type=&#8221;1_4&#8243; _builder_version=&#8221;4.13.0&#8243; _module_preset=&#8221;default&#8221; background_color=&#8221;#FFFFFF&#8221; border_radii=&#8221;on|12px|12px|12px|12px&#8221; global_colors_info=&#8221;{}&#8221;][et_pb_text _builder_version=&#8221;4.13.0&#8243; _module_preset=&#8221;default&#8221; text_font=&#8221;Montserrat||||||||&#8221; text_font_size=&#8221;12px&#8221; text_line_height=&#8221;1.2em&#8221; custom_margin=&#8221;16px|12px|8px|12px|false|false&#8221; locked=&#8221;off&#8221; global_colors_info=&#8221;{}&#8221;]<\/p>\n<p><span style=\"font-size: medium; color: #c18934;\"><strong>Almada<\/strong><\/span><\/p>\n<p><strong>Entidade promotora:<\/strong><br \/>Uni\u00e3o de Mulheres Alternativa e Resposta e Agrupamento de Escolas Anselmo de Andrade<\/p>\n<p><strong>Iniciativa | Atividade:<\/strong><br \/><span> Igualdade de G\u00e9nero: um caminho para a liberdade <\/span><\/p>\n<p>[\/et_pb_text][et_pb_toggle title=&#8221;Informa\u00e7\u00f5es&#8221; closed_toggle_text_color=&#8221;#759fdb&#8221; icon_color=&#8221;#e22685&#8243; toggle_icon=&#8221;&#xe03a;||divi||400&#8243; use_icon_font_size=&#8221;on&#8221; icon_font_size=&#8221;23px&#8221; _builder_version=&#8221;4.13.0&#8243; _module_preset=&#8221;default&#8221; title_font=&#8221;Montserrat|700|||||||&#8221; title_font_size=&#8221;13px&#8221; body_font=&#8221;Montserrat||||||||&#8221; body_font_size=&#8221;11px&#8221; body_line_height=&#8221;1.2em&#8221; background_color=&#8221;rgba(255,255,255,0)&#8221; custom_margin=&#8221;|||8px|false|false&#8221; custom_padding=&#8221;8px||16px|4px|false|false&#8221; border_width_all=&#8221;0px&#8221; locked=&#8221;off&#8221; global_colors_info=&#8221;{}&#8221;]<\/p>\n<p><span>Ac\u00e7\u00f5es de sensibiliza\u00e7\u00e3o [v\u00e1rias]<\/span><\/p>\n<p><strong>Local: <\/strong><span data-sheets-root=\"1\" data-sheets-value=\"{&quot;1&quot;:2,&quot;2&quot;:&quot;Parque de Feiras e Exposi\u00e7\u00f5es&quot;}\" data-sheets-userformat=\"{&quot;2&quot;:897,&quot;3&quot;:{&quot;1&quot;:0},&quot;10&quot;:1,&quot;11&quot;:4,&quot;12&quot;:0}\">Escola B\u00e1sica e Secund\u00e1ria Anselmo de Andrade<\/span><\/p>\n<p><strong>Dia:<\/strong> 08 de mar\u00e7o | <strong>Hora:<\/strong> 09h00<\/p>\n<p>[\/et_pb_toggle][\/et_pb_column][et_pb_column type=&#8221;1_4&#8243; _builder_version=&#8221;4.13.0&#8243; _module_preset=&#8221;default&#8221; background_color=&#8221;#FFFFFF&#8221; border_radii=&#8221;on|12px|12px|12px|12px&#8221; global_colors_info=&#8221;{}&#8221;][et_pb_text _builder_version=&#8221;4.13.0&#8243; _module_preset=&#8221;default&#8221; text_font=&#8221;Montserrat||||||||&#8221; text_font_size=&#8221;12px&#8221; text_line_height=&#8221;1.2em&#8221; custom_margin=&#8221;16px|12px|8px|12px|false|false&#8221; locked=&#8221;off&#8221; global_colors_info=&#8221;{}&#8221;]<\/p>\n<p><span style=\"font-size: medium; color: #c18934;\"><strong>Almada<\/strong><\/span><\/p>\n<p><strong>Entidade promotora:<\/strong><br \/>Uni\u00e3o de Mulheres Alternativa e Resposta<\/p>\n<p><strong>Iniciativa | Atividade:<\/strong><br \/><span>Campanha sobre desigualdade de g\u00e9nero nas pens\u00f5es<\/span><\/p>\n<p>[\/et_pb_text][et_pb_toggle title=&#8221;Informa\u00e7\u00f5es&#8221; closed_toggle_text_color=&#8221;#759fdb&#8221; icon_color=&#8221;#e22685&#8243; toggle_icon=&#8221;&#xe03a;||divi||400&#8243; use_icon_font_size=&#8221;on&#8221; icon_font_size=&#8221;23px&#8221; _builder_version=&#8221;4.13.0&#8243; _module_preset=&#8221;default&#8221; title_font=&#8221;Montserrat|700|||||||&#8221; title_font_size=&#8221;13px&#8221; body_font=&#8221;Montserrat||||||||&#8221; body_font_size=&#8221;11px&#8221; body_line_height=&#8221;1.2em&#8221; background_color=&#8221;rgba(255,255,255,0)&#8221; custom_margin=&#8221;|||8px|false|false&#8221; custom_padding=&#8221;8px||16px|4px|false|false&#8221; border_width_all=&#8221;0px&#8221; locked=&#8221;off&#8221; global_colors_info=&#8221;{}&#8221;]<\/p>\n<p><span>Lan\u00e7amento de Campanha sobre Desigualdade Salarial de G\u00e9nero, com cria\u00e7\u00e3o de um v\u00eddeo de sensibiliza\u00e7\u00e3o sobre a desigualdade salarial de g\u00e9nero e suas consequ\u00eancias nas reformas e pens\u00f5es das mulheres, numa parceria da UMAR com a Push Films.<\/span><\/p>\n<p><strong>Local:\u00a0 <\/strong>Redes Sociais<\/p>\n<p><strong>Dia:<\/strong> 08 de mar\u00e7o<\/p>\n<p>[\/et_pb_toggle][\/et_pb_column][et_pb_column type=&#8221;1_4&#8243; _builder_version=&#8221;4.13.0&#8243; _module_preset=&#8221;default&#8221; background_color=&#8221;#FFFFFF&#8221; border_radii=&#8221;on|12px|12px|12px|12px&#8221; global_colors_info=&#8221;{}&#8221;][et_pb_text _builder_version=&#8221;4.13.0&#8243; _module_preset=&#8221;default&#8221; text_font=&#8221;Montserrat||||||||&#8221; text_font_size=&#8221;12px&#8221; text_line_height=&#8221;1.2em&#8221; custom_margin=&#8221;16px|12px|8px|12px|false|false&#8221; locked=&#8221;off&#8221; global_colors_info=&#8221;{}&#8221;]<\/p>\n<p><span style=\"font-size: medium; color: #c18934;\"><strong>Almada<\/strong><\/span><\/p>\n<p><strong>Entidade promotora:<\/strong><br \/>C\u00e2mara Municipal de Almada<\/p>\n<p><strong>Iniciativa | Atividade:<\/strong><br \/>Sess\u00e3o de Sensibiliza\u00e7\u00e3o sobre Endometriose \u2013 Associa\u00e7\u00e3o MulherEndo<\/p>\n<p>[\/et_pb_text][et_pb_toggle title=&#8221;Informa\u00e7\u00f5es&#8221; closed_toggle_text_color=&#8221;#759fdb&#8221; icon_color=&#8221;#e22685&#8243; toggle_icon=&#8221;&#xe03a;||divi||400&#8243; use_icon_font_size=&#8221;on&#8221; icon_font_size=&#8221;23px&#8221; _builder_version=&#8221;4.13.0&#8243; _module_preset=&#8221;default&#8221; title_font=&#8221;Montserrat|700|||||||&#8221; title_font_size=&#8221;13px&#8221; body_font=&#8221;Montserrat||||||||&#8221; body_font_size=&#8221;11px&#8221; body_line_height=&#8221;1.2em&#8221; background_color=&#8221;rgba(255,255,255,0)&#8221; custom_margin=&#8221;|||8px|false|false&#8221; custom_padding=&#8221;8px||16px|4px|false|false&#8221; border_width_all=&#8221;0px&#8221; locked=&#8221;off&#8221; global_colors_info=&#8221;{}&#8221;]<\/p>\n<p><strong>Local: <\/strong>Sala Pablo Neruda<\/p>\n<p><strong>Dia:<\/strong> 07 de mar\u00e7o | <strong>Hora:<\/strong> 16h00<\/p>\n<p><img loading=\"lazy\" src=\"https:\/\/www.cig.gov.pt\/iniciativas-nacionais\/wp-content\/uploads\/2024\/03\/PROG-DIM-212x300.jpg\" width=\"212\" height=\"300\" alt=\"\" class=\"wp-image-4874 alignnone size-medium\" \/><\/p>\n<p>[\/et_pb_toggle][\/et_pb_column][et_pb_column type=&#8221;1_4&#8243; _builder_version=&#8221;4.13.0&#8243; _module_preset=&#8221;default&#8221; background_color=&#8221;#FFFFFF&#8221; border_radii=&#8221;on|12px|12px|12px|12px&#8221; global_colors_info=&#8221;{}&#8221;][et_pb_text _builder_version=&#8221;4.13.0&#8243; _module_preset=&#8221;default&#8221; text_font=&#8221;Montserrat||||||||&#8221; text_font_size=&#8221;12px&#8221; text_line_height=&#8221;1.2em&#8221; custom_margin=&#8221;16px|12px|8px|12px|false|false&#8221; locked=&#8221;off&#8221; global_colors_info=&#8221;{}&#8221;]<\/p>\n<p><span style=\"font-size: medium; color: #c18934;\"><strong>Almada<\/strong><\/span><\/p>\n<p><strong>Entidades promotoras:<\/strong><br \/>C\u00e2mara Municipal de Almada, Professora Doutora Manuela Tavares, Movimento Democr\u00e1tico de Mulheres, Uni\u00e3o de Mulheres Alternativa e Resposta<\/p>\n<p><strong>Iniciativa | Atividade:<\/strong><br \/>Exposi\u00e7\u00e3o \u201cSER MULHER, antes e depois do 25 de abril\u201d<\/p>\n<p>[\/et_pb_text][et_pb_toggle title=&#8221;Informa\u00e7\u00f5es&#8221; closed_toggle_text_color=&#8221;#759fdb&#8221; icon_color=&#8221;#e22685&#8243; toggle_icon=&#8221;&#xe03a;||divi||400&#8243; use_icon_font_size=&#8221;on&#8221; icon_font_size=&#8221;23px&#8221; _builder_version=&#8221;4.13.0&#8243; _module_preset=&#8221;default&#8221; title_font=&#8221;Montserrat|700|||||||&#8221; title_font_size=&#8221;13px&#8221; body_font=&#8221;Montserrat||||||||&#8221; body_font_size=&#8221;11px&#8221; body_line_height=&#8221;1.2em&#8221; background_color=&#8221;rgba(255,255,255,0)&#8221; custom_margin=&#8221;|||8px|false|false&#8221; custom_padding=&#8221;8px||16px|4px|false|false&#8221; border_width_all=&#8221;0px&#8221; locked=&#8221;off&#8221; global_colors_info=&#8221;{}&#8221;]<\/p>\n<p><span>Inaugura\u00e7\u00e3o \u00e0s 15h30 &#8211; Momento Musical Alunos Escola de M\u00fasica da SFUAP<\/span><\/p>\n<p><strong>Local: <\/strong>F\u00f3rum Municipal Romeu Correia<\/p>\n<p><strong>Dia:<\/strong> 08 a 22 de mar\u00e7o | <strong>Hora:<\/strong> 10h00 \u00e0s 18:00<\/p>\n<p><img loading=\"lazy\" src=\"https:\/\/www.cig.gov.pt\/iniciativas-nacionais\/wp-content\/uploads\/2024\/03\/PROG-DIM-212x300.jpg\" width=\"212\" height=\"300\" alt=\"\" class=\"wp-image-4874 alignnone size-medium\" \/><\/p>\n<p>[\/et_pb_toggle][\/et_pb_column][\/et_pb_row][et_pb_row column_structure=&#8221;1_4,1_4,1_4,1_4&#8243; use_custom_gutter=&#8221;on&#8221; gutter_width=&#8221;2&#8243; make_equal=&#8221;on&#8221; _builder_version=&#8221;4.13.0&#8243; _module_preset=&#8221;default&#8221; background_color=&#8221;RGBA(0,0,0,0)&#8221; custom_margin=&#8221;||0px||false|false&#8221; custom_padding=&#8221;||0px||false|false&#8221; locked=&#8221;off&#8221; global_colors_info=&#8221;{}&#8221;][et_pb_column type=&#8221;1_4&#8243; _builder_version=&#8221;4.13.0&#8243; _module_preset=&#8221;default&#8221; background_color=&#8221;#FFFFFF&#8221; border_radii=&#8221;on|12px|12px|12px|12px&#8221; global_colors_info=&#8221;{}&#8221;][et_pb_text _builder_version=&#8221;4.13.0&#8243; _module_preset=&#8221;default&#8221; text_font=&#8221;Montserrat||||||||&#8221; text_font_size=&#8221;12px&#8221; text_line_height=&#8221;1.2em&#8221; custom_margin=&#8221;16px|12px|8px|12px|false|false&#8221; locked=&#8221;off&#8221; global_colors_info=&#8221;{}&#8221;]<\/p>\n<p><span style=\"font-size: medium; color: #c18934;\"><strong>Almada<\/strong><\/span><\/p>\n<p><strong>Entidade promotora:<\/strong><br \/>C\u00e2mara Municipal de Almada<\/p>\n<p><strong>Iniciativa | Atividade:<\/strong><br \/>Homenagem \u00e0 Dr.\u00aa Odete Santos<\/p>\n<p>[\/et_pb_text][et_pb_toggle title=&#8221;Informa\u00e7\u00f5es&#8221; closed_toggle_text_color=&#8221;#759fdb&#8221; icon_color=&#8221;#e22685&#8243; toggle_icon=&#8221;&#xe03a;||divi||400&#8243; use_icon_font_size=&#8221;on&#8221; icon_font_size=&#8221;23px&#8221; _builder_version=&#8221;4.13.0&#8243; _module_preset=&#8221;default&#8221; title_font=&#8221;Montserrat|700|||||||&#8221; title_font_size=&#8221;13px&#8221; body_font=&#8221;Montserrat||||||||&#8221; body_font_size=&#8221;11px&#8221; body_line_height=&#8221;1.2em&#8221; background_color=&#8221;rgba(255,255,255,0)&#8221; custom_margin=&#8221;|||8px|false|false&#8221; custom_padding=&#8221;8px||16px|4px|false|false&#8221; border_width_all=&#8221;0px&#8221; locked=&#8221;off&#8221; global_colors_info=&#8221;{}&#8221;]<\/p>\n<p>Tert\u00falia \u201cSER MULHER, antes e depois do 25 de abril<\/p>\n<p>Moderadora: Vereadora Maria Teodolinda Silveira<br \/>Oradoras: Regina Marques (MDM); Teresa Sales (UMAR); Eduarda Ferreira (Psic\u00f3loga)<\/p>\n<p><strong>Local: <\/strong><span data-sheets-root=\"1\" data-sheets-value=\"{&quot;1&quot;:2,&quot;2&quot;:&quot;Parque de Feiras e Exposi\u00e7\u00f5es&quot;}\" data-sheets-userformat=\"{&quot;2&quot;:897,&quot;3&quot;:{&quot;1&quot;:0},&quot;10&quot;:1,&quot;11&quot;:4,&quot;12&quot;:0}\">Sala Pablo Neruda<\/span><\/p>\n<p><strong>Dia:<\/strong> 08 de mar\u00e7o | <strong>Hora:<\/strong> 16h45 \u00e0s 18h15<\/p>\n<p><img loading=\"lazy\" src=\"https:\/\/www.cig.gov.pt\/iniciativas-nacionais\/wp-content\/uploads\/2024\/03\/PROG-DIM-212x300.jpg\" width=\"212\" height=\"300\" alt=\"\" class=\"wp-image-4874 alignnone size-medium\" \/><\/p>\n<p>[\/et_pb_toggle][\/et_pb_column][et_pb_column type=&#8221;1_4&#8243; _builder_version=&#8221;4.13.0&#8243; _module_preset=&#8221;default&#8221; background_color=&#8221;#FFFFFF&#8221; border_radii=&#8221;on|12px|12px|12px|12px&#8221; global_colors_info=&#8221;{}&#8221;][et_pb_text _builder_version=&#8221;4.13.0&#8243; _module_preset=&#8221;default&#8221; text_font=&#8221;Montserrat||||||||&#8221; text_font_size=&#8221;12px&#8221; text_line_height=&#8221;1.2em&#8221; custom_margin=&#8221;16px|12px|8px|12px|false|false&#8221; locked=&#8221;off&#8221; global_colors_info=&#8221;{}&#8221;]<\/p>\n<p><span style=\"font-size: medium; color: #c18934;\"><strong>Almada<\/strong><\/span><\/p>\n<p><strong>Entidade promotora:<\/strong><br \/>C\u00e2mara Municipal de Almada<\/p>\n<p><strong>Iniciativa | Atividade:<\/strong><br \/>Entrega de pregadeiras com flores feitas em origami<\/p>\n<p>[\/et_pb_text][et_pb_toggle title=&#8221;Informa\u00e7\u00f5es&#8221; closed_toggle_text_color=&#8221;#759fdb&#8221; icon_color=&#8221;#e22685&#8243; toggle_icon=&#8221;&#xe03a;||divi||400&#8243; use_icon_font_size=&#8221;on&#8221; icon_font_size=&#8221;23px&#8221; _builder_version=&#8221;4.13.0&#8243; _module_preset=&#8221;default&#8221; title_font=&#8221;Montserrat|700|||||||&#8221; title_font_size=&#8221;13px&#8221; body_font=&#8221;Montserrat||||||||&#8221; body_font_size=&#8221;11px&#8221; body_line_height=&#8221;1.2em&#8221; background_color=&#8221;rgba(255,255,255,0)&#8221; custom_margin=&#8221;|||8px|false|false&#8221; custom_padding=&#8221;8px||16px|4px|false|false&#8221; border_width_all=&#8221;0px&#8221; locked=&#8221;off&#8221; global_colors_info=&#8221;{}&#8221;]<\/p>\n<p><span>Execu\u00e7\u00e3o: Associa\u00e7\u00e3o de Reformados e Pensionistas do Concelho de Almada; Centro Social Paroquial de Almada; Uni\u00e3o de Reformados, Pensionistas e Idosos do Concelho de Almada; Bombeiros Volunt\u00e1rios de Almada; Associa\u00e7\u00e3o de Reformados, Pensionistas e Idosos do Laranjeiro e Feij\u00f3; Associa\u00e7\u00e3o de Socorros M\u00fatuos &#8211; 1\u00ba de Dezembro.<\/span><\/p>\n<p><strong>Local: <\/strong>F\u00f3rum Municipal Romeu Correia<\/p>\n<p><strong>Dia:<\/strong> 08 de mar\u00e7o | <strong>Hora:<\/strong> 15h30<\/p>\n<p><img loading=\"lazy\" src=\"https:\/\/www.cig.gov.pt\/iniciativas-nacionais\/wp-content\/uploads\/2024\/03\/PROG-DIM-212x300.jpg\" width=\"212\" height=\"300\" alt=\"\" class=\"wp-image-4874 alignnone size-medium\" \/><\/p>\n<p>[\/et_pb_toggle][\/et_pb_column][et_pb_column type=&#8221;1_4&#8243; _builder_version=&#8221;4.13.0&#8243; _module_preset=&#8221;default&#8221; background_color=&#8221;#FFFFFF&#8221; border_radii=&#8221;on|12px|12px|12px|12px&#8221; global_colors_info=&#8221;{}&#8221;][et_pb_text _builder_version=&#8221;4.13.0&#8243; _module_preset=&#8221;default&#8221; text_font=&#8221;Montserrat||||||||&#8221; text_font_size=&#8221;12px&#8221; text_line_height=&#8221;1.2em&#8221; custom_margin=&#8221;16px|12px|8px|12px|false|false&#8221; locked=&#8221;off&#8221; global_colors_info=&#8221;{}&#8221;]<\/p>\n<p><span style=\"font-size: medium; color: #c18934;\"><strong>Almada<\/strong><\/span><\/p>\n<p><strong>Entidade promotora:<\/strong><br \/>C\u00e2mara Municipal de Almada<\/p>\n<p><strong>Iniciativa | Atividade:<\/strong><br \/>O amor \u00e9 \u201ccoisa\u201d de adultos?<\/p>\n<p>[\/et_pb_text][et_pb_toggle title=&#8221;Informa\u00e7\u00f5es&#8221; closed_toggle_text_color=&#8221;#759fdb&#8221; icon_color=&#8221;#e22685&#8243; toggle_icon=&#8221;&#xe03a;||divi||400&#8243; use_icon_font_size=&#8221;on&#8221; icon_font_size=&#8221;23px&#8221; _builder_version=&#8221;4.13.0&#8243; _module_preset=&#8221;default&#8221; title_font=&#8221;Montserrat|700|||||||&#8221; title_font_size=&#8221;13px&#8221; body_font=&#8221;Montserrat||||||||&#8221; body_font_size=&#8221;11px&#8221; body_line_height=&#8221;1.2em&#8221; background_color=&#8221;rgba(255,255,255,0)&#8221; custom_margin=&#8221;|||8px|false|false&#8221; custom_padding=&#8221;8px||16px|4px|false|false&#8221; border_width_all=&#8221;0px&#8221; locked=&#8221;off&#8221; global_colors_info=&#8221;{}&#8221;]<\/p>\n<p><strong>Dura\u00e7\u00e3o:<\/strong> 90m<br \/><strong>P\u00fablico-alvo:<\/strong> P\u00fablico Infantil<br \/><strong>Lota\u00e7\u00e3o m\u00e1xima:<\/strong> 12 crian\u00e7as<br \/><strong>Marca\u00e7\u00e3o pr\u00e9via:<\/strong><br \/>Marta Duarte<br \/>biblactividades@cm-almada.pt<br \/>212 724 920<\/p>\n<p><strong>Local: <\/strong>Biblioteca Municipal de Almada \u2013 Sala infantil<\/p>\n<p><strong>Dia:<\/strong> 08 de mar\u00e7o | <strong>Hora:<\/strong> 18h00<\/p>\n<p><img loading=\"lazy\" src=\"https:\/\/www.cig.gov.pt\/iniciativas-nacionais\/wp-content\/uploads\/2024\/03\/PROG-DIM-212x300.jpg\" width=\"212\" height=\"300\" alt=\"\" class=\"wp-image-4874 alignnone size-medium\" \/><\/p>\n<p>[\/et_pb_toggle][\/et_pb_column][et_pb_column type=&#8221;1_4&#8243; _builder_version=&#8221;4.13.0&#8243; _module_preset=&#8221;default&#8221; background_color=&#8221;#FFFFFF&#8221; border_radii=&#8221;on|12px|12px|12px|12px&#8221; global_colors_info=&#8221;{}&#8221;][et_pb_text _builder_version=&#8221;4.13.0&#8243; _module_preset=&#8221;default&#8221; text_font=&#8221;Montserrat||||||||&#8221; text_font_size=&#8221;12px&#8221; text_line_height=&#8221;1.2em&#8221; custom_margin=&#8221;16px|12px|8px|12px|false|false&#8221; locked=&#8221;off&#8221; global_colors_info=&#8221;{}&#8221;]<\/p>\n<p><span style=\"font-size: medium; color: #c18934;\"><strong>Almada<\/strong><\/span><\/p>\n<p><strong>Entidades promotoras:<\/strong><br \/>C\u00e2mara Municipal de Almada<\/p>\n<p><strong>Iniciativa | Atividade:<\/strong><br \/>\u201cC\u00edrculo de M\u00fasica\u201d &#8211; Andr\u00e9 Santos, com Ana La\u00edns<\/p>\n<p>[\/et_pb_text][et_pb_toggle title=&#8221;Informa\u00e7\u00f5es&#8221; closed_toggle_text_color=&#8221;#759fdb&#8221; icon_color=&#8221;#e22685&#8243; toggle_icon=&#8221;&#xe03a;||divi||400&#8243; use_icon_font_size=&#8221;on&#8221; icon_font_size=&#8221;23px&#8221; _builder_version=&#8221;4.13.0&#8243; _module_preset=&#8221;default&#8221; title_font=&#8221;Montserrat|700|||||||&#8221; title_font_size=&#8221;13px&#8221; body_font=&#8221;Montserrat||||||||&#8221; body_font_size=&#8221;11px&#8221; body_line_height=&#8221;1.2em&#8221; background_color=&#8221;rgba(255,255,255,0)&#8221; custom_margin=&#8221;|||8px|false|false&#8221; custom_padding=&#8221;8px||16px|4px|false|false&#8221; border_width_all=&#8221;0px&#8221; locked=&#8221;off&#8221; global_colors_info=&#8221;{}&#8221;]<\/p>\n<p><strong>Local: <\/strong>Audit\u00f3rio Fernando Lopes Gra\u00e7a<\/p>\n<p><strong>Dia:<\/strong> 08 de mar\u00e7o | <strong>Hora:<\/strong> 21h00<\/p>\n<p>Entrada livre mediante levantamento de bilhete.<\/p>\n<p><img loading=\"lazy\" src=\"https:\/\/www.cig.gov.pt\/iniciativas-nacionais\/wp-content\/uploads\/2024\/03\/PROG-DIM-212x300.jpg\" width=\"212\" height=\"300\" alt=\"\" class=\"wp-image-4874 alignnone size-medium\" \/><\/p>\n<p>[\/et_pb_toggle][\/et_pb_column][\/et_pb_row][et_pb_row column_structure=&#8221;1_4,1_4,1_4,1_4&#8243; use_custom_gutter=&#8221;on&#8221; gutter_width=&#8221;2&#8243; make_equal=&#8221;on&#8221; _builder_version=&#8221;4.13.0&#8243; _module_preset=&#8221;default&#8221; background_color=&#8221;RGBA(0,0,0,0)&#8221; custom_margin=&#8221;||0px||false|false&#8221; custom_padding=&#8221;||0px||false|false&#8221; locked=&#8221;off&#8221; global_colors_info=&#8221;{}&#8221;][et_pb_column type=&#8221;1_4&#8243; _builder_version=&#8221;4.13.0&#8243; _module_preset=&#8221;default&#8221; background_color=&#8221;#FFFFFF&#8221; border_radii=&#8221;on|12px|12px|12px|12px&#8221; global_colors_info=&#8221;{}&#8221;][et_pb_text _builder_version=&#8221;4.13.0&#8243; _module_preset=&#8221;default&#8221; text_font=&#8221;Montserrat||||||||&#8221; text_font_size=&#8221;12px&#8221; text_line_height=&#8221;1.2em&#8221; custom_margin=&#8221;16px|12px|8px|12px|false|false&#8221; locked=&#8221;off&#8221; global_colors_info=&#8221;{}&#8221;]<\/p>\n<p><span style=\"font-size: medium; color: #c18934;\"><strong>Almada<\/strong><\/span><\/p>\n<p><strong>Entidade promotora:<\/strong><br \/>Associa\u00e7\u00e3o Almadense Rumo ao Futuro (AARF) <\/p>\n<p><strong>Iniciativa | Atividade:<\/strong><br \/>Exposi\u00e7\u00e3o \u201cLiberdade no Feminino\u201d<\/p>\n<p>[\/et_pb_text][et_pb_toggle title=&#8221;Informa\u00e7\u00f5es&#8221; closed_toggle_text_color=&#8221;#759fdb&#8221; icon_color=&#8221;#e22685&#8243; toggle_icon=&#8221;&#xe03a;||divi||400&#8243; use_icon_font_size=&#8221;on&#8221; icon_font_size=&#8221;23px&#8221; _builder_version=&#8221;4.13.0&#8243; _module_preset=&#8221;default&#8221; title_font=&#8221;Montserrat|700|||||||&#8221; title_font_size=&#8221;13px&#8221; body_font=&#8221;Montserrat||||||||&#8221; body_font_size=&#8221;11px&#8221; body_line_height=&#8221;1.2em&#8221; background_color=&#8221;rgba(255,255,255,0)&#8221; custom_margin=&#8221;|||8px|false|false&#8221; custom_padding=&#8221;8px||16px|4px|false|false&#8221; border_width_all=&#8221;0px&#8221; locked=&#8221;off&#8221; global_colors_info=&#8221;{}&#8221;]<\/p>\n<p><strong>Local: <\/strong>Biblioteca Maria Lamas<\/p>\n<p><strong>Dia:<\/strong> 08 a 16 de mar\u00e7o | <strong>Hora:<\/strong> 10h00 \u00e0s 18h00<\/p>\n<p><img loading=\"lazy\" src=\"https:\/\/www.cig.gov.pt\/iniciativas-nacionais\/wp-content\/uploads\/2024\/03\/PROG-DIM-212x300.jpg\" width=\"212\" height=\"300\" alt=\"\" class=\"wp-image-4874 alignnone size-medium\" \/><\/p>\n<p>[\/et_pb_toggle][\/et_pb_column][et_pb_column type=&#8221;1_4&#8243; _builder_version=&#8221;4.13.0&#8243; _module_preset=&#8221;default&#8221; background_color=&#8221;#FFFFFF&#8221; border_radii=&#8221;on|12px|12px|12px|12px&#8221; global_colors_info=&#8221;{}&#8221;][et_pb_text _builder_version=&#8221;4.13.0&#8243; _module_preset=&#8221;default&#8221; text_font=&#8221;Montserrat||||||||&#8221; text_font_size=&#8221;12px&#8221; text_line_height=&#8221;1.2em&#8221; custom_margin=&#8221;16px|12px|8px|12px|false|false&#8221; locked=&#8221;off&#8221; global_colors_info=&#8221;{}&#8221;]<\/p>\n<p><span style=\"font-size: medium; color: #c18934;\"><strong>Almada<\/strong><\/span><\/p>\n<p><strong>Entidade promotora:<\/strong><br \/>C\u00e2mara Municipal de Almada<\/p>\n<p><strong>Iniciativa | Atividade:<\/strong><br \/>Entrega de pregadeiras com flores feitas em origami<\/p>\n<p>[\/et_pb_text][et_pb_toggle title=&#8221;Informa\u00e7\u00f5es&#8221; closed_toggle_text_color=&#8221;#759fdb&#8221; icon_color=&#8221;#e22685&#8243; toggle_icon=&#8221;&#xe03a;||divi||400&#8243; use_icon_font_size=&#8221;on&#8221; icon_font_size=&#8221;23px&#8221; _builder_version=&#8221;4.13.0&#8243; _module_preset=&#8221;default&#8221; title_font=&#8221;Montserrat|700|||||||&#8221; title_font_size=&#8221;13px&#8221; body_font=&#8221;Montserrat||||||||&#8221; body_font_size=&#8221;11px&#8221; body_line_height=&#8221;1.2em&#8221; background_color=&#8221;rgba(255,255,255,0)&#8221; custom_margin=&#8221;|||8px|false|false&#8221; custom_padding=&#8221;8px||16px|4px|false|false&#8221; border_width_all=&#8221;0px&#8221; locked=&#8221;off&#8221; global_colors_info=&#8221;{}&#8221;]<\/p>\n<p><span><strong>Execu\u00e7\u00e3o:<\/strong> Associa\u00e7\u00e3o de Reformados e Pensionistas do Concelho de Almada; Centro Social Paroquial de Almada; Uni\u00e3o de Reformados, Pensionistas e Idosos do Concelho de Almada; Bombeiros Volunt\u00e1rios de Almada; Associa\u00e7\u00e3o de Reformados, Pensionistas e Idosos do Laranjeiro e Feij\u00f3; Associa\u00e7\u00e3o de Socorros M\u00fatuos &#8211; 1\u00ba de Dezembro.<\/span><\/p>\n<p><strong>Local: <\/strong>F\u00f3rum Municipal Romeu Correia<\/p>\n<p><strong>Dia:<\/strong> 08 de mar\u00e7o | <strong>Hora:<\/strong> 15h30<\/p>\n<p><img loading=\"lazy\" src=\"https:\/\/www.cig.gov.pt\/iniciativas-nacionais\/wp-content\/uploads\/2024\/03\/PROG-DIM-212x300.jpg\" width=\"212\" height=\"300\" alt=\"\" class=\"wp-image-4874 alignnone size-medium\" \/><\/p>\n<p>[\/et_pb_toggle][\/et_pb_column][et_pb_column type=&#8221;1_4&#8243; _builder_version=&#8221;4.13.0&#8243; _module_preset=&#8221;default&#8221; background_color=&#8221;#FFFFFF&#8221; border_radii=&#8221;on|12px|12px|12px|12px&#8221; global_colors_info=&#8221;{}&#8221;][et_pb_text _builder_version=&#8221;4.13.0&#8243; _module_preset=&#8221;default&#8221; text_font=&#8221;Montserrat||||||||&#8221; text_font_size=&#8221;12px&#8221; text_line_height=&#8221;1.2em&#8221; custom_margin=&#8221;16px|12px|8px|12px|false|false&#8221; locked=&#8221;off&#8221; global_colors_info=&#8221;{}&#8221;]<\/p>\n<p><span style=\"font-size: medium; color: #c18934;\"><strong>Almada<\/strong><\/span><\/p>\n<p><strong>Entidade promotora:<\/strong><br \/>C\u00e2mara Municipal de Almada<\/p>\n<p><strong>Iniciativa | Atividade:<\/strong><br \/>O Batuque como express\u00e3o de um povo<\/p>\n<p>[\/et_pb_text][et_pb_toggle title=&#8221;Informa\u00e7\u00f5es&#8221; closed_toggle_text_color=&#8221;#759fdb&#8221; icon_color=&#8221;#e22685&#8243; toggle_icon=&#8221;&#xe03a;||divi||400&#8243; use_icon_font_size=&#8221;on&#8221; icon_font_size=&#8221;23px&#8221; _builder_version=&#8221;4.13.0&#8243; _module_preset=&#8221;default&#8221; title_font=&#8221;Montserrat|700|||||||&#8221; title_font_size=&#8221;13px&#8221; body_font=&#8221;Montserrat||||||||&#8221; body_font_size=&#8221;11px&#8221; body_line_height=&#8221;1.2em&#8221; background_color=&#8221;rgba(255,255,255,0)&#8221; custom_margin=&#8221;|||8px|false|false&#8221; custom_padding=&#8221;8px||16px|4px|false|false&#8221; border_width_all=&#8221;0px&#8221; locked=&#8221;off&#8221; global_colors_info=&#8221;{}&#8221;]<\/p>\n<p>Grupo de Batucadeiras Show D&#8217;\u00c1frica \/AD Sumus<\/p>\n<p><strong>Local: <\/strong>Biblioteca Maria Lamas<\/p>\n<p><strong>Dia:<\/strong> 09 de mar\u00e7o | <strong>Hora:<\/strong> 17h30<\/p>\n<p><img loading=\"lazy\" src=\"https:\/\/www.cig.gov.pt\/iniciativas-nacionais\/wp-content\/uploads\/2024\/03\/PROG-DIM-212x300.jpg\" width=\"212\" height=\"300\" alt=\"\" class=\"wp-image-4874 alignnone size-medium\" \/><\/p>\n<p>[\/et_pb_toggle][\/et_pb_column][et_pb_column type=&#8221;1_4&#8243; _builder_version=&#8221;4.13.0&#8243; _module_preset=&#8221;default&#8221; background_color=&#8221;#FFFFFF&#8221; border_radii=&#8221;on|12px|12px|12px|12px&#8221; global_colors_info=&#8221;{}&#8221;][et_pb_text _builder_version=&#8221;4.13.0&#8243; _module_preset=&#8221;default&#8221; text_font=&#8221;Montserrat||||||||&#8221; text_font_size=&#8221;12px&#8221; text_line_height=&#8221;1.2em&#8221; custom_margin=&#8221;16px|12px|8px|12px|false|false&#8221; locked=&#8221;off&#8221; global_colors_info=&#8221;{}&#8221;]<\/p>\n<p><span style=\"font-size: medium; color: #c18934;\"><strong>Almada<\/strong><\/span><\/p>\n<p><strong>Entidades promotoras:<\/strong><br \/>Projetos UNICA e Almada Acolhe-te<\/p>\n<p><strong>Iniciativa | Atividade:<\/strong><br \/>Palestra \u201cSa\u00fade, Sexualidade, Educa\u00e7\u00e3o e Interculturalidade na evolu\u00e7\u00e3o feminina\u201d<\/p>\n<p>[\/et_pb_text][et_pb_toggle title=&#8221;Informa\u00e7\u00f5es&#8221; closed_toggle_text_color=&#8221;#759fdb&#8221; icon_color=&#8221;#e22685&#8243; toggle_icon=&#8221;&#xe03a;||divi||400&#8243; use_icon_font_size=&#8221;on&#8221; icon_font_size=&#8221;23px&#8221; _builder_version=&#8221;4.13.0&#8243; _module_preset=&#8221;default&#8221; title_font=&#8221;Montserrat|700|||||||&#8221; title_font_size=&#8221;13px&#8221; body_font=&#8221;Montserrat||||||||&#8221; body_font_size=&#8221;11px&#8221; body_line_height=&#8221;1.2em&#8221; background_color=&#8221;rgba(255,255,255,0)&#8221; custom_margin=&#8221;|||8px|false|false&#8221; custom_padding=&#8221;8px||16px|4px|false|false&#8221; border_width_all=&#8221;0px&#8221; locked=&#8221;off&#8221; global_colors_info=&#8221;{}&#8221;]<\/p>\n<p><strong>Local: <\/strong>Casa das Associa\u00e7\u00f5es na Charneca de Caparica<\/p>\n<p><strong>Dia:<\/strong> 08 de mar\u00e7o | <strong>Hora:<\/strong> 14h00 \u00e0s 16h00<\/p>\n<p><strong>Inscri\u00e7\u00f5es:<\/strong> <a href=\"mailto:geral.unica@gmail.com\">geral.unica@gmail.com<\/a> | 929085459<\/p>\n<p><img loading=\"lazy\" src=\"https:\/\/www.cig.gov.pt\/iniciativas-nacionais\/wp-content\/uploads\/2024\/03\/PROG-DIM-212x300.jpg\" width=\"212\" height=\"300\" alt=\"\" class=\"wp-image-4874 alignnone size-medium\" \/><\/p>\n<p>[\/et_pb_toggle][\/et_pb_column][\/et_pb_row][et_pb_row admin_label=&#8221;Distrito&#8221; _builder_version=&#8221;4.13.0&#8243; _module_preset=&#8221;default&#8221; background_color=&#8221;#03989e&#8221; custom_margin=&#8221;24px||0px||false|false&#8221; custom_padding=&#8221;16px||16px||false|false&#8221; border_radii=&#8221;on|12px|12px|12px|12px&#8221; global_colors_info=&#8221;{}&#8221;][et_pb_column type=&#8221;4_4&#8243; _builder_version=&#8221;4.13.0&#8243; _module_preset=&#8221;default&#8221; global_colors_info=&#8221;{}&#8221;][et_pb_text admin_label=&#8221;Viana do Castelo&#8221; _builder_version=&#8221;4.13.0&#8243; _module_preset=&#8221;default&#8221; text_font=&#8221;Montserrat|700|||||||&#8221; text_text_color=&#8221;#FFFFFF&#8221; text_font_size=&#8221;16px&#8221; text_letter_spacing=&#8221;1px&#8221; custom_margin=&#8221;2px||0px|20px|false|false&#8221; custom_padding=&#8221;6px||2px||false|false&#8221; global_colors_info=&#8221;{}&#8221;]<\/p>\n<p><span style=\"color: #f3d9da;\">Distrito: <\/span><span style=\"font-size: xx-large;\">Viana do Castelo<\/span><\/p>\n<p>[\/et_pb_text][\/et_pb_column][\/et_pb_row][et_pb_row column_structure=&#8221;1_4,1_4,1_4,1_4&#8243; use_custom_gutter=&#8221;on&#8221; gutter_width=&#8221;2&#8243; make_equal=&#8221;on&#8221; _builder_version=&#8221;4.13.0&#8243; _module_preset=&#8221;default&#8221; background_color=&#8221;rgba(255,255,255,0)&#8221; custom_margin=&#8221;||0px||false|false&#8221; custom_padding=&#8221;||0px||false|false&#8221; locked=&#8221;off&#8221; global_colors_info=&#8221;{}&#8221;][et_pb_column type=&#8221;1_4&#8243; _builder_version=&#8221;4.13.0&#8243; _module_preset=&#8221;default&#8221; background_color=&#8221;#FFFFFF&#8221; border_radii=&#8221;on|12px|12px|12px|12px&#8221; global_colors_info=&#8221;{}&#8221;][et_pb_text _builder_version=&#8221;4.13.0&#8243; _module_preset=&#8221;default&#8221; text_font=&#8221;Montserrat||||||||&#8221; text_font_size=&#8221;12px&#8221; text_line_height=&#8221;1.2em&#8221; custom_margin=&#8221;16px|12px|8px|12px|false|false&#8221; global_colors_info=&#8221;{}&#8221;]<\/p>\n<p><span style=\"font-size: medium; color: #c18934;\"><strong>Viana do Castelo<\/strong><\/span><\/p>\n<p><strong>Entidade promotora:<\/strong><br \/>Agrupamento de Escolas de Monserrate<\/p>\n<p><strong>Iniciativa | Atividade:<\/strong><br \/><span data-sheets-root=\"1\" data-sheets-value=\"{&quot;1&quot;:2,&quot;2&quot;:&quot;&quot;Corte &amp; Costura: Livros de Autoras Portuguesas Censurados durante o Estado Novo&quot;.&quot;}\" data-sheets-userformat=\"{&quot;2&quot;:897,&quot;3&quot;:{&quot;1&quot;:0},&quot;10&quot;:1,&quot;11&quot;:4,&quot;12&quot;:0}\">Vidas com Hist\u00f3ria: O testemunho de uma Mulher que viveu na clandestinidade &#8211; Branca Carvalho.<br \/><\/span><\/p>\n<p>[\/et_pb_text][et_pb_toggle title=&#8221;Informa\u00e7\u00f5es&#8221; closed_toggle_text_color=&#8221;#759fdb&#8221; icon_color=&#8221;#e22685&#8243; toggle_icon=&#8221;&#xe03a;||divi||400&#8243; use_icon_font_size=&#8221;on&#8221; icon_font_size=&#8221;23px&#8221; _builder_version=&#8221;4.13.0&#8243; _module_preset=&#8221;default&#8221; title_font=&#8221;Montserrat|700|||||||&#8221; title_font_size=&#8221;13px&#8221; body_font=&#8221;Montserrat||||||||&#8221; body_font_size=&#8221;11px&#8221; body_line_height=&#8221;1.2em&#8221; background_color=&#8221;rgba(255,255,255,0)&#8221; custom_margin=&#8221;|||8px|false|false&#8221; custom_padding=&#8221;8px||16px|4px|false|false&#8221; border_width_all=&#8221;0px&#8221; global_colors_info=&#8221;{}&#8221;]<\/p>\n<p style=\"text-align: justify;\">O testemunho de uma Mulher que viveu na clandestinidade &#8211; Branca Carvalho<\/p>\n<p style=\"text-align: justify;\"><strong>Local:<\/strong> Escola Secund\u00e1ria de Monserrate<\/p>\n<p style=\"text-align: justify;\"><strong>Data:<\/strong> 8 de mar\u00e7o | <strong>Hora:<\/strong> 10h15<\/p>\n<p style=\"text-align: justify;\">[\/et_pb_toggle][\/et_pb_column][et_pb_column type=&#8221;1_4&#8243; _builder_version=&#8221;4.13.0&#8243; _module_preset=&#8221;default&#8221; background_color=&#8221;#FFFFFF&#8221; border_radii=&#8221;on|12px|12px|12px|12px&#8221; global_colors_info=&#8221;{}&#8221;][et_pb_text _builder_version=&#8221;4.13.0&#8243; _module_preset=&#8221;default&#8221; text_font=&#8221;Montserrat||||||||&#8221; text_font_size=&#8221;12px&#8221; text_line_height=&#8221;1.2em&#8221; custom_margin=&#8221;16px|12px|8px|12px|false|false&#8221; global_colors_info=&#8221;{}&#8221;]<\/p>\n<p><span style=\"font-size: medium; color: #c18934;\"><strong>Viana do Castelo<\/strong><\/span><\/p>\n<p><strong>Entidade promotora:<\/strong><br \/>Agrupamento de Escolas de Monserrate<\/p>\n<p><strong>Iniciativa | Atividade:<\/strong><br \/><span data-sheets-root=\"1\" data-sheets-value=\"{&quot;1&quot;:2,&quot;2&quot;:&quot;&quot;Corte &amp; Costura: Livros de Autoras Portuguesas Censurados durante o Estado Novo&quot;.&quot;}\" data-sheets-userformat=\"{&quot;2&quot;:897,&quot;3&quot;:{&quot;1&quot;:0},&quot;10&quot;:1,&quot;11&quot;:4,&quot;12&quot;:0}\">Construir la\u00e7os no AEM: Comemora\u00e7\u00e3o do Dia da mulher<br \/><\/span><\/p>\n<p>[\/et_pb_text][et_pb_toggle title=&#8221;Informa\u00e7\u00f5es&#8221; closed_toggle_text_color=&#8221;#759fdb&#8221; icon_color=&#8221;#e22685&#8243; toggle_icon=&#8221;&#xe03a;||divi||400&#8243; use_icon_font_size=&#8221;on&#8221; icon_font_size=&#8221;23px&#8221; _builder_version=&#8221;4.13.0&#8243; _module_preset=&#8221;default&#8221; title_font=&#8221;Montserrat|700|||||||&#8221; title_font_size=&#8221;13px&#8221; body_font=&#8221;Montserrat||||||||&#8221; body_font_size=&#8221;11px&#8221; body_line_height=&#8221;1.2em&#8221; background_color=&#8221;rgba(255,255,255,0)&#8221; custom_margin=&#8221;|||8px|false|false&#8221; custom_padding=&#8221;8px||16px|4px|false|false&#8221; border_width_all=&#8221;0px&#8221; global_colors_info=&#8221;{}&#8221;]<\/p>\n<p style=\"text-align: justify;\">Comemora\u00e7\u00e3o do Dia da Mulher: Envio de e-mail com gif animado alusivo \u00e0 data (elaborado pelos alunos do curso profissional de t\u00e9cnico de Multim\u00e9dia), Bolo comemorativo e sess\u00e3o de massagens de relaxamento (colabora\u00e7\u00e3o do IEFP).<\/p>\n<p style=\"text-align: justify;\"><strong>Local:<\/strong> Escola Secund\u00e1ria de Monserrate<\/p>\n<p style=\"text-align: justify;\"><strong>Data:<\/strong> 8 de mar\u00e7o | <strong>Hora:<\/strong> 09h00<\/p>\n<p style=\"text-align: justify;\">[\/et_pb_toggle][\/et_pb_column][et_pb_column type=&#8221;1_4&#8243; _builder_version=&#8221;4.13.0&#8243; _module_preset=&#8221;default&#8221; background_color=&#8221;#FFFFFF&#8221; border_radii=&#8221;on|12px|12px|12px|12px&#8221; global_colors_info=&#8221;{}&#8221;][et_pb_text _builder_version=&#8221;4.13.0&#8243; _module_preset=&#8221;default&#8221; text_font=&#8221;Montserrat||||||||&#8221; text_font_size=&#8221;12px&#8221; text_line_height=&#8221;1.2em&#8221; custom_margin=&#8221;16px|12px|8px|12px|false|false&#8221; global_colors_info=&#8221;{}&#8221;]<\/p>\n<p><span style=\"font-size: medium; color: #c18934;\"><strong>Viana do Castelo<\/strong><\/span><\/p>\n<p><strong>Entidade promotora:<\/strong><br \/>NAVVD-GAF<\/p>\n<p><strong>Iniciativa | Atividade:<\/strong><br \/><span data-sheets-root=\"1\" data-sheets-value=\"{&quot;1&quot;:2,&quot;2&quot;:&quot;&quot;Corte &amp; Costura: Livros de Autoras Portuguesas Censurados durante o Estado Novo&quot;.&quot;}\" data-sheets-userformat=\"{&quot;2&quot;:897,&quot;3&quot;:{&quot;1&quot;:0},&quot;10&quot;:1,&quot;11&quot;:4,&quot;12&quot;:0}\">Dia Internacional da Mulher &#8211; Desafio &#8220;Pinta o futuro com as cores do Respeito, da Empatia e da Igualdade&#8221;<br \/><\/span><\/p>\n<p>[\/et_pb_text][et_pb_toggle title=&#8221;Informa\u00e7\u00f5es&#8221; closed_toggle_text_color=&#8221;#759fdb&#8221; icon_color=&#8221;#e22685&#8243; toggle_icon=&#8221;&#xe03a;||divi||400&#8243; use_icon_font_size=&#8221;on&#8221; icon_font_size=&#8221;23px&#8221; _builder_version=&#8221;4.13.0&#8243; _module_preset=&#8221;default&#8221; title_font=&#8221;Montserrat|700|||||||&#8221; title_font_size=&#8221;13px&#8221; body_font=&#8221;Montserrat||||||||&#8221; body_font_size=&#8221;11px&#8221; body_line_height=&#8221;1.2em&#8221; background_color=&#8221;rgba(255,255,255,0)&#8221; custom_margin=&#8221;|||8px|false|false&#8221; custom_padding=&#8221;8px||16px|4px|false|false&#8221; border_width_all=&#8221;0px&#8221; global_colors_info=&#8221;{}&#8221;]<\/p>\n<p style=\"text-align: justify;\"><span>Convidamos todos os Parceiros da Rede de Interven\u00e7\u00e3o Intermunicipal de Viol\u00eancia Dom\u00e9stica (RIIVD) e toda a comunidade escolar a sinalizar este dia, unindo esfor\u00e7os para combater a viol\u00eancia dom\u00e9stica e promover o respeito m\u00fatuo. Enviou-se aos Parceiros e Agrupamentos escolares uma figura de um cabe\u00e7udo em branco como um meio de express\u00e3o, transmitindo a mensagem de que n\u00e3o toleramos nenhum tipo de viol\u00eancia, seja f\u00edsica, emocional ou verbal.<\/span><\/p>\n<p style=\"text-align: justify;\"><strong>Local:<\/strong> VianaShopping<\/p>\n<p style=\"text-align: justify;\"><strong>Data:<\/strong> 8 de mar\u00e7o | <strong>Hora:<\/strong> 10h00<\/p>\n<p style=\"text-align: justify;\"><span><img loading=\"lazy\" src=\"https:\/\/www.cig.gov.pt\/iniciativas-nacionais\/wp-content\/uploads\/2024\/02\/imagem-1-Joana-Garfejo-300x300.png\" width=\"300\" height=\"300\" alt=\"\" class=\"wp-image-4701 alignnone size-medium\" \/><\/span><\/p>\n<p>[\/et_pb_toggle][\/et_pb_column][et_pb_column type=&#8221;1_4&#8243; _builder_version=&#8221;4.13.0&#8243; _module_preset=&#8221;default&#8221; background_color=&#8221;#FFFFFF&#8221; border_radii=&#8221;on|12px|12px|12px|12px&#8221; global_colors_info=&#8221;{}&#8221;][et_pb_text _builder_version=&#8221;4.13.0&#8243; _module_preset=&#8221;default&#8221; text_font=&#8221;Montserrat||||||||&#8221; text_font_size=&#8221;12px&#8221; text_line_height=&#8221;1.2em&#8221; custom_margin=&#8221;16px|12px|8px|12px|false|false&#8221; global_colors_info=&#8221;{}&#8221;]<\/p>\n<p><span style=\"font-size: medium; color: #c18934;\"><strong>Viana do Castelo<\/strong><\/span><\/p>\n<p><strong>Entidade promotora:<\/strong><br \/><span>Movimento Democr\u00e1tico de Mulheres<\/span><\/p>\n<p><strong>Iniciativa | Atividade:<\/strong><br \/><span data-sheets-root=\"1\" data-sheets-value=\"{&quot;1&quot;:2,&quot;2&quot;:&quot;&quot;Corte &amp; Costura: Livros de Autoras Portuguesas Censurados durante o Estado Novo&quot;.&quot;}\" data-sheets-userformat=\"{&quot;2&quot;:897,&quot;3&quot;:{&quot;1&quot;:0},&quot;10&quot;:1,&quot;11&quot;:4,&quot;12&quot;:0}\">Jantar Comemorativo Dia Internacional da Mulher<\/span><\/p>\n<p>[\/et_pb_text][et_pb_toggle title=&#8221;Informa\u00e7\u00f5es&#8221; closed_toggle_text_color=&#8221;#759fdb&#8221; icon_color=&#8221;#e22685&#8243; toggle_icon=&#8221;&#xe03a;||divi||400&#8243; use_icon_font_size=&#8221;on&#8221; icon_font_size=&#8221;23px&#8221; _builder_version=&#8221;4.13.0&#8243; _module_preset=&#8221;default&#8221; title_font=&#8221;Montserrat|700|||||||&#8221; title_font_size=&#8221;13px&#8221; body_font=&#8221;Montserrat||||||||&#8221; body_font_size=&#8221;11px&#8221; body_line_height=&#8221;1.2em&#8221; background_color=&#8221;rgba(255,255,255,0)&#8221; custom_margin=&#8221;|||8px|false|false&#8221; custom_padding=&#8221;8px||16px|4px|false|false&#8221; border_width_all=&#8221;0px&#8221; global_colors_info=&#8221;{}&#8221;]<\/p>\n<p style=\"text-align: justify;\"><span>Convidamos todos os Parceiros da Rede de Interven\u00e7\u00e3o Intermunicipal de Viol\u00eancia Dom\u00e9stica (RIIVD) e toda a comunidade escolar a sinalizar este dia, unindo esfor\u00e7os para combater a viol\u00eancia dom\u00e9stica e promover o respeito m\u00fatuo. Enviou-se aos Parceiros e Agrupamentos escolares uma figura de um cabe\u00e7udo em branco como um meio de express\u00e3o, transmitindo a mensagem de que n\u00e3o toleramos nenhum tipo de viol\u00eancia, seja f\u00edsica, emocional ou verbal.<\/span><\/p>\n<p style=\"text-align: justify;\"><strong>Local:<\/strong> <span>Quinta Do Finc\u00e3o (Tv. da Giesteira da Areosa 2, Viana do Castelo)<\/span><\/p>\n<p style=\"text-align: justify;\"><strong>Data:<\/strong> 08 de mar\u00e7o | <strong>Hora:<\/strong> 20h00<\/p>\n<p style=\"text-align: justify;\"><img loading=\"lazy\" src=\"https:\/\/www.cig.gov.pt\/iniciativas-nacionais\/wp-content\/uploads\/2024\/03\/VIANA-MDM-Movimento-Democratico-de-Mulheres-300x300.png\" width=\"300\" height=\"300\" alt=\"\" class=\"wp-image-4854 alignnone size-medium\" \/><\/p>\n<p>[\/et_pb_toggle][\/et_pb_column][\/et_pb_row][et_pb_row column_structure=&#8221;1_4,1_4,1_4,1_4&#8243; use_custom_gutter=&#8221;on&#8221; gutter_width=&#8221;2&#8243; make_equal=&#8221;on&#8221; _builder_version=&#8221;4.13.0&#8243; _module_preset=&#8221;default&#8221; background_color=&#8221;rgba(255,255,255,0)&#8221; custom_margin=&#8221;||0px||false|false&#8221; custom_padding=&#8221;||0px||false|false&#8221; locked=&#8221;off&#8221; global_colors_info=&#8221;{}&#8221;][et_pb_column type=&#8221;1_4&#8243; _builder_version=&#8221;4.13.0&#8243; _module_preset=&#8221;default&#8221; background_color=&#8221;#FFFFFF&#8221; border_radii=&#8221;on|12px|12px|12px|12px&#8221; global_colors_info=&#8221;{}&#8221;][et_pb_text _builder_version=&#8221;4.13.0&#8243; _module_preset=&#8221;default&#8221; text_font=&#8221;Montserrat||||||||&#8221; text_font_size=&#8221;12px&#8221; text_line_height=&#8221;1.2em&#8221; custom_margin=&#8221;16px|12px|8px|12px|false|false&#8221; global_colors_info=&#8221;{}&#8221;]<\/p>\n<p><span style=\"font-size: medium; color: #c18934;\"><strong>Ponte de Lima<\/strong><\/span><\/p>\n<p><strong>Entidade promotora:<\/strong><br \/>Movimento Democr\u00e1tico de Mulheres<\/p>\n<p><strong>Iniciativa | Atividade:<\/strong><br \/><span data-sheets-root=\"1\" data-sheets-value=\"{&quot;1&quot;:2,&quot;2&quot;:&quot;&quot;Corte &amp; Costura: Livros de Autoras Portuguesas Censurados durante o Estado Novo&quot;.&quot;}\" data-sheets-userformat=\"{&quot;2&quot;:897,&quot;3&quot;:{&quot;1&quot;:0},&quot;10&quot;:1,&quot;11&quot;:4,&quot;12&quot;:0}\">Jantar Comemorativo do Dia Internacional da Mulher<br \/><\/span><\/p>\n<p>[\/et_pb_text][et_pb_toggle title=&#8221;Informa\u00e7\u00f5es&#8221; closed_toggle_text_color=&#8221;#759fdb&#8221; icon_color=&#8221;#e22685&#8243; toggle_icon=&#8221;&#xe03a;||divi||400&#8243; use_icon_font_size=&#8221;on&#8221; icon_font_size=&#8221;23px&#8221; _builder_version=&#8221;4.13.0&#8243; _module_preset=&#8221;default&#8221; title_font=&#8221;Montserrat|700|||||||&#8221; title_font_size=&#8221;13px&#8221; body_font=&#8221;Montserrat||||||||&#8221; body_font_size=&#8221;11px&#8221; body_line_height=&#8221;1.2em&#8221; background_color=&#8221;rgba(255,255,255,0)&#8221; custom_margin=&#8221;|||8px|false|false&#8221; custom_padding=&#8221;8px||16px|4px|false|false&#8221; border_width_all=&#8221;0px&#8221; global_colors_info=&#8221;{}&#8221;]<\/p>\n<p style=\"text-align: justify;\"><strong>Local:<\/strong> Casa da Cuca (Rua do Couto, n.\u00ba 239, Moreira do Lima, Ponte de Lima)<\/p>\n<p style=\"text-align: justify;\"><strong>Data:<\/strong> 08 de mar\u00e7o | <strong>Hora:<\/strong> 20h00<\/p>\n<p style=\"text-align: justify;\"><img loading=\"lazy\" src=\"https:\/\/www.cig.gov.pt\/iniciativas-nacionais\/wp-content\/uploads\/2024\/03\/PONTE-DE-LIMA-MDM-Movimento-Democratico-de-Mulheres-300x300.png\" width=\"300\" height=\"300\" alt=\"\" class=\"wp-image-4860 alignnone size-medium\" \/><\/p>\n<p>[\/et_pb_toggle][\/et_pb_column][et_pb_column type=&#8221;1_4&#8243; _builder_version=&#8221;4.13.0&#8243; _module_preset=&#8221;default&#8221; background_color=&#8221;#FFFFFF&#8221; border_radii=&#8221;on|12px|12px|12px|12px&#8221; global_colors_info=&#8221;{}&#8221;][et_pb_text _builder_version=&#8221;4.13.0&#8243; _module_preset=&#8221;default&#8221; text_font=&#8221;Montserrat||||||||&#8221; text_font_size=&#8221;12px&#8221; text_line_height=&#8221;1.2em&#8221; custom_margin=&#8221;16px|12px|8px|12px|false|false&#8221; global_colors_info=&#8221;{}&#8221;]<\/p>\n<p><span style=\"font-size: medium; color: #c18934;\"><strong>S\u00e3o Rom\u00e3o de Neiva<br \/><\/strong><\/span><\/p>\n<p><strong>Entidade promotora:<\/strong><br \/>Business as Nature (BasN)<\/p>\n<p><strong>Iniciativa | Atividade:<\/strong><br \/><span data-sheets-root=\"1\" data-sheets-value=\"{&quot;1&quot;:2,&quot;2&quot;:&quot;&quot;Corte &amp; Costura: Livros de Autoras Portuguesas Censurados durante o Estado Novo&quot;.&quot;}\" data-sheets-userformat=\"{&quot;2&quot;:897,&quot;3&quot;:{&quot;1&quot;:0},&quot;10&quot;:1,&quot;11&quot;:4,&quot;12&quot;:0}\">Encontro das Guardi\u00e3s do Parque Natural do Litoral Norte<\/span><\/p>\n<p>[\/et_pb_text][et_pb_toggle title=&#8221;Informa\u00e7\u00f5es&#8221; closed_toggle_text_color=&#8221;#759fdb&#8221; icon_color=&#8221;#e22685&#8243; toggle_icon=&#8221;&#xe03a;||divi||400&#8243; use_icon_font_size=&#8221;on&#8221; icon_font_size=&#8221;23px&#8221; _builder_version=&#8221;4.13.0&#8243; _module_preset=&#8221;default&#8221; title_font=&#8221;Montserrat|700|||||||&#8221; title_font_size=&#8221;13px&#8221; body_font=&#8221;Montserrat||||||||&#8221; body_font_size=&#8221;11px&#8221; body_line_height=&#8221;1.2em&#8221; background_color=&#8221;rgba(255,255,255,0)&#8221; custom_margin=&#8221;|||8px|false|false&#8221; custom_padding=&#8221;8px||16px|4px|false|false&#8221; border_width_all=&#8221;0px&#8221; global_colors_info=&#8221;{}&#8221;]<\/p>\n<p style=\"text-align: justify;\">A rede de mulheres promovida pela Business as Nature, as Guardi\u00e3s da Natureza, v\u00e3o dinamizar de norte a sul do pa\u00eds v\u00e1rias iniciativas para assinalar o Dia Internacional da Mulher e onde v\u00e3o poder partilhar a sua experi\u00eancia enquanto mulheres que procuram ativamente contribuir para um mundo melhor para todos, nomeadamente atrav\u00e9s dos seus projetos que promovem o desenvolvimento sustent\u00e1vel e a conserva\u00e7\u00e3o da natureza.<\/p>\n<p style=\"text-align: justify;\"><strong>Local:<\/strong> Sede da Associa\u00e7\u00e3o Rio Neiva<\/p>\n<p style=\"text-align: justify;\"><strong>Data:<\/strong> 08 de mar\u00e7o\u00a0<\/p>\n<p style=\"text-align: justify;\">[\/et_pb_toggle][\/et_pb_column][et_pb_column type=&#8221;1_4&#8243; _builder_version=&#8221;4.13.0&#8243; _module_preset=&#8221;default&#8221; background_color=&#8221;RGBA(0,0,0,0)&#8221; border_radii=&#8221;on|12px|12px|12px|12px&#8221; global_colors_info=&#8221;{}&#8221;][\/et_pb_column][et_pb_column type=&#8221;1_4&#8243; _builder_version=&#8221;4.13.0&#8243; _module_preset=&#8221;default&#8221; background_color=&#8221;RGBA(0,0,0,0)&#8221; border_radii=&#8221;on|12px|12px|12px|12px&#8221; global_colors_info=&#8221;{}&#8221;][\/et_pb_column][\/et_pb_row][et_pb_row admin_label=&#8221;Distrito&#8221; _builder_version=&#8221;4.13.0&#8243; _module_preset=&#8221;default&#8221; background_color=&#8221;#03989e&#8221; custom_margin=&#8221;24px||0px||false|false&#8221; custom_padding=&#8221;16px||16px||false|false&#8221; border_radii=&#8221;on|12px|12px|12px|12px&#8221; global_colors_info=&#8221;{}&#8221;][et_pb_column type=&#8221;4_4&#8243; _builder_version=&#8221;4.13.0&#8243; _module_preset=&#8221;default&#8221; global_colors_info=&#8221;{}&#8221;][et_pb_text admin_label=&#8221;Viseu&#8221; _builder_version=&#8221;4.13.0&#8243; _module_preset=&#8221;default&#8221; text_font=&#8221;Montserrat|700|||||||&#8221; text_text_color=&#8221;#FFFFFF&#8221; text_font_size=&#8221;16px&#8221; text_letter_spacing=&#8221;1px&#8221; custom_margin=&#8221;2px||0px|20px|false|false&#8221; custom_padding=&#8221;6px||2px||false|false&#8221; global_colors_info=&#8221;{}&#8221;]<\/p>\n<p><span style=\"color: #f3d9da;\">Distrito: <\/span><span style=\"font-size: xx-large;\">Viseu<\/span><\/p>\n<p>[\/et_pb_text][\/et_pb_column][\/et_pb_row][et_pb_row column_structure=&#8221;1_4,1_4,1_4,1_4&#8243; use_custom_gutter=&#8221;on&#8221; gutter_width=&#8221;2&#8243; make_equal=&#8221;on&#8221; _builder_version=&#8221;4.13.0&#8243; _module_preset=&#8221;default&#8221; background_color=&#8221;rgba(255,255,255,0)&#8221; custom_margin=&#8221;||0px||false|false&#8221; custom_padding=&#8221;||0px||false|false&#8221; locked=&#8221;off&#8221; global_colors_info=&#8221;{}&#8221;][et_pb_column type=&#8221;1_4&#8243; _builder_version=&#8221;4.13.0&#8243; _module_preset=&#8221;default&#8221; background_color=&#8221;#FFFFFF&#8221; border_radii=&#8221;on|12px|12px|12px|12px&#8221; global_colors_info=&#8221;{}&#8221;][et_pb_text _builder_version=&#8221;4.13.0&#8243; _module_preset=&#8221;default&#8221; text_font=&#8221;Montserrat||||||||&#8221; text_font_size=&#8221;12px&#8221; text_line_height=&#8221;1.2em&#8221; custom_margin=&#8221;16px|12px|8px|12px|false|false&#8221; global_colors_info=&#8221;{}&#8221;]<\/p>\n<p><span style=\"font-size: medium; color: #c18934;\"><strong><span data-sheets-root=\"1\" data-sheets-value=\"{&quot;1&quot;:2,&quot;2&quot;:&quot;Viseu&quot;}\" data-sheets-userformat=\"{&quot;2&quot;:513,&quot;3&quot;:{&quot;1&quot;:0},&quot;12&quot;:0}\">Viseu<\/span><\/strong><\/span><\/p>\n<p><strong>Entidade promotora:<\/strong><br \/><span data-sheets-root=\"1\" data-sheets-value=\"{&quot;1&quot;:2,&quot;2&quot;:&quot;N\u00facleo de Enfermagem de Sa\u00fade Materna e Obst\u00e9trica. Equipa de Trabalho para a Igualdade de G\u00e9nero. ULS Viseu D\u00e3o-Laf\u00f5es.&quot;}\" data-sheets-userformat=\"{&quot;2&quot;:513,&quot;3&quot;:{&quot;1&quot;:0},&quot;12&quot;:0}\">N\u00facleo de Enfermagem de Sa\u00fade Materna e Obst\u00e9trica. Equipa de Trabalho para a Igualdade de G\u00e9nero. ULS Viseu D\u00e3o-Laf\u00f5es.<\/span><\/p>\n<p><strong>Iniciativa | Atividade:<\/strong><br \/><span data-sheets-root=\"1\" data-sheets-value=\"{&quot;1&quot;:2,&quot;2&quot;:&quot;&quot;Corte &amp; Costura: Livros de Autoras Portuguesas Censurados durante o Estado Novo&quot;.&quot;}\" data-sheets-userformat=\"{&quot;2&quot;:897,&quot;3&quot;:{&quot;1&quot;:0},&quot;10&quot;:1,&quot;11&quot;:4,&quot;12&quot;:0}\">Cuidar a Mulher no seu Ciclo de Vida.<br \/><\/span><\/p>\n<p>[\/et_pb_text][et_pb_toggle title=&#8221;Informa\u00e7\u00f5es&#8221; closed_toggle_text_color=&#8221;#759fdb&#8221; icon_color=&#8221;#e22685&#8243; toggle_icon=&#8221;&#xe03a;||divi||400&#8243; use_icon_font_size=&#8221;on&#8221; icon_font_size=&#8221;23px&#8221; _builder_version=&#8221;4.13.0&#8243; _module_preset=&#8221;default&#8221; title_font=&#8221;Montserrat|700|||||||&#8221; title_font_size=&#8221;13px&#8221; body_font=&#8221;Montserrat||||||||&#8221; body_font_size=&#8221;11px&#8221; body_line_height=&#8221;1.2em&#8221; background_color=&#8221;rgba(255,255,255,0)&#8221; custom_margin=&#8221;|||8px|false|false&#8221; custom_padding=&#8221;8px||16px|4px|false|false&#8221; border_width_all=&#8221;0px&#8221; global_colors_info=&#8221;{}&#8221;]<\/p>\n<p style=\"text-align: justify;\"><span data-sheets-root=\"1\" data-sheets-value=\"{&quot;1&quot;:2,&quot;2&quot;:&quot;Rastreios de sa\u00fade. \u201cBancas\u201d sobre o Cuidar a Mulher. Flash mob com as mulheres da ULS. Entrega de flor de papel com mensagem \u00e0s mulheres internadas no Hospital. Treino funcional e aer\u00f3bica para as mulheres.&quot;}\" data-sheets-userformat=\"{&quot;2&quot;:513,&quot;3&quot;:{&quot;1&quot;:0},&quot;12&quot;:0}\">Rastreios de sa\u00fade. \u201cBancas\u201d sobre o Cuidar a Mulher. Flash mob com as mulheres da ULS. Entrega de flor de papel com mensagem \u00e0s mulheres internadas no Hospital. Treino funcional e aer\u00f3bica para as mulheres.<\/span><\/p>\n<p style=\"text-align: justify;\"><strong>Local:<\/strong> <span data-sheets-root=\"1\" data-sheets-value=\"{&quot;1&quot;:2,&quot;2&quot;:&quot;Hospital S\u00e3o Teot\u00f3nio (Viseu)&quot;}\" data-sheets-userformat=\"{&quot;2&quot;:513,&quot;3&quot;:{&quot;1&quot;:0},&quot;12&quot;:0}\">Hospital S\u00e3o Teot\u00f3nio (Viseu)<\/span><\/p>\n<p style=\"text-align: justify;\"><strong>Data:<\/strong> 08 de mar\u00e7o | <strong>Hora:<\/strong> 10h00<\/p>\n<p><img loading=\"lazy\" class=\"wp-image-4488 alignnone size-medium\" src=\"https:\/\/www.cig.gov.pt\/iniciativas-nacionais\/wp-content\/uploads\/2024\/02\/D65ACECA-3F5C-4B05-A8E8-E5AE2DB9C3BD-Nuno-Ferreira-212x300.png\" alt=\"\" width=\"212\" height=\"300\" \/><\/p>\n<p style=\"text-align: justify;\">[\/et_pb_toggle][\/et_pb_column][et_pb_column type=&#8221;1_4&#8243; _builder_version=&#8221;4.13.0&#8243; _module_preset=&#8221;default&#8221; background_color=&#8221;#FFFFFF&#8221; border_radii=&#8221;on|12px|12px|12px|12px&#8221; global_colors_info=&#8221;{}&#8221;][et_pb_text _builder_version=&#8221;4.13.0&#8243; _module_preset=&#8221;default&#8221; text_font=&#8221;Montserrat||||||||&#8221; text_font_size=&#8221;12px&#8221; text_line_height=&#8221;1.2em&#8221; custom_margin=&#8221;16px|12px|8px|12px|false|false&#8221; global_colors_info=&#8221;{}&#8221;]<\/p>\n<p><span style=\"font-size: medium; color: #c18934;\"><strong><span data-sheets-root=\"1\" data-sheets-value=\"{&quot;1&quot;:2,&quot;2&quot;:&quot;Viseu&quot;}\" data-sheets-userformat=\"{&quot;2&quot;:513,&quot;3&quot;:{&quot;1&quot;:0},&quot;12&quot;:0}\">Moimenta da Beira<\/span><\/strong><\/span><\/p>\n<p><strong>Entidade promotora:<\/strong><br \/>Business as Nature (BasN)<\/p>\n<p><strong>Iniciativa | Atividade:<\/strong><br \/><span data-sheets-root=\"1\" data-sheets-value=\"{&quot;1&quot;:2,&quot;2&quot;:&quot;&quot;Corte &amp; Costura: Livros de Autoras Portuguesas Censurados durante o Estado Novo&quot;.&quot;}\" data-sheets-userformat=\"{&quot;2&quot;:897,&quot;3&quot;:{&quot;1&quot;:0},&quot;10&quot;:1,&quot;11&quot;:4,&quot;12&quot;:0}\">Dia Internacional das Mulheres | Jantar-conv\u00edvio<\/span><\/p>\n<p>[\/et_pb_text][et_pb_toggle title=&#8221;Informa\u00e7\u00f5es&#8221; closed_toggle_text_color=&#8221;#759fdb&#8221; icon_color=&#8221;#e22685&#8243; toggle_icon=&#8221;&#xe03a;||divi||400&#8243; use_icon_font_size=&#8221;on&#8221; icon_font_size=&#8221;23px&#8221; _builder_version=&#8221;4.13.0&#8243; _module_preset=&#8221;default&#8221; title_font=&#8221;Montserrat|700|||||||&#8221; title_font_size=&#8221;13px&#8221; body_font=&#8221;Montserrat||||||||&#8221; body_font_size=&#8221;11px&#8221; body_line_height=&#8221;1.2em&#8221; background_color=&#8221;rgba(255,255,255,0)&#8221; custom_margin=&#8221;|||8px|false|false&#8221; custom_padding=&#8221;8px||16px|4px|false|false&#8221; border_width_all=&#8221;0px&#8221; global_colors_info=&#8221;{}&#8221;]<\/p>\n<p style=\"text-align: justify;\"><span data-sheets-root=\"1\" data-sheets-value=\"{&quot;1&quot;:2,&quot;2&quot;:&quot;Rastreios de sa\u00fade. \u201cBancas\u201d sobre o Cuidar a Mulher. Flash mob com as mulheres da ULS. Entrega de flor de papel com mensagem \u00e0s mulheres internadas no Hospital. Treino funcional e aer\u00f3bica para as mulheres.&quot;}\" data-sheets-userformat=\"{&quot;2&quot;:513,&quot;3&quot;:{&quot;1&quot;:0},&quot;12&quot;:0}\">A rede de mulheres promovida pela Business as Nature, as Guardi\u00e3s da Natureza, v\u00e3o dinamizar de norte a sul do pa\u00eds v\u00e1rias iniciativas para assinalar o Dia Internacional da Mulher e onde v\u00e3o poder partilhar a sua experi\u00eancia enquanto mulheres que procuram ativamente contribuir para um mundo melhor para todos, nomeadamente atrav\u00e9s dos seus projetos que promovem o desenvolvimento sustent\u00e1vel e a conserva\u00e7\u00e3o da natureza.<\/span><\/p>\n<p style=\"text-align: justify;\"><strong>Local:<\/strong> Sal\u00e3o do Povo de Moimenta<\/p>\n<p style=\"text-align: justify;\"><strong>Data:<\/strong> 08 de mar\u00e7o | <strong>Hora:<\/strong> 20h00<\/p>\n<p>&nbsp;<\/p>\n<p style=\"text-align: justify;\">[\/et_pb_toggle][\/et_pb_column][et_pb_column type=&#8221;1_4&#8243; _builder_version=&#8221;4.13.0&#8243; _module_preset=&#8221;default&#8221; background_enable_color=&#8221;off&#8221; border_radii=&#8221;on|12px|12px|12px|12px&#8221; global_colors_info=&#8221;{}&#8221;][\/et_pb_column][et_pb_column type=&#8221;1_4&#8243; _builder_version=&#8221;4.13.0&#8243; _module_preset=&#8221;default&#8221; background_enable_color=&#8221;off&#8221; border_radii=&#8221;on|12px|12px|12px|12px&#8221; global_colors_info=&#8221;{}&#8221;][\/et_pb_column][\/et_pb_row][et_pb_row admin_label=&#8221;Regi\u00e3o Aut\u00f3noma&#8221; _builder_version=&#8221;4.13.0&#8243; _module_preset=&#8221;default&#8221; background_color=&#8221;#03989e&#8221; custom_margin=&#8221;24px||0px||false|false&#8221; custom_padding=&#8221;16px||16px||false|false&#8221; border_radii=&#8221;on|12px|12px|12px|12px&#8221; global_colors_info=&#8221;{}&#8221;][et_pb_column type=&#8221;4_4&#8243; _builder_version=&#8221;4.13.0&#8243; _module_preset=&#8221;default&#8221; global_colors_info=&#8221;{}&#8221;][et_pb_text admin_label=&#8221;A\u00e7ores&#8221; _builder_version=&#8221;4.13.0&#8243; _module_preset=&#8221;default&#8221; text_font=&#8221;Montserrat|700|||||||&#8221; text_text_color=&#8221;#FFFFFF&#8221; text_font_size=&#8221;16px&#8221; text_letter_spacing=&#8221;1px&#8221; custom_margin=&#8221;2px||0px|20px|false|false&#8221; custom_padding=&#8221;6px||2px||false|false&#8221; global_colors_info=&#8221;{}&#8221;]<\/p>\n<p><span style=\"color: #f3d9da;\">Regi\u00e3o Aut\u00f3noma: <\/span><span style=\"font-size: xx-large;\">A\u00e7ores<\/span><\/p>\n<p>[\/et_pb_text][\/et_pb_column][\/et_pb_row][et_pb_row column_structure=&#8221;1_4,1_4,1_4,1_4&#8243; use_custom_gutter=&#8221;on&#8221; gutter_width=&#8221;2&#8243; make_equal=&#8221;on&#8221; _builder_version=&#8221;4.13.0&#8243; _module_preset=&#8221;default&#8221; background_color=&#8221;rgba(255,255,255,0)&#8221; custom_margin=&#8221;||0px||false|false&#8221; custom_padding=&#8221;||0px||false|false&#8221; locked=&#8221;off&#8221; global_colors_info=&#8221;{}&#8221;][et_pb_column type=&#8221;1_4&#8243; _builder_version=&#8221;4.13.0&#8243; _module_preset=&#8221;default&#8221; background_color=&#8221;#FFFFFF&#8221; border_radii=&#8221;on|12px|12px|12px|12px&#8221; global_colors_info=&#8221;{}&#8221;][et_pb_text _builder_version=&#8221;4.13.0&#8243; _module_preset=&#8221;default&#8221; text_font=&#8221;Montserrat||||||||&#8221; text_font_size=&#8221;12px&#8221; text_line_height=&#8221;1.2em&#8221; custom_margin=&#8221;16px|12px|8px|12px|false|false&#8221; global_colors_info=&#8221;{}&#8221;]<\/p>\n<p><span style=\"font-size: medium; color: #c18934;\"><strong>Ponta Delgada<\/strong><\/span><\/p>\n<p><strong>Entidade promotora:<\/strong><br \/>Regi\u00e3o Aut\u00f3noma dos A\u00e7ores<\/p>\n<p><strong>Iniciativa | Atividade:<\/strong><br \/><span data-sheets-root=\"1\" data-sheets-value=\"{&quot;1&quot;:2,&quot;2&quot;:&quot;&quot;Corte &amp; Costura: Livros de Autoras Portuguesas Censurados durante o Estado Novo&quot;.&quot;}\" data-sheets-userformat=\"{&quot;2&quot;:897,&quot;3&quot;:{&quot;1&quot;:0},&quot;10&quot;:1,&quot;11&quot;:4,&quot;12&quot;:0}\">Conferencia de Imprensa &#8211; Apresenta\u00e7\u00e3o do Estudo ART\u00b4THEMIS + sobre a Viol\u00eancia Nas Rela\u00e7\u00f5es Intimas Juvenis &#8211; UMAR Nacional, A\u00e7ores e Madeira.<br \/><\/span><\/p>\n<p>[\/et_pb_text][et_pb_toggle title=&#8221;Informa\u00e7\u00f5es&#8221; closed_toggle_text_color=&#8221;#759fdb&#8221; icon_color=&#8221;#e22685&#8243; toggle_icon=&#8221;&#xe03a;||divi||400&#8243; use_icon_font_size=&#8221;on&#8221; icon_font_size=&#8221;23px&#8221; _builder_version=&#8221;4.13.0&#8243; _module_preset=&#8221;default&#8221; title_font=&#8221;Montserrat|700|||||||&#8221; title_font_size=&#8221;13px&#8221; body_font=&#8221;Montserrat||||||||&#8221; body_font_size=&#8221;11px&#8221; body_line_height=&#8221;1.2em&#8221; background_color=&#8221;rgba(255,255,255,0)&#8221; custom_margin=&#8221;|||8px|false|false&#8221; custom_padding=&#8221;8px||16px|4px|false|false&#8221; border_width_all=&#8221;0px&#8221; global_colors_info=&#8221;{}&#8221;]<\/p>\n<p style=\"text-align: justify;\">10h30 &#8211; Conferencia de Imprensa para apresenta\u00e7\u00e3o do ESTUDO ART\u00b4THEMIS+, assim como para entidades, individualidades, parceiros e parceiras da UMAR- A\u00e7ores.<br \/>14h00 &#8211; WORKSHOP sobre \u00abFeminismos e Desafios Atuais\u00bb, parceiros e parceiras, associadas e volunt\u00e1rias.<\/p>\n<p style=\"text-align: justify;\"><strong>Local:<\/strong> Hotel Marina Atl\u00e2ntico<\/p>\n<p style=\"text-align: justify;\"><strong>Data:<\/strong> 1 de mar\u00e7o | <strong>Hora:<\/strong> 10h30 \/ 14h00<\/p>\n<p style=\"text-align: justify;\"><img loading=\"lazy\" src=\"https:\/\/www.cig.gov.pt\/iniciativas-nacionais\/wp-content\/uploads\/2024\/02\/umar_acores-226x300.jpg\" width=\"226\" height=\"300\" alt=\"\" class=\"wp-image-4281 alignnone size-medium\" \/><\/p>\n<p>[\/et_pb_toggle][\/et_pb_column][et_pb_column type=&#8221;1_4&#8243; _builder_version=&#8221;4.13.0&#8243; _module_preset=&#8221;default&#8221; background_color=&#8221;#FFFFFF&#8221; border_radii=&#8221;on|12px|12px|12px|12px&#8221; global_colors_info=&#8221;{}&#8221;][et_pb_text _builder_version=&#8221;4.13.0&#8243; _module_preset=&#8221;default&#8221; text_font=&#8221;Montserrat||||||||&#8221; text_font_size=&#8221;12px&#8221; text_line_height=&#8221;1.2em&#8221; custom_margin=&#8221;16px|12px|8px|12px|false|false&#8221; global_colors_info=&#8221;{}&#8221;]<\/p>\n<p><span style=\"font-size: medium; color: #c18934;\"><strong>Ponta Delgada<\/strong><\/span><\/p>\n<p><strong>Entidade promotora:<\/strong><br \/><span>APF-A\u00e7ores \/AMAR -A\u00e7ores pela diversidade<\/span><\/p>\n<p><strong>Iniciativa | Atividade:<\/strong><br \/><span data-sheets-root=\"1\" data-sheets-value=\"{&quot;1&quot;:2,&quot;2&quot;:&quot;&quot;Corte &amp; Costura: Livros de Autoras Portuguesas Censurados durante o Estado Novo&quot;.&quot;}\" data-sheets-userformat=\"{&quot;2&quot;:897,&quot;3&quot;:{&quot;1&quot;:0},&quot;10&quot;:1,&quot;11&quot;:4,&quot;12&quot;:0}\">Onde est\u00e3o as mulheres?<\/span><\/p>\n<p>[\/et_pb_text][et_pb_toggle title=&#8221;Informa\u00e7\u00f5es&#8221; closed_toggle_text_color=&#8221;#759fdb&#8221; icon_color=&#8221;#e22685&#8243; toggle_icon=&#8221;&#xe03a;||divi||400&#8243; use_icon_font_size=&#8221;on&#8221; icon_font_size=&#8221;23px&#8221; _builder_version=&#8221;4.13.0&#8243; _module_preset=&#8221;default&#8221; title_font=&#8221;Montserrat|700|||||||&#8221; title_font_size=&#8221;13px&#8221; body_font=&#8221;Montserrat||||||||&#8221; body_font_size=&#8221;11px&#8221; body_line_height=&#8221;1.2em&#8221; background_color=&#8221;rgba(255,255,255,0)&#8221; custom_margin=&#8221;|||8px|false|false&#8221; custom_padding=&#8221;8px||16px|4px|false|false&#8221; border_width_all=&#8221;0px&#8221; global_colors_info=&#8221;{}&#8221;]<\/p>\n<p style=\"text-align: justify;\"><span> Realiza\u00e7\u00e3o de uma instala\u00e7\u00e3o, que tem como mote o mural de celebridades no hall da Biblioteca e Arquivo Regional de Ponta Delgada. <\/span><\/p>\n<p style=\"text-align: justify;\"><span>No referido mural figuram apenas personalidades masculinas, situa\u00e7\u00e3o que chamou a aten\u00e7\u00e3o de uma participante do trainning course do Erasmus +, organizado pela APF-A\u00e7ores em parceria com outras organiza\u00e7\u00f5es na Europa. <\/span><\/p>\n<p style=\"text-align: justify;\"><span>Pretende-se realizar uma instala\u00e7\u00e3o interativa que chamasse a aten\u00e7\u00e3o para a invisibilidade das mulheres ao longo da Hist\u00f3ria, nos diversos campos das artes \u00e0s ci\u00eancias. <\/span><\/p>\n<p style=\"text-align: justify;\"><span>A mesma consistir\u00e1 em replicar, com materiais descart\u00e1veis, em rela\u00e7\u00e3o com o referido mural e estimular \u00e0s pessoas que por ali passem a adicionar e mulheres que entendam relevantes na Hist\u00f3ria ou para elas. <\/span><\/p>\n<p style=\"text-align: justify;\"><span>Pretende-se realizar uma sess\u00e3o com grupo da comunidade para discutir, a partir da instala\u00e7\u00e3o, a invisibilidade das mulheres.<\/span><\/p>\n<p style=\"text-align: justify;\"><strong>Local:<\/strong> <span>Biblioteca P\u00fablica e Arquivo Regional de Ponta Delgada <\/span><\/p>\n<p style=\"text-align: justify;\"><strong>Data:<\/strong> 08 de mar\u00e7o | <strong>Hora:<\/strong> 10h00<\/p>\n<p style=\"text-align: justify;\">[\/et_pb_toggle][\/et_pb_column][et_pb_column type=&#8221;1_4&#8243; _builder_version=&#8221;4.13.0&#8243; _module_preset=&#8221;default&#8221; background_enable_color=&#8221;off&#8221; border_radii=&#8221;on|12px|12px|12px|12px&#8221; global_colors_info=&#8221;{}&#8221;][\/et_pb_column][et_pb_column type=&#8221;1_4&#8243; _builder_version=&#8221;4.13.0&#8243; _module_preset=&#8221;default&#8221; background_enable_color=&#8221;off&#8221; border_radii=&#8221;on|12px|12px|12px|12px&#8221; global_colors_info=&#8221;{}&#8221;][\/et_pb_column][\/et_pb_row][et_pb_row admin_label=&#8221;Regi\u00e3o Aut\u00f3noma&#8221; _builder_version=&#8221;4.13.0&#8243; _module_preset=&#8221;default&#8221; background_color=&#8221;#03989e&#8221; custom_margin=&#8221;24px||0px||false|false&#8221; custom_padding=&#8221;16px||16px||false|false&#8221; border_radii=&#8221;on|12px|12px|12px|12px&#8221; global_colors_info=&#8221;{}&#8221;][et_pb_column type=&#8221;4_4&#8243; _builder_version=&#8221;4.13.0&#8243; _module_preset=&#8221;default&#8221; global_colors_info=&#8221;{}&#8221;][et_pb_text admin_label=&#8221;Madeira&#8221; _builder_version=&#8221;4.13.0&#8243; _module_preset=&#8221;default&#8221; text_font=&#8221;Montserrat|700|||||||&#8221; text_text_color=&#8221;#FFFFFF&#8221; text_font_size=&#8221;16px&#8221; text_letter_spacing=&#8221;1px&#8221; custom_margin=&#8221;2px||0px|20px|false|false&#8221; custom_padding=&#8221;6px||2px||false|false&#8221; global_colors_info=&#8221;{}&#8221;]<\/p>\n<p><span style=\"color: #f3d9da;\">Regi\u00e3o Aut\u00f3noma: <\/span><span style=\"font-size: xx-large;\">Madeira<\/span><\/p>\n<p>[\/et_pb_text][\/et_pb_column][\/et_pb_row][et_pb_row column_structure=&#8221;1_4,1_4,1_4,1_4&#8243; use_custom_gutter=&#8221;on&#8221; gutter_width=&#8221;2&#8243; make_equal=&#8221;on&#8221; _builder_version=&#8221;4.13.0&#8243; _module_preset=&#8221;default&#8221; background_color=&#8221;rgba(255,255,255,0)&#8221; custom_margin=&#8221;||0px||false|false&#8221; custom_padding=&#8221;||0px||false|false&#8221; locked=&#8221;off&#8221; global_colors_info=&#8221;{}&#8221;][et_pb_column type=&#8221;1_4&#8243; _builder_version=&#8221;4.13.0&#8243; _module_preset=&#8221;default&#8221; background_color=&#8221;#FFFFFF&#8221; border_radii=&#8221;on|12px|12px|12px|12px&#8221; global_colors_info=&#8221;{}&#8221;][et_pb_text _builder_version=&#8221;4.13.0&#8243; _module_preset=&#8221;default&#8221; text_font=&#8221;Montserrat||||||||&#8221; text_font_size=&#8221;12px&#8221; text_line_height=&#8221;1.2em&#8221; custom_margin=&#8221;16px|12px|8px|12px|false|false&#8221; global_colors_info=&#8221;{}&#8221;]<\/p>\n<p><span style=\"font-size: medium; color: #c18934;\"><strong>Santa Cruz<\/strong><\/span><\/p>\n<p><strong>Entidade promotora:<\/strong><br \/>C\u00e2mara Municipal de Santa Cruz | UMAR | Escola B\u00e1sica e Secund\u00e1ria de Santa Cruz<\/p>\n<p><strong>Iniciativa | Atividade:<\/strong><br \/><span data-sheets-root=\"1\" data-sheets-value=\"{&quot;1&quot;:2,&quot;2&quot;:&quot;&quot;Corte &amp; Costura: Livros de Autoras Portuguesas Censurados durante o Estado Novo&quot;.&quot;}\" data-sheets-userformat=\"{&quot;2&quot;:897,&quot;3&quot;:{&quot;1&quot;:0},&quot;10&quot;:1,&quot;11&quot;:4,&quot;12&quot;:0}\">Tert\u00falia do Dia Internacional da Mulher<br \/><\/span><\/p>\n<p>[\/et_pb_text][et_pb_toggle title=&#8221;Informa\u00e7\u00f5es&#8221; closed_toggle_text_color=&#8221;#759fdb&#8221; icon_color=&#8221;#e22685&#8243; toggle_icon=&#8221;&#xe03a;||divi||400&#8243; use_icon_font_size=&#8221;on&#8221; icon_font_size=&#8221;23px&#8221; _builder_version=&#8221;4.13.0&#8243; _module_preset=&#8221;default&#8221; title_font=&#8221;Montserrat|700|||||||&#8221; title_font_size=&#8221;13px&#8221; body_font=&#8221;Montserrat||||||||&#8221; body_font_size=&#8221;11px&#8221; body_line_height=&#8221;1.2em&#8221; background_color=&#8221;rgba(255,255,255,0)&#8221; custom_margin=&#8221;|||8px|false|false&#8221; custom_padding=&#8221;8px||16px|4px|false|false&#8221; border_width_all=&#8221;0px&#8221; global_colors_info=&#8221;{}&#8221;]<\/p>\n<p style=\"text-align: justify;\">Na tert\u00falia ser\u00e3o abordadas as hist\u00f3rias de vida de quatro mulheres do Concelho de Santa Cruz.<\/p>\n<p style=\"text-align: justify;\"><strong>Local:<\/strong> Sal\u00e3o Nobre da C\u00e2mara Municipal<\/p>\n<p style=\"text-align: justify;\"><strong>Data:<\/strong> 26 de mar\u00e7o | <strong>Hora:<\/strong> 15h00<\/p>\n<p style=\"text-align: justify;\">[\/et_pb_toggle][\/et_pb_column][et_pb_column type=&#8221;1_4&#8243; _builder_version=&#8221;4.13.0&#8243; _module_preset=&#8221;default&#8221; background_color=&#8221;#FFFFFF&#8221; border_radii=&#8221;on|12px|12px|12px|12px&#8221; global_colors_info=&#8221;{}&#8221;][et_pb_text _builder_version=&#8221;4.13.0&#8243; _module_preset=&#8221;default&#8221; text_font=&#8221;Montserrat||||||||&#8221; text_font_size=&#8221;12px&#8221; text_line_height=&#8221;1.2em&#8221; custom_margin=&#8221;16px|12px|8px|12px|false|false&#8221; global_colors_info=&#8221;{}&#8221;]<\/p>\n<p><span style=\"font-size: medium; color: #c18934;\"><strong>Funchal<\/strong><\/span><\/p>\n<p><strong>Entidade promotora:<\/strong><br \/><span>UMAR &#8211; Uni\u00e3o de Mulheres Alternativa e Resposta<\/span><\/p>\n<p><strong>Iniciativa | Atividade:<\/strong><br \/><span data-sheets-root=\"1\" data-sheets-value=\"{&quot;1&quot;:2,&quot;2&quot;:&quot;&quot;Corte &amp; Costura: Livros de Autoras Portuguesas Censurados durante o Estado Novo&quot;.&quot;}\" data-sheets-userformat=\"{&quot;2&quot;:897,&quot;3&quot;:{&quot;1&quot;:0},&quot;10&quot;:1,&quot;11&quot;:4,&quot;12&quot;:0}\">Exposi\u00e7\u00e3o 50 anos de Abril: Evolu\u00e7\u00e3o dos Direitos das Mulheres e dos Direitos Humanos<br \/><\/span><\/p>\n<p>[\/et_pb_text][et_pb_toggle title=&#8221;Informa\u00e7\u00f5es&#8221; closed_toggle_text_color=&#8221;#759fdb&#8221; icon_color=&#8221;#e22685&#8243; toggle_icon=&#8221;&#xe03a;||divi||400&#8243; use_icon_font_size=&#8221;on&#8221; icon_font_size=&#8221;23px&#8221; _builder_version=&#8221;4.13.0&#8243; _module_preset=&#8221;default&#8221; title_font=&#8221;Montserrat|700|||||||&#8221; title_font_size=&#8221;13px&#8221; body_font=&#8221;Montserrat||||||||&#8221; body_font_size=&#8221;11px&#8221; body_line_height=&#8221;1.2em&#8221; background_color=&#8221;rgba(255,255,255,0)&#8221; custom_margin=&#8221;|||8px|false|false&#8221; custom_padding=&#8221;8px||16px|4px|false|false&#8221; border_width_all=&#8221;0px&#8221; global_colors_info=&#8221;{}&#8221;]<\/p>\n<p style=\"text-align: justify;\"><span>Em 2024, assinala-se os 50 anos do 25 de Abril. A UMAR Madeira apresenta nesta exposi\u00e7\u00e3o como \u00e9 que t\u00eam evolu\u00eddo os direitos em Portugal, desde o Estado Novo at\u00e9 \u00e0 atualidade e refletindo, tamb\u00e9m, sobre os ecofeminismos e a sustentabilidade ambiental e social. <\/span><\/p>\n<p style=\"text-align: justify;\"><span>Por sua vez, a UMAR Madeira incentivou \u00e0 participa\u00e7\u00e3o das mulheres no seu concurso de artesanato e de artes pl\u00e1sticas, que contou com cinco edi\u00e7\u00f5es (de 2019 a 2023) dedicado aos temas: Papel da Mulher nos 600 anos da Descoberta da Madeira, Feminismos e Liberdade, Direitos das Crian\u00e7as, Intergeracionalidade, e Direitos Humanos e Ambiente. <\/span><\/p>\n<p style=\"text-align: justify;\"><span>Nos trabalhos, est\u00e3o inclu\u00eddos trabalhos em massa de modelar, quadros originais em acr\u00edlico e em \u00f3leo, trabalhos em madeira, arte com mixed media, desenho, trabalhos com feltro e bordado, entre outros.<\/span><\/p>\n<p style=\"text-align: justify;\"><strong>Local:<\/strong> <span>Centro Cultural e de Investiga\u00e7\u00e3o do Funchal<\/span><\/p>\n<p style=\"text-align: justify;\"><strong>Data:<\/strong> 08 de mar\u00e7o | <strong>Hora:<\/strong> 15h30<\/p>\n<p style=\"text-align: justify;\"><img loading=\"lazy\" src=\"https:\/\/www.cig.gov.pt\/iniciativas-nacionais\/wp-content\/uploads\/2024\/03\/8-marco-funchal-Centro-de-Documentacao-e-Arquivo-Feminista-300x300.jpg\" width=\"300\" height=\"300\" alt=\"\" class=\"wp-image-4849 alignnone size-medium\" \/><\/p>\n<p>[\/et_pb_toggle][\/et_pb_column][et_pb_column type=&#8221;1_4&#8243; _builder_version=&#8221;4.13.0&#8243; _module_preset=&#8221;default&#8221; background_color=&#8221;#FFFFFF&#8221; border_radii=&#8221;on|12px|12px|12px|12px&#8221; global_colors_info=&#8221;{}&#8221;][et_pb_text _builder_version=&#8221;4.13.0&#8243; _module_preset=&#8221;default&#8221; text_font=&#8221;Montserrat||||||||&#8221; text_font_size=&#8221;12px&#8221; text_line_height=&#8221;1.2em&#8221; custom_margin=&#8221;16px|12px|8px|12px|false|false&#8221; global_colors_info=&#8221;{}&#8221;]<\/p>\n<p><span style=\"font-size: medium; color: #c18934;\"><strong>Funchal<\/strong><\/span><\/p>\n<p><strong>Entidade promotora:<\/strong><br \/><span>UMAR &#8211; Uni\u00e3o de Mulheres Alternativa e Resposta<\/span><\/p>\n<p><strong>Iniciativa | Atividade:<\/strong><br \/><span data-sheets-root=\"1\" data-sheets-value=\"{&quot;1&quot;:2,&quot;2&quot;:&quot;&quot;Corte &amp; Costura: Livros de Autoras Portuguesas Censurados durante o Estado Novo&quot;.&quot;}\" data-sheets-userformat=\"{&quot;2&quot;:897,&quot;3&quot;:{&quot;1&quot;:0},&quot;10&quot;:1,&quot;11&quot;:4,&quot;12&quot;:0}\">Apresenta\u00e7\u00e3o do manual de atividades do projeto ART&#8217;THEMIS+ &#8220;Viol\u00eancias e Viol\u00eancia de G\u00e9nero: Preven\u00e7\u00e3o Prim\u00e1ria com Crian\u00e7as do Jardim de Inf\u00e2ncia e 1\u00ba Ciclo&#8221;<\/span><\/p>\n<p>[\/et_pb_text][et_pb_toggle title=&#8221;Informa\u00e7\u00f5es&#8221; closed_toggle_text_color=&#8221;#759fdb&#8221; icon_color=&#8221;#e22685&#8243; toggle_icon=&#8221;&#xe03a;||divi||400&#8243; use_icon_font_size=&#8221;on&#8221; icon_font_size=&#8221;23px&#8221; _builder_version=&#8221;4.13.0&#8243; _module_preset=&#8221;default&#8221; title_font=&#8221;Montserrat|700|||||||&#8221; title_font_size=&#8221;13px&#8221; body_font=&#8221;Montserrat||||||||&#8221; body_font_size=&#8221;11px&#8221; body_line_height=&#8221;1.2em&#8221; background_color=&#8221;rgba(255,255,255,0)&#8221; custom_margin=&#8221;|||8px|false|false&#8221; custom_padding=&#8221;8px||16px|4px|false|false&#8221; border_width_all=&#8221;0px&#8221; global_colors_info=&#8221;{}&#8221;]<\/p>\n<p style=\"text-align: justify;\"><span>No Dia Internacional das Mulheres, 8 de mar\u00e7o, pelas 17h00, a UMAR Madeira estar\u00e1 no palco principal da 50\u00aa Feira do Livro do Funchal, na Avenida Arriaga, a apresentar o manual de atividades do projeto ART&#8217;THEMIS+ &#8220;Viol\u00eancias e Viol\u00eancia de G\u00e9nero: Preven\u00e7\u00e3o Prim\u00e1ria com Crian\u00e7as do Jardim de Inf\u00e2ncia e 1\u00ba Ciclo&#8221;. <\/span><\/p>\n<p style=\"text-align: justify;\"><span>A apresenta\u00e7\u00e3o ser\u00e1 feita por Joana Martins e Margarida Pacheco, coordenadoras do projeto, e a modera\u00e7\u00e3o ser\u00e1 a cargo do professor Jos\u00e9 Botelho, diretor do conselho executivo da Escola EB1\/PE do Boliqueime. Em seguida, estaremos numa sess\u00e3o de aut\u00f3grafos no stand da UMAR, na feira do livro.<\/span><\/p>\n<p style=\"text-align: justify;\"><strong>Local:<\/strong> <span>50\u00aa Feira do Livro do Funchal, Avenida Arriaga<\/span><\/p>\n<p style=\"text-align: justify;\"><strong>Data:<\/strong> 08 de mar\u00e7o | <strong>Hora:<\/strong> 17h00<\/p>\n<p style=\"text-align: justify;\"><img loading=\"lazy\" src=\"https:\/\/www.cig.gov.pt\/iniciativas-nacionais\/wp-content\/uploads\/2024\/03\/8-Marco-Funchal-arthemis-Centro-de-Documentacao-e-Arquivo-Feminista-300x300.jpg\" width=\"300\" height=\"300\" alt=\"\" class=\"wp-image-4850 alignnone size-medium\" \/><\/p>\n<p>[\/et_pb_toggle][\/et_pb_column][et_pb_column type=&#8221;1_4&#8243; _builder_version=&#8221;4.13.0&#8243; _module_preset=&#8221;default&#8221; background_enable_color=&#8221;off&#8221; border_radii=&#8221;on|12px|12px|12px|12px&#8221; global_colors_info=&#8221;{}&#8221;][\/et_pb_column][\/et_pb_row][\/et_pb_section][et_pb_section fb_built=&#8221;1&#8243; _builder_version=&#8221;4.13.0&#8243; _module_preset=&#8221;default&#8221; background_color=&#8221;#f2f5f7&#8243; custom_padding=&#8221;32px||21px|||&#8221; global_colors_info=&#8221;{}&#8221;][et_pb_row _builder_version=&#8221;4.13.0&#8243; _module_preset=&#8221;default&#8221; custom_padding=&#8221;21px||17px|||&#8221; global_colors_info=&#8221;{}&#8221;][et_pb_column type=&#8221;4_4&#8243; _builder_version=&#8221;4.13.0&#8243; _module_preset=&#8221;default&#8221; global_colors_info=&#8221;{}&#8221;][et_pb_divider show_divider=&#8221;off&#8221; _builder_version=&#8221;4.13.0&#8243; _module_preset=&#8221;default&#8221; global_colors_info=&#8221;{}&#8221;][\/et_pb_divider][et_pb_text _builder_version=&#8221;4.13.0&#8243; _module_preset=&#8221;default&#8221; text_font=&#8221;Open Sans||||||||&#8221; text_font_size=&#8221;12px&#8221; global_colors_info=&#8221;{}&#8221;]<\/p>\n<p style=\"text-align: center;\">Todas as informa\u00e7\u00f5es apresentadas s\u00e3o da \u00fanica e exclusiva responsabilidade das entidades organizadoras.<\/p>\n<p>[\/et_pb_text][\/et_pb_column][\/et_pb_row][\/et_pb_section][et_pb_section fb_built=&#8221;1&#8243; admin_label=&#8221;Footer&#8221; _builder_version=&#8221;4.13.0&#8243; _module_preset=&#8221;default&#8221; custom_padding=&#8221;6px||7px|||&#8221; global_colors_info=&#8221;{}&#8221;][et_pb_row _builder_version=&#8221;4.13.0&#8243; _module_preset=&#8221;default&#8221; custom_padding=&#8221;7px||9px|||&#8221; global_colors_info=&#8221;{}&#8221;][et_pb_column type=&#8221;4_4&#8243; _builder_version=&#8221;4.13.0&#8243; _module_preset=&#8221;default&#8221; global_colors_info=&#8221;{}&#8221;][et_pb_image src=&#8221;https:\/\/www.cig.gov.pt\/iniciativas-nacionais\/wp-content\/uploads\/2024\/02\/footer-iniciativas-nacionais.png&#8221; alt=&#8221;Comiss\u00e3o para a Cidadania e a Igualdade de G\u00e9nero &#8211; CIG&#8221; title_text=&#8221;footer iniciativas nacionais&#8221; url=&#8221;https:\/\/www.cig.gov.pt\/&#8221; align=&#8221;center&#8221; _builder_version=&#8221;4.13.0&#8243; _module_preset=&#8221;default&#8221; global_colors_info=&#8221;{}&#8221;][\/et_pb_image][\/et_pb_column][\/et_pb_row][\/et_pb_section]<\/p>\n","protected":false},"excerpt":{"rendered":"<p>Distrito: Aveiro\u00c1gueda Entidade promotora:CVP \u00c1GUEDA &#8211; EAVVD DAR VOZ Iniciativa | Atividade:Corrida e Caminhada &#8211; Dia Internacional da Mulher 2024Corrida e Caminhada &#8211; Dia Internacional da Mulher 2024 No pr\u00f3ximo dia 10 de mar\u00e7o, \u00e0s 09h30, no Largo 1\u00ba de Maio, convidamos a comunidade a participar numa Corrida e Caminhada din\u00e2micas, dedicadas a celebrar o [&hellip;]<\/p>\n","protected":false},"author":1,"featured_media":457,"parent":0,"menu_order":0,"comment_status":"closed","ping_status":"closed","template":"","meta":{"_et_pb_use_builder":"on","_et_pb_old_content":"","_et_gb_content_width":""},"yoast_head":"<!-- This site is optimized with the Yoast SEO plugin v17.5 - https:\/\/yoast.com\/wordpress\/plugins\/seo\/ -->\n<title>Rascunho autom\u00e1tico - Iniciativas Nacionais<\/title>\n<meta name=\"robots\" content=\"index, follow, max-snippet:-1, max-image-preview:large, max-video-preview:-1\" \/>\n<link rel=\"canonical\" href=\"https:\/\/www.cig.gov.pt\/iniciativas-nacionais\/rascunho-automatico\/\" \/>\n<meta property=\"og:locale\" content=\"pt_PT\" \/>\n<meta property=\"og:type\" content=\"article\" \/>\n<meta property=\"og:title\" content=\"Rascunho autom\u00e1tico - Iniciativas Nacionais\" \/>\n<meta property=\"og:description\" content=\"Distrito: Aveiro\u00c1gueda Entidade promotora:CVP \u00c1GUEDA - EAVVD DAR VOZ Iniciativa | Atividade:Corrida e Caminhada - Dia Internacional da Mulher 2024Corrida e Caminhada - Dia Internacional da Mulher 2024 No pr\u00f3ximo dia 10 de mar\u00e7o, \u00e0s 09h30, no Largo 1\u00ba de Maio, convidamos a comunidade a participar numa Corrida e Caminhada din\u00e2micas, dedicadas a celebrar o [&hellip;]\" \/>\n<meta property=\"og:url\" content=\"https:\/\/www.cig.gov.pt\/iniciativas-nacionais\/rascunho-automatico\/\" \/>\n<meta property=\"og:site_name\" content=\"Iniciativas Nacionais\" \/>\n<meta property=\"article:modified_time\" content=\"2026-03-06T20:12:24+00:00\" \/>\n<meta property=\"og:image\" content=\"https:\/\/www.cig.gov.pt\/iniciativas-nacionais\/wp-content\/uploads\/2022\/02\/8marcFB.jpg\" \/>\n\t<meta property=\"og:image:width\" content=\"1200\" \/>\n\t<meta property=\"og:image:height\" content=\"630\" \/>\n<meta name=\"twitter:card\" content=\"summary_large_image\" \/>\n<meta name=\"twitter:label1\" content=\"Est. reading time\" \/>\n\t<meta name=\"twitter:data1\" content=\"220 minutos\" \/>\n<script type=\"application\/ld+json\" class=\"yoast-schema-graph\">{\"@context\":\"https:\/\/schema.org\",\"@graph\":[{\"@type\":\"WebSite\",\"@id\":\"https:\/\/www.cig.gov.pt\/iniciativas-nacionais\/#website\",\"url\":\"https:\/\/www.cig.gov.pt\/iniciativas-nacionais\/\",\"name\":\"Iniciativas Nacionais\",\"description\":\"\",\"potentialAction\":[{\"@type\":\"SearchAction\",\"target\":{\"@type\":\"EntryPoint\",\"urlTemplate\":\"https:\/\/www.cig.gov.pt\/iniciativas-nacionais\/?s={search_term_string}\"},\"query-input\":\"required name=search_term_string\"}],\"inLanguage\":\"pt-PT\"},{\"@type\":\"ImageObject\",\"@id\":\"https:\/\/www.cig.gov.pt\/iniciativas-nacionais\/rascunho-automatico\/#primaryimage\",\"inLanguage\":\"pt-PT\",\"url\":\"https:\/\/www.cig.gov.pt\/iniciativas-nacionais\/wp-content\/uploads\/2022\/02\/8marcFB.jpg\",\"contentUrl\":\"https:\/\/www.cig.gov.pt\/iniciativas-nacionais\/wp-content\/uploads\/2022\/02\/8marcFB.jpg\",\"width\":1200,\"height\":630,\"caption\":\"Dia Internacional das Mulheres 8 de mar\\u00e7o\"},{\"@type\":\"WebPage\",\"@id\":\"https:\/\/www.cig.gov.pt\/iniciativas-nacionais\/rascunho-automatico\/#webpage\",\"url\":\"https:\/\/www.cig.gov.pt\/iniciativas-nacionais\/rascunho-automatico\/\",\"name\":\"Rascunho autom\\u00e1tico - Iniciativas Nacionais\",\"isPartOf\":{\"@id\":\"https:\/\/www.cig.gov.pt\/iniciativas-nacionais\/#website\"},\"primaryImageOfPage\":{\"@id\":\"https:\/\/www.cig.gov.pt\/iniciativas-nacionais\/rascunho-automatico\/#primaryimage\"},\"datePublished\":\"2026-03-06T19:55:46+00:00\",\"dateModified\":\"2026-03-06T20:12:24+00:00\",\"breadcrumb\":{\"@id\":\"https:\/\/www.cig.gov.pt\/iniciativas-nacionais\/rascunho-automatico\/#breadcrumb\"},\"inLanguage\":\"pt-PT\",\"potentialAction\":[{\"@type\":\"ReadAction\",\"target\":[\"https:\/\/www.cig.gov.pt\/iniciativas-nacionais\/rascunho-automatico\/\"]}]},{\"@type\":\"BreadcrumbList\",\"@id\":\"https:\/\/www.cig.gov.pt\/iniciativas-nacionais\/rascunho-automatico\/#breadcrumb\",\"itemListElement\":[{\"@type\":\"ListItem\",\"position\":1,\"name\":\"Home\",\"item\":\"https:\/\/www.cig.gov.pt\/iniciativas-nacionais\/\"},{\"@type\":\"ListItem\",\"position\":2,\"name\":\"Rascunho autom\\u00e1tico\"}]}]}<\/script>\n<!-- \/ Yoast SEO plugin. -->","yoast_head_json":{"title":"Rascunho autom\u00e1tico - Iniciativas Nacionais","robots":{"index":"index","follow":"follow","max-snippet":"max-snippet:-1","max-image-preview":"max-image-preview:large","max-video-preview":"max-video-preview:-1"},"canonical":"https:\/\/www.cig.gov.pt\/iniciativas-nacionais\/rascunho-automatico\/","og_locale":"pt_PT","og_type":"article","og_title":"Rascunho autom\u00e1tico - Iniciativas Nacionais","og_description":"Distrito: Aveiro\u00c1gueda Entidade promotora:CVP \u00c1GUEDA - EAVVD DAR VOZ Iniciativa | Atividade:Corrida e Caminhada - Dia Internacional da Mulher 2024Corrida e Caminhada - Dia Internacional da Mulher 2024 No pr\u00f3ximo dia 10 de mar\u00e7o, \u00e0s 09h30, no Largo 1\u00ba de Maio, convidamos a comunidade a participar numa Corrida e Caminhada din\u00e2micas, dedicadas a celebrar o [&hellip;]","og_url":"https:\/\/www.cig.gov.pt\/iniciativas-nacionais\/rascunho-automatico\/","og_site_name":"Iniciativas Nacionais","article_modified_time":"2026-03-06T20:12:24+00:00","og_image":[{"width":1200,"height":630,"url":"https:\/\/www.cig.gov.pt\/iniciativas-nacionais\/wp-content\/uploads\/2022\/02\/8marcFB.jpg","type":"image\/jpeg"}],"twitter_card":"summary_large_image","twitter_misc":{"Est. reading time":"220 minutos"},"schema":{"@context":"https:\/\/schema.org","@graph":[{"@type":"WebSite","@id":"https:\/\/www.cig.gov.pt\/iniciativas-nacionais\/#website","url":"https:\/\/www.cig.gov.pt\/iniciativas-nacionais\/","name":"Iniciativas Nacionais","description":"","potentialAction":[{"@type":"SearchAction","target":{"@type":"EntryPoint","urlTemplate":"https:\/\/www.cig.gov.pt\/iniciativas-nacionais\/?s={search_term_string}"},"query-input":"required name=search_term_string"}],"inLanguage":"pt-PT"},{"@type":"ImageObject","@id":"https:\/\/www.cig.gov.pt\/iniciativas-nacionais\/rascunho-automatico\/#primaryimage","inLanguage":"pt-PT","url":"https:\/\/www.cig.gov.pt\/iniciativas-nacionais\/wp-content\/uploads\/2022\/02\/8marcFB.jpg","contentUrl":"https:\/\/www.cig.gov.pt\/iniciativas-nacionais\/wp-content\/uploads\/2022\/02\/8marcFB.jpg","width":1200,"height":630,"caption":"Dia Internacional das Mulheres 8 de mar\u00e7o"},{"@type":"WebPage","@id":"https:\/\/www.cig.gov.pt\/iniciativas-nacionais\/rascunho-automatico\/#webpage","url":"https:\/\/www.cig.gov.pt\/iniciativas-nacionais\/rascunho-automatico\/","name":"Rascunho autom\u00e1tico - Iniciativas Nacionais","isPartOf":{"@id":"https:\/\/www.cig.gov.pt\/iniciativas-nacionais\/#website"},"primaryImageOfPage":{"@id":"https:\/\/www.cig.gov.pt\/iniciativas-nacionais\/rascunho-automatico\/#primaryimage"},"datePublished":"2026-03-06T19:55:46+00:00","dateModified":"2026-03-06T20:12:24+00:00","breadcrumb":{"@id":"https:\/\/www.cig.gov.pt\/iniciativas-nacionais\/rascunho-automatico\/#breadcrumb"},"inLanguage":"pt-PT","potentialAction":[{"@type":"ReadAction","target":["https:\/\/www.cig.gov.pt\/iniciativas-nacionais\/rascunho-automatico\/"]}]},{"@type":"BreadcrumbList","@id":"https:\/\/www.cig.gov.pt\/iniciativas-nacionais\/rascunho-automatico\/#breadcrumb","itemListElement":[{"@type":"ListItem","position":1,"name":"Home","item":"https:\/\/www.cig.gov.pt\/iniciativas-nacionais\/"},{"@type":"ListItem","position":2,"name":"Rascunho autom\u00e1tico"}]}]}},"_links":{"self":[{"href":"https:\/\/www.cig.gov.pt\/iniciativas-nacionais\/wp-json\/wp\/v2\/pages\/6985"}],"collection":[{"href":"https:\/\/www.cig.gov.pt\/iniciativas-nacionais\/wp-json\/wp\/v2\/pages"}],"about":[{"href":"https:\/\/www.cig.gov.pt\/iniciativas-nacionais\/wp-json\/wp\/v2\/types\/page"}],"author":[{"embeddable":true,"href":"https:\/\/www.cig.gov.pt\/iniciativas-nacionais\/wp-json\/wp\/v2\/users\/1"}],"replies":[{"embeddable":true,"href":"https:\/\/www.cig.gov.pt\/iniciativas-nacionais\/wp-json\/wp\/v2\/comments?post=6985"}],"version-history":[{"count":3,"href":"https:\/\/www.cig.gov.pt\/iniciativas-nacionais\/wp-json\/wp\/v2\/pages\/6985\/revisions"}],"predecessor-version":[{"id":6989,"href":"https:\/\/www.cig.gov.pt\/iniciativas-nacionais\/wp-json\/wp\/v2\/pages\/6985\/revisions\/6989"}],"wp:featuredmedia":[{"embeddable":true,"href":"https:\/\/www.cig.gov.pt\/iniciativas-nacionais\/wp-json\/wp\/v2\/media\/457"}],"wp:attachment":[{"href":"https:\/\/www.cig.gov.pt\/iniciativas-nacionais\/wp-json\/wp\/v2\/media?parent=6985"}],"curies":[{"name":"wp","href":"https:\/\/api.w.org\/{rel}","templated":true}]}}