{"id":5349,"date":"2024-05-27T09:46:03","date_gmt":"2024-05-27T09:46:03","guid":{"rendered":"https:\/\/www.cig.gov.pt\/iniciativas-nacionais\/?page_id=5349"},"modified":"2024-05-27T15:51:55","modified_gmt":"2024-05-27T15:51:55","slug":"ii-forum-nacional-idahot-rescaldo","status":"publish","type":"page","link":"https:\/\/www.cig.gov.pt\/iniciativas-nacionais\/ii-forum-nacional-idahot-rescaldo\/","title":{"rendered":"II F\u00f3rum Nacional IDAHOT &#8211; Rescaldo"},"content":{"rendered":"<p>[et_pb_section fb_built=&#8221;1&#8243; disabled_on=&#8221;on|on|off&#8221; _builder_version=&#8221;4.13.0&#8243; _module_preset=&#8221;default&#8221; background_color=&#8221;#000084&#8243; background_enable_image=&#8221;off&#8221; background_size=&#8221;initial&#8221; background_position=&#8221;bottom_center&#8221; custom_margin=&#8221;0px||0px||false|false&#8221; custom_padding=&#8221;0px||0px||false|false&#8221; locked=&#8221;off&#8221; global_colors_info=&#8221;{}&#8221;][et_pb_row _builder_version=&#8221;4.13.0&#8243; _module_preset=&#8221;default&#8221; background_enable_color=&#8221;off&#8221; background_image=&#8221;https:\/\/www.cig.gov.pt\/iniciativas-nacionais\/wp-content\/uploads\/2024\/05\/idahotHeaderGRRR.jpg&#8221; background_size=&#8221;initial&#8221; width=&#8221;100%&#8221; max_width=&#8221;100%&#8221; custom_margin=&#8221;0px||0px||false|false&#8221; custom_padding=&#8221;0px||0px||false|false&#8221; global_colors_info=&#8221;{}&#8221;][et_pb_column type=&#8221;4_4&#8243; _builder_version=&#8221;4.13.0&#8243; _module_preset=&#8221;default&#8221; global_colors_info=&#8221;{}&#8221;][et_pb_image src=&#8221;https:\/\/www.cig.gov.pt\/iniciativas-nacionais\/wp-content\/uploads\/2023\/03\/vazio.png&#8221; _builder_version=&#8221;4.13.0&#8243; _module_preset=&#8221;default&#8221; min_height=&#8221;487px&#8221; height=&#8221;428px&#8221; custom_margin=&#8221;0px||0px||false|false&#8221; custom_padding=&#8221;0px||0px||false|false&#8221; global_colors_info=&#8221;{}&#8221;][\/et_pb_image][\/et_pb_column][\/et_pb_row][\/et_pb_section][et_pb_section fb_built=&#8221;1&#8243; disabled_on=&#8221;on|on|off&#8221; _builder_version=&#8221;4.13.0&#8243; _module_preset=&#8221;default&#8221; background_color=&#8221;#FFFFFF&#8221; custom_margin=&#8221;0px||0px||false|false&#8221; custom_padding=&#8221;6px||6px||false|false&#8221; border_width_top=&#8221;1px&#8221; border_color_top=&#8221;rgba(0,0,0,0.09)&#8221; locked=&#8221;off&#8221; global_colors_info=&#8221;{}&#8221;][et_pb_row _builder_version=&#8221;4.13.0&#8243; _module_preset=&#8221;default&#8221; custom_margin=&#8221;8px||4px||false|false&#8221; custom_padding=&#8221;0px||4px||false|false&#8221; global_colors_info=&#8221;{}&#8221;][et_pb_column type=&#8221;4_4&#8243; _builder_version=&#8221;4.13.0&#8243; _module_preset=&#8221;default&#8221; global_colors_info=&#8221;{}&#8221;][et_pb_text _builder_version=&#8221;4.13.0&#8243; _module_preset=&#8221;default&#8221; header_text_color=&#8221;#E02B20&#8243; header_3_font=&#8221;Montserrat|800|||||||&#8221; header_3_text_color=&#8221;#E02B20&#8243; header_3_font_size=&#8221;38px&#8221; module_alignment=&#8221;left&#8221; header_3_font_size_tablet=&#8221;36px&#8221; header_3_font_size_phone=&#8221;28px&#8221; header_3_font_size_last_edited=&#8221;on|phone&#8221; locked=&#8221;off&#8221; global_colors_info=&#8221;{}&#8221;]<\/p>\n<h3 style=\"text-align: center;\">II F\u00f3rum Nacional IDAHOT &#8211; 17 de maio de 2024<\/h3>\n<p>[\/et_pb_text][\/et_pb_column][\/et_pb_row][\/et_pb_section][et_pb_section fb_built=&#8221;1&#8243; disabled_on=&#8221;off|off|on&#8221; _builder_version=&#8221;4.13.0&#8243; _module_preset=&#8221;default&#8221; background_color=&#8221;#421152&#8243; custom_margin=&#8221;0px||0px||false|false&#8221; custom_padding=&#8221;0px||0px||false|false&#8221; locked=&#8221;off&#8221; global_colors_info=&#8221;{}&#8221;][et_pb_row _builder_version=&#8221;4.13.0&#8243; _module_preset=&#8221;default&#8221; background_color=&#8221;#000084&#8243; background_enable_image=&#8221;off&#8221; background_size=&#8221;initial&#8221; width=&#8221;100%&#8221; max_width=&#8221;100%&#8221; custom_margin=&#8221;0px||0px||false|false&#8221; custom_padding=&#8221;0px||0px||false|false&#8221; global_colors_info=&#8221;{}&#8221;][et_pb_column type=&#8221;4_4&#8243; _builder_version=&#8221;4.13.0&#8243; _module_preset=&#8221;default&#8221; global_colors_info=&#8221;{}&#8221;][et_pb_image src=&#8221;https:\/\/www.cig.gov.pt\/iniciativas-nacionais\/wp-content\/uploads\/2024\/05\/idahotHeaderMR.jpg&#8221; alt=&#8221;II F\u00f3rum Nacional IDAHOT&#8221; title_text=&#8221;II F\u00f3rum Nacional IDAHOT&#8221; align=&#8221;center&#8221; _builder_version=&#8221;4.13.0&#8243; _module_preset=&#8221;default&#8221; custom_margin=&#8221;0px||0px||false|false&#8221; custom_padding=&#8221;0px||0px||false|false&#8221; global_colors_info=&#8221;{}&#8221;][\/et_pb_image][\/et_pb_column][\/et_pb_row][\/et_pb_section][et_pb_section fb_built=&#8221;1&#8243; disabled_on=&#8221;off|off|on&#8221; _builder_version=&#8221;4.13.0&#8243; _module_preset=&#8221;default&#8221; background_color=&#8221;#FFFFFF&#8221; custom_margin=&#8221;0px||0px||false|false&#8221; custom_padding=&#8221;6px||6px||false|false&#8221; border_width_top=&#8221;1px&#8221; border_color_top=&#8221;rgba(0,0,0,0.13)&#8221; locked=&#8221;off&#8221; global_colors_info=&#8221;{}&#8221;][et_pb_row _builder_version=&#8221;4.13.0&#8243; _module_preset=&#8221;default&#8221; custom_margin=&#8221;8px||4px||false|false&#8221; custom_padding=&#8221;0px||4px||false|false&#8221; global_colors_info=&#8221;{}&#8221;][et_pb_column type=&#8221;4_4&#8243; _builder_version=&#8221;4.13.0&#8243; _module_preset=&#8221;default&#8221; global_colors_info=&#8221;{}&#8221;][et_pb_text _builder_version=&#8221;4.13.0&#8243; _module_preset=&#8221;default&#8221; header_text_color=&#8221;#E02B20&#8243; header_3_font=&#8221;Montserrat|800|||||||&#8221; header_3_text_color=&#8221;#E02B20&#8243; header_3_font_size=&#8221;38px&#8221; module_alignment=&#8221;left&#8221; header_3_font_size_tablet=&#8221;24px&#8221; header_3_font_size_phone=&#8221;28px&#8221; header_3_font_size_last_edited=&#8221;on|phone&#8221; locked=&#8221;off&#8221; global_colors_info=&#8221;{}&#8221;]<\/p>\n<h3 style=\"text-align: center;\">II F\u00f3rum Nacional IDAHOT &#8211; 17 de maio de 2024<\/h3>\n<p>[\/et_pb_text][\/et_pb_column][\/et_pb_row][\/et_pb_section][et_pb_section fb_built=&#8221;1&#8243; _builder_version=&#8221;4.13.0&#8243; _module_preset=&#8221;default&#8221; background_color=&#8221;rgba(0,0,0,0.04)&#8221; locked=&#8221;off&#8221; global_colors_info=&#8221;{}&#8221;][et_pb_row column_structure=&#8221;2_5,3_5&#8243; use_custom_gutter=&#8221;on&#8221; gutter_width=&#8221;2&#8243; _builder_version=&#8221;4.13.0&#8243; _module_preset=&#8221;default&#8221; custom_margin=&#8221;40px||||false|false&#8221; locked=&#8221;off&#8221; global_colors_info=&#8221;{}&#8221;][et_pb_column type=&#8221;2_5&#8243; _builder_version=&#8221;4.13.0&#8243; _module_preset=&#8221;default&#8221; global_colors_info=&#8221;{}&#8221;][et_pb_image src=&#8221;https:\/\/www.cig.gov.pt\/iniciativas-nacionais\/wp-content\/uploads\/2024\/05\/001.jpg&#8221; alt=&#8221;Poder local \u00e9 ator chave nos direitos das pessoas LGBTI+&#8221; title_text=&#8221;Poder local \u00e9 ator chave nos direitos das pessoas LGBTI+&#8221; _builder_version=&#8221;4.13.0&#8243; _module_preset=&#8221;default&#8221; global_colors_info=&#8221;{}&#8221;][\/et_pb_image][\/et_pb_column][et_pb_column type=&#8221;3_5&#8243; _builder_version=&#8221;4.13.0&#8243; _module_preset=&#8221;default&#8221; global_colors_info=&#8221;{}&#8221;][et_pb_text _builder_version=&#8221;4.13.0&#8243; _module_preset=&#8221;default&#8221; text_font=&#8221;Poppins|300|||||||&#8221; text_text_color=&#8221;rgba(0,0,0,0.8)&#8221; text_font_size=&#8221;16px&#8221; text_line_height=&#8221;1.3em&#8221; global_colors_info=&#8221;{}&#8221;]<\/p>\n<p style=\"text-align: justify;\"><strong>Poder local \u00e9 ator chave nos direitos das pessoas LGBTI+<\/strong><\/p>\n<p style=\"text-align: justify;\">As autarquias, por serem as entidades que trabalham mais perto com as pessoas, s\u00e3o um elemento-chave na delinea\u00e7\u00e3o e implementa\u00e7\u00e3o de pol\u00edticas p\u00fablicas que promovam e garantam os direitos das pessoas LGBTI+.<\/p>\n<p style=\"text-align: justify;\">Esta \u00e9 a principal conclus\u00e3o a retirar do II F\u00f3rum Nacional IDAHOT, subordinado ao tema \u201cPol\u00edticas Locais de promo\u00e7\u00e3o e defesa dos Direitos Humanos das pessoas LGBTI+\u201d, que se realizou no dia 17 de maio, no Espa\u00e7o + Grij\u00f3, em Vila Nova de Gaia.<\/p>\n<p style=\"text-align: justify;\">Organizado pela Comiss\u00e3o para a Cidadania e para a Igualdade de G\u00e9nero e a C\u00e2mara Municipal de Vila Nova de Gaia, o evento juntou pessoas da pol\u00edtica, da academia e da interven\u00e7\u00e3o social que, em conjunto, debateram a import\u00e2ncia de uma estrat\u00e9gia de interven\u00e7\u00e3o mais pr\u00f3xima das pessoas.<\/p>\n<p style=\"text-align: justify;\">A sess\u00e3o contou com a interven\u00e7\u00e3o da Ministra da Juventude e da Moderniza\u00e7\u00e3o, Margarida Balseiro Lopes, que destacou o refor\u00e7o das estruturas de apoio \u00e0s pessoas LGBTI+.<\/p>\n<p>[\/et_pb_text][\/et_pb_column][\/et_pb_row][et_pb_row column_structure=&#8221;3_5,2_5&#8243; use_custom_gutter=&#8221;on&#8221; gutter_width=&#8221;2&#8243; _builder_version=&#8221;4.13.0&#8243; _module_preset=&#8221;default&#8221; custom_margin=&#8221;40px||||false|false&#8221; locked=&#8221;off&#8221; global_colors_info=&#8221;{}&#8221;][et_pb_column type=&#8221;3_5&#8243; _builder_version=&#8221;4.13.0&#8243; _module_preset=&#8221;default&#8221; global_colors_info=&#8221;{}&#8221;][et_pb_text _builder_version=&#8221;4.13.0&#8243; _module_preset=&#8221;default&#8221; text_font=&#8221;Poppins|300|||||||&#8221; text_text_color=&#8221;rgba(0,0,0,0.8)&#8221; text_font_size=&#8221;16px&#8221; text_line_height=&#8221;1.3em&#8221; global_colors_info=&#8221;{}&#8221;]<\/p>\n<p style=\"text-align: justify;\"><strong>Margarida Balseiro Lopes: \u201cCombate \u00e0s discrimina\u00e7\u00f5es \u00e9 um compromisso do Estado portugu\u00eas e \u00e9 tamb\u00e9m um dever moral da sociedade\u201d<\/strong><\/p>\n<p style=\"text-align: justify;\">Garantindo o compromisso de &#8220;promover um maior entendimento sobre as necessidades e dificuldades reais das pessoas LGBTI\u201d, a governante destacou duas \u00e1reas que v\u00e3o merecer uma interven\u00e7\u00e3o urgente por parte do Governo.<\/p>\n<p style=\"text-align: justify;\">\u201cEm primeiro lugar vamos fortalecer as respostas nas estruturas de acolhimento das pessoas LGBTI, garantindo que sejam espa\u00e7os seguros e inclusivos\u201d, enquanto na \u00e1rea da sa\u00fade, \u201cestamos a finalizar a revis\u00e3o da norma que vai permitir um percurso de cuidados integrados para pessoas transg\u00e9nero, e de g\u00e9nero diverso\u201d.<\/p>\n<p style=\"text-align: justify;\">Reconhecendo que a discrimina\u00e7\u00e3o \u201cpersiste em diversos setores da sociedade, desde o ambiente familiar, na escola, at\u00e9 no acesso aos cuidados de sa\u00fade e aos servi\u00e7os p\u00fablicos\u201d, a ministra afirmou que o \u201ccombate \u00e0s discrimina\u00e7\u00f5es \u00e9 um compromisso do Estado portugu\u00eas e \u00e9 tamb\u00e9m um dever moral da sociedade\u201d.<\/p>\n<p style=\"text-align: justify;\">A governante enfatizou que ainda h\u00e1 \u201cmuito a fazer ao n\u00edvel dos servi\u00e7os p\u00fablicos, nomeadamente ao n\u00edvel dos cuidados de sa\u00fade\u201d, real\u00e7ando que o acesso, \u201cpara as pessoas trans, continua a apresentar in\u00fameros obst\u00e1culos devido \u00e0 falta de forma\u00e7\u00e3o dos profissionais de sa\u00fade, sobre as necessidades espec\u00edficas das pessoas LGBTI+\u201d.<\/p>\n<p>[\/et_pb_text][\/et_pb_column][et_pb_column type=&#8221;2_5&#8243; _builder_version=&#8221;4.13.0&#8243; _module_preset=&#8221;default&#8221; global_colors_info=&#8221;{}&#8221;][et_pb_image src=&#8221;https:\/\/www.cig.gov.pt\/iniciativas-nacionais\/wp-content\/uploads\/2024\/05\/002.jpg&#8221; alt=&#8221;Margarida Balseiro Lopes: \u201cCombate \u00e0s discrimina\u00e7\u00f5es \u00e9 um compromisso do Estado portugu\u00eas e \u00e9 tamb\u00e9m um dever moral da sociedade\u201d&#8221; title_text=&#8221;Margarida Balseiro Lopes: \u201cCombate \u00e0s discrimina\u00e7\u00f5es \u00e9 um compromisso do Estado portugu\u00eas e \u00e9 tamb\u00e9m um dever moral da sociedade\u201d&#8221; _builder_version=&#8221;4.13.0&#8243; _module_preset=&#8221;default&#8221; global_colors_info=&#8221;{}&#8221;][\/et_pb_image][\/et_pb_column][\/et_pb_row][et_pb_row column_structure=&#8221;2_5,3_5&#8243; use_custom_gutter=&#8221;on&#8221; gutter_width=&#8221;2&#8243; _builder_version=&#8221;4.13.0&#8243; _module_preset=&#8221;default&#8221; custom_margin=&#8221;40px||||false|false&#8221; locked=&#8221;off&#8221; global_colors_info=&#8221;{}&#8221;][et_pb_column type=&#8221;2_5&#8243; _builder_version=&#8221;4.13.0&#8243; _module_preset=&#8221;default&#8221; global_colors_info=&#8221;{}&#8221;][et_pb_image src=&#8221;https:\/\/www.cig.gov.pt\/iniciativas-nacionais\/wp-content\/uploads\/2024\/05\/004.jpg&#8221; alt=&#8221;Marina Mendes: \u201cVila Nova de Gaia assume-se com um local de excel\u00eancia para viver em igualdade\u201d&#8221; title_text=&#8221;Marina Mendes: \u201cVila Nova de Gaia assume-se com um local de excel\u00eancia para viver em igualdade\u201d&#8221; _builder_version=&#8221;4.13.0&#8243; _module_preset=&#8221;default&#8221; global_colors_info=&#8221;{}&#8221;][\/et_pb_image][\/et_pb_column][et_pb_column type=&#8221;3_5&#8243; _builder_version=&#8221;4.13.0&#8243; _module_preset=&#8221;default&#8221; global_colors_info=&#8221;{}&#8221;][et_pb_text _builder_version=&#8221;4.13.0&#8243; _module_preset=&#8221;default&#8221; text_font=&#8221;Poppins|300|||||||&#8221; text_text_color=&#8221;rgba(0,0,0,0.8)&#8221; text_font_size=&#8221;16px&#8221; text_line_height=&#8221;1.3em&#8221; global_colors_info=&#8221;{}&#8221;]<\/p>\n<p style=\"text-align: justify;\"><strong>Marina Mendes: \u201cVila Nova de Gaia assume-se com um local de excel\u00eancia para viver em igualdade\u201d<\/strong><\/p>\n<p style=\"text-align: justify;\">Representando a C\u00e2mara Municipal de Vila Nova de Gaia, a Vice-presidente Marina Mendes. come\u00e7ou por assumir o concelho como \u201cum local de excel\u00eancia para viver em igualdade\u201d, lembrando que o munic\u00edpio tem \u201cPlano Municipal para a Igualdade em execu\u00e7\u00e3o, que inclui um plano de a\u00e7\u00e3o para o combate \u00e0 discrimina\u00e7\u00e3o em raz\u00e3o da orienta\u00e7\u00e3o sexual. Identidade e express\u00e3o de g\u00e9nero e caracter\u00edsticas sexuais\u201d. Sublinhou ainda a import\u00e2ncia do evento para a busca de \u201csolu\u00e7\u00f5es eficazes\u201d que contribuam \u201cpara a constru\u00e7\u00e3o de comunidades mais inclusivas e igualit\u00e1rias\u201d.<\/p>\n<p style=\"text-align: justify;\">Marina Mendes afirmou a necessidade de \u201ctrazer para a discuss\u00e3o p\u00fablica todas as mat\u00e9rias que digam respeito aos direitos humanos\u201d, considerando que \u201cas autarquias s\u00e3o essenciais na descentraliza\u00e7\u00e3o de pol\u00edticas p\u00fablicas por estarem mais perto das pessoas e assim poderem dar uma melhor resposta \u00e0s suas necessidades e expetativas\u201d.<\/p>\n<p style=\"text-align: justify;\">Por fim, a autarca afirmou que o F\u00f3rum \u201cmarca um importante passo em dire\u00e7\u00e3o \u00e0 constru\u00e7\u00e3o de uma sociedade mais justa e inclusiva para todas as pessoas\u201d e desejou que a partilha de ideias, experi\u00eancias e estrat\u00e9gias possam promover a igualdade e a diversidade nas nossas comunidades locais\u201d.<\/p>\n<p>&nbsp;<\/p>\n<p>[\/et_pb_text][\/et_pb_column][\/et_pb_row][et_pb_row column_structure=&#8221;3_5,2_5&#8243; use_custom_gutter=&#8221;on&#8221; gutter_width=&#8221;2&#8243; _builder_version=&#8221;4.13.0&#8243; _module_preset=&#8221;default&#8221; custom_margin=&#8221;40px||0px||false|false&#8221; custom_padding=&#8221;||0px||false|false&#8221; locked=&#8221;off&#8221; global_colors_info=&#8221;{}&#8221;][et_pb_column type=&#8221;3_5&#8243; _builder_version=&#8221;4.13.0&#8243; _module_preset=&#8221;default&#8221; global_colors_info=&#8221;{}&#8221;][et_pb_text _builder_version=&#8221;4.13.0&#8243; _module_preset=&#8221;default&#8221; text_font=&#8221;Poppins|300|||||||&#8221; text_text_color=&#8221;rgba(0,0,0,0.8)&#8221; text_font_size=&#8221;16px&#8221; text_line_height=&#8221;1.3em&#8221; custom_margin=&#8221;||0px||false|false&#8221; custom_padding=&#8221;||0px||false|false&#8221; global_colors_info=&#8221;{}&#8221;]<\/p>\n<p style=\"text-align: justify;\"><strong>Jorge Gato: \u201cDevemos estar orgulhosos, como pa\u00eds, dos avan\u00e7os legais que conquistamos nos \u00faltimos anos\u201d<\/strong><\/p>\n<p style=\"text-align: justify;\">O primeiro painel da tarde foi assegurado por Jorge Gato, investigador e docente da Faculdade de Psicologia e Ci\u00eancias da Educa\u00e7\u00e3o da Universidade do Porto, que partilhou com as pessoas presentes o conhecimento acumulado sobre a realidade da vida das pessoas LGBTI+ em Portugal.<\/p>\n<p style=\"text-align: justify;\">Come\u00e7ando por abordar a vertente legislativa, o docente sublinhou que \u201cdevemos estar orgulhosos, como pa\u00eds, dos avan\u00e7os legais que conquistamos nos \u00faltimos anos\u201d, recordando que Portugal foi o primeiro pa\u00eds da Europa, e o 4\u00ba do mundo, a proibir constitucionalmente a discrimina\u00e7\u00e3o com base na orienta\u00e7\u00e3o sexual. \u201cEst\u00e1 na altura de tamb\u00e9m incluir na Constitui\u00e7\u00e3o a n\u00e3o-discrimina\u00e7\u00e3o em fun\u00e7\u00e3o da identidade de g\u00e9nero\u201d, acrescentou.<\/p>\n<p>&nbsp;<\/p>\n<p>[\/et_pb_text][\/et_pb_column][et_pb_column type=&#8221;2_5&#8243; _builder_version=&#8221;4.13.0&#8243; _module_preset=&#8221;default&#8221; global_colors_info=&#8221;{}&#8221;][et_pb_image src=&#8221;https:\/\/www.cig.gov.pt\/iniciativas-nacionais\/wp-content\/uploads\/2024\/05\/011.jpg&#8221; alt=&#8221;Jorge Gato: \u201cDevemos estar orgulhosos, como pa\u00eds, dos avan\u00e7os legais que conquistamos nos \u00faltimos anos\u201d&#8221; title_text=&#8221;Jorge Gato: \u201cDevemos estar orgulhosos, como pa\u00eds, dos avan\u00e7os legais que conquistamos nos \u00faltimos anos\u201d&#8221; _builder_version=&#8221;4.13.0&#8243; _module_preset=&#8221;default&#8221; global_colors_info=&#8221;{}&#8221;][\/et_pb_image][\/et_pb_column][\/et_pb_row][et_pb_row _builder_version=&#8221;4.13.0&#8243; _module_preset=&#8221;default&#8221; custom_margin=&#8221;0px||||false|false&#8221; custom_padding=&#8221;0px||||false|false&#8221; global_colors_info=&#8221;{}&#8221;][et_pb_column type=&#8221;4_4&#8243; _builder_version=&#8221;4.13.0&#8243; _module_preset=&#8221;default&#8221; global_colors_info=&#8221;{}&#8221;][et_pb_text _builder_version=&#8221;4.13.0&#8243; _module_preset=&#8221;default&#8221; text_font=&#8221;Poppins|300|||||||&#8221; text_text_color=&#8221;rgba(0,0,0,0.8)&#8221; text_font_size=&#8221;16px&#8221; text_line_height=&#8221;1.3em&#8221; locked=&#8221;off&#8221; global_colors_info=&#8221;{}&#8221;]<\/p>\n<p style=\"text-align: justify;\">Sobre a evolu\u00e7\u00e3o do clima social, Jorge Gato destaca que Portugal est\u00e1 \u201csistematicamente acima da m\u00e9dia europeia\u201d no que diz respeito, por exemplo, \u00e0 aceita\u00e7\u00e3o do casamento entre pessoas do mesmo sexo ou das pessoas transg\u00e9nero ou transexuais poderem mudar os seus documentos de identifica\u00e7\u00e3o de acordo com a sua identidade de g\u00e9nero.<\/p>\n<p style=\"text-align: justify;\">Jorge Gato elencou ainda alguns dados referentes ao inqu\u00e9rito da European Union Agency for Fundametal Rights, divulgado em 2020, destacando que 65% das pessoas LGBTI+ inquiridas nunca ou raramente exp\u00f5e a sua orienta\u00e7\u00e3o sexual ou identidade g\u00e9nero, o que apenas aumenta a sua invisibilidade.<\/p>\n<p style=\"text-align: justify;\">Por fim, o investigador recorreu ao \u201cEstudo nacional sobre necessidades das pessoas LGBTI e sobre a discrimina\u00e7\u00e3o em raz\u00e3o da orienta\u00e7\u00e3o sexual, identidade e express\u00e3o de g\u00e9nero e carater\u00edsticas sexuais\u201d, publicado pela CIG, em 2022, para deixar algumas recomenda\u00e7\u00f5es em termos de pol\u00edticas p\u00fablicas.<\/p>\n<p style=\"text-align: justify;\">Focando essencialmente as recomenda\u00e7\u00f5es em mat\u00e9ria de territorializa\u00e7\u00e3o, o investigador apontou como principais:<\/p>\n<ul>\n<li style=\"text-align: justify;\">Incentivar a cria\u00e7\u00e3o de Planos Municipais LGBTI+, \u00e0 semelhan\u00e7a da boa pr\u00e1tica que constitui o I Plano LGBTI+ do Munic\u00edpio de Lisboa;<\/li>\n<li style=\"text-align: justify;\">Incentivar a assun\u00e7\u00e3o das pol\u00edticas e medidas de combate \u00e0 discrimina\u00e7\u00e3o em fun\u00e7\u00e3o da OIEC pelos munic\u00edpios, nomeadamente aumentando o grau de exig\u00eancia dos indicadores relativos \u00e0 OIEC nos Planos Municipais para a Igualdade e respetiva monitoriza\u00e7\u00e3o e fiscaliza\u00e7\u00e3o do seu cumprimento;<\/li>\n<li style=\"text-align: justify;\">Disseminar e incentivar as boas-pr\u00e1ticas dos munic\u00edpios em mat\u00e9ria de OIEC;<\/li>\n<li style=\"text-align: justify;\">Incentivar\/apoiar as Marchas do Orgulho em todo o pa\u00eds, e articula\u00e7\u00e3o com as associa\u00e7\u00f5es LGBTI+ e os respetivos munic\u00edpios;<\/li>\n<li style=\"text-align: justify;\">Garantir a exist\u00eancia de uma resposta de atendimento especializada para a popula\u00e7\u00e3o LGBTI+ em todos os distritos do pa\u00eds, em colabora\u00e7\u00e3o com as Comunidades Intermunicipais, os munic\u00edpios e as associa\u00e7\u00f5es LGBTI+.<\/li>\n<\/ul>\n<p>[\/et_pb_text][\/et_pb_column][\/et_pb_row][et_pb_row column_structure=&#8221;2_5,3_5&#8243; use_custom_gutter=&#8221;on&#8221; gutter_width=&#8221;2&#8243; _builder_version=&#8221;4.13.0&#8243; _module_preset=&#8221;default&#8221; custom_margin=&#8221;40px||0px||false|false&#8221; custom_padding=&#8221;||0px||false|false&#8221; locked=&#8221;off&#8221; global_colors_info=&#8221;{}&#8221;][et_pb_column type=&#8221;2_5&#8243; _builder_version=&#8221;4.13.0&#8243; _module_preset=&#8221;default&#8221; global_colors_info=&#8221;{}&#8221;][et_pb_image src=&#8221;https:\/\/www.cig.gov.pt\/iniciativas-nacionais\/wp-content\/uploads\/2024\/05\/012.jpg&#8221; alt=&#8221;Mesa-redonda: Pol\u00edticas Locais de promo\u00e7\u00e3o e defesa dos Direitos Humanos das pessoas LGBTI+&#8221; title_text=&#8221;Mesa-redonda: Pol\u00edticas Locais de promo\u00e7\u00e3o e defesa dos Direitos Humanos das pessoas LGBTI+&#8221; _builder_version=&#8221;4.13.0&#8243; _module_preset=&#8221;default&#8221; global_colors_info=&#8221;{}&#8221;][\/et_pb_image][\/et_pb_column][et_pb_column type=&#8221;3_5&#8243; _builder_version=&#8221;4.13.0&#8243; _module_preset=&#8221;default&#8221; global_colors_info=&#8221;{}&#8221;][et_pb_text _builder_version=&#8221;4.13.0&#8243; _module_preset=&#8221;default&#8221; text_font=&#8221;Poppins|300|||||||&#8221; text_text_color=&#8221;rgba(0,0,0,0.8)&#8221; text_font_size=&#8221;16px&#8221; text_line_height=&#8221;1.3em&#8221; global_colors_info=&#8221;{}&#8221;]<\/p>\n<p style=\"text-align: justify;\"><strong>Mesa-redonda: Pol\u00edticas Locais de promo\u00e7\u00e3o e defesa dos Direitos Humanos das pessoas LGBTI+<\/strong><\/p>\n<p style=\"text-align: justify;\">Com modera\u00e7\u00e3o da jornalista Ana Tulha, realizou-se de seguida uma mesa-redonda subordinada ao tema \u201cPol\u00edticas Locais de promo\u00e7\u00e3o e defesa dos Direitos Humanos das pessoas LGBTI+\u201d.<\/p>\n<p style=\"text-align: justify;\"><strong>Sandra Ribeiro: \u201cAs pol\u00edticas locais s\u00e3o fundamentais em todas as \u00e1reas\u201d<\/strong><\/p>\n<p style=\"text-align: justify;\">Real\u00e7ando que \u201cas pol\u00edticas locais s\u00e3o fundamentais em todas as \u00e1reas\u201d, a presidente da CIG recordou que a \u201cEstrat\u00e9gia Nacional para a Igualdade e N\u00e3o-discrimina\u00e7\u00e3o tem a territorializa\u00e7\u00e3o como uma das suas diretrizes principais\u201d, considerando que este \u00e9 o \u201creconhecimento de que \u00e9 a n\u00edvel local, pela proximidade, que se est\u00e1 mais bem posicionado para saber o que as pessoas necessitam\u201d.<\/p>\n<p style=\"text-align: justify;\">[\/et_pb_text][\/et_pb_column][\/et_pb_row][et_pb_row _builder_version=&#8221;4.13.0&#8243; _module_preset=&#8221;default&#8221; custom_margin=&#8221;0px||||false|false&#8221; custom_padding=&#8221;0px||||false|false&#8221; locked=&#8221;off&#8221; global_colors_info=&#8221;{}&#8221;][et_pb_column type=&#8221;4_4&#8243; _builder_version=&#8221;4.13.0&#8243; _module_preset=&#8221;default&#8221; global_colors_info=&#8221;{}&#8221;][et_pb_text _builder_version=&#8221;4.13.0&#8243; _module_preset=&#8221;default&#8221; text_font=&#8221;Poppins|300|||||||&#8221; text_text_color=&#8221;rgba(0,0,0,0.8)&#8221; text_font_size=&#8221;16px&#8221; text_line_height=&#8221;1.3em&#8221; locked=&#8221;off&#8221; global_colors_info=&#8221;{}&#8221;]<\/p>\n<p style=\"text-align: justify;\">Sandra Ribeiro destacou a import\u00e2ncia dos Planos Municipais para a Igualdade na execu\u00e7\u00e3o da Estrat\u00e9gia Nacional e elencou algumas boas pr\u00e1ticas, como \u00e9 o caso do Munic\u00edpio de Lisboa, que \u201ctem um plano espec\u00edfico para a promo\u00e7\u00e3o dos Direitos Humanos pessoas LGBTI+ e criou um bolsa de habita\u00e7\u00e3o para pessoas Trans v\u00edtimas de viol\u00eancia\u201d.<\/p>\n<p style=\"text-align: justify;\">Salientando a necessidade de comunicar o que \u00e9 feito nesta mat\u00e9ria, a presidente da CIG referiu que \u201ca Comiss\u00e3o est\u00e1 neste momento a trabalhar num sistema de recolha de indicadores junto dos munic\u00edpios, que vai permitir mapear e dar a conhecer as boas pr\u00e1ticas que j\u00e1 existem em todo o pa\u00eds\u201d.<\/p>\n<p style=\"text-align: justify;\"><strong>Susana Lacerda: Vila Nova de Gaia vai \u201cter embaixadores\/as para a igualdade em cada um dos agrupamentos e escolas n\u00e3o agrupadas\u201d<\/strong><\/p>\n<p style=\"text-align: justify;\">Outra das intervenientes no painel foi a Chefe da Divis\u00e3o da A\u00e7\u00e3o Social da C\u00e2mara Municipal de Vila Nova de Gaia, que elencou algumas das iniciativas que a autarquia tem vindo a desenvolver nesta \u00e1rea, inseridas no seu Plano Municipal.<\/p>\n<p style=\"text-align: justify;\">Ao n\u00edvel da educa\u00e7\u00e3o, Susana Lacerda salientou a vontade da autarquia em \u201cter embaixadores\/as para a igualdade em cada um dos agrupamentos e escolas n\u00e3o agrupadas com forma\u00e7\u00e3o espec\u00edfica para desenharem projetos centralizados nas necessidades de cada estabelecimento de ensino, para que os alunos e as alunas possam sentir que h\u00e1 espa\u00e7os seguros na escola onde podem abordar os seus problemas.\u201d<\/p>\n<p style=\"text-align: justify;\">Destacou ainda a aposta que tem sido feito na \u201ccapacita\u00e7\u00e3o da comunidade escolar\u201d no sentido de \u201csaberem qual o papel que t\u00eam de desempenhar para que as escolas sejam um porto seguro para todas as pessoas\u201d, bem como no \u201crefor\u00e7o dos estabelecimentos de ensino com equipas espec\u00edficas de psic\u00f3logos e educadores sociais\u201d.<\/p>\n<p style=\"text-align: justify;\"><strong>Jorge Gato: \u201cO progresso \u00e9 vis\u00edvel, mas quando ouvimos as pessoas percebemos que h\u00e1 ainda um caminho enorme para percorrer\u201d<\/strong><\/p>\n<p style=\"text-align: justify;\">A mesa-redonda contou ainda com a interven\u00e7\u00e3o de Jorge Gato que, elogiando a iniciativa de designar embaixadores\/as nas escolas, recorreu aos exemplos dos Estados Unidos e dos Pa\u00edses Baixos para real\u00e7ar a import\u00e2ncia da cria\u00e7\u00e3o destes grupos de jovens.<\/p>\n<p style=\"text-align: justify;\">O investigador afirmou que \u201cnos estados dos Estados Unidos onde h\u00e1 este tipo de clubes, os estudos demonstram que existe impacto nas tentativas de suic\u00eddios\u201d. \u201cO bem-estar das pessoas LGBTI+ n\u00e3o \u00e9 s\u00f3 uma quest\u00e3o de sa\u00fade mental, \u00e9 uma quest\u00e3o de sa\u00fade p\u00fablica\u201d, refor\u00e7ou.<\/p>\n<p style=\"text-align: justify;\">Sobre o atual panorama, Jorge Gato afirmou que \u201co progresso \u00e9 vis\u00edvel, mas quando ouvimos as pessoas percebemos que h\u00e1 ainda um caminho enorme para percorrer, o sofrimento ainda \u00e9 muito grande\u201d.<\/p>\n<p>[\/et_pb_text][\/et_pb_column][\/et_pb_row][et_pb_row column_structure=&#8221;2_5,3_5&#8243; use_custom_gutter=&#8221;on&#8221; gutter_width=&#8221;2&#8243; _builder_version=&#8221;4.13.0&#8243; _module_preset=&#8221;default&#8221; custom_margin=&#8221;40px||0px||false|false&#8221; custom_padding=&#8221;||0px||false|false&#8221; locked=&#8221;off&#8221; global_colors_info=&#8221;{}&#8221;][et_pb_column type=&#8221;2_5&#8243; _builder_version=&#8221;4.13.0&#8243; _module_preset=&#8221;default&#8221; global_colors_info=&#8221;{}&#8221;][et_pb_image src=&#8221;https:\/\/www.cig.gov.pt\/iniciativas-nacionais\/wp-content\/uploads\/2024\/05\/017.jpg&#8221; alt=&#8221;Painel: Preven\u00e7\u00e3o do bullying contra crian\u00e7as e jovens LGBTI+&#8221; title_text=&#8221;Painel: Preven\u00e7\u00e3o do bullying contra crian\u00e7as e jovens LGBTI+&#8221; _builder_version=&#8221;4.13.0&#8243; _module_preset=&#8221;default&#8221; global_colors_info=&#8221;{}&#8221;][\/et_pb_image][\/et_pb_column][et_pb_column type=&#8221;3_5&#8243; _builder_version=&#8221;4.13.0&#8243; _module_preset=&#8221;default&#8221; global_colors_info=&#8221;{}&#8221;][et_pb_text _builder_version=&#8221;4.13.0&#8243; _module_preset=&#8221;default&#8221; text_font=&#8221;Poppins|300|||||||&#8221; text_text_color=&#8221;rgba(0,0,0,0.8)&#8221; text_font_size=&#8221;16px&#8221; text_line_height=&#8221;1.3em&#8221; global_colors_info=&#8221;{}&#8221;]<\/p>\n<p style=\"text-align: justify;\"><strong>Painel: Preven\u00e7\u00e3o do bullying contra crian\u00e7as e jovens LGBTI+<\/strong><\/p>\n<p style=\"text-align: justify;\">O evento prosseguiu com o painel sobre \u201cPreven\u00e7\u00e3o do bullying contra crian\u00e7as e jovens LGBTI+\u201d, que contou com a participa\u00e7\u00e3o da Associa\u00e7\u00e3o Plano i, da Associa\u00e7\u00e3o Tudo Vai Melhorar, da Associa\u00e7\u00e3o com Alma e da Casa do Povo de Ferment\u00f5es.<\/p>\n<p style=\"text-align: justify;\">Catarina Moreia, da Gentopia, moderou este painel, no qual foi abaordada a import\u00e2ncia do poder local no desenvolvimento das suas atividades, tendo Sofia Costa, da Associa\u00e7\u00e3o Plano i, real\u00e7ado o apoio da C\u00e2mara Municipal de Matosinhos, com quem \u201cvamos mantendo uma estreita colabora\u00e7\u00e3o, n\u00e3o s\u00f3 pela ced\u00eancia do espa\u00e7o, mas tamb\u00e9m no trabalho em si\u201d.<\/p>\n<p style=\"text-align: justify;\">Por sua vez, In\u00eas Gon\u00e7alves, do Projeto B\u00fassola, integrado na Casa do Povo de Ferment\u00f5es, destaca o apoio das autarquias de Esposende e de Vizela, considerando que \u201csem o poder local fica dif\u00edcil projetos como os nossos sobreviverem. Para al\u00e9m do nosso trabalho, tamb\u00e9m \u00e9 preciso que o poder local intervenha e promova pol\u00edticas de inclus\u00e3o, igualdade e diversidade\u201d.<\/p>\n<p style=\"text-align: justify;\">[\/et_pb_text][\/et_pb_column][\/et_pb_row][et_pb_row _builder_version=&#8221;4.13.0&#8243; _module_preset=&#8221;default&#8221; custom_margin=&#8221;0px||||false|false&#8221; custom_padding=&#8221;0px||||false|false&#8221; locked=&#8221;off&#8221; global_colors_info=&#8221;{}&#8221;][et_pb_column type=&#8221;4_4&#8243; _builder_version=&#8221;4.13.0&#8243; _module_preset=&#8221;default&#8221; global_colors_info=&#8221;{}&#8221;][et_pb_text _builder_version=&#8221;4.13.0&#8243; _module_preset=&#8221;default&#8221; text_font=&#8221;Poppins|300|||||||&#8221; text_text_color=&#8221;rgba(0,0,0,0.8)&#8221; text_font_size=&#8221;16px&#8221; text_line_height=&#8221;1.3em&#8221; locked=&#8221;off&#8221; global_colors_info=&#8221;{}&#8221;]<\/p>\n<p style=\"text-align: justify;\">J\u00e1 Lucas Sampaio, da Associa\u00e7\u00e3o Tudo Vai Melhorar, afirmou que \u201cprecisamos de estar mais pr\u00f3ximos dos locais. No nosso caso, s\u00e3o essenciais os apoios da C\u00e2mara do Porto e do IPDJ, mas o trabalho que concretizamos \u00e9 nas escolas e nesse sentido precisamos que as escolas cheguem at\u00e9 n\u00f3s ou nos queiram receber\u201d. <\/p>\n<p style=\"text-align: justify;\">No que se refere \u00e0 Associa\u00e7\u00e3o Com Alma, Catarina Marques, referiu que \u201ca nossa associa\u00e7\u00e3o s\u00f3 consegue subsistir com \u00f3timo apoio da C\u00e2mara Municipal de Matosinhos, tendo o espa\u00e7o que nos cedeu servido de alavanca para come\u00e7ar\u201d.<\/p>\n<p style=\"text-align: justify;\">As associa\u00e7\u00f5es elencaram ainda as dificuldades que v\u00e3o sentindo no seu dia-dia, apontando a necessidade de refor\u00e7ar os recursos humanos, atendendo ao n\u00famero de pessoas a necessitar de apoio, e de financiamentos mais est\u00e1veis.<\/p>\n<p style=\"text-align: justify;\">Abordaram ainda o importante trabalho que t\u00eam promovido nas escolas, onde se verifica, no entanto, \u201calgumas resist\u00eancias por parte da dire\u00e7\u00e3o e do corpo docente\u201d, como referiu Sofia Costa.<\/p>\n<p style=\"text-align: justify;\">\u201cNas a\u00e7\u00f5es que dinamizamos nas escolas, muitas vezes, as dire\u00e7\u00f5es n\u00e3o est\u00e3o representadas\u201d, lamentou In\u00eas Gon\u00e7alves, acrescentando que existe \u201cas pr\u00f3prias escolas resistem em receber iniciativas de capacita\u00e7\u00e3o sobre as tem\u00e1ticas OIEC, por receio da rea\u00e7\u00e3o dos encarregados de educa\u00e7\u00e3o\u201d.<\/p>\n<p style=\"text-align: justify;\">Noutro \u00e2mbito, Lucas Sampaio afirmou que \u201c\u00e9 preciso dar mais visibilidade ao trabalho que as organiza\u00e7\u00f5es est\u00e3o a fazer, porque as pessoas n\u00e3o sabem e n\u00e3o podemos contar que venham \u00e0 procura\u201d, enquanto Catarina Marques referiu que \u201cprecisamos de pessoas LGBTI+ a decidir sobre os seus pr\u00f3prios corpos, n\u00e3o podemos ter apenas pessoas h\u00e9tero-cis-normativas a decidir o que \u00e9 bom ou mau para elas\u201d.<\/p>\n<p>[\/et_pb_text][\/et_pb_column][\/et_pb_row][et_pb_row column_structure=&#8221;3_5,2_5&#8243; use_custom_gutter=&#8221;on&#8221; gutter_width=&#8221;2&#8243; _builder_version=&#8221;4.13.0&#8243; _module_preset=&#8221;default&#8221; custom_margin=&#8221;40px||||false|false&#8221; locked=&#8221;off&#8221; global_colors_info=&#8221;{}&#8221;][et_pb_column type=&#8221;3_5&#8243; _builder_version=&#8221;4.13.0&#8243; _module_preset=&#8221;default&#8221; global_colors_info=&#8221;{}&#8221;][et_pb_text _builder_version=&#8221;4.13.0&#8243; _module_preset=&#8221;default&#8221; text_font=&#8221;Poppins|300|||||||&#8221; text_text_color=&#8221;rgba(0,0,0,0.8)&#8221; text_font_size=&#8221;16px&#8221; text_line_height=&#8221;1.3em&#8221; hover_enabled=&#8221;0&#8243; global_colors_info=&#8221;{}&#8221; sticky_enabled=&#8221;0&#8243;]<\/p>\n<p style=\"text-align: justify;\"><strong>Matosinhos vai receber o III F\u00f3rum Nacional IDAHOT, a realizar em 2025<\/strong><\/p>\n<p style=\"text-align: justify;\">A cidade de Matosinhos vai acolher e realizar, em parceria com a CIG, o pr\u00f3ximo F\u00f3rum Nacional, cujo tema ser\u00e1 anunciado em tempo.<\/p>\n<p style=\"text-align: justify;\">Miriam Silva, em representa\u00e7\u00e3o da C\u00e2mara Municipal de Matosinhos, recebeu das m\u00e3os da Presidente da CIG a bandeira que ir\u00e1 hastear no dia 17 de maio de 2025.<\/p>\n<p style=\"text-align: justify;\">Na interven\u00e7\u00e3o de encerramento do F\u00f3rum, a presidente da CIG destacou os projetos desenvolvidos pela autarquia de Vila Nova de Gaia, que considera ser \u201cuma inspira\u00e7\u00e3o para os outros munic\u00edpios\u201d.<\/p>\n<p style=\"text-align: justify;\">Sandra Ribeiro afirmou de seguida que este \u00e9 o \u201cdia de recordar o muito que deixamos por fazer e que dev\u00edamos ter feito mais cedo para proteger um grupo de pessoas cujos direitos ainda s\u00e3o hoje negados em muitas partes do mundo\u201d<\/p>\n<p style=\"text-align: justify;\">A presidente da CIG defende que \u201ctemos de aprender a comunicar de forma mais eficaz, de desmontar os discursos anti g\u00e9nero de uma forma inteligente\u201d, algo que que passa por \u201cdiscutir de forma assertivo os medos, receios e preocupa\u00e7\u00f5es\u201d dos movimentos que os proferem.<\/p>\n<p style=\"text-align: justify;\">\u201cOs movimentos da sociedade civil sabem que quando qualquer parte da humanidade \u00e9 posta de lado, os restantes n\u00e3o lhes podem virar as costas\u201d, concluiu.<\/p>\n<p>[\/et_pb_text][\/et_pb_column][et_pb_column type=&#8221;2_5&#8243; _builder_version=&#8221;4.13.0&#8243; _module_preset=&#8221;default&#8221; global_colors_info=&#8221;{}&#8221;][et_pb_image src=&#8221;https:\/\/www.cig.gov.pt\/iniciativas-nacionais\/wp-content\/uploads\/2024\/05\/023.jpg&#8221; alt=&#8221;Matosinhos vai receber o III F\u00f3rum Nacional IDAHOT, a realizar em 2025&#8243; title_text=&#8221;Matosinhos vai receber o III F\u00f3rum Nacional IDAHOT, a realizar em 2025&#8243; _builder_version=&#8221;4.13.0&#8243; _module_preset=&#8221;default&#8221; hover_enabled=&#8221;0&#8243; global_colors_info=&#8221;{}&#8221; sticky_enabled=&#8221;0&#8243;][\/et_pb_image][\/et_pb_column][\/et_pb_row][\/et_pb_section][et_pb_section fb_built=&#8221;1&#8243; _builder_version=&#8221;4.13.0&#8243; _module_preset=&#8221;default&#8221; background_color=&#8221;rgba(0,0,0,0.04)&#8221; custom_margin=&#8221;0px||||false|false&#8221; custom_padding=&#8221;0px||||false|false&#8221; locked=&#8221;off&#8221; global_colors_info=&#8221;{}&#8221;][et_pb_row use_custom_gutter=&#8221;on&#8221; gutter_width=&#8221;2&#8243; module_id=&#8221;direto&#8221; _builder_version=&#8221;4.13.0&#8243; _module_preset=&#8221;default&#8221; custom_margin=&#8221;||0px||false|false&#8221; custom_padding=&#8221;||0px||false|false&#8221; locked=&#8221;off&#8221; global_colors_info=&#8221;{}&#8221;][et_pb_column type=&#8221;4_4&#8243; _builder_version=&#8221;4.13.0&#8243; _module_preset=&#8221;default&#8221; global_colors_info=&#8221;{}&#8221;][et_pb_text admin_label=&#8221;Fotografias&#8221; module_id=&#8221;Fotografias&#8221; module_class=&#8221;Fotografias&#8221; _builder_version=&#8221;4.13.0&#8243; _module_preset=&#8221;default&#8221; header_3_font=&#8221;Montserrat|800|||||||&#8221; header_3_text_color=&#8221;#e02b20&#8243; header_3_font_size=&#8221;38px&#8221; module_alignment=&#8221;left&#8221; header_3_font_size_tablet=&#8221;36px&#8221; header_3_font_size_phone=&#8221;28px&#8221; header_3_font_size_last_edited=&#8221;on|phone&#8221; locked=&#8221;off&#8221; global_colors_info=&#8221;{}&#8221;]<\/p>\n<h3>Fotografias<\/h3>\n<p>[\/et_pb_text][et_pb_gallery gallery_ids=&#8221;5368,5369,5370,5371,5372,5373,5374,5375,5376,5377,5378,5379,5380,5381,5382,5383,5384,5385,5386,5387,5388,5389,5390,5367&#8243; posts_number=&#8221;90&#8243; show_title_and_caption=&#8221;off&#8221; zoom_icon_color=&#8221;#FFFFFF&#8221; hover_overlay_color=&#8221;rgba(0,0,0,0.39)&#8221; hover_icon=&#8221;&#x54;||divi||400&#8243; _builder_version=&#8221;4.13.0&#8243; _module_preset=&#8221;default&#8221; global_colors_info=&#8221;{}&#8221;][\/et_pb_gallery][\/et_pb_column][\/et_pb_row][et_pb_row _builder_version=&#8221;4.13.0&#8243; _module_preset=&#8221;default&#8221; locked=&#8221;off&#8221; global_colors_info=&#8221;{}&#8221;][et_pb_column type=&#8221;4_4&#8243; _builder_version=&#8221;4.13.0&#8243; _module_preset=&#8221;default&#8221; global_colors_info=&#8221;{}&#8221;][et_pb_text admin_label=&#8221;Fotografias&#8221; module_id=&#8221;Fotografias&#8221; module_class=&#8221;Fotografias&#8221; _builder_version=&#8221;4.13.0&#8243; _module_preset=&#8221;default&#8221; header_3_font=&#8221;Montserrat|800|||||||&#8221; header_3_text_color=&#8221;#e02b20&#8243; header_3_font_size=&#8221;38px&#8221; module_alignment=&#8221;left&#8221; custom_margin=&#8221;40px||||false|false&#8221; header_3_font_size_tablet=&#8221;36px&#8221; header_3_font_size_phone=&#8221;28px&#8221; header_3_font_size_last_edited=&#8221;on|phone&#8221; locked=&#8221;off&#8221; global_colors_info=&#8221;{}&#8221;]<\/p>\n<h3>V\u00eddeo<\/h3>\n<p>[\/et_pb_text][et_pb_code _builder_version=&#8221;4.13.0&#8243; _module_preset=&#8221;default&#8221; locked=&#8221;off&#8221; global_colors_info=&#8221;{}&#8221;]<iframe loading=\"lazy\" width=\"560\" height=\"315\" src=\"https:\/\/www.youtube.com\/embed\/CRrMeSk8Dl0\" title=\"YouTube video player\" frameborder=\"0\" allow=\"accelerometer; autoplay; clipboard-write; encrypted-media; gyroscope; picture-in-picture; web-share\" allowfullscreen><\/iframe>[\/et_pb_code][\/et_pb_column][\/et_pb_row][\/et_pb_section][et_pb_section fb_built=&#8221;1&#8243; admin_label=&#8221;Footer&#8221; _builder_version=&#8221;4.13.0&#8243; _module_preset=&#8221;default&#8221; custom_padding=&#8221;6px||7px|||&#8221; global_colors_info=&#8221;{}&#8221;][et_pb_row _builder_version=&#8221;4.13.0&#8243; _module_preset=&#8221;default&#8221; custom_padding=&#8221;7px||9px|||&#8221; global_colors_info=&#8221;{}&#8221;][et_pb_column type=&#8221;4_4&#8243; _builder_version=&#8221;4.13.0&#8243; _module_preset=&#8221;default&#8221; global_colors_info=&#8221;{}&#8221;][et_pb_image src=&#8221;https:\/\/www.cig.gov.pt\/iniciativas-nacionais\/wp-content\/uploads\/2024\/05\/footer24.png&#8221; alt=&#8221;Log\u00f3tipos&#8221; title_text=&#8221;Log\u00f3tipos&#8221; url=&#8221;https:\/\/www.cig.gov.pt\/&#8221; align=&#8221;center&#8221; _builder_version=&#8221;4.13.0&#8243; _module_preset=&#8221;default&#8221; global_colors_info=&#8221;{}&#8221;][\/et_pb_image][\/et_pb_column][\/et_pb_row][\/et_pb_section]<\/p>\n","protected":false},"excerpt":{"rendered":"<p>II F\u00f3rum Nacional IDAHOT &#8211; 17 de maio de 2024II F\u00f3rum Nacional IDAHOT &#8211; 17 de maio de 2024Poder local \u00e9 ator chave nos direitos das pessoas LGBTI+ As autarquias, por serem as entidades que trabalham mais perto com as pessoas, s\u00e3o um elemento-chave na delinea\u00e7\u00e3o e implementa\u00e7\u00e3o de pol\u00edticas p\u00fablicas que promovam e garantam [&hellip;]<\/p>\n","protected":false},"author":1,"featured_media":5146,"parent":0,"menu_order":0,"comment_status":"closed","ping_status":"closed","template":"page-template-blank.php","meta":{"_et_pb_use_builder":"on","_et_pb_old_content":"","_et_gb_content_width":""},"yoast_head":"<!-- This site is optimized with the Yoast SEO plugin v17.5 - https:\/\/yoast.com\/wordpress\/plugins\/seo\/ -->\n<title>II F\u00f3rum Nacional IDAHOT - Rescaldo - Iniciativas Nacionais<\/title>\n<meta name=\"robots\" content=\"index, follow, max-snippet:-1, max-image-preview:large, max-video-preview:-1\" \/>\n<link rel=\"canonical\" href=\"https:\/\/www.cig.gov.pt\/iniciativas-nacionais\/ii-forum-nacional-idahot-rescaldo\/\" \/>\n<meta property=\"og:locale\" content=\"pt_PT\" \/>\n<meta property=\"og:type\" content=\"article\" \/>\n<meta property=\"og:title\" content=\"II F\u00f3rum Nacional IDAHOT\" \/>\n<meta property=\"og:description\" content=\"II F\u00f3rum Nacional IDAHOT - 17 de maio de 2024II F\u00f3rum Nacional IDAHOT - 17 de maio de 2024Poder local \u00e9 ator chave nos direitos das pessoas LGBTI+ As autarquias, por serem as entidades que trabalham mais perto com as pessoas, s\u00e3o um elemento-chave na delinea\u00e7\u00e3o e implementa\u00e7\u00e3o de pol\u00edticas p\u00fablicas que promovam e garantam [&hellip;]\" \/>\n<meta property=\"og:url\" content=\"https:\/\/www.cig.gov.pt\/iniciativas-nacionais\/ii-forum-nacional-idahot-rescaldo\/\" \/>\n<meta property=\"og:site_name\" content=\"Iniciativas Nacionais\" \/>\n<meta property=\"article:modified_time\" content=\"2024-05-27T15:51:55+00:00\" \/>\n<meta property=\"og:image\" content=\"https:\/\/www.cig.gov.pt\/iniciativas-nacionais\/wp-content\/uploads\/2024\/04\/IIidahotFB.jpg\" \/>\n\t<meta property=\"og:image:width\" content=\"1200\" \/>\n\t<meta property=\"og:image:height\" content=\"630\" \/>\n<meta name=\"twitter:card\" content=\"summary_large_image\" \/>\n<meta name=\"twitter:title\" content=\"II F\u00f3rum Nacional IDAHOT\" \/>\n<meta name=\"twitter:image\" content=\"https:\/\/www.cig.gov.pt\/iniciativas-nacionais\/wp-content\/uploads\/2024\/04\/IIidahotFB.jpg\" \/>\n<meta name=\"twitter:label1\" content=\"Est. reading time\" \/>\n\t<meta name=\"twitter:data1\" content=\"23 minutos\" \/>\n<script type=\"application\/ld+json\" class=\"yoast-schema-graph\">{\"@context\":\"https:\/\/schema.org\",\"@graph\":[{\"@type\":\"WebSite\",\"@id\":\"https:\/\/www.cig.gov.pt\/iniciativas-nacionais\/#website\",\"url\":\"https:\/\/www.cig.gov.pt\/iniciativas-nacionais\/\",\"name\":\"Iniciativas Nacionais\",\"description\":\"\",\"potentialAction\":[{\"@type\":\"SearchAction\",\"target\":{\"@type\":\"EntryPoint\",\"urlTemplate\":\"https:\/\/www.cig.gov.pt\/iniciativas-nacionais\/?s={search_term_string}\"},\"query-input\":\"required name=search_term_string\"}],\"inLanguage\":\"pt-PT\"},{\"@type\":\"ImageObject\",\"@id\":\"https:\/\/www.cig.gov.pt\/iniciativas-nacionais\/ii-forum-nacional-idahot-rescaldo\/#primaryimage\",\"inLanguage\":\"pt-PT\",\"url\":\"https:\/\/www.cig.gov.pt\/iniciativas-nacionais\/wp-content\/uploads\/2024\/04\/IIidahotFB.jpg\",\"contentUrl\":\"https:\/\/www.cig.gov.pt\/iniciativas-nacionais\/wp-content\/uploads\/2024\/04\/IIidahotFB.jpg\",\"width\":1200,\"height\":630,\"caption\":\"II F\\u00f3rum Nacional IDAHOT\"},{\"@type\":\"WebPage\",\"@id\":\"https:\/\/www.cig.gov.pt\/iniciativas-nacionais\/ii-forum-nacional-idahot-rescaldo\/#webpage\",\"url\":\"https:\/\/www.cig.gov.pt\/iniciativas-nacionais\/ii-forum-nacional-idahot-rescaldo\/\",\"name\":\"II F\\u00f3rum Nacional IDAHOT - Rescaldo - Iniciativas Nacionais\",\"isPartOf\":{\"@id\":\"https:\/\/www.cig.gov.pt\/iniciativas-nacionais\/#website\"},\"primaryImageOfPage\":{\"@id\":\"https:\/\/www.cig.gov.pt\/iniciativas-nacionais\/ii-forum-nacional-idahot-rescaldo\/#primaryimage\"},\"datePublished\":\"2024-05-27T09:46:03+00:00\",\"dateModified\":\"2024-05-27T15:51:55+00:00\",\"breadcrumb\":{\"@id\":\"https:\/\/www.cig.gov.pt\/iniciativas-nacionais\/ii-forum-nacional-idahot-rescaldo\/#breadcrumb\"},\"inLanguage\":\"pt-PT\",\"potentialAction\":[{\"@type\":\"ReadAction\",\"target\":[\"https:\/\/www.cig.gov.pt\/iniciativas-nacionais\/ii-forum-nacional-idahot-rescaldo\/\"]}]},{\"@type\":\"BreadcrumbList\",\"@id\":\"https:\/\/www.cig.gov.pt\/iniciativas-nacionais\/ii-forum-nacional-idahot-rescaldo\/#breadcrumb\",\"itemListElement\":[{\"@type\":\"ListItem\",\"position\":1,\"name\":\"Home\",\"item\":\"https:\/\/www.cig.gov.pt\/iniciativas-nacionais\/\"},{\"@type\":\"ListItem\",\"position\":2,\"name\":\"II F\\u00f3rum Nacional IDAHOT &#8211; Rescaldo\"}]}]}<\/script>\n<!-- \/ Yoast SEO plugin. -->","yoast_head_json":{"title":"II F\u00f3rum Nacional IDAHOT - Rescaldo - Iniciativas Nacionais","robots":{"index":"index","follow":"follow","max-snippet":"max-snippet:-1","max-image-preview":"max-image-preview:large","max-video-preview":"max-video-preview:-1"},"canonical":"https:\/\/www.cig.gov.pt\/iniciativas-nacionais\/ii-forum-nacional-idahot-rescaldo\/","og_locale":"pt_PT","og_type":"article","og_title":"II F\u00f3rum Nacional IDAHOT","og_description":"II F\u00f3rum Nacional IDAHOT - 17 de maio de 2024II F\u00f3rum Nacional IDAHOT - 17 de maio de 2024Poder local \u00e9 ator chave nos direitos das pessoas LGBTI+ As autarquias, por serem as entidades que trabalham mais perto com as pessoas, s\u00e3o um elemento-chave na delinea\u00e7\u00e3o e implementa\u00e7\u00e3o de pol\u00edticas p\u00fablicas que promovam e garantam [&hellip;]","og_url":"https:\/\/www.cig.gov.pt\/iniciativas-nacionais\/ii-forum-nacional-idahot-rescaldo\/","og_site_name":"Iniciativas Nacionais","article_modified_time":"2024-05-27T15:51:55+00:00","og_image":[{"width":1200,"height":630,"url":"https:\/\/www.cig.gov.pt\/iniciativas-nacionais\/wp-content\/uploads\/2024\/04\/IIidahotFB.jpg","type":"image\/jpeg"}],"twitter_card":"summary_large_image","twitter_title":"II F\u00f3rum Nacional IDAHOT","twitter_image":"https:\/\/www.cig.gov.pt\/iniciativas-nacionais\/wp-content\/uploads\/2024\/04\/IIidahotFB.jpg","twitter_misc":{"Est. reading time":"23 minutos"},"schema":{"@context":"https:\/\/schema.org","@graph":[{"@type":"WebSite","@id":"https:\/\/www.cig.gov.pt\/iniciativas-nacionais\/#website","url":"https:\/\/www.cig.gov.pt\/iniciativas-nacionais\/","name":"Iniciativas Nacionais","description":"","potentialAction":[{"@type":"SearchAction","target":{"@type":"EntryPoint","urlTemplate":"https:\/\/www.cig.gov.pt\/iniciativas-nacionais\/?s={search_term_string}"},"query-input":"required name=search_term_string"}],"inLanguage":"pt-PT"},{"@type":"ImageObject","@id":"https:\/\/www.cig.gov.pt\/iniciativas-nacionais\/ii-forum-nacional-idahot-rescaldo\/#primaryimage","inLanguage":"pt-PT","url":"https:\/\/www.cig.gov.pt\/iniciativas-nacionais\/wp-content\/uploads\/2024\/04\/IIidahotFB.jpg","contentUrl":"https:\/\/www.cig.gov.pt\/iniciativas-nacionais\/wp-content\/uploads\/2024\/04\/IIidahotFB.jpg","width":1200,"height":630,"caption":"II F\u00f3rum Nacional IDAHOT"},{"@type":"WebPage","@id":"https:\/\/www.cig.gov.pt\/iniciativas-nacionais\/ii-forum-nacional-idahot-rescaldo\/#webpage","url":"https:\/\/www.cig.gov.pt\/iniciativas-nacionais\/ii-forum-nacional-idahot-rescaldo\/","name":"II F\u00f3rum Nacional IDAHOT - Rescaldo - Iniciativas Nacionais","isPartOf":{"@id":"https:\/\/www.cig.gov.pt\/iniciativas-nacionais\/#website"},"primaryImageOfPage":{"@id":"https:\/\/www.cig.gov.pt\/iniciativas-nacionais\/ii-forum-nacional-idahot-rescaldo\/#primaryimage"},"datePublished":"2024-05-27T09:46:03+00:00","dateModified":"2024-05-27T15:51:55+00:00","breadcrumb":{"@id":"https:\/\/www.cig.gov.pt\/iniciativas-nacionais\/ii-forum-nacional-idahot-rescaldo\/#breadcrumb"},"inLanguage":"pt-PT","potentialAction":[{"@type":"ReadAction","target":["https:\/\/www.cig.gov.pt\/iniciativas-nacionais\/ii-forum-nacional-idahot-rescaldo\/"]}]},{"@type":"BreadcrumbList","@id":"https:\/\/www.cig.gov.pt\/iniciativas-nacionais\/ii-forum-nacional-idahot-rescaldo\/#breadcrumb","itemListElement":[{"@type":"ListItem","position":1,"name":"Home","item":"https:\/\/www.cig.gov.pt\/iniciativas-nacionais\/"},{"@type":"ListItem","position":2,"name":"II F\u00f3rum Nacional IDAHOT &#8211; Rescaldo"}]}]}},"_links":{"self":[{"href":"https:\/\/www.cig.gov.pt\/iniciativas-nacionais\/wp-json\/wp\/v2\/pages\/5349"}],"collection":[{"href":"https:\/\/www.cig.gov.pt\/iniciativas-nacionais\/wp-json\/wp\/v2\/pages"}],"about":[{"href":"https:\/\/www.cig.gov.pt\/iniciativas-nacionais\/wp-json\/wp\/v2\/types\/page"}],"author":[{"embeddable":true,"href":"https:\/\/www.cig.gov.pt\/iniciativas-nacionais\/wp-json\/wp\/v2\/users\/1"}],"replies":[{"embeddable":true,"href":"https:\/\/www.cig.gov.pt\/iniciativas-nacionais\/wp-json\/wp\/v2\/comments?post=5349"}],"version-history":[{"count":22,"href":"https:\/\/www.cig.gov.pt\/iniciativas-nacionais\/wp-json\/wp\/v2\/pages\/5349\/revisions"}],"predecessor-version":[{"id":5415,"href":"https:\/\/www.cig.gov.pt\/iniciativas-nacionais\/wp-json\/wp\/v2\/pages\/5349\/revisions\/5415"}],"wp:featuredmedia":[{"embeddable":true,"href":"https:\/\/www.cig.gov.pt\/iniciativas-nacionais\/wp-json\/wp\/v2\/media\/5146"}],"wp:attachment":[{"href":"https:\/\/www.cig.gov.pt\/iniciativas-nacionais\/wp-json\/wp\/v2\/media?parent=5349"}],"curies":[{"name":"wp","href":"https:\/\/api.w.org\/{rel}","templated":true}]}}