{"id":465,"date":"2022-02-27T12:12:20","date_gmt":"2022-02-27T12:12:20","guid":{"rendered":"https:\/\/www.cig.gov.pt\/iniciativas-nacionais\/?page_id=465"},"modified":"2022-03-14T15:19:44","modified_gmt":"2022-03-14T15:19:44","slug":"8-de-marco-dia-internacional-das-mulheres-2022","status":"publish","type":"page","link":"https:\/\/www.cig.gov.pt\/iniciativas-nacionais\/8-de-marco-dia-internacional-das-mulheres-2022\/","title":{"rendered":"Iniciativas &#8211; 8 de mar\u00e7o | Dia Internacional das Mulheres 2022"},"content":{"rendered":"<p>[et_pb_section fb_built=&#8221;1&#8243; admin_label=&#8221;Cabe\u00e7alho&#8221; _builder_version=&#8221;4.13.0&#8243; _module_preset=&#8221;default&#8221; background_color=&#8221;#03989e&#8221; background_enable_image=&#8221;off&#8221; background_position=&#8221;bottom_center&#8221; custom_padding=&#8221;0px||0px||false|false&#8221; global_colors_info=&#8221;{}&#8221;][et_pb_row _builder_version=&#8221;4.13.0&#8243; _module_preset=&#8221;default&#8221; custom_padding=&#8221;0px||0px||false|false&#8221; global_colors_info=&#8221;{}&#8221;][et_pb_column type=&#8221;4_4&#8243; _builder_version=&#8221;4.13.0&#8243; _module_preset=&#8221;default&#8221; global_colors_info=&#8221;{}&#8221;][et_pb_image src=&#8221;https:\/\/www.cig.gov.pt\/iniciativas-nacionais\/wp-content\/uploads\/2022\/02\/diadamulhercab.png&#8221; alt=&#8221;Iniciativas &#8211; 8 de mar\u00e7o | Dia Internacional das Mulheres 2022&#8243; title_text=&#8221;Iniciativas &#8211; 8 de mar\u00e7o | Dia Internacional das Mulheres 2022&#8243; show_bottom_space=&#8221;off&#8221; _builder_version=&#8221;4.13.0&#8243; _module_preset=&#8221;default&#8221; custom_margin=&#8221;0px||0px||false|false&#8221; custom_padding=&#8221;0px||0px||false|false&#8221; global_colors_info=&#8221;{}&#8221;][\/et_pb_image][\/et_pb_column][\/et_pb_row][\/et_pb_section][et_pb_section fb_built=&#8221;1&#8243; admin_label=&#8221;Concelho&#8221; _builder_version=&#8221;4.13.0&#8243; _module_preset=&#8221;default&#8221; background_color=&#8221;#f2f5f7&#8243; custom_margin=&#8221;0px||0px||false|false&#8221; custom_padding=&#8221;8px||0px||false|false&#8221; locked=&#8221;off&#8221; global_colors_info=&#8221;{}&#8221;][et_pb_row admin_label=&#8221;Aveiro&#8221; _builder_version=&#8221;4.13.0&#8243; _module_preset=&#8221;default&#8221; background_color=&#8221;#03989e&#8221; custom_margin=&#8221;24px||0px||false|false&#8221; custom_padding=&#8221;16px||16px||false|false&#8221; border_radii=&#8221;on|12px|12px|12px|12px&#8221; locked=&#8221;off&#8221; global_colors_info=&#8221;{}&#8221;][et_pb_column type=&#8221;4_4&#8243; _builder_version=&#8221;4.13.0&#8243; _module_preset=&#8221;default&#8221; global_colors_info=&#8221;{}&#8221;][et_pb_text admin_label=&#8221;Braga&#8221; _builder_version=&#8221;4.13.0&#8243; _module_preset=&#8221;default&#8221; text_font=&#8221;Montserrat|700|||||||&#8221; text_text_color=&#8221;#FFFFFF&#8221; text_font_size=&#8221;16px&#8221; text_letter_spacing=&#8221;1px&#8221; custom_margin=&#8221;2px||0px|20px|false|false&#8221; custom_padding=&#8221;6px||2px||false|false&#8221; global_colors_info=&#8221;{}&#8221;]<\/p>\n<p><span style=\"color: #f3d9da;\">Distrito: <\/span><span style=\"font-size: xx-large;\">Aveiro<\/span><\/p>\n<p>[\/et_pb_text][\/et_pb_column][\/et_pb_row][et_pb_row column_structure=&#8221;1_4,1_4,1_4,1_4&#8243; use_custom_gutter=&#8221;on&#8221; gutter_width=&#8221;2&#8243; make_equal=&#8221;on&#8221; _builder_version=&#8221;4.13.0&#8243; _module_preset=&#8221;default&#8221; background_color=&#8221;rgba(255,255,255,0)&#8221; custom_margin=&#8221;||0px||false|false&#8221; custom_padding=&#8221;||0px||false|false&#8221; locked=&#8221;off&#8221; global_colors_info=&#8221;{}&#8221;][et_pb_column type=&#8221;1_4&#8243; _builder_version=&#8221;4.13.0&#8243; _module_preset=&#8221;default&#8221; background_color=&#8221;#FFFFFF&#8221; border_radii=&#8221;on|12px|12px|12px|12px&#8221; global_colors_info=&#8221;{}&#8221;][et_pb_text _builder_version=&#8221;4.13.0&#8243; _module_preset=&#8221;default&#8221; text_font=&#8221;Montserrat||||||||&#8221; text_font_size=&#8221;12px&#8221; text_line_height=&#8221;1.2em&#8221; custom_margin=&#8221;16px|12px|8px|12px|false|false&#8221; global_colors_info=&#8221;{}&#8221;]<\/p>\n<p><span style=\"font-size: medium; color: #c18934;\"><strong>Aveiro<\/strong><\/span><\/p>\n<p><strong>Entidade promotora:<\/strong><br \/>Casa Vera Cruz | Projeto Caleidosc\u00f3pio<\/p>\n<p><strong>Iniciativa | Atividade:<\/strong><br \/>Realiza\u00e7\u00e3o de um workshop com no\u00e7\u00f5es b\u00e1sicas de fotografia<\/p>\n<p>[\/et_pb_text][et_pb_toggle title=&#8221;Informa\u00e7\u00f5es&#8221; closed_toggle_text_color=&#8221;#759fdb&#8221; icon_color=&#8221;#e22685&#8243; toggle_icon=&#8221;&#xe03a;||divi||400&#8243; use_icon_font_size=&#8221;on&#8221; icon_font_size=&#8221;23px&#8221; _builder_version=&#8221;4.13.0&#8243; _module_preset=&#8221;default&#8221; title_font=&#8221;Montserrat|700|||||||&#8221; title_font_size=&#8221;13px&#8221; body_font=&#8221;Montserrat||||||||&#8221; body_font_size=&#8221;11px&#8221; body_line_height=&#8221;1.2em&#8221; background_color=&#8221;rgba(255,255,255,0)&#8221; custom_margin=&#8221;|||8px|false|false&#8221; custom_padding=&#8221;8px||16px|4px|false|false&#8221; border_width_all=&#8221;0px&#8221; global_colors_info=&#8221;{}&#8221;]<\/p>\n<p style=\"text-align: justify;\"><strong>Realiza\u00e7\u00e3o de um workshop com no\u00e7\u00f5es b\u00e1sicas de fotografia (luz e composi\u00e7\u00e3o) aplicadas ao quotidiano e aos dispositivos mais comuns.<\/strong><br \/>Exerc\u00edcios pr\u00e1ticos de edi\u00e7\u00e3o, onde cada participante ir\u00e1 tirar e editar uma ou mais fotos que representem a resposta \u00e0 seguinte pergunta: O que \u00e9 ser mulher migrante no s\u00e9culo XXI?<\/p>\n<p><strong>Dia:<\/strong> 08\/03\/2022 | <strong>Hora:<\/strong> 10:00:00 AM<\/p>\n<p><strong>Online: <\/strong><a href=\"https:\/\/www.facebook.com\/projeto.caleidoscopio.migrantes\" target=\"_blank\" rel=\"noopener\">https:\/\/www.facebook.com\/projeto.caleidoscopio.migrantes<\/a><\/p>\n<p>[\/et_pb_toggle][\/et_pb_column][et_pb_column type=&#8221;1_4&#8243; _builder_version=&#8221;4.13.0&#8243; _module_preset=&#8221;default&#8221; background_color=&#8221;rgba(255,255,255,0)&#8221; border_radii=&#8221;on|12px|12px|12px|12px&#8221; global_colors_info=&#8221;{}&#8221;][\/et_pb_column][et_pb_column type=&#8221;1_4&#8243; _builder_version=&#8221;4.13.0&#8243; _module_preset=&#8221;default&#8221; background_color=&#8221;rgba(255,255,255,0)&#8221; border_radii=&#8221;on|12px|12px|12px|12px&#8221; global_colors_info=&#8221;{}&#8221;][\/et_pb_column][et_pb_column type=&#8221;1_4&#8243; _builder_version=&#8221;4.13.0&#8243; _module_preset=&#8221;default&#8221; background_color=&#8221;rgba(255,255,255,0)&#8221; border_radii=&#8221;on|12px|12px|12px|12px&#8221; global_colors_info=&#8221;{}&#8221;][\/et_pb_column][\/et_pb_row][et_pb_row admin_label=&#8221;Aveiro&#8221; _builder_version=&#8221;4.13.0&#8243; _module_preset=&#8221;default&#8221; background_color=&#8221;#03989e&#8221; custom_margin=&#8221;24px||0px||false|false&#8221; custom_padding=&#8221;16px||16px||false|false&#8221; border_radii=&#8221;on|12px|12px|12px|12px&#8221; locked=&#8221;off&#8221; global_colors_info=&#8221;{}&#8221;][et_pb_column type=&#8221;4_4&#8243; _builder_version=&#8221;4.13.0&#8243; _module_preset=&#8221;default&#8221; global_colors_info=&#8221;{}&#8221;][et_pb_text admin_label=&#8221;Braga&#8221; _builder_version=&#8221;4.13.0&#8243; _module_preset=&#8221;default&#8221; text_font=&#8221;Montserrat|700|||||||&#8221; text_text_color=&#8221;#FFFFFF&#8221; text_font_size=&#8221;16px&#8221; text_letter_spacing=&#8221;1px&#8221; custom_margin=&#8221;2px||0px|20px|false|false&#8221; custom_padding=&#8221;6px||2px||false|false&#8221; global_colors_info=&#8221;{}&#8221;]<\/p>\n<p><span style=\"color: #f3d9da;\">Distrito: <\/span><span style=\"font-size: xx-large;\">Beja<\/span><\/p>\n<p>[\/et_pb_text][\/et_pb_column][\/et_pb_row][et_pb_row column_structure=&#8221;1_4,1_4,1_4,1_4&#8243; use_custom_gutter=&#8221;on&#8221; gutter_width=&#8221;2&#8243; make_equal=&#8221;on&#8221; _builder_version=&#8221;4.13.0&#8243; _module_preset=&#8221;default&#8221; background_color=&#8221;rgba(255,255,255,0)&#8221; custom_margin=&#8221;||0px||false|false&#8221; custom_padding=&#8221;||0px||false|false&#8221; locked=&#8221;off&#8221; global_colors_info=&#8221;{}&#8221;][et_pb_column type=&#8221;1_4&#8243; _builder_version=&#8221;4.13.0&#8243; _module_preset=&#8221;default&#8221; background_color=&#8221;#FFFFFF&#8221; border_radii=&#8221;on|12px|12px|12px|12px&#8221; global_colors_info=&#8221;{}&#8221;][et_pb_text _builder_version=&#8221;4.13.0&#8243; _module_preset=&#8221;default&#8221; text_font=&#8221;Montserrat||||||||&#8221; text_font_size=&#8221;12px&#8221; text_line_height=&#8221;1.2em&#8221; custom_margin=&#8221;16px|12px|8px|12px|false|false&#8221; global_colors_info=&#8221;{}&#8221;]<\/p>\n<p><span style=\"font-size: medium; color: #c18934;\"><strong>Beja<\/strong><\/span><\/p>\n<p><strong>Entidade promotora:<\/strong><br \/>RESIALENTEJO, E.I.M.<\/p>\n<p><strong>Iniciativa | Atividade:<\/strong><br \/>DIA INTERNACIONAL DAS MULHERES<\/p>\n<p>[\/et_pb_text][et_pb_toggle title=&#8221;Informa\u00e7\u00f5es&#8221; closed_toggle_text_color=&#8221;#759fdb&#8221; icon_color=&#8221;#e22685&#8243; toggle_icon=&#8221;&#xe03a;||divi||400&#8243; use_icon_font_size=&#8221;on&#8221; icon_font_size=&#8221;23px&#8221; _builder_version=&#8221;4.13.0&#8243; _module_preset=&#8221;default&#8221; title_font=&#8221;Montserrat|700|||||||&#8221; title_font_size=&#8221;13px&#8221; body_font=&#8221;Montserrat||||||||&#8221; body_font_size=&#8221;11px&#8221; body_line_height=&#8221;1.2em&#8221; background_color=&#8221;rgba(255,255,255,0)&#8221; custom_margin=&#8221;|||8px|false|false&#8221; custom_padding=&#8221;8px||16px|4px|false|false&#8221; border_width_all=&#8221;0px&#8221; global_colors_info=&#8221;{}&#8221;]<\/p>\n<p style=\"text-align: justify;\"><strong>DIA INTERNACIONAL DAS MULHERES<br \/><\/strong><\/p>\n<p style=\"text-align: justify;\">De modo a assinalar o Dia Internacional das Mulheres, a RESIALENTEJO vai dar in\u00edcio a um vasto conjunto de iniciativas destinadas \u00e0s colaboradoras e colaboradores da empresa, que incluem divulga\u00e7\u00e3o de informa\u00e7\u00e3o sobre ass\u00e9dio no local de trabalho e viol\u00eancia dom\u00e9stica, oferta de autocolantes alusivos \u00e0 data, arranque de a\u00e7\u00f5es de forma\u00e7\u00e3o sobre igualdade de g\u00e9nero, divulga\u00e7\u00e3o do Plano para a Igualdade de G\u00e9nero da empresa e informa\u00e7\u00e3o sobre a conce\u00e7\u00e3o em curso do C\u00f3digo de Boa Conduta para a Preven\u00e7\u00e3o e Combate ao Ass\u00e9dio no Local de Trabalho.<\/p>\n<p style=\"text-align: justify;\">A 8 de mar\u00e7o ser\u00e1 afixado, em 13 locais distintos dentro das instala\u00e7\u00f5es da empresa, um conjunto de informa\u00e7\u00f5es sobre ass\u00e9dio moral e sexual no local de trabalho e sobre a pol\u00edtica de toler\u00e2ncia zero da RESIALENTEJO a esta pr\u00e1tica. Ser\u00e3o tamb\u00e9m afixadas duas caixas, devidamente protegidas e em locais privados mas de acesso a todas as colaboradoras e colaboradores, para apresenta\u00e7\u00e3o de den\u00fancias e indica\u00e7\u00e3o dos contactos diretos da Conselheira para a Igualdade de G\u00e9nero, respons\u00e1vel pela sua rece\u00e7\u00e3o e an\u00e1lise.<\/p>\n<p style=\"text-align: justify;\">Ser\u00e1 ainda afixada informa\u00e7\u00e3o sobre o crime p\u00fablico de viol\u00eancia dom\u00e9stica bem como o contacto dos n\u00facleos de apoio a v\u00edtimas existentes na regi\u00e3o.<\/p>\n<p style=\"text-align: justify;\">Nesse dia, ser\u00e1 distribu\u00eddo por todas as colaboradoras da empresa um autocolante alusivo \u00e0 data com a frase &#8220;&#8221;O lugar da mulher \u00e9 onde ela quiser&#8221;&#8221;.<\/p>\n<p style=\"text-align: justify;\">A data ser\u00e1 igualmente assinalada nas redes sociais da empresa, com uma fotografia de grupo de todas as mulheres que a comp\u00f5em. Ao longo da semana ser\u00e3o divulgados pequenos v\u00eddeos com os testemunhos das colaboradoras que exercem fun\u00e7\u00f5es em cargos excessivamente masculinizados, nomeadamente manobradoras de m\u00e1quinas, auxiliares de motoristas, engenheiras e coordenadoras.<\/p>\n<p style=\"text-align: justify;\">No dia 9 arranca um conjunto de a\u00e7\u00f5es de forma\u00e7\u00e3o interna sobre igualdade de g\u00e9nero, em que ser\u00e3o abordados os estere\u00f3tipos de g\u00e9nero, a linguagem inclusiva, a prote\u00e7\u00e3o na parentalidade, a concilia\u00e7\u00e3o entre a vida pessoal, familiar e profissional e o ass\u00e9dio no local de trabalho. A a\u00e7\u00e3o tem a dura\u00e7\u00e3o de 7 horas, \u00e9 organizada em grupos de 12 pessoas e obrigat\u00f3ria para todas as colaboradoras e colaboradores da empresa, num total de 98 pessoas, decorrendo durante todo o m\u00eas de mar\u00e7o.<\/p>\n<p><strong>Dia:<\/strong> 08\/03\/2022 | <strong>Hora:<\/strong> 12:00:00 AM<\/p>\n<p><strong>Online: <\/strong><a href=\"https:\/\/pt-pt.facebook.com\/RESIALENTEJO\" target=\"_blank\" rel=\"noopener\">https:\/\/pt-pt.facebook.com\/RESIALENTEJO<\/a><\/p>\n<p>[\/et_pb_toggle][\/et_pb_column][et_pb_column type=&#8221;1_4&#8243; _builder_version=&#8221;4.13.0&#8243; _module_preset=&#8221;default&#8221; background_color=&#8221;#ffffff&#8221; border_radii=&#8221;on|12px|12px|12px|12px&#8221; global_colors_info=&#8221;{}&#8221;][et_pb_text _builder_version=&#8221;4.13.0&#8243; _module_preset=&#8221;default&#8221; text_font=&#8221;Montserrat||||||||&#8221; text_font_size=&#8221;12px&#8221; text_line_height=&#8221;1.2em&#8221; custom_margin=&#8221;16px|12px|8px|12px|false|false&#8221; global_colors_info=&#8221;{}&#8221;]<\/p>\n<p><span style=\"font-size: medium; color: #c18934;\"><strong>Beja<\/strong><\/span><\/p>\n<p><strong>Entidade promotora:<\/strong><br \/>Munic\u00edpio de Beja<\/p>\n<p><strong>Iniciativa | Atividade:<\/strong><br \/>Emancipa\u00e7\u00e3o e Empoderamento da Mulher<\/p>\n<p>[\/et_pb_text][et_pb_toggle title=&#8221;Informa\u00e7\u00f5es&#8221; closed_toggle_text_color=&#8221;#759fdb&#8221; icon_color=&#8221;#e22685&#8243; toggle_icon=&#8221;&#xe03a;||divi||400&#8243; use_icon_font_size=&#8221;on&#8221; icon_font_size=&#8221;23px&#8221; _builder_version=&#8221;4.13.0&#8243; _module_preset=&#8221;default&#8221; title_font=&#8221;Montserrat|700|||||||&#8221; title_font_size=&#8221;13px&#8221; body_font=&#8221;Montserrat||||||||&#8221; body_font_size=&#8221;11px&#8221; body_line_height=&#8221;1.2em&#8221; background_color=&#8221;rgba(255,255,255,0)&#8221; custom_margin=&#8221;|||8px|false|false&#8221; custom_padding=&#8221;8px||16px|4px|false|false&#8221; border_width_all=&#8221;0px&#8221; global_colors_info=&#8221;{}&#8221;]<\/p>\n<p style=\"text-align: justify;\"><strong>Emancipa\u00e7\u00e3o e Empoderamento da Mulher<br \/><\/strong><\/p>\n<p style=\"text-align: justify;\">Atividade realizada no \u00e2mbito do Plano Municipal para a Integra\u00e7\u00e3o de Migrantes de Beja (PMIM) em parceria com o N\u00facleo de Estudantes Africanos de Beja (NEAB) com alus\u00e3o a celebra\u00e7\u00e3o do dia internacional da Mulher.<\/p>\n<p><strong>Dia:<\/strong> 12\/03\/2022 | <strong>Hora:<\/strong> 10:00:00 AM<\/p>\n<p><strong>Online: <\/strong><a href=\"https:\/\/cm-beja.pt\/pt\/Default.aspx\" target=\"_blank\" rel=\"noopener\">https:\/\/cm-beja.pt\/pt\/Default.aspx<\/a><\/p>\n<p>[\/et_pb_toggle][\/et_pb_column][et_pb_column type=&#8221;1_4&#8243; _builder_version=&#8221;4.13.0&#8243; _module_preset=&#8221;default&#8221; background_color=&#8221;#ffffff&#8221; border_radii=&#8221;on|12px|12px|12px|12px&#8221; global_colors_info=&#8221;{}&#8221;][et_pb_text _builder_version=&#8221;4.13.0&#8243; _module_preset=&#8221;default&#8221; text_font=&#8221;Montserrat||||||||&#8221; text_font_size=&#8221;12px&#8221; text_line_height=&#8221;1.2em&#8221; custom_margin=&#8221;16px|12px|8px|12px|false|false&#8221; global_colors_info=&#8221;{}&#8221;]<\/p>\n<p><span style=\"font-size: medium; color: #c18934;\"><strong>Moura<\/strong><\/span><\/p>\n<p><strong>Entidade promotora:<\/strong><br \/>Moura Sal\u00faquia &#8211; Associa\u00e7\u00e3o de A\u00e7\u00e3o de Mulheres do Concelho de Moura<\/p>\n<p><strong>Iniciativa | Atividade:<\/strong><br \/>Workshop Igualdade de G\u00e9nero<\/p>\n<p>[\/et_pb_text][et_pb_toggle title=&#8221;Informa\u00e7\u00f5es&#8221; closed_toggle_text_color=&#8221;#759fdb&#8221; icon_color=&#8221;#e22685&#8243; toggle_icon=&#8221;&#xe03a;||divi||400&#8243; use_icon_font_size=&#8221;on&#8221; icon_font_size=&#8221;23px&#8221; _builder_version=&#8221;4.13.0&#8243; _module_preset=&#8221;default&#8221; title_font=&#8221;Montserrat|700|||||||&#8221; title_font_size=&#8221;13px&#8221; body_font=&#8221;Montserrat||||||||&#8221; body_font_size=&#8221;11px&#8221; body_line_height=&#8221;1.2em&#8221; background_color=&#8221;rgba(255,255,255,0)&#8221; custom_margin=&#8221;|||8px|false|false&#8221; custom_padding=&#8221;8px||16px|4px|false|false&#8221; border_width_all=&#8221;0px&#8221; global_colors_info=&#8221;{}&#8221;]<\/p>\n<p style=\"text-align: justify;\"><strong>Workshop Igualdade de G\u00e9nero<br \/><\/strong><\/p>\n<p style=\"text-align: justify;\">Atividade realizada em parceria com a C\u00e2mara Municipal de Moura no \u00e2mbito do Plano Municipal para a Igualdade e N\u00e3o Discrimina\u00e7\u00e3o.<\/p>\n<p><strong>Dia:<\/strong> 7\/03\/2022 | <strong>Hora:<\/strong> 2:00:00 PM<\/p>\n<p><strong>Online: <\/strong><a href=\"https:\/\/www.facebook.com\/camaramunicipaldemoura\/\" target=\"_blank\" rel=\"noopener\">https:\/\/www.facebook.com\/camaramunicipaldemoura\/<\/a><\/p>\n<p>[\/et_pb_toggle][\/et_pb_column][et_pb_column type=&#8221;1_4&#8243; _builder_version=&#8221;4.13.0&#8243; _module_preset=&#8221;default&#8221; background_color=&#8221;rgba(255,255,255,0)&#8221; border_radii=&#8221;on|12px|12px|12px|12px&#8221; global_colors_info=&#8221;{}&#8221;][\/et_pb_column][\/et_pb_row][et_pb_row admin_label=&#8221;braga&#8221; _builder_version=&#8221;4.13.0&#8243; _module_preset=&#8221;default&#8221; background_color=&#8221;#03989e&#8221; custom_margin=&#8221;24px||0px||false|false&#8221; custom_padding=&#8221;16px||16px||false|false&#8221; border_radii=&#8221;on|12px|12px|12px|12px&#8221; global_colors_info=&#8221;{}&#8221;][et_pb_column type=&#8221;4_4&#8243; _builder_version=&#8221;4.13.0&#8243; _module_preset=&#8221;default&#8221; global_colors_info=&#8221;{}&#8221;][et_pb_text admin_label=&#8221;Braga&#8221; _builder_version=&#8221;4.13.0&#8243; _module_preset=&#8221;default&#8221; text_font=&#8221;Montserrat|700|||||||&#8221; text_text_color=&#8221;#FFFFFF&#8221; text_font_size=&#8221;16px&#8221; text_letter_spacing=&#8221;1px&#8221; custom_margin=&#8221;2px||0px|20px|false|false&#8221; custom_padding=&#8221;6px||2px||false|false&#8221; global_colors_info=&#8221;{}&#8221;]<\/p>\n<p><span style=\"color: #f3d9da;\">Distrito: <\/span><span style=\"font-size: xx-large;\">Braga<\/span><\/p>\n<p>[\/et_pb_text][\/et_pb_column][\/et_pb_row][et_pb_row column_structure=&#8221;1_4,1_4,1_4,1_4&#8243; use_custom_gutter=&#8221;on&#8221; gutter_width=&#8221;2&#8243; make_equal=&#8221;on&#8221; _builder_version=&#8221;4.13.0&#8243; _module_preset=&#8221;default&#8221; background_color=&#8221;rgba(255,255,255,0)&#8221; custom_margin=&#8221;||0px||false|false&#8221; custom_padding=&#8221;25px||0px||false|false&#8221; locked=&#8221;off&#8221; global_colors_info=&#8221;{}&#8221;][et_pb_column type=&#8221;1_4&#8243; _builder_version=&#8221;4.13.0&#8243; _module_preset=&#8221;default&#8221; background_color=&#8221;#FFFFFF&#8221; border_radii=&#8221;on|12px|12px|12px|12px&#8221; global_colors_info=&#8221;{}&#8221;][et_pb_text _builder_version=&#8221;4.13.0&#8243; _module_preset=&#8221;default&#8221; text_font=&#8221;Montserrat||||||||&#8221; text_font_size=&#8221;12px&#8221; text_line_height=&#8221;1.2em&#8221; custom_margin=&#8221;16px|12px|8px|12px|false|false&#8221; global_colors_info=&#8221;{}&#8221;]<\/p>\n<p><span style=\"font-size: medium; color: #c18934;\"><strong>P\u00f3voa de Lanhoso<\/strong><\/span><\/p>\n<p><strong>Entidade promotora:<\/strong><br \/>Munic\u00edpio da P\u00f3voa de Lanhoso<\/p>\n<p><strong>Iniciativa | Atividade:<\/strong><br \/>SIGO &#8211; IGUALIDADES<\/p>\n<p>[\/et_pb_text][et_pb_toggle title=&#8221;Informa\u00e7\u00f5es&#8221; closed_toggle_text_color=&#8221;#759fdb&#8221; icon_color=&#8221;#e22685&#8243; toggle_icon=&#8221;&#xe03a;||divi||400&#8243; use_icon_font_size=&#8221;on&#8221; icon_font_size=&#8221;23px&#8221; _builder_version=&#8221;4.13.0&#8243; _module_preset=&#8221;default&#8221; title_font=&#8221;Montserrat|700|||||||&#8221; title_font_size=&#8221;13px&#8221; body_font=&#8221;Montserrat||||||||&#8221; body_font_size=&#8221;11px&#8221; body_line_height=&#8221;1.2em&#8221; background_color=&#8221;rgba(255,255,255,0)&#8221; custom_margin=&#8221;|||8px|false|false&#8221; custom_padding=&#8221;8px||16px|4px|false|false&#8221; border_width_all=&#8221;0px&#8221; global_colors_info=&#8221;{}&#8221;]<\/p>\n<p style=\"text-align: justify;\">\u201cA interseccionalidade no combate \u00e0s pr\u00e1ticas discriminat\u00f3rias\u201d<br \/>O webinar tem como intuito expor as pr\u00e1ticas discriminat\u00f3rias e sensibilizar para o respeito pelas minorias, nomeadamente pela popula\u00e7\u00e3o LGBTI, debatendo a import\u00e2ncia de um trabalho intersectorial para o combate a este fen\u00f3meno. Contar\u00e1 com a presen\u00e7a de um representante da Plano i, Associa\u00e7\u00e3o cujo trabalho incide sobre este assunto e na prote\u00e7\u00e3o das suas v\u00edtimas.<\/p>\n<p><strong>Dia:<\/strong> 08\/03\/2022 | <strong>Hora:<\/strong> 10:30:00 AM<\/p>\n<p><strong>Online:<\/strong> <a href=\"https:\/\/us02web.zoom.us\/j\/84259054779?pwd=RlU3QWF3ZktzTzZ0TjZkRFVNenRiQT09\" target=\"_blank\" rel=\"noopener\">https:\/\/us02web.zoom.us\/j\/84259054779?pwd=RlU3QWF3ZktzTzZ0TjZkRFVNenRiQT09<\/a><\/p>\n<p>[\/et_pb_toggle][\/et_pb_column][et_pb_column type=&#8221;1_4&#8243; _builder_version=&#8221;4.13.0&#8243; _module_preset=&#8221;default&#8221; background_color=&#8221;#FFFFFF&#8221; border_radii=&#8221;on|12px|12px|12px|12px&#8221; global_colors_info=&#8221;{}&#8221;][et_pb_text _builder_version=&#8221;4.13.0&#8243; _module_preset=&#8221;default&#8221; text_font=&#8221;Montserrat||||||||&#8221; text_font_size=&#8221;12px&#8221; text_line_height=&#8221;1.2em&#8221; custom_margin=&#8221;16px|12px|8px|12px|false|false&#8221; global_colors_info=&#8221;{}&#8221;]<\/p>\n<p><span style=\"font-size: medium; color: #c18934;\"><strong>Vila Nova de Famalic\u00e3o<\/strong><\/span><\/p>\n<p><strong>Entidade promotora:<\/strong><br \/>Camara Municipal de Vila Nova de Famalic\u00e3o<\/p>\n<p><strong>Iniciativa | Atividade:<\/strong><br \/>Relembrar o Dia das Mulheres em Famalic\u00e3o<\/p>\n<p>[\/et_pb_text][et_pb_toggle title=&#8221;Informa\u00e7\u00f5es&#8221; closed_toggle_text_color=&#8221;#759fdb&#8221; icon_color=&#8221;#e22685&#8243; toggle_icon=&#8221;&#xe03a;||divi||400&#8243; use_icon_font_size=&#8221;on&#8221; icon_font_size=&#8221;23px&#8221; _builder_version=&#8221;4.13.0&#8243; _module_preset=&#8221;default&#8221; title_font=&#8221;Montserrat|700|||||||&#8221; title_font_size=&#8221;13px&#8221; body_font=&#8221;Montserrat||||||||&#8221; body_font_size=&#8221;11px&#8221; body_line_height=&#8221;1.2em&#8221; background_color=&#8221;rgba(255,255,255,0)&#8221; custom_margin=&#8221;|||8px|false|false&#8221; custom_padding=&#8221;8px||16px|4px|false|false&#8221; border_width_all=&#8221;0px&#8221; global_colors_info=&#8221;{}&#8221;]<\/p>\n<p style=\"text-align: justify;\">Colocar fotos de uma actividade do dia das mulheres que aconteceu h\u00e1 5 anos&#8230; Relembrar os momentos e fazer com que o proximo ano se possa realizar um evento para celebrar o Dia da Mulher.<\/p>\n<p style=\"text-align: justify;\"><strong>Dia:<\/strong> 08\/03\/2022 | <strong>Hora:<\/strong> 9:00:00 AM<\/p>\n<p style=\"text-align: justify;\"><strong>Online:<\/strong> Rede Sociais Comunidade facebook<\/p>\n<p>[\/et_pb_toggle][\/et_pb_column][et_pb_column type=&#8221;1_4&#8243; _builder_version=&#8221;4.13.0&#8243; _module_preset=&#8221;default&#8221; background_color=&#8221;#FFFFFF&#8221; border_radii=&#8221;on|12px|12px|12px|12px&#8221; global_colors_info=&#8221;{}&#8221;][et_pb_text _builder_version=&#8221;4.13.0&#8243; _module_preset=&#8221;default&#8221; text_font=&#8221;Montserrat||||||||&#8221; text_font_size=&#8221;12px&#8221; text_line_height=&#8221;1.2em&#8221; custom_margin=&#8221;16px|12px|8px|12px|false|false&#8221; global_colors_info=&#8221;{}&#8221;]<\/p>\n<p><span style=\"font-size: medium; color: #c18934;\"><strong>Vila Nova de Famalic\u00e3o<\/strong><\/span><\/p>\n<p><strong>Entidade promotora:<\/strong><br \/>Junta de freguesia de Del\u00e3es<\/p>\n<p><strong>Iniciativa | Atividade:<\/strong><br \/>A culpa \u00e9 do vestido? : Desafio das mulheres no s\u00e9c. XXI<\/p>\n<p>[\/et_pb_text][et_pb_toggle title=&#8221;Informa\u00e7\u00f5es&#8221; closed_toggle_text_color=&#8221;#759fdb&#8221; icon_color=&#8221;#e22685&#8243; toggle_icon=&#8221;&#xe03a;||divi||400&#8243; use_icon_font_size=&#8221;on&#8221; icon_font_size=&#8221;23px&#8221; _builder_version=&#8221;4.13.0&#8243; _module_preset=&#8221;default&#8221; title_font=&#8221;Montserrat|700|||||||&#8221; title_font_size=&#8221;13px&#8221; body_font=&#8221;Montserrat||||||||&#8221; body_font_size=&#8221;11px&#8221; body_line_height=&#8221;1.2em&#8221; background_color=&#8221;rgba(255,255,255,0)&#8221; custom_margin=&#8221;|||8px|false|false&#8221; custom_padding=&#8221;8px||16px|4px|false|false&#8221; border_width_all=&#8221;0px&#8221; global_colors_info=&#8221;{}&#8221;]<\/p>\n<p style=\"text-align: justify;\"><strong>A culpa \u00e9 do vestido? : Desafio das mulheres no s\u00e9c. XXI<\/strong><br \/>&#8220;Uma conversa que decorrer\u00e1 presencialmente na Junta de freguesia de Del\u00e3es no dia 12 de Mar\u00e7o \u00e0s 16h mas que tamb\u00e9m ser\u00e1 transmitido online para que todos possam participar e dar o seu contributo.<br \/>Este debate \u00e9 webinar tem como principal intuito falar dos desafios que enfrentamos diariamente quer no nosso meio laboral quer no nosso dia a dia. A igualdade de g\u00e9nero \u00e9 um tema que est\u00e1 sempre na ordem do dia e por isso decidimos que nada melhor do que convidar oradoras da nossa terra que t\u00eam trabalhos ou atividades mais facilmente atribu\u00eddas a homens e solicitar para que nos contem como \u00e9 ser mulher atualmente. &#8220;<\/p>\n<p><strong>Dia:<\/strong> 12\/03\/2022 | <strong>Hora:<\/strong> 4:00:00 PM<\/p>\n<p><strong>Online:<\/strong> <a href=\"https:\/\/www.facebook.com\/junta.freguesia.delaes\" target=\"_blank\" rel=\"noopener\">www.facebook.com\/junta.freguesia.delaes<\/a><\/p>\n<p>[\/et_pb_toggle][\/et_pb_column][et_pb_column type=&#8221;1_4&#8243; _builder_version=&#8221;4.13.0&#8243; _module_preset=&#8221;default&#8221; background_color=&#8221;#ffffff&#8221; border_radii=&#8221;on|12px|12px|12px|12px&#8221; global_colors_info=&#8221;{}&#8221;][et_pb_text _builder_version=&#8221;4.13.0&#8243; _module_preset=&#8221;default&#8221; text_font=&#8221;Montserrat||||||||&#8221; text_font_size=&#8221;12px&#8221; text_line_height=&#8221;1.2em&#8221; custom_margin=&#8221;16px|12px|8px|12px|false|false&#8221; global_colors_info=&#8221;{}&#8221;]<\/p>\n<p><span style=\"font-size: medium; color: #c18934;\"><strong>Vila Nova de Famalic\u00e3o<\/strong><\/span><\/p>\n<p><strong>Entidade promotora:<\/strong><br \/>PSI-ON Associa\u00e7\u00e3o<\/p>\n<p><strong>Iniciativa | Atividade:<\/strong><br \/>#N\u00e3o Est\u00e1 S\u00f3 &#8211; Iniciativa de sensibiliza\u00e7\u00e3o com o Futebol Clube de Famalic\u00e3o<\/p>\n<p>[\/et_pb_text][et_pb_toggle title=&#8221;Informa\u00e7\u00f5es&#8221; closed_toggle_text_color=&#8221;#759fdb&#8221; icon_color=&#8221;#e22685&#8243; toggle_icon=&#8221;&#xe03a;||divi||400&#8243; use_icon_font_size=&#8221;on&#8221; icon_font_size=&#8221;23px&#8221; _builder_version=&#8221;4.13.0&#8243; _module_preset=&#8221;default&#8221; title_font=&#8221;Montserrat|700|||||||&#8221; title_font_size=&#8221;13px&#8221; body_font=&#8221;Montserrat||||||||&#8221; body_font_size=&#8221;11px&#8221; body_line_height=&#8221;1.2em&#8221; background_color=&#8221;rgba(255,255,255,0)&#8221; custom_margin=&#8221;|||8px|false|false&#8221; custom_padding=&#8221;8px||16px|4px|false|false&#8221; border_width_all=&#8221;0px&#8221; global_colors_info=&#8221;{}&#8221;]<\/p>\n<p style=\"text-align: justify;\"><strong>#N\u00e3o Est\u00e1 S\u00f3 &#8211; Iniciativa de sensibiliza\u00e7\u00e3o com o Futebol Clube de Famalic\u00e3o<\/strong><br \/>A\u00e7\u00e3o de sensibiliza\u00e7\u00e3o para divulga\u00e7\u00e3o da Unidade de Apoio \u00e0 V\u00edtima de Viol\u00eancia Dom\u00e9stica e combate \u00e0 viol\u00eancia de g\u00e9nero e dom\u00e9stica.<\/p>\n<p><strong>Dia:<\/strong> 07\/03\/2022 | <strong>Hora:<\/strong> 2:00:00 PM<\/p>\n<p><strong>Online:<\/strong> <a href=\"https:\/\/www.facebook.com\/UAVVD.V.N.Famalicao\" target=\"_blank\" rel=\"noopener\">https:\/\/www.facebook.com\/UAVVD.V.N.Famalicao<\/a> | <a href=\"https:\/\/www.facebook.com\/FCFamalicao\" target=\"_blank\" rel=\"noopener\">https:\/\/www.facebook.com\/FCFamalicao<\/a><\/p>\n<p>[\/et_pb_toggle][\/et_pb_column][\/et_pb_row][et_pb_row column_structure=&#8221;1_4,1_4,1_4,1_4&#8243; use_custom_gutter=&#8221;on&#8221; gutter_width=&#8221;2&#8243; make_equal=&#8221;on&#8221; _builder_version=&#8221;4.13.0&#8243; _module_preset=&#8221;default&#8221; background_color=&#8221;rgba(255,255,255,0)&#8221; custom_margin=&#8221;||0px||false|false&#8221; custom_padding=&#8221;25px||0px||false|false&#8221; locked=&#8221;off&#8221; global_colors_info=&#8221;{}&#8221;][et_pb_column type=&#8221;1_4&#8243; _builder_version=&#8221;4.13.0&#8243; _module_preset=&#8221;default&#8221; background_color=&#8221;#FFFFFF&#8221; border_radii=&#8221;on|12px|12px|12px|12px&#8221; global_colors_info=&#8221;{}&#8221;][et_pb_text _builder_version=&#8221;4.13.0&#8243; _module_preset=&#8221;default&#8221; text_font=&#8221;Montserrat||||||||&#8221; text_font_size=&#8221;12px&#8221; text_line_height=&#8221;1.2em&#8221; custom_margin=&#8221;16px|12px|8px|12px|false|false&#8221; global_colors_info=&#8221;{}&#8221;]<\/p>\n<p><span style=\"font-size: medium; color: #c18934;\"><strong>Braga<\/strong><\/span><\/p>\n<p><strong>Entidade promotora:<\/strong><br \/><span>UMAR Braga<\/span><\/p>\n<p><strong>Iniciativa | Atividade:<\/strong><br \/><span>8 de mar\u00e7o 2022 \u2014 UMAR Braga em parceria com RUM <\/span><\/p>\n<p>[\/et_pb_text][et_pb_toggle title=&#8221;Informa\u00e7\u00f5es&#8221; closed_toggle_text_color=&#8221;#759fdb&#8221; icon_color=&#8221;#e22685&#8243; toggle_icon=&#8221;&#xe03a;||divi||400&#8243; use_icon_font_size=&#8221;on&#8221; icon_font_size=&#8221;23px&#8221; _builder_version=&#8221;4.13.0&#8243; _module_preset=&#8221;default&#8221; title_font=&#8221;Montserrat|700|||||||&#8221; title_font_size=&#8221;13px&#8221; body_font=&#8221;Montserrat||||||||&#8221; body_font_size=&#8221;11px&#8221; body_line_height=&#8221;1.2em&#8221; background_color=&#8221;rgba(255,255,255,0)&#8221; custom_margin=&#8221;|||8px|false|false&#8221; custom_padding=&#8221;8px||16px|4px|false|false&#8221; border_width_all=&#8221;0px&#8221; global_colors_info=&#8221;{}&#8221;]<\/p>\n<p style=\"text-align: justify;\"><span>O n\u00facleo de Braga da UMAR \u2013 Uni\u00e3o de Mulheres Alternativa e Resposta de Braga junta-se \u00e0 RUM \u2013 R\u00e1dio Universit\u00e1ria do Minho para assinalar o dia 8 de mar\u00e7o. Compusemos uma pe\u00e7a em formato audio composta por quatro blocos onde se aborda: a import\u00e2ncia de assinalar o dia 8 de mar\u00e7o; o direito \u00e0 sexualidade; a import\u00e2ncia do trabalho de cuidado e o sexismo no meio acad\u00e9mico atrav\u00e9s do testemunho e interpreta\u00e7\u00e3o de v\u00e1rias mulheres. Cada bloco ser\u00e1 transmitido na RUM ao longo do dia 8 de mar\u00e7o e posteriormente a pe\u00e7a ficar\u00e1 dispon\u00edvel no site da RUM e na p\u00e1gina Instagram da UMAR Braga.<\/span><\/p>\n<p><strong>Dia:<\/strong> 08\/03\/2022 | <strong>Hora:<\/strong>10:00:00<\/p>\n<p>&nbsp;<\/p>\n<p>[\/et_pb_toggle][\/et_pb_column][et_pb_column type=&#8221;1_4&#8243; _builder_version=&#8221;4.13.0&#8243; _module_preset=&#8221;default&#8221; global_colors_info=&#8221;{}&#8221;][\/et_pb_column][et_pb_column type=&#8221;1_4&#8243; _builder_version=&#8221;4.13.0&#8243; _module_preset=&#8221;default&#8221; global_colors_info=&#8221;{}&#8221;][\/et_pb_column][et_pb_column type=&#8221;1_4&#8243; _builder_version=&#8221;4.13.0&#8243; _module_preset=&#8221;default&#8221; global_colors_info=&#8221;{}&#8221;][\/et_pb_column][\/et_pb_row][et_pb_row admin_label=&#8221;Castelo Branco&#8221; _builder_version=&#8221;4.13.0&#8243; _module_preset=&#8221;default&#8221; background_color=&#8221;#03989e&#8221; custom_margin=&#8221;24px||0px||false|false&#8221; custom_padding=&#8221;16px||16px||false|false&#8221; border_radii=&#8221;on|12px|12px|12px|12px&#8221; locked=&#8221;off&#8221; global_colors_info=&#8221;{}&#8221;][et_pb_column type=&#8221;4_4&#8243; _builder_version=&#8221;4.13.0&#8243; _module_preset=&#8221;default&#8221; global_colors_info=&#8221;{}&#8221;][et_pb_text _builder_version=&#8221;4.13.0&#8243; _module_preset=&#8221;default&#8221; text_font=&#8221;Montserrat|700|||||||&#8221; text_text_color=&#8221;#FFFFFF&#8221; text_font_size=&#8221;16px&#8221; text_letter_spacing=&#8221;1px&#8221; custom_margin=&#8221;2px||0px|20px|false|false&#8221; custom_padding=&#8221;6px||2px||false|false&#8221; global_colors_info=&#8221;{}&#8221;]<\/p>\n<p><span style=\"color: #f3d9da;\">Distrito: <\/span><span style=\"font-size: xx-large;\">Castelo Branco<\/span><\/p>\n<p>[\/et_pb_text][\/et_pb_column][\/et_pb_row][et_pb_row column_structure=&#8221;1_4,1_4,1_4,1_4&#8243; use_custom_gutter=&#8221;on&#8221; gutter_width=&#8221;2&#8243; make_equal=&#8221;on&#8221; _builder_version=&#8221;4.13.0&#8243; _module_preset=&#8221;default&#8221; background_color=&#8221;rgba(255,255,255,0)&#8221; custom_margin=&#8221;||0px||false|false&#8221; custom_padding=&#8221;||0px||false|false&#8221; locked=&#8221;off&#8221; global_colors_info=&#8221;{}&#8221;][et_pb_column type=&#8221;1_4&#8243; _builder_version=&#8221;4.13.0&#8243; _module_preset=&#8221;default&#8221; background_color=&#8221;#FFFFFF&#8221; border_radii=&#8221;on|12px|12px|12px|12px&#8221; global_colors_info=&#8221;{}&#8221;][et_pb_text _builder_version=&#8221;4.13.0&#8243; _module_preset=&#8221;default&#8221; text_font=&#8221;Montserrat||||||||&#8221; text_font_size=&#8221;12px&#8221; text_line_height=&#8221;1.2em&#8221; custom_margin=&#8221;16px|12px|8px|12px|false|false&#8221; global_colors_info=&#8221;{}&#8221;]<\/p>\n<p><span style=\"font-size: medium; color: #c18934;\"><strong>Covilh\u00e3<\/strong><\/span><\/p>\n<p><strong>Entidade promotora:<\/strong><br \/>CooLabora &#8211; Interven\u00e7\u00e3o Social<\/p>\n<p><strong>Iniciativa | Atividade:<\/strong><br \/>Desafiando as desigualdades: Roda de Conversa e Campanha de rua com mensagens feministas<\/p>\n<p>[\/et_pb_text][et_pb_toggle title=&#8221;Informa\u00e7\u00f5es&#8221; closed_toggle_text_color=&#8221;#759fdb&#8221; icon_color=&#8221;#e22685&#8243; toggle_icon=&#8221;&#xe03a;||divi||400&#8243; use_icon_font_size=&#8221;on&#8221; icon_font_size=&#8221;23px&#8221; _builder_version=&#8221;4.13.0&#8243; _module_preset=&#8221;default&#8221; title_font=&#8221;Montserrat|700|||||||&#8221; title_font_size=&#8221;13px&#8221; body_font=&#8221;Montserrat||||||||&#8221; body_font_size=&#8221;11px&#8221; body_line_height=&#8221;1.2em&#8221; background_color=&#8221;rgba(255,255,255,0)&#8221; custom_margin=&#8221;|||8px|false|false&#8221; custom_padding=&#8221;8px||16px|4px|false|false&#8221; border_width_all=&#8221;0px&#8221; global_colors_info=&#8221;{}&#8221;]<\/p>\n<p><strong>Desafiando as desigualdades: Roda de Conversa e Campanha de rua com mensagens feministas<\/strong><br \/>A CooLabora mobilizou cerca de uma dezena de jovens, rapazes e raparigas, para assinalar o Dia Internacional das Mulheres com uma roda de conversa que conta com 5 desafiador@s e abordam temas t\u00e3o diversos como a comunica\u00e7\u00e3o social e a IG, a m\u00e3o invis\u00edvel da economia, IG e universidade, etc. Para al\u00e9m disso, este grupo de jovens concebeu uma campanha de 200 cartazes feitos \u00e0 m\u00e3o com mensagens feministas que invadir\u00e1 a cidade da Covilh\u00e3 no dia 8 de Mar\u00e7o.<\/p>\n<p><strong>Dia:<\/strong> 08\/03\/2022 | <strong>Hora:<\/strong> 9:00:00 PM<\/p>\n<p><strong>Online: <\/strong><a href=\"https:\/\/www.facebook.com\/events\/635719547395180?ref=newsfeed\" target=\"_blank\" rel=\"noopener\">https:\/\/www.facebook.com\/events\/635719547395180?ref=newsfeed<\/a><\/p>\n<p>[\/et_pb_toggle][\/et_pb_column][et_pb_column type=&#8221;1_4&#8243; _builder_version=&#8221;4.13.0&#8243; _module_preset=&#8221;default&#8221; background_color=&#8221;#ffffff&#8221; border_radii=&#8221;on|12px|12px|12px|12px&#8221; global_colors_info=&#8221;{}&#8221;][et_pb_text _builder_version=&#8221;4.13.0&#8243; _module_preset=&#8221;default&#8221; text_font=&#8221;Montserrat||||||||&#8221; text_font_size=&#8221;12px&#8221; text_line_height=&#8221;1.2em&#8221; custom_margin=&#8221;16px|12px|8px|12px|false|false&#8221; global_colors_info=&#8221;{}&#8221;]<\/p>\n<p><span style=\"font-size: medium; color: #c18934;\"><strong>Castelo Branco<\/strong><\/span><\/p>\n<p><strong>Entidade promotora:<\/strong><br \/>Amato Lusitano &#8211; Associa\u00e7\u00e3o de Desenvolvimento<\/p>\n<p><strong>Iniciativa | Atividade:<\/strong><br \/>Cidade Mais Igual\u2026Valorizar As Mulheres Que Admiramos!<\/p>\n<p>[\/et_pb_text][et_pb_toggle title=&#8221;Informa\u00e7\u00f5es&#8221; closed_toggle_text_color=&#8221;#759fdb&#8221; icon_color=&#8221;#e22685&#8243; toggle_icon=&#8221;&#xe03a;||divi||400&#8243; use_icon_font_size=&#8221;on&#8221; icon_font_size=&#8221;23px&#8221; _builder_version=&#8221;4.13.0&#8243; _module_preset=&#8221;default&#8221; title_font=&#8221;Montserrat|700|||||||&#8221; title_font_size=&#8221;13px&#8221; body_font=&#8221;Montserrat||||||||&#8221; body_font_size=&#8221;11px&#8221; body_line_height=&#8221;1.2em&#8221; background_color=&#8221;rgba(255,255,255,0)&#8221; custom_margin=&#8221;|||8px|false|false&#8221; custom_padding=&#8221;8px||16px|4px|false|false&#8221; border_width_all=&#8221;0px&#8221; global_colors_info=&#8221;{}&#8221;]<\/p>\n<p style=\"text-align: justify;\"><strong>Cidade Mais Igual\u2026Valorizar As Mulheres Que Admiramos!<\/strong><br \/>A Estrutura de Atendimento a V\u00edtimas de Viol\u00eancia Dom\u00e9stica de Castelo Branco | EAVVD \u2013 CB, lan\u00e7ou um desafio ao munic\u00edpio de Castelo Branco, de forma a envolver a comunidade albicastrenses, na escolha de um nome para ser atribu\u00eddo a futuras ruas, jardins e\/ou espa\u00e7os p\u00fablicos em Castelo Branco. Realizou-se um question\u00e1rio que comtemplou v\u00e1rias figuras femininas onde esteve explanado o contributo que as mesmas deram ao longo dos anos em termos de igualdade.<br \/>Com base nestes resultados foram desenhados tr\u00eas prot\u00f3tipos de placas topon\u00edmicas exemplificativas das que ser\u00e3o afixadas em edifica\u00e7\u00f5es p\u00fablicas, que poder\u00e3o ser consultadas nas redes sociais da Amato Lusitano \u2013 Associa\u00e7\u00e3o de Desenvolvimento.<\/p>\n<p><strong>Dia:<\/strong> 08\/03\/2022 | <strong>Hora:<\/strong> 10:30:00 AM<\/p>\n<p><strong>Online: <\/strong><a href=\"https:\/\/pt-pt.facebook.com\/amatolusitano\" target=\"_blank\" rel=\"noopener\">https:\/\/pt-pt.facebook.com\/amatolusitano<\/a><\/p>\n<p>[\/et_pb_toggle][\/et_pb_column][et_pb_column type=&#8221;1_4&#8243; _builder_version=&#8221;4.13.0&#8243; _module_preset=&#8221;default&#8221; background_color=&#8221;#FFFFFF&#8221; border_radii=&#8221;on|12px|12px|12px|12px&#8221; global_colors_info=&#8221;{}&#8221;][et_pb_text _builder_version=&#8221;4.13.0&#8243; _module_preset=&#8221;default&#8221; text_font=&#8221;Montserrat||||||||&#8221; text_font_size=&#8221;12px&#8221; text_line_height=&#8221;1.2em&#8221; custom_margin=&#8221;16px|12px|8px|12px|false|false&#8221; global_colors_info=&#8221;{}&#8221;]<\/p>\n<p><span style=\"font-size: medium; color: #c18934;\"><strong>Fund\u00e3o<\/strong><\/span><\/p>\n<p><strong>Entidade promotora:<\/strong><br \/><span>Munic\u00edpio do Fund\u00e3o<\/span><\/p>\n<p><strong>Iniciativa | Atividade:<\/strong><br \/><span>We, Women | W2 \/ Somos Mulheres<\/span><\/p>\n<p>[\/et_pb_text][et_pb_toggle title=&#8221;Informa\u00e7\u00f5es&#8221; closed_toggle_text_color=&#8221;#759fdb&#8221; icon_color=&#8221;#e22685&#8243; toggle_icon=&#8221;&#xe03a;||divi||400&#8243; use_icon_font_size=&#8221;on&#8221; icon_font_size=&#8221;23px&#8221; _builder_version=&#8221;4.13.0&#8243; _module_preset=&#8221;default&#8221; title_font=&#8221;Montserrat|700|||||||&#8221; title_font_size=&#8221;13px&#8221; body_font=&#8221;Montserrat||||||||&#8221; body_font_size=&#8221;11px&#8221; body_line_height=&#8221;1.2em&#8221; background_color=&#8221;rgba(255,255,255,0)&#8221; custom_margin=&#8221;|||8px|false|false&#8221; custom_padding=&#8221;8px||16px|4px|false|false&#8221; border_width_all=&#8221;0px&#8221; global_colors_info=&#8221;{}&#8221;]<\/p>\n<p style=\"text-align: justify;\"><span>Din\u00e2mica realizada com mulheres, com recurso fotografia e debate\/conversa<\/span><\/p>\n<p><strong>Dia:<\/strong> 08\/03\/2022 | <strong>Hora:<\/strong> 14:30:00 AM<\/p>\n<p><strong>Local:<\/strong>Na pra\u00e7a do Munic\u00edpio e\/ou Oct\u00f3gono<\/p>\n<p>[\/et_pb_toggle][\/et_pb_column][et_pb_column type=&#8221;1_4&#8243; _builder_version=&#8221;4.13.0&#8243; _module_preset=&#8221;default&#8221; background_color=&#8221;#ffffff&#8221; border_radii=&#8221;on|12px|12px|12px|12px&#8221; global_colors_info=&#8221;{}&#8221;][et_pb_text _builder_version=&#8221;4.13.0&#8243; _module_preset=&#8221;default&#8221; text_font=&#8221;Montserrat||||||||&#8221; text_font_size=&#8221;12px&#8221; text_line_height=&#8221;1.2em&#8221; custom_margin=&#8221;16px|12px|8px|12px|false|false&#8221; global_colors_info=&#8221;{}&#8221;]<\/p>\n<p><span style=\"font-size: medium; color: #c18934;\"><strong>Vila Velha de R\u00f3d\u00e3o<\/strong><\/span><\/p>\n<p><strong>Entidade promotora:<\/strong><br \/>C\u00e2mara Municipal de Vila Velha de R\u00f3d\u00e3o, CLDS 4G de Vila Velha de R\u00f3d\u00e3o, Junta de Freguesia de Vila Velha de R\u00f3d\u00e3o, Junta de Freguesia de Fratel, Junta de Freguesia de Perais e Junta de Freguesia de Sarnadas de R\u00f3d\u00e3o<\/p>\n<p><strong>Iniciativa | Atividade:<\/strong><br \/>Dia Internacional da Mulher &#8211; Volta pelas Aldeias<\/p>\n<p>[\/et_pb_text][et_pb_toggle title=&#8221;Informa\u00e7\u00f5es&#8221; closed_toggle_text_color=&#8221;#759fdb&#8221; icon_color=&#8221;#e22685&#8243; toggle_icon=&#8221;&#xe03a;||divi||400&#8243; use_icon_font_size=&#8221;on&#8221; icon_font_size=&#8221;23px&#8221; _builder_version=&#8221;4.13.0&#8243; _module_preset=&#8221;default&#8221; title_font=&#8221;Montserrat|700|||||||&#8221; title_font_size=&#8221;13px&#8221; body_font=&#8221;Montserrat||||||||&#8221; body_font_size=&#8221;11px&#8221; body_line_height=&#8221;1.2em&#8221; background_color=&#8221;rgba(255,255,255,0)&#8221; custom_margin=&#8221;|||8px|false|false&#8221; custom_padding=&#8221;8px||16px|4px|false|false&#8221; border_width_all=&#8221;0px&#8221; global_colors_info=&#8221;{}&#8221;]<\/p>\n<p><strong>Dia Internacional da Mulher &#8211; Volta pelas Aldeias<\/strong><br \/>Vamos distribuir lembran\u00e7as a todas as senhoras que estejam presentes nas Associa\u00e7\u00f5es do Concelho com o intuito de dinamizar o Associativismo e lembrar o Dia Internacional da Mulher. Esta iniciativa vai ser feita ao longo da semana, para conseguirmos chegar a todo o concelho<\/p>\n<p><strong>Dia:<\/strong> 07\/03\/2022 | <strong>Hora:<\/strong> 9:30:00 AM<\/p>\n<p><strong>Online: <\/strong><a href=\"https:\/\/www.cm-vvrodao.pt\/\" target=\"_blank\" rel=\"noopener\">https:\/\/www.cm-vvrodao.pt\/<\/a><\/p>\n<p>[\/et_pb_toggle][\/et_pb_column][\/et_pb_row][et_pb_row column_structure=&#8221;1_4,1_4,1_4,1_4&#8243; use_custom_gutter=&#8221;on&#8221; gutter_width=&#8221;2&#8243; make_equal=&#8221;on&#8221; _builder_version=&#8221;4.13.0&#8243; _module_preset=&#8221;default&#8221; background_color=&#8221;rgba(255,255,255,0)&#8221; custom_margin=&#8221;||0px||false|false&#8221; custom_padding=&#8221;||0px||false|false&#8221; locked=&#8221;off&#8221; global_colors_info=&#8221;{}&#8221;][et_pb_column type=&#8221;1_4&#8243; _builder_version=&#8221;4.13.0&#8243; _module_preset=&#8221;default&#8221; background_color=&#8221;#FFFFFF&#8221; border_radii=&#8221;on|12px|12px|12px|12px&#8221; global_colors_info=&#8221;{}&#8221;][et_pb_text _builder_version=&#8221;4.13.0&#8243; _module_preset=&#8221;default&#8221; text_font=&#8221;Montserrat||||||||&#8221; text_font_size=&#8221;12px&#8221; text_line_height=&#8221;1.2em&#8221; custom_margin=&#8221;16px|12px|8px|12px|false|false&#8221; global_colors_info=&#8221;{}&#8221;]<\/p>\n<p><span style=\"font-size: medium; color: #c18934;\"><strong>Vila de Rei<\/strong><\/span><\/p>\n<p><strong>Entidade promotora:<\/strong><br \/>C\u00e2mara Municipal de Vila de Rei<\/p>\n<p><strong>Iniciativa | Atividade:<\/strong><br \/>Homenagem \u00e0 MULHER<\/p>\n<p>[\/et_pb_text][et_pb_toggle title=&#8221;Informa\u00e7\u00f5es&#8221; closed_toggle_text_color=&#8221;#759fdb&#8221; icon_color=&#8221;#e22685&#8243; toggle_icon=&#8221;&#xe03a;||divi||400&#8243; use_icon_font_size=&#8221;on&#8221; icon_font_size=&#8221;23px&#8221; _builder_version=&#8221;4.13.0&#8243; _module_preset=&#8221;default&#8221; title_font=&#8221;Montserrat|700|||||||&#8221; title_font_size=&#8221;13px&#8221; body_font=&#8221;Montserrat||||||||&#8221; body_font_size=&#8221;11px&#8221; body_line_height=&#8221;1.2em&#8221; background_color=&#8221;rgba(255,255,255,0)&#8221; custom_margin=&#8221;|||8px|false|false&#8221; custom_padding=&#8221;8px||16px|4px|false|false&#8221; border_width_all=&#8221;0px&#8221; global_colors_info=&#8221;{}&#8221;]<\/p>\n<p style=\"text-align: justify;\"><strong>Homenagem \u00e0 MULHER<\/strong><br \/>Entrega de lembran\u00e7a a todas as mulheres do concelho de Vila de Rei, com mensagem alusiva \u00e0 data.<\/p>\n<p><strong>Dia:<\/strong> 08\/03\/2022 | <strong>Hora:<\/strong> 9:00:00 AM<\/p>\n<p>[\/et_pb_toggle][\/et_pb_column][et_pb_column type=&#8221;1_4&#8243; _builder_version=&#8221;4.13.0&#8243; _module_preset=&#8221;default&#8221; background_color=&#8221;rgba(255,255,255,0)&#8221; border_radii=&#8221;on|12px|12px|12px|12px&#8221; global_colors_info=&#8221;{}&#8221;][\/et_pb_column][et_pb_column type=&#8221;1_4&#8243; _builder_version=&#8221;4.13.0&#8243; _module_preset=&#8221;default&#8221; background_color=&#8221;rgba(255,255,255,0)&#8221; border_radii=&#8221;on|12px|12px|12px|12px&#8221; global_colors_info=&#8221;{}&#8221;][\/et_pb_column][et_pb_column type=&#8221;1_4&#8243; _builder_version=&#8221;4.13.0&#8243; _module_preset=&#8221;default&#8221; background_color=&#8221;rgba(255,255,255,0)&#8221; border_radii=&#8221;on|12px|12px|12px|12px&#8221; global_colors_info=&#8221;{}&#8221;][\/et_pb_column][\/et_pb_row][et_pb_row admin_label=&#8221;coimbra&#8221; _builder_version=&#8221;4.13.0&#8243; _module_preset=&#8221;default&#8221; background_color=&#8221;#03989e&#8221; custom_margin=&#8221;24px||0px||false|false&#8221; custom_padding=&#8221;16px||16px||false|false&#8221; border_radii=&#8221;on|12px|12px|12px|12px&#8221; global_colors_info=&#8221;{}&#8221;][et_pb_column type=&#8221;4_4&#8243; _builder_version=&#8221;4.13.0&#8243; _module_preset=&#8221;default&#8221; global_colors_info=&#8221;{}&#8221;][et_pb_text admin_label=&#8221;Coimbra&#8221; _builder_version=&#8221;4.13.0&#8243; _module_preset=&#8221;default&#8221; text_font=&#8221;Montserrat|700|||||||&#8221; text_text_color=&#8221;#FFFFFF&#8221; text_font_size=&#8221;16px&#8221; text_letter_spacing=&#8221;1px&#8221; custom_margin=&#8221;2px||0px|20px|false|false&#8221; custom_padding=&#8221;6px||2px||false|false&#8221; global_colors_info=&#8221;{}&#8221;]<\/p>\n<p><span style=\"color: #f3d9da;\">Distrito: <\/span><span style=\"font-size: xx-large;\">Coimbra<\/span><\/p>\n<p>[\/et_pb_text][\/et_pb_column][\/et_pb_row][et_pb_row column_structure=&#8221;1_4,1_4,1_4,1_4&#8243; use_custom_gutter=&#8221;on&#8221; gutter_width=&#8221;2&#8243; make_equal=&#8221;on&#8221; _builder_version=&#8221;4.13.0&#8243; _module_preset=&#8221;default&#8221; background_color=&#8221;rgba(255,255,255,0)&#8221; custom_margin=&#8221;||0px||false|false&#8221; custom_padding=&#8221;||0px||false|false&#8221; locked=&#8221;off&#8221; global_colors_info=&#8221;{}&#8221;][et_pb_column type=&#8221;1_4&#8243; _builder_version=&#8221;4.13.0&#8243; _module_preset=&#8221;default&#8221; background_color=&#8221;#FFFFFF&#8221; border_radii=&#8221;on|12px|12px|12px|12px&#8221; global_colors_info=&#8221;{}&#8221;][et_pb_text _builder_version=&#8221;4.13.0&#8243; _module_preset=&#8221;default&#8221; text_font=&#8221;Montserrat||||||||&#8221; text_font_size=&#8221;12px&#8221; text_line_height=&#8221;1.2em&#8221; custom_margin=&#8221;16px|12px|8px|12px|false|false&#8221; global_colors_info=&#8221;{}&#8221;]<\/p>\n<p><span style=\"font-size: medium; color: #c18934;\"><strong>Coimbra<\/strong><\/span><\/p>\n<p><strong>Entidade promotora:<\/strong><br \/>Casa da Esquina<\/p>\n<p><strong>Iniciativa | Atividade:<\/strong><br \/>Gloss\u00e1rio Feminista Ilustrado<\/p>\n<p>[\/et_pb_text][et_pb_toggle title=&#8221;Informa\u00e7\u00f5es&#8221; closed_toggle_text_color=&#8221;#759fdb&#8221; icon_color=&#8221;#e22685&#8243; toggle_icon=&#8221;&#xe03a;||divi||400&#8243; use_icon_font_size=&#8221;on&#8221; icon_font_size=&#8221;23px&#8221; content_tablet=&#8221;<\/p>\n<p><img src=%22https:\/\/www.cig.gov.pt\/iniciativas-nacionais\/wp-content\/uploads\/2022\/03\/Marquise_GlossarioFeministaIlustrado_cartazWEB-212x300.png%22 width=%22212%22 height=%22300%22 alt=%22%22 class=%22wp-image-671 alignnone size-medium%22 \/>Descri\u00e7\u00e3o ou Sinopse:<\/p>\n<p style=%22text-align: justify;%22>QUANDO SE FALA EM G\u00c9NERO, EM FEMINISMO E EM CAUSAS DE JUSTI\u00c7A SOCIAL, POR VEZES TEMOS DIFICULDADE A ACOMPANHAR ESTAS CONVERSAS, OU PORQUE N\u00c3O CONHECEMOS AS PALAVRAS-CHAVE OU PORQUE PARECE TUDO DEMASIADO COMPLICADO. O GLOSS\u00c1RIO FEMINISTA ILUSTRADO SURGE COMO RESPOSTA A ESTE DESCONHECIMENTO, COM O OBJETIVO DE CRIAR UM GUIA INTRODUT\u00d3RIO QUE ABORDE ESTES TEMAS DE FORMA SIMPLES, CLARA E DESCONTRA\u00cdDA. COM ESTE GLOSS\u00c1RIO A TR\u00caS VOZES, O RESULTADO DA COLABORA\u00c7\u00c3O ENTRE AMARGO, BIAKOSTA E FILIPA NAMORADO (A CONVITE DA CASA DA ESQUINA), N\u00c3O PRETENDEMOS APRESENTAR RESPOSTAS DEFINITIVAS OU CRIAR UM MANUAL COMPREENSIVO A DETALHAR TODAS AS POSS\u00cdVEIS NUANCES DESTES TEMAS, MAS SIM COMBINAR BREVES DEFINI\u00c7\u00d5ES E ILUSTRA\u00c7\u00d5ES TEM\u00c1TICAS DE FORMA A CONSTRUIR UMA VIS\u00c3O GERAL DOS CONCEITOS QUE CONSIDERAMOS IMPORTANTES NO CONTEXTO DESTE MOMENTO E DESTE ESPA\u00c7O. O QUE NOS PROPOMOS A FAZER \u00c9 APENAS DAR O PONTO DE PARTIDA PARA QUE CADA PESSOA POSSA QUESTIONAR OS SEUS PR\u00d3PRIOS PRECONCEITOS INTERNALIZADOS E MAIS TARDE FAZER A SUA PR\u00d3PRIA PESQUISA MAIS APROFUNDADA. AT\u00c9 PORQUE N\u00c3O SOMOS ACAD\u00c9MICAS EM NENHUMA DESTAS \u00c1REAS, APENAS TR\u00caS PESSOAS INTERESSADAS QUE DECIDIRAM DESENHAR SOBRE ESTES TEMAS.<br \/>*O TEXTO DESTA EXPOSI\u00c7\u00c3O UTILIZA O SISTEMA DE LINGUAGEM DE G\u00c9NERO NEUTRO COM BASE NA LETRA E (EX.: TODOS TODES)<\/p>\n<p style=%22text-align: justify;%22>AMARGO<\/p>\n<p style=%22text-align: justify;%22>Amargo \u00e9 a Margo, que \u00e9 Margarida Ferreira. Ao longo dos anos, Margarida tem saltitado entre a ilustra\u00e7\u00e3o, a anima\u00e7\u00e3o, e a banda desenhada, na procura de ferramentas e processos para contar hist\u00f3rias. Gosta de criar a partir dos sentimentos, da amizade, do amor (e desamor), e \u00e9 movida a sestas e a sol.<\/p>\n<p style=%22text-align: justify;%22>BIAKOSTA<\/p>\n<p style=%22text-align: justify;%22>biakosta (tamb\u00e9m conhecida como Beatriz Costa) \u00e9 ilustradora, animadora e artista de BD. Gosta de usar palavras para falar sobre desenhos, e desenhos quando as palavras n\u00e3o chegam. Nasceu em Coimbra, em 1997, mas em 2022 encontra-se a tirar o mestrado de Comunica\u00e7\u00e3o Visual, em Estocolmo. Desde pequena que adora escrever e sonha um dia ter uma horta.<\/p>\n<p style=%22text-align: justify;%22>NAMORADO<\/p>\n<p style=%22text-align: justify;%22>Filipa Namorado \u00e9 uma ilustradora com forma\u00e7\u00e3o em design gr\u00e1fico cujo trabalho \u00e9 informado por moda, manga shoujo e literatura infantojuvenil de meados do s\u00e9c. XX. Namorado \u00e9 uma autoproclamada amante de com\u00e9dias rom\u00e2nticas e utilizadora ass\u00eddua de emojis e reside atualmente em Coimbra, Portugal, com um pequeno chihuahua traquina chamado Milu.<\/p>\n<p>Ficha art\u00edstica e t\u00e9cnica:<br \/>Coordena\u00e7\u00e3o: Sandra Alves<br \/>Ilustra\u00e7\u00e3o: Amargo, biakosta, filipa Namorado<br \/>Produ\u00e7\u00e3o Casa da Esquina<br \/>design: joana corker<br \/>Organiza\u00e7\u00e3o Casa da esquinA<br \/>Apoios: Rep\u00fablica portuguesa\/DGArtes, C\u00e2mara Municipal de Coimbra<\/p>\n<p>Casa da Esquina | Rua Aires de Campos n\u00ba6, 3000-014 Coimbra<\/p>\n<p><strong>Online:<\/strong> <a href=%22https:\/\/www.facebook.com\/casadaesquina\/posts\/355569939905647%22 data-et-target-link=%22_blank%22 rel=%22noopener%22>https:\/\/www.facebook.com\/casadaesquina\/posts\/355569939905647<\/a><\/p>\n<p>&#8221; content_phone=&#8221;<\/p>\n<p><img src=%22https:\/\/www.cig.gov.pt\/iniciativas-nacionais\/wp-content\/uploads\/2022\/03\/Marquise_GlossarioFeministaIlustrado_cartazWEB-212x300.png%22 width=%22212%22 height=%22300%22 alt=%22%22 class=%22wp-image-671 alignnone size-medium%22 \/>Descri\u00e7\u00e3o ou Sinopse:<\/p>\n<p style=%22text-align: justify;%22>QUANDO SE FALA EM G\u00c9NERO, EM FEMINISMO E EM CAUSAS DE JUSTI\u00c7A SOCIAL, POR VEZES TEMOS DIFICULDADE A ACOMPANHAR ESTAS CONVERSAS, OU PORQUE N\u00c3O CONHECEMOS AS PALAVRAS-CHAVE OU PORQUE PARECE TUDO DEMASIADO COMPLICADO. O GLOSS\u00c1RIO FEMINISTA ILUSTRADO SURGE COMO RESPOSTA A ESTE DESCONHECIMENTO, COM O OBJETIVO DE CRIAR UM GUIA INTRODUT\u00d3RIO QUE ABORDE ESTES TEMAS DE FORMA SIMPLES, CLARA E DESCONTRA\u00cdDA. COM ESTE GLOSS\u00c1RIO A TR\u00caS VOZES, O RESULTADO DA COLABORA\u00c7\u00c3O ENTRE AMARGO, BIAKOSTA E FILIPA NAMORADO (A CONVITE DA CASA DA ESQUINA), N\u00c3O PRETENDEMOS APRESENTAR RESPOSTAS DEFINITIVAS OU CRIAR UM MANUAL COMPREENSIVO A DETALHAR TODAS AS POSS\u00cdVEIS NUANCES DESTES TEMAS, MAS SIM COMBINAR BREVES DEFINI\u00c7\u00d5ES E ILUSTRA\u00c7\u00d5ES TEM\u00c1TICAS DE FORMA A CONSTRUIR UMA VIS\u00c3O GERAL DOS CONCEITOS QUE CONSIDERAMOS IMPORTANTES NO CONTEXTO DESTE MOMENTO E DESTE ESPA\u00c7O. O QUE NOS PROPOMOS A FAZER \u00c9 APENAS DAR O PONTO DE PARTIDA PARA QUE CADA PESSOA POSSA QUESTIONAR OS SEUS PR\u00d3PRIOS PRECONCEITOS INTERNALIZADOS E MAIS TARDE FAZER A SUA PR\u00d3PRIA PESQUISA MAIS APROFUNDADA. AT\u00c9 PORQUE N\u00c3O SOMOS ACAD\u00c9MICAS EM NENHUMA DESTAS \u00c1REAS, APENAS TR\u00caS PESSOAS INTERESSADAS QUE DECIDIRAM DESENHAR SOBRE ESTES TEMAS.<br \/>*O TEXTO DESTA EXPOSI\u00c7\u00c3O UTILIZA O SISTEMA DE LINGUAGEM DE G\u00c9NERO NEUTRO COM BASE NA LETRA E (EX.: TODOS TODES)<\/p>\n<p style=%22text-align: justify;%22>AMARGO<\/p>\n<p style=%22text-align: justify;%22>Amargo \u00e9 a Margo, que \u00e9 Margarida Ferreira. Ao longo dos anos, Margarida tem saltitado entre a ilustra\u00e7\u00e3o, a anima\u00e7\u00e3o, e a banda desenhada, na procura de ferramentas e processos para contar hist\u00f3rias. Gosta de criar a partir dos sentimentos, da amizade, do amor (e desamor), e \u00e9 movida a sestas e a sol.<\/p>\n<p style=%22text-align: justify;%22>BIAKOSTA<\/p>\n<p style=%22text-align: justify;%22>biakosta (tamb\u00e9m conhecida como Beatriz Costa) \u00e9 ilustradora, animadora e artista de BD. Gosta de usar palavras para falar sobre desenhos, e desenhos quando as palavras n\u00e3o chegam. Nasceu em Coimbra, em 1997, mas em 2022 encontra-se a tirar o mestrado de Comunica\u00e7\u00e3o Visual, em Estocolmo. Desde pequena que adora escrever e sonha um dia ter uma horta.<\/p>\n<p style=%22text-align: justify;%22>NAMORADO<\/p>\n<p style=%22text-align: justify;%22>Filipa Namorado \u00e9 uma ilustradora com forma\u00e7\u00e3o em design gr\u00e1fico cujo trabalho \u00e9 informado por moda, manga shoujo e literatura infantojuvenil de meados do s\u00e9c. XX. Namorado \u00e9 uma autoproclamada amante de com\u00e9dias rom\u00e2nticas e utilizadora ass\u00eddua de emojis e reside atualmente em Coimbra, Portugal, com um pequeno chihuahua traquina chamado Milu.<\/p>\n<p>Ficha art\u00edstica e t\u00e9cnica:<br \/>Coordena\u00e7\u00e3o: Sandra Alves<br \/>Ilustra\u00e7\u00e3o: Amargo, biakosta, filipa Namorado<br \/>Produ\u00e7\u00e3o Casa da Esquina<br \/>design: joana corker<br \/>Organiza\u00e7\u00e3o Casa da esquinA<br \/>Apoios: Rep\u00fablica portuguesa\/DGArtes, C\u00e2mara Municipal de Coimbra<\/p>\n<p>Casa da Esquina | Rua Aires de Campos n\u00ba6, 3000-014 Coimbra<\/p>\n<p><strong>Online:<\/strong> <a href=%22https:\/\/www.facebook.com\/casadaesquina\/posts\/355569939905647%22 data-et-target-link=%22_blank%22 rel=%22noopener%22>https:\/\/www.facebook.com\/casadaesquina\/posts\/355569939905647<\/a><\/p>\n<p>&#8221; content_last_edited=&#8221;on|desktop&#8221; _builder_version=&#8221;4.13.0&#8243; _module_preset=&#8221;default&#8221; title_font=&#8221;Montserrat|700|||||||&#8221; title_font_size=&#8221;13px&#8221; body_font=&#8221;Montserrat||||||||&#8221; body_font_size=&#8221;11px&#8221; body_line_height=&#8221;1.2em&#8221; background_color=&#8221;rgba(255,255,255,0)&#8221; custom_margin=&#8221;|||8px|false|false&#8221; custom_padding=&#8221;8px||16px|4px|false|false&#8221; border_width_all=&#8221;0px&#8221; global_colors_info=&#8221;{}&#8221;]<\/p>\n<p><img loading=\"lazy\" src=\"https:\/\/www.cig.gov.pt\/iniciativas-nacionais\/wp-content\/uploads\/2022\/03\/Marquise_GlossarioFeministaIlustrado_cartazWEB-212x300.png\" width=\"212\" height=\"300\" alt=\"\" class=\"wp-image-671 alignnone size-medium\" \/>Descri\u00e7\u00e3o ou Sinopse:<\/p>\n<p style=\"text-align: justify;\">QUANDO SE FALA EM G\u00c9NERO, EM FEMINISMO E EM CAUSAS DE JUSTI\u00c7A SOCIAL, POR VEZES TEMOS DIFICULDADE A ACOMPANHAR ESTAS CONVERSAS, OU PORQUE N\u00c3O CONHECEMOS AS PALAVRAS-CHAVE OU PORQUE PARECE TUDO DEMASIADO COMPLICADO. O GLOSS\u00c1RIO FEMINISTA ILUSTRADO SURGE COMO RESPOSTA A ESTE DESCONHECIMENTO, COM O OBJETIVO DE CRIAR UM GUIA INTRODUT\u00d3RIO QUE ABORDE ESTES TEMAS DE FORMA SIMPLES, CLARA E DESCONTRA\u00cdDA. COM ESTE GLOSS\u00c1RIO A TR\u00caS VOZES, O RESULTADO DA COLABORA\u00c7\u00c3O ENTRE AMARGO, BIAKOSTA E FILIPA NAMORADO (A CONVITE DA CASA DA ESQUINA), N\u00c3O PRETENDEMOS APRESENTAR RESPOSTAS DEFINITIVAS OU CRIAR UM MANUAL COMPREENSIVO A DETALHAR TODAS AS POSS\u00cdVEIS NUANCES DESTES TEMAS, MAS SIM COMBINAR BREVES DEFINI\u00c7\u00d5ES E ILUSTRA\u00c7\u00d5ES TEM\u00c1TICAS DE FORMA A CONSTRUIR UMA VIS\u00c3O GERAL DOS CONCEITOS QUE CONSIDERAMOS IMPORTANTES NO CONTEXTO DESTE MOMENTO E DESTE ESPA\u00c7O. O QUE NOS PROPOMOS A FAZER \u00c9 APENAS DAR O PONTO DE PARTIDA PARA QUE CADA PESSOA POSSA QUESTIONAR OS SEUS PR\u00d3PRIOS PRECONCEITOS INTERNALIZADOS E MAIS TARDE FAZER A SUA PR\u00d3PRIA PESQUISA MAIS APROFUNDADA. AT\u00c9 PORQUE N\u00c3O SOMOS ACAD\u00c9MICAS EM NENHUMA DESTAS \u00c1REAS, APENAS TR\u00caS PESSOAS INTERESSADAS QUE DECIDIRAM DESENHAR SOBRE ESTES TEMAS.<br \/>*O TEXTO DESTA EXPOSI\u00c7\u00c3O UTILIZA O SISTEMA DE LINGUAGEM DE G\u00c9NERO NEUTRO COM BASE NA LETRA E (EX.: TODOS TODES)<\/p>\n<p style=\"text-align: justify;\">AMARGO<\/p>\n<p style=\"text-align: justify;\">Amargo \u00e9 a Margo, que \u00e9 Margarida Ferreira. Ao longo dos anos, Margarida tem saltitado entre a ilustra\u00e7\u00e3o, a anima\u00e7\u00e3o, e a banda desenhada, na procura de ferramentas e processos para contar hist\u00f3rias. Gosta de criar a partir dos sentimentos, da amizade, do amor (e desamor), e \u00e9 movida a sestas e a sol.<\/p>\n<p style=\"text-align: justify;\">BIAKOSTA<\/p>\n<p style=\"text-align: justify;\">biakosta (tamb\u00e9m conhecida como Beatriz Costa) \u00e9 ilustradora, animadora e artista de BD. Gosta de usar palavras para falar sobre desenhos, e desenhos quando as palavras n\u00e3o chegam. Nasceu em Coimbra, em 1997, mas em 2022 encontra-se a tirar o mestrado de Comunica\u00e7\u00e3o Visual, em Estocolmo. Desde pequena que adora escrever e sonha um dia ter uma horta.<\/p>\n<p style=\"text-align: justify;\">NAMORADO<\/p>\n<p style=\"text-align: justify;\">Filipa Namorado \u00e9 uma ilustradora com forma\u00e7\u00e3o em design gr\u00e1fico cujo trabalho \u00e9 informado por moda, manga shoujo e literatura infantojuvenil de meados do s\u00e9c. XX. Namorado \u00e9 uma autoproclamada amante de com\u00e9dias rom\u00e2nticas e utilizadora ass\u00eddua de emojis e reside atualmente em Coimbra, Portugal, com um pequeno chihuahua traquina chamado Milu.<\/p>\n<p>Ficha art\u00edstica e t\u00e9cnica:<br \/>Coordena\u00e7\u00e3o: Sandra Alves<br \/>Ilustra\u00e7\u00e3o: Amargo, biakosta, filipa Namorado<br \/>Produ\u00e7\u00e3o Casa da Esquina<br \/>design: joana corker<br \/>Organiza\u00e7\u00e3o Casa da esquinA<br \/>Apoios: Rep\u00fablica portuguesa\/DGArtes, C\u00e2mara Municipal de Coimbra<\/p>\n<p>Casa da Esquina | Rua Aires de Campos n\u00ba6, 3000-014 Coimbra<\/p>\n<p><strong>Online:<\/strong> <a href=\"https:\/\/www.facebook.com\/casadaesquina\/posts\/355569939905647\" target=\"_blank\" rel=\"noopener\">https:\/\/www.facebook.com\/casadaesquina\/posts\/355569939905647<\/a><\/p>\n<p>[\/et_pb_toggle][\/et_pb_column][et_pb_column type=&#8221;1_4&#8243; _builder_version=&#8221;4.13.0&#8243; _module_preset=&#8221;default&#8221; background_color=&#8221;#FFFFFF&#8221; border_radii=&#8221;on|12px|12px|12px|12px&#8221; global_colors_info=&#8221;{}&#8221;][et_pb_text _builder_version=&#8221;4.13.0&#8243; _module_preset=&#8221;default&#8221; text_font=&#8221;Montserrat||||||||&#8221; text_font_size=&#8221;12px&#8221; text_line_height=&#8221;1.2em&#8221; custom_margin=&#8221;16px|12px|8px|12px|false|false&#8221; global_colors_info=&#8221;{}&#8221;]<\/p>\n<p><span style=\"font-size: medium; color: #c18934;\"><strong>Coimbra<\/strong><\/span><\/p>\n<p><strong>Entidade promotora:<\/strong><br \/>Plano Nacional das Artes<\/p>\n<p><strong>Iniciativa | Atividade:<\/strong><br \/>Arte e Hist\u00f3ria produzidas por mulheres.<\/p>\n<p>[\/et_pb_text][et_pb_toggle title=&#8221;Informa\u00e7\u00f5es&#8221; closed_toggle_text_color=&#8221;#759fdb&#8221; icon_color=&#8221;#e22685&#8243; toggle_icon=&#8221;&#xe03a;||divi||400&#8243; use_icon_font_size=&#8221;on&#8221; icon_font_size=&#8221;23px&#8221; content_tablet=&#8221;<\/p>\n<p><img src=%22https:\/\/www.cig.gov.pt\/iniciativas-nacionais\/wp-content\/uploads\/2022\/03\/Marquise_GlossarioFeministaIlustrado_cartazWEB-212x300.png%22 width=%22212%22 height=%22300%22 alt=%22%22 class=%22wp-image-671 alignnone size-medium%22 \/>Descri\u00e7\u00e3o ou Sinopse:<\/p>\n<p style=%22text-align: justify;%22>QUANDO SE FALA EM G\u00c9NERO, EM FEMINISMO E EM CAUSAS DE JUSTI\u00c7A SOCIAL, POR VEZES TEMOS DIFICULDADE A ACOMPANHAR ESTAS CONVERSAS, OU PORQUE N\u00c3O CONHECEMOS AS PALAVRAS-CHAVE OU PORQUE PARECE TUDO DEMASIADO COMPLICADO. O GLOSS\u00c1RIO FEMINISTA ILUSTRADO SURGE COMO RESPOSTA A ESTE DESCONHECIMENTO, COM O OBJETIVO DE CRIAR UM GUIA INTRODUT\u00d3RIO QUE ABORDE ESTES TEMAS DE FORMA SIMPLES, CLARA E DESCONTRA\u00cdDA. COM ESTE GLOSS\u00c1RIO A TR\u00caS VOZES, O RESULTADO DA COLABORA\u00c7\u00c3O ENTRE AMARGO, BIAKOSTA E FILIPA NAMORADO (A CONVITE DA CASA DA ESQUINA), N\u00c3O PRETENDEMOS APRESENTAR RESPOSTAS DEFINITIVAS OU CRIAR UM MANUAL COMPREENSIVO A DETALHAR TODAS AS POSS\u00cdVEIS NUANCES DESTES TEMAS, MAS SIM COMBINAR BREVES DEFINI\u00c7\u00d5ES E ILUSTRA\u00c7\u00d5ES TEM\u00c1TICAS DE FORMA A CONSTRUIR UMA VIS\u00c3O GERAL DOS CONCEITOS QUE CONSIDERAMOS IMPORTANTES NO CONTEXTO DESTE MOMENTO E DESTE ESPA\u00c7O. O QUE NOS PROPOMOS A FAZER \u00c9 APENAS DAR O PONTO DE PARTIDA PARA QUE CADA PESSOA POSSA QUESTIONAR OS SEUS PR\u00d3PRIOS PRECONCEITOS INTERNALIZADOS E MAIS TARDE FAZER A SUA PR\u00d3PRIA PESQUISA MAIS APROFUNDADA. AT\u00c9 PORQUE N\u00c3O SOMOS ACAD\u00c9MICAS EM NENHUMA DESTAS \u00c1REAS, APENAS TR\u00caS PESSOAS INTERESSADAS QUE DECIDIRAM DESENHAR SOBRE ESTES TEMAS.<br \/>*O TEXTO DESTA EXPOSI\u00c7\u00c3O UTILIZA O SISTEMA DE LINGUAGEM DE G\u00c9NERO NEUTRO COM BASE NA LETRA E (EX.: TODOS TODES)<\/p>\n<p style=%22text-align: justify;%22>AMARGO<\/p>\n<p style=%22text-align: justify;%22>Amargo \u00e9 a Margo, que \u00e9 Margarida Ferreira. Ao longo dos anos, Margarida tem saltitado entre a ilustra\u00e7\u00e3o, a anima\u00e7\u00e3o, e a banda desenhada, na procura de ferramentas e processos para contar hist\u00f3rias. Gosta de criar a partir dos sentimentos, da amizade, do amor (e desamor), e \u00e9 movida a sestas e a sol.<\/p>\n<p style=%22text-align: justify;%22>BIAKOSTA<\/p>\n<p style=%22text-align: justify;%22>biakosta (tamb\u00e9m conhecida como Beatriz Costa) \u00e9 ilustradora, animadora e artista de BD. Gosta de usar palavras para falar sobre desenhos, e desenhos quando as palavras n\u00e3o chegam. Nasceu em Coimbra, em 1997, mas em 2022 encontra-se a tirar o mestrado de Comunica\u00e7\u00e3o Visual, em Estocolmo. Desde pequena que adora escrever e sonha um dia ter uma horta.<\/p>\n<p style=%22text-align: justify;%22>NAMORADO<\/p>\n<p style=%22text-align: justify;%22>Filipa Namorado \u00e9 uma ilustradora com forma\u00e7\u00e3o em design gr\u00e1fico cujo trabalho \u00e9 informado por moda, manga shoujo e literatura infantojuvenil de meados do s\u00e9c. XX. Namorado \u00e9 uma autoproclamada amante de com\u00e9dias rom\u00e2nticas e utilizadora ass\u00eddua de emojis e reside atualmente em Coimbra, Portugal, com um pequeno chihuahua traquina chamado Milu.<\/p>\n<p>Ficha art\u00edstica e t\u00e9cnica:<br \/>Coordena\u00e7\u00e3o: Sandra Alves<br \/>Ilustra\u00e7\u00e3o: Amargo, biakosta, filipa Namorado<br \/>Produ\u00e7\u00e3o Casa da Esquina<br \/>design: joana corker<br \/>Organiza\u00e7\u00e3o Casa da esquinA<br \/>Apoios: Rep\u00fablica portuguesa\/DGArtes, C\u00e2mara Municipal de Coimbra<\/p>\n<p>Casa da Esquina | Rua Aires de Campos n\u00ba6, 3000-014 Coimbra<\/p>\n<p><strong>Online:<\/strong> <a href=%22https:\/\/www.facebook.com\/casadaesquina\/posts\/355569939905647%22 data-et-target-link=%22_blank%22 rel=%22noopener%22>https:\/\/www.facebook.com\/casadaesquina\/posts\/355569939905647<\/a><\/p>\n<p>&#8221; content_phone=&#8221;<\/p>\n<p><img src=%22https:\/\/www.cig.gov.pt\/iniciativas-nacionais\/wp-content\/uploads\/2022\/03\/Marquise_GlossarioFeministaIlustrado_cartazWEB-212x300.png%22 width=%22212%22 height=%22300%22 alt=%22%22 class=%22wp-image-671 alignnone size-medium%22 \/>Descri\u00e7\u00e3o ou Sinopse:<\/p>\n<p style=%22text-align: justify;%22>QUANDO SE FALA EM G\u00c9NERO, EM FEMINISMO E EM CAUSAS DE JUSTI\u00c7A SOCIAL, POR VEZES TEMOS DIFICULDADE A ACOMPANHAR ESTAS CONVERSAS, OU PORQUE N\u00c3O CONHECEMOS AS PALAVRAS-CHAVE OU PORQUE PARECE TUDO DEMASIADO COMPLICADO. O GLOSS\u00c1RIO FEMINISTA ILUSTRADO SURGE COMO RESPOSTA A ESTE DESCONHECIMENTO, COM O OBJETIVO DE CRIAR UM GUIA INTRODUT\u00d3RIO QUE ABORDE ESTES TEMAS DE FORMA SIMPLES, CLARA E DESCONTRA\u00cdDA. COM ESTE GLOSS\u00c1RIO A TR\u00caS VOZES, O RESULTADO DA COLABORA\u00c7\u00c3O ENTRE AMARGO, BIAKOSTA E FILIPA NAMORADO (A CONVITE DA CASA DA ESQUINA), N\u00c3O PRETENDEMOS APRESENTAR RESPOSTAS DEFINITIVAS OU CRIAR UM MANUAL COMPREENSIVO A DETALHAR TODAS AS POSS\u00cdVEIS NUANCES DESTES TEMAS, MAS SIM COMBINAR BREVES DEFINI\u00c7\u00d5ES E ILUSTRA\u00c7\u00d5ES TEM\u00c1TICAS DE FORMA A CONSTRUIR UMA VIS\u00c3O GERAL DOS CONCEITOS QUE CONSIDERAMOS IMPORTANTES NO CONTEXTO DESTE MOMENTO E DESTE ESPA\u00c7O. O QUE NOS PROPOMOS A FAZER \u00c9 APENAS DAR O PONTO DE PARTIDA PARA QUE CADA PESSOA POSSA QUESTIONAR OS SEUS PR\u00d3PRIOS PRECONCEITOS INTERNALIZADOS E MAIS TARDE FAZER A SUA PR\u00d3PRIA PESQUISA MAIS APROFUNDADA. AT\u00c9 PORQUE N\u00c3O SOMOS ACAD\u00c9MICAS EM NENHUMA DESTAS \u00c1REAS, APENAS TR\u00caS PESSOAS INTERESSADAS QUE DECIDIRAM DESENHAR SOBRE ESTES TEMAS.<br \/>*O TEXTO DESTA EXPOSI\u00c7\u00c3O UTILIZA O SISTEMA DE LINGUAGEM DE G\u00c9NERO NEUTRO COM BASE NA LETRA E (EX.: TODOS TODES)<\/p>\n<p style=%22text-align: justify;%22>AMARGO<\/p>\n<p style=%22text-align: justify;%22>Amargo \u00e9 a Margo, que \u00e9 Margarida Ferreira. Ao longo dos anos, Margarida tem saltitado entre a ilustra\u00e7\u00e3o, a anima\u00e7\u00e3o, e a banda desenhada, na procura de ferramentas e processos para contar hist\u00f3rias. Gosta de criar a partir dos sentimentos, da amizade, do amor (e desamor), e \u00e9 movida a sestas e a sol.<\/p>\n<p style=%22text-align: justify;%22>BIAKOSTA<\/p>\n<p style=%22text-align: justify;%22>biakosta (tamb\u00e9m conhecida como Beatriz Costa) \u00e9 ilustradora, animadora e artista de BD. Gosta de usar palavras para falar sobre desenhos, e desenhos quando as palavras n\u00e3o chegam. Nasceu em Coimbra, em 1997, mas em 2022 encontra-se a tirar o mestrado de Comunica\u00e7\u00e3o Visual, em Estocolmo. Desde pequena que adora escrever e sonha um dia ter uma horta.<\/p>\n<p style=%22text-align: justify;%22>NAMORADO<\/p>\n<p style=%22text-align: justify;%22>Filipa Namorado \u00e9 uma ilustradora com forma\u00e7\u00e3o em design gr\u00e1fico cujo trabalho \u00e9 informado por moda, manga shoujo e literatura infantojuvenil de meados do s\u00e9c. XX. Namorado \u00e9 uma autoproclamada amante de com\u00e9dias rom\u00e2nticas e utilizadora ass\u00eddua de emojis e reside atualmente em Coimbra, Portugal, com um pequeno chihuahua traquina chamado Milu.<\/p>\n<p>Ficha art\u00edstica e t\u00e9cnica:<br \/>Coordena\u00e7\u00e3o: Sandra Alves<br \/>Ilustra\u00e7\u00e3o: Amargo, biakosta, filipa Namorado<br \/>Produ\u00e7\u00e3o Casa da Esquina<br \/>design: joana corker<br \/>Organiza\u00e7\u00e3o Casa da esquinA<br \/>Apoios: Rep\u00fablica portuguesa\/DGArtes, C\u00e2mara Municipal de Coimbra<\/p>\n<p>Casa da Esquina | Rua Aires de Campos n\u00ba6, 3000-014 Coimbra<\/p>\n<p><strong>Online:<\/strong> <a href=%22https:\/\/www.facebook.com\/casadaesquina\/posts\/355569939905647%22 data-et-target-link=%22_blank%22 rel=%22noopener%22>https:\/\/www.facebook.com\/casadaesquina\/posts\/355569939905647<\/a><\/p>\n<p>&#8221; content_last_edited=&#8221;on|desktop&#8221; _builder_version=&#8221;4.13.0&#8243; _module_preset=&#8221;default&#8221; title_font=&#8221;Montserrat|700|||||||&#8221; title_font_size=&#8221;13px&#8221; body_font=&#8221;Montserrat||||||||&#8221; body_font_size=&#8221;11px&#8221; body_line_height=&#8221;1.2em&#8221; background_color=&#8221;rgba(255,255,255,0)&#8221; custom_margin=&#8221;|||8px|false|false&#8221; custom_padding=&#8221;8px||16px|4px|false|false&#8221; border_width_all=&#8221;0px&#8221; global_colors_info=&#8221;{}&#8221;]<\/p>\n<p style=\"text-align: justify;\"><strong>Arte e Hist\u00f3ria produzidas por mulheres.<\/strong><br \/>Roteiro de exposi\u00e7\u00f5es e atividades nos museus de Coimbra &#8220;O Plano Nacional das Artes (PNA) assinala o Dia Internacional das Mulheres convidando as escolas de Coimbra a associarem-se num roteiro de obras de arte e documentos produzidos por mulheres. O roteiro \u00e9 constitu\u00eddo por exposi\u00e7\u00f5es e atividades organizadas pelo Museu Nacional Machado de Castro, Museu da Miseric\u00f3rdia, Museu Municipal (Edif\u00edcio Chiado) e Centro de Arte Contempor\u00e2nea, a partir dos respetivos acervos. No dia 8 de mar\u00e7o ter\u00e1 lugar uma inaugura\u00e7\u00e3o simb\u00f3lica. Posteriormente, e at\u00e9 ao dia 8 de abril, as inscri\u00e7\u00f5es est\u00e3o abertas \u00e0 participa\u00e7\u00e3o das escolas para as turmas a partir do 5.\u00ba ano. O itiner\u00e1rio proposto tem a dura\u00e7\u00e3o prevista de 3 horas, com sa\u00eddas \u00e0s 10h00 ou \u00e0s 14h30. O trajeto entre os museus ser\u00e1 da responsabilidade das professoras acompanhantes. O Plano Nacional das Artes tem como expetativa que esta coopera\u00e7\u00e3o entre os museus e as escolas aderentes ao PNA possa servir de inspira\u00e7\u00e3o para o lan\u00e7amento de outras atividades semelhantes.<br \/>Roteiro:<br \/>MUSEU NACIONAL MACHADO DE CASTRO, Largo Dr. Jos\u00e9 Rodrigues 3000-236 Coimbra. Atividades em torno das est\u00e1tuas femininas da cole\u00e7\u00e3o permanente do Museu, destacando-se as obras de Jo\u00e3o de Ru\u00e3o.<br \/>MUSEU DA SANTA CASA DA MISERIC\u00d3RDIA DE COIMBRA, Rua dos Coutinhos, 32 3000-129 Coimbra. A hist\u00f3ria recente de Portugal no feminino a partir de documentos pessoais (cartas, postais, cart\u00f5es de visita, rascunhos e apontamentos&#8230;) de um conjunto de mulheres pioneiras: Domitila de Carvalho (1871-1966), a primeira mulher admitida na Universidade de Coimbra; Carolina Micha\u00eblis (1851-1925), a primeira mulher a lecionar numa universidade portuguesa; Olga Morais Sarmento (1881-1948), uma das primeiras te\u00f3ricas e defensoras da luta pelos direitos c\u00edvicos legais e pol\u00edticos das mulheres; Ana de Castro Os\u00f3rio (1872-1953), fundadora da Liga Republicana das Mulheres Portuguesas, do Grupo Portugu\u00eas de Estudos Feministas, autora do primeiro manifesto feminista portugu\u00eas e fundadora da Associa\u00e7\u00e3o de Propaganda Feminista, a primeira organiza\u00e7\u00e3o sufragista portuguesa; e Virg\u00ednia Faria Gers\u00e3o (1896-1974), educadora vanguardista, autora de um novo modelo pedag\u00f3gico que colocou as crian\u00e7as no centro da atividade educativa, e que enquanto deputada defendeu a necessidade de instru\u00e7\u00e3o das mulheres.<br \/>MUSEU MUNICIPAL DE COIMBRA &#8211; EDIF\u00cdCIO CHIADO, Rua Ferreira Borges, 85 3000-180 Coimbra. Josefa Greno (1850-1902) foi uma artista injustamente esquecida que teve uma vida agitada. A sua obra Pe\u00f3nias, da cole\u00e7\u00e3o Telo de Morais, servir\u00e1 de pretexto para uma conversa sobre o estatuto da mulher na segunda metade do s\u00e9c. XIX.<br \/>CENTRO DE ARTE CONTEMPOR\u00c2NEA DE COIMBRA, Largo do Arco de Almedina, 11 3004-509 Coimbra. Aqui, destaca-se as obras das artistas Shirin Neshat, Ir\u00e3o, 1957 e Helena Almeida, Lisboa, 1934-2018. Shirin Neshat estudou em Los Angeles a partir de 1974 e vive em Nova Iorque. O seu trabalho &#8211; fotografia e instala\u00e7\u00e3o f\u00edlmica &#8211; problematiza a ostraciza\u00e7\u00e3o das mulheres na sociedade iraniana. As suas imagens adotam o ponto de vista feminino no sentido de um empoderamento de confronto com uma sociedade religiosa de matriz fortemente patriarcal. A obra de Shirin Neshat nunca foi mostrada no Ir\u00e3o.<br \/>Helena Almeida \u00e9 uma artista de intensa matriz conceptual. No in\u00edcio dos anos 1970, em composi\u00e7\u00f5es geom\u00e9tricas e abstratizantes questiona o espa\u00e7o pict\u00f3rico e explora os limites f\u00edsicos da pintura, problem\u00e1tica da sua obra futura. Centra-se na reflex\u00e3o sobre a autorrepresenta\u00e7\u00e3o e as rela\u00e7\u00f5es de tens\u00e3o entre o corpo, o espa\u00e7o e a obra: o seu pr\u00f3prio corpo \u00e9 ent\u00e3o encarado como objeto e suporte da obra, tem\u00e1tica que desenvolve a partir de 1975 atrav\u00e9s da pintura, do desenho, da gravura, da instala\u00e7\u00e3o, da fotografia e do v\u00eddeo.<\/p>\n<p style=\"text-align: justify;\"><strong>Dia:<\/strong> 08\/03\/2022 | <strong>Hora:<\/strong> 10:00:00 AM<\/p>\n<p><strong>Online:<\/strong> <a href=\"https:\/\/www.pna.gov.pt\/\" target=\"_blank\" rel=\"noopener\">https:\/\/www.pna.gov.pt\/<\/a> | <a href=\"https:\/\/www.facebook.com\/PlanoNacionalArtes\/\" target=\"_blank\" rel=\"noopener\">https:\/\/www.facebook.com\/PlanoNacionalArtes\/<\/a> | <a href=\"https:\/\/www.instagram.com\/plano.nacional.das.artes\/?hl=pt\" target=\"_blank\" rel=\"noopener\">https:\/\/www.instagram.com\/plano.nacional.das.artes\/?hl=pt<\/a><\/p>\n<p>[\/et_pb_toggle][\/et_pb_column][et_pb_column type=&#8221;1_4&#8243; _builder_version=&#8221;4.13.0&#8243; _module_preset=&#8221;default&#8221; background_color=&#8221;#FFFFFF&#8221; border_radii=&#8221;on|12px|12px|12px|12px&#8221; global_colors_info=&#8221;{}&#8221;][et_pb_text _builder_version=&#8221;4.13.0&#8243; _module_preset=&#8221;default&#8221; text_font=&#8221;Montserrat||||||||&#8221; text_font_size=&#8221;12px&#8221; text_line_height=&#8221;1.2em&#8221; custom_margin=&#8221;16px|12px|8px|12px|false|false&#8221; global_colors_info=&#8221;{}&#8221;]<\/p>\n<p><span style=\"font-size: medium; color: #c18934;\"><strong>Miranda do Corvo<\/strong><\/span><\/p>\n<p><strong>Entidade promotora:<\/strong><br \/><span>Munic\u00edpio de Miranda do Corvo<\/span><\/p>\n<p><strong>Iniciativa | Atividade:<\/strong><br \/><span>Celebra\u00e7\u00e3o do Dia Internacional da Mulher<\/span><\/p>\n<p>[\/et_pb_text][\/et_pb_column][et_pb_column type=&#8221;1_4&#8243; _builder_version=&#8221;4.13.0&#8243; _module_preset=&#8221;default&#8221; background_color=&#8221;#FFFFFF&#8221; border_radii=&#8221;on|12px|12px|12px|12px&#8221; global_colors_info=&#8221;{}&#8221;][et_pb_text _builder_version=&#8221;4.13.0&#8243; _module_preset=&#8221;default&#8221; text_font=&#8221;Montserrat||||||||&#8221; text_font_size=&#8221;12px&#8221; text_line_height=&#8221;1.2em&#8221; custom_margin=&#8221;16px|12px|8px|12px|false|false&#8221; global_colors_info=&#8221;{}&#8221;]<\/p>\n<p><span style=\"font-size: medium; color: #c18934;\"><strong>Coimbra<\/strong><\/span><\/p>\n<p><strong>Entidade promotora:<\/strong><br \/>Plano Nacional das Artes<\/p>\n<p><strong>Iniciativa | Atividade:<\/strong><br \/>Arte e Hist\u00f3ria produzidas por mulheres.<\/p>\n<p>[\/et_pb_text][\/et_pb_column][\/et_pb_row][et_pb_row column_structure=&#8221;1_4,1_4,1_4,1_4&#8243; use_custom_gutter=&#8221;on&#8221; gutter_width=&#8221;2&#8243; make_equal=&#8221;on&#8221; _builder_version=&#8221;4.13.0&#8243; _module_preset=&#8221;default&#8221; background_color=&#8221;rgba(255,255,255,0)&#8221; custom_margin=&#8221;||0px||false|false&#8221; custom_padding=&#8221;||0px||false|false&#8221; locked=&#8221;off&#8221; global_colors_info=&#8221;{}&#8221;][et_pb_column type=&#8221;1_4&#8243; _builder_version=&#8221;4.13.0&#8243; _module_preset=&#8221;default&#8221; background_color=&#8221;#FFFFFF&#8221; border_radii=&#8221;on|12px|12px|12px|12px&#8221; global_colors_info=&#8221;{}&#8221;][et_pb_text _builder_version=&#8221;4.13.0&#8243; _module_preset=&#8221;default&#8221; text_font=&#8221;Montserrat||||||||&#8221; text_font_size=&#8221;12px&#8221; text_line_height=&#8221;1.2em&#8221; custom_margin=&#8221;16px|12px|8px|12px|false|false&#8221; global_colors_info=&#8221;{}&#8221;]<\/p>\n<p><span style=\"font-size: medium; color: #c18934;\"><strong>Pampilhosa da Serra<\/strong><\/span><\/p>\n<p><strong>Entidade promotora:<\/strong><br \/><span>Munic\u00edpio de Pampilhosa da Serra<\/span><\/p>\n<p><strong>Iniciativa | Atividade:<\/strong><br \/><span>Sandra Maria da Silva Seco<\/span><\/p>\n<p>[\/et_pb_text][et_pb_toggle title=&#8221;Informa\u00e7\u00f5es&#8221; closed_toggle_text_color=&#8221;#759fdb&#8221; icon_color=&#8221;#e22685&#8243; toggle_icon=&#8221;&#xe03a;||divi||400&#8243; use_icon_font_size=&#8221;on&#8221; icon_font_size=&#8221;23px&#8221; content_tablet=&#8221;<\/p>\n<p><img src=%22https:\/\/www.cig.gov.pt\/iniciativas-nacionais\/wp-content\/uploads\/2022\/03\/Marquise_GlossarioFeministaIlustrado_cartazWEB-212x300.png%22 width=%22212%22 height=%22300%22 alt=%22%22 class=%22wp-image-671 alignnone size-medium%22 \/>Descri\u00e7\u00e3o ou Sinopse:<\/p>\n<p style=%22text-align: justify;%22>QUANDO SE FALA EM G\u00c9NERO, EM FEMINISMO E EM CAUSAS DE JUSTI\u00c7A SOCIAL, POR VEZES TEMOS DIFICULDADE A ACOMPANHAR ESTAS CONVERSAS, OU PORQUE N\u00c3O CONHECEMOS AS PALAVRAS-CHAVE OU PORQUE PARECE TUDO DEMASIADO COMPLICADO. O GLOSS\u00c1RIO FEMINISTA ILUSTRADO SURGE COMO RESPOSTA A ESTE DESCONHECIMENTO, COM O OBJETIVO DE CRIAR UM GUIA INTRODUT\u00d3RIO QUE ABORDE ESTES TEMAS DE FORMA SIMPLES, CLARA E DESCONTRA\u00cdDA. COM ESTE GLOSS\u00c1RIO A TR\u00caS VOZES, O RESULTADO DA COLABORA\u00c7\u00c3O ENTRE AMARGO, BIAKOSTA E FILIPA NAMORADO (A CONVITE DA CASA DA ESQUINA), N\u00c3O PRETENDEMOS APRESENTAR RESPOSTAS DEFINITIVAS OU CRIAR UM MANUAL COMPREENSIVO A DETALHAR TODAS AS POSS\u00cdVEIS NUANCES DESTES TEMAS, MAS SIM COMBINAR BREVES DEFINI\u00c7\u00d5ES E ILUSTRA\u00c7\u00d5ES TEM\u00c1TICAS DE FORMA A CONSTRUIR UMA VIS\u00c3O GERAL DOS CONCEITOS QUE CONSIDERAMOS IMPORTANTES NO CONTEXTO DESTE MOMENTO E DESTE ESPA\u00c7O. O QUE NOS PROPOMOS A FAZER \u00c9 APENAS DAR O PONTO DE PARTIDA PARA QUE CADA PESSOA POSSA QUESTIONAR OS SEUS PR\u00d3PRIOS PRECONCEITOS INTERNALIZADOS E MAIS TARDE FAZER A SUA PR\u00d3PRIA PESQUISA MAIS APROFUNDADA. AT\u00c9 PORQUE N\u00c3O SOMOS ACAD\u00c9MICAS EM NENHUMA DESTAS \u00c1REAS, APENAS TR\u00caS PESSOAS INTERESSADAS QUE DECIDIRAM DESENHAR SOBRE ESTES TEMAS.<br \/>*O TEXTO DESTA EXPOSI\u00c7\u00c3O UTILIZA O SISTEMA DE LINGUAGEM DE G\u00c9NERO NEUTRO COM BASE NA LETRA E (EX.: TODOS TODES)<\/p>\n<p style=%22text-align: justify;%22>AMARGO<\/p>\n<p style=%22text-align: justify;%22>Amargo \u00e9 a Margo, que \u00e9 Margarida Ferreira. Ao longo dos anos, Margarida tem saltitado entre a ilustra\u00e7\u00e3o, a anima\u00e7\u00e3o, e a banda desenhada, na procura de ferramentas e processos para contar hist\u00f3rias. Gosta de criar a partir dos sentimentos, da amizade, do amor (e desamor), e \u00e9 movida a sestas e a sol.<\/p>\n<p style=%22text-align: justify;%22>BIAKOSTA<\/p>\n<p style=%22text-align: justify;%22>biakosta (tamb\u00e9m conhecida como Beatriz Costa) \u00e9 ilustradora, animadora e artista de BD. Gosta de usar palavras para falar sobre desenhos, e desenhos quando as palavras n\u00e3o chegam. Nasceu em Coimbra, em 1997, mas em 2022 encontra-se a tirar o mestrado de Comunica\u00e7\u00e3o Visual, em Estocolmo. Desde pequena que adora escrever e sonha um dia ter uma horta.<\/p>\n<p style=%22text-align: justify;%22>NAMORADO<\/p>\n<p style=%22text-align: justify;%22>Filipa Namorado \u00e9 uma ilustradora com forma\u00e7\u00e3o em design gr\u00e1fico cujo trabalho \u00e9 informado por moda, manga shoujo e literatura infantojuvenil de meados do s\u00e9c. XX. Namorado \u00e9 uma autoproclamada amante de com\u00e9dias rom\u00e2nticas e utilizadora ass\u00eddua de emojis e reside atualmente em Coimbra, Portugal, com um pequeno chihuahua traquina chamado Milu.<\/p>\n<p>Ficha art\u00edstica e t\u00e9cnica:<br \/>Coordena\u00e7\u00e3o: Sandra Alves<br \/>Ilustra\u00e7\u00e3o: Amargo, biakosta, filipa Namorado<br \/>Produ\u00e7\u00e3o Casa da Esquina<br \/>design: joana corker<br \/>Organiza\u00e7\u00e3o Casa da esquinA<br \/>Apoios: Rep\u00fablica portuguesa\/DGArtes, C\u00e2mara Municipal de Coimbra<\/p>\n<p>Casa da Esquina | Rua Aires de Campos n\u00ba6, 3000-014 Coimbra<\/p>\n<p><strong>Online:<\/strong> <a href=%22https:\/\/www.facebook.com\/casadaesquina\/posts\/355569939905647%22 data-et-target-link=%22_blank%22 rel=%22noopener%22>https:\/\/www.facebook.com\/casadaesquina\/posts\/355569939905647<\/a><\/p>\n<p>&#8221; content_phone=&#8221;<\/p>\n<p><img src=%22https:\/\/www.cig.gov.pt\/iniciativas-nacionais\/wp-content\/uploads\/2022\/03\/Marquise_GlossarioFeministaIlustrado_cartazWEB-212x300.png%22 width=%22212%22 height=%22300%22 alt=%22%22 class=%22wp-image-671 alignnone size-medium%22 \/>Descri\u00e7\u00e3o ou Sinopse:<\/p>\n<p style=%22text-align: justify;%22>QUANDO SE FALA EM G\u00c9NERO, EM FEMINISMO E EM CAUSAS DE JUSTI\u00c7A SOCIAL, POR VEZES TEMOS DIFICULDADE A ACOMPANHAR ESTAS CONVERSAS, OU PORQUE N\u00c3O CONHECEMOS AS PALAVRAS-CHAVE OU PORQUE PARECE TUDO DEMASIADO COMPLICADO. O GLOSS\u00c1RIO FEMINISTA ILUSTRADO SURGE COMO RESPOSTA A ESTE DESCONHECIMENTO, COM O OBJETIVO DE CRIAR UM GUIA INTRODUT\u00d3RIO QUE ABORDE ESTES TEMAS DE FORMA SIMPLES, CLARA E DESCONTRA\u00cdDA. COM ESTE GLOSS\u00c1RIO A TR\u00caS VOZES, O RESULTADO DA COLABORA\u00c7\u00c3O ENTRE AMARGO, BIAKOSTA E FILIPA NAMORADO (A CONVITE DA CASA DA ESQUINA), N\u00c3O PRETENDEMOS APRESENTAR RESPOSTAS DEFINITIVAS OU CRIAR UM MANUAL COMPREENSIVO A DETALHAR TODAS AS POSS\u00cdVEIS NUANCES DESTES TEMAS, MAS SIM COMBINAR BREVES DEFINI\u00c7\u00d5ES E ILUSTRA\u00c7\u00d5ES TEM\u00c1TICAS DE FORMA A CONSTRUIR UMA VIS\u00c3O GERAL DOS CONCEITOS QUE CONSIDERAMOS IMPORTANTES NO CONTEXTO DESTE MOMENTO E DESTE ESPA\u00c7O. O QUE NOS PROPOMOS A FAZER \u00c9 APENAS DAR O PONTO DE PARTIDA PARA QUE CADA PESSOA POSSA QUESTIONAR OS SEUS PR\u00d3PRIOS PRECONCEITOS INTERNALIZADOS E MAIS TARDE FAZER A SUA PR\u00d3PRIA PESQUISA MAIS APROFUNDADA. AT\u00c9 PORQUE N\u00c3O SOMOS ACAD\u00c9MICAS EM NENHUMA DESTAS \u00c1REAS, APENAS TR\u00caS PESSOAS INTERESSADAS QUE DECIDIRAM DESENHAR SOBRE ESTES TEMAS.<br \/>*O TEXTO DESTA EXPOSI\u00c7\u00c3O UTILIZA O SISTEMA DE LINGUAGEM DE G\u00c9NERO NEUTRO COM BASE NA LETRA E (EX.: TODOS TODES)<\/p>\n<p style=%22text-align: justify;%22>AMARGO<\/p>\n<p style=%22text-align: justify;%22>Amargo \u00e9 a Margo, que \u00e9 Margarida Ferreira. Ao longo dos anos, Margarida tem saltitado entre a ilustra\u00e7\u00e3o, a anima\u00e7\u00e3o, e a banda desenhada, na procura de ferramentas e processos para contar hist\u00f3rias. Gosta de criar a partir dos sentimentos, da amizade, do amor (e desamor), e \u00e9 movida a sestas e a sol.<\/p>\n<p style=%22text-align: justify;%22>BIAKOSTA<\/p>\n<p style=%22text-align: justify;%22>biakosta (tamb\u00e9m conhecida como Beatriz Costa) \u00e9 ilustradora, animadora e artista de BD. Gosta de usar palavras para falar sobre desenhos, e desenhos quando as palavras n\u00e3o chegam. Nasceu em Coimbra, em 1997, mas em 2022 encontra-se a tirar o mestrado de Comunica\u00e7\u00e3o Visual, em Estocolmo. Desde pequena que adora escrever e sonha um dia ter uma horta.<\/p>\n<p style=%22text-align: justify;%22>NAMORADO<\/p>\n<p style=%22text-align: justify;%22>Filipa Namorado \u00e9 uma ilustradora com forma\u00e7\u00e3o em design gr\u00e1fico cujo trabalho \u00e9 informado por moda, manga shoujo e literatura infantojuvenil de meados do s\u00e9c. XX. Namorado \u00e9 uma autoproclamada amante de com\u00e9dias rom\u00e2nticas e utilizadora ass\u00eddua de emojis e reside atualmente em Coimbra, Portugal, com um pequeno chihuahua traquina chamado Milu.<\/p>\n<p>Ficha art\u00edstica e t\u00e9cnica:<br \/>Coordena\u00e7\u00e3o: Sandra Alves<br \/>Ilustra\u00e7\u00e3o: Amargo, biakosta, filipa Namorado<br \/>Produ\u00e7\u00e3o Casa da Esquina<br \/>design: joana corker<br \/>Organiza\u00e7\u00e3o Casa da esquinA<br \/>Apoios: Rep\u00fablica portuguesa\/DGArtes, C\u00e2mara Municipal de Coimbra<\/p>\n<p>Casa da Esquina | Rua Aires de Campos n\u00ba6, 3000-014 Coimbra<\/p>\n<p><strong>Online:<\/strong> <a href=%22https:\/\/www.facebook.com\/casadaesquina\/posts\/355569939905647%22 data-et-target-link=%22_blank%22 rel=%22noopener%22>https:\/\/www.facebook.com\/casadaesquina\/posts\/355569939905647<\/a><\/p>\n<p>&#8221; content_last_edited=&#8221;on|desktop&#8221; _builder_version=&#8221;4.13.0&#8243; _module_preset=&#8221;default&#8221; title_font=&#8221;Montserrat|700|||||||&#8221; title_font_size=&#8221;13px&#8221; body_font=&#8221;Montserrat||||||||&#8221; body_font_size=&#8221;11px&#8221; body_line_height=&#8221;1.2em&#8221; background_color=&#8221;rgba(255,255,255,0)&#8221; custom_margin=&#8221;|||8px|false|false&#8221; custom_padding=&#8221;7px||16px|4px|false|false&#8221; border_width_all=&#8221;0px&#8221; global_colors_info=&#8221;{}&#8221;]<\/p>\n<p style=\"text-align: justify;\"><span>Exposi\u00e7\u00e3o de fotos de Mulheres, em pend\u00f5es, colocados na fachada do Munic\u00edpio, pretendendo reconhecer Mulheres do Concelho que se destaquem ou tenham destacado pelo seu esp\u00edrito de miss\u00e3o\/trabalho em prol da comunidade. CCN ESPECIAL DIA DA MULHER Divulgar atrav\u00e9s dos canais formais de comunica\u00e7\u00e3o do Munic\u00edpio, CCN, o trabalho desenvolvido por Mulheres do Concelho, visando o seu reconhecimento e a desmistifica\u00e7\u00e3o de estere\u00f3tipos de g\u00e9nero: Entrevistas a 8 Mulheres, com cargos pol\u00edticos, ligados \u00e0 sa\u00fade, \u00e0 seguran\u00e7a e prote\u00e7\u00e3o civil; empreendedoras; meninas\/raparigas que quebram estere\u00f3tipos e decidem enveredar por desportos geralmente associados aos meninos\/rapazes. <\/span><\/p>\n<p style=\"text-align: justify;\"><strong>Dia:<\/strong> 08\/03\/2022 | <strong>Hora:<\/strong> 09:00:00<\/p>\n<p><strong>Local:<\/strong> <span>http:\/\/www.cm-pampilhosadaserra.pt;https:\/\/pt-pt.facebook.com\/camaramunicipaldapampilhosadaserra<\/span><\/p>\n<p>[\/et_pb_toggle][\/et_pb_column][et_pb_column type=&#8221;1_4&#8243; _builder_version=&#8221;4.13.0&#8243; _module_preset=&#8221;default&#8221; background_color=&#8221;rgba(255,255,255,0)&#8221; border_radii=&#8221;on|12px|12px|12px|12px&#8221; global_colors_info=&#8221;{}&#8221;][\/et_pb_column][et_pb_column type=&#8221;1_4&#8243; _builder_version=&#8221;4.13.0&#8243; _module_preset=&#8221;default&#8221; background_color=&#8221;rgba(255,255,255,0)&#8221; border_radii=&#8221;on|12px|12px|12px|12px&#8221; global_colors_info=&#8221;{}&#8221;][\/et_pb_column][et_pb_column type=&#8221;1_4&#8243; _builder_version=&#8221;4.13.0&#8243; _module_preset=&#8221;default&#8221; background_color=&#8221;rgba(255,255,255,0)&#8221; border_radii=&#8221;on|12px|12px|12px|12px&#8221; global_colors_info=&#8221;{}&#8221;][\/et_pb_column][\/et_pb_row][et_pb_row admin_label=&#8221;evora&#8221; _builder_version=&#8221;4.13.0&#8243; _module_preset=&#8221;default&#8221; background_color=&#8221;#03989e&#8221; custom_margin=&#8221;24px||0px||false|false&#8221; custom_padding=&#8221;16px||16px||false|false&#8221; border_radii=&#8221;on|12px|12px|12px|12px&#8221; global_colors_info=&#8221;{}&#8221;][et_pb_column type=&#8221;4_4&#8243; _builder_version=&#8221;4.13.0&#8243; _module_preset=&#8221;default&#8221; global_colors_info=&#8221;{}&#8221;][et_pb_text admin_label=&#8221;\u00c9vora&#8221; _builder_version=&#8221;4.13.0&#8243; _module_preset=&#8221;default&#8221; text_font=&#8221;Montserrat|700|||||||&#8221; text_text_color=&#8221;#FFFFFF&#8221; text_font_size=&#8221;16px&#8221; text_letter_spacing=&#8221;1px&#8221; custom_margin=&#8221;2px||0px|20px|false|false&#8221; custom_padding=&#8221;6px||2px||false|false&#8221; global_colors_info=&#8221;{}&#8221;]<\/p>\n<p><span style=\"color: #f3d9da;\">Distrito: <\/span><span style=\"font-size: xx-large;\">\u00c9vora<\/span><\/p>\n<p>[\/et_pb_text][\/et_pb_column][\/et_pb_row][et_pb_row column_structure=&#8221;1_4,1_4,1_4,1_4&#8243; use_custom_gutter=&#8221;on&#8221; gutter_width=&#8221;2&#8243; make_equal=&#8221;on&#8221; _builder_version=&#8221;4.13.0&#8243; _module_preset=&#8221;default&#8221; background_color=&#8221;rgba(255,255,255,0)&#8221; custom_margin=&#8221;||0px||false|false&#8221; custom_padding=&#8221;||0px||false|false&#8221; locked=&#8221;off&#8221; global_colors_info=&#8221;{}&#8221;][et_pb_column type=&#8221;1_4&#8243; _builder_version=&#8221;4.13.0&#8243; _module_preset=&#8221;default&#8221; background_color=&#8221;#FFFFFF&#8221; border_radii=&#8221;on|12px|12px|12px|12px&#8221; global_colors_info=&#8221;{}&#8221;][et_pb_text _builder_version=&#8221;4.13.0&#8243; _module_preset=&#8221;default&#8221; text_font=&#8221;Montserrat||||||||&#8221; text_font_size=&#8221;12px&#8221; text_line_height=&#8221;1.2em&#8221; custom_margin=&#8221;16px|12px|8px|12px|false|false&#8221; global_colors_info=&#8221;{}&#8221;]<\/p>\n<p><span style=\"font-size: medium; color: #c18934;\"><strong>Estremoz<\/strong><\/span><\/p>\n<p><strong>Entidade promotora:<\/strong><br \/>C\u00e2mara Municipal de Estremoz<\/p>\n<p><strong>Iniciativa | Atividade:<\/strong><br \/>Caminha do Dia da Mulher<\/p>\n<p>[\/et_pb_text][et_pb_toggle title=&#8221;Informa\u00e7\u00f5es&#8221; closed_toggle_text_color=&#8221;#759fdb&#8221; icon_color=&#8221;#e22685&#8243; toggle_icon=&#8221;&#xe03a;||divi||400&#8243; use_icon_font_size=&#8221;on&#8221; icon_font_size=&#8221;23px&#8221; _builder_version=&#8221;4.13.0&#8243; _module_preset=&#8221;default&#8221; title_font=&#8221;Montserrat|700|||||||&#8221; title_font_size=&#8221;13px&#8221; body_font=&#8221;Montserrat||||||||&#8221; body_font_size=&#8221;11px&#8221; body_line_height=&#8221;1.2em&#8221; background_color=&#8221;rgba(255,255,255,0)&#8221; custom_margin=&#8221;|||8px|false|false&#8221; custom_padding=&#8221;8px||16px|4px|false|false&#8221; border_width_all=&#8221;0px&#8221; global_colors_info=&#8221;{}&#8221;]<\/p>\n<p style=\"text-align: justify;\"><a href=\"https:\/\/www.cig.gov.pt\/iniciativas-nacionais\/wp-content\/uploads\/2022\/02\/banner-geral-dia-da-mulher-01-resultado_2022.jpg\"><img loading=\"lazy\" src=\"https:\/\/www.cig.gov.pt\/iniciativas-nacionais\/wp-content\/uploads\/2022\/02\/banner-geral-dia-da-mulher-01-resultado_2022.jpg\" width=\"640\" height=\"352\" alt=\"Dia Internacional das Mulheres 8 de mar\u00e7o\" class=\"wp-image-509 aligncenter size-full\" srcset=\"https:\/\/www.cig.gov.pt\/iniciativas-nacionais\/wp-content\/uploads\/2022\/02\/banner-geral-dia-da-mulher-01-resultado_2022.jpg 640w, https:\/\/www.cig.gov.pt\/iniciativas-nacionais\/wp-content\/uploads\/2022\/02\/banner-geral-dia-da-mulher-01-resultado_2022-480x264.jpg 480w\" sizes=\"(min-width: 0px) and (max-width: 480px) 480px, (min-width: 481px) 640px, 100vw\" \/><\/a><\/p>\n<p style=\"text-align: justify;\">Caminha do Dia da Mulher (06 de mar\u00e7o de 2022) + Ioga do Riso (07 de mar\u00e7o de 2022) + Atividades Academia S\u00e9nior (08 de mar\u00e7o de 2022) + Webinar CPCJ (08 de mar\u00e7o de 2022) O Munic\u00edpio de Estremoz, em parceria com entidades do Concelho, dinamizar\u00e1, no \u00e2mbito do Dia da Mulher 2022, atividades comemorativas nos dias 6, 7 e 8 de mar\u00e7o de 2022. Estas atividades est\u00e3o abertas a toda a popula\u00e7\u00e3o, mediante inscri\u00e7\u00e3o pr\u00e9via.<\/p>\n<p><strong>Link:<\/strong> <a href=\"https:\/\/www.cm-estremoz.pt\/noticias\/programa-do-dia-da-mulher-em-estremoz\" target=\"_blank\" rel=\"noopener\">https:\/\/www.cm-estremoz.pt\/noticias\/programa-do-dia-da-mulher-em-estremoz<\/a><\/p>\n<p>[\/et_pb_toggle][\/et_pb_column][et_pb_column type=&#8221;1_4&#8243; _builder_version=&#8221;4.13.0&#8243; _module_preset=&#8221;default&#8221; background_color=&#8221;#FFFFFF&#8221; border_radii=&#8221;on|12px|12px|12px|12px&#8221; global_colors_info=&#8221;{}&#8221;][et_pb_text _builder_version=&#8221;4.13.0&#8243; _module_preset=&#8221;default&#8221; text_font=&#8221;Montserrat||||||||&#8221; text_font_size=&#8221;12px&#8221; text_line_height=&#8221;1.2em&#8221; custom_margin=&#8221;16px|12px|8px|12px|false|false&#8221; global_colors_info=&#8221;{}&#8221;]<\/p>\n<p><span style=\"font-size: medium; color: #c18934;\"><strong>Estremoz<\/strong><\/span><\/p>\n<p><strong>Entidade promotora:<\/strong><br \/>C\u00e2mara Municipal de Estremoz<\/p>\n<p><strong>Iniciativa | Atividade:<\/strong><br \/>Ioga do Riso<\/p>\n<p>[\/et_pb_text][et_pb_toggle title=&#8221;Informa\u00e7\u00f5es&#8221; closed_toggle_text_color=&#8221;#759fdb&#8221; icon_color=&#8221;#e22685&#8243; toggle_icon=&#8221;&#xe03a;||divi||400&#8243; use_icon_font_size=&#8221;on&#8221; icon_font_size=&#8221;23px&#8221; _builder_version=&#8221;4.13.0&#8243; _module_preset=&#8221;default&#8221; title_font=&#8221;Montserrat|700|||||||&#8221; title_font_size=&#8221;13px&#8221; body_font=&#8221;Montserrat||||||||&#8221; body_font_size=&#8221;11px&#8221; body_line_height=&#8221;1.2em&#8221; background_color=&#8221;rgba(255,255,255,0)&#8221; custom_margin=&#8221;|||8px|false|false&#8221; custom_padding=&#8221;8px||16px|4px|false|false&#8221; border_width_all=&#8221;0px&#8221; global_colors_info=&#8221;{}&#8221;]<\/p>\n<p style=\"text-align: justify;\"><a href=\"https:\/\/www.cig.gov.pt\/iniciativas-nacionais\/wp-content\/uploads\/2022\/02\/banner-geral-dia-da-mulher-01-resultado_2022.jpg\"><img loading=\"lazy\" src=\"https:\/\/www.cig.gov.pt\/iniciativas-nacionais\/wp-content\/uploads\/2022\/02\/banner-geral-dia-da-mulher-01-resultado_2022.jpg\" width=\"640\" height=\"352\" alt=\"Dia Internacional das Mulheres 8 de mar\u00e7o\" class=\"wp-image-509 aligncenter size-full\" srcset=\"https:\/\/www.cig.gov.pt\/iniciativas-nacionais\/wp-content\/uploads\/2022\/02\/banner-geral-dia-da-mulher-01-resultado_2022.jpg 640w, https:\/\/www.cig.gov.pt\/iniciativas-nacionais\/wp-content\/uploads\/2022\/02\/banner-geral-dia-da-mulher-01-resultado_2022-480x264.jpg 480w\" sizes=\"(min-width: 0px) and (max-width: 480px) 480px, (min-width: 481px) 640px, 100vw\" \/><\/a><\/p>\n<p style=\"text-align: justify;\">Caminha do Dia da Mulher (06 de mar\u00e7o de 2022) + Ioga do Riso (07 de mar\u00e7o de 2022) + Atividades Academia S\u00e9nior (08 de mar\u00e7o de 2022) + Webinar CPCJ (08 de mar\u00e7o de 2022) O Munic\u00edpio de Estremoz, em parceria com entidades do Concelho, dinamizar\u00e1, no \u00e2mbito do Dia da Mulher 2022, atividades comemorativas nos dias 6, 7 e 8 de mar\u00e7o de 2022. Estas atividades est\u00e3o abertas a toda a popula\u00e7\u00e3o, mediante inscri\u00e7\u00e3o pr\u00e9via.<\/p>\n<p><strong>Link:<\/strong> <a href=\"https:\/\/www.cm-estremoz.pt\/noticias\/programa-do-dia-da-mulher-em-estremoz\" target=\"_blank\" rel=\"noopener\">https:\/\/www.cm-estremoz.pt\/noticias\/programa-do-dia-da-mulher-em-estremoz<\/a><\/p>\n<p>[\/et_pb_toggle][\/et_pb_column][et_pb_column type=&#8221;1_4&#8243; _builder_version=&#8221;4.13.0&#8243; _module_preset=&#8221;default&#8221; background_color=&#8221;#FFFFFF&#8221; border_radii=&#8221;on|12px|12px|12px|12px&#8221; global_colors_info=&#8221;{}&#8221;][et_pb_text _builder_version=&#8221;4.13.0&#8243; _module_preset=&#8221;default&#8221; text_font=&#8221;Montserrat||||||||&#8221; text_font_size=&#8221;12px&#8221; text_line_height=&#8221;1.2em&#8221; custom_margin=&#8221;16px|12px|8px|12px|false|false&#8221; global_colors_info=&#8221;{}&#8221;]<\/p>\n<p><span style=\"font-size: medium; color: #c18934;\"><strong>Estremoz<\/strong><\/span><\/p>\n<p><strong>Entidade promotora:<\/strong><br \/>C\u00e2mara Municipal de Estremoz<\/p>\n<p><strong>Iniciativa | Atividade:<\/strong><br \/>Atividades Academia S\u00e9nior<\/p>\n<p>[\/et_pb_text][et_pb_toggle title=&#8221;Informa\u00e7\u00f5es&#8221; closed_toggle_text_color=&#8221;#759fdb&#8221; icon_color=&#8221;#e22685&#8243; toggle_icon=&#8221;&#xe03a;||divi||400&#8243; use_icon_font_size=&#8221;on&#8221; icon_font_size=&#8221;23px&#8221; _builder_version=&#8221;4.13.0&#8243; _module_preset=&#8221;default&#8221; title_font=&#8221;Montserrat|700|||||||&#8221; title_font_size=&#8221;13px&#8221; body_font=&#8221;Montserrat||||||||&#8221; body_font_size=&#8221;11px&#8221; body_line_height=&#8221;1.2em&#8221; background_color=&#8221;rgba(255,255,255,0)&#8221; custom_margin=&#8221;|||8px|false|false&#8221; custom_padding=&#8221;8px||16px|4px|false|false&#8221; border_width_all=&#8221;0px&#8221; global_colors_info=&#8221;{}&#8221;]<\/p>\n<p style=\"text-align: justify;\"><a href=\"https:\/\/www.cig.gov.pt\/iniciativas-nacionais\/wp-content\/uploads\/2022\/02\/banner-geral-dia-da-mulher-01-resultado_2022.jpg\"><img loading=\"lazy\" src=\"https:\/\/www.cig.gov.pt\/iniciativas-nacionais\/wp-content\/uploads\/2022\/02\/banner-geral-dia-da-mulher-01-resultado_2022.jpg\" width=\"640\" height=\"352\" alt=\"Dia Internacional das Mulheres 8 de mar\u00e7o\" class=\"wp-image-509 aligncenter size-full\" srcset=\"https:\/\/www.cig.gov.pt\/iniciativas-nacionais\/wp-content\/uploads\/2022\/02\/banner-geral-dia-da-mulher-01-resultado_2022.jpg 640w, https:\/\/www.cig.gov.pt\/iniciativas-nacionais\/wp-content\/uploads\/2022\/02\/banner-geral-dia-da-mulher-01-resultado_2022-480x264.jpg 480w\" sizes=\"(min-width: 0px) and (max-width: 480px) 480px, (min-width: 481px) 640px, 100vw\" \/><\/a><\/p>\n<p style=\"text-align: justify;\">Caminha do Dia da Mulher (06 de mar\u00e7o de 2022) + Ioga do Riso (07 de mar\u00e7o de 2022) + Atividades Academia S\u00e9nior (08 de mar\u00e7o de 2022) + Webinar CPCJ (08 de mar\u00e7o de 2022) O Munic\u00edpio de Estremoz, em parceria com entidades do Concelho, dinamizar\u00e1, no \u00e2mbito do Dia da Mulher 2022, atividades comemorativas nos dias 6, 7 e 8 de mar\u00e7o de 2022. Estas atividades est\u00e3o abertas a toda a popula\u00e7\u00e3o, mediante inscri\u00e7\u00e3o pr\u00e9via.<\/p>\n<p><strong>Link:<\/strong> <a href=\"https:\/\/www.cm-estremoz.pt\/noticias\/programa-do-dia-da-mulher-em-estremoz\" target=\"_blank\" rel=\"noopener\">https:\/\/www.cm-estremoz.pt\/noticias\/programa-do-dia-da-mulher-em-estremoz<\/a><\/p>\n<p>[\/et_pb_toggle][\/et_pb_column][et_pb_column type=&#8221;1_4&#8243; _builder_version=&#8221;4.13.0&#8243; _module_preset=&#8221;default&#8221; background_color=&#8221;#FFFFFF&#8221; border_radii=&#8221;on|12px|12px|12px|12px&#8221; global_colors_info=&#8221;{}&#8221;][et_pb_text _builder_version=&#8221;4.13.0&#8243; _module_preset=&#8221;default&#8221; text_font=&#8221;Montserrat||||||||&#8221; text_font_size=&#8221;12px&#8221; text_line_height=&#8221;1.2em&#8221; custom_margin=&#8221;16px|12px|8px|12px|false|false&#8221; global_colors_info=&#8221;{}&#8221;]<\/p>\n<p><span style=\"font-size: medium; color: #c18934;\"><strong>Estremoz<\/strong><\/span><\/p>\n<p><strong>Entidade promotora:<\/strong><br \/>C\u00e2mara Municipal de Estremoz<\/p>\n<p><strong>Iniciativa | Atividade:<\/strong><br \/>Webinar CPCJ<\/p>\n<p>[\/et_pb_text][et_pb_toggle title=&#8221;Informa\u00e7\u00f5es&#8221; closed_toggle_text_color=&#8221;#759fdb&#8221; icon_color=&#8221;#e22685&#8243; toggle_icon=&#8221;&#xe03a;||divi||400&#8243; use_icon_font_size=&#8221;on&#8221; icon_font_size=&#8221;23px&#8221; _builder_version=&#8221;4.13.0&#8243; _module_preset=&#8221;default&#8221; title_font=&#8221;Montserrat|700|||||||&#8221; title_font_size=&#8221;13px&#8221; body_font=&#8221;Montserrat||||||||&#8221; body_font_size=&#8221;11px&#8221; body_line_height=&#8221;1.2em&#8221; background_color=&#8221;rgba(255,255,255,0)&#8221; custom_margin=&#8221;|||8px|false|false&#8221; custom_padding=&#8221;8px||16px|4px|false|false&#8221; border_width_all=&#8221;0px&#8221; global_colors_info=&#8221;{}&#8221;]<\/p>\n<p style=\"text-align: justify;\"><a href=\"https:\/\/www.cig.gov.pt\/iniciativas-nacionais\/wp-content\/uploads\/2022\/02\/banner-geral-dia-da-mulher-01-resultado_2022.jpg\"><img loading=\"lazy\" src=\"https:\/\/www.cig.gov.pt\/iniciativas-nacionais\/wp-content\/uploads\/2022\/02\/banner-geral-dia-da-mulher-01-resultado_2022.jpg\" width=\"640\" height=\"352\" alt=\"Dia Internacional das Mulheres 8 de mar\u00e7o\" class=\"wp-image-509 aligncenter size-full\" srcset=\"https:\/\/www.cig.gov.pt\/iniciativas-nacionais\/wp-content\/uploads\/2022\/02\/banner-geral-dia-da-mulher-01-resultado_2022.jpg 640w, https:\/\/www.cig.gov.pt\/iniciativas-nacionais\/wp-content\/uploads\/2022\/02\/banner-geral-dia-da-mulher-01-resultado_2022-480x264.jpg 480w\" sizes=\"(min-width: 0px) and (max-width: 480px) 480px, (min-width: 481px) 640px, 100vw\" \/><\/a><\/p>\n<p style=\"text-align: justify;\">Caminha do Dia da Mulher (06 de mar\u00e7o de 2022) + Ioga do Riso (07 de mar\u00e7o de 2022) + Atividades Academia S\u00e9nior (08 de mar\u00e7o de 2022) + Webinar CPCJ (08 de mar\u00e7o de 2022) O Munic\u00edpio de Estremoz, em parceria com entidades do Concelho, dinamizar\u00e1, no \u00e2mbito do Dia da Mulher 2022, atividades comemorativas nos dias 6, 7 e 8 de mar\u00e7o de 2022. Estas atividades est\u00e3o abertas a toda a popula\u00e7\u00e3o, mediante inscri\u00e7\u00e3o pr\u00e9via.<\/p>\n<p><strong>Link:<\/strong> <a href=\"https:\/\/www.cm-estremoz.pt\/noticias\/programa-do-dia-da-mulher-em-estremoz\" target=\"_blank\" rel=\"noopener\">https:\/\/www.cm-estremoz.pt\/noticias\/programa-do-dia-da-mulher-em-estremoz<\/a><\/p>\n<p>[\/et_pb_toggle][\/et_pb_column][\/et_pb_row][et_pb_row column_structure=&#8221;1_4,1_4,1_4,1_4&#8243; use_custom_gutter=&#8221;on&#8221; gutter_width=&#8221;2&#8243; make_equal=&#8221;on&#8221; _builder_version=&#8221;4.13.0&#8243; _module_preset=&#8221;default&#8221; background_color=&#8221;rgba(255,255,255,0)&#8221; custom_margin=&#8221;||0px||false|false&#8221; custom_padding=&#8221;||0px||false|false&#8221; locked=&#8221;off&#8221; global_colors_info=&#8221;{}&#8221;][et_pb_column type=&#8221;1_4&#8243; _builder_version=&#8221;4.13.0&#8243; _module_preset=&#8221;default&#8221; background_color=&#8221;#FFFFFF&#8221; border_radii=&#8221;on|12px|12px|12px|12px&#8221; global_colors_info=&#8221;{}&#8221;][et_pb_text _builder_version=&#8221;4.13.0&#8243; _module_preset=&#8221;default&#8221; text_font=&#8221;Montserrat||||||||&#8221; text_font_size=&#8221;12px&#8221; text_line_height=&#8221;1.2em&#8221; custom_margin=&#8221;16px|12px|8px|12px|false|false&#8221; global_colors_info=&#8221;{}&#8221;]<\/p>\n<p><span style=\"font-size: medium; color: #c18934;\"><strong>Miranda do Corvo<\/strong><\/span><\/p>\n<p><strong>Entidade promotora:<\/strong><br \/><span>Munic\u00edpio de Miranda do Corvo<\/span><\/p>\n<p><strong>Iniciativa | Atividade:<\/strong><br \/><span>Celebra\u00e7\u00e3o do Dia Internacional da Mulher<\/span><\/p>\n<p>[\/et_pb_text][et_pb_toggle title=&#8221;Informa\u00e7\u00f5es&#8221; closed_toggle_text_color=&#8221;#759fdb&#8221; icon_color=&#8221;#e22685&#8243; toggle_icon=&#8221;&#xe03a;||divi||400&#8243; use_icon_font_size=&#8221;on&#8221; icon_font_size=&#8221;23px&#8221; content_tablet=&#8221;<\/p>\n<p><img src=%22https:\/\/www.cig.gov.pt\/iniciativas-nacionais\/wp-content\/uploads\/2022\/03\/Marquise_GlossarioFeministaIlustrado_cartazWEB-212x300.png%22 width=%22212%22 height=%22300%22 alt=%22%22 class=%22wp-image-671 alignnone size-medium%22 \/>Descri\u00e7\u00e3o ou Sinopse:<\/p>\n<p style=%22text-align: justify;%22>QUANDO SE FALA EM G\u00c9NERO, EM FEMINISMO E EM CAUSAS DE JUSTI\u00c7A SOCIAL, POR VEZES TEMOS DIFICULDADE A ACOMPANHAR ESTAS CONVERSAS, OU PORQUE N\u00c3O CONHECEMOS AS PALAVRAS-CHAVE OU PORQUE PARECE TUDO DEMASIADO COMPLICADO. O GLOSS\u00c1RIO FEMINISTA ILUSTRADO SURGE COMO RESPOSTA A ESTE DESCONHECIMENTO, COM O OBJETIVO DE CRIAR UM GUIA INTRODUT\u00d3RIO QUE ABORDE ESTES TEMAS DE FORMA SIMPLES, CLARA E DESCONTRA\u00cdDA. COM ESTE GLOSS\u00c1RIO A TR\u00caS VOZES, O RESULTADO DA COLABORA\u00c7\u00c3O ENTRE AMARGO, BIAKOSTA E FILIPA NAMORADO (A CONVITE DA CASA DA ESQUINA), N\u00c3O PRETENDEMOS APRESENTAR RESPOSTAS DEFINITIVAS OU CRIAR UM MANUAL COMPREENSIVO A DETALHAR TODAS AS POSS\u00cdVEIS NUANCES DESTES TEMAS, MAS SIM COMBINAR BREVES DEFINI\u00c7\u00d5ES E ILUSTRA\u00c7\u00d5ES TEM\u00c1TICAS DE FORMA A CONSTRUIR UMA VIS\u00c3O GERAL DOS CONCEITOS QUE CONSIDERAMOS IMPORTANTES NO CONTEXTO DESTE MOMENTO E DESTE ESPA\u00c7O. O QUE NOS PROPOMOS A FAZER \u00c9 APENAS DAR O PONTO DE PARTIDA PARA QUE CADA PESSOA POSSA QUESTIONAR OS SEUS PR\u00d3PRIOS PRECONCEITOS INTERNALIZADOS E MAIS TARDE FAZER A SUA PR\u00d3PRIA PESQUISA MAIS APROFUNDADA. AT\u00c9 PORQUE N\u00c3O SOMOS ACAD\u00c9MICAS EM NENHUMA DESTAS \u00c1REAS, APENAS TR\u00caS PESSOAS INTERESSADAS QUE DECIDIRAM DESENHAR SOBRE ESTES TEMAS.<br \/>*O TEXTO DESTA EXPOSI\u00c7\u00c3O UTILIZA O SISTEMA DE LINGUAGEM DE G\u00c9NERO NEUTRO COM BASE NA LETRA E (EX.: TODOS TODES)<\/p>\n<p style=%22text-align: justify;%22>AMARGO<\/p>\n<p style=%22text-align: justify;%22>Amargo \u00e9 a Margo, que \u00e9 Margarida Ferreira. Ao longo dos anos, Margarida tem saltitado entre a ilustra\u00e7\u00e3o, a anima\u00e7\u00e3o, e a banda desenhada, na procura de ferramentas e processos para contar hist\u00f3rias. Gosta de criar a partir dos sentimentos, da amizade, do amor (e desamor), e \u00e9 movida a sestas e a sol.<\/p>\n<p style=%22text-align: justify;%22>BIAKOSTA<\/p>\n<p style=%22text-align: justify;%22>biakosta (tamb\u00e9m conhecida como Beatriz Costa) \u00e9 ilustradora, animadora e artista de BD. Gosta de usar palavras para falar sobre desenhos, e desenhos quando as palavras n\u00e3o chegam. Nasceu em Coimbra, em 1997, mas em 2022 encontra-se a tirar o mestrado de Comunica\u00e7\u00e3o Visual, em Estocolmo. Desde pequena que adora escrever e sonha um dia ter uma horta.<\/p>\n<p style=%22text-align: justify;%22>NAMORADO<\/p>\n<p style=%22text-align: justify;%22>Filipa Namorado \u00e9 uma ilustradora com forma\u00e7\u00e3o em design gr\u00e1fico cujo trabalho \u00e9 informado por moda, manga shoujo e literatura infantojuvenil de meados do s\u00e9c. XX. Namorado \u00e9 uma autoproclamada amante de com\u00e9dias rom\u00e2nticas e utilizadora ass\u00eddua de emojis e reside atualmente em Coimbra, Portugal, com um pequeno chihuahua traquina chamado Milu.<\/p>\n<p>Ficha art\u00edstica e t\u00e9cnica:<br \/>Coordena\u00e7\u00e3o: Sandra Alves<br \/>Ilustra\u00e7\u00e3o: Amargo, biakosta, filipa Namorado<br \/>Produ\u00e7\u00e3o Casa da Esquina<br \/>design: joana corker<br \/>Organiza\u00e7\u00e3o Casa da esquinA<br \/>Apoios: Rep\u00fablica portuguesa\/DGArtes, C\u00e2mara Municipal de Coimbra<\/p>\n<p>Casa da Esquina | Rua Aires de Campos n\u00ba6, 3000-014 Coimbra<\/p>\n<p><strong>Online:<\/strong> <a href=%22https:\/\/www.facebook.com\/casadaesquina\/posts\/355569939905647%22 data-et-target-link=%22_blank%22 rel=%22noopener%22>https:\/\/www.facebook.com\/casadaesquina\/posts\/355569939905647<\/a><\/p>\n<p>&#8221; content_phone=&#8221;<\/p>\n<p><img src=%22https:\/\/www.cig.gov.pt\/iniciativas-nacionais\/wp-content\/uploads\/2022\/03\/Marquise_GlossarioFeministaIlustrado_cartazWEB-212x300.png%22 width=%22212%22 height=%22300%22 alt=%22%22 class=%22wp-image-671 alignnone size-medium%22 \/>Descri\u00e7\u00e3o ou Sinopse:<\/p>\n<p style=%22text-align: justify;%22>QUANDO SE FALA EM G\u00c9NERO, EM FEMINISMO E EM CAUSAS DE JUSTI\u00c7A SOCIAL, POR VEZES TEMOS DIFICULDADE A ACOMPANHAR ESTAS CONVERSAS, OU PORQUE N\u00c3O CONHECEMOS AS PALAVRAS-CHAVE OU PORQUE PARECE TUDO DEMASIADO COMPLICADO. O GLOSS\u00c1RIO FEMINISTA ILUSTRADO SURGE COMO RESPOSTA A ESTE DESCONHECIMENTO, COM O OBJETIVO DE CRIAR UM GUIA INTRODUT\u00d3RIO QUE ABORDE ESTES TEMAS DE FORMA SIMPLES, CLARA E DESCONTRA\u00cdDA. COM ESTE GLOSS\u00c1RIO A TR\u00caS VOZES, O RESULTADO DA COLABORA\u00c7\u00c3O ENTRE AMARGO, BIAKOSTA E FILIPA NAMORADO (A CONVITE DA CASA DA ESQUINA), N\u00c3O PRETENDEMOS APRESENTAR RESPOSTAS DEFINITIVAS OU CRIAR UM MANUAL COMPREENSIVO A DETALHAR TODAS AS POSS\u00cdVEIS NUANCES DESTES TEMAS, MAS SIM COMBINAR BREVES DEFINI\u00c7\u00d5ES E ILUSTRA\u00c7\u00d5ES TEM\u00c1TICAS DE FORMA A CONSTRUIR UMA VIS\u00c3O GERAL DOS CONCEITOS QUE CONSIDERAMOS IMPORTANTES NO CONTEXTO DESTE MOMENTO E DESTE ESPA\u00c7O. O QUE NOS PROPOMOS A FAZER \u00c9 APENAS DAR O PONTO DE PARTIDA PARA QUE CADA PESSOA POSSA QUESTIONAR OS SEUS PR\u00d3PRIOS PRECONCEITOS INTERNALIZADOS E MAIS TARDE FAZER A SUA PR\u00d3PRIA PESQUISA MAIS APROFUNDADA. AT\u00c9 PORQUE N\u00c3O SOMOS ACAD\u00c9MICAS EM NENHUMA DESTAS \u00c1REAS, APENAS TR\u00caS PESSOAS INTERESSADAS QUE DECIDIRAM DESENHAR SOBRE ESTES TEMAS.<br \/>*O TEXTO DESTA EXPOSI\u00c7\u00c3O UTILIZA O SISTEMA DE LINGUAGEM DE G\u00c9NERO NEUTRO COM BASE NA LETRA E (EX.: TODOS TODES)<\/p>\n<p style=%22text-align: justify;%22>AMARGO<\/p>\n<p style=%22text-align: justify;%22>Amargo \u00e9 a Margo, que \u00e9 Margarida Ferreira. Ao longo dos anos, Margarida tem saltitado entre a ilustra\u00e7\u00e3o, a anima\u00e7\u00e3o, e a banda desenhada, na procura de ferramentas e processos para contar hist\u00f3rias. Gosta de criar a partir dos sentimentos, da amizade, do amor (e desamor), e \u00e9 movida a sestas e a sol.<\/p>\n<p style=%22text-align: justify;%22>BIAKOSTA<\/p>\n<p style=%22text-align: justify;%22>biakosta (tamb\u00e9m conhecida como Beatriz Costa) \u00e9 ilustradora, animadora e artista de BD. Gosta de usar palavras para falar sobre desenhos, e desenhos quando as palavras n\u00e3o chegam. Nasceu em Coimbra, em 1997, mas em 2022 encontra-se a tirar o mestrado de Comunica\u00e7\u00e3o Visual, em Estocolmo. Desde pequena que adora escrever e sonha um dia ter uma horta.<\/p>\n<p style=%22text-align: justify;%22>NAMORADO<\/p>\n<p style=%22text-align: justify;%22>Filipa Namorado \u00e9 uma ilustradora com forma\u00e7\u00e3o em design gr\u00e1fico cujo trabalho \u00e9 informado por moda, manga shoujo e literatura infantojuvenil de meados do s\u00e9c. XX. Namorado \u00e9 uma autoproclamada amante de com\u00e9dias rom\u00e2nticas e utilizadora ass\u00eddua de emojis e reside atualmente em Coimbra, Portugal, com um pequeno chihuahua traquina chamado Milu.<\/p>\n<p>Ficha art\u00edstica e t\u00e9cnica:<br \/>Coordena\u00e7\u00e3o: Sandra Alves<br \/>Ilustra\u00e7\u00e3o: Amargo, biakosta, filipa Namorado<br \/>Produ\u00e7\u00e3o Casa da Esquina<br \/>design: joana corker<br \/>Organiza\u00e7\u00e3o Casa da esquinA<br \/>Apoios: Rep\u00fablica portuguesa\/DGArtes, C\u00e2mara Municipal de Coimbra<\/p>\n<p>Casa da Esquina | Rua Aires de Campos n\u00ba6, 3000-014 Coimbra<\/p>\n<p><strong>Online:<\/strong> <a href=%22https:\/\/www.facebook.com\/casadaesquina\/posts\/355569939905647%22 data-et-target-link=%22_blank%22 rel=%22noopener%22>https:\/\/www.facebook.com\/casadaesquina\/posts\/355569939905647<\/a><\/p>\n<p>&#8221; content_last_edited=&#8221;on|desktop&#8221; _builder_version=&#8221;4.13.0&#8243; _module_preset=&#8221;default&#8221; title_font=&#8221;Montserrat|700|||||||&#8221; title_font_size=&#8221;13px&#8221; body_font=&#8221;Montserrat||||||||&#8221; body_font_size=&#8221;11px&#8221; body_line_height=&#8221;1.2em&#8221; background_color=&#8221;rgba(255,255,255,0)&#8221; custom_margin=&#8221;|||8px|false|false&#8221; custom_padding=&#8221;8px||16px|4px|false|false&#8221; border_width_all=&#8221;0px&#8221; global_colors_info=&#8221;{}&#8221;]<\/p>\n<p style=\"text-align: justify;\"><span>Espet\u00e1culo de stand up com &#8220;Beatriz Gosto&#8221;, seguido de momento de conversa\/debate com a presen\u00e7a da Sr\u00aa Secret\u00e1ria Estado para a Cidadania e a Igualdade; Vice-Presidente da CM Miranda do Corvo; Desir\u00e9e Pedro (CEO Atelier do Corvo) Prof\u00aa Ana Gouveia (ex Vice-Presidente da CM Miranda do Corvo) e Marta Bateira. Os temas a debater s\u00e3o: faz sentido hoje celebrar o Dia Internacional da Mulher; Diferencia\u00e7\u00e3o salarial; sistema de quotas; uso e partilha do tempo; politicas p\u00fablicas para a igualdade.<\/span><\/p>\n<p style=\"text-align: justify;\"><strong>Dia:<\/strong> 06\/03\/2022 | <strong>Hora:<\/strong> 17:00:00<\/p>\n<p><strong>Local:<\/strong> <span>Casa das Artes<\/span><\/p>\n<p><strong>Mais informa\u00e7\u00e3o<\/strong>: https:\/\/www.facebook.com\/casadasartesmcv<\/p>\n<p>[\/et_pb_toggle][\/et_pb_column][et_pb_column type=&#8221;1_4&#8243; _builder_version=&#8221;4.13.0&#8243; _module_preset=&#8221;default&#8221; background_color=&#8221;#FFFFFF&#8221; border_radii=&#8221;on|12px|12px|12px|12px&#8221; global_colors_info=&#8221;{}&#8221;][et_pb_text _builder_version=&#8221;4.13.0&#8243; _module_preset=&#8221;default&#8221; text_font=&#8221;Montserrat||||||||&#8221; text_font_size=&#8221;12px&#8221; text_line_height=&#8221;1.2em&#8221; custom_margin=&#8221;16px|12px|8px|12px|false|false&#8221; global_colors_info=&#8221;{}&#8221;]<\/p>\n<p><span style=\"font-size: medium; color: #c18934;\"><strong>Mour\u00e3o<\/strong><\/span><\/p>\n<p><strong>Entidade promotora:<\/strong><br \/><span>Munic\u00edpio de Mour\u00e3o<\/span><\/p>\n<p><strong>Iniciativa | Atividade:<\/strong><br \/><span data-sheets-value=\"{&quot;1&quot;:2,&quot;2&quot;:&quot;Dia Internacional da Mulher&quot;}\" data-sheets-userformat=\"{&quot;2&quot;:2945,&quot;3&quot;:{&quot;1&quot;:0},&quot;10&quot;:1,&quot;11&quot;:4,&quot;12&quot;:0,&quot;14&quot;:{&quot;1&quot;:3,&quot;3&quot;:6}}\">Dia Internacional da Mulher<\/span><\/p>\n<p>[\/et_pb_text][et_pb_toggle title=&#8221;Informa\u00e7\u00f5es&#8221; closed_toggle_text_color=&#8221;#759fdb&#8221; icon_color=&#8221;#e22685&#8243; toggle_icon=&#8221;&#xe03a;||divi||400&#8243; use_icon_font_size=&#8221;on&#8221; icon_font_size=&#8221;23px&#8221; content_tablet=&#8221;<\/p>\n<p><img src=%22https:\/\/www.cig.gov.pt\/iniciativas-nacionais\/wp-content\/uploads\/2022\/03\/Marquise_GlossarioFeministaIlustrado_cartazWEB-212x300.png%22 width=%22212%22 height=%22300%22 alt=%22%22 class=%22wp-image-671 alignnone size-medium%22 \/>Descri\u00e7\u00e3o ou Sinopse:<\/p>\n<p style=%22text-align: justify;%22>QUANDO SE FALA EM G\u00c9NERO, EM FEMINISMO E EM CAUSAS DE JUSTI\u00c7A SOCIAL, POR VEZES TEMOS DIFICULDADE A ACOMPANHAR ESTAS CONVERSAS, OU PORQUE N\u00c3O CONHECEMOS AS PALAVRAS-CHAVE OU PORQUE PARECE TUDO DEMASIADO COMPLICADO. O GLOSS\u00c1RIO FEMINISTA ILUSTRADO SURGE COMO RESPOSTA A ESTE DESCONHECIMENTO, COM O OBJETIVO DE CRIAR UM GUIA INTRODUT\u00d3RIO QUE ABORDE ESTES TEMAS DE FORMA SIMPLES, CLARA E DESCONTRA\u00cdDA. COM ESTE GLOSS\u00c1RIO A TR\u00caS VOZES, O RESULTADO DA COLABORA\u00c7\u00c3O ENTRE AMARGO, BIAKOSTA E FILIPA NAMORADO (A CONVITE DA CASA DA ESQUINA), N\u00c3O PRETENDEMOS APRESENTAR RESPOSTAS DEFINITIVAS OU CRIAR UM MANUAL COMPREENSIVO A DETALHAR TODAS AS POSS\u00cdVEIS NUANCES DESTES TEMAS, MAS SIM COMBINAR BREVES DEFINI\u00c7\u00d5ES E ILUSTRA\u00c7\u00d5ES TEM\u00c1TICAS DE FORMA A CONSTRUIR UMA VIS\u00c3O GERAL DOS CONCEITOS QUE CONSIDERAMOS IMPORTANTES NO CONTEXTO DESTE MOMENTO E DESTE ESPA\u00c7O. O QUE NOS PROPOMOS A FAZER \u00c9 APENAS DAR O PONTO DE PARTIDA PARA QUE CADA PESSOA POSSA QUESTIONAR OS SEUS PR\u00d3PRIOS PRECONCEITOS INTERNALIZADOS E MAIS TARDE FAZER A SUA PR\u00d3PRIA PESQUISA MAIS APROFUNDADA. AT\u00c9 PORQUE N\u00c3O SOMOS ACAD\u00c9MICAS EM NENHUMA DESTAS \u00c1REAS, APENAS TR\u00caS PESSOAS INTERESSADAS QUE DECIDIRAM DESENHAR SOBRE ESTES TEMAS.<br \/>*O TEXTO DESTA EXPOSI\u00c7\u00c3O UTILIZA O SISTEMA DE LINGUAGEM DE G\u00c9NERO NEUTRO COM BASE NA LETRA E (EX.: TODOS TODES)<\/p>\n<p style=%22text-align: justify;%22>AMARGO<\/p>\n<p style=%22text-align: justify;%22>Amargo \u00e9 a Margo, que \u00e9 Margarida Ferreira. Ao longo dos anos, Margarida tem saltitado entre a ilustra\u00e7\u00e3o, a anima\u00e7\u00e3o, e a banda desenhada, na procura de ferramentas e processos para contar hist\u00f3rias. Gosta de criar a partir dos sentimentos, da amizade, do amor (e desamor), e \u00e9 movida a sestas e a sol.<\/p>\n<p style=%22text-align: justify;%22>BIAKOSTA<\/p>\n<p style=%22text-align: justify;%22>biakosta (tamb\u00e9m conhecida como Beatriz Costa) \u00e9 ilustradora, animadora e artista de BD. Gosta de usar palavras para falar sobre desenhos, e desenhos quando as palavras n\u00e3o chegam. Nasceu em Coimbra, em 1997, mas em 2022 encontra-se a tirar o mestrado de Comunica\u00e7\u00e3o Visual, em Estocolmo. Desde pequena que adora escrever e sonha um dia ter uma horta.<\/p>\n<p style=%22text-align: justify;%22>NAMORADO<\/p>\n<p style=%22text-align: justify;%22>Filipa Namorado \u00e9 uma ilustradora com forma\u00e7\u00e3o em design gr\u00e1fico cujo trabalho \u00e9 informado por moda, manga shoujo e literatura infantojuvenil de meados do s\u00e9c. XX. Namorado \u00e9 uma autoproclamada amante de com\u00e9dias rom\u00e2nticas e utilizadora ass\u00eddua de emojis e reside atualmente em Coimbra, Portugal, com um pequeno chihuahua traquina chamado Milu.<\/p>\n<p>Ficha art\u00edstica e t\u00e9cnica:<br \/>Coordena\u00e7\u00e3o: Sandra Alves<br \/>Ilustra\u00e7\u00e3o: Amargo, biakosta, filipa Namorado<br \/>Produ\u00e7\u00e3o Casa da Esquina<br \/>design: joana corker<br \/>Organiza\u00e7\u00e3o Casa da esquinA<br \/>Apoios: Rep\u00fablica portuguesa\/DGArtes, C\u00e2mara Municipal de Coimbra<\/p>\n<p>Casa da Esquina | Rua Aires de Campos n\u00ba6, 3000-014 Coimbra<\/p>\n<p><strong>Online:<\/strong> <a href=%22https:\/\/www.facebook.com\/casadaesquina\/posts\/355569939905647%22 data-et-target-link=%22_blank%22 rel=%22noopener%22>https:\/\/www.facebook.com\/casadaesquina\/posts\/355569939905647<\/a><\/p>\n<p>&#8221; content_phone=&#8221;<\/p>\n<p><img src=%22https:\/\/www.cig.gov.pt\/iniciativas-nacionais\/wp-content\/uploads\/2022\/03\/Marquise_GlossarioFeministaIlustrado_cartazWEB-212x300.png%22 width=%22212%22 height=%22300%22 alt=%22%22 class=%22wp-image-671 alignnone size-medium%22 \/>Descri\u00e7\u00e3o ou Sinopse:<\/p>\n<p style=%22text-align: justify;%22>QUANDO SE FALA EM G\u00c9NERO, EM FEMINISMO E EM CAUSAS DE JUSTI\u00c7A SOCIAL, POR VEZES TEMOS DIFICULDADE A ACOMPANHAR ESTAS CONVERSAS, OU PORQUE N\u00c3O CONHECEMOS AS PALAVRAS-CHAVE OU PORQUE PARECE TUDO DEMASIADO COMPLICADO. O GLOSS\u00c1RIO FEMINISTA ILUSTRADO SURGE COMO RESPOSTA A ESTE DESCONHECIMENTO, COM O OBJETIVO DE CRIAR UM GUIA INTRODUT\u00d3RIO QUE ABORDE ESTES TEMAS DE FORMA SIMPLES, CLARA E DESCONTRA\u00cdDA. COM ESTE GLOSS\u00c1RIO A TR\u00caS VOZES, O RESULTADO DA COLABORA\u00c7\u00c3O ENTRE AMARGO, BIAKOSTA E FILIPA NAMORADO (A CONVITE DA CASA DA ESQUINA), N\u00c3O PRETENDEMOS APRESENTAR RESPOSTAS DEFINITIVAS OU CRIAR UM MANUAL COMPREENSIVO A DETALHAR TODAS AS POSS\u00cdVEIS NUANCES DESTES TEMAS, MAS SIM COMBINAR BREVES DEFINI\u00c7\u00d5ES E ILUSTRA\u00c7\u00d5ES TEM\u00c1TICAS DE FORMA A CONSTRUIR UMA VIS\u00c3O GERAL DOS CONCEITOS QUE CONSIDERAMOS IMPORTANTES NO CONTEXTO DESTE MOMENTO E DESTE ESPA\u00c7O. O QUE NOS PROPOMOS A FAZER \u00c9 APENAS DAR O PONTO DE PARTIDA PARA QUE CADA PESSOA POSSA QUESTIONAR OS SEUS PR\u00d3PRIOS PRECONCEITOS INTERNALIZADOS E MAIS TARDE FAZER A SUA PR\u00d3PRIA PESQUISA MAIS APROFUNDADA. AT\u00c9 PORQUE N\u00c3O SOMOS ACAD\u00c9MICAS EM NENHUMA DESTAS \u00c1REAS, APENAS TR\u00caS PESSOAS INTERESSADAS QUE DECIDIRAM DESENHAR SOBRE ESTES TEMAS.<br \/>*O TEXTO DESTA EXPOSI\u00c7\u00c3O UTILIZA O SISTEMA DE LINGUAGEM DE G\u00c9NERO NEUTRO COM BASE NA LETRA E (EX.: TODOS TODES)<\/p>\n<p style=%22text-align: justify;%22>AMARGO<\/p>\n<p style=%22text-align: justify;%22>Amargo \u00e9 a Margo, que \u00e9 Margarida Ferreira. Ao longo dos anos, Margarida tem saltitado entre a ilustra\u00e7\u00e3o, a anima\u00e7\u00e3o, e a banda desenhada, na procura de ferramentas e processos para contar hist\u00f3rias. Gosta de criar a partir dos sentimentos, da amizade, do amor (e desamor), e \u00e9 movida a sestas e a sol.<\/p>\n<p style=%22text-align: justify;%22>BIAKOSTA<\/p>\n<p style=%22text-align: justify;%22>biakosta (tamb\u00e9m conhecida como Beatriz Costa) \u00e9 ilustradora, animadora e artista de BD. Gosta de usar palavras para falar sobre desenhos, e desenhos quando as palavras n\u00e3o chegam. Nasceu em Coimbra, em 1997, mas em 2022 encontra-se a tirar o mestrado de Comunica\u00e7\u00e3o Visual, em Estocolmo. Desde pequena que adora escrever e sonha um dia ter uma horta.<\/p>\n<p style=%22text-align: justify;%22>NAMORADO<\/p>\n<p style=%22text-align: justify;%22>Filipa Namorado \u00e9 uma ilustradora com forma\u00e7\u00e3o em design gr\u00e1fico cujo trabalho \u00e9 informado por moda, manga shoujo e literatura infantojuvenil de meados do s\u00e9c. XX. Namorado \u00e9 uma autoproclamada amante de com\u00e9dias rom\u00e2nticas e utilizadora ass\u00eddua de emojis e reside atualmente em Coimbra, Portugal, com um pequeno chihuahua traquina chamado Milu.<\/p>\n<p>Ficha art\u00edstica e t\u00e9cnica:<br \/>Coordena\u00e7\u00e3o: Sandra Alves<br \/>Ilustra\u00e7\u00e3o: Amargo, biakosta, filipa Namorado<br \/>Produ\u00e7\u00e3o Casa da Esquina<br \/>design: joana corker<br \/>Organiza\u00e7\u00e3o Casa da esquinA<br \/>Apoios: Rep\u00fablica portuguesa\/DGArtes, C\u00e2mara Municipal de Coimbra<\/p>\n<p>Casa da Esquina | Rua Aires de Campos n\u00ba6, 3000-014 Coimbra<\/p>\n<p><strong>Online:<\/strong> <a href=%22https:\/\/www.facebook.com\/casadaesquina\/posts\/355569939905647%22 data-et-target-link=%22_blank%22 rel=%22noopener%22>https:\/\/www.facebook.com\/casadaesquina\/posts\/355569939905647<\/a><\/p>\n<p>&#8221; content_last_edited=&#8221;on|desktop&#8221; _builder_version=&#8221;4.13.0&#8243; _module_preset=&#8221;default&#8221; title_font=&#8221;Montserrat|700|||||||&#8221; title_font_size=&#8221;13px&#8221; body_font=&#8221;Montserrat||||||||&#8221; body_font_size=&#8221;11px&#8221; body_line_height=&#8221;1.2em&#8221; background_color=&#8221;rgba(255,255,255,0)&#8221; custom_margin=&#8221;|||8px|false|false&#8221; custom_padding=&#8221;8px||16px|4px|false|false&#8221; border_width_all=&#8221;0px&#8221; global_colors_info=&#8221;{}&#8221;]<\/p>\n<p style=\"text-align: justify;\"><span>Inaugura\u00e7\u00e3o da &#8220;Exposi\u00e7\u00e3o de Desenho de N\u00e1dia Capucho&#8221; e Recital de Poesia.<\/span><\/p>\n<p style=\"text-align: justify;\"><strong>Dia:<\/strong> 06\/03\/2022 | <strong>Hora:<\/strong> 10:30:00<\/p>\n<p><strong>Local:<\/strong> <span data-sheets-value=\"{&quot;1&quot;:2,&quot;2&quot;:&quot;Galeria Municipal&quot;}\" data-sheets-userformat=\"{&quot;2&quot;:2945,&quot;3&quot;:{&quot;1&quot;:0},&quot;10&quot;:1,&quot;11&quot;:4,&quot;12&quot;:0,&quot;14&quot;:{&quot;1&quot;:2,&quot;2&quot;:3450963}}\">Galeria Municipal<\/span><\/p>\n<p><strong>Mais informa\u00e7\u00e3o<\/strong>:<a href=\"https:\/\/www.cm-mourao.pt\/e\">https:\/\/www.cm-mourao.pt\/e<\/a> <a href=\"https:\/\/www.facebook.com\/municipiodemourao\">https:\/\/www.facebook.com\/municipiodemourao<\/a><\/p>\n<p>&nbsp;<\/p>\n<p>[\/et_pb_toggle][\/et_pb_column][et_pb_column type=&#8221;1_4&#8243; _builder_version=&#8221;4.13.0&#8243; _module_preset=&#8221;default&#8221; background_color=&#8221;#FFFFFF&#8221; border_radii=&#8221;on|12px|12px|12px|12px&#8221; global_colors_info=&#8221;{}&#8221;][et_pb_text _builder_version=&#8221;4.13.0&#8243; _module_preset=&#8221;default&#8221; text_font=&#8221;Montserrat||||||||&#8221; text_font_size=&#8221;12px&#8221; text_line_height=&#8221;1.2em&#8221; custom_margin=&#8221;16px|12px|8px|12px|false|false&#8221; global_colors_info=&#8221;{}&#8221;]<\/p>\n<p><span style=\"font-size: medium; color: #c18934;\"><strong>Vendas Novas<\/strong><\/span><\/p>\n<p><strong>Entidade promotora:<\/strong><br \/>Municipio de Vendas Novas<\/p>\n<p><strong>Iniciativa | Atividade:<\/strong><br \/>Conversas sobre o dia da mulher<\/p>\n<p>[\/et_pb_text][et_pb_toggle title=&#8221;Informa\u00e7\u00f5es&#8221; closed_toggle_text_color=&#8221;#759fdb&#8221; icon_color=&#8221;#e22685&#8243; toggle_icon=&#8221;&#xe03a;||divi||400&#8243; use_icon_font_size=&#8221;on&#8221; icon_font_size=&#8221;23px&#8221; _builder_version=&#8221;4.13.0&#8243; _module_preset=&#8221;default&#8221; title_font=&#8221;Montserrat|700|||||||&#8221; title_font_size=&#8221;13px&#8221; body_font=&#8221;Montserrat||||||||&#8221; body_font_size=&#8221;11px&#8221; body_line_height=&#8221;1.2em&#8221; background_color=&#8221;rgba(255,255,255,0)&#8221; custom_margin=&#8221;|||8px|false|false&#8221; custom_padding=&#8221;18px||16px|4px|false|false&#8221; border_width_all=&#8221;0px&#8221; global_colors_info=&#8221;{}&#8221;]<\/p>\n<p style=\"text-align: justify;\"><strong>Conversas sobre o dia da mulher<\/strong><br \/>Conversas entre uma professora da Academia S\u00e9nior de Vendas Novas e tr\u00eas alunas sobre o dia da mulher.<\/p>\n<p style=\"text-align: justify;\"><strong>Dia:<\/strong> 08\/03\/2022 | <strong>Hora:<\/strong> 9:00:00 AM<\/p>\n<p><b>Online: <\/b>Facebook do Munic\u00edpio de Vendas Novas<\/p>\n<p>[\/et_pb_toggle][\/et_pb_column][et_pb_column type=&#8221;1_4&#8243; _builder_version=&#8221;4.13.0&#8243; _module_preset=&#8221;default&#8221; background_color=&#8221;#ffffff&#8221; border_radii=&#8221;on|12px|12px|12px|12px&#8221; global_colors_info=&#8221;{}&#8221;][et_pb_text _builder_version=&#8221;4.13.0&#8243; _module_preset=&#8221;default&#8221; text_font=&#8221;Montserrat||||||||&#8221; text_font_size=&#8221;12px&#8221; text_line_height=&#8221;1.2em&#8221; custom_margin=&#8221;16px|12px|8px|12px|false|false&#8221; global_colors_info=&#8221;{}&#8221;]<\/p>\n<p><span style=\"font-size: medium; color: #c18934;\"><strong>Reguengos de Monsaraz<\/strong><\/span><\/p>\n<p><strong>Entidade promotora:<\/strong><br \/>Munic\u00edpio de Reguengos de Monsaraz<\/p>\n<p><strong>Iniciativa | Atividade:<\/strong><br \/>Comemora\u00e7\u00f5es do Dia da Mulher<\/p>\n<p>[\/et_pb_text][et_pb_toggle title=&#8221;Informa\u00e7\u00f5es&#8221; closed_toggle_text_color=&#8221;#759fdb&#8221; icon_color=&#8221;#e22685&#8243; toggle_icon=&#8221;&#xe03a;||divi||400&#8243; use_icon_font_size=&#8221;on&#8221; icon_font_size=&#8221;23px&#8221; _builder_version=&#8221;4.13.0&#8243; _module_preset=&#8221;default&#8221; title_font=&#8221;Montserrat|700|||||||&#8221; title_font_size=&#8221;13px&#8221; body_font=&#8221;Montserrat||||||||&#8221; body_font_size=&#8221;11px&#8221; body_line_height=&#8221;1.2em&#8221; background_color=&#8221;rgba(255,255,255,0)&#8221; custom_margin=&#8221;|||8px|false|false&#8221; custom_padding=&#8221;18px||16px|4px|false|false&#8221; border_width_all=&#8221;0px&#8221; global_colors_info=&#8221;{}&#8221;]<\/p>\n<p style=\"text-align: justify;\"><strong>Comemora\u00e7\u00f5es do Dia da Mulher<\/strong><\/p>\n<p><strong>5 de mar\u00e7o<\/strong> | Caminhada do Dia da Mulher \u2013 Homenagem \u00e0s mulheres ucranianas<br \/>16h30 \u2013 Partida (e chegada) na Pra\u00e7a da Liberdade<br \/>Inscri\u00e7\u00f5es at\u00e9 3 de mar\u00e7o pelo email: desporto@cm-reguengos-monsaraz.pt ou no Servi\u00e7o de Desporto da C\u00e2mara Municipal<br \/>Apoio: Caixa de Cr\u00e9dito Agr\u00edcola do Alto Guadiana e CARMIM<\/p>\n<p><strong>8 de mar\u00e7o<\/strong> | Anima\u00e7\u00e3o Musical com Lu\u00eds Marques e Happy Hour*<br \/>18h00 \u2013 Pra\u00e7a da Liberdade<br \/>* Descontos nos caf\u00e9s e restaurantes localizados na Pra\u00e7a da Liberdade<\/p>\n<p><strong>7 a 11 de mar\u00e7o<\/strong> | Fitness | Yoga | Relaxamento | Divers\u00e3o<br \/>S\u00e3o Marcos do Campo | 7 de mar\u00e7o -14h00, Parque de S\u00e3o Marcos<br \/>Campinho | 7 de mar\u00e7o -15h00, junto \u00e0 Igreja<br \/>Cumeada | 7 de mar\u00e7o -16h10, Sociedade Cumeadense<br \/>Reguengos de Monsaraz | 8 de mar\u00e7o -10h00 \/ 11h00 \/ 16h00, Parque da Cidade<br \/>Motrinos | 8 de mar\u00e7o -14h00, antiga Escola Prim\u00e1ria<br \/>Outeiro | 8 de mar\u00e7o -15h00, Parque Outeiro XXI<br \/>Telheiro | 8 de mar\u00e7o -16h00, Casa do Cante<br \/>Barrada | 9 de mar\u00e7o -14h00, Sociedade de Barrada<br \/>Monsaraz | 9 de mar\u00e7o -15h00, Igreja de Santiago<br \/>Santo Ant\u00f3nio do Baldio | 10 de mar\u00e7o -14h00, Sociedade de Santo Ant\u00f3nio do Baldio<br \/>Carrapatelo | 10 de mar\u00e7o -15h00, Sociedade de Carrapatelo<br \/>S\u00e3o Pedro do Corval | 10 de mar\u00e7o -16h30, Jardim P\u00fablico de Corval<br \/>Perolivas | 11 de mar\u00e7o -14h00, Polidesportivo<br \/>Caridade | 11 de mar\u00e7o -15h15, Parque Caridade<\/p>\n<p><b>Online: <\/b><a href=\"https:\/\/www.cm-reguengos-monsaraz.pt\/eventos\/comemoracoes-do-dia-da-mulher-5-a-11-de-marco\/\" target=\"_blank\" rel=\"noopener\">https:\/\/www.cm-reguengos-monsaraz.pt\/eventos\/comemoracoes-do-dia-da-mulher-5-a-11-de-marco\/<\/a><\/p>\n<p>[\/et_pb_toggle][\/et_pb_column][\/et_pb_row][et_pb_row admin_label=&#8221;faro&#8221; _builder_version=&#8221;4.13.0&#8243; _module_preset=&#8221;default&#8221; background_color=&#8221;#03989e&#8221; custom_margin=&#8221;24px||0px||false|false&#8221; custom_padding=&#8221;16px||16px||false|false&#8221; border_radii=&#8221;on|12px|12px|12px|12px&#8221; global_colors_info=&#8221;{}&#8221;][et_pb_column type=&#8221;4_4&#8243; _builder_version=&#8221;4.13.0&#8243; _module_preset=&#8221;default&#8221; global_colors_info=&#8221;{}&#8221;][et_pb_text admin_label=&#8221;Faro&#8221; _builder_version=&#8221;4.13.0&#8243; _module_preset=&#8221;default&#8221; text_font=&#8221;Montserrat|700|||||||&#8221; text_text_color=&#8221;#FFFFFF&#8221; text_font_size=&#8221;16px&#8221; text_letter_spacing=&#8221;1px&#8221; custom_margin=&#8221;2px||0px|20px|false|false&#8221; custom_padding=&#8221;6px||2px||false|false&#8221; global_colors_info=&#8221;{}&#8221;]<\/p>\n<p><span style=\"color: #f3d9da;\">Distrito: <\/span><span style=\"font-size: xx-large;\">Faro<\/span><\/p>\n<p>[\/et_pb_text][\/et_pb_column][\/et_pb_row][et_pb_row column_structure=&#8221;1_4,1_4,1_4,1_4&#8243; use_custom_gutter=&#8221;on&#8221; gutter_width=&#8221;2&#8243; make_equal=&#8221;on&#8221; _builder_version=&#8221;4.13.0&#8243; _module_preset=&#8221;default&#8221; background_color=&#8221;rgba(255,255,255,0)&#8221; custom_margin=&#8221;||0px||false|false&#8221; custom_padding=&#8221;||0px||false|false&#8221; locked=&#8221;off&#8221; global_colors_info=&#8221;{}&#8221;][et_pb_column type=&#8221;1_4&#8243; _builder_version=&#8221;4.13.0&#8243; _module_preset=&#8221;default&#8221; background_color=&#8221;#FFFFFF&#8221; border_radii=&#8221;on|12px|12px|12px|12px&#8221; global_colors_info=&#8221;{}&#8221;][et_pb_text _builder_version=&#8221;4.13.0&#8243; _module_preset=&#8221;default&#8221; text_font=&#8221;Montserrat||||||||&#8221; text_font_size=&#8221;12px&#8221; text_line_height=&#8221;1.2em&#8221; custom_margin=&#8221;16px|12px|8px|12px|false|false&#8221; global_colors_info=&#8221;{}&#8221;]<\/p>\n<p><span style=\"font-size: medium; color: #c18934;\"><strong>Monchique<\/strong><\/span><\/p>\n<p><strong>Entidade promotora:<\/strong><br \/>Vicentina &#8211; Associa\u00e7\u00e3o para o Desenvolvimento do Sudoeste<\/p>\n<p><strong>Iniciativa | Atividade:<\/strong><br \/>Cinema para Mi\u00fados e Gra\u00fados<\/p>\n<p>[\/et_pb_text][et_pb_toggle title=&#8221;Informa\u00e7\u00f5es&#8221; closed_toggle_text_color=&#8221;#759fdb&#8221; icon_color=&#8221;#e22685&#8243; toggle_icon=&#8221;&#xe03a;||divi||400&#8243; use_icon_font_size=&#8221;on&#8221; icon_font_size=&#8221;23px&#8221; _builder_version=&#8221;4.13.0&#8243; _module_preset=&#8221;default&#8221; title_font=&#8221;Montserrat|700|||||||&#8221; title_font_size=&#8221;13px&#8221; body_font=&#8221;Montserrat||||||||&#8221; body_font_size=&#8221;11px&#8221; body_line_height=&#8221;1.2em&#8221; background_color=&#8221;rgba(255,255,255,0)&#8221; custom_margin=&#8221;|||8px|false|false&#8221; custom_padding=&#8221;8px||16px|4px|false|false&#8221; border_width_all=&#8221;0px&#8221; global_colors_info=&#8221;{}&#8221;]<\/p>\n<p style=\"text-align: justify;\"><strong>Cinema para Mi\u00fados e Gra\u00fados<\/strong><br \/>Sess\u00e3o a realizar no \u00e2mbito das comemora\u00e7\u00f5es do Dia Internacional da Mulher, atrav\u00e9s da visualiza\u00e7\u00e3o do filme &#8220;Brave&#8221;, de Mark Andrews, Brenda Chapman e Steve Purcell. Pretende-se, com esta atividade, estimular a partilha de experi\u00eancias l\u00fadicas em fam\u00edlia, sensibilizando para a import\u00e2ncia do papel da mulher na sociedade. Ser\u00e1 promovido um brainstorming acerca das impress\u00f5es retiradas do filme, para fomentar a reflex\u00e3o em torno do empoderamento feminino para a desconstru\u00e7\u00e3o das assimetrias , no \u00e2mbito da igualdade de g\u00e9nero.<\/p>\n<p><strong>Dia:<\/strong> 04\/03\/2022 | <strong>Hora:<\/strong> 6:00:00 PM<\/p>\n<p><strong>Online:<\/strong> <a href=\"https:\/\/www.facebook.com\/serradentro.clds4g\" target=\"_blank\" rel=\"noopener\">https:\/\/www.facebook.com\/serradentro.clds4g<\/a><\/p>\n<p>[\/et_pb_toggle][\/et_pb_column][et_pb_column type=&#8221;1_4&#8243; _builder_version=&#8221;4.13.0&#8243; _module_preset=&#8221;default&#8221; background_color=&#8221;#FFFFFF&#8221; border_radii=&#8221;on|12px|12px|12px|12px&#8221; global_colors_info=&#8221;{}&#8221;][et_pb_text _builder_version=&#8221;4.13.0&#8243; _module_preset=&#8221;default&#8221; text_font=&#8221;Montserrat||||||||&#8221; text_font_size=&#8221;12px&#8221; text_line_height=&#8221;1.2em&#8221; custom_margin=&#8221;16px|12px|8px|12px|false|false&#8221; global_colors_info=&#8221;{}&#8221;]<\/p>\n<p><span style=\"font-size: medium; color: #c18934;\"><strong>Monchique<\/strong><\/span><\/p>\n<p><strong>Entidade promotora:<\/strong><br \/>Vicentina &#8211; Associa\u00e7\u00e3o para o Desenvolvimento do Sudoeste<\/p>\n<p><strong>Iniciativa | Atividade:<\/strong><br \/>Cinema para Mi\u00fados e Gra\u00fados<\/p>\n<p>[\/et_pb_text][et_pb_toggle title=&#8221;Informa\u00e7\u00f5es&#8221; closed_toggle_text_color=&#8221;#759fdb&#8221; icon_color=&#8221;#e22685&#8243; toggle_icon=&#8221;&#xe03a;||divi||400&#8243; use_icon_font_size=&#8221;on&#8221; icon_font_size=&#8221;23px&#8221; _builder_version=&#8221;4.13.0&#8243; _module_preset=&#8221;default&#8221; title_font=&#8221;Montserrat|700|||||||&#8221; title_font_size=&#8221;13px&#8221; body_font=&#8221;Montserrat||||||||&#8221; body_font_size=&#8221;11px&#8221; body_line_height=&#8221;1.2em&#8221; background_color=&#8221;rgba(255,255,255,0)&#8221; custom_margin=&#8221;|||8px|false|false&#8221; custom_padding=&#8221;8px||16px|4px|false|false&#8221; border_width_all=&#8221;0px&#8221; global_colors_info=&#8221;{}&#8221;]<\/p>\n<p style=\"text-align: justify;\"><strong>Cinema para Mi\u00fados e Gra\u00fados<\/strong><br \/>Sess\u00e3o a realizar no \u00e2mbito das comemora\u00e7\u00f5es do Dia Internacional da Mulher, atrav\u00e9s da visualiza\u00e7\u00e3o do filme &#8220;Brave&#8221;, de Mark Andrews, Brenda Chapman e Steve Purcell. Pretende-se, com esta atividade, estimular a partilha de experi\u00eancias l\u00fadicas em fam\u00edlia, sensibilizando para a import\u00e2ncia do papel da mulher na sociedade. Ser\u00e1 promovido um brainstorming acerca das impress\u00f5es retiradas do filme, para fomentar a reflex\u00e3o em torno do empoderamento feminino para a desconstru\u00e7\u00e3o das assimetrias , no \u00e2mbito da igualdade de g\u00e9nero.<\/p>\n<p><strong>Dia:<\/strong> 07\/03\/2022 | <strong>Hora:<\/strong> 6:00:00 PM<\/p>\n<p><strong>Online:<\/strong> <a href=\"https:\/\/www.facebook.com\/serradentro.clds4g\" target=\"_blank\" rel=\"noopener\">https:\/\/www.facebook.com\/serradentro.clds4g<\/a><\/p>\n<p>[\/et_pb_toggle][\/et_pb_column][et_pb_column type=&#8221;1_4&#8243; _builder_version=&#8221;4.13.0&#8243; _module_preset=&#8221;default&#8221; background_color=&#8221;#FFFFFF&#8221; border_radii=&#8221;on|12px|12px|12px|12px&#8221; global_colors_info=&#8221;{}&#8221;][et_pb_text _builder_version=&#8221;4.13.0&#8243; _module_preset=&#8221;default&#8221; text_font=&#8221;Montserrat||||||||&#8221; text_font_size=&#8221;12px&#8221; text_line_height=&#8221;1.2em&#8221; custom_margin=&#8221;16px|12px|8px|12px|false|false&#8221; global_colors_info=&#8221;{}&#8221;]<\/p>\n<p><span style=\"font-size: medium; color: #c18934;\"><strong>Monchique<\/strong><\/span><\/p>\n<p><strong>Entidade promotora:<\/strong><br \/>Vicentina &#8211; Associa\u00e7\u00e3o para o Desenvolvimento do Sudoeste<\/p>\n<p><strong>Iniciativa | Atividade:<\/strong><br \/>Cinema para Mi\u00fados e Gra\u00fados<\/p>\n<p>[\/et_pb_text][et_pb_toggle title=&#8221;Informa\u00e7\u00f5es&#8221; closed_toggle_text_color=&#8221;#759fdb&#8221; icon_color=&#8221;#e22685&#8243; toggle_icon=&#8221;&#xe03a;||divi||400&#8243; use_icon_font_size=&#8221;on&#8221; icon_font_size=&#8221;23px&#8221; _builder_version=&#8221;4.13.0&#8243; _module_preset=&#8221;default&#8221; title_font=&#8221;Montserrat|700|||||||&#8221; title_font_size=&#8221;13px&#8221; body_font=&#8221;Montserrat||||||||&#8221; body_font_size=&#8221;11px&#8221; body_line_height=&#8221;1.2em&#8221; background_color=&#8221;rgba(255,255,255,0)&#8221; custom_margin=&#8221;|||8px|false|false&#8221; custom_padding=&#8221;8px||16px|4px|false|false&#8221; border_width_all=&#8221;0px&#8221; global_colors_info=&#8221;{}&#8221;]<\/p>\n<p style=\"text-align: justify;\"><strong>Cinema para Mi\u00fados e Gra\u00fados<\/strong><br \/>Sess\u00e3o a realizar no \u00e2mbito das comemora\u00e7\u00f5es do Dia Internacional da Mulher, atrav\u00e9s da visualiza\u00e7\u00e3o do filme &#8220;Brave&#8221;, de Mark Andrews, Brenda Chapman e Steve Purcell. Pretende-se, com esta atividade, estimular a partilha de experi\u00eancias l\u00fadicas em fam\u00edlia, sensibilizando para a import\u00e2ncia do papel da mulher na sociedade. Ser\u00e1 promovido um brainstorming acerca das impress\u00f5es retiradas do filme, para fomentar a reflex\u00e3o em torno do empoderamento feminino para a desconstru\u00e7\u00e3o das assimetrias , no \u00e2mbito da igualdade de g\u00e9nero.<\/p>\n<p><strong>Dia:<\/strong> 08\/03\/2022 | <strong>Hora:<\/strong> 6:00:00 PM<\/p>\n<p><strong>Online:<\/strong> <a href=\"https:\/\/www.facebook.com\/serradentro.clds4g\" target=\"_blank\" rel=\"noopener\">https:\/\/www.facebook.com\/serradentro.clds4g<\/a><\/p>\n<p>[\/et_pb_toggle][\/et_pb_column][et_pb_column type=&#8221;1_4&#8243; _builder_version=&#8221;4.13.0&#8243; _module_preset=&#8221;default&#8221; background_color=&#8221;#FFFFFF&#8221; border_radii=&#8221;on|12px|12px|12px|12px&#8221; global_colors_info=&#8221;{}&#8221;][et_pb_text _builder_version=&#8221;4.13.0&#8243; _module_preset=&#8221;default&#8221; text_font=&#8221;Montserrat||||||||&#8221; text_font_size=&#8221;12px&#8221; text_line_height=&#8221;1.2em&#8221; custom_margin=&#8221;16px|12px|8px|12px|false|false&#8221; global_colors_info=&#8221;{}&#8221;]<\/p>\n<p><span style=\"font-size: medium; color: #c18934;\"><strong>Monchique<\/strong><\/span><\/p>\n<p><strong>Entidade promotora:<\/strong><br \/>Vicentina &#8211; Associa\u00e7\u00e3o para o Desenvolvimento do Sudoeste<\/p>\n<p><strong>Iniciativa | Atividade:<\/strong><br \/>Princesas sem limites<\/p>\n<p>[\/et_pb_text][et_pb_toggle title=&#8221;Informa\u00e7\u00f5es&#8221; closed_toggle_text_color=&#8221;#759fdb&#8221; icon_color=&#8221;#e22685&#8243; toggle_icon=&#8221;&#xe03a;||divi||400&#8243; use_icon_font_size=&#8221;on&#8221; icon_font_size=&#8221;23px&#8221; _builder_version=&#8221;4.13.0&#8243; _module_preset=&#8221;default&#8221; title_font=&#8221;Montserrat|700|||||||&#8221; title_font_size=&#8221;13px&#8221; body_font=&#8221;Montserrat||||||||&#8221; body_font_size=&#8221;11px&#8221; body_line_height=&#8221;1.2em&#8221; background_color=&#8221;rgba(255,255,255,0)&#8221; custom_margin=&#8221;|||8px|false|false&#8221; custom_padding=&#8221;8px||16px|4px|false|false&#8221; border_width_all=&#8221;0px&#8221; global_colors_info=&#8221;{}&#8221;]<\/p>\n<p style=\"text-align: justify;\"><strong>Princesas sem limites<\/strong><br \/>Sess\u00e3o integrada nas atividades comemorativas do Dia Internacional da Mulher, pensada para estimular a partilha de experi\u00eancias e din\u00e2micas positivas, em fam\u00edlia. A criatividade ser\u00e1 uma compet\u00eancia a explorar, atrav\u00e9s da cria\u00e7\u00e3o de um texto que reflita as perce\u00e7\u00f5es dos mais novos, acerca da mulher, nos dias de hoje, promovendo, assim, a reflex\u00e3o em torno do papel feminino, na sociedade. Nesta sess\u00e3o, pretende-se sensibilizar as crian\u00e7as e as fam\u00edlias, para a import\u00e2ncia do Dia da Mulher, atrav\u00e9s de um breve enquadramento hist\u00f3rico e de contos modernos, onde a personagem principal feminina j\u00e1 n\u00e3o corresponde aos padr\u00f5es conservadores do papel da mulher, na sociedade.<\/p>\n<p><strong>Dia:<\/strong> 09\/03\/2022 | <strong>Hora:<\/strong> 4:00:00 PM<\/p>\n<p><strong>Online:<\/strong> <a href=\"https:\/\/www.facebook.com\/serradentro.clds4g\" target=\"_blank\" rel=\"noopener\">https:\/\/www.facebook.com\/serradentro.clds4g<\/a><\/p>\n<p>[\/et_pb_toggle][\/et_pb_column][\/et_pb_row][et_pb_row column_structure=&#8221;1_4,1_4,1_4,1_4&#8243; use_custom_gutter=&#8221;on&#8221; gutter_width=&#8221;2&#8243; make_equal=&#8221;on&#8221; _builder_version=&#8221;4.13.0&#8243; _module_preset=&#8221;default&#8221; background_color=&#8221;rgba(255,255,255,0)&#8221; custom_margin=&#8221;||0px||false|false&#8221; custom_padding=&#8221;||0px||false|false&#8221; locked=&#8221;off&#8221; global_colors_info=&#8221;{}&#8221;][et_pb_column type=&#8221;1_4&#8243; _builder_version=&#8221;4.13.0&#8243; _module_preset=&#8221;default&#8221; background_color=&#8221;#FFFFFF&#8221; border_radii=&#8221;on|12px|12px|12px|12px&#8221; global_colors_info=&#8221;{}&#8221;][et_pb_text _builder_version=&#8221;4.13.0&#8243; _module_preset=&#8221;default&#8221; text_font=&#8221;Montserrat||||||||&#8221; text_font_size=&#8221;12px&#8221; text_line_height=&#8221;1.2em&#8221; custom_margin=&#8221;16px|12px|8px|12px|false|false&#8221; global_colors_info=&#8221;{}&#8221;]<\/p>\n<p><span style=\"font-size: medium; color: #c18934;\"><strong>S\u00e3o Br\u00e1s de Alportel\u00a0<\/strong><\/span><\/p>\n<p><strong>Entidade promotora:<\/strong><br \/>Munic\u00edpio de Br\u00e1s de Alportel<\/p>\n<p><strong>Iniciativa | Atividade:<\/strong><br \/><span>7 Sess\u00f5es de Sensibiliza\u00e7\u00e3o sobre os desafios da Igualdade nos Polos da Rede de Interven\u00e7\u00e3o Comunit\u00e1ria do projeto &#8221; ENVOLVE&#8221; <\/span><\/p>\n<p>[\/et_pb_text][et_pb_toggle title=&#8221;Informa\u00e7\u00f5es&#8221; closed_toggle_text_color=&#8221;#759fdb&#8221; icon_color=&#8221;#e22685&#8243; toggle_icon=&#8221;&#xe03a;||divi||400&#8243; use_icon_font_size=&#8221;on&#8221; icon_font_size=&#8221;23px&#8221; _builder_version=&#8221;4.13.0&#8243; _module_preset=&#8221;default&#8221; title_font=&#8221;Montserrat|700|||||||&#8221; title_font_size=&#8221;13px&#8221; body_font=&#8221;Montserrat||||||||&#8221; body_font_size=&#8221;11px&#8221; body_line_height=&#8221;1.2em&#8221; background_color=&#8221;rgba(255,255,255,0)&#8221; custom_margin=&#8221;|||8px|false|false&#8221; custom_padding=&#8221;8px||16px|4px|false|false&#8221; border_width_all=&#8221;0px&#8221; global_colors_info=&#8221;{}&#8221;]<\/p>\n<p style=\"text-align: justify;\"><span>Aproveitando as sess\u00f5es de Educa\u00e7\u00e3o F\u00edsica do projeto &#8220;Envolve&#8221; iremos acrescentar uma din\u00e2mica de grupo para introduzir reflex\u00e3o conjunta sobre as quest\u00f5es da Igualdade e estere\u00f3tipos de g\u00e9nero .<\/span><\/p>\n<p><strong>Dia:<\/strong> 07\/03\/2022 | <strong>Hora:<\/strong> <span data-sheets-value=\"{&quot;1&quot;:3,&quot;3&quot;:0.5833333333357587}\" data-sheets-userformat=\"{&quot;2&quot;:897,&quot;3&quot;:{&quot;1&quot;:6},&quot;10&quot;:1,&quot;11&quot;:4,&quot;12&quot;:0}\">14:00:00<\/span><\/p>\n<p>[\/et_pb_toggle][\/et_pb_column][et_pb_column type=&#8221;1_4&#8243; _builder_version=&#8221;4.13.0&#8243; _module_preset=&#8221;default&#8221; background_color=&#8221;#FFFFFF&#8221; border_radii=&#8221;on|12px|12px|12px|12px&#8221; global_colors_info=&#8221;{}&#8221;][et_pb_text _builder_version=&#8221;4.13.0&#8243; _module_preset=&#8221;default&#8221; text_font=&#8221;Montserrat||||||||&#8221; text_font_size=&#8221;12px&#8221; text_line_height=&#8221;1.2em&#8221; custom_margin=&#8221;16px|12px|8px|12px|false|false&#8221; global_colors_info=&#8221;{}&#8221;]<\/p>\n<p><span style=\"font-size: medium; color: #c18934;\"><strong>S\u00e3o Br\u00e1s de Alportel\u00a0<\/strong><\/span><\/p>\n<p><strong>Entidade promotora:<\/strong><br \/>Munic\u00edpio de Br\u00e1s de Alportel<\/p>\n<p><strong>Iniciativa | Atividade:<\/strong><br \/><span>Exposi\u00e7\u00e3o na Biblioteca Municipal <\/span><\/p>\n<p>[\/et_pb_text][et_pb_toggle title=&#8221;Informa\u00e7\u00f5es&#8221; closed_toggle_text_color=&#8221;#759fdb&#8221; icon_color=&#8221;#e22685&#8243; toggle_icon=&#8221;&#xe03a;||divi||400&#8243; use_icon_font_size=&#8221;on&#8221; icon_font_size=&#8221;23px&#8221; _builder_version=&#8221;4.13.0&#8243; _module_preset=&#8221;default&#8221; title_font=&#8221;Montserrat|700|||||||&#8221; title_font_size=&#8221;13px&#8221; body_font=&#8221;Montserrat||||||||&#8221; body_font_size=&#8221;11px&#8221; body_line_height=&#8221;1.2em&#8221; background_color=&#8221;rgba(255,255,255,0)&#8221; custom_margin=&#8221;|||8px|false|false&#8221; custom_padding=&#8221;8px||16px|4px|false|false&#8221; border_width_all=&#8221;0px&#8221; global_colors_info=&#8221;{}&#8221;]<\/p>\n<p style=\"text-align: justify;\"><span>Exposi\u00e7\u00e3o no \u00e1trio da BM alusiva a Dia Internacional da Mulher e dia Mundial do Teatro patente at\u00e9 28 Mar\u00e7o <\/span><\/p>\n<p><strong>Dia:<\/strong> 08\/03\/2022 | <strong>Hora:<\/strong> 10:30:00\u00a0<\/p>\n<p><strong>Mais informa\u00e3o<a href=\"https:\/\/www.cm-sbras.pt\/pt\/Default.aspx\">:https:\/\/www.cm-sbras.pt\/pt\/Default.aspx<\/a><\/strong><\/p>\n<p>[\/et_pb_toggle][\/et_pb_column][et_pb_column type=&#8221;1_4&#8243; _builder_version=&#8221;4.13.0&#8243; _module_preset=&#8221;default&#8221; background_color=&#8221;#ffffff&#8221; border_radii=&#8221;on|12px|12px|12px|12px&#8221; global_colors_info=&#8221;{}&#8221;][et_pb_text _builder_version=&#8221;4.13.0&#8243; _module_preset=&#8221;default&#8221; text_font=&#8221;Montserrat||||||||&#8221; text_font_size=&#8221;12px&#8221; text_line_height=&#8221;1.2em&#8221; custom_margin=&#8221;16px|12px|8px|12px|false|false&#8221; custom_padding=&#8221;0px|||||&#8221; global_colors_info=&#8221;{}&#8221;]<\/p>\n<p><span style=\"font-size: medium; color: #c18934;\"><strong>S\u00e3o Br\u00e1s de Alportel\u00a0<\/strong><\/span><\/p>\n<p><strong>Entidade promotora:<\/strong><br \/>Munic\u00edpio de Br\u00e1s de Alportel\u00a0<\/p>\n<p><strong>Iniciativa | Atividade:<\/strong><br \/><span>Teatro &#8221; Duas Mulheres a Preto e Branco&#8221; <\/span><\/p>\n<p>[\/et_pb_text][et_pb_toggle title=&#8221;Informa\u00e7\u00f5es&#8221; closed_toggle_text_color=&#8221;#759fdb&#8221; icon_color=&#8221;#e22685&#8243; toggle_icon=&#8221;&#xe03a;||divi||400&#8243; use_icon_font_size=&#8221;on&#8221; icon_font_size=&#8221;23px&#8221; _builder_version=&#8221;4.13.0&#8243; _module_preset=&#8221;default&#8221; title_font=&#8221;Montserrat|700|||||||&#8221; title_font_size=&#8221;13px&#8221; body_font=&#8221;Montserrat||||||||&#8221; body_font_size=&#8221;11px&#8221; body_line_height=&#8221;1.2em&#8221; background_color=&#8221;rgba(255,255,255,0)&#8221; custom_margin=&#8221;|||8px|false|false&#8221; custom_padding=&#8221;8px||16px|4px|false|false&#8221; border_width_all=&#8221;0px&#8221; global_colors_info=&#8221;{}&#8221;]<\/p>\n<p style=\"text-align: justify;\"><span>Pe\u00e7a de teatro numa produ\u00e7\u00e3o do TIDI- Associa\u00e7\u00e3o Cultural e Recreativa<\/span><\/p>\n<p style=\"text-align: justify;\"><strong>Local:<\/strong> <span>Cine Teatro S. Br\u00e1s de Alportel <\/span><span><\/span><\/p>\n<p><strong>Dia:<\/strong> 26\/03\/2022 | <strong>Hora:<\/strong> 10:30:00\u00a0<\/p>\n<p><strong>Mais informa\u00e7\u00e3o: <a data-sheets-formula-bar-text-link=\"https:\/\/www.cm-sbras.pt\/pt\/Default.aspx\" class=\"waffle-rich-text-link\" data-sheets-formula-bar-text-style=\"font-size:13px;color:#34a853;font-weight:normal;text-decoration:underline;font-family:'Arial';font-style:normal;text-decoration-skip-ink:none;\">https:\/\/www.cm-sbras.pt\/pt\/Default.aspx<\/a><\/strong><\/p>\n<p>[\/et_pb_toggle][\/et_pb_column][et_pb_column type=&#8221;1_4&#8243; _builder_version=&#8221;4.13.0&#8243; _module_preset=&#8221;default&#8221; background_color=&#8221;#ffffff&#8221; border_radii=&#8221;on|12px|12px|12px|12px&#8221; global_colors_info=&#8221;{}&#8221;][et_pb_text _builder_version=&#8221;4.13.0&#8243; _module_preset=&#8221;default&#8221; text_font=&#8221;Montserrat||||||||&#8221; text_font_size=&#8221;12px&#8221; text_line_height=&#8221;1.2em&#8221; custom_margin=&#8221;16px|12px|8px|12px|false|false&#8221; global_colors_info=&#8221;{}&#8221;]<\/p>\n<p><span style=\"font-size: medium; color: #c18934;\"><strong>Lagoa<\/strong><\/span><\/p>\n<p><strong>Entidade promotora:<\/strong><br \/>Munic\u00edpio de Lagoa (Algarve)<\/p>\n<p><strong>Iniciativa | Atividade:<\/strong><br \/>Humorfest\u00b422 &#8211; Ana Arrebentinha &#8211; &#8220;Coisas de Mulheres&#8221;<\/p>\n<p>[\/et_pb_text][et_pb_toggle title=&#8221;Informa\u00e7\u00f5es&#8221; closed_toggle_text_color=&#8221;#759fdb&#8221; icon_color=&#8221;#e22685&#8243; toggle_icon=&#8221;&#xe03a;||divi||400&#8243; use_icon_font_size=&#8221;on&#8221; icon_font_size=&#8221;23px&#8221; _builder_version=&#8221;4.13.0&#8243; _module_preset=&#8221;default&#8221; title_font=&#8221;Montserrat|700|||||||&#8221; title_font_size=&#8221;13px&#8221; body_font=&#8221;Montserrat||||||||&#8221; body_font_size=&#8221;11px&#8221; body_line_height=&#8221;1.2em&#8221; background_color=&#8221;rgba(255,255,255,0)&#8221; custom_margin=&#8221;|||8px|false|false&#8221; custom_padding=&#8221;8px||16px|4px|false|false&#8221; border_width_all=&#8221;0px&#8221; global_colors_info=&#8221;{}&#8221;]<\/p>\n<p style=\"text-align: justify;\"><strong>Humorfest\u00b422 &#8211; Ana Arrebentinha &#8211; &#8220;Coisas de Mulheres&#8221;<\/strong><br \/>No dia 08 de mar\u00e7o de 2022, pelas 19h30, no Audit\u00f3rio Carlos do Carmo sobe ao palco Ana Arrebentinha que iniciou a sua carreira art\u00edstica no teatro em 2012. Natural da Amareleja, \u00e9 a alentejana do momento. Ana \u00e9 muito mais que uma brilhante contadora de anedotas. A sua energia verdadeiramente contagiante tornaram-na numa presen\u00e7a ass\u00eddua no \u201cVoc\u00ea na TV\u201d (TVI). Paralelamente ao \u201cVoc\u00ea na TV\u201d foi-lhe atribu\u00eddo um programa em nome pr\u00f3prio \u201cArrebenta a Selfie\u201d, onde todas as quartas-feiras, a comediante percorre o feed das redes sociais dos famosos e comenta os posts, as fotografias e os v\u00eddeos que mais deram que falar, nos \u00faltimos dias. N\u00e3o conseguindo estar afastadas dos palcos, este furac\u00e3o alentejano, criou o espet\u00e1culo \u201cCoisas de Mulheres\u201d que ir\u00e1 correr o pais de l\u00e9s a l\u00e9s, contando hist\u00f3rias hilariantes e \u00fanicas da condi\u00e7\u00e3o feminina na aparente vulgaridade do quotidiano de todas as mulheres.<\/p>\n<p><strong>Dia:<\/strong> 08\/03\/2022 | <strong>Hora:<\/strong> 7:30:00 PM<\/p>\n<p><strong>Online: <\/strong><a href=\"https:\/\/www.facebook.com\/events\/681397846346332\/?acontext=%7B%22event_action_history%22%3A[%7B%22surface%22%3A%22page%22%7D]%7D\" target=\"_blank\" rel=\"noopener\">https:\/\/www.facebook.com\/events\/681397846346332\/?acontext=%7B%22event_action_history%22%3A[%7B%22surface%22%3A%22page%22%7D]%7D<\/a><\/p>\n<p>[\/et_pb_toggle][\/et_pb_column][\/et_pb_row][et_pb_row column_structure=&#8221;1_4,1_4,1_4,1_4&#8243; use_custom_gutter=&#8221;on&#8221; gutter_width=&#8221;2&#8243; make_equal=&#8221;on&#8221; _builder_version=&#8221;4.13.0&#8243; _module_preset=&#8221;default&#8221; background_color=&#8221;rgba(255,255,255,0)&#8221; custom_margin=&#8221;||0px||false|false&#8221; custom_padding=&#8221;||0px||false|false&#8221; locked=&#8221;off&#8221; global_colors_info=&#8221;{}&#8221;][et_pb_column type=&#8221;1_4&#8243; _builder_version=&#8221;4.13.0&#8243; _module_preset=&#8221;default&#8221; background_color=&#8221;#FFFFFF&#8221; border_radii=&#8221;on|12px|12px|12px|12px&#8221; global_colors_info=&#8221;{}&#8221;][et_pb_text _builder_version=&#8221;4.13.0&#8243; _module_preset=&#8221;default&#8221; text_font=&#8221;Montserrat||||||||&#8221; text_font_size=&#8221;12px&#8221; text_line_height=&#8221;1.2em&#8221; custom_margin=&#8221;16px|12px|8px|12px|false|false&#8221; global_colors_info=&#8221;{}&#8221;]<\/p>\n<p><span style=\"font-size: medium; color: #c18934;\"><strong>Lagoa<\/strong><\/span><\/p>\n<p><strong>Entidade promotora:<\/strong><br \/>Munic\u00edpio de Lagoa (Algarve)<\/p>\n<p><strong>Iniciativa | Atividade:<\/strong><br \/>Abertura das candidaturas \u00e0 3\u00aa Edi\u00e7\u00e3o do Pr\u00e9mio Maria Barroso<\/p>\n<p>[\/et_pb_text][et_pb_toggle title=&#8221;Informa\u00e7\u00f5es&#8221; closed_toggle_text_color=&#8221;#759fdb&#8221; icon_color=&#8221;#e22685&#8243; toggle_icon=&#8221;&#xe03a;||divi||400&#8243; use_icon_font_size=&#8221;on&#8221; icon_font_size=&#8221;23px&#8221; _builder_version=&#8221;4.13.0&#8243; _module_preset=&#8221;default&#8221; title_font=&#8221;Montserrat|700|||||||&#8221; title_font_size=&#8221;13px&#8221; body_font=&#8221;Montserrat||||||||&#8221; body_font_size=&#8221;11px&#8221; body_line_height=&#8221;1.2em&#8221; background_color=&#8221;rgba(255,255,255,0)&#8221; custom_margin=&#8221;|||8px|false|false&#8221; custom_padding=&#8221;8px||16px|4px|false|false&#8221; border_width_all=&#8221;0px&#8221; global_colors_info=&#8221;{}&#8221;]<\/p>\n<p style=\"text-align: justify;\"><strong>Abertura das candidaturas \u00e0 3\u00aa Edi\u00e7\u00e3o do Pr\u00e9mio Maria Barroso<\/strong><br \/>O Dia Internacional da Mulher este ano tem como mote \u201cIgualdade de g\u00e9nero hoje para um amanh\u00e3 sustent\u00e1vel\u201d e \u00e9 objetivo da C\u00e2mara Municipal de Lagoa alertar e sensibilizar para a igualdade de direitos e oportunidades e a n\u00e3o discrimina\u00e7\u00e3o, concorrendo para as metas do ODS 5 \u2013 Igualdade de G\u00e9nero da Agenda 2030 para a sustentabilidade. Para tal, ser\u00e3o promovidas diferentes express\u00f5es art\u00edsticas e culturais ao longo de uma semana rica em atividades para p\u00fablicos diversos.<br \/>Iniciamos as comemora\u00e7\u00f5es com o lan\u00e7amento da 3\u00aa edi\u00e7\u00e3o do Pr\u00e9mio Maria Barroso, que pretende distinguir contributos relevantes de mulheres ou homens, a t\u00edtulo individual ou institucional, e que de forma marcante contribu\u00edram ou contribuem para a promo\u00e7\u00e3o e a implementa\u00e7\u00e3o de pr\u00e1ticas de cidadania e n\u00e3o discrimina\u00e7\u00e3o, dando particular import\u00e2ncia \u00e0 promo\u00e7\u00e3o da igualdade de participa\u00e7\u00e3o de mulheres e homens nos territ\u00f3rios e contextos em que interv\u00eam.<\/p>\n<p><strong>Dia:<\/strong> 08\/03\/2022 | <strong>Hora:<\/strong> 6:00:00 PM<\/p>\n<p><strong>Online: <\/strong><a href=\"https:\/\/www.cm-lagoa.pt\/index.php\/pt\/atividades\/igualdade-de-genero-e-cidadania\/premio-maria-barroso\" target=\"_blank\" rel=\"noopener\">https:\/\/www.cm-lagoa.pt\/index.php\/pt\/atividades\/igualdade-de-genero-e-cidadania\/premio-maria-barroso<\/a><\/p>\n<p>[\/et_pb_toggle][\/et_pb_column][et_pb_column type=&#8221;1_4&#8243; _builder_version=&#8221;4.13.0&#8243; _module_preset=&#8221;default&#8221; background_color=&#8221;#FFFFFF&#8221; border_radii=&#8221;on|12px|12px|12px|12px&#8221; global_colors_info=&#8221;{}&#8221;][et_pb_text _builder_version=&#8221;4.13.0&#8243; _module_preset=&#8221;default&#8221; text_font=&#8221;Montserrat||||||||&#8221; text_font_size=&#8221;12px&#8221; text_line_height=&#8221;1.2em&#8221; custom_margin=&#8221;16px|12px|8px|12px|false|false&#8221; global_colors_info=&#8221;{}&#8221;]<\/p>\n<p><span style=\"font-size: medium; color: #c18934;\"><strong>Lagoa<\/strong><\/span><\/p>\n<p><strong>Entidade promotora:<\/strong><br \/>Munic\u00edpio de Lagoa (Algarve)<\/p>\n<p><strong>Iniciativa | Atividade:<\/strong><br \/>Campanha Rostos da Igualdade em Lagoa<\/p>\n<p>[\/et_pb_text][et_pb_toggle title=&#8221;Informa\u00e7\u00f5es&#8221; closed_toggle_text_color=&#8221;#759fdb&#8221; icon_color=&#8221;#e22685&#8243; toggle_icon=&#8221;&#xe03a;||divi||400&#8243; use_icon_font_size=&#8221;on&#8221; icon_font_size=&#8221;23px&#8221; _builder_version=&#8221;4.13.0&#8243; _module_preset=&#8221;default&#8221; title_font=&#8221;Montserrat|700|||||||&#8221; title_font_size=&#8221;13px&#8221; body_font=&#8221;Montserrat||||||||&#8221; body_font_size=&#8221;11px&#8221; body_line_height=&#8221;1.2em&#8221; background_color=&#8221;rgba(255,255,255,0)&#8221; custom_margin=&#8221;|||8px|false|false&#8221; custom_padding=&#8221;8px||16px|4px|false|false&#8221; border_width_all=&#8221;0px&#8221; global_colors_info=&#8221;{}&#8221;]<\/p>\n<p style=\"text-align: justify;\"><strong>Campanha Rostos da Igualdade em Lagoa<\/strong><br \/>O Dia Internacional da Mulher este ano tem como mote \u201cIgualdade de g\u00e9nero hoje para um amanh\u00e3 sustent\u00e1vel\u201d, pelo que \u00e9 objetivo da C\u00e2mara Municipal de Lagoa alertar e sensibilizar para a igualdade de direitos e oportunidades e a n\u00e3o discrimina\u00e7\u00e3o, concorrendo para as metas do ODS 5 \u2013 Igualdade de G\u00e9nero da Agenda 2030 para a sustentabilidade. Para tal, ser\u00e3o promovidas diferentes express\u00f5es art\u00edsticas e culturais ao longo de uma semana rica em atividades para p\u00fablicos diversos.<br \/>A Campanha Digital Rostos da Igualdade em Lagoa acontecer\u00e1 entre os dias 9 e 13 de mar\u00e7o, onde se pretende refor\u00e7ar a promo\u00e7\u00e3o da igualdade de g\u00e9nero, contra todas as formas de discrimina\u00e7\u00e3o, divulgando durante 5 dias v\u00e1rios rostos de pessoas que residem, trabalham e\/ou estudam em Lagoa e que diariamente, no seguimento das suas a\u00e7\u00f5es, promovem a igualdade entre homens e mulheres.<\/p>\n<p><strong>Dia:<\/strong> 09\/03\/2022 | <strong>Hora:<\/strong> 10:00:00 AM<\/p>\n<p><strong>Online: <\/strong><a href=\"https:\/\/www.facebook.com\/municipio.lagoa\" target=\"_blank\" rel=\"noopener\">https:\/\/www.facebook.com\/municipio.lagoa<\/a><\/p>\n<p>[\/et_pb_toggle][\/et_pb_column][et_pb_column type=&#8221;1_4&#8243; _builder_version=&#8221;4.13.0&#8243; _module_preset=&#8221;default&#8221; background_color=&#8221;#ffffff&#8221; border_radii=&#8221;on|12px|12px|12px|12px&#8221; global_colors_info=&#8221;{}&#8221;][et_pb_text _builder_version=&#8221;4.13.0&#8243; _module_preset=&#8221;default&#8221; text_font=&#8221;Montserrat||||||||&#8221; text_font_size=&#8221;12px&#8221; text_line_height=&#8221;1.2em&#8221; custom_margin=&#8221;16px|12px|8px|12px|false|false&#8221; global_colors_info=&#8221;{}&#8221;]<\/p>\n<p><span style=\"font-size: medium; color: #c18934;\"><strong>Lagoa<\/strong><\/span><\/p>\n<p><strong>Entidade promotora:<\/strong><br \/>Munic\u00edpio de Lagoa (Algarve)<\/p>\n<p><strong>Iniciativa | Atividade:<\/strong><br \/>Apresenta\u00e7\u00e3o da obra &#8220;Dicion\u00e1rio &#8211; As mulheres e a Unidade Europeia&#8221;<\/p>\n<p>[\/et_pb_text][et_pb_toggle title=&#8221;Informa\u00e7\u00f5es&#8221; closed_toggle_text_color=&#8221;#759fdb&#8221; icon_color=&#8221;#e22685&#8243; toggle_icon=&#8221;&#xe03a;||divi||400&#8243; use_icon_font_size=&#8221;on&#8221; icon_font_size=&#8221;23px&#8221; _builder_version=&#8221;4.13.0&#8243; _module_preset=&#8221;default&#8221; title_font=&#8221;Montserrat|700|||||||&#8221; title_font_size=&#8221;13px&#8221; body_font=&#8221;Montserrat||||||||&#8221; body_font_size=&#8221;11px&#8221; body_line_height=&#8221;1.2em&#8221; background_color=&#8221;rgba(255,255,255,0)&#8221; custom_margin=&#8221;|||8px|false|false&#8221; custom_padding=&#8221;8px||16px|4px|false|false&#8221; border_width_all=&#8221;0px&#8221; global_colors_info=&#8221;{}&#8221;]<\/p>\n<p style=\"text-align: justify;\"><strong>Apresenta\u00e7\u00e3o da obra &#8220;Dicion\u00e1rio &#8211; As mulheres e a Unidade Europeia&#8221;<\/strong><br \/>No pr\u00f3ximo dia 8 de mar\u00e7o pelas 18h30, na sala polivalente da Biblioteca Municipal ir\u00e1 ser apresentada a obra &#8220;Dicion\u00e1rio As Mulheres e a Unidade Europeia&#8221; \u00e9 uma obra editada pela Assembleia da Rep\u00fablica e coordenada pelas professoras Isabel Baltazar, Alice Cunha e Isabel Lousada, a sua apresenta\u00e7\u00e3o seguida de debate, destaca as mulheres portuguesas e europeias que se dedicaram a pensar a Europa e a constru\u00e7\u00e3o de uma unidade europeia durante os s\u00e9culos XIX e XX.<\/p>\n<p><strong>Dia:<\/strong> 08\/03\/2022 | <strong>Hora:<\/strong> 6:30:00 PM<\/p>\n<p><strong>Online: <\/strong><a href=\"https:\/\/www.facebook.com\/events\/377808544184420\/?acontext=%7B%22event_action_history%22%3A[%7B%22surface%22%3A%22page%22%7D]%7D\" target=\"_blank\" rel=\"noopener\">https:\/\/www.facebook.com\/events\/377808544184420\/?acontext=%7B%22event_action_history%22%3A[%7B%22surface%22%3A%22page%22%7D]%7D<\/a><\/p>\n<p>[\/et_pb_toggle][\/et_pb_column][et_pb_column type=&#8221;1_4&#8243; _builder_version=&#8221;4.13.0&#8243; _module_preset=&#8221;default&#8221; background_color=&#8221;#ffffff&#8221; border_radii=&#8221;on|12px|12px|12px|12px&#8221; global_colors_info=&#8221;{}&#8221;][et_pb_text _builder_version=&#8221;4.13.0&#8243; _module_preset=&#8221;default&#8221; text_font=&#8221;Montserrat||||||||&#8221; text_font_size=&#8221;12px&#8221; text_line_height=&#8221;1.2em&#8221; custom_margin=&#8221;16px|12px|8px|12px|false|false&#8221; global_colors_info=&#8221;{}&#8221;]<\/p>\n<p><span style=\"font-size: medium; color: #c18934;\"><strong>Lagoa<\/strong><\/span><\/p>\n<p><strong>Entidade promotora:<\/strong><br \/>Munic\u00edpio de Lagoa (Algarve)<\/p>\n<p><strong>Iniciativa | Atividade:<\/strong><br \/>Forma\u00e7\u00e3o para a obten\u00e7\u00e3o da especializa\u00e7\u00e3o em Igualdade de G\u00e9nero<\/p>\n<p>[\/et_pb_text][et_pb_toggle title=&#8221;Informa\u00e7\u00f5es&#8221; closed_toggle_text_color=&#8221;#759fdb&#8221; icon_color=&#8221;#e22685&#8243; toggle_icon=&#8221;&#xe03a;||divi||400&#8243; use_icon_font_size=&#8221;on&#8221; icon_font_size=&#8221;23px&#8221; _builder_version=&#8221;4.13.0&#8243; _module_preset=&#8221;default&#8221; title_font=&#8221;Montserrat|700|||||||&#8221; title_font_size=&#8221;13px&#8221; body_font=&#8221;Montserrat||||||||&#8221; body_font_size=&#8221;11px&#8221; body_line_height=&#8221;1.2em&#8221; background_color=&#8221;rgba(255,255,255,0)&#8221; custom_margin=&#8221;|||8px|false|false&#8221; custom_padding=&#8221;8px||16px|4px|false|false&#8221; border_width_all=&#8221;0px&#8221; global_colors_info=&#8221;{}&#8221;]<\/p>\n<p style=\"text-align: justify;\"><strong>Forma\u00e7\u00e3o para a obten\u00e7\u00e3o da especializa\u00e7\u00e3o em Igualdade de G\u00e9nero<\/strong><br \/>O Munic\u00edpio de Lagoa, numa parceria com a APEE \u2013 Associa\u00e7\u00e3o de Portuguesa de \u00c9tica Empresarial, ir\u00e1 promover o Curso de Forma\u00e7\u00e3o para a Obten\u00e7\u00e3o da Especializa\u00e7\u00e3o em Igualdade de G\u00e9nero, que tem como objetivo qualificar profissionais nos dom\u00ednios relacionados com a promo\u00e7\u00e3o da igualdade de oportunidades e de g\u00e9nero, o combate \u00e0 discrimina\u00e7\u00e3o, \u00e0 viol\u00eancia dom\u00e9stica e de g\u00e9nero e ao tr\u00e1fico de seres humanos.<br \/>Este curso em espec\u00edfico disponibiliza forma\u00e7\u00e3o especializada em igualdade de g\u00e9nero de forma gratuita, para Empresas\/ Associa\u00e7\u00f5es e T\u00e9cnicos\/as do Munic\u00edpio, trabalhando as mat\u00e9rias que enquadram os 17 Objetivos do Desenvolvimento Sustent\u00e1vel (ODS) da Agenda 2030, nomeadamente trabalho digno e igualdade de g\u00e9nero.<\/p>\n<p><strong>Dia:<\/strong> 08\/03\/2022 | <strong>Hora:<\/strong> 9:30:00 AM<\/p>\n<p>[\/et_pb_toggle][\/et_pb_column][\/et_pb_row][et_pb_row column_structure=&#8221;1_4,1_4,1_4,1_4&#8243; use_custom_gutter=&#8221;on&#8221; gutter_width=&#8221;2&#8243; make_equal=&#8221;on&#8221; _builder_version=&#8221;4.13.0&#8243; _module_preset=&#8221;default&#8221; background_color=&#8221;rgba(255,255,255,0)&#8221; custom_margin=&#8221;||0px||false|false&#8221; custom_padding=&#8221;||0px||false|false&#8221; locked=&#8221;off&#8221; global_colors_info=&#8221;{}&#8221;][et_pb_column type=&#8221;1_4&#8243; _builder_version=&#8221;4.13.0&#8243; _module_preset=&#8221;default&#8221; background_color=&#8221;#FFFFFF&#8221; border_radii=&#8221;on|12px|12px|12px|12px&#8221; global_colors_info=&#8221;{}&#8221;][et_pb_text _builder_version=&#8221;4.13.0&#8243; _module_preset=&#8221;default&#8221; text_font=&#8221;Montserrat||||||||&#8221; text_font_size=&#8221;12px&#8221; text_line_height=&#8221;1.2em&#8221; custom_margin=&#8221;16px|12px|8px|12px|false|false&#8221; global_colors_info=&#8221;{}&#8221;]<\/p>\n<p><span style=\"font-size: medium; color: #c18934;\"><strong>Vila do Bispo<\/strong><\/span><\/p>\n<p><strong>Entidade promotora:<\/strong><br \/>GAVA-TAIPA<\/p>\n<p><strong>Iniciativa | Atividade:<\/strong><br \/>Dia da Mulher 2022<\/p>\n<p>[\/et_pb_text][et_pb_toggle title=&#8221;Informa\u00e7\u00f5es&#8221; closed_toggle_text_color=&#8221;#759fdb&#8221; icon_color=&#8221;#e22685&#8243; toggle_icon=&#8221;&#xe03a;||divi||400&#8243; use_icon_font_size=&#8221;on&#8221; icon_font_size=&#8221;23px&#8221; _builder_version=&#8221;4.13.0&#8243; _module_preset=&#8221;default&#8221; title_font=&#8221;Montserrat|700|||||||&#8221; title_font_size=&#8221;13px&#8221; body_font=&#8221;Montserrat||||||||&#8221; body_font_size=&#8221;11px&#8221; body_line_height=&#8221;1.2em&#8221; background_color=&#8221;rgba(255,255,255,0)&#8221; custom_margin=&#8221;|||8px|false|false&#8221; custom_padding=&#8221;8px||16px|4px|false|false&#8221; border_width_all=&#8221;0px&#8221; global_colors_info=&#8221;{}&#8221;]<\/p>\n<p style=\"text-align: justify;\"><strong>Dia da Mulher 2022<\/strong><br \/>Atividade dirigida a toda a Comunidade Local, foram elaborados Toalhetes Individuais de Refei\u00e7\u00e3o, a serem distribu\u00eddos pelos estabelecimentos de restaura\u00e7\u00e3o, caf\u00e9s, snack-bar e outros similares.<\/p>\n<p><strong>Dia:<\/strong> 08\/03\/2022 | <strong>Hora:<\/strong> 9:00:00 AM<\/p>\n<p><strong>Online: <\/strong><a href=\"https:\/\/www.taipa-desenvolvimento.pt\/projetos\/desenvolvimento-comunitario\/gava-gabinete-de-apoio-a-vitima\/\" target=\"_blank\" rel=\"noopener\">https:\/\/www.taipa-desenvolvimento.pt\/projetos\/desenvolvimento-comunitario\/gava-gabinete-de-apoio-a-vitima\/<\/a><\/p>\n<p>[\/et_pb_toggle][\/et_pb_column][et_pb_column type=&#8221;1_4&#8243; _builder_version=&#8221;4.13.0&#8243; _module_preset=&#8221;default&#8221; background_color=&#8221;#ffffff&#8221; border_radii=&#8221;on|12px|12px|12px|12px&#8221; global_colors_info=&#8221;{}&#8221;][et_pb_text _builder_version=&#8221;4.13.0&#8243; _module_preset=&#8221;default&#8221; text_font=&#8221;Montserrat||||||||&#8221; text_font_size=&#8221;12px&#8221; text_line_height=&#8221;1.2em&#8221; custom_margin=&#8221;16px|12px|8px|12px|false|false&#8221; global_colors_info=&#8221;{}&#8221;]<\/p>\n<p><span style=\"font-size: medium; color: #c18934;\"><strong>Tavira<\/strong><\/span><\/p>\n<p><strong>Entidade promotora:<\/strong><br \/>Munic\u00edpio de Tavira<\/p>\n<p><strong>Iniciativa | Atividade:<\/strong><br \/>Distribui\u00e7\u00e3o de Flores \u00e0s mulheres para assinar o Dia da Mulher<\/p>\n<p>[\/et_pb_text][et_pb_toggle title=&#8221;Informa\u00e7\u00f5es&#8221; closed_toggle_text_color=&#8221;#759fdb&#8221; icon_color=&#8221;#e22685&#8243; toggle_icon=&#8221;&#xe03a;||divi||400&#8243; use_icon_font_size=&#8221;on&#8221; icon_font_size=&#8221;23px&#8221; _builder_version=&#8221;4.13.0&#8243; _module_preset=&#8221;default&#8221; title_font=&#8221;Montserrat|700|||||||&#8221; title_font_size=&#8221;13px&#8221; body_font=&#8221;Montserrat||||||||&#8221; body_font_size=&#8221;11px&#8221; body_line_height=&#8221;1.2em&#8221; background_color=&#8221;rgba(255,255,255,0)&#8221; custom_margin=&#8221;|||8px|false|false&#8221; custom_padding=&#8221;8px||16px|4px|false|false&#8221; border_width_all=&#8221;0px&#8221; global_colors_info=&#8221;{}&#8221;]<\/p>\n<p style=\"text-align: justify;\"><strong>Distribui\u00e7\u00e3o de Flores \u00e0s mulheres para assinar o Dia da Mulher<\/strong><br \/>Distribui\u00e7\u00e3o de Flores a funcion\u00e1rias Municipais e funcion\u00e1rias das Escolas para assinalar e sensibilizar para a data e promo\u00e7\u00e3o da a\u00e7\u00e3o nas redes sociais do munic\u00edpios.<\/p>\n<p><strong>Dia:<\/strong> 08\/03\/2022 | <strong>Hora:<\/strong> 10:00:00 AM<\/p>\n<p><strong>Online: <\/strong>Redes Sociais do Munic\u00edpio<\/p>\n<p>[\/et_pb_toggle][\/et_pb_column][et_pb_column type=&#8221;1_4&#8243; _builder_version=&#8221;4.13.0&#8243; _module_preset=&#8221;default&#8221; background_color=&#8221;#ffffff&#8221; border_radii=&#8221;on|12px|12px|12px|12px&#8221; global_colors_info=&#8221;{}&#8221;][et_pb_text _builder_version=&#8221;4.13.0&#8243; _module_preset=&#8221;default&#8221; text_font=&#8221;Montserrat||||||||&#8221; text_font_size=&#8221;12px&#8221; text_line_height=&#8221;1.2em&#8221; custom_margin=&#8221;16px|12px|8px|12px|false|false&#8221; global_colors_info=&#8221;{}&#8221;]<\/p>\n<p><span style=\"font-size: medium; color: #c18934;\"><strong>Portim\u00e3o<\/strong><\/span><\/p>\n<p><strong>Entidade promotora:<\/strong><br \/>Munic\u00edpio de Portim\u00e3o<\/p>\n<p><strong>Iniciativa | Atividade:<\/strong><br \/>Homenagem \u00e0s mulheres<\/p>\n<p>[\/et_pb_text][et_pb_toggle title=&#8221;Informa\u00e7\u00f5es&#8221; closed_toggle_text_color=&#8221;#759fdb&#8221; icon_color=&#8221;#e22685&#8243; toggle_icon=&#8221;&#xe03a;||divi||400&#8243; use_icon_font_size=&#8221;on&#8221; icon_font_size=&#8221;23px&#8221; _builder_version=&#8221;4.13.0&#8243; _module_preset=&#8221;default&#8221; title_font=&#8221;Montserrat|700|||||||&#8221; title_font_size=&#8221;13px&#8221; body_font=&#8221;Montserrat||||||||&#8221; body_font_size=&#8221;11px&#8221; body_line_height=&#8221;1.2em&#8221; background_color=&#8221;rgba(255,255,255,0)&#8221; custom_margin=&#8221;|||8px|false|false&#8221; custom_padding=&#8221;8px||16px|4px|false|false&#8221; border_width_all=&#8221;0px&#8221; global_colors_info=&#8221;{}&#8221;]<\/p>\n<p style=\"text-align: justify;\"><strong>Homenagem \u00e0s mulheres<\/strong><br \/>Oferta de uma flor.<\/p>\n<p><strong>Dia:<\/strong> 08\/03\/2022 | <strong>Hora:<\/strong> 10:00:00 AM<\/p>\n<p>[\/et_pb_toggle][\/et_pb_column][et_pb_column type=&#8221;1_4&#8243; _builder_version=&#8221;4.13.0&#8243; _module_preset=&#8221;default&#8221; background_color=&#8221;#ffffff&#8221; border_radii=&#8221;on|12px|12px|12px|12px&#8221; global_colors_info=&#8221;{}&#8221;][et_pb_text _builder_version=&#8221;4.13.0&#8243; _module_preset=&#8221;default&#8221; text_font=&#8221;Montserrat||||||||&#8221; text_font_size=&#8221;12px&#8221; text_line_height=&#8221;1.2em&#8221; custom_margin=&#8221;16px|12px|8px|12px|false|false&#8221; global_colors_info=&#8221;{}&#8221;]<\/p>\n<p><span style=\"font-size: medium; color: #c18934;\"><strong>S. Br\u00e1s de Alportel<\/strong><\/span><\/p>\n<p><strong>Entidade promotora:<\/strong><br \/>C\u00e2mara Municipal S. Br\u00e1s de Alportel \/ Biblioteca Municpal<\/p>\n<p><strong>Iniciativa | Atividade:<\/strong><br \/>Teatro &#8221; Duas Mulheres a Preto e Branco&#8221;<\/p>\n<p>[\/et_pb_text][et_pb_toggle title=&#8221;Informa\u00e7\u00f5es&#8221; closed_toggle_text_color=&#8221;#759fdb&#8221; icon_color=&#8221;#e22685&#8243; toggle_icon=&#8221;&#xe03a;||divi||400&#8243; use_icon_font_size=&#8221;on&#8221; icon_font_size=&#8221;23px&#8221; _builder_version=&#8221;4.13.0&#8243; _module_preset=&#8221;default&#8221; title_font=&#8221;Montserrat|700|||||||&#8221; title_font_size=&#8221;13px&#8221; body_font=&#8221;Montserrat||||||||&#8221; body_font_size=&#8221;11px&#8221; body_line_height=&#8221;1.2em&#8221; background_color=&#8221;rgba(255,255,255,0)&#8221; custom_margin=&#8221;|||8px|false|false&#8221; custom_padding=&#8221;8px||16px|4px|false|false&#8221; border_width_all=&#8221;0px&#8221; global_colors_info=&#8221;{}&#8221;]<\/p>\n<p style=\"text-align: justify;\"><strong>Teatro &#8221; Duas Mulheres a Preto e Branco&#8221;<\/strong><br \/>Pe\u00e7a de teatro numa produ\u00e7\u00e3o do TIDI- Associa\u00e7\u00e3o Cultural e Recreativa.<\/p>\n<p><strong>Dia:<\/strong> 26\/03\/2022 | <strong>Hora:<\/strong> 4:00:00 PM<\/p>\n<p><strong>Online:<\/strong> <a href=\"https:\/\/www.cm-sbras.pt\/pt\/Default.aspx\" target=\"_blank\" rel=\"noopener\">https:\/\/www.cm-sbras.pt\/pt\/Default.aspx<\/a><\/p>\n<p>[\/et_pb_toggle][\/et_pb_column][\/et_pb_row][et_pb_row admin_label=&#8221;leiria&#8221; _builder_version=&#8221;4.13.0&#8243; _module_preset=&#8221;default&#8221; background_color=&#8221;#03989e&#8221; custom_margin=&#8221;24px||0px||false|false&#8221; custom_padding=&#8221;16px||16px||false|false&#8221; border_radii=&#8221;on|12px|12px|12px|12px&#8221; global_colors_info=&#8221;{}&#8221;][et_pb_column type=&#8221;4_4&#8243; _builder_version=&#8221;4.13.0&#8243; _module_preset=&#8221;default&#8221; global_colors_info=&#8221;{}&#8221;][et_pb_text admin_label=&#8221;Leiria&#8221; _builder_version=&#8221;4.13.0&#8243; _module_preset=&#8221;default&#8221; text_font=&#8221;Montserrat|700|||||||&#8221; text_text_color=&#8221;#FFFFFF&#8221; text_font_size=&#8221;16px&#8221; text_letter_spacing=&#8221;1px&#8221; custom_margin=&#8221;2px||0px|20px|false|false&#8221; custom_padding=&#8221;6px||2px||false|false&#8221; global_colors_info=&#8221;{}&#8221;]<\/p>\n<p><span style=\"color: #f3d9da;\">Distrito: <\/span><span style=\"font-size: xx-large;\">Leiria<\/span><\/p>\n<p>[\/et_pb_text][\/et_pb_column][\/et_pb_row][et_pb_row column_structure=&#8221;1_4,1_4,1_4,1_4&#8243; use_custom_gutter=&#8221;on&#8221; gutter_width=&#8221;2&#8243; make_equal=&#8221;on&#8221; _builder_version=&#8221;4.13.0&#8243; _module_preset=&#8221;default&#8221; background_color=&#8221;rgba(255,255,255,0)&#8221; custom_margin=&#8221;||0px||false|false&#8221; custom_padding=&#8221;||0px||false|false&#8221; locked=&#8221;off&#8221; global_colors_info=&#8221;{}&#8221;][et_pb_column type=&#8221;1_4&#8243; _builder_version=&#8221;4.13.0&#8243; _module_preset=&#8221;default&#8221; background_color=&#8221;#FFFFFF&#8221; border_radii=&#8221;on|12px|12px|12px|12px&#8221; global_colors_info=&#8221;{}&#8221;][et_pb_text _builder_version=&#8221;4.13.0&#8243; _module_preset=&#8221;default&#8221; text_font=&#8221;Montserrat||||||||&#8221; text_font_size=&#8221;12px&#8221; text_line_height=&#8221;1.2em&#8221; custom_margin=&#8221;16px|12px|8px|12px|false|false&#8221; custom_padding=&#8221;|||0px||&#8221; global_colors_info=&#8221;{}&#8221;]<\/p>\n<p><span style=\"font-size: medium; color: #c18934;\"><strong>Nazar\u00e9<\/strong><\/span><\/p>\n<p><strong>Entidade promotora:<br \/><\/strong><span>Externato Dom Fuas Roupinho <\/span><\/p>\n<p><strong>Iniciativa | Atividade:<\/strong><br \/>O Papel da Mulher Nazarena na Regi\u00e3o<\/p>\n<p>[\/et_pb_text][et_pb_toggle title=&#8221;Informa\u00e7\u00f5es&#8221; closed_toggle_text_color=&#8221;#759fdb&#8221; icon_color=&#8221;#e22685&#8243; toggle_icon=&#8221;&#xe03a;||divi||400&#8243; use_icon_font_size=&#8221;on&#8221; icon_font_size=&#8221;23px&#8221; _builder_version=&#8221;4.13.0&#8243; _module_preset=&#8221;default&#8221; title_font=&#8221;Montserrat|700|||||||&#8221; title_font_size=&#8221;13px&#8221; body_font=&#8221;Montserrat||||||||&#8221; body_font_size=&#8221;11px&#8221; body_line_height=&#8221;1.2em&#8221; background_color=&#8221;rgba(255,255,255,0)&#8221; custom_margin=&#8221;|||8px|false|false&#8221; custom_padding=&#8221;8px||16px|4px|false|false&#8221; border_width_all=&#8221;0px&#8221; global_colors_info=&#8221;{}&#8221;]<\/p>\n<p>O Externato Dom Fuas Roupinho ir\u00e1 dedicar a semana de 07 a 11 de mar\u00e7o ao papel da Mulher Nazarena na regi\u00e3o, realizando v\u00e1rias atividades dentro e fora da escola.<\/p>\n<p><strong>Destinat\u00e1rios:<\/strong> Escolas e Popula\u00e7\u00e3o em Geral<\/p>\n<p><strong>Dia:<\/strong> 07\/03\/2022 | <strong>Hora:<\/strong> 09:00:00 AM<\/p>\n<p><strong>Online:<\/strong> <a href=\"https:\/\/pt-pt.facebook.com\/edfr.pt\/\">https:\/\/pt-pt.facebook.com\/edfr.pt\/<\/a><a href=\"https:\/\/www.facebook.com\/SeMaisSeMelhor\" target=\"_blank\" rel=\"noopener\"><\/a><\/p>\n<p>[\/et_pb_toggle][\/et_pb_column][et_pb_column type=&#8221;1_4&#8243; _builder_version=&#8221;4.13.0&#8243; _module_preset=&#8221;default&#8221; background_color=&#8221;#FFFFFF&#8221; border_radii=&#8221;on|12px|12px|12px|12px&#8221; global_colors_info=&#8221;{}&#8221;][et_pb_text _builder_version=&#8221;4.13.0&#8243; _module_preset=&#8221;default&#8221; text_font=&#8221;Montserrat||||||||&#8221; text_font_size=&#8221;12px&#8221; text_line_height=&#8221;1.2em&#8221; custom_margin=&#8221;16px|12px|8px|12px|false|false&#8221; custom_padding=&#8221;||0px|||&#8221; global_colors_info=&#8221;{}&#8221;]<\/p>\n<p><span style=\"font-size: medium; color: #c18934;\"><strong>Nazar\u00e9<\/strong><\/span><\/p>\n<p><strong>Entidade promotora:<\/strong><br \/>Mun\u00edcipio da Nazar\u00e9 <\/p>\n<p><strong>Iniciativa | Atividade:<\/strong><br \/>Dia Internacional da Mulher 2022 &#8211; empoderamento, sororidade, feminismo e empatia<\/p>\n<p>[\/et_pb_text][et_pb_toggle title=&#8221;Informa\u00e7\u00f5es&#8221; closed_toggle_text_color=&#8221;#759fdb&#8221; icon_color=&#8221;#e22685&#8243; toggle_icon=&#8221;&#xe03a;||divi||400&#8243; use_icon_font_size=&#8221;on&#8221; icon_font_size=&#8221;23px&#8221; _builder_version=&#8221;4.13.0&#8243; _module_preset=&#8221;default&#8221; title_font=&#8221;Montserrat|700|||||||&#8221; title_font_size=&#8221;13px&#8221; body_font=&#8221;Montserrat||||||||&#8221; body_font_size=&#8221;11px&#8221; body_line_height=&#8221;1.2em&#8221; background_color=&#8221;rgba(255,255,255,0)&#8221; custom_margin=&#8221;|||8px|false|false&#8221; custom_padding=&#8221;8px||16px|4px|false|false&#8221; border_width_all=&#8221;0px&#8221; global_colors_info=&#8221;{}&#8221;]<\/p>\n<p>Cartaz sobre o &#8221; Dia Internacional da Mulher&#8221; e Mensagem da Sra Vereadora do Munic\u00edpio da Nazar\u00e9, com os pelouros da A\u00e7\u00e3o Social e dos Direitos Sociais, Dra Regina Piedade, \u00e9 . Esta mensagem ter\u00e1 como palavras pilar &#8220;empoderamento, sororidade, feminismo e empatia&#8221;<\/p>\n<p><strong>Dia:<\/strong> 08\/03\/2022\u00a0<\/p>\n<p><strong>Online:<\/strong> <a href=\"https:\/\/pt-pt.facebook.com\/cmnazare\">https:\/\/pt-pt.facebook.com\/cmnazare<\/a>\u00a0<\/p>\n<p>[\/et_pb_toggle][\/et_pb_column][et_pb_column type=&#8221;1_4&#8243; _builder_version=&#8221;4.13.0&#8243; _module_preset=&#8221;default&#8221; background_color=&#8221;#ffffff&#8221; border_radii=&#8221;on|12px|12px|12px|12px&#8221; global_colors_info=&#8221;{}&#8221;][et_pb_text _builder_version=&#8221;4.13.0&#8243; _module_preset=&#8221;default&#8221; text_font=&#8221;Montserrat||||||||&#8221; text_font_size=&#8221;12px&#8221; text_line_height=&#8221;1.2em&#8221; custom_margin=&#8221;16px|12px|8px|12px|false|false&#8221; global_colors_info=&#8221;{}&#8221;]<\/p>\n<p><span style=\"font-size: medium; color: #c18934;\"><strong>Leiria<\/strong><\/span><\/p>\n<p><strong>Entidade promotora:<\/strong><br \/>Mulher S\u00e9culo XXI<\/p>\n<p><strong>Iniciativa | Atividade:<\/strong><br \/>Campanha Sobre Viol\u00eancia Sexual &#8211; Entrevista \u00e1 TSF<\/p>\n<p>[\/et_pb_text][et_pb_toggle title=&#8221;Informa\u00e7\u00f5es&#8221; closed_toggle_text_color=&#8221;#759fdb&#8221; icon_color=&#8221;#e22685&#8243; toggle_icon=&#8221;&#xe03a;||divi||400&#8243; use_icon_font_size=&#8221;on&#8221; icon_font_size=&#8221;23px&#8221; _builder_version=&#8221;4.13.0&#8243; _module_preset=&#8221;default&#8221; title_font=&#8221;Montserrat|700|||||||&#8221; title_font_size=&#8221;13px&#8221; body_font=&#8221;Montserrat||||||||&#8221; body_font_size=&#8221;11px&#8221; body_line_height=&#8221;1.2em&#8221; background_color=&#8221;rgba(255,255,255,0)&#8221; custom_margin=&#8221;|||8px|false|false&#8221; custom_padding=&#8221;8px||16px|4px|false|false&#8221; border_width_all=&#8221;0px&#8221; global_colors_info=&#8221;{}&#8221;]<\/p>\n<p>Entrevista \u00e0 TSF &#8211; Campanha Sobre Viol\u00eancia Sexual dispon\u00edvel em todos os munic\u00edpios do Distrito<\/p>\n<p><strong>Dia:<\/strong> 08\/03\/2022\u00a0<\/p>\n<p><strong>Online:<\/strong> Posteriormente em TSF e <a href=\"https:\/\/www.facebook.com\/mulhersecxxi\">https:\/\/www.facebook.com\/mulhersecxxi<\/a><\/p>\n<p>[\/et_pb_toggle][\/et_pb_column][et_pb_column type=&#8221;1_4&#8243; _builder_version=&#8221;4.13.0&#8243; _module_preset=&#8221;default&#8221; background_color=&#8221;#ffffff&#8221; border_radii=&#8221;on|12px|12px|12px|12px&#8221; global_colors_info=&#8221;{}&#8221;][et_pb_text _builder_version=&#8221;4.13.0&#8243; _module_preset=&#8221;default&#8221; text_font=&#8221;Montserrat||||||||&#8221; text_font_size=&#8221;12px&#8221; text_line_height=&#8221;1.2em&#8221; custom_margin=&#8221;16px|12px|8px|12px|false|false&#8221; global_colors_info=&#8221;{}&#8221;]<\/p>\n<p><span style=\"font-size: medium; color: #c18934;\"><strong>Leiria<\/strong><\/span><\/p>\n<p><strong>Entidade promotora:<\/strong><br \/>Mulher S\u00e9culo XXI<\/p>\n<p><strong>Iniciativa | Atividade:<\/strong><br \/>Sess\u00e3o sensibiliza\u00e7\u00e3o Igualdade de G\u00e9nero e Viol\u00eancia no Namoro<\/p>\n<p>[\/et_pb_text][et_pb_toggle title=&#8221;Informa\u00e7\u00f5es&#8221; closed_toggle_text_color=&#8221;#759fdb&#8221; icon_color=&#8221;#e22685&#8243; toggle_icon=&#8221;&#xe03a;||divi||400&#8243; use_icon_font_size=&#8221;on&#8221; icon_font_size=&#8221;23px&#8221; _builder_version=&#8221;4.13.0&#8243; _module_preset=&#8221;default&#8221; title_font=&#8221;Montserrat|700|||||||&#8221; title_font_size=&#8221;13px&#8221; body_font=&#8221;Montserrat||||||||&#8221; body_font_size=&#8221;11px&#8221; body_line_height=&#8221;1.2em&#8221; background_color=&#8221;rgba(255,255,255,0)&#8221; custom_margin=&#8221;|||8px|false|false&#8221; custom_padding=&#8221;8px||16px|4px|false|false&#8221; border_width_all=&#8221;0px&#8221; global_colors_info=&#8221;{}&#8221;]<\/p>\n<p>Sess\u00e3o na Escola D&#8217;Amor dirigida a estudantes do Ensino Se<\/p>\n<p>&nbsp;<\/p>\n<p><strong>Dia:<\/strong> 08\/03\/2022 | <strong>Hora:<\/strong> 10:00:00 AM<\/p>\n<p><strong>Online:<\/strong> https:\/\/www.facebook.com\/mulhersecxxi<\/p>\n<p>[\/et_pb_toggle][\/et_pb_column][\/et_pb_row][et_pb_row column_structure=&#8221;1_4,1_4,1_4,1_4&#8243; use_custom_gutter=&#8221;on&#8221; gutter_width=&#8221;2&#8243; make_equal=&#8221;on&#8221; _builder_version=&#8221;4.13.0&#8243; _module_preset=&#8221;default&#8221; background_color=&#8221;rgba(255,255,255,0)&#8221; custom_margin=&#8221;||0px||false|false&#8221; custom_padding=&#8221;||0px||false|false&#8221; locked=&#8221;off&#8221; global_colors_info=&#8221;{}&#8221;][et_pb_column type=&#8221;1_4&#8243; _builder_version=&#8221;4.13.0&#8243; _module_preset=&#8221;default&#8221; background_color=&#8221;#FFFFFF&#8221; border_radii=&#8221;on|12px|12px|12px|12px&#8221; global_colors_info=&#8221;{}&#8221;][et_pb_text _builder_version=&#8221;4.13.0&#8243; _module_preset=&#8221;default&#8221; text_font=&#8221;Montserrat||||||||&#8221; text_font_size=&#8221;12px&#8221; text_line_height=&#8221;1.2em&#8221; custom_margin=&#8221;16px|12px|8px|12px|false|false&#8221; global_colors_info=&#8221;{}&#8221;]<\/p>\n<p><span style=\"font-size: medium; color: #c18934;\"><strong>Leiria<\/strong><\/span><\/p>\n<p><strong>Entidade promotora:<\/strong><br \/>Mulher S\u00e9culo XXI<\/p>\n<p><strong>Iniciativa | Atividade:<\/strong><br \/>&#8220;Entre marido e mulher n\u00e3o \u00e9 s\u00f3 quando um quiser&#8221;<\/p>\n<p>[\/et_pb_text][et_pb_toggle title=&#8221;Informa\u00e7\u00f5es&#8221; closed_toggle_text_color=&#8221;#759fdb&#8221; icon_color=&#8221;#e22685&#8243; toggle_icon=&#8221;&#xe03a;||divi||400&#8243; use_icon_font_size=&#8221;on&#8221; icon_font_size=&#8221;23px&#8221; _builder_version=&#8221;4.13.0&#8243; _module_preset=&#8221;default&#8221; title_font=&#8221;Montserrat|700|||||||&#8221; title_font_size=&#8221;13px&#8221; body_font=&#8221;Montserrat||||||||&#8221; body_font_size=&#8221;11px&#8221; body_line_height=&#8221;1.2em&#8221; background_color=&#8221;rgba(255,255,255,0)&#8221; custom_margin=&#8221;|||8px|false|false&#8221; custom_padding=&#8221;8px||16px|4px|false|false&#8221; border_width_all=&#8221;0px&#8221; global_colors_info=&#8221;{}&#8221;]<\/p>\n<p style=\"text-align: justify;\"><span style=\"font-size: 11px;\">3Distribui\u00e7\u00e3o de chocolates &#8220;Entre marido e mulher n\u00e3o \u00e9 s\u00f3 quando um quiser&#8221;nos caf\u00e9s e bares da cidade<\/span><a href=\"https:\/\/www.cig.gov.pt\/iniciativas-nacionais\/wp-content\/uploads\/2022\/02\/banner-geral-dia-da-mulher-01-resultado_2022.jpg\"><\/a><\/p>\n<p><strong>Dia:<\/strong> 08\/03\/2022 | <strong>Hora:<\/strong> 10:00:00 AM<a href=\"https:\/\/www.cm-estremoz.pt\/noticias\/programa-do-dia-da-mulher-em-estremoz\" target=\"_blank\" rel=\"noopener\"><\/a><\/p>\n<p>[\/et_pb_toggle][\/et_pb_column][et_pb_column type=&#8221;1_4&#8243; _builder_version=&#8221;4.13.0&#8243; _module_preset=&#8221;default&#8221; background_color=&#8221;#FFFFFF&#8221; border_radii=&#8221;on|12px|12px|12px|12px&#8221; global_colors_info=&#8221;{}&#8221;][et_pb_text _builder_version=&#8221;4.13.0&#8243; _module_preset=&#8221;default&#8221; text_font=&#8221;Montserrat||||||||&#8221; text_font_size=&#8221;12px&#8221; text_line_height=&#8221;1.2em&#8221; custom_margin=&#8221;16px|12px|8px|12px|false|false&#8221; global_colors_info=&#8221;{}&#8221;]<\/p>\n<p><span style=\"font-size: medium; color: #c18934;\"><strong>Leiria<\/strong><\/span><\/p>\n<p><strong>Entidade promotora:<\/strong><br \/>Uni\u00e3o das Freguesias de Marrazes e Barosa<\/p>\n<p><strong>Iniciativa | Atividade:<\/strong><br \/>&#8220;Estendal das Desigualdades&#8221;<\/p>\n<p>[\/et_pb_text][et_pb_toggle title=&#8221;Informa\u00e7\u00f5es&#8221; closed_toggle_text_color=&#8221;#759fdb&#8221; icon_color=&#8221;#e22685&#8243; toggle_icon=&#8221;&#xe03a;||divi||400&#8243; use_icon_font_size=&#8221;on&#8221; icon_font_size=&#8221;23px&#8221; _builder_version=&#8221;4.13.0&#8243; _module_preset=&#8221;default&#8221; title_font=&#8221;Montserrat|700|||||||&#8221; title_font_size=&#8221;13px&#8221; body_font=&#8221;Montserrat||||||||&#8221; body_font_size=&#8221;11px&#8221; body_line_height=&#8221;1.2em&#8221; background_color=&#8221;rgba(255,255,255,0)&#8221; custom_margin=&#8221;|||8px|false|false&#8221; custom_padding=&#8221;8px||16px|4px|false|false&#8221; border_width_all=&#8221;0px&#8221; global_colors_info=&#8221;{}&#8221;]<\/p>\n<p style=\"text-align: justify;\"><strong>&#8220;Estendal das Desigualdades&#8221;<\/strong><br \/>A\u00e7\u00e3o de sensibiliza\u00e7\u00e3o em espa\u00e7o p\u00fablico com informa\u00e7\u00f5es, fotografias e textos que confirmam as desigualdades de g\u00e9nero existentes, nas mais diversas dimens\u00f5es, em Portugal e no estrangeiro.<\/p>\n<p><strong>Dia:<\/strong> 08\/03\/2022 | <strong>Hora:<\/strong> 9:00:00 AM<\/p>\n<p><strong>Online:<\/strong> <a href=\"https:\/\/www.facebook.com\/ufmarrazesebarosa\" target=\"_blank\" rel=\"noopener\">https:\/\/www.facebook.com\/ufmarrazesebarosa<\/a><\/p>\n<p>[\/et_pb_toggle][\/et_pb_column][et_pb_column type=&#8221;1_4&#8243; _builder_version=&#8221;4.13.0&#8243; _module_preset=&#8221;default&#8221; background_color=&#8221;#ffffff&#8221; border_radii=&#8221;on|12px|12px|12px|12px&#8221; global_colors_info=&#8221;{}&#8221;][et_pb_text _builder_version=&#8221;4.13.0&#8243; _module_preset=&#8221;default&#8221; text_font=&#8221;Montserrat||||||||&#8221; text_font_size=&#8221;12px&#8221; text_line_height=&#8221;1.2em&#8221; custom_margin=&#8221;16px|12px|8px|12px|false|false&#8221; global_colors_info=&#8221;{}&#8221;]<\/p>\n<p><span style=\"font-size: medium; color: #c18934;\"><strong>Leiria<\/strong><\/span><\/p>\n<p><strong>Entidade promotora:<\/strong><br \/>Comiss\u00e3o de Humaniza\u00e7\u00e3o &#8211; Centro Hospitalar Leiria<\/p>\n<p><strong>Iniciativa | Atividade:<\/strong><br \/>#SignalForHelp para vitimas de violencia domestica que recorrem aos servi\u00e7os de urgencia<\/p>\n<p>[\/et_pb_text][et_pb_toggle title=&#8221;Informa\u00e7\u00f5es&#8221; closed_toggle_text_color=&#8221;#759fdb&#8221; icon_color=&#8221;#e22685&#8243; toggle_icon=&#8221;&#xe03a;||divi||400&#8243; use_icon_font_size=&#8221;on&#8221; icon_font_size=&#8221;23px&#8221; _builder_version=&#8221;4.13.0&#8243; _module_preset=&#8221;default&#8221; title_font=&#8221;Montserrat|700|||||||&#8221; title_font_size=&#8221;13px&#8221; body_font=&#8221;Montserrat||||||||&#8221; body_font_size=&#8221;11px&#8221; body_line_height=&#8221;1.2em&#8221; background_color=&#8221;rgba(255,255,255,0)&#8221; custom_margin=&#8221;|||8px|false|false&#8221; custom_padding=&#8221;8px||16px|4px|false|false&#8221; border_width_all=&#8221;0px&#8221; global_colors_info=&#8221;{}&#8221;]<\/p>\n<p style=\"text-align: justify;\"><a href=\"https:\/\/www.cig.gov.pt\/iniciativas-nacionais\/wp-content\/uploads\/2022\/02\/banner-geral-dia-da-mulher-01-resultado_2022.jpg\"><\/a><\/p>\n<p style=\"text-align: justify;\"><strong>#SignalForHelp para vitimas de violencia domestica que recorrem aos servi\u00e7os de urgencia<\/strong><br \/>Ao servi\u00e7o de urg\u00eancia dirigem-se v\u00edtimas que, por vezes, v\u00eam acompanhadas dos seus agressores. O pedido de ajuda nem sempre \u00e9 f\u00e1cil, pois n\u00e3o podem ou t\u00eam medo de falar. A problem\u00e1tica da viol\u00eancia dom\u00e9stica tem sido uma preocupa\u00e7\u00e3o constante da sociedade em geral. Os n\u00fameros s\u00e3o gritantes e existe ainda muito caminho a percorrer para apoio \u00e0s v\u00edtimas de viol\u00eancia dom\u00e9stica.<br \/>A Comiss\u00e3o de Humaniza\u00e7\u00e3o tem estado desperta para esta problem\u00e1tica e tem vindo a pensar ao longo do tempo numa estrat\u00e9gia, uma frase tipo, um sinal que fosse uniformizado na institui\u00e7\u00e3o, no fundo, algo discreto que permitisse \u00e0 v\u00edtima pedir ajuda, sem que fosse percecionado pelo agressor. <br \/>Assim, produzimos um v\u00eddeo e tivemos o apoio da APAV | Associa\u00e7\u00e3o Portuguesa de Apoio \u00e0 V\u00edtima, com a ced\u00eancia de materiais promocionais, assim como, o apoio da banda Francisco, el Hombre, que cedeu gentilmente o tema musical \u201cTriste, Louca ou M\u00e1\u201d para a sonoridade do v\u00eddeo\u00bb.<br \/>Para al\u00e9m da forma\u00e7\u00e3o aos servi\u00e7os do CHL, a Comiss\u00e3o de Humaniza\u00e7\u00e3o pretende ser o ve\u00edculo da divulga\u00e7\u00e3o do #SignalForHelp da Canadian Women\u2019s Foundation a n\u00edvel nacional, procurando disseminar um conceito universal de pedido de ajuda para qualquer v\u00edtima que se encontre em situa\u00e7\u00e3o de perigo.<\/p>\n<p><strong>Video: <\/strong><a href=\"https:\/\/youtu.be\/mXhIYucTDnk\" target=\"_blank\" rel=\"noopener\">https:\/\/youtu.be\/mXhIYucTDnk<\/a><\/p>\n<p><strong>Dia:<\/strong> 08\/03\/2022 | <strong>Hora:<\/strong> 11:00:00 AM<a href=\"https:\/\/www.cm-estremoz.pt\/noticias\/programa-do-dia-da-mulher-em-estremoz\" target=\"_blank\" rel=\"noopener\"><\/a><\/p>\n<p>[\/et_pb_toggle][\/et_pb_column][et_pb_column type=&#8221;1_4&#8243; _builder_version=&#8221;4.13.0&#8243; _module_preset=&#8221;default&#8221; background_color=&#8221;#ffffff&#8221; border_radii=&#8221;on|12px|12px|12px|12px&#8221; global_colors_info=&#8221;{}&#8221;][et_pb_text _builder_version=&#8221;4.13.0&#8243; _module_preset=&#8221;default&#8221; text_font=&#8221;Montserrat||||||||&#8221; text_font_size=&#8221;12px&#8221; text_line_height=&#8221;1.2em&#8221; custom_margin=&#8221;16px|12px|8px|12px|false|false&#8221; global_colors_info=&#8221;{}&#8221;]<\/p>\n<p><span style=\"font-size: medium; color: #c18934;\"><strong>Pombal<\/strong><\/span><\/p>\n<p><strong>Entidade promotora:<\/strong><br \/>APEPI &#8211; Associa\u00e7\u00e3o de Pais e Educadores para a Inf\u00e2ncia<\/p>\n<p><strong>Iniciativa | Atividade:<\/strong><br \/>Maria Madalena de Martel Patr\u00edcio pelo olhar de Margarida Vasconcelos Cardoso<\/p>\n<p>[\/et_pb_text][et_pb_toggle title=&#8221;Informa\u00e7\u00f5es&#8221; closed_toggle_text_color=&#8221;#759fdb&#8221; icon_color=&#8221;#e22685&#8243; toggle_icon=&#8221;&#xe03a;||divi||400&#8243; use_icon_font_size=&#8221;on&#8221; icon_font_size=&#8221;23px&#8221; _builder_version=&#8221;4.13.0&#8243; _module_preset=&#8221;default&#8221; title_font=&#8221;Montserrat|700|||||||&#8221; title_font_size=&#8221;13px&#8221; body_font=&#8221;Montserrat||||||||&#8221; body_font_size=&#8221;11px&#8221; body_line_height=&#8221;1.2em&#8221; background_color=&#8221;rgba(255,255,255,0)&#8221; custom_margin=&#8221;|||8px|false|false&#8221; custom_padding=&#8221;8px||16px|4px|false|false&#8221; border_width_all=&#8221;0px&#8221; global_colors_info=&#8221;{}&#8221;]<\/p>\n<p style=\"text-align: justify;\"><a href=\"https:\/\/www.cig.gov.pt\/iniciativas-nacionais\/wp-content\/uploads\/2022\/02\/banner-geral-dia-da-mulher-01-resultado_2022.jpg\"><\/a><\/p>\n<p style=\"text-align: justify;\"><strong>Maria Madalena de Martel Patr\u00edcio pelo olhar de Margarida Vasconcelos Cardoso<\/strong><br \/>Sess\u00e3o evocativa da vida e obra de Maria Madalena de Martel Patr\u00edcio, escritora Portuguesa com ra\u00edzes em Pombal, nomeada 14 vezes para o Pr\u00e9mio Nobel da Literatura. Esta sess\u00e3o ser\u00e1 dinamizada pela Professora Margarida de Vasconcelos Cardoso e decorrer\u00e1 no dia 8 de mar\u00e7o de 2022, \u00e0s 21h, no Caf\u00e9 Concerto do Teatro- Cine de Pombal.<\/p>\n<p><strong>Dia:<\/strong> 08\/03\/2022 | <strong>Hora:<\/strong> 9:00:00 PM<a href=\"https:\/\/www.cm-estremoz.pt\/noticias\/programa-do-dia-da-mulher-em-estremoz\" target=\"_blank\" rel=\"noopener\"><\/a><\/p>\n<p><strong>Local:<\/strong> Caf\u00e9 Concerto do Teatro Cine-Pombal (Pra\u00e7a Manuel Henriques J\u00fanior 16, 3100-500 Pombal)<\/p>\n<p>[\/et_pb_toggle][\/et_pb_column][\/et_pb_row][et_pb_row admin_label=&#8221;leiria&#8221; _builder_version=&#8221;4.13.0&#8243; _module_preset=&#8221;default&#8221; background_color=&#8221;#03989e&#8221; custom_margin=&#8221;24px||0px||false|false&#8221; custom_padding=&#8221;16px||16px||false|false&#8221; border_radii=&#8221;on|12px|12px|12px|12px&#8221; global_colors_info=&#8221;{}&#8221;][et_pb_column type=&#8221;4_4&#8243; _builder_version=&#8221;4.13.0&#8243; _module_preset=&#8221;default&#8221; global_colors_info=&#8221;{}&#8221;][et_pb_text admin_label=&#8221;Leiria&#8221; _builder_version=&#8221;4.13.0&#8243; _module_preset=&#8221;default&#8221; text_font=&#8221;Montserrat|700|||||||&#8221; text_text_color=&#8221;#FFFFFF&#8221; text_font_size=&#8221;16px&#8221; text_letter_spacing=&#8221;1px&#8221; custom_margin=&#8221;2px||0px|20px|false|false&#8221; custom_padding=&#8221;6px||2px||false|false&#8221; global_colors_info=&#8221;{}&#8221;]<\/p>\n<p><span style=\"color: #f3d9da;\">Distrito: <\/span><span style=\"font-size: xx-large;\">Lisboa<\/span><\/p>\n<p>[\/et_pb_text][\/et_pb_column][\/et_pb_row][et_pb_row column_structure=&#8221;1_4,1_4,1_4,1_4&#8243; use_custom_gutter=&#8221;on&#8221; gutter_width=&#8221;2&#8243; make_equal=&#8221;on&#8221; admin_label=&#8221;lisboa&#8221; _builder_version=&#8221;4.13.0&#8243; _module_preset=&#8221;default&#8221; background_color=&#8221;rgba(255,255,255,0)&#8221; custom_margin=&#8221;||0px||false|false&#8221; custom_padding=&#8221;||0px||false|false&#8221; locked=&#8221;off&#8221; global_colors_info=&#8221;{}&#8221;][et_pb_column type=&#8221;1_4&#8243; _builder_version=&#8221;4.13.0&#8243; _module_preset=&#8221;default&#8221; background_color=&#8221;#FFFFFF&#8221; border_radii=&#8221;on|12px|12px|12px|12px&#8221; global_colors_info=&#8221;{}&#8221;][et_pb_text _builder_version=&#8221;4.13.0&#8243; _module_preset=&#8221;default&#8221; text_font=&#8221;Montserrat||||||||&#8221; text_font_size=&#8221;12px&#8221; text_line_height=&#8221;1.2em&#8221; custom_margin=&#8221;16px|12px|8px|12px|false|false&#8221; global_colors_info=&#8221;{}&#8221;]<\/p>\n<p><span style=\"font-size: medium; color: #c18934;\"><strong>Lisboa<\/strong><\/span><\/p>\n<p><strong>Entidade promotora:<\/strong><br \/>Associa\u00e7\u00e3o Portuguesa de Mulheres Juristas<\/p>\n<p><strong>Iniciativa | Atividade:<\/strong><br \/>A Viol\u00eancia contra as Mulheres no Ciberespa\u00e7o<\/p>\n<p>[\/et_pb_text][\/et_pb_column][et_pb_column type=&#8221;1_4&#8243; _builder_version=&#8221;4.13.0&#8243; _module_preset=&#8221;default&#8221; background_color=&#8221;#FFFFFF&#8221; border_radii=&#8221;on|12px|12px|12px|12px&#8221; global_colors_info=&#8221;{}&#8221;][et_pb_text _builder_version=&#8221;4.13.0&#8243; _module_preset=&#8221;default&#8221; text_font=&#8221;Montserrat||||||||&#8221; text_font_size=&#8221;12px&#8221; text_line_height=&#8221;1.2em&#8221; custom_margin=&#8221;16px|12px|8px|12px|false|false&#8221; global_colors_info=&#8221;{}&#8221;]<\/p>\n<p><span style=\"font-size: medium; color: #c18934;\"><strong>Loures<\/strong><\/span><\/p>\n<p><strong>Entidade promotora:<\/strong><br \/>C\u00e2mara Municipal de Loures<\/p>\n<p><strong>Iniciativa | Atividade:<\/strong><br \/>A Afirma\u00e7\u00e3o da Igualdade<\/p>\n<p>[\/et_pb_text][et_pb_toggle title=&#8221;Informa\u00e7\u00f5es&#8221; closed_toggle_text_color=&#8221;#759fdb&#8221; icon_color=&#8221;#e22685&#8243; toggle_icon=&#8221;&#xe03a;||divi||400&#8243; use_icon_font_size=&#8221;on&#8221; icon_font_size=&#8221;23px&#8221; _builder_version=&#8221;4.13.0&#8243; _module_preset=&#8221;default&#8221; title_font=&#8221;Montserrat|700|||||||&#8221; title_font_size=&#8221;13px&#8221; body_font=&#8221;Montserrat||||||||&#8221; body_font_size=&#8221;11px&#8221; body_line_height=&#8221;1.2em&#8221; background_color=&#8221;rgba(255,255,255,0)&#8221; custom_margin=&#8221;|||8px|false|false&#8221; custom_padding=&#8221;8px||16px|4px|false|false&#8221; border_width_all=&#8221;0px&#8221; global_colors_info=&#8221;{}&#8221;]<\/p>\n<p style=\"text-align: justify;\"><strong>A Afirma\u00e7\u00e3o da Igualdade<\/strong><br \/>Atividades desenvolvidas que envolvem as mulheres da C\u00e2mara Municipal e outras Entidades , com o prop\u00f3sito de promover a igualdade de g\u00e9nero, nas vertentes sociais, culturais, profissionais, desportivas de formar a incentivar \u00e0 continuidade da defesa de direitos iguais ao n\u00edvel de g\u00e9nero, quer na esfera p\u00fablica, privada e pessoal. Atividades a iniciar no dia 8 de mar\u00e7o, tamb\u00e9m nas redes sociais da C. Municipal de Loures e durante a semana at\u00e9 13 de mar\u00e7o.<\/p>\n<p><strong>Dia:<\/strong> 08\/03\/2022 | <strong>Hora<\/strong>: 12:45:00 PM<\/p>\n<p>Loures- Paz e Amizade: aulas de zumba\/Piscinas de Loures e Sto. Ant\u00f3nio Cavaleiros: Piscinas\/yoga\/Pilates\/Hidrogin\u00e1stica\/Postura e Movimento Laboral\/Nata\u00e7\u00e3o Pura\/hidro Mix);<\/p>\n<p>Exposi\u00e7\u00f5es &#8211; Galeria Municipal Vieira da Silva ; Exibi\u00e7\u00e3o do Filme &#8220;48&#8221; (Biblioteca Ary dos Santos-Sacav\u00e9m);<\/p>\n<p>Confer\u00eancia- Pal\u00e1cio Marqueses da Praia e Monforte &#8211; Loures;<\/p>\n<p>Pe\u00e7a em destaque &#8230; COM SABOR- Museu Municipal de Loures;<\/p>\n<p>MON\u00d3LOGOS DA VAGINA- Pavilh\u00e3o Paz e Amizade\/Loures;<\/p>\n<p>Apresenta\u00e7\u00e3o do Livro: &#8220;ELAS ESTIVERAM NAS PRIS\u00d5ES DO FASCIMO- Biblioteca Ary dos Santos &#8211; Sacav\u00e9m; Percurso pelo patrim\u00f3nio &#8220;(RE)DESCOBRIR UNHOS&#8221;- Unhos;<\/p>\n<p>Aulas de Fitness- Jardim Aut\u00e1rquico Portela Trabalhadoras\/es e Popula\u00e7\u00e3o em Geral<\/p>\n<p><strong>Online:<\/strong> C\u00e2mara Municipal de Loures (Facebook\/Instagram\/Internet\/Intranet)<\/p>\n<p>[\/et_pb_toggle][\/et_pb_column][et_pb_column type=&#8221;1_4&#8243; _builder_version=&#8221;4.13.0&#8243; _module_preset=&#8221;default&#8221; background_color=&#8221;#FFFFFF&#8221; border_radii=&#8221;on|12px|12px|12px|12px&#8221; global_colors_info=&#8221;{}&#8221;][et_pb_text _builder_version=&#8221;4.13.0&#8243; _module_preset=&#8221;default&#8221; text_font=&#8221;Montserrat||||||||&#8221; text_font_size=&#8221;12px&#8221; text_line_height=&#8221;1.2em&#8221; custom_margin=&#8221;16px|12px|8px|12px|false|false&#8221; global_colors_info=&#8221;{}&#8221;]<\/p>\n<p><span style=\"font-size: medium; color: #c18934;\"><strong>Lisboa<\/strong><\/span><\/p>\n<p><strong>Entidade promotora:<\/strong><br \/>Soroptimist International Clube<\/p>\n<p><strong>Iniciativa | Atividade:<\/strong><br \/>Encontro de Mulheres Soroptimistas para reflex\u00e3o sobre o papel da mulher na atual sociedade<\/p>\n<p>[\/et_pb_text][et_pb_toggle title=&#8221;Informa\u00e7\u00f5es&#8221; closed_toggle_text_color=&#8221;#759fdb&#8221; icon_color=&#8221;#e22685&#8243; toggle_icon=&#8221;&#xe03a;||divi||400&#8243; use_icon_font_size=&#8221;on&#8221; icon_font_size=&#8221;23px&#8221; _builder_version=&#8221;4.13.0&#8243; _module_preset=&#8221;default&#8221; title_font=&#8221;Montserrat|700|||||||&#8221; title_font_size=&#8221;13px&#8221; body_font=&#8221;Montserrat||||||||&#8221; body_font_size=&#8221;11px&#8221; body_line_height=&#8221;1.2em&#8221; background_color=&#8221;rgba(255,255,255,0)&#8221; custom_margin=&#8221;|||8px|false|false&#8221; custom_padding=&#8221;8px||16px|4px|false|false&#8221; border_width_all=&#8221;0px&#8221; global_colors_info=&#8221;{}&#8221;]<\/p>\n<p style=\"text-align: justify;\"><strong>Encontro de Mulheres Soroptimistas para reflex\u00e3o sobre o papel da mulher na atual sociedade<\/strong><br \/>Discuss\u00e3o e an\u00e1lise das dificuldades das mulheres nos v\u00e1rios setores, preocupa\u00e7\u00f5es e expectativas quanto \u00e0 garantia do exerc\u00edcio dos direitos das mulheres.<\/p>\n<p><strong>Dia:<\/strong> 08\/03\/2022 | <strong>Hora:<\/strong> 8:00:00 PM<\/p>\n<p>[\/et_pb_toggle][\/et_pb_column][et_pb_column type=&#8221;1_4&#8243; _builder_version=&#8221;4.13.0&#8243; _module_preset=&#8221;default&#8221; background_color=&#8221;#FFFFFF&#8221; border_radii=&#8221;on|12px|12px|12px|12px&#8221; global_colors_info=&#8221;{}&#8221;][et_pb_text _builder_version=&#8221;4.13.0&#8243; _module_preset=&#8221;default&#8221; text_font=&#8221;Montserrat||||||||&#8221; text_font_size=&#8221;12px&#8221; text_line_height=&#8221;1.2em&#8221; custom_margin=&#8221;16px|12px|8px|12px|false|false&#8221; global_colors_info=&#8221;{}&#8221;]<\/p>\n<p><span style=\"font-size: medium; color: #c18934;\"><strong>Lisboa<\/strong><\/span><\/p>\n<p><strong>Entidade promotora:<\/strong><br \/>Bertrand Editora<\/p>\n<p><strong>Iniciativa | Atividade:<\/strong><br \/>Apresenta\u00e7\u00e3o do livro \u00abMulheres da Minha Ilha, Mulheres do Meu Pa\u00eds\u00bb, de Ana Cristina Pereira<\/p>\n<p>[\/et_pb_text][et_pb_toggle title=&#8221;Informa\u00e7\u00f5es&#8221; closed_toggle_text_color=&#8221;#759fdb&#8221; icon_color=&#8221;#e22685&#8243; toggle_icon=&#8221;&#xe03a;||divi||400&#8243; use_icon_font_size=&#8221;on&#8221; icon_font_size=&#8221;23px&#8221; _builder_version=&#8221;4.13.0&#8243; _module_preset=&#8221;default&#8221; title_font=&#8221;Montserrat|700|||||||&#8221; title_font_size=&#8221;13px&#8221; body_font=&#8221;Montserrat||||||||&#8221; body_font_size=&#8221;11px&#8221; body_line_height=&#8221;1.2em&#8221; background_color=&#8221;rgba(255,255,255,0)&#8221; custom_margin=&#8221;|||8px|false|false&#8221; custom_padding=&#8221;8px||16px|4px|false|false&#8221; border_width_all=&#8221;0px&#8221; global_colors_info=&#8221;{}&#8221;]<\/p>\n<p style=\"text-align: justify;\"><strong>Apresenta\u00e7\u00e3o do livro \u00abMulheres da Minha Ilha, Mulheres do Meu Pa\u00eds\u00bb, de Ana Cristina Pereira<\/strong><br \/>&#8220;A FNAC Colombo e a Bertrand Editora t\u00eam o prazer de convidar para a apresenta\u00e7\u00e3o de \u00abMulheres da Minha Ilha, Mulheres do Meu Pa\u00eds\u00bb, de Ana Cristina Pereira.<\/p>\n<p style=\"text-align: justify;\">No ter\u00e7a-feira, 8 de mar\u00e7o, \u00e0s 18h30, na FNAC Colombo, em Lisboa.<\/p>\n<p style=\"text-align: justify;\">A apresenta\u00e7\u00e3o do livro est\u00e1 a cargo das soci\u00f3logas Rosa Monteiro e Sofia Aboim. Com a presen\u00e7a da autora, leitura de excerto por In\u00eas Sobral e momento musical por Mariana Camacho (interpreta\u00e7\u00e3o de algumas m\u00fasicas do seu primeiro \u00e1lbum a solo, \u00abO tempo de baixo, o tempo de cima ou o mundo est\u00e1 a girar\u00bb).<\/p>\n<p style=\"text-align: justify;\">Contamos consigo!<\/p>\n<p style=\"text-align: justify;\">Informa\u00e7\u00f5es sobre o livro:<br \/><a href=\"https:\/\/www.bertrandeditora.pt\/produtos\/ficha\/mulheres-da-minha-ilha-mulheres-do-meu-pais\/25554819\" target=\"_blank\" rel=\"noopener\">https:\/\/www.bertrandeditora.pt\/produtos\/ficha\/mulheres-da-minha-ilha-mulheres-do-meu-pais\/25554819<\/a><\/p>\n<p><strong>Dia:<\/strong> 08\/03\/2022 | <strong>Hora:<\/strong> 6:30:00 PM<\/p>\n<p><strong>Online: <\/strong><a href=\"https:\/\/www.facebook.com\/events\/2090965437728239\" target=\"_blank\" rel=\"noopener\">https:\/\/www.facebook.com\/events\/2090965437728239<\/a><\/p>\n<p><strong>Imagem:<\/strong><br \/><a href=\"https:\/\/www.cig.gov.pt\/iniciativas-nacionais\/wp-content\/uploads\/2022\/03\/Mulheres-da-Minha-Ilha-Mulheres-do-Meu-Pais_convite_FNAC-Colombo-scaled.jpg\" target=\"_blank\" rel=\"noopener\" title=\"Apresenta\u00e7\u00e3o do livro \u00abMulheres da Minha Ilha, Mulheres do Meu Pa\u00eds\u00bb, de Ana Cristina Pereira\"><img loading=\"lazy\" src=\"https:\/\/www.cig.gov.pt\/iniciativas-nacionais\/wp-content\/uploads\/2022\/03\/Mulheres-da-Minha-Ilha-Mulheres-do-Meu-Pais_convite_FNAC-Colombo-1024x536.jpg\" width=\"1024\" height=\"536\" alt=\"Apresenta\u00e7\u00e3o do livro \u00abMulheres da Minha Ilha, Mulheres do Meu Pa\u00eds\u00bb, de Ana Cristina Pereira\" class=\"wp-image-573 aligncenter size-large\" srcset=\"https:\/\/www.cig.gov.pt\/iniciativas-nacionais\/wp-content\/uploads\/2022\/03\/Mulheres-da-Minha-Ilha-Mulheres-do-Meu-Pais_convite_FNAC-Colombo-1024x536.jpg 1024w, https:\/\/www.cig.gov.pt\/iniciativas-nacionais\/wp-content\/uploads\/2022\/03\/Mulheres-da-Minha-Ilha-Mulheres-do-Meu-Pais_convite_FNAC-Colombo-300x157.jpg 300w, https:\/\/www.cig.gov.pt\/iniciativas-nacionais\/wp-content\/uploads\/2022\/03\/Mulheres-da-Minha-Ilha-Mulheres-do-Meu-Pais_convite_FNAC-Colombo-768x402.jpg 768w, https:\/\/www.cig.gov.pt\/iniciativas-nacionais\/wp-content\/uploads\/2022\/03\/Mulheres-da-Minha-Ilha-Mulheres-do-Meu-Pais_convite_FNAC-Colombo-1536x804.jpg 1536w, https:\/\/www.cig.gov.pt\/iniciativas-nacionais\/wp-content\/uploads\/2022\/03\/Mulheres-da-Minha-Ilha-Mulheres-do-Meu-Pais_convite_FNAC-Colombo-2048x1072.jpg 2048w, https:\/\/www.cig.gov.pt\/iniciativas-nacionais\/wp-content\/uploads\/2022\/03\/Mulheres-da-Minha-Ilha-Mulheres-do-Meu-Pais_convite_FNAC-Colombo-1080x565.jpg 1080w\" sizes=\"(max-width: 1024px) 100vw, 1024px\" \/><\/a><\/p>\n<p><a href=\"https:\/\/www.cig.gov.pt\/iniciativas-nacionais\/wp-content\/uploads\/2022\/03\/Mulheres-da-Minha-Ilha-Mulheres-do-Meu-Pais_convite_FNAC-Colombo-scaled.jpg\" target=\"_blank\" rel=\"noopener\">Convite HD \u00bb<\/a><\/p>\n<p>[\/et_pb_toggle][\/et_pb_column][\/et_pb_row][et_pb_row column_structure=&#8221;1_4,1_4,1_4,1_4&#8243; use_custom_gutter=&#8221;on&#8221; gutter_width=&#8221;2&#8243; make_equal=&#8221;on&#8221; admin_label=&#8221;lisboa&#8221; _builder_version=&#8221;4.13.0&#8243; _module_preset=&#8221;default&#8221; background_color=&#8221;rgba(255,255,255,0)&#8221; custom_margin=&#8221;||0px||false|false&#8221; custom_padding=&#8221;||0px||false|false&#8221; locked=&#8221;off&#8221; global_colors_info=&#8221;{}&#8221;][et_pb_column type=&#8221;1_4&#8243; _builder_version=&#8221;4.13.0&#8243; _module_preset=&#8221;default&#8221; background_color=&#8221;#FFFFFF&#8221; border_radii=&#8221;on|12px|12px|12px|12px&#8221; global_colors_info=&#8221;{}&#8221;][et_pb_text _builder_version=&#8221;4.13.0&#8243; _module_preset=&#8221;default&#8221; text_font=&#8221;Montserrat||||||||&#8221; text_font_size=&#8221;12px&#8221; text_line_height=&#8221;1.2em&#8221; custom_margin=&#8221;16px|12px|8px|12px|false|false&#8221; global_colors_info=&#8221;{}&#8221;]<\/p>\n<p><span style=\"font-size: medium; color: #c18934;\"><strong>Mafra<\/strong><\/span><\/p>\n<p><strong>Entidade promotora:<\/strong><br \/>C\u00e2mara Municipal de Mafra | DGPC\/Pal\u00e1cio Nacional de Mafra<\/p>\n<p><strong>Iniciativa | Atividade:<\/strong><br \/>Salve Regina &#8211; Concerto Comemorativo DIA INTERNACIONAL DA MULHER<\/p>\n<p>[\/et_pb_text][et_pb_toggle title=&#8221;Informa\u00e7\u00f5es&#8221; closed_toggle_text_color=&#8221;#759fdb&#8221; icon_color=&#8221;#e22685&#8243; toggle_icon=&#8221;&#xe03a;||divi||400&#8243; use_icon_font_size=&#8221;on&#8221; icon_font_size=&#8221;23px&#8221; _builder_version=&#8221;4.13.0&#8243; _module_preset=&#8221;default&#8221; title_font=&#8221;Montserrat|700|||||||&#8221; title_font_size=&#8221;13px&#8221; body_font=&#8221;Montserrat||||||||&#8221; body_font_size=&#8221;11px&#8221; body_line_height=&#8221;1.2em&#8221; background_color=&#8221;rgba(255,255,255,0)&#8221; custom_margin=&#8221;|||8px|false|false&#8221; custom_padding=&#8221;8px||16px|4px|false|false&#8221; border_width_all=&#8221;0px&#8221; global_colors_info=&#8221;{}&#8221;]<\/p>\n<p style=\"text-align: justify;\"><strong><img loading=\"lazy\" src=\"https:\/\/www.cig.gov.pt\/iniciativas-nacionais\/wp-content\/uploads\/2022\/03\/concertoDiadaMulher-1_page-0001-212x300.jpg\" width=\"212\" height=\"300\" alt=\"\" class=\"wp-image-673 alignnone size-medium\" \/>Salve Regina &#8211; Concerto Comemorativo DIA INTERNACIONAL DA MULHER<\/strong><br \/>Concerto a seis \u00f3rg\u00e3os comemorativo do Dia Internacional da Mulher, integrando int\u00e9rpretes femininas: Patrycja Gabrel, soprano; Carolina Figueiredo, contralto; Beatriz Resendes, Carole Reis, C\u00e9lia Sousa Tavares, Daniela Moreira, In\u00eas Machado, Margarida Oliveira e Maria Jo\u00e3o Abreu, organistas; e In\u00eas Thomas Almeida, apresenta\u00e7\u00e3o.<\/p>\n<p><strong>Dia:<\/strong> 08\/03\/2022 | <strong>Hora:<\/strong> 9:00:00 PM<\/p>\n<p><strong>Online:<\/strong> Facebook do Pal\u00e1cio Nacional de Mafra<\/p>\n<p>[\/et_pb_toggle][\/et_pb_column][et_pb_column type=&#8221;1_4&#8243; _builder_version=&#8221;4.13.0&#8243; _module_preset=&#8221;default&#8221; background_color=&#8221;#FFFFFF&#8221; border_radii=&#8221;on|12px|12px|12px|12px&#8221; global_colors_info=&#8221;{}&#8221;][et_pb_text _builder_version=&#8221;4.13.0&#8243; _module_preset=&#8221;default&#8221; text_font=&#8221;Montserrat||||||||&#8221; text_font_size=&#8221;12px&#8221; text_line_height=&#8221;1.2em&#8221; custom_margin=&#8221;16px|12px|8px|12px|false|false&#8221; global_colors_info=&#8221;{}&#8221;]<\/p>\n<p><span style=\"font-size: medium; color: #c18934;\"><strong>Azambuja<\/strong><\/span><\/p>\n<p><strong>Entidade promotora:<\/strong><br \/>Munic\u00edpio de Azambuja<\/p>\n<p><strong>Iniciativa | Atividade:<\/strong><br \/>Sess\u00e3o de Medita\u00e7\u00e3o Mindfulness<\/p>\n<p>[\/et_pb_text][et_pb_toggle title=&#8221;Informa\u00e7\u00f5es&#8221; closed_toggle_text_color=&#8221;#759fdb&#8221; icon_color=&#8221;#e22685&#8243; toggle_icon=&#8221;&#xe03a;||divi||400&#8243; use_icon_font_size=&#8221;on&#8221; icon_font_size=&#8221;23px&#8221; _builder_version=&#8221;4.13.0&#8243; _module_preset=&#8221;default&#8221; title_font=&#8221;Montserrat|700|||||||&#8221; title_font_size=&#8221;13px&#8221; body_font=&#8221;Montserrat||||||||&#8221; body_font_size=&#8221;11px&#8221; body_line_height=&#8221;1.2em&#8221; background_color=&#8221;rgba(255,255,255,0)&#8221; custom_margin=&#8221;|||8px|false|false&#8221; custom_padding=&#8221;8px||16px|4px|false|false&#8221; border_width_all=&#8221;0px&#8221; global_colors_info=&#8221;{}&#8221;]<\/p>\n<p><strong><img loading=\"lazy\" src=\"https:\/\/www.cig.gov.pt\/iniciativas-nacionais\/wp-content\/uploads\/2022\/03\/Mindfulness_20220308-300x240.jpg\" width=\"300\" height=\"240\" alt=\"\" class=\"wp-image-676 alignnone size-medium\" \/>Sess\u00e3o de Medita\u00e7\u00e3o Mindfulness<\/strong><br \/>Sess\u00e3o de Medita\u00e7\u00e3o Mindfulness onde trabalhamos a concentra\u00e7\u00e3o, a autoregula\u00e7\u00e3o e a autoestima.<\/p>\n<p><strong>Dia:<\/strong> 08\/03\/2022 | <strong>Hora:<\/strong> 10:30:00 AM<\/p>\n<p><strong>Online:<\/strong> <a href=\"https:\/\/docs.google.com\/forms\/d\/e\/1FAIpQLSennz2JxBgngiroVdt6A8jns2j4FeYX-BVkd61QSRabK0R_LQ\/viewform?usp=sf_link\" target=\"_blank\" rel=\"noopener\">https:\/\/docs.google.com\/forms\/d\/e\/1FAIpQLSennz2JxBgngiroVdt6A8jns2j4FeYX-BVkd61QSRabK0R_LQ\/viewform?usp=sf_link<\/a><\/p>\n<p>[\/et_pb_toggle][\/et_pb_column][et_pb_column type=&#8221;1_4&#8243; _builder_version=&#8221;4.13.0&#8243; _module_preset=&#8221;default&#8221; background_color=&#8221;#FFFFFF&#8221; border_radii=&#8221;on|12px|12px|12px|12px&#8221; global_colors_info=&#8221;{}&#8221;][et_pb_text _builder_version=&#8221;4.13.0&#8243; _module_preset=&#8221;default&#8221; text_font=&#8221;Montserrat||||||||&#8221; text_font_size=&#8221;12px&#8221; text_line_height=&#8221;1.2em&#8221; custom_margin=&#8221;16px|12px|8px|12px|false|false&#8221; global_colors_info=&#8221;{}&#8221;]<\/p>\n<p><span style=\"font-size: medium; color: #c18934;\"><strong>Lisboa<\/strong><\/span><\/p>\n<p><strong>Entidade promotora:<\/strong><br \/>Museu Nacional de Arte Antiga<\/p>\n<p><strong>Iniciativa | Atividade:<\/strong><br \/>Exposi\u00e7\u00e3o tempor\u00e1ria: \u00abLOUISE MAUDUIT: uma nova pintora no MNAA\u00bb<\/p>\n<p>[\/et_pb_text][et_pb_toggle title=&#8221;Informa\u00e7\u00f5es&#8221; closed_toggle_text_color=&#8221;#759fdb&#8221; icon_color=&#8221;#e22685&#8243; toggle_icon=&#8221;&#xe03a;||divi||400&#8243; use_icon_font_size=&#8221;on&#8221; icon_font_size=&#8221;23px&#8221; _builder_version=&#8221;4.13.0&#8243; _module_preset=&#8221;default&#8221; title_font=&#8221;Montserrat|700|||||||&#8221; title_font_size=&#8221;13px&#8221; body_font=&#8221;Montserrat||||||||&#8221; body_font_size=&#8221;11px&#8221; body_line_height=&#8221;1.2em&#8221; background_color=&#8221;rgba(255,255,255,0)&#8221; custom_margin=&#8221;|||8px|false|false&#8221; custom_padding=&#8221;8px||16px|4px|false|false&#8221; border_width_all=&#8221;0px&#8221; global_colors_info=&#8221;{}&#8221;]<\/p>\n<p style=\"text-align: justify;\"><strong><img loading=\"lazy\" src=\"https:\/\/www.cig.gov.pt\/iniciativas-nacionais\/wp-content\/uploads\/2022\/03\/louise_mauduit_mnaa_2167_pint-254x300.jpg\" width=\"254\" height=\"300\" alt=\"\" class=\"wp-image-670 alignnone size-medium\" \/>Exposi\u00e7\u00e3o tempor\u00e1ria: \u00abLOUISE MAUDUIT: uma nova pintora no MNAA\u00bb<\/strong><br \/>11 janeiro &#8211; 27 mar\u00e7o 2022<br \/>Em 1987 o Museu Nacional de Arte Antiga recebeu, no legado de Maria Lu\u00edsa Moutinho, um Retrato de Senhora atribu\u00eddo ao pintor neocl\u00e1ssico franc\u00eas Pierre Narcise Barron-Guerin (1774-1883), proveniente da cole\u00e7\u00e3o do seu pai, o jornalista Augusto Pina (1872-1938). S\u00f3 em 2021 a pintura teve um tratamento de conserva\u00e7\u00e3o pelo conservador-restaurador Ra\u00fal Leite, do Laborat\u00f3rio Jos\u00e9 de Figueiredo, revelando-se ent\u00e3o uma assinatura, propositadamente escondida, que permitiu a identifica\u00e7\u00e3o da obra como sendo da pintora francesa Louise Mauduit (1784-1862) e uma reavalia\u00e7\u00e3o do seu tema como a representa\u00e7\u00e3o de uma \u00abninfa\u00bb.<br \/>Louise Marie-Jeanne Mauduit (depois do seu casamento, Louise Hersent) nasceu em Paris, filha do professor de geometria e arquiteto Antoine-Ren\u00e9 Mauduit (1731-1815). Casou em 1821 com o pintor Louis Hersent (1784-1862). Na casa de ambos, na rue Cassete, em Paris, Louise criou uma escola de pintura destinada a mulheres. A gera\u00e7\u00e3o de Louise Mauduit, beneficiando da abertura da Academia e dos Salons introduzida pela Revolu\u00e7\u00e3o, marcou definitivamente a presen\u00e7a das mulheres, em n\u00famero e qualidade, na arte francesa.<\/p>\n<p style=\"text-align: left;\"><strong>Hor\u00e1rio:<\/strong> Ter\u00e7a-feira a Domingo, 10h00-18h00.<\/p>\n<p style=\"text-align: left;\"><strong>Dia:<\/strong> 08\/03\/2022 | <strong>Hora:<\/strong> 10:00:00 AM<\/p>\n<p style=\"text-align: left;\"><strong>Online:<\/strong> <a href=\"http:\/\/www.museudearteantiga.pt\/exposicoes\/louise-mauduit\" target=\"_blank\" rel=\"noopener\">http:\/\/www.museudearteantiga.pt\/exposicoes\/louise-mauduit<\/a> e <a href=\"https:\/\/www.facebook.com\/museunacionaldearteantiga\/\" target=\"_blank\" rel=\"noopener\">https:\/\/www.facebook.com\/museunacionaldearteantiga\/<\/a><\/p>\n<p>[\/et_pb_toggle][\/et_pb_column][et_pb_column type=&#8221;1_4&#8243; _builder_version=&#8221;4.13.0&#8243; _module_preset=&#8221;default&#8221; background_color=&#8221;#FFFFFF&#8221; border_radii=&#8221;on|12px|12px|12px|12px&#8221; global_colors_info=&#8221;{}&#8221;][et_pb_text _builder_version=&#8221;4.13.0&#8243; _module_preset=&#8221;default&#8221; text_font=&#8221;Montserrat||||||||&#8221; text_font_size=&#8221;12px&#8221; text_line_height=&#8221;1.2em&#8221; custom_margin=&#8221;16px|12px|8px|12px|false|false&#8221; global_colors_info=&#8221;{}&#8221;]<\/p>\n<p><span style=\"font-size: medium; color: #c18934;\"><strong>Lisboa<\/strong><\/span><\/p>\n<p><strong>Entidade promotora:<\/strong><br \/>Inspe\u00e7\u00e3o-Geral das Atividades Culturais<\/p>\n<p><strong>Iniciativa | Atividade:<\/strong><br \/>Envio de uma mensagem, via eletr\u00f3nica, para todas as mulheres da organiza\u00e7\u00e3o<\/p>\n<p>[\/et_pb_text][et_pb_toggle title=&#8221;Informa\u00e7\u00f5es&#8221; closed_toggle_text_color=&#8221;#759fdb&#8221; icon_color=&#8221;#e22685&#8243; toggle_icon=&#8221;&#xe03a;||divi||400&#8243; use_icon_font_size=&#8221;on&#8221; icon_font_size=&#8221;23px&#8221; _builder_version=&#8221;4.13.0&#8243; _module_preset=&#8221;default&#8221; title_font=&#8221;Montserrat|700|||||||&#8221; title_font_size=&#8221;13px&#8221; body_font=&#8221;Montserrat||||||||&#8221; body_font_size=&#8221;11px&#8221; body_line_height=&#8221;1.2em&#8221; background_color=&#8221;rgba(255,255,255,0)&#8221; custom_margin=&#8221;|||8px|false|false&#8221; custom_padding=&#8221;8px||16px|4px|false|false&#8221; border_width_all=&#8221;0px&#8221; global_colors_info=&#8221;{}&#8221;]<\/p>\n<p>Envio de uma mensagem, via eletr\u00f3nica, para todas as mulheres da organiza\u00e7\u00e3o<\/p>\n<p><strong>Dia:<\/strong> 08\/03\/2022 | <strong>Hora:<\/strong> 9:00:00 AM<\/p>\n<p>[\/et_pb_toggle][\/et_pb_column][\/et_pb_row][et_pb_row column_structure=&#8221;1_4,1_4,1_4,1_4&#8243; use_custom_gutter=&#8221;on&#8221; gutter_width=&#8221;2&#8243; make_equal=&#8221;on&#8221; admin_label=&#8221;lisboa&#8221; _builder_version=&#8221;4.13.0&#8243; _module_preset=&#8221;default&#8221; background_color=&#8221;rgba(255,255,255,0)&#8221; custom_margin=&#8221;||0px||false|false&#8221; custom_padding=&#8221;||0px||false|false&#8221; locked=&#8221;off&#8221; global_colors_info=&#8221;{}&#8221;][et_pb_column type=&#8221;1_4&#8243; _builder_version=&#8221;4.13.0&#8243; _module_preset=&#8221;default&#8221; background_color=&#8221;#FFFFFF&#8221; border_radii=&#8221;on|12px|12px|12px|12px&#8221; global_colors_info=&#8221;{}&#8221;][et_pb_text _builder_version=&#8221;4.13.0&#8243; _module_preset=&#8221;default&#8221; text_font=&#8221;Montserrat||||||||&#8221; text_font_size=&#8221;12px&#8221; text_line_height=&#8221;1.2em&#8221; custom_margin=&#8221;16px|12px|8px|12px|false|false&#8221; global_colors_info=&#8221;{}&#8221;]<\/p>\n<p><span style=\"font-size: medium; color: #c18934;\"><strong>Amadora<\/strong><\/span><\/p>\n<p><strong>Entidade promotora:<\/strong><br \/>C\u00e2mara Municipal da Amadora<\/p>\n<p><strong>Iniciativa | Atividade:<\/strong><br \/>&#8220;O Tempo das Mulheres&#8221; &#8220;Exposi\u00e7\u00e3o de fotografias de Alfredo Cunha&#8221;<\/p>\n<p>[\/et_pb_text][et_pb_toggle title=&#8221;Informa\u00e7\u00f5es&#8221; closed_toggle_text_color=&#8221;#759fdb&#8221; icon_color=&#8221;#e22685&#8243; toggle_icon=&#8221;&#xe03a;||divi||400&#8243; use_icon_font_size=&#8221;on&#8221; icon_font_size=&#8221;23px&#8221; _builder_version=&#8221;4.13.0&#8243; _module_preset=&#8221;default&#8221; title_font=&#8221;Montserrat|700|||||||&#8221; title_font_size=&#8221;13px&#8221; body_font=&#8221;Montserrat||||||||&#8221; body_font_size=&#8221;11px&#8221; body_line_height=&#8221;1.2em&#8221; background_color=&#8221;rgba(255,255,255,0)&#8221; custom_margin=&#8221;|||8px|false|false&#8221; custom_padding=&#8221;8px||16px|4px|false|false&#8221; border_width_all=&#8221;0px&#8221; global_colors_info=&#8221;{}&#8221;]<\/p>\n<p><strong>&#8220;O Tempo das Mulheres&#8221; &#8220;Exposi\u00e7\u00e3o de fotografias de Alfredo Cunha&#8221;<\/strong><br \/>&#8220;O Tempo das Mulheres&#8221;&#8221;- Mostra resulta de uma sele\u00e7\u00e3o de fotografias do artista Alfredo Cunha, a preto e branco, em que as protagonistas s\u00e3o mulheres de diversos pa\u00edses e idades, uma verdadeira celebra\u00e7\u00e3o da condi\u00e7\u00e3o feminina desde a inf\u00e2ncia \u00e0 terceira idade.<\/p>\n<p>Nesta homenagem \u00e0s mulheres e a tudo o que elas representam, as imagens s\u00e3o acompanhadas por textos da jornalista e hist\u00f3rica feminista Maria Ant\u00f3nia Palla, que contribuem para esta reflex\u00e3o no feminino, desde a evolu\u00e7\u00e3o hist\u00f3rica dos direitos das mulheres \u00e0 desigualdade de g\u00e9nero nos diferentes contextos econ\u00f3micos, pol\u00edticos e sociais<\/p>\n<p><strong>Dia:<\/strong> 08\/03\/2022 | <strong>Hora:<\/strong> 4:30:00 PM<\/p>\n<p><strong>Online:<\/strong> <a href=\"https:\/\/www.cm-amadora.pt\/5925-dia-internacional-da-mulher-celebrado-com-inauguracao-de-exposicao-de-alfredo-cunha-o-tempo-das-mulheres.html\" target=\"_blank\" rel=\"noopener\">https:\/\/www.cm-amadora.pt\/5925-dia-internacional-da-mulher-celebrado-com-inauguracao-de-exposicao-de-alfredo-cunha-o-tempo-das-mulheres.html<\/a><\/p>\n<p>[\/et_pb_toggle][\/et_pb_column][et_pb_column type=&#8221;1_4&#8243; _builder_version=&#8221;4.13.0&#8243; _module_preset=&#8221;default&#8221; background_color=&#8221;#FFFFFF&#8221; border_radii=&#8221;on|12px|12px|12px|12px&#8221; global_colors_info=&#8221;{}&#8221;][et_pb_text _builder_version=&#8221;4.13.0&#8243; _module_preset=&#8221;default&#8221; text_font=&#8221;Montserrat||||||||&#8221; text_font_size=&#8221;12px&#8221; text_line_height=&#8221;1.2em&#8221; custom_margin=&#8221;16px|12px|8px|12px|false|false&#8221; global_colors_info=&#8221;{}&#8221;]<\/p>\n<p><span style=\"font-size: medium; color: #c18934;\"><strong>Arruda dos Vinhos<\/strong><\/span><\/p>\n<p><strong>Entidade promotora:<\/strong><br \/>Munic\u00edpio Arruda dos Vinhos<\/p>\n<p><strong>Iniciativa | Atividade:<\/strong><br \/>Dia da Mulher<\/p>\n<p>[\/et_pb_text][et_pb_toggle title=&#8221;Informa\u00e7\u00f5es&#8221; closed_toggle_text_color=&#8221;#759fdb&#8221; icon_color=&#8221;#e22685&#8243; toggle_icon=&#8221;&#xe03a;||divi||400&#8243; use_icon_font_size=&#8221;on&#8221; icon_font_size=&#8221;23px&#8221; _builder_version=&#8221;4.13.0&#8243; _module_preset=&#8221;default&#8221; title_font=&#8221;Montserrat|700|||||||&#8221; title_font_size=&#8221;13px&#8221; body_font=&#8221;Montserrat||||||||&#8221; body_font_size=&#8221;11px&#8221; body_line_height=&#8221;1.2em&#8221; background_color=&#8221;rgba(255,255,255,0)&#8221; custom_margin=&#8221;|||8px|false|false&#8221; custom_padding=&#8221;8px||16px|4px|false|false&#8221; border_width_all=&#8221;0px&#8221; global_colors_info=&#8221;{}&#8221;]<\/p>\n<p><strong>Dia da Mulher<\/strong><br \/>Entrega de flores azuis e amarelas a mulheres no dia 8 de mar\u00e7o. Realiza\u00e7\u00e3o de um mural de mensagens para as Mulheres do Mundo, junto do local onde se encontram a Unidade M\u00f3vel da Liga Portuguesa contra o cancro se encontra realizar rastreios.<\/p>\n<p><strong>Dia:<\/strong> 08\/03\/2022 | <strong>Hora:<\/strong> 10:00:00 AM<\/p>\n<p><strong>Online:<\/strong> <a href=\"https:\/\/pt-pt.facebook.com\/marrudavinhos\/\" target=\"_blank\" rel=\"noopener\">https:\/\/pt-pt.facebook.com\/marrudavinhos\/<\/a><\/p>\n<p>[\/et_pb_toggle][\/et_pb_column][et_pb_column type=&#8221;1_4&#8243; _builder_version=&#8221;4.13.0&#8243; _module_preset=&#8221;default&#8221; background_color=&#8221;#FFFFFF&#8221; border_radii=&#8221;on|12px|12px|12px|12px&#8221; global_colors_info=&#8221;{}&#8221;][et_pb_text _builder_version=&#8221;4.13.0&#8243; _module_preset=&#8221;default&#8221; text_font=&#8221;Montserrat||||||||&#8221; text_font_size=&#8221;12px&#8221; text_line_height=&#8221;1.2em&#8221; custom_margin=&#8221;16px|12px|8px|12px|false|false&#8221; global_colors_info=&#8221;{}&#8221;]<\/p>\n<p><span style=\"font-size: medium; color: #c18934;\"><strong>Lisboa<\/strong><\/span><\/p>\n<p><strong>Entidade promotora:<\/strong><br \/>Museu Nacional do Traje<\/p>\n<p><strong>Iniciativa | Atividade:<\/strong><br \/>As nossas pe\u00e7as favoritas<\/p>\n<p>[\/et_pb_text][et_pb_toggle title=&#8221;Informa\u00e7\u00f5es&#8221; closed_toggle_text_color=&#8221;#759fdb&#8221; icon_color=&#8221;#e22685&#8243; toggle_icon=&#8221;&#xe03a;||divi||400&#8243; use_icon_font_size=&#8221;on&#8221; icon_font_size=&#8221;23px&#8221; _builder_version=&#8221;4.13.0&#8243; _module_preset=&#8221;default&#8221; title_font=&#8221;Montserrat|700|||||||&#8221; title_font_size=&#8221;13px&#8221; body_font=&#8221;Montserrat||||||||&#8221; body_font_size=&#8221;11px&#8221; body_line_height=&#8221;1.2em&#8221; background_color=&#8221;rgba(255,255,255,0)&#8221; custom_margin=&#8221;|||8px|false|false&#8221; custom_padding=&#8221;8px||16px|4px|false|false&#8221; border_width_all=&#8221;0px&#8221; global_colors_info=&#8221;{}&#8221;]<\/p>\n<p style=\"text-align: justify;\"><strong>As nossas pe\u00e7as favoritas<\/strong><br \/>Publica\u00e7\u00f5es nas redes sociais sobre pe\u00e7as da cole\u00e7\u00e3o selecionadas pelas mulheres que trabalham no Museu Nacional do Traje, revelando as motiva\u00e7\u00f5es das suas escolhas e o que elas transmitem sobre a representa\u00e7\u00e3o feminina, os direitos e igualdade de g\u00e9nero.<br \/>Estes testemunhos estar\u00e3o igualmente patentes junto das pe\u00e7as eleitas, ao longo do percurso expositivo do Museu.<\/p>\n<p><strong>Dia:<\/strong> 08\/03\/2022 | <strong>Hora:<\/strong> 10:00:00 AM<\/p>\n<p><strong>Online:\u00a0<\/strong><br \/><a href=\"https:\/\/www.facebook.com\/MuseuNacionaldoTraje%20\" target=\"_blank\" rel=\"noopener\">https:\/\/www.facebook.com\/MuseuNacionaldoTraje<\/a><br \/><a href=\"https:\/\/www.instagram.com\/museunacionaldotraje\/\" target=\"_blank\" rel=\"noopener\">https:\/\/www.instagram.com\/museunacionaldotraje\/<\/a><br \/><a href=\"https:\/\/www.museudotraje.gov.pt\" target=\"_blank\" rel=\"noopener\">https:\/\/www.museudotraje.gov.pt<\/a><\/p>\n<p>[\/et_pb_toggle][\/et_pb_column][et_pb_column type=&#8221;1_4&#8243; _builder_version=&#8221;4.13.0&#8243; _module_preset=&#8221;default&#8221; background_color=&#8221;#FFFFFF&#8221; border_radii=&#8221;on|12px|12px|12px|12px&#8221; global_colors_info=&#8221;{}&#8221;][et_pb_text _builder_version=&#8221;4.13.0&#8243; _module_preset=&#8221;default&#8221; text_font=&#8221;Montserrat||||||||&#8221; text_font_size=&#8221;12px&#8221; text_line_height=&#8221;1.2em&#8221; custom_margin=&#8221;16px|12px|8px|12px|false|false&#8221; global_colors_info=&#8221;{}&#8221;]<\/p>\n<p><span style=\"font-size: medium; color: #c18934;\"><strong>Lisboa<\/strong><\/span><\/p>\n<p><strong>Entidade promotora:<\/strong><br \/>Associa\u00e7\u00e3o Mutualista Montepio<\/p>\n<p><strong>Iniciativa | Atividade:<\/strong><br \/>Inaugura\u00e7\u00e3o da exposi\u00e7\u00e3o de fotografia &#8220;O Tempo das Mulheres&#8221;, de Alfredo Cunha<\/p>\n<p>[\/et_pb_text][et_pb_toggle title=&#8221;Informa\u00e7\u00f5es&#8221; closed_toggle_text_color=&#8221;#759fdb&#8221; icon_color=&#8221;#e22685&#8243; toggle_icon=&#8221;&#xe03a;||divi||400&#8243; use_icon_font_size=&#8221;on&#8221; icon_font_size=&#8221;23px&#8221; _builder_version=&#8221;4.13.0&#8243; _module_preset=&#8221;default&#8221; title_font=&#8221;Montserrat|700|||||||&#8221; title_font_size=&#8221;13px&#8221; body_font=&#8221;Montserrat||||||||&#8221; body_font_size=&#8221;11px&#8221; body_line_height=&#8221;1.2em&#8221; background_color=&#8221;rgba(255,255,255,0)&#8221; custom_margin=&#8221;|||8px|false|false&#8221; custom_padding=&#8221;8px||16px|4px|false|false&#8221; border_width_all=&#8221;0px&#8221; global_colors_info=&#8221;{}&#8221;]<\/p>\n<p><strong>Inaugura\u00e7\u00e3o da exposi\u00e7\u00e3o de fotografia &#8220;O Tempo das Mulheres&#8221;, de Alfredo Cunha.<\/strong><br \/>Na celebra\u00e7\u00e3o do Dia Internacional da Mulher | dia 8 de mar\u00e7o, \u00e0s 18 horas, inaugura a exposi\u00e7\u00e3o de fotografia \u201cO Tempo das Mulheres\u201d, da autoria do conceituado fot\u00f3grafo Alfredo Cunha, no espa\u00e7o atmosfera m Lisboa. A exposi\u00e7\u00e3o re\u00fane fotografias tiradas ao longo de 50 anos de carreira, em mais de 20 pa\u00edses. Esta homenagem \u00e0s mulheres \u00e9 acompanhada por um texto de abertura da autoria da jornalista e hist\u00f3rica feminista portuguesa Maria Ant\u00f3nia Palla. A entrada \u00e9 livre e a exposi\u00e7\u00e3o ficar\u00e1 patente at\u00e9 ao dia 8 de abril.<\/p>\n<p><strong>Dia:<\/strong> 08\/03\/2022 | <strong>Hora:<\/strong> 6:00:00 PM<\/p>\n<p><strong>Online:<\/strong> <a href=\"https:\/\/www.instagram.com\/p\/CapndJjruOe\/\" target=\"_blank\" rel=\"noopener\">https:\/\/www.instagram.com\/p\/CapndJjruOe\/<\/a><\/p>\n<p>[\/et_pb_toggle][\/et_pb_column][\/et_pb_row][et_pb_row column_structure=&#8221;1_4,1_4,1_4,1_4&#8243; use_custom_gutter=&#8221;on&#8221; gutter_width=&#8221;2&#8243; make_equal=&#8221;on&#8221; admin_label=&#8221;lisboa&#8221; _builder_version=&#8221;4.13.0&#8243; _module_preset=&#8221;default&#8221; background_color=&#8221;rgba(255,255,255,0)&#8221; custom_margin=&#8221;||0px||false|false&#8221; custom_padding=&#8221;||0px||false|false&#8221; locked=&#8221;off&#8221; global_colors_info=&#8221;{}&#8221;][et_pb_column type=&#8221;1_4&#8243; _builder_version=&#8221;4.13.0&#8243; _module_preset=&#8221;default&#8221; background_color=&#8221;#FFFFFF&#8221; border_radii=&#8221;on|12px|12px|12px|12px&#8221; global_colors_info=&#8221;{}&#8221;][et_pb_text _builder_version=&#8221;4.13.0&#8243; _module_preset=&#8221;default&#8221; text_font=&#8221;Montserrat||||||||&#8221; text_font_size=&#8221;12px&#8221; text_line_height=&#8221;1.2em&#8221; custom_margin=&#8221;16px|12px|8px|12px|false|false&#8221; global_colors_info=&#8221;{}&#8221;]<\/p>\n<p><span style=\"font-size: medium; color: #c18934;\"><strong>Lisboa<\/strong><\/span><\/p>\n<p><strong>Entidade promotora:<\/strong><br \/>Museu Nacional do Traje<\/p>\n<p><strong>Iniciativa | Atividade:<\/strong><br \/>As Mulheres no Pal\u00e1cio<\/p>\n<p>[\/et_pb_text][et_pb_toggle title=&#8221;Informa\u00e7\u00f5es&#8221; closed_toggle_text_color=&#8221;#759fdb&#8221; icon_color=&#8221;#e22685&#8243; toggle_icon=&#8221;&#xe03a;||divi||400&#8243; use_icon_font_size=&#8221;on&#8221; icon_font_size=&#8221;23px&#8221; _builder_version=&#8221;4.13.0&#8243; _module_preset=&#8221;default&#8221; title_font=&#8221;Montserrat|700|||||||&#8221; title_font_size=&#8221;13px&#8221; body_font=&#8221;Montserrat||||||||&#8221; body_font_size=&#8221;11px&#8221; body_line_height=&#8221;1.2em&#8221; background_color=&#8221;rgba(255,255,255,0)&#8221; custom_margin=&#8221;|||8px|false|false&#8221; custom_padding=&#8221;8px||16px|4px|false|false&#8221; border_width_all=&#8221;0px&#8221; global_colors_info=&#8221;{}&#8221;]<\/p>\n<p><strong><img loading=\"lazy\" src=\"https:\/\/www.cig.gov.pt\/iniciativas-nacionais\/wp-content\/uploads\/2022\/03\/Dia-Internacional-das-mulheres_MNT_8marco2022-300x300.png\" width=\"300\" height=\"300\" alt=\"\" class=\"wp-image-678 alignnone size-medium\" \/>As Mulheres no Pal\u00e1cio<\/strong><br \/>Para assinalar o Dia Internacional das Mulheres, o Museu Nacional do Traje preparou uma visita especial.<br \/>Como seriam as vidas das mulheres que viveram e trabalharam no Pal\u00e1cio Angeja-Palmela nos s\u00e9culos XVIII e XIX?<br \/>Como se vestiam e o que faziam durante o dia? Quais eram os conceitos de apar\u00eancia, higiene e beleza que as cercavam?<br \/>Das senhoras \u00e0s criadas, venha conhecer mais sobre as m\u00faltiplas realidades das mulheres ao longo dos tempos, atrav\u00e9s da nossa exposi\u00e7\u00e3o e da hist\u00f3ria da moda.<\/p>\n<p><strong>Dia:<\/strong> 08\/03\/2022 | <strong>Hora:<\/strong> 4:00:00 PM<\/p>\n<p><strong>Online:\u00a0<\/strong><br \/><a href=\"https:\/\/www.facebook.com\/MuseuNacionaldoTraje%20\" target=\"_blank\" rel=\"noopener\">https:\/\/www.facebook.com\/MuseuNacionaldoTraje<\/a><br \/><a href=\"https:\/\/www.instagram.com\/museunacionaldotraje\/\" target=\"_blank\" rel=\"noopener\">https:\/\/www.instagram.com\/museunacionaldotraje\/<\/a><br \/><a href=\"https:\/\/www.museudotraje.gov.pt\" target=\"_blank\" rel=\"noopener\">https:\/\/www.museudotraje.gov.pt<\/a><\/p>\n<p>[\/et_pb_toggle][\/et_pb_column][et_pb_column type=&#8221;1_4&#8243; _builder_version=&#8221;4.13.0&#8243; _module_preset=&#8221;default&#8221; background_color=&#8221;#FFFFFF&#8221; border_radii=&#8221;on|12px|12px|12px|12px&#8221; global_colors_info=&#8221;{}&#8221;][et_pb_text _builder_version=&#8221;4.13.0&#8243; _module_preset=&#8221;default&#8221; text_font=&#8221;Montserrat||||||||&#8221; text_font_size=&#8221;12px&#8221; text_line_height=&#8221;1.2em&#8221; custom_margin=&#8221;16px|12px|8px|12px|false|false&#8221; global_colors_info=&#8221;{}&#8221;]<\/p>\n<p><span style=\"font-size: medium; color: #c18934;\"><strong>Lisboa<\/strong><\/span><\/p>\n<p><strong>Entidade promotora:<\/strong><br \/>UDIPSS e MODERP\/UGT<\/p>\n<p><strong>Iniciativa | Atividade:<\/strong><br \/>REVERSE MORTGAGE<\/p>\n<p>[\/et_pb_text][et_pb_toggle title=&#8221;Informa\u00e7\u00f5es&#8221; closed_toggle_text_color=&#8221;#759fdb&#8221; icon_color=&#8221;#e22685&#8243; toggle_icon=&#8221;&#xe03a;||divi||400&#8243; use_icon_font_size=&#8221;on&#8221; icon_font_size=&#8221;23px&#8221; _builder_version=&#8221;4.13.0&#8243; _module_preset=&#8221;default&#8221; title_font=&#8221;Montserrat|700|||||||&#8221; title_font_size=&#8221;13px&#8221; body_font=&#8221;Montserrat||||||||&#8221; body_font_size=&#8221;11px&#8221; body_line_height=&#8221;1.2em&#8221; background_color=&#8221;rgba(255,255,255,0)&#8221; custom_margin=&#8221;|||8px|false|false&#8221; custom_padding=&#8221;8px||16px|4px|false|false&#8221; border_width_all=&#8221;0px&#8221; global_colors_info=&#8221;{}&#8221;]<\/p>\n<p><strong>REVERSE MORTGAGE<\/strong><br \/>1- Reverse Mortgage<br \/>A popula\u00e7\u00e3o portuguesa, tal como a popula\u00e7\u00e3o mundial est\u00e1 a envelhecer estimando-se que em 2050 represente quase 1\/3 do efetivo da popula\u00e7\u00e3o nacional. Perante estes factos importa desenvolver mecanismos financeiros complementares para atender as dificuldades quando se atinge a reforma, uma vez que o fluxo de rendimentos diminui. Um dos instrumentos financeiros \u00e9 a Reverse Mortgage que permite ao mutu\u00e1rio obter uma renda atrav\u00e9s do seu im\u00f3vel sem que haja necessidade de se desfazer<br \/>do mesmo. A Silver Economy \u00e9 um ve\u00edculo acelerador para o crescimento do PIB estando subestimada por todos os agentes financeiros e sociedade no seu todo.<br \/>2- Redu\u00e7\u00e3o IVA nos produtos geri\u00e1tricos<br \/>Os produtos geri\u00e1tricos devem ter uma redu\u00e7\u00e3o no IVA pois \u00e9 de natureza anat\u00f3mica a utiliza\u00e7\u00e3o dos mesmos no grupo et\u00e1rio da 4\u00aa gera\u00e7\u00e3o. Estamos a falar em termos de sobreviv\u00eancia de um s\u00e9nior pelo valor mensal gasto no consumo dos produtos geri\u00e1tricos. Numa amostragem de 1 milh\u00e3o de portuguese com incontin\u00eancia urin\u00e1ria verificamos que o valor total do IVA equivale a mias de 250 milh\u00f5es de euros.<br \/>3- Contrato de Trabalho Gera\u00e7\u00e3o<br \/>Pede-se em quest\u00f5es laborias que seja imposto no pacote de negocia\u00e7\u00e3o colectiva a contrata\u00e7\u00e3o equivalente a 10% para trabalhadores com mais de 55 anos visando a medida europeia de emprego sustent\u00e1vel<\/p>\n<p><strong>Dia:<\/strong> 08\/03\/2022 | <strong>Hora:<\/strong> 9:30:00 AM<\/p>\n<p><strong>Online: <\/strong><a href=\"https:\/\/www.moderp.pt\/\" target=\"_blank\" rel=\"noopener\">https:\/\/www.moderp.pt\/<\/a><\/p>\n<p>[\/et_pb_toggle][\/et_pb_column][et_pb_column type=&#8221;1_4&#8243; _builder_version=&#8221;4.13.0&#8243; _module_preset=&#8221;default&#8221; background_color=&#8221;#FFFFFF&#8221; border_radii=&#8221;on|12px|12px|12px|12px&#8221; global_colors_info=&#8221;{}&#8221;][et_pb_text _builder_version=&#8221;4.13.0&#8243; _module_preset=&#8221;default&#8221; text_font=&#8221;Montserrat||||||||&#8221; text_font_size=&#8221;12px&#8221; text_line_height=&#8221;1.2em&#8221; custom_margin=&#8221;16px|12px|8px|12px|false|false&#8221; global_colors_info=&#8221;{}&#8221;]<\/p>\n<p><span style=\"font-size: medium; color: #c18934;\"><strong>Lisboa<\/strong><\/span><\/p>\n<p><strong>Entidade promotora:<\/strong><br \/>MUSEU NACIONAL DGPC<\/p>\n<p><strong>Iniciativa | Atividade:<\/strong><br \/>&#8220;Museu Nacional da M\u00fasica Dia Internacional da Mulher<\/p>\n<p>[\/et_pb_text][et_pb_toggle title=&#8221;Informa\u00e7\u00f5es&#8221; closed_toggle_text_color=&#8221;#759fdb&#8221; icon_color=&#8221;#e22685&#8243; toggle_icon=&#8221;&#xe03a;||divi||400&#8243; use_icon_font_size=&#8221;on&#8221; icon_font_size=&#8221;23px&#8221; _builder_version=&#8221;4.13.0&#8243; _module_preset=&#8221;default&#8221; title_font=&#8221;Montserrat|700|||||||&#8221; title_font_size=&#8221;13px&#8221; body_font=&#8221;Montserrat||||||||&#8221; body_font_size=&#8221;11px&#8221; body_line_height=&#8221;1.2em&#8221; background_color=&#8221;rgba(255,255,255,0)&#8221; custom_margin=&#8221;|||8px|false|false&#8221; custom_padding=&#8221;8px||16px|4px|false|false&#8221; border_width_all=&#8221;0px&#8221; global_colors_info=&#8221;{}&#8221;]<\/p>\n<p><strong>&#8220;Museu Nacional da M\u00fasica Dia Internacional da Mulher | <\/strong><br \/><strong>M\u00fasica pelos Cotovelos<\/strong><\/p>\n<p>No Dia Internacional da Mulher, 4 mulheres falam da sua m\u00fasica.<br \/>Ter\u00e7a, 8 de mar\u00e7o, 18h Entrada Livre<br \/>No Museu Nacional da M\u00fasica<\/p>\n<p>Conversa moderada por Gra\u00e7a Mendes Pinto <br \/>com a soprano Ana Paula Russo, a pianista Cristina Aleixo, a guitarrista Lu\u00edsa Amaro e a violoncelista Raquel Reis.<\/p>\n<p style=\"text-align: left;\"><strong>Dia:<\/strong> 08\/03\/2022 | <strong>Hora:<\/strong> 6:00:00 PM<\/p>\n<p style=\"text-align: left;\"><strong>Online: <\/strong><a href=\"https:\/\/www.facebook.com\/museunacionaldamusica\/\" target=\"_blank\" rel=\"noopener\">https:\/\/www.facebook.com\/museunacionaldamusica\/<\/a><\/p>\n<p>[\/et_pb_toggle][\/et_pb_column][et_pb_column type=&#8221;1_4&#8243; _builder_version=&#8221;4.13.0&#8243; _module_preset=&#8221;default&#8221; background_color=&#8221;#FFFFFF&#8221; border_radii=&#8221;on|12px|12px|12px|12px&#8221; global_colors_info=&#8221;{}&#8221;][et_pb_text _builder_version=&#8221;4.13.0&#8243; _module_preset=&#8221;default&#8221; text_font=&#8221;Montserrat||||||||&#8221; text_font_size=&#8221;12px&#8221; text_line_height=&#8221;1.2em&#8221; custom_margin=&#8221;16px|12px|8px|12px|false|false&#8221; global_colors_info=&#8221;{}&#8221;]<\/p>\n<p><span style=\"font-size: medium; color: #c18934;\"><strong>Lisboa<\/strong><\/span><\/p>\n<p><strong>Entidade promotora:<\/strong><br \/>Museu Nacional dos Coches<\/p>\n<p><strong>Iniciativa | Atividade:<\/strong><br \/>\u201cDe Mulher para Mulher\u201d<\/p>\n<p>[\/et_pb_text][et_pb_toggle title=&#8221;Informa\u00e7\u00f5es&#8221; closed_toggle_text_color=&#8221;#759fdb&#8221; icon_color=&#8221;#e22685&#8243; toggle_icon=&#8221;&#xe03a;||divi||400&#8243; use_icon_font_size=&#8221;on&#8221; icon_font_size=&#8221;23px&#8221; _builder_version=&#8221;4.13.0&#8243; _module_preset=&#8221;default&#8221; title_font=&#8221;Montserrat|700|||||||&#8221; title_font_size=&#8221;13px&#8221; body_font=&#8221;Montserrat||||||||&#8221; body_font_size=&#8221;11px&#8221; body_line_height=&#8221;1.2em&#8221; background_color=&#8221;rgba(255,255,255,0)&#8221; custom_margin=&#8221;|||8px|false|false&#8221; custom_padding=&#8221;8px||16px|4px|false|false&#8221; border_width_all=&#8221;0px&#8221; global_colors_info=&#8221;{}&#8221;]<\/p>\n<p><strong>\u201cDe Mulher para Mulher\u201d<\/strong><br \/>Do Retrato da Princesa D. Maria Am\u00e9lia do Brasil para a Conservadora No \u00e2mbito do Dia Internacional da Mulher, a celebrar no dia 8 de Mar\u00e7o, prop\u00f5e-se um \u201cdi\u00e1logo entre duas mulheres\u201d, em que consiste na abordagem da pintura de Retrato da Princesa D. Maria Am\u00e9lia do Brasil e a interven\u00e7\u00e3o de conserva\u00e7\u00e3o e restauro da respetiva moldura.<\/p>\n<p><strong>Dia:<\/strong> 08\/03\/2022 | <strong>Hora:<\/strong> 4:30:00 PM<\/p>\n<p><strong>Online: <\/strong><a href=\"http:\/\/museudoscoches.gov.pt\/pt\/mncoches-atividades-dia-da-mulher-inscreva-se\/\" target=\"_blank\" rel=\"noopener\">http:\/\/museudoscoches.gov.pt\/pt\/mncoches-atividades-dia-da-mulher-inscreva-se\/<\/a><\/p>\n<p>[\/et_pb_toggle][\/et_pb_column][\/et_pb_row][et_pb_row column_structure=&#8221;1_4,1_4,1_4,1_4&#8243; use_custom_gutter=&#8221;on&#8221; gutter_width=&#8221;2&#8243; make_equal=&#8221;on&#8221; admin_label=&#8221;lisboa&#8221; _builder_version=&#8221;4.13.0&#8243; _module_preset=&#8221;default&#8221; background_color=&#8221;rgba(255,255,255,0)&#8221; custom_margin=&#8221;||0px||false|false&#8221; custom_padding=&#8221;||0px||false|false&#8221; locked=&#8221;off&#8221; global_colors_info=&#8221;{}&#8221;][et_pb_column type=&#8221;1_4&#8243; _builder_version=&#8221;4.13.0&#8243; _module_preset=&#8221;default&#8221; background_color=&#8221;#FFFFFF&#8221; border_radii=&#8221;on|12px|12px|12px|12px&#8221; global_colors_info=&#8221;{}&#8221;][et_pb_text _builder_version=&#8221;4.13.0&#8243; _module_preset=&#8221;default&#8221; text_font=&#8221;Montserrat||||||||&#8221; text_font_size=&#8221;12px&#8221; text_line_height=&#8221;1.2em&#8221; custom_margin=&#8221;16px|12px|8px|12px|false|false&#8221; global_colors_info=&#8221;{}&#8221;]<\/p>\n<p><span style=\"font-size: medium; color: #c18934;\"><strong>Lisboa<\/strong><\/span><\/p>\n<p><strong>Entidade promotora:<\/strong><br \/>Museu Nacional dos Coches<\/p>\n<p><strong>Iniciativa | Atividade:<\/strong><br \/>Sugest\u00f5es de Leitura sobre a Rainha Dona Am\u00e9lia<\/p>\n<p>[\/et_pb_text][et_pb_toggle title=&#8221;Informa\u00e7\u00f5es&#8221; closed_toggle_text_color=&#8221;#759fdb&#8221; icon_color=&#8221;#e22685&#8243; toggle_icon=&#8221;&#xe03a;||divi||400&#8243; use_icon_font_size=&#8221;on&#8221; icon_font_size=&#8221;23px&#8221; _builder_version=&#8221;4.13.0&#8243; _module_preset=&#8221;default&#8221; title_font=&#8221;Montserrat|700|||||||&#8221; title_font_size=&#8221;13px&#8221; body_font=&#8221;Montserrat||||||||&#8221; body_font_size=&#8221;11px&#8221; body_line_height=&#8221;1.2em&#8221; background_color=&#8221;rgba(255,255,255,0)&#8221; custom_margin=&#8221;|||8px|false|false&#8221; custom_padding=&#8221;8px||16px|4px|false|false&#8221; border_width_all=&#8221;0px&#8221; global_colors_info=&#8221;{}&#8221;]<\/p>\n<p style=\"text-align: justify;\"><strong><img loading=\"lazy\" src=\"https:\/\/www.cig.gov.pt\/iniciativas-nacionais\/wp-content\/uploads\/2022\/03\/Dia-Internacional-da-Mulher-1-212x300.jpg\" width=\"212\" height=\"300\" alt=\"\" class=\"wp-image-680 alignnone size-medium\" \/>Sugest\u00f5es de Leitura sobre a Rainha Dona Am\u00e9lia<\/strong><br \/>Obras relacionadas com a Rainha D.Am\u00e9lia<\/p>\n<p><strong>Dia:<\/strong> 08\/03\/2022 | <strong>Hora:<\/strong> 9:00:00 AM<\/p>\n<p><strong>Online:<\/strong> <a href=\"http:\/\/museudoscoches.gov.pt\/pt\/mncoches-atividades-dia-da-mulher-inscreva-se\/\" target=\"_blank\" rel=\"noopener\">http:\/\/museudoscoches.gov.pt\/pt\/mncoches-atividades-dia-da-mulher-inscreva-se\/<\/a><\/p>\n<p>[\/et_pb_toggle][\/et_pb_column][et_pb_column type=&#8221;1_4&#8243; _builder_version=&#8221;4.13.0&#8243; _module_preset=&#8221;default&#8221; background_color=&#8221;#FFFFFF&#8221; border_radii=&#8221;on|12px|12px|12px|12px&#8221; global_colors_info=&#8221;{}&#8221;][et_pb_text _builder_version=&#8221;4.13.0&#8243; _module_preset=&#8221;default&#8221; text_font=&#8221;Montserrat||||||||&#8221; text_font_size=&#8221;12px&#8221; text_line_height=&#8221;1.2em&#8221; custom_margin=&#8221;16px|12px|8px|12px|false|false&#8221; global_colors_info=&#8221;{}&#8221;]<\/p>\n<p><span style=\"font-size: medium; color: #c18934;\"><strong>Lisboa<\/strong><\/span><\/p>\n<p><strong>Entidade promotora:<\/strong><br \/>Museu Nacional dos Coches<\/p>\n<p><strong>Iniciativa | Atividade:<\/strong><br \/>\u201cCoches de Noivado\u201d<\/p>\n<p>[\/et_pb_text][et_pb_toggle title=&#8221;Informa\u00e7\u00f5es&#8221; closed_toggle_text_color=&#8221;#759fdb&#8221; icon_color=&#8221;#e22685&#8243; toggle_icon=&#8221;&#xe03a;||divi||400&#8243; use_icon_font_size=&#8221;on&#8221; icon_font_size=&#8221;23px&#8221; _builder_version=&#8221;4.13.0&#8243; _module_preset=&#8221;default&#8221; title_font=&#8221;Montserrat|700|||||||&#8221; title_font_size=&#8221;13px&#8221; body_font=&#8221;Montserrat||||||||&#8221; body_font_size=&#8221;11px&#8221; body_line_height=&#8221;1.2em&#8221; background_color=&#8221;rgba(255,255,255,0)&#8221; custom_margin=&#8221;|||8px|false|false&#8221; custom_padding=&#8221;8px||16px|4px|false|false&#8221; border_width_all=&#8221;0px&#8221; global_colors_info=&#8221;{}&#8221;]<\/p>\n<p><strong><img loading=\"lazy\" src=\"https:\/\/www.cig.gov.pt\/iniciativas-nacionais\/wp-content\/uploads\/2022\/03\/Dia-Internacional-da-Mulher-1-212x300.jpg\" width=\"212\" height=\"300\" alt=\"\" class=\"wp-image-680 alignnone size-medium\" \/>\u201cCoches de Noivado\u201d<\/strong><br \/>&#8220;Visita Orientada aos Coches de D. Maria Francisca de Saboia I e II, de Maria Ana de \u00c1ustria e de Mariana Vit\u00f3ria de Bourbon.<\/p>\n<p><strong>Dia:<\/strong> 08\/03\/2022 | <strong>Hora:<\/strong> 10:00:00 AM<\/p>\n<p><strong>Online:<\/strong> <a href=\"http:\/\/museudoscoches.gov.pt\/pt\/mncoches-atividades-dia-da-mulher-inscreva-se\/\" target=\"_blank\" rel=\"noopener\">http:\/\/museudoscoches.gov.pt\/pt\/mncoches-atividades-dia-da-mulher-inscreva-se\/<\/a><\/p>\n<p>[\/et_pb_toggle][\/et_pb_column][et_pb_column type=&#8221;1_4&#8243; _builder_version=&#8221;4.13.0&#8243; _module_preset=&#8221;default&#8221; background_color=&#8221;#FFFFFF&#8221; border_radii=&#8221;on|12px|12px|12px|12px&#8221; global_colors_info=&#8221;{}&#8221;][et_pb_text _builder_version=&#8221;4.13.0&#8243; _module_preset=&#8221;default&#8221; text_font=&#8221;Montserrat||||||||&#8221; text_font_size=&#8221;12px&#8221; text_line_height=&#8221;1.2em&#8221; custom_margin=&#8221;16px|12px|8px|12px|false|false&#8221; global_colors_info=&#8221;{}&#8221;]<\/p>\n<p><span style=\"font-size: medium; color: #c18934;\"><strong>Lisboa<\/strong><\/span><\/p>\n<p><strong>Entidade promotora:<\/strong><br \/>Museu Nacional dos Coches<\/p>\n<p><strong>Iniciativa | Atividade:<\/strong><br \/>\u201cPrincesas Portuguesas nas Cortes Estrangeiras\/ Princesas Estrangeiras nas Cortes Portuguesas\u201d<\/p>\n<p>[\/et_pb_text][et_pb_toggle title=&#8221;Informa\u00e7\u00f5es&#8221; closed_toggle_text_color=&#8221;#759fdb&#8221; icon_color=&#8221;#e22685&#8243; toggle_icon=&#8221;&#xe03a;||divi||400&#8243; use_icon_font_size=&#8221;on&#8221; icon_font_size=&#8221;23px&#8221; _builder_version=&#8221;4.13.0&#8243; _module_preset=&#8221;default&#8221; title_font=&#8221;Montserrat|700|||||||&#8221; title_font_size=&#8221;13px&#8221; body_font=&#8221;Montserrat||||||||&#8221; body_font_size=&#8221;11px&#8221; body_line_height=&#8221;1.2em&#8221; background_color=&#8221;rgba(255,255,255,0)&#8221; custom_margin=&#8221;|||8px|false|false&#8221; custom_padding=&#8221;8px||16px|4px|false|false&#8221; border_width_all=&#8221;0px&#8221; global_colors_info=&#8221;{}&#8221;]<\/p>\n<p style=\"text-align: left;\"><strong><img loading=\"lazy\" src=\"https:\/\/www.cig.gov.pt\/iniciativas-nacionais\/wp-content\/uploads\/2022\/03\/Dia-Internacional-da-Mulher-1-212x300.jpg\" width=\"212\" height=\"300\" alt=\"\" class=\"wp-image-680 alignnone size-medium\" \/>\u201cPrincesas Portuguesas nas Cortes Estrangeiras\/ Princesas Estrangeiras nas Cortes Portuguesas\u201d<\/strong><br \/>Baseando-nos na galeria de retratos da Dinastia de Bragan\u00e7a que se encontra em exposi\u00e7\u00e3o no Picadeiro Real, aproveitaremos o Dia Internacional da Mulher para dar destaque \u00e0s figuras femininas da fam\u00edlia e \u00e0 sua import\u00e2ncia Hist\u00f3rica. Faremos refer\u00eancia \u00e0s princesas Catarina de Bragan\u00e7a e Maria B\u00e1rbara de Bragan\u00e7a, respetivamente rainhas de Inglaterra e Espanha e \u00e0s princesas estrangeiras que se tornaram rainhas de Portugal: Lu\u00edsa de Gusm\u00e3o, Maria Francisca de Sab\u00f3ia, Maria Sofia de Neuburgo, Maria Ana de \u00c1ustria, Mariana Vit\u00f3ria de Borb\u00f3n e Carlota Joaquina de Borb\u00f3n.<\/p>\n<p style=\"text-align: left;\"><strong>Dia:<\/strong> 08\/03\/2022 | <strong>Hora:<\/strong> 12:00:00 PM<\/p>\n<p style=\"text-align: left;\"><strong>Online:<\/strong> <a href=\"http:\/\/museudoscoches.gov.pt\/pt\/mncoches-atividades-dia-da-mulher-inscreva-se\/\" target=\"_blank\" rel=\"noopener\">http:\/\/museudoscoches.gov.pt\/pt\/mncoches-atividades-dia-da-mulher-inscreva-se\/<\/a><\/p>\n<p>[\/et_pb_toggle][\/et_pb_column][et_pb_column type=&#8221;1_4&#8243; _builder_version=&#8221;4.13.0&#8243; _module_preset=&#8221;default&#8221; background_color=&#8221;#FFFFFF&#8221; border_radii=&#8221;on|12px|12px|12px|12px&#8221; global_colors_info=&#8221;{}&#8221;][et_pb_text _builder_version=&#8221;4.13.0&#8243; _module_preset=&#8221;default&#8221; text_font=&#8221;Montserrat||||||||&#8221; text_font_size=&#8221;12px&#8221; text_line_height=&#8221;1.2em&#8221; custom_margin=&#8221;16px|12px|8px|12px|false|false&#8221; global_colors_info=&#8221;{}&#8221;]<\/p>\n<p><span style=\"font-size: medium; color: #c18934;\"><strong>Lisboa<\/strong><\/span><\/p>\n<p><strong>Entidade promotora:<\/strong><br \/>Museu Nacional dos Coches<\/p>\n<p><strong>Iniciativa | Atividade:<\/strong><br \/>D. Am\u00e9lia, uma Rainha vision\u00e1ria<\/p>\n<p>[\/et_pb_text][et_pb_toggle title=&#8221;Informa\u00e7\u00f5es&#8221; closed_toggle_text_color=&#8221;#759fdb&#8221; icon_color=&#8221;#e22685&#8243; toggle_icon=&#8221;&#xe03a;||divi||400&#8243; use_icon_font_size=&#8221;on&#8221; icon_font_size=&#8221;23px&#8221; _builder_version=&#8221;4.13.0&#8243; _module_preset=&#8221;default&#8221; title_font=&#8221;Montserrat|700|||||||&#8221; title_font_size=&#8221;13px&#8221; body_font=&#8221;Montserrat||||||||&#8221; body_font_size=&#8221;11px&#8221; body_line_height=&#8221;1.2em&#8221; background_color=&#8221;rgba(255,255,255,0)&#8221; custom_margin=&#8221;|||8px|false|false&#8221; custom_padding=&#8221;8px||16px|4px|false|false&#8221; border_width_all=&#8221;0px&#8221; global_colors_info=&#8221;{}&#8221;]<\/p>\n<p><strong><img loading=\"lazy\" src=\"https:\/\/www.cig.gov.pt\/iniciativas-nacionais\/wp-content\/uploads\/2022\/03\/Dia-Internacional-da-Mulher-1-212x300.jpg\" width=\"212\" height=\"300\" alt=\"\" class=\"wp-image-680 alignnone size-medium\" \/>D. Am\u00e9lia, uma Rainha vision\u00e1ria<\/strong><br \/>Conversa em torno dos legados pessoais de D. Am\u00e9lia, a este \u201cseu\u201d Museu.<br \/>Dura\u00e7\u00e3o prevista: 45 minutos<br \/>Ponto de Encontro: entrada principal do Novo Edif\u00edcio, junto aos elevadores.<br \/>M\u00e1x.: 12 participantes<br \/>Orienta\u00e7\u00e3o: Rita Dargent e Nuno Augusto&#8221;<\/p>\n<p><strong>Dia:<\/strong> 08\/03\/2022 | <strong>Hora:<\/strong> 3:00:00 PM<\/p>\n<p><strong>Online:<\/strong> <a href=\"http:\/\/museudoscoches.gov.pt\/pt\/\" target=\"_blank\" rel=\"noopener\">http:\/\/museudoscoches.gov.pt\/pt\/<\/a><\/p>\n<p>[\/et_pb_toggle][\/et_pb_column][\/et_pb_row][et_pb_row column_structure=&#8221;1_4,1_4,1_4,1_4&#8243; use_custom_gutter=&#8221;on&#8221; gutter_width=&#8221;2&#8243; make_equal=&#8221;on&#8221; admin_label=&#8221;lisboa&#8221; _builder_version=&#8221;4.13.0&#8243; _module_preset=&#8221;default&#8221; background_color=&#8221;rgba(255,255,255,0)&#8221; custom_margin=&#8221;||0px||false|false&#8221; custom_padding=&#8221;||0px||false|false&#8221; locked=&#8221;off&#8221; global_colors_info=&#8221;{}&#8221;][et_pb_column type=&#8221;1_4&#8243; _builder_version=&#8221;4.13.0&#8243; _module_preset=&#8221;default&#8221; background_color=&#8221;#FFFFFF&#8221; border_radii=&#8221;on|12px|12px|12px|12px&#8221; global_colors_info=&#8221;{}&#8221;][et_pb_text _builder_version=&#8221;4.13.0&#8243; _module_preset=&#8221;default&#8221; text_font=&#8221;Montserrat||||||||&#8221; text_font_size=&#8221;12px&#8221; text_line_height=&#8221;1.2em&#8221; custom_margin=&#8221;16px|12px|8px|12px|false|false&#8221; custom_padding=&#8221;10px|||||&#8221; global_colors_info=&#8221;{}&#8221;]<\/p>\n<p><span style=\"font-size: medium; color: #c18934;\"><strong>Lisboa<\/strong><\/span><\/p>\n<p><strong>Entidade promotora:<\/strong><br \/>N\u00facleo de Estudantes de Servi\u00e7o Social do ISCSP-UL <\/p>\n<p><strong>Iniciativa | Atividade:<\/strong><br \/>S\u00ea Mente<\/p>\n<p>[\/et_pb_text][et_pb_toggle title=&#8221;Informa\u00e7\u00f5es&#8221; closed_toggle_text_color=&#8221;#759fdb&#8221; icon_color=&#8221;#e22685&#8243; toggle_icon=&#8221;&#xe03a;||divi||400&#8243; use_icon_font_size=&#8221;on&#8221; icon_font_size=&#8221;23px&#8221; _builder_version=&#8221;4.13.0&#8243; _module_preset=&#8221;default&#8221; title_font=&#8221;Montserrat|700|||||||&#8221; title_font_size=&#8221;13px&#8221; body_font=&#8221;Montserrat||||||||&#8221; body_font_size=&#8221;11px&#8221; body_line_height=&#8221;1.2em&#8221; background_color=&#8221;rgba(255,255,255,0)&#8221; custom_margin=&#8221;|||8px|false|false&#8221; custom_padding=&#8221;8px||16px|4px|false|false&#8221; border_width_all=&#8221;0px&#8221; global_colors_info=&#8221;{}&#8221;]<\/p>\n<p style=\"text-align: justify;\">No audit\u00f3rio Adriano Moreira e contar\u00e1 com v\u00e1rias atua\u00e7\u00f5es inclusivamente, uma atua\u00e7\u00e3o por parte dos artistas da ARIA.<\/p>\n<p><strong>Dia:<\/strong> 08\/03\/2022 | <strong>Hora:<\/strong> 20:0<img loading=\"lazy\" src=\"https:\/\/www.cig.gov.pt\/iniciativas-nacionais\/wp-content\/uploads\/2022\/03\/cartaz-300x300.jpeg\" width=\"300\" height=\"300\" alt=\"\" class=\"wp-image-667 alignnone size-medium\" \/><\/p>\n<p><a href=\"http:\/\/museudoscoches.gov.pt\/pt\/mncoches-atividades-dia-da-mulher-inscreva-se\/\" target=\"_blank\" rel=\"noopener\">Para mais informa\u00e7\u00f5es: instagram: @nssiscsp e facebook: NSS &#8211; N\u00facleo de Servi\u00e7o Social (ISCSP)http:\/\/museudoscoches.gov.pt\/pt\/mncoches-atividades-dia-da-mulher-inscreva-se\/\u00a0<\/a><\/p>\n<p>[\/et_pb_toggle][\/et_pb_column][et_pb_column type=&#8221;1_4&#8243; _builder_version=&#8221;4.13.0&#8243; _module_preset=&#8221;default&#8221; background_color=&#8221;#FFFFFF&#8221; border_radii=&#8221;on|12px|12px|12px|12px&#8221; global_colors_info=&#8221;{}&#8221;][et_pb_text _builder_version=&#8221;4.13.0&#8243; _module_preset=&#8221;default&#8221; text_font=&#8221;Montserrat||||||||&#8221; text_font_size=&#8221;12px&#8221; text_line_height=&#8221;1.2em&#8221; custom_margin=&#8221;16px|12px|8px|12px|false|false&#8221; global_colors_info=&#8221;{}&#8221;]<\/p>\n<p><span style=\"font-size: medium; color: #c18934;\"><strong>Lisboa<\/strong><\/span><\/p>\n<p><strong>Entidade promotora:<\/strong><br \/>C\u00e2mara Municipal de Lisboa &#8211; Departamento para os Direitos Sociais<\/p>\n<p><strong>Iniciativa | Atividade:<\/strong><br \/>Dia Internacional da Mulher &#8211; Iniciativa Lisboa sem Sida<\/p>\n<p>[\/et_pb_text][et_pb_toggle title=&#8221;Informa\u00e7\u00f5es&#8221; closed_toggle_text_color=&#8221;#759fdb&#8221; icon_color=&#8221;#e22685&#8243; toggle_icon=&#8221;&#xe03a;||divi||400&#8243; use_icon_font_size=&#8221;on&#8221; icon_font_size=&#8221;23px&#8221; _builder_version=&#8221;4.13.0&#8243; _module_preset=&#8221;default&#8221; title_font=&#8221;Montserrat|700|||||||&#8221; title_font_size=&#8221;13px&#8221; body_font=&#8221;Montserrat||||||||&#8221; body_font_size=&#8221;11px&#8221; body_line_height=&#8221;1.2em&#8221; background_color=&#8221;rgba(255,255,255,0)&#8221; custom_margin=&#8221;|||8px|false|false&#8221; custom_padding=&#8221;8px||16px|4px|false|false&#8221; border_width_all=&#8221;0px&#8221; global_colors_info=&#8221;{}&#8221;]<\/p>\n<p style=\"text-align: justify;\"><strong>Dia Internacional da Mulher &#8211; Iniciativa Lisboa sem Sida<\/strong><br \/>No sentido de assinalar o Dia Internacional da Mulher, e no \u00e2mbito da iniciativa Lisboa sem Sida vai promover-se uma a\u00e7\u00e3o no Bairro Portugal Novo, em parceria com o Servi\u00e7o GAT&#8217; Africk do GAT e a Associa\u00e7\u00e3o de Moradores do Bairro Portugal Novo. Privilegiou-se a realiza\u00e7\u00e3o desta a\u00e7\u00e3o neste bairro considerando que a popula\u00e7\u00e3o residente \u00e9 maioritariamente migrante, com uma das mais elevadas taxas de incid\u00eancia de VIH. . Durante o dia estar\u00e3o dispon\u00edveis t\u00e9cnicos do GAT que ir\u00e3o sensibilizar para as quest\u00f5es da sa\u00fade, nomeadamente para a realiza\u00e7\u00e3o de rastreios de forma an\u00f3nima e confidencial \u00e0s hepatites virais, VIH e IST&#8217;s com o objetivo de alertar para a import\u00e2ncia da realiza\u00e7\u00e3o destes como forma de preven\u00e7\u00e3o de doen\u00e7as.<\/p>\n<p style=\"text-align: justify;\"><strong>Dia:<\/strong> 12\/03\/2022 | <strong>Hora:<\/strong> 10:00:00 AM<\/p>\n<p style=\"text-align: justify;\"><strong>Local:<\/strong> Bairro Portugal Novo &#8211; Olaias<\/p>\n<p>[\/et_pb_toggle][\/et_pb_column][et_pb_column type=&#8221;1_4&#8243; _builder_version=&#8221;4.13.0&#8243; _module_preset=&#8221;default&#8221; background_color=&#8221;#FFFFFF&#8221; border_radii=&#8221;on|12px|12px|12px|12px&#8221; global_colors_info=&#8221;{}&#8221;][et_pb_text _builder_version=&#8221;4.13.0&#8243; _module_preset=&#8221;default&#8221; text_font=&#8221;Montserrat||||||||&#8221; text_font_size=&#8221;12px&#8221; text_line_height=&#8221;1.2em&#8221; custom_margin=&#8221;16px|12px|8px|12px|false|false&#8221; global_colors_info=&#8221;{}&#8221;]<\/p>\n<p><span style=\"font-size: medium; color: #c18934;\"><strong>Lisboa<\/strong><\/span><\/p>\n<p><strong>Entidade promotora:<\/strong><br \/>OPART &#8211; Organismo de Produ\u00e7\u00e3o Art\u00edstica, E.P.E.<\/p>\n<p><strong>Iniciativa | Atividade:<\/strong><br \/>Dia Internacional das Mulheres<\/p>\n<p>[\/et_pb_text][et_pb_toggle title=&#8221;Informa\u00e7\u00f5es&#8221; closed_toggle_text_color=&#8221;#759fdb&#8221; icon_color=&#8221;#e22685&#8243; toggle_icon=&#8221;&#xe03a;||divi||400&#8243; use_icon_font_size=&#8221;on&#8221; icon_font_size=&#8221;23px&#8221; _builder_version=&#8221;4.13.0&#8243; _module_preset=&#8221;default&#8221; title_font=&#8221;Montserrat|700|||||||&#8221; title_font_size=&#8221;13px&#8221; body_font=&#8221;Montserrat||||||||&#8221; body_font_size=&#8221;11px&#8221; body_line_height=&#8221;1.2em&#8221; background_color=&#8221;rgba(255,255,255,0)&#8221; custom_margin=&#8221;|||8px|false|false&#8221; custom_padding=&#8221;8px||16px|4px|false|false&#8221; border_width_all=&#8221;0px&#8221; global_colors_info=&#8221;{}&#8221;]<\/p>\n<p style=\"text-align: justify;\"><strong>Dia Internacional das Mulheres<\/strong><br \/>O OPART ir\u00e1 assinalar o Dia Internacional das Mulheres, atrav\u00e9s das seguintes a\u00e7\u00f5es: <br \/>&#8211; Desenvolver uma a\u00e7\u00e3o nas redes sociais da Companhia Nacional de Bailado com a publica\u00e7\u00e3o de um pequeno v\u00eddeo que evoca personagens femininas de diferentes obras do repert\u00f3rio da CNB, tanto cl\u00e1ssico como contempor\u00e2neo.<br \/>&#8211; Lan\u00e7amento online (site e redes sociais do TNSC e ) do 1\u00ba epis\u00f3dio da 2\u00aa s\u00e9rie do projeto &#8220;&#8221;ABC Compositores&#8221;&#8221;, que esta temporada tem como tema a igualdade de g\u00e9nero e que \u00e9 composto de 6 epis\u00f3dios, 3 dedicados a compositoras e 3 a compositores.<br \/>O 1\u00ba epis\u00f3dio ser\u00e1 dedicado \u00e0 compositora Ana Seara e ser\u00e1 apresentado pela pr\u00f3pria.<br \/>&#8211; Assinalar o Dia Internacional das Mulheres nos sites e redes sociais do TNSC, CNB e EVC.<\/p>\n<p style=\"text-align: justify;\"><strong>Dia:<\/strong> 08\/03\/2022 | <strong>Hora:<\/strong> 9:00:00 AM<\/p>\n<p style=\"text-align: left;\"><strong>Online:<\/strong> <a href=\"https:\/\/www.cnb.pt\/\" target=\"_blank\" rel=\"noopener\">https:\/\/www.cnb.pt\/<\/a> | <a href=\"https:\/\/www.cnb.pt\/estudiosvictorcordon\/\" target=\"_blank\" rel=\"noopener\">https:\/\/www.cnb.pt\/estudiosvictorcordon\/<\/a> | <a href=\"https:\/\/tnsc.pt\/\" target=\"_blank\" rel=\"noopener\">https:\/\/tnsc.pt\/<\/a><\/p>\n<p>[\/et_pb_toggle][\/et_pb_column][et_pb_column type=&#8221;1_4&#8243; _builder_version=&#8221;4.13.0&#8243; _module_preset=&#8221;default&#8221; background_color=&#8221;#FFFFFF&#8221; border_radii=&#8221;on|12px|12px|12px|12px&#8221; global_colors_info=&#8221;{}&#8221;][et_pb_text _builder_version=&#8221;4.13.0&#8243; _module_preset=&#8221;default&#8221; text_font=&#8221;Montserrat||||||||&#8221; text_font_size=&#8221;12px&#8221; text_line_height=&#8221;1.2em&#8221; custom_margin=&#8221;16px|12px|8px|12px|false|false&#8221; custom_padding=&#8221;10px|||||&#8221; global_colors_info=&#8221;{}&#8221;]<\/p>\n<p><span style=\"font-size: medium; color: #c18934;\"><strong>Oeiras<\/strong><\/span><\/p>\n<p><strong>Entidade promotora:<\/strong><\/p>\n<p>C\u00e2mara Municipal de Oeiras<\/p>\n<p><strong>Iniciativa | Atividade:<\/strong><br \/><span>Celebra\u00e7\u00e3o do Dia Internacional da Mulher em Oeiras<\/span><\/p>\n<p>[\/et_pb_text][et_pb_toggle title=&#8221;Informa\u00e7\u00f5es&#8221; closed_toggle_text_color=&#8221;#759fdb&#8221; icon_color=&#8221;#e22685&#8243; toggle_icon=&#8221;&#xe03a;||divi||400&#8243; use_icon_font_size=&#8221;on&#8221; icon_font_size=&#8221;23px&#8221; _builder_version=&#8221;4.13.0&#8243; _module_preset=&#8221;default&#8221; title_font=&#8221;Montserrat|700|||||||&#8221; title_font_size=&#8221;13px&#8221; body_font=&#8221;Montserrat||||||||&#8221; body_font_size=&#8221;11px&#8221; body_line_height=&#8221;1.2em&#8221; background_color=&#8221;rgba(255,255,255,0)&#8221; custom_margin=&#8221;|||8px|false|false&#8221; custom_padding=&#8221;8px||16px|4px|false|false&#8221; border_width_all=&#8221;0px&#8221; global_colors_info=&#8221;{}&#8221;]<\/p>\n<p><span>O Munic\u00edpio de Oeiras assinala este dia com tr\u00eas atividades:<\/span><\/p>\n<ol>\n<li><span>entrega a cada senhora que trabalha no Munic\u00edpio de um espelho de carteira com a mensagem &#8220;Reflexo de uma pessoa \u00fanica&#8221;;<\/span><\/li>\n<li><span>associa\u00e7\u00e3o ao movimento do Dia Internacional da Mulher (https:\/\/www.internationalwomensday.com\/) , que este ano tem o lema #BreaktheBias, com fotografias de colaboradores\/as e equipas das Unidades org\u00e2nicas da C\u00e2mara, com a pose dos bra\u00e7os cruzados, as quais ser\u00e3o partilhadas na intranet;\u00a0<\/span><\/li>\n<li><span> a import\u00e2ncia desta data ser\u00e1 objeto de testemunhos de membros do Executivo Municipal, que ir\u00e3o passar, ao longo do dia, nos canais de comunica\u00e7\u00e3o da C\u00e2mara.<\/span><\/li>\n<\/ol>\n<p><strong>Dia:<\/strong> 08\/03\/2022<\/p>\n<p><strong>Mais informa\u00e7\u00e3o:<\/strong> <a href=\"http:\/\/museudoscoches.gov.pt\/pt\/mncoches-atividades-dia-da-mulher-inscreva-se\/\" target=\"_blank\" rel=\"noopener\">https:\/\/www.oeiras.pt\/<\/a><\/p>\n<p>[\/et_pb_toggle][\/et_pb_column][\/et_pb_row][et_pb_row column_structure=&#8221;1_4,1_4,1_4,1_4&#8243; use_custom_gutter=&#8221;on&#8221; gutter_width=&#8221;2&#8243; make_equal=&#8221;on&#8221; admin_label=&#8221;lisboa&#8221; _builder_version=&#8221;4.13.0&#8243; _module_preset=&#8221;default&#8221; background_color=&#8221;rgba(255,255,255,0)&#8221; custom_margin=&#8221;||0px||false|false&#8221; custom_padding=&#8221;||0px||false|false&#8221; locked=&#8221;off&#8221; global_colors_info=&#8221;{}&#8221;][et_pb_column type=&#8221;1_4&#8243; _builder_version=&#8221;4.13.0&#8243; _module_preset=&#8221;default&#8221; background_color=&#8221;#FFFFFF&#8221; border_radii=&#8221;on|12px|12px|12px|12px&#8221; global_colors_info=&#8221;{}&#8221;][et_pb_text _builder_version=&#8221;4.13.0&#8243; _module_preset=&#8221;default&#8221; text_font=&#8221;Montserrat||||||||&#8221; text_font_size=&#8221;12px&#8221; text_line_height=&#8221;1.2em&#8221; custom_margin=&#8221;16px|12px|8px|12px|false|false&#8221; custom_padding=&#8221;10px|||||&#8221; global_colors_info=&#8221;{}&#8221;]<\/p>\n<p><span style=\"font-size: medium; color: #c18934;\"><strong>Lisboa<\/strong><\/span><\/p>\n<p><strong>Entidade promotora:<\/strong><br \/><span>Rede de Bibliotecas de Lisboa | Rede BLX<\/span><\/p>\n<p><strong>Iniciativa | Atividade:<\/strong><br \/><span>Sess\u00e3o Grandes Livros, Grandes Conversas, dedicada ao livro Mar, uma compila\u00e7\u00e3o de textos da escritora Sophia de Mello Breyner.<\/span><\/p>\n<p>[\/et_pb_text][et_pb_toggle title=&#8221;Informa\u00e7\u00f5es&#8221; closed_toggle_text_color=&#8221;#759fdb&#8221; icon_color=&#8221;#e22685&#8243; toggle_icon=&#8221;&#xe03a;||divi||400&#8243; use_icon_font_size=&#8221;on&#8221; icon_font_size=&#8221;23px&#8221; _builder_version=&#8221;4.13.0&#8243; _module_preset=&#8221;default&#8221; title_font=&#8221;Montserrat|700|||||||&#8221; title_font_size=&#8221;13px&#8221; body_font=&#8221;Montserrat||||||||&#8221; body_font_size=&#8221;11px&#8221; body_line_height=&#8221;1.2em&#8221; background_color=&#8221;rgba(255,255,255,0)&#8221; custom_margin=&#8221;|||8px|false|false&#8221; custom_padding=&#8221;8px||16px|4px|false|false&#8221; border_width_all=&#8221;0px&#8221; global_colors_info=&#8221;{}&#8221;]<\/p>\n<p style=\"text-align: justify;\"><span>Este \u00e9 um projeto da Biblioteca David Mour\u00e3o-Ferreira com o objetivo de proporcionar um debate\/conversa informal sobre v\u00e1rios temas contempor\u00e2neos, desde a literatura \u00e0s ci\u00eancias, partindo sempre de uma obra consagrada, um cl\u00e1ssico da literatura. Neste m\u00eas, no \u00e2mbito do Dia da Mulher, ser\u00e1 feita uma homenagem \u00e0 escritora Sophia de Mello Breyner.<\/span><\/p>\n<p><strong>Dia:<\/strong> 08\/03\/2022 | <strong>Hora:<\/strong> 17:00<\/p>\n<p><span data-sheets-value=\"{&quot;1&quot;:2,&quot;2&quot;:&quot;Online (dinamizado pela Biblioteca David Mour\u00e3o-Ferreira)&quot;}\" data-sheets-userformat=\"{&quot;2&quot;:897,&quot;3&quot;:{&quot;1&quot;:0},&quot;10&quot;:1,&quot;11&quot;:4,&quot;12&quot;:0}\">Online (dinamizado pela Biblioteca David Mour\u00e3o-Ferreira)<\/span><\/p>\n<p>[\/et_pb_toggle][\/et_pb_column][et_pb_column type=&#8221;1_4&#8243; _builder_version=&#8221;4.13.0&#8243; _module_preset=&#8221;default&#8221; background_color=&#8221;#FFFFFF&#8221; border_radii=&#8221;on|12px|12px|12px|12px&#8221; global_colors_info=&#8221;{}&#8221;][et_pb_text _builder_version=&#8221;4.13.0&#8243; _module_preset=&#8221;default&#8221; text_font=&#8221;Montserrat||||||||&#8221; text_font_size=&#8221;12px&#8221; text_line_height=&#8221;1.2em&#8221; custom_margin=&#8221;16px|12px|8px|12px|false|false&#8221; global_colors_info=&#8221;{}&#8221;]<\/p>\n<p><span style=\"font-size: medium; color: #c18934;\"><strong>Lisboa<\/strong><\/span><\/p>\n<p><strong>Entidade promotora:<\/strong><br \/><span>Rede de Bibliotecas de Lisboa | Rede BLX<\/span><\/p>\n<p><strong>Iniciativa | Atividade:<\/strong><br \/><span>Exposi\u00e7\u00e3o &#8220;Mulher Plural&#8221; da fot\u00f3grafa Ana Carvalho<\/span><\/p>\n<p>[\/et_pb_text][et_pb_toggle title=&#8221;Informa\u00e7\u00f5es&#8221; closed_toggle_text_color=&#8221;#759fdb&#8221; icon_color=&#8221;#e22685&#8243; toggle_icon=&#8221;&#xe03a;||divi||400&#8243; use_icon_font_size=&#8221;on&#8221; icon_font_size=&#8221;23px&#8221; _builder_version=&#8221;4.13.0&#8243; _module_preset=&#8221;default&#8221; title_font=&#8221;Montserrat|700|||||||&#8221; title_font_size=&#8221;13px&#8221; body_font=&#8221;Montserrat||||||||&#8221; body_font_size=&#8221;11px&#8221; body_line_height=&#8221;1.2em&#8221; background_color=&#8221;rgba(255,255,255,0)&#8221; custom_margin=&#8221;|||8px|false|false&#8221; custom_padding=&#8221;8px||16px|4px|false|false&#8221; border_width_all=&#8221;0px&#8221; global_colors_info=&#8221;{}&#8221;]<\/p>\n<p style=\"text-align: justify;\"><span>Sob o tema \u201cMulher Plural\u201d, com fotografias de mulheres an\u00f3nimas em v\u00e1rias cidades do mundo, Ana Carvalho prop\u00f5e a reflex\u00e3o sobre o que a diversidade no feminino nos consagra, abordando quest\u00f5es sociais como a diversidade, o multiculturalismo, a desigualdade, a segrega\u00e7\u00e3o. <\/span><\/p>\n<p style=\"text-align: justify;\"><strong>Dia:<\/strong> 17\/03\/2022 | <strong>Hora:<\/strong> 18:00<\/p>\n<p style=\"text-align: justify;\"><strong>Local:<\/strong> <span>Biblioteca de Alc\u00e2ntara<\/span><\/p>\n<p>[\/et_pb_toggle][\/et_pb_column][et_pb_column type=&#8221;1_4&#8243; _builder_version=&#8221;4.13.0&#8243; _module_preset=&#8221;default&#8221; background_color=&#8221;#FFFFFF&#8221; border_radii=&#8221;on|12px|12px|12px|12px&#8221; global_colors_info=&#8221;{}&#8221;][et_pb_text _builder_version=&#8221;4.13.0&#8243; _module_preset=&#8221;default&#8221; text_font=&#8221;Montserrat||||||||&#8221; text_font_size=&#8221;12px&#8221; text_line_height=&#8221;1.2em&#8221; custom_margin=&#8221;16px|12px|8px|12px|false|false&#8221; global_colors_info=&#8221;{}&#8221;]<\/p>\n<p><span style=\"font-size: medium; color: #c18934;\"><strong>Lisboa<\/strong><\/span><\/p>\n<p><strong>Entidade promotora:<\/strong><br \/><span>Rede de Bibliotecas de Lisboa | Rede BLX<\/span><\/p>\n<p><strong>Iniciativa | Atividade:<\/strong><br \/><span>Exposi\u00e7\u00e3o &#8220;Da poesia ou espiritualidade feminina&#8221; de Isabel Sofia dos Reis-Flood<\/span><\/p>\n<p>[\/et_pb_text][et_pb_toggle title=&#8221;Informa\u00e7\u00f5es&#8221; closed_toggle_text_color=&#8221;#759fdb&#8221; icon_color=&#8221;#e22685&#8243; toggle_icon=&#8221;&#xe03a;||divi||400&#8243; use_icon_font_size=&#8221;on&#8221; icon_font_size=&#8221;23px&#8221; _builder_version=&#8221;4.13.0&#8243; _module_preset=&#8221;default&#8221; title_font=&#8221;Montserrat|700|||||||&#8221; title_font_size=&#8221;13px&#8221; body_font=&#8221;Montserrat||||||||&#8221; body_font_size=&#8221;11px&#8221; body_line_height=&#8221;1.2em&#8221; background_color=&#8221;rgba(255,255,255,0)&#8221; custom_margin=&#8221;|||8px|false|false&#8221; custom_padding=&#8221;8px||16px|4px|false|false&#8221; border_width_all=&#8221;0px&#8221; global_colors_info=&#8221;{}&#8221;]<\/p>\n<p style=\"text-align: justify;\"><span>&#8220;Da poesia ou espiritualidade feminina\u201d \u00e9 uma exposi\u00e7\u00e3o de poesia, a qual pretende dar relevo \u00e0s grandes figuras femininas do Antigo Testamento, entre as quais as matriarcas. A poesia \u00e9 sobretudo ilustrada com fotografia e algumas pinturas a \u00f3leo com bordados sobre tela. Estar\u00e1 patente at\u00e9 ao dia 25 de mar\u00e7o. <\/span>C.<\/p>\n<p style=\"text-align: justify;\"><strong>Dia:<\/strong> 04\/03\/2022 | <strong>Hora:<\/strong> 18:00:00<\/p>\n<p style=\"text-align: left;\"><b>Local: <\/b>Biblioteca Cam\u00f5es<\/p>\n<p>[\/et_pb_toggle][\/et_pb_column][et_pb_column type=&#8221;1_4&#8243; _builder_version=&#8221;4.13.0&#8243; _module_preset=&#8221;default&#8221; background_color=&#8221;#FFFFFF&#8221; border_radii=&#8221;on|12px|12px|12px|12px&#8221; global_colors_info=&#8221;{}&#8221;][et_pb_text _builder_version=&#8221;4.13.0&#8243; _module_preset=&#8221;default&#8221; text_font=&#8221;Montserrat||||||||&#8221; text_font_size=&#8221;12px&#8221; text_line_height=&#8221;1.2em&#8221; custom_margin=&#8221;16px|12px|8px|12px|false|false&#8221; custom_padding=&#8221;10px|||||&#8221; global_colors_info=&#8221;{}&#8221;]<\/p>\n<p><span style=\"font-size: medium; color: #c18934;\"><strong>Lisboa<\/strong><\/span><\/p>\n<p><strong>Entidade promotora:<\/strong><\/p>\n<p><span>Rede de Bibliotecas de Lisboa | Rede BLX<\/span><\/p>\n<p><strong>Iniciativa | Atividade:<\/strong><br \/><span> \u201cMulheres que Contam\u201d<\/span><\/p>\n<p>[\/et_pb_text][et_pb_toggle title=&#8221;Informa\u00e7\u00f5es&#8221; closed_toggle_text_color=&#8221;#759fdb&#8221; icon_color=&#8221;#e22685&#8243; toggle_icon=&#8221;&#xe03a;||divi||400&#8243; use_icon_font_size=&#8221;on&#8221; icon_font_size=&#8221;23px&#8221; _builder_version=&#8221;4.13.0&#8243; _module_preset=&#8221;default&#8221; title_font=&#8221;Montserrat|700|||||||&#8221; title_font_size=&#8221;13px&#8221; body_font=&#8221;Montserrat||||||||&#8221; body_font_size=&#8221;11px&#8221; body_line_height=&#8221;1.2em&#8221; background_color=&#8221;rgba(255,255,255,0)&#8221; custom_margin=&#8221;|||8px|false|false&#8221; custom_padding=&#8221;8px||16px|4px|false|false&#8221; border_width_all=&#8221;0px&#8221; global_colors_info=&#8221;{}&#8221;]<\/p>\n<ol>\n<li><span>Apresenta\u00e7\u00e3o do epis\u00f3dio da s\u00e9rie \u201cMulheres que Contam\u201d no dia 8 de mar\u00e7o, \u00e0s 16h, na sala da Biblioteca Especializada Ana de Castro Os\u00f3rio. O evento contar\u00e1 com a presen\u00e7a de Maria Ant\u00f3nia Palla, sendo esta uma atividade proposta pela RTP2 e pela Comiss\u00e3o para a Cidadania e Igualdade de G\u00e9nero..<\/span><\/li>\n<\/ol>\n<p><strong>Dia:<\/strong> 08\/03\/2022<\/p>\n<p><span><strong>Hora<\/strong>:16:00:00<\/span><\/p>\n<p><span><strong>Local:<\/strong> Biblioteca de Bel\u00e9m<\/span><\/p>\n<p>&nbsp;<\/p>\n<p>[\/et_pb_toggle][\/et_pb_column][\/et_pb_row][et_pb_row admin_label=&#8221;Portalegre&#8221; _builder_version=&#8221;4.13.0&#8243; _module_preset=&#8221;default&#8221; background_color=&#8221;#03989e&#8221; custom_margin=&#8221;24px||0px||false|false&#8221; custom_padding=&#8221;16px||16px||false|false&#8221; border_radii=&#8221;on|12px|12px|12px|12px&#8221; locked=&#8221;off&#8221; global_colors_info=&#8221;{}&#8221;][et_pb_column type=&#8221;4_4&#8243; _builder_version=&#8221;4.13.0&#8243; _module_preset=&#8221;default&#8221; global_colors_info=&#8221;{}&#8221;][et_pb_text admin_label=&#8221;Portalegre&#8221; _builder_version=&#8221;4.13.0&#8243; _module_preset=&#8221;default&#8221; text_font=&#8221;Montserrat|700|||||||&#8221; text_text_color=&#8221;#FFFFFF&#8221; text_font_size=&#8221;16px&#8221; text_letter_spacing=&#8221;1px&#8221; custom_margin=&#8221;2px||0px|20px|false|false&#8221; custom_padding=&#8221;6px||2px||false|false&#8221; global_colors_info=&#8221;{}&#8221;]<\/p>\n<p><span style=\"color: #f3d9da;\">Distrito: <\/span><span style=\"font-size: xx-large;\">Portalegre<\/span><\/p>\n<p>[\/et_pb_text][\/et_pb_column][\/et_pb_row][et_pb_row column_structure=&#8221;1_4,1_4,1_4,1_4&#8243; use_custom_gutter=&#8221;on&#8221; gutter_width=&#8221;2&#8243; make_equal=&#8221;on&#8221; _builder_version=&#8221;4.13.0&#8243; _module_preset=&#8221;default&#8221; background_color=&#8221;rgba(255,255,255,0)&#8221; custom_margin=&#8221;||0px||false|false&#8221; custom_padding=&#8221;||0px||false|false&#8221; locked=&#8221;off&#8221; global_colors_info=&#8221;{}&#8221;][et_pb_column type=&#8221;1_4&#8243; _builder_version=&#8221;4.13.0&#8243; _module_preset=&#8221;default&#8221; background_color=&#8221;#FFFFFF&#8221; border_radii=&#8221;on|12px|12px|12px|12px&#8221; global_colors_info=&#8221;{}&#8221;][et_pb_text _builder_version=&#8221;4.13.0&#8243; _module_preset=&#8221;default&#8221; text_font=&#8221;Montserrat||||||||&#8221; text_font_size=&#8221;12px&#8221; text_line_height=&#8221;1.2em&#8221; custom_margin=&#8221;16px|12px|8px|12px|false|false&#8221; global_colors_info=&#8221;{}&#8221;]<\/p>\n<p><span style=\"font-size: medium; color: #c18934;\"><strong>Campo Maior<\/strong><\/span><\/p>\n<p><strong>Entidade promotora:<\/strong><br \/>Munic\u00edpio de Campo Maior<\/p>\n<p><strong>Iniciativa | Atividade:<\/strong><br \/>F\u00f3rum Mulher<\/p>\n<p>[\/et_pb_text][et_pb_toggle title=&#8221;Informa\u00e7\u00f5es&#8221; closed_toggle_text_color=&#8221;#759fdb&#8221; icon_color=&#8221;#e22685&#8243; toggle_icon=&#8221;&#xe03a;||divi||400&#8243; use_icon_font_size=&#8221;on&#8221; icon_font_size=&#8221;23px&#8221; _builder_version=&#8221;4.13.0&#8243; _module_preset=&#8221;default&#8221; title_font=&#8221;Montserrat|700|||||||&#8221; title_font_size=&#8221;13px&#8221; body_font=&#8221;Montserrat||||||||&#8221; body_font_size=&#8221;11px&#8221; body_line_height=&#8221;1.2em&#8221; background_color=&#8221;rgba(255,255,255,0)&#8221; custom_margin=&#8221;|||8px|false|false&#8221; custom_padding=&#8221;8px||16px|4px|false|false&#8221; border_width_all=&#8221;0px&#8221; global_colors_info=&#8221;{}&#8221;]<\/p>\n<p style=\"text-align: justify;\"><strong>F\u00f3rum Mulher<\/strong><br \/>Palestra e exposi\u00e7\u00e3o<\/p>\n<p><strong>Dia:<\/strong> 08\/03\/2022 | <strong>Hora:<\/strong> 10:30:00 AM<\/p>\n<p><strong>Online:<\/strong> <a href=\"https:\/\/campomaior.pt\/camara-municipal\/%20\" target=\"_blank\" rel=\"noopener\">https:\/\/campomaior.pt\/camara-municipal\/<\/a><\/p>\n<p>[\/et_pb_toggle][\/et_pb_column][et_pb_column type=&#8221;1_4&#8243; _builder_version=&#8221;4.13.0&#8243; _module_preset=&#8221;default&#8221; background_color=&#8221;#ffffff&#8221; border_radii=&#8221;on|12px|12px|12px|12px&#8221; global_colors_info=&#8221;{}&#8221;][et_pb_text _builder_version=&#8221;4.13.0&#8243; _module_preset=&#8221;default&#8221; text_font=&#8221;Montserrat||||||||&#8221; text_font_size=&#8221;12px&#8221; text_line_height=&#8221;1.2em&#8221; custom_margin=&#8221;16px|12px|8px|12px|false|false&#8221; global_colors_info=&#8221;{}&#8221;]<\/p>\n<p><span style=\"font-size: medium; color: #c18934;\"><strong>Fronteira<\/strong><\/span><\/p>\n<p><strong>Entidade promotora:<\/strong><br \/>Munic\u00edpio de Fronteira<\/p>\n<p><strong>Iniciativa | Atividade:<\/strong><br \/>M\u00eas da Mulher<\/p>\n<p>[\/et_pb_text][et_pb_toggle title=&#8221;Informa\u00e7\u00f5es&#8221; closed_toggle_text_color=&#8221;#759fdb&#8221; icon_color=&#8221;#e22685&#8243; toggle_icon=&#8221;&#xe03a;||divi||400&#8243; use_icon_font_size=&#8221;on&#8221; icon_font_size=&#8221;23px&#8221; _builder_version=&#8221;4.13.0&#8243; _module_preset=&#8221;default&#8221; title_font=&#8221;Montserrat|700|||||||&#8221; title_font_size=&#8221;13px&#8221; body_font=&#8221;Montserrat||||||||&#8221; body_font_size=&#8221;11px&#8221; body_line_height=&#8221;1.2em&#8221; background_color=&#8221;rgba(255,255,255,0)&#8221; custom_margin=&#8221;|||8px|false|false&#8221; custom_padding=&#8221;8px||16px|4px|false|false&#8221; border_width_all=&#8221;0px&#8221; global_colors_info=&#8221;{}&#8221;]<\/p>\n<p style=\"text-align: justify;\"><strong>M\u00eas da Mulher<\/strong><br \/>Durante o m\u00eas de mar\u00e7o nos fins de semana o munic\u00edpio de Fronteira vai levar a cabo uma serie de iniciativas para apelar \u00e0 articula\u00e7\u00e3o das mulheres distribu\u00eddas pelo concelho.<\/p>\n<p><strong>Online:<\/strong> Facebook do Munic\u00edpio<\/p>\n<p>[\/et_pb_toggle][\/et_pb_column][et_pb_column type=&#8221;1_4&#8243; _builder_version=&#8221;4.13.0&#8243; _module_preset=&#8221;default&#8221; background_color=&#8221;rgba(255,255,255,0)&#8221; border_radii=&#8221;on|12px|12px|12px|12px&#8221; global_colors_info=&#8221;{}&#8221;][\/et_pb_column][et_pb_column type=&#8221;1_4&#8243; _builder_version=&#8221;4.13.0&#8243; _module_preset=&#8221;default&#8221; background_color=&#8221;rgba(255,255,255,0)&#8221; border_radii=&#8221;on|12px|12px|12px|12px&#8221; global_colors_info=&#8221;{}&#8221;][\/et_pb_column][\/et_pb_row][et_pb_row admin_label=&#8221;porto&#8221; _builder_version=&#8221;4.13.0&#8243; _module_preset=&#8221;default&#8221; background_color=&#8221;#03989e&#8221; custom_margin=&#8221;24px||0px||false|false&#8221; custom_padding=&#8221;16px||16px||false|false&#8221; border_radii=&#8221;on|12px|12px|12px|12px&#8221; global_colors_info=&#8221;{}&#8221;][et_pb_column type=&#8221;4_4&#8243; _builder_version=&#8221;4.13.0&#8243; _module_preset=&#8221;default&#8221; global_colors_info=&#8221;{}&#8221;][et_pb_text admin_label=&#8221;Porto&#8221; _builder_version=&#8221;4.13.0&#8243; _module_preset=&#8221;default&#8221; text_font=&#8221;Montserrat|700|||||||&#8221; text_text_color=&#8221;#FFFFFF&#8221; text_font_size=&#8221;16px&#8221; text_letter_spacing=&#8221;1px&#8221; custom_margin=&#8221;2px||0px|20px|false|false&#8221; custom_padding=&#8221;6px||2px||false|false&#8221; global_colors_info=&#8221;{}&#8221;]<\/p>\n<p><span style=\"color: #f3d9da;\">Distrito: <\/span><span style=\"font-size: xx-large;\">Porto<\/span><\/p>\n<p>[\/et_pb_text][\/et_pb_column][\/et_pb_row][et_pb_row column_structure=&#8221;1_4,1_4,1_4,1_4&#8243; use_custom_gutter=&#8221;on&#8221; gutter_width=&#8221;2&#8243; make_equal=&#8221;on&#8221; _builder_version=&#8221;4.13.0&#8243; _module_preset=&#8221;default&#8221; background_color=&#8221;rgba(255,255,255,0)&#8221; custom_margin=&#8221;||0px||false|false&#8221; custom_padding=&#8221;||0px||false|false&#8221; locked=&#8221;off&#8221; global_colors_info=&#8221;{}&#8221;][et_pb_column type=&#8221;1_4&#8243; _builder_version=&#8221;4.13.0&#8243; _module_preset=&#8221;default&#8221; background_color=&#8221;#FFFFFF&#8221; border_radii=&#8221;on|12px|12px|12px|12px&#8221; global_colors_info=&#8221;{}&#8221;][et_pb_text _builder_version=&#8221;4.13.0&#8243; _module_preset=&#8221;default&#8221; text_font=&#8221;Montserrat||||||||&#8221; text_font_size=&#8221;12px&#8221; text_line_height=&#8221;1.2em&#8221; custom_margin=&#8221;16px|12px|8px|12px|false|false&#8221; global_colors_info=&#8221;{}&#8221;]<\/p>\n<p><span style=\"font-size: medium; color: #c18934;\"><strong>Valongo<\/strong><\/span><\/p>\n<p><strong>Entidade promotora:<\/strong><br \/>UGS (Unboxing Gender Stereotypes)<\/p>\n<p><strong>Iniciativa | Atividade:<\/strong><br \/>Ser Mulher!<\/p>\n<p>[\/et_pb_text][et_pb_toggle title=&#8221;Informa\u00e7\u00f5es&#8221; closed_toggle_text_color=&#8221;#759fdb&#8221; icon_color=&#8221;#e22685&#8243; toggle_icon=&#8221;&#xe03a;||divi||400&#8243; use_icon_font_size=&#8221;on&#8221; icon_font_size=&#8221;23px&#8221; _builder_version=&#8221;4.13.0&#8243; _module_preset=&#8221;default&#8221; title_font=&#8221;Montserrat|700|||||||&#8221; title_font_size=&#8221;13px&#8221; body_font=&#8221;Montserrat||||||||&#8221; body_font_size=&#8221;11px&#8221; body_line_height=&#8221;1.2em&#8221; background_color=&#8221;rgba(255,255,255,0)&#8221; custom_margin=&#8221;|||8px|false|false&#8221; custom_padding=&#8221;8px||16px|4px|false|false&#8221; border_width_all=&#8221;0px&#8221; global_colors_info=&#8221;{}&#8221;]<\/p>\n<p style=\"text-align: justify;\"><strong>Ser Mulher!<\/strong><br \/>Grava\u00e7\u00e3o de testemunhos de 2 minutos de 10 mulheres do Concelho de Valongo de diferentes estratos sociais sobre a vis\u00e3o do que \u00e9 ser mulher nos dias de hoje.<\/p>\n<p><strong>Dia:<\/strong> 08\/03\/2022 | <strong>Hora:<\/strong> 3:00:00 PM<\/p>\n<p><strong>Online:<\/strong> <a href=\"https:\/\/www.facebook.com\/ugs.ava22\" target=\"_blank\" rel=\"noopener\">https:\/\/www.facebook.com\/ugs.ava22<\/a><\/p>\n<p>[\/et_pb_toggle][\/et_pb_column][et_pb_column type=&#8221;1_4&#8243; _builder_version=&#8221;4.13.0&#8243; _module_preset=&#8221;default&#8221; background_color=&#8221;#FFFFFF&#8221; border_radii=&#8221;on|12px|12px|12px|12px&#8221; global_colors_info=&#8221;{}&#8221;][et_pb_text _builder_version=&#8221;4.13.0&#8243; _module_preset=&#8221;default&#8221; text_font=&#8221;Montserrat||||||||&#8221; text_font_size=&#8221;12px&#8221; text_line_height=&#8221;1.2em&#8221; custom_margin=&#8221;16px|12px|8px|12px|false|false&#8221; global_colors_info=&#8221;{}&#8221;]<\/p>\n<p><span style=\"font-size: medium; color: #c18934;\"><strong>Lousada<\/strong><\/span><\/p>\n<p><strong>Entidade promotora:<\/strong><br \/>C\u00e2mara Municipal de Lousada<\/p>\n<p><strong>Iniciativa | Atividade:<\/strong><br \/>Caminhada Dia da Mulher 2022<\/p>\n<p>[\/et_pb_text][et_pb_toggle title=&#8221;Informa\u00e7\u00f5es&#8221; closed_toggle_text_color=&#8221;#759fdb&#8221; icon_color=&#8221;#e22685&#8243; toggle_icon=&#8221;&#xe03a;||divi||400&#8243; use_icon_font_size=&#8221;on&#8221; icon_font_size=&#8221;23px&#8221; _builder_version=&#8221;4.13.0&#8243; _module_preset=&#8221;default&#8221; title_font=&#8221;Montserrat|700|||||||&#8221; title_font_size=&#8221;13px&#8221; body_font=&#8221;Montserrat||||||||&#8221; body_font_size=&#8221;11px&#8221; body_line_height=&#8221;1.2em&#8221; background_color=&#8221;rgba(255,255,255,0)&#8221; custom_margin=&#8221;|||8px|false|false&#8221; custom_padding=&#8221;8px||16px|4px|false|false&#8221; border_width_all=&#8221;0px&#8221; global_colors_info=&#8221;{}&#8221;]<\/p>\n<p><strong>Caminhada Dia da Mulher 2022<\/strong><br \/>Caminhada por Lousada para assinalar Dia da Mulher.<br \/>No dia 13 de mar\u00e7o vai realizar-se a Caminhada Dia da Mulher, que se celebra a n\u00edvel mundial no dia 8, e cujo objetivo passa por assinalar a data de um modo diferente, promovendo a sa\u00fade e o bem-estar. Nesta iniciativa poder\u00e3o participar todas as mulheres, de qualquer idade.<\/p>\n<p><strong>Dia:<\/strong> 13\/03\/2022 | <strong>Hora:<\/strong> 9:30:00 AM<\/p>\n<p><strong>Online:<\/strong> <a href=\"https:\/\/www.cm-lousada.pt\/p\/caminhada-dia-mulher\" target=\"_blank\" rel=\"noopener\">https:\/\/www.cm-lousada.pt\/p\/caminhada-dia-mulher<\/a><\/p>\n<p><strong>Imagem:<\/strong><br \/><a href=\"https:\/\/www.cig.gov.pt\/iniciativas-nacionais\/wp-content\/uploads\/2022\/03\/13-03-22_Caminhada-Dia-da-Mulher_RGB.jpg\" target=\"_blank\" rel=\"noopener\" title=\"Caminhada Dia da Mulher 2022\"><img loading=\"lazy\" src=\"https:\/\/www.cig.gov.pt\/iniciativas-nacionais\/wp-content\/uploads\/2022\/03\/13-03-22_Caminhada-Dia-da-Mulher_RGB-1024x1024.jpg\" width=\"1024\" height=\"1024\" alt=\"Caminhada Dia da Mulher 2022\" class=\"wp-image-575 aligncenter size-large\" srcset=\"https:\/\/www.cig.gov.pt\/iniciativas-nacionais\/wp-content\/uploads\/2022\/03\/13-03-22_Caminhada-Dia-da-Mulher_RGB-980x979.jpg 980w, https:\/\/www.cig.gov.pt\/iniciativas-nacionais\/wp-content\/uploads\/2022\/03\/13-03-22_Caminhada-Dia-da-Mulher_RGB-480x480.jpg 480w\" sizes=\"(min-width: 0px) and (max-width: 480px) 480px, (min-width: 481px) and (max-width: 980px) 980px, (min-width: 981px) 1024px, 100vw\" \/><\/a><\/p>\n<p><a href=\"https:\/\/www.cig.gov.pt\/iniciativas-nacionais\/wp-content\/uploads\/2022\/03\/13-03-22_Caminhada-Dia-da-Mulher_RGB.jpg\" target=\"_blank\" rel=\"noopener\">Imagem HD \u00bb<\/a><\/p>\n<p>[\/et_pb_toggle][\/et_pb_column][et_pb_column type=&#8221;1_4&#8243; _builder_version=&#8221;4.13.0&#8243; _module_preset=&#8221;default&#8221; background_color=&#8221;#FFFFFF&#8221; border_radii=&#8221;on|12px|12px|12px|12px&#8221; global_colors_info=&#8221;{}&#8221;][et_pb_text _builder_version=&#8221;4.13.0&#8243; _module_preset=&#8221;default&#8221; text_font=&#8221;Montserrat||||||||&#8221; text_font_size=&#8221;12px&#8221; text_line_height=&#8221;1.2em&#8221; custom_margin=&#8221;16px|12px|8px|12px|false|false&#8221; global_colors_info=&#8221;{}&#8221;]<\/p>\n<p><span style=\"font-size: medium; color: #c18934;\"><strong>Gondomar<\/strong><\/span><\/p>\n<p><strong>Entidade promotora:<\/strong><br \/>Associa\u00e7\u00e3o Recreativa Cultural e Social de Silveirinhos<\/p>\n<p><strong>Iniciativa | Atividade:<\/strong><br \/>Sess\u00e3o Biodanza para a Comunidade<\/p>\n<p>[\/et_pb_text][et_pb_toggle title=&#8221;Informa\u00e7\u00f5es&#8221; closed_toggle_text_color=&#8221;#759fdb&#8221; icon_color=&#8221;#e22685&#8243; toggle_icon=&#8221;&#xe03a;||divi||400&#8243; use_icon_font_size=&#8221;on&#8221; icon_font_size=&#8221;23px&#8221; _builder_version=&#8221;4.13.0&#8243; _module_preset=&#8221;default&#8221; title_font=&#8221;Montserrat|700|||||||&#8221; title_font_size=&#8221;13px&#8221; body_font=&#8221;Montserrat||||||||&#8221; body_font_size=&#8221;11px&#8221; body_line_height=&#8221;1.2em&#8221; background_color=&#8221;rgba(255,255,255,0)&#8221; custom_margin=&#8221;|||8px|false|false&#8221; custom_padding=&#8221;8px||16px|4px|false|false&#8221; border_width_all=&#8221;0px&#8221; global_colors_info=&#8221;{}&#8221;]<\/p>\n<p style=\"text-align: justify;\"><strong>Sess\u00e3o Biodanza para a Comunidade<\/strong><br \/>Para celebrar a luta pelo direito ao bem estar e lazer da mulher, iremos organizar uma sess\u00e3o de Biodanza para dar a conhecer uma metodologia que junta o movimento \u00e0 m\u00fasica, promovendo o bem estar f\u00edsico e mental.<\/p>\n<p><strong>Dia:<\/strong> 08\/03\/2022 | <strong>Hora:<\/strong> 3:00:00 PM<\/p>\n<p><strong>Online:<\/strong> <a href=\"https:\/\/www.facebook.com\/search\/top\/?q=associa%C3%A7%C3%A3o%20social%20de%20silveirinhos\" target=\"_blank\" rel=\"noopener\">https:\/\/www.facebook.com\/search\/top\/?q=associa%C3%A7%C3%A3o%20social%20de%20silveirinhos<\/a><\/p>\n<p><strong>Imagem:<\/strong><br \/><a href=\"https:\/\/www.cig.gov.pt\/iniciativas-nacionais\/wp-content\/uploads\/2022\/03\/Biodanza_cartaz.png\" target=\"_blank\" rel=\"noopener\"><img loading=\"lazy\" src=\"https:\/\/www.cig.gov.pt\/iniciativas-nacionais\/wp-content\/uploads\/2022\/03\/Biodanza_cartaz-724x1024.png\" width=\"724\" height=\"1024\" alt=\"Sess\u00e3o Biodanza para a Comunidade\" class=\"wp-image-571 aligncenter size-large\" \/><\/a><\/p>\n<p><a href=\"https:\/\/www.cig.gov.pt\/iniciativas-nacionais\/wp-content\/uploads\/2022\/03\/Biodanza_cartaz.png\" target=\"_blank\" rel=\"noopener\">Imagem HD \u00bb<\/a><\/p>\n<p>[\/et_pb_toggle][\/et_pb_column][et_pb_column type=&#8221;1_4&#8243; _builder_version=&#8221;4.13.0&#8243; _module_preset=&#8221;default&#8221; background_color=&#8221;#FFFFFF&#8221; border_radii=&#8221;on|12px|12px|12px|12px&#8221; global_colors_info=&#8221;{}&#8221;][et_pb_text _builder_version=&#8221;4.13.0&#8243; _module_preset=&#8221;default&#8221; text_font=&#8221;Montserrat||||||||&#8221; text_font_size=&#8221;12px&#8221; text_line_height=&#8221;1.2em&#8221; custom_margin=&#8221;16px|12px|8px|12px|false|false&#8221; global_colors_info=&#8221;{}&#8221;]<\/p>\n<p><span style=\"font-size: medium; color: #c18934;\"><strong>Felgueiras<\/strong><\/span><\/p>\n<p><strong>Entidade promotora:<\/strong><br \/>Munic\u00edpio de Felgueiras<\/p>\n<p><strong>Iniciativa | Atividade:<\/strong><br \/>V\u00eddeo Dia da Mulher<\/p>\n<p>[\/et_pb_text][et_pb_toggle title=&#8221;Informa\u00e7\u00f5es&#8221; closed_toggle_text_color=&#8221;#759fdb&#8221; icon_color=&#8221;#e22685&#8243; toggle_icon=&#8221;&#xe03a;||divi||400&#8243; use_icon_font_size=&#8221;on&#8221; icon_font_size=&#8221;23px&#8221; _builder_version=&#8221;4.13.0&#8243; _module_preset=&#8221;default&#8221; title_font=&#8221;Montserrat|700|||||||&#8221; title_font_size=&#8221;13px&#8221; body_font=&#8221;Montserrat||||||||&#8221; body_font_size=&#8221;11px&#8221; body_line_height=&#8221;1.2em&#8221; background_color=&#8221;rgba(255,255,255,0)&#8221; custom_margin=&#8221;|||8px|false|false&#8221; custom_padding=&#8221;8px||16px|4px|false|false&#8221; border_width_all=&#8221;0px&#8221; global_colors_info=&#8221;{}&#8221;]<\/p>\n<p style=\"text-align: justify;\"><strong>V\u00eddeo Dia da Mulher<\/strong><br \/>Ser\u00e1 feito um v\u00eddeo para partilhar nas Redes Sociais com v\u00e1rios\/as colaboradores\/as do Munic\u00edpio, declamando o poema &#8220;Mulher&#8221; de Jos\u00e9 Carlos Ary dos Santos.<\/p>\n<p><strong>Dia:<\/strong> 08\/03\/2022 | <strong>Hora:<\/strong> 10:00:00\u00a0<\/p>\n<p><strong>Online:<\/strong> Redes Sociais do Munic\u00edpio<\/p>\n<p>[\/et_pb_toggle][\/et_pb_column][\/et_pb_row][et_pb_row column_structure=&#8221;1_4,1_4,1_4,1_4&#8243; use_custom_gutter=&#8221;on&#8221; gutter_width=&#8221;2&#8243; make_equal=&#8221;on&#8221; _builder_version=&#8221;4.13.0&#8243; _module_preset=&#8221;default&#8221; background_color=&#8221;rgba(255,255,255,0)&#8221; custom_margin=&#8221;||0px||false|false&#8221; custom_padding=&#8221;||0px||false|false&#8221; locked=&#8221;off&#8221; global_colors_info=&#8221;{}&#8221;][et_pb_column type=&#8221;1_4&#8243; _builder_version=&#8221;4.13.0&#8243; _module_preset=&#8221;default&#8221; background_color=&#8221;#FFFFFF&#8221; border_radii=&#8221;on|12px|12px|12px|12px&#8221; global_colors_info=&#8221;{}&#8221;][et_pb_text _builder_version=&#8221;4.13.0&#8243; _module_preset=&#8221;default&#8221; text_font=&#8221;Montserrat||||||||&#8221; text_font_size=&#8221;12px&#8221; text_line_height=&#8221;1.2em&#8221; custom_margin=&#8221;16px|12px|8px|12px|false|false&#8221; global_colors_info=&#8221;{}&#8221;]<\/p>\n<p><span style=\"font-size: medium; color: #c18934;\"><strong>Matosinhos<\/strong><\/span><\/p>\n<p><strong>Entidade promotora:<\/strong><br \/>Associa\u00e7\u00e3o Recreativa Cultural e Social de Silveirinhos<\/p>\n<p><strong>Iniciativa | Atividade:<\/strong><br \/>Concerto Dia Internacional da Mulher<\/p>\n<p>[\/et_pb_text][et_pb_toggle title=&#8221;Informa\u00e7\u00f5es&#8221; closed_toggle_text_color=&#8221;#759fdb&#8221; icon_color=&#8221;#e22685&#8243; toggle_icon=&#8221;&#xe03a;||divi||400&#8243; use_icon_font_size=&#8221;on&#8221; icon_font_size=&#8221;23px&#8221; _builder_version=&#8221;4.13.0&#8243; _module_preset=&#8221;default&#8221; title_font=&#8221;Montserrat|700|||||||&#8221; title_font_size=&#8221;13px&#8221; body_font=&#8221;Montserrat||||||||&#8221; body_font_size=&#8221;11px&#8221; body_line_height=&#8221;1.2em&#8221; background_color=&#8221;rgba(255,255,255,0)&#8221; custom_margin=&#8221;|||8px|false|false&#8221; custom_padding=&#8221;8px||16px|4px|false|false&#8221; border_width_all=&#8221;0px&#8221; global_colors_info=&#8221;{}&#8221;]<\/p>\n<p style=\"text-align: justify;\"><strong>Concerto Dia Internacional da Mulher<\/strong><br \/>A Associa\u00e7\u00e3o Recreativa Cultural e Social de Silveirinhos ir\u00e1 deslocar-se ao Estabelecimento Prisional Feminino de Santa Cruz do Bispo, para proporcionar \u00e0s reclusas um momento musical, em celebra\u00e7\u00e3o do Dia Internacional da Mulher 2022.<\/p>\n<p><strong>Dia:<\/strong> 08\/03\/2022 | <strong>Hora:<\/strong> 10:00:00 AM<\/p>\n<p><strong>Online:<\/strong> <a href=\"https:\/\/www.facebook.com\/associacaosocialdesilveirinhos\" target=\"_blank\" rel=\"noopener\">https:\/\/www.facebook.com\/associacaosocialdesilveirinhos<\/a><\/p>\n<p>[\/et_pb_toggle][\/et_pb_column][et_pb_column type=&#8221;1_4&#8243; _builder_version=&#8221;4.13.0&#8243; _module_preset=&#8221;default&#8221; background_color=&#8221;#FFFFFF&#8221; border_radii=&#8221;on|12px|12px|12px|12px&#8221; global_colors_info=&#8221;{}&#8221;][et_pb_text _builder_version=&#8221;4.13.0&#8243; _module_preset=&#8221;default&#8221; text_font=&#8221;Montserrat||||||||&#8221; text_font_size=&#8221;12px&#8221; text_line_height=&#8221;1.2em&#8221; custom_margin=&#8221;16px|12px|8px|12px|false|false&#8221; global_colors_info=&#8221;{}&#8221;]<\/p>\n<p><span style=\"font-size: medium; color: #c18934;\"><strong>Santa Maria da Feira<\/strong><\/span><\/p>\n<p><strong>Entidade promotora:<\/strong><br \/>Gabinete de Igualdade de G\u00e9nero do Munic\u00edpio de Santa Maria da Feira<\/p>\n<p><strong>Iniciativa | Atividade:<\/strong><br \/>Hist\u00f3rias de mulheres em profiss\u00f5es sub-representadas<\/p>\n<p>[\/et_pb_text][et_pb_toggle title=&#8221;Informa\u00e7\u00f5es&#8221; closed_toggle_text_color=&#8221;#759fdb&#8221; icon_color=&#8221;#e22685&#8243; toggle_icon=&#8221;&#xe03a;||divi||400&#8243; use_icon_font_size=&#8221;on&#8221; icon_font_size=&#8221;23px&#8221; _builder_version=&#8221;4.13.0&#8243; _module_preset=&#8221;default&#8221; title_font=&#8221;Montserrat|700|||||||&#8221; title_font_size=&#8221;13px&#8221; body_font=&#8221;Montserrat||||||||&#8221; body_font_size=&#8221;11px&#8221; body_line_height=&#8221;1.2em&#8221; background_color=&#8221;rgba(255,255,255,0)&#8221; custom_margin=&#8221;|||8px|false|false&#8221; custom_padding=&#8221;8px||16px|4px|false|false&#8221; border_width_all=&#8221;0px&#8221; global_colors_info=&#8221;{}&#8221;]<\/p>\n<p><strong>Hist\u00f3rias de mulheres em profiss\u00f5es sub-representadas<\/strong><br \/>Publica\u00e7\u00e3o de hist\u00f3rias de mulheres que assumem profiss\u00f5es sub-representadas a n\u00edvel de g\u00e9nero, as quais ser\u00e3o divulgadas no site do Munic\u00edpio e respetivas Redes Sociais, apelando \u00e0 igualdade de direitos de homens e mulheres no mercado de trabalho.<\/p>\n<p><strong>Dia:<\/strong> 08\/03\/2022 | <strong>Hora:<\/strong> 12:00:00 PM<\/p>\n<p><strong>Online:<\/strong> <a href=\"http:\/\/www.cm-feira.pt\/%20e https:\/\/www.facebook.com\/municipio.smfeira\/\" target=\"_blank\" rel=\"noopener\">http:\/\/www.cm-feira.pt\/ e https:\/\/www.facebook.com\/municipio.smfeira\/<\/a><\/p>\n<p>[\/et_pb_toggle][\/et_pb_column][et_pb_column type=&#8221;1_4&#8243; _builder_version=&#8221;4.13.0&#8243; _module_preset=&#8221;default&#8221; background_color=&#8221;#FFFFFF&#8221; border_radii=&#8221;on|12px|12px|12px|12px&#8221; global_colors_info=&#8221;{}&#8221;][et_pb_text _builder_version=&#8221;4.13.0&#8243; _module_preset=&#8221;default&#8221; text_font=&#8221;Montserrat||||||||&#8221; text_font_size=&#8221;12px&#8221; text_line_height=&#8221;1.2em&#8221; custom_margin=&#8221;16px|12px|8px|12px|false|false&#8221; global_colors_info=&#8221;{}&#8221;]<\/p>\n<p><span style=\"font-size: medium; color: #c18934;\"><strong>Gondomar<\/strong><\/span><\/p>\n<p><strong>Entidade promotora:<\/strong><br \/>Teatro e Marionetas de Mandr\u00e1gora<\/p>\n<p><strong>Iniciativa | Atividade:<\/strong><br \/>Espet\u00e1culo &#8220;Cora\u00e7\u00f5es Rasgados&#8221;<\/p>\n<p>[\/et_pb_text][et_pb_toggle title=&#8221;Informa\u00e7\u00f5es&#8221; closed_toggle_text_color=&#8221;#759fdb&#8221; icon_color=&#8221;#e22685&#8243; toggle_icon=&#8221;&#xe03a;||divi||400&#8243; use_icon_font_size=&#8221;on&#8221; icon_font_size=&#8221;23px&#8221; _builder_version=&#8221;4.13.0&#8243; _module_preset=&#8221;default&#8221; title_font=&#8221;Montserrat|700|||||||&#8221; title_font_size=&#8221;13px&#8221; body_font=&#8221;Montserrat||||||||&#8221; body_font_size=&#8221;11px&#8221; body_line_height=&#8221;1.2em&#8221; background_color=&#8221;rgba(255,255,255,0)&#8221; custom_margin=&#8221;|||8px|false|false&#8221; custom_padding=&#8221;8px||16px|4px|false|false&#8221; border_width_all=&#8221;0px&#8221; global_colors_info=&#8221;{}&#8221;]<\/p>\n<p style=\"text-align: justify;\"><strong>Espet\u00e1culo &#8220;Cora\u00e7\u00f5es Rasgados&#8221;<\/strong><br \/>Espet\u00e1culo relativo aos maus tratos para com as mulheres<\/p>\n<p><strong>Dia:<\/strong> 11\/03\/2022 | <strong>Hora:<\/strong> 9:30:00 PM<\/p>\n<p><strong>Online:<\/strong> <a href=\"https:\/\/www.marionetasmandragora.pt\/coracoesrasgados\" target=\"_blank\" rel=\"noopener\">https:\/\/www.marionetasmandragora.pt\/coracoesrasgados<\/a><\/p>\n<p><a href=\"https:\/\/www.cig.gov.pt\/iniciativas-nacionais\/wp-content\/uploads\/2022\/03\/Biodanza_cartaz.png\" target=\"_blank\" rel=\"noopener\"><\/a><\/p>\n<p>[\/et_pb_toggle][\/et_pb_column][et_pb_column type=&#8221;1_4&#8243; _builder_version=&#8221;4.13.0&#8243; _module_preset=&#8221;default&#8221; background_color=&#8221;#FFFFFF&#8221; border_radii=&#8221;on|12px|12px|12px|12px&#8221; global_colors_info=&#8221;{}&#8221;][et_pb_text _builder_version=&#8221;4.13.0&#8243; _module_preset=&#8221;default&#8221; text_font=&#8221;Montserrat||||||||&#8221; text_font_size=&#8221;12px&#8221; text_line_height=&#8221;1.2em&#8221; custom_margin=&#8221;16px|12px|8px|12px|false|false&#8221; custom_padding=&#8221;||0px|||&#8221; global_colors_info=&#8221;{}&#8221;]<\/p>\n<p><span style=\"font-size: medium; color: #c18934;\"><strong>Porto<\/strong><\/span><\/p>\n<p><strong>Entidade promotora:<\/strong><br \/>Plataforma Rede 8 de Mar\u00e7o e pela iniciativa internacional da Greve Feminista<\/p>\n<p><strong>Iniciativa | Atividade:<\/strong><br \/>a 4\u00ba Marcha do Dia Internacional das Mulheres na cidade do Porto<\/p>\n<p>[\/et_pb_text][\/et_pb_column][\/et_pb_row][et_pb_row column_structure=&#8221;1_4,1_4,1_4,1_4&#8243; use_custom_gutter=&#8221;on&#8221; gutter_width=&#8221;2&#8243; make_equal=&#8221;on&#8221; _builder_version=&#8221;4.13.0&#8243; _module_preset=&#8221;default&#8221; background_color=&#8221;rgba(255,255,255,0)&#8221; custom_margin=&#8221;||0px||false|false&#8221; custom_padding=&#8221;||0px||false|false&#8221; locked=&#8221;off&#8221; global_colors_info=&#8221;{}&#8221;][et_pb_column type=&#8221;1_4&#8243; _builder_version=&#8221;4.13.0&#8243; _module_preset=&#8221;default&#8221; background_color=&#8221;#FFFFFF&#8221; border_radii=&#8221;on|12px|12px|12px|12px&#8221; global_colors_info=&#8221;{}&#8221;][et_pb_text _builder_version=&#8221;4.13.0&#8243; _module_preset=&#8221;default&#8221; text_font=&#8221;Montserrat||||||||&#8221; text_font_size=&#8221;12px&#8221; text_line_height=&#8221;1.2em&#8221; custom_margin=&#8221;16px|12px|8px|12px|false|false&#8221; custom_padding=&#8221;||0px|||&#8221; global_colors_info=&#8221;{}&#8221;]<\/p>\n<p><span style=\"font-size: medium; color: #c18934;\"><strong>Valongo<\/strong><\/span><\/p>\n<p><strong>Entidade promotora:<\/strong><br \/>C\u00e2mara Municipal de Valongo<\/p>\n<p><strong>Iniciativa | Atividade:<\/strong><br \/><span>Dia Internacional da Mulher, porque\u2026<\/span><\/p>\n<p>[\/et_pb_text][et_pb_toggle title=&#8221;Informa\u00e7\u00f5es&#8221; closed_toggle_text_color=&#8221;#759fdb&#8221; icon_color=&#8221;#e22685&#8243; toggle_icon=&#8221;&#xe03a;||divi||400&#8243; use_icon_font_size=&#8221;on&#8221; icon_font_size=&#8221;23px&#8221; _builder_version=&#8221;4.13.0&#8243; _module_preset=&#8221;default&#8221; title_font=&#8221;Montserrat|700|||||||&#8221; title_font_size=&#8221;13px&#8221; body_font=&#8221;Montserrat||||||||&#8221; body_font_size=&#8221;11px&#8221; body_line_height=&#8221;1.2em&#8221; background_color=&#8221;rgba(255,255,255,0)&#8221; custom_margin=&#8221;|||8px|false|false&#8221; custom_padding=&#8221;8px||16px|4px|false|false&#8221; border_width_all=&#8221;0px&#8221; global_colors_info=&#8221;{}&#8221;]<\/p>\n<p style=\"text-align: justify;\"><span>V\u00eddeo com mensagens de homens e mulheres, com responsabilidade pol\u00edtica, militantes e independentes sobre o \u201cporqu\u00ea\u201d do dia internacional da mulher <\/span><\/p>\n<p><strong>Online:<\/strong>Redes Sociais<\/p>\n<p>[\/et_pb_toggle][\/et_pb_column][et_pb_column type=&#8221;1_4&#8243; _builder_version=&#8221;4.13.0&#8243; _module_preset=&#8221;default&#8221; background_color=&#8221;#FFFFFF&#8221; border_radii=&#8221;on|12px|12px|12px|12px&#8221; global_colors_info=&#8221;{}&#8221;][et_pb_text _builder_version=&#8221;4.13.0&#8243; _module_preset=&#8221;default&#8221; text_font=&#8221;Montserrat||||||||&#8221; text_font_size=&#8221;12px&#8221; text_line_height=&#8221;1.2em&#8221; custom_margin=&#8221;16px|12px|8px|12px|false|false&#8221; global_colors_info=&#8221;{}&#8221;]<\/p>\n<p><span style=\"font-size: medium; color: #c18934;\"><strong>Paredes<\/strong><\/span><\/p>\n<p><strong>Entidade promotora:<\/strong><br \/><span>Munic\u00edpio de Paredes<\/span><\/p>\n<p><strong>Iniciativa | Atividade:<\/strong><br \/><span>Comemora\u00e7\u00e3o do Dia Internacional da Mulher<\/span><\/p>\n<p>[\/et_pb_text][et_pb_toggle title=&#8221;Informa\u00e7\u00f5es&#8221; closed_toggle_text_color=&#8221;#759fdb&#8221; icon_color=&#8221;#e22685&#8243; toggle_icon=&#8221;&#xe03a;||divi||400&#8243; use_icon_font_size=&#8221;on&#8221; icon_font_size=&#8221;23px&#8221; _builder_version=&#8221;4.13.0&#8243; _module_preset=&#8221;default&#8221; title_font=&#8221;Montserrat|700|||||||&#8221; title_font_size=&#8221;13px&#8221; body_font=&#8221;Montserrat||||||||&#8221; body_font_size=&#8221;11px&#8221; body_line_height=&#8221;1.2em&#8221; background_color=&#8221;rgba(255,255,255,0)&#8221; custom_margin=&#8221;|||8px|false|false&#8221; custom_padding=&#8221;8px||16px|4px|false|false&#8221; border_width_all=&#8221;0px&#8221; global_colors_info=&#8221;{}&#8221;]<\/p>\n<p style=\"text-align: justify;\"><span data-sheets-value=\"{&quot;1&quot;:2,&quot;2&quot;:&quot;\\nO Munic\u00edpio de Paredes, em parceria com o Projeto Paredes Integra - CLDS 4G,  vai assinalar o Dia Internacional da Mulher. A iniciativa ir\u00e1 decorrer no dia 8 de mar\u00e7o, pelas 15h, na Casa da Cultura de Paredes, onde se pretende dar voz aos homens para refletir sobre a import\u00e2ncia desta data no combate \u00e0s desigualdades que ainda persistem.&quot;}\" data-sheets-userformat=\"{&quot;2&quot;:897,&quot;3&quot;:{&quot;1&quot;:0},&quot;10&quot;:1,&quot;11&quot;:4,&quot;12&quot;:0}\"><br \/>O Munic\u00edpio de Paredes, em parceria com o Projeto Paredes Integra &#8211; CLDS 4G, vai assinalar o Dia Internacional da Mulher. A iniciativa ir\u00e1 decorrer no dia 8 de mar\u00e7o, pelas 15h, na Casa da Cultura de Paredes, onde se pretende dar voz aos homens para refletir sobre a import\u00e2ncia desta data no combate \u00e0s desigualdades que ainda persistem.<\/span><\/p>\n<p><strong>Dia:<\/strong> 08\/03\/2022 | <strong>Hora:<\/strong> 15:00:00<\/p>\n<p><b>Local: <\/b>Casa da Cultura de Paredes<b><span data-sheets-value=\"{&quot;1&quot;:2,&quot;2&quot;:&quot;\\nO Munic\u00edpio de Paredes, em parceria com o Projeto Paredes Integra - CLDS 4G,  vai assinalar o Dia Internacional da Mulher. A iniciativa ir\u00e1 decorrer no dia 8 de mar\u00e7o, pelas 15h, na Casa da Cultura de Paredes, onde se pretende dar voz aos homens para refletir sobre a import\u00e2ncia desta data no combate \u00e0s desigualdades que ainda persistem.&quot;}\" data-sheets-userformat=\"{&quot;2&quot;:897,&quot;3&quot;:{&quot;1&quot;:0},&quot;10&quot;:1,&quot;11&quot;:4,&quot;12&quot;:0}\"><br \/><\/span><\/b><\/p>\n<p><strong>Mais informa\u00e7\u00e3o:<\/strong> <a data-sheets-formula-bar-text-link=\"http:\/\/www.cm-paredes.pt\" class=\"waffle-rich-text-link\" data-sheets-formula-bar-text-style=\"font-size:13px;color:#1155cc;font-weight:normal;text-decoration:underline;font-family:'Arial';font-style:normal;text-decoration-skip-ink:none;\">www.cm-paredes.pt<\/a><\/p>\n<p>&nbsp;<\/p>\n<p>[\/et_pb_toggle][\/et_pb_column][et_pb_column type=&#8221;1_4&#8243; _builder_version=&#8221;4.13.0&#8243; _module_preset=&#8221;default&#8221; background_color=&#8221;#FFFFFF&#8221; border_radii=&#8221;on|12px|12px|12px|12px&#8221; global_colors_info=&#8221;{}&#8221;][et_pb_text _builder_version=&#8221;4.13.0&#8243; _module_preset=&#8221;default&#8221; text_font=&#8221;Montserrat||||||||&#8221; text_font_size=&#8221;12px&#8221; text_line_height=&#8221;1.2em&#8221; custom_margin=&#8221;16px|12px|8px|12px|false|false&#8221; global_colors_info=&#8221;{}&#8221;]<\/p>\n<p><span style=\"font-size: medium; color: #c18934;\"><strong>Valongo<\/strong><\/span><\/p>\n<p><strong>Entidade promotora:<\/strong><br \/>C\u00e2mara Municipal de Valongo<\/p>\n<p><strong>Iniciativa | Atividade:<\/strong><br \/>Exposi\u00e7\u00e3o &#8220;Perspetivas: duas gera\u00e7\u00f5es&#8230;duas vis\u00f5es&#8221;<\/p>\n<p>[\/et_pb_text][et_pb_toggle title=&#8221;Informa\u00e7\u00f5es&#8221; closed_toggle_text_color=&#8221;#759fdb&#8221; icon_color=&#8221;#e22685&#8243; toggle_icon=&#8221;&#xe03a;||divi||400&#8243; use_icon_font_size=&#8221;on&#8221; icon_font_size=&#8221;23px&#8221; _builder_version=&#8221;4.13.0&#8243; _module_preset=&#8221;default&#8221; title_font=&#8221;Montserrat|700|||||||&#8221; title_font_size=&#8221;13px&#8221; body_font=&#8221;Montserrat||||||||&#8221; body_font_size=&#8221;11px&#8221; body_line_height=&#8221;1.2em&#8221; background_color=&#8221;rgba(255,255,255,0)&#8221; custom_margin=&#8221;|||8px|false|false&#8221; custom_padding=&#8221;8px||16px|4px|false|false&#8221; border_width_all=&#8221;0px&#8221; global_colors_info=&#8221;{}&#8221;]<\/p>\n<p style=\"text-align: justify;\"><span data-sheets-value=\"{&quot;1&quot;:2,&quot;2&quot;:&quot;\\nO Munic\u00edpio de Paredes, em parceria com o Projeto Paredes Integra - CLDS 4G,  vai assinalar o Dia Internacional da Mulher. A iniciativa ir\u00e1 decorrer no dia 8 de mar\u00e7o, pelas 15h, na Casa da Cultura de Paredes, onde se pretende dar voz aos homens para refletir sobre a import\u00e2ncia desta data no combate \u00e0s desigualdades que ainda persistem.&quot;}\" data-sheets-userformat=\"{&quot;2&quot;:897,&quot;3&quot;:{&quot;1&quot;:0},&quot;10&quot;:1,&quot;11&quot;:4,&quot;12&quot;:0}\"><br \/>O Munic\u00edpio de Paredes, em parceria com o Projeto Paredes Integra &#8211; CLDS 4G, vai assinalar o Dia Internacional da Mulher. A iniciativa ir\u00e1 decorrer no dia 8 de mar\u00e7o, pelas 15h, na Casa da Cultura de Paredes, onde se pretende dar voz aos homens para refletir sobre a import\u00e2ncia desta data no combate \u00e0s desigualdades que ainda persistem.<\/span><\/p>\n<p><strong>Dia:<\/strong> 08\/03\/2022 | <strong>Hora:<\/strong> 15:00:00<\/p>\n<p><b>Local: <\/b>Casa da Cultura de Paredes<b><span data-sheets-value=\"{&quot;1&quot;:2,&quot;2&quot;:&quot;\\nO Munic\u00edpio de Paredes, em parceria com o Projeto Paredes Integra - CLDS 4G,  vai assinalar o Dia Internacional da Mulher. A iniciativa ir\u00e1 decorrer no dia 8 de mar\u00e7o, pelas 15h, na Casa da Cultura de Paredes, onde se pretende dar voz aos homens para refletir sobre a import\u00e2ncia desta data no combate \u00e0s desigualdades que ainda persistem.&quot;}\" data-sheets-userformat=\"{&quot;2&quot;:897,&quot;3&quot;:{&quot;1&quot;:0},&quot;10&quot;:1,&quot;11&quot;:4,&quot;12&quot;:0}\"><br \/><\/span><\/b><\/p>\n<p><strong>Mais informa\u00e7\u00e3o:<\/strong> <a data-sheets-formula-bar-text-link=\"http:\/\/www.cm-paredes.pt\" class=\"waffle-rich-text-link\" data-sheets-formula-bar-text-style=\"font-size:13px;color:#1155cc;font-weight:normal;text-decoration:underline;font-family:'Arial';font-style:normal;text-decoration-skip-ink:none;\">www.cm-paredes.pt<\/a><\/p>\n<p>&nbsp;<\/p>\n<p>[\/et_pb_toggle][\/et_pb_column][et_pb_column type=&#8221;1_4&#8243; _builder_version=&#8221;4.13.0&#8243; _module_preset=&#8221;default&#8221; background_color=&#8221;#ffffff&#8221; border_radii=&#8221;on|12px|12px|12px|12px&#8221; global_colors_info=&#8221;{}&#8221;][et_pb_text _builder_version=&#8221;4.13.0&#8243; _module_preset=&#8221;default&#8221; text_font=&#8221;Montserrat||||||||&#8221; text_font_size=&#8221;12px&#8221; text_line_height=&#8221;1.2em&#8221; custom_margin=&#8221;16px|12px|8px|12px|false|false&#8221; global_colors_info=&#8221;{}&#8221;]<\/p>\n<p><span style=\"font-size: medium; color: #c18934;\"><strong>Valongo<\/strong><\/span><\/p>\n<p><strong>Entidade promotora:<\/strong><br \/>C\u00e2mara Municipal de Valongo<\/p>\n<p><strong>Iniciativa | Atividade:<\/strong><br \/>Exposi\u00e7\u00e3o &#8220;Perspetivas: duas gera\u00e7\u00f5es&#8230;duas vis\u00f5es&#8221;<\/p>\n<p>[\/et_pb_text][et_pb_toggle title=&#8221;Informa\u00e7\u00f5es&#8221; closed_toggle_text_color=&#8221;#759fdb&#8221; icon_color=&#8221;#e22685&#8243; toggle_icon=&#8221;&#xe03a;||divi||400&#8243; use_icon_font_size=&#8221;on&#8221; icon_font_size=&#8221;23px&#8221; _builder_version=&#8221;4.13.0&#8243; _module_preset=&#8221;default&#8221; title_font=&#8221;Montserrat|700|||||||&#8221; title_font_size=&#8221;13px&#8221; body_font=&#8221;Montserrat||||||||&#8221; body_font_size=&#8221;11px&#8221; body_line_height=&#8221;1.2em&#8221; background_color=&#8221;rgba(255,255,255,0)&#8221; custom_margin=&#8221;|||8px|false|false&#8221; custom_padding=&#8221;8px||16px|4px|false|false&#8221; border_width_all=&#8221;0px&#8221; global_colors_info=&#8221;{}&#8221;]<\/p>\n<p style=\"text-align: justify;\"><span data-sheets-value=\"{&quot;1&quot;:2,&quot;2&quot;:&quot;\\nO Munic\u00edpio de Paredes, em parceria com o Projeto Paredes Integra - CLDS 4G,  vai assinalar o Dia Internacional da Mulher. A iniciativa ir\u00e1 decorrer no dia 8 de mar\u00e7o, pelas 15h, na Casa da Cultura de Paredes, onde se pretende dar voz aos homens para refletir sobre a import\u00e2ncia desta data no combate \u00e0s desigualdades que ainda persistem.&quot;}\" data-sheets-userformat=\"{&quot;2&quot;:897,&quot;3&quot;:{&quot;1&quot;:0},&quot;10&quot;:1,&quot;11&quot;:4,&quot;12&quot;:0}\"><br \/>O Munic\u00edpio de Paredes, em parceria com o Projeto Paredes Integra &#8211; CLDS 4G, vai assinalar o Dia Internacional da Mulher. A iniciativa ir\u00e1 decorrer no dia 8 de mar\u00e7o, pelas 15h, na Casa da Cultura de Paredes, onde se pretende dar voz aos homens para refletir sobre a import\u00e2ncia desta data no combate \u00e0s desigualdades que ainda persistem.<\/span><\/p>\n<p><strong>Dia:<\/strong> 08\/03\/2022 | <strong>Hora:<\/strong> 15:00:00<\/p>\n<p><b>Local: <\/b>Casa da Cultura de Paredes<b><span data-sheets-value=\"{&quot;1&quot;:2,&quot;2&quot;:&quot;\\nO Munic\u00edpio de Paredes, em parceria com o Projeto Paredes Integra - CLDS 4G,  vai assinalar o Dia Internacional da Mulher. A iniciativa ir\u00e1 decorrer no dia 8 de mar\u00e7o, pelas 15h, na Casa da Cultura de Paredes, onde se pretende dar voz aos homens para refletir sobre a import\u00e2ncia desta data no combate \u00e0s desigualdades que ainda persistem.&quot;}\" data-sheets-userformat=\"{&quot;2&quot;:897,&quot;3&quot;:{&quot;1&quot;:0},&quot;10&quot;:1,&quot;11&quot;:4,&quot;12&quot;:0}\"><br \/><\/span><\/b><\/p>\n<p><strong>Mais informa\u00e7\u00e3o:<\/strong> <a data-sheets-formula-bar-text-link=\"http:\/\/www.cm-paredes.pt\" class=\"waffle-rich-text-link\" data-sheets-formula-bar-text-style=\"font-size:13px;color:#1155cc;font-weight:normal;text-decoration:underline;font-family:'Arial';font-style:normal;text-decoration-skip-ink:none;\">www.cm-paredes.pt<\/a><\/p>\n<p>&nbsp;<\/p>\n<p>[\/et_pb_toggle][\/et_pb_column][\/et_pb_row][et_pb_row column_structure=&#8221;1_4,1_4,1_4,1_4&#8243; use_custom_gutter=&#8221;on&#8221; gutter_width=&#8221;2&#8243; make_equal=&#8221;on&#8221; _builder_version=&#8221;4.13.0&#8243; _module_preset=&#8221;default&#8221; background_color=&#8221;rgba(255,255,255,0)&#8221; custom_margin=&#8221;||0px||false|false&#8221; custom_padding=&#8221;||0px||false|false&#8221; locked=&#8221;off&#8221; global_colors_info=&#8221;{}&#8221;][et_pb_column type=&#8221;1_4&#8243; _builder_version=&#8221;4.13.0&#8243; _module_preset=&#8221;default&#8221; background_color=&#8221;#FFFFFF&#8221; border_radii=&#8221;on|12px|12px|12px|12px&#8221; global_colors_info=&#8221;{}&#8221;][et_pb_text _builder_version=&#8221;4.13.0&#8243; _module_preset=&#8221;default&#8221; text_font=&#8221;Montserrat||||||||&#8221; text_font_size=&#8221;12px&#8221; text_line_height=&#8221;1.2em&#8221; custom_margin=&#8221;16px|12px|8px|12px|false|false&#8221; custom_padding=&#8221;||0px|||&#8221; global_colors_info=&#8221;{}&#8221;]<\/p>\n<p><span style=\"font-size: medium; color: #c18934;\"><strong>Espinho<\/strong><\/span><\/p>\n<p><strong>Entidade promotora:<\/strong><br \/>Centro Social de Paramos<\/p>\n<p><strong>Iniciativa | Atividade:<\/strong><br \/>Mulheres e os seus direitos<\/p>\n<p>[\/et_pb_text][et_pb_toggle title=&#8221;Informa\u00e7\u00f5es&#8221; closed_toggle_text_color=&#8221;#759fdb&#8221; icon_color=&#8221;#e22685&#8243; toggle_icon=&#8221;&#xe03a;||divi||400&#8243; use_icon_font_size=&#8221;on&#8221; icon_font_size=&#8221;23px&#8221; _builder_version=&#8221;4.13.0&#8243; _module_preset=&#8221;default&#8221; title_font=&#8221;Montserrat|700|||||||&#8221; title_font_size=&#8221;13px&#8221; body_font=&#8221;Montserrat||||||||&#8221; body_font_size=&#8221;11px&#8221; body_line_height=&#8221;1.2em&#8221; background_color=&#8221;rgba(255,255,255,0)&#8221; custom_margin=&#8221;|||8px|false|false&#8221; custom_padding=&#8221;8px||16px|4px|false|false&#8221; border_width_all=&#8221;0px&#8221; global_colors_info=&#8221;{}&#8221;]<\/p>\n<p style=\"text-align: justify;\"><span><strong>Mulheres e os seus direitos<\/strong><br \/>Colocar um vaso com flores que foram realizadas pelos\/as utentes que frequentam os ateliers do CC, em v\u00e1rios locais (Farm\u00e1cia, Centro de Sa\u00fade, Mercado Municipal, Sede do Centro Social de Paramos&#8230;)<br \/>As flores ter\u00e3o associados os direitos das mulheres e ser\u00e3o oferecidas \u00e1s mulheres que frequentem estes locais. <br \/>Associado ao vaso estar\u00e1 tamb\u00e9m afixado o cartaz.<\/span><\/p>\n<p><strong>Dia: <\/strong>08\/03\/2022 | <strong>Hora:<\/strong> 9:00:00 AM<\/p>\n<p>[\/et_pb_toggle][\/et_pb_column][et_pb_column type=&#8221;1_4&#8243; _builder_version=&#8221;4.13.0&#8243; _module_preset=&#8221;default&#8221; background_color=&#8221;#ffffff&#8221; border_radii=&#8221;on|12px|12px|12px|12px&#8221; global_colors_info=&#8221;{}&#8221;][et_pb_text _builder_version=&#8221;4.13.0&#8243; _module_preset=&#8221;default&#8221; text_font=&#8221;Montserrat||||||||&#8221; text_font_size=&#8221;12px&#8221; text_line_height=&#8221;1.2em&#8221; custom_margin=&#8221;16px|12px|8px|12px|false|false&#8221; custom_padding=&#8221;||0px|||&#8221; global_colors_info=&#8221;{}&#8221;]<\/p>\n<p><span style=\"font-size: medium; color: #c18934;\"><strong>Porto<\/strong><\/span><\/p>\n<p><strong>Entidade promotora:<\/strong><br \/>Associa\u00e7\u00e3o Projecto Criar<\/p>\n<p><strong>Iniciativa | Atividade:<\/strong><br \/>Mulheres do Nosso Pa\u00eds: Uma Vida de Ativismo<\/p>\n<p>[\/et_pb_text][et_pb_toggle title=&#8221;Informa\u00e7\u00f5es&#8221; closed_toggle_text_color=&#8221;#759fdb&#8221; icon_color=&#8221;#e22685&#8243; toggle_icon=&#8221;&#xe03a;||divi||400&#8243; use_icon_font_size=&#8221;on&#8221; icon_font_size=&#8221;23px&#8221; _builder_version=&#8221;4.13.0&#8243; _module_preset=&#8221;default&#8221; title_font=&#8221;Montserrat|700|||||||&#8221; title_font_size=&#8221;13px&#8221; body_font=&#8221;Montserrat||||||||&#8221; body_font_size=&#8221;11px&#8221; body_line_height=&#8221;1.2em&#8221; background_color=&#8221;rgba(255,255,255,0)&#8221; custom_margin=&#8221;|||8px|false|false&#8221; custom_padding=&#8221;8px||16px|4px|false|false&#8221; border_width_all=&#8221;0px&#8221; global_colors_info=&#8221;{}&#8221;]<\/p>\n<p style=\"text-align: justify;\"><span><strong>Mulheres do Nosso Pa\u00eds: Uma Vida de Ativismo<\/strong><br \/>Com a presente atividade, pretende-se dar voz e assinalar os marcos atingidos pelas mulheres em Portugal, bem como reconhecer o percurso e progressos alcan\u00e7ados na \u00e1rea dos Direitos Humanos, mais concretamente na \u00e1rea da Igualdade de G\u00e9nero.<\/span><\/p>\n<p><strong>Dia: <\/strong>08\/03\/2022 | <strong>Hora:<\/strong> 11:30:00 AM<\/p>\n<p><strong>Online:<\/strong> <a href=\"https:\/\/pt-pt.facebook.com\/projectocriar\/\" target=\"_blank\" rel=\"noopener\">https:\/\/pt-pt.facebook.com\/projectocriar\/<\/a><\/p>\n<p>[\/et_pb_toggle][\/et_pb_column][et_pb_column type=&#8221;1_4&#8243; _builder_version=&#8221;4.13.0&#8243; _module_preset=&#8221;default&#8221; background_color=&#8221;#ffffff&#8221; border_radii=&#8221;on|12px|12px|12px|12px&#8221; global_colors_info=&#8221;{}&#8221;][et_pb_text _builder_version=&#8221;4.13.0&#8243; _module_preset=&#8221;default&#8221; text_font=&#8221;Montserrat||||||||&#8221; text_font_size=&#8221;12px&#8221; text_line_height=&#8221;1.2em&#8221; custom_margin=&#8221;16px|12px|8px|12px|false|false&#8221; custom_padding=&#8221;||0px|||&#8221; global_colors_info=&#8221;{}&#8221;]<\/p>\n<p><span style=\"font-size: medium; color: #c18934;\"><strong>Gondomar<\/strong><\/span><\/p>\n<p><strong>Entidade promotora:<\/strong><br \/>Uni\u00e3o freguesias F\u00e2nzeres S Pedro da Cova<\/p>\n<p><strong>Iniciativa | Atividade:<\/strong><br \/>Um ch\u00e1 \u00e0s cinco &#8211; encontro entre mulheres mineiras<\/p>\n<p>[\/et_pb_text][et_pb_toggle title=&#8221;Informa\u00e7\u00f5es&#8221; closed_toggle_text_color=&#8221;#759fdb&#8221; icon_color=&#8221;#e22685&#8243; toggle_icon=&#8221;&#xe03a;||divi||400&#8243; use_icon_font_size=&#8221;on&#8221; icon_font_size=&#8221;23px&#8221; _builder_version=&#8221;4.13.0&#8243; _module_preset=&#8221;default&#8221; title_font=&#8221;Montserrat|700|||||||&#8221; title_font_size=&#8221;13px&#8221; body_font=&#8221;Montserrat||||||||&#8221; body_font_size=&#8221;11px&#8221; body_line_height=&#8221;1.2em&#8221; background_color=&#8221;rgba(255,255,255,0)&#8221; custom_margin=&#8221;|||8px|false|false&#8221; custom_padding=&#8221;8px||16px|4px|false|false&#8221; border_width_all=&#8221;0px&#8221; global_colors_info=&#8221;{}&#8221;]<\/p>\n<p style=\"text-align: justify;\"><span><strong>Um ch\u00e1 \u00e0s cinco &#8211; encontro entre mulheres mineiras<\/strong><br \/><\/span><\/p>\n<p style=\"text-align: justify;\">As mulheres mineiras afirmaram a sua posi\u00e7\u00e3o entre um universo maioritariamente masculino. Enquanto o trabalho subterr\u00e2neo estava destinado exclusivamente aos homens, as mulheres, no exterior, trabalhavam nas remo\u00e7\u00f5es e limpezas de vias, na triagem e no terreiro, mas tamb\u00e9m no transporte das vagonas. Partilhavam as mesmas rotinas, as mesmas realidades, quer fossem no trabalho, em contexto dom\u00e9stico ou no meio familiar.<\/p>\n<p style=\"text-align: justify;\">Assim, convidamos as mulheres mineiras a participar neste encontro, onde ser\u00e1 proporcionada a partilha de hist\u00f3rias e mem\u00f3rias sobre um per\u00edodo em que se acreditava que o espa\u00e7o privado \u00e9 que pertencia \u00e0s mulheres e n\u00e3o o espa\u00e7o p\u00fablico, em que o trabalho duro e os sal\u00e1rios baixos aplicavam-se por se acreditar no seu estatuto de inferioridade. Contrariando esta realidade, justifica-se que o evento aconte\u00e7a no dia em que se assinala o Dia Internacional da Mulher.<\/p>\n<p style=\"text-align: justify;\">Para a participa\u00e7\u00e3o destas mulheres mineiras, contamos com o apoio dos seus familiares, inscrevendo-as junto do Museu Mineiro de S\u00e3o Pedro da Cova ou atrav\u00e9s dos n\u00fameros 935663998 \/ 227 666 192. S\u00f3 assim ser\u00e1 poss\u00edvel proporcionar um excelente momento de conv\u00edvio social, onde contamos com a parceria da Escola Profissional de Gondomar, que servir\u00e1 &#8220;&#8221;Um Ch\u00e1 \u00e0s 5&#8243;&#8221;<span>.<\/span><\/p>\n<p><strong>Dia: <\/strong>08\/03\/2022 | <strong>Hora:<\/strong> 5:00:00 PM<\/p>\n<p><strong>Online: <\/strong><a href=\"https:\/\/www.facebook.com\/345367168848690\/posts\/5043118499073510\/\" target=\"_blank\" rel=\"noopener\">https:\/\/www.facebook.com\/345367168848690\/posts\/5043118499073510\/<\/a><\/p>\n<p>[\/et_pb_toggle][\/et_pb_column][et_pb_column type=&#8221;1_4&#8243; _builder_version=&#8221;4.13.0&#8243; _module_preset=&#8221;default&#8221; background_color=&#8221;rgba(255,255,255,0)&#8221; border_radii=&#8221;on|12px|12px|12px|12px&#8221; global_colors_info=&#8221;{}&#8221;][\/et_pb_column][\/et_pb_row][et_pb_row admin_label=&#8221;Distrito&#8221; _builder_version=&#8221;4.13.0&#8243; _module_preset=&#8221;default&#8221; background_color=&#8221;#03989e&#8221; custom_margin=&#8221;24px||0px||false|false&#8221; custom_padding=&#8221;16px||16px||false|false&#8221; border_radii=&#8221;on|12px|12px|12px|12px&#8221; global_colors_info=&#8221;{}&#8221;][et_pb_column type=&#8221;4_4&#8243; _builder_version=&#8221;4.13.0&#8243; _module_preset=&#8221;default&#8221; global_colors_info=&#8221;{}&#8221;][et_pb_text admin_label=&#8221;Santar\u00e9m&#8221; _builder_version=&#8221;4.13.0&#8243; _module_preset=&#8221;default&#8221; text_font=&#8221;Montserrat|700|||||||&#8221; text_text_color=&#8221;#FFFFFF&#8221; text_font_size=&#8221;16px&#8221; text_letter_spacing=&#8221;1px&#8221; custom_margin=&#8221;2px||0px|20px|false|false&#8221; custom_padding=&#8221;6px||2px||false|false&#8221; global_colors_info=&#8221;{}&#8221;]<\/p>\n<p><span style=\"color: #f3d9da;\">Distrito: <\/span><span style=\"font-size: xx-large;\">Santar\u00e9m<\/span><\/p>\n<p>[\/et_pb_text][\/et_pb_column][\/et_pb_row][et_pb_row column_structure=&#8221;1_4,1_4,1_4,1_4&#8243; use_custom_gutter=&#8221;on&#8221; gutter_width=&#8221;2&#8243; make_equal=&#8221;on&#8221; _builder_version=&#8221;4.13.0&#8243; _module_preset=&#8221;default&#8221; background_color=&#8221;rgba(255,255,255,0)&#8221; custom_margin=&#8221;||0px||false|false&#8221; custom_padding=&#8221;||0px||false|false&#8221; locked=&#8221;off&#8221; global_colors_info=&#8221;{}&#8221;][et_pb_column type=&#8221;1_4&#8243; _builder_version=&#8221;4.13.0&#8243; _module_preset=&#8221;default&#8221; background_color=&#8221;#FFFFFF&#8221; border_radii=&#8221;on|12px|12px|12px|12px&#8221; global_colors_info=&#8221;{}&#8221;][et_pb_text _builder_version=&#8221;4.13.0&#8243; _module_preset=&#8221;default&#8221; text_font=&#8221;Montserrat||||||||&#8221; text_font_size=&#8221;12px&#8221; text_line_height=&#8221;1.2em&#8221; custom_margin=&#8221;16px|12px|8px|12px|false|false&#8221; global_colors_info=&#8221;{}&#8221;]<\/p>\n<p><span style=\"font-size: medium; color: #c18934;\"><strong>Tomar<\/strong><\/span><\/p>\n<p><strong>Entidade promotora:<\/strong><br \/>Instituto Polit\u00e9cnico de Tomar<\/p>\n<p><strong>Iniciativa | Atividade:<\/strong><br \/>Desafio Dia Internacional da Mulher com Arte<\/p>\n<p>[\/et_pb_text][et_pb_toggle title=&#8221;Informa\u00e7\u00f5es&#8221; closed_toggle_text_color=&#8221;#759fdb&#8221; icon_color=&#8221;#e22685&#8243; toggle_icon=&#8221;&#xe03a;||divi||400&#8243; use_icon_font_size=&#8221;on&#8221; icon_font_size=&#8221;23px&#8221; _builder_version=&#8221;4.13.0&#8243; _module_preset=&#8221;default&#8221; title_font=&#8221;Montserrat|700|||||||&#8221; title_font_size=&#8221;13px&#8221; body_font=&#8221;Montserrat||||||||&#8221; body_font_size=&#8221;11px&#8221; body_line_height=&#8221;1.2em&#8221; background_color=&#8221;rgba(255,255,255,0)&#8221; custom_margin=&#8221;|||8px|false|false&#8221; custom_padding=&#8221;8px||16px|4px|false|false&#8221; border_width_all=&#8221;0px&#8221; global_colors_info=&#8221;{}&#8221;]<\/p>\n<p style=\"text-align: justify;\"><strong>Desafio Dia Internacional da Mulher com Arte<\/strong><br \/>Este ano o Polit\u00e9cnico de Tomar quer celebrar o Dia Internacional da Mulher com Arte.<br \/>Se \u00e9s estudante do Polit\u00e9cnico de Tomar e a tem\u00e1tica do empoderamento das mulheres te interessa, temos um desafio para ti!<br \/>Apresenta-nos um trabalho nas \u00e1reas da fotografia, design gr\u00e1fico, em formato document\u00e1rio, ou entrevista, para ser exposto no Dia da Mulher no nosso espa\u00e7o WPOC. <br \/>O melhor trabalho receber\u00e1 um pr\u00e9mio.<br \/>Surpreende-nos com a tua criatividade e ajuda-nos a construir um mundo melhor!<\/p>\n<p style=\"text-align: justify;\"><strong>Dia:<\/strong> 08\/03\/2022 | <strong>Hora:<\/strong> 10:00:00 AM<\/p>\n<p style=\"text-align: justify;\"><strong>Online:<\/strong> <a href=\"https:\/\/bit.ly\/3ITOX58\" target=\"_blank\" rel=\"noopener\">https:\/\/bit.ly\/3ITOX58<\/a><\/p>\n<p style=\"text-align: left;\"><strong>Online:<\/strong> <a href=\"https:\/\/www.facebook.com\/iptomar\/\" target=\"_blank\" rel=\"noopener\">https:\/\/www.facebook.com\/iptomar\/<\/a><\/p>\n<p>[\/et_pb_toggle][\/et_pb_column][et_pb_column type=&#8221;1_4&#8243; _builder_version=&#8221;4.13.0&#8243; _module_preset=&#8221;default&#8221; background_color=&#8221;#FFFFFF&#8221; border_radii=&#8221;on|12px|12px|12px|12px&#8221; global_colors_info=&#8221;{}&#8221;][et_pb_text _builder_version=&#8221;4.13.0&#8243; _module_preset=&#8221;default&#8221; text_font=&#8221;Montserrat||||||||&#8221; text_font_size=&#8221;12px&#8221; text_line_height=&#8221;1.2em&#8221; custom_margin=&#8221;16px|12px|8px|12px|false|false&#8221; global_colors_info=&#8221;{}&#8221;]<\/p>\n<p><span style=\"font-size: medium; color: #c18934;\"><strong>Tomar<\/strong><\/span><\/p>\n<p><strong>Entidade promotora:<\/strong><br \/>Convento de Cristo<\/p>\n<p><strong>Iniciativa | Atividade:<\/strong><br \/>O Convento de Cristo no Feminino<\/p>\n<p>[\/et_pb_text][et_pb_toggle title=&#8221;Informa\u00e7\u00f5es&#8221; closed_toggle_text_color=&#8221;#759fdb&#8221; icon_color=&#8221;#e22685&#8243; toggle_icon=&#8221;&#xe03a;||divi||400&#8243; use_icon_font_size=&#8221;on&#8221; icon_font_size=&#8221;23px&#8221; _builder_version=&#8221;4.13.0&#8243; _module_preset=&#8221;default&#8221; title_font=&#8221;Montserrat|700|||||||&#8221; title_font_size=&#8221;13px&#8221; body_font=&#8221;Montserrat||||||||&#8221; body_font_size=&#8221;11px&#8221; body_line_height=&#8221;1.2em&#8221; background_color=&#8221;rgba(255,255,255,0)&#8221; custom_margin=&#8221;|||8px|false|false&#8221; custom_padding=&#8221;8px||16px|4px|false|false&#8221; border_width_all=&#8221;0px&#8221; global_colors_info=&#8221;{}&#8221;]<\/p>\n<p><strong><img loading=\"lazy\" src=\"https:\/\/www.cig.gov.pt\/iniciativas-nacionais\/wp-content\/uploads\/2022\/03\/DIA-INTERNACIONAL-DA-MULHER-CC-212x300.jpg\" width=\"212\" height=\"300\" alt=\"\" class=\"wp-image-683 alignnone size-medium\" \/>O Convento de Cristo no Feminino<\/strong><br \/>Para assinalar o Dia Internacional da Mulher o Convento de Cristo convida para uma visita especial animada sob a tem\u00e1tica \u201cO Convento de Cristo no Feminino\u201d.<br \/>Visitar o Convento fora de horas; percorrer os espa\u00e7os mais emblem\u00e1ticos do Monumento numa viagem intemporal pelos factos e personagens que marcaram a Hist\u00f3ria de Portugal, evocando a vida de algumas das mulheres que os marcaram e condicionaram; s\u00e3o propostas a n\u00e3o perder do pr\u00f3ximo dia 8 de mar\u00e7o.<\/p>\n<p><strong>Dia:<\/strong> 08\/03\/2022 | <strong>Hora:<\/strong> 6:10:00 PM<\/p>\n<p><strong>Online:<\/strong> <a href=\"http:\/\/www.conventocristo.gov.pt\/pt\/index.php?s=noticias&amp;noticia=283#n2\" target=\"_blank\" rel=\"noopener\">http:\/\/www.conventocristo.gov.pt\/pt\/index.php?s=noticias&amp;noticia=283#n2<\/a><\/p>\n<p>[\/et_pb_toggle][\/et_pb_column][et_pb_column type=&#8221;1_4&#8243; _builder_version=&#8221;4.13.0&#8243; _module_preset=&#8221;default&#8221; background_color=&#8221;#ffffff&#8221; border_radii=&#8221;on|12px|12px|12px|12px&#8221; global_colors_info=&#8221;{}&#8221;][et_pb_text _builder_version=&#8221;4.13.0&#8243; _module_preset=&#8221;default&#8221; text_font=&#8221;Montserrat||||||||&#8221; text_font_size=&#8221;12px&#8221; text_line_height=&#8221;1.2em&#8221; custom_margin=&#8221;16px|12px|8px|12px|false|false&#8221; global_colors_info=&#8221;{}&#8221;]<\/p>\n<p><span style=\"font-size: medium; color: #c18934;\"><strong>Goleg\u00e3<\/strong><\/span><\/p>\n<p><strong>Entidade promotora:<\/strong><br \/>C\u00e2mara Municipal da Goleg\u00e3<\/p>\n<p><strong>Iniciativa | Atividade:<\/strong><br \/>&#8220;A MULHER&#8230; ATRAV\u00c9S DO OLHAR DE MARTINS CORREIA&#8221;<\/p>\n<p>[\/et_pb_text][et_pb_toggle title=&#8221;Informa\u00e7\u00f5es&#8221; closed_toggle_text_color=&#8221;#759fdb&#8221; icon_color=&#8221;#e22685&#8243; toggle_icon=&#8221;&#xe03a;||divi||400&#8243; use_icon_font_size=&#8221;on&#8221; icon_font_size=&#8221;23px&#8221; _builder_version=&#8221;4.13.0&#8243; _module_preset=&#8221;default&#8221; title_font=&#8221;Montserrat|700|||||||&#8221; title_font_size=&#8221;13px&#8221; body_font=&#8221;Montserrat||||||||&#8221; body_font_size=&#8221;11px&#8221; body_line_height=&#8221;1.2em&#8221; background_color=&#8221;rgba(255,255,255,0)&#8221; custom_margin=&#8221;|||8px|false|false&#8221; custom_padding=&#8221;8px||16px|4px|false|false&#8221; border_width_all=&#8221;0px&#8221; global_colors_info=&#8221;{}&#8221;]<\/p>\n<p style=\"text-align: justify;\"><strong>&#8220;A MULHER&#8230; ATRAV\u00c9S DO OLHAR DE MARTINS CORREIA&#8221;<\/strong><br \/>Exposi\u00e7\u00e3o de Retrato e nu feminino (1942-1982) de pintura e escultura de Martins Correia do S\u00e9c. XX.<br \/>Martins Correia, um dos mais not\u00e1veis artistas pl\u00e1sticos nacionais contempor\u00e2neos do S\u00e9c.XX, \u00e9 considerado como o escultor da cor e das formas, tendo sido em vida agraciado com os mais distintos pr\u00e9mios.<br \/>A sele\u00e7\u00e3o levada a efeito, sob a tem\u00e1tica \u201cA Mulher\u2026 atrav\u00e9s do olhar de Martins Correia\u201d, que se pretende apresentar nesta exposi\u00e7\u00e3o tempor\u00e1ria, tem como objetivo primordial dar a conhecer um esp\u00f3lio que temos vindo a valorizar e divulgar ao longo dos \u00faltimos anos, fazendo parte das 4 exposi\u00e7\u00f5es tem\u00e1ticas do esp\u00f3lio em reserva, a levar a efeito no decorrer de 2022.<br \/>Nesta exposi\u00e7\u00e3o de retratos e nus femininos, divulgamos trabalhos que fazem parte da Reserva do Museu, consolidando o reconhecimento e valoriza\u00e7\u00e3o do patrim\u00f3nio legado por Martins Correia, \u00e0 terra que o viu nascer.<\/p>\n<p><strong>Dia:<\/strong> 08\/03\/2022 | <strong>Hora:<\/strong> 10:00:00 AM<\/p>\n<p><strong>Online:<\/strong> <a href=\"https:\/\/www.cm-golega.pt\/\" target=\"_blank\" rel=\"noopener\">https:\/\/www.cm-golega.pt\/<\/a><\/p>\n<p>[\/et_pb_toggle][\/et_pb_column][et_pb_column type=&#8221;1_4&#8243; _builder_version=&#8221;4.13.0&#8243; _module_preset=&#8221;default&#8221; background_color=&#8221;#ffffff&#8221; border_radii=&#8221;on|12px|12px|12px|12px&#8221; global_colors_info=&#8221;{}&#8221;][et_pb_text _builder_version=&#8221;4.13.0&#8243; _module_preset=&#8221;default&#8221; text_font=&#8221;Montserrat||||||||&#8221; text_font_size=&#8221;12px&#8221; text_line_height=&#8221;1.2em&#8221; custom_margin=&#8221;16px|12px|8px|12px|false|false&#8221; global_colors_info=&#8221;{}&#8221;]<\/p>\n<p><span style=\"font-size: medium; color: #c18934;\"><strong>Castro Daire<\/strong><\/span><\/p>\n<p><strong>Entidade promotora:<\/strong><br \/>C\u00e2mara Municipal de Castro Daire<\/p>\n<p><strong>Iniciativa | Atividade:<\/strong><br \/>Mem\u00f3rias do Tempo<\/p>\n<p>[\/et_pb_text][et_pb_toggle title=&#8221;Informa\u00e7\u00f5es&#8221; closed_toggle_text_color=&#8221;#759fdb&#8221; icon_color=&#8221;#e22685&#8243; toggle_icon=&#8221;&#xe03a;||divi||400&#8243; use_icon_font_size=&#8221;on&#8221; icon_font_size=&#8221;23px&#8221; _builder_version=&#8221;4.13.0&#8243; _module_preset=&#8221;default&#8221; title_font=&#8221;Montserrat|700|||||||&#8221; title_font_size=&#8221;13px&#8221; body_font=&#8221;Montserrat||||||||&#8221; body_font_size=&#8221;11px&#8221; body_line_height=&#8221;1.2em&#8221; background_color=&#8221;rgba(255,255,255,0)&#8221; custom_margin=&#8221;|||8px|false|false&#8221; custom_padding=&#8221;8px||16px|4px|false|false&#8221; border_width_all=&#8221;0px&#8221; global_colors_info=&#8221;{}&#8221;]<\/p>\n<p style=\"text-align: justify;\"><strong>Mem\u00f3rias do Tempo<\/strong><br \/>No pr\u00f3ximo dia 8 de mar\u00e7o, Dia Internacional da Mulher, inaugura no Foyer do Audit\u00f3rio do Centro Municipal de Cultura \u2013 Castro Daire, pelas 11h00, a exposi\u00e7\u00e3o &#8220;Mem\u00f3rias do Tempo\u201d. Esta exposi\u00e7\u00e3o apresenta telas, em t\u00e9cnica mista, \u00f3leo e acr\u00edlico, num total de 15 obras, da artista Juliana Oliveira em que as protagonistas s\u00e3o mulheres, enquanto forma de celebra\u00e7\u00e3o da condi\u00e7\u00e3o feminina. Juliana Oliveira nasceu em 1995. Cedo mostrou interesse por pintura e desenho. Frequenta, mais tarde o curso de Artes Pl\u00e1sticas, na Escola Superior de Artes e Design das Caldas da Rainha. Exp\u00f5e individualmente e o seu trabalho apresenta-se em pintura a \u00f3leo e t\u00e9cnica mista, cujas tem\u00e1ticas \u201cse centram no retrato e na paisagem sob uma \u00f3tica realista\u201d, afirma a artista. Patente at\u00e9 31 de mar\u00e7o.<\/p>\n<p><strong>Dia:<\/strong> 08\/03\/2022 | <strong>Hora:<\/strong> 11:00:00 AM | <strong>Local:<\/strong> Audit\u00f3rio do Centro Municipal de Cultura Mun\u00edcipes de Castro Daire<\/p>\n<p><strong>Online:<\/strong> <a href=\"https:\/\/www.facebook.com\/MunicipioCDR\/posts\/331140969040211\" target=\"_blank\" rel=\"noopener\">https:\/\/www.facebook.com\/MunicipioCDR\/posts\/331140969040211<\/a><\/p>\n<p>[\/et_pb_toggle][\/et_pb_column][\/et_pb_row][et_pb_row column_structure=&#8221;1_4,1_4,1_4,1_4&#8243; use_custom_gutter=&#8221;on&#8221; gutter_width=&#8221;2&#8243; make_equal=&#8221;on&#8221; _builder_version=&#8221;4.13.0&#8243; _module_preset=&#8221;default&#8221; background_color=&#8221;rgba(255,255,255,0)&#8221; custom_margin=&#8221;||0px||false|false&#8221; custom_padding=&#8221;||0px||false|false&#8221; locked=&#8221;off&#8221; global_colors_info=&#8221;{}&#8221;][et_pb_column type=&#8221;1_4&#8243; _builder_version=&#8221;4.13.0&#8243; _module_preset=&#8221;default&#8221; background_color=&#8221;#ffffff&#8221; border_radii=&#8221;on|12px|12px|12px|12px&#8221; global_colors_info=&#8221;{}&#8221;][et_pb_text _builder_version=&#8221;4.13.0&#8243; _module_preset=&#8221;default&#8221; text_font=&#8221;Montserrat||||||||&#8221; text_font_size=&#8221;12px&#8221; text_line_height=&#8221;1.2em&#8221; custom_margin=&#8221;16px|12px|8px|12px|false|false&#8221; global_colors_info=&#8221;{}&#8221;]<\/p>\n<p><span style=\"font-size: medium; color: #c18934;\"><strong>Castro Daire<\/strong><\/span><\/p>\n<p><strong>Entidade promotora:<\/strong><br \/>CPCJ<\/p>\n<p><strong>Iniciativa | Atividade:<\/strong><br \/>Deixe-nos cuidar de Si !<\/p>\n<p>[\/et_pb_text][et_pb_toggle title=&#8221;Informa\u00e7\u00f5es&#8221; closed_toggle_text_color=&#8221;#759fdb&#8221; icon_color=&#8221;#e22685&#8243; toggle_icon=&#8221;&#xe03a;||divi||400&#8243; use_icon_font_size=&#8221;on&#8221; icon_font_size=&#8221;23px&#8221; _builder_version=&#8221;4.13.0&#8243; _module_preset=&#8221;default&#8221; title_font=&#8221;Montserrat|700|||||||&#8221; title_font_size=&#8221;13px&#8221; body_font=&#8221;Montserrat||||||||&#8221; body_font_size=&#8221;11px&#8221; body_line_height=&#8221;1.2em&#8221; background_color=&#8221;rgba(255,255,255,0)&#8221; custom_margin=&#8221;|||8px|false|false&#8221; custom_padding=&#8221;8px||16px|4px|false|false&#8221; border_width_all=&#8221;0px&#8221; global_colors_info=&#8221;{}&#8221;]<\/p>\n<p style=\"text-align: justify;\"><strong>Deixe-nos cuidar de Si !<\/strong><br \/>A CPCJ em colabora\u00e7\u00e3o com a C\u00e2mara Municipal e a Escola Profissional Mariana Seixas de Castro Daire, v\u00e3o levar a cabo uma atividade relacionada com o DIA INTERNACIONAL DA MULHER , v\u00e3o proporcionar cuidados de beleza como : Mini Facial, Limpeza de Pele, Hidrata\u00e7\u00e3o de Rosto, Maquilhagem a todas as Mulheres que queiram aderir \u00e0 iniciativa.<\/p>\n<p><strong>Dia:<\/strong> 08\/03\/2022 | <strong>Hora:<\/strong> 9:00:00 AM | <strong>Local:<\/strong> Sala do Museu Municipal<\/p>\n<p><strong>Online:<\/strong> <a href=\"https:\/\/www.facebook.com\/permalink.php?story_fbid=1894676680740067&amp;id=333466873527730\" target=\"_blank\" rel=\"noopener\">https:\/\/www.facebook.com\/permalink.php?story_fbid=1894676680740067&amp;id=333466873527730<\/a><\/p>\n<p>[\/et_pb_toggle][\/et_pb_column][et_pb_column type=&#8221;1_4&#8243; _builder_version=&#8221;4.13.0&#8243; _module_preset=&#8221;default&#8221; background_color=&#8221;RGBA(0,0,0,0)&#8221; border_radii=&#8221;on|12px|12px|12px|12px&#8221; global_colors_info=&#8221;{}&#8221;][\/et_pb_column][et_pb_column type=&#8221;1_4&#8243; _builder_version=&#8221;4.13.0&#8243; _module_preset=&#8221;default&#8221; background_color=&#8221;rgba(255,255,255,0)&#8221; border_radii=&#8221;on|12px|12px|12px|12px&#8221; global_colors_info=&#8221;{}&#8221;][\/et_pb_column][et_pb_column type=&#8221;1_4&#8243; _builder_version=&#8221;4.13.0&#8243; _module_preset=&#8221;default&#8221; global_colors_info=&#8221;{}&#8221;][\/et_pb_column][\/et_pb_row][et_pb_row admin_label=&#8221;Vila Real&#8221; _builder_version=&#8221;4.13.0&#8243; _module_preset=&#8221;default&#8221; background_color=&#8221;#03989e&#8221; custom_margin=&#8221;24px||0px||false|false&#8221; custom_padding=&#8221;16px||16px||false|false&#8221; border_radii=&#8221;on|12px|12px|12px|12px&#8221; locked=&#8221;off&#8221; global_colors_info=&#8221;{}&#8221;][et_pb_column type=&#8221;4_4&#8243; _builder_version=&#8221;4.13.0&#8243; _module_preset=&#8221;default&#8221; global_colors_info=&#8221;{}&#8221;][et_pb_text admin_label=&#8221;Vila Real&#8221; _builder_version=&#8221;4.13.0&#8243; _module_preset=&#8221;default&#8221; text_font=&#8221;Montserrat|700|||||||&#8221; text_text_color=&#8221;#FFFFFF&#8221; text_font_size=&#8221;16px&#8221; text_letter_spacing=&#8221;1px&#8221; custom_margin=&#8221;2px||0px|20px|false|false&#8221; custom_padding=&#8221;6px||2px||false|false&#8221; global_colors_info=&#8221;{}&#8221;]<\/p>\n<p><span style=\"color: #f3d9da;\">Distrito: <\/span><span style=\"font-size: xx-large;\">Set\u00fabal<\/span><\/p>\n<p>[\/et_pb_text][\/et_pb_column][\/et_pb_row][et_pb_row column_structure=&#8221;1_4,1_4,1_4,1_4&#8243; use_custom_gutter=&#8221;on&#8221; gutter_width=&#8221;2&#8243; make_equal=&#8221;on&#8221; _builder_version=&#8221;4.13.0&#8243; _module_preset=&#8221;default&#8221; background_color=&#8221;rgba(255,255,255,0)&#8221; custom_margin=&#8221;||0px||false|false&#8221; custom_padding=&#8221;||0px||false|false&#8221; locked=&#8221;off&#8221; global_colors_info=&#8221;{}&#8221;][et_pb_column type=&#8221;1_4&#8243; _builder_version=&#8221;4.13.0&#8243; _module_preset=&#8221;default&#8221; background_color=&#8221;#FFFFFF&#8221; border_radii=&#8221;on|12px|12px|12px|12px&#8221; global_colors_info=&#8221;{}&#8221;][et_pb_text _builder_version=&#8221;4.13.0&#8243; _module_preset=&#8221;default&#8221; text_font=&#8221;Montserrat||||||||&#8221; text_font_size=&#8221;12px&#8221; text_line_height=&#8221;1.2em&#8221; custom_margin=&#8221;16px|12px|8px|12px|false|false&#8221; global_colors_info=&#8221;{}&#8221;]<\/p>\n<p><span style=\"font-size: medium; color: #c18934;\"><strong>Seixal<\/strong><\/span><\/p>\n<p><strong>Entidade promotora:<\/strong><br \/>C\u00e2mara Municipal do Seixal<\/p>\n<p><strong>Iniciativa | Atividade:<\/strong><br \/>Inaugura\u00e7\u00e3o das Sedes de MDM-N\u00facleo do Seixal<\/p>\n<p>[\/et_pb_text][et_pb_toggle title=&#8221;Informa\u00e7\u00f5es&#8221; closed_toggle_text_color=&#8221;#759fdb&#8221; icon_color=&#8221;#e22685&#8243; toggle_icon=&#8221;&#xe03a;||divi||400&#8243; use_icon_font_size=&#8221;on&#8221; icon_font_size=&#8221;23px&#8221; _builder_version=&#8221;4.13.0&#8243; _module_preset=&#8221;default&#8221; title_font=&#8221;Montserrat|700|||||||&#8221; title_font_size=&#8221;13px&#8221; body_font=&#8221;Montserrat||||||||&#8221; body_font_size=&#8221;11px&#8221; body_line_height=&#8221;1.2em&#8221; background_color=&#8221;rgba(255,255,255,0)&#8221; custom_margin=&#8221;|||8px|false|false&#8221; custom_padding=&#8221;8px||16px|4px|false|false&#8221; border_width_all=&#8221;0px&#8221; global_colors_info=&#8221;{}&#8221;]<\/p>\n<p style=\"text-align: justify;\"><strong>Inaugura\u00e7\u00e3o das Sedes de MDM-N\u00facleo do Seixal<\/strong><br \/>Inaugura\u00e7\u00e3o da nova Sede (MDM) com o objetivo de Qualificar o trabalho que a referida entidade desenvolve no munic\u00edpio. Depoimentos nas redes sociais do Munic\u00edpio.<\/p>\n<p><strong>Dia:<\/strong> 08\/03\/2022 | <strong>Hora:<\/strong> 5:30:00 PM<\/p>\n<p><strong>Online: <\/strong><a href=\"https:\/\/www.cm-seixal.pt\/\" target=\"_blank\" rel=\"noopener\">https:\/\/www.cm-seixal.pt\/<\/a> | <a href=\"https:\/\/pt-pt.facebook.com\/municipioseixal\/\" target=\"_blank\" rel=\"noopener\">https:\/\/pt-pt.facebook.com\/municipioseixal\/<\/a><a href=\"https:\/\/www.chaves.pt\/\" target=\"_blank\" rel=\"noopener\"><\/a><\/p>\n<p>[\/et_pb_toggle][\/et_pb_column][et_pb_column type=&#8221;1_4&#8243; _builder_version=&#8221;4.13.0&#8243; _module_preset=&#8221;default&#8221; background_color=&#8221;#ffffff&#8221; border_radii=&#8221;on|12px|12px|12px|12px&#8221; global_colors_info=&#8221;{}&#8221;][et_pb_text _builder_version=&#8221;4.13.0&#8243; _module_preset=&#8221;default&#8221; text_font=&#8221;Montserrat||||||||&#8221; text_font_size=&#8221;12px&#8221; text_line_height=&#8221;1.2em&#8221; custom_margin=&#8221;16px|12px|8px|12px|false|false&#8221; global_colors_info=&#8221;{}&#8221;]<\/p>\n<p><span style=\"font-size: medium; color: #c18934;\"><strong>Moita<\/strong><\/span><\/p>\n<p><strong>Entidade promotora:<\/strong><br \/>Munic\u00edpio da Moita<\/p>\n<p><strong>Iniciativa | Atividade:<\/strong><br \/>Dia da Mulher 2022<\/p>\n<p>[\/et_pb_text][et_pb_toggle title=&#8221;Informa\u00e7\u00f5es&#8221; closed_toggle_text_color=&#8221;#759fdb&#8221; icon_color=&#8221;#e22685&#8243; toggle_icon=&#8221;&#xe03a;||divi||400&#8243; use_icon_font_size=&#8221;on&#8221; icon_font_size=&#8221;23px&#8221; _builder_version=&#8221;4.13.0&#8243; _module_preset=&#8221;default&#8221; title_font=&#8221;Montserrat|700|||||||&#8221; title_font_size=&#8221;13px&#8221; body_font=&#8221;Montserrat||||||||&#8221; body_font_size=&#8221;11px&#8221; body_line_height=&#8221;1.2em&#8221; background_color=&#8221;rgba(255,255,255,0)&#8221; custom_margin=&#8221;|||8px|false|false&#8221; custom_padding=&#8221;8px||16px|4px|false|false&#8221; border_width_all=&#8221;0px&#8221; global_colors_info=&#8221;{}&#8221;]<\/p>\n<p style=\"text-align: justify;\"><strong>Dia da Mulher 2022<\/strong><br \/>Para assinalar, distintivamente, este Dia Internacional da Mulher 2022 e como forma de homenagear todas as trabalhadoras da autarquia e todas as mulheres do concelho, a C\u00e2mara Municipal da Moita desafiou alguns dos rostos que contribuem diariamente para prestar um melhor servi\u00e7o p\u00fablico \u00e0 nossa popula\u00e7\u00e3o, a participar na grava\u00e7\u00e3o de um v\u00eddeo dedicado \u00e0 mulher.<\/p>\n<p><strong>Dia:<\/strong> 08\/03\/2022 | <strong>Hora:<\/strong> 8:00:00 AM<\/p>\n<p><strong>Online: <\/strong><a href=\"https:\/\/www.facebook.com\/cmmoita%20\" target=\"_blank\" rel=\"noopener\">https:\/\/www.facebook.com\/cmmoita<\/a><a href=\"https:\/\/www.chaves.pt\/\" target=\"_blank\" rel=\"noopener\"><\/a><\/p>\n<p>[\/et_pb_toggle][\/et_pb_column][et_pb_column type=&#8221;1_4&#8243; _builder_version=&#8221;4.13.0&#8243; _module_preset=&#8221;default&#8221; background_color=&#8221;#ffffff&#8221; border_radii=&#8221;on|12px|12px|12px|12px&#8221; global_colors_info=&#8221;{}&#8221;][et_pb_text _builder_version=&#8221;4.13.0&#8243; _module_preset=&#8221;default&#8221; text_font=&#8221;Montserrat||||||||&#8221; text_font_size=&#8221;12px&#8221; text_line_height=&#8221;1.2em&#8221; custom_margin=&#8221;16px|12px|8px|12px|false|false&#8221; global_colors_info=&#8221;{}&#8221;]<\/p>\n<p><span style=\"font-size: medium; color: #c18934;\"><strong>Set\u00fabal<\/strong><\/span><\/p>\n<p><strong>Entidade promotora:<\/strong><br \/>SEIES &#8211; Sociedade de Estudos e Interven\u00e7\u00e3o em Engenharia Social, Crl<\/p>\n<p><strong>Iniciativa | Atividade:<\/strong><br \/>MULHER: MENSAGENS ANTI-VIOL\u00caNCIA<\/p>\n<p>[\/et_pb_text][et_pb_toggle title=&#8221;Informa\u00e7\u00f5es&#8221; closed_toggle_text_color=&#8221;#759fdb&#8221; icon_color=&#8221;#e22685&#8243; toggle_icon=&#8221;&#xe03a;||divi||400&#8243; use_icon_font_size=&#8221;on&#8221; icon_font_size=&#8221;23px&#8221; _builder_version=&#8221;4.13.0&#8243; _module_preset=&#8221;default&#8221; title_font=&#8221;Montserrat|700|||||||&#8221; title_font_size=&#8221;13px&#8221; body_font=&#8221;Montserrat||||||||&#8221; body_font_size=&#8221;11px&#8221; body_line_height=&#8221;1.2em&#8221; background_color=&#8221;rgba(255,255,255,0)&#8221; custom_margin=&#8221;|||8px|false|false&#8221; custom_padding=&#8221;8px||16px|4px|false|false&#8221; border_width_all=&#8221;0px&#8221; global_colors_info=&#8221;{}&#8221;]<\/p>\n<p style=\"text-align: justify;\"><strong>MULHER: MENSAGENS ANTI-VIOL\u00caNCIA<\/strong><br \/>Integrada no programa Mar\u00e7o Mulher 2022 &#8211; sob o tema IGUALDADE NA COMUNIDADE de 7 a 13\/03, e organizada pela CASA DA POESIA, esta atividade promove a coloca\u00e7\u00e3o de POEMAS no gradeamento e vitrine. Os associados ser\u00e3o convidados a escrever mensagens para exposi\u00e7\u00e3o. Neste dia, da parte da tarde, ser\u00e3o colocados pequenos postais com frases alusivas ao Dia Internacional da Mulher, nos mais diversos lugares da cidade.<\/p>\n<p><strong>Dia:<\/strong> 08\/03\/2022 | <strong>Hora:<\/strong> 10:00:00 AM<\/p>\n<p><strong>Online: <\/strong><a href=\"https:\/\/www.facebook.com\/Mar\u00e7o-Mulher\" target=\"_blank\" rel=\"noopener\">https:\/\/www.facebook.com\/Mar\u00e7o-Mulher<\/a><a href=\"https:\/\/www.chaves.pt\/\" target=\"_blank\" rel=\"noopener\"><\/a><\/p>\n<p>[\/et_pb_toggle][\/et_pb_column][et_pb_column type=&#8221;1_4&#8243; _builder_version=&#8221;4.13.0&#8243; _module_preset=&#8221;default&#8221; background_color=&#8221;#ffffff&#8221; border_radii=&#8221;on|12px|12px|12px|12px&#8221; global_colors_info=&#8221;{}&#8221;][et_pb_text _builder_version=&#8221;4.13.0&#8243; _module_preset=&#8221;default&#8221; text_font=&#8221;Montserrat||||||||&#8221; text_font_size=&#8221;12px&#8221; text_line_height=&#8221;1.2em&#8221; custom_margin=&#8221;16px|12px|8px|12px|false|false&#8221; global_colors_info=&#8221;{}&#8221;]<\/p>\n<p><span style=\"font-size: medium; color: #c18934;\"><strong>Set\u00fabal<\/strong><\/span><\/p>\n<p><strong>Entidade promotora:<\/strong><br \/>SEIES &#8211; Sociedade de Estudos e Interven\u00e7\u00e3o em Engenharia Social, Crl<\/p>\n<p><strong>Iniciativa | Atividade:<\/strong><br \/>PINTURA AO VIVO<\/p>\n<p>[\/et_pb_text][et_pb_toggle title=&#8221;Informa\u00e7\u00f5es&#8221; closed_toggle_text_color=&#8221;#759fdb&#8221; icon_color=&#8221;#e22685&#8243; toggle_icon=&#8221;&#xe03a;||divi||400&#8243; use_icon_font_size=&#8221;on&#8221; icon_font_size=&#8221;23px&#8221; _builder_version=&#8221;4.13.0&#8243; _module_preset=&#8221;default&#8221; title_font=&#8221;Montserrat|700|||||||&#8221; title_font_size=&#8221;13px&#8221; body_font=&#8221;Montserrat||||||||&#8221; body_font_size=&#8221;11px&#8221; body_line_height=&#8221;1.2em&#8221; background_color=&#8221;rgba(255,255,255,0)&#8221; custom_margin=&#8221;|||8px|false|false&#8221; custom_padding=&#8221;8px||16px|4px|false|false&#8221; border_width_all=&#8221;0px&#8221; global_colors_info=&#8221;{}&#8221;]<\/p>\n<p style=\"text-align: justify;\"><strong>PINTURA AO VIVO<\/strong><br \/>Integrada no programa Mar\u00e7o Mulher 2022 &#8211; sob o tema IGUALDADE NA COMUNIDADE de 7 a 13\/03, e organizada pela ARTISET &#8211; v\u00e1rias\/os artistas associadas\/os, esta actividade promove a cria\u00e7\u00e3o art\u00edstica pela Igualdade. Convite \u00e0 participa\u00e7\u00e3o em pintura livre.<\/p>\n<p><strong>Dia:<\/strong> 08\/03\/2022 | <strong>Hora:<\/strong> 2:00:00 PM<\/p>\n<p><strong>Online: <\/strong><a href=\"https:\/\/www.facebook.com\/Mar\u00e7o-Mulher\" target=\"_blank\" rel=\"noopener\">https:\/\/www.facebook.com\/Mar\u00e7o-Mulher<\/a><a href=\"https:\/\/www.chaves.pt\/\" target=\"_blank\" rel=\"noopener\"><\/a><\/p>\n<p>[\/et_pb_toggle][\/et_pb_column][\/et_pb_row][et_pb_row column_structure=&#8221;1_4,1_4,1_4,1_4&#8243; use_custom_gutter=&#8221;on&#8221; gutter_width=&#8221;2&#8243; make_equal=&#8221;on&#8221; _builder_version=&#8221;4.13.0&#8243; _module_preset=&#8221;default&#8221; background_color=&#8221;rgba(255,255,255,0)&#8221; custom_margin=&#8221;||0px||false|false&#8221; custom_padding=&#8221;||0px||false|false&#8221; locked=&#8221;off&#8221; global_colors_info=&#8221;{}&#8221;][et_pb_column type=&#8221;1_4&#8243; _builder_version=&#8221;4.13.0&#8243; _module_preset=&#8221;default&#8221; background_color=&#8221;#FFFFFF&#8221; border_radii=&#8221;on|12px|12px|12px|12px&#8221; global_colors_info=&#8221;{}&#8221;][et_pb_text _builder_version=&#8221;4.13.0&#8243; _module_preset=&#8221;default&#8221; text_font=&#8221;Montserrat||||||||&#8221; text_font_size=&#8221;12px&#8221; text_line_height=&#8221;1.2em&#8221; custom_margin=&#8221;16px|12px|8px|12px|false|false&#8221; global_colors_info=&#8221;{}&#8221;]<\/p>\n<p><span style=\"font-size: medium; color: #c18934;\"><strong>Set\u00fabal<\/strong><\/span><\/p>\n<p><strong>Entidade promotora:<\/strong><br \/>SEIES &#8211; Sociedade de Estudos e Interven\u00e7\u00e3o em Engenharia Social, Crl<\/p>\n<p><strong>Iniciativa | Atividade:<\/strong><br \/>SET\u00daBAL COM + IGUALDADE<\/p>\n<p>[\/et_pb_text][et_pb_toggle title=&#8221;Informa\u00e7\u00f5es&#8221; closed_toggle_text_color=&#8221;#759fdb&#8221; icon_color=&#8221;#e22685&#8243; toggle_icon=&#8221;&#xe03a;||divi||400&#8243; use_icon_font_size=&#8221;on&#8221; icon_font_size=&#8221;23px&#8221; _builder_version=&#8221;4.13.0&#8243; _module_preset=&#8221;default&#8221; title_font=&#8221;Montserrat|700|||||||&#8221; title_font_size=&#8221;13px&#8221; body_font=&#8221;Montserrat||||||||&#8221; body_font_size=&#8221;11px&#8221; body_line_height=&#8221;1.2em&#8221; background_color=&#8221;rgba(255,255,255,0)&#8221; custom_margin=&#8221;|||8px|false|false&#8221; custom_padding=&#8221;8px||16px|4px|false|false&#8221; border_width_all=&#8221;0px&#8221; global_colors_info=&#8221;{}&#8221;]<\/p>\n<p style=\"text-align: justify;\"><strong>SET\u00daBAL COM + IGUALDADE<\/strong><br \/>Integrada no programa Mar\u00e7o Mulher 2022 &#8211; sob o tema IGUALDADE NA COMUNIDADE de 7 a 13\/03, e organizada pela SEIES, esta actividade promove uma A\u00c7\u00c3O DE RUA de ausculta\u00e7\u00e3o da popula\u00e7\u00e3o e divulga\u00e7\u00e3o de propostas para promo\u00e7\u00e3o da Igualdade no nosso pa\u00eds, e no Mundo \u2013 constru\u00e7\u00e3o de um Mural com mensagens e propostas, cartazes, imagens, fotos, registos de voz, etc&#8230; [Das 15h00 \u00e0s 18h00]<\/p>\n<p><strong>Dia:<\/strong> 08\/03\/2022 | <strong>Hora:<\/strong> 3:00:00 PM<\/p>\n<p><strong>Online: <\/strong><a href=\"https:\/\/www.facebook.com\/Mar\u00e7o-Mulher\">https:\/\/www.facebook.com\/Mar\u00e7o-Mulher<\/a><a href=\"https:\/\/www.chaves.pt\/\" target=\"_blank\" rel=\"noopener\"><\/a><\/p>\n<p>[\/et_pb_toggle][\/et_pb_column][et_pb_column type=&#8221;1_4&#8243; _builder_version=&#8221;4.13.0&#8243; _module_preset=&#8221;default&#8221; background_color=&#8221;#ffffff&#8221; border_radii=&#8221;on|12px|12px|12px|12px&#8221; global_colors_info=&#8221;{}&#8221;][et_pb_text _builder_version=&#8221;4.13.0&#8243; _module_preset=&#8221;default&#8221; text_font=&#8221;Montserrat||||||||&#8221; text_font_size=&#8221;12px&#8221; text_line_height=&#8221;1.2em&#8221; custom_margin=&#8221;16px|12px|8px|12px|false|false&#8221; global_colors_info=&#8221;{}&#8221;]<\/p>\n<p><span style=\"font-size: medium; color: #c18934;\"><strong>Set\u00fabal<\/strong><\/span><\/p>\n<p><strong>Entidade promotora:<\/strong><br \/>SEIES &#8211; Sociedade de Estudos e Interven\u00e7\u00e3o em Engenharia Social, Crl<\/p>\n<p><strong>Iniciativa | Atividade:<\/strong><br \/>COMUNIDADE ACAD\u00c9MICA EM CLIMA DE IGUALDADE<\/p>\n<p>[\/et_pb_text][et_pb_toggle title=&#8221;Informa\u00e7\u00f5es&#8221; closed_toggle_text_color=&#8221;#759fdb&#8221; icon_color=&#8221;#e22685&#8243; toggle_icon=&#8221;&#xe03a;||divi||400&#8243; use_icon_font_size=&#8221;on&#8221; icon_font_size=&#8221;23px&#8221; _builder_version=&#8221;4.13.0&#8243; _module_preset=&#8221;default&#8221; title_font=&#8221;Montserrat|700|||||||&#8221; title_font_size=&#8221;13px&#8221; body_font=&#8221;Montserrat||||||||&#8221; body_font_size=&#8221;11px&#8221; body_line_height=&#8221;1.2em&#8221; background_color=&#8221;rgba(255,255,255,0)&#8221; custom_margin=&#8221;|||8px|false|false&#8221; custom_padding=&#8221;8px||16px|4px|false|false&#8221; border_width_all=&#8221;0px&#8221; global_colors_info=&#8221;{}&#8221;]<\/p>\n<p style=\"text-align: justify;\"><strong>COMUNIDADE ACAD\u00c9MICA EM CLIMA DE IGUALDADE<\/strong><br \/>Integrada no programa Mar\u00e7o Mulher 2022 &#8211; sob o tema IGUALDADE NA COMUNIDADE de 7 a 13\/03, e organizada pela Escola Superior de Sa\u00fade do Instituto Polit\u00e9cnico de Set\u00fabal (ESS\/IPS) &#8211; 3\u00ba ano do 20\u00ba Curso de Licenciatura em Enfermagem , esta actividade promove a DIVULGA\u00c7\u00c3O do Dia Internacional da Mulher. [Das 17h30 \u00e0s 18h30]<\/p>\n<p><strong>Dia:<\/strong> 08\/03\/2022 | <strong>Hora:<\/strong> 5:30:00 PM<\/p>\n<p><strong>Online: <\/strong><a href=\"https:\/\/www.facebook.com\/Mar\u00e7o-Mulher\">https:\/\/www.facebook.com\/Mar\u00e7o-Mulher<\/a><a href=\"https:\/\/www.chaves.pt\/\" target=\"_blank\" rel=\"noopener\"><\/a><\/p>\n<p>[\/et_pb_toggle][\/et_pb_column][et_pb_column type=&#8221;1_4&#8243; _builder_version=&#8221;4.13.0&#8243; _module_preset=&#8221;default&#8221; background_color=&#8221;#ffffff&#8221; border_radii=&#8221;on|12px|12px|12px|12px&#8221; global_colors_info=&#8221;{}&#8221;][et_pb_text _builder_version=&#8221;4.13.0&#8243; _module_preset=&#8221;default&#8221; text_font=&#8221;Montserrat||||||||&#8221; text_font_size=&#8221;12px&#8221; text_line_height=&#8221;1.2em&#8221; custom_margin=&#8221;16px|12px|8px|12px|false|false&#8221; global_colors_info=&#8221;{}&#8221;]<\/p>\n<p><span style=\"font-size: medium; color: #c18934;\"><strong>Set\u00fabal<\/strong><\/span><\/p>\n<p><strong>Entidade promotora:<\/strong><br \/>SEIES &#8211; Sociedade de Estudos e Interven\u00e7\u00e3o em Engenharia Social, Crl<\/p>\n<p><strong>Iniciativa | Atividade:<\/strong><br \/>CONCENTRA\u00c7\u00c3O \u2013SET\u00daBAL TEM VOZ!<\/p>\n<p>[\/et_pb_text][et_pb_toggle title=&#8221;Informa\u00e7\u00f5es&#8221; closed_toggle_text_color=&#8221;#759fdb&#8221; icon_color=&#8221;#e22685&#8243; toggle_icon=&#8221;&#xe03a;||divi||400&#8243; use_icon_font_size=&#8221;on&#8221; icon_font_size=&#8221;23px&#8221; _builder_version=&#8221;4.13.0&#8243; _module_preset=&#8221;default&#8221; title_font=&#8221;Montserrat|700|||||||&#8221; title_font_size=&#8221;13px&#8221; body_font=&#8221;Montserrat||||||||&#8221; body_font_size=&#8221;11px&#8221; body_line_height=&#8221;1.2em&#8221; background_color=&#8221;rgba(255,255,255,0)&#8221; custom_margin=&#8221;|||8px|false|false&#8221; custom_padding=&#8221;8px||16px|4px|false|false&#8221; border_width_all=&#8221;0px&#8221; global_colors_info=&#8221;{}&#8221;]<\/p>\n<p style=\"text-align: justify;\"><strong>CONCENTRA\u00c7\u00c3O \u2013SET\u00daBAL TEM VOZ!<\/strong><br \/>Integrada no programa Mar\u00e7o Mulher 2022 &#8211; sob o tema IGUALDADE NA COMUNIDADE de 7 a 13\/03, e organizada pela SEIES com o apoio da CMS, esta atividade promove uma CONCENTRA\u00c7\u00c3O que pretende proporcionar um MOMENTO DE AFIRMA\u00c7\u00c3O das organiza\u00e7\u00f5es e popula\u00e7\u00e3o pela Igualdade entre Homens e Mulheres: Sauda\u00e7\u00f5es com micro aberto \u2013 entidades e organiza\u00e7\u00f5es do Concelho. Junta a tua \u00e0 nossa voz! [Das 17h30 \u00e0s 18h30].<\/p>\n<p><strong>Dia:<\/strong> 08\/03\/2022 | <strong>Hora:<\/strong> 5:30:00 PM<\/p>\n<p><strong>Online: <\/strong><a href=\"https:\/\/www.facebook.com\/Mar\u00e7o-Mulher\" target=\"_blank\" rel=\"noopener\">https:\/\/www.facebook.com\/Mar\u00e7o-Mulher<\/a><a href=\"https:\/\/www.chaves.pt\/\" target=\"_blank\" rel=\"noopener\"><\/a><\/p>\n<p>[\/et_pb_toggle][\/et_pb_column][et_pb_column type=&#8221;1_4&#8243; _builder_version=&#8221;4.13.0&#8243; _module_preset=&#8221;default&#8221; background_color=&#8221;#FFFFFF&#8221; border_radii=&#8221;on|12px|12px|12px|12px&#8221; global_colors_info=&#8221;{}&#8221;][et_pb_text _builder_version=&#8221;4.13.0&#8243; _module_preset=&#8221;default&#8221; text_font=&#8221;Montserrat||||||||&#8221; text_font_size=&#8221;12px&#8221; text_line_height=&#8221;1.2em&#8221; custom_margin=&#8221;16px|12px|8px|12px|false|false&#8221; global_colors_info=&#8221;{}&#8221;]<\/p>\n<p><span style=\"font-size: medium; color: #c18934;\"><strong>Palmela<\/strong><\/span><\/p>\n<p><strong>Entidade promotora:<\/strong><br \/><span>C\u00e2mara Municipal de Palmela <\/span><\/p>\n<p><strong>Iniciativa | Atividade:<\/strong><br \/><span>Lanche-conv\u00edvio Dia Internacional da Mulher <\/span><\/p>\n<p>[\/et_pb_text][et_pb_toggle title=&#8221;Informa\u00e7\u00f5es&#8221; closed_toggle_text_color=&#8221;#759fdb&#8221; icon_color=&#8221;#e22685&#8243; toggle_icon=&#8221;&#xe03a;||divi||400&#8243; use_icon_font_size=&#8221;on&#8221; icon_font_size=&#8221;23px&#8221; _builder_version=&#8221;4.13.0&#8243; _module_preset=&#8221;default&#8221; title_font=&#8221;Montserrat|700|||||||&#8221; title_font_size=&#8221;13px&#8221; body_font=&#8221;Montserrat||||||||&#8221; body_font_size=&#8221;11px&#8221; body_line_height=&#8221;1.2em&#8221; background_color=&#8221;rgba(255,255,255,0)&#8221; custom_margin=&#8221;|||8px|false|false&#8221; custom_padding=&#8221;8px||16px|4px|false|false&#8221; border_width_all=&#8221;0px&#8221; global_colors_info=&#8221;{}&#8221;]<\/p>\n<p style=\"text-align: justify;\"><span>Momento de Convivio com o mote &#8220;Cuide de Si&#8221; Pequena caminhada na QUINTA de S\u00e3o Paulo\/Convento Sess\u00e3o de Atividade fisica : \u201cMexa-se bem no trabalho\u201d Lanche com anima\u00e7\u00e3o musical<\/span><\/p>\n<p><strong>Dia:<\/strong> 08\/03\/2022 | <strong>Hora:<\/strong> 14:30:00\u00a0<\/p>\n<p><strong>Destinat\u00e1rias: <\/strong>Trabalhadoras das autarquias do concelho de Palmela<\/p>\n<p>&nbsp;<\/p>\n<p>[\/et_pb_toggle][\/et_pb_column][\/et_pb_row][et_pb_row column_structure=&#8221;1_4,1_4,1_4,1_4&#8243; use_custom_gutter=&#8221;on&#8221; gutter_width=&#8221;2&#8243; make_equal=&#8221;on&#8221; _builder_version=&#8221;4.13.0&#8243; _module_preset=&#8221;default&#8221; background_color=&#8221;rgba(255,255,255,0)&#8221; custom_margin=&#8221;||0px||false|false&#8221; custom_padding=&#8221;||0px||false|false&#8221; hover_enabled=&#8221;0&#8243; locked=&#8221;off&#8221; global_colors_info=&#8221;{}&#8221; sticky_enabled=&#8221;0&#8243;][et_pb_column type=&#8221;1_4&#8243; _builder_version=&#8221;4.13.0&#8243; _module_preset=&#8221;default&#8221; background_color=&#8221;#FFFFFF&#8221; border_radii=&#8221;on|12px|12px|12px|12px&#8221; global_colors_info=&#8221;{}&#8221;][et_pb_text _builder_version=&#8221;4.13.0&#8243; _module_preset=&#8221;default&#8221; text_font=&#8221;Montserrat||||||||&#8221; text_font_size=&#8221;12px&#8221; text_line_height=&#8221;1.2em&#8221; custom_margin=&#8221;16px|12px|8px|12px|false|false&#8221; global_colors_info=&#8221;{}&#8221;]<\/p>\n<p><span style=\"font-size: medium; color: #c18934;\"><strong>Gr\u00e2ndola<\/strong><\/span><\/p>\n<p><strong>Entidade promotora:<\/strong><br \/>USG &#8211; Universidade S\u00e9nior de Gr\u00e2ndola \/ Munic\u00edpio de Gr\u00e2ndola<\/p>\n<p><strong>Iniciativa | Atividade:<\/strong><br \/>Actividade S\u00e9nior Dia da Mulher<\/p>\n<p>[\/et_pb_text][et_pb_toggle title=&#8221;Informa\u00e7\u00f5es&#8221; closed_toggle_text_color=&#8221;#759fdb&#8221; icon_color=&#8221;#e22685&#8243; toggle_icon=&#8221;&#xe03a;||divi||400&#8243; use_icon_font_size=&#8221;on&#8221; icon_font_size=&#8221;23px&#8221; _builder_version=&#8221;4.13.0&#8243; _module_preset=&#8221;default&#8221; title_font=&#8221;Montserrat|700|||||||&#8221; title_font_size=&#8221;13px&#8221; body_font=&#8221;Montserrat||||||||&#8221; body_font_size=&#8221;11px&#8221; body_line_height=&#8221;1.2em&#8221; background_color=&#8221;rgba(255,255,255,0)&#8221; custom_margin=&#8221;|||8px|false|false&#8221; custom_padding=&#8221;8px||16px|4px|false|false&#8221; border_width_all=&#8221;0px&#8221; global_colors_info=&#8221;{}&#8221;]<\/p>\n<p style=\"text-align: justify;\"><strong>Actividade S\u00e9nior Dia da Mulher<\/strong><br \/>Exibi\u00e7\u00e3o de document\u00e1rio sobre Mulheres, seguindo-se a apresenta\u00e7\u00e3o, pelas professoras de Artes Decorativas e Express\u00e3o Teatral e pelo Professor de Hist\u00f3ria Local, de 3 mulheres que se destacaram na \u00e1rea das suas disciplinas.<\/p>\n<p><strong>Dia:<\/strong> 08\/03\/2022 | <strong>Hora:<\/strong> 3:00:00 PM<\/p>\n<p><strong>Online: <\/strong>Facebook Universidade S\u00e9nior de Gr\u00e2ndola<a href=\"https:\/\/www.chaves.pt\/\" target=\"_blank\" rel=\"noopener\"><\/a><\/p>\n<p>[\/et_pb_toggle][\/et_pb_column][et_pb_column type=&#8221;1_4&#8243; _builder_version=&#8221;4.13.0&#8243; _module_preset=&#8221;default&#8221; background_color=&#8221;#ffffff&#8221; border_radii=&#8221;on|12px|12px|12px|12px&#8221; global_colors_info=&#8221;{}&#8221;][et_pb_text _builder_version=&#8221;4.13.0&#8243; _module_preset=&#8221;default&#8221; text_font=&#8221;Montserrat||||||||&#8221; text_font_size=&#8221;12px&#8221; text_line_height=&#8221;1.2em&#8221; custom_margin=&#8221;16px|12px|8px|12px|false|false&#8221; global_colors_info=&#8221;{}&#8221;]<\/p>\n<p><span style=\"font-size: medium; color: #c18934;\"><strong>Gr\u00e2ndola<\/strong><\/span><\/p>\n<p><strong>Entidade promotora:<\/strong><br \/>Munc\u00edpio de Gr\u00e2ndola<\/p>\n<p><strong>Iniciativa | Atividade:<\/strong><br \/>Comemora\u00e7\u00f5es do Dia Internacional da Mulher<\/p>\n<p>[\/et_pb_text][et_pb_toggle title=&#8221;Informa\u00e7\u00f5es&#8221; closed_toggle_text_color=&#8221;#759fdb&#8221; icon_color=&#8221;#e22685&#8243; toggle_icon=&#8221;&#xe03a;||divi||400&#8243; use_icon_font_size=&#8221;on&#8221; icon_font_size=&#8221;23px&#8221; _builder_version=&#8221;4.13.0&#8243; _module_preset=&#8221;default&#8221; title_font=&#8221;Montserrat|700|||||||&#8221; title_font_size=&#8221;13px&#8221; body_font=&#8221;Montserrat||||||||&#8221; body_font_size=&#8221;11px&#8221; body_line_height=&#8221;1.2em&#8221; background_color=&#8221;rgba(255,255,255,0)&#8221; custom_margin=&#8221;|||8px|false|false&#8221; custom_padding=&#8221;8px||16px|4px|false|false&#8221; border_width_all=&#8221;0px&#8221; global_colors_info=&#8221;{}&#8221;]<\/p>\n<p style=\"text-align: justify;\"><strong>Comemora\u00e7\u00f5es do Dia Internacional da Mulher<\/strong><br \/>4 mar\u00e7o: Inaugura\u00e7\u00e3o da exposi\u00e7\u00e3o &#8220;Sempre Mulher&#8221;; 5 mar\u00e7o: Teatro &#8220;A Lua \u00e9 a Lua em Buenos Aires e em Lisboa&#8221;; 8 mar\u00e7o: Oferta institucional de Cravos e postais comemorativos do Dia Internacional da Mulher&#8221;; 8 mar\u00e7o: Exibi\u00e7\u00e3o document\u00e1rio &#8220;&#8221;I am Greta&#8221; sobre Greta Thunberg.<\/p>\n<p><strong>Dia:<\/strong> 08\/03\/2022 | <strong>Hora:<\/strong> 9:00:00 AM<\/p>\n<p><strong>Online: <\/strong><a href=\"https:\/\/www.cm-grandola.pt\/\" target=\"_blank\" rel=\"noopener\">https:\/\/www.cm-grandola.pt\/<\/a><a href=\"https:\/\/www.chaves.pt\/\" target=\"_blank\" rel=\"noopener\"><\/a><\/p>\n<p>[\/et_pb_toggle][\/et_pb_column][et_pb_column type=&#8221;1_4&#8243; _builder_version=&#8221;4.13.0&#8243; _module_preset=&#8221;default&#8221; background_color=&#8221;#ffffff&#8221; border_radii=&#8221;on|12px|12px|12px|12px&#8221; global_colors_info=&#8221;{}&#8221;][et_pb_text _builder_version=&#8221;4.13.0&#8243; _module_preset=&#8221;default&#8221; text_font=&#8221;Montserrat||||||||&#8221; text_font_size=&#8221;12px&#8221; text_line_height=&#8221;1.2em&#8221; custom_margin=&#8221;16px|12px|8px|12px|false|false&#8221; global_colors_info=&#8221;{}&#8221;]<\/p>\n<p><span style=\"font-size: medium; color: #c18934;\"><strong>Palmela<\/strong><\/span><\/p>\n<p><strong>Entidade promotora:<\/strong><br \/><span>C\u00e2mara Municipal de Palmela <\/span><\/p>\n<p><strong>Iniciativa | Atividade:<\/strong><br \/>Sauda\u00e7\u00e3o &#8211; Dia Internacional da Mulher &#8211; Reuni\u00e3o Publica de C\u00e2mara Municipal de Palmela<\/p>\n<p>[\/et_pb_text][et_pb_toggle title=&#8221;Informa\u00e7\u00f5es&#8221; closed_toggle_text_color=&#8221;#759fdb&#8221; icon_color=&#8221;#e22685&#8243; toggle_icon=&#8221;&#xe03a;||divi||400&#8243; use_icon_font_size=&#8221;on&#8221; icon_font_size=&#8221;23px&#8221; _builder_version=&#8221;4.13.0&#8243; _module_preset=&#8221;default&#8221; title_font=&#8221;Montserrat|700|||||||&#8221; title_font_size=&#8221;13px&#8221; body_font=&#8221;Montserrat||||||||&#8221; body_font_size=&#8221;11px&#8221; body_line_height=&#8221;1.2em&#8221; background_color=&#8221;rgba(255,255,255,0)&#8221; custom_margin=&#8221;|||8px|false|false&#8221; custom_padding=&#8221;8px||16px|4px|false|false&#8221; border_width_all=&#8221;0px&#8221; global_colors_info=&#8221;{}&#8221;]<\/p>\n<p style=\"text-align: justify;\"><span><strong>Sauda\u00e7\u00e3o &#8211; Dia Internacional da Mulher &#8211; Reuni\u00e3o Publica de C\u00e2mara Municipal de Palmela<\/strong><br \/>Munic\u00edpio de Palmela sa\u00fada Dia Internacional da Mulher : duas sauda\u00e7\u00f5es ao Dia Internacional da Mulher (8 de mar\u00e7o) apresentadas pela CDU e pelo PS. Aprovadas, por unanimidade, na reuni\u00e3o p\u00fablica do Executivo de 2 de mar\u00e7o.<br \/><\/span><\/p>\n<p><strong>Dia:<\/strong> 02\/03\/2022 | <strong>Hora:<\/strong> 3:00:00 PM<\/p>\n<p><strong>Online: <\/strong><a href=\"https:\/\/www.cm-palmela.pt\/viver\/noticias\/noticia\/municipio-de-palmela-sauda-dia-internacional-da-mulher\" target=\"_blank\" rel=\"noopener\">https:\/\/www.cm-palmela.pt\/viver\/noticias\/noticia\/municipio-de-palmela-sauda-dia-internacional-da-mulher<\/a><\/p>\n<p>&nbsp;<\/p>\n<p>[\/et_pb_toggle][\/et_pb_column][et_pb_column type=&#8221;1_4&#8243; _builder_version=&#8221;4.13.0&#8243; _module_preset=&#8221;default&#8221; background_color=&#8221;#FFFFFF&#8221; hover_enabled=&#8221;0&#8243; border_radii=&#8221;on|12px|12px|12px|12px&#8221; global_colors_info=&#8221;{}&#8221; sticky_enabled=&#8221;0&#8243;][et_pb_text _builder_version=&#8221;4.13.0&#8243; _module_preset=&#8221;default&#8221; text_font=&#8221;Montserrat||||||||&#8221; text_font_size=&#8221;12px&#8221; text_line_height=&#8221;1.2em&#8221; custom_margin=&#8221;16px|12px|8px|12px|false|false&#8221; link_option_url=&#8221;https:\/\/www.cm-almada.pt\/sites\/default\/files\/2022-02\/Programa_Dia_Internacional_Mulher_2022.pdf&#8221; link_option_url_new_window=&#8221;on&#8221; global_colors_info=&#8221;{}&#8221;]<\/p>\n<p><span style=\"font-size: medium; color: #c18934;\"><strong>Almada<\/strong><\/span><\/p>\n<p><strong>Entidade promotora:<\/strong><br \/>C\u00e2mara Municipal de Almada<\/p>\n<p><strong>Iniciativa | Atividade:<\/strong><br \/>V\u00e1rias iniciativas<\/p>\n<p>[\/et_pb_text][et_pb_toggle title=&#8221;Informa\u00e7\u00f5es&#8221; closed_toggle_text_color=&#8221;#759fdb&#8221; icon_color=&#8221;#e22685&#8243; toggle_icon=&#8221;&#xe03a;||divi||400&#8243; use_icon_font_size=&#8221;on&#8221; icon_font_size=&#8221;23px&#8221; _builder_version=&#8221;4.13.0&#8243; _module_preset=&#8221;default&#8221; title_font=&#8221;Montserrat|700|||||||&#8221; title_font_size=&#8221;13px&#8221; body_font=&#8221;Montserrat||||||||&#8221; body_font_size=&#8221;11px&#8221; body_line_height=&#8221;1.2em&#8221; background_color=&#8221;rgba(255,255,255,0)&#8221; custom_margin=&#8221;|||8px|false|false&#8221; custom_padding=&#8221;8px||16px|4px|false|false&#8221; link_option_url=&#8221;https:\/\/www.cm-almada.pt\/sites\/default\/files\/2022-02\/Programa_Dia_Internacional_Mulher_2022.pdf&#8221; link_option_url_new_window=&#8221;on&#8221; border_width_all=&#8221;0px&#8221; global_colors_info=&#8221;{}&#8221;]<\/p>\n<p>4 a 30 de mar\u00e7o<\/p>\n<p>Consulte o programa em <a href=\"https:\/\/www.cm-almada.pt\/sites\/default\/files\/2022-02\/Programa_Dia_Internacional_Mulher_2022.pdf\" target=\"_blank\" rel=\"noopener\">https:\/\/www.cm-almada.pt\/sites\/default\/files\/2022-02\/Programa_Dia_Internacional_Mulher_2022.pdf<\/a><\/p>\n<p>[\/et_pb_toggle][\/et_pb_column][\/et_pb_row][et_pb_row admin_label=&#8221;Vila Real&#8221; _builder_version=&#8221;4.13.0&#8243; _module_preset=&#8221;default&#8221; background_color=&#8221;#03989e&#8221; custom_margin=&#8221;24px||0px||false|false&#8221; custom_padding=&#8221;16px||16px||false|false&#8221; border_radii=&#8221;on|12px|12px|12px|12px&#8221; locked=&#8221;off&#8221; global_colors_info=&#8221;{}&#8221;][et_pb_column type=&#8221;4_4&#8243; _builder_version=&#8221;4.13.0&#8243; _module_preset=&#8221;default&#8221; global_colors_info=&#8221;{}&#8221;][et_pb_text admin_label=&#8221;Vila Real&#8221; _builder_version=&#8221;4.13.0&#8243; _module_preset=&#8221;default&#8221; text_font=&#8221;Montserrat|700|||||||&#8221; text_text_color=&#8221;#FFFFFF&#8221; text_font_size=&#8221;16px&#8221; text_letter_spacing=&#8221;1px&#8221; custom_margin=&#8221;2px||0px|20px|false|false&#8221; custom_padding=&#8221;6px||2px||false|false&#8221; global_colors_info=&#8221;{}&#8221;]<\/p>\n<p><span style=\"color: #f3d9da;\">Distrito: <\/span><span style=\"font-size: xx-large;\">Viana do Castelo<\/span><\/p>\n<p>[\/et_pb_text][\/et_pb_column][\/et_pb_row][et_pb_row column_structure=&#8221;1_4,1_4,1_4,1_4&#8243; use_custom_gutter=&#8221;on&#8221; gutter_width=&#8221;2&#8243; make_equal=&#8221;on&#8221; _builder_version=&#8221;4.13.0&#8243; _module_preset=&#8221;default&#8221; background_color=&#8221;rgba(255,255,255,0)&#8221; custom_margin=&#8221;||0px||false|false&#8221; custom_padding=&#8221;||0px||false|false&#8221; locked=&#8221;off&#8221; global_colors_info=&#8221;{}&#8221;][et_pb_column type=&#8221;1_4&#8243; _builder_version=&#8221;4.13.0&#8243; _module_preset=&#8221;default&#8221; background_color=&#8221;#FFFFFF&#8221; border_radii=&#8221;on|12px|12px|12px|12px&#8221; global_colors_info=&#8221;{}&#8221;][et_pb_text _builder_version=&#8221;4.13.0&#8243; _module_preset=&#8221;default&#8221; text_font=&#8221;Montserrat||||||||&#8221; text_font_size=&#8221;12px&#8221; text_line_height=&#8221;1.2em&#8221; custom_margin=&#8221;16px|12px|8px|12px|false|false&#8221; global_colors_info=&#8221;{}&#8221;]<\/p>\n<p><span style=\"font-size: medium; color: #c18934;\"><strong>Arcos de Valdevez<\/strong><\/span><\/p>\n<p><strong>Entidade promotora:<\/strong><br \/>Cruz Vermelha Portuguesa &#8211; Delega\u00e7\u00e3o de Arcos de Valdevez<\/p>\n<p><strong>Iniciativa | Atividade:<\/strong><br \/>Dar Voz \u00e0s Mulheres<\/p>\n<p>[\/et_pb_text][et_pb_toggle title=&#8221;Informa\u00e7\u00f5es&#8221; closed_toggle_text_color=&#8221;#759fdb&#8221; icon_color=&#8221;#e22685&#8243; toggle_icon=&#8221;&#xe03a;||divi||400&#8243; use_icon_font_size=&#8221;on&#8221; icon_font_size=&#8221;23px&#8221; _builder_version=&#8221;4.13.0&#8243; _module_preset=&#8221;default&#8221; title_font=&#8221;Montserrat|700|||||||&#8221; title_font_size=&#8221;13px&#8221; body_font=&#8221;Montserrat||||||||&#8221; body_font_size=&#8221;11px&#8221; body_line_height=&#8221;1.2em&#8221; background_color=&#8221;rgba(255,255,255,0)&#8221; custom_margin=&#8221;|||8px|false|false&#8221; custom_padding=&#8221;8px||16px|4px|false|false&#8221; border_width_all=&#8221;0px&#8221; global_colors_info=&#8221;{}&#8221;]<\/p>\n<p style=\"text-align: justify;\"><strong>Dar Voz \u00e0s Mulheres<\/strong><br \/>Para assinalar esta data, a Delega\u00e7\u00e3o de Arcos de Valdevez da Cruz Vermelha Portuguesa, ir\u00e1 promover a iniciativa &#8220;&#8221;Dar Voz \u00e0s Mulheres&#8221;&#8221; entre os dias 7 a 11 de mar\u00e7o, no Mercado Municipal de Arcos de Valdevez.<\/p>\n<p style=\"text-align: justify;\">No dia 7 de mar\u00e7o, pretendemos colocar no Mercado figuras femininas forradas com mensagens alusivas ao tema e afixar um painel em papel de cen\u00e1rio, para que as pessoas possam deixar mensagens em rela\u00e7\u00e3o \u00e0 data. Ainda disponibilizaremos material de sensibiliza\u00e7\u00e3o. Esta instala\u00e7\u00e3o ficaria no Mercado ao longo de toda a semana.<\/p>\n<p style=\"text-align: justify;\">Em paralelo, no dia 8 de mar\u00e7o, tamb\u00e9m estaremos presentes no mercado e na rua, de forma a convidar todas as pessoas a dar a cara pelos Direitos da Mulher, nas redes sociais<\/p>\n<p><strong>Dia:<\/strong> 08\/03\/2022 | <strong>Hora:<\/strong> 9:00:00 AM<\/p>\n<p><strong>Online: <\/strong><a href=\"https:\/\/www.facebook.com\/cruzvermelhaportuguesarcosdevaldevez\" target=\"_blank\" rel=\"noopener\">https:\/\/www.facebook.com\/cruzvermelhaportuguesarcosdevaldevez<\/a><\/p>\n<p>[\/et_pb_toggle][\/et_pb_column][et_pb_column type=&#8221;1_4&#8243; _builder_version=&#8221;4.13.0&#8243; _module_preset=&#8221;default&#8221; background_color=&#8221;#ffffff&#8221; border_radii=&#8221;on|12px|12px|12px|12px&#8221; global_colors_info=&#8221;{}&#8221;][et_pb_text _builder_version=&#8221;4.13.0&#8243; _module_preset=&#8221;default&#8221; text_font=&#8221;Montserrat||||||||&#8221; text_font_size=&#8221;12px&#8221; text_line_height=&#8221;1.2em&#8221; custom_margin=&#8221;16px|12px|8px|12px|false|false&#8221; global_colors_info=&#8221;{}&#8221;]<\/p>\n<p><span style=\"font-size: medium; color: #c18934;\"><strong>Viana do Castelo<\/strong><\/span><\/p>\n<p><strong>Entidade promotora:<\/strong><br \/>Instituto Polit\u00e9cnico de Viana do Castelo<\/p>\n<p><strong>Iniciativa | Atividade:<\/strong><br \/>Dia Internacional da Mulher no IPVC<\/p>\n<p>[\/et_pb_text][et_pb_toggle title=&#8221;Informa\u00e7\u00f5es&#8221; closed_toggle_text_color=&#8221;#759fdb&#8221; icon_color=&#8221;#e22685&#8243; toggle_icon=&#8221;&#xe03a;||divi||400&#8243; use_icon_font_size=&#8221;on&#8221; icon_font_size=&#8221;23px&#8221; _builder_version=&#8221;4.13.0&#8243; _module_preset=&#8221;default&#8221; title_font=&#8221;Montserrat|700|||||||&#8221; title_font_size=&#8221;13px&#8221; body_font=&#8221;Montserrat||||||||&#8221; body_font_size=&#8221;11px&#8221; body_line_height=&#8221;1.2em&#8221; background_color=&#8221;rgba(255,255,255,0)&#8221; custom_margin=&#8221;|||8px|false|false&#8221; custom_padding=&#8221;8px||16px|4px|false|false&#8221; border_width_all=&#8221;0px&#8221; global_colors_info=&#8221;{}&#8221;]<\/p>\n<p style=\"text-align: justify;\"><strong>Dia Internacional da Mulher no IPVC<\/strong><br \/>Cria\u00e7\u00e3o de campanha no IPVC com imagem concreta para o dia no IPVC &#8220;O nosso Mundo, o nosso Futuro Igual&#8221;.<br \/>Campanha de sensibiliza\u00e7\u00e3o e comunica\u00e7\u00e3o institucional a toda a comunidade IPVC ( em todas as unidades org\u00e2nicas do IPVC) e nas redes sociais do IPVC. <br \/>Atividades com estudantes nas escolas (p.e.: na ESCE \u2013 piquenique organizado pel@s estudantes com debate sobre o tema)<\/p>\n<p><strong>Dia:<\/strong> 08\/03\/2022 | <strong>Hora:<\/strong> 9:00:00 AM<\/p>\n<p><strong>Online: <\/strong>Vai estar disponivel em <a href=\"https:\/\/www.ipvc.pt\/\" target=\"_blank\" rel=\"noopener\">https:\/\/www.ipvc.pt\/<\/a> e redes sociais do IPVC<\/p>\n<p>[\/et_pb_toggle][\/et_pb_column][et_pb_column type=&#8221;1_4&#8243; _builder_version=&#8221;4.13.0&#8243; _module_preset=&#8221;default&#8221; background_color=&#8221;rgba(255,255,255,0)&#8221; border_radii=&#8221;on|12px|12px|12px|12px&#8221; global_colors_info=&#8221;{}&#8221;][\/et_pb_column][et_pb_column type=&#8221;1_4&#8243; _builder_version=&#8221;4.13.0&#8243; _module_preset=&#8221;default&#8221; background_color=&#8221;rgba(255,255,255,0)&#8221; border_radii=&#8221;on|12px|12px|12px|12px&#8221; global_colors_info=&#8221;{}&#8221;][\/et_pb_column][\/et_pb_row][et_pb_row admin_label=&#8221;Vila Real&#8221; _builder_version=&#8221;4.13.0&#8243; _module_preset=&#8221;default&#8221; background_color=&#8221;#03989e&#8221; custom_margin=&#8221;24px||0px||false|false&#8221; custom_padding=&#8221;16px||16px||false|false&#8221; border_radii=&#8221;on|12px|12px|12px|12px&#8221; locked=&#8221;off&#8221; global_colors_info=&#8221;{}&#8221;][et_pb_column type=&#8221;4_4&#8243; _builder_version=&#8221;4.13.0&#8243; _module_preset=&#8221;default&#8221; global_colors_info=&#8221;{}&#8221;][et_pb_text admin_label=&#8221;Vila Real&#8221; _builder_version=&#8221;4.13.0&#8243; _module_preset=&#8221;default&#8221; text_font=&#8221;Montserrat|700|||||||&#8221; text_text_color=&#8221;#FFFFFF&#8221; text_font_size=&#8221;16px&#8221; text_letter_spacing=&#8221;1px&#8221; custom_margin=&#8221;2px||0px|20px|false|false&#8221; custom_padding=&#8221;6px||2px||false|false&#8221; global_colors_info=&#8221;{}&#8221;]<\/p>\n<p><span style=\"color: #f3d9da;\">Distrito: <\/span><span style=\"font-size: xx-large;\">Vila Real<\/span><\/p>\n<p>[\/et_pb_text][\/et_pb_column][\/et_pb_row][et_pb_row column_structure=&#8221;1_4,1_4,1_4,1_4&#8243; use_custom_gutter=&#8221;on&#8221; gutter_width=&#8221;2&#8243; make_equal=&#8221;on&#8221; _builder_version=&#8221;4.13.0&#8243; _module_preset=&#8221;default&#8221; background_color=&#8221;rgba(255,255,255,0)&#8221; custom_margin=&#8221;||0px||false|false&#8221; custom_padding=&#8221;||0px||false|false&#8221; locked=&#8221;off&#8221; global_colors_info=&#8221;{}&#8221;][et_pb_column type=&#8221;1_4&#8243; _builder_version=&#8221;4.13.0&#8243; _module_preset=&#8221;default&#8221; background_color=&#8221;#FFFFFF&#8221; border_radii=&#8221;on|12px|12px|12px|12px&#8221; global_colors_info=&#8221;{}&#8221;][et_pb_text _builder_version=&#8221;4.13.0&#8243; _module_preset=&#8221;default&#8221; text_font=&#8221;Montserrat||||||||&#8221; text_font_size=&#8221;12px&#8221; text_line_height=&#8221;1.2em&#8221; custom_margin=&#8221;16px|12px|8px|12px|false|false&#8221; global_colors_info=&#8221;{}&#8221;]<\/p>\n<p><span style=\"font-size: medium; color: #c18934;\"><strong>Chaves<\/strong><\/span><\/p>\n<p><strong>Entidade promotora:<\/strong><br \/>Munic\u00edpio de Chaves<\/p>\n<p><strong>Iniciativa | Atividade:<\/strong><br \/>Dia da Mulher<\/p>\n<p>[\/et_pb_text][et_pb_toggle title=&#8221;Informa\u00e7\u00f5es&#8221; closed_toggle_text_color=&#8221;#759fdb&#8221; icon_color=&#8221;#e22685&#8243; toggle_icon=&#8221;&#xe03a;||divi||400&#8243; use_icon_font_size=&#8221;on&#8221; icon_font_size=&#8221;23px&#8221; _builder_version=&#8221;4.13.0&#8243; _module_preset=&#8221;default&#8221; title_font=&#8221;Montserrat|700|||||||&#8221; title_font_size=&#8221;13px&#8221; body_font=&#8221;Montserrat||||||||&#8221; body_font_size=&#8221;11px&#8221; body_line_height=&#8221;1.2em&#8221; background_color=&#8221;rgba(255,255,255,0)&#8221; custom_margin=&#8221;|||8px|false|false&#8221; custom_padding=&#8221;8px||16px|4px|false|false&#8221; border_width_all=&#8221;0px&#8221; global_colors_info=&#8221;{}&#8221;]<\/p>\n<p style=\"text-align: justify;\"><strong>Dia da Mulher<\/strong><br \/>&#8220;No \u00e2mbito do projeto Ateliers para a vida, o qual tem como objetivo minimizar o isolamento e a exclus\u00e3o social , os formandos encontram-se a elaborar trabalhos manuais, nomeadamente decora\u00e7\u00e3o, pintura , reciclagem e costura criativa.<br \/>Neste sentido, vamos celebrar o dia Internacional da Mulher, com recita\u00e7\u00e3o de poemas, alusivos ao dia e brindar todas as mulheres participantes com um trabalho realizado pelas respetivas formandas.&#8221;<\/p>\n<p><strong>Dia:<\/strong> 08\/03\/2022 | <strong>Hora:<\/strong> 10:00:00 AM<\/p>\n<p><strong>Online:<\/strong> <a href=\"https:\/\/www.chaves.pt\/\" target=\"_blank\" rel=\"noopener\">https:\/\/www.chaves.pt\/<\/a><\/p>\n<p>[\/et_pb_toggle][\/et_pb_column][et_pb_column type=&#8221;1_4&#8243; _builder_version=&#8221;4.13.0&#8243; _module_preset=&#8221;default&#8221; background_color=&#8221;rgba(255,255,255,0)&#8221; border_radii=&#8221;on|12px|12px|12px|12px&#8221; global_colors_info=&#8221;{}&#8221;][\/et_pb_column][et_pb_column type=&#8221;1_4&#8243; _builder_version=&#8221;4.13.0&#8243; _module_preset=&#8221;default&#8221; background_color=&#8221;rgba(255,255,255,0)&#8221; border_radii=&#8221;on|12px|12px|12px|12px&#8221; global_colors_info=&#8221;{}&#8221;][\/et_pb_column][et_pb_column type=&#8221;1_4&#8243; _builder_version=&#8221;4.13.0&#8243; _module_preset=&#8221;default&#8221; background_color=&#8221;rgba(255,255,255,0)&#8221; border_radii=&#8221;on|12px|12px|12px|12px&#8221; global_colors_info=&#8221;{}&#8221;][\/et_pb_column][\/et_pb_row][et_pb_row admin_label=&#8221;Viseu&#8221; _builder_version=&#8221;4.13.0&#8243; _module_preset=&#8221;default&#8221; background_color=&#8221;#03989e&#8221; custom_margin=&#8221;24px||0px||false|false&#8221; custom_padding=&#8221;16px||16px||false|false&#8221; border_radii=&#8221;on|12px|12px|12px|12px&#8221; locked=&#8221;off&#8221; global_colors_info=&#8221;{}&#8221;][et_pb_column type=&#8221;4_4&#8243; _builder_version=&#8221;4.13.0&#8243; _module_preset=&#8221;default&#8221; global_colors_info=&#8221;{}&#8221;][et_pb_text admin_label=&#8221;Viseu&#8221; _builder_version=&#8221;4.13.0&#8243; _module_preset=&#8221;default&#8221; text_font=&#8221;Montserrat|700|||||||&#8221; text_text_color=&#8221;#FFFFFF&#8221; text_font_size=&#8221;16px&#8221; text_letter_spacing=&#8221;1px&#8221; custom_margin=&#8221;2px||0px|20px|false|false&#8221; custom_padding=&#8221;6px||2px||false|false&#8221; global_colors_info=&#8221;{}&#8221;]<\/p>\n<p><span style=\"color: #f3d9da;\">Distrito: <\/span><span style=\"font-size: xx-large;\">Viseu<\/span><\/p>\n<p>[\/et_pb_text][\/et_pb_column][\/et_pb_row][et_pb_row column_structure=&#8221;1_4,1_4,1_4,1_4&#8243; use_custom_gutter=&#8221;on&#8221; gutter_width=&#8221;2&#8243; make_equal=&#8221;on&#8221; _builder_version=&#8221;4.13.0&#8243; _module_preset=&#8221;default&#8221; background_color=&#8221;rgba(255,255,255,0)&#8221; custom_margin=&#8221;||0px||false|false&#8221; custom_padding=&#8221;||0px||false|false&#8221; locked=&#8221;off&#8221; global_colors_info=&#8221;{}&#8221;][et_pb_column type=&#8221;1_4&#8243; _builder_version=&#8221;4.13.0&#8243; _module_preset=&#8221;default&#8221; background_color=&#8221;#FFFFFF&#8221; border_radii=&#8221;on|12px|12px|12px|12px&#8221; global_colors_info=&#8221;{}&#8221;][et_pb_text _builder_version=&#8221;4.13.0&#8243; _module_preset=&#8221;default&#8221; text_font=&#8221;Montserrat||||||||&#8221; text_font_size=&#8221;12px&#8221; text_line_height=&#8221;1.2em&#8221; custom_margin=&#8221;16px|12px|8px|12px|false|false&#8221; global_colors_info=&#8221;{}&#8221;]<\/p>\n<p><span style=\"font-size: medium; color: #c18934;\"><strong>Mangualde<\/strong><\/span><\/p>\n<p><strong>Entidade promotora:<\/strong><br \/>Munic\u00edpio de Mangualde<\/p>\n<p><strong>Iniciativa | Atividade:<\/strong><br \/>Dia Internacional da Mulher &#8211; &#8220;Uma \u00e1rvore erguida por cada Mulher abatida&#8221;<\/p>\n<p>[\/et_pb_text][et_pb_toggle title=&#8221;Informa\u00e7\u00f5es&#8221; closed_toggle_text_color=&#8221;#759fdb&#8221; icon_color=&#8221;#e22685&#8243; toggle_icon=&#8221;&#xe03a;||divi||400&#8243; use_icon_font_size=&#8221;on&#8221; icon_font_size=&#8221;23px&#8221; _builder_version=&#8221;4.13.0&#8243; _module_preset=&#8221;default&#8221; title_font=&#8221;Montserrat|700|||||||&#8221; title_font_size=&#8221;13px&#8221; body_font=&#8221;Montserrat||||||||&#8221; body_font_size=&#8221;11px&#8221; body_line_height=&#8221;1.2em&#8221; background_color=&#8221;rgba(255,255,255,0)&#8221; custom_margin=&#8221;|||8px|false|false&#8221; custom_padding=&#8221;8px||16px|4px|false|false&#8221; border_width_all=&#8221;0px&#8221; global_colors_info=&#8221;{}&#8221;]<\/p>\n<p style=\"text-align: justify;\">Na sequ\u00eancia da Comemora\u00e7\u00e3o do Dia Internacional da Elimina\u00e7\u00e3o da Viol\u00eancia Contra as Mulheres, em que o Munic\u00edpio fez homenagem \u00e0s mulheres assassinadas por viol\u00eancia dom\u00e9stica em 2021, atrav\u00e9s da coloca\u00e7\u00e3o de \u00e0rvores no espa\u00e7o p\u00fablico, em que cada mulher era representada por uma oliveira, neste Dia Internacional da Mulher, o Munic\u00edpio promover\u00e1 a sua planta\u00e7\u00e3o, no sentido de alertar consci\u00eancias e sensibilizar a comunidade para este flagelo.<\/p>\n<p><strong>Dia:<\/strong> 08\/03\/2022 | <strong>Hora:<\/strong> 11:30:00 AM | <strong>Local:<\/strong> Av. Sr\u00aa do Castelo<\/p>\n<p>[\/et_pb_toggle][\/et_pb_column][et_pb_column type=&#8221;1_4&#8243; _builder_version=&#8221;4.13.0&#8243; _module_preset=&#8221;default&#8221; background_color=&#8221;#ffffff&#8221; border_radii=&#8221;on|12px|12px|12px|12px&#8221; global_colors_info=&#8221;{}&#8221;][et_pb_text _builder_version=&#8221;4.13.0&#8243; _module_preset=&#8221;default&#8221; text_font=&#8221;Montserrat||||||||&#8221; text_font_size=&#8221;12px&#8221; text_line_height=&#8221;1.2em&#8221; custom_margin=&#8221;16px|12px|8px|12px|false|false&#8221; global_colors_info=&#8221;{}&#8221;]<\/p>\n<p><span style=\"font-size: medium; color: #c18934;\"><strong>Castro Daire<\/strong><\/span><\/p>\n<p><strong>Entidade promotora:<\/strong><br \/>C\u00e2mara Municipal de Castro Daire<\/p>\n<p><strong>Iniciativa | Atividade:<\/strong><br \/>Mem\u00f3rias do Tempo<\/p>\n<p>[\/et_pb_text][et_pb_toggle title=&#8221;Informa\u00e7\u00f5es&#8221; closed_toggle_text_color=&#8221;#759fdb&#8221; icon_color=&#8221;#e22685&#8243; toggle_icon=&#8221;&#xe03a;||divi||400&#8243; use_icon_font_size=&#8221;on&#8221; icon_font_size=&#8221;23px&#8221; _builder_version=&#8221;4.13.0&#8243; _module_preset=&#8221;default&#8221; title_font=&#8221;Montserrat|700|||||||&#8221; title_font_size=&#8221;13px&#8221; body_font=&#8221;Montserrat||||||||&#8221; body_font_size=&#8221;11px&#8221; body_line_height=&#8221;1.2em&#8221; background_color=&#8221;rgba(255,255,255,0)&#8221; custom_margin=&#8221;|||8px|false|false&#8221; custom_padding=&#8221;8px||16px|4px|false|false&#8221; border_width_all=&#8221;0px&#8221; global_colors_info=&#8221;{}&#8221;]<\/p>\n<p style=\"text-align: justify;\"><strong>Mem\u00f3rias do Tempo<\/strong><br \/>No pr\u00f3ximo dia 8 de mar\u00e7o, Dia Internacional da Mulher, inaugura no Foyer do Audit\u00f3rio do Centro Municipal de Cultura \u2013 Castro Daire, pelas 11h00, a exposi\u00e7\u00e3o &#8220;Mem\u00f3rias do Tempo\u201d. Esta exposi\u00e7\u00e3o apresenta telas, em t\u00e9cnica mista, \u00f3leo e acr\u00edlico, num total de 15 obras, da artista Juliana Oliveira em que as protagonistas s\u00e3o mulheres, enquanto forma de celebra\u00e7\u00e3o da condi\u00e7\u00e3o feminina. Juliana Oliveira nasceu em 1995. Cedo mostrou interesse por pintura e desenho. Frequenta, mais tarde o curso de Artes Pl\u00e1sticas, na Escola Superior de Artes e Design das Caldas da Rainha. Exp\u00f5e individualmente e o seu trabalho apresenta-se em pintura a \u00f3leo e t\u00e9cnica mista, cujas tem\u00e1ticas \u201cse centram no retrato e na paisagem sob uma \u00f3tica realista\u201d, afirma a artista. Patente at\u00e9 31 de mar\u00e7o.<\/p>\n<p><strong>Dia:<\/strong> 08\/03\/2022 | <strong>Hora:<\/strong> 11:00:00 AM | <strong>Local:<\/strong> Audit\u00f3rio do Centro Municipal de Cultura Mun\u00edcipes de Castro Daire<\/p>\n<p><strong>Online:<\/strong> <a href=\"https:\/\/www.facebook.com\/MunicipioCDR\/posts\/331140969040211\" target=\"_blank\" rel=\"noopener\">https:\/\/www.facebook.com\/MunicipioCDR\/posts\/331140969040211<\/a><\/p>\n<p>[\/et_pb_toggle][\/et_pb_column][et_pb_column type=&#8221;1_4&#8243; _builder_version=&#8221;4.13.0&#8243; _module_preset=&#8221;default&#8221; background_color=&#8221;#ffffff&#8221; border_radii=&#8221;on|12px|12px|12px|12px&#8221; global_colors_info=&#8221;{}&#8221;][et_pb_text _builder_version=&#8221;4.13.0&#8243; _module_preset=&#8221;default&#8221; text_font=&#8221;Montserrat||||||||&#8221; text_font_size=&#8221;12px&#8221; text_line_height=&#8221;1.2em&#8221; custom_margin=&#8221;16px|12px|8px|12px|false|false&#8221; global_colors_info=&#8221;{}&#8221;]<\/p>\n<p><span style=\"font-size: medium; color: #c18934;\"><strong>Castro Daire<\/strong><\/span><\/p>\n<p><strong>Entidade promotora:<\/strong><br \/>CPCJ<\/p>\n<p><strong>Iniciativa | Atividade:<\/strong><br \/>Deixe-nos cuidar de Si !<\/p>\n<p>[\/et_pb_text][et_pb_toggle title=&#8221;Informa\u00e7\u00f5es&#8221; closed_toggle_text_color=&#8221;#759fdb&#8221; icon_color=&#8221;#e22685&#8243; toggle_icon=&#8221;&#xe03a;||divi||400&#8243; use_icon_font_size=&#8221;on&#8221; icon_font_size=&#8221;23px&#8221; _builder_version=&#8221;4.13.0&#8243; _module_preset=&#8221;default&#8221; title_font=&#8221;Montserrat|700|||||||&#8221; title_font_size=&#8221;13px&#8221; body_font=&#8221;Montserrat||||||||&#8221; body_font_size=&#8221;11px&#8221; body_line_height=&#8221;1.2em&#8221; background_color=&#8221;rgba(255,255,255,0)&#8221; custom_margin=&#8221;|||8px|false|false&#8221; custom_padding=&#8221;8px||16px|4px|false|false&#8221; border_width_all=&#8221;0px&#8221; global_colors_info=&#8221;{}&#8221;]<\/p>\n<p style=\"text-align: justify;\"><strong>Deixe-nos cuidar de Si !<\/strong><br \/>A CPCJ em colabora\u00e7\u00e3o com a C\u00e2mara Municipal e a Escola Profissional Mariana Seixas de Castro Daire, v\u00e3o levar a cabo uma atividade relacionada com o DIA INTERNACIONAL DA MULHER , v\u00e3o proporcionar cuidados de beleza como : Mini Facial, Limpeza de Pele, Hidrata\u00e7\u00e3o de Rosto, Maquilhagem a todas as Mulheres que queiram aderir \u00e0 iniciativa.<\/p>\n<p><strong>Dia:<\/strong> 08\/03\/2022 | <strong>Hora:<\/strong> 9:00:00 AM | <strong>Local:<\/strong> Sala do Museu Municipal<\/p>\n<p><strong>Online:<\/strong> <a href=\"https:\/\/www.facebook.com\/permalink.php?story_fbid=1894676680740067&amp;id=333466873527730\" target=\"_blank\" rel=\"noopener\">https:\/\/www.facebook.com\/permalink.php?story_fbid=1894676680740067&amp;id=333466873527730<\/a><\/p>\n<p>[\/et_pb_toggle][\/et_pb_column][et_pb_column type=&#8221;1_4&#8243; _builder_version=&#8221;4.13.0&#8243; _module_preset=&#8221;default&#8221; background_color=&#8221;rgba(255,255,255,0)&#8221; border_radii=&#8221;on|12px|12px|12px|12px&#8221; global_colors_info=&#8221;{}&#8221;][\/et_pb_column][\/et_pb_row][et_pb_row admin_label=&#8221;Viseu&#8221; _builder_version=&#8221;4.13.0&#8243; _module_preset=&#8221;default&#8221; background_color=&#8221;#03989e&#8221; custom_margin=&#8221;24px||0px||false|false&#8221; custom_padding=&#8221;16px||16px||false|false&#8221; border_radii=&#8221;on|12px|12px|12px|12px&#8221; locked=&#8221;off&#8221; global_colors_info=&#8221;{}&#8221;][et_pb_column type=&#8221;4_4&#8243; _builder_version=&#8221;4.13.0&#8243; _module_preset=&#8221;default&#8221; global_colors_info=&#8221;{}&#8221;][et_pb_text admin_label=&#8221;Viseu&#8221; _builder_version=&#8221;4.13.0&#8243; _module_preset=&#8221;default&#8221; text_font=&#8221;Montserrat|700|||||||&#8221; text_text_color=&#8221;#FFFFFF&#8221; text_font_size=&#8221;16px&#8221; text_letter_spacing=&#8221;1px&#8221; custom_margin=&#8221;2px||0px|20px|false|false&#8221; custom_padding=&#8221;6px||2px||false|false&#8221; global_colors_info=&#8221;{}&#8221;]<\/p>\n<p><span style=\"font-size: xx-large;\">Madeira<\/span><\/p>\n<p>[\/et_pb_text][\/et_pb_column][\/et_pb_row][et_pb_row column_structure=&#8221;1_4,1_4,1_4,1_4&#8243; use_custom_gutter=&#8221;on&#8221; gutter_width=&#8221;2&#8243; make_equal=&#8221;on&#8221; _builder_version=&#8221;4.13.0&#8243; _module_preset=&#8221;default&#8221; background_color=&#8221;rgba(255,255,255,0)&#8221; custom_margin=&#8221;||0px||false|false&#8221; custom_padding=&#8221;||0px||false|false&#8221; locked=&#8221;off&#8221; global_colors_info=&#8221;{}&#8221;][et_pb_column type=&#8221;1_4&#8243; _builder_version=&#8221;4.13.0&#8243; _module_preset=&#8221;default&#8221; background_color=&#8221;#FFFFFF&#8221; border_radii=&#8221;on|12px|12px|12px|12px&#8221; global_colors_info=&#8221;{}&#8221;][et_pb_text _builder_version=&#8221;4.13.0&#8243; _module_preset=&#8221;default&#8221; text_font=&#8221;Montserrat||||||||&#8221; text_font_size=&#8221;12px&#8221; text_line_height=&#8221;1.2em&#8221; custom_margin=&#8221;16px|12px|8px|12px|false|false&#8221; global_colors_info=&#8221;{}&#8221;]<\/p>\n<p><span style=\"font-size: medium; color: #c18934;\"><strong>Cani\u00e7o<\/strong><\/span><\/p>\n<p><strong>Entidade promotora:<\/strong><br \/>C\u00e2mara Municipal de Santa Cruz<\/p>\n<p><strong>Iniciativa | Atividade:<\/strong><br \/>Exposi\u00e7\u00e3o &#8220;Direitos Humanos das Mulheres&#8221;<\/p>\n<p>[\/et_pb_text][et_pb_toggle title=&#8221;Informa\u00e7\u00f5es&#8221; closed_toggle_text_color=&#8221;#759fdb&#8221; icon_color=&#8221;#e22685&#8243; toggle_icon=&#8221;&#xe03a;||divi||400&#8243; use_icon_font_size=&#8221;on&#8221; icon_font_size=&#8221;23px&#8221; _builder_version=&#8221;4.13.0&#8243; _module_preset=&#8221;default&#8221; title_font=&#8221;Montserrat|700|||||||&#8221; title_font_size=&#8221;13px&#8221; body_font=&#8221;Montserrat||||||||&#8221; body_font_size=&#8221;11px&#8221; body_line_height=&#8221;1.2em&#8221; background_color=&#8221;rgba(255,255,255,0)&#8221; custom_margin=&#8221;|||8px|false|false&#8221; custom_padding=&#8221;8px||16px|4px|false|false&#8221; border_width_all=&#8221;0px&#8221; global_colors_info=&#8221;{}&#8221;]<\/p>\n<p style=\"text-align: justify;\"><strong>Exposi\u00e7\u00e3o &#8220;Direitos Humanos das Mulheres&#8221;<br \/><\/strong>Iremos expor o trabalho da Umar Madeira, intitulado &#8220;&#8221;Direitos Humanos das Mulheres&#8221;&#8221;, na Loja do Mun\u00edcipe do Cani\u00e7o de forma a assinalar o Dia Internacional da Mulher.<br \/>A iniciativa tem como objetivo dar a conhecer este trabalho e divulgar dados relacionados com as desigualdades ainda existentes.<br \/>Estar\u00e1 patente de 7 a 11 de mar\u00e7o.<\/p>\n<p><strong>Dia:<\/strong> 08\/03\/2022 | <strong>Hora:<\/strong> 9:00:00 AM<\/p>\n<p><strong>Online: <\/strong><a href=\"https:\/\/www.facebook.com\/ProjetoWoMen\" target=\"_blank\" rel=\"noopener\">https:\/\/www.facebook.com\/ProjetoWoMen<\/a><\/p>\n<p>[\/et_pb_toggle][\/et_pb_column][et_pb_column type=&#8221;1_4&#8243; _builder_version=&#8221;4.13.0&#8243; _module_preset=&#8221;default&#8221; background_color=&#8221;rgba(255,255,255,0)&#8221; border_radii=&#8221;on|12px|12px|12px|12px&#8221; global_colors_info=&#8221;{}&#8221;][\/et_pb_column][et_pb_column type=&#8221;1_4&#8243; _builder_version=&#8221;4.13.0&#8243; _module_preset=&#8221;default&#8221; background_color=&#8221;rgba(255,255,255,0)&#8221; border_radii=&#8221;on|12px|12px|12px|12px&#8221; global_colors_info=&#8221;{}&#8221;][\/et_pb_column][et_pb_column type=&#8221;1_4&#8243; _builder_version=&#8221;4.13.0&#8243; _module_preset=&#8221;default&#8221; background_color=&#8221;rgba(255,255,255,0)&#8221; border_radii=&#8221;on|12px|12px|12px|12px&#8221; global_colors_info=&#8221;{}&#8221;][\/et_pb_column][\/et_pb_row][et_pb_row admin_label=&#8221;Viseu&#8221; _builder_version=&#8221;4.13.0&#8243; _module_preset=&#8221;default&#8221; background_color=&#8221;#03989e&#8221; custom_margin=&#8221;24px||0px||false|false&#8221; custom_padding=&#8221;16px||16px||false|false&#8221; border_radii=&#8221;on|12px|12px|12px|12px&#8221; locked=&#8221;off&#8221; global_colors_info=&#8221;{}&#8221;][et_pb_column type=&#8221;4_4&#8243; _builder_version=&#8221;4.13.0&#8243; _module_preset=&#8221;default&#8221; global_colors_info=&#8221;{}&#8221;][et_pb_text admin_label=&#8221;Viseu&#8221; _builder_version=&#8221;4.13.0&#8243; _module_preset=&#8221;default&#8221; text_font=&#8221;Montserrat|700|||||||&#8221; text_text_color=&#8221;#FFFFFF&#8221; text_font_size=&#8221;16px&#8221; text_letter_spacing=&#8221;1px&#8221; custom_margin=&#8221;2px||0px|20px|false|false&#8221; custom_padding=&#8221;6px||2px||false|false&#8221; global_colors_info=&#8221;{}&#8221;]<\/p>\n<p><span style=\"font-size: xx-large;\">A\u00e7ores<\/span><\/p>\n<p>[\/et_pb_text][\/et_pb_column][\/et_pb_row][et_pb_row column_structure=&#8221;1_4,1_4,1_4,1_4&#8243; use_custom_gutter=&#8221;on&#8221; gutter_width=&#8221;2&#8243; make_equal=&#8221;on&#8221; _builder_version=&#8221;4.13.0&#8243; _module_preset=&#8221;default&#8221; background_color=&#8221;rgba(255,255,255,0)&#8221; custom_margin=&#8221;||0px||false|false&#8221; custom_padding=&#8221;||0px||false|false&#8221; locked=&#8221;off&#8221; global_colors_info=&#8221;{}&#8221;][et_pb_column type=&#8221;1_4&#8243; _builder_version=&#8221;4.13.0&#8243; _module_preset=&#8221;default&#8221; background_color=&#8221;#FFFFFF&#8221; border_radii=&#8221;on|12px|12px|12px|12px&#8221; global_colors_info=&#8221;{}&#8221;][et_pb_text _builder_version=&#8221;4.13.0&#8243; _module_preset=&#8221;default&#8221; text_font=&#8221;Montserrat||||||||&#8221; text_font_size=&#8221;12px&#8221; text_line_height=&#8221;1.2em&#8221; custom_margin=&#8221;16px|12px|8px|12px|false|false&#8221; global_colors_info=&#8221;{}&#8221;]<\/p>\n<p><span style=\"font-size: medium; color: #c18934;\"><strong>Ponta delgada<\/strong><\/span><\/p>\n<p><strong>Entidade promotora:<\/strong><br \/>ACEESA &#8211; Ass. Centro Estudos Economia Solid\u00e1ria do Atlantico<\/p>\n<p><strong>Iniciativa | Atividade:<\/strong><br \/>Processos de (Re) Vitimiza\u00e7\u00e3o<\/p>\n<p>[\/et_pb_text][et_pb_toggle title=&#8221;Informa\u00e7\u00f5es&#8221; closed_toggle_text_color=&#8221;#759fdb&#8221; icon_color=&#8221;#e22685&#8243; toggle_icon=&#8221;&#xe03a;||divi||400&#8243; use_icon_font_size=&#8221;on&#8221; icon_font_size=&#8221;23px&#8221; _builder_version=&#8221;4.13.0&#8243; _module_preset=&#8221;default&#8221; title_font=&#8221;Montserrat|700|||||||&#8221; title_font_size=&#8221;13px&#8221; body_font=&#8221;Montserrat||||||||&#8221; body_font_size=&#8221;11px&#8221; body_line_height=&#8221;1.2em&#8221; background_color=&#8221;rgba(255,255,255,0)&#8221; custom_margin=&#8221;|||8px|false|false&#8221; custom_padding=&#8221;8px||16px|4px|false|false&#8221; border_width_all=&#8221;0px&#8221; global_colors_info=&#8221;{}&#8221;]<\/p>\n<p style=\"text-align: justify;\"><strong>Processos de (Re) Vitimiza\u00e7\u00e3o<\/strong><\/p>\n<p style=\"text-align: justify;\">Iniciamos hoje, dia 8 de mar\u00e7o, por ocasi\u00e3o do dia internacional da mulher, o ciclo de debates que decorrer\u00e1 ao longo deste ano.<\/p>\n<p style=\"text-align: justify;\">Hoje, reunimos \u00e0 volta de medidas de combate \u00e0 viol\u00eancia (contra as mulheres, homens) e dom\u00e9stica, uma grave viola\u00e7\u00e3o dos direitos humanos e uma forma de discrimina\u00e7\u00e3o com impacto n\u00e3o apenas nas v\u00edtimas, mas na sociedade no seu conjunto.<\/p>\n<p style=\"text-align: justify;\">O tema proposto e aceite, que iniciamos o nosso ciclo de conversas, PROCESSOS DE REVITIMIZA\u00c7\u00c3O pretende desafiar a capacidade criativa, conjunta, para rever os procedimentos de a\u00e7\u00e3o, com o objetivo de prevenir e conter eventuais &#8211; processos de revitimiza\u00e7\u00e3o gerados pelos sistemas e por profissionais cuja miss\u00e3o \u00e9 defender os direitos das v\u00edtimas e prestar-lhes apoio de qualidade.<\/p>\n<p style=\"text-align: justify;\">Nesta conversa participa a ilustre senhora Professora Doutora D\u00e1lia Costa (ISCSP, UL) que partilhar\u00e1 uma an\u00e1lise do tema, que carece de visibilidade e beneficia do debate participado.<\/p>\n<p style=\"text-align: justify;\">Deste debate resultar\u00e1 a identifica\u00e7\u00e3o de situa\u00e7\u00f5es propiciadoras de (re)vitimiza\u00e7\u00e3o e\/ou pr\u00e1ticas que (re)vitimizam e a proposta \u00e0s entidades Regionais e Nacionais, de novos modelos de interven\u00e7\u00e3o \/ ferramentas que permitam interromper o sofrimento continuado ou repetido da v\u00edtima de um ato violento.<\/p>\n<p>A ACEESA, juntamente com as suas entidades convidadas tomam parte na interven\u00e7\u00e3o c\u00edvica desta dimens\u00e3o e convida todas as pessoas interessadas, a refletir e a participar, e propor altera\u00e7\u00f5es \u00e0 (des) promo\u00e7\u00e3o do respeito por estes atropelos aos Direitos Humanos.<\/p>\n<p><strong>Dia:<\/strong> 08\/03\/2022 | <strong>Hora:<\/strong> 1:30:00 PM<\/p>\n<p><strong>Online:<\/strong> <a href=\"https:\/\/www.facebook.com\/CentrodeEstudosdeEconomiaSolidariadoAtlantico\/\" target=\"_blank\" rel=\"noopener\">https:\/\/www.facebook.com\/CentrodeEstudosdeEconomiaSolidariadoAtlantico\/<\/a><\/p>\n<p>[\/et_pb_toggle][\/et_pb_column][et_pb_column type=&#8221;1_4&#8243; _builder_version=&#8221;4.13.0&#8243; _module_preset=&#8221;default&#8221; background_color=&#8221;rgba(255,255,255,0)&#8221; border_radii=&#8221;on|12px|12px|12px|12px&#8221; global_colors_info=&#8221;{}&#8221;][\/et_pb_column][et_pb_column type=&#8221;1_4&#8243; _builder_version=&#8221;4.13.0&#8243; _module_preset=&#8221;default&#8221; background_color=&#8221;rgba(255,255,255,0)&#8221; border_radii=&#8221;on|12px|12px|12px|12px&#8221; global_colors_info=&#8221;{}&#8221;][\/et_pb_column][et_pb_column type=&#8221;1_4&#8243; _builder_version=&#8221;4.13.0&#8243; _module_preset=&#8221;default&#8221; background_color=&#8221;rgba(255,255,255,0)&#8221; border_radii=&#8221;on|12px|12px|12px|12px&#8221; global_colors_info=&#8221;{}&#8221;][\/et_pb_column][\/et_pb_row][et_pb_row admin_label=&#8221;online&#8221; _builder_version=&#8221;4.13.0&#8243; _module_preset=&#8221;default&#8221; background_color=&#8221;#03989e&#8221; custom_margin=&#8221;24px||0px||false|false&#8221; custom_padding=&#8221;16px||16px||false|false&#8221; border_radii=&#8221;on|12px|12px|12px|12px&#8221; global_colors_info=&#8221;{}&#8221;][et_pb_column type=&#8221;4_4&#8243; _builder_version=&#8221;4.13.0&#8243; _module_preset=&#8221;default&#8221; global_colors_info=&#8221;{}&#8221;][et_pb_text admin_label=&#8221;Online&#8221; _builder_version=&#8221;4.13.0&#8243; _module_preset=&#8221;default&#8221; text_font=&#8221;Montserrat|700|||||||&#8221; text_text_color=&#8221;#FFFFFF&#8221; text_font_size=&#8221;16px&#8221; text_letter_spacing=&#8221;1px&#8221; custom_margin=&#8221;2px||0px|20px|false|false&#8221; custom_padding=&#8221;6px||2px||false|false&#8221; global_colors_info=&#8221;{}&#8221;]<\/p>\n<p><span style=\"font-size: xx-large;\">Em todo o pa\u00eds<\/span><\/p>\n<p>[\/et_pb_text][\/et_pb_column][\/et_pb_row][et_pb_row column_structure=&#8221;1_4,1_4,1_4,1_4&#8243; use_custom_gutter=&#8221;on&#8221; gutter_width=&#8221;2&#8243; make_equal=&#8221;on&#8221; _builder_version=&#8221;4.13.0&#8243; _module_preset=&#8221;default&#8221; background_color=&#8221;rgba(255,255,255,0)&#8221; custom_margin=&#8221;||0px||false|false&#8221; custom_padding=&#8221;||0px||false|false&#8221; locked=&#8221;off&#8221; global_colors_info=&#8221;{}&#8221;][et_pb_column type=&#8221;1_4&#8243; _builder_version=&#8221;4.13.0&#8243; _module_preset=&#8221;default&#8221; background_color=&#8221;#FFFFFF&#8221; border_radii=&#8221;on|12px|12px|12px|12px&#8221; global_colors_info=&#8221;{}&#8221;][et_pb_text _builder_version=&#8221;4.13.0&#8243; _module_preset=&#8221;default&#8221; text_font=&#8221;Montserrat||||||||&#8221; text_font_size=&#8221;12px&#8221; text_line_height=&#8221;1.2em&#8221; custom_margin=&#8221;16px|12px|8px|12px|false|false&#8221; global_colors_info=&#8221;{}&#8221;]<\/p>\n<p><span style=\"font-size: medium; color: #c18934;\"><strong>Online<\/strong><\/span><\/p>\n<p><strong>Entidade promotora:<\/strong><br \/>Associa\u00e7\u00e3o Womaniza-te<\/p>\n<p><strong>Iniciativa | Atividade:<\/strong><br \/>Palestra online, &#8220;Recuso Ser V\u00edtima- N\u00e3o somos aquilo que nos acontece&#8221;<\/p>\n<p>[\/et_pb_text][et_pb_toggle title=&#8221;Informa\u00e7\u00f5es&#8221; closed_toggle_text_color=&#8221;#759fdb&#8221; icon_color=&#8221;#e22685&#8243; toggle_icon=&#8221;&#xe03a;||divi||400&#8243; use_icon_font_size=&#8221;on&#8221; icon_font_size=&#8221;23px&#8221; _builder_version=&#8221;4.13.0&#8243; _module_preset=&#8221;default&#8221; title_font=&#8221;Montserrat|700|||||||&#8221; title_font_size=&#8221;13px&#8221; body_font=&#8221;Montserrat||||||||&#8221; body_font_size=&#8221;11px&#8221; body_line_height=&#8221;1.2em&#8221; background_color=&#8221;rgba(255,255,255,0)&#8221; custom_margin=&#8221;|||8px|false|false&#8221; custom_padding=&#8221;8px||16px|4px|false|false&#8221; border_width_all=&#8221;0px&#8221; global_colors_info=&#8221;{}&#8221;]<\/p>\n<p style=\"text-align: justify;\"><strong><img loading=\"lazy\" src=\"https:\/\/www.cig.gov.pt\/iniciativas-nacionais\/wp-content\/uploads\/2022\/03\/Recuso-Ser-Vitima-300x300.jpeg\" width=\"300\" height=\"300\" alt=\"\" class=\"wp-image-664 alignnone size-medium\" \/>Palestra online, &#8220;Recuso Ser V\u00edtima- N\u00e3o somos aquilo que nos acontece&#8221;<\/strong><br \/>&#8220;Recuso Ser V\u00edtima&#8221;&#8221; \u00e9 um projeto nacional da autoria da Associa\u00e7\u00e3o Nacional Tocar na Alma, tendo como dinamizadora S\u00edlvia Abreu, que aborda a viol\u00eancia dom\u00e9stica e no namoro de forma ativa e positiva utilizando recursos art\u00edsticos e hist\u00f3rias na primeira pessoa.<br \/>Ter\u00e1 a dura\u00e7\u00e3o de 3horas, sendo um evento aberto \u00e0 comunidade em geral.&#8221;<\/p>\n<p><strong>Online:<\/strong> <a href=\"https:\/\/www.facebook.com\/events\/488842339423564\" target=\"_blank\" rel=\"noopener\">https:\/\/www.facebook.com\/events\/488842339423564 <\/a><\/p>\n<p>[\/et_pb_toggle][\/et_pb_column][et_pb_column type=&#8221;1_4&#8243; _builder_version=&#8221;4.13.0&#8243; _module_preset=&#8221;default&#8221; background_color=&#8221;#ffffff&#8221; border_radii=&#8221;on|12px|12px|12px|12px&#8221; global_colors_info=&#8221;{}&#8221;][et_pb_text _builder_version=&#8221;4.13.0&#8243; _module_preset=&#8221;default&#8221; text_font=&#8221;Montserrat||||||||&#8221; text_font_size=&#8221;12px&#8221; text_line_height=&#8221;1.2em&#8221; custom_margin=&#8221;16px|12px|8px|12px|false|false&#8221; global_colors_info=&#8221;{}&#8221;]<\/p>\n<p><span style=\"font-size: medium; color: #c18934;\"><strong>Online<\/strong><\/span><\/p>\n<p><strong>Entidade promotora:<\/strong><br \/>Plano Nacional de Cinema<\/p>\n<p><strong>Iniciativa | Atividade:<\/strong><br \/>EFEM\u00c9RIDE \u2013 8 de mar\u00e7o &#8211; Dia Internacional da Mulher &#8211; CARTAZ &#8211; PLANO NACIONAL DE CINEMA<\/p>\n<p>[\/et_pb_text][et_pb_toggle title=&#8221;Informa\u00e7\u00f5es&#8221; closed_toggle_text_color=&#8221;#759fdb&#8221; icon_color=&#8221;#e22685&#8243; toggle_icon=&#8221;&#xe03a;||divi||400&#8243; use_icon_font_size=&#8221;on&#8221; icon_font_size=&#8221;23px&#8221; _builder_version=&#8221;4.13.0&#8243; _module_preset=&#8221;default&#8221; title_font=&#8221;Montserrat|700|||||||&#8221; title_font_size=&#8221;13px&#8221; body_font=&#8221;Montserrat||||||||&#8221; body_font_size=&#8221;11px&#8221; body_line_height=&#8221;1.2em&#8221; background_color=&#8221;rgba(255,255,255,0)&#8221; custom_margin=&#8221;|||8px|false|false&#8221; custom_padding=&#8221;8px||16px|4px|false|false&#8221; border_width_all=&#8221;0px&#8221; global_colors_info=&#8221;{}&#8221;]<\/p>\n<p style=\"text-align: justify;\"><strong>EFEM\u00c9RIDE \u2013 8 de mar\u00e7o &#8211; Dia Internacional da Mulher &#8211; CARTAZ &#8211; PLANO NACIONAL DE CINEMA<\/strong><br \/>&#8220;O PNC prop\u00f5e \u00e0s escolas uma ampla programa\u00e7\u00e3o cinematogr\u00e1fica na plataforma em streaming do PNC, a partir de dois t\u00f3picos:<br \/>&#8211; um conjunto de obras cinematogr\u00e1ficas em que a mulher tem um papel de destaque. As propostas do PNC incluem um filme para todos os p\u00fablicos (Mary e a Flor da Feiticeira), tr\u00eas obras que valorizam o papel das jovens mulheres (Rhoma Acans, Mustang ou O Sonho de Wadjda), um trabalho documental em que o testemunho feminino \u00e9 privilegiado (Cartas a Uma Ditadura) e duas obras f\u00edlmicas que relevam dois nomes de mulheres intemporais da cultura portuguesa: Am\u00e1lia Rodrigues e Sophia De Mello Breyner Andresen.<br \/>&#8211; um leque de trabalhos autorais de mulheres cineastas portuguesas que se t\u00eam distinguido em campos t\u00e3o diferentes como o cinema documental (No\u00e9mia Delgado, Margarida Cardoso, Susana Sousa Dias, In\u00eas de Medeiros, Catarina Mour\u00e3o, Rita Maia ou Leonor Teles), a fic\u00e7\u00e3o (Maria de Medeiros e Rita Azevedo Gomes) ou o cinema de anima\u00e7\u00e3o (Regina Pessoa, Alexandra Ramires e Laura Gon\u00e7alves).&#8221; 08\/03\/2022 9:00:00 AM A iniciativa decorre durante todo o dia, a n\u00edvel nacional.<\/p>\n<p><strong>Online:<\/strong> <a href=\"https:\/\/pnc.gov.pt\/\" target=\"_blank\" rel=\"noopener\">https:\/\/pnc.gov.pt\/<\/a><\/p>\n<p>[\/et_pb_toggle][\/et_pb_column][et_pb_column type=&#8221;1_4&#8243; _builder_version=&#8221;4.13.0&#8243; _module_preset=&#8221;default&#8221; background_color=&#8221;#ffffff&#8221; border_radii=&#8221;on|12px|12px|12px|12px&#8221; global_colors_info=&#8221;{}&#8221;][et_pb_text _builder_version=&#8221;4.13.0&#8243; _module_preset=&#8221;default&#8221; text_font=&#8221;Montserrat||||||||&#8221; text_font_size=&#8221;12px&#8221; text_line_height=&#8221;1.2em&#8221; custom_margin=&#8221;16px|12px|8px|12px|false|false&#8221; global_colors_info=&#8221;{}&#8221;]<\/p>\n<p><span style=\"font-size: medium; color: #c18934;\"><strong>Online<\/strong><\/span><\/p>\n<p><strong>Entidade promotora:<\/strong><br \/>ANIMAR &#8211; Associa\u00e7\u00e3o Portuguesa para o Desenvolvimento Local<\/p>\n<p><strong>Iniciativa | Atividade:<\/strong><br \/>Banners de sensibiliza\u00e7\u00e3o Mulheres e Desenvolvimento Local<\/p>\n<p>[\/et_pb_text][et_pb_toggle title=&#8221;Informa\u00e7\u00f5es&#8221; closed_toggle_text_color=&#8221;#759fdb&#8221; icon_color=&#8221;#e22685&#8243; toggle_icon=&#8221;&#xe03a;||divi||400&#8243; use_icon_font_size=&#8221;on&#8221; icon_font_size=&#8221;23px&#8221; _builder_version=&#8221;4.13.0&#8243; _module_preset=&#8221;default&#8221; title_font=&#8221;Montserrat|700|||||||&#8221; title_font_size=&#8221;13px&#8221; body_font=&#8221;Montserrat||||||||&#8221; body_font_size=&#8221;11px&#8221; body_line_height=&#8221;1.2em&#8221; background_color=&#8221;rgba(255,255,255,0)&#8221; custom_margin=&#8221;|||8px|false|false&#8221; custom_padding=&#8221;8px||16px|4px|false|false&#8221; border_width_all=&#8221;0px&#8221; global_colors_info=&#8221;{}&#8221;]<\/p>\n<p style=\"text-align: justify;\"><strong>Banners de sensibiliza\u00e7\u00e3o Mulheres e Desenvolvimento Local<\/strong><br \/>A iniciativa tem em vista a concretiza\u00e7\u00e3o de banners de sensibiliza\u00e7\u00e3o com dados estat\u00edsticos nacionais de caracteriza\u00e7\u00e3o da igualdade de g\u00e9nero, em dimens\u00f5es transversais ao desenvolvimento local como emprego, concilia\u00e7\u00e3o, democracia, etc. Estes banners de sensibiliza\u00e7\u00e3o.<\/p>\n<p style=\"text-align: justify;\"><strong>Dia:<\/strong> 08\/03\/2022 | <strong>Hora:<\/strong> 11:00:00 AM<\/p>\n<p><strong>Online:<\/strong> <a href=\"http:\/\/www.animar.dl.pt\" target=\"_blank\" rel=\"noopener\">http:\/\/www.animar.dl.pt<\/a> | <a href=\"https:\/\/www.facebook.com\/associacao.animar\/\" target=\"_blank\" rel=\"noopener\">https:\/\/www.facebook.com\/associacao.animar\/<\/a><\/p>\n<p>[\/et_pb_toggle][\/et_pb_column][et_pb_column type=&#8221;1_4&#8243; _builder_version=&#8221;4.13.0&#8243; _module_preset=&#8221;default&#8221; background_color=&#8221;#FFFFFF&#8221; border_radii=&#8221;on|12px|12px|12px|12px&#8221; global_colors_info=&#8221;{}&#8221;][et_pb_text _builder_version=&#8221;4.13.0&#8243; _module_preset=&#8221;default&#8221; text_font=&#8221;Montserrat||||||||&#8221; text_font_size=&#8221;12px&#8221; text_line_height=&#8221;1.2em&#8221; custom_margin=&#8221;16px|12px|8px|12px|false|false&#8221; locked=&#8221;off&#8221; global_colors_info=&#8221;{}&#8221;]<\/p>\n<p><span style=\"font-size: medium; color: #c18934;\"><strong>Online<\/strong><\/span><\/p>\n<p><strong>Entidade promotora:<\/strong><br \/><span>Plataforma Portuguesa e organiza\u00e7\u00f5es-membros <\/span>ANIMAR &#8211; Associa\u00e7\u00e3o Portuguesa para o Desenvolvimento Local<\/p>\n<p><strong>Iniciativa | Atividade:<\/strong><br \/><span>8M2022<\/span><\/p>\n<p>&nbsp;<\/p>\n<p>[\/et_pb_text][et_pb_toggle title=&#8221;Informa\u00e7\u00f5es&#8221; closed_toggle_text_color=&#8221;#759fdb&#8221; icon_color=&#8221;#e22685&#8243; toggle_icon=&#8221;&#xe03a;||divi||400&#8243; use_icon_font_size=&#8221;on&#8221; icon_font_size=&#8221;23px&#8221; _builder_version=&#8221;4.13.0&#8243; _module_preset=&#8221;default&#8221; title_font=&#8221;Montserrat|700|||||||&#8221; title_font_size=&#8221;13px&#8221; body_font=&#8221;Montserrat||||||||&#8221; body_font_size=&#8221;11px&#8221; body_line_height=&#8221;1.2em&#8221; background_color=&#8221;rgba(255,255,255,0)&#8221; custom_margin=&#8221;|||8px|false|false&#8221; custom_padding=&#8221;8px||16px|4px|false|false&#8221; border_width_all=&#8221;0px&#8221; global_colors_info=&#8221;{}&#8221;]<\/p>\n<p style=\"text-align: justify;\"><span>Um m\u00eas de iniciativas em diferentes locais do pa\u00eds, online e offline: Apelo \u00e0 Paz na Europa, Viol\u00eancia, Tomada de Decis\u00e3o, Campanha pela Ratifica\u00e7\u00e3o da Conven\u00e7\u00e3o de Istambul pela UE<\/span><\/p>\n<p style=\"text-align: justify;\"><strong>Dia:<\/strong> 08\/03\/2022<\/p>\n<p><strong>Online:<\/strong> <a data-sheets-formula-bar-text-link=\"https:\/\/plataformamulheres.org.pt\/8m2022\/\" class=\"waffle-rich-text-link\" data-sheets-formula-bar-text-style=\"font-size:13px;color:#1155cc;font-weight:normal;text-decoration:underline;font-family:'Arial';font-style:normal;text-decoration-skip-ink:none;\">https:\/\/plataformamulheres.org.pt\/8m2022\/<\/a><\/p>\n<p>[\/et_pb_toggle][\/et_pb_column][\/et_pb_row][et_pb_row column_structure=&#8221;1_4,1_4,1_4,1_4&#8243; use_custom_gutter=&#8221;on&#8221; gutter_width=&#8221;2&#8243; make_equal=&#8221;on&#8221; _builder_version=&#8221;4.13.0&#8243; _module_preset=&#8221;default&#8221; background_color=&#8221;rgba(255,255,255,0)&#8221; custom_margin=&#8221;||0px||false|false&#8221; custom_padding=&#8221;||0px||false|false&#8221; locked=&#8221;off&#8221; global_colors_info=&#8221;{}&#8221;][et_pb_column type=&#8221;1_4&#8243; _builder_version=&#8221;4.13.0&#8243; _module_preset=&#8221;default&#8221; background_color=&#8221;#FFFFFF&#8221; border_radii=&#8221;on|12px|12px|12px|12px&#8221; global_colors_info=&#8221;{}&#8221;][et_pb_text _builder_version=&#8221;4.13.0&#8243; _module_preset=&#8221;default&#8221; text_font=&#8221;Montserrat||||||||&#8221; text_font_size=&#8221;12px&#8221; text_line_height=&#8221;1.2em&#8221; custom_margin=&#8221;16px|12px|8px|12px|false|false&#8221; global_colors_info=&#8221;{}&#8221;]<\/p>\n<p><span style=\"font-size: medium; color: #c18934;\"><strong>Online<\/strong><\/span><\/p>\n<p><strong>Entidade promotora:<\/strong><br \/>Inetum Portugal<\/p>\n<p><strong>Iniciativa | Atividade:<\/strong><br \/>EMail: &#8220;Inspirational stories on International Women&#8217;s Days!&#8221;<\/p>\n<p>[\/et_pb_text][et_pb_toggle title=&#8221;Informa\u00e7\u00f5es&#8221; closed_toggle_text_color=&#8221;#759fdb&#8221; icon_color=&#8221;#e22685&#8243; toggle_icon=&#8221;&#xe03a;||divi||400&#8243; use_icon_font_size=&#8221;on&#8221; icon_font_size=&#8221;23px&#8221; _builder_version=&#8221;4.13.0&#8243; _module_preset=&#8221;default&#8221; title_font=&#8221;Montserrat|700|||||||&#8221; title_font_size=&#8221;13px&#8221; body_font=&#8221;Montserrat||||||||&#8221; body_font_size=&#8221;11px&#8221; body_line_height=&#8221;1.2em&#8221; background_color=&#8221;rgba(255,255,255,0)&#8221; custom_margin=&#8221;|||8px|false|false&#8221; custom_padding=&#8221;8px||16px|4px|false|false&#8221; border_width_all=&#8221;0px&#8221; global_colors_info=&#8221;{}&#8221;]<\/p>\n<p style=\"text-align: justify;\"><strong>EMail: &#8220;Inspirational stories on International Women&#8217;s Days!&#8221;<\/strong><br \/>Envio de email interno com a partilha de breves videos com mensagens de mulheres inspiradoras e com percursos profissionais dentro e fora do IT e dentro e fora da Inetum<\/p>\n<p><strong>Dia:\u00a0<\/strong>08\/03\/2022 | <strong>Hora:<\/strong> 9:00:00 AM<\/p>\n<p>[\/et_pb_toggle][\/et_pb_column][et_pb_column type=&#8221;1_4&#8243; _builder_version=&#8221;4.13.0&#8243; _module_preset=&#8221;default&#8221; background_color=&#8221;#ffffff&#8221; border_radii=&#8221;on|12px|12px|12px|12px&#8221; global_colors_info=&#8221;{}&#8221;][et_pb_text _builder_version=&#8221;4.13.0&#8243; _module_preset=&#8221;default&#8221; text_font=&#8221;Montserrat||||||||&#8221; text_font_size=&#8221;12px&#8221; text_line_height=&#8221;1.2em&#8221; custom_margin=&#8221;16px|12px|8px|12px|false|false&#8221; global_colors_info=&#8221;{}&#8221;]<\/p>\n<p><span style=\"font-size: medium; color: #c18934;\"><strong>Online<\/strong><\/span><\/p>\n<p><strong>Entidade promotora:<\/strong><br \/>Associa\u00e7\u00e3o das Ju\u00edzas Portuguesas<\/p>\n<p><strong>Iniciativa | Atividade:<\/strong><br \/>Mulheres em profiss\u00e3o \u201cde homem\u201d &#8211; Quebrar paradigmas<\/p>\n<p>[\/et_pb_text][et_pb_toggle title=&#8221;Informa\u00e7\u00f5es&#8221; closed_toggle_text_color=&#8221;#759fdb&#8221; icon_color=&#8221;#e22685&#8243; toggle_icon=&#8221;&#xe03a;||divi||400&#8243; use_icon_font_size=&#8221;on&#8221; icon_font_size=&#8221;23px&#8221; _builder_version=&#8221;4.13.0&#8243; _module_preset=&#8221;default&#8221; title_font=&#8221;Montserrat|700|||||||&#8221; title_font_size=&#8221;13px&#8221; body_font=&#8221;Montserrat||||||||&#8221; body_font_size=&#8221;11px&#8221; body_line_height=&#8221;1.2em&#8221; background_color=&#8221;rgba(255,255,255,0)&#8221; custom_margin=&#8221;|||8px|false|false&#8221; custom_padding=&#8221;8px||16px|4px|false|false&#8221; border_width_all=&#8221;0px&#8221; global_colors_info=&#8221;{}&#8221;]<\/p>\n<p style=\"text-align: justify;\"><strong>Mulheres em profiss\u00e3o \u201cde homem\u201d &#8211; Quebrar paradigmas<\/strong><br \/>Conversa via Zoom, de acesso livre, com convidadas que exercem as suas atividades profissionais em meios tradicionalmente masculinos, sobre os desafios encontrados e as metas superadas.<\/p>\n<p><strong>Dia:\u00a0<\/strong>08\/03\/2022 | <strong>Hora:<\/strong> 6:00:00 PM<\/p>\n<p><strong>Online:<\/strong> <a href=\"https:\/\/www.juizasportuguesas.org\/\" target=\"_blank\" rel=\"noopener\">https:\/\/www.juizasportuguesas.org\/<\/a><\/p>\n<p>[\/et_pb_toggle][\/et_pb_column][et_pb_column type=&#8221;1_4&#8243; _builder_version=&#8221;4.13.0&#8243; _module_preset=&#8221;default&#8221; background_color=&#8221;#ffffff&#8221; border_radii=&#8221;on|12px|12px|12px|12px&#8221; global_colors_info=&#8221;{}&#8221;][et_pb_text _builder_version=&#8221;4.13.0&#8243; _module_preset=&#8221;default&#8221; text_font=&#8221;Montserrat||||||||&#8221; text_font_size=&#8221;12px&#8221; text_line_height=&#8221;1.2em&#8221; custom_margin=&#8221;16px|12px|8px|12px|false|false&#8221; global_colors_info=&#8221;{}&#8221;]<\/p>\n<p><span style=\"font-size: medium; color: #c18934;\"><strong>Online<\/strong><\/span><\/p>\n<p><strong>Entidade promotora:<\/strong><br \/>C\u00e2mara Municipal de Lisboa &#8211; Gabinete da Vereadora Laurinda Alves &#8211; Pelouro Direitos Humanos e Sociais, Cidadania, Juventude, JMJ e Sa\u00fade<\/p>\n<p><strong>Iniciativa | Atividade:<\/strong><br \/>Convite- Conversa online entre a Vereadora Laurinda Alves e M\u00f3nica Ferro, dia 8 de mar\u00e7o, pelas 9h30<\/p>\n<p>[\/et_pb_text][et_pb_toggle title=&#8221;Informa\u00e7\u00f5es&#8221; closed_toggle_text_color=&#8221;#759fdb&#8221; icon_color=&#8221;#e22685&#8243; toggle_icon=&#8221;&#xe03a;||divi||400&#8243; use_icon_font_size=&#8221;on&#8221; icon_font_size=&#8221;23px&#8221; _builder_version=&#8221;4.13.0&#8243; _module_preset=&#8221;default&#8221; title_font=&#8221;Montserrat|700|||||||&#8221; title_font_size=&#8221;13px&#8221; body_font=&#8221;Montserrat||||||||&#8221; body_font_size=&#8221;11px&#8221; body_line_height=&#8221;1.2em&#8221; background_color=&#8221;rgba(255,255,255,0)&#8221; custom_margin=&#8221;|||8px|false|false&#8221; custom_padding=&#8221;8px||16px|4px|false|false&#8221; border_width_all=&#8221;0px&#8221; global_colors_info=&#8221;{}&#8221;]<\/p>\n<p style=\"text-align: justify;\"><strong>Convite- Conversa online entre a Vereadora Laurinda Alves e M\u00f3nica Ferro, dia 8 de mar\u00e7o, pelas 9h30<\/strong><br \/>De forma a assinalar o Dia Internacional da Mulher, que se comemora a 8 de mar\u00e7o, a C\u00e2mara Municipal de Lisboa promove uma conversa informal entre a Vereadora Laurinda Alves, com o pelouro dos Direitos Humanos e Sociais, e M\u00f3nica Ferro, Diretora do Escrit\u00f3rio de Genebra do Fundo das Na\u00e7\u00f5es Unidas para a Popula\u00e7\u00e3o, com o objetivo de abordar os direitos das mulheres numa sociedade que se pretende cada vez mais inclusiva.<\/p>\n<p><strong>Dia:\u00a0<\/strong>08\/03\/2022 | <strong>Hora:<\/strong> 9:00:00 AM<\/p>\n<p><strong>Online:<\/strong> <a href=\"https:\/\/www.lisboa.pt\/live\" target=\"_blank\" rel=\"noopener\">https:\/\/www.lisboa.pt\/live<\/a><\/p>\n<p>[\/et_pb_toggle][\/et_pb_column][et_pb_column type=&#8221;1_4&#8243; _builder_version=&#8221;4.13.0&#8243; _module_preset=&#8221;default&#8221; background_color=&#8221;#ffffff&#8221; border_radii=&#8221;on|12px|12px|12px|12px&#8221; global_colors_info=&#8221;{}&#8221;][et_pb_text _builder_version=&#8221;4.13.0&#8243; _module_preset=&#8221;default&#8221; text_font=&#8221;Montserrat||||||||&#8221; text_font_size=&#8221;12px&#8221; text_line_height=&#8221;1.2em&#8221; custom_margin=&#8221;16px|12px|8px|12px|false|false&#8221; global_colors_info=&#8221;{}&#8221;]<\/p>\n<p><span style=\"font-size: medium; color: #c18934;\"><strong>Online<\/strong><\/span><\/p>\n<p><strong>Entidade promotora:<\/strong><br \/>Plataforma Portuguesa e organiza\u00e7\u00f5es-membros<\/p>\n<p><strong>Iniciativa | Atividade:<\/strong><br \/>8M2022<\/p>\n<p>[\/et_pb_text][et_pb_toggle title=&#8221;Informa\u00e7\u00f5es&#8221; closed_toggle_text_color=&#8221;#759fdb&#8221; icon_color=&#8221;#e22685&#8243; toggle_icon=&#8221;&#xe03a;||divi||400&#8243; use_icon_font_size=&#8221;on&#8221; icon_font_size=&#8221;23px&#8221; _builder_version=&#8221;4.13.0&#8243; _module_preset=&#8221;default&#8221; title_font=&#8221;Montserrat|700|||||||&#8221; title_font_size=&#8221;13px&#8221; body_font=&#8221;Montserrat||||||||&#8221; body_font_size=&#8221;11px&#8221; body_line_height=&#8221;1.2em&#8221; background_color=&#8221;rgba(255,255,255,0)&#8221; custom_margin=&#8221;|||8px|false|false&#8221; custom_padding=&#8221;8px||16px|4px|false|false&#8221; border_width_all=&#8221;0px&#8221; global_colors_info=&#8221;{}&#8221;]<\/p>\n<p style=\"text-align: justify;\"><strong>8M2022<\/strong><br \/>Um m\u00eas de iniciativas em diferentes locais do pa\u00eds, online e offline: Apelo \u00e0 Paz na Europa, Viol\u00eancia, Tomada de Decis\u00e3o, Campanha pela Ratifica\u00e7\u00e3o da Conven\u00e7\u00e3o de Istambul pela UE.<\/p>\n<p><strong>Dia:\u00a0<\/strong>08\/03\/2022 | <strong>Hora:<\/strong> 9:00:00 AM<\/p>\n<p><strong>Online: <\/strong><a href=\"https:\/\/plataformamulheres.org.pt\/8m2022\/\" target=\"_blank\" rel=\"noopener\">https:\/\/plataformamulheres.org.pt\/8m2022\/<\/a><\/p>\n<p>[\/et_pb_toggle][\/et_pb_column][\/et_pb_row][\/et_pb_section][et_pb_section fb_built=&#8221;1&#8243; _builder_version=&#8221;4.13.0&#8243; _module_preset=&#8221;default&#8221; background_color=&#8221;#f2f5f7&#8243; custom_padding=&#8221;32px||21px|||&#8221; global_colors_info=&#8221;{}&#8221;][et_pb_row _builder_version=&#8221;4.13.0&#8243; _module_preset=&#8221;default&#8221; custom_padding=&#8221;21px||17px|||&#8221; global_colors_info=&#8221;{}&#8221;][et_pb_column type=&#8221;4_4&#8243; _builder_version=&#8221;4.13.0&#8243; _module_preset=&#8221;default&#8221; global_colors_info=&#8221;{}&#8221;][et_pb_divider show_divider=&#8221;off&#8221; _builder_version=&#8221;4.13.0&#8243; _module_preset=&#8221;default&#8221; global_colors_info=&#8221;{}&#8221;][\/et_pb_divider][\/et_pb_column][\/et_pb_row][\/et_pb_section][et_pb_section fb_built=&#8221;1&#8243; admin_label=&#8221;Footer&#8221; _builder_version=&#8221;4.13.0&#8243; _module_preset=&#8221;default&#8221; custom_padding=&#8221;6px||7px|||&#8221; global_colors_info=&#8221;{}&#8221;][et_pb_row _builder_version=&#8221;4.13.0&#8243; _module_preset=&#8221;default&#8221; custom_padding=&#8221;7px||9px|||&#8221; global_colors_info=&#8221;{}&#8221;][et_pb_column type=&#8221;4_4&#8243; _builder_version=&#8221;4.13.0&#8243; _module_preset=&#8221;default&#8221; global_colors_info=&#8221;{}&#8221;][et_pb_image src=&#8221;https:\/\/www.cig.gov.pt\/iniciativas-nacionais\/wp-content\/uploads\/2021\/11\/doislogos128.png&#8221; alt=&#8221;Comiss\u00e3o para a Cidadania e a Igualdade de G\u00e9nero &#8211; CIG&#8221; title_text=&#8221;Comiss\u00e3o para a Cidadania e a Igualdade de G\u00e9nero &#8211; CIG&#8221; url=&#8221;https:\/\/www.cig.gov.pt\/&#8221; align=&#8221;center&#8221; _builder_version=&#8221;4.13.0&#8243; _module_preset=&#8221;default&#8221; global_colors_info=&#8221;{}&#8221;][\/et_pb_image][\/et_pb_column][\/et_pb_row][\/et_pb_section]<\/p>\n","protected":false},"excerpt":{"rendered":"<p>Distrito: AveiroAveiro Entidade promotora:Casa Vera Cruz | Projeto Caleidosc\u00f3pio Iniciativa | Atividade:Realiza\u00e7\u00e3o de um workshop com no\u00e7\u00f5es b\u00e1sicas de fotografiaRealiza\u00e7\u00e3o de um workshop com no\u00e7\u00f5es b\u00e1sicas de fotografia (luz e composi\u00e7\u00e3o) aplicadas ao quotidiano e aos dispositivos mais comuns.Exerc\u00edcios pr\u00e1ticos de edi\u00e7\u00e3o, onde cada participante ir\u00e1 tirar e editar uma ou mais fotos que representem [&hellip;]<\/p>\n","protected":false},"author":1,"featured_media":457,"parent":0,"menu_order":0,"comment_status":"closed","ping_status":"closed","template":"page-template-blank.php","meta":{"_et_pb_use_builder":"on","_et_pb_old_content":"","_et_gb_content_width":""},"yoast_head":"<!-- This site is optimized with the Yoast SEO plugin v17.5 - https:\/\/yoast.com\/wordpress\/plugins\/seo\/ -->\n<title>Iniciativas - 8 de mar\u00e7o | Dia Internacional das Mulheres 2022 - Iniciativas Nacionais<\/title>\n<meta name=\"robots\" content=\"index, follow, max-snippet:-1, max-image-preview:large, max-video-preview:-1\" \/>\n<link rel=\"canonical\" href=\"https:\/\/www.cig.gov.pt\/iniciativas-nacionais\/8-de-marco-dia-internacional-das-mulheres-2022\/\" \/>\n<meta property=\"og:locale\" content=\"pt_PT\" \/>\n<meta property=\"og:type\" content=\"article\" \/>\n<meta property=\"og:title\" content=\"Iniciativas - 8 de mar\u00e7o | Dia Internacional das Mulheres 2022\" \/>\n<meta property=\"og:description\" content=\"Distrito: AveiroAveiro Entidade promotora:Casa Vera Cruz | Projeto Caleidosc\u00f3pio Iniciativa | Atividade:Realiza\u00e7\u00e3o de um workshop com no\u00e7\u00f5es b\u00e1sicas de fotografiaRealiza\u00e7\u00e3o de um workshop com no\u00e7\u00f5es b\u00e1sicas de fotografia (luz e composi\u00e7\u00e3o) aplicadas ao quotidiano e aos dispositivos mais comuns.Exerc\u00edcios pr\u00e1ticos de edi\u00e7\u00e3o, onde cada participante ir\u00e1 tirar e editar uma ou mais fotos que representem [&hellip;]\" \/>\n<meta property=\"og:url\" content=\"https:\/\/www.cig.gov.pt\/iniciativas-nacionais\/8-de-marco-dia-internacional-das-mulheres-2022\/\" \/>\n<meta property=\"og:site_name\" content=\"Iniciativas Nacionais\" \/>\n<meta property=\"article:modified_time\" content=\"2022-03-14T15:19:44+00:00\" \/>\n<meta property=\"og:image\" content=\"https:\/\/www.cig.gov.pt\/iniciativas-nacionais\/wp-content\/uploads\/2022\/02\/8marcFB.jpg\" \/>\n\t<meta property=\"og:image:width\" content=\"1200\" \/>\n\t<meta property=\"og:image:height\" content=\"630\" \/>\n<meta name=\"twitter:card\" content=\"summary_large_image\" \/>\n<meta name=\"twitter:title\" content=\"Iniciativas - 8 de mar\u00e7o | Dia Internacional das Mulheres 2022\" \/>\n<meta name=\"twitter:image\" content=\"https:\/\/www.cig.gov.pt\/iniciativas-nacionais\/wp-content\/uploads\/2022\/02\/8marcFB.jpg\" \/>\n<meta name=\"twitter:label1\" content=\"Est. reading time\" \/>\n\t<meta name=\"twitter:data1\" content=\"204 minutos\" \/>\n<script type=\"application\/ld+json\" class=\"yoast-schema-graph\">{\"@context\":\"https:\/\/schema.org\",\"@graph\":[{\"@type\":\"WebSite\",\"@id\":\"https:\/\/www.cig.gov.pt\/iniciativas-nacionais\/#website\",\"url\":\"https:\/\/www.cig.gov.pt\/iniciativas-nacionais\/\",\"name\":\"Iniciativas Nacionais\",\"description\":\"\",\"potentialAction\":[{\"@type\":\"SearchAction\",\"target\":{\"@type\":\"EntryPoint\",\"urlTemplate\":\"https:\/\/www.cig.gov.pt\/iniciativas-nacionais\/?s={search_term_string}\"},\"query-input\":\"required name=search_term_string\"}],\"inLanguage\":\"pt-PT\"},{\"@type\":\"ImageObject\",\"@id\":\"https:\/\/www.cig.gov.pt\/iniciativas-nacionais\/8-de-marco-dia-internacional-das-mulheres-2022\/#primaryimage\",\"inLanguage\":\"pt-PT\",\"url\":\"https:\/\/www.cig.gov.pt\/iniciativas-nacionais\/wp-content\/uploads\/2022\/02\/8marcFB.jpg\",\"contentUrl\":\"https:\/\/www.cig.gov.pt\/iniciativas-nacionais\/wp-content\/uploads\/2022\/02\/8marcFB.jpg\",\"width\":1200,\"height\":630,\"caption\":\"Dia Internacional das Mulheres 8 de mar\\u00e7o\"},{\"@type\":\"WebPage\",\"@id\":\"https:\/\/www.cig.gov.pt\/iniciativas-nacionais\/8-de-marco-dia-internacional-das-mulheres-2022\/#webpage\",\"url\":\"https:\/\/www.cig.gov.pt\/iniciativas-nacionais\/8-de-marco-dia-internacional-das-mulheres-2022\/\",\"name\":\"Iniciativas - 8 de mar\\u00e7o | Dia Internacional das Mulheres 2022 - Iniciativas Nacionais\",\"isPartOf\":{\"@id\":\"https:\/\/www.cig.gov.pt\/iniciativas-nacionais\/#website\"},\"primaryImageOfPage\":{\"@id\":\"https:\/\/www.cig.gov.pt\/iniciativas-nacionais\/8-de-marco-dia-internacional-das-mulheres-2022\/#primaryimage\"},\"datePublished\":\"2022-02-27T12:12:20+00:00\",\"dateModified\":\"2022-03-14T15:19:44+00:00\",\"breadcrumb\":{\"@id\":\"https:\/\/www.cig.gov.pt\/iniciativas-nacionais\/8-de-marco-dia-internacional-das-mulheres-2022\/#breadcrumb\"},\"inLanguage\":\"pt-PT\",\"potentialAction\":[{\"@type\":\"ReadAction\",\"target\":[\"https:\/\/www.cig.gov.pt\/iniciativas-nacionais\/8-de-marco-dia-internacional-das-mulheres-2022\/\"]}]},{\"@type\":\"BreadcrumbList\",\"@id\":\"https:\/\/www.cig.gov.pt\/iniciativas-nacionais\/8-de-marco-dia-internacional-das-mulheres-2022\/#breadcrumb\",\"itemListElement\":[{\"@type\":\"ListItem\",\"position\":1,\"name\":\"Home\",\"item\":\"https:\/\/www.cig.gov.pt\/iniciativas-nacionais\/\"},{\"@type\":\"ListItem\",\"position\":2,\"name\":\"Iniciativas &#8211; 8 de mar\\u00e7o | Dia Internacional das Mulheres 2022\"}]}]}<\/script>\n<!-- \/ Yoast SEO plugin. -->","yoast_head_json":{"title":"Iniciativas - 8 de mar\u00e7o | Dia Internacional das Mulheres 2022 - Iniciativas Nacionais","robots":{"index":"index","follow":"follow","max-snippet":"max-snippet:-1","max-image-preview":"max-image-preview:large","max-video-preview":"max-video-preview:-1"},"canonical":"https:\/\/www.cig.gov.pt\/iniciativas-nacionais\/8-de-marco-dia-internacional-das-mulheres-2022\/","og_locale":"pt_PT","og_type":"article","og_title":"Iniciativas - 8 de mar\u00e7o | Dia Internacional das Mulheres 2022","og_description":"Distrito: AveiroAveiro Entidade promotora:Casa Vera Cruz | Projeto Caleidosc\u00f3pio Iniciativa | Atividade:Realiza\u00e7\u00e3o de um workshop com no\u00e7\u00f5es b\u00e1sicas de fotografiaRealiza\u00e7\u00e3o de um workshop com no\u00e7\u00f5es b\u00e1sicas de fotografia (luz e composi\u00e7\u00e3o) aplicadas ao quotidiano e aos dispositivos mais comuns.Exerc\u00edcios pr\u00e1ticos de edi\u00e7\u00e3o, onde cada participante ir\u00e1 tirar e editar uma ou mais fotos que representem [&hellip;]","og_url":"https:\/\/www.cig.gov.pt\/iniciativas-nacionais\/8-de-marco-dia-internacional-das-mulheres-2022\/","og_site_name":"Iniciativas Nacionais","article_modified_time":"2022-03-14T15:19:44+00:00","og_image":[{"width":1200,"height":630,"url":"https:\/\/www.cig.gov.pt\/iniciativas-nacionais\/wp-content\/uploads\/2022\/02\/8marcFB.jpg","type":"image\/jpeg"}],"twitter_card":"summary_large_image","twitter_title":"Iniciativas - 8 de mar\u00e7o | Dia Internacional das Mulheres 2022","twitter_image":"https:\/\/www.cig.gov.pt\/iniciativas-nacionais\/wp-content\/uploads\/2022\/02\/8marcFB.jpg","twitter_misc":{"Est. reading time":"204 minutos"},"schema":{"@context":"https:\/\/schema.org","@graph":[{"@type":"WebSite","@id":"https:\/\/www.cig.gov.pt\/iniciativas-nacionais\/#website","url":"https:\/\/www.cig.gov.pt\/iniciativas-nacionais\/","name":"Iniciativas Nacionais","description":"","potentialAction":[{"@type":"SearchAction","target":{"@type":"EntryPoint","urlTemplate":"https:\/\/www.cig.gov.pt\/iniciativas-nacionais\/?s={search_term_string}"},"query-input":"required name=search_term_string"}],"inLanguage":"pt-PT"},{"@type":"ImageObject","@id":"https:\/\/www.cig.gov.pt\/iniciativas-nacionais\/8-de-marco-dia-internacional-das-mulheres-2022\/#primaryimage","inLanguage":"pt-PT","url":"https:\/\/www.cig.gov.pt\/iniciativas-nacionais\/wp-content\/uploads\/2022\/02\/8marcFB.jpg","contentUrl":"https:\/\/www.cig.gov.pt\/iniciativas-nacionais\/wp-content\/uploads\/2022\/02\/8marcFB.jpg","width":1200,"height":630,"caption":"Dia Internacional das Mulheres 8 de mar\u00e7o"},{"@type":"WebPage","@id":"https:\/\/www.cig.gov.pt\/iniciativas-nacionais\/8-de-marco-dia-internacional-das-mulheres-2022\/#webpage","url":"https:\/\/www.cig.gov.pt\/iniciativas-nacionais\/8-de-marco-dia-internacional-das-mulheres-2022\/","name":"Iniciativas - 8 de mar\u00e7o | Dia Internacional das Mulheres 2022 - Iniciativas Nacionais","isPartOf":{"@id":"https:\/\/www.cig.gov.pt\/iniciativas-nacionais\/#website"},"primaryImageOfPage":{"@id":"https:\/\/www.cig.gov.pt\/iniciativas-nacionais\/8-de-marco-dia-internacional-das-mulheres-2022\/#primaryimage"},"datePublished":"2022-02-27T12:12:20+00:00","dateModified":"2022-03-14T15:19:44+00:00","breadcrumb":{"@id":"https:\/\/www.cig.gov.pt\/iniciativas-nacionais\/8-de-marco-dia-internacional-das-mulheres-2022\/#breadcrumb"},"inLanguage":"pt-PT","potentialAction":[{"@type":"ReadAction","target":["https:\/\/www.cig.gov.pt\/iniciativas-nacionais\/8-de-marco-dia-internacional-das-mulheres-2022\/"]}]},{"@type":"BreadcrumbList","@id":"https:\/\/www.cig.gov.pt\/iniciativas-nacionais\/8-de-marco-dia-internacional-das-mulheres-2022\/#breadcrumb","itemListElement":[{"@type":"ListItem","position":1,"name":"Home","item":"https:\/\/www.cig.gov.pt\/iniciativas-nacionais\/"},{"@type":"ListItem","position":2,"name":"Iniciativas &#8211; 8 de mar\u00e7o | Dia Internacional das Mulheres 2022"}]}]}},"_links":{"self":[{"href":"https:\/\/www.cig.gov.pt\/iniciativas-nacionais\/wp-json\/wp\/v2\/pages\/465"}],"collection":[{"href":"https:\/\/www.cig.gov.pt\/iniciativas-nacionais\/wp-json\/wp\/v2\/pages"}],"about":[{"href":"https:\/\/www.cig.gov.pt\/iniciativas-nacionais\/wp-json\/wp\/v2\/types\/page"}],"author":[{"embeddable":true,"href":"https:\/\/www.cig.gov.pt\/iniciativas-nacionais\/wp-json\/wp\/v2\/users\/1"}],"replies":[{"embeddable":true,"href":"https:\/\/www.cig.gov.pt\/iniciativas-nacionais\/wp-json\/wp\/v2\/comments?post=465"}],"version-history":[{"count":113,"href":"https:\/\/www.cig.gov.pt\/iniciativas-nacionais\/wp-json\/wp\/v2\/pages\/465\/revisions"}],"predecessor-version":[{"id":851,"href":"https:\/\/www.cig.gov.pt\/iniciativas-nacionais\/wp-json\/wp\/v2\/pages\/465\/revisions\/851"}],"wp:featuredmedia":[{"embeddable":true,"href":"https:\/\/www.cig.gov.pt\/iniciativas-nacionais\/wp-json\/wp\/v2\/media\/457"}],"wp:attachment":[{"href":"https:\/\/www.cig.gov.pt\/iniciativas-nacionais\/wp-json\/wp\/v2\/media?parent=465"}],"curies":[{"name":"wp","href":"https:\/\/api.w.org\/{rel}","templated":true}]}}