{"id":3991,"date":"2024-01-24T16:23:22","date_gmt":"2024-01-24T16:23:22","guid":{"rendered":"https:\/\/www.cig.gov.pt\/iniciativas-nacionais\/?page_id=3991"},"modified":"2024-02-02T17:57:16","modified_gmt":"2024-02-02T17:57:16","slug":"dia-internacional-de-tolerancia-zero-a-mutilacao-genital-feminina-organizacoes","status":"publish","type":"page","link":"https:\/\/www.cig.gov.pt\/iniciativas-nacionais\/dia-internacional-de-tolerancia-zero-a-mutilacao-genital-feminina-organizacoes\/","title":{"rendered":"Dia Internacional de Toler\u00e2ncia Zero \u00e0 Mutila\u00e7\u00e3o Genital Feminina &#8211; Organiza\u00e7\u00f5es"},"content":{"rendered":"<p>[et_pb_section fb_built=&#8221;1&#8243; _builder_version=&#8221;4.13.0&#8243; _module_preset=&#8221;default&#8221; background_color=&#8221;#fcd739&#8243; custom_margin=&#8221;0px||0px||false|false&#8221; custom_padding=&#8221;0px||0px||false|false&#8221; global_colors_info=&#8221;{}&#8221;][et_pb_row _builder_version=&#8221;4.13.0&#8243; _module_preset=&#8221;default&#8221; custom_margin=&#8221;0px||0px||false|false&#8221; custom_padding=&#8221;0px||0px||false|false&#8221; global_colors_info=&#8221;{}&#8221;][et_pb_column type=&#8221;4_4&#8243; _builder_version=&#8221;4.13.0&#8243; _module_preset=&#8221;default&#8221; global_colors_info=&#8221;{}&#8221;][et_pb_image src=&#8221;https:\/\/www.cig.gov.pt\/iniciativas-nacionais\/wp-content\/uploads\/2024\/02\/mgf_header_semlogos.png&#8221; alt=&#8221;Dia Internacional de Toler\u00e2ncia Zero \u00e0 Mutila\u00e7\u00e3o Genital Feminina&#8221; title_text=&#8221;Dia Internacional de Toler\u00e2ncia Zero \u00e0 Mutila\u00e7\u00e3o Genital Feminina&#8221; align=&#8221;center&#8221; _builder_version=&#8221;4.13.0&#8243; _module_preset=&#8221;default&#8221; global_colors_info=&#8221;{}&#8221;][\/et_pb_image][\/et_pb_column][\/et_pb_row][\/et_pb_section][et_pb_section fb_built=&#8221;1&#8243; _builder_version=&#8221;4.13.0&#8243; _module_preset=&#8221;default&#8221; background_color=&#8221;#FFFFFF&#8221; custom_margin=&#8221;0px||0px||false|false&#8221; custom_padding=&#8221;0px||0px||false|false&#8221; global_colors_info=&#8221;{}&#8221;][et_pb_row _builder_version=&#8221;4.13.0&#8243; _module_preset=&#8221;default&#8221; custom_margin=&#8221;18px||8px||false|false&#8221; custom_padding=&#8221;4px||4px||false|false&#8221; global_colors_info=&#8221;{}&#8221;][et_pb_column type=&#8221;4_4&#8243; _builder_version=&#8221;4.13.0&#8243; _module_preset=&#8221;default&#8221; global_colors_info=&#8221;{}&#8221;][et_pb_text _builder_version=&#8221;4.13.0&#8243; _module_preset=&#8221;default&#8221; header_3_font=&#8221;Montserrat|800|||||||&#8221; header_3_text_align=&#8221;center&#8221; header_3_font_size=&#8221;21px&#8221; header_3_line_height=&#8221;2em&#8221; global_colors_info=&#8221;{}&#8221;]<\/p>\n<h3><a href=\"https:\/\/www.cig.gov.pt\/iniciativas-nacionais\/dia-internacional-de-tolerancia-zero-a-mutilacao-genital-feminina\/#sobre\">SOBRE O F\u00d3RUM<\/a>\u00a0 \u00a0 <a href=\"https:\/\/www.cig.gov.pt\/iniciativas-nacionais\/dia-internacional-de-tolerancia-zero-a-mutilacao-genital-feminina\/#programa\">PROGRAMA<\/a>\u00a0 \u00a0 <a href=\"https:\/\/www.cig.gov.pt\/iniciativas-nacionais\/dia-internacional-de-tolerancia-zero-a-mutilacao-genital-feminina\/#inscri\">INSCRI\u00c7\u00d5ES<\/a>\u00a0 \u00a0 <a href=\"https:\/\/www.cig.gov.pt\/iniciativas-nacionais\/dia-internacional-de-tolerancia-zero-a-mutilacao-genital-feminina\/#loca\">LOCALIZA\u00c7\u00c3O<\/a>\u00a0 \u00a0 <a href=\"https:\/\/www.cig.gov.pt\/iniciativas-nacionais\/dia-internacional-de-tolerancia-zero-a-mutilacao-genital-feminina-organizacoes\/\">ORGANIZA\u00c7\u00d5ES<\/a><\/h3>\n<p>[\/et_pb_text][\/et_pb_column][\/et_pb_row][\/et_pb_section][et_pb_section fb_built=&#8221;1&#8243; module_id=&#8221;Participantes&#8221; _builder_version=&#8221;4.13.0&#8243; _module_preset=&#8221;default&#8221; background_color=&#8221;rgba(0,0,0,0.04)&#8221; custom_margin=&#8221;||0px||false|false&#8221; custom_padding=&#8221;||0px||false|false&#8221; locked=&#8221;off&#8221; global_colors_info=&#8221;{}&#8221;][et_pb_row module_id=&#8221;intervenientes&#8221; _builder_version=&#8221;4.13.0&#8243; _module_preset=&#8221;default&#8221; custom_margin=&#8221;||0px||false|false&#8221; custom_padding=&#8221;||0px||false|false&#8221; global_colors_info=&#8221;{}&#8221;][et_pb_column type=&#8221;4_4&#8243; _builder_version=&#8221;4.13.0&#8243; _module_preset=&#8221;default&#8221; global_colors_info=&#8221;{}&#8221;][et_pb_text _builder_version=&#8221;4.13.0&#8243; _module_preset=&#8221;default&#8221; header_3_font=&#8221;Montserrat|800|||||||&#8221; header_3_text_color=&#8221;#f46246&#8243; header_3_font_size=&#8221;38px&#8221; module_alignment=&#8221;left&#8221; header_3_font_size_tablet=&#8221;36px&#8221; header_3_font_size_phone=&#8221;28px&#8221; header_3_font_size_last_edited=&#8221;on|phone&#8221; locked=&#8221;off&#8221; global_colors_info=&#8221;{}&#8221;]<\/p>\n<h3>Organiza\u00e7\u00f5es<\/h3>\n<p>[\/et_pb_text][\/et_pb_column][\/et_pb_row][et_pb_row column_structure=&#8221;1_4,1_4,1_4,1_4&#8243; use_custom_gutter=&#8221;on&#8221; gutter_width=&#8221;2&#8243; make_equal=&#8221;on&#8221; _builder_version=&#8221;4.13.0&#8243; _module_preset=&#8221;default&#8221; global_colors_info=&#8221;{}&#8221;][et_pb_column type=&#8221;1_4&#8243; _builder_version=&#8221;4.13.0&#8243; _module_preset=&#8221;default&#8221; background_enable_color=&#8221;off&#8221; custom_padding=&#8221;||||false|false&#8221; border_radii=&#8221;on|8px|8px|8px|8px&#8221; global_colors_info=&#8221;{}&#8221;][et_pb_blurb title=&#8221;ADICE&#8221; image=&#8221;https:\/\/www.cig.gov.pt\/iniciativas-nacionais\/wp-content\/uploads\/2024\/02\/adice.jpg&#8221; alt=&#8221;Associa\u00e7\u00e3o de Desenvolvimento Integrado da Cidade de Ermesinde&#8221; admin_label=&#8221;ADICE&#8221; _builder_version=&#8221;4.13.0&#8243; _module_preset=&#8221;default&#8221; header_font=&#8221;Montserrat|600|||||||&#8221; header_text_align=&#8221;center&#8221; header_text_color=&#8221;rgba(0,0,0,0.9)&#8221; header_font_size=&#8221;16px&#8221; header_letter_spacing=&#8221;1px&#8221; body_font=&#8221;Fira Sans Extra Condensed|300|||||||&#8221; body_text_color=&#8221;rgba(0,0,0,0.8)&#8221; body_line_height=&#8221;1.4em&#8221; image_icon_custom_margin=&#8221;1px|20px|-20px|20px|false|false&#8221; image_icon_custom_padding=&#8221;1px||0px||false|false&#8221; text_orientation=&#8221;center&#8221; custom_margin=&#8221;||4px||false|false&#8221; custom_padding=&#8221;14px||2px||false|false&#8221; border_radii_image=&#8221;on|132px|132px|132px|132px&#8221; locked=&#8221;off&#8221; global_colors_info=&#8221;{}&#8221;]<\/p>\n<p>Associa\u00e7\u00e3o de Desenvolvimento Integrado da Cidade de Ermesinde<\/p>\n<p>[\/et_pb_blurb][et_pb_toggle title=&#8221;Info&#8221; open_toggle_text_color=&#8221;#f46246&#8243; icon_color=&#8221;#95c11f&#8221; toggle_icon=&#8221;&#xf13a;||fa||900&#8243; use_icon_font_size=&#8221;on&#8221; icon_font_size=&#8221;20px&#8221; open_icon_color=&#8221;#95c11f&#8221; open_toggle_icon=&#8221;&#xf139;||fa||900&#8243; open_use_icon_font_size=&#8221;on&#8221; open_icon_font_size=&#8221;20px&#8221; disabled_on=&#8221;off|off|off&#8221; admin_label=&#8221;sinopse ADICE&#8221; _builder_version=&#8221;4.13.0&#8243; _module_preset=&#8221;default&#8221; title_text_color=&#8221;#f46246&#8243; title_font=&#8221;|700|on||||||&#8221; body_text_color=&#8221;rgba(0,0,0,0.8)&#8221; body_font_size=&#8221;13px&#8221; body_line_height=&#8221;1.2em&#8221; custom_margin=&#8221;0px|6px|6px|6px|false|false&#8221; custom_padding=&#8221;6px|8px|8px|10px|false|false&#8221; border_radii=&#8221;on|8px|8px|8px|8px&#8221; locked=&#8221;off&#8221; global_colors_info=&#8221;{}&#8221;]<\/p>\n<p>IPSS do concelho de Valongo, dinamiza diversas atividades em \u00e1reas como a promo\u00e7\u00e3o do desenvolvimento social, forma\u00e7\u00e3o e inser\u00e7\u00e3o profissional, cultura, ambiente, promo\u00e7\u00e3o da sa\u00fade e desporto, e da igualdade de g\u00e9nero e de oportunidades.<br \/><a href=\"https:\/\/www.adice.pt\/\" target=\"_blank\" rel=\"noopener\">https:\/\/www.adice.pt\/<\/a><\/p>\n<p>[\/et_pb_toggle][\/et_pb_column][et_pb_column type=&#8221;1_4&#8243; _builder_version=&#8221;4.13.0&#8243; _module_preset=&#8221;default&#8221; background_enable_color=&#8221;off&#8221; custom_padding=&#8221;||||false|false&#8221; border_radii=&#8221;on|8px|8px|8px|8px&#8221; global_colors_info=&#8221;{}&#8221;][et_pb_blurb title=&#8221;AJPAS&#8221; image=&#8221;https:\/\/www.cig.gov.pt\/iniciativas-nacionais\/wp-content\/uploads\/2024\/02\/ajpas.jpg&#8221; alt=&#8221;Associa\u00e7\u00e3o de Interven\u00e7\u00e3o Comunit\u00e1ria, Desenvolvimento Social e de Sa\u00fade&#8221; admin_label=&#8221;AJPAS&#8221; _builder_version=&#8221;4.13.0&#8243; _module_preset=&#8221;default&#8221; header_font=&#8221;Montserrat|600|||||||&#8221; header_text_align=&#8221;center&#8221; header_text_color=&#8221;rgba(0,0,0,0.9)&#8221; header_font_size=&#8221;16px&#8221; header_letter_spacing=&#8221;1px&#8221; body_font=&#8221;Fira Sans Extra Condensed|300|||||||&#8221; body_text_color=&#8221;rgba(0,0,0,0.8)&#8221; body_line_height=&#8221;1.4em&#8221; image_icon_custom_margin=&#8221;1px|20px|-20px|20px|false|false&#8221; image_icon_custom_padding=&#8221;1px||0px||false|false&#8221; text_orientation=&#8221;center&#8221; custom_margin=&#8221;||4px||false|false&#8221; custom_padding=&#8221;14px||2px||false|false&#8221; border_radii_image=&#8221;on|132px|132px|132px|132px&#8221; locked=&#8221;off&#8221; global_colors_info=&#8221;{}&#8221;]<\/p>\n<p>Associa\u00e7\u00e3o de Interven\u00e7\u00e3o Comunit\u00e1ria, Desenvolvimento Social e de Sa\u00fade<\/p>\n<p>[\/et_pb_blurb][et_pb_toggle title=&#8221;Info&#8221; open_toggle_text_color=&#8221;#f46246&#8243; icon_color=&#8221;#95c11f&#8221; toggle_icon=&#8221;&#xf13a;||fa||900&#8243; use_icon_font_size=&#8221;on&#8221; icon_font_size=&#8221;20px&#8221; open_icon_color=&#8221;#95c11f&#8221; open_toggle_icon=&#8221;&#xf139;||fa||900&#8243; open_use_icon_font_size=&#8221;on&#8221; open_icon_font_size=&#8221;20px&#8221; disabled_on=&#8221;off|off|off&#8221; admin_label=&#8221;sinopse AJPAS&#8221; _builder_version=&#8221;4.13.0&#8243; _module_preset=&#8221;default&#8221; title_text_color=&#8221;#f46246&#8243; title_font=&#8221;|700|on||||||&#8221; body_text_color=&#8221;rgba(0,0,0,0.8)&#8221; body_font_size=&#8221;13px&#8221; body_line_height=&#8221;1.2em&#8221; custom_margin=&#8221;0px|6px|6px|6px|false|false&#8221; custom_padding=&#8221;6px|8px|8px|10px|false|false&#8221; border_radii=&#8221;on|8px|8px|8px|8px&#8221; locked=&#8221;off&#8221; global_colors_info=&#8221;{}&#8221;]<\/p>\n<p>Iniciou as suas atividades h\u00e1 30 anos na \u00e1rea da Promo\u00e7\u00e3o da Sa\u00fade e da Preven\u00e7\u00e3o da Doen\u00e7a com \u00eanfase no VIH\/SIDA. Alargou a sua interven\u00e7\u00e3o comunit\u00e1ria \u00e0s \u00e1reas da Educa\u00e7\u00e3o, do Emprego e da Forma\u00e7\u00e3o Profissional, Migra\u00e7\u00f5es e outras \u00e1reas da sa\u00fade. Desenvolve um trabalho com respeito pela diversidade atrav\u00e9s da inclus\u00e3o de v\u00e1rias culturas, povos e nacionalidades e a sua inser\u00e7\u00e3o na sociedade de acolhimento.<br \/><a href=\"https:\/\/ajpas.pt\/\" target=\"_blank\" rel=\"noopener\">https:\/\/ajpas.pt\/<\/a><\/p>\n<p>[\/et_pb_toggle][\/et_pb_column][et_pb_column type=&#8221;1_4&#8243; _builder_version=&#8221;4.13.0&#8243; _module_preset=&#8221;default&#8221; background_enable_color=&#8221;off&#8221; custom_padding=&#8221;||||false|false&#8221; border_radii=&#8221;on|8px|8px|8px|8px&#8221; global_colors_info=&#8221;{}&#8221;][et_pb_blurb title=&#8221;AFAFC&#8221; image=&#8221;https:\/\/www.cig.gov.pt\/iniciativas-nacionais\/wp-content\/uploads\/2024\/02\/AFAFC-LOGO-Oficial-Final.png&#8221; alt=&#8221;AFAFC&#8221; admin_label=&#8221;Associa\u00e7\u00e3o dos Filhos e Amigos de Farim&#8221; _builder_version=&#8221;4.13.0&#8243; _module_preset=&#8221;default&#8221; header_font=&#8221;Montserrat|600|||||||&#8221; header_text_align=&#8221;center&#8221; header_text_color=&#8221;rgba(0,0,0,0.9)&#8221; header_font_size=&#8221;16px&#8221; header_letter_spacing=&#8221;1px&#8221; body_font=&#8221;Fira Sans Extra Condensed|300|||||||&#8221; body_text_color=&#8221;rgba(0,0,0,0.8)&#8221; body_line_height=&#8221;1.4em&#8221; image_icon_custom_margin=&#8221;1px|20px|-20px|20px|false|false&#8221; image_icon_custom_padding=&#8221;1px||0px||false|false&#8221; text_orientation=&#8221;center&#8221; custom_margin=&#8221;||4px||false|false&#8221; custom_padding=&#8221;14px||2px||false|false&#8221; border_radii_image=&#8221;on|132px|132px|132px|132px&#8221; locked=&#8221;off&#8221; global_colors_info=&#8221;{}&#8221;]<\/p>\n<p>Associa\u00e7\u00e3o dos Filhos e Amigos de Farim<\/p>\n<p>[\/et_pb_blurb][et_pb_toggle title=&#8221;Info&#8221; open_toggle_text_color=&#8221;#f46246&#8243; icon_color=&#8221;#95c11f&#8221; toggle_icon=&#8221;&#xf13a;||fa||900&#8243; use_icon_font_size=&#8221;on&#8221; icon_font_size=&#8221;20px&#8221; open_icon_color=&#8221;#95c11f&#8221; open_toggle_icon=&#8221;&#xf139;||fa||900&#8243; open_use_icon_font_size=&#8221;on&#8221; open_icon_font_size=&#8221;20px&#8221; disabled_on=&#8221;off|off|off&#8221; admin_label=&#8221;sinopse AFAFC Farim&#8221; _builder_version=&#8221;4.13.0&#8243; _module_preset=&#8221;default&#8221; title_text_color=&#8221;#f46246&#8243; title_font=&#8221;|700|on||||||&#8221; body_text_color=&#8221;rgba(0,0,0,0.8)&#8221; body_font_size=&#8221;13px&#8221; body_line_height=&#8221;1.2em&#8221; custom_margin=&#8221;0px|6px|6px|6px|false|false&#8221; custom_padding=&#8221;6px|8px|8px|10px|false|false&#8221; border_radii=&#8221;on|8px|8px|8px|8px&#8221; locked=&#8221;off&#8221; global_colors_info=&#8221;{}&#8221;]<\/p>\n<p>Tem como finalidades apromo\u00e7\u00e3o da aprendizagem da l\u00edngua portuguesa, o di\u00e1logo intercultural, o combate \u00e0 exclus\u00e3o social e a integra\u00e7\u00e3o dos imigrantes nas \u00e1reas sociais em Portugal. Apoia e capacita as mulheres na defesa e concretiza\u00e7\u00e3o dos seus direitos, atrav\u00e9s da sinaliza\u00e7\u00e3o de situa\u00e7\u00f5es de viol\u00eancia dom\u00e9stica, discrimina\u00e7\u00e3o de g\u00e9nero e combate \u00e0 mutila\u00e7\u00e3o genital feminina, casamentos for\u00e7ados e outras pr\u00e1ticas nefastas.<br \/><a href=\"http:\/\/www.afafc.pt\/\" target=\"_blank\" rel=\"noopener\">http:\/\/www.afafc.pt\/<\/a><\/p>\n<p>[\/et_pb_toggle][\/et_pb_column][et_pb_column type=&#8221;1_4&#8243; _builder_version=&#8221;4.13.0&#8243; _module_preset=&#8221;default&#8221; background_enable_color=&#8221;off&#8221; custom_padding=&#8221;||||false|false&#8221; border_radii=&#8221;on|8px|8px|8px|8px&#8221; global_colors_info=&#8221;{}&#8221;][et_pb_blurb title=&#8221;AMSF&#8221; image=&#8221;https:\/\/www.cig.gov.pt\/iniciativas-nacionais\/wp-content\/uploads\/2024\/02\/Logo-Associacao-Mulheres-sem-Fronteiras-fundo-branco.jpg&#8221; alt=&#8221;AFAFC&#8221; admin_label=&#8221;Associa\u00e7\u00e3o Mulheres sem Fronteiras&#8221; _builder_version=&#8221;4.13.0&#8243; _module_preset=&#8221;default&#8221; header_font=&#8221;Montserrat|600|||||||&#8221; header_text_align=&#8221;center&#8221; header_text_color=&#8221;rgba(0,0,0,0.9)&#8221; header_font_size=&#8221;16px&#8221; header_letter_spacing=&#8221;1px&#8221; body_font=&#8221;Fira Sans Extra Condensed|300|||||||&#8221; body_text_color=&#8221;rgba(0,0,0,0.8)&#8221; body_line_height=&#8221;1.4em&#8221; image_icon_custom_margin=&#8221;1px|20px|-20px|20px|false|false&#8221; image_icon_custom_padding=&#8221;1px||0px||false|false&#8221; text_orientation=&#8221;center&#8221; custom_margin=&#8221;||4px||false|false&#8221; custom_padding=&#8221;14px||2px||false|false&#8221; border_radii_image=&#8221;on|132px|132px|132px|132px&#8221; locked=&#8221;off&#8221; global_colors_info=&#8221;{}&#8221;]<\/p>\n<p>Associa\u00e7\u00e3o Mulheres sem Fronteiras<\/p>\n<p>[\/et_pb_blurb][et_pb_toggle title=&#8221;Info&#8221; open_toggle_text_color=&#8221;#f46246&#8243; icon_color=&#8221;#95c11f&#8221; toggle_icon=&#8221;&#xf13a;||fa||900&#8243; use_icon_font_size=&#8221;on&#8221; icon_font_size=&#8221;20px&#8221; open_icon_color=&#8221;#95c11f&#8221; open_toggle_icon=&#8221;&#xf139;||fa||900&#8243; open_use_icon_font_size=&#8221;on&#8221; open_icon_font_size=&#8221;20px&#8221; disabled_on=&#8221;off|off|off&#8221; admin_label=&#8221;sinopse Mulheres sem Fronteiras&#8221; _builder_version=&#8221;4.13.0&#8243; _module_preset=&#8221;default&#8221; title_text_color=&#8221;#f46246&#8243; title_font=&#8221;|700|on||||||&#8221; body_text_color=&#8221;rgba(0,0,0,0.8)&#8221; body_font_size=&#8221;13px&#8221; body_line_height=&#8221;1.2em&#8221; custom_margin=&#8221;0px|6px|6px|6px|false|false&#8221; custom_padding=&#8221;6px|8px|8px|10px|false|false&#8221; border_radii=&#8221;on|8px|8px|8px|8px&#8221; locked=&#8221;off&#8221; global_colors_info=&#8221;{}&#8221;]<\/p>\n<p>Interv\u00e9m na promo\u00e7\u00e3o dos direitos humanos das meninas, raparigas e mulheres, na promo\u00e7\u00e3o da igualdade de g\u00e9nero e no combate a todas as formas de discrimina\u00e7\u00e3o e \u00e0s diferentes formas de viol\u00eancia de g\u00e9nero.<br \/><a href=\"https:\/\/www.instagram.com\/mulheressemfronteirasass\/\" target=\"_blank\" rel=\"noopener\">https:\/\/www.instagram.com\/mulheressemfronteirasass\/<\/a><\/p>\n<p>[\/et_pb_toggle][\/et_pb_column][\/et_pb_row][et_pb_row column_structure=&#8221;1_4,1_4,1_4,1_4&#8243; use_custom_gutter=&#8221;on&#8221; gutter_width=&#8221;2&#8243; make_equal=&#8221;on&#8221; _builder_version=&#8221;4.13.0&#8243; _module_preset=&#8221;default&#8221; custom_margin=&#8221;0px||||false|false&#8221; custom_padding=&#8221;0px||||false|false&#8221; global_colors_info=&#8221;{}&#8221;][et_pb_column type=&#8221;1_4&#8243; _builder_version=&#8221;4.13.0&#8243; _module_preset=&#8221;default&#8221; background_enable_color=&#8221;off&#8221; custom_padding=&#8221;||||false|false&#8221; border_radii=&#8221;on|8px|8px|8px|8px&#8221; global_colors_info=&#8221;{}&#8221;][et_pb_blurb title=&#8221;aKto&#8221; image=&#8221;https:\/\/www.cig.gov.pt\/iniciativas-nacionais\/wp-content\/uploads\/2024\/01\/akto.png&#8221; alt=&#8221;aKto &#8211; Direitos Humanos e Democracia&#8221; admin_label=&#8221;akto&#8221; _builder_version=&#8221;4.13.0&#8243; _module_preset=&#8221;default&#8221; header_font=&#8221;Montserrat|600|||||||&#8221; header_text_align=&#8221;center&#8221; header_text_color=&#8221;rgba(0,0,0,0.9)&#8221; header_font_size=&#8221;16px&#8221; header_letter_spacing=&#8221;1px&#8221; body_font=&#8221;Fira Sans Extra Condensed|300|||||||&#8221; body_text_color=&#8221;rgba(0,0,0,0.8)&#8221; body_line_height=&#8221;1.4em&#8221; image_icon_custom_margin=&#8221;1px|20px|-20px|20px|false|false&#8221; image_icon_custom_padding=&#8221;1px||0px||false|false&#8221; text_orientation=&#8221;center&#8221; custom_margin=&#8221;||4px||false|false&#8221; custom_padding=&#8221;14px||2px||false|false&#8221; border_radii_image=&#8221;on|132px|132px|132px|132px&#8221; locked=&#8221;off&#8221; global_colors_info=&#8221;{}&#8221;]<\/p>\n<p>Direitos Humanos e Democracia<\/p>\n<p>[\/et_pb_blurb][et_pb_toggle title=&#8221;Info&#8221; open_toggle_text_color=&#8221;#f46246&#8243; icon_color=&#8221;#95c11f&#8221; toggle_icon=&#8221;&#xf13a;||fa||900&#8243; use_icon_font_size=&#8221;on&#8221; icon_font_size=&#8221;20px&#8221; open_icon_color=&#8221;#95c11f&#8221; open_toggle_icon=&#8221;&#xf139;||fa||900&#8243; open_use_icon_font_size=&#8221;on&#8221; open_icon_font_size=&#8221;20px&#8221; disabled_on=&#8221;off|off|off&#8221; admin_label=&#8221;sinopse Mulheres sem Fronteiras&#8221; _builder_version=&#8221;4.13.0&#8243; _module_preset=&#8221;default&#8221; title_text_color=&#8221;#f46246&#8243; title_font=&#8221;|700|on||||||&#8221; body_text_color=&#8221;rgba(0,0,0,0.8)&#8221; body_font_size=&#8221;13px&#8221; body_line_height=&#8221;1.2em&#8221; custom_margin=&#8221;0px|6px|6px|6px|false|false&#8221; custom_padding=&#8221;6px|8px|8px|10px|false|false&#8221; border_radii=&#8221;on|8px|8px|8px|8px&#8221; locked=&#8221;off&#8221; global_colors_info=&#8221;{}&#8221;]<\/p>\n<p>Associa\u00e7\u00e3o sem Fins Lucrativos e ONGD, fundada em 2015 com sede em Coimbra, que tem como miss\u00e3o fomentar a educa\u00e7\u00e3o, a promo\u00e7\u00e3o e a interven\u00e7\u00e3o em Direitos Humanos e Democracia, enquanto fatores estruturantes de uma mudan\u00e7a positiva na constru\u00e7\u00e3o de um mundo justo e equitativo.<br \/>No \u00e2mbito do nosso trabalho desenvolvemos diversas atividades e projetos, ao n\u00edvel nacional e europeu, em \u00e1reas priorit\u00e1rias como a igualdade e a viol\u00eancia de g\u00e9nero, e o tr\u00e1fico de seres humanos.<br \/><a href=\"https:\/\/www.akto.org\/pt\/\" target=\"_blank\" rel=\"noopener\">https:\/\/www.akto.org\/pt\/<\/a><\/p>\n<p>[\/et_pb_toggle][\/et_pb_column][et_pb_column type=&#8221;1_4&#8243; _builder_version=&#8221;4.13.0&#8243; _module_preset=&#8221;default&#8221; background_enable_color=&#8221;off&#8221; custom_padding=&#8221;||||false|false&#8221; border_radii=&#8221;on|8px|8px|8px|8px&#8221; global_colors_info=&#8221;{}&#8221;][et_pb_blurb title=&#8221;BALODIREN&#8221; image=&#8221;https:\/\/www.cig.gov.pt\/iniciativas-nacionais\/wp-content\/uploads\/2024\/01\/balodiren.jpg&#8221; alt=&#8221;BALODIREN &#8211; Associa\u00e7\u00e3o de Solidariedade e Apoio \u00e0 Comunidade Guineense&#8221; admin_label=&#8221;Balodiren&#8221; _builder_version=&#8221;4.13.0&#8243; _module_preset=&#8221;default&#8221; header_font=&#8221;Montserrat|600|||||||&#8221; header_text_align=&#8221;center&#8221; header_text_color=&#8221;rgba(0,0,0,0.9)&#8221; header_font_size=&#8221;16px&#8221; header_letter_spacing=&#8221;1px&#8221; body_font=&#8221;Fira Sans Extra Condensed|300|||||||&#8221; body_text_color=&#8221;rgba(0,0,0,0.8)&#8221; body_line_height=&#8221;1.4em&#8221; image_icon_custom_margin=&#8221;1px|20px|-20px|20px|false|false&#8221; image_icon_custom_padding=&#8221;1px||0px||false|false&#8221; text_orientation=&#8221;center&#8221; custom_margin=&#8221;||4px||false|false&#8221; custom_padding=&#8221;14px||2px||false|false&#8221; border_radii_image=&#8221;on|132px|132px|132px|132px&#8221; locked=&#8221;off&#8221; global_colors_info=&#8221;{}&#8221;]<\/p>\n<p>Associa\u00e7\u00e3o de Solidariedade e Apoio \u00e0 Comunidade Guineense<\/p>\n<p>[\/et_pb_blurb][et_pb_toggle title=&#8221;Info&#8221; open_toggle_text_color=&#8221;#f46246&#8243; icon_color=&#8221;#95c11f&#8221; toggle_icon=&#8221;&#xf13a;||fa||900&#8243; use_icon_font_size=&#8221;on&#8221; icon_font_size=&#8221;20px&#8221; open_icon_color=&#8221;#95c11f&#8221; open_toggle_icon=&#8221;&#xf139;||fa||900&#8243; open_use_icon_font_size=&#8221;on&#8221; open_icon_font_size=&#8221;20px&#8221; disabled_on=&#8221;off|off|off&#8221; admin_label=&#8221;sinopse Balodiren&#8221; _builder_version=&#8221;4.13.0&#8243; _module_preset=&#8221;default&#8221; title_text_color=&#8221;#f46246&#8243; title_font=&#8221;|700|on||||||&#8221; body_text_color=&#8221;rgba(0,0,0,0.8)&#8221; body_font_size=&#8221;13px&#8221; body_line_height=&#8221;1.2em&#8221; custom_margin=&#8221;0px|6px|6px|6px|false|false&#8221; custom_padding=&#8221;6px|8px|8px|10px|false|false&#8221; hover_enabled=&#8221;0&#8243; border_radii=&#8221;on|8px|8px|8px|8px&#8221; locked=&#8221;off&#8221; global_colors_info=&#8221;{}&#8221; sticky_enabled=&#8221;0&#8243;]<\/p>\n<p>Associa\u00e7\u00e3o de solidariedade e apoio \u00e0 comunidade guineense fundada em 2007 pretende defender os direitos dos imigrantes e contribuir para a integra\u00e7\u00e3o dos migrantes na sociedade onde est\u00e3o inseridos. Procura ainda apoiar as pessoas carenciadas ou em necessidades na \u00e1rea social e humanit\u00e1ria e contribuir para o desenvolvimento da Guin\u00e9-Bissau atrav\u00e9s da experi\u00eancia da sua di\u00e1spora radicada em Portugal. A n\u00edvel nacional, promove a sensibiliza\u00e7\u00e3o e informa\u00e7\u00e3o ao migrante sobre as leis de migra\u00e7\u00e3o nacional para que este possa decidir de forma mais consciente e informada.<br \/><a href=\"https:\/\/cielp.org\/comunidade\/comunidades-nacionais\/guine-bissau\/balodiren\/\" target=\"_blank\" rel=\"noopener\">https:\/\/cielp.org\/comunidade\/comunidades-nacionais\/guine-bissau\/balodiren\/<\/a><\/p>\n<p>[\/et_pb_toggle][\/et_pb_column][et_pb_column type=&#8221;1_4&#8243; _builder_version=&#8221;4.13.0&#8243; _module_preset=&#8221;default&#8221; background_enable_color=&#8221;off&#8221; custom_padding=&#8221;||||false|false&#8221; border_radii=&#8221;on|8px|8px|8px|8px&#8221; global_colors_info=&#8221;{}&#8221;][et_pb_blurb title=&#8221;ISP&#8221; image=&#8221;https:\/\/www.cig.gov.pt\/iniciativas-nacionais\/wp-content\/uploads\/2024\/02\/cip.jpg&#8221; alt=&#8221;Comunidade Isl\u00e2mica de Palmela&#8221; admin_label=&#8221;Comunidade Isl\u00e2mica de Palmela&#8221; _builder_version=&#8221;4.13.0&#8243; _module_preset=&#8221;default&#8221; header_font=&#8221;Montserrat|600|||||||&#8221; header_text_align=&#8221;center&#8221; header_text_color=&#8221;rgba(0,0,0,0.9)&#8221; header_font_size=&#8221;16px&#8221; header_letter_spacing=&#8221;1px&#8221; body_font=&#8221;Fira Sans Extra Condensed|300|||||||&#8221; body_text_color=&#8221;rgba(0,0,0,0.8)&#8221; body_line_height=&#8221;1.4em&#8221; image_icon_custom_margin=&#8221;1px|20px|-20px|20px|false|false&#8221; image_icon_custom_padding=&#8221;1px||0px||false|false&#8221; text_orientation=&#8221;center&#8221; custom_margin=&#8221;||4px||false|false&#8221; custom_padding=&#8221;14px||2px||false|false&#8221; border_radii_image=&#8221;on|132px|132px|132px|132px&#8221; locked=&#8221;off&#8221; global_colors_info=&#8221;{}&#8221;]<\/p>\n<p>Comunidade Isl\u00e2mica de Palmela<\/p>\n<p>[\/et_pb_blurb][\/et_pb_column][et_pb_column type=&#8221;1_4&#8243; _builder_version=&#8221;4.13.0&#8243; _module_preset=&#8221;default&#8221; background_enable_color=&#8221;off&#8221; custom_padding=&#8221;||||false|false&#8221; border_radii=&#8221;on|8px|8px|8px|8px&#8221; global_colors_info=&#8221;{}&#8221;][et_pb_blurb title=&#8221;CulturFACE&#8221; image=&#8221;https:\/\/www.cig.gov.pt\/iniciativas-nacionais\/wp-content\/uploads\/2024\/01\/culturface.png&#8221; alt=&#8221;CulturFACE &#8211; Associa\u00e7\u00e3o Cultural para o Desenvolvimento&#8221; admin_label=&#8221;CulturFACE&#8221; _builder_version=&#8221;4.13.0&#8243; _module_preset=&#8221;default&#8221; header_font=&#8221;Montserrat|600|||||||&#8221; header_text_align=&#8221;center&#8221; header_text_color=&#8221;rgba(0,0,0,0.9)&#8221; header_font_size=&#8221;16px&#8221; header_letter_spacing=&#8221;1px&#8221; body_font=&#8221;Fira Sans Extra Condensed|300|||||||&#8221; body_text_color=&#8221;rgba(0,0,0,0.8)&#8221; body_line_height=&#8221;1.4em&#8221; image_icon_custom_margin=&#8221;1px|20px|-20px|20px|false|false&#8221; image_icon_custom_padding=&#8221;1px||0px||false|false&#8221; text_orientation=&#8221;center&#8221; custom_margin=&#8221;||4px||false|false&#8221; custom_padding=&#8221;14px||2px||false|false&#8221; border_radii_image=&#8221;on|132px|132px|132px|132px&#8221; locked=&#8221;off&#8221; global_colors_info=&#8221;{}&#8221;]<\/p>\n<p>Associa\u00e7\u00e3o Cultural para o Desenvolvimento<\/p>\n<p>[\/et_pb_blurb][\/et_pb_column][\/et_pb_row][et_pb_row column_structure=&#8221;1_4,1_4,1_4,1_4&#8243; use_custom_gutter=&#8221;on&#8221; gutter_width=&#8221;2&#8243; make_equal=&#8221;on&#8221; _builder_version=&#8221;4.13.0&#8243; _module_preset=&#8221;default&#8221; custom_margin=&#8221;0px||||false|false&#8221; custom_padding=&#8221;0px||||false|false&#8221; global_colors_info=&#8221;{}&#8221;][et_pb_column type=&#8221;1_4&#8243; _builder_version=&#8221;4.13.0&#8243; _module_preset=&#8221;default&#8221; background_enable_color=&#8221;off&#8221; custom_padding=&#8221;||||false|false&#8221; border_radii=&#8221;on|8px|8px|8px|8px&#8221; global_colors_info=&#8221;{}&#8221;][et_pb_blurb title=&#8221;GENTOPIA&#8221; image=&#8221;https:\/\/www.cig.gov.pt\/iniciativas-nacionais\/wp-content\/uploads\/2024\/01\/gentropia.png&#8221; alt=&#8221;GENTROPIA&#8221; admin_label=&#8221;Gentopia&#8221; _builder_version=&#8221;4.13.0&#8243; _module_preset=&#8221;default&#8221; header_font=&#8221;Montserrat|600|||||||&#8221; header_text_align=&#8221;center&#8221; header_text_color=&#8221;rgba(0,0,0,0.9)&#8221; header_font_size=&#8221;16px&#8221; header_letter_spacing=&#8221;1px&#8221; body_font=&#8221;Fira Sans Extra Condensed|300|||||||&#8221; body_text_color=&#8221;rgba(0,0,0,0.8)&#8221; body_line_height=&#8221;1.4em&#8221; image_icon_custom_margin=&#8221;1px|20px|-20px|20px|false|false&#8221; image_icon_custom_padding=&#8221;1px||0px||false|false&#8221; text_orientation=&#8221;center&#8221; custom_margin=&#8221;||4px||false|false&#8221; custom_padding=&#8221;14px||2px||false|false&#8221; border_radii_image=&#8221;on|132px|132px|132px|132px&#8221; locked=&#8221;off&#8221; global_colors_info=&#8221;{}&#8221;]<\/p>\n<p>Associa\u00e7\u00e3o para a Diversidade e Igualdade de G\u00e9nero<\/p>\n<p>[\/et_pb_blurb][\/et_pb_column][et_pb_column type=&#8221;1_4&#8243; _builder_version=&#8221;4.13.0&#8243; _module_preset=&#8221;default&#8221; background_enable_color=&#8221;off&#8221; custom_padding=&#8221;||||false|false&#8221; border_radii=&#8221;on|8px|8px|8px|8px&#8221; global_colors_info=&#8221;{}&#8221;][et_pb_blurb title=&#8221;PCI&#8221; image=&#8221;https:\/\/www.cig.gov.pt\/iniciativas-nacionais\/wp-content\/uploads\/2024\/01\/PCI.png&#8221; alt=&#8221;Param\u00e9dicos de Cat\u00e1strofe Internacional (PCI)&#8221; admin_label=&#8221;Param\u00e9dicos de Cat\u00e1strofe Internacional&#8221; _builder_version=&#8221;4.13.0&#8243; _module_preset=&#8221;default&#8221; header_font=&#8221;Montserrat|600|||||||&#8221; header_text_align=&#8221;center&#8221; header_text_color=&#8221;rgba(0,0,0,0.9)&#8221; header_font_size=&#8221;16px&#8221; header_letter_spacing=&#8221;1px&#8221; body_font=&#8221;Fira Sans Extra Condensed|300|||||||&#8221; body_text_color=&#8221;rgba(0,0,0,0.8)&#8221; body_line_height=&#8221;1.4em&#8221; image_icon_custom_margin=&#8221;1px|20px|-20px|20px|false|false&#8221; image_icon_custom_padding=&#8221;1px||0px||false|false&#8221; text_orientation=&#8221;center&#8221; custom_margin=&#8221;||4px||false|false&#8221; custom_padding=&#8221;14px||2px||false|false&#8221; border_radii_image=&#8221;on|132px|132px|132px|132px&#8221; locked=&#8221;off&#8221; global_colors_info=&#8221;{}&#8221;]<\/p>\n<p>Param\u00e9dicos de Cat\u00e1strofe Internacional<\/p>\n<p>[\/et_pb_blurb][\/et_pb_column][et_pb_column type=&#8221;1_4&#8243; _builder_version=&#8221;4.13.0&#8243; _module_preset=&#8221;default&#8221; background_enable_color=&#8221;off&#8221; custom_padding=&#8221;||||false|false&#8221; border_radii=&#8221;on|8px|8px|8px|8px&#8221; global_colors_info=&#8221;{}&#8221;][et_pb_blurb title=&#8221;UMAR&#8221; image=&#8221;https:\/\/www.cig.gov.pt\/iniciativas-nacionais\/wp-content\/uploads\/2024\/02\/umar.png&#8221; alt=&#8221;Uni\u00e3o de Mulheres Alternativa e Resposta&#8221; admin_label=&#8221;UMAR&#8221; _builder_version=&#8221;4.13.0&#8243; _module_preset=&#8221;default&#8221; header_font=&#8221;Montserrat|600|||||||&#8221; header_text_align=&#8221;center&#8221; header_text_color=&#8221;rgba(0,0,0,0.9)&#8221; header_font_size=&#8221;16px&#8221; header_letter_spacing=&#8221;1px&#8221; body_font=&#8221;Fira Sans Extra Condensed|300|||||||&#8221; body_text_color=&#8221;rgba(0,0,0,0.8)&#8221; body_line_height=&#8221;1.4em&#8221; image_icon_custom_margin=&#8221;1px|20px|-20px|20px|false|false&#8221; image_icon_custom_padding=&#8221;1px||0px||false|false&#8221; text_orientation=&#8221;center&#8221; custom_margin=&#8221;||4px||false|false&#8221; custom_padding=&#8221;14px||2px||false|false&#8221; border_radii_image=&#8221;on|132px|132px|132px|132px&#8221; locked=&#8221;off&#8221; global_colors_info=&#8221;{}&#8221;]<\/p>\n<p>Uni\u00e3o de Mulheres Alternativa e Resposta<\/p>\n<p>[\/et_pb_blurb][\/et_pb_column][et_pb_column type=&#8221;1_4&#8243; _builder_version=&#8221;4.13.0&#8243; _module_preset=&#8221;default&#8221; background_enable_color=&#8221;off&#8221; custom_padding=&#8221;||||false|false&#8221; border_radii=&#8221;on|8px|8px|8px|8px&#8221; global_colors_info=&#8221;{}&#8221;][\/et_pb_column][\/et_pb_row][\/et_pb_section][et_pb_section fb_built=&#8221;1&#8243; _builder_version=&#8221;4.13.0&#8243; _module_preset=&#8221;default&#8221; background_color=&#8221;rgba(0,0,0,0.04)&#8221; global_colors_info=&#8221;{}&#8221;][et_pb_row _builder_version=&#8221;4.13.0&#8243; _module_preset=&#8221;default&#8221; global_colors_info=&#8221;{}&#8221;][et_pb_column type=&#8221;4_4&#8243; _builder_version=&#8221;4.13.0&#8243; _module_preset=&#8221;default&#8221; global_colors_info=&#8221;{}&#8221;][\/et_pb_column][\/et_pb_row][\/et_pb_section][et_pb_section fb_built=&#8221;1&#8243; _builder_version=&#8221;4.13.0&#8243; _module_preset=&#8221;default&#8221; background_color=&#8221;#FFFFFF&#8221; custom_margin=&#8221;0px||0px||false|false&#8221; custom_padding=&#8221;0px||0px||false|false&#8221; locked=&#8221;off&#8221; global_colors_info=&#8221;{}&#8221;][et_pb_row _builder_version=&#8221;4.13.0&#8243; _module_preset=&#8221;default&#8221; custom_margin=&#8221;4px||4px||false|false&#8221; custom_padding=&#8221;4px||4px||false|false&#8221; global_colors_info=&#8221;{}&#8221;][et_pb_column type=&#8221;4_4&#8243; _builder_version=&#8221;4.13.0&#8243; _module_preset=&#8221;default&#8221; global_colors_info=&#8221;{}&#8221;][et_pb_image src=&#8221;https:\/\/www.cig.gov.pt\/iniciativas-nacionais\/wp-content\/uploads\/2024\/02\/comboioLOGOS2.png&#8221; alt=&#8221;Log\u00f3tipos&#8221; title_text=&#8221;Log\u00f3tipos&#8221; align=&#8221;center&#8221; _builder_version=&#8221;4.13.0&#8243; _module_preset=&#8221;default&#8221; locked=&#8221;off&#8221; global_colors_info=&#8221;{}&#8221;][\/et_pb_image][\/et_pb_column][\/et_pb_row][\/et_pb_section]<\/p>\n","protected":false},"excerpt":{"rendered":"<p>SOBRE O F\u00d3RUM\u00a0 \u00a0 PROGRAMA\u00a0 \u00a0 INSCRI\u00c7\u00d5ES\u00a0 \u00a0 LOCALIZA\u00c7\u00c3O\u00a0 \u00a0 ORGANIZA\u00c7\u00d5ESOrganiza\u00e7\u00f5esAssocia\u00e7\u00e3o de Desenvolvimento Integrado da Cidade de ErmesindeIPSS do concelho de Valongo, dinamiza diversas atividades em \u00e1reas como a promo\u00e7\u00e3o do desenvolvimento social, forma\u00e7\u00e3o e inser\u00e7\u00e3o profissional, cultura, ambiente, promo\u00e7\u00e3o da sa\u00fade e desporto, e da igualdade de g\u00e9nero e de oportunidades.https:\/\/www.adice.pt\/Associa\u00e7\u00e3o de Interven\u00e7\u00e3o Comunit\u00e1ria, [&hellip;]<\/p>\n","protected":false},"author":1,"featured_media":4013,"parent":0,"menu_order":0,"comment_status":"closed","ping_status":"closed","template":"page-template-blank.php","meta":{"_et_pb_use_builder":"on","_et_pb_old_content":"","_et_gb_content_width":""},"yoast_head":"<!-- This site is optimized with the Yoast SEO plugin v17.5 - https:\/\/yoast.com\/wordpress\/plugins\/seo\/ -->\n<title>Dia Internacional de Toler\u00e2ncia Zero \u00e0 Mutila\u00e7\u00e3o Genital Feminina - Organiza\u00e7\u00f5es - Iniciativas Nacionais<\/title>\n<meta name=\"robots\" content=\"index, follow, max-snippet:-1, max-image-preview:large, max-video-preview:-1\" \/>\n<link rel=\"canonical\" href=\"https:\/\/www.cig.gov.pt\/iniciativas-nacionais\/dia-internacional-de-tolerancia-zero-a-mutilacao-genital-feminina-organizacoes\/\" \/>\n<meta property=\"og:locale\" content=\"pt_PT\" \/>\n<meta property=\"og:type\" content=\"article\" \/>\n<meta property=\"og:title\" content=\"Dia Internacional de Toler\u00e2ncia Zero \u00e0 Mutila\u00e7\u00e3o Genital Feminina\" \/>\n<meta property=\"og:description\" content=\"SOBRE O F\u00d3RUM\u00a0 \u00a0 PROGRAMA\u00a0 \u00a0 INSCRI\u00c7\u00d5ES\u00a0 \u00a0 LOCALIZA\u00c7\u00c3O\u00a0 \u00a0 ORGANIZA\u00c7\u00d5ESOrganiza\u00e7\u00f5esAssocia\u00e7\u00e3o de Desenvolvimento Integrado da Cidade de ErmesindeIPSS do concelho de Valongo, dinamiza diversas atividades em \u00e1reas como a promo\u00e7\u00e3o do desenvolvimento social, forma\u00e7\u00e3o e inser\u00e7\u00e3o profissional, cultura, ambiente, promo\u00e7\u00e3o da sa\u00fade e desporto, e da igualdade de g\u00e9nero e de oportunidades.https:\/\/www.adice.pt\/Associa\u00e7\u00e3o de Interven\u00e7\u00e3o Comunit\u00e1ria, [&hellip;]\" \/>\n<meta property=\"og:url\" content=\"https:\/\/www.cig.gov.pt\/iniciativas-nacionais\/dia-internacional-de-tolerancia-zero-a-mutilacao-genital-feminina-organizacoes\/\" \/>\n<meta property=\"og:site_name\" content=\"Iniciativas Nacionais\" \/>\n<meta property=\"article:modified_time\" content=\"2024-02-02T17:57:16+00:00\" \/>\n<meta property=\"og:image\" content=\"https:\/\/www.cig.gov.pt\/iniciativas-nacionais\/wp-content\/uploads\/2024\/01\/diafeat.png\" \/>\n\t<meta property=\"og:image:width\" content=\"1200\" \/>\n\t<meta property=\"og:image:height\" content=\"630\" \/>\n<meta name=\"twitter:card\" content=\"summary_large_image\" \/>\n<meta name=\"twitter:title\" content=\"Dia Internacional de Toler\u00e2ncia Zero \u00e0 Mutila\u00e7\u00e3o Genital Feminina\" \/>\n<meta name=\"twitter:image\" content=\"https:\/\/www.cig.gov.pt\/iniciativas-nacionais\/wp-content\/uploads\/2024\/01\/diafeat.png\" \/>\n<meta name=\"twitter:label1\" content=\"Est. reading time\" \/>\n\t<meta name=\"twitter:data1\" content=\"17 minutos\" \/>\n<script type=\"application\/ld+json\" class=\"yoast-schema-graph\">{\"@context\":\"https:\/\/schema.org\",\"@graph\":[{\"@type\":\"WebSite\",\"@id\":\"https:\/\/www.cig.gov.pt\/iniciativas-nacionais\/#website\",\"url\":\"https:\/\/www.cig.gov.pt\/iniciativas-nacionais\/\",\"name\":\"Iniciativas Nacionais\",\"description\":\"\",\"potentialAction\":[{\"@type\":\"SearchAction\",\"target\":{\"@type\":\"EntryPoint\",\"urlTemplate\":\"https:\/\/www.cig.gov.pt\/iniciativas-nacionais\/?s={search_term_string}\"},\"query-input\":\"required name=search_term_string\"}],\"inLanguage\":\"pt-PT\"},{\"@type\":\"ImageObject\",\"@id\":\"https:\/\/www.cig.gov.pt\/iniciativas-nacionais\/dia-internacional-de-tolerancia-zero-a-mutilacao-genital-feminina-organizacoes\/#primaryimage\",\"inLanguage\":\"pt-PT\",\"url\":\"https:\/\/www.cig.gov.pt\/iniciativas-nacionais\/wp-content\/uploads\/2024\/01\/diafeat.png\",\"contentUrl\":\"https:\/\/www.cig.gov.pt\/iniciativas-nacionais\/wp-content\/uploads\/2024\/01\/diafeat.png\",\"width\":1200,\"height\":630,\"caption\":\"Dia Internacional de Toler\\u00e2ncia Zero \\u00e0 Mutila\\u00e7\\u00e3o Genital Feminina\"},{\"@type\":\"WebPage\",\"@id\":\"https:\/\/www.cig.gov.pt\/iniciativas-nacionais\/dia-internacional-de-tolerancia-zero-a-mutilacao-genital-feminina-organizacoes\/#webpage\",\"url\":\"https:\/\/www.cig.gov.pt\/iniciativas-nacionais\/dia-internacional-de-tolerancia-zero-a-mutilacao-genital-feminina-organizacoes\/\",\"name\":\"Dia Internacional de Toler\\u00e2ncia Zero \\u00e0 Mutila\\u00e7\\u00e3o Genital Feminina - Organiza\\u00e7\\u00f5es - Iniciativas Nacionais\",\"isPartOf\":{\"@id\":\"https:\/\/www.cig.gov.pt\/iniciativas-nacionais\/#website\"},\"primaryImageOfPage\":{\"@id\":\"https:\/\/www.cig.gov.pt\/iniciativas-nacionais\/dia-internacional-de-tolerancia-zero-a-mutilacao-genital-feminina-organizacoes\/#primaryimage\"},\"datePublished\":\"2024-01-24T16:23:22+00:00\",\"dateModified\":\"2024-02-02T17:57:16+00:00\",\"breadcrumb\":{\"@id\":\"https:\/\/www.cig.gov.pt\/iniciativas-nacionais\/dia-internacional-de-tolerancia-zero-a-mutilacao-genital-feminina-organizacoes\/#breadcrumb\"},\"inLanguage\":\"pt-PT\",\"potentialAction\":[{\"@type\":\"ReadAction\",\"target\":[\"https:\/\/www.cig.gov.pt\/iniciativas-nacionais\/dia-internacional-de-tolerancia-zero-a-mutilacao-genital-feminina-organizacoes\/\"]}]},{\"@type\":\"BreadcrumbList\",\"@id\":\"https:\/\/www.cig.gov.pt\/iniciativas-nacionais\/dia-internacional-de-tolerancia-zero-a-mutilacao-genital-feminina-organizacoes\/#breadcrumb\",\"itemListElement\":[{\"@type\":\"ListItem\",\"position\":1,\"name\":\"Home\",\"item\":\"https:\/\/www.cig.gov.pt\/iniciativas-nacionais\/\"},{\"@type\":\"ListItem\",\"position\":2,\"name\":\"Dia Internacional de Toler\\u00e2ncia Zero \\u00e0 Mutila\\u00e7\\u00e3o Genital Feminina &#8211; Organiza\\u00e7\\u00f5es\"}]}]}<\/script>\n<!-- \/ Yoast SEO plugin. -->","yoast_head_json":{"title":"Dia Internacional de Toler\u00e2ncia Zero \u00e0 Mutila\u00e7\u00e3o Genital Feminina - Organiza\u00e7\u00f5es - Iniciativas Nacionais","robots":{"index":"index","follow":"follow","max-snippet":"max-snippet:-1","max-image-preview":"max-image-preview:large","max-video-preview":"max-video-preview:-1"},"canonical":"https:\/\/www.cig.gov.pt\/iniciativas-nacionais\/dia-internacional-de-tolerancia-zero-a-mutilacao-genital-feminina-organizacoes\/","og_locale":"pt_PT","og_type":"article","og_title":"Dia Internacional de Toler\u00e2ncia Zero \u00e0 Mutila\u00e7\u00e3o Genital Feminina","og_description":"SOBRE O F\u00d3RUM\u00a0 \u00a0 PROGRAMA\u00a0 \u00a0 INSCRI\u00c7\u00d5ES\u00a0 \u00a0 LOCALIZA\u00c7\u00c3O\u00a0 \u00a0 ORGANIZA\u00c7\u00d5ESOrganiza\u00e7\u00f5esAssocia\u00e7\u00e3o de Desenvolvimento Integrado da Cidade de ErmesindeIPSS do concelho de Valongo, dinamiza diversas atividades em \u00e1reas como a promo\u00e7\u00e3o do desenvolvimento social, forma\u00e7\u00e3o e inser\u00e7\u00e3o profissional, cultura, ambiente, promo\u00e7\u00e3o da sa\u00fade e desporto, e da igualdade de g\u00e9nero e de oportunidades.https:\/\/www.adice.pt\/Associa\u00e7\u00e3o de Interven\u00e7\u00e3o Comunit\u00e1ria, [&hellip;]","og_url":"https:\/\/www.cig.gov.pt\/iniciativas-nacionais\/dia-internacional-de-tolerancia-zero-a-mutilacao-genital-feminina-organizacoes\/","og_site_name":"Iniciativas Nacionais","article_modified_time":"2024-02-02T17:57:16+00:00","og_image":[{"width":1200,"height":630,"url":"https:\/\/www.cig.gov.pt\/iniciativas-nacionais\/wp-content\/uploads\/2024\/01\/diafeat.png","type":"image\/png"}],"twitter_card":"summary_large_image","twitter_title":"Dia Internacional de Toler\u00e2ncia Zero \u00e0 Mutila\u00e7\u00e3o Genital Feminina","twitter_image":"https:\/\/www.cig.gov.pt\/iniciativas-nacionais\/wp-content\/uploads\/2024\/01\/diafeat.png","twitter_misc":{"Est. reading time":"17 minutos"},"schema":{"@context":"https:\/\/schema.org","@graph":[{"@type":"WebSite","@id":"https:\/\/www.cig.gov.pt\/iniciativas-nacionais\/#website","url":"https:\/\/www.cig.gov.pt\/iniciativas-nacionais\/","name":"Iniciativas Nacionais","description":"","potentialAction":[{"@type":"SearchAction","target":{"@type":"EntryPoint","urlTemplate":"https:\/\/www.cig.gov.pt\/iniciativas-nacionais\/?s={search_term_string}"},"query-input":"required name=search_term_string"}],"inLanguage":"pt-PT"},{"@type":"ImageObject","@id":"https:\/\/www.cig.gov.pt\/iniciativas-nacionais\/dia-internacional-de-tolerancia-zero-a-mutilacao-genital-feminina-organizacoes\/#primaryimage","inLanguage":"pt-PT","url":"https:\/\/www.cig.gov.pt\/iniciativas-nacionais\/wp-content\/uploads\/2024\/01\/diafeat.png","contentUrl":"https:\/\/www.cig.gov.pt\/iniciativas-nacionais\/wp-content\/uploads\/2024\/01\/diafeat.png","width":1200,"height":630,"caption":"Dia Internacional de Toler\u00e2ncia Zero \u00e0 Mutila\u00e7\u00e3o Genital Feminina"},{"@type":"WebPage","@id":"https:\/\/www.cig.gov.pt\/iniciativas-nacionais\/dia-internacional-de-tolerancia-zero-a-mutilacao-genital-feminina-organizacoes\/#webpage","url":"https:\/\/www.cig.gov.pt\/iniciativas-nacionais\/dia-internacional-de-tolerancia-zero-a-mutilacao-genital-feminina-organizacoes\/","name":"Dia Internacional de Toler\u00e2ncia Zero \u00e0 Mutila\u00e7\u00e3o Genital Feminina - Organiza\u00e7\u00f5es - Iniciativas Nacionais","isPartOf":{"@id":"https:\/\/www.cig.gov.pt\/iniciativas-nacionais\/#website"},"primaryImageOfPage":{"@id":"https:\/\/www.cig.gov.pt\/iniciativas-nacionais\/dia-internacional-de-tolerancia-zero-a-mutilacao-genital-feminina-organizacoes\/#primaryimage"},"datePublished":"2024-01-24T16:23:22+00:00","dateModified":"2024-02-02T17:57:16+00:00","breadcrumb":{"@id":"https:\/\/www.cig.gov.pt\/iniciativas-nacionais\/dia-internacional-de-tolerancia-zero-a-mutilacao-genital-feminina-organizacoes\/#breadcrumb"},"inLanguage":"pt-PT","potentialAction":[{"@type":"ReadAction","target":["https:\/\/www.cig.gov.pt\/iniciativas-nacionais\/dia-internacional-de-tolerancia-zero-a-mutilacao-genital-feminina-organizacoes\/"]}]},{"@type":"BreadcrumbList","@id":"https:\/\/www.cig.gov.pt\/iniciativas-nacionais\/dia-internacional-de-tolerancia-zero-a-mutilacao-genital-feminina-organizacoes\/#breadcrumb","itemListElement":[{"@type":"ListItem","position":1,"name":"Home","item":"https:\/\/www.cig.gov.pt\/iniciativas-nacionais\/"},{"@type":"ListItem","position":2,"name":"Dia Internacional de Toler\u00e2ncia Zero \u00e0 Mutila\u00e7\u00e3o Genital Feminina &#8211; Organiza\u00e7\u00f5es"}]}]}},"_links":{"self":[{"href":"https:\/\/www.cig.gov.pt\/iniciativas-nacionais\/wp-json\/wp\/v2\/pages\/3991"}],"collection":[{"href":"https:\/\/www.cig.gov.pt\/iniciativas-nacionais\/wp-json\/wp\/v2\/pages"}],"about":[{"href":"https:\/\/www.cig.gov.pt\/iniciativas-nacionais\/wp-json\/wp\/v2\/types\/page"}],"author":[{"embeddable":true,"href":"https:\/\/www.cig.gov.pt\/iniciativas-nacionais\/wp-json\/wp\/v2\/users\/1"}],"replies":[{"embeddable":true,"href":"https:\/\/www.cig.gov.pt\/iniciativas-nacionais\/wp-json\/wp\/v2\/comments?post=3991"}],"version-history":[{"count":39,"href":"https:\/\/www.cig.gov.pt\/iniciativas-nacionais\/wp-json\/wp\/v2\/pages\/3991\/revisions"}],"predecessor-version":[{"id":4143,"href":"https:\/\/www.cig.gov.pt\/iniciativas-nacionais\/wp-json\/wp\/v2\/pages\/3991\/revisions\/4143"}],"wp:featuredmedia":[{"embeddable":true,"href":"https:\/\/www.cig.gov.pt\/iniciativas-nacionais\/wp-json\/wp\/v2\/media\/4013"}],"wp:attachment":[{"href":"https:\/\/www.cig.gov.pt\/iniciativas-nacionais\/wp-json\/wp\/v2\/media?parent=3991"}],"curies":[{"name":"wp","href":"https:\/\/api.w.org\/{rel}","templated":true}]}}