{"id":3986,"date":"2024-01-24T16:21:42","date_gmt":"2024-01-24T16:21:42","guid":{"rendered":"https:\/\/www.cig.gov.pt\/iniciativas-nacionais\/?page_id=3986"},"modified":"2024-02-02T16:07:05","modified_gmt":"2024-02-02T16:07:05","slug":"dia-internacional-de-tolerancia-zero-a-mutilacao-genital-feminina","status":"publish","type":"page","link":"https:\/\/www.cig.gov.pt\/iniciativas-nacionais\/dia-internacional-de-tolerancia-zero-a-mutilacao-genital-feminina\/","title":{"rendered":"Dia Internacional de Toler\u00e2ncia Zero \u00e0 Mutila\u00e7\u00e3o Genital Feminina"},"content":{"rendered":"<p>[et_pb_section fb_built=&#8221;1&#8243; _builder_version=&#8221;4.13.0&#8243; _module_preset=&#8221;default&#8221; background_color=&#8221;#fcd739&#8243; custom_margin=&#8221;0px||0px||false|false&#8221; custom_padding=&#8221;0px||0px||false|false&#8221; global_colors_info=&#8221;{}&#8221;][et_pb_row _builder_version=&#8221;4.13.0&#8243; _module_preset=&#8221;default&#8221; custom_margin=&#8221;0px||0px||false|false&#8221; custom_padding=&#8221;0px||0px||false|false&#8221; global_colors_info=&#8221;{}&#8221;][et_pb_column type=&#8221;4_4&#8243; _builder_version=&#8221;4.13.0&#8243; _module_preset=&#8221;default&#8221; global_colors_info=&#8221;{}&#8221;][et_pb_image src=&#8221;https:\/\/www.cig.gov.pt\/iniciativas-nacionais\/wp-content\/uploads\/2024\/02\/mgf_header_semlogos.png&#8221; alt=&#8221;Dia Internacional de Toler\u00e2ncia Zero \u00e0 Mutila\u00e7\u00e3o Genital Feminina&#8221; title_text=&#8221;Dia Internacional de Toler\u00e2ncia Zero \u00e0 Mutila\u00e7\u00e3o Genital Feminina&#8221; align=&#8221;center&#8221; _builder_version=&#8221;4.13.0&#8243; _module_preset=&#8221;default&#8221; global_colors_info=&#8221;{}&#8221;][\/et_pb_image][\/et_pb_column][\/et_pb_row][\/et_pb_section][et_pb_section fb_built=&#8221;1&#8243; _builder_version=&#8221;4.13.0&#8243; _module_preset=&#8221;default&#8221; background_color=&#8221;#FFFFFF&#8221; custom_margin=&#8221;0px||0px||false|false&#8221; custom_padding=&#8221;0px||0px||false|false&#8221; global_colors_info=&#8221;{}&#8221;][et_pb_row _builder_version=&#8221;4.13.0&#8243; _module_preset=&#8221;default&#8221; custom_margin=&#8221;18px||8px||false|false&#8221; custom_padding=&#8221;4px||4px||false|false&#8221; global_colors_info=&#8221;{}&#8221;][et_pb_column type=&#8221;4_4&#8243; _builder_version=&#8221;4.13.0&#8243; _module_preset=&#8221;default&#8221; global_colors_info=&#8221;{}&#8221;][et_pb_text _builder_version=&#8221;4.13.0&#8243; _module_preset=&#8221;default&#8221; header_3_font=&#8221;Montserrat|800|||||||&#8221; header_3_text_align=&#8221;center&#8221; header_3_font_size=&#8221;21px&#8221; header_3_line_height=&#8221;2em&#8221; locked=&#8221;off&#8221; global_colors_info=&#8221;{}&#8221;]<\/p>\n<h3><a href=\"https:\/\/www.cig.gov.pt\/iniciativas-nacionais\/dia-internacional-de-tolerancia-zero-a-mutilacao-genital-feminina\/#sobre\">SOBRE O F\u00d3RUM<\/a>\u00a0 \u00a0 <a href=\"https:\/\/www.cig.gov.pt\/iniciativas-nacionais\/dia-internacional-de-tolerancia-zero-a-mutilacao-genital-feminina\/#programa\">PROGRAMA<\/a>\u00a0 \u00a0 <a href=\"https:\/\/www.cig.gov.pt\/iniciativas-nacionais\/dia-internacional-de-tolerancia-zero-a-mutilacao-genital-feminina\/#inscri\">INSCRI\u00c7\u00d5ES<\/a>\u00a0 \u00a0 <a href=\"https:\/\/www.cig.gov.pt\/iniciativas-nacionais\/dia-internacional-de-tolerancia-zero-a-mutilacao-genital-feminina\/#loca\">LOCALIZA\u00c7\u00c3O<\/a>\u00a0 \u00a0 <a href=\"https:\/\/www.cig.gov.pt\/iniciativas-nacionais\/dia-internacional-de-tolerancia-zero-a-mutilacao-genital-feminina-organizacoes\/\">ORGANIZA\u00c7\u00d5ES<\/a><\/h3>\n<p>[\/et_pb_text][\/et_pb_column][\/et_pb_row][\/et_pb_section][et_pb_section fb_built=&#8221;1&#8243; _builder_version=&#8221;4.13.0&#8243; _module_preset=&#8221;default&#8221; background_color=&#8221;rgba(0,0,0,0.04)&#8221; global_colors_info=&#8221;{}&#8221;][et_pb_row module_id=&#8221;sobre&#8221; _builder_version=&#8221;4.13.0&#8243; _module_preset=&#8221;default&#8221; custom_margin=&#8221;||0px||false|false&#8221; custom_padding=&#8221;||0px||false|false&#8221; locked=&#8221;off&#8221; global_colors_info=&#8221;{}&#8221;][et_pb_column type=&#8221;4_4&#8243; _builder_version=&#8221;4.13.0&#8243; _module_preset=&#8221;default&#8221; global_colors_info=&#8221;{}&#8221;][et_pb_text _builder_version=&#8221;4.13.0&#8243; _module_preset=&#8221;default&#8221; header_3_font=&#8221;Montserrat|800|||||||&#8221; header_3_text_color=&#8221;#f46246&#8243; header_3_font_size=&#8221;38px&#8221; module_alignment=&#8221;left&#8221; hover_enabled=&#8221;0&#8243; header_3_font_size_tablet=&#8221;36px&#8221; header_3_font_size_phone=&#8221;28px&#8221; header_3_font_size_last_edited=&#8221;on|phone&#8221; locked=&#8221;off&#8221; global_colors_info=&#8221;{}&#8221; sticky_enabled=&#8221;0&#8243;]<\/p>\n<h3>Sobre o evento<\/h3>\n<p>[\/et_pb_text][\/et_pb_column][\/et_pb_row][et_pb_row _builder_version=&#8221;4.13.0&#8243; _module_preset=&#8221;default&#8221; global_colors_info=&#8221;{}&#8221;][et_pb_column type=&#8221;4_4&#8243; _builder_version=&#8221;4.13.0&#8243; _module_preset=&#8221;default&#8221; global_colors_info=&#8221;{}&#8221;][et_pb_text _builder_version=&#8221;4.13.0&#8243; _module_preset=&#8221;default&#8221; text_font=&#8221;Poppins|300|||||||&#8221; text_text_color=&#8221;rgba(0,0,0,0.8)&#8221; text_font_size=&#8221;16px&#8221; global_colors_info=&#8221;{}&#8221;]<\/p>\n<p>A Comiss\u00e3o para a Cidadania e a Igualdade de G\u00e9nero vai organizar, em parceria com a C\u00e2mara Municipal da Amadora, uma sess\u00e3o p\u00fablica para assinalar o Dia Internacional da Toler\u00e2ncia Zero \u00e0 Mutila\u00e7\u00e3o Genital Feminina, para conhecermos:<\/p>\n<ul>\n<li>O resultado das medidas, projetos ou a\u00e7\u00f5es de Preven\u00e7\u00e3o e Combate \u00e0 Mutila\u00e7\u00e3o Genital que tiveram apoio T\u00e9cnico e Financeiro da CIG<\/li>\n<li>Os novos projetos financiados pela CIG e que ter\u00e3o in\u00edcio este ano<\/li>\n<\/ul>\n<p>A Mutila\u00e7\u00e3o Genital Feminina consiste em qualquer procedimento que envolva a remo\u00e7\u00e3o parcial ou total dos \u00f3rg\u00e3os genitais externos ou qualquer dano infligido aos \u00f3rg\u00e3os genitais de uma menina ou mulher por motivos n\u00e3o m\u00e9dicos. \u00c9 uma viola\u00e7\u00e3o de direitos humanos e uma forma de viol\u00eancia de g\u00e9nero.<\/p>\n<p>A MGF afeta gravemente a sa\u00fade f\u00edsica, sexual, reprodutiva e psicol\u00f3gica das mulheres. \u00c9 uma pr\u00e1tica associada a rela\u00e7\u00f5es sociais desiguais de poder entre homens e mulheres, sendo talvez a manifesta\u00e7\u00e3o mais expressiva de viol\u00eancia com base no g\u00e9nero.<\/p>\n<p>Na Uni\u00e3o Europeia, estima-se em cerca de 500 mil os casos de mulheres submetidas \u00e0 pr\u00e1tica e 180 mil meninas em risco de o ser, a cada ano.<\/p>\n<p>Contamos consigo para dar continuidade ao trabalho conjunto pela elimina\u00e7\u00e3o e combate \u00e0 Mutila\u00e7\u00e3o Genital Feminina.<\/p>\n<p>[\/et_pb_text][\/et_pb_column][\/et_pb_row][et_pb_row module_id=&#8221;programa&#8221; _builder_version=&#8221;4.13.0&#8243; _module_preset=&#8221;default&#8221; custom_margin=&#8221;||0px||false|false&#8221; custom_padding=&#8221;||0px||false|false&#8221; locked=&#8221;off&#8221; global_colors_info=&#8221;{}&#8221;][et_pb_column type=&#8221;4_4&#8243; _builder_version=&#8221;4.13.0&#8243; _module_preset=&#8221;default&#8221; global_colors_info=&#8221;{}&#8221;][et_pb_text _builder_version=&#8221;4.13.0&#8243; _module_preset=&#8221;default&#8221; header_3_font=&#8221;Montserrat|800|||||||&#8221; header_3_text_color=&#8221;#f46246&#8243; header_3_font_size=&#8221;38px&#8221; module_alignment=&#8221;left&#8221; header_3_font_size_tablet=&#8221;36px&#8221; header_3_font_size_phone=&#8221;28px&#8221; header_3_font_size_last_edited=&#8221;on|phone&#8221; locked=&#8221;off&#8221; global_colors_info=&#8221;{}&#8221;]<\/p>\n<h3>Programa<\/h3>\n<p>[\/et_pb_text][\/et_pb_column][\/et_pb_row][et_pb_row _builder_version=&#8221;4.13.0&#8243; _module_preset=&#8221;default&#8221; global_colors_info=&#8221;{}&#8221;][et_pb_column type=&#8221;4_4&#8243; _builder_version=&#8221;4.13.0&#8243; _module_preset=&#8221;default&#8221; global_colors_info=&#8221;{}&#8221;][et_pb_text admin_label=&#8221;24 novembro&#8221; _builder_version=&#8221;4.13.0&#8243; _module_preset=&#8221;default&#8221; text_font=&#8221;Open Sans|600|||||||&#8221; text_text_color=&#8221;#FFFFFF&#8221; text_font_size=&#8221;16px&#8221; text_line_height=&#8221;1.4em&#8221; header_text_color=&#8221;#FFFFFF&#8221; background_color=&#8221;#00a8a8&#8243; custom_margin=&#8221;0px||0px||false|false&#8221; custom_padding=&#8221;4px||4px|10px|false|false&#8221; locked=&#8221;off&#8221; global_colors_info=&#8221;{}&#8221;]<\/p>\n<p style=\"text-align: justify;\"><strong>6 fevereiro | Escola Secund\u00e1ria Seomara da Costa Primo | Amadora<\/strong><\/p>\n<p>[\/et_pb_text][et_pb_text admin_label=&#8221;14H00&#8243; _builder_version=&#8221;4.13.0&#8243; _module_preset=&#8221;default&#8221; text_font=&#8221;Open Sans|600|||||||&#8221; text_text_color=&#8221;#f46246&#8243; text_font_size=&#8221;18px&#8221; text_line_height=&#8221;2em&#8221; custom_margin=&#8221;0px||0px||false|false&#8221; custom_padding=&#8221;0px||0px|10px|false|false&#8221; locked=&#8221;off&#8221; global_colors_info=&#8221;{}&#8221;]<\/p>\n<p style=\"text-align: justify;\"><strong>14H00<\/strong><\/p>\n<p>[\/et_pb_text][et_pb_text admin_label=&#8221;boas-vindas&#8221; _builder_version=&#8221;4.13.0&#8243; _module_preset=&#8221;default&#8221; text_font=&#8221;Open Sans||||||||&#8221; text_text_color=&#8221;rgba(0,0,0,0.9)&#8221; text_font_size=&#8221;16px&#8221; text_line_height=&#8221;1.4em&#8221; custom_margin=&#8221;-29px||2px||false|false&#8221; custom_padding=&#8221;||0px|68px|false|false&#8221; locked=&#8221;off&#8221; global_colors_info=&#8221;{}&#8221;]<\/p>\n<p style=\"text-align: justify;\"><span style=\"color: #965fa1;\"><strong><span style=\"color: #999999;\">Abertura<\/span><br \/><\/strong><\/span>Carla Tavares, Presidente da C\u00e2mara Municipal da Amadora<br \/>Rui Fontinha | Diretor do Agrupamento de Escolas Amadora Oeste<\/p>\n<p>[\/et_pb_text][et_pb_text admin_label=&#8221;14H15&#8243; _builder_version=&#8221;4.13.0&#8243; _module_preset=&#8221;default&#8221; text_font=&#8221;Open Sans|600|||||||&#8221; text_text_color=&#8221;#f46246&#8243; text_font_size=&#8221;18px&#8221; text_line_height=&#8221;2em&#8221; custom_margin=&#8221;0px||0px||false|false&#8221; custom_padding=&#8221;0px||0px|10px|false|false&#8221; locked=&#8221;off&#8221; global_colors_info=&#8221;{}&#8221;]<\/p>\n<p style=\"text-align: justify;\"><strong>14H15<\/strong><\/p>\n<p>[\/et_pb_text][et_pb_text admin_label=&#8221;boas-vindas&#8221; _builder_version=&#8221;4.13.0&#8243; _module_preset=&#8221;default&#8221; text_font=&#8221;Open Sans||||||||&#8221; text_text_color=&#8221;rgba(0,0,0,0.9)&#8221; text_font_size=&#8221;16px&#8221; text_line_height=&#8221;1.4em&#8221; custom_margin=&#8221;-29px||2px||false|false&#8221; custom_padding=&#8221;||0px|68px|false|false&#8221; locked=&#8221;off&#8221; global_colors_info=&#8221;{}&#8221;]<\/p>\n<p style=\"text-align: justify;\"><span style=\"color: #965fa1;\"><strong><span style=\"color: #999999;\">O combate \u00e0 Mutila\u00e7\u00e3o Genital Feminina na ENIND &#8211; Plano de A\u00e7\u00e3o 2023-2026<\/span><br \/><\/strong><\/span>Marta Silva, CIG<\/p>\n<p>[\/et_pb_text][et_pb_text admin_label=&#8221;14H30&#8243; _builder_version=&#8221;4.13.0&#8243; _module_preset=&#8221;default&#8221; text_font=&#8221;Open Sans|600|||||||&#8221; text_text_color=&#8221;#f46246&#8243; text_font_size=&#8221;18px&#8221; text_line_height=&#8221;2em&#8221; custom_margin=&#8221;0px||0px||false|false&#8221; custom_padding=&#8221;0px||0px|10px|false|false&#8221; locked=&#8221;off&#8221; global_colors_info=&#8221;{}&#8221;]<\/p>\n<p style=\"text-align: justify;\"><strong>14H30<\/strong><\/p>\n<p>[\/et_pb_text][et_pb_text admin_label=&#8221;boas-vindas&#8221; _builder_version=&#8221;4.13.0&#8243; _module_preset=&#8221;default&#8221; text_font=&#8221;Open Sans||||||||&#8221; text_text_color=&#8221;rgba(0,0,0,0.9)&#8221; text_font_size=&#8221;16px&#8221; text_line_height=&#8221;1.4em&#8221; custom_margin=&#8221;-29px||2px||false|false&#8221; custom_padding=&#8221;||0px|68px|false|false&#8221; locked=&#8221;off&#8221; global_colors_info=&#8221;{}&#8221;]<\/p>\n<p style=\"text-align: justify;\"><span style=\"color: #965fa1;\"><strong><span style=\"color: #999999;\">Apresenta\u00e7\u00e3o dos projetos financiados e desenvolvidos em 2022 e 2023 no \u00e2mbito do Apoio T\u00e9cnico e Financeiro da CIG a associa\u00e7\u00f5es da Sociedade Civil<\/span><\/strong><\/span><\/p>\n<p>[\/et_pb_text][et_pb_text admin_label=&#8221;14H45&#8243; _builder_version=&#8221;4.13.0&#8243; _module_preset=&#8221;default&#8221; text_font=&#8221;Open Sans|600|||||||&#8221; text_text_color=&#8221;#f46246&#8243; text_font_size=&#8221;18px&#8221; text_line_height=&#8221;2em&#8221; custom_margin=&#8221;0px||0px||false|false&#8221; custom_padding=&#8221;0px||0px|10px|false|false&#8221; locked=&#8221;off&#8221; global_colors_info=&#8221;{}&#8221;]<\/p>\n<p style=\"text-align: justify;\"><strong>14H45<\/strong><\/p>\n<p>[\/et_pb_text][et_pb_text admin_label=&#8221;boas-vindas&#8221; _builder_version=&#8221;4.13.0&#8243; _module_preset=&#8221;default&#8221; text_font=&#8221;Open Sans||||||||&#8221; text_text_color=&#8221;rgba(0,0,0,0.9)&#8221; text_font_size=&#8221;16px&#8221; text_line_height=&#8221;1.4em&#8221; custom_margin=&#8221;-29px||2px||false|false&#8221; custom_padding=&#8221;||0px|68px|false|false&#8221; locked=&#8221;off&#8221; global_colors_info=&#8221;{}&#8221;]<\/p>\n<p style=\"text-align: justify;\"><strong><span style=\"color: #999999;\">Apresenta\u00e7\u00e3o dos projetos aprovados no \u00e2mbito do Apoio T\u00e9cnico e Financeiro da CIG para execu\u00e7\u00e3o durante o ano de 2024<\/span><br \/><\/strong>Ana Neves e Sofia Tello, CIG<\/p>\n<p>[\/et_pb_text][et_pb_text admin_label=&#8221;15H45&#8243; _builder_version=&#8221;4.13.0&#8243; _module_preset=&#8221;default&#8221; text_font=&#8221;Open Sans|600|||||||&#8221; text_text_color=&#8221;#f46246&#8243; text_font_size=&#8221;18px&#8221; text_line_height=&#8221;2em&#8221; custom_margin=&#8221;0px||0px||false|false&#8221; custom_padding=&#8221;0px||0px|10px|false|false&#8221; locked=&#8221;off&#8221; global_colors_info=&#8221;{}&#8221;]<\/p>\n<p style=\"text-align: justify;\"><strong>15H45<\/strong><\/p>\n<p>[\/et_pb_text][et_pb_text admin_label=&#8221;boas-vindas&#8221; _builder_version=&#8221;4.13.0&#8243; _module_preset=&#8221;default&#8221; text_font=&#8221;Open Sans||||||||&#8221; text_text_color=&#8221;rgba(0,0,0,0.9)&#8221; text_font_size=&#8221;16px&#8221; text_line_height=&#8221;1.4em&#8221; custom_margin=&#8221;-29px||2px||false|false&#8221; custom_padding=&#8221;||0px|68px|false|false&#8221; locked=&#8221;off&#8221; global_colors_info=&#8221;{}&#8221;]<\/p>\n<p style=\"text-align: justify;\"><strong><span style=\"color: #999999;\">Quest\u00f5es do p\u00fablico<\/span><\/strong><\/p>\n<p>[\/et_pb_text][et_pb_text admin_label=&#8221;16H00&#8243; _builder_version=&#8221;4.13.0&#8243; _module_preset=&#8221;default&#8221; text_font=&#8221;Open Sans|600|||||||&#8221; text_text_color=&#8221;#f46246&#8243; text_font_size=&#8221;18px&#8221; text_line_height=&#8221;2em&#8221; custom_margin=&#8221;0px||0px||false|false&#8221; custom_padding=&#8221;0px||0px|10px|false|false&#8221; locked=&#8221;off&#8221; global_colors_info=&#8221;{}&#8221;]<\/p>\n<p style=\"text-align: justify;\"><strong>16H00<\/strong><\/p>\n<p>[\/et_pb_text][et_pb_text admin_label=&#8221;boas-vindas&#8221; _builder_version=&#8221;4.13.0&#8243; _module_preset=&#8221;default&#8221; text_font=&#8221;Open Sans||||||||&#8221; text_text_color=&#8221;rgba(0,0,0,0.9)&#8221; text_font_size=&#8221;16px&#8221; text_line_height=&#8221;1.4em&#8221; custom_margin=&#8221;-29px||2px||false|false&#8221; custom_padding=&#8221;||0px|68px|false|false&#8221; locked=&#8221;off&#8221; global_colors_info=&#8221;{}&#8221;]<\/p>\n<p style=\"text-align: justify;\"><span style=\"color: #965fa1;\"><strong><span style=\"color: #999999;\">Lan\u00e7amento da campanha nacional sobre Preven\u00e7\u00e3o e Combate \u00e0 MGF<br \/><\/span><\/strong><\/span>Sandra Ribeiro, Presidente da CIG<\/p>\n<p>[\/et_pb_text][et_pb_divider show_divider=&#8221;off&#8221; _builder_version=&#8221;4.13.0&#8243; _module_preset=&#8221;default&#8221; global_colors_info=&#8221;{}&#8221;][\/et_pb_divider][\/et_pb_column][\/et_pb_row][et_pb_row module_id=&#8221;inscri&#8221; _builder_version=&#8221;4.13.0&#8243; _module_preset=&#8221;default&#8221; custom_margin=&#8221;||0px||false|false&#8221; custom_padding=&#8221;||0px||false|false&#8221; locked=&#8221;off&#8221; global_colors_info=&#8221;{}&#8221;][et_pb_column type=&#8221;4_4&#8243; _builder_version=&#8221;4.13.0&#8243; _module_preset=&#8221;default&#8221; global_colors_info=&#8221;{}&#8221;][et_pb_text _builder_version=&#8221;4.13.0&#8243; _module_preset=&#8221;default&#8221; header_3_font=&#8221;Montserrat|800|||||||&#8221; header_3_text_color=&#8221;#f46246&#8243; header_3_font_size=&#8221;38px&#8221; module_alignment=&#8221;left&#8221; header_3_font_size_tablet=&#8221;36px&#8221; header_3_font_size_phone=&#8221;28px&#8221; header_3_font_size_last_edited=&#8221;on|phone&#8221; locked=&#8221;off&#8221; global_colors_info=&#8221;{}&#8221;]<\/p>\n<h3>Inscri\u00e7\u00f5es<\/h3>\n<p>[\/et_pb_text][\/et_pb_column][\/et_pb_row][et_pb_row _builder_version=&#8221;4.13.0&#8243; _module_preset=&#8221;default&#8221; locked=&#8221;off&#8221; global_colors_info=&#8221;{}&#8221;][et_pb_column type=&#8221;4_4&#8243; _builder_version=&#8221;4.13.0&#8243; _module_preset=&#8221;default&#8221; global_colors_info=&#8221;{}&#8221;][et_pb_blurb title=&#8221;Venha participar connosco neste debate.&#8221; url=&#8221;https:\/\/forms.office.com\/e\/E9KhUGWvyT&#8221; url_new_window=&#8221;on&#8221; use_icon=&#8221;on&#8221; font_icon=&#8221;&#xe108;||divi||400&#8243; icon_color=&#8221;#00a8a8&#8243; icon_placement=&#8221;left&#8221; image_icon_width=&#8221;40px&#8221; content_max_width=&#8221;1100px&#8221; _builder_version=&#8221;4.13.0&#8243; _module_preset=&#8221;default&#8221; header_font=&#8221;|700|||||||&#8221; header_text_align=&#8221;left&#8221; body_font=&#8221;Open Sans||||||||&#8221; body_text_align=&#8221;left&#8221; body_text_color=&#8221;#0dcde2&#8243; body_line_height=&#8221;1em&#8221; module_alignment=&#8221;left&#8221; link_option_url=&#8221;https:\/\/forms.office.com\/e\/E9KhUGWvyT&#8221; link_option_url_new_window=&#8221;on&#8221; global_colors_info=&#8221;{}&#8221;]<\/p>\n<p>Inscreva-se aqui<\/p>\n<p>[\/et_pb_blurb][et_pb_divider show_divider=&#8221;off&#8221; _builder_version=&#8221;4.13.0&#8243; _module_preset=&#8221;default&#8221; locked=&#8221;off&#8221; global_colors_info=&#8221;{}&#8221;][\/et_pb_divider][\/et_pb_column][\/et_pb_row][et_pb_row module_id=&#8221;loca&#8221; _builder_version=&#8221;4.13.0&#8243; _module_preset=&#8221;default&#8221; custom_margin=&#8221;||0px||false|false&#8221; custom_padding=&#8221;||0px||false|false&#8221; locked=&#8221;off&#8221; global_colors_info=&#8221;{}&#8221;][et_pb_column type=&#8221;4_4&#8243; _builder_version=&#8221;4.13.0&#8243; _module_preset=&#8221;default&#8221; global_colors_info=&#8221;{}&#8221;][et_pb_text _builder_version=&#8221;4.13.0&#8243; _module_preset=&#8221;default&#8221; header_3_font=&#8221;Montserrat|800|||||||&#8221; header_3_text_color=&#8221;#f46246&#8243; header_3_font_size=&#8221;38px&#8221; module_alignment=&#8221;left&#8221; header_3_font_size_tablet=&#8221;36px&#8221; header_3_font_size_phone=&#8221;28px&#8221; header_3_font_size_last_edited=&#8221;on|phone&#8221; locked=&#8221;off&#8221; global_colors_info=&#8221;{}&#8221;]<\/p>\n<h3>Localiza\u00e7\u00e3o<\/h3>\n<p>[\/et_pb_text][\/et_pb_column][\/et_pb_row][et_pb_row column_structure=&#8221;1_2,1_2&#8243; use_custom_gutter=&#8221;on&#8221; gutter_width=&#8221;2&#8243; admin_label=&#8221;localiza\u00e7\u00e3o&#8221; _builder_version=&#8221;4.13.0&#8243; _module_preset=&#8221;default&#8221; custom_margin=&#8221;||||false|false&#8221; custom_padding=&#8221;||||false|false&#8221; locked=&#8221;off&#8221; global_colors_info=&#8221;{}&#8221;][et_pb_column type=&#8221;1_2&#8243; _builder_version=&#8221;4.13.0&#8243; _module_preset=&#8221;default&#8221; global_colors_info=&#8221;{}&#8221;][et_pb_text _builder_version=&#8221;4.13.0&#8243; _module_preset=&#8221;default&#8221; text_font=&#8221;Open Sans|600|||||||&#8221; text_text_color=&#8221;rgba(0,0,0,0.9)&#8221; text_font_size=&#8221;16px&#8221; text_line_height=&#8221;1.4em&#8221; locked=&#8221;off&#8221; global_colors_info=&#8221;{}&#8221;]<\/p>\n<h3 style=\"text-align: left;\"><strong>Escola Secund\u00e1ria Seomara da Costa Primo<\/strong><\/h3>\n<p style=\"text-align: justify;\">Rua Elias Garcia 329, 2700-323 Amadora<\/p>\n<p style=\"text-align: justify;\"><strong>Coordenadas GPS<\/strong><br \/>38.76027989099485, -9.24707393194189<\/p>\n<p>[\/et_pb_text][et_pb_map address=&#8221;R. Elias Garcia 329, 2700-323 Amadora, Portugal&#8221; zoom_level=&#8221;14&#8243; address_lat=&#8221;38.7602561&#8243; address_lng=&#8221;-9.2475966&#8243; mouse_wheel=&#8221;off&#8221; _builder_version=&#8221;4.13.0&#8243; _module_preset=&#8221;default&#8221; locked=&#8221;off&#8221; global_colors_info=&#8221;{}&#8221;][et_pb_map_pin title=&#8221;Escola Secund\u00e1ria Seomara da Costa Primo&#8221; pin_address=&#8221;R. Elias Garcia 329, 2700-323 Amadora, Portugal&#8221; zoom_level=&#8221;15&#8243; pin_address_lat=&#8221;38.7602561&#8243; pin_address_lng=&#8221;-9.2475966&#8243; _builder_version=&#8221;4.13.0&#8243; _module_preset=&#8221;default&#8221; global_colors_info=&#8221;{}&#8221;][\/et_pb_map_pin][\/et_pb_map][\/et_pb_column][et_pb_column type=&#8221;1_2&#8243; _builder_version=&#8221;4.13.0&#8243; _module_preset=&#8221;default&#8221; global_colors_info=&#8221;{}&#8221;][et_pb_image src=&#8221;https:\/\/www.cig.gov.pt\/iniciativas-nacionais\/wp-content\/uploads\/2024\/01\/escola.jpg&#8221; alt=&#8221;Escola Secund\u00e1ria Seomara da Costa Primo | Amadora&#8221; title_text=&#8221;Escola Secund\u00e1ria Seomara da Costa Primo | Amadora&#8221; align=&#8221;center&#8221; _builder_version=&#8221;4.13.0&#8243; _module_preset=&#8221;default&#8221; custom_margin=&#8221;0px|0px|0px|0px|false|false&#8221; custom_padding=&#8221;0px|0px|40px|0px|false|false&#8221; locked=&#8221;off&#8221; global_colors_info=&#8221;{}&#8221;][\/et_pb_image][\/et_pb_column][\/et_pb_row][\/et_pb_section][et_pb_section fb_built=&#8221;1&#8243; _builder_version=&#8221;4.13.0&#8243; _module_preset=&#8221;default&#8221; background_color=&#8221;#FFFFFF&#8221; custom_margin=&#8221;0px||0px||false|false&#8221; custom_padding=&#8221;0px||0px||false|false&#8221; locked=&#8221;off&#8221; global_colors_info=&#8221;{}&#8221;][et_pb_row _builder_version=&#8221;4.13.0&#8243; _module_preset=&#8221;default&#8221; custom_margin=&#8221;4px||4px||false|false&#8221; custom_padding=&#8221;4px||4px||false|false&#8221; global_colors_info=&#8221;{}&#8221;][et_pb_column type=&#8221;4_4&#8243; _builder_version=&#8221;4.13.0&#8243; _module_preset=&#8221;default&#8221; global_colors_info=&#8221;{}&#8221;][et_pb_image src=&#8221;https:\/\/www.cig.gov.pt\/iniciativas-nacionais\/wp-content\/uploads\/2024\/02\/comboioLOGOS2.png&#8221; alt=&#8221;Log\u00f3tipos&#8221; title_text=&#8221;Log\u00f3tipos&#8221; align=&#8221;center&#8221; _builder_version=&#8221;4.13.0&#8243; _module_preset=&#8221;default&#8221; global_colors_info=&#8221;{}&#8221;][\/et_pb_image][\/et_pb_column][\/et_pb_row][\/et_pb_section]<\/p>\n","protected":false},"excerpt":{"rendered":"<p>SOBRE O F\u00d3RUM\u00a0 \u00a0 PROGRAMA\u00a0 \u00a0 INSCRI\u00c7\u00d5ES\u00a0 \u00a0 LOCALIZA\u00c7\u00c3O\u00a0 \u00a0 ORGANIZA\u00c7\u00d5ESSobre o eventoA Comiss\u00e3o para a Cidadania e a Igualdade de G\u00e9nero vai organizar, em parceria com a C\u00e2mara Municipal da Amadora, uma sess\u00e3o p\u00fablica para assinalar o Dia Internacional da Toler\u00e2ncia Zero \u00e0 Mutila\u00e7\u00e3o Genital Feminina, para conhecermos: O resultado das medidas, projetos ou [&hellip;]<\/p>\n","protected":false},"author":1,"featured_media":4013,"parent":0,"menu_order":0,"comment_status":"closed","ping_status":"closed","template":"page-template-blank.php","meta":{"_et_pb_use_builder":"on","_et_pb_old_content":"","_et_gb_content_width":""},"yoast_head":"<!-- This site is optimized with the Yoast SEO plugin v17.5 - https:\/\/yoast.com\/wordpress\/plugins\/seo\/ -->\n<title>Dia Internacional de Toler\u00e2ncia Zero \u00e0 Mutila\u00e7\u00e3o Genital Feminina - Iniciativas Nacionais<\/title>\n<meta name=\"robots\" content=\"index, follow, max-snippet:-1, max-image-preview:large, max-video-preview:-1\" \/>\n<link rel=\"canonical\" href=\"https:\/\/www.cig.gov.pt\/iniciativas-nacionais\/dia-internacional-de-tolerancia-zero-a-mutilacao-genital-feminina\/\" \/>\n<meta property=\"og:locale\" content=\"pt_PT\" \/>\n<meta property=\"og:type\" content=\"article\" \/>\n<meta property=\"og:title\" content=\"Dia Internacional de Toler\u00e2ncia Zero \u00e0 Mutila\u00e7\u00e3o Genital Feminina\" \/>\n<meta property=\"og:description\" content=\"SOBRE O F\u00d3RUM\u00a0 \u00a0 PROGRAMA\u00a0 \u00a0 INSCRI\u00c7\u00d5ES\u00a0 \u00a0 LOCALIZA\u00c7\u00c3O\u00a0 \u00a0 ORGANIZA\u00c7\u00d5ESSobre o eventoA Comiss\u00e3o para a Cidadania e a Igualdade de G\u00e9nero vai organizar, em parceria com a C\u00e2mara Municipal da Amadora, uma sess\u00e3o p\u00fablica para assinalar o Dia Internacional da Toler\u00e2ncia Zero \u00e0 Mutila\u00e7\u00e3o Genital Feminina, para conhecermos: O resultado das medidas, projetos ou [&hellip;]\" \/>\n<meta property=\"og:url\" content=\"https:\/\/www.cig.gov.pt\/iniciativas-nacionais\/dia-internacional-de-tolerancia-zero-a-mutilacao-genital-feminina\/\" \/>\n<meta property=\"og:site_name\" content=\"Iniciativas Nacionais\" \/>\n<meta property=\"article:modified_time\" content=\"2024-02-02T16:07:05+00:00\" \/>\n<meta property=\"og:image\" content=\"https:\/\/www.cig.gov.pt\/iniciativas-nacionais\/wp-content\/uploads\/2024\/01\/diafeat.png\" \/>\n\t<meta property=\"og:image:width\" content=\"1200\" \/>\n\t<meta property=\"og:image:height\" content=\"630\" \/>\n<meta name=\"twitter:card\" content=\"summary_large_image\" \/>\n<meta name=\"twitter:title\" content=\"Dia Internacional de Toler\u00e2ncia Zero \u00e0 Mutila\u00e7\u00e3o Genital Feminina\" \/>\n<meta name=\"twitter:image\" content=\"https:\/\/www.cig.gov.pt\/iniciativas-nacionais\/wp-content\/uploads\/2024\/01\/diafeat.png\" \/>\n<meta name=\"twitter:label1\" content=\"Est. reading time\" \/>\n\t<meta name=\"twitter:data1\" content=\"11 minutos\" \/>\n<script type=\"application\/ld+json\" class=\"yoast-schema-graph\">{\"@context\":\"https:\/\/schema.org\",\"@graph\":[{\"@type\":\"WebSite\",\"@id\":\"https:\/\/www.cig.gov.pt\/iniciativas-nacionais\/#website\",\"url\":\"https:\/\/www.cig.gov.pt\/iniciativas-nacionais\/\",\"name\":\"Iniciativas Nacionais\",\"description\":\"\",\"potentialAction\":[{\"@type\":\"SearchAction\",\"target\":{\"@type\":\"EntryPoint\",\"urlTemplate\":\"https:\/\/www.cig.gov.pt\/iniciativas-nacionais\/?s={search_term_string}\"},\"query-input\":\"required name=search_term_string\"}],\"inLanguage\":\"pt-PT\"},{\"@type\":\"ImageObject\",\"@id\":\"https:\/\/www.cig.gov.pt\/iniciativas-nacionais\/dia-internacional-de-tolerancia-zero-a-mutilacao-genital-feminina\/#primaryimage\",\"inLanguage\":\"pt-PT\",\"url\":\"https:\/\/www.cig.gov.pt\/iniciativas-nacionais\/wp-content\/uploads\/2024\/01\/diafeat.png\",\"contentUrl\":\"https:\/\/www.cig.gov.pt\/iniciativas-nacionais\/wp-content\/uploads\/2024\/01\/diafeat.png\",\"width\":1200,\"height\":630,\"caption\":\"Dia Internacional de Toler\\u00e2ncia Zero \\u00e0 Mutila\\u00e7\\u00e3o Genital Feminina\"},{\"@type\":\"WebPage\",\"@id\":\"https:\/\/www.cig.gov.pt\/iniciativas-nacionais\/dia-internacional-de-tolerancia-zero-a-mutilacao-genital-feminina\/#webpage\",\"url\":\"https:\/\/www.cig.gov.pt\/iniciativas-nacionais\/dia-internacional-de-tolerancia-zero-a-mutilacao-genital-feminina\/\",\"name\":\"Dia Internacional de Toler\\u00e2ncia Zero \\u00e0 Mutila\\u00e7\\u00e3o Genital Feminina - Iniciativas Nacionais\",\"isPartOf\":{\"@id\":\"https:\/\/www.cig.gov.pt\/iniciativas-nacionais\/#website\"},\"primaryImageOfPage\":{\"@id\":\"https:\/\/www.cig.gov.pt\/iniciativas-nacionais\/dia-internacional-de-tolerancia-zero-a-mutilacao-genital-feminina\/#primaryimage\"},\"datePublished\":\"2024-01-24T16:21:42+00:00\",\"dateModified\":\"2024-02-02T16:07:05+00:00\",\"breadcrumb\":{\"@id\":\"https:\/\/www.cig.gov.pt\/iniciativas-nacionais\/dia-internacional-de-tolerancia-zero-a-mutilacao-genital-feminina\/#breadcrumb\"},\"inLanguage\":\"pt-PT\",\"potentialAction\":[{\"@type\":\"ReadAction\",\"target\":[\"https:\/\/www.cig.gov.pt\/iniciativas-nacionais\/dia-internacional-de-tolerancia-zero-a-mutilacao-genital-feminina\/\"]}]},{\"@type\":\"BreadcrumbList\",\"@id\":\"https:\/\/www.cig.gov.pt\/iniciativas-nacionais\/dia-internacional-de-tolerancia-zero-a-mutilacao-genital-feminina\/#breadcrumb\",\"itemListElement\":[{\"@type\":\"ListItem\",\"position\":1,\"name\":\"Home\",\"item\":\"https:\/\/www.cig.gov.pt\/iniciativas-nacionais\/\"},{\"@type\":\"ListItem\",\"position\":2,\"name\":\"Dia Internacional de Toler\\u00e2ncia Zero \\u00e0 Mutila\\u00e7\\u00e3o Genital Feminina\"}]}]}<\/script>\n<!-- \/ Yoast SEO plugin. -->","yoast_head_json":{"title":"Dia Internacional de Toler\u00e2ncia Zero \u00e0 Mutila\u00e7\u00e3o Genital Feminina - Iniciativas Nacionais","robots":{"index":"index","follow":"follow","max-snippet":"max-snippet:-1","max-image-preview":"max-image-preview:large","max-video-preview":"max-video-preview:-1"},"canonical":"https:\/\/www.cig.gov.pt\/iniciativas-nacionais\/dia-internacional-de-tolerancia-zero-a-mutilacao-genital-feminina\/","og_locale":"pt_PT","og_type":"article","og_title":"Dia Internacional de Toler\u00e2ncia Zero \u00e0 Mutila\u00e7\u00e3o Genital Feminina","og_description":"SOBRE O F\u00d3RUM\u00a0 \u00a0 PROGRAMA\u00a0 \u00a0 INSCRI\u00c7\u00d5ES\u00a0 \u00a0 LOCALIZA\u00c7\u00c3O\u00a0 \u00a0 ORGANIZA\u00c7\u00d5ESSobre o eventoA Comiss\u00e3o para a Cidadania e a Igualdade de G\u00e9nero vai organizar, em parceria com a C\u00e2mara Municipal da Amadora, uma sess\u00e3o p\u00fablica para assinalar o Dia Internacional da Toler\u00e2ncia Zero \u00e0 Mutila\u00e7\u00e3o Genital Feminina, para conhecermos: O resultado das medidas, projetos ou [&hellip;]","og_url":"https:\/\/www.cig.gov.pt\/iniciativas-nacionais\/dia-internacional-de-tolerancia-zero-a-mutilacao-genital-feminina\/","og_site_name":"Iniciativas Nacionais","article_modified_time":"2024-02-02T16:07:05+00:00","og_image":[{"width":1200,"height":630,"url":"https:\/\/www.cig.gov.pt\/iniciativas-nacionais\/wp-content\/uploads\/2024\/01\/diafeat.png","type":"image\/png"}],"twitter_card":"summary_large_image","twitter_title":"Dia Internacional de Toler\u00e2ncia Zero \u00e0 Mutila\u00e7\u00e3o Genital Feminina","twitter_image":"https:\/\/www.cig.gov.pt\/iniciativas-nacionais\/wp-content\/uploads\/2024\/01\/diafeat.png","twitter_misc":{"Est. reading time":"11 minutos"},"schema":{"@context":"https:\/\/schema.org","@graph":[{"@type":"WebSite","@id":"https:\/\/www.cig.gov.pt\/iniciativas-nacionais\/#website","url":"https:\/\/www.cig.gov.pt\/iniciativas-nacionais\/","name":"Iniciativas Nacionais","description":"","potentialAction":[{"@type":"SearchAction","target":{"@type":"EntryPoint","urlTemplate":"https:\/\/www.cig.gov.pt\/iniciativas-nacionais\/?s={search_term_string}"},"query-input":"required name=search_term_string"}],"inLanguage":"pt-PT"},{"@type":"ImageObject","@id":"https:\/\/www.cig.gov.pt\/iniciativas-nacionais\/dia-internacional-de-tolerancia-zero-a-mutilacao-genital-feminina\/#primaryimage","inLanguage":"pt-PT","url":"https:\/\/www.cig.gov.pt\/iniciativas-nacionais\/wp-content\/uploads\/2024\/01\/diafeat.png","contentUrl":"https:\/\/www.cig.gov.pt\/iniciativas-nacionais\/wp-content\/uploads\/2024\/01\/diafeat.png","width":1200,"height":630,"caption":"Dia Internacional de Toler\u00e2ncia Zero \u00e0 Mutila\u00e7\u00e3o Genital Feminina"},{"@type":"WebPage","@id":"https:\/\/www.cig.gov.pt\/iniciativas-nacionais\/dia-internacional-de-tolerancia-zero-a-mutilacao-genital-feminina\/#webpage","url":"https:\/\/www.cig.gov.pt\/iniciativas-nacionais\/dia-internacional-de-tolerancia-zero-a-mutilacao-genital-feminina\/","name":"Dia Internacional de Toler\u00e2ncia Zero \u00e0 Mutila\u00e7\u00e3o Genital Feminina - Iniciativas Nacionais","isPartOf":{"@id":"https:\/\/www.cig.gov.pt\/iniciativas-nacionais\/#website"},"primaryImageOfPage":{"@id":"https:\/\/www.cig.gov.pt\/iniciativas-nacionais\/dia-internacional-de-tolerancia-zero-a-mutilacao-genital-feminina\/#primaryimage"},"datePublished":"2024-01-24T16:21:42+00:00","dateModified":"2024-02-02T16:07:05+00:00","breadcrumb":{"@id":"https:\/\/www.cig.gov.pt\/iniciativas-nacionais\/dia-internacional-de-tolerancia-zero-a-mutilacao-genital-feminina\/#breadcrumb"},"inLanguage":"pt-PT","potentialAction":[{"@type":"ReadAction","target":["https:\/\/www.cig.gov.pt\/iniciativas-nacionais\/dia-internacional-de-tolerancia-zero-a-mutilacao-genital-feminina\/"]}]},{"@type":"BreadcrumbList","@id":"https:\/\/www.cig.gov.pt\/iniciativas-nacionais\/dia-internacional-de-tolerancia-zero-a-mutilacao-genital-feminina\/#breadcrumb","itemListElement":[{"@type":"ListItem","position":1,"name":"Home","item":"https:\/\/www.cig.gov.pt\/iniciativas-nacionais\/"},{"@type":"ListItem","position":2,"name":"Dia Internacional de Toler\u00e2ncia Zero \u00e0 Mutila\u00e7\u00e3o Genital Feminina"}]}]}},"_links":{"self":[{"href":"https:\/\/www.cig.gov.pt\/iniciativas-nacionais\/wp-json\/wp\/v2\/pages\/3986"}],"collection":[{"href":"https:\/\/www.cig.gov.pt\/iniciativas-nacionais\/wp-json\/wp\/v2\/pages"}],"about":[{"href":"https:\/\/www.cig.gov.pt\/iniciativas-nacionais\/wp-json\/wp\/v2\/types\/page"}],"author":[{"embeddable":true,"href":"https:\/\/www.cig.gov.pt\/iniciativas-nacionais\/wp-json\/wp\/v2\/users\/1"}],"replies":[{"embeddable":true,"href":"https:\/\/www.cig.gov.pt\/iniciativas-nacionais\/wp-json\/wp\/v2\/comments?post=3986"}],"version-history":[{"count":32,"href":"https:\/\/www.cig.gov.pt\/iniciativas-nacionais\/wp-json\/wp\/v2\/pages\/3986\/revisions"}],"predecessor-version":[{"id":4121,"href":"https:\/\/www.cig.gov.pt\/iniciativas-nacionais\/wp-json\/wp\/v2\/pages\/3986\/revisions\/4121"}],"wp:featuredmedia":[{"embeddable":true,"href":"https:\/\/www.cig.gov.pt\/iniciativas-nacionais\/wp-json\/wp\/v2\/media\/4013"}],"wp:attachment":[{"href":"https:\/\/www.cig.gov.pt\/iniciativas-nacionais\/wp-json\/wp\/v2\/media?parent=3986"}],"curies":[{"name":"wp","href":"https:\/\/api.w.org\/{rel}","templated":true}]}}