{"id":3762,"date":"2023-12-06T16:37:41","date_gmt":"2023-12-06T16:37:41","guid":{"rendered":"https:\/\/www.cig.gov.pt\/iniciativas-nacionais\/?page_id=3762"},"modified":"2024-02-20T09:15:47","modified_gmt":"2024-02-20T09:15:47","slug":"campanha-de-combate-ao-assedio-sexual-nas-ruas","status":"publish","type":"page","link":"https:\/\/www.cig.gov.pt\/iniciativas-nacionais\/campanha-de-combate-ao-assedio-sexual-nas-ruas\/","title":{"rendered":"Campanha de Combate ao Ass\u00e9dio Sexual no Espa\u00e7o P\u00fablico"},"content":{"rendered":"<p>[et_pb_section fb_built=&#8221;1&#8243; _builder_version=&#8221;4.13.0&#8243; _module_preset=&#8221;default&#8221; custom_margin=&#8221;1px||1px||false|false&#8221; custom_padding=&#8221;1px||1px||false|false&#8221; global_colors_info=&#8221;{}&#8221;][et_pb_row _builder_version=&#8221;4.13.0&#8243; _module_preset=&#8221;default&#8221; custom_margin=&#8221;1px||1px||false|false&#8221; custom_padding=&#8221;1px||1px||false|false&#8221; global_colors_info=&#8221;{}&#8221;][et_pb_column type=&#8221;4_4&#8243; _builder_version=&#8221;4.13.0&#8243; _module_preset=&#8221;default&#8221; global_colors_info=&#8221;{}&#8221;][et_pb_image src=&#8221;https:\/\/www.cig.gov.pt\/iniciativas-nacionais\/wp-content\/uploads\/2023\/12\/campanafeatP.jpg&#8221; alt=&#8221;Campanha de combate ao Ass\u00e9dio Sexual nas Ruas&#8221; title_text=&#8221;Campanha de combate ao Ass\u00e9dio Sexual nas Ruas&#8221; _builder_version=&#8221;4.13.0&#8243; _module_preset=&#8221;default&#8221; global_colors_info=&#8221;{}&#8221;][\/et_pb_image][\/et_pb_column][\/et_pb_row][\/et_pb_section][et_pb_section fb_built=&#8221;1&#8243; _builder_version=&#8221;4.13.0&#8243; _module_preset=&#8221;default&#8221; background_color=&#8221;#FFFFFF&#8221; global_colors_info=&#8221;{}&#8221;][et_pb_row _builder_version=&#8221;4.13.0&#8243; _module_preset=&#8221;default&#8221; global_colors_info=&#8221;{}&#8221;][et_pb_column type=&#8221;4_4&#8243; _builder_version=&#8221;4.13.0&#8243; _module_preset=&#8221;default&#8221; global_colors_info=&#8221;{}&#8221;][et_pb_text _builder_version=&#8221;4.13.0&#8243; _module_preset=&#8221;default&#8221; text_font=&#8221;Open Sans|600|||||||&#8221; text_text_color=&#8221;rgba(0,0,0,0.6)&#8221; text_font_size=&#8221;16px&#8221; text_line_height=&#8221;1.5em&#8221; header_font=&#8221;Montserrat|600|||||||&#8221; header_font_size=&#8221;32px&#8221; hover_enabled=&#8221;0&#8243; global_colors_info=&#8221;{}&#8221; sticky_enabled=&#8221;0&#8243;]<\/p>\n<h1 style=\"text-align: center;\">Campanha de Combate ao Ass\u00e9dio Sexual no Espa\u00e7o P\u00fablico<\/h1>\n<p style=\"text-align: justify;\">A Campanha para combater o Ass\u00e9dio Sexual no Espa\u00e7o P\u00fablico visa promover mudan\u00e7as ao n\u00edvel das atitudes e das pr\u00e1ticas discriminat\u00f3rias, das quais s\u00e3o v\u00edtimas, maioritariamente, raparigas e mulheres.<\/p>\n<p>Promovida pela Iniciativa Ibero-americana para Prevenir e Eliminar a Viol\u00eancia contra a Mulher, a campanha foi lan\u00e7ada em simult\u00e2neo nos 10 pais que integram esta iniciativa: Portugal, Andorra, Argentina, Bol\u00edvia, Col\u00f4mbia, Espanha, M\u00e9xico, Panam\u00e1, Rep\u00fablica Dominicana e Uruguai.<\/p>\n<p>A campanha baseia-se na pesquisa realizada sobre a realidade do Ass\u00e9dio Sexual no espa\u00e7o da Ibero-Am\u00e9rica e discutido, de forma transversal e interseccional, com mulheres e raparigas que vivenciam esse tipo de viol\u00eancia em espa\u00e7os p\u00fablicos, que vai desde coment\u00e1rios n\u00e3o consentidos, toques e at\u00e9 viola\u00e7\u00e3o.<\/p>\n<p>Nesta p\u00e1gina pode descarregar para partilhar os v\u00eddeos e as imagens criadas para a campanha. Contamos consigo para disseminar esta mensagem e ajudar a p\u00f4r fim ao Ass\u00e9dio Sexual no Espa\u00e7o P\u00fablico.<\/p>\n<ul>\n<li>Etapa 1 &#8211; <strong>#Ass\u00e9dio\u00c9Viol\u00eancia<\/strong>: d\u00e1-se visibilidade e apresenta-se os dados estat\u00edsticas sobre o ass\u00e9dio sexual no espa\u00e7o p\u00fablico nos pa\u00edses ibero-americanos.<\/li>\n<li>Etapa 2 &#8211; <strong>#VamosFazerADiferen\u00e7a<\/strong>: lan\u00e7a-se um apelo a todas as pessoas para agirem contra esta pr\u00e1tica.<\/li>\n<li>Etapa 3 &#8211; <strong>#Hist\u00f3riasDeAss\u00e9dio<\/strong>: a partir da perspetiva paralela de v\u00edtimas e observadores, procura-se combater a indiferen\u00e7a e assumir a responsabilidade coletiva na cria\u00e7\u00e3o de espa\u00e7os livres de ass\u00e9dio sexual.<\/li>\n<\/ul>\n<p>Partilhe e divulgue! Contamos consigo para p\u00f4r fim ao Ass\u00e9dio Sexual no Espa\u00e7o P\u00fablico.<\/p>\n<p>[\/et_pb_text][\/et_pb_column][\/et_pb_row][\/et_pb_section][et_pb_section fb_built=&#8221;1&#8243; _builder_version=&#8221;4.13.0&#8243; _module_preset=&#8221;default&#8221; background_color=&#8221;rgba(0,0,0,0.04)&#8221; custom_padding=&#8221;40px|||||&#8221; global_colors_info=&#8221;{}&#8221;][et_pb_row _builder_version=&#8221;4.13.0&#8243; _module_preset=&#8221;default&#8221; global_colors_info=&#8221;{}&#8221;][et_pb_column type=&#8221;4_4&#8243; _builder_version=&#8221;4.13.0&#8243; _module_preset=&#8221;default&#8221; global_colors_info=&#8221;{}&#8221;][et_pb_text _builder_version=&#8221;4.13.0&#8243; _module_preset=&#8221;default&#8221; text_font=&#8221;Open Sans|600|||||||&#8221; text_text_color=&#8221;rgba(0,0,0,0.6)&#8221; text_font_size=&#8221;16px&#8221; text_line_height=&#8221;1.5em&#8221; header_font=&#8221;Montserrat|700|||||||&#8221; header_text_color=&#8221;#FFFFFF&#8221; header_font_size=&#8221;36px&#8221; background_color=&#8221;rgba(0,0,0,0.8)&#8221; custom_padding=&#8221;10px||2px||false|false&#8221; global_colors_info=&#8221;{}&#8221;]<\/p>\n<h1 style=\"text-align: center;\">Etapa #1<\/h1>\n<p style=\"text-align: justify;\">[\/et_pb_text][\/et_pb_column][\/et_pb_row][et_pb_row column_structure=&#8221;1_6,1_6,1_6,1_6,1_6,1_6&#8243; use_custom_gutter=&#8221;on&#8221; gutter_width=&#8221;2&#8243; _builder_version=&#8221;4.13.0&#8243; _module_preset=&#8221;default&#8221; locked=&#8221;off&#8221; global_colors_info=&#8221;{}&#8221;][et_pb_column type=&#8221;1_6&#8243; _builder_version=&#8221;4.13.0&#8243; _module_preset=&#8221;default&#8221; global_colors_info=&#8221;{}&#8221;][et_pb_image src=&#8221;https:\/\/www.cig.gov.pt\/iniciativas-nacionais\/wp-content\/uploads\/2023\/12\/P1.jpg&#8221; alt=&#8221;Etapa #1_Posteo #1 _50% das mulheres_Portugal.mp4&#8243; title_text=&#8221;Etapa #1_Posteo #1 _50% das mulheres_Portugal.mp4&#8243; url=&#8221;https:\/\/drive.google.com\/file\/d\/11frKf_CqVlCber7vqbAqLTjTcyvolTEP\/view?usp=drive_link&#8221; url_new_window=&#8221;on&#8221; use_overlay=&#8221;on&#8221; overlay_icon_color=&#8221;#FFFFFF&#8221; hover_overlay_color=&#8221;rgba(0,0,0,0.6)&#8221; hover_icon=&#8221;&#xf358;||fa||400&#8243; show_bottom_space=&#8221;off&#8221; _builder_version=&#8221;4.13.0&#8243; _module_preset=&#8221;default&#8221; global_colors_info=&#8221;{}&#8221;][\/et_pb_image][\/et_pb_column][et_pb_column type=&#8221;1_6&#8243; _builder_version=&#8221;4.13.0&#8243; _module_preset=&#8221;default&#8221; global_colors_info=&#8221;{}&#8221;][et_pb_image src=&#8221;https:\/\/www.cig.gov.pt\/iniciativas-nacionais\/wp-content\/uploads\/2023\/12\/P2.jpg&#8221; alt=&#8221;Etapa #1_Posteo #2 _98% das mulheres_Portugal.mp4&#8243; title_text=&#8221;Etapa #1_Posteo #2 _98% das mulheres_Portugal.mp4&#8243; url=&#8221;https:\/\/drive.google.com\/file\/d\/17357fqTMVS40E5zG49DGqm6STWmy2ODB\/view?usp=drive_link&#8221; url_new_window=&#8221;on&#8221; use_overlay=&#8221;on&#8221; overlay_icon_color=&#8221;#FFFFFF&#8221; hover_overlay_color=&#8221;rgba(0,0,0,0.6)&#8221; hover_icon=&#8221;&#xf358;||fa||400&#8243; show_bottom_space=&#8221;off&#8221; _builder_version=&#8221;4.13.0&#8243; _module_preset=&#8221;default&#8221; locked=&#8221;off&#8221; global_colors_info=&#8221;{}&#8221;][\/et_pb_image][\/et_pb_column][et_pb_column type=&#8221;1_6&#8243; _builder_version=&#8221;4.13.0&#8243; _module_preset=&#8221;default&#8221; global_colors_info=&#8221;{}&#8221;][et_pb_image src=&#8221;https:\/\/www.cig.gov.pt\/iniciativas-nacionais\/wp-content\/uploads\/2023\/12\/P3.jpg&#8221; alt=&#8221;Etapa #1_Posteo #3 _74% das mulheres_Portugal.mp4&#8243; title_text=&#8221;Etapa #1_Posteo #3 _74% das mulheres_Portugal.mp4&#8243; url=&#8221;https:\/\/drive.google.com\/file\/d\/1O0TA8TmE5t_Pvr3uy6-VkaXWA79ZLe2o\/view?usp=drive_link&#8221; url_new_window=&#8221;on&#8221; use_overlay=&#8221;on&#8221; overlay_icon_color=&#8221;#FFFFFF&#8221; hover_overlay_color=&#8221;rgba(0,0,0,0.6)&#8221; hover_icon=&#8221;&#xf358;||fa||400&#8243; show_bottom_space=&#8221;off&#8221; _builder_version=&#8221;4.13.0&#8243; _module_preset=&#8221;default&#8221; locked=&#8221;off&#8221; global_colors_info=&#8221;{}&#8221;][\/et_pb_image][\/et_pb_column][et_pb_column type=&#8221;1_6&#8243; _builder_version=&#8221;4.13.0&#8243; _module_preset=&#8221;default&#8221; global_colors_info=&#8221;{}&#8221;][et_pb_image src=&#8221;https:\/\/www.cig.gov.pt\/iniciativas-nacionais\/wp-content\/uploads\/2023\/12\/P4.jpg&#8221; alt=&#8221;Etapa #1_Posteo #4 _73% das mulheres_Portugal.mp4&#8243; title_text=&#8221;Etapa #1_Posteo #4 _73% das mulheres_Portugal.mp4&#8243; url=&#8221;https:\/\/drive.google.com\/file\/d\/1vP2nixMhFZDc7D-f8b5SDRgpy1_3Ncz3\/view?usp=drive_link&#8221; url_new_window=&#8221;on&#8221; use_overlay=&#8221;on&#8221; overlay_icon_color=&#8221;#FFFFFF&#8221; hover_overlay_color=&#8221;rgba(0,0,0,0.6)&#8221; hover_icon=&#8221;&#xf358;||fa||400&#8243; show_bottom_space=&#8221;off&#8221; _builder_version=&#8221;4.13.0&#8243; _module_preset=&#8221;default&#8221; locked=&#8221;off&#8221; global_colors_info=&#8221;{}&#8221;][\/et_pb_image][\/et_pb_column][et_pb_column type=&#8221;1_6&#8243; _builder_version=&#8221;4.13.0&#8243; _module_preset=&#8221;default&#8221; global_colors_info=&#8221;{}&#8221;][et_pb_image src=&#8221;https:\/\/www.cig.gov.pt\/iniciativas-nacionais\/wp-content\/uploads\/2023\/12\/P5.jpg&#8221; alt=&#8221;Etapa #1_Posteo #5 _80% das mulheres _Portugal.mp4&#8243; title_text=&#8221;Etapa #1_Posteo #5 _80% das mulheres _Portugal.mp4&#8243; url=&#8221;https:\/\/drive.google.com\/file\/d\/1AW2VabvMRGlDMojTjotyPLv00D11u7MP\/view?usp=drive_link&#8221; url_new_window=&#8221;on&#8221; use_overlay=&#8221;on&#8221; overlay_icon_color=&#8221;#FFFFFF&#8221; hover_overlay_color=&#8221;rgba(0,0,0,0.6)&#8221; hover_icon=&#8221;&#xf358;||fa||400&#8243; show_bottom_space=&#8221;off&#8221; _builder_version=&#8221;4.13.0&#8243; _module_preset=&#8221;default&#8221; locked=&#8221;off&#8221; global_colors_info=&#8221;{}&#8221;][\/et_pb_image][\/et_pb_column][et_pb_column type=&#8221;1_6&#8243; _builder_version=&#8221;4.13.0&#8243; _module_preset=&#8221;default&#8221; global_colors_info=&#8221;{}&#8221;][et_pb_image src=&#8221;https:\/\/www.cig.gov.pt\/iniciativas-nacionais\/wp-content\/uploads\/2023\/12\/P6.jpg&#8221; alt=&#8221;Etapa #1_Posteo #6 _63% das mulheres _Portugal.mp4&#8243; title_text=&#8221;Etapa #1_Posteo #6 _63% das mulheres _Portugal.mp4&#8243; url=&#8221;https:\/\/drive.google.com\/file\/d\/1BMRCxV8wfRi26vremGkyRExCNBz6For0\/view?usp=drive_link&#8221; url_new_window=&#8221;on&#8221; use_overlay=&#8221;on&#8221; overlay_icon_color=&#8221;#FFFFFF&#8221; hover_overlay_color=&#8221;rgba(0,0,0,0.6)&#8221; hover_icon=&#8221;&#xf358;||fa||400&#8243; show_bottom_space=&#8221;off&#8221; _builder_version=&#8221;4.13.0&#8243; _module_preset=&#8221;default&#8221; locked=&#8221;off&#8221; global_colors_info=&#8221;{}&#8221;][\/et_pb_image][\/et_pb_column][\/et_pb_row][et_pb_row _builder_version=&#8221;4.13.0&#8243; _module_preset=&#8221;default&#8221; locked=&#8221;off&#8221; global_colors_info=&#8221;{}&#8221;][et_pb_column type=&#8221;4_4&#8243; _builder_version=&#8221;4.13.0&#8243; _module_preset=&#8221;default&#8221; global_colors_info=&#8221;{}&#8221;][et_pb_divider show_divider=&#8221;off&#8221; _builder_version=&#8221;4.13.0&#8243; _module_preset=&#8221;default&#8221; global_colors_info=&#8221;{}&#8221;][\/et_pb_divider][\/et_pb_column][\/et_pb_row][et_pb_row _builder_version=&#8221;4.13.0&#8243; _module_preset=&#8221;default&#8221; locked=&#8221;off&#8221; global_colors_info=&#8221;{}&#8221;][et_pb_column type=&#8221;4_4&#8243; _builder_version=&#8221;4.13.0&#8243; _module_preset=&#8221;default&#8221; global_colors_info=&#8221;{}&#8221;][et_pb_text _builder_version=&#8221;4.13.0&#8243; _module_preset=&#8221;default&#8221; text_font=&#8221;Open Sans|600|||||||&#8221; text_text_color=&#8221;rgba(0,0,0,0.6)&#8221; text_font_size=&#8221;16px&#8221; text_line_height=&#8221;1.5em&#8221; header_font=&#8221;Montserrat|700|||||||&#8221; header_text_color=&#8221;#FFFFFF&#8221; header_font_size=&#8221;36px&#8221; background_color=&#8221;rgba(0,0,0,0.8)&#8221; custom_padding=&#8221;10px||2px||false|false&#8221; locked=&#8221;off&#8221; global_colors_info=&#8221;{}&#8221;]<\/p>\n<h1 style=\"text-align: center;\">Etapa #2<\/h1>\n<p style=\"text-align: justify;\">[\/et_pb_text][\/et_pb_column][\/et_pb_row][et_pb_row column_structure=&#8221;1_6,1_6,1_6,1_6,1_6,1_6&#8243; use_custom_gutter=&#8221;on&#8221; gutter_width=&#8221;2&#8243; _builder_version=&#8221;4.13.0&#8243; _module_preset=&#8221;default&#8221; locked=&#8221;off&#8221; global_colors_info=&#8221;{}&#8221;][et_pb_column type=&#8221;1_6&#8243; _builder_version=&#8221;4.13.0&#8243; _module_preset=&#8221;default&#8221; global_colors_info=&#8221;{}&#8221;][et_pb_image src=&#8221;https:\/\/www.cig.gov.pt\/iniciativas-nacionais\/wp-content\/uploads\/2023\/12\/E.png&#8221; alt=&#8221;Etapa #2_Posteo #1 _Facebook Video BUS_Portugal.mp4&#8243; title_text=&#8221;EEtapa #2_Posteo #1 _Facebook Video BUS_Portugal.mp4&#8243; url=&#8221;https:\/\/drive.google.com\/file\/d\/1pZ5704rXkdBzuXMdJ7zIZK0fHFd2gT3t\/view?usp=drive_link&#8221; url_new_window=&#8221;on&#8221; use_overlay=&#8221;on&#8221; overlay_icon_color=&#8221;#FFFFFF&#8221; hover_overlay_color=&#8221;rgba(0,0,0,0.6)&#8221; hover_icon=&#8221;&#xf358;||fa||400&#8243; show_bottom_space=&#8221;off&#8221; _builder_version=&#8221;4.13.0&#8243; _module_preset=&#8221;default&#8221; global_colors_info=&#8221;{}&#8221;][\/et_pb_image][\/et_pb_column][et_pb_column type=&#8221;1_6&#8243; _builder_version=&#8221;4.13.0&#8243; _module_preset=&#8221;default&#8221; global_colors_info=&#8221;{}&#8221;][et_pb_image src=&#8221;https:\/\/www.cig.gov.pt\/iniciativas-nacionais\/wp-content\/uploads\/2023\/12\/E.png&#8221; alt=&#8221;Etapa #2_Posteo #1 _Video BUS_Portugal.mp4&#8243; title_text=&#8221;Etapa #2_Posteo #1 _Video BUS_Portugal.mp4&#8243; url=&#8221;https:\/\/drive.google.com\/file\/d\/1Vvq812z4jCz5gmTuvZwu-2XwnDurYjEr\/view?usp=drive_link&#8221; url_new_window=&#8221;on&#8221; use_overlay=&#8221;on&#8221; overlay_icon_color=&#8221;#FFFFFF&#8221; hover_overlay_color=&#8221;rgba(0,0,0,0.6)&#8221; hover_icon=&#8221;&#xf358;||fa||400&#8243; show_bottom_space=&#8221;off&#8221; _builder_version=&#8221;4.13.0&#8243; _module_preset=&#8221;default&#8221; locked=&#8221;off&#8221; global_colors_info=&#8221;{}&#8221;][\/et_pb_image][\/et_pb_column][et_pb_column type=&#8221;1_6&#8243; _builder_version=&#8221;4.13.0&#8243; _module_preset=&#8221;default&#8221; global_colors_info=&#8221;{}&#8221;][et_pb_image src=&#8221;https:\/\/www.cig.gov.pt\/iniciativas-nacionais\/wp-content\/uploads\/2023\/12\/Es.png&#8221; alt=&#8221;Etapa #2_Posteo #2 _Facebook Video BAR_Portugal.mp4&#8243; title_text=&#8221;Etapa #2_Posteo #2 _Facebook Video BAR_Portugal.mp4&#8243; url=&#8221;https:\/\/drive.google.com\/file\/d\/1vne7NF-G8NYcvKKF5FAtAcX-xr9o8dxO\/view?usp=drive_link&#8221; url_new_window=&#8221;on&#8221; use_overlay=&#8221;on&#8221; overlay_icon_color=&#8221;#FFFFFF&#8221; hover_overlay_color=&#8221;rgba(0,0,0,0.6)&#8221; hover_icon=&#8221;&#xf358;||fa||400&#8243; show_bottom_space=&#8221;off&#8221; _builder_version=&#8221;4.13.0&#8243; _module_preset=&#8221;default&#8221; locked=&#8221;off&#8221; global_colors_info=&#8221;{}&#8221;][\/et_pb_image][\/et_pb_column][et_pb_column type=&#8221;1_6&#8243; _builder_version=&#8221;4.13.0&#8243; _module_preset=&#8221;default&#8221; global_colors_info=&#8221;{}&#8221;][et_pb_image src=&#8221;https:\/\/www.cig.gov.pt\/iniciativas-nacionais\/wp-content\/uploads\/2023\/12\/E.png&#8221; alt=&#8221;Etapa #2_Posteo #2 _Video BAR_Portugal.mp4&#8243; title_text=&#8221;Etapa #2_Posteo #2 _Video BAR_Portugal.mp4&#8243; url=&#8221;https:\/\/drive.google.com\/file\/d\/1kuk2IluX1doulR1ixnuEqj3FUZF_OdEw\/view?usp=drive_link&#8221; url_new_window=&#8221;on&#8221; use_overlay=&#8221;on&#8221; overlay_icon_color=&#8221;#FFFFFF&#8221; hover_overlay_color=&#8221;rgba(0,0,0,0.6)&#8221; hover_icon=&#8221;&#xf358;||fa||400&#8243; show_bottom_space=&#8221;off&#8221; _builder_version=&#8221;4.13.0&#8243; _module_preset=&#8221;default&#8221; locked=&#8221;off&#8221; global_colors_info=&#8221;{}&#8221;][\/et_pb_image][\/et_pb_column][et_pb_column type=&#8221;1_6&#8243; _builder_version=&#8221;4.13.0&#8243; _module_preset=&#8221;default&#8221; global_colors_info=&#8221;{}&#8221;][et_pb_image src=&#8221;https:\/\/www.cig.gov.pt\/iniciativas-nacionais\/wp-content\/uploads\/2023\/12\/E.png&#8221; alt=&#8221; Etapa #2_Posteo #3 _Facebook Video CALLE_Portugal.mp4&#8243; title_text=&#8221; Etapa #2_Posteo #3 _Facebook Video CALLE_Portugal.mp4&#8243; url=&#8221;https:\/\/drive.google.com\/file\/d\/134SfS2twkMy9vvaHWiB1XhszJUgnkLzA\/view?usp=drive_link&#8221; url_new_window=&#8221;on&#8221; use_overlay=&#8221;on&#8221; overlay_icon_color=&#8221;#FFFFFF&#8221; hover_overlay_color=&#8221;rgba(0,0,0,0.6)&#8221; hover_icon=&#8221;&#xf358;||fa||400&#8243; show_bottom_space=&#8221;off&#8221; _builder_version=&#8221;4.13.0&#8243; _module_preset=&#8221;default&#8221; locked=&#8221;off&#8221; global_colors_info=&#8221;{}&#8221;][\/et_pb_image][\/et_pb_column][et_pb_column type=&#8221;1_6&#8243; _builder_version=&#8221;4.13.0&#8243; _module_preset=&#8221;default&#8221; global_colors_info=&#8221;{}&#8221;][et_pb_image src=&#8221;https:\/\/www.cig.gov.pt\/iniciativas-nacionais\/wp-content\/uploads\/2023\/12\/E.png&#8221; alt=&#8221;Etapa #2_Posteo #3 _Video CALLE_Portugal.mp4&#8243; title_text=&#8221;Etapa #2_Posteo #3 _Video CALLE_Portugal.mp4&#8243; url=&#8221;https:\/\/drive.google.com\/file\/d\/1jKild7vRk8RMXBJTM_4TM9lYHCdP9pz8\/view?usp=drive_link&#8221; url_new_window=&#8221;on&#8221; use_overlay=&#8221;on&#8221; overlay_icon_color=&#8221;#FFFFFF&#8221; hover_overlay_color=&#8221;rgba(0,0,0,0.6)&#8221; hover_icon=&#8221;&#xf358;||fa||400&#8243; show_bottom_space=&#8221;off&#8221; _builder_version=&#8221;4.13.0&#8243; _module_preset=&#8221;default&#8221; locked=&#8221;off&#8221; global_colors_info=&#8221;{}&#8221;][\/et_pb_image][\/et_pb_column][\/et_pb_row][et_pb_row column_structure=&#8221;1_3,1_3,1_3&#8243; use_custom_gutter=&#8221;on&#8221; _builder_version=&#8221;4.13.0&#8243; _module_preset=&#8221;default&#8221; max_width=&#8221;532px&#8221; custom_margin=&#8221;1px||||false|false&#8221; custom_padding=&#8221;1px||||false|false&#8221; locked=&#8221;off&#8221; global_colors_info=&#8221;{}&#8221;][et_pb_column type=&#8221;1_3&#8243; _builder_version=&#8221;4.13.0&#8243; _module_preset=&#8221;default&#8221; global_colors_info=&#8221;{}&#8221;][et_pb_image src=&#8221;https:\/\/www.cig.gov.pt\/iniciativas-nacionais\/wp-content\/uploads\/2023\/12\/P21.png&#8221; alt=&#8221;Etapa #2_Posteo #1 _Historia BUS_Portugal.png&#8221; title_text=&#8221;Etapa #2_Posteo #1 _Historia BUS_Portugal.png&#8221; url=&#8221;https:\/\/drive.google.com\/file\/d\/1ZUnElQma1Q3sPPTwon37BnpZsh07qL2x\/view?usp=drive_link&#8221; url_new_window=&#8221;on&#8221; use_overlay=&#8221;on&#8221; overlay_icon_color=&#8221;#FFFFFF&#8221; hover_overlay_color=&#8221;rgba(0,0,0,0.6)&#8221; hover_icon=&#8221;&#xf358;||fa||400&#8243; show_bottom_space=&#8221;off&#8221; _builder_version=&#8221;4.13.0&#8243; _module_preset=&#8221;default&#8221; global_colors_info=&#8221;{}&#8221;][\/et_pb_image][\/et_pb_column][et_pb_column type=&#8221;1_3&#8243; _builder_version=&#8221;4.13.0&#8243; _module_preset=&#8221;default&#8221; global_colors_info=&#8221;{}&#8221;][et_pb_image src=&#8221;https:\/\/www.cig.gov.pt\/iniciativas-nacionais\/wp-content\/uploads\/2023\/12\/P22.png&#8221; alt=&#8221;Etapa #2_Posteo #2 _Historia BAR_Portugal.png&#8221; title_text=&#8221;Etapa #2_Posteo #2 _Historia BAR_Portugal.png&#8221; url=&#8221;https:\/\/drive.google.com\/file\/d\/15c6VmMB0sl72IM7_5XCLMh9vLgYYFjQm\/view?usp=drive_link&#8221; url_new_window=&#8221;on&#8221; use_overlay=&#8221;on&#8221; overlay_icon_color=&#8221;#FFFFFF&#8221; hover_overlay_color=&#8221;rgba(0,0,0,0.6)&#8221; hover_icon=&#8221;&#xf358;||fa||400&#8243; show_bottom_space=&#8221;off&#8221; _builder_version=&#8221;4.13.0&#8243; _module_preset=&#8221;default&#8221; locked=&#8221;off&#8221; global_colors_info=&#8221;{}&#8221;][\/et_pb_image][\/et_pb_column][et_pb_column type=&#8221;1_3&#8243; _builder_version=&#8221;4.13.0&#8243; _module_preset=&#8221;default&#8221; global_colors_info=&#8221;{}&#8221;][et_pb_image src=&#8221;https:\/\/www.cig.gov.pt\/iniciativas-nacionais\/wp-content\/uploads\/2023\/12\/P23.png&#8221; alt=&#8221;Etapa #2_Posteo #3 _Historia CALLE_Portugal.png&#8221; title_text=&#8221;Etapa #2_Posteo #3 _Historia CALLE_Portugal.png&#8221; url=&#8221;https:\/\/drive.google.com\/file\/d\/1U8QtbYfsXB48veX_EIWcLlPmxYCXwd4m\/view?usp=drive_link&#8221; url_new_window=&#8221;on&#8221; use_overlay=&#8221;on&#8221; overlay_icon_color=&#8221;#FFFFFF&#8221; hover_overlay_color=&#8221;rgba(0,0,0,0.6)&#8221; hover_icon=&#8221;&#xf358;||fa||400&#8243; show_bottom_space=&#8221;off&#8221; _builder_version=&#8221;4.13.0&#8243; _module_preset=&#8221;default&#8221; locked=&#8221;off&#8221; global_colors_info=&#8221;{}&#8221;][\/et_pb_image][\/et_pb_column][\/et_pb_row][et_pb_row _builder_version=&#8221;4.13.0&#8243; _module_preset=&#8221;default&#8221; locked=&#8221;off&#8221; global_colors_info=&#8221;{}&#8221;][et_pb_column type=&#8221;4_4&#8243; _builder_version=&#8221;4.13.0&#8243; _module_preset=&#8221;default&#8221; global_colors_info=&#8221;{}&#8221;][et_pb_divider show_divider=&#8221;off&#8221; _builder_version=&#8221;4.13.0&#8243; _module_preset=&#8221;default&#8221; global_colors_info=&#8221;{}&#8221;][\/et_pb_divider][\/et_pb_column][\/et_pb_row][et_pb_row _builder_version=&#8221;4.13.0&#8243; _module_preset=&#8221;default&#8221; locked=&#8221;off&#8221; global_colors_info=&#8221;{}&#8221;][et_pb_column type=&#8221;4_4&#8243; _builder_version=&#8221;4.13.0&#8243; _module_preset=&#8221;default&#8221; global_colors_info=&#8221;{}&#8221;][et_pb_text _builder_version=&#8221;4.13.0&#8243; _module_preset=&#8221;default&#8221; text_font=&#8221;Open Sans|600|||||||&#8221; text_text_color=&#8221;rgba(0,0,0,0.6)&#8221; text_font_size=&#8221;16px&#8221; text_line_height=&#8221;1.5em&#8221; header_font=&#8221;Montserrat|700|||||||&#8221; header_text_color=&#8221;#FFFFFF&#8221; header_font_size=&#8221;36px&#8221; background_color=&#8221;rgba(0,0,0,0.8)&#8221; custom_padding=&#8221;10px||2px||false|false&#8221; locked=&#8221;off&#8221; global_colors_info=&#8221;{}&#8221;]<\/p>\n<h1 style=\"text-align: center;\">Etapa #3<\/h1>\n<p style=\"text-align: justify;\">[\/et_pb_text][\/et_pb_column][\/et_pb_row][et_pb_row column_structure=&#8221;1_3,1_3,1_3&#8243; use_custom_gutter=&#8221;on&#8221; _builder_version=&#8221;4.13.0&#8243; _module_preset=&#8221;default&#8221; max_width=&#8221;532px&#8221; locked=&#8221;off&#8221; global_colors_info=&#8221;{}&#8221;][et_pb_column type=&#8221;1_3&#8243; _builder_version=&#8221;4.13.0&#8243; _module_preset=&#8221;default&#8221; global_colors_info=&#8221;{}&#8221;][et_pb_image src=&#8221;https:\/\/www.cig.gov.pt\/iniciativas-nacionais\/wp-content\/uploads\/2023\/12\/P31.png&#8221; alt=&#8221;Etapa #3 _Posteo #1_Portugal.mp4&#8243; title_text=&#8221;Etapa #3 _Posteo #1_Portugal.mp4&#8243; url=&#8221;https:\/\/drive.google.com\/file\/d\/1s3bDNOq9AeJniWonPLA350GKssPGOMNp\/view?usp=drive_link&#8221; url_new_window=&#8221;on&#8221; use_overlay=&#8221;on&#8221; overlay_icon_color=&#8221;#FFFFFF&#8221; hover_overlay_color=&#8221;rgba(0,0,0,0.6)&#8221; hover_icon=&#8221;&#xf358;||fa||400&#8243; show_bottom_space=&#8221;off&#8221; _builder_version=&#8221;4.13.0&#8243; _module_preset=&#8221;default&#8221; global_colors_info=&#8221;{}&#8221;][\/et_pb_image][\/et_pb_column][et_pb_column type=&#8221;1_3&#8243; _builder_version=&#8221;4.13.0&#8243; _module_preset=&#8221;default&#8221; global_colors_info=&#8221;{}&#8221;][et_pb_image src=&#8221;https:\/\/www.cig.gov.pt\/iniciativas-nacionais\/wp-content\/uploads\/2023\/12\/P32.png&#8221; alt=&#8221;Etapa #3 _Posteo #2_Calle_Portugal.mp4&#8243; title_text=&#8221;Etapa #3 _Posteo #2_Calle_Portugal.mp4&#8243; url=&#8221;https:\/\/drive.google.com\/file\/d\/1CPgyptTq87DAWI4JjIILf6nE_lb_POlh\/view?usp=drive_link&#8221; url_new_window=&#8221;on&#8221; use_overlay=&#8221;on&#8221; overlay_icon_color=&#8221;#FFFFFF&#8221; hover_overlay_color=&#8221;rgba(0,0,0,0.6)&#8221; hover_icon=&#8221;&#xf358;||fa||400&#8243; show_bottom_space=&#8221;off&#8221; _builder_version=&#8221;4.13.0&#8243; _module_preset=&#8221;default&#8221; locked=&#8221;off&#8221; global_colors_info=&#8221;{}&#8221;][\/et_pb_image][\/et_pb_column][et_pb_column type=&#8221;1_3&#8243; _builder_version=&#8221;4.13.0&#8243; _module_preset=&#8221;default&#8221; global_colors_info=&#8221;{}&#8221;][et_pb_image src=&#8221;https:\/\/www.cig.gov.pt\/iniciativas-nacionais\/wp-content\/uploads\/2023\/12\/P33.png&#8221; alt=&#8221;Etapa #3 _Posteo #3_Transporte_Portugal.mp4&#8243; title_text=&#8221;Etapa #3 _Posteo #3_Transporte_Portugal.mp4&#8243; url=&#8221;https:\/\/drive.google.com\/file\/d\/1p8x5is5ULzh0FJv_dV1RnFC5neUvqh0k\/view?usp=drive_link&#8221; url_new_window=&#8221;on&#8221; use_overlay=&#8221;on&#8221; overlay_icon_color=&#8221;#FFFFFF&#8221; hover_overlay_color=&#8221;rgba(0,0,0,0.6)&#8221; hover_icon=&#8221;&#xf358;||fa||400&#8243; show_bottom_space=&#8221;off&#8221; _builder_version=&#8221;4.13.0&#8243; _module_preset=&#8221;default&#8221; locked=&#8221;off&#8221; global_colors_info=&#8221;{}&#8221;][\/et_pb_image][\/et_pb_column][\/et_pb_row][et_pb_row _builder_version=&#8221;4.13.0&#8243; _module_preset=&#8221;default&#8221; global_colors_info=&#8221;{}&#8221;][et_pb_column type=&#8221;4_4&#8243; _builder_version=&#8221;4.13.0&#8243; _module_preset=&#8221;default&#8221; global_colors_info=&#8221;{}&#8221;][et_pb_divider show_divider=&#8221;off&#8221; _builder_version=&#8221;4.13.0&#8243; _module_preset=&#8221;default&#8221; global_colors_info=&#8221;{}&#8221;][\/et_pb_divider][\/et_pb_column][\/et_pb_row][\/et_pb_section][et_pb_section fb_built=&#8221;1&#8243; _builder_version=&#8221;4.13.0&#8243; _module_preset=&#8221;default&#8221; background_color=&#8221;#FFFFFF&#8221; custom_margin=&#8221;0px||0px||false|false&#8221; custom_padding=&#8221;0px||0px||false|false&#8221; locked=&#8221;off&#8221; global_colors_info=&#8221;{}&#8221;][et_pb_row _builder_version=&#8221;4.13.0&#8243; _module_preset=&#8221;default&#8221; custom_margin=&#8221;4px||4px||false|false&#8221; custom_padding=&#8221;4px||4px||false|false&#8221; global_colors_info=&#8221;{}&#8221;][et_pb_column type=&#8221;4_4&#8243; _builder_version=&#8221;4.13.0&#8243; _module_preset=&#8221;default&#8221; global_colors_info=&#8221;{}&#8221;][et_pb_image src=&#8221;https:\/\/www.cig.gov.pt\/iniciativas-nacionais\/wp-content\/uploads\/2023\/12\/comboioJ.png&#8221; alt=&#8221;Comiss\u00e3o para a Cidadania e a Igualdade de G\u00e9nero &#8211; CIG | Iniciativa Idero-Americana para Prevenir e Eliminar a Viol\u00eancia Contra as Mulheres&#8221; title_text=&#8221;Comiss\u00e3o para a Cidadania e a Igualdade de G\u00e9nero &#8211; CIG | Iniciativa Idero-Americana para Prevenir e Eliminar a Viol\u00eancia Contra as Mulheres&#8221; align=&#8221;center&#8221; _builder_version=&#8221;4.13.0&#8243; _module_preset=&#8221;default&#8221; global_colors_info=&#8221;{}&#8221;][\/et_pb_image][\/et_pb_column][\/et_pb_row][\/et_pb_section]<\/p>\n","protected":false},"excerpt":{"rendered":"<p>A Iniciativa Ibero-americana para Prevenir e Eliminar a Viol\u00eancia contra a Mulher (IIPPEVCM) lan\u00e7ou a Campanha no \u00e2mbito do #25N para combater o Ass\u00e9dio Sexual nas Ruas em dez pa\u00edses ibero-americanos que fazem parte da IIPPEVCM. A proposta visa sensibilizar os cidad\u00e3os ibero-americanos para a preven\u00e7\u00e3o do ass\u00e9dio sexual e promover mudan\u00e7as ao n\u00edvel das atitudes e das pr\u00e1ticas discriminat\u00f3rias.<\/p>\n","protected":false},"author":1,"featured_media":3825,"parent":0,"menu_order":0,"comment_status":"closed","ping_status":"closed","template":"page-template-blank.php","meta":{"_et_pb_use_builder":"on","_et_pb_old_content":"","_et_gb_content_width":""},"yoast_head":"<!-- This site is optimized with the Yoast SEO plugin v17.5 - https:\/\/yoast.com\/wordpress\/plugins\/seo\/ -->\n<title>Campanha de Combate ao Ass\u00e9dio Sexual no Espa\u00e7o P\u00fablico - Iniciativas Nacionais<\/title>\n<meta name=\"robots\" content=\"index, follow, max-snippet:-1, max-image-preview:large, max-video-preview:-1\" \/>\n<link rel=\"canonical\" href=\"https:\/\/www.cig.gov.pt\/iniciativas-nacionais\/campanha-de-combate-ao-assedio-sexual-nas-ruas\/\" \/>\n<meta property=\"og:locale\" content=\"pt_PT\" \/>\n<meta property=\"og:type\" content=\"article\" \/>\n<meta property=\"og:title\" content=\"Campanha de combate ao Ass\u00e9dio Sexual no Espa\u00e7o P\u00fablico\" \/>\n<meta property=\"og:description\" content=\"A Iniciativa Ibero-americana para Prevenir e Eliminar a Viol\u00eancia contra a Mulher (IIPPEVCM) lan\u00e7ou a Campanha no \u00e2mbito do #25N para combater o Ass\u00e9dio Sexual nas Ruas em dez pa\u00edses ibero-americanos que fazem parte da IIPPEVCM. A proposta visa sensibilizar os cidad\u00e3os ibero-americanos para a preven\u00e7\u00e3o do ass\u00e9dio sexual e promover mudan\u00e7as ao n\u00edvel das atitudes e das pr\u00e1ticas discriminat\u00f3rias.\" \/>\n<meta property=\"og:url\" content=\"https:\/\/www.cig.gov.pt\/iniciativas-nacionais\/campanha-de-combate-ao-assedio-sexual-nas-ruas\/\" \/>\n<meta property=\"og:site_name\" content=\"Iniciativas Nacionais\" \/>\n<meta property=\"article:modified_time\" content=\"2024-02-20T09:15:47+00:00\" \/>\n<meta property=\"og:image\" content=\"https:\/\/www.cig.gov.pt\/iniciativas-nacionais\/wp-content\/uploads\/2023\/12\/campanafeatP.jpg\" \/>\n\t<meta property=\"og:image:width\" content=\"1280\" \/>\n\t<meta property=\"og:image:height\" content=\"643\" \/>\n<meta name=\"twitter:card\" content=\"summary_large_image\" \/>\n<meta name=\"twitter:title\" content=\"Campanha de combate ao Ass\u00e9dio Sexual no Espa\u00e7o P\u00fablico\" \/>\n<meta name=\"twitter:image\" content=\"https:\/\/www.cig.gov.pt\/iniciativas-nacionais\/wp-content\/uploads\/2023\/12\/campanafeatP.jpg\" \/>\n<meta name=\"twitter:label1\" content=\"Est. reading time\" \/>\n\t<meta name=\"twitter:data1\" content=\"14 minutos\" \/>\n<script type=\"application\/ld+json\" class=\"yoast-schema-graph\">{\"@context\":\"https:\/\/schema.org\",\"@graph\":[{\"@type\":\"WebSite\",\"@id\":\"https:\/\/www.cig.gov.pt\/iniciativas-nacionais\/#website\",\"url\":\"https:\/\/www.cig.gov.pt\/iniciativas-nacionais\/\",\"name\":\"Iniciativas Nacionais\",\"description\":\"\",\"potentialAction\":[{\"@type\":\"SearchAction\",\"target\":{\"@type\":\"EntryPoint\",\"urlTemplate\":\"https:\/\/www.cig.gov.pt\/iniciativas-nacionais\/?s={search_term_string}\"},\"query-input\":\"required name=search_term_string\"}],\"inLanguage\":\"pt-PT\"},{\"@type\":\"ImageObject\",\"@id\":\"https:\/\/www.cig.gov.pt\/iniciativas-nacionais\/campanha-de-combate-ao-assedio-sexual-nas-ruas\/#primaryimage\",\"inLanguage\":\"pt-PT\",\"url\":\"https:\/\/www.cig.gov.pt\/iniciativas-nacionais\/wp-content\/uploads\/2023\/12\/campanafeatP.jpg\",\"contentUrl\":\"https:\/\/www.cig.gov.pt\/iniciativas-nacionais\/wp-content\/uploads\/2023\/12\/campanafeatP.jpg\",\"width\":1280,\"height\":643,\"caption\":\"Campanha de combate ao Ass\\u00e9dio Sexual no Espa\\u00e7o P\\u00fablico\"},{\"@type\":\"WebPage\",\"@id\":\"https:\/\/www.cig.gov.pt\/iniciativas-nacionais\/campanha-de-combate-ao-assedio-sexual-nas-ruas\/#webpage\",\"url\":\"https:\/\/www.cig.gov.pt\/iniciativas-nacionais\/campanha-de-combate-ao-assedio-sexual-nas-ruas\/\",\"name\":\"Campanha de Combate ao Ass\\u00e9dio Sexual no Espa\\u00e7o P\\u00fablico - Iniciativas Nacionais\",\"isPartOf\":{\"@id\":\"https:\/\/www.cig.gov.pt\/iniciativas-nacionais\/#website\"},\"primaryImageOfPage\":{\"@id\":\"https:\/\/www.cig.gov.pt\/iniciativas-nacionais\/campanha-de-combate-ao-assedio-sexual-nas-ruas\/#primaryimage\"},\"datePublished\":\"2023-12-06T16:37:41+00:00\",\"dateModified\":\"2024-02-20T09:15:47+00:00\",\"breadcrumb\":{\"@id\":\"https:\/\/www.cig.gov.pt\/iniciativas-nacionais\/campanha-de-combate-ao-assedio-sexual-nas-ruas\/#breadcrumb\"},\"inLanguage\":\"pt-PT\",\"potentialAction\":[{\"@type\":\"ReadAction\",\"target\":[\"https:\/\/www.cig.gov.pt\/iniciativas-nacionais\/campanha-de-combate-ao-assedio-sexual-nas-ruas\/\"]}]},{\"@type\":\"BreadcrumbList\",\"@id\":\"https:\/\/www.cig.gov.pt\/iniciativas-nacionais\/campanha-de-combate-ao-assedio-sexual-nas-ruas\/#breadcrumb\",\"itemListElement\":[{\"@type\":\"ListItem\",\"position\":1,\"name\":\"Home\",\"item\":\"https:\/\/www.cig.gov.pt\/iniciativas-nacionais\/\"},{\"@type\":\"ListItem\",\"position\":2,\"name\":\"Campanha de Combate ao Ass\\u00e9dio Sexual no Espa\\u00e7o P\\u00fablico\"}]}]}<\/script>\n<!-- \/ Yoast SEO plugin. -->","yoast_head_json":{"title":"Campanha de Combate ao Ass\u00e9dio Sexual no Espa\u00e7o P\u00fablico - Iniciativas Nacionais","robots":{"index":"index","follow":"follow","max-snippet":"max-snippet:-1","max-image-preview":"max-image-preview:large","max-video-preview":"max-video-preview:-1"},"canonical":"https:\/\/www.cig.gov.pt\/iniciativas-nacionais\/campanha-de-combate-ao-assedio-sexual-nas-ruas\/","og_locale":"pt_PT","og_type":"article","og_title":"Campanha de combate ao Ass\u00e9dio Sexual no Espa\u00e7o P\u00fablico","og_description":"A Iniciativa Ibero-americana para Prevenir e Eliminar a Viol\u00eancia contra a Mulher (IIPPEVCM) lan\u00e7ou a Campanha no \u00e2mbito do #25N para combater o Ass\u00e9dio Sexual nas Ruas em dez pa\u00edses ibero-americanos que fazem parte da IIPPEVCM. A proposta visa sensibilizar os cidad\u00e3os ibero-americanos para a preven\u00e7\u00e3o do ass\u00e9dio sexual e promover mudan\u00e7as ao n\u00edvel das atitudes e das pr\u00e1ticas discriminat\u00f3rias.","og_url":"https:\/\/www.cig.gov.pt\/iniciativas-nacionais\/campanha-de-combate-ao-assedio-sexual-nas-ruas\/","og_site_name":"Iniciativas Nacionais","article_modified_time":"2024-02-20T09:15:47+00:00","og_image":[{"width":1280,"height":643,"url":"https:\/\/www.cig.gov.pt\/iniciativas-nacionais\/wp-content\/uploads\/2023\/12\/campanafeatP.jpg","type":"image\/jpeg"}],"twitter_card":"summary_large_image","twitter_title":"Campanha de combate ao Ass\u00e9dio Sexual no Espa\u00e7o P\u00fablico","twitter_image":"https:\/\/www.cig.gov.pt\/iniciativas-nacionais\/wp-content\/uploads\/2023\/12\/campanafeatP.jpg","twitter_misc":{"Est. reading time":"14 minutos"},"schema":{"@context":"https:\/\/schema.org","@graph":[{"@type":"WebSite","@id":"https:\/\/www.cig.gov.pt\/iniciativas-nacionais\/#website","url":"https:\/\/www.cig.gov.pt\/iniciativas-nacionais\/","name":"Iniciativas Nacionais","description":"","potentialAction":[{"@type":"SearchAction","target":{"@type":"EntryPoint","urlTemplate":"https:\/\/www.cig.gov.pt\/iniciativas-nacionais\/?s={search_term_string}"},"query-input":"required name=search_term_string"}],"inLanguage":"pt-PT"},{"@type":"ImageObject","@id":"https:\/\/www.cig.gov.pt\/iniciativas-nacionais\/campanha-de-combate-ao-assedio-sexual-nas-ruas\/#primaryimage","inLanguage":"pt-PT","url":"https:\/\/www.cig.gov.pt\/iniciativas-nacionais\/wp-content\/uploads\/2023\/12\/campanafeatP.jpg","contentUrl":"https:\/\/www.cig.gov.pt\/iniciativas-nacionais\/wp-content\/uploads\/2023\/12\/campanafeatP.jpg","width":1280,"height":643,"caption":"Campanha de combate ao Ass\u00e9dio Sexual no Espa\u00e7o P\u00fablico"},{"@type":"WebPage","@id":"https:\/\/www.cig.gov.pt\/iniciativas-nacionais\/campanha-de-combate-ao-assedio-sexual-nas-ruas\/#webpage","url":"https:\/\/www.cig.gov.pt\/iniciativas-nacionais\/campanha-de-combate-ao-assedio-sexual-nas-ruas\/","name":"Campanha de Combate ao Ass\u00e9dio Sexual no Espa\u00e7o P\u00fablico - Iniciativas Nacionais","isPartOf":{"@id":"https:\/\/www.cig.gov.pt\/iniciativas-nacionais\/#website"},"primaryImageOfPage":{"@id":"https:\/\/www.cig.gov.pt\/iniciativas-nacionais\/campanha-de-combate-ao-assedio-sexual-nas-ruas\/#primaryimage"},"datePublished":"2023-12-06T16:37:41+00:00","dateModified":"2024-02-20T09:15:47+00:00","breadcrumb":{"@id":"https:\/\/www.cig.gov.pt\/iniciativas-nacionais\/campanha-de-combate-ao-assedio-sexual-nas-ruas\/#breadcrumb"},"inLanguage":"pt-PT","potentialAction":[{"@type":"ReadAction","target":["https:\/\/www.cig.gov.pt\/iniciativas-nacionais\/campanha-de-combate-ao-assedio-sexual-nas-ruas\/"]}]},{"@type":"BreadcrumbList","@id":"https:\/\/www.cig.gov.pt\/iniciativas-nacionais\/campanha-de-combate-ao-assedio-sexual-nas-ruas\/#breadcrumb","itemListElement":[{"@type":"ListItem","position":1,"name":"Home","item":"https:\/\/www.cig.gov.pt\/iniciativas-nacionais\/"},{"@type":"ListItem","position":2,"name":"Campanha de Combate ao Ass\u00e9dio Sexual no Espa\u00e7o P\u00fablico"}]}]}},"_links":{"self":[{"href":"https:\/\/www.cig.gov.pt\/iniciativas-nacionais\/wp-json\/wp\/v2\/pages\/3762"}],"collection":[{"href":"https:\/\/www.cig.gov.pt\/iniciativas-nacionais\/wp-json\/wp\/v2\/pages"}],"about":[{"href":"https:\/\/www.cig.gov.pt\/iniciativas-nacionais\/wp-json\/wp\/v2\/types\/page"}],"author":[{"embeddable":true,"href":"https:\/\/www.cig.gov.pt\/iniciativas-nacionais\/wp-json\/wp\/v2\/users\/1"}],"replies":[{"embeddable":true,"href":"https:\/\/www.cig.gov.pt\/iniciativas-nacionais\/wp-json\/wp\/v2\/comments?post=3762"}],"version-history":[{"count":38,"href":"https:\/\/www.cig.gov.pt\/iniciativas-nacionais\/wp-json\/wp\/v2\/pages\/3762\/revisions"}],"predecessor-version":[{"id":4163,"href":"https:\/\/www.cig.gov.pt\/iniciativas-nacionais\/wp-json\/wp\/v2\/pages\/3762\/revisions\/4163"}],"wp:featuredmedia":[{"embeddable":true,"href":"https:\/\/www.cig.gov.pt\/iniciativas-nacionais\/wp-json\/wp\/v2\/media\/3825"}],"wp:attachment":[{"href":"https:\/\/www.cig.gov.pt\/iniciativas-nacionais\/wp-json\/wp\/v2\/media?parent=3762"}],"curies":[{"name":"wp","href":"https:\/\/api.w.org\/{rel}","templated":true}]}}