{"id":3562,"date":"2023-11-14T11:40:31","date_gmt":"2023-11-14T11:40:31","guid":{"rendered":"https:\/\/www.cig.gov.pt\/iniciativas-nacionais\/?page_id=3562"},"modified":"2023-11-17T14:10:24","modified_gmt":"2023-11-17T14:10:24","slug":"25-de-novembro-dia-internacional-para-a-eliminacao-da-violencia-contra-as-mulheres","status":"publish","type":"page","link":"https:\/\/www.cig.gov.pt\/iniciativas-nacionais\/25-de-novembro-dia-internacional-para-a-eliminacao-da-violencia-contra-as-mulheres\/","title":{"rendered":"25 de novembro &#8211; Dia Internacional para a Elimina\u00e7\u00e3o da Viol\u00eancia Contra as Mulheres"},"content":{"rendered":"<p>[et_pb_section fb_built=&#8221;1&#8243; disabled_on=&#8221;on|on|off&#8221; admin_label=&#8221;Header Monitor&#8221; _builder_version=&#8221;4.13.0&#8243; _module_preset=&#8221;default&#8221; background_color=&#8221;#071717&#8243; background_image=&#8221;https:\/\/www.cig.gov.pt\/iniciativas-nacionais\/wp-content\/uploads\/2023\/11\/meio23R.png&#8221; background_size=&#8221;contain&#8221; max_height=&#8221;400px&#8221; custom_margin=&#8221;0px|0px|0px|0px|false|false&#8221; custom_padding=&#8221;0px|0px|0px|0px|false|false&#8221; global_colors_info=&#8221;{}&#8221;][et_pb_row column_structure=&#8221;1_4,1_2,1_4&#8243; use_custom_gutter=&#8221;on&#8221; gutter_width=&#8221;1&#8243; _builder_version=&#8221;4.13.0&#8243; _module_preset=&#8221;default&#8221; background_enable_color=&#8221;off&#8221; width=&#8221;100%&#8221; max_width=&#8221;2560px&#8221; custom_margin=&#8221;0px|0px|0px|0px|false|false&#8221; custom_padding=&#8221;0px|0px|0px|0px|false|false&#8221; global_colors_info=&#8221;{}&#8221;][et_pb_column type=&#8221;1_4&#8243; _builder_version=&#8221;4.13.0&#8243; _module_preset=&#8221;default&#8221; global_colors_info=&#8221;{}&#8221;][et_pb_image src=&#8221;https:\/\/www.cig.gov.pt\/iniciativas-nacionais\/wp-content\/uploads\/2023\/11\/lado223R.jpg&#8221; _builder_version=&#8221;4.13.0&#8243; _module_preset=&#8221;default&#8221; max_height=&#8221;400px&#8221; global_colors_info=&#8221;{}&#8221;][\/et_pb_image][\/et_pb_column][et_pb_column type=&#8221;1_2&#8243; _builder_version=&#8221;4.13.0&#8243; _module_preset=&#8221;default&#8221; global_colors_info=&#8221;{}&#8221;][\/et_pb_column][et_pb_column type=&#8221;1_4&#8243; _builder_version=&#8221;4.13.0&#8243; _module_preset=&#8221;default&#8221; global_colors_info=&#8221;{}&#8221;][et_pb_image src=&#8221;https:\/\/www.cig.gov.pt\/iniciativas-nacionais\/wp-content\/uploads\/2023\/11\/lado123R.jpg&#8221; align=&#8221;right&#8221; _builder_version=&#8221;4.13.0&#8243; _module_preset=&#8221;default&#8221; max_height=&#8221;400px&#8221; global_colors_info=&#8221;{}&#8221;][\/et_pb_image][\/et_pb_column][\/et_pb_row][\/et_pb_section][et_pb_section fb_built=&#8221;1&#8243; disabled_on=&#8221;off|off|on&#8221; admin_label=&#8221;Header Tablet Mobile&#8221; _builder_version=&#8221;4.13.0&#8243; _module_preset=&#8221;default&#8221; background_color=&#8221;#000000&#8243; background_enable_image=&#8221;off&#8221; max_height=&#8221;1000px&#8221; custom_margin=&#8221;0px|0px|0px|0px|false|false&#8221; custom_padding=&#8221;0px|0px|0px|0px|false|false&#8221; global_colors_info=&#8221;{}&#8221;][et_pb_row use_custom_gutter=&#8221;on&#8221; gutter_width=&#8221;1&#8243; make_equal=&#8221;on&#8221; _builder_version=&#8221;4.13.0&#8243; _module_preset=&#8221;default&#8221; width=&#8221;100%&#8221; max_width=&#8221;2560px&#8221; max_height=&#8221;224px&#8221; custom_margin=&#8221;0px|0px|0px|0px|false|false&#8221; custom_padding=&#8221;0px|0px|0px|0px|false|false&#8221; global_colors_info=&#8221;{}&#8221;][et_pb_column type=&#8221;4_4&#8243; _builder_version=&#8221;4.13.0&#8243; _module_preset=&#8221;default&#8221; global_colors_info=&#8221;{}&#8221;][et_pb_image src=&#8221;https:\/\/www.cig.gov.pt\/iniciativas-nacionais\/wp-content\/uploads\/2023\/11\/hm23.jpg&#8221; alt=&#8221;25 de novembro &#8211; Dia Internacional para a Elimina\u00e7\u00e3o da Viol\u00eancia Contra as Mulheres&#8221; title_text=&#8221;25 de novembro &#8211; Dia Internacional para a Elimina\u00e7\u00e3o da Viol\u00eancia Contra as Mulheres&#8221; align=&#8221;center&#8221; force_fullwidth=&#8221;on&#8221; _builder_version=&#8221;4.13.0&#8243; _module_preset=&#8221;default&#8221; global_colors_info=&#8221;{}&#8221;][\/et_pb_image][\/et_pb_column][\/et_pb_row][\/et_pb_section][et_pb_section fb_built=&#8221;1&#8243; admin_label=&#8221;Concelho&#8221; _builder_version=&#8221;4.13.0&#8243; _module_preset=&#8221;default&#8221; custom_margin=&#8221;4px||4px||false|false&#8221; custom_padding=&#8221;4px||4px||false|false&#8221; global_colors_info=&#8221;{}&#8221;][et_pb_row admin_label=&#8221;Aveiro&#8221; _builder_version=&#8221;4.13.0&#8243; _module_preset=&#8221;default&#8221; background_color=&#8221;#071717&#8243; custom_margin=&#8221;40px||0px||false|false&#8221; custom_padding=&#8221;14px||14px||false|false&#8221; border_radii=&#8221;on|4px|4px|4px|4px&#8221; locked=&#8221;off&#8221; global_colors_info=&#8221;{}&#8221;][et_pb_column type=&#8221;4_4&#8243; _builder_version=&#8221;4.13.0&#8243; _module_preset=&#8221;default&#8221; global_colors_info=&#8221;{}&#8221;][et_pb_text admin_label=&#8221;Aveiro&#8221; _builder_version=&#8221;4.13.0&#8243; _module_preset=&#8221;default&#8221; text_font=&#8221;Montserrat|700|||||||&#8221; text_text_color=&#8221;#FFFFFF&#8221; text_font_size=&#8221;16px&#8221; text_letter_spacing=&#8221;1px&#8221; custom_margin=&#8221;2px||0px|20px|false|false&#8221; custom_padding=&#8221;6px||2px||false|false&#8221; global_colors_info=&#8221;{}&#8221;]<\/p>\n<p><span style=\"color: #ffde59;\">Distrito: <\/span><span style=\"font-size: xx-large;\">Aveiro<\/span><\/p>\n<p>[\/et_pb_text][\/et_pb_column][\/et_pb_row][et_pb_row column_structure=&#8221;1_4,1_4,1_4,1_4&#8243; use_custom_gutter=&#8221;on&#8221; gutter_width=&#8221;2&#8243; _builder_version=&#8221;4.13.0&#8243; _module_preset=&#8221;default&#8221; custom_margin=&#8221;||0px||false|false&#8221; custom_padding=&#8221;||0px||false|false&#8221; locked=&#8221;off&#8221; global_colors_info=&#8221;{}&#8221;][et_pb_column type=&#8221;1_4&#8243; _builder_version=&#8221;4.13.0&#8243; _module_preset=&#8221;default&#8221; global_colors_info=&#8221;{}&#8221;][et_pb_text _builder_version=&#8221;4.13.0&#8243; _module_preset=&#8221;default&#8221; text_font=&#8221;Montserrat||||||||&#8221; text_text_color=&#8221;#000000&#8243; text_font_size=&#8221;12px&#8221; text_line_height=&#8221;1.2em&#8221; header_2_font=&#8221;Montserrat|600|||||||&#8221; header_2_text_color=&#8221;#ff914d&#8221; custom_margin=&#8221;16px|12px|8px|12px|false|false&#8221; custom_padding=&#8221;1px|||||&#8221; locked=&#8221;off&#8221; global_colors_info=&#8221;{}&#8221;]<\/p>\n<h2>Arouca<\/h2>\n<p><strong>Entidade promotora:<\/strong><br \/>Municipio de Arouca<\/p>\n<p><strong>Iniciativa | Atividade:<\/strong><br \/>Apresenta\u00e7\u00e3o da pe\u00e7a de teatro MULHERES<\/p>\n<p>[\/et_pb_text][et_pb_toggle title=&#8221;Informa\u00e7\u00f5es&#8221; open_toggle_text_color=&#8221;#7f7f7f&#8221; open_toggle_background_color=&#8221;rgba(0,0,0,0.02)&#8221; closed_toggle_text_color=&#8221;#7f7f7f&#8221; closed_toggle_background_color=&#8221;rgba(0,0,0,0.02)&#8221; icon_color=&#8221;#ff914d&#8221; toggle_icon=&#8221;&#xe03a;||divi||400&#8243; use_icon_font_size=&#8221;on&#8221; icon_font_size=&#8221;23px&#8221; _builder_version=&#8221;4.13.0&#8243; _module_preset=&#8221;default&#8221; title_text_color=&#8221;#7f7f7f&#8221; title_font=&#8221;Montserrat|700|||||||&#8221; title_font_size=&#8221;15px&#8221; body_font=&#8221;Montserrat||||||||&#8221; body_text_color=&#8221;#000000&#8243; body_font_size=&#8221;11px&#8221; body_line_height=&#8221;1.2em&#8221; background_color=&#8221;rgba(255,255,255,0)&#8221; custom_margin=&#8221;|||8px|false|false&#8221; custom_padding=&#8221;12px|12px|12px|14px|false|false&#8221; border_radii=&#8221;on|24px|24px|24px|24px&#8221; border_color_all=&#8221;rgba(0,0,0,0.5)&#8221; locked=&#8221;off&#8221; global_colors_info=&#8221;{}&#8221;]<\/p>\n<p><strong>Iniciativa | Atividade<\/strong><br \/><em>Apresenta\u00e7\u00e3o da pe\u00e7a de teatro MULHERES<\/em><br \/>seguida de debate aos alunos do secund\u00e1rio das escolas secundarias de Arouca e Escariz Alunos ensino secund\u00e1rio.<br \/><strong>P\u00fablico-alvo<\/strong> Comunidade educativa<br \/><strong>Local<\/strong> 23.11- Escola Secund\u00e1ria de Escariz e 24.11- Escola Secund\u00e1ria de Arouca<br \/><strong>Data<\/strong> 23\/11\/2023 e 24\/11\/2023<br \/><strong>Hora<\/strong> 12:30<\/p>\n<p>[\/et_pb_toggle][\/et_pb_column][et_pb_column type=&#8221;1_4&#8243; _builder_version=&#8221;4.13.0&#8243; _module_preset=&#8221;default&#8221; global_colors_info=&#8221;{}&#8221;][et_pb_text _builder_version=&#8221;4.13.0&#8243; _module_preset=&#8221;default&#8221; text_font=&#8221;Montserrat||||||||&#8221; text_text_color=&#8221;#000000&#8243; text_font_size=&#8221;12px&#8221; text_line_height=&#8221;1.2em&#8221; header_2_font=&#8221;Montserrat|600|||||||&#8221; header_2_text_color=&#8221;#ff914d&#8221; header_2_font_size=&#8221;14px&#8221; header_2_line_height=&#8221;1.1em&#8221; custom_margin=&#8221;16px|12px|8px|12px|false|false&#8221; custom_padding=&#8221;1px|||||&#8221; locked=&#8221;off&#8221; global_colors_info=&#8221;{}&#8221;]<\/p>\n<h2>\u00c1gueda, Anadia, Oliveira do Bairro, Sever do Vouga, Albergaria-a-Velha, Ovar, Murtosa<\/h2>\n<p><strong>Entidade promotora:<\/strong><br \/>EAVVD E RAP DAR VOZ<\/p>\n<p><strong>Iniciativa | Atividade:<\/strong><br \/>\u201cO La\u00e7o que Acolhe e Protege Gera\u00e7\u00f5es\u201d<\/p>\n<p>[\/et_pb_text][et_pb_toggle title=&#8221;Informa\u00e7\u00f5es&#8221; open_toggle_text_color=&#8221;#7f7f7f&#8221; open_toggle_background_color=&#8221;rgba(0,0,0,0.02)&#8221; closed_toggle_text_color=&#8221;#7f7f7f&#8221; closed_toggle_background_color=&#8221;rgba(0,0,0,0.02)&#8221; icon_color=&#8221;#ff914d&#8221; toggle_icon=&#8221;&#xe03a;||divi||400&#8243; use_icon_font_size=&#8221;on&#8221; icon_font_size=&#8221;23px&#8221; _builder_version=&#8221;4.13.0&#8243; _module_preset=&#8221;default&#8221; title_text_color=&#8221;#7f7f7f&#8221; title_font=&#8221;Montserrat|700|||||||&#8221; title_font_size=&#8221;15px&#8221; body_font=&#8221;Montserrat||||||||&#8221; body_text_color=&#8221;#000000&#8243; body_font_size=&#8221;11px&#8221; body_line_height=&#8221;1.2em&#8221; background_color=&#8221;rgba(255,255,255,0)&#8221; custom_margin=&#8221;|||8px|false|false&#8221; custom_padding=&#8221;12px|12px|12px|14px|false|false&#8221; border_radii=&#8221;on|24px|24px|24px|24px&#8221; border_color_all=&#8221;rgba(0,0,0,0.5)&#8221; locked=&#8221;off&#8221; global_colors_info=&#8221;{}&#8221;]<\/p>\n<p><strong>Iniciativa | Atividade<\/strong><br \/><em>\u201cO La\u00e7o que Acolhe e Protege Gera\u00e7\u00f5es\u201d<\/em><br \/>Em sintonia com a miss\u00e3o do Dia Internacional pela Elimina\u00e7\u00e3o da Viol\u00eancia Contra as Mulheres, a Dar Voz est\u00e1 a organizar uma campanha de consciencializa\u00e7\u00e3o e solidariedade, usando o s\u00edmbolo &#8220;&#8221;La\u00e7o Roxo&#8221;&#8221;. O la\u00e7o roxo \u00e9 amplamente reconhecido como um emblema do combate \u00e0 viol\u00eancia de g\u00e9nero, simbolizando a resist\u00eancia, a esperan\u00e7a e a solidariedade.<br \/><strong>P\u00fablico-alvo<\/strong> comunidade geral<br \/><strong>Local<\/strong> V\u00e1rios pelos concelhos protocolados<br \/><strong>Data<\/strong> 30\/11\/2023<br \/><strong>Hora<\/strong> 14:30<br \/><strong>Mais informa\u00e7\u00f5es<\/strong> <a href=\"https:\/\/www.instagram.com\/eavvd.darvoz\" target=\"_blank\" rel=\"noopener\">https:\/\/www.instagram.com\/eavvd.darvoz<\/a><\/p>\n<p><div id=\"attachment_3641\" style=\"width: 749px\" class=\"wp-caption aligncenter\"><a href=\"https:\/\/www.cig.gov.pt\/iniciativas-nacionais\/wp-content\/uploads\/2023\/11\/Cartaz-Instagram-ana-raquel-Coelho.jpg\" target=\"_blank\" rel=\"noopener\"><img aria-describedby=\"caption-attachment-3641\" loading=\"lazy\" src=\"https:\/\/www.cig.gov.pt\/iniciativas-nacionais\/wp-content\/uploads\/2023\/11\/Cartaz-Instagram-ana-raquel-Coelho.jpg\" width=\"739\" height=\"739\" alt=\"\u201cO La\u00e7o que Acolhe e Protege Gera\u00e7\u00f5es\u201d\" class=\"wp-image-3641 size-full\" srcset=\"https:\/\/www.cig.gov.pt\/iniciativas-nacionais\/wp-content\/uploads\/2023\/11\/Cartaz-Instagram-ana-raquel-Coelho.jpg 739w, https:\/\/www.cig.gov.pt\/iniciativas-nacionais\/wp-content\/uploads\/2023\/11\/Cartaz-Instagram-ana-raquel-Coelho-480x480.jpg 480w\" sizes=\"(min-width: 0px) and (max-width: 480px) 480px, (min-width: 481px) 739px, 100vw\" \/><\/a><p id=\"caption-attachment-3641\" class=\"wp-caption-text\">\u201cO La\u00e7o que Acolhe e Protege Gera\u00e7\u00f5es\u201d<\/p><\/div>[\/et_pb_toggle][\/et_pb_column][et_pb_column type=&#8221;1_4&#8243; _builder_version=&#8221;4.13.0&#8243; _module_preset=&#8221;default&#8221; global_colors_info=&#8221;{}&#8221;][et_pb_text _builder_version=&#8221;4.13.0&#8243; _module_preset=&#8221;default&#8221; text_font=&#8221;Montserrat||||||||&#8221; text_text_color=&#8221;#000000&#8243; text_font_size=&#8221;12px&#8221; text_line_height=&#8221;1.2em&#8221; header_2_font=&#8221;Montserrat|600|||||||&#8221; header_2_text_color=&#8221;#ff914d&#8221; custom_margin=&#8221;16px|12px|8px|12px|false|false&#8221; custom_padding=&#8221;1px|||||&#8221; locked=&#8221;off&#8221; global_colors_info=&#8221;{}&#8221;]<\/p>\n<h2>Espinho<\/h2>\n<p><strong>Entidade promotora:<\/strong><br \/>C\u00e2mara Municipal de Espinho<\/p>\n<p><strong>Iniciativa | Atividade:<\/strong><br \/>(In)Forma\u00e7\u00e3o Viol\u00eancia Dom\u00e9stica e de G\u00e9nero: do Conceito \u00e0 Interven\u00e7\u00e3o<\/p>\n<p>[\/et_pb_text][et_pb_toggle title=&#8221;Informa\u00e7\u00f5es&#8221; open_toggle_text_color=&#8221;#7f7f7f&#8221; open_toggle_background_color=&#8221;rgba(0,0,0,0.02)&#8221; closed_toggle_text_color=&#8221;#7f7f7f&#8221; closed_toggle_background_color=&#8221;rgba(0,0,0,0.02)&#8221; icon_color=&#8221;#ff914d&#8221; toggle_icon=&#8221;&#xe03a;||divi||400&#8243; use_icon_font_size=&#8221;on&#8221; icon_font_size=&#8221;23px&#8221; _builder_version=&#8221;4.13.0&#8243; _module_preset=&#8221;default&#8221; title_text_color=&#8221;#7f7f7f&#8221; title_font=&#8221;Montserrat|700|||||||&#8221; title_font_size=&#8221;15px&#8221; body_font=&#8221;Montserrat||||||||&#8221; body_text_color=&#8221;#000000&#8243; body_font_size=&#8221;11px&#8221; body_line_height=&#8221;1.2em&#8221; background_color=&#8221;rgba(255,255,255,0)&#8221; custom_margin=&#8221;|||8px|false|false&#8221; custom_padding=&#8221;12px|12px|12px|14px|false|false&#8221; border_radii=&#8221;on|24px|24px|24px|24px&#8221; border_color_all=&#8221;rgba(0,0,0,0.5)&#8221; locked=&#8221;off&#8221; global_colors_info=&#8221;{}&#8221;]<\/p>\n<p><strong>Iniciativa | Atividade<\/strong><br \/><em>(In)Forma\u00e7\u00e3o Viol\u00eancia Dom\u00e9stica e de G\u00e9nero: do Conceito \u00e0 Interven\u00e7\u00e3o<br \/><\/em>Iniciativa conta com o apoio da UMAR dinamizando um Workshop sobre a tem\u00e1tica.<br \/><strong>P\u00fablic-alvo <\/strong>Trabalhadoras\/es e Dirigentes da C\u00e2mara Municipal de Espinho, T\u00e9cnicas\/os da Rede Social de Espinho. membros da Associa\u00e7\u00e3o Comercial de Espinho e popula\u00e7\u00e3o em geral<strong><br \/>Local<\/strong> Biblioteca Municipal de Espinho<br \/><strong>Data<\/strong> 22\/11\/2023<br \/><strong>Hora<\/strong> 14:30<\/p>\n<p>[\/et_pb_toggle][\/et_pb_column][et_pb_column type=&#8221;1_4&#8243; _builder_version=&#8221;4.13.0&#8243; _module_preset=&#8221;default&#8221; global_colors_info=&#8221;{}&#8221;][et_pb_text _builder_version=&#8221;4.13.0&#8243; _module_preset=&#8221;default&#8221; text_font=&#8221;Montserrat||||||||&#8221; text_text_color=&#8221;#000000&#8243; text_font_size=&#8221;12px&#8221; text_line_height=&#8221;1.2em&#8221; header_2_font=&#8221;Montserrat|600|||||||&#8221; header_2_text_color=&#8221;#ff914d&#8221; custom_margin=&#8221;16px|12px|8px|12px|false|false&#8221; custom_padding=&#8221;1px|||||&#8221; locked=&#8221;off&#8221; global_colors_info=&#8221;{}&#8221;]<\/p>\n<h2>\u00cdlhavo<\/h2>\n<p><strong>Entidade promotora:<\/strong><br \/>C\u00e2mara Municipal de \u00cdlhavo<\/p>\n<p><strong>Iniciativa | Atividade:<\/strong><br \/>As desculpas para o que lhe fez s\u00e3o uma data delas<\/p>\n<p>[\/et_pb_text][et_pb_toggle title=&#8221;Informa\u00e7\u00f5es&#8221; open_toggle_text_color=&#8221;#7f7f7f&#8221; open_toggle_background_color=&#8221;rgba(0,0,0,0.02)&#8221; closed_toggle_text_color=&#8221;#7f7f7f&#8221; closed_toggle_background_color=&#8221;rgba(0,0,0,0.02)&#8221; icon_color=&#8221;#ff914d&#8221; toggle_icon=&#8221;&#xe03a;||divi||400&#8243; use_icon_font_size=&#8221;on&#8221; icon_font_size=&#8221;23px&#8221; _builder_version=&#8221;4.13.0&#8243; _module_preset=&#8221;default&#8221; title_text_color=&#8221;#7f7f7f&#8221; title_font=&#8221;Montserrat|700|||||||&#8221; title_font_size=&#8221;15px&#8221; body_font=&#8221;Montserrat||||||||&#8221; body_text_color=&#8221;#000000&#8243; body_font_size=&#8221;11px&#8221; body_line_height=&#8221;1.2em&#8221; background_color=&#8221;rgba(255,255,255,0)&#8221; custom_margin=&#8221;|||8px|false|false&#8221; custom_padding=&#8221;12px|12px|12px|14px|false|false&#8221; border_radii=&#8221;on|24px|24px|24px|24px&#8221; border_color_all=&#8221;rgba(0,0,0,0.5)&#8221; locked=&#8221;off&#8221; global_colors_info=&#8221;{}&#8221;]<\/p>\n<p><strong>Iniciativa | Atividade<\/strong><br \/><em>As desculpas para o que lhe fez s\u00e3o uma data delas<\/em><br \/>Sensibiliza\u00e7\u00e3o da comunidade sobre a viol\u00eancia dom\u00e9stica, atrav\u00e9s de divulga\u00e7\u00e3o nas redes sociais e afixa\u00e7\u00e3o de cartazes sobre a tem\u00e1tica<br \/><strong>P\u00fablico-alvo<\/strong> Comunidade em geral<br \/><strong>Local<\/strong> Rede sociais\/ Edif\u00edcios da C\u00e2mara<br \/><strong>Data<\/strong> 25\/11\/2023<br \/><strong>Hora<\/strong> 9:00<\/p>\n<p><strong>Mais informa\u00e7\u00f5es<\/strong> <a href=\"https:\/\/www.facebook.com\/camaramunicipalilhavo\" target=\"_blank\" rel=\"noopener\">https:\/\/www.facebook.com\/camaramunicipalilhavo<\/a><\/p>\n<p>[\/et_pb_toggle][\/et_pb_column][\/et_pb_row][et_pb_row column_structure=&#8221;1_4,1_4,1_4,1_4&#8243; use_custom_gutter=&#8221;on&#8221; gutter_width=&#8221;2&#8243; _builder_version=&#8221;4.13.0&#8243; _module_preset=&#8221;default&#8221; custom_margin=&#8221;||0px||false|false&#8221; custom_padding=&#8221;||0px||false|false&#8221; locked=&#8221;off&#8221; global_colors_info=&#8221;{}&#8221;][et_pb_column type=&#8221;1_4&#8243; _builder_version=&#8221;4.13.0&#8243; _module_preset=&#8221;default&#8221; global_colors_info=&#8221;{}&#8221;][et_pb_text _builder_version=&#8221;4.13.0&#8243; _module_preset=&#8221;default&#8221; text_font=&#8221;Montserrat||||||||&#8221; text_text_color=&#8221;#000000&#8243; text_font_size=&#8221;12px&#8221; text_line_height=&#8221;1.2em&#8221; header_2_font=&#8221;Montserrat|600|||||||&#8221; header_2_text_color=&#8221;#ff914d&#8221; custom_margin=&#8221;16px|12px|8px|12px|false|false&#8221; custom_padding=&#8221;1px|||||&#8221; locked=&#8221;off&#8221; global_colors_info=&#8221;{}&#8221;]<\/p>\n<h2>Mealhada<\/h2>\n<p><strong>Entidade promotora:<\/strong><br \/>C\u00e2mara Municipal da Mealhada<\/p>\n<p><strong>Iniciativa | Atividade:<\/strong><br \/>Mural da Igualdade | Entrega de Pr\u00e9mios &#8220;Igualdade Pela Lente do Telem\u00f3vel&#8221; | Assinalar da data com presen\u00e7a nas redes sociais e site da Autarquia<\/p>\n<p>[\/et_pb_text][et_pb_toggle title=&#8221;Informa\u00e7\u00f5es&#8221; open_toggle_text_color=&#8221;#7f7f7f&#8221; open_toggle_background_color=&#8221;rgba(0,0,0,0.02)&#8221; closed_toggle_text_color=&#8221;#7f7f7f&#8221; closed_toggle_background_color=&#8221;rgba(0,0,0,0.02)&#8221; icon_color=&#8221;#ff914d&#8221; toggle_icon=&#8221;&#xe03a;||divi||400&#8243; use_icon_font_size=&#8221;on&#8221; icon_font_size=&#8221;23px&#8221; _builder_version=&#8221;4.13.0&#8243; _module_preset=&#8221;default&#8221; title_text_color=&#8221;#7f7f7f&#8221; title_font=&#8221;Montserrat|700|||||||&#8221; title_font_size=&#8221;15px&#8221; body_font=&#8221;Montserrat||||||||&#8221; body_text_color=&#8221;#000000&#8243; body_font_size=&#8221;11px&#8221; body_line_height=&#8221;1.2em&#8221; background_color=&#8221;rgba(255,255,255,0)&#8221; custom_margin=&#8221;|||8px|false|false&#8221; custom_padding=&#8221;12px|12px|12px|14px|false|false&#8221; border_radii=&#8221;on|24px|24px|24px|24px&#8221; border_color_all=&#8221;rgba(0,0,0,0.5)&#8221; locked=&#8221;off&#8221; global_colors_info=&#8221;{}&#8221;]<\/p>\n<p><strong>Iniciativa | Atividade<\/strong><br \/><em>Mural da Igualdade<\/em><br \/>Pintura de Mural no Parque da Cidade da Mealhada, pelos alunos do 11.\u00ba ano do Curso de Multim\u00e9dia da Escola Profissional Vasconcellos Lebre.<br \/><strong>P\u00fablico-alvo<\/strong> Alunos do 11.\u00baano do Curso de Multim\u00e9dia da Escola Profissional Vasconcellos Lebre como produtores da obra; Comunidade como apreciadora da obra.<br \/><strong>Local<\/strong> Parque da Cidade da Mealhada<br \/><strong>Data<\/strong> 26\/11\/2023<br \/><strong>Hora<\/strong> 9:00<br \/><strong>Mais informa\u00e7\u00f5es<\/strong> <a href=\"https:\/\/www.cm-mealhada.pt\/noticias\/4529\/dia_municipal_da_igualdade_assinalado_com_sensibilizacao_atraves_de_diversas_formas_de_arte_\" target=\"_blank\" rel=\"noopener\">https:\/\/www.cm-mealhada.pt\/noticias\/4529\/dia_municipal_da_igualdade_assinalado_com_sensibilizacao_atraves_de_diversas_formas_de_arte_<\/a><\/p>\n<p><strong>Iniciativa | Atividade<\/strong><br \/><em>Entrega de Pr\u00e9mios &#8220;Igualdade Pela Lente do Telem\u00f3vel&#8221;<\/em><br \/>Entrega de pr\u00e9mios da atividade &#8220;Igualdade Pela Lente do Telem\u00f3vel&#8221; aos\/\u00e0s estudantes participantes, na Biblioteca Municipal da Mealhada<br \/><strong>P\u00fablico-alvo<\/strong> Estudantes do 3.\u00ba Ciclo e Ensino Secund\u00e1rio e Profissional do Concelho da Mealhada.<br \/><strong>Local<\/strong> Biblioteca Municipal da Mealhada<br \/><strong>Data<\/strong> 25\/11\/2023<br \/><strong>Hora<\/strong> 10:30<br \/><strong>Mais informa\u00e7\u00f5es<\/strong> <a href=\"https:\/\/www.cm-mealhada.pt\/noticias\/4535\/camara_da_mealhada_desafia_jovens_a_mostrarem_a_igualdade_pela_lente_do_telemovel\" target=\"_blank\" rel=\"noopener\">https:\/\/www.cm-mealhada.pt\/noticias\/4535\/camara_da_mealhada_desafia_jovens_a_mostrarem_a_igualdade_pela_lente_do_telemovel<\/a><\/p>\n<p><strong>Iniciativa | Atividade<\/strong><br \/><em>Assinalar da data com presen\u00e7a nas redes sociais e site da Autarquia<\/em><br \/>As duas atividades (Pintura de Mural e Entrega de Pr\u00e9mios) ser\u00e3o o mote para assinalar a data do Dia Internacional para a Elimina\u00e7\u00e3o da Viol\u00eancia contra Mulheres nas redes sociais e no site da C\u00e2mara Municipal da Mealhada.<br \/><strong>P\u00fablico-alvo<\/strong> Comunidade<br \/><strong>Local<\/strong> C\u00e2mara Municipal da Mealhada<br \/><strong>Data<\/strong> 25\/11\/2023<br \/><strong>Hora<\/strong> 9:00<br \/><strong>Mais informa\u00e7\u00f5es<\/strong> <a href=\"https:\/\/www.cm-mealhada.pt\/\" target=\"_blank\" rel=\"noopener\">https:\/\/www.cm-mealhada.pt\/<\/a> <a href=\"https:\/\/www.facebook.com\/municipiomealhada\" target=\"_blank\" rel=\"noopener\">https:\/\/www.facebook.com\/municipiomealhada<\/a><\/p>\n<p>[\/et_pb_toggle][\/et_pb_column][et_pb_column type=&#8221;1_4&#8243; _builder_version=&#8221;4.13.0&#8243; _module_preset=&#8221;default&#8221; global_colors_info=&#8221;{}&#8221;][et_pb_text _builder_version=&#8221;4.13.0&#8243; _module_preset=&#8221;default&#8221; text_font=&#8221;Montserrat||||||||&#8221; text_text_color=&#8221;#000000&#8243; text_font_size=&#8221;12px&#8221; text_line_height=&#8221;1.2em&#8221; header_2_font=&#8221;Montserrat|600|||||||&#8221; header_2_text_color=&#8221;#ff914d&#8221; custom_margin=&#8221;16px|12px|8px|12px|false|false&#8221; custom_padding=&#8221;1px|||||&#8221; locked=&#8221;off&#8221; global_colors_info=&#8221;{}&#8221;]<\/p>\n<h2>Santa Maria da Feira<\/h2>\n<p><strong>Entidade promotora:<\/strong><br \/>Casa dos Choupos &#8211; Espa\u00e7o Trevo em parceria com CD Feirense &#8211; futebol, SAD<\/p>\n<p><strong>Iniciativa | Atividade:<\/strong><br \/>(S)em Liberdade<\/p>\n<p>[\/et_pb_text][et_pb_toggle title=&#8221;Informa\u00e7\u00f5es&#8221; open_toggle_text_color=&#8221;#7f7f7f&#8221; open_toggle_background_color=&#8221;rgba(0,0,0,0.02)&#8221; closed_toggle_text_color=&#8221;#7f7f7f&#8221; closed_toggle_background_color=&#8221;rgba(0,0,0,0.02)&#8221; icon_color=&#8221;#ff914d&#8221; toggle_icon=&#8221;&#xe03a;||divi||400&#8243; use_icon_font_size=&#8221;on&#8221; icon_font_size=&#8221;23px&#8221; _builder_version=&#8221;4.13.0&#8243; _module_preset=&#8221;default&#8221; title_text_color=&#8221;#7f7f7f&#8221; title_font=&#8221;Montserrat|700|||||||&#8221; title_font_size=&#8221;15px&#8221; body_font=&#8221;Montserrat||||||||&#8221; body_text_color=&#8221;#000000&#8243; body_font_size=&#8221;11px&#8221; body_line_height=&#8221;1.2em&#8221; background_color=&#8221;rgba(255,255,255,0)&#8221; custom_margin=&#8221;|||8px|false|false&#8221; custom_padding=&#8221;12px|12px|12px|14px|false|false&#8221; border_radii=&#8221;on|24px|24px|24px|24px&#8221; border_color_all=&#8221;rgba(0,0,0,0.5)&#8221; locked=&#8221;off&#8221; global_colors_info=&#8221;{}&#8221;]<\/p>\n<p><strong>Iniciativa | Atividade<\/strong><br \/><em>(S)em Liberdade<br \/><\/em>Para assinalar o dia Internacional pela Elimina\u00e7\u00e3o da Viol\u00eancia Contra as Mulheres e o Dia Internacional dos Direitos Humanos, entre o dia 25 de novembro e o dia 10 de dezembro do ano 2023, est\u00e1 prevista uma a\u00e7\u00e3o de sensibiliza\u00e7\u00e3o intitulada: (S)em Liberdade.<br \/>Esta campanha surge da parceria entre o CD Feirense &#8211; futebol, SAD e a Cooperativa Casa dos Choupos atrav\u00e9s do Espa\u00e7o Trevo, enquanto entidade eleita para o desenvolvimento de projetos de responsabilidade social.<br \/>Esta campanha pretende sensibilizar a comunidade em geral para as preocupa\u00e7\u00f5es das v\u00edtimas e os fatores que promovem a manuten\u00e7\u00e3o na rela\u00e7\u00e3o violenta fazendo a ponte para os recursos comunit\u00e1rios &#8211; Estruturas de Atendimento &#8211; que disponibilizam apoio informacional, psicol\u00f3gico e jur\u00eddico como forma de promover a liberdade, capacita\u00e7\u00e3o e autonomia das pessoas v\u00edtimas de viol\u00eancia dom\u00e9stica tendo por base a premissa de que a viol\u00eancia \u00e9 uma das \u201cpris\u00f5es\u201d nas quais as pessoas v\u00edtimas vivem.<br \/>No \u00e2mbito desta campanha ser\u00e3o produzidos v\u00eddeos, flyers, cartaz e camisolas.<br \/>A campanha contar\u00e1 com a divulga\u00e7\u00e3o via redes sociais e com a participa\u00e7\u00e3o dos jogadores do CD Feirense \u2013 futebol, SAD no jogo que se realiza no dia 4 de dezembro de 2023.<br \/><strong>P\u00fablico-alvo <\/strong>Comunidade em Geral<strong><br \/>Local<\/strong> Santa Maria da Feira<br \/><strong>Data<\/strong> 25\/11\/2023<br \/><strong>Hora<\/strong> 9:00<\/p>\n<p>[\/et_pb_toggle][\/et_pb_column][et_pb_column type=&#8221;1_4&#8243; _builder_version=&#8221;4.13.0&#8243; _module_preset=&#8221;default&#8221; global_colors_info=&#8221;{}&#8221;][et_pb_text _builder_version=&#8221;4.13.0&#8243; _module_preset=&#8221;default&#8221; text_font=&#8221;Montserrat||||||||&#8221; text_text_color=&#8221;#000000&#8243; text_font_size=&#8221;12px&#8221; text_line_height=&#8221;1.2em&#8221; header_2_font=&#8221;Montserrat|600|||||||&#8221; header_2_text_color=&#8221;#ff914d&#8221; custom_margin=&#8221;16px|12px|8px|12px|false|false&#8221; custom_padding=&#8221;1px|||||&#8221; locked=&#8221;off&#8221; global_colors_info=&#8221;{}&#8221;]<\/p>\n<h2>S. Jo\u00e3o da Madeira<\/h2>\n<p><strong>Entidade promotora:<\/strong><br \/>C\u00e2mara Municipal de S. Jo\u00e3o da Madeira<\/p>\n<p><strong>Iniciativa | Atividade:<\/strong><br \/>Apresenta\u00e7\u00e3o do livro Lenoc\u00ednio vs Prostitui\u00e7\u00e3o<\/p>\n<p>[\/et_pb_text][et_pb_toggle title=&#8221;Informa\u00e7\u00f5es&#8221; open_toggle_text_color=&#8221;#7f7f7f&#8221; open_toggle_background_color=&#8221;rgba(0,0,0,0.02)&#8221; closed_toggle_text_color=&#8221;#7f7f7f&#8221; closed_toggle_background_color=&#8221;rgba(0,0,0,0.02)&#8221; icon_color=&#8221;#ff914d&#8221; toggle_icon=&#8221;&#xe03a;||divi||400&#8243; use_icon_font_size=&#8221;on&#8221; icon_font_size=&#8221;23px&#8221; _builder_version=&#8221;4.13.0&#8243; _module_preset=&#8221;default&#8221; title_text_color=&#8221;#7f7f7f&#8221; title_font=&#8221;Montserrat|700|||||||&#8221; title_font_size=&#8221;15px&#8221; body_font=&#8221;Montserrat||||||||&#8221; body_text_color=&#8221;#000000&#8243; body_font_size=&#8221;11px&#8221; body_line_height=&#8221;1.2em&#8221; background_color=&#8221;rgba(255,255,255,0)&#8221; custom_margin=&#8221;|||8px|false|false&#8221; custom_padding=&#8221;12px|12px|12px|14px|false|false&#8221; border_radii=&#8221;on|24px|24px|24px|24px&#8221; border_color_all=&#8221;rgba(0,0,0,0.5)&#8221; locked=&#8221;off&#8221; global_colors_info=&#8221;{}&#8221;]<\/p>\n<p><strong>Iniciativa | Atividade<\/strong><br \/><em>Apresenta\u00e7\u00e3o do livro Lenoc\u00ednio vs Prostitui\u00e7\u00e3o<\/em><br \/>Apresenta\u00e7\u00e3o de um livro na biblioteca municipal<br \/><strong>P\u00fablico-alvo<\/strong> comunidade geral<br \/><strong>Local<\/strong> Biblioteca Municipal de S. Jo\u00e3o da Madeira<br \/><strong>Data<\/strong> 24\/11\/2023<br \/><strong>Hora<\/strong> 18:00<\/p>\n<p>[\/et_pb_toggle][\/et_pb_column][et_pb_column type=&#8221;1_4&#8243; _builder_version=&#8221;4.13.0&#8243; _module_preset=&#8221;default&#8221; global_colors_info=&#8221;{}&#8221;][\/et_pb_column][\/et_pb_row][\/et_pb_section][et_pb_section fb_built=&#8221;1&#8243; admin_label=&#8221;Concelho&#8221; _builder_version=&#8221;4.13.0&#8243; _module_preset=&#8221;default&#8221; custom_margin=&#8221;4px||4px||false|false&#8221; custom_padding=&#8221;4px||4px||false|false&#8221; global_colors_info=&#8221;{}&#8221;][et_pb_row admin_label=&#8221;Beja&#8221; _builder_version=&#8221;4.13.0&#8243; _module_preset=&#8221;default&#8221; background_color=&#8221;#071717&#8243; custom_margin=&#8221;40px||0px||false|false&#8221; custom_padding=&#8221;14px||14px||false|false&#8221; border_radii=&#8221;on|4px|4px|4px|4px&#8221; locked=&#8221;off&#8221; global_colors_info=&#8221;{}&#8221;][et_pb_column type=&#8221;4_4&#8243; _builder_version=&#8221;4.13.0&#8243; _module_preset=&#8221;default&#8221; global_colors_info=&#8221;{}&#8221;][et_pb_text admin_label=&#8221;Beja&#8221; _builder_version=&#8221;4.13.0&#8243; _module_preset=&#8221;default&#8221; text_font=&#8221;Montserrat|700|||||||&#8221; text_text_color=&#8221;#FFFFFF&#8221; text_font_size=&#8221;16px&#8221; text_letter_spacing=&#8221;1px&#8221; custom_margin=&#8221;2px||0px|20px|false|false&#8221; custom_padding=&#8221;6px||2px||false|false&#8221; global_colors_info=&#8221;{}&#8221;]<\/p>\n<p><span style=\"color: #ffde59;\">Distrito: <\/span><span style=\"font-size: xx-large;\">Beja<\/span><\/p>\n<p>[\/et_pb_text][\/et_pb_column][\/et_pb_row][et_pb_row column_structure=&#8221;1_4,1_4,1_4,1_4&#8243; use_custom_gutter=&#8221;on&#8221; gutter_width=&#8221;2&#8243; _builder_version=&#8221;4.13.0&#8243; _module_preset=&#8221;default&#8221; custom_margin=&#8221;||0px||false|false&#8221; custom_padding=&#8221;||0px||false|false&#8221; locked=&#8221;off&#8221; global_colors_info=&#8221;{}&#8221;][et_pb_column type=&#8221;1_4&#8243; _builder_version=&#8221;4.13.0&#8243; _module_preset=&#8221;default&#8221; global_colors_info=&#8221;{}&#8221;][et_pb_text _builder_version=&#8221;4.13.0&#8243; _module_preset=&#8221;default&#8221; text_font=&#8221;Montserrat||||||||&#8221; text_text_color=&#8221;#000000&#8243; text_font_size=&#8221;12px&#8221; text_line_height=&#8221;1.2em&#8221; header_2_font=&#8221;Montserrat|600|||||||&#8221; header_2_text_color=&#8221;#ff914d&#8221; custom_margin=&#8221;16px|12px|8px|12px|false|false&#8221; custom_padding=&#8221;1px|||||&#8221; locked=&#8221;off&#8221; global_colors_info=&#8221;{}&#8221;]<\/p>\n<h2>Odemira<\/h2>\n<p><strong>Entidade promotora:<\/strong><br \/>TAIPA<\/p>\n<p><strong>Iniciativa | Atividade:<\/strong><br \/>Workshop de Defesa pessoal<\/p>\n<p>[\/et_pb_text][et_pb_toggle title=&#8221;Informa\u00e7\u00f5es&#8221; open_toggle_text_color=&#8221;#7f7f7f&#8221; open_toggle_background_color=&#8221;rgba(0,0,0,0.02)&#8221; closed_toggle_text_color=&#8221;#7f7f7f&#8221; closed_toggle_background_color=&#8221;rgba(0,0,0,0.02)&#8221; icon_color=&#8221;#ff914d&#8221; toggle_icon=&#8221;&#xe03a;||divi||400&#8243; use_icon_font_size=&#8221;on&#8221; icon_font_size=&#8221;23px&#8221; _builder_version=&#8221;4.13.0&#8243; _module_preset=&#8221;default&#8221; title_text_color=&#8221;#7f7f7f&#8221; title_font=&#8221;Montserrat|700|||||||&#8221; title_font_size=&#8221;15px&#8221; body_font=&#8221;Montserrat||||||||&#8221; body_text_color=&#8221;#000000&#8243; body_font_size=&#8221;11px&#8221; body_line_height=&#8221;1.2em&#8221; background_color=&#8221;rgba(255,255,255,0)&#8221; custom_margin=&#8221;|||8px|false|false&#8221; custom_padding=&#8221;12px|12px|12px|14px|false|false&#8221; border_radii=&#8221;on|24px|24px|24px|24px&#8221; border_color_all=&#8221;rgba(0,0,0,0.5)&#8221; locked=&#8221;off&#8221; global_colors_info=&#8221;{}&#8221;]<\/p>\n<p><strong>Iniciativa | Atividade<\/strong><br \/><em>Workshop de Defesa pessoal<\/em><br \/>O GAVA (TAIPA) ir\u00e1 dinamizar dentro dos seus territ\u00f3rios de interven\u00e7\u00e3o, um workshop de Defesa pessoal (iniciantes) para pessoas que manifestem interesse em aprender t\u00e9cnicas para a sua auto-defesa em situa\u00e7\u00f5es de potencial risco de viol\u00eancia f\u00edsica, como ferramenta para aumentar a sua seguran\u00e7a.<br \/><strong>P\u00fablico-alvo<\/strong> Comunidade geral<br \/><strong>Local<\/strong> Odemira, Monchique, Vila do Bispo<br \/><strong>Data<\/strong> 24\/11\/2023<br \/><strong>Hora<\/strong> 16:00<br \/><strong>Mais informa\u00e7\u00f5es<\/strong> <a href=\"https:\/\/www.facebook.com\/taipa.crl\/?locale=pt_PT\" target=\"_blank\" rel=\"noopener\">https:\/\/www.facebook.com\/taipa.crl\/?locale=pt_PT<\/a><\/p>\n<p><a href=\"https:\/\/www.cig.gov.pt\/iniciativas-nacionais\/wp-content\/uploads\/2023\/11\/muai-thai-Anabela-Jesus.png\" target=\"_blank\" rel=\"noopener\" title=\"muai-thai-Anabela-Jesus\"><img loading=\"lazy\" src=\"https:\/\/www.cig.gov.pt\/iniciativas-nacionais\/wp-content\/uploads\/2023\/11\/muai-thai-Anabela-Jesus.png\" width=\"756\" height=\"756\" alt=\"muai thai - Anabela Jesus\" class=\"wp-image-3648 aligncenter size-full\" srcset=\"https:\/\/www.cig.gov.pt\/iniciativas-nacionais\/wp-content\/uploads\/2023\/11\/muai-thai-Anabela-Jesus.png 756w, https:\/\/www.cig.gov.pt\/iniciativas-nacionais\/wp-content\/uploads\/2023\/11\/muai-thai-Anabela-Jesus-480x480.png 480w\" sizes=\"(min-width: 0px) and (max-width: 480px) 480px, (min-width: 481px) 756px, 100vw\" \/><\/a><\/p>\n<p>&nbsp;<\/p>\n<p><a href=\"https:\/\/www.cig.gov.pt\/iniciativas-nacionais\/wp-content\/uploads\/2023\/11\/karate-monchique_v2-Anabela-Jesus.jpg\" target=\"_blank\" rel=\"noopener\"> <img loading=\"lazy\" src=\"https:\/\/www.cig.gov.pt\/iniciativas-nacionais\/wp-content\/uploads\/2023\/11\/karate-monchique_v2-Anabela-Jesus.jpg\" width=\"1728\" height=\"2304\" alt=\"karat\u00e9 monchique\" class=\"wp-image-3647 aligncenter size-full\" srcset=\"https:\/\/www.cig.gov.pt\/iniciativas-nacionais\/wp-content\/uploads\/2023\/11\/karate-monchique_v2-Anabela-Jesus.jpg 1728w, https:\/\/www.cig.gov.pt\/iniciativas-nacionais\/wp-content\/uploads\/2023\/11\/karate-monchique_v2-Anabela-Jesus-1280x1707.jpg 1280w, https:\/\/www.cig.gov.pt\/iniciativas-nacionais\/wp-content\/uploads\/2023\/11\/karate-monchique_v2-Anabela-Jesus-980x1307.jpg 980w, https:\/\/www.cig.gov.pt\/iniciativas-nacionais\/wp-content\/uploads\/2023\/11\/karate-monchique_v2-Anabela-Jesus-480x640.jpg 480w\" sizes=\"(min-width: 0px) and (max-width: 480px) 480px, (min-width: 481px) and (max-width: 980px) 980px, (min-width: 981px) and (max-width: 1280px) 1280px, (min-width: 1281px) 1728px, 100vw\" \/><\/a><\/p>\n<p>[\/et_pb_toggle][\/et_pb_column][et_pb_column type=&#8221;1_4&#8243; _builder_version=&#8221;4.13.0&#8243; _module_preset=&#8221;default&#8221; global_colors_info=&#8221;{}&#8221;][\/et_pb_column][et_pb_column type=&#8221;1_4&#8243; _builder_version=&#8221;4.13.0&#8243; _module_preset=&#8221;default&#8221; global_colors_info=&#8221;{}&#8221;][\/et_pb_column][et_pb_column type=&#8221;1_4&#8243; _builder_version=&#8221;4.13.0&#8243; _module_preset=&#8221;default&#8221; global_colors_info=&#8221;{}&#8221;][\/et_pb_column][\/et_pb_row][\/et_pb_section][et_pb_section fb_built=&#8221;1&#8243; admin_label=&#8221;Concelho&#8221; _builder_version=&#8221;4.13.0&#8243; _module_preset=&#8221;default&#8221; custom_margin=&#8221;4px||4px||false|false&#8221; custom_padding=&#8221;4px||4px||false|false&#8221; global_colors_info=&#8221;{}&#8221;][et_pb_row admin_label=&#8221;Braga&#8221; _builder_version=&#8221;4.13.0&#8243; _module_preset=&#8221;default&#8221; background_color=&#8221;#071717&#8243; custom_margin=&#8221;40px||0px||false|false&#8221; custom_padding=&#8221;14px||14px||false|false&#8221; border_radii=&#8221;on|4px|4px|4px|4px&#8221; locked=&#8221;off&#8221; global_colors_info=&#8221;{}&#8221;][et_pb_column type=&#8221;4_4&#8243; _builder_version=&#8221;4.13.0&#8243; _module_preset=&#8221;default&#8221; global_colors_info=&#8221;{}&#8221;][et_pb_text admin_label=&#8221;Braga&#8221; _builder_version=&#8221;4.13.0&#8243; _module_preset=&#8221;default&#8221; text_font=&#8221;Montserrat|700|||||||&#8221; text_text_color=&#8221;#FFFFFF&#8221; text_font_size=&#8221;16px&#8221; text_letter_spacing=&#8221;1px&#8221; custom_margin=&#8221;2px||0px|20px|false|false&#8221; custom_padding=&#8221;6px||2px||false|false&#8221; global_colors_info=&#8221;{}&#8221;]<\/p>\n<p><span style=\"color: #ffde59;\">Distrito: <\/span><span style=\"font-size: xx-large;\">Braga<\/span><\/p>\n<p>[\/et_pb_text][\/et_pb_column][\/et_pb_row][et_pb_row column_structure=&#8221;1_4,1_4,1_4,1_4&#8243; use_custom_gutter=&#8221;on&#8221; gutter_width=&#8221;2&#8243; _builder_version=&#8221;4.13.0&#8243; _module_preset=&#8221;default&#8221; custom_margin=&#8221;||0px||false|false&#8221; custom_padding=&#8221;||0px||false|false&#8221; locked=&#8221;off&#8221; global_colors_info=&#8221;{}&#8221;][et_pb_column type=&#8221;1_4&#8243; _builder_version=&#8221;4.13.0&#8243; _module_preset=&#8221;default&#8221; global_colors_info=&#8221;{}&#8221;][et_pb_text _builder_version=&#8221;4.13.0&#8243; _module_preset=&#8221;default&#8221; text_font=&#8221;Montserrat||||||||&#8221; text_text_color=&#8221;#000000&#8243; text_font_size=&#8221;12px&#8221; text_line_height=&#8221;1.2em&#8221; header_2_font=&#8221;Montserrat|600|||||||&#8221; header_2_text_color=&#8221;#ff914d&#8221; custom_margin=&#8221;16px|12px|8px|12px|false|false&#8221; custom_padding=&#8221;1px|||||&#8221; locked=&#8221;off&#8221; global_colors_info=&#8221;{}&#8221;]<\/p>\n<h2>Braga<\/h2>\n<p><strong>Entidade promotora:<\/strong><br \/>n\u00facleo da UMAR Braga<\/p>\n<p><strong>Iniciativa | Atividade:<\/strong><br \/>De Luto e em Luta pelas Mulheres V\u00edtimas de Femic\u00eddio em Braga<\/p>\n<p>[\/et_pb_text][et_pb_toggle title=&#8221;Informa\u00e7\u00f5es&#8221; open_toggle_text_color=&#8221;#7f7f7f&#8221; open_toggle_background_color=&#8221;rgba(0,0,0,0.02)&#8221; closed_toggle_text_color=&#8221;#7f7f7f&#8221; closed_toggle_background_color=&#8221;rgba(0,0,0,0.02)&#8221; icon_color=&#8221;#ff914d&#8221; toggle_icon=&#8221;&#xe03a;||divi||400&#8243; use_icon_font_size=&#8221;on&#8221; icon_font_size=&#8221;23px&#8221; _builder_version=&#8221;4.13.0&#8243; _module_preset=&#8221;default&#8221; title_text_color=&#8221;#7f7f7f&#8221; title_font=&#8221;Montserrat|700|||||||&#8221; title_font_size=&#8221;15px&#8221; body_font=&#8221;Montserrat||||||||&#8221; body_text_color=&#8221;#000000&#8243; body_font_size=&#8221;11px&#8221; body_line_height=&#8221;1.2em&#8221; background_color=&#8221;rgba(255,255,255,0)&#8221; custom_margin=&#8221;|||8px|false|false&#8221; custom_padding=&#8221;12px|12px|12px|14px|false|false&#8221; border_radii=&#8221;on|24px|24px|24px|24px&#8221; border_color_all=&#8221;rgba(0,0,0,0.5)&#8221; locked=&#8221;off&#8221; global_colors_info=&#8221;{}&#8221;]<\/p>\n<p><strong>Iniciativa | Atividade<\/strong><br \/><em>De Luto e em Luta pelas Mulheres V\u00edtimas de Femic\u00eddio em Braga<br \/><\/em>\u00c0 semelhan\u00e7a de anos anteriores, o n\u00facleo da UMAR Braga ir\u00e1 desafiar novamente as escolas (e outras institui\u00e7\u00f5es, organiza\u00e7\u00f5es e coletivos) do distrito a \u201cvestirem\u201d as suas fachadas com faixas pretas, numa a\u00e7\u00e3o simb\u00f3lica e conjunta de rep\u00fadio, luto e resist\u00eancia pelos femic\u00eddios e por quaisquer manifesta\u00e7\u00f5es de viol\u00eancia contra as mulheres, no \u00e2mbito do 25 de novembro &#8211; Dia Internacional para a Elimina\u00e7\u00e3o da Viol\u00eancia Contra as Mulheres.<br \/>A a\u00e7\u00e3o consistir\u00e1, portanto, na coloca\u00e7\u00e3o de uma faixa preta em sinal de luto pelas mulheres v\u00edtimas de femic\u00eddio, no dia 25 de novembro e, sendo poss\u00edvel, mant\u00ea-la at\u00e9 10 de dezembro, Dia Internacional dos Direitos Humanos, perfazendo, assim, os 16 dias de ativismo contra a viol\u00eancia sobre as mulheres. Esta faixa, a ser elaborada pelas pr\u00f3prias escolas (ou outras institui\u00e7\u00f5es\/organiza\u00e7\u00f5es\/coletivos), dever\u00e1 ser colocada nas fachadas ou em local vis\u00edvel.<br \/><strong>P\u00fablico-alvo<\/strong> Comunidade<br \/><strong>Local<\/strong> Braga<br \/><strong>Data<\/strong> 25\/11\/2023<br \/><strong>Hora<\/strong> 10:00<\/p>\n<p>[\/et_pb_toggle][\/et_pb_column][et_pb_column type=&#8221;1_4&#8243; _builder_version=&#8221;4.13.0&#8243; _module_preset=&#8221;default&#8221; global_colors_info=&#8221;{}&#8221;][et_pb_text _builder_version=&#8221;4.13.0&#8243; _module_preset=&#8221;default&#8221; text_font=&#8221;Montserrat||||||||&#8221; text_text_color=&#8221;#000000&#8243; text_font_size=&#8221;12px&#8221; text_line_height=&#8221;1.2em&#8221; header_2_font=&#8221;Montserrat|600|||||||&#8221; header_2_text_color=&#8221;#ff914d&#8221; custom_margin=&#8221;16px|12px|8px|12px|false|false&#8221; custom_padding=&#8221;1px|||||&#8221; locked=&#8221;off&#8221; global_colors_info=&#8221;{}&#8221;]<\/p>\n<h2>Guimar\u00e3es<\/h2>\n<p><strong>Entidade promotora:<\/strong><br \/>C\u00e2mara Municipal de Guimar\u00e3es &#8211; Espa\u00e7o Municipal para a Igualdade<\/p>\n<p><strong>Iniciativa | Atividade:<\/strong><br \/>Confer\u00eancia Viol\u00eancia Contra as Mulheres e Viol\u00eancia Dom\u00e9stica | Sess\u00e3o Intermunicipal de troca de experi\u00eancias e boas pr\u00e1ticas na \u00e1rea do combate \u00e0 Viol\u00eancia Dom\u00e9stica<\/p>\n<p>[\/et_pb_text][et_pb_toggle title=&#8221;Informa\u00e7\u00f5es&#8221; open_toggle_text_color=&#8221;#7f7f7f&#8221; open_toggle_background_color=&#8221;rgba(0,0,0,0.02)&#8221; closed_toggle_text_color=&#8221;#7f7f7f&#8221; closed_toggle_background_color=&#8221;rgba(0,0,0,0.02)&#8221; icon_color=&#8221;#ff914d&#8221; toggle_icon=&#8221;&#xe03a;||divi||400&#8243; use_icon_font_size=&#8221;on&#8221; icon_font_size=&#8221;23px&#8221; _builder_version=&#8221;4.13.0&#8243; _module_preset=&#8221;default&#8221; title_text_color=&#8221;#7f7f7f&#8221; title_font=&#8221;Montserrat|700|||||||&#8221; title_font_size=&#8221;15px&#8221; body_font=&#8221;Montserrat||||||||&#8221; body_text_color=&#8221;#000000&#8243; body_font_size=&#8221;11px&#8221; body_line_height=&#8221;1.2em&#8221; background_color=&#8221;rgba(255,255,255,0)&#8221; custom_margin=&#8221;|||8px|false|false&#8221; custom_padding=&#8221;12px|12px|12px|14px|false|false&#8221; border_radii=&#8221;on|24px|24px|24px|24px&#8221; border_color_all=&#8221;rgba(0,0,0,0.5)&#8221; locked=&#8221;off&#8221; global_colors_info=&#8221;{}&#8221;]<\/p>\n<p><strong>Iniciativa | Atividade<\/strong><br \/><em>Confer\u00eancia Viol\u00eancia Contra as Mulheres e Viol\u00eancia Dom\u00e9stica: uma an\u00e1lise interseccional da realidade nacional<\/em><br \/>Participa\u00e7\u00e3o da Confer\u00eancia Viol\u00eancia Contra as Mulheres e Viol\u00eancia Dom\u00e9stica: uma an\u00e1lise interseccional da realidade nacional &#8211; Momento de Networking.<br \/><strong>P\u00fablico-alvo<\/strong> entidades, investigadores e comunidade<br \/><strong>Local<\/strong> Mosteiro de S. Martrinho de Tib\u00e3es &#8211; Braga<br \/><strong>Data<\/strong> 24\/11\/2023<br \/><strong>Hora<\/strong> 9:30<\/p>\n<p><strong>Iniciativa | Atividade<\/strong><br \/><em>Sess\u00e3o Intermunicipal de troca de experi\u00eancias e boas pr\u00e1ticas na \u00e1rea do combate \u00e0 Viol\u00eancia Dom\u00e9stica<\/em><br \/>Apresenta\u00e7\u00e3o de Boas Pr\u00e1ticas do Munic\u00edpio na mat\u00e9ria da Viol\u00eancia Dom\u00e9stica.<br \/><strong>Local<\/strong> Vila Nova de Famalic\u00e3o<br \/><strong>Data<\/strong> 27\/11\/2023<br \/><strong>Hora<\/strong> 9:00<\/p>\n<p>[\/et_pb_toggle][\/et_pb_column][et_pb_column type=&#8221;1_4&#8243; _builder_version=&#8221;4.13.0&#8243; _module_preset=&#8221;default&#8221; global_colors_info=&#8221;{}&#8221;][\/et_pb_column][et_pb_column type=&#8221;1_4&#8243; _builder_version=&#8221;4.13.0&#8243; _module_preset=&#8221;default&#8221; global_colors_info=&#8221;{}&#8221;][\/et_pb_column][\/et_pb_row][\/et_pb_section][et_pb_section fb_built=&#8221;1&#8243; admin_label=&#8221;Concelho&#8221; _builder_version=&#8221;4.13.0&#8243; _module_preset=&#8221;default&#8221; custom_margin=&#8221;4px||4px||false|false&#8221; custom_padding=&#8221;4px||4px||false|false&#8221; global_colors_info=&#8221;{}&#8221;][et_pb_row admin_label=&#8221;Bragan\u00e7a&#8221; _builder_version=&#8221;4.13.0&#8243; _module_preset=&#8221;default&#8221; background_color=&#8221;#071717&#8243; custom_margin=&#8221;40px||0px||false|false&#8221; custom_padding=&#8221;14px||14px||false|false&#8221; border_radii=&#8221;on|4px|4px|4px|4px&#8221; locked=&#8221;off&#8221; global_colors_info=&#8221;{}&#8221;][et_pb_column type=&#8221;4_4&#8243; _builder_version=&#8221;4.13.0&#8243; _module_preset=&#8221;default&#8221; global_colors_info=&#8221;{}&#8221;][et_pb_text admin_label=&#8221;Bragan\u00e7a&#8221; _builder_version=&#8221;4.13.0&#8243; _module_preset=&#8221;default&#8221; text_font=&#8221;Montserrat|700|||||||&#8221; text_text_color=&#8221;#FFFFFF&#8221; text_font_size=&#8221;16px&#8221; text_letter_spacing=&#8221;1px&#8221; custom_margin=&#8221;2px||0px|20px|false|false&#8221; custom_padding=&#8221;6px||2px||false|false&#8221; global_colors_info=&#8221;{}&#8221;]<\/p>\n<p><span style=\"color: #ffde59;\">Distrito: <\/span><span style=\"font-size: xx-large;\">Bragan\u00e7a<\/span><\/p>\n<p>[\/et_pb_text][\/et_pb_column][\/et_pb_row][et_pb_row column_structure=&#8221;1_4,1_4,1_4,1_4&#8243; use_custom_gutter=&#8221;on&#8221; gutter_width=&#8221;2&#8243; _builder_version=&#8221;4.13.0&#8243; _module_preset=&#8221;default&#8221; custom_margin=&#8221;||0px||false|false&#8221; custom_padding=&#8221;||0px||false|false&#8221; locked=&#8221;off&#8221; global_colors_info=&#8221;{}&#8221;][et_pb_column type=&#8221;1_4&#8243; _builder_version=&#8221;4.13.0&#8243; _module_preset=&#8221;default&#8221; global_colors_info=&#8221;{}&#8221;][et_pb_text _builder_version=&#8221;4.13.0&#8243; _module_preset=&#8221;default&#8221; text_font=&#8221;Montserrat||||||||&#8221; text_text_color=&#8221;#000000&#8243; text_font_size=&#8221;12px&#8221; text_line_height=&#8221;1.2em&#8221; header_2_font=&#8221;Montserrat|600|||||||&#8221; header_2_text_color=&#8221;#ff914d&#8221; custom_margin=&#8221;16px|12px|8px|12px|false|false&#8221; custom_padding=&#8221;1px|||||&#8221; locked=&#8221;off&#8221; global_colors_info=&#8221;{}&#8221;]<\/p>\n<h2>Anf\u00e2ndega da F\u00e9<\/h2>\n<p><strong>Entidade promotora:<\/strong><br \/>LACSAF | Munic\u00edpio de Anf\u00e2ndega da F\u00e9<\/p>\n<p><strong>Iniciativa | Atividade:<\/strong><br \/>Exposi\u00e7\u00e3o de Cruzes<\/p>\n<p>[\/et_pb_text][et_pb_toggle title=&#8221;Informa\u00e7\u00f5es&#8221; open_toggle_text_color=&#8221;#7f7f7f&#8221; open_toggle_background_color=&#8221;rgba(0,0,0,0.02)&#8221; closed_toggle_text_color=&#8221;#7f7f7f&#8221; closed_toggle_background_color=&#8221;rgba(0,0,0,0.02)&#8221; icon_color=&#8221;#ff914d&#8221; toggle_icon=&#8221;&#xe03a;||divi||400&#8243; use_icon_font_size=&#8221;on&#8221; icon_font_size=&#8221;23px&#8221; _builder_version=&#8221;4.13.0&#8243; _module_preset=&#8221;default&#8221; title_text_color=&#8221;#7f7f7f&#8221; title_font=&#8221;Montserrat|700|||||||&#8221; title_font_size=&#8221;15px&#8221; body_font=&#8221;Montserrat||||||||&#8221; body_text_color=&#8221;#000000&#8243; body_font_size=&#8221;11px&#8221; body_line_height=&#8221;1.2em&#8221; background_color=&#8221;rgba(255,255,255,0)&#8221; custom_margin=&#8221;|||8px|false|false&#8221; custom_padding=&#8221;12px|12px|12px|14px|false|false&#8221; border_radii=&#8221;on|24px|24px|24px|24px&#8221; border_color_all=&#8221;rgba(0,0,0,0.5)&#8221; locked=&#8221;off&#8221; global_colors_info=&#8221;{}&#8221;]<\/p>\n<p><strong>Iniciativa | Atividade<\/strong><br \/><em>Exposi\u00e7\u00e3o de Cruzes<\/em><br \/>Como forma de sensibilizar e chamar a aten\u00e7\u00e3o da comunidade para o Dia da Elimina\u00e7\u00e3o da Viol\u00eancia Contra as Mulheres ser\u00e3o expostas cruzes numa rotunda central da vila de Alf\u00e2ndega da F\u00e9. Cada Cruz representa uma mulher que foi morta, no presente ano, v\u00edtima de viol\u00eancia de g\u00e9nero. #NEMUMAAMAIS ser\u00e1 o mote desta a\u00e7\u00e3o, que servir\u00e1 de homenagem a todas as mulheres v\u00edtimas deste flagelo, e a todas as que diariamente lutam contra a sua erradica\u00e7\u00e3o.<br \/><strong>P\u00fablico-alvo<\/strong> Comunidade em geral.<br \/><strong>Local<\/strong> ROTUNDA (MERCADO MUNICIPAL)<br \/><strong>Data<\/strong> 24\/11\/2023<br \/><strong>Hora<\/strong> 16:00<br \/><strong><\/strong><a href=\"https:\/\/www.facebook.com\/municipiomealhada\" target=\"_blank\" rel=\"noopener\"><\/a><\/p>\n<p>[\/et_pb_toggle][\/et_pb_column][et_pb_column type=&#8221;1_4&#8243; _builder_version=&#8221;4.13.0&#8243; _module_preset=&#8221;default&#8221; global_colors_info=&#8221;{}&#8221;][\/et_pb_column][et_pb_column type=&#8221;1_4&#8243; _builder_version=&#8221;4.13.0&#8243; _module_preset=&#8221;default&#8221; global_colors_info=&#8221;{}&#8221;][\/et_pb_column][et_pb_column type=&#8221;1_4&#8243; _builder_version=&#8221;4.13.0&#8243; _module_preset=&#8221;default&#8221; global_colors_info=&#8221;{}&#8221;][\/et_pb_column][\/et_pb_row][\/et_pb_section][et_pb_section fb_built=&#8221;1&#8243; admin_label=&#8221;Concelho&#8221; _builder_version=&#8221;4.13.0&#8243; _module_preset=&#8221;default&#8221; custom_margin=&#8221;4px||4px||false|false&#8221; custom_padding=&#8221;4px||4px||false|false&#8221; global_colors_info=&#8221;{}&#8221;][et_pb_row admin_label=&#8221;Castelo Branco&#8221; _builder_version=&#8221;4.13.0&#8243; _module_preset=&#8221;default&#8221; background_color=&#8221;#071717&#8243; custom_margin=&#8221;40px||0px||false|false&#8221; custom_padding=&#8221;14px||14px||false|false&#8221; border_radii=&#8221;on|4px|4px|4px|4px&#8221; locked=&#8221;off&#8221; global_colors_info=&#8221;{}&#8221;][et_pb_column type=&#8221;4_4&#8243; _builder_version=&#8221;4.13.0&#8243; _module_preset=&#8221;default&#8221; global_colors_info=&#8221;{}&#8221;][et_pb_text admin_label=&#8221;Castelo Branco&#8221; _builder_version=&#8221;4.13.0&#8243; _module_preset=&#8221;default&#8221; text_font=&#8221;Montserrat|700|||||||&#8221; text_text_color=&#8221;#FFFFFF&#8221; text_font_size=&#8221;16px&#8221; text_letter_spacing=&#8221;1px&#8221; custom_margin=&#8221;2px||0px|20px|false|false&#8221; custom_padding=&#8221;6px||2px||false|false&#8221; global_colors_info=&#8221;{}&#8221;]<\/p>\n<p><span style=\"color: #ffde59;\">Distrito: <\/span><span style=\"font-size: xx-large;\">Castelo Branco<br \/><\/span><\/p>\n<p>[\/et_pb_text][\/et_pb_column][\/et_pb_row][et_pb_row column_structure=&#8221;1_4,1_4,1_4,1_4&#8243; use_custom_gutter=&#8221;on&#8221; gutter_width=&#8221;2&#8243; _builder_version=&#8221;4.13.0&#8243; _module_preset=&#8221;default&#8221; custom_margin=&#8221;||0px||false|false&#8221; custom_padding=&#8221;||0px||false|false&#8221; locked=&#8221;off&#8221; global_colors_info=&#8221;{}&#8221;][et_pb_column type=&#8221;1_4&#8243; _builder_version=&#8221;4.13.0&#8243; _module_preset=&#8221;default&#8221; global_colors_info=&#8221;{}&#8221;][et_pb_text _builder_version=&#8221;4.13.0&#8243; _module_preset=&#8221;default&#8221; text_font=&#8221;Montserrat||||||||&#8221; text_text_color=&#8221;#000000&#8243; text_font_size=&#8221;12px&#8221; text_line_height=&#8221;1.2em&#8221; header_2_font=&#8221;Montserrat|600|||||||&#8221; header_2_text_color=&#8221;#ff914d&#8221; custom_margin=&#8221;16px|12px|8px|12px|false|false&#8221; custom_padding=&#8221;1px|||||&#8221; locked=&#8221;off&#8221; global_colors_info=&#8221;{}&#8221;]<\/p>\n<h2>Castelo Branco<\/h2>\n<p><strong>Entidade promotora:<\/strong><br \/>Amato Lusitano &#8211; Associa\u00e7\u00e3o de Desenvolvimento<\/p>\n<p><strong>Iniciativa | Atividade:<\/strong><br \/>\u201cSapatos Vermelhos\u201d &#8211; uma den\u00fancia contra o femic\u00eddio<\/p>\n<p>[\/et_pb_text][et_pb_toggle title=&#8221;Informa\u00e7\u00f5es&#8221; open_toggle_text_color=&#8221;#7f7f7f&#8221; open_toggle_background_color=&#8221;rgba(0,0,0,0.02)&#8221; closed_toggle_text_color=&#8221;#7f7f7f&#8221; closed_toggle_background_color=&#8221;rgba(0,0,0,0.02)&#8221; icon_color=&#8221;#ff914d&#8221; toggle_icon=&#8221;&#xe03a;||divi||400&#8243; use_icon_font_size=&#8221;on&#8221; icon_font_size=&#8221;23px&#8221; _builder_version=&#8221;4.13.0&#8243; _module_preset=&#8221;default&#8221; title_text_color=&#8221;#7f7f7f&#8221; title_font=&#8221;Montserrat|700|||||||&#8221; title_font_size=&#8221;15px&#8221; body_font=&#8221;Montserrat||||||||&#8221; body_text_color=&#8221;#000000&#8243; body_font_size=&#8221;11px&#8221; body_line_height=&#8221;1.2em&#8221; background_color=&#8221;rgba(255,255,255,0)&#8221; custom_margin=&#8221;|||8px|false|false&#8221; custom_padding=&#8221;12px|12px|12px|14px|false|false&#8221; border_radii=&#8221;on|24px|24px|24px|24px&#8221; border_color_all=&#8221;rgba(0,0,0,0.5)&#8221; locked=&#8221;off&#8221; global_colors_info=&#8221;{}&#8221;]<\/p>\n<p><strong>Iniciativa | Atividade<\/strong><br \/><em>\u201cSapatos Vermelhos\u201d &#8211; uma den\u00fancia contra o femic\u00eddio<br \/><\/em>A Amato Lusitano \u2013 Associa\u00e7\u00e3o de Desenvolvimento, em articula\u00e7\u00e3o com a C\u00e2mara Municipal de Castelo Branco, pretende consciencializar a popula\u00e7\u00e3o em geral para o elevado n\u00famero femic\u00eddios no pa\u00eds. Assim, v\u00e3o ser colocados 22 pares de sapatos pintados de vermelhos, referentes aos femic\u00eddios do ano 2022 que ocorreram em contexto de intimidade , em Portugal, nas escadas que d\u00e3o acesso \u00e0 C\u00e2mara Municipal de Castelo Branco, com alguns cartazes perto desses mesmos sapatos, para que nos recordemos que a cada morte de uma v\u00edtima refor\u00e7a-se a certeza de que por muito que j\u00e1 tenhamos feito, ainda n\u00e3o fizemos o suficiente.<br \/>Esta campanha tem por base a premissa elaborada por Elina Chauvet, artista pl\u00e1stica e arquiteta mexicana que tornou os sapatos vermelhos um s\u00edmbolo do femic\u00eddio perpetuado contra as mulheres, tendo espalhado centenas de sapatos vermelhos na Cidade do M\u00e9xico, porque a pr\u00f3pria irm\u00e3 foi assassinada pelo companheiro.<br \/>A preven\u00e7\u00e3o e o combate \u00e0 viol\u00eancia de g\u00e9nero convocam-nos a todas\/os, todos os dias, nas diferentes esferas onde nos movimentamos. Enquanto n\u00e3o formos capazes de p\u00f4r fim a este flagelo, cada femic\u00eddio deve assombrar-nos para que n\u00e3o esque\u00e7amos o qu\u00e3o longa \u00e9 a estrada que temos pela frente.<br \/><strong>P\u00fablico-alvo <\/strong>Comunidade geral<strong><br \/>Local<\/strong> C\u00e2mara Municipal de Castelo Branco<br \/><strong>Data<\/strong> 25\/11\/2023<br \/><strong>Hora<\/strong> 8:00<\/p>\n<p>[\/et_pb_toggle][\/et_pb_column][et_pb_column type=&#8221;1_4&#8243; _builder_version=&#8221;4.13.0&#8243; _module_preset=&#8221;default&#8221; global_colors_info=&#8221;{}&#8221;][et_pb_text _builder_version=&#8221;4.13.0&#8243; _module_preset=&#8221;default&#8221; text_font=&#8221;Montserrat||||||||&#8221; text_text_color=&#8221;#000000&#8243; text_font_size=&#8221;12px&#8221; text_line_height=&#8221;1.2em&#8221; header_2_font=&#8221;Montserrat|600|||||||&#8221; header_2_text_color=&#8221;#ff914d&#8221; custom_margin=&#8221;16px|12px|8px|12px|false|false&#8221; custom_padding=&#8221;1px|||||&#8221; locked=&#8221;off&#8221; global_colors_info=&#8221;{}&#8221;]<\/p>\n<h2>Covilh\u00e3<\/h2>\n<p><strong>Entidade promotora:<\/strong><br \/>CooLabora<\/p>\n<p><strong>Iniciativa | Atividade:<\/strong><br \/>DIA INTERNACIONAL PARA A ELIMINA\u00c7\u00c3O DA VIOL\u00caNCIA CONTRA AS MULHERES<\/p>\n<p>[\/et_pb_text][et_pb_toggle title=&#8221;Informa\u00e7\u00f5es&#8221; open_toggle_text_color=&#8221;#7f7f7f&#8221; open_toggle_background_color=&#8221;rgba(0,0,0,0.02)&#8221; closed_toggle_text_color=&#8221;#7f7f7f&#8221; closed_toggle_background_color=&#8221;rgba(0,0,0,0.02)&#8221; icon_color=&#8221;#ff914d&#8221; toggle_icon=&#8221;&#xe03a;||divi||400&#8243; use_icon_font_size=&#8221;on&#8221; icon_font_size=&#8221;23px&#8221; _builder_version=&#8221;4.13.0&#8243; _module_preset=&#8221;default&#8221; title_text_color=&#8221;#7f7f7f&#8221; title_font=&#8221;Montserrat|700|||||||&#8221; title_font_size=&#8221;15px&#8221; body_font=&#8221;Montserrat||||||||&#8221; body_text_color=&#8221;#000000&#8243; body_font_size=&#8221;11px&#8221; body_line_height=&#8221;1.2em&#8221; background_color=&#8221;rgba(255,255,255,0)&#8221; custom_margin=&#8221;|||8px|false|false&#8221; custom_padding=&#8221;12px|12px|12px|14px|false|false&#8221; border_radii=&#8221;on|24px|24px|24px|24px&#8221; border_color_all=&#8221;rgba(0,0,0,0.5)&#8221; locked=&#8221;off&#8221; global_colors_info=&#8221;{}&#8221;]<\/p>\n<p><strong>Iniciativa | Atividade<\/strong><br \/><em>DIA INTERNACIONAL PARA A ELIMINA\u00c7\u00c3O DA VIOL\u00caNCIA CONTRA AS MULHERES &#8211; Marcha contra a viol\u00eancia<\/em><br \/>O ponto de encontro ser\u00e1 o Jardim do Lago, na Covilh\u00e3, \u00e0s 14h30 de dia 25 de Novembro. <br \/>Na sess\u00e3o de abertura haver\u00e1 interven\u00e7\u00f5es da CooLabora e da C\u00e2mara Municipal, seguindo-se um per\u00edodo de microfone aberto. Em simult\u00e2neo, ser\u00e1 criado coletivamente um mural e decorrer\u00e1 um momento de poesia. <br \/>A marcha ter\u00e1 in\u00edcio \u00e0s 15h, em dire\u00e7\u00e3o ao Jardim do Lago e inclui a participa\u00e7\u00e3o da tuna As Mo\u00e7oilas e um desfile de bandeiras sobre o tema.<br \/>A marcha termina no Jardim das Artes, onde ir\u00e3o actuar v\u00e1rios grupos musicais e haver\u00e1 uma performance de dan\u00e7a colectiva.<br \/>Esta iniciativa \u00e9 organizada pela CooLabora e C\u00e2mara da Covilh\u00e3 e co-organiza\u00e7\u00e3o por 25 entidades locais.<br \/><strong>P\u00fablico-alvo<\/strong> Comunidade<br \/><strong>Local<\/strong> Covilh\u00e3<br \/><strong>Data<\/strong> 25\/11\/2023<br \/><strong>Hora<\/strong> 14:30<br \/><strong>Mais informa\u00e7\u00f5es<\/strong> <a href=\"https:\/\/fb.me\/e\/3R2PL9Pko\" target=\"_blank\" rel=\"noopener\">https:\/\/fb.me\/e\/3R2PL9Pko<\/a><\/p>\n<div id=\"attachment_3673\" style=\"width: 810px\" class=\"wp-caption aligncenter\"><a href=\"https:\/\/www.cig.gov.pt\/iniciativas-nacionais\/wp-content\/uploads\/2023\/11\/batecoracao.jpg\" target=\"_blank\" rel=\"noopener\" title=\"Programa\"><img aria-describedby=\"caption-attachment-3673\" loading=\"lazy\" src=\"https:\/\/www.cig.gov.pt\/iniciativas-nacionais\/wp-content\/uploads\/2023\/11\/batecoracao.jpg\" width=\"800\" height=\"1132\" alt=\"Marcha contra a viol\u00eancia\" class=\"wp-image-3673 size-full\" srcset=\"https:\/\/www.cig.gov.pt\/iniciativas-nacionais\/wp-content\/uploads\/2023\/11\/batecoracao.jpg 800w, https:\/\/www.cig.gov.pt\/iniciativas-nacionais\/wp-content\/uploads\/2023\/11\/batecoracao-480x679.jpg 480w\" sizes=\"(min-width: 0px) and (max-width: 480px) 480px, (min-width: 481px) 800px, 100vw\" \/><\/a><p id=\"caption-attachment-3673\" class=\"wp-caption-text\">Programa<\/p><\/div>\n<p>&nbsp;<\/p>\n<p>[\/et_pb_toggle][\/et_pb_column][et_pb_column type=&#8221;1_4&#8243; _builder_version=&#8221;4.13.0&#8243; _module_preset=&#8221;default&#8221; global_colors_info=&#8221;{}&#8221;][\/et_pb_column][et_pb_column type=&#8221;1_4&#8243; _builder_version=&#8221;4.13.0&#8243; _module_preset=&#8221;default&#8221; global_colors_info=&#8221;{}&#8221;][\/et_pb_column][\/et_pb_row][\/et_pb_section][et_pb_section fb_built=&#8221;1&#8243; admin_label=&#8221;Concelho&#8221; _builder_version=&#8221;4.13.0&#8243; _module_preset=&#8221;default&#8221; custom_margin=&#8221;4px||4px||false|false&#8221; custom_padding=&#8221;4px||4px||false|false&#8221; global_colors_info=&#8221;{}&#8221;][et_pb_row admin_label=&#8221;Coimbra&#8221; _builder_version=&#8221;4.13.0&#8243; _module_preset=&#8221;default&#8221; background_color=&#8221;#071717&#8243; custom_margin=&#8221;40px||0px||false|false&#8221; custom_padding=&#8221;14px||14px||false|false&#8221; border_radii=&#8221;on|4px|4px|4px|4px&#8221; locked=&#8221;off&#8221; global_colors_info=&#8221;{}&#8221;][et_pb_column type=&#8221;4_4&#8243; _builder_version=&#8221;4.13.0&#8243; _module_preset=&#8221;default&#8221; global_colors_info=&#8221;{}&#8221;][et_pb_text admin_label=&#8221;Coimbra&#8221; _builder_version=&#8221;4.13.0&#8243; _module_preset=&#8221;default&#8221; text_font=&#8221;Montserrat|700|||||||&#8221; text_text_color=&#8221;#FFFFFF&#8221; text_font_size=&#8221;16px&#8221; text_letter_spacing=&#8221;1px&#8221; custom_margin=&#8221;2px||0px|20px|false|false&#8221; custom_padding=&#8221;6px||2px||false|false&#8221; global_colors_info=&#8221;{}&#8221;]<\/p>\n<p><span style=\"color: #ffde59;\">Distrito: <\/span><span style=\"font-size: xx-large;\">Coimbra<br \/><\/span><\/p>\n<p>[\/et_pb_text][\/et_pb_column][\/et_pb_row][et_pb_row column_structure=&#8221;1_4,1_4,1_4,1_4&#8243; use_custom_gutter=&#8221;on&#8221; gutter_width=&#8221;2&#8243; _builder_version=&#8221;4.13.0&#8243; _module_preset=&#8221;default&#8221; custom_margin=&#8221;||0px||false|false&#8221; custom_padding=&#8221;||0px||false|false&#8221; locked=&#8221;off&#8221; global_colors_info=&#8221;{}&#8221;][et_pb_column type=&#8221;1_4&#8243; _builder_version=&#8221;4.13.0&#8243; _module_preset=&#8221;default&#8221; global_colors_info=&#8221;{}&#8221;][et_pb_text _builder_version=&#8221;4.13.0&#8243; _module_preset=&#8221;default&#8221; text_font=&#8221;Montserrat||||||||&#8221; text_text_color=&#8221;#000000&#8243; text_font_size=&#8221;12px&#8221; text_line_height=&#8221;1.2em&#8221; header_2_font=&#8221;Montserrat|600|||||||&#8221; header_2_text_color=&#8221;#ff914d&#8221; custom_margin=&#8221;16px|12px|8px|12px|false|false&#8221; custom_padding=&#8221;1px|||||&#8221; locked=&#8221;off&#8221; global_colors_info=&#8221;{}&#8221;]<\/p>\n<h2>Coimbra<\/h2>\n<p><strong>Entidade promotora:<\/strong><br \/>UMAR<\/p>\n<p><strong>Iniciativa | Atividade:<\/strong><br \/>Celebra\u00e7\u00e3o do Dia Internacional dos Direitos Humanos: Elabora\u00e7\u00e3o de postais por crian\u00e7as de 1\u00ba ciclo<\/p>\n<p>[\/et_pb_text][et_pb_toggle title=&#8221;Informa\u00e7\u00f5es&#8221; open_toggle_text_color=&#8221;#7f7f7f&#8221; open_toggle_background_color=&#8221;rgba(0,0,0,0.02)&#8221; closed_toggle_text_color=&#8221;#7f7f7f&#8221; closed_toggle_background_color=&#8221;rgba(0,0,0,0.02)&#8221; icon_color=&#8221;#ff914d&#8221; toggle_icon=&#8221;&#xe03a;||divi||400&#8243; use_icon_font_size=&#8221;on&#8221; icon_font_size=&#8221;23px&#8221; _builder_version=&#8221;4.13.0&#8243; _module_preset=&#8221;default&#8221; title_text_color=&#8221;#7f7f7f&#8221; title_font=&#8221;Montserrat|700|||||||&#8221; title_font_size=&#8221;15px&#8221; body_font=&#8221;Montserrat||||||||&#8221; body_text_color=&#8221;#000000&#8243; body_font_size=&#8221;11px&#8221; body_line_height=&#8221;1.2em&#8221; background_color=&#8221;rgba(255,255,255,0)&#8221; custom_margin=&#8221;|||8px|false|false&#8221; custom_padding=&#8221;12px|12px|12px|14px|false|false&#8221; border_radii=&#8221;on|24px|24px|24px|24px&#8221; border_color_all=&#8221;rgba(0,0,0,0.5)&#8221; locked=&#8221;off&#8221; global_colors_info=&#8221;{}&#8221;]<\/p>\n<p><strong>Iniciativa | Atividade<\/strong><br \/><em>Celebra\u00e7\u00e3o do Dia Internacional dos Direitos Humanos: Elabora\u00e7\u00e3o de postais por crian\u00e7as de 1\u00ba ciclo<br \/><\/em>No \u00e2mbito do ART&#8217;THEMIS+ para a celebra\u00e7\u00e3o do Dia Internacional dos Direitos Humanos as turmas 3\u00baA, 3\u00baB e 3\u00ba C da EB1 da Solum e 3\u00baC do Centro Escolar Solum Sul ir\u00e3o realizar postais com mensagens e imagens para promo\u00e7\u00e3o dos Direitos Humanos.<br \/><strong>P\u00fablico-alvo <\/strong>Comunidade educativa<strong><br \/>Local<\/strong> Agrupamento de Escolas Eug\u00e9nio de Castro<br \/><strong>Data<\/strong> 11\/12\/2023<br \/><strong>Hora<\/strong> 11:00<\/p>\n<p>[\/et_pb_toggle][\/et_pb_column][et_pb_column type=&#8221;1_4&#8243; _builder_version=&#8221;4.13.0&#8243; _module_preset=&#8221;default&#8221; global_colors_info=&#8221;{}&#8221;][et_pb_text _builder_version=&#8221;4.13.0&#8243; _module_preset=&#8221;default&#8221; text_font=&#8221;Montserrat||||||||&#8221; text_text_color=&#8221;#000000&#8243; text_font_size=&#8221;12px&#8221; text_line_height=&#8221;1.2em&#8221; header_2_font=&#8221;Montserrat|600|||||||&#8221; header_2_text_color=&#8221;#ff914d&#8221; custom_margin=&#8221;16px|12px|8px|12px|false|false&#8221; custom_padding=&#8221;1px|||||&#8221; locked=&#8221;off&#8221; global_colors_info=&#8221;{}&#8221;]<\/p>\n<h2>Lous\u00e3<\/h2>\n<p><strong>Entidade promotora:<\/strong><br \/>Pedrinhas, Cooperativa de Solidariedade social e cultural &#8211; Pedro Brazi\u00e3o Rodrigues; apoio: CM Lous\u00e3<\/p>\n<p><strong>Iniciativa | Atividade:<\/strong><br \/>Hist\u00f3rias Inclusivas<\/p>\n<p>[\/et_pb_text][et_pb_toggle title=&#8221;Informa\u00e7\u00f5es&#8221; open_toggle_text_color=&#8221;#7f7f7f&#8221; open_toggle_background_color=&#8221;rgba(0,0,0,0.02)&#8221; closed_toggle_text_color=&#8221;#7f7f7f&#8221; closed_toggle_background_color=&#8221;rgba(0,0,0,0.02)&#8221; icon_color=&#8221;#ff914d&#8221; toggle_icon=&#8221;&#xe03a;||divi||400&#8243; use_icon_font_size=&#8221;on&#8221; icon_font_size=&#8221;23px&#8221; _builder_version=&#8221;4.13.0&#8243; _module_preset=&#8221;default&#8221; title_text_color=&#8221;#7f7f7f&#8221; title_font=&#8221;Montserrat|700|||||||&#8221; title_font_size=&#8221;15px&#8221; body_font=&#8221;Montserrat||||||||&#8221; body_text_color=&#8221;#000000&#8243; body_font_size=&#8221;11px&#8221; body_line_height=&#8221;1.2em&#8221; background_color=&#8221;rgba(255,255,255,0)&#8221; custom_margin=&#8221;|||8px|false|false&#8221; custom_padding=&#8221;12px|12px|12px|14px|false|false&#8221; border_radii=&#8221;on|24px|24px|24px|24px&#8221; border_color_all=&#8221;rgba(0,0,0,0.5)&#8221; locked=&#8221;off&#8221; global_colors_info=&#8221;{}&#8221;]<\/p>\n<p><strong>Iniciativa | Atividade<\/strong><br \/><em>Hist\u00f3rias Inclusivas<\/em><br \/>&#8220;&#8221;Hist\u00f3rias Inclusivas&#8221;&#8221; s\u00e3o narrativas que celebram a diversidade, dando voz a todas as crian\u00e7as. S\u00e3o hist\u00f3rias que enriquecem o nosso entendimento do mundo e promovem a aceita\u00e7\u00e3o m\u00fatua e a inclus\u00e3o, convidando o p\u00fablico presente a entrar na tela participando ativamente no conto. Para al\u00e9m da interpreta\u00e7\u00e3o, inclui legendagem e pictogramas, s\u00edmbolos que representam um objeto ou conceito por meio de desenhos figurativos.<br \/>No Dia Internacional pela Elimina\u00e7\u00e3o da Viol\u00eancia contra a Mulher a a\u00e7\u00e3o ter\u00e1 uma abordagem sobre a viol\u00eancia contra as mulheres, que tanto afeta as crian\u00e7as.<br \/><strong>P\u00fablico-alvo<\/strong> Infantil, fam\u00edlias<br \/><strong>Local<\/strong> Biblioteca Municipal Comendador Montenegro<br \/><strong>Data<\/strong> 25\/11\/2023<br \/><strong>Hora<\/strong> 15:30<\/p>\n<p><div id=\"attachment_3665\" style=\"width: 410px\" class=\"wp-caption aligncenter\"><a href=\"https:\/\/www.cig.gov.pt\/iniciativas-nacionais\/wp-content\/uploads\/2023\/11\/Pedrinhas_HII_Biblio_AllSessions_A3-Marta-C-Correia.pdf\" target=\"_blank\" rel=\"noopener\" title=\"Hist\u00f3rias Inclusivas\"><img aria-describedby=\"caption-attachment-3665\" loading=\"lazy\" src=\"https:\/\/www.cig.gov.pt\/iniciativas-nacionais\/wp-content\/uploads\/2023\/11\/historias.png\" width=\"400\" height=\"566\" alt=\"Hist\u00f3rias Inclusivas\" class=\"wp-image-3665 size-full\" srcset=\"https:\/\/www.cig.gov.pt\/iniciativas-nacionais\/wp-content\/uploads\/2023\/11\/historias.png 400w, https:\/\/www.cig.gov.pt\/iniciativas-nacionais\/wp-content\/uploads\/2023\/11\/historias-212x300.png 212w\" sizes=\"(max-width: 400px) 100vw, 400px\" \/><\/a><p id=\"caption-attachment-3665\" class=\"wp-caption-text\">Hist\u00f3rias Inclusivas<\/p><\/div>[\/et_pb_toggle][\/et_pb_column][et_pb_column type=&#8221;1_4&#8243; _builder_version=&#8221;4.13.0&#8243; _module_preset=&#8221;default&#8221; global_colors_info=&#8221;{}&#8221;][et_pb_text _builder_version=&#8221;4.13.0&#8243; _module_preset=&#8221;default&#8221; text_font=&#8221;Montserrat||||||||&#8221; text_text_color=&#8221;#000000&#8243; text_font_size=&#8221;12px&#8221; text_line_height=&#8221;1.2em&#8221; header_2_font=&#8221;Montserrat|600|||||||&#8221; header_2_text_color=&#8221;#ff914d&#8221; custom_margin=&#8221;16px|12px|8px|12px|false|false&#8221; custom_padding=&#8221;1px|||||&#8221; locked=&#8221;off&#8221; global_colors_info=&#8221;{}&#8221;]<\/p>\n<h2>T\u00e1bua<\/h2>\n<p><strong>Entidade promotora:<\/strong><br \/>Munic\u00edpio de T\u00e1bua<\/p>\n<p><strong>Iniciativa | Atividade:<\/strong><br \/>&#8220;\u00c1GAPE &#8211; AP\u00d3FASI: um banquete inusitado&#8221;<\/p>\n<p>[\/et_pb_text][et_pb_toggle title=&#8221;Informa\u00e7\u00f5es&#8221; open_toggle_text_color=&#8221;#7f7f7f&#8221; open_toggle_background_color=&#8221;rgba(0,0,0,0.02)&#8221; closed_toggle_text_color=&#8221;#7f7f7f&#8221; closed_toggle_background_color=&#8221;rgba(0,0,0,0.02)&#8221; icon_color=&#8221;#ff914d&#8221; toggle_icon=&#8221;&#xe03a;||divi||400&#8243; use_icon_font_size=&#8221;on&#8221; icon_font_size=&#8221;23px&#8221; _builder_version=&#8221;4.13.0&#8243; _module_preset=&#8221;default&#8221; title_text_color=&#8221;#7f7f7f&#8221; title_font=&#8221;Montserrat|700|||||||&#8221; title_font_size=&#8221;15px&#8221; body_font=&#8221;Montserrat||||||||&#8221; body_text_color=&#8221;#000000&#8243; body_font_size=&#8221;11px&#8221; body_line_height=&#8221;1.2em&#8221; background_color=&#8221;rgba(255,255,255,0)&#8221; custom_margin=&#8221;|||8px|false|false&#8221; custom_padding=&#8221;12px|12px|12px|14px|false|false&#8221; border_radii=&#8221;on|24px|24px|24px|24px&#8221; border_color_all=&#8221;rgba(0,0,0,0.5)&#8221; locked=&#8221;off&#8221; global_colors_info=&#8221;{}&#8221;]<\/p>\n<p><strong>Iniciativa | Atividade<\/strong><br \/><em>&#8220;\u00c1GAPE &#8211; AP\u00d3FASI: um banquete inusitado&#8221;<\/em><br \/>\u00c1GAPE \u2013 AP\u00d3FASI \u00e9 uma cria\u00e7\u00e3o de teatro contempor\u00e2neo idealizada por uma equipa de artistas emergentes, assente desenvolvimento de algumas atividades de media\u00e7\u00e3o cultural, como as rodas de leitura, seguidas de exerc\u00edcios de Teatro do Oprimido, por forma a suscitar reflex\u00e3o acerca das tem\u00e1ticas abordadas como a viol\u00eancia de g\u00e9nero e o abuso sexual.<br \/><strong>P\u00fablico-alvo<\/strong> Comunidade em Geral (maiores de 16 anos).<br \/><strong>Local<\/strong> Biblioteca P\u00fablica Municipal Jo\u00e3o Brand\u00e3o &#8211; T\u00e1bua<br \/><strong>Data<\/strong> 24\/11\/2023<br \/><strong>Hora<\/strong> 8:30<br \/><strong><\/strong><a href=\"https:\/\/www.facebook.com\/municipiomealhada\" target=\"_blank\" rel=\"noopener\"><\/a><\/p>\n<p><div id=\"attachment_3657\" style=\"width: 1458px\" class=\"wp-caption aligncenter\"><a href=\"https:\/\/www.cig.gov.pt\/iniciativas-nacionais\/wp-content\/uploads\/2023\/11\/AGAPE-APOFASI.jpg\" target=\"_blank\" rel=\"noopener\" title=\"\u00c1GAPE - AP\u00d3FASI: um banquete inusitado\"><img aria-describedby=\"caption-attachment-3657\" loading=\"lazy\" src=\"https:\/\/www.cig.gov.pt\/iniciativas-nacionais\/wp-content\/uploads\/2023\/11\/AGAPE-APOFASI.jpg\" width=\"1448\" height=\"2048\" alt=\"\u00c1GAPE - AP\u00d3FASI: um banquete inusitado\" class=\"wp-image-3657 size-full\" srcset=\"https:\/\/www.cig.gov.pt\/iniciativas-nacionais\/wp-content\/uploads\/2023\/11\/AGAPE-APOFASI.jpg 1448w, https:\/\/www.cig.gov.pt\/iniciativas-nacionais\/wp-content\/uploads\/2023\/11\/AGAPE-APOFASI-1280x1810.jpg 1280w, https:\/\/www.cig.gov.pt\/iniciativas-nacionais\/wp-content\/uploads\/2023\/11\/AGAPE-APOFASI-980x1386.jpg 980w, https:\/\/www.cig.gov.pt\/iniciativas-nacionais\/wp-content\/uploads\/2023\/11\/AGAPE-APOFASI-480x679.jpg 480w\" sizes=\"(min-width: 0px) and (max-width: 480px) 480px, (min-width: 481px) and (max-width: 980px) 980px, (min-width: 981px) and (max-width: 1280px) 1280px, (min-width: 1281px) 1448px, 100vw\" \/><\/a><p id=\"caption-attachment-3657\" class=\"wp-caption-text\">\u00c1GAPE &#8211; AP\u00d3FASI: um banquete inusitado<\/p><\/div>[\/et_pb_toggle][\/et_pb_column][et_pb_column type=&#8221;1_4&#8243; _builder_version=&#8221;4.13.0&#8243; _module_preset=&#8221;default&#8221; global_colors_info=&#8221;{}&#8221;][\/et_pb_column][\/et_pb_row][\/et_pb_section][et_pb_section fb_built=&#8221;1&#8243; admin_label=&#8221;Concelho&#8221; _builder_version=&#8221;4.13.0&#8243; _module_preset=&#8221;default&#8221; custom_margin=&#8221;4px||4px||false|false&#8221; custom_padding=&#8221;4px||4px||false|false&#8221; global_colors_info=&#8221;{}&#8221;][et_pb_row admin_label=&#8221;Evora&#8221; _builder_version=&#8221;4.13.0&#8243; _module_preset=&#8221;default&#8221; background_color=&#8221;#071717&#8243; custom_margin=&#8221;40px||0px||false|false&#8221; custom_padding=&#8221;14px||14px||false|false&#8221; border_radii=&#8221;on|4px|4px|4px|4px&#8221; locked=&#8221;off&#8221; global_colors_info=&#8221;{}&#8221;][et_pb_column type=&#8221;4_4&#8243; _builder_version=&#8221;4.13.0&#8243; _module_preset=&#8221;default&#8221; global_colors_info=&#8221;{}&#8221;][et_pb_text admin_label=&#8221;\u00c9vora&#8221; _builder_version=&#8221;4.13.0&#8243; _module_preset=&#8221;default&#8221; text_font=&#8221;Montserrat|700|||||||&#8221; text_text_color=&#8221;#FFFFFF&#8221; text_font_size=&#8221;16px&#8221; text_letter_spacing=&#8221;1px&#8221; custom_margin=&#8221;2px||0px|20px|false|false&#8221; custom_padding=&#8221;6px||2px||false|false&#8221; global_colors_info=&#8221;{}&#8221;]<\/p>\n<p><span style=\"color: #ffde59;\">Distrito: <\/span><span style=\"font-size: xx-large;\">\u00c9vora<br \/><\/span><\/p>\n<p>[\/et_pb_text][\/et_pb_column][\/et_pb_row][et_pb_row column_structure=&#8221;1_4,1_4,1_4,1_4&#8243; use_custom_gutter=&#8221;on&#8221; gutter_width=&#8221;2&#8243; _builder_version=&#8221;4.13.0&#8243; _module_preset=&#8221;default&#8221; custom_margin=&#8221;||0px||false|false&#8221; custom_padding=&#8221;||0px||false|false&#8221; locked=&#8221;off&#8221; global_colors_info=&#8221;{}&#8221;][et_pb_column type=&#8221;1_4&#8243; _builder_version=&#8221;4.13.0&#8243; _module_preset=&#8221;default&#8221; global_colors_info=&#8221;{}&#8221;][et_pb_text _builder_version=&#8221;4.13.0&#8243; _module_preset=&#8221;default&#8221; text_font=&#8221;Montserrat||||||||&#8221; text_text_color=&#8221;#000000&#8243; text_font_size=&#8221;12px&#8221; text_line_height=&#8221;1.2em&#8221; header_2_font=&#8221;Montserrat|600|||||||&#8221; header_2_text_color=&#8221;#ff914d&#8221; custom_margin=&#8221;16px|12px|8px|12px|false|false&#8221; custom_padding=&#8221;1px|||||&#8221; locked=&#8221;off&#8221; global_colors_info=&#8221;{}&#8221;]<\/p>\n<h2>Vendas Novas<\/h2>\n<p><strong>Entidade promotora:<\/strong><br \/>Munic\u00edpio de Vendas Novas\/CPCJ de Vendas Novas<\/p>\n<p><strong>Iniciativa | Atividade:<\/strong><br \/>Apresenta\u00e7\u00e3o do Livro &#8220;Viol\u00eancias Dom\u00e9sticas, novas quest\u00f5es antigas&#8221;<\/p>\n<p>[\/et_pb_text][et_pb_toggle title=&#8221;Informa\u00e7\u00f5es&#8221; open_toggle_text_color=&#8221;#7f7f7f&#8221; open_toggle_background_color=&#8221;rgba(0,0,0,0.02)&#8221; closed_toggle_text_color=&#8221;#7f7f7f&#8221; closed_toggle_background_color=&#8221;rgba(0,0,0,0.02)&#8221; icon_color=&#8221;#ff914d&#8221; toggle_icon=&#8221;&#xe03a;||divi||400&#8243; use_icon_font_size=&#8221;on&#8221; icon_font_size=&#8221;23px&#8221; _builder_version=&#8221;4.13.0&#8243; _module_preset=&#8221;default&#8221; title_text_color=&#8221;#7f7f7f&#8221; title_font=&#8221;Montserrat|700|||||||&#8221; title_font_size=&#8221;15px&#8221; body_font=&#8221;Montserrat||||||||&#8221; body_text_color=&#8221;#000000&#8243; body_font_size=&#8221;11px&#8221; body_line_height=&#8221;1.2em&#8221; background_color=&#8221;rgba(255,255,255,0)&#8221; custom_margin=&#8221;|||8px|false|false&#8221; custom_padding=&#8221;12px|12px|12px|14px|false|false&#8221; border_radii=&#8221;on|24px|24px|24px|24px&#8221; border_color_all=&#8221;rgba(0,0,0,0.5)&#8221; locked=&#8221;off&#8221; global_colors_info=&#8221;{}&#8221;]<\/p>\n<p><strong>Iniciativa | Atividade<\/strong><br \/><em>Apresenta\u00e7\u00e3o do Livro &#8220;Viol\u00eancias Dom\u00e9sticas, novas quest\u00f5es antigas&#8221;<\/em><br \/>Um livro de encontros, sobre os desencontros das viol\u00eancias dom\u00e9sticas. Desencontros das v\u00edtimas perante si pr\u00f3prias: os riscos, os medos, os obst\u00e1culos (pessoais, sociais e, at\u00e9, institucionais) que t\u00eam de superar para se poderem reformular como livres, aut\u00f3nomas e consideradas. Desencontros dos agressores com a estrutura\u00e7\u00e3o de rela\u00e7\u00f5es igualit\u00e1rias, de respeito e de confian\u00e7a; fundados, muitas vezes, em idea\u00e7\u00f5es estereotipadas.<br \/><strong>P\u00fablico-alvo<\/strong> Alunos do ensino secund\u00e1rio e T\u00e9cnicos das entidades de primeira linha<br \/><strong>Local<\/strong> Audit\u00f3rio Municipal de Vendas Novas<br \/><strong>Data<\/strong> 22\/11\/2023<br \/><strong>Hora<\/strong> 10:00<\/p>\n<p>[\/et_pb_toggle][\/et_pb_column][et_pb_column type=&#8221;1_4&#8243; _builder_version=&#8221;4.13.0&#8243; _module_preset=&#8221;default&#8221; global_colors_info=&#8221;{}&#8221;][et_pb_text _builder_version=&#8221;4.13.0&#8243; _module_preset=&#8221;default&#8221; text_font=&#8221;Montserrat||||||||&#8221; text_text_color=&#8221;#000000&#8243; text_font_size=&#8221;12px&#8221; text_line_height=&#8221;1.2em&#8221; header_2_font=&#8221;Montserrat|600|||||||&#8221; header_2_text_color=&#8221;#ff914d&#8221; custom_margin=&#8221;16px|12px|8px|12px|false|false&#8221; custom_padding=&#8221;1px|||||&#8221; locked=&#8221;off&#8221; global_colors_info=&#8221;{}&#8221;]<\/p>\n<h2>Viana do Alentejo<\/h2>\n<p><strong>Entidade promotora:<\/strong><br \/>C\u00e2mara Municipal de Viana do Alentejo<\/p>\n<p><strong>Iniciativa | Atividade:<\/strong><br \/>VIOL\u00caNCIA N\u00c3O!!<\/p>\n<p>[\/et_pb_text][et_pb_toggle title=&#8221;Informa\u00e7\u00f5es&#8221; open_toggle_text_color=&#8221;#7f7f7f&#8221; open_toggle_background_color=&#8221;rgba(0,0,0,0.02)&#8221; closed_toggle_text_color=&#8221;#7f7f7f&#8221; closed_toggle_background_color=&#8221;rgba(0,0,0,0.02)&#8221; icon_color=&#8221;#ff914d&#8221; toggle_icon=&#8221;&#xe03a;||divi||400&#8243; use_icon_font_size=&#8221;on&#8221; icon_font_size=&#8221;23px&#8221; _builder_version=&#8221;4.13.0&#8243; _module_preset=&#8221;default&#8221; title_text_color=&#8221;#7f7f7f&#8221; title_font=&#8221;Montserrat|700|||||||&#8221; title_font_size=&#8221;15px&#8221; body_font=&#8221;Montserrat||||||||&#8221; body_text_color=&#8221;#000000&#8243; body_font_size=&#8221;11px&#8221; body_line_height=&#8221;1.2em&#8221; background_color=&#8221;rgba(255,255,255,0)&#8221; custom_margin=&#8221;|||8px|false|false&#8221; custom_padding=&#8221;12px|12px|12px|14px|false|false&#8221; border_radii=&#8221;on|24px|24px|24px|24px&#8221; border_color_all=&#8221;rgba(0,0,0,0.5)&#8221; locked=&#8221;off&#8221; global_colors_info=&#8221;{}&#8221;]<\/p>\n<p><strong>Iniciativa | Atividade<\/strong><br \/><em>VIOL\u00caNCIA N\u00c3O!!<br \/><\/em>Video e cartazes de sensibiliza\u00e7\u00e3o contra a viol\u00eancia.<br \/><strong>P\u00fablico-alvo <\/strong>Comunidade em geral<strong><br \/>Local<\/strong> Concelho de Viana do Alentejo<br \/><strong>Data<\/strong> 20\/11\/2023<br \/><strong>Hora<\/strong> 12:00<\/p>\n<p>[\/et_pb_toggle][\/et_pb_column][et_pb_column type=&#8221;1_4&#8243; _builder_version=&#8221;4.13.0&#8243; _module_preset=&#8221;default&#8221; global_colors_info=&#8221;{}&#8221;][\/et_pb_column][et_pb_column type=&#8221;1_4&#8243; _builder_version=&#8221;4.13.0&#8243; _module_preset=&#8221;default&#8221; global_colors_info=&#8221;{}&#8221;][\/et_pb_column][\/et_pb_row][\/et_pb_section][et_pb_section fb_built=&#8221;1&#8243; admin_label=&#8221;Concelho&#8221; _builder_version=&#8221;4.13.0&#8243; _module_preset=&#8221;default&#8221; custom_margin=&#8221;4px||4px||false|false&#8221; custom_padding=&#8221;4px||4px||false|false&#8221; global_colors_info=&#8221;{}&#8221;][et_pb_row admin_label=&#8221;Faro&#8221; _builder_version=&#8221;4.13.0&#8243; _module_preset=&#8221;default&#8221; background_color=&#8221;#071717&#8243; custom_margin=&#8221;40px||0px||false|false&#8221; custom_padding=&#8221;14px||14px||false|false&#8221; border_radii=&#8221;on|4px|4px|4px|4px&#8221; locked=&#8221;off&#8221; global_colors_info=&#8221;{}&#8221;][et_pb_column type=&#8221;4_4&#8243; _builder_version=&#8221;4.13.0&#8243; _module_preset=&#8221;default&#8221; global_colors_info=&#8221;{}&#8221;][et_pb_text admin_label=&#8221;Faro&#8221; _builder_version=&#8221;4.13.0&#8243; _module_preset=&#8221;default&#8221; text_font=&#8221;Montserrat|700|||||||&#8221; text_text_color=&#8221;#FFFFFF&#8221; text_font_size=&#8221;16px&#8221; text_letter_spacing=&#8221;1px&#8221; custom_margin=&#8221;2px||0px|20px|false|false&#8221; custom_padding=&#8221;6px||2px||false|false&#8221; global_colors_info=&#8221;{}&#8221;]<\/p>\n<p><span style=\"color: #ffde59;\">Distrito: <\/span><span style=\"font-size: xx-large;\">Faro<br \/><\/span><\/p>\n<p>[\/et_pb_text][\/et_pb_column][\/et_pb_row][et_pb_row column_structure=&#8221;1_4,1_4,1_4,1_4&#8243; use_custom_gutter=&#8221;on&#8221; gutter_width=&#8221;2&#8243; _builder_version=&#8221;4.13.0&#8243; _module_preset=&#8221;default&#8221; custom_margin=&#8221;||0px||false|false&#8221; custom_padding=&#8221;||0px||false|false&#8221; locked=&#8221;off&#8221; global_colors_info=&#8221;{}&#8221;][et_pb_column type=&#8221;1_4&#8243; _builder_version=&#8221;4.13.0&#8243; _module_preset=&#8221;default&#8221; global_colors_info=&#8221;{}&#8221;][et_pb_text _builder_version=&#8221;4.13.0&#8243; _module_preset=&#8221;default&#8221; text_font=&#8221;Montserrat||||||||&#8221; text_text_color=&#8221;#000000&#8243; text_font_size=&#8221;12px&#8221; text_line_height=&#8221;1.2em&#8221; header_2_font=&#8221;Montserrat|600|||||||&#8221; header_2_text_color=&#8221;#ff914d&#8221; custom_margin=&#8221;16px|12px|8px|12px|false|false&#8221; custom_padding=&#8221;1px|||||&#8221; locked=&#8221;off&#8221; global_colors_info=&#8221;{}&#8221;]<\/p>\n<h2>Loul\u00e9<\/h2>\n<p><strong>Entidade promotora:<\/strong><br \/>P\u00f3lo de Atendimento de Loul\u00e9 da APAV<\/p>\n<p><strong>Iniciativa | Atividade:<\/strong><br \/>A\u00e7\u00e3o de Sensibiliza\u00e7\u00e3o sobre Viol\u00eancia Dom\u00e9stica e Viol\u00eancia Contra as Mulheres<br \/>Exposi\u00e7\u00e3o APAV|Pelos Direitos das V\u00edtimas<\/p>\n<p>[\/et_pb_text][et_pb_toggle title=&#8221;Informa\u00e7\u00f5es&#8221; open_toggle_text_color=&#8221;#7f7f7f&#8221; open_toggle_background_color=&#8221;rgba(0,0,0,0.02)&#8221; closed_toggle_text_color=&#8221;#7f7f7f&#8221; closed_toggle_background_color=&#8221;rgba(0,0,0,0.02)&#8221; icon_color=&#8221;#ff914d&#8221; toggle_icon=&#8221;&#xe03a;||divi||400&#8243; use_icon_font_size=&#8221;on&#8221; icon_font_size=&#8221;23px&#8221; _builder_version=&#8221;4.13.0&#8243; _module_preset=&#8221;default&#8221; title_text_color=&#8221;#7f7f7f&#8221; title_font=&#8221;Montserrat|700|||||||&#8221; title_font_size=&#8221;15px&#8221; body_font=&#8221;Montserrat||||||||&#8221; body_text_color=&#8221;#000000&#8243; body_font_size=&#8221;11px&#8221; body_line_height=&#8221;1.2em&#8221; background_color=&#8221;rgba(255,255,255,0)&#8221; custom_margin=&#8221;|||8px|false|false&#8221; custom_padding=&#8221;12px|12px|12px|14px|false|false&#8221; border_radii=&#8221;on|24px|24px|24px|24px&#8221; border_color_all=&#8221;rgba(0,0,0,0.5)&#8221; locked=&#8221;off&#8221; global_colors_info=&#8221;{}&#8221;]<\/p>\n<p><strong>Iniciativa | Atividade<\/strong><br \/><em>A\u00e7\u00e3o de Sensibiliza\u00e7\u00e3o sobre Viol\u00eancia Dom\u00e9stica e Viol\u00eancia Contra as Mulheres<\/em><br \/>Apresenta\u00e7\u00e3o de um livro na biblioteca municipal<br \/><strong>P\u00fablico-alvo<\/strong> destinada a alunos e restante comunidade educativa<br \/><strong>Local<\/strong> Agrupamento de Escolas de Almancil<br \/><strong>Data<\/strong> 23-11-2023<br \/><strong>Hora<\/strong> 10:00<\/p>\n<p><strong>Iniciativa | Atividade<\/strong><br \/><em>A\u00e7\u00e3o de Sensibiliza\u00e7\u00e3o sobre Viol\u00eancia Dom\u00e9stica<\/em><br \/><strong>P\u00fablico-alvo<\/strong> alunos e demais comunidade educativa<br \/><strong>Local<\/strong> Escola E.B. 2,3 D. Dinis &#8211; Quarteira<br \/><strong>Data<\/strong> 29-11-2023<br \/><strong>Hora<\/strong> 10:00<\/p>\n<p><strong>Iniciativa | Atividade<\/strong><br \/><em>Exposi\u00e7\u00e3o APAV|Pelos Direitos das V\u00edtimas|Loul\u00e9<\/em><br \/><strong>P\u00fablico-alvo<\/strong> comunidade geral<br \/><strong>Local<\/strong> Munic\u00edpio de Loul\u00e9<br \/><strong>Data<\/strong> 06-12-2023 (durante duas semanas)<\/p>\n<p>[\/et_pb_toggle][\/et_pb_column][et_pb_column type=&#8221;1_4&#8243; _builder_version=&#8221;4.13.0&#8243; _module_preset=&#8221;default&#8221; global_colors_info=&#8221;{}&#8221;][et_pb_text _builder_version=&#8221;4.13.0&#8243; _module_preset=&#8221;default&#8221; text_font=&#8221;Montserrat||||||||&#8221; text_text_color=&#8221;#000000&#8243; text_font_size=&#8221;12px&#8221; text_line_height=&#8221;1.2em&#8221; header_2_font=&#8221;Montserrat|600|||||||&#8221; header_2_text_color=&#8221;#ff914d&#8221; custom_margin=&#8221;16px|12px|8px|12px|false|false&#8221; custom_padding=&#8221;1px|||||&#8221; locked=&#8221;off&#8221; global_colors_info=&#8221;{}&#8221;]<\/p>\n<h2>Olh\u00e3o<\/h2>\n<p><strong>Entidade promotora:<\/strong><br \/>P\u00f3lo de Atendimento de Olh\u00e3o da APAV<\/p>\n<p><strong>Iniciativa | Atividade:<\/strong><br \/>A\u00e7\u00e3o de Sensibiliza\u00e7\u00e3o sobre Viol\u00eancia Dom\u00e9stica<\/p>\n<p>[\/et_pb_text][et_pb_toggle title=&#8221;Informa\u00e7\u00f5es&#8221; open_toggle_text_color=&#8221;#7f7f7f&#8221; open_toggle_background_color=&#8221;rgba(0,0,0,0.02)&#8221; closed_toggle_text_color=&#8221;#7f7f7f&#8221; closed_toggle_background_color=&#8221;rgba(0,0,0,0.02)&#8221; icon_color=&#8221;#ff914d&#8221; toggle_icon=&#8221;&#xe03a;||divi||400&#8243; use_icon_font_size=&#8221;on&#8221; icon_font_size=&#8221;23px&#8221; _builder_version=&#8221;4.13.0&#8243; _module_preset=&#8221;default&#8221; title_text_color=&#8221;#7f7f7f&#8221; title_font=&#8221;Montserrat|700|||||||&#8221; title_font_size=&#8221;15px&#8221; body_font=&#8221;Montserrat||||||||&#8221; body_text_color=&#8221;#000000&#8243; body_font_size=&#8221;11px&#8221; body_line_height=&#8221;1.2em&#8221; background_color=&#8221;rgba(255,255,255,0)&#8221; custom_margin=&#8221;|||8px|false|false&#8221; custom_padding=&#8221;12px|12px|12px|14px|false|false&#8221; border_radii=&#8221;on|24px|24px|24px|24px&#8221; border_color_all=&#8221;rgba(0,0,0,0.5)&#8221; locked=&#8221;off&#8221; global_colors_info=&#8221;{}&#8221;]<\/p>\n<p><strong>Iniciativa | Atividade<\/strong><br \/><em>A\u00e7\u00e3o de Sensibiliza\u00e7\u00e3o sobre Viol\u00eancia Dom\u00e9stica<\/em><br \/><strong>P\u00fablico-alvo <\/strong>alunos e colaboradores da universidade<strong><br \/>Local<\/strong> Universidade S\u00e9nior<br \/><strong>Data<\/strong> 20-11-2023<br \/><strong>Hora<\/strong> 10:00<\/p>\n<p>[\/et_pb_toggle][\/et_pb_column][et_pb_column type=&#8221;1_4&#8243; _builder_version=&#8221;4.13.0&#8243; _module_preset=&#8221;default&#8221; global_colors_info=&#8221;{}&#8221;][et_pb_text _builder_version=&#8221;4.13.0&#8243; _module_preset=&#8221;default&#8221; text_font=&#8221;Montserrat||||||||&#8221; text_text_color=&#8221;#000000&#8243; text_font_size=&#8221;12px&#8221; text_line_height=&#8221;1.2em&#8221; header_2_font=&#8221;Montserrat|600|||||||&#8221; header_2_text_color=&#8221;#ff914d&#8221; custom_margin=&#8221;16px|12px|8px|12px|false|false&#8221; custom_padding=&#8221;1px|||||&#8221; locked=&#8221;off&#8221; global_colors_info=&#8221;{}&#8221;]<\/p>\n<h2>Portim\u00e3o<\/h2>\n<p><strong>Entidade promotora:<\/strong><br \/>Munic\u00edpio de Portim\u00e3o<\/p>\n<p><strong>Iniciativa | Atividade:<\/strong><br \/>A\u00e7\u00e3o de sensibiliza\u00e7\u00e3o sobre a viol\u00eancia na pessoa idosa<\/p>\n<p>[\/et_pb_text][et_pb_toggle title=&#8221;Informa\u00e7\u00f5es&#8221; open_toggle_text_color=&#8221;#7f7f7f&#8221; open_toggle_background_color=&#8221;rgba(0,0,0,0.02)&#8221; closed_toggle_text_color=&#8221;#7f7f7f&#8221; closed_toggle_background_color=&#8221;rgba(0,0,0,0.02)&#8221; icon_color=&#8221;#ff914d&#8221; toggle_icon=&#8221;&#xe03a;||divi||400&#8243; use_icon_font_size=&#8221;on&#8221; icon_font_size=&#8221;23px&#8221; _builder_version=&#8221;4.13.0&#8243; _module_preset=&#8221;default&#8221; title_text_color=&#8221;#7f7f7f&#8221; title_font=&#8221;Montserrat|700|||||||&#8221; title_font_size=&#8221;15px&#8221; body_font=&#8221;Montserrat||||||||&#8221; body_text_color=&#8221;#000000&#8243; body_font_size=&#8221;11px&#8221; body_line_height=&#8221;1.2em&#8221; background_color=&#8221;rgba(255,255,255,0)&#8221; custom_margin=&#8221;|||8px|false|false&#8221; custom_padding=&#8221;12px|12px|12px|14px|false|false&#8221; border_radii=&#8221;on|24px|24px|24px|24px&#8221; border_color_all=&#8221;rgba(0,0,0,0.5)&#8221; locked=&#8221;off&#8221; global_colors_info=&#8221;{}&#8221;]<\/p>\n<p><strong>Iniciativa | Atividade<\/strong><br \/><em>A\u00e7\u00e3o de sensibiliza\u00e7\u00e3o sobre a viol\u00eancia na pessoa idosa<\/em><br \/>A ter lugar nos Centros de Conv\u00edvio S\u00e9nior de Portim\u00e3o e da Aldeia das Sobreiras.<br \/><strong>P\u00fablico-alvo<\/strong> Idosos.<br \/><strong>Local<\/strong> Centros de Conv\u00edvio s\u00e9nior<br \/><strong>Data<\/strong> 23\/11\/2023<br \/><strong>Hora<\/strong> 15:00<br \/><strong><\/strong><a href=\"https:\/\/www.facebook.com\/municipiomealhada\" target=\"_blank\" rel=\"noopener\"><\/a><\/p>\n<p>[\/et_pb_toggle][\/et_pb_column][et_pb_column type=&#8221;1_4&#8243; _builder_version=&#8221;4.13.0&#8243; _module_preset=&#8221;default&#8221; global_colors_info=&#8221;{}&#8221;][et_pb_text _builder_version=&#8221;4.13.0&#8243; _module_preset=&#8221;default&#8221; text_font=&#8221;Montserrat||||||||&#8221; text_text_color=&#8221;#000000&#8243; text_font_size=&#8221;12px&#8221; text_line_height=&#8221;1.2em&#8221; header_2_font=&#8221;Montserrat|600|||||||&#8221; header_2_text_color=&#8221;#ff914d&#8221; custom_margin=&#8221;16px|12px|8px|12px|false|false&#8221; custom_padding=&#8221;1px|||||&#8221; locked=&#8221;off&#8221; global_colors_info=&#8221;{}&#8221;]<\/p>\n<h2>Vila Real de Santo Ant\u00f3nio<\/h2>\n<p><strong>Entidade promotora:<\/strong><br \/>P\u00f3lo de Atendimento de Vila Real de Santo Ant\u00f3nio da APAV<\/p>\n<p><strong>Iniciativa | Atividade:<\/strong><br \/>Exposi\u00e7\u00e3o APAV|Pelos Direitos das V\u00edtimas<\/p>\n<p>[\/et_pb_text][et_pb_toggle title=&#8221;Informa\u00e7\u00f5es&#8221; open_toggle_text_color=&#8221;#7f7f7f&#8221; open_toggle_background_color=&#8221;rgba(0,0,0,0.02)&#8221; closed_toggle_text_color=&#8221;#7f7f7f&#8221; closed_toggle_background_color=&#8221;rgba(0,0,0,0.02)&#8221; icon_color=&#8221;#ff914d&#8221; toggle_icon=&#8221;&#xe03a;||divi||400&#8243; use_icon_font_size=&#8221;on&#8221; icon_font_size=&#8221;23px&#8221; _builder_version=&#8221;4.13.0&#8243; _module_preset=&#8221;default&#8221; title_text_color=&#8221;#7f7f7f&#8221; title_font=&#8221;Montserrat|700|||||||&#8221; title_font_size=&#8221;15px&#8221; body_font=&#8221;Montserrat||||||||&#8221; body_text_color=&#8221;#000000&#8243; body_font_size=&#8221;11px&#8221; body_line_height=&#8221;1.2em&#8221; background_color=&#8221;rgba(255,255,255,0)&#8221; custom_margin=&#8221;|||8px|false|false&#8221; custom_padding=&#8221;12px|12px|12px|14px|false|false&#8221; border_radii=&#8221;on|24px|24px|24px|24px&#8221; border_color_all=&#8221;rgba(0,0,0,0.5)&#8221; locked=&#8221;off&#8221; global_colors_info=&#8221;{}&#8221;]<\/p>\n<p><strong>Iniciativa | Atividade<\/strong><br \/><em>Exposi\u00e7\u00e3o APAV|Pelos Direitos das V\u00edtimas<\/em><br \/><strong>P\u00fablico-alvo<\/strong> comunidade geral<br \/><strong>Local<\/strong> Biblioteca Municipal de Vila Real de Santo Ant\u00f3nio<br \/><strong>Data<\/strong> De 15-11-2023 a 30-11-2023<\/p>\n<p>[\/et_pb_toggle][\/et_pb_column][\/et_pb_row][\/et_pb_section][et_pb_section fb_built=&#8221;1&#8243; admin_label=&#8221;Concelho&#8221; _builder_version=&#8221;4.13.0&#8243; _module_preset=&#8221;default&#8221; custom_margin=&#8221;4px||4px||false|false&#8221; custom_padding=&#8221;4px||4px||false|false&#8221; global_colors_info=&#8221;{}&#8221;][et_pb_row admin_label=&#8221;Leiria&#8221; _builder_version=&#8221;4.13.0&#8243; _module_preset=&#8221;default&#8221; background_color=&#8221;#071717&#8243; custom_margin=&#8221;40px||0px||false|false&#8221; custom_padding=&#8221;14px||14px||false|false&#8221; border_radii=&#8221;on|4px|4px|4px|4px&#8221; locked=&#8221;off&#8221; global_colors_info=&#8221;{}&#8221;][et_pb_column type=&#8221;4_4&#8243; _builder_version=&#8221;4.13.0&#8243; _module_preset=&#8221;default&#8221; global_colors_info=&#8221;{}&#8221;][et_pb_text admin_label=&#8221;Leiria&#8221; _builder_version=&#8221;4.13.0&#8243; _module_preset=&#8221;default&#8221; text_font=&#8221;Montserrat|700|||||||&#8221; text_text_color=&#8221;#FFFFFF&#8221; text_font_size=&#8221;16px&#8221; text_letter_spacing=&#8221;1px&#8221; custom_margin=&#8221;2px||0px|20px|false|false&#8221; custom_padding=&#8221;6px||2px||false|false&#8221; global_colors_info=&#8221;{}&#8221;]<\/p>\n<p><span style=\"color: #ffde59;\">Distrito: <\/span><span style=\"font-size: xx-large;\">Leiria<br \/><\/span><\/p>\n<p>[\/et_pb_text][\/et_pb_column][\/et_pb_row][et_pb_row column_structure=&#8221;1_4,1_4,1_4,1_4&#8243; use_custom_gutter=&#8221;on&#8221; gutter_width=&#8221;2&#8243; _builder_version=&#8221;4.13.0&#8243; _module_preset=&#8221;default&#8221; custom_margin=&#8221;||0px||false|false&#8221; custom_padding=&#8221;||0px||false|false&#8221; locked=&#8221;off&#8221; global_colors_info=&#8221;{}&#8221;][et_pb_column type=&#8221;1_4&#8243; _builder_version=&#8221;4.13.0&#8243; _module_preset=&#8221;default&#8221; global_colors_info=&#8221;{}&#8221;][et_pb_text _builder_version=&#8221;4.13.0&#8243; _module_preset=&#8221;default&#8221; text_font=&#8221;Montserrat||||||||&#8221; text_text_color=&#8221;#000000&#8243; text_font_size=&#8221;12px&#8221; text_line_height=&#8221;1.2em&#8221; header_2_font=&#8221;Montserrat|600|||||||&#8221; header_2_text_color=&#8221;#ff914d&#8221; custom_margin=&#8221;16px|12px|8px|12px|false|false&#8221; custom_padding=&#8221;1px|||||&#8221; locked=&#8221;off&#8221; global_colors_info=&#8221;{}&#8221;]<\/p>\n<h2>Nazar\u00e9<\/h2>\n<p><strong>Entidade promotora:<\/strong><br \/>C\u00e2mara Municipal da Nazar\u00e9<\/p>\n<p><strong>Iniciativa | Atividade:<\/strong><br \/>Divulga\u00e7\u00e3o da campanha da CIG &#8220;As desculpas para o que lhe fez s\u00e3o uma data delas&#8221;<\/p>\n<p>[\/et_pb_text][et_pb_toggle title=&#8221;Informa\u00e7\u00f5es&#8221; open_toggle_text_color=&#8221;#7f7f7f&#8221; open_toggle_background_color=&#8221;rgba(0,0,0,0.02)&#8221; closed_toggle_text_color=&#8221;#7f7f7f&#8221; closed_toggle_background_color=&#8221;rgba(0,0,0,0.02)&#8221; icon_color=&#8221;#ff914d&#8221; toggle_icon=&#8221;&#xe03a;||divi||400&#8243; use_icon_font_size=&#8221;on&#8221; icon_font_size=&#8221;23px&#8221; _builder_version=&#8221;4.13.0&#8243; _module_preset=&#8221;default&#8221; title_text_color=&#8221;#7f7f7f&#8221; title_font=&#8221;Montserrat|700|||||||&#8221; title_font_size=&#8221;15px&#8221; body_font=&#8221;Montserrat||||||||&#8221; body_text_color=&#8221;#000000&#8243; body_font_size=&#8221;11px&#8221; body_line_height=&#8221;1.2em&#8221; background_color=&#8221;rgba(255,255,255,0)&#8221; custom_margin=&#8221;|||8px|false|false&#8221; custom_padding=&#8221;12px|12px|12px|14px|false|false&#8221; border_radii=&#8221;on|24px|24px|24px|24px&#8221; border_color_all=&#8221;rgba(0,0,0,0.5)&#8221; locked=&#8221;off&#8221; global_colors_info=&#8221;{}&#8221;]<\/p>\n<p><strong>Iniciativa | Atividade<\/strong><br \/><em>Divulga\u00e7\u00e3o da campanha da CIG &#8220;As desculpas para o que lhe fez s\u00e3o uma data delas&#8221;<\/em><br \/>Divulga\u00e7\u00e3o junto dos Parceiros da Rede Social e p\u00fablico em geral da Campanha da CIG &#8220;As desculpas para o que lhe fez s\u00e3o uma data delas&#8221;, que assinala o dia 25 de Novembro &#8211; Dia Internacional para a Elimina\u00e7\u00e3o da Viol\u00eancia contra as Mulheres.<br \/><strong>P\u00fablico-alvo<\/strong> P\u00fablico em geral<br \/><strong>Local<\/strong> Nazar\u00e9<br \/><strong>Data<\/strong> 25\/11\/2023<br \/><strong>Hora<\/strong> 9:00<br \/><strong><\/strong><a href=\"https:\/\/www.facebook.com\/municipiomealhada\" target=\"_blank\" rel=\"noopener\"><\/a><\/p>\n<p>[\/et_pb_toggle][\/et_pb_column][et_pb_column type=&#8221;1_4&#8243; _builder_version=&#8221;4.13.0&#8243; _module_preset=&#8221;default&#8221; global_colors_info=&#8221;{}&#8221;][et_pb_text _builder_version=&#8221;4.13.0&#8243; _module_preset=&#8221;default&#8221; text_font=&#8221;Montserrat||||||||&#8221; text_text_color=&#8221;#000000&#8243; text_font_size=&#8221;12px&#8221; text_line_height=&#8221;1.2em&#8221; header_2_font=&#8221;Montserrat|600|||||||&#8221; header_2_text_color=&#8221;#ff914d&#8221; custom_margin=&#8221;16px|12px|8px|12px|false|false&#8221; custom_padding=&#8221;1px|||||&#8221; locked=&#8221;off&#8221; global_colors_info=&#8221;{}&#8221;]<\/p>\n<h2>Pombal<\/h2>\n<p><strong>Entidade promotora:<\/strong><br \/>APEPI<\/p>\n<p><strong>Iniciativa | Atividade:<\/strong><br \/>Visita guiada \u00e0s Exposi\u00e7\u00f5es<\/p>\n<p>[\/et_pb_text][et_pb_toggle title=&#8221;Informa\u00e7\u00f5es&#8221; open_toggle_text_color=&#8221;#7f7f7f&#8221; open_toggle_background_color=&#8221;rgba(0,0,0,0.02)&#8221; closed_toggle_text_color=&#8221;#7f7f7f&#8221; closed_toggle_background_color=&#8221;rgba(0,0,0,0.02)&#8221; icon_color=&#8221;#ff914d&#8221; toggle_icon=&#8221;&#xe03a;||divi||400&#8243; use_icon_font_size=&#8221;on&#8221; icon_font_size=&#8221;23px&#8221; _builder_version=&#8221;4.13.0&#8243; _module_preset=&#8221;default&#8221; title_text_color=&#8221;#7f7f7f&#8221; title_font=&#8221;Montserrat|700|||||||&#8221; title_font_size=&#8221;15px&#8221; body_font=&#8221;Montserrat||||||||&#8221; body_text_color=&#8221;#000000&#8243; body_font_size=&#8221;11px&#8221; body_line_height=&#8221;1.2em&#8221; background_color=&#8221;rgba(255,255,255,0)&#8221; custom_margin=&#8221;|||8px|false|false&#8221; custom_padding=&#8221;12px|12px|12px|14px|false|false&#8221; border_radii=&#8221;on|24px|24px|24px|24px&#8221; border_color_all=&#8221;rgba(0,0,0,0.5)&#8221; locked=&#8221;off&#8221; global_colors_info=&#8221;{}&#8221;]<\/p>\n<p><strong>Iniciativa | Atividade<\/strong><br \/><em>Visita guiada \u00e0s Exposi\u00e7\u00f5es<br \/><\/em>Visita guiada \u00e0s Exposi\u00e7\u00f5es com sensibiliza\u00e7\u00e3o ao tema aos alunos\/as das Escolas de Pombal<br \/><strong>P\u00fablico-alvo <\/strong>professores\/as e alunos\/as<strong><br \/>Local<\/strong> Pombal<br \/><strong>Data<\/strong> 24\/11\/2023<br \/><strong>Hora<\/strong> 9:30<\/p>\n<p>[\/et_pb_toggle][\/et_pb_column][et_pb_column type=&#8221;1_4&#8243; _builder_version=&#8221;4.13.0&#8243; _module_preset=&#8221;default&#8221; global_colors_info=&#8221;{}&#8221;][et_pb_text _builder_version=&#8221;4.13.0&#8243; _module_preset=&#8221;default&#8221; text_font=&#8221;Montserrat||||||||&#8221; text_text_color=&#8221;#000000&#8243; text_font_size=&#8221;12px&#8221; text_line_height=&#8221;1.2em&#8221; header_2_font=&#8221;Montserrat|600|||||||&#8221; header_2_text_color=&#8221;#ff914d&#8221; custom_margin=&#8221;16px|12px|8px|12px|false|false&#8221; custom_padding=&#8221;1px|||||&#8221; locked=&#8221;off&#8221; global_colors_info=&#8221;{}&#8221;]<\/p>\n<h2>Pombal<\/h2>\n<p><strong>Entidade promotora:<\/strong><br \/>APEPI<\/p>\n<p><strong>Iniciativa | Atividade:<\/strong><br \/>Exposi\u00e7\u00e3o sobre atividades desenvolvidas desde 2002 sobre o tema<\/p>\n<p>[\/et_pb_text][et_pb_toggle title=&#8221;Informa\u00e7\u00f5es&#8221; open_toggle_text_color=&#8221;#7f7f7f&#8221; open_toggle_background_color=&#8221;rgba(0,0,0,0.02)&#8221; closed_toggle_text_color=&#8221;#7f7f7f&#8221; closed_toggle_background_color=&#8221;rgba(0,0,0,0.02)&#8221; icon_color=&#8221;#ff914d&#8221; toggle_icon=&#8221;&#xe03a;||divi||400&#8243; use_icon_font_size=&#8221;on&#8221; icon_font_size=&#8221;23px&#8221; _builder_version=&#8221;4.13.0&#8243; _module_preset=&#8221;default&#8221; title_text_color=&#8221;#7f7f7f&#8221; title_font=&#8221;Montserrat|700|||||||&#8221; title_font_size=&#8221;15px&#8221; body_font=&#8221;Montserrat||||||||&#8221; body_text_color=&#8221;#000000&#8243; body_font_size=&#8221;11px&#8221; body_line_height=&#8221;1.2em&#8221; background_color=&#8221;rgba(255,255,255,0)&#8221; custom_margin=&#8221;|||8px|false|false&#8221; custom_padding=&#8221;12px|12px|12px|14px|false|false&#8221; border_radii=&#8221;on|24px|24px|24px|24px&#8221; border_color_all=&#8221;rgba(0,0,0,0.5)&#8221; locked=&#8221;off&#8221; global_colors_info=&#8221;{}&#8221;]<\/p>\n<p><strong>Iniciativa | Atividade<\/strong><br \/><em>Exposi\u00e7\u00e3o sobre atividades desenvolvidas desde 2002 sobre o tema<\/em><br \/><strong>P\u00fablico-alvo<\/strong> Comunidade em geral<br \/><strong>Local<\/strong> Pombal<br \/><strong>Data<\/strong> 24\/11\/2024<br \/><strong>Hora<\/strong> 9:30<\/p>\n<p>[\/et_pb_toggle][\/et_pb_column][et_pb_column type=&#8221;1_4&#8243; _builder_version=&#8221;4.13.0&#8243; _module_preset=&#8221;default&#8221; global_colors_info=&#8221;{}&#8221;][\/et_pb_column][\/et_pb_row][\/et_pb_section][et_pb_section fb_built=&#8221;1&#8243; admin_label=&#8221;Concelho&#8221; _builder_version=&#8221;4.13.0&#8243; _module_preset=&#8221;default&#8221; custom_margin=&#8221;4px||4px||false|false&#8221; custom_padding=&#8221;4px||4px||false|false&#8221; global_colors_info=&#8221;{}&#8221;][et_pb_row admin_label=&#8221;Lisboa&#8221; _builder_version=&#8221;4.13.0&#8243; _module_preset=&#8221;default&#8221; background_color=&#8221;#071717&#8243; custom_margin=&#8221;40px||0px||false|false&#8221; custom_padding=&#8221;14px||14px||false|false&#8221; border_radii=&#8221;on|4px|4px|4px|4px&#8221; locked=&#8221;off&#8221; global_colors_info=&#8221;{}&#8221;][et_pb_column type=&#8221;4_4&#8243; _builder_version=&#8221;4.13.0&#8243; _module_preset=&#8221;default&#8221; global_colors_info=&#8221;{}&#8221;][et_pb_text admin_label=&#8221;Lisboa&#8221; _builder_version=&#8221;4.13.0&#8243; _module_preset=&#8221;default&#8221; text_font=&#8221;Montserrat|700|||||||&#8221; text_text_color=&#8221;#FFFFFF&#8221; text_font_size=&#8221;16px&#8221; text_letter_spacing=&#8221;1px&#8221; custom_margin=&#8221;2px||0px|20px|false|false&#8221; custom_padding=&#8221;6px||2px||false|false&#8221; global_colors_info=&#8221;{}&#8221;]<\/p>\n<p><span style=\"color: #ffde59;\">Distrito: <\/span><span style=\"font-size: xx-large;\">Lisboa<\/span><\/p>\n<p>[\/et_pb_text][\/et_pb_column][\/et_pb_row][et_pb_row column_structure=&#8221;1_4,1_4,1_4,1_4&#8243; use_custom_gutter=&#8221;on&#8221; gutter_width=&#8221;2&#8243; _builder_version=&#8221;4.13.0&#8243; _module_preset=&#8221;default&#8221; custom_margin=&#8221;||0px||false|false&#8221; custom_padding=&#8221;||0px||false|false&#8221; locked=&#8221;off&#8221; global_colors_info=&#8221;{}&#8221;][et_pb_column type=&#8221;1_4&#8243; _builder_version=&#8221;4.13.0&#8243; _module_preset=&#8221;default&#8221; global_colors_info=&#8221;{}&#8221;][et_pb_text _builder_version=&#8221;4.13.0&#8243; _module_preset=&#8221;default&#8221; text_font=&#8221;Montserrat||||||||&#8221; text_text_color=&#8221;#000000&#8243; text_font_size=&#8221;12px&#8221; text_line_height=&#8221;1.2em&#8221; header_2_font=&#8221;Montserrat|600|||||||&#8221; header_2_text_color=&#8221;#ff914d&#8221; custom_margin=&#8221;16px|12px|8px|12px|false|false&#8221; custom_padding=&#8221;1px|||||&#8221; locked=&#8221;off&#8221; global_colors_info=&#8221;{}&#8221;]<\/p>\n<h2>Amadora<\/h2>\n<p><strong>Entidade promotora:<\/strong><br \/>C\u00e2mara Municipal da Amadora &#8211; Servi\u00e7o de Atendimento a Vitimas de Viol\u00eancia (SAEVV)<\/p>\n<p><strong>Iniciativa | Atividade:<\/strong><br \/>Semin\u00e1rio: Viol\u00eancia Dom\u00e9stica: quando o essencial n\u00e3o \u00e9 vis\u00edvel aos olhos<\/p>\n<p>[\/et_pb_text][et_pb_toggle title=&#8221;Informa\u00e7\u00f5es&#8221; open_toggle_text_color=&#8221;#7f7f7f&#8221; open_toggle_background_color=&#8221;rgba(0,0,0,0.02)&#8221; closed_toggle_text_color=&#8221;#7f7f7f&#8221; closed_toggle_background_color=&#8221;rgba(0,0,0,0.02)&#8221; icon_color=&#8221;#ff914d&#8221; toggle_icon=&#8221;&#xe03a;||divi||400&#8243; use_icon_font_size=&#8221;on&#8221; icon_font_size=&#8221;23px&#8221; _builder_version=&#8221;4.13.0&#8243; _module_preset=&#8221;default&#8221; title_text_color=&#8221;#7f7f7f&#8221; title_font=&#8221;Montserrat|700|||||||&#8221; title_font_size=&#8221;15px&#8221; body_font=&#8221;Montserrat||||||||&#8221; body_text_color=&#8221;#000000&#8243; body_font_size=&#8221;11px&#8221; body_line_height=&#8221;1.2em&#8221; background_color=&#8221;rgba(255,255,255,0)&#8221; custom_margin=&#8221;|||8px|false|false&#8221; custom_padding=&#8221;12px|12px|12px|14px|false|false&#8221; border_radii=&#8221;on|24px|24px|24px|24px&#8221; border_color_all=&#8221;rgba(0,0,0,0.5)&#8221; locked=&#8221;off&#8221; global_colors_info=&#8221;{}&#8221;]<\/p>\n<p><strong>Iniciativa | Atividade<\/strong><br \/><em>Semin\u00e1rio: Viol\u00eancia Dom\u00e9stica: quando o essencial n\u00e3o \u00e9 vis\u00edvel aos olhos<\/em><br \/>Com a realiza\u00e7\u00e3o do Semin\u00e1rio, pretende-se a apresenta\u00e7\u00e3o e debate das causas e efeitos do trauma em v\u00edtimas de viol\u00eancia dom\u00e9stica e do fen\u00f3meno da viol\u00eancia dom\u00e9stica praticada atrav\u00e9s de imagens e nas redes sociais, recorrendo a uma abordagem multidisciplinar e metodologias expositivas e participativas<br \/><strong>P\u00fablico-alvo<\/strong> P\u00fablico em geral<br \/><strong>Local<\/strong> Audit\u00f3rio Amadora Inova &#8211; Rua Henrique Paiva Couceiro 10, 2700-453 Amadora<br \/><strong>Data<\/strong> 27\/11\/2023<br \/><strong>Hora<\/strong> 9:30<\/p>\n<p><div id=\"attachment_3625\" style=\"width: 1210px\" class=\"wp-caption aligncenter\"><a href=\"https:\/\/www.cig.gov.pt\/iniciativas-nacionais\/wp-content\/uploads\/2023\/11\/VD-seminario-save-the-date-Catarina-Jesus.png\" target=\"_blank\" rel=\"noopener\"><img aria-describedby=\"caption-attachment-3625\" loading=\"lazy\" src=\"https:\/\/www.cig.gov.pt\/iniciativas-nacionais\/wp-content\/uploads\/2023\/11\/VD-seminario-save-the-date-Catarina-Jesus.png\" width=\"1200\" height=\"600\" alt=\"Semin\u00e1rio: Viol\u00eancia Dom\u00e9stica: quando o essencial n\u00e3o \u00e9 vis\u00edvel aos olhos\" class=\"wp-image-3625 size-full\" srcset=\"https:\/\/www.cig.gov.pt\/iniciativas-nacionais\/wp-content\/uploads\/2023\/11\/VD-seminario-save-the-date-Catarina-Jesus.png 1200w, https:\/\/www.cig.gov.pt\/iniciativas-nacionais\/wp-content\/uploads\/2023\/11\/VD-seminario-save-the-date-Catarina-Jesus-980x490.png 980w, https:\/\/www.cig.gov.pt\/iniciativas-nacionais\/wp-content\/uploads\/2023\/11\/VD-seminario-save-the-date-Catarina-Jesus-480x240.png 480w\" sizes=\"(min-width: 0px) and (max-width: 480px) 480px, (min-width: 481px) and (max-width: 980px) 980px, (min-width: 981px) 1200px, 100vw\" \/><\/a><p id=\"caption-attachment-3625\" class=\"wp-caption-text\">Semin\u00e1rio: Viol\u00eancia Dom\u00e9stica: quando o essencial n\u00e3o \u00e9 vis\u00edvel aos olhos<\/p><\/div>[\/et_pb_toggle][\/et_pb_column][et_pb_column type=&#8221;1_4&#8243; _builder_version=&#8221;4.13.0&#8243; _module_preset=&#8221;default&#8221; global_colors_info=&#8221;{}&#8221;][et_pb_text _builder_version=&#8221;4.13.0&#8243; _module_preset=&#8221;default&#8221; text_font=&#8221;Montserrat||||||||&#8221; text_text_color=&#8221;#000000&#8243; text_font_size=&#8221;12px&#8221; text_line_height=&#8221;1.2em&#8221; header_2_font=&#8221;Montserrat|600|||||||&#8221; header_2_text_color=&#8221;#ff914d&#8221; custom_margin=&#8221;16px|12px|8px|12px|false|false&#8221; custom_padding=&#8221;1px|||||&#8221; locked=&#8221;off&#8221; global_colors_info=&#8221;{}&#8221;]<\/p>\n<h2>Amadora<\/h2>\n<p><strong>Entidade promotora:<\/strong><br \/>CPCJ Amadora<\/p>\n<p><strong>Iniciativa | Atividade:<\/strong><br \/>A\u00e7\u00f5es de Sensibiliza\u00e7\u00e3o &#8211; Viol\u00eancia no Namoro<\/p>\n<p>[\/et_pb_text][et_pb_toggle title=&#8221;Informa\u00e7\u00f5es&#8221; open_toggle_text_color=&#8221;#7f7f7f&#8221; open_toggle_background_color=&#8221;rgba(0,0,0,0.02)&#8221; closed_toggle_text_color=&#8221;#7f7f7f&#8221; closed_toggle_background_color=&#8221;rgba(0,0,0,0.02)&#8221; icon_color=&#8221;#ff914d&#8221; toggle_icon=&#8221;&#xe03a;||divi||400&#8243; use_icon_font_size=&#8221;on&#8221; icon_font_size=&#8221;23px&#8221; _builder_version=&#8221;4.13.0&#8243; _module_preset=&#8221;default&#8221; title_text_color=&#8221;#7f7f7f&#8221; title_font=&#8221;Montserrat|700|||||||&#8221; title_font_size=&#8221;15px&#8221; body_font=&#8221;Montserrat||||||||&#8221; body_text_color=&#8221;#000000&#8243; body_font_size=&#8221;11px&#8221; body_line_height=&#8221;1.2em&#8221; background_color=&#8221;rgba(255,255,255,0)&#8221; custom_margin=&#8221;|||8px|false|false&#8221; custom_padding=&#8221;12px|12px|12px|14px|false|false&#8221; border_radii=&#8221;on|24px|24px|24px|24px&#8221; border_color_all=&#8221;rgba(0,0,0,0.5)&#8221; locked=&#8221;off&#8221; global_colors_info=&#8221;{}&#8221;]<\/p>\n<p><strong>Iniciativa | Atividade<\/strong><br \/><em>A\u00e7\u00f5es de Sensibiliza\u00e7\u00e3o &#8211; Viol\u00eancia no Namoro<\/em><br \/>A\u00e7\u00f5es de sensibiliza\u00e7\u00e3o nas aulas de cidadania com o envolvimento dos alunos em debate, apresenta\u00e7\u00e3o de dados e constru\u00e7\u00e3o de trabalhos dos pr\u00f3prios sobre o tema, que ser\u00e3o posteriormente apresentados em turma.<br \/><strong>P\u00fablico-alvo<\/strong> alunos 9\u00ba ano<br \/><strong>Local<\/strong> Escolas do Concelho Amadora<br \/><strong>Data<\/strong> 30\/11\/2023<br \/><strong>Hora<\/strong> 10:00<\/p>\n<p>[\/et_pb_toggle][\/et_pb_column][et_pb_column type=&#8221;1_4&#8243; _builder_version=&#8221;4.13.0&#8243; _module_preset=&#8221;default&#8221; global_colors_info=&#8221;{}&#8221;][et_pb_text _builder_version=&#8221;4.13.0&#8243; _module_preset=&#8221;default&#8221; text_font=&#8221;Montserrat||||||||&#8221; text_text_color=&#8221;#000000&#8243; text_font_size=&#8221;12px&#8221; text_line_height=&#8221;1.2em&#8221; header_2_font=&#8221;Montserrat|600|||||||&#8221; header_2_text_color=&#8221;#ff914d&#8221; custom_margin=&#8221;16px|12px|8px|12px|false|false&#8221; custom_padding=&#8221;1px|||||&#8221; locked=&#8221;off&#8221; global_colors_info=&#8221;{}&#8221;]<\/p>\n<h2>Lisboa<\/h2>\n<p><strong>Entidade promotora:<\/strong><br \/>GAT&amp; Manas<\/p>\n<p><strong>Iniciativa | Atividade:<\/strong><br \/>Confer\u00eancia &#8211; Elimina\u00e7\u00e3o da Viol\u00eancia em Mulheres que Usam Drogas<\/p>\n<p>[\/et_pb_text][et_pb_toggle title=&#8221;Informa\u00e7\u00f5es&#8221; open_toggle_text_color=&#8221;#7f7f7f&#8221; open_toggle_background_color=&#8221;rgba(0,0,0,0.02)&#8221; closed_toggle_text_color=&#8221;#7f7f7f&#8221; closed_toggle_background_color=&#8221;rgba(0,0,0,0.02)&#8221; icon_color=&#8221;#ff914d&#8221; toggle_icon=&#8221;&#xe03a;||divi||400&#8243; use_icon_font_size=&#8221;on&#8221; icon_font_size=&#8221;23px&#8221; _builder_version=&#8221;4.13.0&#8243; _module_preset=&#8221;default&#8221; title_text_color=&#8221;#7f7f7f&#8221; title_font=&#8221;Montserrat|700|||||||&#8221; title_font_size=&#8221;15px&#8221; body_font=&#8221;Montserrat||||||||&#8221; body_text_color=&#8221;#000000&#8243; body_font_size=&#8221;11px&#8221; body_line_height=&#8221;1.2em&#8221; background_color=&#8221;rgba(255,255,255,0)&#8221; custom_margin=&#8221;|||8px|false|false&#8221; custom_padding=&#8221;12px|12px|12px|14px|false|false&#8221; border_radii=&#8221;on|24px|24px|24px|24px&#8221; border_color_all=&#8221;rgba(0,0,0,0.5)&#8221; locked=&#8221;off&#8221; global_colors_info=&#8221;{}&#8221;]<\/p>\n<p><strong>Iniciativa | Atividade<\/strong><br \/><em>Confer\u00eancia &#8211; Elimina\u00e7\u00e3o da Viol\u00eancia em Mulheres que Usam Drogas<br \/><\/em>A 25 de novembro assinala se o Dia da Elimina\u00e7\u00e3o da Viol\u00eancia de G\u00e9nero. Nesta data inicia se tamb\u00e9m a campanha internacional, lan\u00e7ada pelas Na\u00e7\u00f5es Unidas, Campanha Internacional para a Elimina\u00e7\u00e3o da Viol\u00eancia contra as Mulheres, que marca o in\u00edcio de 16 dias de a\u00e7\u00e3o que se estendem at\u00e9 o dia 10 de dezembro, Dia Internacional dos Direitos Humanos. A Rede Internacional de Mulheres e Redu\u00e7\u00e3o de Riscos (WHRIN) em parceria com a Rede Europeia de Pessoas que Usam Drogas (EuroNPUD) EuroNPUD), incentiva m as organiza\u00e7\u00f5es da sociedade civil e grupos informais em todo o mundo a colaborar e rganizar ac\u00e7\u00f5es pol\u00edticas para destacar a necessidade de acabar com a viol\u00eancia contra as mulheres , mais particularmente, com enfoque em mulheres que sobrevivem a m\u00faltiplas vulnerabilidades, entre estas, mulheres que usam drogas com o objectivo de contribuir para a melhoria de pol\u00edticas p\u00fablicas com enfoque no feminismo interseccional, na redu\u00e7\u00e3o de riscos e minimiza\u00e7\u00e3o de danos, seguindo a perspectiva universal dos direitos humanos<br \/><strong>P\u00fablic-alvo <\/strong>Governantes, investigadores, ONG, institui\u00e7\u00f5es<strong><br \/>Local<\/strong> Assembleia da Rep\u00fablica ou universidade * a confirmar<br \/><strong>Data<\/strong> 30\/11\/2023<br \/><strong>Hora<\/strong> 9:00<\/p>\n<p>[\/et_pb_toggle][\/et_pb_column][et_pb_column type=&#8221;1_4&#8243; _builder_version=&#8221;4.13.0&#8243; _module_preset=&#8221;default&#8221; global_colors_info=&#8221;{}&#8221;][et_pb_text _builder_version=&#8221;4.13.0&#8243; _module_preset=&#8221;default&#8221; text_font=&#8221;Montserrat||||||||&#8221; text_text_color=&#8221;#000000&#8243; text_font_size=&#8221;12px&#8221; text_line_height=&#8221;1.2em&#8221; header_2_font=&#8221;Montserrat|600|||||||&#8221; header_2_text_color=&#8221;#ff914d&#8221; custom_margin=&#8221;16px|12px|8px|12px|false|false&#8221; custom_padding=&#8221;1px|||||&#8221; locked=&#8221;off&#8221; global_colors_info=&#8221;{}&#8221;]<\/p>\n<h2>Loures<\/h2>\n<p><strong>Entidade promotora:<\/strong><br \/>C\u00e2mara Municipal de Loures<\/p>\n<p><strong>Iniciativa | Atividade:<\/strong><br \/>Ningu\u00e9m sabe o que esconde um rosto<br \/>A Viol\u00eancia Contra a Mulher: Passado e Presente<\/p>\n<p>[\/et_pb_text][et_pb_toggle title=&#8221;Informa\u00e7\u00f5es&#8221; open_toggle_text_color=&#8221;#7f7f7f&#8221; open_toggle_background_color=&#8221;rgba(0,0,0,0.02)&#8221; closed_toggle_text_color=&#8221;#7f7f7f&#8221; closed_toggle_background_color=&#8221;rgba(0,0,0,0.02)&#8221; icon_color=&#8221;#ff914d&#8221; toggle_icon=&#8221;&#xe03a;||divi||400&#8243; use_icon_font_size=&#8221;on&#8221; icon_font_size=&#8221;23px&#8221; _builder_version=&#8221;4.13.0&#8243; _module_preset=&#8221;default&#8221; title_text_color=&#8221;#7f7f7f&#8221; title_font=&#8221;Montserrat|700|||||||&#8221; title_font_size=&#8221;15px&#8221; body_font=&#8221;Montserrat||||||||&#8221; body_text_color=&#8221;#000000&#8243; body_font_size=&#8221;11px&#8221; body_line_height=&#8221;1.2em&#8221; background_color=&#8221;rgba(255,255,255,0)&#8221; custom_margin=&#8221;|||8px|false|false&#8221; custom_padding=&#8221;12px|12px|12px|14px|false|false&#8221; border_radii=&#8221;on|24px|24px|24px|24px&#8221; border_color_all=&#8221;rgba(0,0,0,0.5)&#8221; locked=&#8221;off&#8221; global_colors_info=&#8221;{}&#8221;]<\/p>\n<p><strong>Iniciativa | Atividade<\/strong><br \/><em>Ningu\u00e9m sabe o que esconde um rosto<\/em><br \/>Refletir sobre os pap\u00e9is dos profissionais, nas v\u00e1rias fun\u00e7\u00f5es desempenhadas e os \u2018olhares\u2019 sobre a v\u00edtima (preconceitos, ju\u00edzos de valor, sinais relevantes a considerar). <br \/><strong>P\u00fablico-alvo<\/strong> Equipa para a Igualdade na Vida Local<br \/><strong>Local<\/strong> Pal\u00e1cio Marqueses da Praia e Monforte<br \/><strong>Data<\/strong> 17\/11\/2023<br \/><strong>Hora<\/strong> 9:30<\/p>\n<p><strong>Iniciativa | Atividade<\/strong><br \/><em>A Viol\u00eancia Contra a Mulher: Passado e Presente<\/em><br \/>Reflex\u00e3o intergeracional sobre viol\u00eancia dom\u00e9stica e o papel da mulher ao longo do tempo <br \/>P\u00fablico-alvo Alunos da academia s\u00e9nior e alunos de curso de teatro<br \/><strong>Local<\/strong> Academia S\u00e9nior de Loures<br \/><strong>Data<\/strong> 24\/10\/2023<br \/><strong>Hora<\/strong> 15:30<\/p>\n<p>[\/et_pb_toggle][\/et_pb_column][\/et_pb_row][et_pb_row column_structure=&#8221;1_4,1_4,1_4,1_4&#8243; use_custom_gutter=&#8221;on&#8221; gutter_width=&#8221;2&#8243; _builder_version=&#8221;4.13.0&#8243; _module_preset=&#8221;default&#8221; custom_margin=&#8221;||0px||false|false&#8221; custom_padding=&#8221;||0px||false|false&#8221; locked=&#8221;off&#8221; global_colors_info=&#8221;{}&#8221;][et_pb_column type=&#8221;1_4&#8243; _builder_version=&#8221;4.13.0&#8243; _module_preset=&#8221;default&#8221; global_colors_info=&#8221;{}&#8221;][et_pb_text _builder_version=&#8221;4.13.0&#8243; _module_preset=&#8221;default&#8221; text_font=&#8221;Montserrat||||||||&#8221; text_text_color=&#8221;#000000&#8243; text_font_size=&#8221;12px&#8221; text_line_height=&#8221;1.2em&#8221; header_2_font=&#8221;Montserrat|600|||||||&#8221; header_2_text_color=&#8221;#ff914d&#8221; custom_margin=&#8221;16px|12px|8px|12px|false|false&#8221; custom_padding=&#8221;1px|||||&#8221; locked=&#8221;off&#8221; global_colors_info=&#8221;{}&#8221;]<\/p>\n<h2>Odivelas<\/h2>\n<p><strong>Entidade promotora:<\/strong><br \/>Quinta do Mendes<\/p>\n<p><strong>Iniciativa | Atividade:<\/strong><br \/><span data-sheets-value=\"{&quot;1&quot;:2,&quot;2&quot;:&quot;Semin\u00e1rio &quot;O Fen\u00f3meno da Viol\u00eancia Dom\u00e9stica na Amadora: Da Identifica\u00e7\u00e3o do Risco \u00e0 Interven\u00e7\u00e3o&quot;}\" data-sheets-userformat=\"{&quot;2&quot;:513,&quot;3&quot;:{&quot;1&quot;:0},&quot;12&quot;:0}\">Confer\u00eancia &#8220;Partilha de experi\u00eancias<\/span>&#8220;<\/p>\n<p>[\/et_pb_text][et_pb_toggle title=&#8221;Informa\u00e7\u00f5es&#8221; open_toggle_text_color=&#8221;#7f7f7f&#8221; open_toggle_background_color=&#8221;rgba(0,0,0,0.02)&#8221; closed_toggle_text_color=&#8221;#7f7f7f&#8221; closed_toggle_background_color=&#8221;rgba(0,0,0,0.02)&#8221; icon_color=&#8221;#ff914d&#8221; toggle_icon=&#8221;&#xe03a;||divi||400&#8243; use_icon_font_size=&#8221;on&#8221; icon_font_size=&#8221;23px&#8221; _builder_version=&#8221;4.13.0&#8243; _module_preset=&#8221;default&#8221; title_text_color=&#8221;#7f7f7f&#8221; title_font=&#8221;Montserrat|700|||||||&#8221; title_font_size=&#8221;15px&#8221; body_font=&#8221;Montserrat||||||||&#8221; body_text_color=&#8221;#000000&#8243; body_font_size=&#8221;11px&#8221; body_line_height=&#8221;1.2em&#8221; background_color=&#8221;rgba(255,255,255,0)&#8221; custom_margin=&#8221;|||8px|false|false&#8221; custom_padding=&#8221;12px|12px|12px|14px|false|false&#8221; border_radii=&#8221;on|24px|24px|24px|24px&#8221; border_color_all=&#8221;rgba(0,0,0,0.5)&#8221; locked=&#8221;off&#8221; global_colors_info=&#8221;{}&#8221;]<a href=\"https:\/\/www.cig.gov.pt\/iniciativas-nacionais\/wp-content\/uploads\/2023\/11\/Programa_Forum.pdf\" target=\"_blank\" rel=\"noopener\" title=\"Confer\u00eancia\"><img loading=\"lazy\" src=\"https:\/\/www.cig.gov.pt\/iniciativas-nacionais\/wp-content\/uploads\/2023\/11\/alverca.png\" width=\"400\" height=\"568\" alt=\"Confer\u00eancia \" class=\"wp-image-3620 aligncenter size-full\" srcset=\"https:\/\/www.cig.gov.pt\/iniciativas-nacionais\/wp-content\/uploads\/2023\/11\/alverca.png 400w, https:\/\/www.cig.gov.pt\/iniciativas-nacionais\/wp-content\/uploads\/2023\/11\/alverca-211x300.png 211w\" sizes=\"(max-width: 400px) 100vw, 400px\" \/><\/a>[\/et_pb_toggle][\/et_pb_column][et_pb_column type=&#8221;1_4&#8243; _builder_version=&#8221;4.13.0&#8243; _module_preset=&#8221;default&#8221; global_colors_info=&#8221;{}&#8221;][et_pb_text _builder_version=&#8221;4.13.0&#8243; _module_preset=&#8221;default&#8221; text_font=&#8221;Montserrat||||||||&#8221; text_text_color=&#8221;#000000&#8243; text_font_size=&#8221;12px&#8221; text_line_height=&#8221;1.2em&#8221; header_2_font=&#8221;Montserrat|600|||||||&#8221; header_2_text_color=&#8221;#ff914d&#8221; custom_margin=&#8221;16px|12px|8px|12px|false|false&#8221; custom_padding=&#8221;1px|||||&#8221; locked=&#8221;off&#8221; global_colors_info=&#8221;{}&#8221;]<\/p>\n<h2>Odivelas<\/h2>\n<p><strong>Entidade promotora:<\/strong><br \/>C\u00e2mara Municipal de Odivelas<\/p>\n<p><strong>Iniciativa | Atividade:<\/strong><br \/>A\u00e7\u00f5es de Sensibiliza\u00e7\u00e3o sobre \u201cViol\u00eancia Contra as Mulheres&#8221;<br \/>Semin\u00e1rio sobre a \u201cViol\u00eancia Dom\u00e9stica e Aliena\u00e7\u00e3o Parental\u201d<\/p>\n<p>[\/et_pb_text][et_pb_toggle title=&#8221;Informa\u00e7\u00f5es&#8221; open_toggle_text_color=&#8221;#7f7f7f&#8221; open_toggle_background_color=&#8221;rgba(0,0,0,0.02)&#8221; closed_toggle_text_color=&#8221;#7f7f7f&#8221; closed_toggle_background_color=&#8221;rgba(0,0,0,0.02)&#8221; icon_color=&#8221;#ff914d&#8221; toggle_icon=&#8221;&#xe03a;||divi||400&#8243; use_icon_font_size=&#8221;on&#8221; icon_font_size=&#8221;23px&#8221; _builder_version=&#8221;4.13.0&#8243; _module_preset=&#8221;default&#8221; title_text_color=&#8221;#7f7f7f&#8221; title_font=&#8221;Montserrat|700|||||||&#8221; title_font_size=&#8221;15px&#8221; body_font=&#8221;Montserrat||||||||&#8221; body_text_color=&#8221;#000000&#8243; body_font_size=&#8221;11px&#8221; body_line_height=&#8221;1.2em&#8221; background_color=&#8221;rgba(255,255,255,0)&#8221; custom_margin=&#8221;|||8px|false|false&#8221; custom_padding=&#8221;12px|12px|12px|14px|false|false&#8221; border_radii=&#8221;on|24px|24px|24px|24px&#8221; border_color_all=&#8221;rgba(0,0,0,0.5)&#8221; locked=&#8221;off&#8221; global_colors_info=&#8221;{}&#8221;]<\/p>\n<p><strong>Iniciativa | Atividade<\/strong><br \/><em>A\u00e7\u00f5es de Sensibiliza\u00e7\u00e3o sobre \u201cViol\u00eancia Contra as Mulheres&#8221;<\/em><br \/>As a\u00e7\u00f5es escolares ter\u00e3o como objetivo abordar os v\u00e1rios tipos de viol\u00eancia a que as mulheres na atualidade ainda est\u00e3o sujeitas. Tal flagelo, requer uma interven\u00e7\u00e3o cada vez mais precoce, no sentido de prevenir a ocorr\u00eancia deste fen\u00f3meno.<br \/><strong>P\u00fablico-alvo<\/strong> Aluna\/os dos 2\u00ba, 3\u00ba ciclos e secund\u00e1rio<br \/><strong>Local<\/strong> V\u00e1rias escolas do concelho de Odivelas<br \/><strong>Data<\/strong> 23\/11\/2023<br \/><strong>Hora<\/strong> 8:00<\/p>\n<p><strong>Iniciativa | Atividade<\/strong><br \/><em>Semin\u00e1rio sobre a \u201cViol\u00eancia Dom\u00e9stica e Aliena\u00e7\u00e3o Parental\u201d<\/em><br \/>O Semin\u00e1rio tem como objetivo abordar o tema da Viol\u00eancia Dom\u00e9stica e uma das consequ\u00eancias da mesma \u2013 Aliena\u00e7\u00e3o Parental. Sendo a Aliena\u00e7\u00e3o Parental uma forma de viol\u00eancia dom\u00e9stica, esta ocorre num contexto mais lato de poder, controlo e domina\u00e7\u00e3o e estas caracter\u00edsticas interpessoais de poder, controlo e domina\u00e7\u00e3o, podem verificar-se na\/o progenitor\/a alienador\/a.<br \/><strong>P\u00fablico-alvo<\/strong> Aluna\/os do 12\u00ba ano e T\u00e9cnica\/os<br \/><strong>Local<\/strong> Audit\u00f3rio da Escola Secund\u00e1ria Braamcamp Freire &#8211; Pontinha<br \/><strong>Data<\/strong> 24\/11\/2023<br \/><strong>Hora<\/strong> 10:00<\/p>\n<p>[\/et_pb_toggle][\/et_pb_column][et_pb_column type=&#8221;1_4&#8243; _builder_version=&#8221;4.13.0&#8243; _module_preset=&#8221;default&#8221; global_colors_info=&#8221;{}&#8221;][\/et_pb_column][et_pb_column type=&#8221;1_4&#8243; _builder_version=&#8221;4.13.0&#8243; _module_preset=&#8221;default&#8221; global_colors_info=&#8221;{}&#8221;][\/et_pb_column][\/et_pb_row][\/et_pb_section][et_pb_section fb_built=&#8221;1&#8243; admin_label=&#8221;Porto&#8221; _builder_version=&#8221;4.13.0&#8243; _module_preset=&#8221;default&#8221; custom_margin=&#8221;4px||4px||false|false&#8221; custom_padding=&#8221;4px||4px||false|false&#8221; global_colors_info=&#8221;{}&#8221;][et_pb_row admin_label=&#8221;Porto&#8221; _builder_version=&#8221;4.13.0&#8243; _module_preset=&#8221;default&#8221; background_color=&#8221;#071717&#8243; custom_margin=&#8221;40px||0px||false|false&#8221; custom_padding=&#8221;14px||14px||false|false&#8221; border_radii=&#8221;on|4px|4px|4px|4px&#8221; locked=&#8221;off&#8221; global_colors_info=&#8221;{}&#8221;][et_pb_column type=&#8221;4_4&#8243; _builder_version=&#8221;4.13.0&#8243; _module_preset=&#8221;default&#8221; global_colors_info=&#8221;{}&#8221;][et_pb_text admin_label=&#8221;Porto&#8221; _builder_version=&#8221;4.13.0&#8243; _module_preset=&#8221;default&#8221; text_font=&#8221;Montserrat|700|||||||&#8221; text_text_color=&#8221;#FFFFFF&#8221; text_font_size=&#8221;16px&#8221; text_letter_spacing=&#8221;1px&#8221; custom_margin=&#8221;2px||0px|20px|false|false&#8221; custom_padding=&#8221;6px||2px||false|false&#8221; global_colors_info=&#8221;{}&#8221;]<\/p>\n<p><span style=\"color: #ffde59;\">Distrito: <\/span><span style=\"font-size: xx-large;\">Porto<\/span><\/p>\n<p>[\/et_pb_text][\/et_pb_column][\/et_pb_row][et_pb_row column_structure=&#8221;1_4,1_4,1_4,1_4&#8243; use_custom_gutter=&#8221;on&#8221; gutter_width=&#8221;2&#8243; _builder_version=&#8221;4.13.0&#8243; _module_preset=&#8221;default&#8221; custom_margin=&#8221;||0px||false|false&#8221; custom_padding=&#8221;||0px||false|false&#8221; locked=&#8221;off&#8221; global_colors_info=&#8221;{}&#8221;][et_pb_column type=&#8221;1_4&#8243; _builder_version=&#8221;4.13.0&#8243; _module_preset=&#8221;default&#8221; global_colors_info=&#8221;{}&#8221;][et_pb_text _builder_version=&#8221;4.13.0&#8243; _module_preset=&#8221;default&#8221; text_font=&#8221;Montserrat||||||||&#8221; text_text_color=&#8221;#000000&#8243; text_font_size=&#8221;12px&#8221; text_line_height=&#8221;1.2em&#8221; header_2_font=&#8221;Montserrat|600|||||||&#8221; header_2_text_color=&#8221;#ff914d&#8221; custom_margin=&#8221;16px|12px|8px|12px|false|false&#8221; custom_padding=&#8221;1px|||||&#8221; locked=&#8221;off&#8221; global_colors_info=&#8221;{}&#8221;]<\/p>\n<h2>Amarante<\/h2>\n<p><strong>Entidade promotora:<\/strong><br \/>Munic\u00edpio de Amarante<\/p>\n<p><strong>Iniciativa | Atividade:<\/strong><br \/>ViolentaMENTE<br \/>G\u00e9nero e Migra\u00e7\u00f5es: Quais os caminhos para a Igualdade no Mercado de trabalho?<br \/>Campanha Amarante de Igual para igual<\/p>\n<p>[\/et_pb_text][et_pb_toggle title=&#8221;Informa\u00e7\u00f5es&#8221; open_toggle_text_color=&#8221;#7f7f7f&#8221; open_toggle_background_color=&#8221;rgba(0,0,0,0.02)&#8221; closed_toggle_text_color=&#8221;#7f7f7f&#8221; closed_toggle_background_color=&#8221;rgba(0,0,0,0.02)&#8221; icon_color=&#8221;#ff914d&#8221; toggle_icon=&#8221;&#xe03a;||divi||400&#8243; use_icon_font_size=&#8221;on&#8221; icon_font_size=&#8221;23px&#8221; _builder_version=&#8221;4.13.0&#8243; _module_preset=&#8221;default&#8221; title_text_color=&#8221;#7f7f7f&#8221; title_font=&#8221;Montserrat|700|||||||&#8221; title_font_size=&#8221;15px&#8221; body_font=&#8221;Montserrat||||||||&#8221; body_text_color=&#8221;#000000&#8243; body_font_size=&#8221;11px&#8221; body_line_height=&#8221;1.2em&#8221; background_color=&#8221;rgba(255,255,255,0)&#8221; custom_margin=&#8221;|||8px|false|false&#8221; custom_padding=&#8221;12px|12px|12px|14px|false|false&#8221; border_radii=&#8221;on|24px|24px|24px|24px&#8221; border_color_all=&#8221;rgba(0,0,0,0.5)&#8221; locked=&#8221;off&#8221; global_colors_info=&#8221;{}&#8221;]<\/p>\n<p><strong>Iniciativa | Atividade<\/strong><br \/><em>ViolentaMENTE<\/em><br \/>Atividade em parceria com a GNR, que consiste numa pe\u00e7a de teatro sobre Viol\u00eancia Dom\u00e9stica.<br \/><strong>P\u00fablico-alvo<\/strong> Comunidade<br \/><strong>Local<\/strong> Instituto Empresarial do T\u00e2mega<br \/><strong>Data<\/strong> 24\/11\/2023<br \/><strong>Hora<\/strong> 14:30<\/p>\n<p><strong>Iniciativa | Atividade<\/strong><br \/><em>Conversas de Igual para Igual: G\u00e9nero e Migra\u00e7\u00f5es: Quais os caminhos para a Igualdade no Mercado de trabalho?<\/em><br \/>Semin\u00e1rio sobre a promo\u00e7\u00e3o de igualdade de oportunidades no mercado de trabalho, com base no g\u00e9nero e migra\u00e7\u00f5es.<br \/><strong>P\u00fablico-alvo<\/strong> Profissionais<br \/><strong>Local<\/strong> Amarante<br \/><strong>Data<\/strong> 22\/11\/2023<br \/><strong>Hora<\/strong> 9:00<\/p>\n<p><strong>Iniciativa | Atividade<\/strong><br \/><em>Campanha Amarante de Igual para igual<\/em><br \/>A\u00e7\u00f5es de preven\u00e7\u00e3o sobre viol\u00eancia dom\u00e9stica nas redes sociais e divulga\u00e7\u00e3o do Gabinete Bem-Me-Quer.<br \/><strong>P\u00fablico-alvo<\/strong> Comunidade<br \/><strong>Local<\/strong> Redes Sociais<br \/><strong>Data<\/strong> 20\/11\/2023<br \/><strong>Hora<\/strong> 12:00<\/p>\n<p>[\/et_pb_toggle][\/et_pb_column][et_pb_column type=&#8221;1_4&#8243; _builder_version=&#8221;4.13.0&#8243; _module_preset=&#8221;default&#8221; global_colors_info=&#8221;{}&#8221;][et_pb_text _builder_version=&#8221;4.13.0&#8243; _module_preset=&#8221;default&#8221; text_font=&#8221;Montserrat||||||||&#8221; text_text_color=&#8221;#000000&#8243; text_font_size=&#8221;12px&#8221; text_line_height=&#8221;1.2em&#8221; header_2_font=&#8221;Montserrat|600|||||||&#8221; header_2_text_color=&#8221;#ff914d&#8221; custom_margin=&#8221;16px|12px|8px|12px|false|false&#8221; custom_padding=&#8221;1px|||||&#8221; locked=&#8221;off&#8221; global_colors_info=&#8221;{}&#8221;]<\/p>\n<h2>Matosinhos<\/h2>\n<p><strong>Entidade promotora:<\/strong><br \/>C\u00e2mara Municipal de Matosinhos em parceria com a Rede de Interven\u00e7\u00e3o na Viol\u00eancia Dom\u00e9stica e em Contexto Familiar de Matosinhos (RIV)<\/p>\n<p><strong>Iniciativa | Atividade:<\/strong><br \/>Semin\u00e1rio &#8220;Desocultar Vulnerabilidades na Viol\u00eancia Dom\u00e9stica: Sa\u00fade Mental e Pessoas Idosas&#8221;<\/p>\n<p>[\/et_pb_text][et_pb_toggle title=&#8221;Informa\u00e7\u00f5es&#8221; open_toggle_text_color=&#8221;#7f7f7f&#8221; open_toggle_background_color=&#8221;rgba(0,0,0,0.02)&#8221; closed_toggle_text_color=&#8221;#7f7f7f&#8221; closed_toggle_background_color=&#8221;rgba(0,0,0,0.02)&#8221; icon_color=&#8221;#ff914d&#8221; toggle_icon=&#8221;&#xe03a;||divi||400&#8243; use_icon_font_size=&#8221;on&#8221; icon_font_size=&#8221;23px&#8221; _builder_version=&#8221;4.13.0&#8243; _module_preset=&#8221;default&#8221; title_text_color=&#8221;#7f7f7f&#8221; title_font=&#8221;Montserrat|700|||||||&#8221; title_font_size=&#8221;15px&#8221; body_font=&#8221;Montserrat||||||||&#8221; body_text_color=&#8221;#000000&#8243; body_font_size=&#8221;11px&#8221; body_line_height=&#8221;1.2em&#8221; background_color=&#8221;rgba(255,255,255,0)&#8221; custom_margin=&#8221;|||8px|false|false&#8221; custom_padding=&#8221;12px|12px|12px|14px|false|false&#8221; border_radii=&#8221;on|24px|24px|24px|24px&#8221; border_color_all=&#8221;rgba(0,0,0,0.5)&#8221; locked=&#8221;off&#8221; global_colors_info=&#8221;{}&#8221;]<\/p>\n<p><strong>Iniciativa | Atividade<\/strong><br \/><em>Semin\u00e1rio &#8220;Desocultar Vulnerabilidades na Viol\u00eancia Dom\u00e9stica: Sa\u00fade Mental e Pessoas Idosas&#8221;<\/em><br \/>A RIV \u00e9 uma rede local na qual participam as entidades que interv\u00eam no \u00e2mbito da viol\u00eancia dom\u00e9stica e em contexto familiar, e que inclui institui\u00e7\u00f5es p\u00fablicas da \u00e1rea da sa\u00fade, justi\u00e7a, interven\u00e7\u00e3o social e outras tendo, como finalidade maior, agilizar os procedimentos de referencia\u00e7\u00e3o e tornar a interven\u00e7\u00e3o nas situa\u00e7\u00f5es de viol\u00eancia mais c\u00e9lere e mais eficaz. O presente Semin\u00e1rio que se realizar\u00e1 nos Pa\u00e7os do Concelho a 28 de novembro, pretende ser um momento de reflex\u00e3o e partilha.<br \/><strong>P\u00fablico-alvo<\/strong> Profissionais de interven\u00e7\u00e3o social<br \/><strong>Local<\/strong> Pa\u00e7os do concelho de Matosinhos<br \/><strong>Data<\/strong> 28\/11\/2023<br \/><strong>Hora<\/strong> 9:30<\/p>\n<p><div id=\"attachment_3691\" style=\"width: 910px\" class=\"wp-caption aligncenter\"><a href=\"https:\/\/www.cig.gov.pt\/iniciativas-nacionais\/wp-content\/uploads\/2023\/11\/Cartaz-Seminario-DVVD-Miriam-Silva.jpg\" target=\"_blank\" rel=\"noopener\" title=\"Semin\u00e1rio &quot;Desocultar Vulnerabilidades na Viol\u00eancia Dom\u00e9stica: Sa\u00fade Mental e Pessoas Idosas&quot;\"><img aria-describedby=\"caption-attachment-3691\" loading=\"lazy\" src=\"https:\/\/www.cig.gov.pt\/iniciativas-nacionais\/wp-content\/uploads\/2023\/11\/Cartaz-Seminario-DVVD-Miriam-Silva.jpg\" width=\"900\" height=\"1260\" alt=\"Semin\u00e1rio \" desocultar=\"\" vulnerabilidades=\"\" na=\"\" viol=\"\" ncia=\"\" dom=\"\" stica:=\"\" sa=\"\" de=\"\" mental=\"\" e=\"\" pessoas=\"\" idosas=\"\" class=\"wp-image-3691 size-full\" srcset=\"https:\/\/www.cig.gov.pt\/iniciativas-nacionais\/wp-content\/uploads\/2023\/11\/Cartaz-Seminario-DVVD-Miriam-Silva.jpg 900w, https:\/\/www.cig.gov.pt\/iniciativas-nacionais\/wp-content\/uploads\/2023\/11\/Cartaz-Seminario-DVVD-Miriam-Silva-480x672.jpg 480w\" sizes=\"(min-width: 0px) and (max-width: 480px) 480px, (min-width: 481px) 900px, 100vw\" \/><\/a><p id=\"caption-attachment-3691\" class=\"wp-caption-text\">Semin\u00e1rio &#8220;Desocultar Vulnerabilidades na Viol\u00eancia Dom\u00e9stica: Sa\u00fade Mental e Pessoas Idosas&#8221;<\/p><\/div><br \/>\n<div id=\"attachment_3692\" style=\"width: 910px\" class=\"wp-caption aligncenter\"><a href=\"https:\/\/www.cig.gov.pt\/iniciativas-nacionais\/wp-content\/uploads\/2023\/11\/Programa-Seminario-DVVD-Miriam-Silva.jpg\" target=\"_blank\" rel=\"noopener\" title=\"Semin\u00e1rio &quot;Desocultar Vulnerabilidades na Viol\u00eancia Dom\u00e9stica: Sa\u00fade Mental e Pessoas Idosas&quot;\"><img aria-describedby=\"caption-attachment-3692\" loading=\"lazy\" src=\"https:\/\/www.cig.gov.pt\/iniciativas-nacionais\/wp-content\/uploads\/2023\/11\/Programa-Seminario-DVVD-Miriam-Silva.jpg\" width=\"900\" height=\"1260\" alt=\"Semin\u00e1rio \" desocultar=\"\" vulnerabilidades=\"\" na=\"\" viol=\"\" ncia=\"\" dom=\"\" stica:=\"\" sa=\"\" de=\"\" mental=\"\" e=\"\" pessoas=\"\" idosas=\"\" class=\"wp-image-3692 size-full\" srcset=\"https:\/\/www.cig.gov.pt\/iniciativas-nacionais\/wp-content\/uploads\/2023\/11\/Programa-Seminario-DVVD-Miriam-Silva.jpg 900w, https:\/\/www.cig.gov.pt\/iniciativas-nacionais\/wp-content\/uploads\/2023\/11\/Programa-Seminario-DVVD-Miriam-Silva-480x672.jpg 480w\" sizes=\"(min-width: 0px) and (max-width: 480px) 480px, (min-width: 481px) 900px, 100vw\" \/><\/a><p id=\"caption-attachment-3692\" class=\"wp-caption-text\">Semin\u00e1rio &#8220;Desocultar Vulnerabilidades na Viol\u00eancia Dom\u00e9stica: Sa\u00fade Mental e Pessoas Idosas&#8221;<\/p><\/div>[\/et_pb_toggle][\/et_pb_column][et_pb_column type=&#8221;1_4&#8243; _builder_version=&#8221;4.13.0&#8243; _module_preset=&#8221;default&#8221; global_colors_info=&#8221;{}&#8221;][et_pb_text _builder_version=&#8221;4.13.0&#8243; _module_preset=&#8221;default&#8221; text_font=&#8221;Montserrat||||||||&#8221; text_text_color=&#8221;#000000&#8243; text_font_size=&#8221;12px&#8221; text_line_height=&#8221;1.2em&#8221; header_2_font=&#8221;Montserrat|600|||||||&#8221; header_2_text_color=&#8221;#ff914d&#8221; custom_margin=&#8221;16px|12px|8px|12px|false|false&#8221; custom_padding=&#8221;1px|||||&#8221; locked=&#8221;off&#8221; global_colors_info=&#8221;{}&#8221;]<\/p>\n<h2>Porto<\/h2>\n<p><strong>Entidade promotora:<\/strong><br \/>UMAR<\/p>\n<p><strong>Iniciativa | Atividade:<\/strong><br \/>Exposi\u00e7\u00e3o de trabalhos sobre ativistas na promo\u00e7\u00e3o dos Direitos Humanos<br \/>Inclus\u00e3o &#8211; Igualdade e n\u00e3o discrimina\u00e7\u00e3o em raz\u00e3o do g\u00e9nero<br \/>Forma\u00e7\u00e3o de assistentes operacionais na preven\u00e7\u00e3o da viol\u00eancia de g\u00e9nero<\/p>\n<p>[\/et_pb_text][et_pb_toggle title=&#8221;Informa\u00e7\u00f5es&#8221; open_toggle_text_color=&#8221;#7f7f7f&#8221; open_toggle_background_color=&#8221;rgba(0,0,0,0.02)&#8221; closed_toggle_text_color=&#8221;#7f7f7f&#8221; closed_toggle_background_color=&#8221;rgba(0,0,0,0.02)&#8221; icon_color=&#8221;#ff914d&#8221; toggle_icon=&#8221;&#xe03a;||divi||400&#8243; use_icon_font_size=&#8221;on&#8221; icon_font_size=&#8221;23px&#8221; _builder_version=&#8221;4.13.0&#8243; _module_preset=&#8221;default&#8221; title_text_color=&#8221;#7f7f7f&#8221; title_font=&#8221;Montserrat|700|||||||&#8221; title_font_size=&#8221;15px&#8221; body_font=&#8221;Montserrat||||||||&#8221; body_text_color=&#8221;#000000&#8243; body_font_size=&#8221;11px&#8221; body_line_height=&#8221;1.2em&#8221; background_color=&#8221;rgba(255,255,255,0)&#8221; custom_margin=&#8221;|||8px|false|false&#8221; custom_padding=&#8221;12px|12px|12px|14px|false|false&#8221; border_radii=&#8221;on|24px|24px|24px|24px&#8221; border_color_all=&#8221;rgba(0,0,0,0.5)&#8221; locked=&#8221;off&#8221; global_colors_info=&#8221;{}&#8221;]<\/p>\n<p><strong>Iniciativa | Atividade<\/strong><br \/><em>Exposi\u00e7\u00e3o de trabalhos sobre ativistas na promo\u00e7\u00e3o dos Direitos Humanos<\/em><br \/>Exposi\u00e7\u00e3o criada pelas turmas 7\u00baD e 7\u00baJ da Escola Secund\u00e1ria de \u00c1guas Santas e pela turma 6\u00baG da Escola B\u00e1sica 2,3 Carmen Miranda. Esta exposi\u00e7\u00e3o ser\u00e1 dividida pelas escolas para apresenta\u00e7\u00e3o \u00e0 comunidade escolar de personalidades que contribu\u00edram e contribuem para a promo\u00e7\u00e3o dos Direitos Humanos.<br \/><strong>P\u00fablico-alvo<\/strong> Comunidades educativas<br \/><strong>Local<\/strong> Escola Secund\u00e1ria de \u00c1guas Santas e Escola B\u00e1sica 2,3 Carmen Miranda<br \/><strong>Data<\/strong> 11\/12\/2023<br \/><strong>Hora<\/strong> 10:00<\/p>\n<p><strong>Iniciativa | Atividade<\/strong><br \/><em>Inclus\u00e3o &#8211; Igualdade e n\u00e3o discrimina\u00e7\u00e3o em raz\u00e3o do g\u00e9nero<\/em><br \/>A\u00e7\u00e3o de sensibiliza\u00e7\u00e3o promovida pela EMAEI do Agrupamento de Escolas D.Pedro I e dinamizada pela UMAR dirigida \u00e0 comunidade educativa.<br \/><strong>P\u00fablico-alvo <\/strong>Comunidades educativas<strong><br \/>Local<\/strong> online<br \/><strong>Data<\/strong> 16\/11\/2023<br \/><strong>Hora<\/strong> 18:30<\/p>\n<p><strong>Iniciativa | Atividade<\/strong><br \/><em>Forma\u00e7\u00e3o de assistentes operacionais na preven\u00e7\u00e3o da viol\u00eancia de g\u00e9nero<\/em><br \/>Forma\u00e7\u00e3o de assistentes operacionais na preven\u00e7\u00e3o da viol\u00eancia de g\u00e9nero na escola. Forma\u00e7\u00e3o no Agrupamento de Escolas Rainha Santa Isabel &#8211; Coimbra<br \/><strong>P\u00fablico-alvo <\/strong>Assistentes Operacionais<strong><br \/>Local<\/strong> Agrupamento de Escolas Rainha Santa Isabel &#8211; Coimbra<br \/><strong>Data<\/strong> 15\/11\/2023<br \/><strong>Hora<\/strong> 9:30<\/p>\n<p>[\/et_pb_toggle][\/et_pb_column][et_pb_column type=&#8221;1_4&#8243; _builder_version=&#8221;4.13.0&#8243; _module_preset=&#8221;default&#8221; global_colors_info=&#8221;{}&#8221;][et_pb_text _builder_version=&#8221;4.13.0&#8243; _module_preset=&#8221;default&#8221; text_font=&#8221;Montserrat||||||||&#8221; text_text_color=&#8221;#000000&#8243; text_font_size=&#8221;12px&#8221; text_line_height=&#8221;1.2em&#8221; header_2_font=&#8221;Montserrat|600|||||||&#8221; header_2_text_color=&#8221;#ff914d&#8221; custom_margin=&#8221;16px|12px|8px|12px|false|false&#8221; custom_padding=&#8221;1px|||||&#8221; locked=&#8221;off&#8221; global_colors_info=&#8221;{}&#8221;]<\/p>\n<h2>Porto<\/h2>\n<p><strong>Entidade promotora:<\/strong><br \/>UMAR<\/p>\n<p><strong>Iniciativa | Atividade:<\/strong><br \/>Exposi\u00e7\u00e3o de trabalhos sobre ativistas na promo\u00e7\u00e3o dos Direitos Humanos<br \/>Inclus\u00e3o &#8211; Igualdade e n\u00e3o discrimina\u00e7\u00e3o em raz\u00e3o do g\u00e9nero<br \/>Forma\u00e7\u00e3o de assistentes operacionais na preven\u00e7\u00e3o da viol\u00eancia de g\u00e9nero<\/p>\n<p>[\/et_pb_text][et_pb_toggle title=&#8221;Informa\u00e7\u00f5es&#8221; open_toggle_text_color=&#8221;#7f7f7f&#8221; open_toggle_background_color=&#8221;rgba(0,0,0,0.02)&#8221; closed_toggle_text_color=&#8221;#7f7f7f&#8221; closed_toggle_background_color=&#8221;rgba(0,0,0,0.02)&#8221; icon_color=&#8221;#ff914d&#8221; toggle_icon=&#8221;&#xe03a;||divi||400&#8243; use_icon_font_size=&#8221;on&#8221; icon_font_size=&#8221;23px&#8221; _builder_version=&#8221;4.13.0&#8243; _module_preset=&#8221;default&#8221; title_text_color=&#8221;#7f7f7f&#8221; title_font=&#8221;Montserrat|700|||||||&#8221; title_font_size=&#8221;15px&#8221; body_font=&#8221;Montserrat||||||||&#8221; body_text_color=&#8221;#000000&#8243; body_font_size=&#8221;11px&#8221; body_line_height=&#8221;1.2em&#8221; background_color=&#8221;rgba(255,255,255,0)&#8221; custom_margin=&#8221;|||8px|false|false&#8221; custom_padding=&#8221;12px|12px|12px|14px|false|false&#8221; border_radii=&#8221;on|24px|24px|24px|24px&#8221; border_color_all=&#8221;rgba(0,0,0,0.5)&#8221; locked=&#8221;off&#8221; global_colors_info=&#8221;{}&#8221;]<\/p>\n<p><strong>Iniciativa | Atividade<\/strong><br \/><em>Exposi\u00e7\u00e3o de trabalhos sobre ativistas na promo\u00e7\u00e3o dos Direitos Humanos<\/em><br \/>Exposi\u00e7\u00e3o criada pelas turmas 7\u00baD e 7\u00baJ da Escola Secund\u00e1ria de \u00c1guas Santas e pela turma 6\u00baG da Escola B\u00e1sica 2,3 Carmen Miranda. Esta exposi\u00e7\u00e3o ser\u00e1 dividida pelas escolas para apresenta\u00e7\u00e3o \u00e0 comunidade escolar de personalidades que contribu\u00edram e contribuem para a promo\u00e7\u00e3o dos Direitos Humanos.<br \/><strong>P\u00fablico-alvo<\/strong> Comunidades educativas<br \/><strong>Local<\/strong> Escola Secund\u00e1ria de \u00c1guas Santas e Escola B\u00e1sica 2,3 Carmen Miranda<br \/><strong>Data<\/strong> 11\/12\/2023<br \/><strong>Hora<\/strong> 10:00<\/p>\n<p><strong>Iniciativa | Atividade<\/strong><br \/><em>Inclus\u00e3o &#8211; Igualdade e n\u00e3o discrimina\u00e7\u00e3o em raz\u00e3o do g\u00e9nero<\/em><br \/>A\u00e7\u00e3o de sensibiliza\u00e7\u00e3o promovida pela EMAEI do Agrupamento de Escolas D.Pedro I e dinamizada pela UMAR dirigida \u00e0 comunidade educativa.<br \/><strong>P\u00fablico-alvo <\/strong>Comunidades educativas<strong><br \/>Local<\/strong> online<br \/><strong>Data<\/strong> 16\/11\/2023<br \/><strong>Hora<\/strong> 18:30<\/p>\n<p><strong>Iniciativa | Atividade<\/strong><br \/><em>Forma\u00e7\u00e3o de assistentes operacionais na preven\u00e7\u00e3o da viol\u00eancia de g\u00e9nero<\/em><br \/>Forma\u00e7\u00e3o de assistentes operacionais na preven\u00e7\u00e3o da viol\u00eancia de g\u00e9nero na escola. Forma\u00e7\u00e3o no Agrupamento de Escolas Rainha Santa Isabel &#8211; Coimbra<br \/><strong>P\u00fablico-alvo <\/strong>Assistentes Operacionais<strong><br \/>Local<\/strong> Agrupamento de Escolas Rainha Santa Isabel &#8211; Coimbra<br \/><strong>Data<\/strong> 15\/11\/2023<br \/><strong>Hora<\/strong> 9:30<\/p>\n<p>[\/et_pb_toggle][\/et_pb_column][\/et_pb_row][et_pb_row column_structure=&#8221;1_4,1_4,1_4,1_4&#8243; use_custom_gutter=&#8221;on&#8221; gutter_width=&#8221;2&#8243; _builder_version=&#8221;4.13.0&#8243; _module_preset=&#8221;default&#8221; custom_margin=&#8221;||0px||false|false&#8221; custom_padding=&#8221;||0px||false|false&#8221; locked=&#8221;off&#8221; global_colors_info=&#8221;{}&#8221;][et_pb_column type=&#8221;1_4&#8243; _builder_version=&#8221;4.13.0&#8243; _module_preset=&#8221;default&#8221; global_colors_info=&#8221;{}&#8221;][et_pb_text _builder_version=&#8221;4.13.0&#8243; _module_preset=&#8221;default&#8221; text_font=&#8221;Montserrat||||||||&#8221; text_text_color=&#8221;#000000&#8243; text_font_size=&#8221;12px&#8221; text_line_height=&#8221;1.2em&#8221; header_2_font=&#8221;Montserrat|600|||||||&#8221; header_2_text_color=&#8221;#ff914d&#8221; custom_margin=&#8221;16px|12px|8px|12px|false|false&#8221; custom_padding=&#8221;1px|||||&#8221; locked=&#8221;off&#8221; global_colors_info=&#8221;{}&#8221;]<\/p>\n<h2>Porto<\/h2>\n<p><strong>Entidade promotora:<\/strong><br \/>UMAR &#8211; Uni\u00e3o de Mulheres Alternativa e Resposta Porto<\/p>\n<p><strong>Iniciativa | Atividade:<\/strong><br \/>Lan\u00e7amento de dados preliminares do Observat\u00f3rio de Mulheres Assassinadas<\/p>\n<p>[\/et_pb_text][et_pb_toggle title=&#8221;Informa\u00e7\u00f5es&#8221; open_toggle_text_color=&#8221;#7f7f7f&#8221; open_toggle_background_color=&#8221;rgba(0,0,0,0.02)&#8221; closed_toggle_text_color=&#8221;#7f7f7f&#8221; closed_toggle_background_color=&#8221;rgba(0,0,0,0.02)&#8221; icon_color=&#8221;#ff914d&#8221; toggle_icon=&#8221;&#xe03a;||divi||400&#8243; use_icon_font_size=&#8221;on&#8221; icon_font_size=&#8221;23px&#8221; _builder_version=&#8221;4.13.0&#8243; _module_preset=&#8221;default&#8221; title_text_color=&#8221;#7f7f7f&#8221; title_font=&#8221;Montserrat|700|||||||&#8221; title_font_size=&#8221;15px&#8221; body_font=&#8221;Montserrat||||||||&#8221; body_text_color=&#8221;#000000&#8243; body_font_size=&#8221;11px&#8221; body_line_height=&#8221;1.2em&#8221; background_color=&#8221;rgba(255,255,255,0)&#8221; custom_margin=&#8221;|||8px|false|false&#8221; custom_padding=&#8221;12px|12px|12px|14px|false|false&#8221; border_radii=&#8221;on|24px|24px|24px|24px&#8221; border_color_all=&#8221;rgba(0,0,0,0.5)&#8221; locked=&#8221;off&#8221; global_colors_info=&#8221;{}&#8221;]<\/p>\n<p><strong>Iniciativa | Atividade<\/strong><br \/><em>Lan\u00e7amento de dados preliminares do Observat\u00f3rio de Mulheres Assassinadas<\/em><br \/>Lan\u00e7amento de dados preliminares do Observat\u00f3rio de Mulheres Assassinadas em 2023 (recolha de dados entre 1 janeiro e 15 novembro de 2023). A\u00e7\u00e3o de sensibiliza\u00e7\u00e3o destinada ao p\u00fablico em geral atrav\u00e9s do lan\u00e7amento dos dados aos meios de comunica\u00e7\u00e3o social.<br \/><strong>Local<\/strong> A designar<br \/><strong>Data<\/strong> 22\/11\/2023<br \/><strong>Hora<\/strong> 10:0<\/p>\n<p>[\/et_pb_toggle][\/et_pb_column][et_pb_column type=&#8221;1_4&#8243; _builder_version=&#8221;4.13.0&#8243; _module_preset=&#8221;default&#8221; global_colors_info=&#8221;{}&#8221;][et_pb_text _builder_version=&#8221;4.13.0&#8243; _module_preset=&#8221;default&#8221; text_font=&#8221;Montserrat||||||||&#8221; text_text_color=&#8221;#000000&#8243; text_font_size=&#8221;12px&#8221; text_line_height=&#8221;1.2em&#8221; header_2_font=&#8221;Montserrat|600|||||||&#8221; header_2_text_color=&#8221;#ff914d&#8221; custom_margin=&#8221;16px|12px|8px|12px|false|false&#8221; custom_padding=&#8221;1px|||||&#8221; locked=&#8221;off&#8221; global_colors_info=&#8221;{}&#8221;]<\/p>\n<h2>Porto<\/h2>\n<p><strong>Entidade promotora:<\/strong><br \/>Polit\u00e9cnico do Porto<\/p>\n<p><strong>Iniciativa | Atividade:<\/strong><br \/>Dia Internacional para a Elimina\u00e7\u00e3o da Viol\u00eancia Contra as Mulheres<\/p>\n<p>[\/et_pb_text][et_pb_toggle title=&#8221;Informa\u00e7\u00f5es&#8221; open_toggle_text_color=&#8221;#7f7f7f&#8221; open_toggle_background_color=&#8221;rgba(0,0,0,0.02)&#8221; closed_toggle_text_color=&#8221;#7f7f7f&#8221; closed_toggle_background_color=&#8221;rgba(0,0,0,0.02)&#8221; icon_color=&#8221;#ff914d&#8221; toggle_icon=&#8221;&#xe03a;||divi||400&#8243; use_icon_font_size=&#8221;on&#8221; icon_font_size=&#8221;23px&#8221; _builder_version=&#8221;4.13.0&#8243; _module_preset=&#8221;default&#8221; title_text_color=&#8221;#7f7f7f&#8221; title_font=&#8221;Montserrat|700|||||||&#8221; title_font_size=&#8221;15px&#8221; body_font=&#8221;Montserrat||||||||&#8221; body_text_color=&#8221;#000000&#8243; body_font_size=&#8221;11px&#8221; body_line_height=&#8221;1.2em&#8221; background_color=&#8221;rgba(255,255,255,0)&#8221; custom_margin=&#8221;|||8px|false|false&#8221; custom_padding=&#8221;12px|12px|12px|14px|false|false&#8221; border_radii=&#8221;on|24px|24px|24px|24px&#8221; border_color_all=&#8221;rgba(0,0,0,0.5)&#8221; locked=&#8221;off&#8221; global_colors_info=&#8221;{}&#8221;]<\/p>\n<p><strong>Iniciativa | Atividade<\/strong><br \/><em>Dia Internacional para a Elimina\u00e7\u00e3o da Viol\u00eancia Contra as Mulheres<\/em><br \/><strong>P\u00fablico-alvo<\/strong> Comunidade Acad\u00e9mica<br \/><strong>Local<\/strong> Open Call<br \/><strong>Data<\/strong> 08\/11\/2023<br \/><strong>Hora<\/strong> 12:00<br \/><strong>Mais informa\u00e7\u00f5es<\/strong> <a href=\"https:\/\/www.ipp.pt\/noticias\/open-call-dia-internacional-para-a-eliminacao-da-violencia-contra-as-mulheres\" target=\"_blank\" rel=\"noopener\">https:\/\/www.ipp.pt\/noticias\/open-call-dia-internacional-para-a-eliminacao-da-violencia-contra-as-mulheres<\/a><\/p>\n<p><div id=\"attachment_3703\" style=\"width: 1091px\" class=\"wp-caption aligncenter\"><a href=\"https:\/\/www.cig.gov.pt\/iniciativas-nacionais\/wp-content\/uploads\/2023\/11\/25-Novembro-Politecnico-do-Porto.png\" target=\"_blank\" rel=\"noopener\" title=\"Dia Internacional para a Elimina\u00e7\u00e3o da Viol\u00eancia Contra as Mulheres\"><img aria-describedby=\"caption-attachment-3703\" loading=\"lazy\" src=\"https:\/\/www.cig.gov.pt\/iniciativas-nacionais\/wp-content\/uploads\/2023\/11\/25-Novembro-Politecnico-do-Porto.png\" width=\"1081\" height=\"1081\" alt=\"Dia Internacional para a Elimina\u00e7\u00e3o da Viol\u00eancia Contra as Mulheres\" class=\"wp-image-3703 size-full\" srcset=\"https:\/\/www.cig.gov.pt\/iniciativas-nacionais\/wp-content\/uploads\/2023\/11\/25-Novembro-Politecnico-do-Porto.png 1081w, https:\/\/www.cig.gov.pt\/iniciativas-nacionais\/wp-content\/uploads\/2023\/11\/25-Novembro-Politecnico-do-Porto-980x980.png 980w, https:\/\/www.cig.gov.pt\/iniciativas-nacionais\/wp-content\/uploads\/2023\/11\/25-Novembro-Politecnico-do-Porto-480x480.png 480w\" sizes=\"(min-width: 0px) and (max-width: 480px) 480px, (min-width: 481px) and (max-width: 980px) 980px, (min-width: 981px) 1081px, 100vw\" \/><\/a><p id=\"caption-attachment-3703\" class=\"wp-caption-text\">Dia Internacional para a Elimina\u00e7\u00e3o da Viol\u00eancia Contra as Mulheres<\/p><\/div>[\/et_pb_toggle][\/et_pb_column][et_pb_column type=&#8221;1_4&#8243; _builder_version=&#8221;4.13.0&#8243; _module_preset=&#8221;default&#8221; global_colors_info=&#8221;{}&#8221;][et_pb_text _builder_version=&#8221;4.13.0&#8243; _module_preset=&#8221;default&#8221; text_font=&#8221;Montserrat||||||||&#8221; text_text_color=&#8221;#000000&#8243; text_font_size=&#8221;12px&#8221; text_line_height=&#8221;1.2em&#8221; header_2_font=&#8221;Montserrat|600|||||||&#8221; header_2_text_color=&#8221;#ff914d&#8221; custom_margin=&#8221;16px|12px|8px|12px|false|false&#8221; custom_padding=&#8221;1px|||||&#8221; locked=&#8221;off&#8221; global_colors_info=&#8221;{}&#8221;]<\/p>\n<h2>P\u00f3voa de Varzim<\/h2>\n<p><strong>Entidade promotora:<\/strong><br \/>UMAR<\/p>\n<p><strong>Iniciativa | Atividade:<\/strong><br \/>Dia Internacional dos Direitos Humanos: Apresenta\u00e7\u00e3o dos produtos art\u00edsticos \u00e0 comunidade educativa<br \/>Semin\u00e1rio final da forma\u00e7\u00e3o &#8220;Preven\u00e7\u00e3o da viol\u00eancia de g\u00e9nero na escola&#8221;<br \/>II Edi\u00e7\u00e3o da campanha online no \u00e2mbito dos 16 dias de ativismo<\/p>\n<p>[\/et_pb_text][et_pb_toggle title=&#8221;Informa\u00e7\u00f5es&#8221; open_toggle_text_color=&#8221;#7f7f7f&#8221; open_toggle_background_color=&#8221;rgba(0,0,0,0.02)&#8221; closed_toggle_text_color=&#8221;#7f7f7f&#8221; closed_toggle_background_color=&#8221;rgba(0,0,0,0.02)&#8221; icon_color=&#8221;#ff914d&#8221; toggle_icon=&#8221;&#xe03a;||divi||400&#8243; use_icon_font_size=&#8221;on&#8221; icon_font_size=&#8221;23px&#8221; _builder_version=&#8221;4.13.0&#8243; _module_preset=&#8221;default&#8221; title_text_color=&#8221;#7f7f7f&#8221; title_font=&#8221;Montserrat|700|||||||&#8221; title_font_size=&#8221;15px&#8221; body_font=&#8221;Montserrat||||||||&#8221; body_text_color=&#8221;#000000&#8243; body_font_size=&#8221;11px&#8221; body_line_height=&#8221;1.2em&#8221; background_color=&#8221;rgba(255,255,255,0)&#8221; custom_margin=&#8221;|||8px|false|false&#8221; custom_padding=&#8221;12px|12px|12px|14px|false|false&#8221; border_radii=&#8221;on|24px|24px|24px|24px&#8221; border_color_all=&#8221;rgba(0,0,0,0.5)&#8221; locked=&#8221;off&#8221; global_colors_info=&#8221;{}&#8221;]<\/p>\n<p><strong>Iniciativa | Atividade<\/strong><br \/><em>Dia Internacional dos Direitos Humanos: Apresenta\u00e7\u00e3o dos produtos art\u00edsticos \u00e0 comunidade educativa<br \/><\/em>Apresenta\u00e7\u00e3o dos produtos art\u00edsticos realizados no \u00e2mbito do Projeto ART&#8217;THEMIS+ da UMAR no ano letivo 2022\/2023 pelas turmas 5\u00baA, 8\u00baA e 8\u00baB da Escola B\u00e1sica 2,3 Dr. Fl\u00e1vio Gon\u00e7alves<br \/><strong>P\u00fablic-alvo <\/strong>Comunidade educativa da Escola B\u00e1sica 2,3 Dr. Fl\u00e1vio Gon\u00e7alves<strong><br \/>Local<\/strong> Escola B\u00e1sica 2,3 Dr. Fl\u00e1vio Gon\u00e7alves<br \/><strong>Data<\/strong> 14\/12\/2023<br \/><strong>Hora<\/strong> 9:00<\/p>\n<p><strong>Iniciativa | Atividade<\/strong><br \/><em>Semin\u00e1rio final da forma\u00e7\u00e3o &#8220;Preven\u00e7\u00e3o da viol\u00eancia de g\u00e9nero na escola&#8221;<br \/><\/em>Apresenta\u00e7\u00e3o de trabalhos pedag\u00f3gicos de t\u00e9cnicos\/as de educa\u00e7\u00e3o participantes na forma\u00e7\u00e3o &#8220;Preven\u00e7\u00e3o da viol\u00eancia de g\u00e9nero na escola&#8221;.<br \/><strong>P\u00fablic-alvo <\/strong>Participantes e equipa t\u00e9cnica da forma\u00e7\u00e3o &#8220;Preven\u00e7\u00e3o da viol\u00eancia de g\u00e9nero na escola&#8221;<strong><br \/>Local<\/strong> online<br \/><strong>Data<\/strong> 29\/11\/2023<br \/><strong>Hora<\/strong> 18:30<\/p>\n<p><strong>Iniciativa | Atividade<\/strong><br \/><em>II Edi\u00e7\u00e3o da campanha online no \u00e2mbito dos 16 dias de ativismo<br \/><\/em>Divulga\u00e7\u00e3o atrav\u00e9s das redes sociais de produtos art\u00edsticos realizados pelas turmas participantes no projeto ART&#8217;THEMIS+ da UMAR.<br \/><strong>P\u00fablic-alvo <\/strong>Comunidade<strong><br \/>Local<\/strong> online<br \/><strong>Data<\/strong> 25\/11\/2023<br \/><strong>Hora<\/strong> 8:00<br \/><strong>Mais informa\u00e7\u00f5es<\/strong> <a href=\"https:\/\/www.instagram.com\/art.themis.umar\/\" target=\"_blank\" rel=\"noopener\">https:\/\/www.instagram.com\/art.themis.umar\/<\/a><\/p>\n<p>[\/et_pb_toggle][\/et_pb_column][et_pb_column type=&#8221;1_4&#8243; _builder_version=&#8221;4.13.0&#8243; _module_preset=&#8221;default&#8221; global_colors_info=&#8221;{}&#8221;][et_pb_text _builder_version=&#8221;4.13.0&#8243; _module_preset=&#8221;default&#8221; text_font=&#8221;Montserrat||||||||&#8221; text_text_color=&#8221;#000000&#8243; text_font_size=&#8221;12px&#8221; text_line_height=&#8221;1.2em&#8221; header_2_font=&#8221;Montserrat|600|||||||&#8221; header_2_text_color=&#8221;#ff914d&#8221; custom_margin=&#8221;16px|12px|8px|12px|false|false&#8221; custom_padding=&#8221;1px|||||&#8221; locked=&#8221;off&#8221; global_colors_info=&#8221;{}&#8221;]<\/p>\n<h2>Vila do Conde<\/h2>\n<p><strong>Entidade promotora:<\/strong><br \/>C\u00e2mara Municipal de Vila do Conde<\/p>\n<p><strong>Iniciativa | Atividade:<\/strong><br \/>Workshop de Empoderamento Social e Pessoal &#8211; Defesa Pessoal<\/p>\n<p>[\/et_pb_text][et_pb_toggle title=&#8221;Informa\u00e7\u00f5es&#8221; open_toggle_text_color=&#8221;#7f7f7f&#8221; open_toggle_background_color=&#8221;rgba(0,0,0,0.02)&#8221; closed_toggle_text_color=&#8221;#7f7f7f&#8221; closed_toggle_background_color=&#8221;rgba(0,0,0,0.02)&#8221; icon_color=&#8221;#ff914d&#8221; toggle_icon=&#8221;&#xe03a;||divi||400&#8243; use_icon_font_size=&#8221;on&#8221; icon_font_size=&#8221;23px&#8221; _builder_version=&#8221;4.13.0&#8243; _module_preset=&#8221;default&#8221; title_text_color=&#8221;#7f7f7f&#8221; title_font=&#8221;Montserrat|700|||||||&#8221; title_font_size=&#8221;15px&#8221; body_font=&#8221;Montserrat||||||||&#8221; body_text_color=&#8221;#000000&#8243; body_font_size=&#8221;11px&#8221; body_line_height=&#8221;1.2em&#8221; background_color=&#8221;rgba(255,255,255,0)&#8221; custom_margin=&#8221;|||8px|false|false&#8221; custom_padding=&#8221;12px|12px|12px|14px|false|false&#8221; border_radii=&#8221;on|24px|24px|24px|24px&#8221; border_color_all=&#8221;rgba(0,0,0,0.5)&#8221; locked=&#8221;off&#8221; global_colors_info=&#8221;{}&#8221;]<\/p>\n<p><strong>Iniciativa | Atividade<\/strong><br \/><em>Workshop de Empoderamento Social e Pessoal &#8211; Defesa Pessoal<br \/><\/em>Para comemora\u00e7\u00e3o do Dia Internacional pela Elimina\u00e7\u00e3o da Viol\u00eancia contra a Mulher, a C\u00e2mara Municipal de Vila do Conde, no \u00e2mbito do Plano Municipal para a Igualdade e N\u00e3o Discrimina\u00e7\u00e3o, vai promover um workshop de Defesa Pessoal para todas as idades, a realizar no Parque de jogos de Vila do Conde \u00e0s 10 horas.<br \/><strong>P\u00fablic-alvo <\/strong>todas as idades<strong><br \/>Local<\/strong> Parque de jogos de Vila do Conde<br \/><strong>Data<\/strong> 25\/11\/2023<br \/><strong>Hora<\/strong> 10:00<\/p>\n<p><div id=\"attachment_3705\" style=\"width: 610px\" class=\"wp-caption aligncenter\"><a href=\"https:\/\/www.cig.gov.pt\/iniciativas-nacionais\/wp-content\/uploads\/2023\/11\/workshop_desfesa-Teresa-Correia.pdf\" target=\"_blank\" rel=\"noopener\" title=\"Workshop de Empoderamento Social e Pessoal - Defesa Pessoal\"><img aria-describedby=\"caption-attachment-3705\" loading=\"lazy\" src=\"https:\/\/www.cig.gov.pt\/iniciativas-nacionais\/wp-content\/uploads\/2023\/11\/workshop.jpg\" width=\"600\" height=\"830\" alt=\"Workshop de Empoderamento Social e Pessoal - Defesa Pessoal\" class=\"wp-image-3705 size-full\" srcset=\"https:\/\/www.cig.gov.pt\/iniciativas-nacionais\/wp-content\/uploads\/2023\/11\/workshop.jpg 600w, https:\/\/www.cig.gov.pt\/iniciativas-nacionais\/wp-content\/uploads\/2023\/11\/workshop-480x664.jpg 480w\" sizes=\"(min-width: 0px) and (max-width: 480px) 480px, (min-width: 481px) 600px, 100vw\" \/><\/a><p id=\"caption-attachment-3705\" class=\"wp-caption-text\">Workshop de Empoderamento Social e Pessoal &#8211; Defesa Pessoal<\/p><\/div>[\/et_pb_toggle][\/et_pb_column][\/et_pb_row][\/et_pb_section][et_pb_section fb_built=&#8221;1&#8243; admin_label=&#8221;Porto&#8221; _builder_version=&#8221;4.13.0&#8243; _module_preset=&#8221;default&#8221; custom_margin=&#8221;4px||4px||false|false&#8221; custom_padding=&#8221;4px||4px||false|false&#8221; global_colors_info=&#8221;{}&#8221;][et_pb_row admin_label=&#8221;Porto&#8221; _builder_version=&#8221;4.13.0&#8243; _module_preset=&#8221;default&#8221; background_color=&#8221;#071717&#8243; custom_margin=&#8221;40px||0px||false|false&#8221; custom_padding=&#8221;14px||14px||false|false&#8221; border_radii=&#8221;on|4px|4px|4px|4px&#8221; locked=&#8221;off&#8221; global_colors_info=&#8221;{}&#8221;][et_pb_column type=&#8221;4_4&#8243; _builder_version=&#8221;4.13.0&#8243; _module_preset=&#8221;default&#8221; global_colors_info=&#8221;{}&#8221;][et_pb_text admin_label=&#8221;Porto&#8221; _builder_version=&#8221;4.13.0&#8243; _module_preset=&#8221;default&#8221; text_font=&#8221;Montserrat|700|||||||&#8221; text_text_color=&#8221;#FFFFFF&#8221; text_font_size=&#8221;16px&#8221; text_letter_spacing=&#8221;1px&#8221; custom_margin=&#8221;2px||0px|20px|false|false&#8221; custom_padding=&#8221;6px||2px||false|false&#8221; global_colors_info=&#8221;{}&#8221;]<\/p>\n<p><span style=\"color: #ffde59;\">Distrito: <\/span><span style=\"font-size: xx-large;\">Portalegre<\/span><\/p>\n<p>[\/et_pb_text][\/et_pb_column][\/et_pb_row][et_pb_row column_structure=&#8221;1_4,1_4,1_4,1_4&#8243; use_custom_gutter=&#8221;on&#8221; gutter_width=&#8221;2&#8243; _builder_version=&#8221;4.13.0&#8243; _module_preset=&#8221;default&#8221; custom_margin=&#8221;||0px||false|false&#8221; custom_padding=&#8221;||0px||false|false&#8221; locked=&#8221;off&#8221; global_colors_info=&#8221;{}&#8221;][et_pb_column type=&#8221;1_4&#8243; _builder_version=&#8221;4.13.0&#8243; _module_preset=&#8221;default&#8221; global_colors_info=&#8221;{}&#8221;][et_pb_text _builder_version=&#8221;4.13.0&#8243; _module_preset=&#8221;default&#8221; text_font=&#8221;Montserrat||||||||&#8221; text_text_color=&#8221;#000000&#8243; text_font_size=&#8221;12px&#8221; text_line_height=&#8221;1.2em&#8221; header_2_font=&#8221;Montserrat|600|||||||&#8221; header_2_text_color=&#8221;#ff914d&#8221; custom_margin=&#8221;16px|12px|8px|12px|false|false&#8221; custom_padding=&#8221;1px|||||&#8221; locked=&#8221;off&#8221; global_colors_info=&#8221;{}&#8221;]<\/p>\n<h2>Portalegre<\/h2>\n<p><strong>Entidade promotora:<\/strong><br \/>NAVVD &#8220;Bem Me Quer&#8221; &#8211; CVP Portalegre e Evertis\/Selenis<\/p>\n<p><strong>Iniciativa | Atividade:<\/strong><br \/>&#8220;A Viol\u00eancia Dom\u00e9stica: uma quest\u00e3o de Direitos Humanos&#8221;<\/p>\n<p>[\/et_pb_text][et_pb_toggle title=&#8221;Informa\u00e7\u00f5es&#8221; open_toggle_text_color=&#8221;#7f7f7f&#8221; open_toggle_background_color=&#8221;rgba(0,0,0,0.02)&#8221; closed_toggle_text_color=&#8221;#7f7f7f&#8221; closed_toggle_background_color=&#8221;rgba(0,0,0,0.02)&#8221; icon_color=&#8221;#ff914d&#8221; toggle_icon=&#8221;&#xe03a;||divi||400&#8243; use_icon_font_size=&#8221;on&#8221; icon_font_size=&#8221;23px&#8221; _builder_version=&#8221;4.13.0&#8243; _module_preset=&#8221;default&#8221; title_text_color=&#8221;#7f7f7f&#8221; title_font=&#8221;Montserrat|700|||||||&#8221; title_font_size=&#8221;15px&#8221; body_font=&#8221;Montserrat||||||||&#8221; body_text_color=&#8221;#000000&#8243; body_font_size=&#8221;11px&#8221; body_line_height=&#8221;1.2em&#8221; background_color=&#8221;rgba(255,255,255,0)&#8221; custom_margin=&#8221;|||8px|false|false&#8221; custom_padding=&#8221;12px|12px|12px|14px|false|false&#8221; border_radii=&#8221;on|24px|24px|24px|24px&#8221; border_color_all=&#8221;rgba(0,0,0,0.5)&#8221; locked=&#8221;off&#8221; global_colors_info=&#8221;{}&#8221;]<\/p>\n<p><strong>Iniciativa | Atividade<\/strong><br \/><em>&#8220;A Viol\u00eancia Dom\u00e9stica: uma quest\u00e3o de Direitos Humanos&#8221;<\/em><br \/>A\u00e7\u00e3o de informa\u00e7\u00e3o\/sensibiliza\u00e7\u00e3o para as pessoas colaboradoras da Empresa Evertis\/Selenis, alertando para o fen\u00f3meno da viol\u00eancia dom\u00e9stica e identificar redes de apoio, especificando a interven\u00e7\u00e3o do NAVVD.<br \/><strong>P\u00fablico-alvo<\/strong> Pessoas colaboradoras da Empresa<br \/><strong>Local<\/strong> Evertis Ib\u00e9rica, S.A., Portalegre<br \/><strong>Data<\/strong> 27\/11\/2023<br \/><strong>Hora<\/strong> 14:15<\/p>\n<p>[\/et_pb_toggle][\/et_pb_column][et_pb_column type=&#8221;1_4&#8243; _builder_version=&#8221;4.13.0&#8243; _module_preset=&#8221;default&#8221; global_colors_info=&#8221;{}&#8221;][\/et_pb_column][et_pb_column type=&#8221;1_4&#8243; _builder_version=&#8221;4.13.0&#8243; _module_preset=&#8221;default&#8221; global_colors_info=&#8221;{}&#8221;][\/et_pb_column][et_pb_column type=&#8221;1_4&#8243; _builder_version=&#8221;4.13.0&#8243; _module_preset=&#8221;default&#8221; global_colors_info=&#8221;{}&#8221;][\/et_pb_column][\/et_pb_row][\/et_pb_section][et_pb_section fb_built=&#8221;1&#8243; admin_label=&#8221;Santar\u00e9m&#8221; _builder_version=&#8221;4.13.0&#8243; _module_preset=&#8221;default&#8221; custom_margin=&#8221;4px||4px||false|false&#8221; custom_padding=&#8221;4px||4px||false|false&#8221; global_colors_info=&#8221;{}&#8221;][et_pb_row admin_label=&#8221;Santar\u00e9m&#8221; _builder_version=&#8221;4.13.0&#8243; _module_preset=&#8221;default&#8221; background_color=&#8221;#071717&#8243; custom_margin=&#8221;40px||0px||false|false&#8221; custom_padding=&#8221;14px||14px||false|false&#8221; border_radii=&#8221;on|4px|4px|4px|4px&#8221; locked=&#8221;off&#8221; global_colors_info=&#8221;{}&#8221;][et_pb_column type=&#8221;4_4&#8243; _builder_version=&#8221;4.13.0&#8243; _module_preset=&#8221;default&#8221; global_colors_info=&#8221;{}&#8221;][et_pb_text admin_label=&#8221;Santar\u00e9m&#8221; _builder_version=&#8221;4.13.0&#8243; _module_preset=&#8221;default&#8221; text_font=&#8221;Montserrat|700|||||||&#8221; text_text_color=&#8221;#FFFFFF&#8221; text_font_size=&#8221;16px&#8221; text_letter_spacing=&#8221;1px&#8221; custom_margin=&#8221;2px||0px|20px|false|false&#8221; custom_padding=&#8221;6px||2px||false|false&#8221; global_colors_info=&#8221;{}&#8221;]<\/p>\n<p><span style=\"color: #ffde59;\">Distrito: <\/span><span style=\"font-size: xx-large;\">Santar\u00e9m<\/span><\/p>\n<p>[\/et_pb_text][\/et_pb_column][\/et_pb_row][et_pb_row column_structure=&#8221;1_4,1_4,1_4,1_4&#8243; use_custom_gutter=&#8221;on&#8221; gutter_width=&#8221;2&#8243; _builder_version=&#8221;4.13.0&#8243; _module_preset=&#8221;default&#8221; custom_margin=&#8221;||0px||false|false&#8221; custom_padding=&#8221;||0px||false|false&#8221; locked=&#8221;off&#8221; global_colors_info=&#8221;{}&#8221;][et_pb_column type=&#8221;1_4&#8243; _builder_version=&#8221;4.13.0&#8243; _module_preset=&#8221;default&#8221; global_colors_info=&#8221;{}&#8221;][et_pb_text _builder_version=&#8221;4.13.0&#8243; _module_preset=&#8221;default&#8221; text_font=&#8221;Montserrat||||||||&#8221; text_text_color=&#8221;#000000&#8243; text_font_size=&#8221;12px&#8221; text_line_height=&#8221;1.2em&#8221; header_2_font=&#8221;Montserrat|600|||||||&#8221; header_2_text_color=&#8221;#ff914d&#8221; custom_margin=&#8221;16px|12px|8px|12px|false|false&#8221; custom_padding=&#8221;1px|||||&#8221; locked=&#8221;off&#8221; global_colors_info=&#8221;{}&#8221;]<\/p>\n<h2>Our\u00e9m<\/h2>\n<p><strong>Entidade promotora:<\/strong><br \/>Munic\u00edpio de Our\u00e9m<\/p>\n<p><strong>Iniciativa | Atividade:<\/strong><br \/>F\u00f3rum Social 2023<\/p>\n<p>[\/et_pb_text][et_pb_toggle title=&#8221;Informa\u00e7\u00f5es&#8221; open_toggle_text_color=&#8221;#7f7f7f&#8221; open_toggle_background_color=&#8221;rgba(0,0,0,0.02)&#8221; closed_toggle_text_color=&#8221;#7f7f7f&#8221; closed_toggle_background_color=&#8221;rgba(0,0,0,0.02)&#8221; icon_color=&#8221;#ff914d&#8221; toggle_icon=&#8221;&#xe03a;||divi||400&#8243; use_icon_font_size=&#8221;on&#8221; icon_font_size=&#8221;23px&#8221; _builder_version=&#8221;4.13.0&#8243; _module_preset=&#8221;default&#8221; title_text_color=&#8221;#7f7f7f&#8221; title_font=&#8221;Montserrat|700|||||||&#8221; title_font_size=&#8221;15px&#8221; body_font=&#8221;Montserrat||||||||&#8221; body_text_color=&#8221;#000000&#8243; body_font_size=&#8221;11px&#8221; body_line_height=&#8221;1.2em&#8221; background_color=&#8221;rgba(255,255,255,0)&#8221; custom_margin=&#8221;|||8px|false|false&#8221; custom_padding=&#8221;12px|12px|12px|14px|false|false&#8221; border_radii=&#8221;on|24px|24px|24px|24px&#8221; border_color_all=&#8221;rgba(0,0,0,0.5)&#8221; locked=&#8221;off&#8221; global_colors_info=&#8221;{}&#8221;]<\/p>\n<p><strong>Iniciativa | Atividade<\/strong><br \/><em>F\u00f3rum Social 2023<\/em><br \/>O Munic\u00edpio de Our\u00e9m ir\u00e1 promover o F\u00f3rum Social de Our\u00e9m 2023 que se realizar\u00e1 nos dias 22 de novembro de 2022, no Audit\u00f3rio da C\u00e2mara Municipal de Our\u00e9m. Neste dia iremos abordar dois temas que continuam presentes na nossa sociedade: a pobreza e a viol\u00eancia dom\u00e9stica. Durante o per\u00edodo da manh\u00e3 iremos falar sobre os planos de a\u00e7\u00e3o nacional da garantia para a inf\u00e2ncia e o plano de combate \u00e0 pobreza. No per\u00edodo da tarde dedicaremos espa\u00e7o para a viol\u00eancia dom\u00e9stica passando por tr\u00eas dom\u00ednios fundamentais de interven\u00e7\u00e3o nesta \u00e1rea: o papel do minist\u00e9rio p\u00fablico, das for\u00e7as de seguran\u00e7a e o trabalho de acompanhamento das v\u00edtimas efetuado pelas estruturas de apoio \u00e0 v\u00edtima. Neste dia dever\u00e3o ser assinados dois protocolos, nomeadamente o protocolo do N\u00facleo de Garantia Para a Inf\u00e2ncia e o protocolo para a constitui\u00e7\u00e3o da Rede Local de Interven\u00e7\u00e3o com V\u00edtimas de Viol\u00eancia Dom\u00e9stica de Our\u00e9m.<br \/><strong>P\u00fablico-alvo<\/strong> T\u00e9cnicos da \u00e0rea social, sa\u00fade e outras similares<br \/><strong>Local<\/strong> Teatro Municipal de Our\u00e9m<br \/><strong>Data<\/strong> 22\/11\/2023<br \/><strong>Hora<\/strong> 9:00<\/p>\n<p>[\/et_pb_toggle][\/et_pb_column][et_pb_column type=&#8221;1_4&#8243; _builder_version=&#8221;4.13.0&#8243; _module_preset=&#8221;default&#8221; global_colors_info=&#8221;{}&#8221;][\/et_pb_column][et_pb_column type=&#8221;1_4&#8243; _builder_version=&#8221;4.13.0&#8243; _module_preset=&#8221;default&#8221; global_colors_info=&#8221;{}&#8221;][\/et_pb_column][et_pb_column type=&#8221;1_4&#8243; _builder_version=&#8221;4.13.0&#8243; _module_preset=&#8221;default&#8221; global_colors_info=&#8221;{}&#8221;][\/et_pb_column][\/et_pb_row][\/et_pb_section][et_pb_section fb_built=&#8221;1&#8243; admin_label=&#8221;Set\u00fabal&#8221; _builder_version=&#8221;4.13.0&#8243; _module_preset=&#8221;default&#8221; custom_margin=&#8221;4px||4px||false|false&#8221; custom_padding=&#8221;4px||4px||false|false&#8221; global_colors_info=&#8221;{}&#8221;][et_pb_row admin_label=&#8221;Set\u00fabal&#8221; _builder_version=&#8221;4.13.0&#8243; _module_preset=&#8221;default&#8221; background_color=&#8221;#071717&#8243; custom_margin=&#8221;40px||0px||false|false&#8221; custom_padding=&#8221;14px||14px||false|false&#8221; border_radii=&#8221;on|4px|4px|4px|4px&#8221; locked=&#8221;off&#8221; global_colors_info=&#8221;{}&#8221;][et_pb_column type=&#8221;4_4&#8243; _builder_version=&#8221;4.13.0&#8243; _module_preset=&#8221;default&#8221; global_colors_info=&#8221;{}&#8221;][et_pb_text admin_label=&#8221;Set\u00fabal&#8221; _builder_version=&#8221;4.13.0&#8243; _module_preset=&#8221;default&#8221; text_font=&#8221;Montserrat|700|||||||&#8221; text_text_color=&#8221;#FFFFFF&#8221; text_font_size=&#8221;16px&#8221; text_letter_spacing=&#8221;1px&#8221; custom_margin=&#8221;2px||0px|20px|false|false&#8221; custom_padding=&#8221;6px||2px||false|false&#8221; global_colors_info=&#8221;{}&#8221;]<\/p>\n<p><span style=\"color: #ffde59;\">Distrito: <\/span><span style=\"font-size: xx-large;\">Set\u00fabal<\/span><\/p>\n<p>[\/et_pb_text][\/et_pb_column][\/et_pb_row][et_pb_row column_structure=&#8221;1_4,1_4,1_4,1_4&#8243; use_custom_gutter=&#8221;on&#8221; gutter_width=&#8221;2&#8243; _builder_version=&#8221;4.13.0&#8243; _module_preset=&#8221;default&#8221; custom_margin=&#8221;||0px||false|false&#8221; custom_padding=&#8221;||0px||false|false&#8221; locked=&#8221;off&#8221; global_colors_info=&#8221;{}&#8221;][et_pb_column type=&#8221;1_4&#8243; _builder_version=&#8221;4.13.0&#8243; _module_preset=&#8221;default&#8221; global_colors_info=&#8221;{}&#8221;][et_pb_text _builder_version=&#8221;4.13.0&#8243; _module_preset=&#8221;default&#8221; text_font=&#8221;Montserrat||||||||&#8221; text_text_color=&#8221;#000000&#8243; text_font_size=&#8221;12px&#8221; text_line_height=&#8221;1.2em&#8221; header_2_font=&#8221;Montserrat|600|||||||&#8221; header_2_text_color=&#8221;#ff914d&#8221; custom_margin=&#8221;16px|12px|8px|12px|false|false&#8221; custom_padding=&#8221;1px|||||&#8221; locked=&#8221;off&#8221; global_colors_info=&#8221;{}&#8221;]<\/p>\n<h2>Almada<\/h2>\n<p><strong>Entidade promotora:<\/strong><br \/>Comiss\u00e3o Social da Uni\u00e3o de Freguesias Caparica Trafaria<\/p>\n<p><strong>Iniciativa | Atividade:<\/strong><br \/>Dizer n\u00e3o, \u00e9 o meu g\u00e9nero!<br \/>Marcha pelo Fim da Viol\u00eancia contra as Mulheres<\/p>\n<p>[\/et_pb_text][et_pb_toggle title=&#8221;Informa\u00e7\u00f5es&#8221; open_toggle_text_color=&#8221;#7f7f7f&#8221; open_toggle_background_color=&#8221;rgba(0,0,0,0.02)&#8221; closed_toggle_text_color=&#8221;#7f7f7f&#8221; closed_toggle_background_color=&#8221;rgba(0,0,0,0.02)&#8221; icon_color=&#8221;#ff914d&#8221; toggle_icon=&#8221;&#xe03a;||divi||400&#8243; use_icon_font_size=&#8221;on&#8221; icon_font_size=&#8221;23px&#8221; _builder_version=&#8221;4.13.0&#8243; _module_preset=&#8221;default&#8221; title_text_color=&#8221;#7f7f7f&#8221; title_font=&#8221;Montserrat|700|||||||&#8221; title_font_size=&#8221;15px&#8221; body_font=&#8221;Montserrat||||||||&#8221; body_text_color=&#8221;#000000&#8243; body_font_size=&#8221;11px&#8221; body_line_height=&#8221;1.2em&#8221; background_color=&#8221;rgba(255,255,255,0)&#8221; custom_margin=&#8221;|||8px|false|false&#8221; custom_padding=&#8221;12px|12px|12px|14px|false|false&#8221; border_radii=&#8221;on|24px|24px|24px|24px&#8221; border_color_all=&#8221;rgba(0,0,0,0.5)&#8221; locked=&#8221;off&#8221; global_colors_info=&#8221;{}&#8221;]<\/p>\n<p><strong>Iniciativa | Atividade<\/strong><br \/><em>Dizer n\u00e3o, \u00e9 o meu g\u00e9nero!<\/em><br \/>Dinamiza\u00e7\u00e3o de atividades de sensibiliza\u00e7\u00e3o junto de crian\u00e7as, jovens e popula\u00e7\u00e3o em geral sobre a viol\u00eancia contra as mulheres, sobre masculinidades t\u00f3xicas e direitos humanos. Ao longo da campanha que inicia a 27\/11 as entidades que compo\u00eam a CSF ir-se-\u00e3o registando fotograficamente os estendais com as afirma\u00e7\u00f5es resultantes das din\u00e2micas. A campanha terminar\u00e1 no dia 13\/12 com o encontro e inaugura\u00e7\u00e3o da exposi\u00e7\u00e3o \u201cDizer n\u00e3o, \u00e9 o meu g\u00e9nero!\u201d na Escola Secund\u00e1ria do Monte de Caparica (Almada).<br \/><strong>P\u00fablico-alvo<\/strong> Crian\u00e7as, estudantes, p\u00fablico geral<br \/><strong>Local<\/strong> Uni\u00e3o de Freguesias de Caparica e Trafaria (concelho de Almada)<br \/><strong>Data<\/strong> 27\/11\/2023<br \/><strong>Hora<\/strong> 9:00<\/p>\n<p><strong>Iniciativa | Atividade<\/strong><br \/><em>Marcha pelo Fim da Viol\u00eancia contra as Mulheres<\/em><br \/>Manifesta\u00e7\u00e3o anual em Lisboa promovida por associa\u00e7\u00f5es e colectivos feministas, que assinala o Dia Internacional para a Elimina\u00e7\u00e3o da Viol\u00eancia contra as Mulheres, 25 de Novembro.<br \/><strong>P\u00fablico-alvo<\/strong> Popula\u00e7\u00e3o em geral<br \/><strong>Local<\/strong> Largo do Intendente, Lisboa<br \/><strong>Data<\/strong> 25\/11\/2023<br \/><strong>Hora<\/strong> 15:00<br \/><strong>Mais informa\u00e7\u00f5es<\/strong> <a href=\"https:\/\/www.facebook.com\/events\/848343550405147\" target=\"_blank\" rel=\"noopener\">https:\/\/www.facebook.com\/events\/848343550405147<\/a><\/p>\n<p><div id=\"attachment_3712\" style=\"width: 1210px\" class=\"wp-caption aligncenter\"><a href=\"https:\/\/www.cig.gov.pt\/iniciativas-nacionais\/wp-content\/uploads\/2023\/11\/marcha-25-N-Centro-de-Documentacao-e-Arquivo-Feminista.jpg\" target=\"_blank\" rel=\"noopener\" title=\"Marcha pelo Fim da Viol\u00eancia contra as Mulheres\"><img aria-describedby=\"caption-attachment-3712\" loading=\"lazy\" src=\"https:\/\/www.cig.gov.pt\/iniciativas-nacionais\/wp-content\/uploads\/2023\/11\/marcha-25-N-Centro-de-Documentacao-e-Arquivo-Feminista.jpg\" width=\"1200\" height=\"629\" alt=\"Marcha pelo Fim da Viol\u00eancia contra as Mulheres\" class=\"wp-image-3712 size-full\" srcset=\"https:\/\/www.cig.gov.pt\/iniciativas-nacionais\/wp-content\/uploads\/2023\/11\/marcha-25-N-Centro-de-Documentacao-e-Arquivo-Feminista.jpg 1200w, https:\/\/www.cig.gov.pt\/iniciativas-nacionais\/wp-content\/uploads\/2023\/11\/marcha-25-N-Centro-de-Documentacao-e-Arquivo-Feminista-980x514.jpg 980w, https:\/\/www.cig.gov.pt\/iniciativas-nacionais\/wp-content\/uploads\/2023\/11\/marcha-25-N-Centro-de-Documentacao-e-Arquivo-Feminista-480x252.jpg 480w\" sizes=\"(min-width: 0px) and (max-width: 480px) 480px, (min-width: 481px) and (max-width: 980px) 980px, (min-width: 981px) 1200px, 100vw\" \/><\/a><p id=\"caption-attachment-3712\" class=\"wp-caption-text\">Marcha pelo Fim da Viol\u00eancia contra as Mulheres<\/p><\/div>[\/et_pb_toggle][\/et_pb_column][et_pb_column type=&#8221;1_4&#8243; _builder_version=&#8221;4.13.0&#8243; _module_preset=&#8221;default&#8221; global_colors_info=&#8221;{}&#8221;][et_pb_text _builder_version=&#8221;4.13.0&#8243; _module_preset=&#8221;default&#8221; text_font=&#8221;Montserrat||||||||&#8221; text_text_color=&#8221;#000000&#8243; text_font_size=&#8221;12px&#8221; text_line_height=&#8221;1.2em&#8221; header_2_font=&#8221;Montserrat|600|||||||&#8221; header_2_text_color=&#8221;#ff914d&#8221; custom_margin=&#8221;16px|12px|8px|12px|false|false&#8221; custom_padding=&#8221;1px|||||&#8221; locked=&#8221;off&#8221; global_colors_info=&#8221;{}&#8221;]<\/p>\n<h2>Montijo<\/h2>\n<p><strong>Entidade promotora:<\/strong><br \/>C\u00e2mara Municipal do Montijo<\/p>\n<p><strong>Iniciativa | Atividade:<\/strong><br \/>Podcast Igualdade em Foco<\/p>\n<p>[\/et_pb_text][et_pb_toggle title=&#8221;Informa\u00e7\u00f5es&#8221; open_toggle_text_color=&#8221;#7f7f7f&#8221; open_toggle_background_color=&#8221;rgba(0,0,0,0.02)&#8221; closed_toggle_text_color=&#8221;#7f7f7f&#8221; closed_toggle_background_color=&#8221;rgba(0,0,0,0.02)&#8221; icon_color=&#8221;#ff914d&#8221; toggle_icon=&#8221;&#xe03a;||divi||400&#8243; use_icon_font_size=&#8221;on&#8221; icon_font_size=&#8221;23px&#8221; _builder_version=&#8221;4.13.0&#8243; _module_preset=&#8221;default&#8221; title_text_color=&#8221;#7f7f7f&#8221; title_font=&#8221;Montserrat|700|||||||&#8221; title_font_size=&#8221;15px&#8221; body_font=&#8221;Montserrat||||||||&#8221; body_text_color=&#8221;#000000&#8243; body_font_size=&#8221;11px&#8221; body_line_height=&#8221;1.2em&#8221; background_color=&#8221;rgba(255,255,255,0)&#8221; custom_margin=&#8221;|||8px|false|false&#8221; custom_padding=&#8221;12px|12px|12px|14px|false|false&#8221; border_radii=&#8221;on|24px|24px|24px|24px&#8221; border_color_all=&#8221;rgba(0,0,0,0.5)&#8221; locked=&#8221;off&#8221; global_colors_info=&#8221;{}&#8221;]<\/p>\n<p><strong>Iniciativa | Atividade<\/strong><br \/><em>Podcast Igualdade em Foco<\/em><br \/>A C\u00e2mara Municipal de Montijo lan\u00e7a dia 24 de cada m\u00eas um Podcast subordinado ao tema da Igualdade, com figuras p\u00fablicas, Nacionais ou locais que tenham trabalho reconhecido, no \u00e2mbito das pol\u00edticas p\u00fablicas da Igualdade &#8211; Entrevista com Elisabete Brasil.<br \/><strong>P\u00fablico-alvo<\/strong> Comunidade<br \/><strong>Local<\/strong> Cineteatro Joaquim de Almeida<br \/><strong>Data<\/strong> 24\/11\/2023<br \/><strong>Hora<\/strong> 9:00<\/p>\n<p>&nbsp;<\/p>\n<p>[\/et_pb_toggle][\/et_pb_column][et_pb_column type=&#8221;1_4&#8243; _builder_version=&#8221;4.13.0&#8243; _module_preset=&#8221;default&#8221; global_colors_info=&#8221;{}&#8221;][\/et_pb_column][et_pb_column type=&#8221;1_4&#8243; _builder_version=&#8221;4.13.0&#8243; _module_preset=&#8221;default&#8221; global_colors_info=&#8221;{}&#8221;][\/et_pb_column][\/et_pb_row][\/et_pb_section][et_pb_section fb_built=&#8221;1&#8243; admin_label=&#8221;Viana do Castelo&#8221; _builder_version=&#8221;4.13.0&#8243; _module_preset=&#8221;default&#8221; custom_margin=&#8221;4px||4px||false|false&#8221; custom_padding=&#8221;4px||4px||false|false&#8221; global_colors_info=&#8221;{}&#8221;][et_pb_row admin_label=&#8221;Viana do Castelo&#8221; _builder_version=&#8221;4.13.0&#8243; _module_preset=&#8221;default&#8221; background_color=&#8221;#071717&#8243; custom_margin=&#8221;40px||0px||false|false&#8221; custom_padding=&#8221;14px||14px||false|false&#8221; border_radii=&#8221;on|4px|4px|4px|4px&#8221; locked=&#8221;off&#8221; global_colors_info=&#8221;{}&#8221;][et_pb_column type=&#8221;4_4&#8243; _builder_version=&#8221;4.13.0&#8243; _module_preset=&#8221;default&#8221; global_colors_info=&#8221;{}&#8221;][et_pb_text admin_label=&#8221;Viana do Castelo&#8221; _builder_version=&#8221;4.13.0&#8243; _module_preset=&#8221;default&#8221; text_font=&#8221;Montserrat|700|||||||&#8221; text_text_color=&#8221;#FFFFFF&#8221; text_font_size=&#8221;16px&#8221; text_letter_spacing=&#8221;1px&#8221; custom_margin=&#8221;2px||0px|20px|false|false&#8221; custom_padding=&#8221;6px||2px||false|false&#8221; global_colors_info=&#8221;{}&#8221;]<\/p>\n<p><span style=\"color: #ffde59;\">Distrito: <\/span><span style=\"font-size: xx-large;\">Viana do Castelo<br \/><\/span><\/p>\n<p>[\/et_pb_text][\/et_pb_column][\/et_pb_row][et_pb_row column_structure=&#8221;1_4,1_4,1_4,1_4&#8243; use_custom_gutter=&#8221;on&#8221; gutter_width=&#8221;2&#8243; _builder_version=&#8221;4.13.0&#8243; _module_preset=&#8221;default&#8221; custom_margin=&#8221;||0px||false|false&#8221; custom_padding=&#8221;||0px||false|false&#8221; locked=&#8221;off&#8221; global_colors_info=&#8221;{}&#8221;][et_pb_column type=&#8221;1_4&#8243; _builder_version=&#8221;4.13.0&#8243; _module_preset=&#8221;default&#8221; global_colors_info=&#8221;{}&#8221;][et_pb_text _builder_version=&#8221;4.13.0&#8243; _module_preset=&#8221;default&#8221; text_font=&#8221;Montserrat||||||||&#8221; text_text_color=&#8221;#000000&#8243; text_font_size=&#8221;12px&#8221; text_line_height=&#8221;1.2em&#8221; header_2_font=&#8221;Montserrat|600|||||||&#8221; header_2_text_color=&#8221;#ff914d&#8221; custom_margin=&#8221;16px|12px|8px|12px|false|false&#8221; custom_padding=&#8221;1px|||||&#8221; locked=&#8221;off&#8221; global_colors_info=&#8221;{}&#8221;]<\/p>\n<h2>Arcos de Valdevez<\/h2>\n<p><strong>Entidade promotora:<\/strong><br \/>CAEVVD &#8211; CVP Arcos<\/p>\n<p><strong>Iniciativa | Atividade:<\/strong><br \/>Concurso &#8220;Quanto mais me bates&#8230;&#8221;<\/p>\n<p>[\/et_pb_text][et_pb_toggle title=&#8221;Informa\u00e7\u00f5es&#8221; open_toggle_text_color=&#8221;#7f7f7f&#8221; open_toggle_background_color=&#8221;rgba(0,0,0,0.02)&#8221; closed_toggle_text_color=&#8221;#7f7f7f&#8221; closed_toggle_background_color=&#8221;rgba(0,0,0,0.02)&#8221; icon_color=&#8221;#ff914d&#8221; toggle_icon=&#8221;&#xe03a;||divi||400&#8243; use_icon_font_size=&#8221;on&#8221; icon_font_size=&#8221;23px&#8221; _builder_version=&#8221;4.13.0&#8243; _module_preset=&#8221;default&#8221; title_text_color=&#8221;#7f7f7f&#8221; title_font=&#8221;Montserrat|700|||||||&#8221; title_font_size=&#8221;15px&#8221; body_font=&#8221;Montserrat||||||||&#8221; body_text_color=&#8221;#000000&#8243; body_font_size=&#8221;11px&#8221; body_line_height=&#8221;1.2em&#8221; background_color=&#8221;rgba(255,255,255,0)&#8221; custom_margin=&#8221;|||8px|false|false&#8221; custom_padding=&#8221;12px|12px|12px|14px|false|false&#8221; border_radii=&#8221;on|24px|24px|24px|24px&#8221; border_color_all=&#8221;rgba(0,0,0,0.5)&#8221; locked=&#8221;off&#8221; global_colors_info=&#8221;{}&#8221;]<\/p>\n<p><strong>Iniciativa | Atividade<\/strong><br \/><em>Concurso &#8220;Quanto mais me bates&#8230;&#8221;<\/em><br \/>Em Portugal, no ano passado foram registadas 30.488 participa\u00e7\u00f5es pelo crime de viol\u00eancia dom\u00e9stica, sendo 86% das participa\u00e7\u00f5es referentes \u00e0 tipologia de viol\u00eancia dom\u00e9stica contra c\u00f4njuge (72,4% das v\u00edtimas s\u00e3o mulheres e 80,2% das pessoas denunciadas s\u00e3o homens).<br \/>Diz a sabedoria popular que \u201cEntre marido e mulher n\u00e3o se mete a colher\u201d, \u201cQuanto mais me bates mais eu gosto de ti\u201d e \u201cN\u00e3o se mete o nariz onde n\u00e3o se \u00e9 chamado\u201d, s\u00f3 que ditados como estes podem passar a ideia de que a viol\u00eancia \u00e9 um assunto do foro privado e, mais grave, que a v\u00edtima \u00e9 respons\u00e1vel pelo abuso que sofre.<br \/>A viol\u00eancia dom\u00e9stica \u00e9 um crime p\u00fablico que pode, e deve, ser denunciado! \u00c9 por isso que no 25 de novembro se celebra o Dia Internacional pela Elimina\u00e7\u00e3o da Viol\u00eancia contra as Mulheres e, este ano, a Delega\u00e7\u00e3o de Arcos de Valdevez da Cruz Vermelha Portuguesa, prop\u00f5e-se dinamizar o concurso \u201cQuanto mais me bates\u2026\u201d na sua p\u00e1gina de Facebook tendo em vista envolver a comunidade na consciencializa\u00e7\u00e3o para este problema e na urg\u00eancia em desconstruir e ressinificar este tipo de express\u00f5es populares.<br \/>O concurso consiste na publica\u00e7\u00e3o na p\u00e1gina da Delega\u00e7\u00e3o de um trabalho original (ex. texto, fotografia, m\u00fasica, v\u00eddeo, pintura, ilustra\u00e7\u00e3o, poesia, etc.), alusivo ao tema \u201cQuanto mais me bates \u2026\u201d; e as tr\u00eas participa\u00e7\u00f5es vencedoras ser\u00e3o as que possu\u00edrem mais intera\u00e7\u00f5es (rea\u00e7\u00f5es\/coment\u00e1rios positivos). Os pr\u00e9mios ser\u00e3o uma pintura da autoria das V\u00edtimas de Viol\u00eancia Dom\u00e9stica que estiveram acolhidas em estruturas de apoio a VVD da RNAVVD.<br \/><strong>P\u00fablico-alvo<\/strong> Comunidade em geral<br \/><strong>Local<\/strong> Facebook <a href=\"https:\/\/www.facebook.com\/cruzvermelhaportuguesarcosdevaldevez\" target=\"_blank\" rel=\"noopener\">https:\/\/www.facebook.com\/cruzvermelhaportuguesarcosdevaldevez<\/a><br \/><strong>Data<\/strong> 24\/11\/2023<br \/><strong>Hora<\/strong> 9:00<\/p>\n<p><div id=\"attachment_3716\" style=\"width: 804px\" class=\"wp-caption aligncenter\"><a href=\"https:\/\/www.cig.gov.pt\/iniciativas-nacionais\/wp-content\/uploads\/2023\/11\/25NOV2023B-Casa-Acolhimento-de-Emergencia-Arcos-de-Valdevez.png\" target=\"_blank\" rel=\"noopener\" title=\"Concurso &quot;Quanto mais me bates...&quot;\"><img aria-describedby=\"caption-attachment-3716\" loading=\"lazy\" src=\"https:\/\/www.cig.gov.pt\/iniciativas-nacionais\/wp-content\/uploads\/2023\/11\/25NOV2023B-Casa-Acolhimento-de-Emergencia-Arcos-de-Valdevez.png\" width=\"794\" height=\"1123\" alt=\"Concurso \" quanto=\"\" mais=\"\" me=\"\" bates=\"\" class=\"wp-image-3716 size-full\" srcset=\"https:\/\/www.cig.gov.pt\/iniciativas-nacionais\/wp-content\/uploads\/2023\/11\/25NOV2023B-Casa-Acolhimento-de-Emergencia-Arcos-de-Valdevez.png 794w, https:\/\/www.cig.gov.pt\/iniciativas-nacionais\/wp-content\/uploads\/2023\/11\/25NOV2023B-Casa-Acolhimento-de-Emergencia-Arcos-de-Valdevez-480x679.png 480w\" sizes=\"(min-width: 0px) and (max-width: 480px) 480px, (min-width: 481px) 794px, 100vw\" \/><\/a><p id=\"caption-attachment-3716\" class=\"wp-caption-text\">Concurso &#8220;Quanto mais me bates&#8230;&#8221;<\/p><\/div>[\/et_pb_toggle][\/et_pb_column][et_pb_column type=&#8221;1_4&#8243; _builder_version=&#8221;4.13.0&#8243; _module_preset=&#8221;default&#8221; global_colors_info=&#8221;{}&#8221;][et_pb_text _builder_version=&#8221;4.13.0&#8243; _module_preset=&#8221;default&#8221; text_font=&#8221;Montserrat||||||||&#8221; text_text_color=&#8221;#000000&#8243; text_font_size=&#8221;12px&#8221; text_line_height=&#8221;1.2em&#8221; header_2_font=&#8221;Montserrat|600|||||||&#8221; header_2_text_color=&#8221;#ff914d&#8221; custom_margin=&#8221;16px|12px|8px|12px|false|false&#8221; custom_padding=&#8221;1px|||||&#8221; locked=&#8221;off&#8221; global_colors_info=&#8221;{}&#8221;]<\/p>\n<h2>Viana Castelo<\/h2>\n<p><strong>Entidade promotora:<\/strong><br \/>GAF &#8211; Equipa Viol\u00eancia<\/p>\n<p><strong>Iniciativa | Atividade:<\/strong><br \/>Campanha Digital &#8211; Dia da Elimina\u00e7\u00e3o da Viol\u00eancia contra as mulheres<\/p>\n<p>[\/et_pb_text][et_pb_toggle title=&#8221;Informa\u00e7\u00f5es&#8221; open_toggle_text_color=&#8221;#7f7f7f&#8221; open_toggle_background_color=&#8221;rgba(0,0,0,0.02)&#8221; closed_toggle_text_color=&#8221;#7f7f7f&#8221; closed_toggle_background_color=&#8221;rgba(0,0,0,0.02)&#8221; icon_color=&#8221;#ff914d&#8221; toggle_icon=&#8221;&#xe03a;||divi||400&#8243; use_icon_font_size=&#8221;on&#8221; icon_font_size=&#8221;23px&#8221; _builder_version=&#8221;4.13.0&#8243; _module_preset=&#8221;default&#8221; title_text_color=&#8221;#7f7f7f&#8221; title_font=&#8221;Montserrat|700|||||||&#8221; title_font_size=&#8221;15px&#8221; body_font=&#8221;Montserrat||||||||&#8221; body_text_color=&#8221;#000000&#8243; body_font_size=&#8221;11px&#8221; body_line_height=&#8221;1.2em&#8221; background_color=&#8221;rgba(255,255,255,0)&#8221; custom_margin=&#8221;|||8px|false|false&#8221; custom_padding=&#8221;12px|12px|12px|14px|false|false&#8221; border_radii=&#8221;on|24px|24px|24px|24px&#8221; border_color_all=&#8221;rgba(0,0,0,0.5)&#8221; locked=&#8221;off&#8221; global_colors_info=&#8221;{}&#8221;]<\/p>\n<p><strong>Iniciativa | Atividade<\/strong><br \/><em>Campanha Digital &#8211; Dia da Elimina\u00e7\u00e3o da Viol\u00eancia contra as mulheres<\/em><br \/>No \u00e2mbito do dia da elimina\u00e7\u00e3o da viol\u00eancia contra a mulher, o GAF ir\u00e1 desenvolver uma campanha digital de preven\u00e7\u00e3o da viol\u00eancia no namoro direcionada a comunidade escolar e parceiros da RIVVD. A campanha digital envolve a difus\u00e3o de um cartaz e de recursos sobre Viol\u00eancia no namoro. Adicionalmente, iremos realizar numa a\u00e7\u00e3o de sensibiliza\u00e7\u00e3o no IPVC (13.11) e participar numa iniciativa do IPVC, evento sobre Igualdade e a N\u00e3o Discrimina\u00e7\u00e3o, no dia 4 de novembro. EM ambos os momentos ser\u00e3o distribu\u00eddos folhetos acerca da viol\u00eancia no namoro.\u00a0<br \/><strong>P\u00fablico-alvo<\/strong> Comunidade escolar e parceiros da RIIVD Viana do Castelo<br \/><strong>Data<\/strong> 30\/11\/2023<br \/><strong>Hora<\/strong> 9:30<\/p>\n<p>[\/et_pb_toggle][\/et_pb_column][et_pb_column type=&#8221;1_4&#8243; _builder_version=&#8221;4.13.0&#8243; _module_preset=&#8221;default&#8221; global_colors_info=&#8221;{}&#8221;][\/et_pb_column][et_pb_column type=&#8221;1_4&#8243; _builder_version=&#8221;4.13.0&#8243; _module_preset=&#8221;default&#8221; global_colors_info=&#8221;{}&#8221;][\/et_pb_column][\/et_pb_row][\/et_pb_section][et_pb_section fb_built=&#8221;1&#8243; admin_label=&#8221;Vila Real&#8221; _builder_version=&#8221;4.13.0&#8243; _module_preset=&#8221;default&#8221; custom_margin=&#8221;4px||4px||false|false&#8221; custom_padding=&#8221;4px||4px||false|false&#8221; global_colors_info=&#8221;{}&#8221;][et_pb_row admin_label=&#8221;Vila Real&#8221; _builder_version=&#8221;4.13.0&#8243; _module_preset=&#8221;default&#8221; background_color=&#8221;#071717&#8243; custom_margin=&#8221;40px||0px||false|false&#8221; custom_padding=&#8221;14px||14px||false|false&#8221; border_radii=&#8221;on|4px|4px|4px|4px&#8221; locked=&#8221;off&#8221; global_colors_info=&#8221;{}&#8221;][et_pb_column type=&#8221;4_4&#8243; _builder_version=&#8221;4.13.0&#8243; _module_preset=&#8221;default&#8221; global_colors_info=&#8221;{}&#8221;][et_pb_text admin_label=&#8221;Vila Real&#8221; _builder_version=&#8221;4.13.0&#8243; _module_preset=&#8221;default&#8221; text_font=&#8221;Montserrat|700|||||||&#8221; text_text_color=&#8221;#FFFFFF&#8221; text_font_size=&#8221;16px&#8221; text_letter_spacing=&#8221;1px&#8221; custom_margin=&#8221;2px||0px|20px|false|false&#8221; custom_padding=&#8221;6px||2px||false|false&#8221; global_colors_info=&#8221;{}&#8221;]<\/p>\n<p><span style=\"color: #ffde59;\">Distrito: <\/span><span style=\"font-size: xx-large;\">Vila Real<br \/><\/span><\/p>\n<p>[\/et_pb_text][\/et_pb_column][\/et_pb_row][et_pb_row column_structure=&#8221;1_4,1_4,1_4,1_4&#8243; use_custom_gutter=&#8221;on&#8221; gutter_width=&#8221;2&#8243; _builder_version=&#8221;4.13.0&#8243; _module_preset=&#8221;default&#8221; custom_margin=&#8221;||0px||false|false&#8221; custom_padding=&#8221;||0px||false|false&#8221; locked=&#8221;off&#8221; global_colors_info=&#8221;{}&#8221;][et_pb_column type=&#8221;1_4&#8243; _builder_version=&#8221;4.13.0&#8243; _module_preset=&#8221;default&#8221; global_colors_info=&#8221;{}&#8221;][et_pb_text _builder_version=&#8221;4.13.0&#8243; _module_preset=&#8221;default&#8221; text_font=&#8221;Montserrat||||||||&#8221; text_text_color=&#8221;#000000&#8243; text_font_size=&#8221;12px&#8221; text_line_height=&#8221;1.2em&#8221; header_2_font=&#8221;Montserrat|600|||||||&#8221; header_2_text_color=&#8221;#ff914d&#8221; custom_margin=&#8221;16px|12px|8px|12px|false|false&#8221; custom_padding=&#8221;1px|||||&#8221; locked=&#8221;off&#8221; global_colors_info=&#8221;{}&#8221;]<\/p>\n<h2>Vila Pouca de Aguiar<\/h2>\n<p><strong>Entidade promotora:<\/strong><br \/>CPCJ Vila Pouca de Aguiar<\/p>\n<p><strong>Iniciativa | Atividade:<\/strong><br \/>Recuso ser V\u00edtima<\/p>\n<p>[\/et_pb_text][et_pb_toggle title=&#8221;Informa\u00e7\u00f5es&#8221; open_toggle_text_color=&#8221;#7f7f7f&#8221; open_toggle_background_color=&#8221;rgba(0,0,0,0.02)&#8221; closed_toggle_text_color=&#8221;#7f7f7f&#8221; closed_toggle_background_color=&#8221;rgba(0,0,0,0.02)&#8221; icon_color=&#8221;#ff914d&#8221; toggle_icon=&#8221;&#xe03a;||divi||400&#8243; use_icon_font_size=&#8221;on&#8221; icon_font_size=&#8221;23px&#8221; _builder_version=&#8221;4.13.0&#8243; _module_preset=&#8221;default&#8221; title_text_color=&#8221;#7f7f7f&#8221; title_font=&#8221;Montserrat|700|||||||&#8221; title_font_size=&#8221;15px&#8221; body_font=&#8221;Montserrat||||||||&#8221; body_text_color=&#8221;#000000&#8243; body_font_size=&#8221;11px&#8221; body_line_height=&#8221;1.2em&#8221; background_color=&#8221;rgba(255,255,255,0)&#8221; custom_margin=&#8221;|||8px|false|false&#8221; custom_padding=&#8221;12px|12px|12px|14px|false|false&#8221; border_radii=&#8221;on|24px|24px|24px|24px&#8221; border_color_all=&#8221;rgba(0,0,0,0.5)&#8221; locked=&#8221;off&#8221; global_colors_info=&#8221;{}&#8221;]<\/p>\n<p><strong>Iniciativa | Atividade<\/strong><br \/><em>Recuso ser V\u00edtima<\/em><br \/>Sess\u00e3o art\u00edstica que aborda a viol\u00eancia dom\u00e9stica e no namoro, de uma forma ativa e positiva<br \/><strong>P\u00fablico-alvo<\/strong> Comunidade em geral, profissionais de diversas \u00e1reas e aos alunos do secund\u00e1rio<br \/><strong>Local<\/strong> Audit\u00f3rio Lar Dr. Domingo Dias<br \/><strong>Data<\/strong> 28\/11\/2023<br \/><strong>Hora<\/strong> 15:00<\/p>\n<p>[\/et_pb_toggle][\/et_pb_column][et_pb_column type=&#8221;1_4&#8243; _builder_version=&#8221;4.13.0&#8243; _module_preset=&#8221;default&#8221; global_colors_info=&#8221;{}&#8221;][et_pb_text _builder_version=&#8221;4.13.0&#8243; _module_preset=&#8221;default&#8221; text_font=&#8221;Montserrat||||||||&#8221; text_text_color=&#8221;#000000&#8243; text_font_size=&#8221;12px&#8221; text_line_height=&#8221;1.2em&#8221; header_2_font=&#8221;Montserrat|600|||||||&#8221; header_2_text_color=&#8221;#ff914d&#8221; custom_margin=&#8221;16px|12px|8px|12px|false|false&#8221; custom_padding=&#8221;1px|||||&#8221; locked=&#8221;off&#8221; global_colors_info=&#8221;{}&#8221;]<\/p>\n<h2>Chaves<\/h2>\n<p><strong>Entidade promotora:<\/strong><br \/>Estrutura de Atendimento a V\u00edtimas de Viol\u00eancia Dom\u00e9stica &#8220;Um Novo Come\u00e7o&#8221; &#8211; CVP Delega\u00e7\u00e3o de Chaves<\/p>\n<p><strong>Iniciativa | Atividade:<\/strong><br \/>Workshop &#8220;Como Intervir na Viol\u00eancia Dom\u00e9stica&#8221;<br \/>Valorizar-ME<\/p>\n<p>[\/et_pb_text][et_pb_toggle title=&#8221;Informa\u00e7\u00f5es&#8221; open_toggle_text_color=&#8221;#7f7f7f&#8221; open_toggle_background_color=&#8221;rgba(0,0,0,0.02)&#8221; closed_toggle_text_color=&#8221;#7f7f7f&#8221; closed_toggle_background_color=&#8221;rgba(0,0,0,0.02)&#8221; icon_color=&#8221;#ff914d&#8221; toggle_icon=&#8221;&#xe03a;||divi||400&#8243; use_icon_font_size=&#8221;on&#8221; icon_font_size=&#8221;23px&#8221; _builder_version=&#8221;4.13.0&#8243; _module_preset=&#8221;default&#8221; title_text_color=&#8221;#7f7f7f&#8221; title_font=&#8221;Montserrat|700|||||||&#8221; title_font_size=&#8221;15px&#8221; body_font=&#8221;Montserrat||||||||&#8221; body_text_color=&#8221;#000000&#8243; body_font_size=&#8221;11px&#8221; body_line_height=&#8221;1.2em&#8221; background_color=&#8221;rgba(255,255,255,0)&#8221; custom_margin=&#8221;|||8px|false|false&#8221; custom_padding=&#8221;12px|12px|12px|14px|false|false&#8221; border_radii=&#8221;on|24px|24px|24px|24px&#8221; border_color_all=&#8221;rgba(0,0,0,0.5)&#8221; locked=&#8221;off&#8221; global_colors_info=&#8221;{}&#8221;]<\/p>\n<p><strong>Iniciativa | Atividade<\/strong><br \/><em>Workshop &#8220;Como Intervir na Viol\u00eancia Dom\u00e9stica&#8221;<\/em><br \/>A Estrutura de Atendimento a V\u00edtimas de Viol\u00eancia Dom\u00e9stica (EAVVD) \u201cUm Novo Come\u00e7o\u201d, da Delega\u00e7\u00e3o de Chaves da Cruz Vermelha Portuguesa, ir\u00e1 dinamizar um workshop intitulado \u201cIntervir na Viol\u00eancia Dom\u00e9stica\u201d, dirigido aos\/\u00e0s profissionais dos servi\u00e7os da Seguran\u00e7a Social de Chaves, com o objetivo de capacitar os\/as t\u00e9cnicos\/as para a ado\u00e7\u00e3o de procedimentos de interven\u00e7\u00e3o adequados, face \u00e0 identifica\u00e7\u00e3o de potenciais situa\u00e7\u00f5es de viol\u00eancia dom\u00e9stica.<br \/><strong>P\u00fablico-alvo<\/strong> Profissionais<br \/><strong>Local<\/strong> Seguran\u00e7a Social de Chaves<br \/><strong>Data<\/strong> 24\/11\/2023<br \/><strong>Hora<\/strong> 10:00<\/p>\n<p><strong>Iniciativa | Atividade<\/strong><br \/><em>Valorizar-ME<\/em><br \/>A presente iniciativa, em parceria com um sal\u00e3o de est\u00e9tica, visa proporcionar \u00e0s v\u00edtimas de viol\u00eancia dom\u00e9stica acompanhadas na nossa Estrutura de Atendimento, at\u00e9 dois servi\u00e7os de est\u00e9tica, de forma gratuita. Com esta a\u00e7\u00e3o pretende-se promover o autocuidado e a autoestima, com o intuito de capacitar e empoderar as v\u00edtimas..<br \/><strong>P\u00fablico-alvo<\/strong> V\u00edtimas de Viol\u00eancia Dom\u00e9stica<br \/><strong>Local<\/strong> Sal\u00e3o de Est\u00e9tica<br \/><strong>Data<\/strong> 30\/11\/2023<br \/><strong>Hora<\/strong> 9:00<\/p>\n<p>[\/et_pb_toggle][\/et_pb_column][et_pb_column type=&#8221;1_4&#8243; _builder_version=&#8221;4.13.0&#8243; _module_preset=&#8221;default&#8221; global_colors_info=&#8221;{}&#8221;][\/et_pb_column][et_pb_column type=&#8221;1_4&#8243; _builder_version=&#8221;4.13.0&#8243; _module_preset=&#8221;default&#8221; global_colors_info=&#8221;{}&#8221;][\/et_pb_column][\/et_pb_row][\/et_pb_section][et_pb_section fb_built=&#8221;1&#8243; admin_label=&#8221;Viseu&#8221; _builder_version=&#8221;4.13.0&#8243; _module_preset=&#8221;default&#8221; custom_margin=&#8221;4px||4px||false|false&#8221; custom_padding=&#8221;4px||4px||false|false&#8221; global_colors_info=&#8221;{}&#8221;][et_pb_row admin_label=&#8221;Viseu&#8221; _builder_version=&#8221;4.13.0&#8243; _module_preset=&#8221;default&#8221; background_color=&#8221;#071717&#8243; custom_margin=&#8221;40px||0px||false|false&#8221; custom_padding=&#8221;14px||14px||false|false&#8221; border_radii=&#8221;on|4px|4px|4px|4px&#8221; locked=&#8221;off&#8221; global_colors_info=&#8221;{}&#8221;][et_pb_column type=&#8221;4_4&#8243; _builder_version=&#8221;4.13.0&#8243; _module_preset=&#8221;default&#8221; global_colors_info=&#8221;{}&#8221;][et_pb_text admin_label=&#8221;Viseu&#8221; _builder_version=&#8221;4.13.0&#8243; _module_preset=&#8221;default&#8221; text_font=&#8221;Montserrat|700|||||||&#8221; text_text_color=&#8221;#FFFFFF&#8221; text_font_size=&#8221;16px&#8221; text_letter_spacing=&#8221;1px&#8221; custom_margin=&#8221;2px||0px|20px|false|false&#8221; custom_padding=&#8221;6px||2px||false|false&#8221; global_colors_info=&#8221;{}&#8221;]<\/p>\n<p><span style=\"color: #ffde59;\">Distrito: <\/span><span style=\"font-size: xx-large;\">Viseu<\/span><\/p>\n<p>[\/et_pb_text][\/et_pb_column][\/et_pb_row][et_pb_row column_structure=&#8221;1_4,1_4,1_4,1_4&#8243; use_custom_gutter=&#8221;on&#8221; gutter_width=&#8221;2&#8243; _builder_version=&#8221;4.13.0&#8243; _module_preset=&#8221;default&#8221; custom_margin=&#8221;||0px||false|false&#8221; custom_padding=&#8221;||0px||false|false&#8221; locked=&#8221;off&#8221; global_colors_info=&#8221;{}&#8221;][et_pb_column type=&#8221;1_4&#8243; _builder_version=&#8221;4.13.0&#8243; _module_preset=&#8221;default&#8221; global_colors_info=&#8221;{}&#8221;][et_pb_text _builder_version=&#8221;4.13.0&#8243; _module_preset=&#8221;default&#8221; text_font=&#8221;Montserrat||||||||&#8221; text_text_color=&#8221;#000000&#8243; text_font_size=&#8221;12px&#8221; text_line_height=&#8221;1.2em&#8221; header_2_font=&#8221;Montserrat|600|||||||&#8221; header_2_text_color=&#8221;#ff914d&#8221; custom_margin=&#8221;16px|12px|8px|12px|false|false&#8221; custom_padding=&#8221;1px|||||&#8221; locked=&#8221;off&#8221; global_colors_info=&#8221;{}&#8221;]<\/p>\n<h2>Carregal do Sal<\/h2>\n<p><strong>Entidade promotora:<\/strong><br \/>Munic\u00edpio de Carregal do Sal<\/p>\n<p><strong>Iniciativa | Atividade:<\/strong><br \/>&#8220;As desculpas para o que lhe fez s\u00e3o uma data delas&#8221;<br \/>Caminhada &#8220;Pela Elimina\u00e7\u00e3o da Viol\u00eancia Contra as Mulheres&#8221;<\/p>\n<p>[\/et_pb_text][et_pb_toggle title=&#8221;Informa\u00e7\u00f5es&#8221; open_toggle_text_color=&#8221;#7f7f7f&#8221; open_toggle_background_color=&#8221;rgba(0,0,0,0.02)&#8221; closed_toggle_text_color=&#8221;#7f7f7f&#8221; closed_toggle_background_color=&#8221;rgba(0,0,0,0.02)&#8221; icon_color=&#8221;#ff914d&#8221; toggle_icon=&#8221;&#xe03a;||divi||400&#8243; use_icon_font_size=&#8221;on&#8221; icon_font_size=&#8221;23px&#8221; _builder_version=&#8221;4.13.0&#8243; _module_preset=&#8221;default&#8221; title_text_color=&#8221;#7f7f7f&#8221; title_font=&#8221;Montserrat|700|||||||&#8221; title_font_size=&#8221;15px&#8221; body_font=&#8221;Montserrat||||||||&#8221; body_text_color=&#8221;#000000&#8243; body_font_size=&#8221;11px&#8221; body_line_height=&#8221;1.2em&#8221; background_color=&#8221;rgba(255,255,255,0)&#8221; custom_margin=&#8221;|||8px|false|false&#8221; custom_padding=&#8221;12px|12px|12px|14px|false|false&#8221; border_radii=&#8221;on|24px|24px|24px|24px&#8221; border_color_all=&#8221;rgba(0,0,0,0.5)&#8221; locked=&#8221;off&#8221; global_colors_info=&#8221;{}&#8221;]<\/p>\n<p><strong>Iniciativa | Atividade<\/strong><br \/><em>&#8220;As desculpas para o que lhe fez s\u00e3o uma data delas&#8221;<\/em><br \/>Divulga\u00e7\u00e3o da Campanha no Portal da C\u00e2mara Municipal de Carregal , nas Redes Sociais e a coloca\u00e7\u00e3o de cartazes \/mupis em v\u00e1rias localidades do concelho.<br \/><strong>P\u00fablico-alvo<\/strong> Comunidade em geral<br \/><strong>Local<\/strong> Localidades do concelho<br \/><strong>Data<\/strong> 13\/11\/2023<br \/><strong>Hora<\/strong> 9:00<\/p>\n<p><strong>Iniciativa | Atividade<\/strong><br \/><em>Caminhada &#8220;Pela Elimina\u00e7\u00e3o da Viol\u00eancia Contra as Mulheres&#8221;<\/em><br \/>Caminhada na sede do concelho com a passagem em locais em que estar\u00e3o colocadas cruzes a simbolizar v\u00edtimas de viol\u00eancia dom\u00e9stica (o n.\u00ba de cruzes corresponder\u00e3o ao n.\u00ba de v\u00edtimas, no ano de 2023, at\u00e9 \u00e0 presente data.<br \/><strong>P\u00fablico-alvo<\/strong> Comunidade em Geral<br \/><strong>Local<\/strong> Carregal do Sal<br \/><strong>Data<\/strong> 25\/11\/2023<br \/><strong>Hora<\/strong> 15:00<\/p>\n<p>[\/et_pb_toggle][\/et_pb_column][et_pb_column type=&#8221;1_4&#8243; _builder_version=&#8221;4.13.0&#8243; _module_preset=&#8221;default&#8221; global_colors_info=&#8221;{}&#8221;][et_pb_text _builder_version=&#8221;4.13.0&#8243; _module_preset=&#8221;default&#8221; text_font=&#8221;Montserrat||||||||&#8221; text_text_color=&#8221;#000000&#8243; text_font_size=&#8221;12px&#8221; text_line_height=&#8221;1.2em&#8221; header_2_font=&#8221;Montserrat|600|||||||&#8221; header_2_text_color=&#8221;#ff914d&#8221; custom_margin=&#8221;16px|12px|8px|12px|false|false&#8221; custom_padding=&#8221;1px|||||&#8221; locked=&#8221;off&#8221; global_colors_info=&#8221;{}&#8221;]<\/p>\n<h2>Mangualde<\/h2>\n<p><strong>Entidade promotora:<\/strong><br \/>Municipio de Mangualde<\/p>\n<p><strong>Iniciativa | Atividade:<\/strong><br \/>Workshop \u201cVelhos s\u00e3o os Trapos\u201d<br \/>Workshop \u201cRecuso Ser V\u00edtima\u201d<\/p>\n<p>[\/et_pb_text][et_pb_toggle title=&#8221;Informa\u00e7\u00f5es&#8221; open_toggle_text_color=&#8221;#7f7f7f&#8221; open_toggle_background_color=&#8221;rgba(0,0,0,0.02)&#8221; closed_toggle_text_color=&#8221;#7f7f7f&#8221; closed_toggle_background_color=&#8221;rgba(0,0,0,0.02)&#8221; icon_color=&#8221;#ff914d&#8221; toggle_icon=&#8221;&#xe03a;||divi||400&#8243; use_icon_font_size=&#8221;on&#8221; icon_font_size=&#8221;23px&#8221; _builder_version=&#8221;4.13.0&#8243; _module_preset=&#8221;default&#8221; title_text_color=&#8221;#7f7f7f&#8221; title_font=&#8221;Montserrat|700|||||||&#8221; title_font_size=&#8221;15px&#8221; body_font=&#8221;Montserrat||||||||&#8221; body_text_color=&#8221;#000000&#8243; body_font_size=&#8221;11px&#8221; body_line_height=&#8221;1.2em&#8221; background_color=&#8221;rgba(255,255,255,0)&#8221; custom_margin=&#8221;|||8px|false|false&#8221; custom_padding=&#8221;12px|12px|12px|14px|false|false&#8221; border_radii=&#8221;on|24px|24px|24px|24px&#8221; border_color_all=&#8221;rgba(0,0,0,0.5)&#8221; locked=&#8221;off&#8221; global_colors_info=&#8221;{}&#8221;]<\/p>\n<p><strong>Iniciativa | Atividade<\/strong><br \/><em>Workshop \u201cVelhos s\u00e3o os Trapos\u201d<\/em><br \/>Sess\u00e3o din\u00e2mica e interactiva de sensibiliza\u00e7\u00e3o para viol\u00eancia em geral e<br \/>como pode estar presente na vida do idoso em particular.<br \/><strong>P\u00fablico-alvo<\/strong> Profissionais de IPSS com respostas na \u00e0rea da 3\u00aa idade<br \/><strong>Local<\/strong> Audit\u00f3rio C\u00e2mara Municipal de Mangualde<br \/><strong>Data<\/strong> 21\/11\/2023<br \/><strong>Hora<\/strong> 10:00<\/p>\n<p><strong>Iniciativa | Atividade<\/strong><br \/><em>Workshop \u201cRecuso Ser V\u00edtima\u201d<\/em><br \/>Teatro Forum de sensibiliza\u00e7\u00e3o sobre a tem\u00e1tica da Viol\u00eancia Dom\u00e9stica e no Namoro, atrav\u00e9s de uma Sess\u00e3o Art\u00edstica.<br \/><strong>P\u00fablico-alvo<\/strong> T\u00e9cnicos e Comunidade em Geral<br \/><strong>Local<\/strong> Audit\u00f3rio da C\u00e2mara Municipal de Mangualde<br \/><strong>Data<\/strong> 21\/11\/2023<br \/><strong>Hora<\/strong> 15:00<\/p>\n<p>[\/et_pb_toggle][\/et_pb_column][et_pb_column type=&#8221;1_4&#8243; _builder_version=&#8221;4.13.0&#8243; _module_preset=&#8221;default&#8221; global_colors_info=&#8221;{}&#8221;][et_pb_text _builder_version=&#8221;4.13.0&#8243; _module_preset=&#8221;default&#8221; text_font=&#8221;Montserrat||||||||&#8221; text_text_color=&#8221;#000000&#8243; text_font_size=&#8221;12px&#8221; text_line_height=&#8221;1.2em&#8221; header_2_font=&#8221;Montserrat|600|||||||&#8221; header_2_text_color=&#8221;#ff914d&#8221; custom_margin=&#8221;16px|12px|8px|12px|false|false&#8221; custom_padding=&#8221;1px|||||&#8221; locked=&#8221;off&#8221; global_colors_info=&#8221;{}&#8221;]<\/p>\n<h2>Resende<\/h2>\n<p><strong>Entidade promotora:<\/strong><br \/>Munic\u00edpio de Resende<\/p>\n<p><strong>Iniciativa | Atividade:<\/strong><br \/>Dia Internacional da Elimina\u00e7\u00e3o da Viol\u00eancia contra a Mulher<\/p>\n<p>[\/et_pb_text][et_pb_toggle title=&#8221;Informa\u00e7\u00f5es&#8221; open_toggle_text_color=&#8221;#7f7f7f&#8221; open_toggle_background_color=&#8221;rgba(0,0,0,0.02)&#8221; closed_toggle_text_color=&#8221;#7f7f7f&#8221; closed_toggle_background_color=&#8221;rgba(0,0,0,0.02)&#8221; icon_color=&#8221;#ff914d&#8221; toggle_icon=&#8221;&#xe03a;||divi||400&#8243; use_icon_font_size=&#8221;on&#8221; icon_font_size=&#8221;23px&#8221; _builder_version=&#8221;4.13.0&#8243; _module_preset=&#8221;default&#8221; title_text_color=&#8221;#7f7f7f&#8221; title_font=&#8221;Montserrat|700|||||||&#8221; title_font_size=&#8221;15px&#8221; body_font=&#8221;Montserrat||||||||&#8221; body_text_color=&#8221;#000000&#8243; body_font_size=&#8221;11px&#8221; body_line_height=&#8221;1.2em&#8221; background_color=&#8221;rgba(255,255,255,0)&#8221; custom_margin=&#8221;|||8px|false|false&#8221; custom_padding=&#8221;12px|12px|12px|14px|false|false&#8221; border_radii=&#8221;on|24px|24px|24px|24px&#8221; border_color_all=&#8221;rgba(0,0,0,0.5)&#8221; locked=&#8221;off&#8221; global_colors_info=&#8221;{}&#8221;]<\/p>\n<p><strong>Iniciativa | Atividade<\/strong><br \/><em>Dia Internacional da Elimina\u00e7\u00e3o da Viol\u00eancia contra a Mulher<\/em><br \/>Pe\u00e7a de teatro sobre viol\u00eancia dom\u00e9stica desenvolvida pelos seniores dos ateliers municipais. Divulga\u00e7\u00e3o nas redes sociais da informa\u00e7\u00f5es da CIG e da UNIDAS. Simula\u00e7\u00e3o de um cemit\u00e9rio com sapatos a representar as v\u00edtimas deste flagelo.<br \/><strong>P\u00fablico-alvo<\/strong> Comunidade em geral<br \/><strong>Local<\/strong> redes sociais do munic\u00edpio de Resende<br \/><strong>Data<\/strong> 27\/11\/2023<br \/><strong>Hora<\/strong> 14:30<\/p>\n<p>[\/et_pb_toggle][\/et_pb_column][et_pb_column type=&#8221;1_4&#8243; _builder_version=&#8221;4.13.0&#8243; _module_preset=&#8221;default&#8221; global_colors_info=&#8221;{}&#8221;][et_pb_text _builder_version=&#8221;4.13.0&#8243; _module_preset=&#8221;default&#8221; text_font=&#8221;Montserrat||||||||&#8221; text_text_color=&#8221;#000000&#8243; text_font_size=&#8221;12px&#8221; text_line_height=&#8221;1.2em&#8221; header_2_font=&#8221;Montserrat|600|||||||&#8221; header_2_text_color=&#8221;#ff914d&#8221; custom_margin=&#8221;16px|12px|8px|12px|false|false&#8221; custom_padding=&#8221;1px|||||&#8221; locked=&#8221;off&#8221; global_colors_info=&#8221;{}&#8221;]<\/p>\n<h2>S. Pedro do Sul<\/h2>\n<p><strong>Entidade promotora:<\/strong><br \/>Munic\u00edpio de S. Pedro do Sul<\/p>\n<p><strong>Iniciativa | Atividade:<\/strong><br \/>Divulga\u00e7\u00e3o de dados estat\u00edsticos nas redes sociais e mupis digitais<\/p>\n<p>[\/et_pb_text][et_pb_toggle title=&#8221;Informa\u00e7\u00f5es&#8221; open_toggle_text_color=&#8221;#7f7f7f&#8221; open_toggle_background_color=&#8221;rgba(0,0,0,0.02)&#8221; closed_toggle_text_color=&#8221;#7f7f7f&#8221; closed_toggle_background_color=&#8221;rgba(0,0,0,0.02)&#8221; icon_color=&#8221;#ff914d&#8221; toggle_icon=&#8221;&#xe03a;||divi||400&#8243; use_icon_font_size=&#8221;on&#8221; icon_font_size=&#8221;23px&#8221; _builder_version=&#8221;4.13.0&#8243; _module_preset=&#8221;default&#8221; title_text_color=&#8221;#7f7f7f&#8221; title_font=&#8221;Montserrat|700|||||||&#8221; title_font_size=&#8221;15px&#8221; body_font=&#8221;Montserrat||||||||&#8221; body_text_color=&#8221;#000000&#8243; body_font_size=&#8221;11px&#8221; body_line_height=&#8221;1.2em&#8221; background_color=&#8221;rgba(255,255,255,0)&#8221; custom_margin=&#8221;|||8px|false|false&#8221; custom_padding=&#8221;12px|12px|12px|14px|false|false&#8221; border_radii=&#8221;on|24px|24px|24px|24px&#8221; border_color_all=&#8221;rgba(0,0,0,0.5)&#8221; locked=&#8221;off&#8221; global_colors_info=&#8221;{}&#8221;]<\/p>\n<p><strong>Iniciativa | Atividade<\/strong><br \/><em>Divulga\u00e7\u00e3o de dados estat\u00edsticos nas redes sociais e mupis digitais<\/em><br \/>Divulga\u00e7\u00e3o de dados estat\u00edsticos nas redes sociais e mupis digitais.<br \/><strong>P\u00fablico-alvo<\/strong> Todos<br \/><strong>Local<\/strong> Concelho de S. Pedro do Sul<br \/><strong>Data<\/strong> 24\/11\/2023<br \/><strong>Hora<\/strong> 12:00<\/p>\n<p><div id=\"attachment_3728\" style=\"width: 410px\" class=\"wp-caption aligncenter\"><a href=\"https:\/\/www.cig.gov.pt\/iniciativas-nacionais\/wp-content\/uploads\/2023\/11\/2023-Nov-25-POST-Violencia-Contra-Mulheres-Carlos-Almeida.pdf\" target=\"_blank\" rel=\"noopener\"><img aria-describedby=\"caption-attachment-3728\" loading=\"lazy\" src=\"https:\/\/www.cig.gov.pt\/iniciativas-nacionais\/wp-content\/uploads\/2023\/11\/saopedro.jpg\" width=\"400\" height=\"400\" alt=\"Viol\u00eancia Contra Mulheres\" class=\"wp-image-3728 size-full\" srcset=\"https:\/\/www.cig.gov.pt\/iniciativas-nacionais\/wp-content\/uploads\/2023\/11\/saopedro.jpg 400w, https:\/\/www.cig.gov.pt\/iniciativas-nacionais\/wp-content\/uploads\/2023\/11\/saopedro-300x300.jpg 300w, https:\/\/www.cig.gov.pt\/iniciativas-nacionais\/wp-content\/uploads\/2023\/11\/saopedro-150x150.jpg 150w\" sizes=\"(max-width: 400px) 100vw, 400px\" \/><\/a><p id=\"caption-attachment-3728\" class=\"wp-caption-text\">Viol\u00eancia Contra Mulheres<\/p><\/div>[\/et_pb_toggle][\/et_pb_column][\/et_pb_row][\/et_pb_section][et_pb_section fb_built=&#8221;1&#8243; admin_label=&#8221;A\u00e7ores&#8221; _builder_version=&#8221;4.13.0&#8243; _module_preset=&#8221;default&#8221; custom_margin=&#8221;4px||4px||false|false&#8221; custom_padding=&#8221;4px||4px||false|false&#8221; global_colors_info=&#8221;{}&#8221;][et_pb_row admin_label=&#8221;A\u00e7ores&#8221; _builder_version=&#8221;4.13.0&#8243; _module_preset=&#8221;default&#8221; background_color=&#8221;#071717&#8243; custom_margin=&#8221;40px||0px||false|false&#8221; custom_padding=&#8221;14px||14px||false|false&#8221; border_radii=&#8221;on|4px|4px|4px|4px&#8221; locked=&#8221;off&#8221; global_colors_info=&#8221;{}&#8221;][et_pb_column type=&#8221;4_4&#8243; _builder_version=&#8221;4.13.0&#8243; _module_preset=&#8221;default&#8221; global_colors_info=&#8221;{}&#8221;][et_pb_text admin_label=&#8221;A\u00e7ores&#8221; _builder_version=&#8221;4.13.0&#8243; _module_preset=&#8221;default&#8221; text_font=&#8221;Montserrat|700|||||||&#8221; text_text_color=&#8221;#FFFFFF&#8221; text_font_size=&#8221;16px&#8221; text_letter_spacing=&#8221;1px&#8221; custom_margin=&#8221;2px||0px|20px|false|false&#8221; custom_padding=&#8221;6px||2px||false|false&#8221; global_colors_info=&#8221;{}&#8221;]<\/p>\n<p><span style=\"color: #ffde59;\">Regi\u00e3o Aut\u00f3noma: <\/span><span style=\"font-size: xx-large;\">A\u00e7ores<\/span><\/p>\n<p>[\/et_pb_text][\/et_pb_column][\/et_pb_row][et_pb_row column_structure=&#8221;1_4,1_4,1_4,1_4&#8243; use_custom_gutter=&#8221;on&#8221; gutter_width=&#8221;2&#8243; _builder_version=&#8221;4.13.0&#8243; _module_preset=&#8221;default&#8221; custom_margin=&#8221;||0px||false|false&#8221; custom_padding=&#8221;||0px||false|false&#8221; locked=&#8221;off&#8221; global_colors_info=&#8221;{}&#8221;][et_pb_column type=&#8221;1_4&#8243; _builder_version=&#8221;4.13.0&#8243; _module_preset=&#8221;default&#8221; global_colors_info=&#8221;{}&#8221;][et_pb_text _builder_version=&#8221;4.13.0&#8243; _module_preset=&#8221;default&#8221; text_font=&#8221;Montserrat||||||||&#8221; text_text_color=&#8221;#000000&#8243; text_font_size=&#8221;12px&#8221; text_line_height=&#8221;1.2em&#8221; header_2_font=&#8221;Montserrat|600|||||||&#8221; header_2_text_color=&#8221;#ff914d&#8221; custom_margin=&#8221;16px|12px|8px|12px|false|false&#8221; custom_padding=&#8221;1px|||||&#8221; locked=&#8221;off&#8221; global_colors_info=&#8221;{}&#8221;]<\/p>\n<h2>Horta<\/h2>\n<p><strong>Entidade promotora:<\/strong><br \/>UMAR a\u00e7ores<\/p>\n<p><strong>Iniciativa | Atividade:<\/strong><br \/>assedio sexual emoral: reflexos da socidade atual<\/p>\n<p>[\/et_pb_text][et_pb_toggle title=&#8221;Informa\u00e7\u00f5es&#8221; open_toggle_text_color=&#8221;#7f7f7f&#8221; open_toggle_background_color=&#8221;rgba(0,0,0,0.02)&#8221; closed_toggle_text_color=&#8221;#7f7f7f&#8221; closed_toggle_background_color=&#8221;rgba(0,0,0,0.02)&#8221; icon_color=&#8221;#ff914d&#8221; toggle_icon=&#8221;&#xe03a;||divi||400&#8243; use_icon_font_size=&#8221;on&#8221; icon_font_size=&#8221;23px&#8221; _builder_version=&#8221;4.13.0&#8243; _module_preset=&#8221;default&#8221; title_text_color=&#8221;#7f7f7f&#8221; title_font=&#8221;Montserrat|700|||||||&#8221; title_font_size=&#8221;15px&#8221; body_font=&#8221;Montserrat||||||||&#8221; body_text_color=&#8221;#000000&#8243; body_font_size=&#8221;11px&#8221; body_line_height=&#8221;1.2em&#8221; background_color=&#8221;rgba(255,255,255,0)&#8221; custom_margin=&#8221;|||8px|false|false&#8221; custom_padding=&#8221;12px|12px|12px|14px|false|false&#8221; border_radii=&#8221;on|24px|24px|24px|24px&#8221; border_color_all=&#8221;rgba(0,0,0,0.5)&#8221; locked=&#8221;off&#8221; global_colors_info=&#8221;{}&#8221;]<\/p>\n<p><strong>Iniciativa | Atividade<\/strong><br \/><em>Assedio sexual emoral: reflexos da socidade atual<\/em><br \/>Painel com magistrada, sociologa, e superintendente da psp num espa\u00e7o de debate<br \/><strong>P\u00fablico-alvo<\/strong> toda a comunidade<br \/><strong>Local<\/strong> Horta<br \/><strong>Data<\/strong> 24\/11\/2023<br \/><strong>Hora<\/strong> 19:00:00<\/p>\n<p>[\/et_pb_toggle][\/et_pb_column][et_pb_column type=&#8221;1_4&#8243; _builder_version=&#8221;4.13.0&#8243; _module_preset=&#8221;default&#8221; global_colors_info=&#8221;{}&#8221;][et_pb_text _builder_version=&#8221;4.13.0&#8243; _module_preset=&#8221;default&#8221; text_font=&#8221;Montserrat||||||||&#8221; text_text_color=&#8221;#000000&#8243; text_font_size=&#8221;12px&#8221; text_line_height=&#8221;1.2em&#8221; header_2_font=&#8221;Montserrat|600|||||||&#8221; header_2_text_color=&#8221;#ff914d&#8221; custom_margin=&#8221;16px|12px|8px|12px|false|false&#8221; custom_padding=&#8221;1px|||||&#8221; locked=&#8221;off&#8221; global_colors_info=&#8221;{}&#8221;]<\/p>\n<h2>Ponta Delgada<\/h2>\n<p><strong>Entidade promotora:<\/strong><br \/>APF-A\u00e7ores\/(A)MAR &#8211; A\u00e7ores pela diversidade<\/p>\n<p><strong>Iniciativa | Atividade:<\/strong><br \/>Campanha dos 16 dias de Ativismo pelo Fim da Viol\u00eancia contra as Mulheres (parceria com a UMAR-A\u00e7ores)<br \/>Mulheres invis\u00edveis <\/p>\n<p>[\/et_pb_text][et_pb_toggle title=&#8221;Informa\u00e7\u00f5es&#8221; open_toggle_text_color=&#8221;#7f7f7f&#8221; open_toggle_background_color=&#8221;rgba(0,0,0,0.02)&#8221; closed_toggle_text_color=&#8221;#7f7f7f&#8221; closed_toggle_background_color=&#8221;rgba(0,0,0,0.02)&#8221; icon_color=&#8221;#ff914d&#8221; toggle_icon=&#8221;&#xe03a;||divi||400&#8243; use_icon_font_size=&#8221;on&#8221; icon_font_size=&#8221;23px&#8221; _builder_version=&#8221;4.13.0&#8243; _module_preset=&#8221;default&#8221; title_text_color=&#8221;#7f7f7f&#8221; title_font=&#8221;Montserrat|700|||||||&#8221; title_font_size=&#8221;15px&#8221; body_font=&#8221;Montserrat||||||||&#8221; body_text_color=&#8221;#000000&#8243; body_font_size=&#8221;11px&#8221; body_line_height=&#8221;1.2em&#8221; background_color=&#8221;rgba(255,255,255,0)&#8221; custom_margin=&#8221;|||8px|false|false&#8221; custom_padding=&#8221;12px|12px|12px|14px|false|false&#8221; border_radii=&#8221;on|24px|24px|24px|24px&#8221; border_color_all=&#8221;rgba(0,0,0,0.5)&#8221; locked=&#8221;off&#8221; global_colors_info=&#8221;{}&#8221;]<\/p>\n<p><strong>Iniciativa | Atividade<\/strong><br \/><em>Campanha dos 16 dias de Ativismo pelo Fim da Viol\u00eancia contra as Mulheres (parceria com a UMAR-A\u00e7ores)<\/em><br \/>Em colabora\u00e7\u00e3o com a UMAR-A\u00e7ores que dinamiza um conjunto de a\u00e7\u00f5es no \u00e2mbito da Campanha, com diversos parceiros sociais, a APF-A\u00e7ores ao longo dos 16 dias lan\u00e7ara um diversas publica\u00e7\u00f5es sobre temas relacionados com a tem\u00e1tica da viol\u00eancia, desde viol\u00eancia no namoro, viol\u00eancia dom\u00e9stica, igualdade de g\u00e9nero e viol\u00eancia obst\u00e9trica\/ parto humanizado. Esta atividade acontece complementarmente a outras iniciativas da UMAR como uma sess\u00e3o de sensibiliza\u00e7\u00e3o sobre viol\u00eancia obst\u00e9trica em parceria com a USISMiguel.<br \/><strong>P\u00fablico-alvo<\/strong> P\u00fablico em geral \/seguidores nas redes da APF-A\u00e7ores<br \/><strong>Local<\/strong> plataformas digitais<br \/><strong>Data<\/strong> 25\/11\/2023<br \/><strong>Hora<\/strong> 9:30<\/p>\n<p><strong>Iniciativa | Atividade<\/strong><br \/><em>Mulheres invis\u00edveis<br \/><\/em>Constru\u00e7\u00e3o de uma instala\u00e7\u00e3o que envolve o mural de celebridades que se encontra no hall de entrada da Biblioteca P\u00fablica e Arquivo Regional de Ponta Delgada.<br \/>No referido mural figuram apenas personalidades masculinas, situa\u00e7\u00e3o que chamou a aten\u00e7\u00e3o de uma participante do Trainning course do Erasmus +, organizado pela APF-A\u00e7ores, que decorreu na semana passada no espa\u00e7o da biblioteca.<br \/>Partindo desta observa\u00e7\u00e3o gostar\u00edamos, com as pessoas volunt\u00e1rias da APF-A\u00e7ores\/ (A) MAR criar uma instala\u00e7\u00e3o interativa que chamasse a aten\u00e7\u00e3o para a invisibilidade das mulheres ao longo da Hist\u00f3ria, nos diversos campos das artes \u00e0s ci\u00eancias.<br \/>Fica em aberto a possibilidade de num futuro pr\u00f3ximo podermos dinamizar alguma atividade em parceria com outras organiza\u00e7\u00f5es em torno desta instala\u00e7\u00e3o, que vai sendo constru\u00edda de forma participada.<br \/><strong>P\u00fablico-alvo<\/strong> P\u00fablico-geral<br \/><strong>Local<\/strong> Biblioteca P\u00fablica e Arquivo Regional de Ponta Delgada<br \/><strong>Data<\/strong> 24\/11\/2023<br \/><strong>Hora<\/strong> 14:00<\/p>\n<p>[\/et_pb_toggle][\/et_pb_column][et_pb_column type=&#8221;1_4&#8243; _builder_version=&#8221;4.13.0&#8243; _module_preset=&#8221;default&#8221; global_colors_info=&#8221;{}&#8221;][\/et_pb_column][et_pb_column type=&#8221;1_4&#8243; _builder_version=&#8221;4.13.0&#8243; _module_preset=&#8221;default&#8221; global_colors_info=&#8221;{}&#8221;][\/et_pb_column][\/et_pb_row][\/et_pb_section][et_pb_section fb_built=&#8221;1&#8243; admin_label=&#8221;Madeira&#8221; _builder_version=&#8221;4.13.0&#8243; _module_preset=&#8221;default&#8221; custom_margin=&#8221;4px||4px||false|false&#8221; custom_padding=&#8221;4px||4px||false|false&#8221; global_colors_info=&#8221;{}&#8221;][et_pb_row admin_label=&#8221;Madeira&#8221; _builder_version=&#8221;4.13.0&#8243; _module_preset=&#8221;default&#8221; background_color=&#8221;#071717&#8243; custom_margin=&#8221;40px||0px||false|false&#8221; custom_padding=&#8221;14px||14px||false|false&#8221; border_radii=&#8221;on|4px|4px|4px|4px&#8221; locked=&#8221;off&#8221; global_colors_info=&#8221;{}&#8221;][et_pb_column type=&#8221;4_4&#8243; _builder_version=&#8221;4.13.0&#8243; _module_preset=&#8221;default&#8221; global_colors_info=&#8221;{}&#8221;][et_pb_text admin_label=&#8221;Madeira&#8221; _builder_version=&#8221;4.13.0&#8243; _module_preset=&#8221;default&#8221; text_font=&#8221;Montserrat|700|||||||&#8221; text_text_color=&#8221;#FFFFFF&#8221; text_font_size=&#8221;16px&#8221; text_letter_spacing=&#8221;1px&#8221; custom_margin=&#8221;2px||0px|20px|false|false&#8221; custom_padding=&#8221;6px||2px||false|false&#8221; global_colors_info=&#8221;{}&#8221;]<\/p>\n<p><span style=\"color: #ffde59;\">Regi\u00e3o Aut\u00f3noma: <\/span><span style=\"font-size: xx-large;\">Madeira<\/span><\/p>\n<p>[\/et_pb_text][\/et_pb_column][\/et_pb_row][et_pb_row column_structure=&#8221;1_4,1_4,1_4,1_4&#8243; use_custom_gutter=&#8221;on&#8221; gutter_width=&#8221;2&#8243; _builder_version=&#8221;4.13.0&#8243; _module_preset=&#8221;default&#8221; custom_margin=&#8221;||0px||false|false&#8221; custom_padding=&#8221;||0px||false|false&#8221; locked=&#8221;off&#8221; global_colors_info=&#8221;{}&#8221;][et_pb_column type=&#8221;1_4&#8243; _builder_version=&#8221;4.13.0&#8243; _module_preset=&#8221;default&#8221; global_colors_info=&#8221;{}&#8221;][et_pb_text _builder_version=&#8221;4.13.0&#8243; _module_preset=&#8221;default&#8221; text_font=&#8221;Montserrat||||||||&#8221; text_text_color=&#8221;#000000&#8243; text_font_size=&#8221;12px&#8221; text_line_height=&#8221;1.2em&#8221; header_2_font=&#8221;Montserrat|600|||||||&#8221; header_2_text_color=&#8221;#ff914d&#8221; custom_margin=&#8221;16px|12px|8px|12px|false|false&#8221; custom_padding=&#8221;1px|||||&#8221; locked=&#8221;off&#8221; global_colors_info=&#8221;{}&#8221;]<\/p>\n<h2>Funchal<\/h2>\n<p><strong>Entidade promotora:<\/strong><br \/>UMAR &#8211; Uni\u00e3o de Mulheres Alternativa e Resposta R.A.Madeira<\/p>\n<p><strong>Iniciativa | Atividade:<\/strong><br \/>O Machismo mata! Amor n\u00e3o \u00e9 viol\u00eancia<\/p>\n<p>[\/et_pb_text][et_pb_toggle title=&#8221;Informa\u00e7\u00f5es&#8221; open_toggle_text_color=&#8221;#7f7f7f&#8221; open_toggle_background_color=&#8221;rgba(0,0,0,0.02)&#8221; closed_toggle_text_color=&#8221;#7f7f7f&#8221; closed_toggle_background_color=&#8221;rgba(0,0,0,0.02)&#8221; icon_color=&#8221;#ff914d&#8221; toggle_icon=&#8221;&#xe03a;||divi||400&#8243; use_icon_font_size=&#8221;on&#8221; icon_font_size=&#8221;23px&#8221; _builder_version=&#8221;4.13.0&#8243; _module_preset=&#8221;default&#8221; title_text_color=&#8221;#7f7f7f&#8221; title_font=&#8221;Montserrat|700|||||||&#8221; title_font_size=&#8221;15px&#8221; body_font=&#8221;Montserrat||||||||&#8221; body_text_color=&#8221;#000000&#8243; body_font_size=&#8221;11px&#8221; body_line_height=&#8221;1.2em&#8221; background_color=&#8221;rgba(255,255,255,0)&#8221; custom_margin=&#8221;|||8px|false|false&#8221; custom_padding=&#8221;12px|12px|12px|14px|false|false&#8221; border_radii=&#8221;on|24px|24px|24px|24px&#8221; border_color_all=&#8221;rgba(0,0,0,0.5)&#8221; locked=&#8221;off&#8221; global_colors_info=&#8221;{}&#8221;]<\/p>\n<p><strong>Iniciativa | Atividade<\/strong><br \/><em>O Machismo mata! Amor n\u00e3o \u00e9 viol\u00eancia<\/em><br \/>A\u00e7\u00e3o de rua com faixa alusiva ao dia 25 de Novembro, para divulga\u00e7\u00e3o de dados do Observat\u00f3rio das Mulheres Assassinadas (OMA) da UMAR, entre outros dados da Regi\u00e3o Aut\u00f3noma da Madeira, atrav\u00e9s da distribui\u00e7\u00e3o de folheto bilingue (portugu\u00eas e ingl\u00eas).<br \/><strong>P\u00fablico-alvo<\/strong> P\u00fablico em geral (residentes e turistas)<br \/><strong>Local<\/strong> Funchal (centro)<br \/><strong>Data<\/strong> 25\/11\/2023<br \/><strong>Hora<\/strong> 10:00<\/p>\n<p>[\/et_pb_toggle][\/et_pb_column][et_pb_column type=&#8221;1_4&#8243; _builder_version=&#8221;4.13.0&#8243; _module_preset=&#8221;default&#8221; global_colors_info=&#8221;{}&#8221;][et_pb_text _builder_version=&#8221;4.13.0&#8243; _module_preset=&#8221;default&#8221; text_font=&#8221;Montserrat||||||||&#8221; text_text_color=&#8221;#000000&#8243; text_font_size=&#8221;12px&#8221; text_line_height=&#8221;1.2em&#8221; header_2_font=&#8221;Montserrat|600|||||||&#8221; header_2_text_color=&#8221;#ff914d&#8221; custom_margin=&#8221;16px|12px|8px|12px|false|false&#8221; custom_padding=&#8221;1px|||||&#8221; locked=&#8221;off&#8221; global_colors_info=&#8221;{}&#8221;]<\/p>\n<h2>Ribeira Brava<\/h2>\n<p><strong>Entidade promotora:<\/strong><br \/>UMAR<\/p>\n<p><strong>Iniciativa | Atividade:<\/strong><br \/>A\u00e7\u00e3o de sensibiliza\u00e7\u00e3o &#8220;Viol\u00eancia contra as Mulheres&#8221;<br \/>A\u00e7\u00e3o de sensibiliza\u00e7\u00e3o &#8220;Igualdade de G\u00e9nero&#8221;<\/p>\n<p>[\/et_pb_text][et_pb_toggle title=&#8221;Informa\u00e7\u00f5es&#8221; open_toggle_text_color=&#8221;#7f7f7f&#8221; open_toggle_background_color=&#8221;rgba(0,0,0,0.02)&#8221; closed_toggle_text_color=&#8221;#7f7f7f&#8221; closed_toggle_background_color=&#8221;rgba(0,0,0,0.02)&#8221; icon_color=&#8221;#ff914d&#8221; toggle_icon=&#8221;&#xe03a;||divi||400&#8243; use_icon_font_size=&#8221;on&#8221; icon_font_size=&#8221;23px&#8221; _builder_version=&#8221;4.13.0&#8243; _module_preset=&#8221;default&#8221; title_text_color=&#8221;#7f7f7f&#8221; title_font=&#8221;Montserrat|700|||||||&#8221; title_font_size=&#8221;15px&#8221; body_font=&#8221;Montserrat||||||||&#8221; body_text_color=&#8221;#000000&#8243; body_font_size=&#8221;11px&#8221; body_line_height=&#8221;1.2em&#8221; background_color=&#8221;rgba(255,255,255,0)&#8221; custom_margin=&#8221;|||8px|false|false&#8221; custom_padding=&#8221;12px|12px|12px|14px|false|false&#8221; border_radii=&#8221;on|24px|24px|24px|24px&#8221; border_color_all=&#8221;rgba(0,0,0,0.5)&#8221; locked=&#8221;off&#8221; global_colors_info=&#8221;{}&#8221;]<\/p>\n<p><strong>Iniciativa | Atividade<\/strong><br \/><em>A\u00e7\u00e3o de sensibiliza\u00e7\u00e3o &#8220;Viol\u00eancia contra as Mulheres&#8221;<\/em><br \/>A\u00e7\u00e3o de sensibiliza\u00e7\u00e3o &#8220;Viol\u00eancia contra as Mulheres&#8221; dirigida a 55 alunos\/as do ensino secund\u00e1rio da Ribeira Brava.<br \/><strong>P\u00fablico-alvo<\/strong> Alunos\/as ensino secund\u00e1rio EB1\/PE do Campan\u00e1rio<br \/><strong>Local<\/strong> Ribeira Brava<br \/><strong>Data<\/strong> 24\/11\/2023<br \/><strong>Hora<\/strong> 9:30<\/p>\n<p><strong>Iniciativa | Atividade<\/strong><br \/><em>A\u00e7\u00e3o de sensibiliza\u00e7\u00e3o &#8220;Igualdade de G\u00e9nero&#8221;<\/em><br \/>A\u00e7\u00e3o de sensibiliza\u00e7\u00e3o &#8220;Igualdade de G\u00e9nero&#8221; dirigida a alunos\/as de 10\u00ba ano em C\u00e2mara de Lobos.<br \/><strong>P\u00fablico-alvo<\/strong> Alunos\/as de 10\u00ba ano<br \/><strong>Local<\/strong> Escola BS DR. Maur\u00edlio da Silva Dantas<br \/><strong>Data<\/strong> 05\/12\/2023<br \/><strong>Hora<\/strong> 10:00<\/p>\n<p>[\/et_pb_toggle][\/et_pb_column][et_pb_column type=&#8221;1_4&#8243; _builder_version=&#8221;4.13.0&#8243; _module_preset=&#8221;default&#8221; global_colors_info=&#8221;{}&#8221;][\/et_pb_column][et_pb_column type=&#8221;1_4&#8243; _builder_version=&#8221;4.13.0&#8243; _module_preset=&#8221;default&#8221; global_colors_info=&#8221;{}&#8221;][\/et_pb_column][\/et_pb_row][\/et_pb_section][et_pb_section fb_built=&#8221;1&#8243; admin_label=&#8221;Viseu&#8221; _builder_version=&#8221;4.13.0&#8243; _module_preset=&#8221;default&#8221; custom_margin=&#8221;4px||4px||false|false&#8221; custom_padding=&#8221;4px||4px||false|false&#8221; global_colors_info=&#8221;{}&#8221;][et_pb_row use_custom_gutter=&#8221;on&#8221; gutter_width=&#8221;2&#8243; _builder_version=&#8221;4.13.0&#8243; _module_preset=&#8221;default&#8221; custom_margin=&#8221;||0px||false|false&#8221; custom_padding=&#8221;||0px||false|false&#8221; locked=&#8221;off&#8221; global_colors_info=&#8221;{}&#8221;][et_pb_column type=&#8221;4_4&#8243; _builder_version=&#8221;4.13.0&#8243; _module_preset=&#8221;default&#8221; global_colors_info=&#8221;{}&#8221;][et_pb_text _builder_version=&#8221;4.13.0&#8243; _module_preset=&#8221;default&#8221; global_colors_info=&#8221;{}&#8221;]<\/p>\n<h4>\u00a0<\/h4>\n<h4>\u00a0<\/h4>\n<h4>\u00a0<\/h4>\n<h4>\u00a0<\/h4>\n<h4>\u00a0<\/h4>\n<h4>\u00a0<\/h4>\n<h4><span style=\"color: #000000;\"><strong>As informa\u00e7\u00f5es apresentadas s\u00e3o da \u00fanica e exclusiva responsabilidade das entidades organizadoras.<\/strong><\/span><\/h4>\n<p>[\/et_pb_text][\/et_pb_column][\/et_pb_row][\/et_pb_section][et_pb_section fb_built=&#8221;1&#8243; _builder_version=&#8221;4.13.0&#8243; _module_preset=&#8221;default&#8221; custom_margin=&#8221;40px||||false|false&#8221; custom_padding=&#8221;6px||7px|||&#8221; global_colors_info=&#8221;{}&#8221;][et_pb_row _builder_version=&#8221;4.13.0&#8243; _module_preset=&#8221;default&#8221; custom_padding=&#8221;7px||9px|||&#8221; global_colors_info=&#8221;{}&#8221;][et_pb_column type=&#8221;4_4&#8243; _builder_version=&#8221;4.13.0&#8243; _module_preset=&#8221;default&#8221; global_colors_info=&#8221;{}&#8221;][et_pb_image src=&#8221;https:\/\/www.cig.gov.pt\/iniciativas-nacionais\/wp-content\/uploads\/2022\/11\/22.jpg&#8221; alt=&#8221;Comiss\u00e3o para a Cidadania e a Igualdade de G\u00e9nero &#8211; CIG&#8221; title_text=&#8221;Comiss\u00e3o para a Cidadania e a Igualdade de G\u00e9nero &#8211; CIG&#8221; url=&#8221;https:\/\/www.cig.gov.pt\/&#8221; align=&#8221;center&#8221; _builder_version=&#8221;4.13.0&#8243; _module_preset=&#8221;default&#8221; global_colors_info=&#8221;{}&#8221;][\/et_pb_image][\/et_pb_column][\/et_pb_row][\/et_pb_section]<\/p>\n","protected":false},"excerpt":{"rendered":"<p>25 de novembro &#8211; Dia Internacional para a Elimina\u00e7\u00e3o da Viol\u00eancia Contra as Mulheres<\/p>\n","protected":false},"author":1,"featured_media":3565,"parent":0,"menu_order":0,"comment_status":"closed","ping_status":"closed","template":"page-template-blank.php","meta":{"_et_pb_use_builder":"on","_et_pb_old_content":"","_et_gb_content_width":""},"yoast_head":"<!-- This site is optimized with the Yoast SEO plugin v17.5 - https:\/\/yoast.com\/wordpress\/plugins\/seo\/ -->\n<title>25 de novembro - Dia Internacional para a Elimina\u00e7\u00e3o da Viol\u00eancia Contra as Mulheres - Iniciativas Nacionais<\/title>\n<meta name=\"robots\" content=\"index, follow, max-snippet:-1, max-image-preview:large, max-video-preview:-1\" \/>\n<link rel=\"canonical\" href=\"https:\/\/www.cig.gov.pt\/iniciativas-nacionais\/25-de-novembro-dia-internacional-para-a-eliminacao-da-violencia-contra-as-mulheres\/\" \/>\n<meta property=\"og:locale\" content=\"pt_PT\" \/>\n<meta property=\"og:type\" content=\"article\" \/>\n<meta property=\"og:title\" content=\"25 de novembro - Dia Internacional para a Elimina\u00e7\u00e3o da Viol\u00eancia Contra as Mulheres\" \/>\n<meta property=\"og:description\" content=\"25 de novembro - Dia Internacional para a Elimina\u00e7\u00e3o da Viol\u00eancia Contra as Mulheres\" \/>\n<meta property=\"og:url\" content=\"https:\/\/www.cig.gov.pt\/iniciativas-nacionais\/25-de-novembro-dia-internacional-para-a-eliminacao-da-violencia-contra-as-mulheres\/\" \/>\n<meta property=\"og:site_name\" content=\"Iniciativas Nacionais\" \/>\n<meta property=\"article:modified_time\" content=\"2023-11-17T14:10:24+00:00\" \/>\n<meta property=\"og:image\" content=\"https:\/\/www.cig.gov.pt\/iniciativas-nacionais\/wp-content\/uploads\/2023\/11\/fb23.jpg\" \/>\n\t<meta property=\"og:image:width\" content=\"1200\" \/>\n\t<meta property=\"og:image:height\" content=\"630\" \/>\n<meta name=\"twitter:card\" content=\"summary_large_image\" \/>\n<meta name=\"twitter:title\" content=\"25 de novembro - Dia Internacional para a Elimina\u00e7\u00e3o da Viol\u00eancia Contra as Mulheres\" \/>\n<meta name=\"twitter:image\" content=\"https:\/\/www.cig.gov.pt\/iniciativas-nacionais\/wp-content\/uploads\/2023\/11\/fb23.jpg\" \/>\n<meta name=\"twitter:label1\" content=\"Est. reading time\" \/>\n\t<meta name=\"twitter:data1\" content=\"108 minutos\" \/>\n<script type=\"application\/ld+json\" class=\"yoast-schema-graph\">{\"@context\":\"https:\/\/schema.org\",\"@graph\":[{\"@type\":\"WebSite\",\"@id\":\"https:\/\/www.cig.gov.pt\/iniciativas-nacionais\/#website\",\"url\":\"https:\/\/www.cig.gov.pt\/iniciativas-nacionais\/\",\"name\":\"Iniciativas Nacionais\",\"description\":\"\",\"potentialAction\":[{\"@type\":\"SearchAction\",\"target\":{\"@type\":\"EntryPoint\",\"urlTemplate\":\"https:\/\/www.cig.gov.pt\/iniciativas-nacionais\/?s={search_term_string}\"},\"query-input\":\"required name=search_term_string\"}],\"inLanguage\":\"pt-PT\"},{\"@type\":\"ImageObject\",\"@id\":\"https:\/\/www.cig.gov.pt\/iniciativas-nacionais\/25-de-novembro-dia-internacional-para-a-eliminacao-da-violencia-contra-as-mulheres\/#primaryimage\",\"inLanguage\":\"pt-PT\",\"url\":\"https:\/\/www.cig.gov.pt\/iniciativas-nacionais\/wp-content\/uploads\/2023\/11\/fb23.jpg\",\"contentUrl\":\"https:\/\/www.cig.gov.pt\/iniciativas-nacionais\/wp-content\/uploads\/2023\/11\/fb23.jpg\",\"width\":1200,\"height\":630,\"caption\":\"25 de novembro - Dia Internacional para a Elimina\\u00e7\\u00e3o da Viol\\u00eancia Contra as Mulheres\"},{\"@type\":\"WebPage\",\"@id\":\"https:\/\/www.cig.gov.pt\/iniciativas-nacionais\/25-de-novembro-dia-internacional-para-a-eliminacao-da-violencia-contra-as-mulheres\/#webpage\",\"url\":\"https:\/\/www.cig.gov.pt\/iniciativas-nacionais\/25-de-novembro-dia-internacional-para-a-eliminacao-da-violencia-contra-as-mulheres\/\",\"name\":\"25 de novembro - Dia Internacional para a Elimina\\u00e7\\u00e3o da Viol\\u00eancia Contra as Mulheres - Iniciativas Nacionais\",\"isPartOf\":{\"@id\":\"https:\/\/www.cig.gov.pt\/iniciativas-nacionais\/#website\"},\"primaryImageOfPage\":{\"@id\":\"https:\/\/www.cig.gov.pt\/iniciativas-nacionais\/25-de-novembro-dia-internacional-para-a-eliminacao-da-violencia-contra-as-mulheres\/#primaryimage\"},\"datePublished\":\"2023-11-14T11:40:31+00:00\",\"dateModified\":\"2023-11-17T14:10:24+00:00\",\"breadcrumb\":{\"@id\":\"https:\/\/www.cig.gov.pt\/iniciativas-nacionais\/25-de-novembro-dia-internacional-para-a-eliminacao-da-violencia-contra-as-mulheres\/#breadcrumb\"},\"inLanguage\":\"pt-PT\",\"potentialAction\":[{\"@type\":\"ReadAction\",\"target\":[\"https:\/\/www.cig.gov.pt\/iniciativas-nacionais\/25-de-novembro-dia-internacional-para-a-eliminacao-da-violencia-contra-as-mulheres\/\"]}]},{\"@type\":\"BreadcrumbList\",\"@id\":\"https:\/\/www.cig.gov.pt\/iniciativas-nacionais\/25-de-novembro-dia-internacional-para-a-eliminacao-da-violencia-contra-as-mulheres\/#breadcrumb\",\"itemListElement\":[{\"@type\":\"ListItem\",\"position\":1,\"name\":\"Home\",\"item\":\"https:\/\/www.cig.gov.pt\/iniciativas-nacionais\/\"},{\"@type\":\"ListItem\",\"position\":2,\"name\":\"25 de novembro &#8211; Dia Internacional para a Elimina\\u00e7\\u00e3o da Viol\\u00eancia Contra as Mulheres\"}]}]}<\/script>\n<!-- \/ Yoast SEO plugin. -->","yoast_head_json":{"title":"25 de novembro - Dia Internacional para a Elimina\u00e7\u00e3o da Viol\u00eancia Contra as Mulheres - Iniciativas Nacionais","robots":{"index":"index","follow":"follow","max-snippet":"max-snippet:-1","max-image-preview":"max-image-preview:large","max-video-preview":"max-video-preview:-1"},"canonical":"https:\/\/www.cig.gov.pt\/iniciativas-nacionais\/25-de-novembro-dia-internacional-para-a-eliminacao-da-violencia-contra-as-mulheres\/","og_locale":"pt_PT","og_type":"article","og_title":"25 de novembro - Dia Internacional para a Elimina\u00e7\u00e3o da Viol\u00eancia Contra as Mulheres","og_description":"25 de novembro - Dia Internacional para a Elimina\u00e7\u00e3o da Viol\u00eancia Contra as Mulheres","og_url":"https:\/\/www.cig.gov.pt\/iniciativas-nacionais\/25-de-novembro-dia-internacional-para-a-eliminacao-da-violencia-contra-as-mulheres\/","og_site_name":"Iniciativas Nacionais","article_modified_time":"2023-11-17T14:10:24+00:00","og_image":[{"width":1200,"height":630,"url":"https:\/\/www.cig.gov.pt\/iniciativas-nacionais\/wp-content\/uploads\/2023\/11\/fb23.jpg","type":"image\/jpeg"}],"twitter_card":"summary_large_image","twitter_title":"25 de novembro - Dia Internacional para a Elimina\u00e7\u00e3o da Viol\u00eancia Contra as Mulheres","twitter_image":"https:\/\/www.cig.gov.pt\/iniciativas-nacionais\/wp-content\/uploads\/2023\/11\/fb23.jpg","twitter_misc":{"Est. reading time":"108 minutos"},"schema":{"@context":"https:\/\/schema.org","@graph":[{"@type":"WebSite","@id":"https:\/\/www.cig.gov.pt\/iniciativas-nacionais\/#website","url":"https:\/\/www.cig.gov.pt\/iniciativas-nacionais\/","name":"Iniciativas Nacionais","description":"","potentialAction":[{"@type":"SearchAction","target":{"@type":"EntryPoint","urlTemplate":"https:\/\/www.cig.gov.pt\/iniciativas-nacionais\/?s={search_term_string}"},"query-input":"required name=search_term_string"}],"inLanguage":"pt-PT"},{"@type":"ImageObject","@id":"https:\/\/www.cig.gov.pt\/iniciativas-nacionais\/25-de-novembro-dia-internacional-para-a-eliminacao-da-violencia-contra-as-mulheres\/#primaryimage","inLanguage":"pt-PT","url":"https:\/\/www.cig.gov.pt\/iniciativas-nacionais\/wp-content\/uploads\/2023\/11\/fb23.jpg","contentUrl":"https:\/\/www.cig.gov.pt\/iniciativas-nacionais\/wp-content\/uploads\/2023\/11\/fb23.jpg","width":1200,"height":630,"caption":"25 de novembro - Dia Internacional para a Elimina\u00e7\u00e3o da Viol\u00eancia Contra as Mulheres"},{"@type":"WebPage","@id":"https:\/\/www.cig.gov.pt\/iniciativas-nacionais\/25-de-novembro-dia-internacional-para-a-eliminacao-da-violencia-contra-as-mulheres\/#webpage","url":"https:\/\/www.cig.gov.pt\/iniciativas-nacionais\/25-de-novembro-dia-internacional-para-a-eliminacao-da-violencia-contra-as-mulheres\/","name":"25 de novembro - Dia Internacional para a Elimina\u00e7\u00e3o da Viol\u00eancia Contra as Mulheres - Iniciativas Nacionais","isPartOf":{"@id":"https:\/\/www.cig.gov.pt\/iniciativas-nacionais\/#website"},"primaryImageOfPage":{"@id":"https:\/\/www.cig.gov.pt\/iniciativas-nacionais\/25-de-novembro-dia-internacional-para-a-eliminacao-da-violencia-contra-as-mulheres\/#primaryimage"},"datePublished":"2023-11-14T11:40:31+00:00","dateModified":"2023-11-17T14:10:24+00:00","breadcrumb":{"@id":"https:\/\/www.cig.gov.pt\/iniciativas-nacionais\/25-de-novembro-dia-internacional-para-a-eliminacao-da-violencia-contra-as-mulheres\/#breadcrumb"},"inLanguage":"pt-PT","potentialAction":[{"@type":"ReadAction","target":["https:\/\/www.cig.gov.pt\/iniciativas-nacionais\/25-de-novembro-dia-internacional-para-a-eliminacao-da-violencia-contra-as-mulheres\/"]}]},{"@type":"BreadcrumbList","@id":"https:\/\/www.cig.gov.pt\/iniciativas-nacionais\/25-de-novembro-dia-internacional-para-a-eliminacao-da-violencia-contra-as-mulheres\/#breadcrumb","itemListElement":[{"@type":"ListItem","position":1,"name":"Home","item":"https:\/\/www.cig.gov.pt\/iniciativas-nacionais\/"},{"@type":"ListItem","position":2,"name":"25 de novembro &#8211; Dia Internacional para a Elimina\u00e7\u00e3o da Viol\u00eancia Contra as Mulheres"}]}]}},"_links":{"self":[{"href":"https:\/\/www.cig.gov.pt\/iniciativas-nacionais\/wp-json\/wp\/v2\/pages\/3562"}],"collection":[{"href":"https:\/\/www.cig.gov.pt\/iniciativas-nacionais\/wp-json\/wp\/v2\/pages"}],"about":[{"href":"https:\/\/www.cig.gov.pt\/iniciativas-nacionais\/wp-json\/wp\/v2\/types\/page"}],"author":[{"embeddable":true,"href":"https:\/\/www.cig.gov.pt\/iniciativas-nacionais\/wp-json\/wp\/v2\/users\/1"}],"replies":[{"embeddable":true,"href":"https:\/\/www.cig.gov.pt\/iniciativas-nacionais\/wp-json\/wp\/v2\/comments?post=3562"}],"version-history":[{"count":87,"href":"https:\/\/www.cig.gov.pt\/iniciativas-nacionais\/wp-json\/wp\/v2\/pages\/3562\/revisions"}],"predecessor-version":[{"id":3736,"href":"https:\/\/www.cig.gov.pt\/iniciativas-nacionais\/wp-json\/wp\/v2\/pages\/3562\/revisions\/3736"}],"wp:featuredmedia":[{"embeddable":true,"href":"https:\/\/www.cig.gov.pt\/iniciativas-nacionais\/wp-json\/wp\/v2\/media\/3565"}],"wp:attachment":[{"href":"https:\/\/www.cig.gov.pt\/iniciativas-nacionais\/wp-json\/wp\/v2\/media?parent=3562"}],"curies":[{"name":"wp","href":"https:\/\/api.w.org\/{rel}","templated":true}]}}